{"id":120,"date":"2019-10-30T12:34:17","date_gmt":"2019-10-30T11:34:17","guid":{"rendered":"https:\/\/faber-solartechnik.eu\/?page_id=120"},"modified":"2026-03-01T12:45:56","modified_gmt":"2026-03-01T11:45:56","slug":"kontakt","status":"publish","type":"page","link":"https:\/\/faber-solartechnik.de\/en\/kontakt\/","title":{"rendered":"Contact us"},"content":{"rendered":"\t\t<div data-elementor-type=\"wp-page\" data-elementor-id=\"120\" class=\"elementor elementor-120\" data-elementor-post-type=\"page\">\n\t\t\t\t\t\t<section class=\"elementor-section elementor-top-section elementor-element elementor-element-4c99a76 anfrageform elementor-section-boxed elementor-section-height-default elementor-section-height-default\" data-id=\"4c99a76\" data-element_type=\"section\" data-e-type=\"section\" data-settings=\"{&quot;background_background&quot;:&quot;classic&quot;}\">\n\t\t\t\t\t\t\t<div class=\"elementor-background-overlay\"><\/div>\n\t\t\t\t\t\t\t<div class=\"elementor-container elementor-column-gap-default\">\n\t\t\t\t\t<div class=\"elementor-column elementor-col-100 elementor-top-column elementor-element elementor-element-8140c0a\" data-id=\"8140c0a\" data-element_type=\"column\" data-e-type=\"column\">\n\t\t\t<div class=\"elementor-widget-wrap elementor-element-populated\">\n\t\t\t\t\t\t<div class=\"elementor-element elementor-element-4a0906a animated-slow elementor-invisible elementor-widget elementor-widget-heading\" data-id=\"4a0906a\" data-element_type=\"widget\" data-e-type=\"widget\" data-settings=\"{&quot;_animation&quot;:&quot;fadeInDown&quot;}\" data-widget_type=\"heading.default\">\n\t\t\t\t<div class=\"elementor-widget-container\">\n\t\t\t\t\t<h1 class=\"elementor-heading-title elementor-size-default\">Kontaktieren Sie uns<\/h1>\t\t\t\t<\/div>\n\t\t\t\t<\/div>\n\t\t\t\t\t<\/div>\n\t\t<\/div>\n\t\t\t\t\t<\/div>\n\t\t<\/section>\n\t\t<div class=\"elementor-element elementor-element-1d91fd37 e-flex e-con-boxed elementor-invisible e-con e-parent\" data-id=\"1d91fd37\" data-element_type=\"container\" data-e-type=\"container\" data-settings=\"{&quot;animation&quot;:&quot;fadeIn&quot;}\">\n\t\t\t\t\t<div class=\"e-con-inner\">\n\t\t\t\t<div class=\"elementor-element elementor-element-52b306c1 elementor-invisible elementor-widget elementor-widget-heading\" data-id=\"52b306c1\" data-element_type=\"widget\" data-e-type=\"widget\" data-settings=\"{&quot;_animation&quot;:&quot;fadeInUp&quot;}\" data-widget_type=\"heading.default\">\n\t\t\t\t<div class=\"elementor-widget-container\">\n\t\t\t\t\t<h2 class=\"elementor-heading-title elementor-size-default\">Ansprechpartner<\/h2>\t\t\t\t<\/div>\n\t\t\t\t<\/div>\n\t\t\t\t<div class=\"elementor-element elementor-element-2b2999e1 elementor-widget elementor-widget-heading\" data-id=\"2b2999e1\" data-element_type=\"widget\" data-e-type=\"widget\" data-widget_type=\"heading.default\">\n\t\t\t\t<div class=\"elementor-widget-container\">\n\t\t\t\t\t<h2 class=\"elementor-heading-title elementor-size-default\">Schnelle und Einfache Kommunikation<\/h2>\t\t\t\t<\/div>\n\t\t\t\t<\/div>\n\t\t\t\t<div class=\"elementor-element elementor-element-299b553f elementor-widget elementor-widget-text-editor\" data-id=\"299b553f\" data-element_type=\"widget\" data-e-type=\"widget\" data-widget_type=\"text-editor.default\">\n\t\t\t\t<div class=\"elementor-widget-container\">\n\t\t\t\t\t\t\t\t\t<p>Kontaktieren Sie uns gerne f\u00fcr weitere Informationen oder ma\u00dfgeschneiderte Anfragen rund um unsere EPC- und PV-L\u00f6sungen.<\/p>\t\t\t\t\t\t\t\t<\/div>\n\t\t\t\t<\/div>\n\t\t<div class=\"elementor-element elementor-element-7af14c8b e-con-full animated-slow e-flex elementor-invisible e-con e-child\" data-id=\"7af14c8b\" data-element_type=\"container\" data-e-type=\"container\" data-settings=\"{&quot;animation&quot;:&quot;fadeInUp&quot;}\">\n\t\t<div class=\"elementor-element elementor-element-547b404e e-con-full e-flex e-con e-child\" data-id=\"547b404e\" data-element_type=\"container\" data-e-type=\"container\" data-settings=\"{&quot;background_background&quot;:&quot;classic&quot;}\">\n\t\t<div class=\"elementor-element elementor-element-381ee8d4 e-con-full e-flex e-con e-child\" data-id=\"381ee8d4\" data-element_type=\"container\" data-e-type=\"container\">\n\t\t\t\t<div class=\"elementor-element elementor-element-3c24bfa7 elementor-widget elementor-widget-heading\" data-id=\"3c24bfa7\" data-element_type=\"widget\" data-e-type=\"widget\" data-widget_type=\"heading.default\">\n\t\t\t\t<div class=\"elementor-widget-container\">\n\t\t\t\t\t<h3 class=\"elementor-heading-title elementor-size-default\">Jonas Kothy<\/h3>\t\t\t\t<\/div>\n\t\t\t\t<\/div>\n\t\t\t\t<div class=\"elementor-element elementor-element-12aaf827 elementor-widget elementor-widget-image\" data-id=\"12aaf827\" data-element_type=\"widget\" data-e-type=\"widget\" data-widget_type=\"image.default\">\n\t\t\t\t<div class=\"elementor-widget-container\">\n\t\t\t\t\t\t\t\t\t\t\t\t\t\t\t\t<a href=\"https:\/\/faber-solartechnik.de\/wp-content\/uploads\/2024\/09\/Ansprechpartner-Dresden-Jonas-Kothy-Faber-E-Tec-EPC.jpg\" data-elementor-open-lightbox=\"yes\" data-e-action-hash=\"#elementor-action%3Aaction%3Dlightbox%26settings%3DeyJpZCI6Ijc3ODQiLCJ1cmwiOiJodHRwczpcL1wvZmFiZXItc29sYXJ0ZWNobmlrLmRlXC93cC1jb250ZW50XC91cGxvYWRzXC8yMDI0XC8wOVwvQW5zcHJlY2hwYXJ0bmVyLURyZXNkZW4tSm9uYXMtS290aHktRmFiZXItRS1UZWMtRVBDLmpwZyJ9\">\n\t\t\t\t\t\t\t<img fetchpriority=\"high\" decoding=\"async\" width=\"300\" height=\"300\" src=\"https:\/\/faber-solartechnik.de\/wp-content\/uploads\/2024\/09\/Ansprechpartner-Dresden-Jonas-Kothy-Faber-E-Tec-EPC-300x300.jpg\" class=\"attachment-medium size-medium wp-image-7784\" alt=\"\" srcset=\"https:\/\/faber-solartechnik.de\/wp-content\/uploads\/2024\/09\/Ansprechpartner-Dresden-Jonas-Kothy-Faber-E-Tec-EPC-300x300.jpg 300w, https:\/\/faber-solartechnik.de\/wp-content\/uploads\/2024\/09\/Ansprechpartner-Dresden-Jonas-Kothy-Faber-E-Tec-EPC-1024x1024.jpg 1024w, https:\/\/faber-solartechnik.de\/wp-content\/uploads\/2024\/09\/Ansprechpartner-Dresden-Jonas-Kothy-Faber-E-Tec-EPC-150x150.jpg 150w, https:\/\/faber-solartechnik.de\/wp-content\/uploads\/2024\/09\/Ansprechpartner-Dresden-Jonas-Kothy-Faber-E-Tec-EPC-768x768.jpg 768w, https:\/\/faber-solartechnik.de\/wp-content\/uploads\/2024\/09\/Ansprechpartner-Dresden-Jonas-Kothy-Faber-E-Tec-EPC-1536x1536.jpg 1536w, https:\/\/faber-solartechnik.de\/wp-content\/uploads\/2024\/09\/Ansprechpartner-Dresden-Jonas-Kothy-Faber-E-Tec-EPC-2048x2048.jpg 2048w, https:\/\/faber-solartechnik.de\/wp-content\/uploads\/2024\/09\/Ansprechpartner-Dresden-Jonas-Kothy-Faber-E-Tec-EPC-12x12.jpg 12w\" sizes=\"(max-width: 300px) 100vw, 300px\" \/>\t\t\t\t\t\t\t\t<\/a>\n\t\t\t\t\t\t\t\t\t\t\t\t\t\t\t<\/div>\n\t\t\t\t<\/div>\n\t\t\t\t<\/div>\n\t\t<div class=\"elementor-element elementor-element-2ba79e58 e-con-full e-flex e-con e-child\" data-id=\"2ba79e58\" data-element_type=\"container\" data-e-type=\"container\">\n\t\t\t\t<div class=\"elementor-element elementor-element-1963cd5e elementor-align-start elementor-widget__width-auto elementor-tablet_extra-align-center elementor-icon-list--layout-traditional elementor-list-item-link-full_width elementor-invisible elementor-widget elementor-widget-icon-list\" data-id=\"1963cd5e\" data-element_type=\"widget\" data-e-type=\"widget\" data-settings=\"{&quot;_animation&quot;:&quot;fadeIn&quot;}\" data-widget_type=\"icon-list.default\">\n\t\t\t\t<div class=\"elementor-widget-container\">\n\t\t\t\t\t\t\t<ul class=\"elementor-icon-list-items\">\n\t\t\t\t\t\t\t<li class=\"elementor-icon-list-item\">\n\t\t\t\t\t\t\t\t\t\t\t<span class=\"elementor-icon-list-icon\">\n\t\t\t\t\t\t\t<i aria-hidden=\"true\" class=\"fas fa-map-marker-alt\"><\/i>\t\t\t\t\t\t<\/span>\n\t\t\t\t\t\t\t\t\t\t<span class=\"elementor-icon-list-text\">Dresden (Sachsen)<\/span>\n\t\t\t\t\t\t\t\t\t<\/li>\n\t\t\t\t\t\t\t\t<li class=\"elementor-icon-list-item\">\n\t\t\t\t\t\t\t\t\t\t\t<a href=\"tel:+49035179995200\">\n\n\t\t\t\t\t\t\t\t\t\t\t\t<span class=\"elementor-icon-list-icon\">\n\t\t\t\t\t\t\t<i aria-hidden=\"true\" class=\"fas fa-phone-alt\"><\/i>\t\t\t\t\t\t<\/span>\n\t\t\t\t\t\t\t\t\t\t<span class=\"elementor-icon-list-text\">Telefon (+49)  0351 - 79995 200<\/span>\n\t\t\t\t\t\t\t\t\t\t\t<\/a>\n\t\t\t\t\t\t\t\t\t<\/li>\n\t\t\t\t\t\t\t\t<li class=\"elementor-icon-list-item\">\n\t\t\t\t\t\t\t\t\t\t\t<a href=\"tel:+4952236570890\">\n\n\t\t\t\t\t\t\t\t\t\t\t\t<span class=\"elementor-icon-list-icon\">\n\t\t\t\t\t\t\t<i aria-hidden=\"true\" class=\"fas fa-fax\"><\/i>\t\t\t\t\t\t<\/span>\n\t\t\t\t\t\t\t\t\t\t<span class=\"elementor-icon-list-text\">Fax (+49) 05223 - 49 26 171<\/span>\n\t\t\t\t\t\t\t\t\t\t\t<\/a>\n\t\t\t\t\t\t\t\t\t<\/li>\n\t\t\t\t\t\t\t\t<li class=\"elementor-icon-list-item\">\n\t\t\t\t\t\t\t\t\t\t\t<a href=\"mailto:dresden@faber-solartechnik.de\">\n\n\t\t\t\t\t\t\t\t\t\t\t\t<span class=\"elementor-icon-list-icon\">\n\t\t\t\t\t\t\t<i aria-hidden=\"true\" class=\"fas fa-at\"><\/i>\t\t\t\t\t\t<\/span>\n\t\t\t\t\t\t\t\t\t\t<span class=\"elementor-icon-list-text\">dresden@faber-solartechnik.de<\/span>\n\t\t\t\t\t\t\t\t\t\t\t<\/a>\n\t\t\t\t\t\t\t\t\t<\/li>\n\t\t\t\t\t\t<\/ul>\n\t\t\t\t\t\t<\/div>\n\t\t\t\t<\/div>\n\t\t\t\t<\/div>\n\t\t\t\t<\/div>\n\t\t<div class=\"elementor-element elementor-element-10cf8d44 e-con-full e-flex e-con e-child\" data-id=\"10cf8d44\" data-element_type=\"container\" data-e-type=\"container\" data-settings=\"{&quot;background_background&quot;:&quot;classic&quot;}\">\n\t\t<div class=\"elementor-element elementor-element-2087592b e-con-full e-flex e-con e-child\" data-id=\"2087592b\" data-element_type=\"container\" data-e-type=\"container\">\n\t\t\t\t<div class=\"elementor-element elementor-element-278ee351 elementor-widget elementor-widget-heading\" data-id=\"278ee351\" data-element_type=\"widget\" data-e-type=\"widget\" data-widget_type=\"heading.default\">\n\t\t\t\t<div class=\"elementor-widget-container\">\n\t\t\t\t\t<h3 class=\"elementor-heading-title elementor-size-default\">Hermann Kromm <\/h3>\t\t\t\t<\/div>\n\t\t\t\t<\/div>\n\t\t\t\t<div class=\"elementor-element elementor-element-151381c5 elementor-widget elementor-widget-image\" data-id=\"151381c5\" data-element_type=\"widget\" data-e-type=\"widget\" data-widget_type=\"image.default\">\n\t\t\t\t<div class=\"elementor-widget-container\">\n\t\t\t\t\t\t\t\t\t\t\t\t\t\t\t\t<a href=\"https:\/\/faber-solartechnik.de\/wp-content\/uploads\/2024\/09\/Ansprechpartner-Buende-Hermann-Kromm-Faber-E-Tec-EPC.jpg\" data-elementor-open-lightbox=\"yes\" data-e-action-hash=\"#elementor-action%3Aaction%3Dlightbox%26settings%3DeyJpZCI6Ijc3ODUiLCJ1cmwiOiJodHRwczpcL1wvZmFiZXItc29sYXJ0ZWNobmlrLmRlXC93cC1jb250ZW50XC91cGxvYWRzXC8yMDI0XC8wOVwvQW5zcHJlY2hwYXJ0bmVyLUJ1ZW5kZS1IZXJtYW5uLUtyb21tLUZhYmVyLUUtVGVjLUVQQy5qcGcifQ%3D%3D\">\n\t\t\t\t\t\t\t<img decoding=\"async\" width=\"300\" height=\"300\" src=\"https:\/\/faber-solartechnik.de\/wp-content\/uploads\/2024\/09\/Ansprechpartner-Buende-Hermann-Kromm-Faber-E-Tec-EPC-300x300.jpg\" class=\"attachment-medium size-medium wp-image-7785\" alt=\"\" srcset=\"https:\/\/faber-solartechnik.de\/wp-content\/uploads\/2024\/09\/Ansprechpartner-Buende-Hermann-Kromm-Faber-E-Tec-EPC-300x300.jpg 300w, https:\/\/faber-solartechnik.de\/wp-content\/uploads\/2024\/09\/Ansprechpartner-Buende-Hermann-Kromm-Faber-E-Tec-EPC-1024x1024.jpg 1024w, https:\/\/faber-solartechnik.de\/wp-content\/uploads\/2024\/09\/Ansprechpartner-Buende-Hermann-Kromm-Faber-E-Tec-EPC-150x150.jpg 150w, https:\/\/faber-solartechnik.de\/wp-content\/uploads\/2024\/09\/Ansprechpartner-Buende-Hermann-Kromm-Faber-E-Tec-EPC-768x768.jpg 768w, https:\/\/faber-solartechnik.de\/wp-content\/uploads\/2024\/09\/Ansprechpartner-Buende-Hermann-Kromm-Faber-E-Tec-EPC-1536x1536.jpg 1536w, https:\/\/faber-solartechnik.de\/wp-content\/uploads\/2024\/09\/Ansprechpartner-Buende-Hermann-Kromm-Faber-E-Tec-EPC-2048x2048.jpg 2048w, https:\/\/faber-solartechnik.de\/wp-content\/uploads\/2024\/09\/Ansprechpartner-Buende-Hermann-Kromm-Faber-E-Tec-EPC-12x12.jpg 12w\" sizes=\"(max-width: 300px) 100vw, 300px\" \/>\t\t\t\t\t\t\t\t<\/a>\n\t\t\t\t\t\t\t\t\t\t\t\t\t\t\t<\/div>\n\t\t\t\t<\/div>\n\t\t\t\t<\/div>\n\t\t<div class=\"elementor-element elementor-element-107d8048 e-con-full e-flex e-con e-child\" data-id=\"107d8048\" data-element_type=\"container\" data-e-type=\"container\">\n\t\t\t\t<div class=\"elementor-element elementor-element-31a10480 elementor-align-start elementor-widget__width-auto elementor-tablet_extra-align-center elementor-icon-list--layout-traditional elementor-list-item-link-full_width elementor-invisible elementor-widget elementor-widget-icon-list\" data-id=\"31a10480\" data-element_type=\"widget\" data-e-type=\"widget\" data-settings=\"{&quot;_animation&quot;:&quot;fadeIn&quot;}\" data-widget_type=\"icon-list.default\">\n\t\t\t\t<div class=\"elementor-widget-container\">\n\t\t\t\t\t\t\t<ul class=\"elementor-icon-list-items\">\n\t\t\t\t\t\t\t<li class=\"elementor-icon-list-item\">\n\t\t\t\t\t\t\t\t\t\t\t<a href=\"mailto:info@faber-solartechnik.de\">\n\n\t\t\t\t\t\t\t\t\t\t\t\t<span class=\"elementor-icon-list-icon\">\n\t\t\t\t\t\t\t<i aria-hidden=\"true\" class=\"fas fa-at\"><\/i>\t\t\t\t\t\t<\/span>\n\t\t\t\t\t\t\t\t\t\t<span class=\"elementor-icon-list-text\">B\u00fcnde (NRW)<\/span>\n\t\t\t\t\t\t\t\t\t\t\t<\/a>\n\t\t\t\t\t\t\t\t\t<\/li>\n\t\t\t\t\t\t\t\t<li class=\"elementor-icon-list-item\">\n\t\t\t\t\t\t\t\t\t\t\t<a href=\"tel:+4952236570890\">\n\n\t\t\t\t\t\t\t\t\t\t\t\t<span class=\"elementor-icon-list-icon\">\n\t\t\t\t\t\t\t<i aria-hidden=\"true\" class=\"fas fa-phone-alt\"><\/i>\t\t\t\t\t\t<\/span>\n\t\t\t\t\t\t\t\t\t\t<span class=\"elementor-icon-list-text\">Telefon (+49) 05223 - 65708 00<\/span>\n\t\t\t\t\t\t\t\t\t\t\t<\/a>\n\t\t\t\t\t\t\t\t\t<\/li>\n\t\t\t\t\t\t\t\t<li class=\"elementor-icon-list-item\">\n\t\t\t\t\t\t\t\t\t\t\t<a href=\"tel:+4952236570890\">\n\n\t\t\t\t\t\t\t\t\t\t\t\t<span class=\"elementor-icon-list-icon\">\n\t\t\t\t\t\t\t<i aria-hidden=\"true\" class=\"fas fa-fax\"><\/i>\t\t\t\t\t\t<\/span>\n\t\t\t\t\t\t\t\t\t\t<span class=\"elementor-icon-list-text\">Fax (+49) 05223 - 49 26 171<\/span>\n\t\t\t\t\t\t\t\t\t\t\t<\/a>\n\t\t\t\t\t\t\t\t\t<\/li>\n\t\t\t\t\t\t\t\t<li class=\"elementor-icon-list-item\">\n\t\t\t\t\t\t\t\t\t\t\t<a href=\"mailto:info@faber-solartechnik.de\">\n\n\t\t\t\t\t\t\t\t\t\t\t\t<span class=\"elementor-icon-list-icon\">\n\t\t\t\t\t\t\t<i aria-hidden=\"true\" class=\"fas fa-at\"><\/i>\t\t\t\t\t\t<\/span>\n\t\t\t\t\t\t\t\t\t\t<span class=\"elementor-icon-list-text\">info@faber-solartechnik.de<\/span>\n\t\t\t\t\t\t\t\t\t\t\t<\/a>\n\t\t\t\t\t\t\t\t\t<\/li>\n\t\t\t\t\t\t<\/ul>\n\t\t\t\t\t\t<\/div>\n\t\t\t\t<\/div>\n\t\t\t\t<\/div>\n\t\t\t\t<\/div>\n\t\t\t\t<\/div>\n\t\t\t\t\t<\/div>\n\t\t\t\t<\/div>\n\t\t<div class=\"elementor-element elementor-element-20170fc e-flex e-con-boxed e-con e-parent\" data-id=\"20170fc\" data-element_type=\"container\" data-e-type=\"container\">\n\t\t\t\t\t<div class=\"e-con-inner\">\n\t\t<div class=\"elementor-element elementor-element-a019d0f e-con-full e-flex e-con e-child\" data-id=\"a019d0f\" data-element_type=\"container\" data-e-type=\"container\">\n\t\t\t\t<div class=\"elementor-element elementor-element-42c88b00 elementor-widget__width-auto elementor-invisible elementor-widget elementor-widget-button\" data-id=\"42c88b00\" data-element_type=\"widget\" data-e-type=\"widget\" data-settings=\"{&quot;_animation&quot;:&quot;fadeInUp&quot;}\" data-widget_type=\"button.default\">\n\t\t\t\t<div class=\"elementor-widget-container\">\n\t\t\t\t\t\t\t\t\t<div class=\"elementor-button-wrapper\">\n\t\t\t\t\t<a class=\"elementor-button elementor-button-link elementor-size-sm\" href=\"tel:+4952236570800\" title=\"In B\u00fcnde Anrufen 05223-6570800\" id=\"buendetel\">\n\t\t\t\t\t\t<span class=\"elementor-button-content-wrapper\">\n\t\t\t\t\t\t<span class=\"elementor-button-icon\">\n\t\t\t\t<i aria-hidden=\"true\" class=\"fas fa-phone-alt\"><\/i>\t\t\t<\/span>\n\t\t\t\t\t\t\t\t\t<span class=\"elementor-button-text\"><strong>B\u00fcnde<\/strong> +49 (0) 5223 . 65708 00 <\/span>\n\t\t\t\t\t<\/span>\n\t\t\t\t\t<\/a>\n\t\t\t\t<\/div>\n\t\t\t\t\t\t\t\t<\/div>\n\t\t\t\t<\/div>\n\t\t\t\t<div class=\"elementor-element elementor-element-4f2e239b elementor-widget__width-auto elementor-invisible elementor-widget elementor-widget-button\" data-id=\"4f2e239b\" data-element_type=\"widget\" data-e-type=\"widget\" data-settings=\"{&quot;_animation&quot;:&quot;fadeInUp&quot;,&quot;_animation_delay&quot;:300}\" data-widget_type=\"button.default\">\n\t\t\t\t<div class=\"elementor-widget-container\">\n\t\t\t\t\t\t\t\t\t<div class=\"elementor-button-wrapper\">\n\t\t\t\t\t<a class=\"elementor-button elementor-button-link elementor-size-sm\" href=\"mailto:info@faber-etec.de\" title=\"E-Mail schreiben an info@faber-etec.de\" id=\"infomail\">\n\t\t\t\t\t\t<span class=\"elementor-button-content-wrapper\">\n\t\t\t\t\t\t<span class=\"elementor-button-icon\">\n\t\t\t\t<i aria-hidden=\"true\" class=\"fas fa-envelope\"><\/i>\t\t\t<\/span>\n\t\t\t\t\t\t\t\t\t<span class=\"elementor-button-text\">anfragen@faber-solartechnik.de<\/span>\n\t\t\t\t\t<\/span>\n\t\t\t\t\t<\/a>\n\t\t\t\t<\/div>\n\t\t\t\t\t\t\t\t<\/div>\n\t\t\t\t<\/div>\n\t\t\t\t<div class=\"elementor-element elementor-element-1410d586 elementor-widget__width-auto elementor-invisible elementor-widget elementor-widget-button\" data-id=\"1410d586\" data-element_type=\"widget\" data-e-type=\"widget\" data-settings=\"{&quot;_animation&quot;:&quot;fadeInUp&quot;,&quot;_animation_delay&quot;:600}\" data-widget_type=\"button.default\">\n\t\t\t\t<div class=\"elementor-widget-container\">\n\t\t\t\t\t\t\t\t\t<div class=\"elementor-button-wrapper\">\n\t\t\t\t\t<a class=\"elementor-button elementor-button-link elementor-size-sm\" href=\"tel:+4935179995200\" title=\"In Dresden anrufen 0351 7999 5200\" id=\"dresedentel\">\n\t\t\t\t\t\t<span class=\"elementor-button-content-wrapper\">\n\t\t\t\t\t\t<span class=\"elementor-button-icon\">\n\t\t\t\t<i aria-hidden=\"true\" class=\"fas fa-phone-alt\"><\/i>\t\t\t<\/span>\n\t\t\t\t\t\t\t\t\t<span class=\"elementor-button-text\"><strong>Dresden<\/strong> +49 (0) 351 . 79995 200<\/span>\n\t\t\t\t\t<\/span>\n\t\t\t\t\t<\/a>\n\t\t\t\t<\/div>\n\t\t\t\t\t\t\t\t<\/div>\n\t\t\t\t<\/div>\n\t\t\t\t<\/div>\n\t\t\t\t\t<\/div>\n\t\t\t\t<\/div>\n\t\t<div class=\"elementor-element elementor-element-e2d07a2 e-flex e-con-boxed e-con e-parent\" data-id=\"e2d07a2\" data-element_type=\"container\" data-e-type=\"container\" id=\"formular\" data-settings=\"{&quot;background_background&quot;:&quot;classic&quot;}\">\n\t\t\t\t\t<div class=\"e-con-inner\">\n\t\t<div class=\"elementor-element elementor-element-7b3162de e-con-full e-flex e-con e-child\" data-id=\"7b3162de\" data-element_type=\"container\" data-e-type=\"container\">\n\t\t\t\t<div class=\"elementor-element elementor-element-633dee92 elementor-widget elementor-widget-heading\" data-id=\"633dee92\" data-element_type=\"widget\" data-e-type=\"widget\" data-widget_type=\"heading.default\">\n\t\t\t\t<div class=\"elementor-widget-container\">\n\t\t\t\t\t<h2 class=\"elementor-heading-title elementor-size-default\">Kontaktformular<\/h2>\t\t\t\t<\/div>\n\t\t\t\t<\/div>\n\t\t\t\t<div class=\"elementor-element elementor-element-73f9b99 elementor-widget elementor-widget-text-editor\" data-id=\"73f9b99\" data-element_type=\"widget\" data-e-type=\"widget\" data-widget_type=\"text-editor.default\">\n\t\t\t\t<div class=\"elementor-widget-container\">\n\t\t\t\t\t\t\t\t\t<p>Wir freuen uns auf Ihre Anfrage rund um Photovoltaik. Einfach direkt schreiben.<\/p>\t\t\t\t\t\t\t\t<\/div>\n\t\t\t\t<\/div>\n\t\t\t\t<div class=\"elementor-element elementor-element-4175b5ea elementor-widget elementor-widget-wp-widget-gform_widget\" data-id=\"4175b5ea\" data-element_type=\"widget\" data-e-type=\"widget\" data-widget_type=\"wp-widget-gform_widget.default\">\n\t\t\t\t<div class=\"elementor-widget-container\">\n\t\t\t\t\t<script src=\"https:\/\/faber-solartechnik.de\/wp-includes\/js\/dist\/dom-ready.min.js?ver=f77871ff7694fffea381\" id=\"wp-dom-ready-js\"><\/script>\n<script src=\"https:\/\/faber-solartechnik.de\/wp-includes\/js\/dist\/hooks.min.js?ver=dd5603f07f9220ed27f1\" id=\"wp-hooks-js\"><\/script>\n<script src=\"https:\/\/faber-solartechnik.de\/wp-includes\/js\/dist\/i18n.min.js?ver=c26c3dc7bed366793375\" id=\"wp-i18n-js\"><\/script>\n<script id=\"wp-i18n-js-after\">\nwp.i18n.setLocaleData( { 'text direction\\u0004ltr': [ 'ltr' ] } );\n\/\/# sourceURL=wp-i18n-js-after\n<\/script>\n<script id=\"wp-a11y-js-translations\">\n( function( domain, translations ) {\n\tvar localeData = translations.locale_data[ domain ] || translations.locale_data.messages;\n\tlocaleData[\"\"].domain = domain;\n\twp.i18n.setLocaleData( localeData, domain );\n} )( \"default\", {\"translation-revision-date\":\"2026-04-17 10:35:12+0000\",\"generator\":\"GlotPress\\\/4.0.3\",\"domain\":\"messages\",\"locale_data\":{\"messages\":{\"\":{\"domain\":\"messages\",\"plural-forms\":\"nplurals=2; plural=n != 1;\",\"lang\":\"en_GB\"},\"Notifications\":[\"Notifications\"]}},\"comment\":{\"reference\":\"wp-includes\\\/js\\\/dist\\\/a11y.js\"}} );\n\/\/# sourceURL=wp-a11y-js-translations\n<\/script>\n<script src=\"https:\/\/faber-solartechnik.de\/wp-includes\/js\/dist\/a11y.min.js?ver=cb460b4676c94bd228ed\" id=\"wp-a11y-js\"><\/script>\n<script src=\"https:\/\/faber-solartechnik.de\/wp-includes\/js\/jquery\/jquery.min.js?ver=3.7.1\" id=\"jquery-core-js\"><\/script>\n<script src=\"https:\/\/faber-solartechnik.de\/wp-includes\/js\/jquery\/jquery-migrate.min.js?ver=3.4.1\" id=\"jquery-migrate-js\"><\/script>\n<script defer='defer' src=\"https:\/\/faber-solartechnik.de\/wp-content\/plugins\/gravityforms\/js\/jquery.json.min.js?ver=2.9.23\" id=\"gform_json-js\"><\/script>\n<script id=\"gform_gravityforms-js-extra\">\nvar gf_global = {\"gf_currency_config\":{\"name\":\"Euro\",\"symbol_left\":\"\",\"symbol_right\":\"&#8364;\",\"symbol_padding\":\" \",\"thousand_separator\":\".\",\"decimal_separator\":\",\",\"decimals\":2,\"code\":\"EUR\"},\"base_url\":\"https:\/\/faber-solartechnik.de\/wp-content\/plugins\/gravityforms\",\"number_formats\":[],\"spinnerUrl\":\"https:\/\/faber-solartechnik.de\/wp-content\/plugins\/gravityforms\/images\/spinner.svg\",\"version_hash\":\"a4ae079bc420b64a70c2ec01f072a23e\",\"strings\":{\"newRowAdded\":\"New row added.\",\"rowRemoved\":\"Row removed\",\"formSaved\":\"The form has been saved.  The content contains the link to return and complete the form.\"}};\n\/\/# sourceURL=gform_gravityforms-js-extra\n<\/script>\n<script defer='defer' src=\"https:\/\/faber-solartechnik.de\/wp-content\/plugins\/gravityforms\/js\/gravityforms.min.js?ver=2.9.23\" id=\"gform_gravityforms-js\"><\/script>\n<script id=\"gform_conditional_logic-js-extra\">\nvar gf_legacy = {\"is_legacy\":\"\"};\n\/\/# sourceURL=gform_conditional_logic-js-extra\n<\/script>\n<script defer='defer' src=\"https:\/\/faber-solartechnik.de\/wp-content\/plugins\/gravityforms\/js\/conditional_logic.min.js?ver=2.9.23\" id=\"gform_conditional_logic-js\"><\/script>\n<script defer='defer' src=\"https:\/\/faber-solartechnik.de\/wp-content\/plugins\/gravityforms\/js\/placeholders.jquery.min.js?ver=2.9.23\" id=\"gform_placeholder-js\"><\/script>\n<script>\nvar gform;gform||(document.addEventListener(\"gform_main_scripts_loaded\",function(){gform.scriptsLoaded=!0}),document.addEventListener(\"gform\/theme\/scripts_loaded\",function(){gform.themeScriptsLoaded=!0}),window.addEventListener(\"DOMContentLoaded\",function(){gform.domLoaded=!0}),gform={domLoaded:!1,scriptsLoaded:!1,themeScriptsLoaded:!1,isFormEditor:()=>\"function\"==typeof InitializeEditor,callIfLoaded:function(o){return!(!gform.domLoaded||!gform.scriptsLoaded||!gform.themeScriptsLoaded&&!gform.isFormEditor()||(gform.isFormEditor()&&console.warn(\"The use of gform.initializeOnLoaded() is deprecated in the form editor context and will be removed in Gravity Forms 3.1.\"),o(),0))},initializeOnLoaded:function(o){gform.callIfLoaded(o)||(document.addEventListener(\"gform_main_scripts_loaded\",()=>{gform.scriptsLoaded=!0,gform.callIfLoaded(o)}),document.addEventListener(\"gform\/theme\/scripts_loaded\",()=>{gform.themeScriptsLoaded=!0,gform.callIfLoaded(o)}),window.addEventListener(\"DOMContentLoaded\",()=>{gform.domLoaded=!0,gform.callIfLoaded(o)}))},hooks:{action:{},filter:{}},addAction:function(o,r,e,t){gform.addHook(\"action\",o,r,e,t)},addFilter:function(o,r,e,t){gform.addHook(\"filter\",o,r,e,t)},doAction:function(o){gform.doHook(\"action\",o,arguments)},applyFilters:function(o){return gform.doHook(\"filter\",o,arguments)},removeAction:function(o,r){gform.removeHook(\"action\",o,r)},removeFilter:function(o,r,e){gform.removeHook(\"filter\",o,r,e)},addHook:function(o,r,e,t,n){null==gform.hooks[o][r]&&(gform.hooks[o][r]=[]);var d=gform.hooks[o][r];null==n&&(n=r+\"_\"+d.length),gform.hooks[o][r].push({tag:n,callable:e,priority:t=null==t?10:t})},doHook:function(r,o,e){var t;if(e=Array.prototype.slice.call(e,1),null!=gform.hooks[r][o]&&((o=gform.hooks[r][o]).sort(function(o,r){return o.priority-r.priority}),o.forEach(function(o){\"function\"!=typeof(t=o.callable)&&(t=window[t]),\"action\"==r?t.apply(null,e):e[0]=t.apply(null,e)})),\"filter\"==r)return e[0]},removeHook:function(o,r,t,n){var e;null!=gform.hooks[o][r]&&(e=(e=gform.hooks[o][r]).filter(function(o,r,e){return!!(null!=n&&n!=o.tag||null!=t&&t!=o.priority)}),gform.hooks[o][r]=e)}});\n<\/script>\n\n                <div class='gf_browser_gecko gform_wrapper gravity-theme gform-theme--no-framework' data-form-theme='gravity-theme' data-form-index='0' id='gform_wrapper_4' style='display:none'>\n                        <div class='gform_heading'>\n\t\t\t\t\t\t\t<p class='gform_required_legend'>&quot;<span class=\"gfield_required gfield_required_asterisk\">*<\/span>&quot; indicates required fields<\/p>\n                        <\/div><form method='post' enctype='multipart\/form-data' target='gform_ajax_frame_4' id='gform_4'  action='\/en\/wp-json\/wp\/v2\/pages\/120' data-formid='4' novalidate>\n                        <div class='gform-body gform_body'><div id='gform_fields_4' class='gform_fields top_label form_sublabel_below description_below validation_below'><div id=\"field_4_32\" class=\"gfield gfield--type-honeypot gform_validation_container field_sublabel_below gfield--has-description field_description_below field_validation_below gfield_visibility_visible\"  ><label class='gfield_label gform-field-label' for='input_4_32'>Phone<\/label><div class='ginput_container'><input name='input_32' id='input_4_32' type='text' value='' autocomplete='new-password'\/><\/div><div class='gfield_description' id='gfield_description_4_32'>This field is for validation purposes and should be left unchanged.<\/div><\/div><fieldset id=\"field_4_29\" class=\"gfield gfield--type-name gfield--input-type-name gfield--width-full gfield_contains_required field_sublabel_below gfield--no-description field_description_below field_validation_below gfield_visibility_visible\"  ><legend class='gfield_label gform-field-label gfield_label_before_complex' >Name<span class=\"gfield_required\"><span class=\"gfield_required gfield_required_asterisk\">*<\/span><\/span><\/legend><div class='ginput_complex ginput_container ginput_container--name has_prefix has_first_name no_middle_name has_last_name no_suffix gf_name_has_3 ginput_container_name gform-grid-row' id='input_4_29'>\n                            <span id='input_4_29_2_container' class='name_prefix name_prefix_select gform-grid-col gform-grid-col--size-auto' >\n                                                    <select name='input_29.2' id='input_4_29_2'    aria-required='false'   >\n                          <option value=''>Ausw\u00e4hlen<\/option><option value='Herr' >Herr<\/option><option value='Frau' >Frau<\/option><option value='Divers' >Divers<\/option>\n                      <\/select>\n                                                    <label for='input_4_29_2' class='gform-field-label gform-field-label--type-sub '>Anrede<\/label>\n                                                  <\/span>\n                            <span id='input_4_29_3_container' class='name_first gform-grid-col gform-grid-col--size-auto' >\n                                                    <input type='text' name='input_29.3' id='input_4_29_3' value=''   aria-required='true'     \/>\n                                                    <label for='input_4_29_3' class='gform-field-label gform-field-label--type-sub '>Vorname<\/label>\n                                                <\/span>\n                            \n                            <span id='input_4_29_6_container' class='name_last gform-grid-col gform-grid-col--size-auto' >\n                                                    <input type='text' name='input_29.6' id='input_4_29_6' value=''   aria-required='true'     \/>\n                                                    <label for='input_4_29_6' class='gform-field-label gform-field-label--type-sub '>Nachname<\/label>\n                                                <\/span>\n                            \n                        <\/div><\/fieldset><div id=\"field_4_30\" class=\"gfield gfield--type-text gfield--input-type-text gfield--width-half gfield_contains_required field_sublabel_below gfield--no-description field_description_below field_validation_below gfield_visibility_visible\"  ><label class='gfield_label gform-field-label' for='input_4_30'>Unternehmen<span class=\"gfield_required\"><span class=\"gfield_required gfield_required_asterisk\">*<\/span><\/span><\/label><div class='ginput_container ginput_container_text'><input name='input_30' id='input_4_30' type='text' value='' class='large'     aria-required=\"true\" aria-invalid=\"false\"   \/><\/div><\/div><div id=\"field_4_31\" class=\"gfield gfield--type-text gfield--input-type-text gfield--width-half field_sublabel_below gfield--no-description field_description_below field_validation_below gfield_visibility_visible\"  ><label class='gfield_label gform-field-label' for='input_4_31'>Position<\/label><div class='ginput_container ginput_container_text'><input name='input_31' id='input_4_31' type='text' value='' class='large'      aria-invalid=\"false\"   \/><\/div><\/div><div id=\"field_4_13\" class=\"gfield gfield--type-email gfield--input-type-email gfield--width-half gfield_contains_required field_sublabel_below gfield--no-description field_description_below field_validation_below gfield_visibility_visible\"  ><label class='gfield_label gform-field-label' for='input_4_13'>E-Mail<span class=\"gfield_required\"><span class=\"gfield_required gfield_required_asterisk\">*<\/span><\/span><\/label><div class='ginput_container ginput_container_email'>\n                            <input name='input_13' id='input_4_13' type='email' value='' class='large'    aria-required=\"true\" aria-invalid=\"false\"  \/>\n                        <\/div><\/div><div id=\"field_4_12\" class=\"gfield gfield--type-phone gfield--input-type-phone gfield--width-half gfield_contains_required field_sublabel_below gfield--no-description field_description_below field_validation_below gfield_visibility_visible\"  ><label class='gfield_label gform-field-label' for='input_4_12'>Telefon<span class=\"gfield_required\"><span class=\"gfield_required gfield_required_asterisk\">*<\/span><\/span><\/label><div class='ginput_container ginput_container_phone'><input name='input_12' id='input_4_12' type='tel' value='' class='large'   aria-required=\"true\" aria-invalid=\"false\"   \/><\/div><\/div><div id=\"field_4_28\" class=\"gfield gfield--type-textarea gfield--input-type-textarea gfield--width-full gfield_contains_required field_sublabel_below gfield--no-description field_description_below field_validation_below gfield_visibility_visible\"  ><label class='gfield_label gform-field-label' for='input_4_28'>Nachricht<span class=\"gfield_required\"><span class=\"gfield_required gfield_required_asterisk\">*<\/span><\/span><\/label><div class='ginput_container ginput_container_textarea'><textarea name='input_28' id='input_4_28' class='textarea small'     aria-required=\"true\" aria-invalid=\"false\"   rows='10' cols='50'><\/textarea><\/div><\/div><fieldset id=\"field_4_18\" class=\"gfield gfield--type-checkbox gfield--type-choice gfield--input-type-checkbox gfield--width-full gfield_contains_required field_sublabel_below gfield--no-description field_description_above field_validation_below gfield_visibility_visible\"  ><legend class='gfield_label gform-field-label gfield_label_before_complex' >Datenschutz<span class=\"gfield_required\"><span class=\"gfield_required gfield_required_asterisk\">*<\/span><\/span><\/legend><div class='ginput_container ginput_container_checkbox'><div class='gfield_checkbox ' id='input_4_18'><div class='gchoice gchoice_4_18_1'>\n\t\t\t\t\t\t\t\t<input class='gfield-choice-input' name='input_18.1' type='checkbox'  value='Hiermit best\u00e4tige ich, dass ich die &lt;a href=&quot;https:\/\/faber-solartechnik.de\/datenschutzerklaerung\/&quot; target=&quot;_blank&quot;&gt;Datenschutzerkl\u00e4rung&lt;\/a&gt; zur Kenntnis genommen habe.'  id='choice_4_18_1'   \/>\n\t\t\t\t\t\t\t\t<label for='choice_4_18_1' id='label_4_18_1' class='gform-field-label gform-field-label--type-inline'>Hiermit best\u00e4tige ich, dass ich die <a href=\"https:\/\/faber-solartechnik.de\/datenschutzerklaerung\/\" target=\"_blank\">Datenschutzerkl\u00e4rung<\/a> zur Kenntnis genommen habe.<\/label>\n\t\t\t\t\t\t\t<\/div><\/div><\/div><\/fieldset><\/div><\/div>\n        <div class='gform-footer gform_footer top_label'> <input type='submit' id='gform_submit_button_4' class='gform_button button' onclick='gform.submission.handleButtonClick(this);' data-submission-type='submit' value='Nachricht senden'  \/> <input type='hidden' name='gform_ajax' value='form_id=4&amp;title=&amp;description=&amp;tabindex=0&amp;theme=gravity-theme&amp;hash=2d7baa3425d19e7375708c63fe83e0b9' \/>\n            <input type='hidden' class='gform_hidden' name='gform_submission_method' data-js='gform_submission_method_4' value='iframe' \/>\n            <input type='hidden' class='gform_hidden' name='gform_theme' data-js='gform_theme_4' id='gform_theme_4' value='gravity-theme' \/>\n            <input type='hidden' class='gform_hidden' name='gform_style_settings' data-js='gform_style_settings_4' id='gform_style_settings_4' value='' \/>\n            <input type='hidden' class='gform_hidden' name='is_submit_4' value='1' \/>\n            <input type='hidden' class='gform_hidden' name='gform_submit' value='4' \/>\n            \n            <input type='hidden' class='gform_hidden' name='gform_unique_id' value='' \/>\n            <input type='hidden' class='gform_hidden' name='state_4' value='WyJbXSIsIjFjMmI2YzdlYWZkZmZlNDBhODRjNjMyMmY0OTg0MDA3Il0=' \/>\n            <input type='hidden' autocomplete='off' class='gform_hidden' name='gform_target_page_number_4' id='gform_target_page_number_4' value='0' \/>\n            <input type='hidden' autocomplete='off' class='gform_hidden' name='gform_source_page_number_4' id='gform_source_page_number_4' value='1' \/>\n            <input type='hidden' name='gform_field_values' value='' \/>\n            \n        <\/div>\n                        <\/form>\n                        <\/div>\n\t\t                <iframe style='display:none;width:0px;height:0px;' src='about:blank' name='gform_ajax_frame_4' id='gform_ajax_frame_4' title='This iframe contains the logic required to handle Ajax powered Gravity Forms.'><\/iframe>\n\t\t                <script>\ngform.initializeOnLoaded( function() {gformInitSpinner( 4, 'https:\/\/faber-solartechnik.de\/wp-content\/plugins\/gravityforms\/images\/spinner.svg', true );jQuery('#gform_ajax_frame_4').on('load',function(){var contents = jQuery(this).contents().find('*').html();var is_postback = contents.indexOf('GF_AJAX_POSTBACK') >= 0;if(!is_postback){return;}var form_content = jQuery(this).contents().find('#gform_wrapper_4');var is_confirmation = jQuery(this).contents().find('#gform_confirmation_wrapper_4').length > 0;var is_redirect = contents.indexOf('gformRedirect(){') >= 0;var is_form = form_content.length > 0 && ! is_redirect && ! is_confirmation;var mt = parseInt(jQuery('html').css('margin-top'), 10) + parseInt(jQuery('body').css('margin-top'), 10) + 100;if(is_form){form_content.find('form').css('opacity', 0);jQuery('#gform_wrapper_4').html(form_content.html());if(form_content.hasClass('gform_validation_error')){jQuery('#gform_wrapper_4').addClass('gform_validation_error');} else {jQuery('#gform_wrapper_4').removeClass('gform_validation_error');}setTimeout( function() { \/* delay the scroll by 50 milliseconds to fix a bug in chrome *\/  }, 50 );if(window['gformInitDatepicker']) {gformInitDatepicker();}if(window['gformInitPriceFields']) {gformInitPriceFields();}var current_page = jQuery('#gform_source_page_number_4').val();gformInitSpinner( 4, 'https:\/\/faber-solartechnik.de\/wp-content\/plugins\/gravityforms\/images\/spinner.svg', true );jQuery(document).trigger('gform_page_loaded', [4, current_page]);window['gf_submitting_4'] = false;}else if(!is_redirect){var confirmation_content = jQuery(this).contents().find('.GF_AJAX_POSTBACK').html();if(!confirmation_content){confirmation_content = contents;}jQuery('#gform_wrapper_4').replaceWith(confirmation_content);jQuery(document).trigger('gform_confirmation_loaded', [4]);window['gf_submitting_4'] = false;wp.a11y.speak(jQuery('#gform_confirmation_message_4').text());}else{jQuery('#gform_4').append(contents);if(window['gformRedirect']) {gformRedirect();}}jQuery(document).trigger(\"gform_pre_post_render\", [{ formId: \"4\", currentPage: \"current_page\", abort: function() { this.preventDefault(); } }]);        if (event && event.defaultPrevented) {                return;        }        const gformWrapperDiv = document.getElementById( \"gform_wrapper_4\" );        if ( gformWrapperDiv ) {            const visibilitySpan = document.createElement( \"span\" );            visibilitySpan.id = \"gform_visibility_test_4\";            gformWrapperDiv.insertAdjacentElement( \"afterend\", visibilitySpan );        }        const visibilityTestDiv = document.getElementById( \"gform_visibility_test_4\" );        let postRenderFired = false;        function triggerPostRender() {            if ( postRenderFired ) {                return;            }            postRenderFired = true;            gform.core.triggerPostRenderEvents( 4, current_page );            if ( visibilityTestDiv ) {                visibilityTestDiv.parentNode.removeChild( visibilityTestDiv );            }        }        function debounce( func, wait, immediate ) {            var timeout;            return function() {                var context = this, args = arguments;                var later = function() {                    timeout = null;                    if ( !immediate ) func.apply( context, args );                };                var callNow = immediate && !timeout;                clearTimeout( timeout );                timeout = setTimeout( later, wait );                if ( callNow ) func.apply( context, args );            };        }        const debouncedTriggerPostRender = debounce( function() {            triggerPostRender();        }, 200 );        if ( visibilityTestDiv && visibilityTestDiv.offsetParent === null ) {            const observer = new MutationObserver( ( mutations ) => {                mutations.forEach( ( mutation ) => {                    if ( mutation.type === 'attributes' && visibilityTestDiv.offsetParent !== null ) {                        debouncedTriggerPostRender();                        observer.disconnect();                    }                });            });            observer.observe( document.body, {                attributes: true,                childList: false,                subtree: true,                attributeFilter: [ 'style', 'class' ],            });        } else {            triggerPostRender();        }    } );} );\n<\/script>\n\t\t\t\t<\/div>\n\t\t\t\t<\/div>\n\t\t\t\t<\/div>\n\t\t\t\t\t<\/div>\n\t\t\t\t<\/div>\n\t\t<div class=\"elementor-element elementor-element-24aac7af e-flex e-con-boxed e-con e-parent\" data-id=\"24aac7af\" data-element_type=\"container\" data-e-type=\"container\">\n\t\t\t\t\t<div class=\"e-con-inner\">\n\t\t<div class=\"elementor-element elementor-element-1a0efd72 e-con-full e-flex e-con e-child\" data-id=\"1a0efd72\" data-element_type=\"container\" data-e-type=\"container\">\n\t\t\t\t<div class=\"elementor-element elementor-element-6a75b2c9 elementor-widget elementor-widget-image\" data-id=\"6a75b2c9\" data-element_type=\"widget\" data-e-type=\"widget\" data-widget_type=\"image.default\">\n\t\t\t\t<div class=\"elementor-widget-container\">\n\t\t\t\t\t\t\t\t\t\t\t\t\t\t\t<img decoding=\"async\" src=\"https:\/\/faber-solartechnik.de\/wp-content\/uploads\/elementor\/thumbs\/karriere-solartechnik-teamarbeit-faber-jobs-006-a-r9r1zneplhsvr81vl0y0rw4g0rib0jww7ocicg7wwc.avif\" title=\"Karrierechance in OWL \u2013 Faber Solartechnik\" alt=\"Faber Solartechnik \u2013 Arbeitgeber im Bereich Erneuerbare Energien\" loading=\"lazy\" \/>\t\t\t\t\t\t\t\t\t\t\t\t\t\t\t<\/div>\n\t\t\t\t<\/div>\n\t\t\t\t<\/div>\n\t\t<div class=\"elementor-element elementor-element-1008c5d2 e-con-full e-flex e-con e-child\" data-id=\"1008c5d2\" data-element_type=\"container\" data-e-type=\"container\">\n\t\t\t\t<div class=\"elementor-element elementor-element-6414bbc3 elementor-widget elementor-widget-heading\" data-id=\"6414bbc3\" data-element_type=\"widget\" data-e-type=\"widget\" data-widget_type=\"heading.default\">\n\t\t\t\t<div class=\"elementor-widget-container\">\n\t\t\t\t\t<h3 class=\"elementor-heading-title elementor-size-default\">Kontaktinformationen f\u00fcr Photovoltaik-Anfragen und Solarprojekte<\/h3>\t\t\t\t<\/div>\n\t\t\t\t<\/div>\n\t\t\t\t<div class=\"elementor-element elementor-element-36f355ac elementor-widget elementor-widget-text-editor\" data-id=\"36f355ac\" data-element_type=\"widget\" data-e-type=\"widget\" data-widget_type=\"text-editor.default\">\n\t\t\t\t<div class=\"elementor-widget-container\">\n\t\t\t\t\t\t\t\t\t<p data-start=\"363\" data-end=\"742\">Unsere Kontaktseite bietet Ihnen eine schnelle und direkte M\u00f6glichkeit, mit uns in Verbindung zu treten. Ganz gleich, ob Sie Fragen zu Photovoltaikanlagen, Gewerbe- und Industrie-PV, Solarkomponenten oder individuellen Projektl\u00f6sungen haben \u2013 wir sind gerne f\u00fcr Sie da. Von der ersten Beratung bis zur vollst\u00e4ndigen Umsetzung begleiten wir Sie zuverl\u00e4ssig bei Ihrem Solarprojekt.<\/p><p data-start=\"744\" data-end=\"1039\">Planen Sie eine PV-Anlage, m\u00f6chten eine bestehende Anlage erweitern oder ben\u00f6tigen Unterst\u00fctzung bei Planung, Installation oder Monitoring? \u00dcber unser Anfrageformular k\u00f6nnen Sie Ihr Anliegen bequem \u00fcbermitteln oder sich direkt auf unserer Website \u00fcber unsere Photovoltaik-Leistungen informieren.<\/p><p data-start=\"1041\" data-end=\"1495\">Wir bieten Ihnen hochwertige PV-Systeme, ma\u00dfgeschneiderte Energiel\u00f6sungen und kompetente Beratung f\u00fcr Projekte in den Bereichen Gewerbe, Industrie, Unternehmen, Landwirtschaft sowie private Gro\u00dfanlagen. Unsere Photovoltaikl\u00f6sungen sind optimal auf die Anforderungen dieser Bereiche abgestimmt. Besuchen Sie unsere Leistungsseiten oder senden Sie uns eine Anfrage, wenn Sie mehr erfahren oder eine individuelle L\u00f6sung f\u00fcr Ihr Projekt erhalten m\u00f6chten.<\/p><p data-start=\"1497\" data-end=\"1785\">Gerne passen wir PV-Konzepte an Ihre spezifischen Anforderungen an und unterst\u00fctzen Sie bei allen Fragen rund um Planung, Installation, Wartung und Service. Z\u00f6gern Sie nicht, uns zu kontaktieren \u2013 unser Team steht Ihnen von der Erstberatung bis zur detaillierten Projektplanung zur Seite.<\/p><p data-start=\"1787\" data-end=\"1968\">Nutzen Sie einfach unser Kontaktformular, um Ihre Anfrage zu \u00fcbermitteln. Wir freuen uns auf Ihr Solarprojekt und darauf, Ihre individuellen Ideen in nachhaltige Energie umzusetzen.<\/p>\t\t\t\t\t\t\t\t<\/div>\n\t\t\t\t<\/div>\n\t\t\t\t<\/div>\n\t\t\t\t\t<\/div>\n\t\t\t\t<\/div>\n\t\t\t\t<\/div>\n\t\t","protected":false},"excerpt":{"rendered":"<p>Kontaktieren Sie uns Ansprechpartner Schnelle und Einfache Kommunikation Kontaktieren Sie uns gerne f\u00fcr weitere Informationen oder ma\u00dfgeschneiderte Anfragen rund um unsere EPC- und PV-L\u00f6sungen. Jonas Kothy Dresden (Sachsen) Telefon (+49) 0351 &#8211; 79995 200 Fax (+49) 05223 &#8211; 49 26 171 dresden@faber-solartechnik.de Hermann Kromm B\u00fcnde (NRW) Telefon (+49) 05223 &#8211; 65708 00 Fax (+49) 05223 [&hellip;]<\/p>\n","protected":false},"author":2,"featured_media":0,"parent":0,"menu_order":0,"comment_status":"closed","ping_status":"closed","template":"","meta":{"_acf_changed":false,"footnotes":""},"class_list":["post-120","page","type-page","status-publish","hentry"],"acf":[],"_links":{"self":[{"href":"https:\/\/faber-solartechnik.de\/en\/wp-json\/wp\/v2\/pages\/120","targetHints":{"allow":["GET"]}}],"collection":[{"href":"https:\/\/faber-solartechnik.de\/en\/wp-json\/wp\/v2\/pages"}],"about":[{"href":"https:\/\/faber-solartechnik.de\/en\/wp-json\/wp\/v2\/types\/page"}],"author":[{"embeddable":true,"href":"https:\/\/faber-solartechnik.de\/en\/wp-json\/wp\/v2\/users\/2"}],"replies":[{"embeddable":true,"href":"https:\/\/faber-solartechnik.de\/en\/wp-json\/wp\/v2\/comments?post=120"}],"version-history":[{"count":163,"href":"https:\/\/faber-solartechnik.de\/en\/wp-json\/wp\/v2\/pages\/120\/revisions"}],"predecessor-version":[{"id":12429,"href":"https:\/\/faber-solartechnik.de\/en\/wp-json\/wp\/v2\/pages\/120\/revisions\/12429"}],"wp:attachment":[{"href":"https:\/\/faber-solartechnik.de\/en\/wp-json\/wp\/v2\/media?parent=120"}],"curies":[{"name":"wp","href":"https:\/\/api.w.org\/{rel}","templated":true}]}}