{"id":2863,"date":"2023-05-04T16:55:48","date_gmt":"2023-05-04T14:55:48","guid":{"rendered":"https:\/\/faber-solartechnik.de\/?page_id=2863"},"modified":"2024-07-25T10:46:13","modified_gmt":"2024-07-25T08:46:13","slug":"solartechnik","status":"publish","type":"page","link":"https:\/\/faber-solartechnik.de\/en\/solartechnik\/","title":{"rendered":"Solar technology"},"content":{"rendered":"\t\t<div data-elementor-type=\"wp-page\" data-elementor-id=\"2863\" class=\"elementor elementor-2863\" data-elementor-post-type=\"page\">\n\t\t\t\t\t\t<header class=\"elementor-section elementor-top-section elementor-element elementor-element-a3dfa88 elementor-section-full_width elementor-section-height-default elementor-section-height-default\" data-id=\"a3dfa88\" data-element_type=\"section\" data-e-type=\"section\" data-settings=\"{&quot;sticky&quot;:&quot;top&quot;,&quot;sticky_on&quot;:[&quot;desktop&quot;],&quot;sticky_effects_offset&quot;:5,&quot;sticky_offset&quot;:0,&quot;sticky_anchor_link_offset&quot;:0}\">\n\t\t\t\t\t\t<div class=\"elementor-container elementor-column-gap-default\">\n\t\t\t\t\t<div class=\"elementor-column elementor-col-100 elementor-top-column elementor-element elementor-element-ff3b20d\" data-id=\"ff3b20d\" data-element_type=\"column\" data-e-type=\"column\">\n\t\t\t<div class=\"elementor-widget-wrap elementor-element-populated\">\n\t\t\t\t\t\t<section class=\"elementor-section elementor-inner-section elementor-element elementor-element-f159635 elementor-section-full_width runde-ecken elementor-section-height-default elementor-section-height-default\" data-id=\"f159635\" data-element_type=\"section\" data-e-type=\"section\" id=\"blurheader\">\n\t\t\t\t\t\t<div class=\"elementor-container elementor-column-gap-no\">\n\t\t\t\t\t<div class=\"elementor-column elementor-col-33 elementor-inner-column elementor-element elementor-element-25a9c65\" data-id=\"25a9c65\" data-element_type=\"column\" data-e-type=\"column\">\n\t\t\t<div class=\"elementor-widget-wrap elementor-element-populated\">\n\t\t\t\t\t\t<div class=\"elementor-element elementor-element-7a7c6f5 e-transform elementor-widget__width-initial elementor-widget-mobile__width-inherit elementor-widget elementor-widget-image\" data-id=\"7a7c6f5\" data-element_type=\"widget\" data-e-type=\"widget\" data-settings=\"{&quot;_transform_translateX_effect_hover&quot;:{&quot;unit&quot;:&quot;px&quot;,&quot;size&quot;:10,&quot;sizes&quot;:[]},&quot;_transform_translateX_effect_hover_laptop&quot;:{&quot;unit&quot;:&quot;px&quot;,&quot;size&quot;:&quot;&quot;,&quot;sizes&quot;:[]},&quot;_transform_translateX_effect_hover_tablet_extra&quot;:{&quot;unit&quot;:&quot;px&quot;,&quot;size&quot;:&quot;&quot;,&quot;sizes&quot;:[]},&quot;_transform_translateX_effect_hover_tablet&quot;:{&quot;unit&quot;:&quot;px&quot;,&quot;size&quot;:&quot;&quot;,&quot;sizes&quot;:[]},&quot;_transform_translateX_effect_hover_mobile&quot;:{&quot;unit&quot;:&quot;px&quot;,&quot;size&quot;:&quot;&quot;,&quot;sizes&quot;:[]},&quot;_transform_translateY_effect_hover&quot;:{&quot;unit&quot;:&quot;px&quot;,&quot;size&quot;:&quot;&quot;,&quot;sizes&quot;:[]},&quot;_transform_translateY_effect_hover_laptop&quot;:{&quot;unit&quot;:&quot;px&quot;,&quot;size&quot;:&quot;&quot;,&quot;sizes&quot;:[]},&quot;_transform_translateY_effect_hover_tablet_extra&quot;:{&quot;unit&quot;:&quot;px&quot;,&quot;size&quot;:&quot;&quot;,&quot;sizes&quot;:[]},&quot;_transform_translateY_effect_hover_tablet&quot;:{&quot;unit&quot;:&quot;px&quot;,&quot;size&quot;:&quot;&quot;,&quot;sizes&quot;:[]},&quot;_transform_translateY_effect_hover_mobile&quot;:{&quot;unit&quot;:&quot;px&quot;,&quot;size&quot;:&quot;&quot;,&quot;sizes&quot;:[]}}\" data-widget_type=\"image.default\">\n\t\t\t\t<div class=\"elementor-widget-container\">\n\t\t\t\t\t\t\t\t\t\t\t\t\t\t\t\t<a href=\"https:\/\/faber-solartechnik.de\/\">\n\t\t\t\t\t\t\t<img loading=\"lazy\" decoding=\"async\" width=\"300\" height=\"97\" src=\"https:\/\/faber-solartechnik.de\/wp-content\/uploads\/2020\/05\/Faber_Solartechnik_Logo_PNG-300x97.png\" class=\"attachment-medium size-medium wp-image-1281\" alt=\"Das Logo von Faber Solartechnik GmbH\" srcset=\"https:\/\/faber-solartechnik.de\/wp-content\/uploads\/2020\/05\/Faber_Solartechnik_Logo_PNG-300x97.png 300w, https:\/\/faber-solartechnik.de\/wp-content\/uploads\/2020\/05\/Faber_Solartechnik_Logo_PNG.png 332w\" sizes=\"(max-width: 300px) 100vw, 300px\" \/>\t\t\t\t\t\t\t\t<\/a>\n\t\t\t\t\t\t\t\t\t\t\t\t\t\t\t<\/div>\n\t\t\t\t<\/div>\n\t\t\t\t\t<\/div>\n\t\t<\/div>\n\t\t\t\t<div class=\"elementor-column elementor-col-33 elementor-inner-column elementor-element elementor-element-7676965\" data-id=\"7676965\" data-element_type=\"column\" data-e-type=\"column\">\n\t\t\t<div class=\"elementor-widget-wrap elementor-element-populated\">\n\t\t\t\t\t\t<div class=\"elementor-element elementor-element-737fd8f elementor-nav-menu__align-center elementor-nav-menu--stretch elementor-nav-menu__text-align-center elementor-widget__width-initial headernav elementor-nav-menu--dropdown-tablet elementor-nav-menu--toggle elementor-nav-menu--burger elementor-widget elementor-widget-nav-menu\" data-id=\"737fd8f\" data-element_type=\"widget\" data-e-type=\"widget\" data-settings=\"{&quot;full_width&quot;:&quot;stretch&quot;,&quot;submenu_icon&quot;:{&quot;value&quot;:&quot;&lt;i class=\\&quot;fas fa-angle-down\\&quot; aria-hidden=\\&quot;true\\&quot;&gt;&lt;\\\/i&gt;&quot;,&quot;library&quot;:&quot;fa-solid&quot;},&quot;layout&quot;:&quot;horizontal&quot;,&quot;toggle&quot;:&quot;burger&quot;}\" data-widget_type=\"nav-menu.default\">\n\t\t\t\t<div class=\"elementor-widget-container\">\n\t\t\t\t\t\t\t\t<nav aria-label=\"Men\u00fc\" class=\"elementor-nav-menu--main elementor-nav-menu__container elementor-nav-menu--layout-horizontal e--pointer-underline e--animation-slide\">\n\t\t\t\t<ul id=\"menu-1-737fd8f\" class=\"elementor-nav-menu\"><li class=\"menu-item menu-item-type-custom menu-item-object-custom menu-item-6626\"><a href=\"#6steps\" class=\"elementor-item elementor-item-anchor\">6 Schritte<\/a><\/li>\n<li class=\"menu-item menu-item-type-custom menu-item-object-custom menu-item-6628\"><a href=\"#netzanschluss\" class=\"elementor-item elementor-item-anchor\">Netzanschluss<\/a><\/li>\n<li class=\"menu-item menu-item-type-custom menu-item-object-custom menu-item-6629\"><a href=\"#spielwiesen\" class=\"elementor-item elementor-item-anchor\">Spielwiesen<\/a><\/li>\n<li class=\"menu-item menu-item-type-custom menu-item-object-custom menu-item-6630\"><a href=\"#finanzierung\" class=\"elementor-item elementor-item-anchor\">Finanzierung<\/a><\/li>\n<li class=\"menu-item menu-item-type-custom menu-item-object-custom menu-item-6634\"><a href=\"#referenzen\" class=\"elementor-item elementor-item-anchor\">Referenzen<\/a><\/li>\n<li class=\"menu-item menu-item-type-custom menu-item-object-custom menu-item-6635\"><a href=\"#kontakt\" class=\"elementor-item elementor-item-anchor\">Kontakt<\/a><\/li>\n<\/ul>\t\t\t<\/nav>\n\t\t\t\t\t<div class=\"elementor-menu-toggle\" role=\"button\" tabindex=\"0\" aria-label=\"Menu Toggle\" aria-expanded=\"false\">\n\t\t\t<i aria-hidden=\"true\" role=\"presentation\" class=\"elementor-menu-toggle__icon--open eicon-menu-bar\"><\/i><i aria-hidden=\"true\" role=\"presentation\" class=\"elementor-menu-toggle__icon--close eicon-close\"><\/i>\t\t<\/div>\n\t\t\t\t\t<nav class=\"elementor-nav-menu--dropdown elementor-nav-menu__container\" aria-hidden=\"true\">\n\t\t\t\t<ul id=\"menu-2-737fd8f\" class=\"elementor-nav-menu\"><li class=\"menu-item menu-item-type-custom menu-item-object-custom menu-item-6626\"><a href=\"#6steps\" class=\"elementor-item elementor-item-anchor\" tabindex=\"-1\">6 Schritte<\/a><\/li>\n<li class=\"menu-item menu-item-type-custom menu-item-object-custom menu-item-6628\"><a href=\"#netzanschluss\" class=\"elementor-item elementor-item-anchor\" tabindex=\"-1\">Netzanschluss<\/a><\/li>\n<li class=\"menu-item menu-item-type-custom menu-item-object-custom menu-item-6629\"><a href=\"#spielwiesen\" class=\"elementor-item elementor-item-anchor\" tabindex=\"-1\">Spielwiesen<\/a><\/li>\n<li class=\"menu-item menu-item-type-custom menu-item-object-custom menu-item-6630\"><a href=\"#finanzierung\" class=\"elementor-item elementor-item-anchor\" tabindex=\"-1\">Finanzierung<\/a><\/li>\n<li class=\"menu-item menu-item-type-custom menu-item-object-custom menu-item-6634\"><a href=\"#referenzen\" class=\"elementor-item elementor-item-anchor\" tabindex=\"-1\">Referenzen<\/a><\/li>\n<li class=\"menu-item menu-item-type-custom menu-item-object-custom menu-item-6635\"><a href=\"#kontakt\" class=\"elementor-item elementor-item-anchor\" tabindex=\"-1\">Kontakt<\/a><\/li>\n<\/ul>\t\t\t<\/nav>\n\t\t\t\t\t\t<\/div>\n\t\t\t\t<\/div>\n\t\t\t\t\t<\/div>\n\t\t<\/div>\n\t\t\t\t<div class=\"elementor-column elementor-col-33 elementor-inner-column elementor-element elementor-element-885ccd1\" data-id=\"885ccd1\" data-element_type=\"column\" data-e-type=\"column\">\n\t\t\t<div class=\"elementor-widget-wrap elementor-element-populated\">\n\t\t\t\t\t\t<div class=\"elementor-element elementor-element-9ea682c elementor-align-center inquirebtn elementor-widget__width-auto e-transform elementor-invisible elementor-widget elementor-widget-button\" data-id=\"9ea682c\" data-element_type=\"widget\" data-e-type=\"widget\" data-settings=\"{&quot;_animation&quot;:&quot;fadeInLeft&quot;,&quot;_transform_translateX_effect_hover&quot;:{&quot;unit&quot;:&quot;px&quot;,&quot;size&quot;:-10,&quot;sizes&quot;:[]},&quot;_transform_translateX_effect_hover_laptop&quot;:{&quot;unit&quot;:&quot;px&quot;,&quot;size&quot;:&quot;&quot;,&quot;sizes&quot;:[]},&quot;_transform_translateX_effect_hover_tablet_extra&quot;:{&quot;unit&quot;:&quot;px&quot;,&quot;size&quot;:&quot;&quot;,&quot;sizes&quot;:[]},&quot;_transform_translateX_effect_hover_tablet&quot;:{&quot;unit&quot;:&quot;px&quot;,&quot;size&quot;:&quot;&quot;,&quot;sizes&quot;:[]},&quot;_transform_translateX_effect_hover_mobile&quot;:{&quot;unit&quot;:&quot;px&quot;,&quot;size&quot;:&quot;&quot;,&quot;sizes&quot;:[]},&quot;_transform_translateY_effect_hover&quot;:{&quot;unit&quot;:&quot;px&quot;,&quot;size&quot;:&quot;&quot;,&quot;sizes&quot;:[]},&quot;_transform_translateY_effect_hover_laptop&quot;:{&quot;unit&quot;:&quot;px&quot;,&quot;size&quot;:&quot;&quot;,&quot;sizes&quot;:[]},&quot;_transform_translateY_effect_hover_tablet_extra&quot;:{&quot;unit&quot;:&quot;px&quot;,&quot;size&quot;:&quot;&quot;,&quot;sizes&quot;:[]},&quot;_transform_translateY_effect_hover_tablet&quot;:{&quot;unit&quot;:&quot;px&quot;,&quot;size&quot;:&quot;&quot;,&quot;sizes&quot;:[]},&quot;_transform_translateY_effect_hover_mobile&quot;:{&quot;unit&quot;:&quot;px&quot;,&quot;size&quot;:&quot;&quot;,&quot;sizes&quot;:[]}}\" data-widget_type=\"button.default\">\n\t\t\t\t<div class=\"elementor-widget-container\">\n\t\t\t\t\t\t\t\t\t<div class=\"elementor-button-wrapper\">\n\t\t\t\t\t<a class=\"elementor-button elementor-button-link elementor-size-sm\" href=\"#kontakt\">\n\t\t\t\t\t\t<span class=\"elementor-button-content-wrapper\">\n\t\t\t\t\t\t<span class=\"elementor-button-icon\">\n\t\t\t\t<i aria-hidden=\"true\" class=\"fas fa-arrow-right\"><\/i>\t\t\t<\/span>\n\t\t\t\t\t\t\t\t\t<span class=\"elementor-button-text\">Anfragen<\/span>\n\t\t\t\t\t<\/span>\n\t\t\t\t\t<\/a>\n\t\t\t\t<\/div>\n\t\t\t\t\t\t\t\t<\/div>\n\t\t\t\t<\/div>\n\t\t\t\t\t<\/div>\n\t\t<\/div>\n\t\t\t\t\t<\/div>\n\t\t<\/section>\n\t\t\t\t\t<\/div>\n\t\t<\/div>\n\t\t\t\t\t<\/div>\n\t\t<\/header>\n\t\t\t\t<section class=\"elementor-section elementor-top-section elementor-element elementor-element-1d9e1b0 elementor-section-height-min-height elementor-section-boxed elementor-section-height-default elementor-section-items-middle\" data-id=\"1d9e1b0\" data-element_type=\"section\" data-e-type=\"section\" data-settings=\"{&quot;background_background&quot;:&quot;classic&quot;,&quot;shape_divider_bottom&quot;:&quot;mountains&quot;}\">\n\t\t\t\t\t\t\t<div class=\"elementor-background-overlay\"><\/div>\n\t\t\t\t\t\t<div class=\"elementor-shape elementor-shape-bottom\" aria-hidden=\"true\" data-negative=\"false\">\n\t\t\t<svg xmlns=\"http:\/\/www.w3.org\/2000\/svg\" viewBox=\"0 0 1000 100\" preserveAspectRatio=\"none\">\n\t<path class=\"elementor-shape-fill\" opacity=\"0.33\" d=\"M473,67.3c-203.9,88.3-263.1-34-320.3,0C66,119.1,0,59.7,0,59.7V0h1000v59.7 c0,0-62.1,26.1-94.9,29.3c-32.8,3.3-62.8-12.3-75.8-22.1C806,49.6,745.3,8.7,694.9,4.7S492.4,59,473,67.3z\"\/>\n\t<path class=\"elementor-shape-fill\" opacity=\"0.66\" d=\"M734,67.3c-45.5,0-77.2-23.2-129.1-39.1c-28.6-8.7-150.3-10.1-254,39.1 s-91.7-34.4-149.2,0C115.7,118.3,0,39.8,0,39.8V0h1000v36.5c0,0-28.2-18.5-92.1-18.5C810.2,18.1,775.7,67.3,734,67.3z\"\/>\n\t<path class=\"elementor-shape-fill\" d=\"M766.1,28.9c-200-57.5-266,65.5-395.1,19.5C242,1.8,242,5.4,184.8,20.6C128,35.8,132.3,44.9,89.9,52.5C28.6,63.7,0,0,0,0 h1000c0,0-9.9,40.9-83.6,48.1S829.6,47,766.1,28.9z\"\/>\n<\/svg>\t\t<\/div>\n\t\t\t\t\t<div class=\"elementor-container elementor-column-gap-wider\">\n\t\t\t\t\t<div class=\"elementor-column elementor-col-50 elementor-top-column elementor-element elementor-element-79481dc\" data-id=\"79481dc\" data-element_type=\"column\" data-e-type=\"column\">\n\t\t\t<div class=\"elementor-widget-wrap elementor-element-populated\">\n\t\t\t\t\t\t<div class=\"elementor-element elementor-element-7deb8d6 elementor-widget elementor-widget-heading\" data-id=\"7deb8d6\" data-element_type=\"widget\" data-e-type=\"widget\" data-widget_type=\"heading.default\">\n\t\t\t\t<div class=\"elementor-widget-container\">\n\t\t\t\t\t<span class=\"elementor-heading-title elementor-size-default\">Faber Solartechnik GmbH<\/span>\t\t\t\t<\/div>\n\t\t\t\t<\/div>\n\t\t\t\t<div class=\"elementor-element elementor-element-079f226 elementor-widget-divider--view-line elementor-widget elementor-widget-divider\" data-id=\"079f226\" data-element_type=\"widget\" data-e-type=\"widget\" data-widget_type=\"divider.default\">\n\t\t\t\t<div class=\"elementor-widget-container\">\n\t\t\t\t\t\t\t<div class=\"elementor-divider\">\n\t\t\t<span class=\"elementor-divider-separator\">\n\t\t\t\t\t\t<\/span>\n\t\t<\/div>\n\t\t\t\t\t\t<\/div>\n\t\t\t\t<\/div>\n\t\t\t\t<div class=\"elementor-element elementor-element-8e4e4a0 elementor-widget elementor-widget-heading\" data-id=\"8e4e4a0\" data-element_type=\"widget\" data-e-type=\"widget\" data-widget_type=\"heading.default\">\n\t\t\t\t<div class=\"elementor-widget-container\">\n\t\t\t\t\t<h1 class=\"elementor-heading-title elementor-size-default\"><span class=\"gradbluettl\">Schl\u00fcsselfertige <\/span><br>\n<span class=\"txt anim-text-flow\"><b>\n<span>P<\/span><span>h<\/span><span>o<\/span><span>t<\/span><span>o<\/span><span>v<\/span><span>o<\/span><span>l<\/span><span>t<\/span><span>a<\/span><span>i<\/span><span>k<\/span><span><\/span><\/b>-Anlagen<\/h1>\t\t\t\t<\/div>\n\t\t\t\t<\/div>\n\t\t\t\t<div class=\"elementor-element elementor-element-5058b54 elementor-widget elementor-widget-text-editor\" data-id=\"5058b54\" data-element_type=\"widget\" data-e-type=\"widget\" data-widget_type=\"text-editor.default\">\n\t\t\t\t<div class=\"elementor-widget-container\">\n\t\t\t\t\t\t\t\t\t<p>Photovoltaik ist einzigartig! Die verbauten Solarzellen wandeln Kristall f\u00fcr Kristall die unersch\u00f6pfliche Energie der Sonne in alltagstauglichen Wechselstrom um, ohne das Gleichgewicht der Natur zu st\u00f6ren. Ein Paradebeispiel f\u00fcr regenerative Energie und das R\u00fcckgrat der deutschen Energiewende.<\/p>\t\t\t\t\t\t\t\t<\/div>\n\t\t\t\t<\/div>\n\t\t\t\t<div class=\"elementor-element elementor-element-5f0ce4d elementor-align-center elementor-widget__width-auto elementor-widget elementor-widget-button\" data-id=\"5f0ce4d\" data-element_type=\"widget\" data-e-type=\"widget\" data-widget_type=\"button.default\">\n\t\t\t\t<div class=\"elementor-widget-container\">\n\t\t\t\t\t\t\t\t\t<div class=\"elementor-button-wrapper\">\n\t\t\t\t\t<a class=\"elementor-button elementor-button-link elementor-size-sm elementor-animation-grow\" href=\"https:\/\/faber-solartechnik.de\/pv-rechner\/\" target=\"_blank\">\n\t\t\t\t\t\t<span class=\"elementor-button-content-wrapper\">\n\t\t\t\t\t\t<span class=\"elementor-button-icon\">\n\t\t\t\t<i aria-hidden=\"true\" class=\"fas fa-bolt\"><\/i>\t\t\t<\/span>\n\t\t\t\t\t\t\t\t\t<span class=\"elementor-button-text\">Solarpotential berechnen<\/span>\n\t\t\t\t\t<\/span>\n\t\t\t\t\t<\/a>\n\t\t\t\t<\/div>\n\t\t\t\t\t\t\t\t<\/div>\n\t\t\t\t<\/div>\n\t\t\t\t<div class=\"elementor-element elementor-element-013f678 elementor-align-center elementor-widget__width-auto elementor-widget elementor-widget-button\" data-id=\"013f678\" data-element_type=\"widget\" data-e-type=\"widget\" data-widget_type=\"button.default\">\n\t\t\t\t<div class=\"elementor-widget-container\">\n\t\t\t\t\t\t\t\t\t<div class=\"elementor-button-wrapper\">\n\t\t\t\t\t<a class=\"elementor-button elementor-button-link elementor-size-sm\" href=\"#kontakt\">\n\t\t\t\t\t\t<span class=\"elementor-button-content-wrapper\">\n\t\t\t\t\t\t<span class=\"elementor-button-icon\">\n\t\t\t\t<i aria-hidden=\"true\" class=\"fas fa-paper-plane\"><\/i>\t\t\t<\/span>\n\t\t\t\t\t\t\t\t\t<span class=\"elementor-button-text\">Anfrage senden<\/span>\n\t\t\t\t\t<\/span>\n\t\t\t\t\t<\/a>\n\t\t\t\t<\/div>\n\t\t\t\t\t\t\t\t<\/div>\n\t\t\t\t<\/div>\n\t\t\t\t\t<\/div>\n\t\t<\/div>\n\t\t\t\t<div class=\"elementor-column elementor-col-50 elementor-top-column elementor-element elementor-element-3065497 animated-slow elementor-invisible\" data-id=\"3065497\" data-element_type=\"column\" data-e-type=\"column\" data-settings=\"{&quot;background_background&quot;:&quot;classic&quot;,&quot;animation&quot;:&quot;fadeInLeft&quot;}\">\n\t\t\t<div class=\"elementor-widget-wrap\">\n\t\t\t\t\t\t\t<\/div>\n\t\t<\/div>\n\t\t\t\t\t<\/div>\n\t\t<\/section>\n\t\t\t\t<section class=\"elementor-section elementor-top-section elementor-element elementor-element-39d78ac elementor-section-boxed elementor-section-height-default elementor-section-height-default elementor-invisible\" data-id=\"39d78ac\" data-element_type=\"section\" data-e-type=\"section\" data-settings=\"{&quot;animation&quot;:&quot;fadeInUp&quot;,&quot;animation_mobile&quot;:&quot;none&quot;}\">\n\t\t\t\t\t\t<div class=\"elementor-container elementor-column-gap-default\">\n\t\t\t\t\t<div class=\"elementor-column elementor-col-100 elementor-top-column elementor-element elementor-element-a778597 shadow runde-ecken\" data-id=\"a778597\" data-element_type=\"column\" data-e-type=\"column\">\n\t\t\t<div class=\"elementor-widget-wrap elementor-element-populated\">\n\t\t\t\t\t\t<section class=\"elementor-section elementor-inner-section elementor-element elementor-element-8df9ae2 elementor-section-full_width elementor-section-height-default elementor-section-height-default\" data-id=\"8df9ae2\" data-element_type=\"section\" data-e-type=\"section\">\n\t\t\t\t\t\t<div class=\"elementor-container elementor-column-gap-no\">\n\t\t\t\t\t<div class=\"elementor-column elementor-col-33 elementor-inner-column elementor-element elementor-element-20424c4\" data-id=\"20424c4\" data-element_type=\"column\" data-e-type=\"column\">\n\t\t\t<div class=\"elementor-widget-wrap elementor-element-populated\">\n\t\t\t\t\t\t<div class=\"elementor-element elementor-element-33c4c60 elementor-widget elementor-widget-image\" data-id=\"33c4c60\" data-element_type=\"widget\" data-e-type=\"widget\" data-widget_type=\"image.default\">\n\t\t\t\t<div class=\"elementor-widget-container\">\n\t\t\t\t\t\t\t\t\t\t\t\t\t\t\t\t<a href=\"#elementor-action%3Aaction%3Dlightbox%26settings%3DeyJ1cmwiOiJodHRwczpcL1wvZmFiZXItc29sYXJ0ZWNobmlrLmRlXC93cC1jb250ZW50XC91cGxvYWRzXC8yMDI0XC8wNVwvRmFiZXItMjAyMy1XZWItMXgxLTEuanBnIiwidHlwZSI6ImltYWdlIn0%3D\">\n\t\t\t\t\t\t\t<img loading=\"lazy\" decoding=\"async\" width=\"315\" height=\"315\" src=\"https:\/\/faber-solartechnik.de\/wp-content\/uploads\/2024\/05\/Faber-2023-Web-1x1-mini-kreis.jpg\" class=\"attachment-large size-large wp-image-7629\" alt=\"\" srcset=\"https:\/\/faber-solartechnik.de\/wp-content\/uploads\/2024\/05\/Faber-2023-Web-1x1-mini-kreis.jpg 315w, https:\/\/faber-solartechnik.de\/wp-content\/uploads\/2024\/05\/Faber-2023-Web-1x1-mini-kreis-300x300.jpg 300w, https:\/\/faber-solartechnik.de\/wp-content\/uploads\/2024\/05\/Faber-2023-Web-1x1-mini-kreis-150x150.jpg 150w\" sizes=\"(max-width: 315px) 100vw, 315px\" \/>\t\t\t\t\t\t\t\t<\/a>\n\t\t\t\t\t\t\t\t\t\t\t\t\t\t\t<\/div>\n\t\t\t\t<\/div>\n\t\t\t\t\t<\/div>\n\t\t<\/div>\n\t\t\t\t<div class=\"elementor-column elementor-col-33 elementor-inner-column elementor-element elementor-element-95057b7\" data-id=\"95057b7\" data-element_type=\"column\" data-e-type=\"column\">\n\t\t\t<div class=\"elementor-widget-wrap elementor-element-populated\">\n\t\t\t\t\t\t<div class=\"elementor-element elementor-element-aedcdd6 elementor-invisible elementor-widget elementor-widget-text-editor\" data-id=\"aedcdd6\" data-element_type=\"widget\" data-e-type=\"widget\" data-settings=\"{&quot;_animation_delay&quot;:500,&quot;_animation&quot;:&quot;fadeIn&quot;,&quot;_animation_mobile&quot;:&quot;none&quot;}\" data-widget_type=\"text-editor.default\">\n\t\t\t\t<div class=\"elementor-widget-container\">\n\t\t\t\t\t\t\t\t\t<p>&#8222;Photovoltaik ist einzigartig: Modul f\u00fcr Modul erwacht die Anlage zum Leben und l\u00e4sst einen hautnah miterleben, wie aus Sonnenstrahlen Strom wird.&#8220;<\/p>\t\t\t\t\t\t\t\t<\/div>\n\t\t\t\t<\/div>\n\t\t\t\t\t<\/div>\n\t\t<\/div>\n\t\t\t\t<div class=\"elementor-column elementor-col-33 elementor-inner-column elementor-element elementor-element-10a5485\" data-id=\"10a5485\" data-element_type=\"column\" data-e-type=\"column\">\n\t\t\t<div class=\"elementor-widget-wrap elementor-element-populated\">\n\t\t\t\t\t\t<div class=\"elementor-element elementor-element-8292547 animated-slow elementor-invisible elementor-widget elementor-widget-image\" data-id=\"8292547\" data-element_type=\"widget\" data-e-type=\"widget\" data-settings=\"{&quot;_animation&quot;:&quot;fadeInLeft&quot;,&quot;_animation_mobile&quot;:&quot;none&quot;}\" data-widget_type=\"image.default\">\n\t\t\t\t<div class=\"elementor-widget-container\">\n\t\t\t\t\t\t\t\t\t\t\t\t\t\t\t<img loading=\"lazy\" decoding=\"async\" width=\"214\" height=\"76\" src=\"https:\/\/faber-solartechnik.de\/wp-content\/uploads\/2023\/06\/faber-signature-blau.png\" class=\"attachment-full size-full wp-image-3724\" alt=\"\" srcset=\"https:\/\/faber-solartechnik.de\/wp-content\/uploads\/2023\/06\/faber-signature-blau.png 214w, https:\/\/faber-solartechnik.de\/wp-content\/uploads\/2023\/06\/faber-signature-blau-18x6.png 18w\" sizes=\"(max-width: 214px) 100vw, 214px\" \/>\t\t\t\t\t\t\t\t\t\t\t\t\t\t\t<\/div>\n\t\t\t\t<\/div>\n\t\t\t\t\t<\/div>\n\t\t<\/div>\n\t\t\t\t\t<\/div>\n\t\t<\/section>\n\t\t\t\t\t<\/div>\n\t\t<\/div>\n\t\t\t\t\t<\/div>\n\t\t<\/section>\n\t\t\t\t<section class=\"elementor-section elementor-top-section elementor-element elementor-element-28f2cb7 elementor-section-height-min-height elementor-section-boxed elementor-section-height-default elementor-section-items-middle\" data-id=\"28f2cb7\" data-element_type=\"section\" data-e-type=\"section\" id=\"solaranlagen\">\n\t\t\t\t\t\t<div class=\"elementor-container elementor-column-gap-wider\">\n\t\t\t\t\t<div class=\"elementor-column elementor-col-50 elementor-top-column elementor-element elementor-element-c8b01d3 animated-slow elementor-invisible\" data-id=\"c8b01d3\" data-element_type=\"column\" data-e-type=\"column\" data-settings=\"{&quot;background_background&quot;:&quot;classic&quot;,&quot;animation&quot;:&quot;fadeInLeft&quot;}\">\n\t\t\t<div class=\"elementor-widget-wrap elementor-element-populated\">\n\t\t\t\t\t\t<div class=\"elementor-element elementor-element-d072f86 elementor-widget__width-auto elementor-absolute elementor-widget-mobile__width-inherit elementor-widget elementor-widget-image\" data-id=\"d072f86\" data-element_type=\"widget\" data-e-type=\"widget\" data-settings=\"{&quot;_position&quot;:&quot;absolute&quot;,&quot;motion_fx_motion_fx_scrolling&quot;:&quot;yes&quot;,&quot;motion_fx_translateX_effect&quot;:&quot;yes&quot;,&quot;motion_fx_translateX_direction&quot;:&quot;negative&quot;,&quot;motion_fx_translateX_speed&quot;:{&quot;unit&quot;:&quot;px&quot;,&quot;size&quot;:1,&quot;sizes&quot;:[]},&quot;motion_fx_translateX_affectedRange&quot;:{&quot;unit&quot;:&quot;%&quot;,&quot;size&quot;:&quot;&quot;,&quot;sizes&quot;:{&quot;start&quot;:0,&quot;end&quot;:35}},&quot;motion_fx_devices&quot;:[&quot;desktop&quot;]}\" data-widget_type=\"image.default\">\n\t\t\t\t<div class=\"elementor-widget-container\">\n\t\t\t\t\t\t\t\t\t\t\t\t\t\t\t<img loading=\"lazy\" decoding=\"async\" width=\"267\" height=\"403\" src=\"https:\/\/faber-solartechnik.de\/wp-content\/uploads\/2023\/06\/solarmodul-klein-comp.png\" class=\"attachment-full size-full wp-image-3696\" alt=\"\" srcset=\"https:\/\/faber-solartechnik.de\/wp-content\/uploads\/2023\/06\/solarmodul-klein-comp.png 267w, https:\/\/faber-solartechnik.de\/wp-content\/uploads\/2023\/06\/solarmodul-klein-comp-199x300.png 199w, https:\/\/faber-solartechnik.de\/wp-content\/uploads\/2023\/06\/solarmodul-klein-comp-8x12.png 8w\" sizes=\"(max-width: 267px) 100vw, 267px\" \/>\t\t\t\t\t\t\t\t\t\t\t\t\t\t\t<\/div>\n\t\t\t\t<\/div>\n\t\t\t\t<div class=\"elementor-element elementor-element-27d3b47 elementor-widget__width-auto elementor-absolute elementor-hidden-mobile elementor-widget elementor-widget-image\" data-id=\"27d3b47\" data-element_type=\"widget\" data-e-type=\"widget\" data-settings=\"{&quot;_position&quot;:&quot;absolute&quot;,&quot;motion_fx_motion_fx_scrolling&quot;:&quot;yes&quot;,&quot;motion_fx_translateX_effect&quot;:&quot;yes&quot;,&quot;motion_fx_translateX_direction&quot;:&quot;negative&quot;,&quot;motion_fx_translateX_speed&quot;:{&quot;unit&quot;:&quot;px&quot;,&quot;size&quot;:2,&quot;sizes&quot;:[]},&quot;motion_fx_translateX_affectedRange&quot;:{&quot;unit&quot;:&quot;%&quot;,&quot;size&quot;:&quot;&quot;,&quot;sizes&quot;:{&quot;start&quot;:0,&quot;end&quot;:42}},&quot;motion_fx_devices&quot;:[&quot;desktop&quot;,&quot;laptop&quot;,&quot;tablet_extra&quot;,&quot;tablet&quot;,&quot;mobile&quot;]}\" data-widget_type=\"image.default\">\n\t\t\t\t<div class=\"elementor-widget-container\">\n\t\t\t\t\t\t\t\t\t\t\t\t\t\t\t<img loading=\"lazy\" decoding=\"async\" width=\"267\" height=\"403\" src=\"https:\/\/faber-solartechnik.de\/wp-content\/uploads\/2023\/06\/solarmodul-klein-comp.png\" class=\"attachment-full size-full wp-image-3696\" alt=\"\" srcset=\"https:\/\/faber-solartechnik.de\/wp-content\/uploads\/2023\/06\/solarmodul-klein-comp.png 267w, https:\/\/faber-solartechnik.de\/wp-content\/uploads\/2023\/06\/solarmodul-klein-comp-199x300.png 199w, https:\/\/faber-solartechnik.de\/wp-content\/uploads\/2023\/06\/solarmodul-klein-comp-8x12.png 8w\" sizes=\"(max-width: 267px) 100vw, 267px\" \/>\t\t\t\t\t\t\t\t\t\t\t\t\t\t\t<\/div>\n\t\t\t\t<\/div>\n\t\t\t\t<div class=\"elementor-element elementor-element-108ab3c elementor-widget__width-auto elementor-absolute elementor-hidden-mobile elementor-widget elementor-widget-image\" data-id=\"108ab3c\" data-element_type=\"widget\" data-e-type=\"widget\" data-settings=\"{&quot;_position&quot;:&quot;absolute&quot;,&quot;motion_fx_motion_fx_scrolling&quot;:&quot;yes&quot;,&quot;motion_fx_translateX_effect&quot;:&quot;yes&quot;,&quot;motion_fx_translateX_direction&quot;:&quot;negative&quot;,&quot;motion_fx_translateX_speed&quot;:{&quot;unit&quot;:&quot;px&quot;,&quot;size&quot;:3,&quot;sizes&quot;:[]},&quot;motion_fx_translateX_affectedRange&quot;:{&quot;unit&quot;:&quot;%&quot;,&quot;size&quot;:&quot;&quot;,&quot;sizes&quot;:{&quot;start&quot;:0,&quot;end&quot;:50}},&quot;motion_fx_devices&quot;:[&quot;desktop&quot;,&quot;laptop&quot;,&quot;tablet_extra&quot;,&quot;tablet&quot;,&quot;mobile&quot;]}\" data-widget_type=\"image.default\">\n\t\t\t\t<div class=\"elementor-widget-container\">\n\t\t\t\t\t\t\t\t\t\t\t\t\t\t\t<img loading=\"lazy\" decoding=\"async\" width=\"267\" height=\"403\" src=\"https:\/\/faber-solartechnik.de\/wp-content\/uploads\/2023\/06\/solarmodul-klein-comp.png\" class=\"attachment-full size-full wp-image-3696\" alt=\"\" srcset=\"https:\/\/faber-solartechnik.de\/wp-content\/uploads\/2023\/06\/solarmodul-klein-comp.png 267w, https:\/\/faber-solartechnik.de\/wp-content\/uploads\/2023\/06\/solarmodul-klein-comp-199x300.png 199w, https:\/\/faber-solartechnik.de\/wp-content\/uploads\/2023\/06\/solarmodul-klein-comp-8x12.png 8w\" sizes=\"(max-width: 267px) 100vw, 267px\" \/>\t\t\t\t\t\t\t\t\t\t\t\t\t\t\t<\/div>\n\t\t\t\t<\/div>\n\t\t\t\t\t<\/div>\n\t\t<\/div>\n\t\t\t\t<div class=\"elementor-column elementor-col-50 elementor-top-column elementor-element elementor-element-a6af552 elementor-invisible\" data-id=\"a6af552\" data-element_type=\"column\" data-e-type=\"column\" data-settings=\"{&quot;animation&quot;:&quot;fadeIn&quot;}\">\n\t\t\t<div class=\"elementor-widget-wrap elementor-element-populated\">\n\t\t\t\t\t\t<div class=\"elementor-element elementor-element-741c7c9 gradbluettl elementor-widget elementor-widget-heading\" data-id=\"741c7c9\" data-element_type=\"widget\" data-e-type=\"widget\" data-widget_type=\"heading.default\">\n\t\t\t\t<div class=\"elementor-widget-container\">\n\t\t\t\t\t<h3 class=\"elementor-heading-title elementor-size-default\">LUKRATIVE <b>SOLARANLAGEN<\/b>\n<\/h3>\t\t\t\t<\/div>\n\t\t\t\t<\/div>\n\t\t\t\t<div class=\"elementor-element elementor-element-df442c6 elementor-widget-divider--view-line elementor-widget elementor-widget-divider\" data-id=\"df442c6\" data-element_type=\"widget\" data-e-type=\"widget\" data-widget_type=\"divider.default\">\n\t\t\t\t<div class=\"elementor-widget-container\">\n\t\t\t\t\t\t\t<div class=\"elementor-divider\">\n\t\t\t<span class=\"elementor-divider-separator\">\n\t\t\t\t\t\t<\/span>\n\t\t<\/div>\n\t\t\t\t\t\t<\/div>\n\t\t\t\t<\/div>\n\t\t\t\t<div class=\"elementor-element elementor-element-e5600ff elementor-position-left elementor-vertical-align-middle elementor-widget elementor-widget-image-box\" data-id=\"e5600ff\" data-element_type=\"widget\" data-e-type=\"widget\" data-widget_type=\"image-box.default\">\n\t\t\t\t<div class=\"elementor-widget-container\">\n\t\t\t\t\t<div class=\"elementor-image-box-wrapper\"><figure class=\"elementor-image-box-img\"><img loading=\"lazy\" decoding=\"async\" width=\"150\" height=\"150\" src=\"https:\/\/faber-solartechnik.de\/wp-content\/uploads\/2023\/07\/key-icon-_blau-150x150.png\" class=\"attachment-thumbnail size-thumbnail wp-image-6042\" alt=\"\" srcset=\"https:\/\/faber-solartechnik.de\/wp-content\/uploads\/2023\/07\/key-icon-_blau-150x150.png 150w, https:\/\/faber-solartechnik.de\/wp-content\/uploads\/2023\/07\/key-icon-_blau-12x12.png 12w\" sizes=\"(max-width: 150px) 100vw, 150px\" \/><\/figure><div class=\"elementor-image-box-content\"><h4 class=\"elementor-image-box-title\">Schl\u00fcsselfertige Photovoltaik-Anlage an Ihrem Standort<\/h4><\/div><\/div>\t\t\t\t<\/div>\n\t\t\t\t<\/div>\n\t\t\t\t<div class=\"elementor-element elementor-element-389f64b elementor-position-left elementor-vertical-align-middle elementor-widget elementor-widget-image-box\" data-id=\"389f64b\" data-element_type=\"widget\" data-e-type=\"widget\" data-widget_type=\"image-box.default\">\n\t\t\t\t<div class=\"elementor-widget-container\">\n\t\t\t\t\t<div class=\"elementor-image-box-wrapper\"><figure class=\"elementor-image-box-img\"><img loading=\"lazy\" decoding=\"async\" width=\"150\" height=\"150\" src=\"https:\/\/faber-solartechnik.de\/wp-content\/uploads\/2023\/07\/planung-icon-_blau-150x150.png\" class=\"attachment-thumbnail size-thumbnail wp-image-6052\" alt=\"\" srcset=\"https:\/\/faber-solartechnik.de\/wp-content\/uploads\/2023\/07\/planung-icon-_blau-150x150.png 150w, https:\/\/faber-solartechnik.de\/wp-content\/uploads\/2023\/07\/planung-icon-_blau-12x12.png 12w\" sizes=\"(max-width: 150px) 100vw, 150px\" \/><\/figure><div class=\"elementor-image-box-content\"><h4 class=\"elementor-image-box-title\">Alle Schritte von Planung \u00fcber Bau bis Netzgang aus einer Hand<\/h4><\/div><\/div>\t\t\t\t<\/div>\n\t\t\t\t<\/div>\n\t\t\t\t<div class=\"elementor-element elementor-element-a327b48 elementor-position-left elementor-vertical-align-middle elementor-widget elementor-widget-image-box\" data-id=\"a327b48\" data-element_type=\"widget\" data-e-type=\"widget\" data-widget_type=\"image-box.default\">\n\t\t\t\t<div class=\"elementor-widget-container\">\n\t\t\t\t\t<div class=\"elementor-image-box-wrapper\"><figure class=\"elementor-image-box-img\"><img loading=\"lazy\" decoding=\"async\" width=\"150\" height=\"150\" src=\"https:\/\/faber-solartechnik.de\/wp-content\/uploads\/2023\/07\/safe-money-euro-icon-_blau-150x150.png\" class=\"attachment-thumbnail size-thumbnail wp-image-6047\" alt=\"\" srcset=\"https:\/\/faber-solartechnik.de\/wp-content\/uploads\/2023\/07\/safe-money-euro-icon-_blau-150x150.png 150w, https:\/\/faber-solartechnik.de\/wp-content\/uploads\/2023\/07\/safe-money-euro-icon-_blau-12x12.png 12w\" sizes=\"(max-width: 150px) 100vw, 150px\" \/><\/figure><div class=\"elementor-image-box-content\"><h4 class=\"elementor-image-box-title\">Krisensicherer Eigenverbrauch oder lukrative B\u00f6rsenvermarktung<\/h4><\/div><\/div>\t\t\t\t<\/div>\n\t\t\t\t<\/div>\n\t\t\t\t<div class=\"elementor-element elementor-element-2f433d3 elementor-position-left elementor-vertical-align-middle elementor-widget elementor-widget-image-box\" data-id=\"2f433d3\" data-element_type=\"widget\" data-e-type=\"widget\" data-widget_type=\"image-box.default\">\n\t\t\t\t<div class=\"elementor-widget-container\">\n\t\t\t\t\t<div class=\"elementor-image-box-wrapper\"><figure class=\"elementor-image-box-img\"><img loading=\"lazy\" decoding=\"async\" width=\"150\" height=\"150\" src=\"https:\/\/faber-solartechnik.de\/wp-content\/uploads\/2023\/07\/surface-icon-_blau-150x150.png\" class=\"attachment-thumbnail size-thumbnail wp-image-6049\" alt=\"\" srcset=\"https:\/\/faber-solartechnik.de\/wp-content\/uploads\/2023\/07\/surface-icon-_blau-150x150.png 150w, https:\/\/faber-solartechnik.de\/wp-content\/uploads\/2023\/07\/surface-icon-_blau-12x12.png 12w\" sizes=\"(max-width: 150px) 100vw, 150px\" \/><\/figure><div class=\"elementor-image-box-content\"><h4 class=\"elementor-image-box-title\">F\u00fcr Dach- und Freifl\u00e4chen ab 5.000 m\u00b2<\/h4><\/div><\/div>\t\t\t\t<\/div>\n\t\t\t\t<\/div>\n\t\t\t\t\t<\/div>\n\t\t<\/div>\n\t\t\t\t\t<\/div>\n\t\t<\/section>\n\t\t\t\t<section class=\"elementor-section elementor-top-section elementor-element elementor-element-455cffe elementor-reverse-mobile elementor-section-boxed elementor-section-height-default elementor-section-height-default\" data-id=\"455cffe\" data-element_type=\"section\" data-e-type=\"section\">\n\t\t\t\t\t\t\t<div class=\"elementor-background-overlay\"><\/div>\n\t\t\t\t\t\t\t<div class=\"elementor-container elementor-column-gap-wider\">\n\t\t\t\t\t<div class=\"elementor-column elementor-col-50 elementor-top-column elementor-element elementor-element-5a57501 elementor-invisible\" data-id=\"5a57501\" data-element_type=\"column\" data-e-type=\"column\" data-settings=\"{&quot;animation&quot;:&quot;fadeIn&quot;}\">\n\t\t\t<div class=\"elementor-widget-wrap elementor-element-populated\">\n\t\t\t\t\t\t<div class=\"elementor-element elementor-element-fd46ef2 gradbluettl elementor-widget elementor-widget-heading\" data-id=\"fd46ef2\" data-element_type=\"widget\" data-e-type=\"widget\" data-widget_type=\"heading.default\">\n\t\t\t\t<div class=\"elementor-widget-container\">\n\t\t\t\t\t<h3 class=\"elementor-heading-title elementor-size-default\">Ihre perfekte <b>Wahl<\/b>\n<\/h3>\t\t\t\t<\/div>\n\t\t\t\t<\/div>\n\t\t\t\t<div class=\"elementor-element elementor-element-7c1d512 elementor-widget-divider--view-line elementor-widget elementor-widget-divider\" data-id=\"7c1d512\" data-element_type=\"widget\" data-e-type=\"widget\" data-widget_type=\"divider.default\">\n\t\t\t\t<div class=\"elementor-widget-container\">\n\t\t\t\t\t\t\t<div class=\"elementor-divider\">\n\t\t\t<span class=\"elementor-divider-separator\">\n\t\t\t\t\t\t<\/span>\n\t\t<\/div>\n\t\t\t\t\t\t<\/div>\n\t\t\t\t<\/div>\n\t\t\t\t<div class=\"elementor-element elementor-element-c38ad86 elementor-position-left elementor-vertical-align-middle elementor-widget elementor-widget-image-box\" data-id=\"c38ad86\" data-element_type=\"widget\" data-e-type=\"widget\" data-widget_type=\"image-box.default\">\n\t\t\t\t<div class=\"elementor-widget-container\">\n\t\t\t\t\t<div class=\"elementor-image-box-wrapper\"><figure class=\"elementor-image-box-img\"><img loading=\"lazy\" decoding=\"async\" width=\"150\" height=\"150\" src=\"https:\/\/faber-solartechnik.de\/wp-content\/uploads\/2023\/07\/plugin-icon-_blau-150x150.png\" class=\"attachment-thumbnail size-thumbnail wp-image-6044\" alt=\"\" srcset=\"https:\/\/faber-solartechnik.de\/wp-content\/uploads\/2023\/07\/plugin-icon-_blau-150x150.png 150w, https:\/\/faber-solartechnik.de\/wp-content\/uploads\/2023\/07\/plugin-icon-_blau-12x12.png 12w\" sizes=\"(max-width: 150px) 100vw, 150px\" \/><\/figure><div class=\"elementor-image-box-content\"><h4 class=\"elementor-image-box-title\">Inklusive Netzverkn\u00fcpfung und Anschluss Ihrer Verbraucher<\/h4><\/div><\/div>\t\t\t\t<\/div>\n\t\t\t\t<\/div>\n\t\t\t\t<div class=\"elementor-element elementor-element-279ebc8 elementor-position-left elementor-vertical-align-middle elementor-widget elementor-widget-image-box\" data-id=\"279ebc8\" data-element_type=\"widget\" data-e-type=\"widget\" data-widget_type=\"image-box.default\">\n\t\t\t\t<div class=\"elementor-widget-container\">\n\t\t\t\t\t<div class=\"elementor-image-box-wrapper\"><figure class=\"elementor-image-box-img\"><img loading=\"lazy\" decoding=\"async\" width=\"150\" height=\"150\" src=\"https:\/\/faber-solartechnik.de\/wp-content\/uploads\/2023\/07\/trafo-icon-_blau-150x150.png\" class=\"attachment-thumbnail size-thumbnail wp-image-6050\" alt=\"\" srcset=\"https:\/\/faber-solartechnik.de\/wp-content\/uploads\/2023\/07\/trafo-icon-_blau-150x150.png 150w, https:\/\/faber-solartechnik.de\/wp-content\/uploads\/2023\/07\/trafo-icon-_blau-12x12.png 12w\" sizes=\"(max-width: 150px) 100vw, 150px\" \/><\/figure><div class=\"elementor-image-box-content\"><h4 class=\"elementor-image-box-title\">Mit hausinterner Mittelspannungskompetenz inkl. Kompaktstationsbau<\/h4><\/div><\/div>\t\t\t\t<\/div>\n\t\t\t\t<\/div>\n\t\t\t\t<div class=\"elementor-element elementor-element-31e028f elementor-position-left elementor-vertical-align-middle elementor-widget elementor-widget-image-box\" data-id=\"31e028f\" data-element_type=\"widget\" data-e-type=\"widget\" data-widget_type=\"image-box.default\">\n\t\t\t\t<div class=\"elementor-widget-container\">\n\t\t\t\t\t<div class=\"elementor-image-box-wrapper\"><figure class=\"elementor-image-box-img\"><img loading=\"lazy\" decoding=\"async\" width=\"150\" height=\"150\" src=\"https:\/\/faber-solartechnik.de\/wp-content\/uploads\/2023\/07\/roof-icon-_blau-150x150.png\" class=\"attachment-thumbnail size-thumbnail wp-image-6045\" alt=\"\" srcset=\"https:\/\/faber-solartechnik.de\/wp-content\/uploads\/2023\/07\/roof-icon-_blau-150x150.png 150w, https:\/\/faber-solartechnik.de\/wp-content\/uploads\/2023\/07\/roof-icon-_blau-12x12.png 12w\" sizes=\"(max-width: 150px) 100vw, 150px\" \/><\/figure><div class=\"elementor-image-box-content\"><h4 class=\"elementor-image-box-title\">Optional mit Sanierung von Flach- oder Satteld\u00e4chern<\/h4><\/div><\/div>\t\t\t\t<\/div>\n\t\t\t\t<\/div>\n\t\t\t\t<div class=\"elementor-element elementor-element-368d523 elementor-position-left elementor-vertical-align-middle elementor-widget elementor-widget-image-box\" data-id=\"368d523\" data-element_type=\"widget\" data-e-type=\"widget\" data-widget_type=\"image-box.default\">\n\t\t\t\t<div class=\"elementor-widget-container\">\n\t\t\t\t\t<div class=\"elementor-image-box-wrapper\"><figure class=\"elementor-image-box-img\"><img loading=\"lazy\" decoding=\"async\" width=\"150\" height=\"150\" src=\"https:\/\/faber-solartechnik.de\/wp-content\/uploads\/2023\/07\/solar-icon-_blau-150x150.png\" class=\"attachment-thumbnail size-thumbnail wp-image-6048\" alt=\"\" srcset=\"https:\/\/faber-solartechnik.de\/wp-content\/uploads\/2023\/07\/solar-icon-_blau-150x150.png 150w, https:\/\/faber-solartechnik.de\/wp-content\/uploads\/2023\/07\/solar-icon-_blau-12x12.png 12w\" sizes=\"(max-width: 150px) 100vw, 150px\" \/><\/figure><div class=\"elementor-image-box-content\"><h4 class=\"elementor-image-box-title\">2 Jahre Wartung und Instandhaltung inklusive<\/h4><\/div><\/div>\t\t\t\t<\/div>\n\t\t\t\t<\/div>\n\t\t\t\t<div class=\"elementor-element elementor-element-589e73f elementor-align-center elementor-widget__width-auto inquirebtn elementor-widget elementor-widget-button\" data-id=\"589e73f\" data-element_type=\"widget\" data-e-type=\"widget\" data-widget_type=\"button.default\">\n\t\t\t\t<div class=\"elementor-widget-container\">\n\t\t\t\t\t\t\t\t\t<div class=\"elementor-button-wrapper\">\n\t\t\t\t\t<a class=\"elementor-button elementor-button-link elementor-size-sm elementor-animation-grow\" href=\"https:\/\/faber-solartechnik.de\/pv-rechner\/\" target=\"_blank\">\n\t\t\t\t\t\t<span class=\"elementor-button-content-wrapper\">\n\t\t\t\t\t\t<span class=\"elementor-button-icon\">\n\t\t\t\t<i aria-hidden=\"true\" class=\"fas fa-arrow-right\"><\/i>\t\t\t<\/span>\n\t\t\t\t\t\t\t\t\t<span class=\"elementor-button-text\">Jetzt Potential berechnen<\/span>\n\t\t\t\t\t<\/span>\n\t\t\t\t\t<\/a>\n\t\t\t\t<\/div>\n\t\t\t\t\t\t\t\t<\/div>\n\t\t\t\t<\/div>\n\t\t\t\t\t<\/div>\n\t\t<\/div>\n\t\t\t\t<div class=\"elementor-column elementor-col-50 elementor-top-column elementor-element elementor-element-755baa7\" data-id=\"755baa7\" data-element_type=\"column\" data-e-type=\"column\">\n\t\t\t<div class=\"elementor-widget-wrap elementor-element-populated\">\n\t\t\t\t\t\t<div class=\"elementor-element elementor-element-9b7da79 elementor-hidden-desktop elementor-hidden-tablet elementor-widget elementor-widget-menu-anchor\" data-id=\"9b7da79\" data-element_type=\"widget\" data-e-type=\"widget\" data-widget_type=\"menu-anchor.default\">\n\t\t\t\t<div class=\"elementor-widget-container\">\n\t\t\t\t\t\t\t<div class=\"elementor-menu-anchor\" id=\"wirm\"><\/div>\n\t\t\t\t\t\t<\/div>\n\t\t\t\t<\/div>\n\t\t\t\t<div class=\"elementor-element elementor-element-e013861 elementor-widget-mobile__width-inherit elementor-widget elementor-widget-image\" data-id=\"e013861\" data-element_type=\"widget\" data-e-type=\"widget\" data-widget_type=\"image.default\">\n\t\t\t\t<div class=\"elementor-widget-container\">\n\t\t\t\t\t\t\t\t\t\t\t\t\t\t\t\t<a href=\"https:\/\/faber-solartechnik.de\/pv-rechner\/\" target=\"_blank\">\n\t\t\t\t\t\t\t<img decoding=\"async\" src=\"https:\/\/faber-solartechnik.de\/wp-content\/uploads\/elementor\/thumbs\/Flaeche-Messen-C-q9xrtjcobw7kgdopgcspwnvss8jk01pbephh6wvz0o.jpg\" title=\"Flaeche Messen C\" alt=\"Flaeche Messen C\" loading=\"lazy\" \/>\t\t\t\t\t\t\t\t<\/a>\n\t\t\t\t\t\t\t\t\t\t\t\t\t\t\t<\/div>\n\t\t\t\t<\/div>\n\t\t\t\t<div class=\"elementor-element elementor-element-5628d85 elementor-widget__width-initial elementor-widget-mobile__width-inherit elementor-hidden-phone elementor-absolute elementor-widget elementor-widget-image\" data-id=\"5628d85\" data-element_type=\"widget\" data-e-type=\"widget\" data-settings=\"{&quot;_position&quot;:&quot;absolute&quot;,&quot;motion_fx_motion_fx_scrolling&quot;:&quot;yes&quot;,&quot;motion_fx_translateY_effect&quot;:&quot;yes&quot;,&quot;motion_fx_translateY_speed&quot;:{&quot;unit&quot;:&quot;px&quot;,&quot;size&quot;:4,&quot;sizes&quot;:[]},&quot;motion_fx_translateY_affectedRange&quot;:{&quot;unit&quot;:&quot;%&quot;,&quot;size&quot;:&quot;&quot;,&quot;sizes&quot;:{&quot;start&quot;:0,&quot;end&quot;:100}},&quot;motion_fx_devices&quot;:[&quot;desktop&quot;,&quot;laptop&quot;,&quot;tablet_extra&quot;,&quot;tablet&quot;,&quot;mobile&quot;]}\" data-widget_type=\"image.default\">\n\t\t\t\t<div class=\"elementor-widget-container\">\n\t\t\t\t\t\t\t\t\t\t\t\t\t\t\t<img decoding=\"async\" src=\"https:\/\/faber-solartechnik.de\/wp-content\/uploads\/elementor\/thumbs\/DJI_0016-ohdt8675c29aey3xt7gz7s24u265smvdq67xm9i6r0.jpg\" title=\"DJI_0016\" alt=\"DJI_0016\" loading=\"lazy\" \/>\t\t\t\t\t\t\t\t\t\t\t\t\t\t\t<\/div>\n\t\t\t\t<\/div>\n\t\t\t\t\t<\/div>\n\t\t<\/div>\n\t\t\t\t\t<\/div>\n\t\t<\/section>\n\t\t\t\t<section class=\"elementor-section elementor-top-section elementor-element elementor-element-a5de329 elementor-section-boxed elementor-section-height-default elementor-section-height-default\" data-id=\"a5de329\" data-element_type=\"section\" data-e-type=\"section\" id=\"6steps\" data-settings=\"{&quot;background_background&quot;:&quot;classic&quot;}\">\n\t\t\t\t\t\t<div class=\"elementor-container elementor-column-gap-wider\">\n\t\t\t\t\t<div class=\"elementor-column elementor-col-100 elementor-top-column elementor-element elementor-element-5d5acc0 elementor-invisible\" data-id=\"5d5acc0\" data-element_type=\"column\" data-e-type=\"column\" data-settings=\"{&quot;animation&quot;:&quot;fadeIn&quot;}\">\n\t\t\t<div class=\"elementor-widget-wrap elementor-element-populated\">\n\t\t\t\t\t\t<div class=\"elementor-element elementor-element-757f2d1 gradbluettl elementor-headline--style-highlight elementor-invisible elementor-widget elementor-widget-animated-headline\" data-id=\"757f2d1\" data-element_type=\"widget\" data-e-type=\"widget\" data-settings=\"{&quot;highlighted_text&quot;:&quot;6 Schritten &quot;,&quot;_animation&quot;:&quot;fadeInUp&quot;,&quot;headline_style&quot;:&quot;highlight&quot;,&quot;marker&quot;:&quot;circle&quot;,&quot;loop&quot;:&quot;yes&quot;,&quot;highlight_animation_duration&quot;:1200,&quot;highlight_iteration_delay&quot;:8000}\" data-widget_type=\"animated-headline.default\">\n\t\t\t\t<div class=\"elementor-widget-container\">\n\t\t\t\t\t\t\t<h3 class=\"elementor-headline\">\n\t\t\t\t\t<span class=\"elementor-headline-plain-text elementor-headline-text-wrapper\">In<\/span>\n\t\t\t\t<span class=\"elementor-headline-dynamic-wrapper elementor-headline-text-wrapper\">\n\t\t\t\t\t<span class=\"elementor-headline-dynamic-text elementor-headline-text-active\">6 Schritten <\/span>\n\t\t\t\t<\/span>\n\t\t\t\t\t<span class=\"elementor-headline-plain-text elementor-headline-text-wrapper\">zu<br> Ihrer Photovoltaik-Anlage<\/span>\n\t\t\t\t\t<\/h3>\n\t\t\t\t\t\t<\/div>\n\t\t\t\t<\/div>\n\t\t\t\t<div class=\"elementor-element elementor-element-a32e8f1 abc-accordion elementor-hidden-desktop elementor-hidden-tablet elementor-widget elementor-widget-bdt-accordion\" data-id=\"a32e8f1\" data-element_type=\"widget\" data-e-type=\"widget\" data-widget_type=\"bdt-accordion.default\">\n\t\t\t\t<div class=\"elementor-widget-container\">\n\t\t\t\t\t\t\t<div class=\"bdt-ep-accordion-container\">\n\t\t\t<div id=\"bdt-ep-accordion-a32e8f1\" class=\"bdt-ep-accordion bdt-accordion\" data-bdt-accordion=\"{&quot;collapsible&quot;:false,&quot;multiple&quot;:false,&quot;animation&quot;:true,&quot;transition&quot;:&quot;ease-in-out&quot;,&quot;duration&quot;:200}\" \t\tdata-settings=\"{&quot;id&quot;:&quot;bdt-ep-accordion-a32e8f1&quot;,&quot;activeHash&quot;:&quot;&quot;,&quot;activeScrollspy&quot;:null,&quot;hashTopOffset&quot;:false,&quot;hashScrollspyTime&quot;:false,&quot;closeAllItemsOnMobile&quot;:false}\">\n\t\t\t\t\t\t\t\t\t<div class=\"bdt-ep-accordion-item\">\n\t\t\t\t\t\t<h3\t\t\t\t\t\t\tclass=\"bdt-ep-accordion-title bdt-accordion-title bdt-flex bdt-flex-middle bdt-flex-between\" id=\"bdt-ep-accordion-1-planung\"\n\t\t\t\t\t\t\tdata-accordion-index=\"0\" data-title=\"1-planung\">\n\n\t\t\t\t\t\t\t\t\t\t\t\t\t\t\t<span class=\"bdt-ep-accordion-icon bdt-flex-align-right\"\n\t\t\t\t\t\t\t\t\taria-hidden=\"true\">\n\n\t\t\t\t\t\t\t\t\t\t\t\t\t\t\t\t\t\t\t<span class=\"bdt-ep-accordion-icon-closed\">\n\t\t\t\t\t\t\t\t\t\t\t<i aria-hidden=\"true\" class=\"fa-fw fas fa-plus\"><\/i>\t\t\t\t\t\t\t\t\t\t<\/span>\n\t\t\t\t\t\t\t\t\t\n\t\t\t\t\t\t\t\t\t\t\t\t\t\t\t\t\t\t\t<span class=\"bdt-ep-accordion-icon-opened\">\n\t\t\t\t\t\t\t\t\t\t\t<i aria-hidden=\"true\" class=\"fa-fw fas fa-minus\"><\/i>\t\t\t\t\t\t\t\t\t\t<\/span>\n\t\t\t\t\t\t\t\t\t\n\t\t\t\t\t\t\t\t<\/span>\n\t\t\t\t\t\t\t\n\t\t\t\t\t\t\t<span role=\"heading\" class=\"bdt-ep-title-text bdt-flex-inline bdt-flex-middle\" >\n\n\t\t\t\t\t\t\t\t\t\t\t\t\t\t\t\t1.\tPlanung\t\t\t\t\t\t\t<\/span>\n\n\t\t\t\t\t\t<\/h3>\n\t\t\t\t\t\t<div class=\"bdt-ep-accordion-content bdt-accordion-content\">\n\t\t\t\t\t\t\t<p>Auf Basis eines individuell erstellten 3D-Modells Ihres Standorts planen wir die m\u00f6gliche PV-Nennleistung und errechnen technische Eckdaten wie Stromerzeugung, Eigenverbrauch und Netzeinspeisung. Dabei haben wir sowohl die \u00f6rtlichen Gegebenheiten als auch die technischen, rechtlichen und wirtschaftlichen Rahmenbedingungen auf dem Schirm.\u00a0<\/p>\t\t\t\t\t\t<\/div>\n\t\t\t\t\t<\/div>\n\t\t\t\t\t\t\t\t\t<div class=\"bdt-ep-accordion-item\">\n\t\t\t\t\t\t<h3\t\t\t\t\t\t\tclass=\"bdt-ep-accordion-title bdt-accordion-title bdt-flex bdt-flex-middle bdt-flex-between\" id=\"bdt-ep-accordion-2-angebotserstellung\"\n\t\t\t\t\t\t\tdata-accordion-index=\"1\" data-title=\"2-angebotserstellung\">\n\n\t\t\t\t\t\t\t\t\t\t\t\t\t\t\t<span class=\"bdt-ep-accordion-icon bdt-flex-align-right\"\n\t\t\t\t\t\t\t\t\taria-hidden=\"true\">\n\n\t\t\t\t\t\t\t\t\t\t\t\t\t\t\t\t\t\t\t<span class=\"bdt-ep-accordion-icon-closed\">\n\t\t\t\t\t\t\t\t\t\t\t<i aria-hidden=\"true\" class=\"fa-fw fas fa-plus\"><\/i>\t\t\t\t\t\t\t\t\t\t<\/span>\n\t\t\t\t\t\t\t\t\t\n\t\t\t\t\t\t\t\t\t\t\t\t\t\t\t\t\t\t\t<span class=\"bdt-ep-accordion-icon-opened\">\n\t\t\t\t\t\t\t\t\t\t\t<i aria-hidden=\"true\" class=\"fa-fw fas fa-minus\"><\/i>\t\t\t\t\t\t\t\t\t\t<\/span>\n\t\t\t\t\t\t\t\t\t\n\t\t\t\t\t\t\t\t<\/span>\n\t\t\t\t\t\t\t\n\t\t\t\t\t\t\t<span role=\"heading\" class=\"bdt-ep-title-text bdt-flex-inline bdt-flex-middle\" >\n\n\t\t\t\t\t\t\t\t\t\t\t\t\t\t\t\t2.\tAngebotserstellung\t\t\t\t\t\t\t<\/span>\n\n\t\t\t\t\t\t<\/h3>\n\t\t\t\t\t\t<div class=\"bdt-ep-accordion-content bdt-accordion-content\">\n\t\t\t\t\t\t\t<p>Sie erhalten von uns ein individuelles Angebot f\u00fcr eine schl\u00fcsselfertige PV-Anlage. Unsere Angebote umfassen stets mit einem Pauschalpreis alle f\u00fcr die Errichtung und Inbetriebnahme erforderlichen Komponenten und Arbeitsschritte sowie eine Wirtschaftlichkeits\u00adberechnung f\u00fcr Ihre Planungen.<\/p>\t\t\t\t\t\t<\/div>\n\t\t\t\t\t<\/div>\n\t\t\t\t\t\t\t\t\t<div class=\"bdt-ep-accordion-item\">\n\t\t\t\t\t\t<h3\t\t\t\t\t\t\tclass=\"bdt-ep-accordion-title bdt-accordion-title bdt-flex bdt-flex-middle bdt-flex-between\" id=\"bdt-ep-accordion-3-bauvorbereitung\"\n\t\t\t\t\t\t\tdata-accordion-index=\"2\" data-title=\"3-bauvorbereitung\">\n\n\t\t\t\t\t\t\t\t\t\t\t\t\t\t\t<span class=\"bdt-ep-accordion-icon bdt-flex-align-right\"\n\t\t\t\t\t\t\t\t\taria-hidden=\"true\">\n\n\t\t\t\t\t\t\t\t\t\t\t\t\t\t\t\t\t\t\t<span class=\"bdt-ep-accordion-icon-closed\">\n\t\t\t\t\t\t\t\t\t\t\t<i aria-hidden=\"true\" class=\"fa-fw fas fa-plus\"><\/i>\t\t\t\t\t\t\t\t\t\t<\/span>\n\t\t\t\t\t\t\t\t\t\n\t\t\t\t\t\t\t\t\t\t\t\t\t\t\t\t\t\t\t<span class=\"bdt-ep-accordion-icon-opened\">\n\t\t\t\t\t\t\t\t\t\t\t<i aria-hidden=\"true\" class=\"fa-fw fas fa-minus\"><\/i>\t\t\t\t\t\t\t\t\t\t<\/span>\n\t\t\t\t\t\t\t\t\t\n\t\t\t\t\t\t\t\t<\/span>\n\t\t\t\t\t\t\t\n\t\t\t\t\t\t\t<span role=\"heading\" class=\"bdt-ep-title-text bdt-flex-inline bdt-flex-middle\" >\n\n\t\t\t\t\t\t\t\t\t\t\t\t\t\t\t\t3.\tBauvorbereitung\t\t\t\t\t\t\t<\/span>\n\n\t\t\t\t\t\t<\/h3>\n\t\t\t\t\t\t<div class=\"bdt-ep-accordion-content bdt-accordion-content\">\n\t\t\t\t\t\t\t<p>Nach Angebotsunterzeichnung \u00fcbernehmen wir neben der Detail-Planung und der Beschaffung der Komponenten die Kl\u00e4rungen und Freigaben mit dem Netzbetreiber sowie bei Aufdach-Anlagen die Statik-Pr\u00fcfung. Bei Freiland-Anlagen fallen statt der Statik-Pr\u00fcfung die Baugenehmigungsplanung sowie die Pr\u00fcfung der jeweiligen Bodenbeschaffenheit an.\u00a0<\/p>\t\t\t\t\t\t<\/div>\n\t\t\t\t\t<\/div>\n\t\t\t\t\t\t\t\t\t<div class=\"bdt-ep-accordion-item\">\n\t\t\t\t\t\t<h3\t\t\t\t\t\t\tclass=\"bdt-ep-accordion-title bdt-accordion-title bdt-flex bdt-flex-middle bdt-flex-between\" id=\"bdt-ep-accordion-4-bauphase\"\n\t\t\t\t\t\t\tdata-accordion-index=\"3\" data-title=\"4-bauphase\">\n\n\t\t\t\t\t\t\t\t\t\t\t\t\t\t\t<span class=\"bdt-ep-accordion-icon bdt-flex-align-right\"\n\t\t\t\t\t\t\t\t\taria-hidden=\"true\">\n\n\t\t\t\t\t\t\t\t\t\t\t\t\t\t\t\t\t\t\t<span class=\"bdt-ep-accordion-icon-closed\">\n\t\t\t\t\t\t\t\t\t\t\t<i aria-hidden=\"true\" class=\"fa-fw fas fa-plus\"><\/i>\t\t\t\t\t\t\t\t\t\t<\/span>\n\t\t\t\t\t\t\t\t\t\n\t\t\t\t\t\t\t\t\t\t\t\t\t\t\t\t\t\t\t<span class=\"bdt-ep-accordion-icon-opened\">\n\t\t\t\t\t\t\t\t\t\t\t<i aria-hidden=\"true\" class=\"fa-fw fas fa-minus\"><\/i>\t\t\t\t\t\t\t\t\t\t<\/span>\n\t\t\t\t\t\t\t\t\t\n\t\t\t\t\t\t\t\t<\/span>\n\t\t\t\t\t\t\t\n\t\t\t\t\t\t\t<span role=\"heading\" class=\"bdt-ep-title-text bdt-flex-inline bdt-flex-middle\" >\n\n\t\t\t\t\t\t\t\t\t\t\t\t\t\t\t\t4.\tBauphase\t\t\t\t\t\t\t<\/span>\n\n\t\t\t\t\t\t<\/h3>\n\t\t\t\t\t\t<div class=\"bdt-ep-accordion-content bdt-accordion-content\">\n\t\t\t\t\t\t\t<p>Nach Abschluss aller Bauvorbereitungen r\u00fccken unsere hauseigenen Bautrupps an Ihrem Standort an. F\u00fcr 1.000 kWp PV-Anlage halten wir uns circa 3 Wochen auf Ihren D\u00e4chern auf. Die Bauphase endet mit der verg\u00fctungstechnischen Inbetriebnahme, also dem Funktionsnachweis der Anlage gegen\u00fcber der Bundesnetzagentur.\u00a0<\/p>\t\t\t\t\t\t<\/div>\n\t\t\t\t\t<\/div>\n\t\t\t\t\t\t\t\t\t<div class=\"bdt-ep-accordion-item\">\n\t\t\t\t\t\t<h3\t\t\t\t\t\t\tclass=\"bdt-ep-accordion-title bdt-accordion-title bdt-flex bdt-flex-middle bdt-flex-between\" id=\"bdt-ep-accordion-5-netzgang\"\n\t\t\t\t\t\t\tdata-accordion-index=\"4\" data-title=\"5-netzgang\">\n\n\t\t\t\t\t\t\t\t\t\t\t\t\t\t\t<span class=\"bdt-ep-accordion-icon bdt-flex-align-right\"\n\t\t\t\t\t\t\t\t\taria-hidden=\"true\">\n\n\t\t\t\t\t\t\t\t\t\t\t\t\t\t\t\t\t\t\t<span class=\"bdt-ep-accordion-icon-closed\">\n\t\t\t\t\t\t\t\t\t\t\t<i aria-hidden=\"true\" class=\"fa-fw fas fa-plus\"><\/i>\t\t\t\t\t\t\t\t\t\t<\/span>\n\t\t\t\t\t\t\t\t\t\n\t\t\t\t\t\t\t\t\t\t\t\t\t\t\t\t\t\t\t<span class=\"bdt-ep-accordion-icon-opened\">\n\t\t\t\t\t\t\t\t\t\t\t<i aria-hidden=\"true\" class=\"fa-fw fas fa-minus\"><\/i>\t\t\t\t\t\t\t\t\t\t<\/span>\n\t\t\t\t\t\t\t\t\t\n\t\t\t\t\t\t\t\t<\/span>\n\t\t\t\t\t\t\t\n\t\t\t\t\t\t\t<span role=\"heading\" class=\"bdt-ep-title-text bdt-flex-inline bdt-flex-middle\" >\n\n\t\t\t\t\t\t\t\t\t\t\t\t\t\t\t\t5.\tNetzgang\t\t\t\t\t\t\t<\/span>\n\n\t\t\t\t\t\t<\/h3>\n\t\t\t\t\t\t<div class=\"bdt-ep-accordion-content bdt-accordion-content\">\n\t\t\t\t\t\t\t<p>Sobald Ihre PV-Anlage funktioniert, muss sie mit dem \u00f6ffentlichen Stromnetz verbunden werden. Dazu geh\u00f6rt auch die Netzbetreiber-konforme Installation von Schutzparametern wie NA-Schutz, QU-Schutz oder Entkupplungsschutz aus eigener Planung und Fertigung. Wenn Sie an Ihrem Standort bereits Strombezug haben, beziehen wir dies nat\u00fcrlich in unsere Planungen mit ein.\u00a0<\/p>\t\t\t\t\t\t<\/div>\n\t\t\t\t\t<\/div>\n\t\t\t\t\t\t\t\t\t<div class=\"bdt-ep-accordion-item\">\n\t\t\t\t\t\t<h3\t\t\t\t\t\t\tclass=\"bdt-ep-accordion-title bdt-accordion-title bdt-flex bdt-flex-middle bdt-flex-between\" id=\"bdt-ep-accordion-6-wartung-und-instandhaltung\"\n\t\t\t\t\t\t\tdata-accordion-index=\"5\" data-title=\"6-wartung-und-instandhaltung\">\n\n\t\t\t\t\t\t\t\t\t\t\t\t\t\t\t<span class=\"bdt-ep-accordion-icon bdt-flex-align-right\"\n\t\t\t\t\t\t\t\t\taria-hidden=\"true\">\n\n\t\t\t\t\t\t\t\t\t\t\t\t\t\t\t\t\t\t\t<span class=\"bdt-ep-accordion-icon-closed\">\n\t\t\t\t\t\t\t\t\t\t\t<i aria-hidden=\"true\" class=\"fa-fw fas fa-plus\"><\/i>\t\t\t\t\t\t\t\t\t\t<\/span>\n\t\t\t\t\t\t\t\t\t\n\t\t\t\t\t\t\t\t\t\t\t\t\t\t\t\t\t\t\t<span class=\"bdt-ep-accordion-icon-opened\">\n\t\t\t\t\t\t\t\t\t\t\t<i aria-hidden=\"true\" class=\"fa-fw fas fa-minus\"><\/i>\t\t\t\t\t\t\t\t\t\t<\/span>\n\t\t\t\t\t\t\t\t\t\n\t\t\t\t\t\t\t\t<\/span>\n\t\t\t\t\t\t\t\n\t\t\t\t\t\t\t<span role=\"heading\" class=\"bdt-ep-title-text bdt-flex-inline bdt-flex-middle\" >\n\n\t\t\t\t\t\t\t\t\t\t\t\t\t\t\t\t6.\tWartung und Instandhaltung\t\t\t\t\t\t\t<\/span>\n\n\t\t\t\t\t\t<\/h3>\n\t\t\t\t\t\t<div class=\"bdt-ep-accordion-content bdt-accordion-content\">\n\t\t\t\t\t\t\t<p>Die ersten 2 Jahre k\u00fcmmern wir uns standardm\u00e4\u00dfig um die Wartung und Instandhaltung Ihrer PV-Anlage. In dieser Zeit treten erfahrungsgem\u00e4\u00df die meisten Probleme, bspw. aufgrund von Produktionsfehlern, auf. Anschlie\u00dfend k\u00f6nnen Sie mindestens f\u00fcr die n\u00e4chsten 30 Jahre mit PV-Strom aus Ihrer eigenen Anlage rechnen.\u00a0<\/p>\t\t\t\t\t\t<\/div>\n\t\t\t\t\t<\/div>\n\t\t\t\t\t\t\t<\/div>\n\t\t<\/div>\n\t\t\t\t\t\t<\/div>\n\t\t\t\t<\/div>\n\t\t\t\t\t<\/div>\n\t\t<\/div>\n\t\t\t\t\t<\/div>\n\t\t<\/section>\n\t\t\t\t<section class=\"elementor-section elementor-top-section elementor-element elementor-element-535e3c1 elementor-hidden-mobile elementor-section-boxed elementor-section-height-default elementor-section-height-default\" data-id=\"535e3c1\" data-element_type=\"section\" data-e-type=\"section\" data-settings=\"{&quot;background_background&quot;:&quot;classic&quot;,&quot;shape_divider_bottom&quot;:&quot;opacity-tilt&quot;}\">\n\t\t\t\t\t<div class=\"elementor-shape elementor-shape-bottom\" aria-hidden=\"true\" data-negative=\"false\">\n\t\t\t<svg xmlns=\"http:\/\/www.w3.org\/2000\/svg\" viewBox=\"0 0 2600 131.1\" preserveAspectRatio=\"none\">\n\t<path class=\"elementor-shape-fill\" d=\"M0 0L2600 0 2600 69.1 0 0z\"\/>\n\t<path class=\"elementor-shape-fill\" style=\"opacity:0.5\" d=\"M0 0L2600 0 2600 69.1 0 69.1z\"\/>\n\t<path class=\"elementor-shape-fill\" style=\"opacity:0.25\" d=\"M2600 0L0 0 0 130.1 2600 69.1z\"\/>\n<\/svg>\t\t<\/div>\n\t\t\t\t\t<div class=\"elementor-container elementor-column-gap-wider\">\n\t\t\t\t\t<div class=\"elementor-column elementor-col-50 elementor-top-column elementor-element elementor-element-05648bf\" data-id=\"05648bf\" data-element_type=\"column\" data-e-type=\"column\">\n\t\t\t<div class=\"elementor-widget-wrap elementor-element-populated\">\n\t\t\t\t\t\t<section class=\"elementor-section elementor-inner-section elementor-element elementor-element-58a7a41 shadow runde-ecken elementor-section-boxed elementor-section-height-default elementor-section-height-default elementor-invisible\" data-id=\"58a7a41\" data-element_type=\"section\" data-e-type=\"section\" data-settings=\"{&quot;background_background&quot;:&quot;classic&quot;,&quot;animation&quot;:&quot;fadeIn&quot;}\">\n\t\t\t\t\t\t<div class=\"elementor-container elementor-column-gap-default\">\n\t\t\t\t\t<div class=\"elementor-column elementor-col-100 elementor-inner-column elementor-element elementor-element-ed2f016\" data-id=\"ed2f016\" data-element_type=\"column\" data-e-type=\"column\">\n\t\t\t<div class=\"elementor-widget-wrap elementor-element-populated\">\n\t\t\t\t\t\t<div class=\"elementor-element elementor-element-5771c7c elementor-position-left elementor-vertical-align-middle elementor-widget elementor-widget-image-box\" data-id=\"5771c7c\" data-element_type=\"widget\" data-e-type=\"widget\" data-widget_type=\"image-box.default\">\n\t\t\t\t<div class=\"elementor-widget-container\">\n\t\t\t\t\t<div class=\"elementor-image-box-wrapper\"><figure class=\"elementor-image-box-img\"><img loading=\"lazy\" decoding=\"async\" width=\"150\" height=\"150\" src=\"https:\/\/faber-solartechnik.de\/wp-content\/uploads\/2023\/06\/Planung-150x150.png\" class=\"attachment-thumbnail size-thumbnail wp-image-3811\" alt=\"\" srcset=\"https:\/\/faber-solartechnik.de\/wp-content\/uploads\/2023\/06\/Planung-150x150.png 150w, https:\/\/faber-solartechnik.de\/wp-content\/uploads\/2023\/06\/Planung-300x300.png 300w, https:\/\/faber-solartechnik.de\/wp-content\/uploads\/2023\/06\/Planung-12x12.png 12w, https:\/\/faber-solartechnik.de\/wp-content\/uploads\/2023\/06\/Planung.png 512w\" sizes=\"(max-width: 150px) 100vw, 150px\" \/><\/figure><div class=\"elementor-image-box-content\"><h4 class=\"elementor-image-box-title\">1.\tPlanung<\/h4><\/div><\/div>\t\t\t\t<\/div>\n\t\t\t\t<\/div>\n\t\t\t\t<div class=\"elementor-element elementor-element-c7dbfcf elementor-widget elementor-widget-text-editor\" data-id=\"c7dbfcf\" data-element_type=\"widget\" data-e-type=\"widget\" data-widget_type=\"text-editor.default\">\n\t\t\t\t<div class=\"elementor-widget-container\">\n\t\t\t\t\t\t\t\t\t<p>Auf Basis eines individuell erstellten 3D-Modells Ihres Standorts planen wir die m\u00f6gliche PV-Nennleistung und errechnen technische Eckdaten wie Stromerzeugung, Eigenverbrauch und Netzeinspeisung. Dabei haben wir sowohl die \u00f6rtlichen Gegebenheiten als auch die technischen, rechtlichen und wirtschaftlichen Rahmenbedingungen auf dem Schirm.\u00a0<\/p>\t\t\t\t\t\t\t\t<\/div>\n\t\t\t\t<\/div>\n\t\t\t\t\t<\/div>\n\t\t<\/div>\n\t\t\t\t\t<\/div>\n\t\t<\/section>\n\t\t\t\t<div class=\"elementor-element elementor-element-2536056 elementor-widget elementor-widget-spacer\" data-id=\"2536056\" data-element_type=\"widget\" data-e-type=\"widget\" data-widget_type=\"spacer.default\">\n\t\t\t\t<div class=\"elementor-widget-container\">\n\t\t\t\t\t\t\t<div class=\"elementor-spacer\">\n\t\t\t<div class=\"elementor-spacer-inner\"><\/div>\n\t\t<\/div>\n\t\t\t\t\t\t<\/div>\n\t\t\t\t<\/div>\n\t\t\t\t<div class=\"elementor-element elementor-element-9ea662f elementor-widget__width-auto elementor-absolute elementor-hidden-phone elementor-invisible elementor-widget elementor-widget-heading\" data-id=\"9ea662f\" data-element_type=\"widget\" data-e-type=\"widget\" data-settings=\"{&quot;_position&quot;:&quot;absolute&quot;,&quot;_animation&quot;:&quot;zoomIn&quot;,&quot;_animation_delay&quot;:&quot;500&quot;}\" data-widget_type=\"heading.default\">\n\t\t\t\t<div class=\"elementor-widget-container\">\n\t\t\t\t\t<span class=\"elementor-heading-title elementor-size-default\">1<\/span>\t\t\t\t<\/div>\n\t\t\t\t<\/div>\n\t\t\t\t<div class=\"elementor-element elementor-element-3a76f50 elementor-widget__width-auto elementor-absolute elementor-hidden-phone elementor-invisible elementor-widget elementor-widget-heading\" data-id=\"3a76f50\" data-element_type=\"widget\" data-e-type=\"widget\" data-settings=\"{&quot;_position&quot;:&quot;absolute&quot;,&quot;_animation&quot;:&quot;zoomIn&quot;,&quot;_animation_delay&quot;:&quot;500&quot;}\" data-widget_type=\"heading.default\">\n\t\t\t\t<div class=\"elementor-widget-container\">\n\t\t\t\t\t<span class=\"elementor-heading-title elementor-size-default\">3<\/span>\t\t\t\t<\/div>\n\t\t\t\t<\/div>\n\t\t\t\t<div class=\"elementor-element elementor-element-3ae4993 elementor-widget__width-auto elementor-absolute elementor-hidden-phone elementor-invisible elementor-widget elementor-widget-heading\" data-id=\"3ae4993\" data-element_type=\"widget\" data-e-type=\"widget\" data-settings=\"{&quot;_position&quot;:&quot;absolute&quot;,&quot;_animation&quot;:&quot;zoomIn&quot;,&quot;_animation_delay&quot;:&quot;500&quot;}\" data-widget_type=\"heading.default\">\n\t\t\t\t<div class=\"elementor-widget-container\">\n\t\t\t\t\t<span class=\"elementor-heading-title elementor-size-default\">5<\/span>\t\t\t\t<\/div>\n\t\t\t\t<\/div>\n\t\t\t\t<section class=\"elementor-section elementor-inner-section elementor-element elementor-element-450bb28 shadow runde-ecken elementor-section-boxed elementor-section-height-default elementor-section-height-default elementor-invisible\" data-id=\"450bb28\" data-element_type=\"section\" data-e-type=\"section\" data-settings=\"{&quot;background_background&quot;:&quot;classic&quot;,&quot;animation&quot;:&quot;fadeIn&quot;}\">\n\t\t\t\t\t\t<div class=\"elementor-container elementor-column-gap-default\">\n\t\t\t\t\t<div class=\"elementor-column elementor-col-100 elementor-inner-column elementor-element elementor-element-6487f43\" data-id=\"6487f43\" data-element_type=\"column\" data-e-type=\"column\">\n\t\t\t<div class=\"elementor-widget-wrap elementor-element-populated\">\n\t\t\t\t\t\t<div class=\"elementor-element elementor-element-44aecec elementor-position-left elementor-vertical-align-middle elementor-widget elementor-widget-image-box\" data-id=\"44aecec\" data-element_type=\"widget\" data-e-type=\"widget\" data-widget_type=\"image-box.default\">\n\t\t\t\t<div class=\"elementor-widget-container\">\n\t\t\t\t\t<div class=\"elementor-image-box-wrapper\"><figure class=\"elementor-image-box-img\"><img loading=\"lazy\" decoding=\"async\" width=\"512\" height=\"512\" src=\"https:\/\/faber-solartechnik.de\/wp-content\/uploads\/2023\/06\/Bauvorbereitung.png\" class=\"attachment-full size-full wp-image-3809\" alt=\"\" srcset=\"https:\/\/faber-solartechnik.de\/wp-content\/uploads\/2023\/06\/Bauvorbereitung.png 512w, https:\/\/faber-solartechnik.de\/wp-content\/uploads\/2023\/06\/Bauvorbereitung-300x300.png 300w, https:\/\/faber-solartechnik.de\/wp-content\/uploads\/2023\/06\/Bauvorbereitung-150x150.png 150w, https:\/\/faber-solartechnik.de\/wp-content\/uploads\/2023\/06\/Bauvorbereitung-12x12.png 12w\" sizes=\"(max-width: 512px) 100vw, 512px\" \/><\/figure><div class=\"elementor-image-box-content\"><h4 class=\"elementor-image-box-title\">3.\tBauvorbereitung<\/h4><\/div><\/div>\t\t\t\t<\/div>\n\t\t\t\t<\/div>\n\t\t\t\t<div class=\"elementor-element elementor-element-f2a875a elementor-widget elementor-widget-text-editor\" data-id=\"f2a875a\" data-element_type=\"widget\" data-e-type=\"widget\" data-widget_type=\"text-editor.default\">\n\t\t\t\t<div class=\"elementor-widget-container\">\n\t\t\t\t\t\t\t\t\t<p>Nach Angebotsunterzeichnung \u00fcbernehmen wir neben der Detail-Planung und der Beschaffung der Komponenten die Kl\u00e4rungen und Freigaben mit dem Netzbetreiber sowie bei Aufdach-Anlagen die Statik-Pr\u00fcfung. Bei Freiland-Anlagen fallen statt der Statik-Pr\u00fcfung die Baugenehmigungsplanung sowie die Pr\u00fcfung der jeweiligen Bodenbeschaffenheit an.\u00a0<\/p>\t\t\t\t\t\t\t\t<\/div>\n\t\t\t\t<\/div>\n\t\t\t\t\t<\/div>\n\t\t<\/div>\n\t\t\t\t\t<\/div>\n\t\t<\/section>\n\t\t\t\t<div class=\"elementor-element elementor-element-2dedfd3 elementor-invisible elementor-widget elementor-widget-image\" data-id=\"2dedfd3\" data-element_type=\"widget\" data-e-type=\"widget\" data-settings=\"{&quot;_animation&quot;:&quot;fadeIn&quot;,&quot;_animation_delay&quot;:600}\" data-widget_type=\"image.default\">\n\t\t\t\t<div class=\"elementor-widget-container\">\n\t\t\t\t\t\t\t\t\t\t\t\t\t\t\t<img loading=\"lazy\" decoding=\"async\" width=\"395\" height=\"86\" src=\"https:\/\/faber-solartechnik.de\/wp-content\/uploads\/2023\/06\/story_lines_LU-2.png\" class=\"attachment-large size-large wp-image-3955\" alt=\"\" srcset=\"https:\/\/faber-solartechnik.de\/wp-content\/uploads\/2023\/06\/story_lines_LU-2.png 395w, https:\/\/faber-solartechnik.de\/wp-content\/uploads\/2023\/06\/story_lines_LU-2-300x65.png 300w, https:\/\/faber-solartechnik.de\/wp-content\/uploads\/2023\/06\/story_lines_LU-2-18x4.png 18w\" sizes=\"(max-width: 395px) 100vw, 395px\" \/>\t\t\t\t\t\t\t\t\t\t\t\t\t\t\t<\/div>\n\t\t\t\t<\/div>\n\t\t\t\t<div class=\"elementor-element elementor-element-e7abd47 elementor-widget elementor-widget-spacer\" data-id=\"e7abd47\" data-element_type=\"widget\" data-e-type=\"widget\" data-widget_type=\"spacer.default\">\n\t\t\t\t<div class=\"elementor-widget-container\">\n\t\t\t\t\t\t\t<div class=\"elementor-spacer\">\n\t\t\t<div class=\"elementor-spacer-inner\"><\/div>\n\t\t<\/div>\n\t\t\t\t\t\t<\/div>\n\t\t\t\t<\/div>\n\t\t\t\t<section class=\"elementor-section elementor-inner-section elementor-element elementor-element-2d0dcfc shadow runde-ecken elementor-section-boxed elementor-section-height-default elementor-section-height-default elementor-invisible\" data-id=\"2d0dcfc\" data-element_type=\"section\" data-e-type=\"section\" data-settings=\"{&quot;background_background&quot;:&quot;classic&quot;,&quot;animation&quot;:&quot;fadeIn&quot;}\">\n\t\t\t\t\t\t<div class=\"elementor-container elementor-column-gap-default\">\n\t\t\t\t\t<div class=\"elementor-column elementor-col-100 elementor-inner-column elementor-element elementor-element-cf504e0\" data-id=\"cf504e0\" data-element_type=\"column\" data-e-type=\"column\">\n\t\t\t<div class=\"elementor-widget-wrap elementor-element-populated\">\n\t\t\t\t\t\t<div class=\"elementor-element elementor-element-db6efc7 elementor-position-left elementor-vertical-align-middle elementor-widget elementor-widget-image-box\" data-id=\"db6efc7\" data-element_type=\"widget\" data-e-type=\"widget\" data-widget_type=\"image-box.default\">\n\t\t\t\t<div class=\"elementor-widget-container\">\n\t\t\t\t\t<div class=\"elementor-image-box-wrapper\"><figure class=\"elementor-image-box-img\"><img loading=\"lazy\" decoding=\"async\" width=\"150\" height=\"150\" src=\"https:\/\/faber-solartechnik.de\/wp-content\/uploads\/2023\/06\/Netzgang-150x150.png\" class=\"attachment-thumbnail size-thumbnail wp-image-3810\" alt=\"\" srcset=\"https:\/\/faber-solartechnik.de\/wp-content\/uploads\/2023\/06\/Netzgang-150x150.png 150w, https:\/\/faber-solartechnik.de\/wp-content\/uploads\/2023\/06\/Netzgang-300x300.png 300w, https:\/\/faber-solartechnik.de\/wp-content\/uploads\/2023\/06\/Netzgang-12x12.png 12w, https:\/\/faber-solartechnik.de\/wp-content\/uploads\/2023\/06\/Netzgang.png 512w\" sizes=\"(max-width: 150px) 100vw, 150px\" \/><\/figure><div class=\"elementor-image-box-content\"><h4 class=\"elementor-image-box-title\">5.\tNetzgang<\/h4><\/div><\/div>\t\t\t\t<\/div>\n\t\t\t\t<\/div>\n\t\t\t\t<div class=\"elementor-element elementor-element-d9d6cf9 elementor-widget elementor-widget-text-editor\" data-id=\"d9d6cf9\" data-element_type=\"widget\" data-e-type=\"widget\" data-widget_type=\"text-editor.default\">\n\t\t\t\t<div class=\"elementor-widget-container\">\n\t\t\t\t\t\t\t\t\t<p>Sobald Ihre PV-Anlage funktioniert, muss sie mit dem \u00f6ffentlichen Stromnetz verbunden werden. Dazu geh\u00f6rt auch die Netzbetreiber-konforme Installation von Schutzparametern wie NA-Schutz, QU-Schutz oder Entkupplungsschutz aus eigener Planung und Fertigung. Wenn Sie an Ihrem Standort bereits Strombezug haben, beziehen wir dies nat\u00fcrlich in unsere Planungen mit ein.\u00a0<\/p>\t\t\t\t\t\t\t\t<\/div>\n\t\t\t\t<\/div>\n\t\t\t\t\t<\/div>\n\t\t<\/div>\n\t\t\t\t\t<\/div>\n\t\t<\/section>\n\t\t\t\t<div class=\"elementor-element elementor-element-715eb0e elementor-invisible elementor-widget elementor-widget-image\" data-id=\"715eb0e\" data-element_type=\"widget\" data-e-type=\"widget\" data-settings=\"{&quot;_animation&quot;:&quot;fadeIn&quot;,&quot;_animation_delay&quot;:600}\" data-widget_type=\"image.default\">\n\t\t\t\t<div class=\"elementor-widget-container\">\n\t\t\t\t\t\t\t\t\t\t\t\t\t\t\t<img loading=\"lazy\" decoding=\"async\" width=\"395\" height=\"86\" src=\"https:\/\/faber-solartechnik.de\/wp-content\/uploads\/2023\/06\/story_lines_LU-2.png\" class=\"attachment-large size-large wp-image-3955\" alt=\"\" srcset=\"https:\/\/faber-solartechnik.de\/wp-content\/uploads\/2023\/06\/story_lines_LU-2.png 395w, https:\/\/faber-solartechnik.de\/wp-content\/uploads\/2023\/06\/story_lines_LU-2-300x65.png 300w, https:\/\/faber-solartechnik.de\/wp-content\/uploads\/2023\/06\/story_lines_LU-2-18x4.png 18w\" sizes=\"(max-width: 395px) 100vw, 395px\" \/>\t\t\t\t\t\t\t\t\t\t\t\t\t\t\t<\/div>\n\t\t\t\t<\/div>\n\t\t\t\t<div class=\"elementor-element elementor-element-68c4818 elementor-widget elementor-widget-spacer\" data-id=\"68c4818\" data-element_type=\"widget\" data-e-type=\"widget\" data-widget_type=\"spacer.default\">\n\t\t\t\t<div class=\"elementor-widget-container\">\n\t\t\t\t\t\t\t<div class=\"elementor-spacer\">\n\t\t\t<div class=\"elementor-spacer-inner\"><\/div>\n\t\t<\/div>\n\t\t\t\t\t\t<\/div>\n\t\t\t\t<\/div>\n\t\t\t\t\t<\/div>\n\t\t<\/div>\n\t\t\t\t<div class=\"elementor-column elementor-col-50 elementor-top-column elementor-element elementor-element-b6b3a95\" data-id=\"b6b3a95\" data-element_type=\"column\" data-e-type=\"column\">\n\t\t\t<div class=\"elementor-widget-wrap elementor-element-populated\">\n\t\t\t\t\t\t<div class=\"elementor-element elementor-element-9229be9 elementor-widget elementor-widget-spacer\" data-id=\"9229be9\" data-element_type=\"widget\" data-e-type=\"widget\" data-widget_type=\"spacer.default\">\n\t\t\t\t<div class=\"elementor-widget-container\">\n\t\t\t\t\t\t\t<div class=\"elementor-spacer\">\n\t\t\t<div class=\"elementor-spacer-inner\"><\/div>\n\t\t<\/div>\n\t\t\t\t\t\t<\/div>\n\t\t\t\t<\/div>\n\t\t\t\t<div class=\"elementor-element elementor-element-2946b41 elementor-invisible elementor-widget elementor-widget-image\" data-id=\"2946b41\" data-element_type=\"widget\" data-e-type=\"widget\" data-settings=\"{&quot;_animation&quot;:&quot;fadeIn&quot;,&quot;_animation_delay&quot;:600}\" data-widget_type=\"image.default\">\n\t\t\t\t<div class=\"elementor-widget-container\">\n\t\t\t\t\t\t\t\t\t\t\t\t\t\t\t<img loading=\"lazy\" decoding=\"async\" width=\"395\" height=\"86\" src=\"https:\/\/faber-solartechnik.de\/wp-content\/uploads\/2023\/06\/story_lines_RO-2-1.png\" class=\"attachment-large size-large wp-image-3953\" alt=\"\" srcset=\"https:\/\/faber-solartechnik.de\/wp-content\/uploads\/2023\/06\/story_lines_RO-2-1.png 395w, https:\/\/faber-solartechnik.de\/wp-content\/uploads\/2023\/06\/story_lines_RO-2-1-300x65.png 300w, https:\/\/faber-solartechnik.de\/wp-content\/uploads\/2023\/06\/story_lines_RO-2-1-18x4.png 18w\" sizes=\"(max-width: 395px) 100vw, 395px\" \/>\t\t\t\t\t\t\t\t\t\t\t\t\t\t\t<\/div>\n\t\t\t\t<\/div>\n\t\t\t\t<div class=\"elementor-element elementor-element-c82c06e elementor-widget__width-auto elementor-absolute elementor-hidden-phone elementor-invisible elementor-widget elementor-widget-heading\" data-id=\"c82c06e\" data-element_type=\"widget\" data-e-type=\"widget\" data-settings=\"{&quot;_position&quot;:&quot;absolute&quot;,&quot;_animation&quot;:&quot;zoomIn&quot;,&quot;_animation_delay&quot;:&quot;500&quot;}\" data-widget_type=\"heading.default\">\n\t\t\t\t<div class=\"elementor-widget-container\">\n\t\t\t\t\t<span class=\"elementor-heading-title elementor-size-default\">2<\/span>\t\t\t\t<\/div>\n\t\t\t\t<\/div>\n\t\t\t\t<section class=\"elementor-section elementor-inner-section elementor-element elementor-element-cec47c5 shadow runde-ecken elementor-section-boxed elementor-section-height-default elementor-section-height-default elementor-invisible\" data-id=\"cec47c5\" data-element_type=\"section\" data-e-type=\"section\" data-settings=\"{&quot;background_background&quot;:&quot;classic&quot;,&quot;animation&quot;:&quot;fadeIn&quot;}\">\n\t\t\t\t\t\t<div class=\"elementor-container elementor-column-gap-default\">\n\t\t\t\t\t<div class=\"elementor-column elementor-col-100 elementor-inner-column elementor-element elementor-element-0849261\" data-id=\"0849261\" data-element_type=\"column\" data-e-type=\"column\">\n\t\t\t<div class=\"elementor-widget-wrap elementor-element-populated\">\n\t\t\t\t\t\t<div class=\"elementor-element elementor-element-153ebda elementor-position-left elementor-vertical-align-middle elementor-widget elementor-widget-image-box\" data-id=\"153ebda\" data-element_type=\"widget\" data-e-type=\"widget\" data-widget_type=\"image-box.default\">\n\t\t\t\t<div class=\"elementor-widget-container\">\n\t\t\t\t\t<div class=\"elementor-image-box-wrapper\"><figure class=\"elementor-image-box-img\"><img loading=\"lazy\" decoding=\"async\" width=\"150\" height=\"150\" src=\"https:\/\/faber-solartechnik.de\/wp-content\/uploads\/2023\/06\/Angebot-150x150.png\" class=\"attachment-thumbnail size-thumbnail wp-image-3807\" alt=\"\" srcset=\"https:\/\/faber-solartechnik.de\/wp-content\/uploads\/2023\/06\/Angebot-150x150.png 150w, https:\/\/faber-solartechnik.de\/wp-content\/uploads\/2023\/06\/Angebot-300x300.png 300w, https:\/\/faber-solartechnik.de\/wp-content\/uploads\/2023\/06\/Angebot-12x12.png 12w, https:\/\/faber-solartechnik.de\/wp-content\/uploads\/2023\/06\/Angebot.png 512w\" sizes=\"(max-width: 150px) 100vw, 150px\" \/><\/figure><div class=\"elementor-image-box-content\"><h4 class=\"elementor-image-box-title\">2.\tAngebotserstellung<\/h4><\/div><\/div>\t\t\t\t<\/div>\n\t\t\t\t<\/div>\n\t\t\t\t<div class=\"elementor-element elementor-element-703398d elementor-widget elementor-widget-text-editor\" data-id=\"703398d\" data-element_type=\"widget\" data-e-type=\"widget\" data-widget_type=\"text-editor.default\">\n\t\t\t\t<div class=\"elementor-widget-container\">\n\t\t\t\t\t\t\t\t\t<p>Sie erhalten von uns ein individuelles Angebot f\u00fcr eine schl\u00fcsselfertige PV-Anlage. Unsere Angebote umfassen stets mit einem Pauschalpreis alle f\u00fcr die Errichtung und Inbetriebnahme erforderlichen Komponenten und Arbeitsschritte sowie eine Wirtschaftlichkeits\u00adberechnung f\u00fcr Ihre Planungen.<\/p>\t\t\t\t\t\t\t\t<\/div>\n\t\t\t\t<\/div>\n\t\t\t\t\t<\/div>\n\t\t<\/div>\n\t\t\t\t\t<\/div>\n\t\t<\/section>\n\t\t\t\t<div class=\"elementor-element elementor-element-6e26ca4 elementor-invisible elementor-widget elementor-widget-image\" data-id=\"6e26ca4\" data-element_type=\"widget\" data-e-type=\"widget\" data-settings=\"{&quot;_animation&quot;:&quot;fadeIn&quot;,&quot;_animation_delay&quot;:600}\" data-widget_type=\"image.default\">\n\t\t\t\t<div class=\"elementor-widget-container\">\n\t\t\t\t\t\t\t\t\t\t\t\t\t\t\t<img loading=\"lazy\" decoding=\"async\" width=\"395\" height=\"86\" src=\"https:\/\/faber-solartechnik.de\/wp-content\/uploads\/2023\/06\/story_lines_RU-2.png\" class=\"attachment-large size-large wp-image-3956\" alt=\"\" srcset=\"https:\/\/faber-solartechnik.de\/wp-content\/uploads\/2023\/06\/story_lines_RU-2.png 395w, https:\/\/faber-solartechnik.de\/wp-content\/uploads\/2023\/06\/story_lines_RU-2-300x65.png 300w, https:\/\/faber-solartechnik.de\/wp-content\/uploads\/2023\/06\/story_lines_RU-2-18x4.png 18w\" sizes=\"(max-width: 395px) 100vw, 395px\" \/>\t\t\t\t\t\t\t\t\t\t\t\t\t\t\t<\/div>\n\t\t\t\t<\/div>\n\t\t\t\t<div class=\"elementor-element elementor-element-cec3fa3 elementor-widget elementor-widget-spacer\" data-id=\"cec3fa3\" data-element_type=\"widget\" data-e-type=\"widget\" data-widget_type=\"spacer.default\">\n\t\t\t\t<div class=\"elementor-widget-container\">\n\t\t\t\t\t\t\t<div class=\"elementor-spacer\">\n\t\t\t<div class=\"elementor-spacer-inner\"><\/div>\n\t\t<\/div>\n\t\t\t\t\t\t<\/div>\n\t\t\t\t<\/div>\n\t\t\t\t<div class=\"elementor-element elementor-element-bc8d2e3 elementor-widget__width-auto elementor-absolute elementor-hidden-phone elementor-invisible elementor-widget elementor-widget-heading\" data-id=\"bc8d2e3\" data-element_type=\"widget\" data-e-type=\"widget\" data-settings=\"{&quot;_position&quot;:&quot;absolute&quot;,&quot;_animation&quot;:&quot;zoomIn&quot;,&quot;_animation_delay&quot;:&quot;500&quot;}\" data-widget_type=\"heading.default\">\n\t\t\t\t<div class=\"elementor-widget-container\">\n\t\t\t\t\t<span class=\"elementor-heading-title elementor-size-default\">4<\/span>\t\t\t\t<\/div>\n\t\t\t\t<\/div>\n\t\t\t\t<div class=\"elementor-element elementor-element-746c3c0 elementor-widget__width-auto elementor-absolute elementor-hidden-phone elementor-invisible elementor-widget elementor-widget-heading\" data-id=\"746c3c0\" data-element_type=\"widget\" data-e-type=\"widget\" data-settings=\"{&quot;_position&quot;:&quot;absolute&quot;,&quot;_animation&quot;:&quot;zoomIn&quot;,&quot;_animation_delay&quot;:&quot;500&quot;}\" data-widget_type=\"heading.default\">\n\t\t\t\t<div class=\"elementor-widget-container\">\n\t\t\t\t\t<span class=\"elementor-heading-title elementor-size-default\">6<\/span>\t\t\t\t<\/div>\n\t\t\t\t<\/div>\n\t\t\t\t<section class=\"elementor-section elementor-inner-section elementor-element elementor-element-81f3f89 shadow runde-ecken elementor-section-boxed elementor-section-height-default elementor-section-height-default elementor-invisible\" data-id=\"81f3f89\" data-element_type=\"section\" data-e-type=\"section\" data-settings=\"{&quot;background_background&quot;:&quot;classic&quot;,&quot;animation&quot;:&quot;fadeIn&quot;}\">\n\t\t\t\t\t\t<div class=\"elementor-container elementor-column-gap-default\">\n\t\t\t\t\t<div class=\"elementor-column elementor-col-100 elementor-inner-column elementor-element elementor-element-9ed202d\" data-id=\"9ed202d\" data-element_type=\"column\" data-e-type=\"column\">\n\t\t\t<div class=\"elementor-widget-wrap elementor-element-populated\">\n\t\t\t\t\t\t<div class=\"elementor-element elementor-element-8397fb3 elementor-position-left elementor-vertical-align-middle elementor-widget elementor-widget-image-box\" data-id=\"8397fb3\" data-element_type=\"widget\" data-e-type=\"widget\" data-widget_type=\"image-box.default\">\n\t\t\t\t<div class=\"elementor-widget-container\">\n\t\t\t\t\t<div class=\"elementor-image-box-wrapper\"><figure class=\"elementor-image-box-img\"><img loading=\"lazy\" decoding=\"async\" width=\"150\" height=\"150\" src=\"https:\/\/faber-solartechnik.de\/wp-content\/uploads\/2023\/06\/Bauphase-150x150.png\" class=\"attachment-thumbnail size-thumbnail wp-image-3808\" alt=\"\" srcset=\"https:\/\/faber-solartechnik.de\/wp-content\/uploads\/2023\/06\/Bauphase-150x150.png 150w, https:\/\/faber-solartechnik.de\/wp-content\/uploads\/2023\/06\/Bauphase-300x300.png 300w, https:\/\/faber-solartechnik.de\/wp-content\/uploads\/2023\/06\/Bauphase-12x12.png 12w, https:\/\/faber-solartechnik.de\/wp-content\/uploads\/2023\/06\/Bauphase.png 512w\" sizes=\"(max-width: 150px) 100vw, 150px\" \/><\/figure><div class=\"elementor-image-box-content\"><h4 class=\"elementor-image-box-title\">4.\tBauphase<\/h4><\/div><\/div>\t\t\t\t<\/div>\n\t\t\t\t<\/div>\n\t\t\t\t<div class=\"elementor-element elementor-element-93e0211 elementor-widget elementor-widget-text-editor\" data-id=\"93e0211\" data-element_type=\"widget\" data-e-type=\"widget\" data-widget_type=\"text-editor.default\">\n\t\t\t\t<div class=\"elementor-widget-container\">\n\t\t\t\t\t\t\t\t\t<p>Nach Abschluss aller Bauvorbereitungen r\u00fccken unsere hauseigenen Bautrupps an Ihrem Standort an. F\u00fcr 1.000 kWp PV-Anlage halten wir uns circa 3 Wochen auf Ihren D\u00e4chern auf. Die Bauphase endet mit der verg\u00fctungstechnischen Inbetriebnahme, also dem Funktionsnachweis der Anlage gegen\u00fcber der Bundesnetzagentur.\u00a0<\/p>\t\t\t\t\t\t\t\t<\/div>\n\t\t\t\t<\/div>\n\t\t\t\t\t<\/div>\n\t\t<\/div>\n\t\t\t\t\t<\/div>\n\t\t<\/section>\n\t\t\t\t<div class=\"elementor-element elementor-element-27f3c06 elementor-invisible elementor-widget elementor-widget-image\" data-id=\"27f3c06\" data-element_type=\"widget\" data-e-type=\"widget\" data-settings=\"{&quot;_animation&quot;:&quot;fadeIn&quot;,&quot;_animation_delay&quot;:600}\" data-widget_type=\"image.default\">\n\t\t\t\t<div class=\"elementor-widget-container\">\n\t\t\t\t\t\t\t\t\t\t\t\t\t\t\t<img loading=\"lazy\" decoding=\"async\" width=\"395\" height=\"86\" src=\"https:\/\/faber-solartechnik.de\/wp-content\/uploads\/2023\/06\/story_lines_RU-2.png\" class=\"attachment-large size-large wp-image-3956\" alt=\"\" srcset=\"https:\/\/faber-solartechnik.de\/wp-content\/uploads\/2023\/06\/story_lines_RU-2.png 395w, https:\/\/faber-solartechnik.de\/wp-content\/uploads\/2023\/06\/story_lines_RU-2-300x65.png 300w, https:\/\/faber-solartechnik.de\/wp-content\/uploads\/2023\/06\/story_lines_RU-2-18x4.png 18w\" sizes=\"(max-width: 395px) 100vw, 395px\" \/>\t\t\t\t\t\t\t\t\t\t\t\t\t\t\t<\/div>\n\t\t\t\t<\/div>\n\t\t\t\t<div class=\"elementor-element elementor-element-55c45bc elementor-widget elementor-widget-spacer\" data-id=\"55c45bc\" data-element_type=\"widget\" data-e-type=\"widget\" data-widget_type=\"spacer.default\">\n\t\t\t\t<div class=\"elementor-widget-container\">\n\t\t\t\t\t\t\t<div class=\"elementor-spacer\">\n\t\t\t<div class=\"elementor-spacer-inner\"><\/div>\n\t\t<\/div>\n\t\t\t\t\t\t<\/div>\n\t\t\t\t<\/div>\n\t\t\t\t<section class=\"elementor-section elementor-inner-section elementor-element elementor-element-ad0333b shadow runde-ecken elementor-section-boxed elementor-section-height-default elementor-section-height-default elementor-invisible\" data-id=\"ad0333b\" data-element_type=\"section\" data-e-type=\"section\" data-settings=\"{&quot;background_background&quot;:&quot;classic&quot;,&quot;animation&quot;:&quot;fadeIn&quot;}\">\n\t\t\t\t\t\t<div class=\"elementor-container elementor-column-gap-default\">\n\t\t\t\t\t<div class=\"elementor-column elementor-col-100 elementor-inner-column elementor-element elementor-element-aef0cea\" data-id=\"aef0cea\" data-element_type=\"column\" data-e-type=\"column\">\n\t\t\t<div class=\"elementor-widget-wrap elementor-element-populated\">\n\t\t\t\t\t\t<div class=\"elementor-element elementor-element-43095e8 elementor-position-left elementor-vertical-align-middle elementor-widget elementor-widget-image-box\" data-id=\"43095e8\" data-element_type=\"widget\" data-e-type=\"widget\" data-widget_type=\"image-box.default\">\n\t\t\t\t<div class=\"elementor-widget-container\">\n\t\t\t\t\t<div class=\"elementor-image-box-wrapper\"><figure class=\"elementor-image-box-img\"><img loading=\"lazy\" decoding=\"async\" width=\"150\" height=\"150\" src=\"https:\/\/faber-solartechnik.de\/wp-content\/uploads\/2023\/06\/Wartung-150x150.png\" class=\"attachment-thumbnail size-thumbnail wp-image-3812\" alt=\"\" srcset=\"https:\/\/faber-solartechnik.de\/wp-content\/uploads\/2023\/06\/Wartung-150x150.png 150w, https:\/\/faber-solartechnik.de\/wp-content\/uploads\/2023\/06\/Wartung-300x300.png 300w, https:\/\/faber-solartechnik.de\/wp-content\/uploads\/2023\/06\/Wartung-12x12.png 12w, https:\/\/faber-solartechnik.de\/wp-content\/uploads\/2023\/06\/Wartung.png 512w\" sizes=\"(max-width: 150px) 100vw, 150px\" \/><\/figure><div class=\"elementor-image-box-content\"><h4 class=\"elementor-image-box-title\">6.\tWartung und Instandhaltung<\/h4><\/div><\/div>\t\t\t\t<\/div>\n\t\t\t\t<\/div>\n\t\t\t\t<div class=\"elementor-element elementor-element-3c2285a elementor-widget elementor-widget-text-editor\" data-id=\"3c2285a\" data-element_type=\"widget\" data-e-type=\"widget\" data-widget_type=\"text-editor.default\">\n\t\t\t\t<div class=\"elementor-widget-container\">\n\t\t\t\t\t\t\t\t\t<p>Die ersten 2 Jahre k\u00fcmmern wir uns standardm\u00e4\u00dfig um die Wartung und Instandhaltung Ihrer PV-Anlage. In dieser Zeit treten erfahrungsgem\u00e4\u00df die meisten Probleme, bspw. aufgrund von Produktionsfehlern, auf. Anschlie\u00dfend k\u00f6nnen Sie mindestens f\u00fcr die n\u00e4chsten 30 Jahre mit PV-Strom aus Ihrer eigenen Anlage rechnen.\u00a0<\/p>\t\t\t\t\t\t\t\t<\/div>\n\t\t\t\t<\/div>\n\t\t\t\t\t<\/div>\n\t\t<\/div>\n\t\t\t\t\t<\/div>\n\t\t<\/section>\n\t\t\t\t\t<\/div>\n\t\t<\/div>\n\t\t\t\t\t<\/div>\n\t\t<\/section>\n\t\t\t\t<section class=\"elementor-section elementor-top-section elementor-element elementor-element-ad2b147 elementor-section-height-min-height elementor-section-items-stretch elementor-section-full_width elementor-section-height-default\" data-id=\"ad2b147\" data-element_type=\"section\" data-e-type=\"section\" id=\"netzanschluss\" data-settings=\"{&quot;background_background&quot;:&quot;classic&quot;}\">\n\t\t\t\t\t\t<div class=\"elementor-container elementor-column-gap-default\">\n\t\t\t\t\t<div class=\"elementor-column elementor-col-100 elementor-top-column elementor-element elementor-element-94d563d\" data-id=\"94d563d\" data-element_type=\"column\" data-e-type=\"column\">\n\t\t\t<div class=\"elementor-widget-wrap elementor-element-populated\">\n\t\t\t\t\t\t<div class=\"elementor-element elementor-element-17095e5 animated-slow elementor-invisible elementor-widget elementor-widget-heading\" data-id=\"17095e5\" data-element_type=\"widget\" data-e-type=\"widget\" data-settings=\"{&quot;_animation&quot;:&quot;fadeInDown&quot;}\" data-widget_type=\"heading.default\">\n\t\t\t\t<div class=\"elementor-widget-container\">\n\t\t\t\t\t<span class=\"elementor-heading-title elementor-size-default\">Schritt f\u00fcr Schritt zum<\/span>\t\t\t\t<\/div>\n\t\t\t\t<\/div>\n\t\t\t\t<div class=\"elementor-element elementor-element-d85000b gradbluettl elementor-invisible elementor-widget elementor-widget-heading\" data-id=\"d85000b\" data-element_type=\"widget\" data-e-type=\"widget\" data-settings=\"{&quot;_animation&quot;:&quot;fadeInDown&quot;}\" data-widget_type=\"heading.default\">\n\t\t\t\t<div class=\"elementor-widget-container\">\n\t\t\t\t\t<h2 class=\"elementor-heading-title elementor-size-default\">Netzanschluss<\/h2>\t\t\t\t<\/div>\n\t\t\t\t<\/div>\n\t\t\t\t<div class=\"elementor-element elementor-element-8cd7ec8 animated-slow elementor-widget-divider--view-line elementor-invisible elementor-widget elementor-widget-divider\" data-id=\"8cd7ec8\" data-element_type=\"widget\" data-e-type=\"widget\" data-settings=\"{&quot;_animation&quot;:&quot;fadeInDown&quot;}\" data-widget_type=\"divider.default\">\n\t\t\t\t<div class=\"elementor-widget-container\">\n\t\t\t\t\t\t\t<div class=\"elementor-divider\">\n\t\t\t<span class=\"elementor-divider-separator\">\n\t\t\t\t\t\t<\/span>\n\t\t<\/div>\n\t\t\t\t\t\t<\/div>\n\t\t\t\t<\/div>\n\t\t\t\t<div class=\"elementor-element elementor-element-3c5dc6d netz-hotspot elementor-hidden-mobile elementor-widget elementor-widget-hotspot\" data-id=\"3c5dc6d\" data-element_type=\"widget\" data-e-type=\"widget\" data-settings=\"{&quot;hotspot&quot;:[{&quot;_id&quot;:&quot;51309d0&quot;,&quot;hotspot_icon&quot;:{&quot;value&quot;:&quot;fas fa-sun&quot;,&quot;library&quot;:&quot;fa-solid&quot;},&quot;hotspot_custom_size&quot;:&quot;&quot;,&quot;hotspot_tooltip_content&quot;:&quot;&lt;p&gt;Das Herzst\\u00fcck jeder PV-Anlage. Wir verbauen f\\u00fcr Sie nur &lt;strong&gt;Module&lt;\\\/strong&gt; h\\u00f6chster Qualit\\u00e4t, die das maximale aus den Sonnenstrahlen herausholen. Dabei setzen wir auf renommierte Hersteller, wie JA Solar, Trina Solar oder Ryzen, die besten Bankability-Kriterien aufweisen.&lt;\\\/p&gt;&quot;,&quot;hotspot_offset_x&quot;:{&quot;unit&quot;:&quot;%&quot;,&quot;size&quot;:40.5,&quot;sizes&quot;:[]},&quot;hotspot_offset_y&quot;:{&quot;unit&quot;:&quot;%&quot;,&quot;size&quot;:20,&quot;sizes&quot;:[]},&quot;hotspot_tooltip_position&quot;:&quot;&quot;,&quot;hotspot_label&quot;:&quot;&quot;,&quot;hotspot_link&quot;:{&quot;url&quot;:&quot;&quot;,&quot;is_external&quot;:&quot;&quot;,&quot;nofollow&quot;:&quot;&quot;,&quot;custom_attributes&quot;:&quot;&quot;},&quot;hotspot_horizontal&quot;:&quot;left&quot;,&quot;hotspot_vertical&quot;:&quot;top&quot;,&quot;hotspot_position&quot;:null,&quot;hotspot_position_laptop&quot;:null,&quot;hotspot_position_tablet_extra&quot;:null,&quot;hotspot_position_tablet&quot;:null,&quot;hotspot_position_mobile&quot;:null,&quot;hotspot_icon_position&quot;:null,&quot;hotspot_icon_spacing&quot;:null,&quot;hotspot_width&quot;:null,&quot;hotspot_height&quot;:null,&quot;hotspot_offset_x_laptop&quot;:{&quot;unit&quot;:&quot;px&quot;,&quot;size&quot;:&quot;&quot;,&quot;sizes&quot;:[]},&quot;hotspot_offset_x_tablet_extra&quot;:{&quot;unit&quot;:&quot;px&quot;,&quot;size&quot;:&quot;&quot;,&quot;sizes&quot;:[]},&quot;hotspot_offset_x_tablet&quot;:{&quot;unit&quot;:&quot;px&quot;,&quot;size&quot;:&quot;&quot;,&quot;sizes&quot;:[]},&quot;hotspot_offset_x_mobile&quot;:{&quot;unit&quot;:&quot;px&quot;,&quot;size&quot;:&quot;&quot;,&quot;sizes&quot;:[]},&quot;hotspot_offset_y_laptop&quot;:{&quot;unit&quot;:&quot;px&quot;,&quot;size&quot;:&quot;&quot;,&quot;sizes&quot;:[]},&quot;hotspot_offset_y_tablet_extra&quot;:{&quot;unit&quot;:&quot;px&quot;,&quot;size&quot;:&quot;&quot;,&quot;sizes&quot;:[]},&quot;hotspot_offset_y_tablet&quot;:{&quot;unit&quot;:&quot;px&quot;,&quot;size&quot;:&quot;&quot;,&quot;sizes&quot;:[]},&quot;hotspot_offset_y_mobile&quot;:{&quot;unit&quot;:&quot;px&quot;,&quot;size&quot;:&quot;&quot;,&quot;sizes&quot;:[]},&quot;hotspot_tooltip_width&quot;:null,&quot;hotspot_tooltip_width_laptop&quot;:null,&quot;hotspot_tooltip_width_tablet_extra&quot;:null,&quot;hotspot_tooltip_width_tablet&quot;:null,&quot;hotspot_tooltip_width_mobile&quot;:null,&quot;hotspot_tooltip_text_wrap&quot;:null},{&quot;hotspot_icon&quot;:{&quot;value&quot;:{&quot;url&quot;:&quot;https:\\\/\\\/faber-solartechnik.de\\\/wp-content\\\/uploads\\\/2023\\\/07\\\/wechselrichter-2.svg&quot;,&quot;id&quot;:5511},&quot;library&quot;:&quot;svg&quot;},&quot;hotspot_custom_size&quot;:&quot;&quot;,&quot;hotspot_tooltip_content&quot;:&quot;&lt;p&gt;&lt;strong&gt;Wechselrichter&lt;\\\/strong&gt;: Aus \\u00fcber 1.000 Volt DC-Spannung wird AC-Niederspannung: Je nach Anlagengr\\u00f6\\u00dfe verwenden wir 400 oder 800 Volt-Multistring-Wechselrichter. So erreichen wir optimale Leistungswerte, ohne ein zu gro\\u00dfes Klumpenrisiko f\\u00fcr den Fall eines defekten Wechselrichters einzugehen. Die Verstringungsplanung erstellen wir anlagenindividuell w\\u00e4hrend der Planungsphase.&lt;\\\/p&gt;&quot;,&quot;hotspot_offset_x&quot;:{&quot;unit&quot;:&quot;%&quot;,&quot;size&quot;:53,&quot;sizes&quot;:[]},&quot;hotspot_offset_y&quot;:{&quot;unit&quot;:&quot;%&quot;,&quot;size&quot;:45,&quot;sizes&quot;:[]},&quot;hotspot_tooltip_position&quot;:&quot;&quot;,&quot;_id&quot;:&quot;8a29d46&quot;,&quot;hotspot_label&quot;:&quot;&quot;,&quot;hotspot_link&quot;:{&quot;url&quot;:&quot;&quot;,&quot;is_external&quot;:&quot;&quot;,&quot;nofollow&quot;:&quot;&quot;,&quot;custom_attributes&quot;:&quot;&quot;},&quot;hotspot_horizontal&quot;:&quot;left&quot;,&quot;hotspot_vertical&quot;:&quot;top&quot;,&quot;hotspot_position&quot;:null,&quot;hotspot_position_laptop&quot;:null,&quot;hotspot_position_tablet_extra&quot;:null,&quot;hotspot_position_tablet&quot;:null,&quot;hotspot_position_mobile&quot;:null,&quot;hotspot_icon_position&quot;:null,&quot;hotspot_icon_spacing&quot;:null,&quot;hotspot_width&quot;:null,&quot;hotspot_height&quot;:null,&quot;hotspot_offset_x_laptop&quot;:{&quot;unit&quot;:&quot;px&quot;,&quot;size&quot;:&quot;&quot;,&quot;sizes&quot;:[]},&quot;hotspot_offset_x_tablet_extra&quot;:{&quot;unit&quot;:&quot;px&quot;,&quot;size&quot;:&quot;&quot;,&quot;sizes&quot;:[]},&quot;hotspot_offset_x_tablet&quot;:{&quot;unit&quot;:&quot;px&quot;,&quot;size&quot;:&quot;&quot;,&quot;sizes&quot;:[]},&quot;hotspot_offset_x_mobile&quot;:{&quot;unit&quot;:&quot;px&quot;,&quot;size&quot;:&quot;&quot;,&quot;sizes&quot;:[]},&quot;hotspot_offset_y_laptop&quot;:{&quot;unit&quot;:&quot;px&quot;,&quot;size&quot;:&quot;&quot;,&quot;sizes&quot;:[]},&quot;hotspot_offset_y_tablet_extra&quot;:{&quot;unit&quot;:&quot;px&quot;,&quot;size&quot;:&quot;&quot;,&quot;sizes&quot;:[]},&quot;hotspot_offset_y_tablet&quot;:{&quot;unit&quot;:&quot;px&quot;,&quot;size&quot;:&quot;&quot;,&quot;sizes&quot;:[]},&quot;hotspot_offset_y_mobile&quot;:{&quot;unit&quot;:&quot;px&quot;,&quot;size&quot;:&quot;&quot;,&quot;sizes&quot;:[]},&quot;hotspot_tooltip_width&quot;:null,&quot;hotspot_tooltip_width_laptop&quot;:null,&quot;hotspot_tooltip_width_tablet_extra&quot;:null,&quot;hotspot_tooltip_width_tablet&quot;:null,&quot;hotspot_tooltip_width_mobile&quot;:null,&quot;hotspot_tooltip_text_wrap&quot;:null},{&quot;hotspot_icon&quot;:{&quot;value&quot;:{&quot;url&quot;:&quot;https:\\\/\\\/faber-solartechnik.de\\\/wp-content\\\/uploads\\\/2023\\\/07\\\/trafo-circle-1.svg&quot;,&quot;id&quot;:5512},&quot;library&quot;:&quot;svg&quot;},&quot;hotspot_custom_size&quot;:&quot;&quot;,&quot;hotspot_tooltip_content&quot;:&quot;&lt;p&gt;Eine starke Produktion ben\\u00f6tigt viel Leistung. Daher sind die meisten Industrieunternehmen direkt an das Mittelspannungsnetz angeschlossen und verf\\u00fcgen \\u00fcber &lt;strong&gt;eigene&lt;\\\/strong&gt; &lt;strong&gt;Transformatoren&lt;\\\/strong&gt;. Wir greifen die vorhandene Infrastruktur auf und stellen den PV-Strom zum direkten Eigenverbrauch oder die transformierte Einspeisung zur Verf\\u00fcgung.&lt;\\\/p&gt;&quot;,&quot;hotspot_offset_x&quot;:{&quot;unit&quot;:&quot;%&quot;,&quot;size&quot;:62.5,&quot;sizes&quot;:[]},&quot;hotspot_tooltip_position&quot;:&quot;&quot;,&quot;hotspot_tooltip_text_wrap&quot;:null,&quot;_id&quot;:&quot;9ab1b43&quot;,&quot;hotspot_offset_y&quot;:{&quot;unit&quot;:&quot;%&quot;,&quot;size&quot;:60,&quot;sizes&quot;:[]},&quot;hotspot_label&quot;:&quot;&quot;,&quot;hotspot_link&quot;:{&quot;url&quot;:&quot;&quot;,&quot;is_external&quot;:&quot;&quot;,&quot;nofollow&quot;:&quot;&quot;,&quot;custom_attributes&quot;:&quot;&quot;},&quot;hotspot_horizontal&quot;:&quot;left&quot;,&quot;hotspot_vertical&quot;:&quot;top&quot;,&quot;hotspot_position&quot;:null,&quot;hotspot_position_laptop&quot;:null,&quot;hotspot_position_tablet_extra&quot;:null,&quot;hotspot_position_tablet&quot;:null,&quot;hotspot_position_mobile&quot;:null,&quot;hotspot_icon_position&quot;:null,&quot;hotspot_icon_spacing&quot;:null,&quot;hotspot_width&quot;:null,&quot;hotspot_height&quot;:null,&quot;hotspot_offset_x_laptop&quot;:{&quot;unit&quot;:&quot;px&quot;,&quot;size&quot;:&quot;&quot;,&quot;sizes&quot;:[]},&quot;hotspot_offset_x_tablet_extra&quot;:{&quot;unit&quot;:&quot;px&quot;,&quot;size&quot;:&quot;&quot;,&quot;sizes&quot;:[]},&quot;hotspot_offset_x_tablet&quot;:{&quot;unit&quot;:&quot;px&quot;,&quot;size&quot;:&quot;&quot;,&quot;sizes&quot;:[]},&quot;hotspot_offset_x_mobile&quot;:{&quot;unit&quot;:&quot;px&quot;,&quot;size&quot;:&quot;&quot;,&quot;sizes&quot;:[]},&quot;hotspot_offset_y_laptop&quot;:{&quot;unit&quot;:&quot;px&quot;,&quot;size&quot;:&quot;&quot;,&quot;sizes&quot;:[]},&quot;hotspot_offset_y_tablet_extra&quot;:{&quot;unit&quot;:&quot;px&quot;,&quot;size&quot;:&quot;&quot;,&quot;sizes&quot;:[]},&quot;hotspot_offset_y_tablet&quot;:{&quot;unit&quot;:&quot;px&quot;,&quot;size&quot;:&quot;&quot;,&quot;sizes&quot;:[]},&quot;hotspot_offset_y_mobile&quot;:{&quot;unit&quot;:&quot;px&quot;,&quot;size&quot;:&quot;&quot;,&quot;sizes&quot;:[]},&quot;hotspot_tooltip_width&quot;:null,&quot;hotspot_tooltip_width_laptop&quot;:null,&quot;hotspot_tooltip_width_tablet_extra&quot;:null,&quot;hotspot_tooltip_width_tablet&quot;:null,&quot;hotspot_tooltip_width_mobile&quot;:null},{&quot;hotspot_icon&quot;:{&quot;value&quot;:&quot;fas fa-cog&quot;,&quot;library&quot;:&quot;fa-solid&quot;},&quot;hotspot_custom_size&quot;:&quot;&quot;,&quot;hotspot_tooltip_content&quot;:&quot;&lt;p&gt;&lt;strong&gt;Eigenverbrauch&lt;\\\/strong&gt; ist die wirtschaftlich und technisch sinnvollste Verwendung von selbsterzeugtem PV-Strom: Keine unn\\u00f6tigen \\u00dcbertragungsverluste und keine teuren Netzgeb\\u00fchren. Der Strom kann direkt auf der Niederspannungsebene abgegriffen und in Ihre Produktion geleitet werden.&lt;\\\/p&gt;&quot;,&quot;hotspot_offset_x&quot;:{&quot;unit&quot;:&quot;%&quot;,&quot;size&quot;:37,&quot;sizes&quot;:[]},&quot;hotspot_offset_y&quot;:{&quot;unit&quot;:&quot;%&quot;,&quot;size&quot;:59,&quot;sizes&quot;:[]},&quot;hotspot_tooltip_position&quot;:&quot;yes&quot;,&quot;hotspot_tooltip_text_wrap&quot;:&quot;yes&quot;,&quot;_id&quot;:&quot;9a7a257&quot;,&quot;hotspot_label&quot;:&quot;&quot;,&quot;hotspot_link&quot;:{&quot;url&quot;:&quot;&quot;,&quot;is_external&quot;:&quot;&quot;,&quot;nofollow&quot;:&quot;&quot;,&quot;custom_attributes&quot;:&quot;&quot;},&quot;hotspot_horizontal&quot;:&quot;left&quot;,&quot;hotspot_vertical&quot;:&quot;top&quot;,&quot;hotspot_position&quot;:&quot;&quot;,&quot;hotspot_position_laptop&quot;:&quot;&quot;,&quot;hotspot_position_tablet_extra&quot;:&quot;&quot;,&quot;hotspot_position_tablet&quot;:&quot;&quot;,&quot;hotspot_position_mobile&quot;:&quot;&quot;,&quot;hotspot_icon_position&quot;:null,&quot;hotspot_icon_spacing&quot;:null,&quot;hotspot_width&quot;:null,&quot;hotspot_height&quot;:null,&quot;hotspot_offset_x_laptop&quot;:{&quot;unit&quot;:&quot;px&quot;,&quot;size&quot;:&quot;&quot;,&quot;sizes&quot;:[]},&quot;hotspot_offset_x_tablet_extra&quot;:{&quot;unit&quot;:&quot;px&quot;,&quot;size&quot;:&quot;&quot;,&quot;sizes&quot;:[]},&quot;hotspot_offset_x_tablet&quot;:{&quot;unit&quot;:&quot;px&quot;,&quot;size&quot;:&quot;&quot;,&quot;sizes&quot;:[]},&quot;hotspot_offset_x_mobile&quot;:{&quot;unit&quot;:&quot;px&quot;,&quot;size&quot;:&quot;&quot;,&quot;sizes&quot;:[]},&quot;hotspot_offset_y_laptop&quot;:{&quot;unit&quot;:&quot;px&quot;,&quot;size&quot;:&quot;&quot;,&quot;sizes&quot;:[]},&quot;hotspot_offset_y_tablet_extra&quot;:{&quot;unit&quot;:&quot;px&quot;,&quot;size&quot;:&quot;&quot;,&quot;sizes&quot;:[]},&quot;hotspot_offset_y_tablet&quot;:{&quot;unit&quot;:&quot;px&quot;,&quot;size&quot;:&quot;&quot;,&quot;sizes&quot;:[]},&quot;hotspot_offset_y_mobile&quot;:{&quot;unit&quot;:&quot;px&quot;,&quot;size&quot;:&quot;&quot;,&quot;sizes&quot;:[]},&quot;hotspot_tooltip_width&quot;:{&quot;unit&quot;:&quot;px&quot;,&quot;size&quot;:&quot;&quot;,&quot;sizes&quot;:[]},&quot;hotspot_tooltip_width_laptop&quot;:{&quot;unit&quot;:&quot;px&quot;,&quot;size&quot;:&quot;&quot;,&quot;sizes&quot;:[]},&quot;hotspot_tooltip_width_tablet_extra&quot;:{&quot;unit&quot;:&quot;px&quot;,&quot;size&quot;:&quot;&quot;,&quot;sizes&quot;:[]},&quot;hotspot_tooltip_width_tablet&quot;:{&quot;unit&quot;:&quot;px&quot;,&quot;size&quot;:&quot;&quot;,&quot;sizes&quot;:[]},&quot;hotspot_tooltip_width_mobile&quot;:{&quot;unit&quot;:&quot;px&quot;,&quot;size&quot;:&quot;&quot;,&quot;sizes&quot;:[]}},{&quot;hotspot_icon&quot;:{&quot;value&quot;:&quot;fas fa-car-battery&quot;,&quot;library&quot;:&quot;fa-solid&quot;},&quot;hotspot_custom_size&quot;:&quot;&quot;,&quot;hotspot_tooltip_content&quot;:&quot;&lt;p&gt;Mit dem Umstieg auf &lt;strong&gt;stromgetriebene Mobilit\\u00e4t&lt;\\\/strong&gt; kommt eine ganz neue Herausforderung auf viele Unternehmen zu: Die Schaffung von Ladeinfra\\u00adstruktur. Eine eigene PV-Anlage kann helfen, den Kraftstoff der Zukunft, Strom, g\\u00fcnstig bereit zu stellen und gleichzeitig die ben\\u00f6tigte Netzinfrastruktur auszubauen und auszunutzen.&lt;\\\/p&gt;&quot;,&quot;hotspot_offset_x&quot;:{&quot;unit&quot;:&quot;%&quot;,&quot;size&quot;:20,&quot;sizes&quot;:[]},&quot;hotspot_offset_y&quot;:{&quot;unit&quot;:&quot;%&quot;,&quot;size&quot;:45.5,&quot;sizes&quot;:[]},&quot;hotspot_tooltip_position&quot;:&quot;yes&quot;,&quot;hotspot_tooltip_text_wrap&quot;:&quot;yes&quot;,&quot;_id&quot;:&quot;9029e24&quot;,&quot;hotspot_label&quot;:&quot;&quot;,&quot;hotspot_link&quot;:{&quot;url&quot;:&quot;&quot;,&quot;is_external&quot;:&quot;&quot;,&quot;nofollow&quot;:&quot;&quot;,&quot;custom_attributes&quot;:&quot;&quot;},&quot;hotspot_horizontal&quot;:&quot;left&quot;,&quot;hotspot_vertical&quot;:&quot;top&quot;,&quot;hotspot_position&quot;:&quot;&quot;,&quot;hotspot_position_laptop&quot;:&quot;&quot;,&quot;hotspot_position_tablet_extra&quot;:&quot;&quot;,&quot;hotspot_position_tablet&quot;:&quot;&quot;,&quot;hotspot_position_mobile&quot;:&quot;&quot;,&quot;hotspot_icon_position&quot;:null,&quot;hotspot_icon_spacing&quot;:null,&quot;hotspot_width&quot;:null,&quot;hotspot_height&quot;:null,&quot;hotspot_offset_x_laptop&quot;:{&quot;unit&quot;:&quot;px&quot;,&quot;size&quot;:&quot;&quot;,&quot;sizes&quot;:[]},&quot;hotspot_offset_x_tablet_extra&quot;:{&quot;unit&quot;:&quot;px&quot;,&quot;size&quot;:&quot;&quot;,&quot;sizes&quot;:[]},&quot;hotspot_offset_x_tablet&quot;:{&quot;unit&quot;:&quot;px&quot;,&quot;size&quot;:&quot;&quot;,&quot;sizes&quot;:[]},&quot;hotspot_offset_x_mobile&quot;:{&quot;unit&quot;:&quot;px&quot;,&quot;size&quot;:&quot;&quot;,&quot;sizes&quot;:[]},&quot;hotspot_offset_y_laptop&quot;:{&quot;unit&quot;:&quot;px&quot;,&quot;size&quot;:&quot;&quot;,&quot;sizes&quot;:[]},&quot;hotspot_offset_y_tablet_extra&quot;:{&quot;unit&quot;:&quot;px&quot;,&quot;size&quot;:&quot;&quot;,&quot;sizes&quot;:[]},&quot;hotspot_offset_y_tablet&quot;:{&quot;unit&quot;:&quot;px&quot;,&quot;size&quot;:&quot;&quot;,&quot;sizes&quot;:[]},&quot;hotspot_offset_y_mobile&quot;:{&quot;unit&quot;:&quot;px&quot;,&quot;size&quot;:&quot;&quot;,&quot;sizes&quot;:[]},&quot;hotspot_tooltip_width&quot;:{&quot;unit&quot;:&quot;px&quot;,&quot;size&quot;:&quot;&quot;,&quot;sizes&quot;:[]},&quot;hotspot_tooltip_width_laptop&quot;:{&quot;unit&quot;:&quot;px&quot;,&quot;size&quot;:&quot;&quot;,&quot;sizes&quot;:[]},&quot;hotspot_tooltip_width_tablet_extra&quot;:{&quot;unit&quot;:&quot;px&quot;,&quot;size&quot;:&quot;&quot;,&quot;sizes&quot;:[]},&quot;hotspot_tooltip_width_tablet&quot;:{&quot;unit&quot;:&quot;px&quot;,&quot;size&quot;:&quot;&quot;,&quot;sizes&quot;:[]},&quot;hotspot_tooltip_width_mobile&quot;:{&quot;unit&quot;:&quot;px&quot;,&quot;size&quot;:&quot;&quot;,&quot;sizes&quot;:[]}},{&quot;hotspot_icon&quot;:{&quot;value&quot;:&quot;fas fa-exchange-alt&quot;,&quot;library&quot;:&quot;fa-solid&quot;},&quot;hotspot_custom_size&quot;:&quot;&quot;,&quot;hotspot_tooltip_content&quot;:&quot;&lt;p&gt;Falls die vorhandene Strominfrastruktur nicht ausreicht oder gr\\u00f6\\u00dfere Distanzen bis zum \\u00f6ffent\\u00adlichen Netz zur\\u00fcckzulegen sind, k\\u00f6nnen wir mit unseren hauseigenen &lt;strong&gt;Trans\\u00adformator\\u00adkompakt\\u00adstationen&lt;\\\/strong&gt; aushelfen. Diese sind als \\u00dcbergabe\\u00adstationen zum Netzbetreiber zertifiziert, k\\u00f6nnen aber auch zus\\u00e4tzlich noch Transformatorleistung oder Niederspannungsanschl\\u00fcsse zur Verf\\u00fcgung stellen.&lt;\\\/p&gt;&quot;,&quot;hotspot_offset_x&quot;:{&quot;unit&quot;:&quot;%&quot;,&quot;size&quot;:74.5,&quot;sizes&quot;:[]},&quot;hotspot_offset_y&quot;:{&quot;unit&quot;:&quot;%&quot;,&quot;size&quot;:32,&quot;sizes&quot;:[]},&quot;hotspot_tooltip_position&quot;:&quot;&quot;,&quot;_id&quot;:&quot;3180621&quot;,&quot;hotspot_label&quot;:&quot;&quot;,&quot;hotspot_link&quot;:{&quot;url&quot;:&quot;&quot;,&quot;is_external&quot;:&quot;&quot;,&quot;nofollow&quot;:&quot;&quot;,&quot;custom_attributes&quot;:&quot;&quot;},&quot;hotspot_horizontal&quot;:&quot;left&quot;,&quot;hotspot_vertical&quot;:&quot;top&quot;,&quot;hotspot_position&quot;:null,&quot;hotspot_position_laptop&quot;:null,&quot;hotspot_position_tablet_extra&quot;:null,&quot;hotspot_position_tablet&quot;:null,&quot;hotspot_position_mobile&quot;:null,&quot;hotspot_icon_position&quot;:null,&quot;hotspot_icon_spacing&quot;:null,&quot;hotspot_width&quot;:null,&quot;hotspot_height&quot;:null,&quot;hotspot_offset_x_laptop&quot;:{&quot;unit&quot;:&quot;px&quot;,&quot;size&quot;:&quot;&quot;,&quot;sizes&quot;:[]},&quot;hotspot_offset_x_tablet_extra&quot;:{&quot;unit&quot;:&quot;px&quot;,&quot;size&quot;:&quot;&quot;,&quot;sizes&quot;:[]},&quot;hotspot_offset_x_tablet&quot;:{&quot;unit&quot;:&quot;px&quot;,&quot;size&quot;:&quot;&quot;,&quot;sizes&quot;:[]},&quot;hotspot_offset_x_mobile&quot;:{&quot;unit&quot;:&quot;px&quot;,&quot;size&quot;:&quot;&quot;,&quot;sizes&quot;:[]},&quot;hotspot_offset_y_laptop&quot;:{&quot;unit&quot;:&quot;px&quot;,&quot;size&quot;:&quot;&quot;,&quot;sizes&quot;:[]},&quot;hotspot_offset_y_tablet_extra&quot;:{&quot;unit&quot;:&quot;px&quot;,&quot;size&quot;:&quot;&quot;,&quot;sizes&quot;:[]},&quot;hotspot_offset_y_tablet&quot;:{&quot;unit&quot;:&quot;px&quot;,&quot;size&quot;:&quot;&quot;,&quot;sizes&quot;:[]},&quot;hotspot_offset_y_mobile&quot;:{&quot;unit&quot;:&quot;px&quot;,&quot;size&quot;:&quot;&quot;,&quot;sizes&quot;:[]},&quot;hotspot_tooltip_width&quot;:null,&quot;hotspot_tooltip_width_laptop&quot;:null,&quot;hotspot_tooltip_width_tablet_extra&quot;:null,&quot;hotspot_tooltip_width_tablet&quot;:null,&quot;hotspot_tooltip_width_mobile&quot;:null,&quot;hotspot_tooltip_text_wrap&quot;:null},{&quot;hotspot_icon&quot;:{&quot;value&quot;:&quot;fas fa-bolt&quot;,&quot;library&quot;:&quot;fa-solid&quot;},&quot;hotspot_custom_size&quot;:&quot;&quot;,&quot;hotspot_tooltip_content&quot;:&quot;&lt;p&gt;Das \\u00f6rtliche &lt;strong&gt;Mittelspannungsnetz&lt;\\\/strong&gt; bringt den Strom bis in Ihr Unternehmen \\u2013 und transportiert Ihren \\u00fcbersch\\u00fcssigen Solarstrom zum n\\u00e4chsten Abnehmer. Daf\\u00fcr pflegt der Netzbetreiber ein Mittelspannungsnetz mit mindestens 10.000-Volt \\u2013 und Sie einen Netzanschluss, der auf diese Spannungen ausgelegt ist.&lt;\\\/p&gt;&quot;,&quot;hotspot_offset_x&quot;:{&quot;unit&quot;:&quot;%&quot;,&quot;size&quot;:74,&quot;sizes&quot;:[]},&quot;hotspot_offset_y&quot;:{&quot;unit&quot;:&quot;%&quot;,&quot;size&quot;:65,&quot;sizes&quot;:[]},&quot;hotspot_tooltip_position&quot;:&quot;yes&quot;,&quot;hotspot_tooltip_text_wrap&quot;:&quot;yes&quot;,&quot;_id&quot;:&quot;179f028&quot;,&quot;hotspot_label&quot;:&quot;&quot;,&quot;hotspot_link&quot;:{&quot;url&quot;:&quot;&quot;,&quot;is_external&quot;:&quot;&quot;,&quot;nofollow&quot;:&quot;&quot;,&quot;custom_attributes&quot;:&quot;&quot;},&quot;hotspot_horizontal&quot;:&quot;left&quot;,&quot;hotspot_vertical&quot;:&quot;top&quot;,&quot;hotspot_position&quot;:&quot;&quot;,&quot;hotspot_position_laptop&quot;:&quot;&quot;,&quot;hotspot_position_tablet_extra&quot;:&quot;&quot;,&quot;hotspot_position_tablet&quot;:&quot;&quot;,&quot;hotspot_position_mobile&quot;:&quot;&quot;,&quot;hotspot_icon_position&quot;:null,&quot;hotspot_icon_spacing&quot;:null,&quot;hotspot_width&quot;:null,&quot;hotspot_height&quot;:null,&quot;hotspot_offset_x_laptop&quot;:{&quot;unit&quot;:&quot;px&quot;,&quot;size&quot;:&quot;&quot;,&quot;sizes&quot;:[]},&quot;hotspot_offset_x_tablet_extra&quot;:{&quot;unit&quot;:&quot;px&quot;,&quot;size&quot;:&quot;&quot;,&quot;sizes&quot;:[]},&quot;hotspot_offset_x_tablet&quot;:{&quot;unit&quot;:&quot;px&quot;,&quot;size&quot;:&quot;&quot;,&quot;sizes&quot;:[]},&quot;hotspot_offset_x_mobile&quot;:{&quot;unit&quot;:&quot;px&quot;,&quot;size&quot;:&quot;&quot;,&quot;sizes&quot;:[]},&quot;hotspot_offset_y_laptop&quot;:{&quot;unit&quot;:&quot;px&quot;,&quot;size&quot;:&quot;&quot;,&quot;sizes&quot;:[]},&quot;hotspot_offset_y_tablet_extra&quot;:{&quot;unit&quot;:&quot;px&quot;,&quot;size&quot;:&quot;&quot;,&quot;sizes&quot;:[]},&quot;hotspot_offset_y_tablet&quot;:{&quot;unit&quot;:&quot;px&quot;,&quot;size&quot;:&quot;&quot;,&quot;sizes&quot;:[]},&quot;hotspot_offset_y_mobile&quot;:{&quot;unit&quot;:&quot;px&quot;,&quot;size&quot;:&quot;&quot;,&quot;sizes&quot;:[]},&quot;hotspot_tooltip_width&quot;:{&quot;unit&quot;:&quot;px&quot;,&quot;size&quot;:&quot;&quot;,&quot;sizes&quot;:[]},&quot;hotspot_tooltip_width_laptop&quot;:{&quot;unit&quot;:&quot;px&quot;,&quot;size&quot;:&quot;&quot;,&quot;sizes&quot;:[]},&quot;hotspot_tooltip_width_tablet_extra&quot;:{&quot;unit&quot;:&quot;px&quot;,&quot;size&quot;:&quot;&quot;,&quot;sizes&quot;:[]},&quot;hotspot_tooltip_width_tablet&quot;:{&quot;unit&quot;:&quot;px&quot;,&quot;size&quot;:&quot;&quot;,&quot;sizes&quot;:[]},&quot;hotspot_tooltip_width_mobile&quot;:{&quot;unit&quot;:&quot;px&quot;,&quot;size&quot;:&quot;&quot;,&quot;sizes&quot;:[]}}],&quot;tooltip_position&quot;:&quot;bottom&quot;,&quot;tooltip_trigger&quot;:&quot;mouseenter&quot;,&quot;tooltip_animation&quot;:&quot;e-hotspot--fade-direction&quot;}\" data-widget_type=\"hotspot.default\">\n\t\t\t\t<div class=\"elementor-widget-container\">\n\t\t\t\t\t<img loading=\"lazy\" decoding=\"async\" width=\"2500\" height=\"985\" src=\"https:\/\/faber-solartechnik.de\/wp-content\/uploads\/2023\/08\/Netzanschluss-Skizze-Solartechnik-V5-80pro-JPEG-Web.jpg\" class=\"attachment-full size-full wp-image-6591\" alt=\"\" srcset=\"https:\/\/faber-solartechnik.de\/wp-content\/uploads\/2023\/08\/Netzanschluss-Skizze-Solartechnik-V5-80pro-JPEG-Web.jpg 2500w, https:\/\/faber-solartechnik.de\/wp-content\/uploads\/2023\/08\/Netzanschluss-Skizze-Solartechnik-V5-80pro-JPEG-Web-300x118.jpg 300w, https:\/\/faber-solartechnik.de\/wp-content\/uploads\/2023\/08\/Netzanschluss-Skizze-Solartechnik-V5-80pro-JPEG-Web-1024x403.jpg 1024w, https:\/\/faber-solartechnik.de\/wp-content\/uploads\/2023\/08\/Netzanschluss-Skizze-Solartechnik-V5-80pro-JPEG-Web-768x303.jpg 768w, https:\/\/faber-solartechnik.de\/wp-content\/uploads\/2023\/08\/Netzanschluss-Skizze-Solartechnik-V5-80pro-JPEG-Web-1536x605.jpg 1536w, https:\/\/faber-solartechnik.de\/wp-content\/uploads\/2023\/08\/Netzanschluss-Skizze-Solartechnik-V5-80pro-JPEG-Web-2048x807.jpg 2048w, https:\/\/faber-solartechnik.de\/wp-content\/uploads\/2023\/08\/Netzanschluss-Skizze-Solartechnik-V5-80pro-JPEG-Web-18x7.jpg 18w\" sizes=\"(max-width: 2500px) 100vw, 2500px\" \/>\n\t\t\t\t\t\t<div class=\"e-hotspot elementor-repeater-item-51309d0  e-hotspot--position-left e-hotspot--position-top   e-hotspot--icon\">\n\n\t\t\t\t\t\t\t\t<div class=\"e-hotspot__button e-hotspot--expand\">\n\t\t\t\t\t\t\t\t\t\t\t\t\t\t\t\t\t\t<div class=\"e-hotspot__icon\"><i class=\"fas fa-sun\"><\/i><\/div>\n\t\t\t\t\t\t\t\t\t\t\t\t\t\t\t\t\t\t\t\t\t<\/div>\n\n\t\t\t\t\t\t\t\t\t\t\t\t\t\t\t\t\t\t\t<div class=\"e-hotspot__direction-mask e-hotspot--tooltip-position\">\n\t\t\t\t\t\t\t\t\t\t<div class=\"e-hotspot__tooltip   e-hotspot--fade-direction \" >\n\t\t\t\t\t\t<p>Das Herzst\u00fcck jeder PV-Anlage. Wir verbauen f\u00fcr Sie nur <strong>Module<\/strong> h\u00f6chster Qualit\u00e4t, die das maximale aus den Sonnenstrahlen herausholen. Dabei setzen wir auf renommierte Hersteller, wie JA Solar, Trina Solar oder Ryzen, die besten Bankability-Kriterien aufweisen.<\/p>\t\t\t\t\t<\/div>\n\t\t\t\t\t\t\t\t\t\t\t<\/div>\n\t\t\t\t\t\t\t\t\t\n\t\t\t<\/div>\n\n\t\n\t\t\t\t\t\t<div class=\"e-hotspot elementor-repeater-item-8a29d46  e-hotspot--position-left e-hotspot--position-top   e-hotspot--icon\">\n\n\t\t\t\t\t\t\t\t<div class=\"e-hotspot__button e-hotspot--expand\">\n\t\t\t\t\t\t\t\t\t\t\t\t\t\t\t\t\t\t<div class=\"e-hotspot__icon\"><svg xmlns=\"http:\/\/www.w3.org\/2000\/svg\" xmlns:xlink=\"http:\/\/www.w3.org\/1999\/xlink\" id=\"Ebene_1\" x=\"0px\" y=\"0px\" viewBox=\"0 0 250 250\" style=\"enable-background:new 0 0 250 250;\" xml:space=\"preserve\"><rect x=\"104.5\" y=\"183\" width=\"145.5\" height=\"27.3\"><\/rect><rect x=\"104.5\" y=\"224.9\" width=\"67.2\" height=\"25.1\"><\/rect><rect x=\"182.8\" y=\"224.9\" width=\"67.2\" height=\"25.1\"><\/rect><g>\t<path d=\"M168,49.4c-9.9,13.3-23.3,19.3-39.6,19.3C103.4,68.7,62,38,37,38c-14.6,0-26.8,7.3-36.7,20.7V18C9.1,6,21.9,0,39.3,0   c31.4,0,59.4,30,93.2,30c13.4,0,25.6-6,35.5-18.7V49.4z\"><\/path><\/g><rect x=\"-30.4\" y=\"121.6\" transform=\"matrix(0.7814 -0.624 0.624 0.7814 -50.6776 105.318)\" width=\"310.8\" height=\"6.7\"><\/rect><\/svg><\/div>\n\t\t\t\t\t\t\t\t\t\t\t\t\t\t\t\t\t\t\t\t\t<\/div>\n\n\t\t\t\t\t\t\t\t\t\t\t\t\t\t\t\t\t\t\t<div class=\"e-hotspot__direction-mask e-hotspot--tooltip-position\">\n\t\t\t\t\t\t\t\t\t\t<div class=\"e-hotspot__tooltip   e-hotspot--fade-direction \" >\n\t\t\t\t\t\t<p><strong>Wechselrichter<\/strong>: Aus \u00fcber 1.000 Volt DC-Spannung wird AC-Niederspannung: Je nach Anlagengr\u00f6\u00dfe verwenden wir 400 oder 800 Volt-Multistring-Wechselrichter. So erreichen wir optimale Leistungswerte, ohne ein zu gro\u00dfes Klumpenrisiko f\u00fcr den Fall eines defekten Wechselrichters einzugehen. Die Verstringungsplanung erstellen wir anlagenindividuell w\u00e4hrend der Planungsphase.<\/p>\t\t\t\t\t<\/div>\n\t\t\t\t\t\t\t\t\t\t\t<\/div>\n\t\t\t\t\t\t\t\t\t\n\t\t\t<\/div>\n\n\t\n\t\t\t\t\t\t<div class=\"e-hotspot elementor-repeater-item-9ab1b43  e-hotspot--position-left e-hotspot--position-top   e-hotspot--icon\">\n\n\t\t\t\t\t\t\t\t<div class=\"e-hotspot__button e-hotspot--expand\">\n\t\t\t\t\t\t\t\t\t\t\t\t\t\t\t\t\t\t<div class=\"e-hotspot__icon\"><svg xmlns=\"http:\/\/www.w3.org\/2000\/svg\" xmlns:xlink=\"http:\/\/www.w3.org\/1999\/xlink\" id=\"Ebene_1\" x=\"0px\" y=\"0px\" viewBox=\"0 0 250 250\" style=\"enable-background:new 0 0 250 250;\" xml:space=\"preserve\"><path d=\"M182,112c-31.5-31.3-82.4-31.1-113.7,0.4c-31.3,31.5-31.1,82.4,0.4,113.7c31.5,31.3,82.4,31.1,113.7-0.4  S213.5,143.3,182,112z M86.5,208.2c-21.6-21.5-21.7-56.4-0.3-78.1s56.4-21.7,78.1-0.3c21.6,21.5,21.7,56.4,0.3,78.1  S108.1,229.6,86.5,208.2z\"><\/path><path d=\"M182,24.7C150.5-6.6,99.6-6.4,68.3,25.1C37,56.6,37.2,107.5,68.7,138.8c31.5,31.3,82.4,31.1,113.7-0.4S213.5,56,182,24.7z   M86.5,120.9c-21.6-21.5-21.7-56.4-0.3-78.1s56.4-21.7,78.1-0.3c21.6,21.5,21.7,56.4,0.3,78.1S108.1,142.4,86.5,120.9z\"><\/path><\/svg><\/div>\n\t\t\t\t\t\t\t\t\t\t\t\t\t\t\t\t\t\t\t\t\t<\/div>\n\n\t\t\t\t\t\t\t\t\t\t\t\t\t\t\t\t\t\t\t<div class=\"e-hotspot__direction-mask e-hotspot--tooltip-position\">\n\t\t\t\t\t\t\t\t\t\t<div class=\"e-hotspot__tooltip   e-hotspot--fade-direction \" >\n\t\t\t\t\t\t<p>Eine starke Produktion ben\u00f6tigt viel Leistung. Daher sind die meisten Industrieunternehmen direkt an das Mittelspannungsnetz angeschlossen und verf\u00fcgen \u00fcber <strong>eigene<\/strong> <strong>Transformatoren<\/strong>. Wir greifen die vorhandene Infrastruktur auf und stellen den PV-Strom zum direkten Eigenverbrauch oder die transformierte Einspeisung zur Verf\u00fcgung.<\/p>\t\t\t\t\t<\/div>\n\t\t\t\t\t\t\t\t\t\t\t<\/div>\n\t\t\t\t\t\t\t\t\t\n\t\t\t<\/div>\n\n\t\n\t\t\t\t\t\t<div class=\"e-hotspot elementor-repeater-item-9a7a257  e-hotspot--position-left e-hotspot--position-top   e-hotspot--icon\">\n\n\t\t\t\t\t\t\t\t<div class=\"e-hotspot__button e-hotspot--expand\">\n\t\t\t\t\t\t\t\t\t\t\t\t\t\t\t\t\t\t<div class=\"e-hotspot__icon\"><i class=\"fas fa-cog\"><\/i><\/div>\n\t\t\t\t\t\t\t\t\t\t\t\t\t\t\t\t\t\t\t\t\t<\/div>\n\n\t\t\t\t\t\t\t\t\t\t\t\t\t\t\t\t\t\t\t<div class=\"e-hotspot__direction-mask e-hotspot--tooltip-position\">\n\t\t\t\t\t\t\t\t\t\t<div class=\"e-hotspot__tooltip   e-hotspot--fade-direction \" >\n\t\t\t\t\t\t<p><strong>Eigenverbrauch<\/strong> ist die wirtschaftlich und technisch sinnvollste Verwendung von selbsterzeugtem PV-Strom: Keine unn\u00f6tigen \u00dcbertragungsverluste und keine teuren Netzgeb\u00fchren. Der Strom kann direkt auf der Niederspannungsebene abgegriffen und in Ihre Produktion geleitet werden.<\/p>\t\t\t\t\t<\/div>\n\t\t\t\t\t\t\t\t\t\t\t<\/div>\n\t\t\t\t\t\t\t\t\t\n\t\t\t<\/div>\n\n\t\n\t\t\t\t\t\t<div class=\"e-hotspot elementor-repeater-item-9029e24  e-hotspot--position-left e-hotspot--position-top   e-hotspot--icon\">\n\n\t\t\t\t\t\t\t\t<div class=\"e-hotspot__button e-hotspot--expand\">\n\t\t\t\t\t\t\t\t\t\t\t\t\t\t\t\t\t\t<div class=\"e-hotspot__icon\"><i class=\"fas fa-car-battery\"><\/i><\/div>\n\t\t\t\t\t\t\t\t\t\t\t\t\t\t\t\t\t\t\t\t\t<\/div>\n\n\t\t\t\t\t\t\t\t\t\t\t\t\t\t\t\t\t\t\t<div class=\"e-hotspot__direction-mask e-hotspot--tooltip-position\">\n\t\t\t\t\t\t\t\t\t\t<div class=\"e-hotspot__tooltip   e-hotspot--fade-direction \" >\n\t\t\t\t\t\t<p>Mit dem Umstieg auf <strong>stromgetriebene Mobilit\u00e4t<\/strong> kommt eine ganz neue Herausforderung auf viele Unternehmen zu: Die Schaffung von Ladeinfra\u00adstruktur. Eine eigene PV-Anlage kann helfen, den Kraftstoff der Zukunft, Strom, g\u00fcnstig bereit zu stellen und gleichzeitig die ben\u00f6tigte Netzinfrastruktur auszubauen und auszunutzen.<\/p>\t\t\t\t\t<\/div>\n\t\t\t\t\t\t\t\t\t\t\t<\/div>\n\t\t\t\t\t\t\t\t\t\n\t\t\t<\/div>\n\n\t\n\t\t\t\t\t\t<div class=\"e-hotspot elementor-repeater-item-3180621  e-hotspot--position-left e-hotspot--position-top   e-hotspot--icon\">\n\n\t\t\t\t\t\t\t\t<div class=\"e-hotspot__button e-hotspot--expand\">\n\t\t\t\t\t\t\t\t\t\t\t\t\t\t\t\t\t\t<div class=\"e-hotspot__icon\"><i class=\"fas fa-exchange-alt\"><\/i><\/div>\n\t\t\t\t\t\t\t\t\t\t\t\t\t\t\t\t\t\t\t\t\t<\/div>\n\n\t\t\t\t\t\t\t\t\t\t\t\t\t\t\t\t\t\t\t<div class=\"e-hotspot__direction-mask e-hotspot--tooltip-position\">\n\t\t\t\t\t\t\t\t\t\t<div class=\"e-hotspot__tooltip   e-hotspot--fade-direction \" >\n\t\t\t\t\t\t<p>Falls die vorhandene Strominfrastruktur nicht ausreicht oder gr\u00f6\u00dfere Distanzen bis zum \u00f6ffent\u00adlichen Netz zur\u00fcckzulegen sind, k\u00f6nnen wir mit unseren hauseigenen <strong>Trans\u00adformator\u00adkompakt\u00adstationen<\/strong> aushelfen. Diese sind als \u00dcbergabe\u00adstationen zum Netzbetreiber zertifiziert, k\u00f6nnen aber auch zus\u00e4tzlich noch Transformatorleistung oder Niederspannungsanschl\u00fcsse zur Verf\u00fcgung stellen.<\/p>\t\t\t\t\t<\/div>\n\t\t\t\t\t\t\t\t\t\t\t<\/div>\n\t\t\t\t\t\t\t\t\t\n\t\t\t<\/div>\n\n\t\n\t\t\t\t\t\t<div class=\"e-hotspot elementor-repeater-item-179f028  e-hotspot--position-left e-hotspot--position-top   e-hotspot--icon\">\n\n\t\t\t\t\t\t\t\t<div class=\"e-hotspot__button e-hotspot--expand\">\n\t\t\t\t\t\t\t\t\t\t\t\t\t\t\t\t\t\t<div class=\"e-hotspot__icon\"><i class=\"fas fa-bolt\"><\/i><\/div>\n\t\t\t\t\t\t\t\t\t\t\t\t\t\t\t\t\t\t\t\t\t<\/div>\n\n\t\t\t\t\t\t\t\t\t\t\t\t\t\t\t\t\t\t\t<div class=\"e-hotspot__direction-mask e-hotspot--tooltip-position\">\n\t\t\t\t\t\t\t\t\t\t<div class=\"e-hotspot__tooltip   e-hotspot--fade-direction \" >\n\t\t\t\t\t\t<p>Das \u00f6rtliche <strong>Mittelspannungsnetz<\/strong> bringt den Strom bis in Ihr Unternehmen \u2013 und transportiert Ihren \u00fcbersch\u00fcssigen Solarstrom zum n\u00e4chsten Abnehmer. Daf\u00fcr pflegt der Netzbetreiber ein Mittelspannungsnetz mit mindestens 10.000-Volt \u2013 und Sie einen Netzanschluss, der auf diese Spannungen ausgelegt ist.<\/p>\t\t\t\t\t<\/div>\n\t\t\t\t\t\t\t\t\t\t\t<\/div>\n\t\t\t\t\t\t\t\t\t\n\t\t\t<\/div>\n\n\t\n\t\t\t\t\t\t<\/div>\n\t\t\t\t<\/div>\n\t\t\t\t<div class=\"elementor-element elementor-element-f82a589 elementor-hidden-desktop elementor-hidden-tablet elementor-widget elementor-widget-image\" data-id=\"f82a589\" data-element_type=\"widget\" data-e-type=\"widget\" data-widget_type=\"image.default\">\n\t\t\t\t<div class=\"elementor-widget-container\">\n\t\t\t\t\t\t\t\t\t\t\t\t\t\t\t<img decoding=\"async\" src=\"https:\/\/faber-solartechnik.de\/wp-content\/uploads\/elementor\/thumbs\/Netzanschluss-Fabrik-mobil-1-qanwp68sgwehu528xb4rydfiu6t03vte7prge7dhs2.jpg\" title=\"Netzanschluss-Fabrik-mobil\" alt=\"Netzanschluss-Fabrik-mobil\" loading=\"lazy\" \/>\t\t\t\t\t\t\t\t\t\t\t\t\t\t\t<\/div>\n\t\t\t\t<\/div>\n\t\t\t\t<div class=\"elementor-element elementor-element-c9af8c1 abc-accordion elementor-hidden-desktop elementor-hidden-tablet elementor-widget elementor-widget-bdt-accordion\" data-id=\"c9af8c1\" data-element_type=\"widget\" data-e-type=\"widget\" data-widget_type=\"bdt-accordion.default\">\n\t\t\t\t<div class=\"elementor-widget-container\">\n\t\t\t\t\t\t\t<div class=\"bdt-ep-accordion-container\">\n\t\t\t<div id=\"bdt-ep-accordion-c9af8c1\" class=\"bdt-ep-accordion bdt-accordion\" data-bdt-accordion=\"{&quot;collapsible&quot;:false,&quot;multiple&quot;:false,&quot;animation&quot;:true,&quot;transition&quot;:&quot;ease-in-out&quot;,&quot;duration&quot;:200}\" \t\tdata-settings=\"{&quot;id&quot;:&quot;bdt-ep-accordion-c9af8c1&quot;,&quot;activeHash&quot;:&quot;&quot;,&quot;activeScrollspy&quot;:null,&quot;hashTopOffset&quot;:false,&quot;hashScrollspyTime&quot;:false,&quot;closeAllItemsOnMobile&quot;:false}\">\n\t\t\t\t\t\t\t\t\t<div class=\"bdt-ep-accordion-item\">\n\t\t\t\t\t\t<h3\t\t\t\t\t\t\tclass=\"bdt-ep-accordion-title bdt-accordion-title bdt-flex bdt-flex-middle bdt-flex-between\" id=\"bdt-ep-accordion-1-module\"\n\t\t\t\t\t\t\tdata-accordion-index=\"0\" data-title=\"1-module\">\n\n\t\t\t\t\t\t\t\t\t\t\t\t\t\t\t<span class=\"bdt-ep-accordion-icon bdt-flex-align-right\"\n\t\t\t\t\t\t\t\t\taria-hidden=\"true\">\n\n\t\t\t\t\t\t\t\t\t\t\t\t\t\t\t\t\t\t\t<span class=\"bdt-ep-accordion-icon-closed\">\n\t\t\t\t\t\t\t\t\t\t\t<i aria-hidden=\"true\" class=\"fa-fw fas fa-plus\"><\/i>\t\t\t\t\t\t\t\t\t\t<\/span>\n\t\t\t\t\t\t\t\t\t\n\t\t\t\t\t\t\t\t\t\t\t\t\t\t\t\t\t\t\t<span class=\"bdt-ep-accordion-icon-opened\">\n\t\t\t\t\t\t\t\t\t\t\t<i aria-hidden=\"true\" class=\"fa-fw fas fa-minus\"><\/i>\t\t\t\t\t\t\t\t\t\t<\/span>\n\t\t\t\t\t\t\t\t\t\n\t\t\t\t\t\t\t\t<\/span>\n\t\t\t\t\t\t\t\n\t\t\t\t\t\t\t<span role=\"heading\" class=\"bdt-ep-title-text bdt-flex-inline bdt-flex-middle\" >\n\n\t\t\t\t\t\t\t\t\t\t\t\t\t\t\t\t\t<span class=\"bdt-ep-accordion-custom-icon\">\n\t\t\t\t\t\t\t\t\t\t<i aria-hidden=\"true\" class=\"fa-fw fas fa-solar-panel\"><\/i>\t\t\t\t\t\t\t\t\t<\/span>\n\t\t\t\t\t\t\t\t\t\t\t\t\t\t\t\t1. Module\t\t\t\t\t\t\t<\/span>\n\n\t\t\t\t\t\t<\/h3>\n\t\t\t\t\t\t<div class=\"bdt-ep-accordion-content bdt-accordion-content\">\n\t\t\t\t\t\t\t<p>Das Herzst\u00fcck jeder PV-Anlage. Wir verbauen f\u00fcr Sie nur <strong>Module<\/strong> h\u00f6chster Qualit\u00e4t, die das maximale aus den Sonnenstrahlen herausholen. Dabei setzen wir auf renommierte Hersteller, wie JA Solar, Trina Solar oder Ryzen, die besten Bankability-Kriterien aufweisen.<\/p>\t\t\t\t\t\t<\/div>\n\t\t\t\t\t<\/div>\n\t\t\t\t\t\t\t\t\t<div class=\"bdt-ep-accordion-item\">\n\t\t\t\t\t\t<h3\t\t\t\t\t\t\tclass=\"bdt-ep-accordion-title bdt-accordion-title bdt-flex bdt-flex-middle bdt-flex-between\" id=\"bdt-ep-accordion-2-wechselrichter\"\n\t\t\t\t\t\t\tdata-accordion-index=\"1\" data-title=\"2-wechselrichter\">\n\n\t\t\t\t\t\t\t\t\t\t\t\t\t\t\t<span class=\"bdt-ep-accordion-icon bdt-flex-align-right\"\n\t\t\t\t\t\t\t\t\taria-hidden=\"true\">\n\n\t\t\t\t\t\t\t\t\t\t\t\t\t\t\t\t\t\t\t<span class=\"bdt-ep-accordion-icon-closed\">\n\t\t\t\t\t\t\t\t\t\t\t<i aria-hidden=\"true\" class=\"fa-fw fas fa-plus\"><\/i>\t\t\t\t\t\t\t\t\t\t<\/span>\n\t\t\t\t\t\t\t\t\t\n\t\t\t\t\t\t\t\t\t\t\t\t\t\t\t\t\t\t\t<span class=\"bdt-ep-accordion-icon-opened\">\n\t\t\t\t\t\t\t\t\t\t\t<i aria-hidden=\"true\" class=\"fa-fw fas fa-minus\"><\/i>\t\t\t\t\t\t\t\t\t\t<\/span>\n\t\t\t\t\t\t\t\t\t\n\t\t\t\t\t\t\t\t<\/span>\n\t\t\t\t\t\t\t\n\t\t\t\t\t\t\t<span role=\"heading\" class=\"bdt-ep-title-text bdt-flex-inline bdt-flex-middle\" >\n\n\t\t\t\t\t\t\t\t\t\t\t\t\t\t\t\t\t<span class=\"bdt-ep-accordion-custom-icon\">\n\t\t\t\t\t\t\t\t\t\t<svg xmlns=\"http:\/\/www.w3.org\/2000\/svg\" xmlns:xlink=\"http:\/\/www.w3.org\/1999\/xlink\" id=\"Ebene_1\" x=\"0px\" y=\"0px\" viewBox=\"0 0 250 250\" style=\"enable-background:new 0 0 250 250;\" xml:space=\"preserve\"><rect x=\"104.5\" y=\"183\" width=\"145.5\" height=\"27.3\"><\/rect><rect x=\"104.5\" y=\"224.9\" width=\"67.2\" height=\"25.1\"><\/rect><rect x=\"182.8\" y=\"224.9\" width=\"67.2\" height=\"25.1\"><\/rect><g>\t<path d=\"M168,49.4c-9.9,13.3-23.3,19.3-39.6,19.3C103.4,68.7,62,38,37,38c-14.6,0-26.8,7.3-36.7,20.7V18C9.1,6,21.9,0,39.3,0   c31.4,0,59.4,30,93.2,30c13.4,0,25.6-6,35.5-18.7V49.4z\"><\/path><\/g><rect x=\"-30.4\" y=\"121.6\" transform=\"matrix(0.7814 -0.624 0.624 0.7814 -50.6776 105.318)\" width=\"310.8\" height=\"6.7\"><\/rect><\/svg>\t\t\t\t\t\t\t\t\t<\/span>\n\t\t\t\t\t\t\t\t\t\t\t\t\t\t\t\t2. Wechselrichter\t\t\t\t\t\t\t<\/span>\n\n\t\t\t\t\t\t<\/h3>\n\t\t\t\t\t\t<div class=\"bdt-ep-accordion-content bdt-accordion-content\">\n\t\t\t\t\t\t\t<p>Aus \u00fcber 1.000 Volt DC-Spannung wird AC-Niederspannung: Je nach Anlagengr\u00f6\u00dfe verwenden wir 400 oder 800 Volt-Multistring-Wechselrichter. So erreichen wir optimale Leistungswerte, ohne ein zu gro\u00dfes Klumpenrisiko f\u00fcr den Fall eines defekten Wechselrichters einzugehen. Die Verstringungsplanung erstellen wir anlagenindividuell w\u00e4hrend der Planungsphase.<\/p>\t\t\t\t\t\t<\/div>\n\t\t\t\t\t<\/div>\n\t\t\t\t\t\t\t\t\t<div class=\"bdt-ep-accordion-item\">\n\t\t\t\t\t\t<h3\t\t\t\t\t\t\tclass=\"bdt-ep-accordion-title bdt-accordion-title bdt-flex bdt-flex-middle bdt-flex-between\" id=\"bdt-ep-accordion-3-eigene-transformatoren\"\n\t\t\t\t\t\t\tdata-accordion-index=\"2\" data-title=\"3-eigene-transformatoren\">\n\n\t\t\t\t\t\t\t\t\t\t\t\t\t\t\t<span class=\"bdt-ep-accordion-icon bdt-flex-align-right\"\n\t\t\t\t\t\t\t\t\taria-hidden=\"true\">\n\n\t\t\t\t\t\t\t\t\t\t\t\t\t\t\t\t\t\t\t<span class=\"bdt-ep-accordion-icon-closed\">\n\t\t\t\t\t\t\t\t\t\t\t<i aria-hidden=\"true\" class=\"fa-fw fas fa-plus\"><\/i>\t\t\t\t\t\t\t\t\t\t<\/span>\n\t\t\t\t\t\t\t\t\t\n\t\t\t\t\t\t\t\t\t\t\t\t\t\t\t\t\t\t\t<span class=\"bdt-ep-accordion-icon-opened\">\n\t\t\t\t\t\t\t\t\t\t\t<i aria-hidden=\"true\" class=\"fa-fw fas fa-minus\"><\/i>\t\t\t\t\t\t\t\t\t\t<\/span>\n\t\t\t\t\t\t\t\t\t\n\t\t\t\t\t\t\t\t<\/span>\n\t\t\t\t\t\t\t\n\t\t\t\t\t\t\t<span role=\"heading\" class=\"bdt-ep-title-text bdt-flex-inline bdt-flex-middle\" >\n\n\t\t\t\t\t\t\t\t\t\t\t\t\t\t\t\t\t<span class=\"bdt-ep-accordion-custom-icon\">\n\t\t\t\t\t\t\t\t\t\t<svg xmlns=\"http:\/\/www.w3.org\/2000\/svg\" xmlns:xlink=\"http:\/\/www.w3.org\/1999\/xlink\" id=\"Ebene_1\" x=\"0px\" y=\"0px\" viewBox=\"0 0 250 250\" style=\"enable-background:new 0 0 250 250;\" xml:space=\"preserve\"><path d=\"M182,112c-31.5-31.3-82.4-31.1-113.7,0.4c-31.3,31.5-31.1,82.4,0.4,113.7c31.5,31.3,82.4,31.1,113.7-0.4  S213.5,143.3,182,112z M86.5,208.2c-21.6-21.5-21.7-56.4-0.3-78.1s56.4-21.7,78.1-0.3c21.6,21.5,21.7,56.4,0.3,78.1  S108.1,229.6,86.5,208.2z\"><\/path><path d=\"M182,24.7C150.5-6.6,99.6-6.4,68.3,25.1C37,56.6,37.2,107.5,68.7,138.8c31.5,31.3,82.4,31.1,113.7-0.4S213.5,56,182,24.7z   M86.5,120.9c-21.6-21.5-21.7-56.4-0.3-78.1s56.4-21.7,78.1-0.3c21.6,21.5,21.7,56.4,0.3,78.1S108.1,142.4,86.5,120.9z\"><\/path><\/svg>\t\t\t\t\t\t\t\t\t<\/span>\n\t\t\t\t\t\t\t\t\t\t\t\t\t\t\t\t3. Eigene Transformatoren\t\t\t\t\t\t\t<\/span>\n\n\t\t\t\t\t\t<\/h3>\n\t\t\t\t\t\t<div class=\"bdt-ep-accordion-content bdt-accordion-content\">\n\t\t\t\t\t\t\t<p>Eine starke Produktion ben\u00f6tigt viel Leistung. Daher sind die meisten Industrieunternehmen direkt an das Mittelspannungsnetz angeschlossen und verf\u00fcgen \u00fcber <strong>eigene<\/strong> <strong>Transformatoren<\/strong>. Wir greifen die vorhandene Infrastruktur auf und stellen den PV-Strom zum direkten Eigenverbrauch oder die transformierte Einspeisung zur Verf\u00fcgung.<\/p>\t\t\t\t\t\t<\/div>\n\t\t\t\t\t<\/div>\n\t\t\t\t\t\t\t\t\t<div class=\"bdt-ep-accordion-item\">\n\t\t\t\t\t\t<h3\t\t\t\t\t\t\tclass=\"bdt-ep-accordion-title bdt-accordion-title bdt-flex bdt-flex-middle bdt-flex-between\" id=\"bdt-ep-accordion-4-eigenverbrauch\"\n\t\t\t\t\t\t\tdata-accordion-index=\"3\" data-title=\"4-eigenverbrauch\">\n\n\t\t\t\t\t\t\t\t\t\t\t\t\t\t\t<span class=\"bdt-ep-accordion-icon bdt-flex-align-right\"\n\t\t\t\t\t\t\t\t\taria-hidden=\"true\">\n\n\t\t\t\t\t\t\t\t\t\t\t\t\t\t\t\t\t\t\t<span class=\"bdt-ep-accordion-icon-closed\">\n\t\t\t\t\t\t\t\t\t\t\t<i aria-hidden=\"true\" class=\"fa-fw fas fa-plus\"><\/i>\t\t\t\t\t\t\t\t\t\t<\/span>\n\t\t\t\t\t\t\t\t\t\n\t\t\t\t\t\t\t\t\t\t\t\t\t\t\t\t\t\t\t<span class=\"bdt-ep-accordion-icon-opened\">\n\t\t\t\t\t\t\t\t\t\t\t<i aria-hidden=\"true\" class=\"fa-fw fas fa-minus\"><\/i>\t\t\t\t\t\t\t\t\t\t<\/span>\n\t\t\t\t\t\t\t\t\t\n\t\t\t\t\t\t\t\t<\/span>\n\t\t\t\t\t\t\t\n\t\t\t\t\t\t\t<span role=\"heading\" class=\"bdt-ep-title-text bdt-flex-inline bdt-flex-middle\" >\n\n\t\t\t\t\t\t\t\t\t\t\t\t\t\t\t\t\t<span class=\"bdt-ep-accordion-custom-icon\">\n\t\t\t\t\t\t\t\t\t\t<i aria-hidden=\"true\" class=\"fa-fw fas fa-cogs\"><\/i>\t\t\t\t\t\t\t\t\t<\/span>\n\t\t\t\t\t\t\t\t\t\t\t\t\t\t\t\t4. Eigenverbrauch\t\t\t\t\t\t\t<\/span>\n\n\t\t\t\t\t\t<\/h3>\n\t\t\t\t\t\t<div class=\"bdt-ep-accordion-content bdt-accordion-content\">\n\t\t\t\t\t\t\t<p><strong>Eigenverbrauch<\/strong> ist die wirtschaftlich und technisch sinnvollste Verwendung von selbsterzeugtem PV-Strom: Keine unn\u00f6tigen \u00dcbertragungsverluste und keine teuren Netzgeb\u00fchren. Der Strom kann direkt auf der Niederspannungsebene abgegriffen und in Ihre Produktion geleitet werden.<\/p>\t\t\t\t\t\t<\/div>\n\t\t\t\t\t<\/div>\n\t\t\t\t\t\t\t\t\t<div class=\"bdt-ep-accordion-item\">\n\t\t\t\t\t\t<h3\t\t\t\t\t\t\tclass=\"bdt-ep-accordion-title bdt-accordion-title bdt-flex bdt-flex-middle bdt-flex-between\" id=\"bdt-ep-accordion-5-stromgetriebene-mobilitt\"\n\t\t\t\t\t\t\tdata-accordion-index=\"4\" data-title=\"5-stromgetriebene-mobilit-t\">\n\n\t\t\t\t\t\t\t\t\t\t\t\t\t\t\t<span class=\"bdt-ep-accordion-icon bdt-flex-align-right\"\n\t\t\t\t\t\t\t\t\taria-hidden=\"true\">\n\n\t\t\t\t\t\t\t\t\t\t\t\t\t\t\t\t\t\t\t<span class=\"bdt-ep-accordion-icon-closed\">\n\t\t\t\t\t\t\t\t\t\t\t<i aria-hidden=\"true\" class=\"fa-fw fas fa-plus\"><\/i>\t\t\t\t\t\t\t\t\t\t<\/span>\n\t\t\t\t\t\t\t\t\t\n\t\t\t\t\t\t\t\t\t\t\t\t\t\t\t\t\t\t\t<span class=\"bdt-ep-accordion-icon-opened\">\n\t\t\t\t\t\t\t\t\t\t\t<i aria-hidden=\"true\" class=\"fa-fw fas fa-minus\"><\/i>\t\t\t\t\t\t\t\t\t\t<\/span>\n\t\t\t\t\t\t\t\t\t\n\t\t\t\t\t\t\t\t<\/span>\n\t\t\t\t\t\t\t\n\t\t\t\t\t\t\t<span role=\"heading\" class=\"bdt-ep-title-text bdt-flex-inline bdt-flex-middle\" >\n\n\t\t\t\t\t\t\t\t\t\t\t\t\t\t\t\t\t<span class=\"bdt-ep-accordion-custom-icon\">\n\t\t\t\t\t\t\t\t\t\t<i aria-hidden=\"true\" class=\"fa-fw fas fa-car\"><\/i>\t\t\t\t\t\t\t\t\t<\/span>\n\t\t\t\t\t\t\t\t\t\t\t\t\t\t\t\t5. Stromgetriebene Mobilit\u00e4t\t\t\t\t\t\t\t<\/span>\n\n\t\t\t\t\t\t<\/h3>\n\t\t\t\t\t\t<div class=\"bdt-ep-accordion-content bdt-accordion-content\">\n\t\t\t\t\t\t\t<p>Mit dem Umstieg auf <strong>stromgetriebene Mobilit\u00e4t<\/strong> kommt eine ganz neue Herausforderung auf viele Unternehmen zu: Die Schaffung von Ladeinfra\u00adstruktur. Eine eigene PV-Anlage kann helfen, den Kraftstoff der Zukunft, Strom, g\u00fcnstig bereit zu stellen und gleichzeitig die ben\u00f6tigte Netzinfrastruktur auszubauen und auszunutzen.<\/p>\t\t\t\t\t\t<\/div>\n\t\t\t\t\t<\/div>\n\t\t\t\t\t\t\t\t\t<div class=\"bdt-ep-accordion-item\">\n\t\t\t\t\t\t<h3\t\t\t\t\t\t\tclass=\"bdt-ep-accordion-title bdt-accordion-title bdt-flex bdt-flex-middle bdt-flex-between\" id=\"bdt-ep-accordion-6-transformatorkompaktstationen\"\n\t\t\t\t\t\t\tdata-accordion-index=\"5\" data-title=\"6-trans-formator-kompakt-stationen\">\n\n\t\t\t\t\t\t\t\t\t\t\t\t\t\t\t<span class=\"bdt-ep-accordion-icon bdt-flex-align-right\"\n\t\t\t\t\t\t\t\t\taria-hidden=\"true\">\n\n\t\t\t\t\t\t\t\t\t\t\t\t\t\t\t\t\t\t\t<span class=\"bdt-ep-accordion-icon-closed\">\n\t\t\t\t\t\t\t\t\t\t\t<i aria-hidden=\"true\" class=\"fa-fw fas fa-plus\"><\/i>\t\t\t\t\t\t\t\t\t\t<\/span>\n\t\t\t\t\t\t\t\t\t\n\t\t\t\t\t\t\t\t\t\t\t\t\t\t\t\t\t\t\t<span class=\"bdt-ep-accordion-icon-opened\">\n\t\t\t\t\t\t\t\t\t\t\t<i aria-hidden=\"true\" class=\"fa-fw fas fa-minus\"><\/i>\t\t\t\t\t\t\t\t\t\t<\/span>\n\t\t\t\t\t\t\t\t\t\n\t\t\t\t\t\t\t\t<\/span>\n\t\t\t\t\t\t\t\n\t\t\t\t\t\t\t<span role=\"heading\" class=\"bdt-ep-title-text bdt-flex-inline bdt-flex-middle\" >\n\n\t\t\t\t\t\t\t\t\t\t\t\t\t\t\t\t\t<span class=\"bdt-ep-accordion-custom-icon\">\n\t\t\t\t\t\t\t\t\t\t<i aria-hidden=\"true\" class=\"fa-fw fas fa-exchange-alt\"><\/i>\t\t\t\t\t\t\t\t\t<\/span>\n\t\t\t\t\t\t\t\t\t\t\t\t\t\t\t\t6. Trans\u00adformator\u00adkompakt\u00adstationen\t\t\t\t\t\t\t<\/span>\n\n\t\t\t\t\t\t<\/h3>\n\t\t\t\t\t\t<div class=\"bdt-ep-accordion-content bdt-accordion-content\">\n\t\t\t\t\t\t\t<p>Falls die vorhandene Strominfrastruktur nicht ausreicht oder gr\u00f6\u00dfere Distanzen bis zum \u00f6ffentlichen Netz zur\u00fcckzulegen sind, k\u00f6nnen wir mit unseren hauseigenen Trans\u00adformator\u00adkompakt\u00adstationen aushelfen. Diese sind als \u00dcbergabe\u00adstationen zum Netzbetreiber zertifiziert, k\u00f6nnen aber auch zus\u00e4tzlich noch Transformatorleistung oder Niederspannungsanschl\u00fcsse zur Verf\u00fcgung stellen.<\/p>\t\t\t\t\t\t<\/div>\n\t\t\t\t\t<\/div>\n\t\t\t\t\t\t\t\t\t<div class=\"bdt-ep-accordion-item\">\n\t\t\t\t\t\t<h3\t\t\t\t\t\t\tclass=\"bdt-ep-accordion-title bdt-accordion-title bdt-flex bdt-flex-middle bdt-flex-between\" id=\"bdt-ep-accordion-7-mittelspannung\"\n\t\t\t\t\t\t\tdata-accordion-index=\"6\" data-title=\"7-mittelspannung\">\n\n\t\t\t\t\t\t\t\t\t\t\t\t\t\t\t<span class=\"bdt-ep-accordion-icon bdt-flex-align-right\"\n\t\t\t\t\t\t\t\t\taria-hidden=\"true\">\n\n\t\t\t\t\t\t\t\t\t\t\t\t\t\t\t\t\t\t\t<span class=\"bdt-ep-accordion-icon-closed\">\n\t\t\t\t\t\t\t\t\t\t\t<i aria-hidden=\"true\" class=\"fa-fw fas fa-plus\"><\/i>\t\t\t\t\t\t\t\t\t\t<\/span>\n\t\t\t\t\t\t\t\t\t\n\t\t\t\t\t\t\t\t\t\t\t\t\t\t\t\t\t\t\t<span class=\"bdt-ep-accordion-icon-opened\">\n\t\t\t\t\t\t\t\t\t\t\t<i aria-hidden=\"true\" class=\"fa-fw fas fa-minus\"><\/i>\t\t\t\t\t\t\t\t\t\t<\/span>\n\t\t\t\t\t\t\t\t\t\n\t\t\t\t\t\t\t\t<\/span>\n\t\t\t\t\t\t\t\n\t\t\t\t\t\t\t<span role=\"heading\" class=\"bdt-ep-title-text bdt-flex-inline bdt-flex-middle\" >\n\n\t\t\t\t\t\t\t\t\t\t\t\t\t\t\t\t\t<span class=\"bdt-ep-accordion-custom-icon\">\n\t\t\t\t\t\t\t\t\t\t<i aria-hidden=\"true\" class=\"fa-fw fas fa-bolt\"><\/i>\t\t\t\t\t\t\t\t\t<\/span>\n\t\t\t\t\t\t\t\t\t\t\t\t\t\t\t\t7. Mittelspannung\t\t\t\t\t\t\t<\/span>\n\n\t\t\t\t\t\t<\/h3>\n\t\t\t\t\t\t<div class=\"bdt-ep-accordion-content bdt-accordion-content\">\n\t\t\t\t\t\t\t<p>Das \u00f6rtliche Mittelspannungsnetz bringt den Strom bis in Ihr Unternehmen \u2013 und transportiert Ihren \u00fcbersch\u00fcssigen Solarstrom zum n\u00e4chsten Abnehmer. Daf\u00fcr pflegt der Netzbetreiber ein Mittelspannungsnetz mit mindestens 10.000-Volt \u2013 und Sie einen Netzanschluss, der auf diese Spannungen ausgelegt ist.<\/p>\t\t\t\t\t\t<\/div>\n\t\t\t\t\t<\/div>\n\t\t\t\t\t\t\t<\/div>\n\t\t<\/div>\n\t\t\t\t\t\t<\/div>\n\t\t\t\t<\/div>\n\t\t\t\t\t<\/div>\n\t\t<\/div>\n\t\t\t\t\t<\/div>\n\t\t<\/section>\n\t\t\t\t<section class=\"elementor-section elementor-top-section elementor-element elementor-element-ee931e0 elementor-section-boxed elementor-section-height-default elementor-section-height-default\" data-id=\"ee931e0\" data-element_type=\"section\" data-e-type=\"section\" id=\"spielwiesen\">\n\t\t\t\t\t\t<div class=\"elementor-container elementor-column-gap-wider\">\n\t\t\t\t\t<div class=\"elementor-column elementor-col-100 elementor-top-column elementor-element elementor-element-b146fe0 elementor-invisible\" data-id=\"b146fe0\" data-element_type=\"column\" data-e-type=\"column\" data-settings=\"{&quot;animation&quot;:&quot;fadeInUp&quot;}\">\n\t\t\t<div class=\"elementor-widget-wrap elementor-element-populated\">\n\t\t\t\t\t\t<div class=\"elementor-element elementor-element-6157387 animated-slow elementor-invisible elementor-widget elementor-widget-heading\" data-id=\"6157387\" data-element_type=\"widget\" data-e-type=\"widget\" data-settings=\"{&quot;_animation&quot;:&quot;fadeInDown&quot;}\" data-widget_type=\"heading.default\">\n\t\t\t\t<div class=\"elementor-widget-container\">\n\t\t\t\t\t<span class=\"elementor-heading-title elementor-size-default\">Unsere Photovoltaik<\/span>\t\t\t\t<\/div>\n\t\t\t\t<\/div>\n\t\t\t\t<div class=\"elementor-element elementor-element-84383aa gradbluettl elementor-invisible elementor-widget elementor-widget-heading\" data-id=\"84383aa\" data-element_type=\"widget\" data-e-type=\"widget\" data-settings=\"{&quot;_animation&quot;:&quot;fadeInDown&quot;}\" data-widget_type=\"heading.default\">\n\t\t\t\t<div class=\"elementor-widget-container\">\n\t\t\t\t\t<h2 class=\"elementor-heading-title elementor-size-default\">Spielwiesen<\/h2>\t\t\t\t<\/div>\n\t\t\t\t<\/div>\n\t\t\t\t<div class=\"elementor-element elementor-element-ad6d449 animated-slow elementor-widget-divider--view-line elementor-invisible elementor-widget elementor-widget-divider\" data-id=\"ad6d449\" data-element_type=\"widget\" data-e-type=\"widget\" data-settings=\"{&quot;_animation&quot;:&quot;fadeInDown&quot;}\" data-widget_type=\"divider.default\">\n\t\t\t\t<div class=\"elementor-widget-container\">\n\t\t\t\t\t\t\t<div class=\"elementor-divider\">\n\t\t\t<span class=\"elementor-divider-separator\">\n\t\t\t\t\t\t<\/span>\n\t\t<\/div>\n\t\t\t\t\t\t<\/div>\n\t\t\t\t<\/div>\n\t\t\t\t\t<\/div>\n\t\t<\/div>\n\t\t\t\t\t<\/div>\n\t\t<\/section>\n\t\t\t\t<section class=\"elementor-section elementor-top-section elementor-element elementor-element-ab6e32f spielwiesen elementor-section-full_width elementor-section-height-default elementor-section-height-default\" data-id=\"ab6e32f\" data-element_type=\"section\" data-e-type=\"section\">\n\t\t\t\t\t\t<div class=\"elementor-container elementor-column-gap-default\">\n\t\t\t\t\t<div class=\"elementor-column elementor-col-100 elementor-top-column elementor-element elementor-element-87c41f3\" data-id=\"87c41f3\" data-element_type=\"column\" data-e-type=\"column\" data-settings=\"{&quot;background_background&quot;:&quot;classic&quot;}\">\n\t\t\t<div class=\"elementor-widget-wrap elementor-element-populated\">\n\t\t\t\t\t<div class=\"elementor-background-overlay\"><\/div>\n\t\t\t\t\t\t<section class=\"elementor-section elementor-inner-section elementor-element elementor-element-42ddd0d elementor-section-boxed elementor-section-height-default elementor-section-height-default\" data-id=\"42ddd0d\" data-element_type=\"section\" data-e-type=\"section\" data-settings=\"{&quot;animation_mobile&quot;:&quot;none&quot;}\">\n\t\t\t\t\t\t<div class=\"elementor-container elementor-column-gap-wider\">\n\t\t\t\t\t<div class=\"elementor-column elementor-col-50 elementor-inner-column elementor-element elementor-element-930ba6a runde-ecken darkshadow  animated-slow elementor-invisible\" data-id=\"930ba6a\" data-element_type=\"column\" data-e-type=\"column\" data-settings=\"{&quot;animation&quot;:&quot;fadeInUp&quot;,&quot;background_background&quot;:&quot;classic&quot;}\">\n\t\t\t<div class=\"elementor-widget-wrap elementor-element-populated\">\n\t\t\t\t\t<div class=\"elementor-background-overlay\"><\/div>\n\t\t\t\t\t\t<div class=\"elementor-element elementor-element-5da3e51 elementor-position-left elementor-vertical-align-middle elementor-widget elementor-widget-image-box\" data-id=\"5da3e51\" data-element_type=\"widget\" data-e-type=\"widget\" data-widget_type=\"image-box.default\">\n\t\t\t\t<div class=\"elementor-widget-container\">\n\t\t\t\t\t<div class=\"elementor-image-box-wrapper\"><figure class=\"elementor-image-box-img\"><img loading=\"lazy\" decoding=\"async\" width=\"150\" height=\"150\" src=\"https:\/\/faber-solartechnik.de\/wp-content\/uploads\/2023\/06\/factory-150x150.png\" class=\"attachment-thumbnail size-thumbnail wp-image-3828\" alt=\"\" srcset=\"https:\/\/faber-solartechnik.de\/wp-content\/uploads\/2023\/06\/factory-150x150.png 150w, https:\/\/faber-solartechnik.de\/wp-content\/uploads\/2023\/06\/factory-300x300.png 300w, https:\/\/faber-solartechnik.de\/wp-content\/uploads\/2023\/06\/factory-12x12.png 12w, https:\/\/faber-solartechnik.de\/wp-content\/uploads\/2023\/06\/factory.png 512w\" sizes=\"(max-width: 150px) 100vw, 150px\" \/><\/figure><div class=\"elementor-image-box-content\"><h3 class=\"elementor-image-box-title\">Aufdach<\/h3><\/div><\/div>\t\t\t\t<\/div>\n\t\t\t\t<\/div>\n\t\t\t\t<div class=\"elementor-element elementor-element-2a9015c elementor-widget elementor-widget-text-editor\" data-id=\"2a9015c\" data-element_type=\"widget\" data-e-type=\"widget\" data-widget_type=\"text-editor.default\">\n\t\t\t\t<div class=\"elementor-widget-container\">\n\t\t\t\t\t\t\t\t\t<p>Der Ursprung der Photovoltaik in Deutschland und bis heute das R\u00fcckgrat des Ausbaus der Erneuerbaren Energien. Auf Gewerbe-D\u00e4chern finden sich optimale Voraussetzungen f\u00fcr die z\u00fcgige Entwicklung von Solaranlagen ohne Fl\u00e4chenkonkurrenz und mit der M\u00f6glichkeit zu attraktiver Eigenversorgung.<\/p>\t\t\t\t\t\t\t\t<\/div>\n\t\t\t\t<\/div>\n\t\t\t\t<div class=\"elementor-element elementor-element-bd0b939 elementor-widget__width-auto e-transform e-transform elementor-invisible elementor-widget elementor-widget-button\" data-id=\"bd0b939\" data-element_type=\"widget\" data-e-type=\"widget\" data-settings=\"{&quot;_transform_translateX_effect&quot;:{&quot;unit&quot;:&quot;px&quot;,&quot;size&quot;:-10,&quot;sizes&quot;:[]},&quot;_transform_translateX_effect_hover&quot;:{&quot;unit&quot;:&quot;px&quot;,&quot;size&quot;:0,&quot;sizes&quot;:[]},&quot;_animation&quot;:&quot;fadeInDown&quot;,&quot;_animation_delay&quot;:1000,&quot;_transform_translateX_effect_laptop&quot;:{&quot;unit&quot;:&quot;px&quot;,&quot;size&quot;:&quot;&quot;,&quot;sizes&quot;:[]},&quot;_transform_translateX_effect_tablet_extra&quot;:{&quot;unit&quot;:&quot;px&quot;,&quot;size&quot;:&quot;&quot;,&quot;sizes&quot;:[]},&quot;_transform_translateX_effect_tablet&quot;:{&quot;unit&quot;:&quot;px&quot;,&quot;size&quot;:&quot;&quot;,&quot;sizes&quot;:[]},&quot;_transform_translateX_effect_mobile&quot;:{&quot;unit&quot;:&quot;px&quot;,&quot;size&quot;:&quot;&quot;,&quot;sizes&quot;:[]},&quot;_transform_translateY_effect&quot;:{&quot;unit&quot;:&quot;px&quot;,&quot;size&quot;:&quot;&quot;,&quot;sizes&quot;:[]},&quot;_transform_translateY_effect_laptop&quot;:{&quot;unit&quot;:&quot;px&quot;,&quot;size&quot;:&quot;&quot;,&quot;sizes&quot;:[]},&quot;_transform_translateY_effect_tablet_extra&quot;:{&quot;unit&quot;:&quot;px&quot;,&quot;size&quot;:&quot;&quot;,&quot;sizes&quot;:[]},&quot;_transform_translateY_effect_tablet&quot;:{&quot;unit&quot;:&quot;px&quot;,&quot;size&quot;:&quot;&quot;,&quot;sizes&quot;:[]},&quot;_transform_translateY_effect_mobile&quot;:{&quot;unit&quot;:&quot;px&quot;,&quot;size&quot;:&quot;&quot;,&quot;sizes&quot;:[]},&quot;_transform_translateX_effect_hover_laptop&quot;:{&quot;unit&quot;:&quot;px&quot;,&quot;size&quot;:&quot;&quot;,&quot;sizes&quot;:[]},&quot;_transform_translateX_effect_hover_tablet_extra&quot;:{&quot;unit&quot;:&quot;px&quot;,&quot;size&quot;:&quot;&quot;,&quot;sizes&quot;:[]},&quot;_transform_translateX_effect_hover_tablet&quot;:{&quot;unit&quot;:&quot;px&quot;,&quot;size&quot;:&quot;&quot;,&quot;sizes&quot;:[]},&quot;_transform_translateX_effect_hover_mobile&quot;:{&quot;unit&quot;:&quot;px&quot;,&quot;size&quot;:&quot;&quot;,&quot;sizes&quot;:[]},&quot;_transform_translateY_effect_hover&quot;:{&quot;unit&quot;:&quot;px&quot;,&quot;size&quot;:&quot;&quot;,&quot;sizes&quot;:[]},&quot;_transform_translateY_effect_hover_laptop&quot;:{&quot;unit&quot;:&quot;px&quot;,&quot;size&quot;:&quot;&quot;,&quot;sizes&quot;:[]},&quot;_transform_translateY_effect_hover_tablet_extra&quot;:{&quot;unit&quot;:&quot;px&quot;,&quot;size&quot;:&quot;&quot;,&quot;sizes&quot;:[]},&quot;_transform_translateY_effect_hover_tablet&quot;:{&quot;unit&quot;:&quot;px&quot;,&quot;size&quot;:&quot;&quot;,&quot;sizes&quot;:[]},&quot;_transform_translateY_effect_hover_mobile&quot;:{&quot;unit&quot;:&quot;px&quot;,&quot;size&quot;:&quot;&quot;,&quot;sizes&quot;:[]}}\" data-widget_type=\"button.default\">\n\t\t\t\t<div class=\"elementor-widget-container\">\n\t\t\t\t\t\t\t\t\t<div class=\"elementor-button-wrapper\">\n\t\t\t\t\t<a class=\"elementor-button elementor-button-link elementor-size-xs\" href=\"#kontakt\" target=\"_blank\">\n\t\t\t\t\t\t<span class=\"elementor-button-content-wrapper\">\n\t\t\t\t\t\t<span class=\"elementor-button-icon\">\n\t\t\t\t<i aria-hidden=\"true\" class=\"fas fa-arrow-right\"><\/i>\t\t\t<\/span>\n\t\t\t\t\t\t\t\t\t<span class=\"elementor-button-text\">Gewerbe- und Industriehallen<\/span>\n\t\t\t\t\t<\/span>\n\t\t\t\t\t<\/a>\n\t\t\t\t<\/div>\n\t\t\t\t\t\t\t\t<\/div>\n\t\t\t\t<\/div>\n\t\t\t\t\t<\/div>\n\t\t<\/div>\n\t\t\t\t<div class=\"elementor-column elementor-col-50 elementor-inner-column elementor-element elementor-element-5124798 elementor-hidden-tablet elementor-hidden-mobile\" data-id=\"5124798\" data-element_type=\"column\" data-e-type=\"column\">\n\t\t\t<div class=\"elementor-widget-wrap\">\n\t\t\t\t\t\t\t<\/div>\n\t\t<\/div>\n\t\t\t\t\t<\/div>\n\t\t<\/section>\n\t\t\t\t\t<\/div>\n\t\t<\/div>\n\t\t\t\t\t<\/div>\n\t\t<\/section>\n\t\t\t\t<section class=\"elementor-section elementor-top-section elementor-element elementor-element-18d39c0 spielwiesen elementor-section-full_width elementor-section-height-default elementor-section-height-default\" data-id=\"18d39c0\" data-element_type=\"section\" data-e-type=\"section\">\n\t\t\t\t\t\t<div class=\"elementor-container elementor-column-gap-default\">\n\t\t\t\t\t<div class=\"elementor-column elementor-col-100 elementor-top-column elementor-element elementor-element-4098820\" data-id=\"4098820\" data-element_type=\"column\" data-e-type=\"column\" data-settings=\"{&quot;background_background&quot;:&quot;classic&quot;}\">\n\t\t\t<div class=\"elementor-widget-wrap elementor-element-populated\">\n\t\t\t\t\t<div class=\"elementor-background-overlay\"><\/div>\n\t\t\t\t\t\t<section class=\"elementor-section elementor-inner-section elementor-element elementor-element-482d222 elementor-section-boxed elementor-section-height-default elementor-section-height-default\" data-id=\"482d222\" data-element_type=\"section\" data-e-type=\"section\" data-settings=\"{&quot;animation_mobile&quot;:&quot;none&quot;}\">\n\t\t\t\t\t\t<div class=\"elementor-container elementor-column-gap-wider\">\n\t\t\t\t\t<div class=\"elementor-column elementor-col-50 elementor-inner-column elementor-element elementor-element-a7f87f5 elementor-hidden-tablet elementor-hidden-mobile\" data-id=\"a7f87f5\" data-element_type=\"column\" data-e-type=\"column\">\n\t\t\t<div class=\"elementor-widget-wrap\">\n\t\t\t\t\t\t\t<\/div>\n\t\t<\/div>\n\t\t\t\t<div class=\"elementor-column elementor-col-50 elementor-inner-column elementor-element elementor-element-75bf013 runde-ecken darkshadow  animated-slow elementor-invisible\" data-id=\"75bf013\" data-element_type=\"column\" data-e-type=\"column\" data-settings=\"{&quot;animation&quot;:&quot;fadeInUp&quot;,&quot;background_background&quot;:&quot;classic&quot;}\">\n\t\t\t<div class=\"elementor-widget-wrap elementor-element-populated\">\n\t\t\t\t\t<div class=\"elementor-background-overlay\"><\/div>\n\t\t\t\t\t\t<div class=\"elementor-element elementor-element-a10b92e elementor-position-left elementor-vertical-align-middle elementor-widget elementor-widget-image-box\" data-id=\"a10b92e\" data-element_type=\"widget\" data-e-type=\"widget\" data-widget_type=\"image-box.default\">\n\t\t\t\t<div class=\"elementor-widget-container\">\n\t\t\t\t\t<div class=\"elementor-image-box-wrapper\"><figure class=\"elementor-image-box-img\"><img loading=\"lazy\" decoding=\"async\" width=\"150\" height=\"150\" src=\"https:\/\/faber-solartechnik.de\/wp-content\/uploads\/2023\/06\/field-solarpark-150x150.png\" class=\"attachment-thumbnail size-thumbnail wp-image-3829\" alt=\"\" srcset=\"https:\/\/faber-solartechnik.de\/wp-content\/uploads\/2023\/06\/field-solarpark-150x150.png 150w, https:\/\/faber-solartechnik.de\/wp-content\/uploads\/2023\/06\/field-solarpark-300x300.png 300w, https:\/\/faber-solartechnik.de\/wp-content\/uploads\/2023\/06\/field-solarpark-12x12.png 12w, https:\/\/faber-solartechnik.de\/wp-content\/uploads\/2023\/06\/field-solarpark.png 512w\" sizes=\"(max-width: 150px) 100vw, 150px\" \/><\/figure><div class=\"elementor-image-box-content\"><h3 class=\"elementor-image-box-title\">Freiland<\/h3><\/div><\/div>\t\t\t\t<\/div>\n\t\t\t\t<\/div>\n\t\t\t\t<div class=\"elementor-element elementor-element-3964cdd elementor-widget elementor-widget-text-editor\" data-id=\"3964cdd\" data-element_type=\"widget\" data-e-type=\"widget\" data-widget_type=\"text-editor.default\">\n\t\t\t\t<div class=\"elementor-widget-container\">\n\t\t\t\t\t\t\t\t\t<p>Ob entlang von Autobahnen oder Bahnschienen, auf Altlasten- oder Konversions- oder Brachfl\u00e4chen: Um den Energiehunger Deutschlands und der Welt zu stillen, brauchen wir gro\u00dffl\u00e4chige Photovoltaik-Anlagen, die sogar ohne EEG-Finanzierung in die direkte Konkurrenz zu Kohle &amp; Co treten k\u00f6nnen.<\/p>\t\t\t\t\t\t\t\t<\/div>\n\t\t\t\t<\/div>\n\t\t\t\t<div class=\"elementor-element elementor-element-be6b7a4 elementor-widget__width-auto e-transform e-transform elementor-invisible elementor-widget elementor-widget-button\" data-id=\"be6b7a4\" data-element_type=\"widget\" data-e-type=\"widget\" data-settings=\"{&quot;_transform_translateX_effect&quot;:{&quot;unit&quot;:&quot;px&quot;,&quot;size&quot;:-10,&quot;sizes&quot;:[]},&quot;_transform_translateX_effect_hover&quot;:{&quot;unit&quot;:&quot;px&quot;,&quot;size&quot;:0,&quot;sizes&quot;:[]},&quot;_animation&quot;:&quot;fadeInDown&quot;,&quot;_animation_delay&quot;:1000,&quot;_transform_translateX_effect_laptop&quot;:{&quot;unit&quot;:&quot;px&quot;,&quot;size&quot;:&quot;&quot;,&quot;sizes&quot;:[]},&quot;_transform_translateX_effect_tablet_extra&quot;:{&quot;unit&quot;:&quot;px&quot;,&quot;size&quot;:&quot;&quot;,&quot;sizes&quot;:[]},&quot;_transform_translateX_effect_tablet&quot;:{&quot;unit&quot;:&quot;px&quot;,&quot;size&quot;:&quot;&quot;,&quot;sizes&quot;:[]},&quot;_transform_translateX_effect_mobile&quot;:{&quot;unit&quot;:&quot;px&quot;,&quot;size&quot;:&quot;&quot;,&quot;sizes&quot;:[]},&quot;_transform_translateY_effect&quot;:{&quot;unit&quot;:&quot;px&quot;,&quot;size&quot;:&quot;&quot;,&quot;sizes&quot;:[]},&quot;_transform_translateY_effect_laptop&quot;:{&quot;unit&quot;:&quot;px&quot;,&quot;size&quot;:&quot;&quot;,&quot;sizes&quot;:[]},&quot;_transform_translateY_effect_tablet_extra&quot;:{&quot;unit&quot;:&quot;px&quot;,&quot;size&quot;:&quot;&quot;,&quot;sizes&quot;:[]},&quot;_transform_translateY_effect_tablet&quot;:{&quot;unit&quot;:&quot;px&quot;,&quot;size&quot;:&quot;&quot;,&quot;sizes&quot;:[]},&quot;_transform_translateY_effect_mobile&quot;:{&quot;unit&quot;:&quot;px&quot;,&quot;size&quot;:&quot;&quot;,&quot;sizes&quot;:[]},&quot;_transform_translateX_effect_hover_laptop&quot;:{&quot;unit&quot;:&quot;px&quot;,&quot;size&quot;:&quot;&quot;,&quot;sizes&quot;:[]},&quot;_transform_translateX_effect_hover_tablet_extra&quot;:{&quot;unit&quot;:&quot;px&quot;,&quot;size&quot;:&quot;&quot;,&quot;sizes&quot;:[]},&quot;_transform_translateX_effect_hover_tablet&quot;:{&quot;unit&quot;:&quot;px&quot;,&quot;size&quot;:&quot;&quot;,&quot;sizes&quot;:[]},&quot;_transform_translateX_effect_hover_mobile&quot;:{&quot;unit&quot;:&quot;px&quot;,&quot;size&quot;:&quot;&quot;,&quot;sizes&quot;:[]},&quot;_transform_translateY_effect_hover&quot;:{&quot;unit&quot;:&quot;px&quot;,&quot;size&quot;:&quot;&quot;,&quot;sizes&quot;:[]},&quot;_transform_translateY_effect_hover_laptop&quot;:{&quot;unit&quot;:&quot;px&quot;,&quot;size&quot;:&quot;&quot;,&quot;sizes&quot;:[]},&quot;_transform_translateY_effect_hover_tablet_extra&quot;:{&quot;unit&quot;:&quot;px&quot;,&quot;size&quot;:&quot;&quot;,&quot;sizes&quot;:[]},&quot;_transform_translateY_effect_hover_tablet&quot;:{&quot;unit&quot;:&quot;px&quot;,&quot;size&quot;:&quot;&quot;,&quot;sizes&quot;:[]},&quot;_transform_translateY_effect_hover_mobile&quot;:{&quot;unit&quot;:&quot;px&quot;,&quot;size&quot;:&quot;&quot;,&quot;sizes&quot;:[]}}\" data-widget_type=\"button.default\">\n\t\t\t\t<div class=\"elementor-widget-container\">\n\t\t\t\t\t\t\t\t\t<div class=\"elementor-button-wrapper\">\n\t\t\t\t\t<a class=\"elementor-button elementor-button-link elementor-size-xs\" href=\"#kontakt\" target=\"_blank\">\n\t\t\t\t\t\t<span class=\"elementor-button-content-wrapper\">\n\t\t\t\t\t\t<span class=\"elementor-button-icon\">\n\t\t\t\t<i aria-hidden=\"true\" class=\"fas fa-arrow-right\"><\/i>\t\t\t<\/span>\n\t\t\t\t\t\t\t\t\t<span class=\"elementor-button-text\">technische Daten errechnen <\/span>\n\t\t\t\t\t<\/span>\n\t\t\t\t\t<\/a>\n\t\t\t\t<\/div>\n\t\t\t\t\t\t\t\t<\/div>\n\t\t\t\t<\/div>\n\t\t\t\t\t<\/div>\n\t\t<\/div>\n\t\t\t\t\t<\/div>\n\t\t<\/section>\n\t\t\t\t\t<\/div>\n\t\t<\/div>\n\t\t\t\t\t<\/div>\n\t\t<\/section>\n\t\t\t\t<section class=\"elementor-section elementor-top-section elementor-element elementor-element-d410027 spielwiesen elementor-section-full_width elementor-section-height-default elementor-section-height-default\" data-id=\"d410027\" data-element_type=\"section\" data-e-type=\"section\">\n\t\t\t\t\t\t<div class=\"elementor-container elementor-column-gap-default\">\n\t\t\t\t\t<div class=\"elementor-column elementor-col-100 elementor-top-column elementor-element elementor-element-ba322bb\" data-id=\"ba322bb\" data-element_type=\"column\" data-e-type=\"column\" data-settings=\"{&quot;background_background&quot;:&quot;classic&quot;}\">\n\t\t\t<div class=\"elementor-widget-wrap elementor-element-populated\">\n\t\t\t\t\t<div class=\"elementor-background-overlay\"><\/div>\n\t\t\t\t\t\t<section class=\"elementor-section elementor-inner-section elementor-element elementor-element-df0c816 elementor-section-boxed elementor-section-height-default elementor-section-height-default\" data-id=\"df0c816\" data-element_type=\"section\" data-e-type=\"section\" data-settings=\"{&quot;animation_mobile&quot;:&quot;none&quot;}\">\n\t\t\t\t\t\t<div class=\"elementor-container elementor-column-gap-wider\">\n\t\t\t\t\t<div class=\"elementor-column elementor-col-50 elementor-inner-column elementor-element elementor-element-f825073 runde-ecken darkshadow  animated-slow elementor-invisible\" data-id=\"f825073\" data-element_type=\"column\" data-e-type=\"column\" data-settings=\"{&quot;animation&quot;:&quot;fadeInUp&quot;,&quot;background_background&quot;:&quot;classic&quot;}\">\n\t\t\t<div class=\"elementor-widget-wrap elementor-element-populated\">\n\t\t\t\t\t<div class=\"elementor-background-overlay\"><\/div>\n\t\t\t\t\t\t<div class=\"elementor-element elementor-element-949b096 elementor-position-left elementor-vertical-align-middle elementor-widget elementor-widget-image-box\" data-id=\"949b096\" data-element_type=\"widget\" data-e-type=\"widget\" data-widget_type=\"image-box.default\">\n\t\t\t\t<div class=\"elementor-widget-container\">\n\t\t\t\t\t<div class=\"elementor-image-box-wrapper\"><figure class=\"elementor-image-box-img\"><img loading=\"lazy\" decoding=\"async\" width=\"150\" height=\"150\" src=\"https:\/\/faber-solartechnik.de\/wp-content\/uploads\/2023\/06\/floating-150x150.png\" class=\"attachment-thumbnail size-thumbnail wp-image-3826\" alt=\"\" srcset=\"https:\/\/faber-solartechnik.de\/wp-content\/uploads\/2023\/06\/floating-150x150.png 150w, https:\/\/faber-solartechnik.de\/wp-content\/uploads\/2023\/06\/floating-300x300.png 300w, https:\/\/faber-solartechnik.de\/wp-content\/uploads\/2023\/06\/floating-12x12.png 12w, https:\/\/faber-solartechnik.de\/wp-content\/uploads\/2023\/06\/floating.png 512w\" sizes=\"(max-width: 150px) 100vw, 150px\" \/><\/figure><div class=\"elementor-image-box-content\"><h3 class=\"elementor-image-box-title\">Floating<\/h3><\/div><\/div>\t\t\t\t<\/div>\n\t\t\t\t<\/div>\n\t\t\t\t<div class=\"elementor-element elementor-element-ea92930 elementor-widget elementor-widget-text-editor\" data-id=\"ea92930\" data-element_type=\"widget\" data-e-type=\"widget\" data-widget_type=\"text-editor.default\">\n\t\t\t\t<div class=\"elementor-widget-container\">\n\t\t\t\t\t\t\t\t\t<p>Die neuste Entwicklung im Bereich der Photovoltaik und ein wahres Effizienzwunder: <strong>Schwimmende Photovoltaikanlagen<\/strong> nutzen beispielsweise bisher ungenutzte Wasserfl\u00e4chen von Kiesseen, sind durch die Wasserk\u00fchlung bis zu 10% produktiver und verbessern durch die Abschirmung vor direkter Sonneneinstrahlung die Wasserqualit\u00e4t sp\u00fcrbar.<\/p>\t\t\t\t\t\t\t\t<\/div>\n\t\t\t\t<\/div>\n\t\t\t\t<div class=\"elementor-element elementor-element-925b95d elementor-widget__width-auto e-transform e-transform elementor-mobile-align-left elementor-invisible elementor-widget elementor-widget-button\" data-id=\"925b95d\" data-element_type=\"widget\" data-e-type=\"widget\" data-settings=\"{&quot;_transform_translateX_effect&quot;:{&quot;unit&quot;:&quot;px&quot;,&quot;size&quot;:-10,&quot;sizes&quot;:[]},&quot;_transform_translateX_effect_hover&quot;:{&quot;unit&quot;:&quot;px&quot;,&quot;size&quot;:0,&quot;sizes&quot;:[]},&quot;_animation&quot;:&quot;fadeInDown&quot;,&quot;_animation_delay&quot;:1000,&quot;_transform_translateX_effect_laptop&quot;:{&quot;unit&quot;:&quot;px&quot;,&quot;size&quot;:&quot;&quot;,&quot;sizes&quot;:[]},&quot;_transform_translateX_effect_tablet_extra&quot;:{&quot;unit&quot;:&quot;px&quot;,&quot;size&quot;:&quot;&quot;,&quot;sizes&quot;:[]},&quot;_transform_translateX_effect_tablet&quot;:{&quot;unit&quot;:&quot;px&quot;,&quot;size&quot;:&quot;&quot;,&quot;sizes&quot;:[]},&quot;_transform_translateX_effect_mobile&quot;:{&quot;unit&quot;:&quot;px&quot;,&quot;size&quot;:&quot;&quot;,&quot;sizes&quot;:[]},&quot;_transform_translateY_effect&quot;:{&quot;unit&quot;:&quot;px&quot;,&quot;size&quot;:&quot;&quot;,&quot;sizes&quot;:[]},&quot;_transform_translateY_effect_laptop&quot;:{&quot;unit&quot;:&quot;px&quot;,&quot;size&quot;:&quot;&quot;,&quot;sizes&quot;:[]},&quot;_transform_translateY_effect_tablet_extra&quot;:{&quot;unit&quot;:&quot;px&quot;,&quot;size&quot;:&quot;&quot;,&quot;sizes&quot;:[]},&quot;_transform_translateY_effect_tablet&quot;:{&quot;unit&quot;:&quot;px&quot;,&quot;size&quot;:&quot;&quot;,&quot;sizes&quot;:[]},&quot;_transform_translateY_effect_mobile&quot;:{&quot;unit&quot;:&quot;px&quot;,&quot;size&quot;:&quot;&quot;,&quot;sizes&quot;:[]},&quot;_transform_translateX_effect_hover_laptop&quot;:{&quot;unit&quot;:&quot;px&quot;,&quot;size&quot;:&quot;&quot;,&quot;sizes&quot;:[]},&quot;_transform_translateX_effect_hover_tablet_extra&quot;:{&quot;unit&quot;:&quot;px&quot;,&quot;size&quot;:&quot;&quot;,&quot;sizes&quot;:[]},&quot;_transform_translateX_effect_hover_tablet&quot;:{&quot;unit&quot;:&quot;px&quot;,&quot;size&quot;:&quot;&quot;,&quot;sizes&quot;:[]},&quot;_transform_translateX_effect_hover_mobile&quot;:{&quot;unit&quot;:&quot;px&quot;,&quot;size&quot;:&quot;&quot;,&quot;sizes&quot;:[]},&quot;_transform_translateY_effect_hover&quot;:{&quot;unit&quot;:&quot;px&quot;,&quot;size&quot;:&quot;&quot;,&quot;sizes&quot;:[]},&quot;_transform_translateY_effect_hover_laptop&quot;:{&quot;unit&quot;:&quot;px&quot;,&quot;size&quot;:&quot;&quot;,&quot;sizes&quot;:[]},&quot;_transform_translateY_effect_hover_tablet_extra&quot;:{&quot;unit&quot;:&quot;px&quot;,&quot;size&quot;:&quot;&quot;,&quot;sizes&quot;:[]},&quot;_transform_translateY_effect_hover_tablet&quot;:{&quot;unit&quot;:&quot;px&quot;,&quot;size&quot;:&quot;&quot;,&quot;sizes&quot;:[]},&quot;_transform_translateY_effect_hover_mobile&quot;:{&quot;unit&quot;:&quot;px&quot;,&quot;size&quot;:&quot;&quot;,&quot;sizes&quot;:[]}}\" data-widget_type=\"button.default\">\n\t\t\t\t<div class=\"elementor-widget-container\">\n\t\t\t\t\t\t\t\t\t<div class=\"elementor-button-wrapper\">\n\t\t\t\t\t<a class=\"elementor-button elementor-button-link elementor-size-xs\" href=\"#kontakt\">\n\t\t\t\t\t\t<span class=\"elementor-button-content-wrapper\">\n\t\t\t\t\t\t<span class=\"elementor-button-icon\">\n\t\t\t\t<i aria-hidden=\"true\" class=\"fas fa-arrow-right\"><\/i>\t\t\t<\/span>\n\t\t\t\t\t\t\t\t\t<span class=\"elementor-button-text\">Schwimmende Photovoltaikanlage<\/span>\n\t\t\t\t\t<\/span>\n\t\t\t\t\t<\/a>\n\t\t\t\t<\/div>\n\t\t\t\t\t\t\t\t<\/div>\n\t\t\t\t<\/div>\n\t\t\t\t\t<\/div>\n\t\t<\/div>\n\t\t\t\t<div class=\"elementor-column elementor-col-50 elementor-inner-column elementor-element elementor-element-2284f6b elementor-hidden-tablet elementor-hidden-mobile\" data-id=\"2284f6b\" data-element_type=\"column\" data-e-type=\"column\">\n\t\t\t<div class=\"elementor-widget-wrap\">\n\t\t\t\t\t\t\t<\/div>\n\t\t<\/div>\n\t\t\t\t\t<\/div>\n\t\t<\/section>\n\t\t\t\t\t<\/div>\n\t\t<\/div>\n\t\t\t\t\t<\/div>\n\t\t<\/section>\n\t\t\t\t<section class=\"elementor-section elementor-top-section elementor-element elementor-element-d5bea6d spielwiesen elementor-section-full_width elementor-section-height-default elementor-section-height-default\" data-id=\"d5bea6d\" data-element_type=\"section\" data-e-type=\"section\">\n\t\t\t\t\t\t<div class=\"elementor-container elementor-column-gap-default\">\n\t\t\t\t\t<div class=\"elementor-column elementor-col-100 elementor-top-column elementor-element elementor-element-89350b1\" data-id=\"89350b1\" data-element_type=\"column\" data-e-type=\"column\" data-settings=\"{&quot;background_background&quot;:&quot;classic&quot;}\">\n\t\t\t<div class=\"elementor-widget-wrap elementor-element-populated\">\n\t\t\t\t\t<div class=\"elementor-background-overlay\"><\/div>\n\t\t\t\t\t\t<section class=\"elementor-section elementor-inner-section elementor-element elementor-element-bf5545c elementor-section-boxed elementor-section-height-default elementor-section-height-default\" data-id=\"bf5545c\" data-element_type=\"section\" data-e-type=\"section\" data-settings=\"{&quot;animation_mobile&quot;:&quot;none&quot;}\">\n\t\t\t\t\t\t<div class=\"elementor-container elementor-column-gap-wider\">\n\t\t\t\t\t<div class=\"elementor-column elementor-col-50 elementor-inner-column elementor-element elementor-element-9f21935 elementor-hidden-tablet elementor-hidden-mobile\" data-id=\"9f21935\" data-element_type=\"column\" data-e-type=\"column\">\n\t\t\t<div class=\"elementor-widget-wrap\">\n\t\t\t\t\t\t\t<\/div>\n\t\t<\/div>\n\t\t\t\t<div class=\"elementor-column elementor-col-50 elementor-inner-column elementor-element elementor-element-3cecd63 runde-ecken darkshadow  animated-slow elementor-invisible\" data-id=\"3cecd63\" data-element_type=\"column\" data-e-type=\"column\" data-settings=\"{&quot;animation&quot;:&quot;fadeInUp&quot;,&quot;background_background&quot;:&quot;classic&quot;}\">\n\t\t\t<div class=\"elementor-widget-wrap elementor-element-populated\">\n\t\t\t\t\t<div class=\"elementor-background-overlay\"><\/div>\n\t\t\t\t\t\t<div class=\"elementor-element elementor-element-d71b38e elementor-position-left elementor-vertical-align-middle elementor-widget elementor-widget-image-box\" data-id=\"d71b38e\" data-element_type=\"widget\" data-e-type=\"widget\" data-widget_type=\"image-box.default\">\n\t\t\t\t<div class=\"elementor-widget-container\">\n\t\t\t\t\t<div class=\"elementor-image-box-wrapper\"><figure class=\"elementor-image-box-img\"><img loading=\"lazy\" decoding=\"async\" width=\"150\" height=\"150\" src=\"https:\/\/faber-solartechnik.de\/wp-content\/uploads\/2023\/06\/parking-150x150.png\" class=\"attachment-thumbnail size-thumbnail wp-image-3827\" alt=\"\" srcset=\"https:\/\/faber-solartechnik.de\/wp-content\/uploads\/2023\/06\/parking-150x150.png 150w, https:\/\/faber-solartechnik.de\/wp-content\/uploads\/2023\/06\/parking-300x300.png 300w, https:\/\/faber-solartechnik.de\/wp-content\/uploads\/2023\/06\/parking-12x12.png 12w, https:\/\/faber-solartechnik.de\/wp-content\/uploads\/2023\/06\/parking.png 512w\" sizes=\"(max-width: 150px) 100vw, 150px\" \/><\/figure><div class=\"elementor-image-box-content\"><h3 class=\"elementor-image-box-title\">Parkplatz\u00fcberdachung<\/h3><\/div><\/div>\t\t\t\t<\/div>\n\t\t\t\t<\/div>\n\t\t\t\t<div class=\"elementor-element elementor-element-55c4077 elementor-widget elementor-widget-text-editor\" data-id=\"55c4077\" data-element_type=\"widget\" data-e-type=\"widget\" data-widget_type=\"text-editor.default\">\n\t\t\t\t<div class=\"elementor-widget-container\">\n\t\t\t\t\t\t\t\t\tSie sch\u00fctzen vor Sonne, sch\u00fctzen vor Regen \u2013 und produzieren Strom: Parkplatz\u00fcberdachungen bieten eine optimale Ausnutzung von gro\u00dfen Parkfl\u00e4chen. Die Konstruktionsweise \u00e4hnelt einem Carport und l\u00e4sst sich auch optimal mit einer E-Tankstelle verbinden. Ihre Kunden oder Mitarbeiter werden es Ihnen gleich mehrfach danken.\t\t\t\t\t\t\t\t<\/div>\n\t\t\t\t<\/div>\n\t\t\t\t<div class=\"elementor-element elementor-element-669635c elementor-widget__width-auto e-transform e-transform elementor-invisible elementor-widget elementor-widget-button\" data-id=\"669635c\" data-element_type=\"widget\" data-e-type=\"widget\" data-settings=\"{&quot;_transform_translateX_effect&quot;:{&quot;unit&quot;:&quot;px&quot;,&quot;size&quot;:-10,&quot;sizes&quot;:[]},&quot;_transform_translateX_effect_hover&quot;:{&quot;unit&quot;:&quot;px&quot;,&quot;size&quot;:0,&quot;sizes&quot;:[]},&quot;_animation&quot;:&quot;fadeInDown&quot;,&quot;_animation_delay&quot;:1000,&quot;_transform_translateX_effect_laptop&quot;:{&quot;unit&quot;:&quot;px&quot;,&quot;size&quot;:&quot;&quot;,&quot;sizes&quot;:[]},&quot;_transform_translateX_effect_tablet_extra&quot;:{&quot;unit&quot;:&quot;px&quot;,&quot;size&quot;:&quot;&quot;,&quot;sizes&quot;:[]},&quot;_transform_translateX_effect_tablet&quot;:{&quot;unit&quot;:&quot;px&quot;,&quot;size&quot;:&quot;&quot;,&quot;sizes&quot;:[]},&quot;_transform_translateX_effect_mobile&quot;:{&quot;unit&quot;:&quot;px&quot;,&quot;size&quot;:&quot;&quot;,&quot;sizes&quot;:[]},&quot;_transform_translateY_effect&quot;:{&quot;unit&quot;:&quot;px&quot;,&quot;size&quot;:&quot;&quot;,&quot;sizes&quot;:[]},&quot;_transform_translateY_effect_laptop&quot;:{&quot;unit&quot;:&quot;px&quot;,&quot;size&quot;:&quot;&quot;,&quot;sizes&quot;:[]},&quot;_transform_translateY_effect_tablet_extra&quot;:{&quot;unit&quot;:&quot;px&quot;,&quot;size&quot;:&quot;&quot;,&quot;sizes&quot;:[]},&quot;_transform_translateY_effect_tablet&quot;:{&quot;unit&quot;:&quot;px&quot;,&quot;size&quot;:&quot;&quot;,&quot;sizes&quot;:[]},&quot;_transform_translateY_effect_mobile&quot;:{&quot;unit&quot;:&quot;px&quot;,&quot;size&quot;:&quot;&quot;,&quot;sizes&quot;:[]},&quot;_transform_translateX_effect_hover_laptop&quot;:{&quot;unit&quot;:&quot;px&quot;,&quot;size&quot;:&quot;&quot;,&quot;sizes&quot;:[]},&quot;_transform_translateX_effect_hover_tablet_extra&quot;:{&quot;unit&quot;:&quot;px&quot;,&quot;size&quot;:&quot;&quot;,&quot;sizes&quot;:[]},&quot;_transform_translateX_effect_hover_tablet&quot;:{&quot;unit&quot;:&quot;px&quot;,&quot;size&quot;:&quot;&quot;,&quot;sizes&quot;:[]},&quot;_transform_translateX_effect_hover_mobile&quot;:{&quot;unit&quot;:&quot;px&quot;,&quot;size&quot;:&quot;&quot;,&quot;sizes&quot;:[]},&quot;_transform_translateY_effect_hover&quot;:{&quot;unit&quot;:&quot;px&quot;,&quot;size&quot;:&quot;&quot;,&quot;sizes&quot;:[]},&quot;_transform_translateY_effect_hover_laptop&quot;:{&quot;unit&quot;:&quot;px&quot;,&quot;size&quot;:&quot;&quot;,&quot;sizes&quot;:[]},&quot;_transform_translateY_effect_hover_tablet_extra&quot;:{&quot;unit&quot;:&quot;px&quot;,&quot;size&quot;:&quot;&quot;,&quot;sizes&quot;:[]},&quot;_transform_translateY_effect_hover_tablet&quot;:{&quot;unit&quot;:&quot;px&quot;,&quot;size&quot;:&quot;&quot;,&quot;sizes&quot;:[]},&quot;_transform_translateY_effect_hover_mobile&quot;:{&quot;unit&quot;:&quot;px&quot;,&quot;size&quot;:&quot;&quot;,&quot;sizes&quot;:[]}}\" data-widget_type=\"button.default\">\n\t\t\t\t<div class=\"elementor-widget-container\">\n\t\t\t\t\t\t\t\t\t<div class=\"elementor-button-wrapper\">\n\t\t\t\t\t<a class=\"elementor-button elementor-button-link elementor-size-xs\" href=\"#kontakt\">\n\t\t\t\t\t\t<span class=\"elementor-button-content-wrapper\">\n\t\t\t\t\t\t<span class=\"elementor-button-icon\">\n\t\t\t\t<i aria-hidden=\"true\" class=\"fas fa-arrow-right\"><\/i>\t\t\t<\/span>\n\t\t\t\t\t\t\t\t\t<span class=\"elementor-button-text\">Energieeffiziente  Parkpl\u00e4tze<\/span>\n\t\t\t\t\t<\/span>\n\t\t\t\t\t<\/a>\n\t\t\t\t<\/div>\n\t\t\t\t\t\t\t\t<\/div>\n\t\t\t\t<\/div>\n\t\t\t\t\t<\/div>\n\t\t<\/div>\n\t\t\t\t\t<\/div>\n\t\t<\/section>\n\t\t\t\t\t<\/div>\n\t\t<\/div>\n\t\t\t\t\t<\/div>\n\t\t<\/section>\n\t\t\t\t<section class=\"elementor-section elementor-top-section elementor-element elementor-element-60ccdf5b elementor-reverse-mobile elementor-section-boxed elementor-section-height-default elementor-section-height-default\" data-id=\"60ccdf5b\" data-element_type=\"section\" data-e-type=\"section\" id=\"finanzierung\" data-settings=\"{&quot;background_background&quot;:&quot;classic&quot;}\">\n\t\t\t\t\t\t\t<div class=\"elementor-background-overlay\"><\/div>\n\t\t\t\t\t\t\t<div class=\"elementor-container elementor-column-gap-wider\">\n\t\t\t\t\t<div class=\"elementor-column elementor-col-100 elementor-top-column elementor-element elementor-element-29b3462e\" data-id=\"29b3462e\" data-element_type=\"column\" data-e-type=\"column\">\n\t\t\t<div class=\"elementor-widget-wrap elementor-element-populated\">\n\t\t\t\t\t\t<div class=\"elementor-element elementor-element-2a1c299 animated-slow elementor-invisible elementor-widget elementor-widget-heading\" data-id=\"2a1c299\" data-element_type=\"widget\" data-e-type=\"widget\" data-settings=\"{&quot;_animation&quot;:&quot;fadeInDown&quot;}\" data-widget_type=\"heading.default\">\n\t\t\t\t<div class=\"elementor-widget-container\">\n\t\t\t\t\t<div class=\"elementor-heading-title elementor-size-default\">Gemeinsam zur gr\u00fcnen Eigenversorgung!<\/div>\t\t\t\t<\/div>\n\t\t\t\t<\/div>\n\t\t\t\t<div class=\"elementor-element elementor-element-dab448d gradbluettl elementor-invisible elementor-widget elementor-widget-heading\" data-id=\"dab448d\" data-element_type=\"widget\" data-e-type=\"widget\" data-settings=\"{&quot;_animation&quot;:&quot;fadeInDown&quot;}\" data-widget_type=\"heading.default\">\n\t\t\t\t<div class=\"elementor-widget-container\">\n\t\t\t\t\t<h2 class=\"elementor-heading-title elementor-size-default\">Finanzierungs&shy;m\u00f6glichkeiten<\/h2>\t\t\t\t<\/div>\n\t\t\t\t<\/div>\n\t\t\t\t<div class=\"elementor-element elementor-element-5dffa06 elementor-widget-divider--view-line elementor-invisible elementor-widget elementor-widget-divider\" data-id=\"5dffa06\" data-element_type=\"widget\" data-e-type=\"widget\" data-settings=\"{&quot;_animation&quot;:&quot;fadeInRight&quot;,&quot;_animation_delay&quot;:300,&quot;_animation_mobile&quot;:&quot;fadeIn&quot;}\" data-widget_type=\"divider.default\">\n\t\t\t\t<div class=\"elementor-widget-container\">\n\t\t\t\t\t\t\t<div class=\"elementor-divider\">\n\t\t\t<span class=\"elementor-divider-separator\">\n\t\t\t\t\t\t<\/span>\n\t\t<\/div>\n\t\t\t\t\t\t<\/div>\n\t\t\t\t<\/div>\n\t\t\t\t<div class=\"elementor-element elementor-element-43fbaf0 elementor-widget elementor-widget-text-editor\" data-id=\"43fbaf0\" data-element_type=\"widget\" data-e-type=\"widget\" data-widget_type=\"text-editor.default\">\n\t\t\t\t<div class=\"elementor-widget-container\">\n\t\t\t\t\t\t\t\t\t<p>Die Sonne sorgt f\u00fcr die Wertsch\u00f6pfung \u2013 wir sorgen f\u00fcr die Monetarisierung. Es gibt verschiedene Modelle, wie sich eine Photovoltaik-Anlage finanzieren l\u00e4sst. Die Auswahl besprechen wir gerne in einem pers\u00f6nlichen Gespr\u00e4ch und w\u00e4gen die unterschiedlichen Vorteile gegeneinander ab. Eines kommt immer dabei raus: Gr\u00fcne Energie zur Eigenversorgung!<\/p>\t\t\t\t\t\t\t\t<\/div>\n\t\t\t\t<\/div>\n\t\t\t\t<div class=\"elementor-element elementor-element-05b25e5 elementor-align-center elementor-widget__width-auto elementor-invisible elementor-widget elementor-widget-button\" data-id=\"05b25e5\" data-element_type=\"widget\" data-e-type=\"widget\" data-settings=\"{&quot;_animation&quot;:&quot;fadeInDown&quot;,&quot;_animation_delay&quot;:300}\" data-widget_type=\"button.default\">\n\t\t\t\t<div class=\"elementor-widget-container\">\n\t\t\t\t\t\t\t\t\t<div class=\"elementor-button-wrapper\">\n\t\t\t\t\t<a class=\"elementor-button elementor-button-link elementor-size-sm\" href=\"#apartner\">\n\t\t\t\t\t\t<span class=\"elementor-button-content-wrapper\">\n\t\t\t\t\t\t<span class=\"elementor-button-icon\">\n\t\t\t\t<i aria-hidden=\"true\" class=\"fas fa-user-tie\"><\/i>\t\t\t<\/span>\n\t\t\t\t\t\t\t\t\t<span class=\"elementor-button-text\">Pers\u00f6nliches Gespr\u00e4ch<\/span>\n\t\t\t\t\t<\/span>\n\t\t\t\t\t<\/a>\n\t\t\t\t<\/div>\n\t\t\t\t\t\t\t\t<\/div>\n\t\t\t\t<\/div>\n\t\t\t\t\t<\/div>\n\t\t<\/div>\n\t\t\t\t\t<\/div>\n\t\t<\/section>\n\t\t\t\t<section class=\"elementor-section elementor-top-section elementor-element elementor-element-27e195c metrohero elementor-section-boxed elementor-section-height-default elementor-section-height-default\" data-id=\"27e195c\" data-element_type=\"section\" data-e-type=\"section\" data-settings=\"{&quot;background_background&quot;:&quot;classic&quot;,&quot;shape_divider_top&quot;:&quot;arrow&quot;}\">\n\t\t\t\t\t\t\t<div class=\"elementor-background-overlay\"><\/div>\n\t\t\t\t\t\t<div class=\"elementor-shape elementor-shape-top\" aria-hidden=\"true\" data-negative=\"false\">\n\t\t\t<svg xmlns=\"http:\/\/www.w3.org\/2000\/svg\" viewBox=\"0 0 700 10\" preserveAspectRatio=\"none\">\n\t<path class=\"elementor-shape-fill\" d=\"M350,10L340,0h20L350,10z\"\/>\n<\/svg>\t\t<\/div>\n\t\t\t\t\t<div class=\"elementor-container elementor-column-gap-wider\">\n\t\t\t\t\t<div class=\"elementor-column elementor-col-50 elementor-top-column elementor-element elementor-element-ef950ba\" data-id=\"ef950ba\" data-element_type=\"column\" data-e-type=\"column\">\n\t\t\t<div class=\"elementor-widget-wrap elementor-element-populated\">\n\t\t\t\t\t\t<div class=\"elementor-element elementor-element-b43d60f darkshadow runde-ecken elementor--v-position-middle elementor-invisible elementor-widget elementor-widget-slides\" data-id=\"b43d60f\" data-element_type=\"widget\" data-e-type=\"widget\" data-settings=\"{&quot;navigation&quot;:&quot;none&quot;,&quot;transition&quot;:&quot;fade&quot;,&quot;_animation&quot;:&quot;fadeInLeft&quot;,&quot;_animation_mobile&quot;:&quot;none&quot;,&quot;autoplay&quot;:&quot;yes&quot;,&quot;pause_on_hover&quot;:&quot;yes&quot;,&quot;pause_on_interaction&quot;:&quot;yes&quot;,&quot;autoplay_speed&quot;:5000,&quot;infinite&quot;:&quot;yes&quot;,&quot;transition_speed&quot;:500}\" data-widget_type=\"slides.default\">\n\t\t\t\t<div class=\"elementor-widget-container\">\n\t\t\t\t\t\t\t\t\t<div class=\"elementor-swiper\">\n\t\t\t\t\t<div class=\"elementor-slides-wrapper elementor-main-swiper swiper\" role=\"region\" aria-roledescription=\"carousel\" aria-label=\"Slider\" dir=\"ltr\" data-animation=\"\">\n\t\t\t\t<div class=\"swiper-wrapper elementor-slides\">\n\t\t\t\t\t\t\t\t\t\t<div class=\"elementor-repeater-item-3e76c42 swiper-slide\" role=\"group\" aria-roledescription=\"slide\"><div class=\"swiper-slide-bg\" role=\"img\" aria-label=\"Photovoltaik f\u00fcr Dachf\u00e4chen und Freifl\u00e4chen\"><\/div><div class=\"elementor-background-overlay\"><\/div><div class=\"swiper-slide-inner\" ><div class=\"swiper-slide-contents\"><div class=\"elementor-slide-heading\">Sie haben die Wahl:<\/div><div class=\"elementor-slide-description\"><i aria-hidden=\"true\" class=\"fas fa-check\"><\/i> Stromkosten senken oder Dachfl\u00e4chen versilbern\n<br><br>\n<i aria-hidden=\"true\" class=\"fas fa-check\"><\/i>  Langfristig investieren oder kurzfristig Kosten sparen<\/div><\/div><\/div><\/div>\t\t\t\t<\/div>\n\t\t\t\t\t\t\t<\/div>\n\t\t\t\t<\/div>\n\t\t\t\t\t\t\t\t<\/div>\n\t\t\t\t<\/div>\n\t\t\t\t\t<\/div>\n\t\t<\/div>\n\t\t\t\t<div class=\"elementor-column elementor-col-50 elementor-top-column elementor-element elementor-element-64a7e47\" data-id=\"64a7e47\" data-element_type=\"column\" data-e-type=\"column\">\n\t\t\t<div class=\"elementor-widget-wrap elementor-element-populated\">\n\t\t\t\t\t\t<div class=\"elementor-element elementor-element-84281ca abc-accordion elementor-invisible elementor-widget elementor-widget-bdt-accordion\" data-id=\"84281ca\" data-element_type=\"widget\" data-e-type=\"widget\" data-settings=\"{&quot;_animation&quot;:&quot;fadeInRight&quot;}\" data-widget_type=\"bdt-accordion.default\">\n\t\t\t\t<div class=\"elementor-widget-container\">\n\t\t\t\t\t\t\t<div class=\"bdt-ep-accordion-container\">\n\t\t\t<div id=\"bdt-ep-accordion-84281ca\" class=\"bdt-ep-accordion bdt-accordion\" data-bdt-accordion=\"{&quot;collapsible&quot;:false,&quot;multiple&quot;:false,&quot;animation&quot;:true,&quot;transition&quot;:&quot;ease-in-out&quot;,&quot;duration&quot;:200}\" \t\tdata-settings=\"{&quot;id&quot;:&quot;bdt-ep-accordion-84281ca&quot;,&quot;activeHash&quot;:&quot;&quot;,&quot;activeScrollspy&quot;:null,&quot;hashTopOffset&quot;:false,&quot;hashScrollspyTime&quot;:false,&quot;closeAllItemsOnMobile&quot;:false}\">\n\t\t\t\t\t\t\t\t\t<div class=\"bdt-ep-accordion-item\">\n\t\t\t\t\t\t<h3\t\t\t\t\t\t\tclass=\"bdt-ep-accordion-title bdt-accordion-title bdt-flex bdt-flex-middle bdt-flex-between\" id=\"bdt-ep-accordion-anlagenkauf\"\n\t\t\t\t\t\t\tdata-accordion-index=\"0\" data-title=\"anlagenkauf\">\n\n\t\t\t\t\t\t\t\t\t\t\t\t\t\t\t<span class=\"bdt-ep-accordion-icon bdt-flex-align-right\"\n\t\t\t\t\t\t\t\t\taria-hidden=\"true\">\n\n\t\t\t\t\t\t\t\t\t\t\t\t\t\t\t\t\t\t\t<span class=\"bdt-ep-accordion-icon-closed\">\n\t\t\t\t\t\t\t\t\t\t\t<i aria-hidden=\"true\" class=\"fa-fw fas fa-plus\"><\/i>\t\t\t\t\t\t\t\t\t\t<\/span>\n\t\t\t\t\t\t\t\t\t\n\t\t\t\t\t\t\t\t\t\t\t\t\t\t\t\t\t\t\t<span class=\"bdt-ep-accordion-icon-opened\">\n\t\t\t\t\t\t\t\t\t\t\t<i aria-hidden=\"true\" class=\"fa-fw fas fa-minus\"><\/i>\t\t\t\t\t\t\t\t\t\t<\/span>\n\t\t\t\t\t\t\t\t\t\n\t\t\t\t\t\t\t\t<\/span>\n\t\t\t\t\t\t\t\n\t\t\t\t\t\t\t<span role=\"heading\" class=\"bdt-ep-title-text bdt-flex-inline bdt-flex-middle\" >\n\n\t\t\t\t\t\t\t\t\t\t\t\t\t\t\t\t\t<span class=\"bdt-ep-accordion-custom-icon\">\n\t\t\t\t\t\t\t\t\t\t<svg xmlns=\"http:\/\/www.w3.org\/2000\/svg\" xmlns:xlink=\"http:\/\/www.w3.org\/1999\/xlink\" id=\"Ebene_1\" x=\"0px\" y=\"0px\" viewBox=\"0 0 396.9 396.9\" style=\"enable-background:new 0 0 396.9 396.9;\" xml:space=\"preserve\"><style type=\"text\/css\">\t.st0{fill:url(#SVGID_1_);}\t.st1{fill:url(#SVGID_00000099638430188398056670000000964831431184835261_);}\t.st2{fill:url(#SVGID_00000013902720426673599820000005716259901491288246_);}\t.st3{fill:url(#SVGID_00000080887877758037267100000013892935373972174772_);}\t.st4{fill:url(#SVGID_00000134242337945300095160000008719213074367223429_);}\t.st5{fill:url(#SVGID_00000158711727583414956650000006007028050175818907_);}\t.st6{fill:url(#SVGID_00000083062490707024927430000011982946743811570586_);}\t.st7{fill:url(#SVGID_00000020372875180226628190000006919749817661818243_);}\t.st8{fill:url(#SVGID_00000020391031612123052620000005943911251693526973_);}\t.st9{fill:url(#SVGID_00000161621616400116326620000015934756323302468785_);}<\/style><g>\t<linearGradient id=\"SVGID_1_\" gradientUnits=\"userSpaceOnUse\" x1=\"6.45\" y1=\"274.4426\" x2=\"390.45\" y2=\"274.4426\">\t\t<stop offset=\"0\" style=\"stop-color:#FCCD15\"><\/stop>\t\t<stop offset=\"1\" style=\"stop-color:#EB7033\"><\/stop>\t<\/linearGradient>\t<path class=\"st0\" d=\"M6.4,292c3.5-9.9,12.3-15.5,19.2-22.5c2-2,5-1.4,7.1,0.8c2.3,2.5,2.1,5.3-0.2,7.7c-3.7,3.9-7.6,7.6-11.4,11.4   c-0.8,0.8-1.7,1.5-2.3,2.5c-1.7,2.5-1.6,5,0.5,7.1c2.1,2.2,4.6,2.4,7.1,0.7c1-0.7,1.9-1.6,2.7-2.5c38.6-38.5,77.2-77.1,115.9-115.6   c0.7-0.7,1.5-1.4,2.1-2.1c2.1-2.6,2.1-5.6-0.1-7.8c-2.2-2.2-5.2-2.3-7.8-0.2c-1,0.8-1.8,1.7-2.7,2.6   c-28.3,28.2-56.6,56.5-84.8,84.7c-4.4,4.4-7.4,5-10.2,2.2c-2.7-2.7-2-5.9,2.3-10.2c28.7-28.7,57.5-57.3,86.2-86   c4.4-4.4,9.5-6.9,15.8-5.8c6.6,1.2,11.1,5,13.2,11.4c2.1,6.3,0.7,12.2-4,16.9c-6.8,7-13.7,13.8-20.6,20.7   c-10.9,10.9-21.7,21.7-32.6,32.5c-1.7,1.7-2.5,3.4-2.5,5.8c0.1,28.2,0.1,56.4,0,84.6c0,2.6,0.7,3.8,3.2,4.8   c7.9,3.2,12.5,9.4,13.8,17.7c0.3,2.1,0.7,2.9,3.1,2.9c21.2-0.1,42.5-0.1,63.7,0c2.1,0,2.9-0.5,3.3-2.8c1.2-8.7,6.2-14.8,14.3-18.1   c1.6-0.7,2.7-1.2,2.7-3.3c-0.1-25.3-0.1-50.6-0.1-76c0-0.2-0.1-0.5-0.2-0.9c-1.5,0.2-2.2,1.5-3.1,2.4   c-16.3,16.2-32.5,32.5-48.8,48.7c-7.1,7.1-16.5,7.8-23.6,1.9c-6.5-5.4-8-14.9-3.4-22c0.8-1.2,1.8-2.4,2.9-3.4   c39.5-39.4,79-78.9,118.5-118.3c4.3-4.3,9.5-6.5,15.6-5.3c6.4,1.2,10.9,4.9,12.9,11.2c2.1,6.3,0.8,12.1-3.7,17   c-4.4,4.6-9,9-13.5,13.5c-13.3,13.3-26.7,26.7-40.1,39.9c-1.7,1.6-2.3,3.3-2.3,5.6c0.1,28.2,0.1,56.4,0,84.6c0,2.5,0.6,3.8,3.2,4.9   c7.7,3.2,12.4,9.1,13.6,17.4c0.4,2.5,1.2,3.2,3.7,3.2c21-0.1,42-0.1,63,0c2.3,0,3.2-0.7,3.5-3c1.3-8.8,6.3-14.7,14.5-18   c1.6-0.6,2.4-1.3,2.4-3.2c-0.1-25.2,0-50.4-0.1-75.6c0-0.4-0.1-0.9-0.2-1.4c-1.6,0.5-2.3,1.7-3.3,2.6   c-16.2,16.1-32.3,32.3-48.5,48.4c-7,6.9-15.8,7.7-23,2.3c-7.6-5.7-8.9-16.6-2.8-23.9c1-1.2,2-2.2,3.1-3.2   c38.4-38.3,77-76.3,114.9-115c10.5-10.8,26.6-10,31.8,5.8c0,2.2,0,4.5,0,6.7c-2.2,7.3-8.2,11.7-13.2,16.8c-2.9,3-6.1,3.2-8.6,0.8   c-2.4-2.3-2.2-5.7,0.6-8.6c2.7-2.8,5.5-5.4,8.2-8.2c2.4-2.6,2.3-5.8,0.1-8c-2.3-2.2-5.3-2.2-8.1,0.2c-0.7,0.6-1.2,1.2-1.9,1.8   c-38.6,38.5-77.2,77.1-115.8,115.6c-0.7,0.7-1.5,1.4-2.1,2.1c-2.1,2.6-2,5.6,0.2,7.8c2.2,2.2,5.2,2.2,7.8,0c1-0.8,1.8-1.7,2.7-2.6   c29.7-29.6,59.4-59.3,89.1-88.9c1-1,1.9-2,3-2.8c2.5-1.7,5-1.5,7.1,0.6c2.1,2.1,2.3,4.7,0.5,7.1c-0.7,1-1.7,1.9-2.5,2.7   c-8.6,8.6-17.1,17.1-25.7,25.6c-1.3,1.3-2,2.6-2,4.6c0.1,28.7,0.1,57.4,0,86.1c0,2.1,0.7,3,2.6,3.7c8.4,3.3,13.3,9.6,14.5,18.4   c0.3,2.3,1.3,2.5,3.1,2.5c6.5-0.1,13,0.3,19.5-0.1c10.5-0.6,17.6,3.5,21,13.5c0,2.2,0,4.5,0,6.7c-3.4,10-10.5,13.6-21,13.6   c-114-0.2-228-0.2-342.1,0c-10.4,0-17.5-3.6-21-13.6c0-2.2,0-4.5,0-6.7c3.4-10,10.5-13.9,21-13.6c13.2,0.4,26.5,0,39.7,0.2   c2.6,0,3.8-0.4,4.3-3.4c1.3-8.4,6.2-14.3,14.1-17.5c2.1-0.8,2.7-1.9,2.7-4c-0.1-24.6,0-49.2-0.1-73.7c0-0.9,0.6-2-1.2-2.9   c-0.8,1-1.6,2.1-2.5,3.1c-16.2,16.2-32.5,32.5-48.8,48.7c-7.4,7.3-17.9,7.2-24.7,0.1c-2.2-2.3-3.2-5.3-4.6-8   C6.4,296.5,6.4,294.2,6.4,292z M198.5,378.8c57.4,0,114.7,0,172.1,0c5.8,0,8.5-1.7,8.6-5.5c0.1-3.9-2.7-5.8-8.7-5.8   c-114.7,0-229.5,0-344.2,0c-5.8,0-8.5,1.7-8.6,5.5c-0.1,3.9,2.7,5.8,8.7,5.8C83.7,378.8,141.1,378.8,198.5,378.8z M263.9,175.8   c0.1-2.2-0.9-3.9-2.7-5c-1.9-1.1-3.9-1.1-5.7,0.1c-1,0.7-1.9,1.6-2.8,2.5c-38.8,38.7-77.6,77.4-116.3,116.1   c-0.8,0.8-1.7,1.5-2.3,2.5c-1.6,2.5-1.6,5,0.5,7.2c2.1,2.1,4.6,2.4,7.1,0.6c1.1-0.8,2.1-1.8,3-2.8c18.8-18.8,37.6-37.6,56.5-56.3   c19.8-19.8,39.6-39.5,59.4-59.3C262.1,179.8,264,178.3,263.9,175.8z M209,356.3c3.1,0,6.3-0.1,9.4,0c2,0.1,2.3-0.6,1.9-2.4   c-1.1-4.9-6-8.8-11.2-8.8c-5.2,0-10.2,3.9-11.3,8.7c-0.4,1.6-0.3,2.6,1.9,2.5C202.8,356.2,205.9,356.3,209,356.3z M324,356.3   c3.1,0,6.2-0.1,9.3,0c2,0.1,2.7-0.5,2.2-2.5c-1.2-4.9-6.1-8.7-11.3-8.7c-5.2,0-9.9,3.7-11.2,8.7c-0.6,2.1,0,2.6,2,2.5   C318.1,356.2,321,356.3,324,356.3z M93.7,356.3c3.1,0,6.2-0.1,9.4,0c2.1,0.1,2.6-0.5,2-2.6c-1.4-5-6.1-8.7-11.3-8.7   c-5.2,0-9.9,3.8-11.2,8.8c-0.5,1.8-0.2,2.5,1.8,2.4C87.5,356.3,90.6,356.3,93.7,356.3z\"><\/path>\t\t\t<linearGradient id=\"SVGID_00000110430414364743955770000002175590406973913739_\" gradientUnits=\"userSpaceOnUse\" x1=\"81.4264\" y1=\"16.8386\" x2=\"92.7834\" y2=\"16.8386\">\t\t<stop offset=\"0\" style=\"stop-color:#FCCD15\"><\/stop>\t\t<stop offset=\"1\" style=\"stop-color:#EB7033\"><\/stop>\t<\/linearGradient>\t<path style=\"fill:url(#SVGID_00000110430414364743955770000002175590406973913739_);\" d=\"M88.9,6.8c3,1.8,4.1,4.4,3.8,7.9   c-0.2,2.3,0.1,4.7-0.1,7.1c-0.3,3.1-2.2,5-5.4,5.2c-3,0.1-5.2-1.6-5.6-4.5c-0.4-3.7-0.2-7.5-0.1-11.2c0.1-2.2,2-3.3,3.6-4.5   C86.4,6.8,87.7,6.8,88.9,6.8z\"><\/path>\t\t\t<linearGradient id=\"SVGID_00000140699880742362633020000008770066342561681051_\" gradientUnits=\"userSpaceOnUse\" x1=\"6.45\" y1=\"87.2048\" x2=\"26.6276\" y2=\"87.2048\">\t\t<stop offset=\"0\" style=\"stop-color:#FCCD15\"><\/stop>\t\t<stop offset=\"1\" style=\"stop-color:#EB7033\"><\/stop>\t<\/linearGradient>\t<path style=\"fill:url(#SVGID_00000140699880742362633020000008770066342561681051_);\" d=\"M6.4,85.4c1.8-3,4.4-4.1,7.9-3.8   c2.4,0.2,4.8-0.1,7.1,0.1c3.1,0.3,5.1,2.2,5.2,5.3c0.1,3-1.6,5.2-4.5,5.6c-3.7,0.4-7.5,0.2-11.2,0.1c-2.2-0.1-3.3-2-4.5-3.6   C6.4,87.9,6.4,86.6,6.4,85.4z\"><\/path>\t\t\t<linearGradient id=\"SVGID_00000182497856693625222750000005774127798650330301_\" gradientUnits=\"userSpaceOnUse\" x1=\"46.8958\" y1=\"87.213\" x2=\"127.1743\" y2=\"87.213\">\t\t<stop offset=\"0\" style=\"stop-color:#FCCD15\"><\/stop>\t\t<stop offset=\"1\" style=\"stop-color:#EB7033\"><\/stop>\t<\/linearGradient>\t<path style=\"fill:url(#SVGID_00000182497856693625222750000005774127798650330301_);\" d=\"M86.5,47.2c23.4,0.2,41.4,18.8,40.7,41.5   c-0.7,22.3-20,39.7-42.6,38.5c-27.2-1.5-45.2-30.5-34.5-55.5c1.2-2.8,2.9-5,6.4-4.8c4,0.3,6,4.2,4.3,8.5c-2.2,5.6-3.1,11.2-2,17.2   C62,109,78,119.2,94.3,115.1c15.7-3.9,25.1-20.6,20.4-36.2c-4.8-15.8-21.8-24.7-37.3-18.7c-5.7,2.2-8.8,0.5-10-2.2   c-1.5-3.7,0.6-6.6,6.1-8.5c2-0.7,4.1-1.2,6.1-1.6C82.1,47.4,84.6,47.1,86.5,47.2z\"><\/path>\t\t\t<linearGradient id=\"SVGID_00000174584486048089971800000017982150103000877195_\" gradientUnits=\"userSpaceOnUse\" x1=\"147.4912\" y1=\"87.2063\" x2=\"167.6546\" y2=\"87.2063\">\t\t<stop offset=\"0\" style=\"stop-color:#FCCD15\"><\/stop>\t\t<stop offset=\"1\" style=\"stop-color:#EB7033\"><\/stop>\t<\/linearGradient>\t<path style=\"fill:url(#SVGID_00000174584486048089971800000017982150103000877195_);\" d=\"M157.5,92.8c-1.6,0-3.3,0.2-4.9,0   c-3.1-0.4-5-2.3-5.2-5.4c-0.2-3,2.1-5.5,5.3-5.7c3.2-0.2,6.5-0.2,9.7,0c3.1,0.2,5,2.2,5.2,5.4c0.2,3-2.1,5.4-5.3,5.7   C160.8,92.9,159.1,92.8,157.5,92.8C157.5,92.8,157.5,92.8,157.5,92.8z\"><\/path>\t\t\t<linearGradient id=\"SVGID_00000100377310469653510200000013500473479773917315_\" gradientUnits=\"userSpaceOnUse\" x1=\"81.4325\" y1=\"157.5967\" x2=\"92.7664\" y2=\"157.5967\">\t\t<stop offset=\"0\" style=\"stop-color:#FCCD15\"><\/stop>\t\t<stop offset=\"1\" style=\"stop-color:#EB7033\"><\/stop>\t<\/linearGradient>\t<path style=\"fill:url(#SVGID_00000100377310469653510200000013500473479773917315_);\" d=\"M81.5,157.4c0-1.5-0.1-3,0-4.5   c0.3-3.2,2.7-5.4,5.6-5.4c3,0,5.3,2.3,5.5,5.5c0.2,3.1,0.2,6.2,0,9.3c-0.2,3.2-2.7,5.4-5.6,5.4c-3,0-5.3-2.3-5.5-5.5   C81.4,160.6,81.5,159,81.5,157.4z\"><\/path>\t\t\t<linearGradient id=\"SVGID_00000116230635023476948740000004005820091401390755_\" gradientUnits=\"userSpaceOnUse\" x1=\"28.3218\" y1=\"37.4357\" x2=\"46.0471\" y2=\"37.4357\">\t\t<stop offset=\"0\" style=\"stop-color:#FCCD15\"><\/stop>\t\t<stop offset=\"1\" style=\"stop-color:#EB7033\"><\/stop>\t<\/linearGradient>\t<path style=\"fill:url(#SVGID_00000116230635023476948740000004005820091401390755_);\" d=\"M46,40.5c-0.1,4.2-4.4,7.1-7.7,5.2   c-3.9-2.2-7-5.5-9.4-9.4c-1.2-2-0.5-4.2,1.1-5.8c1.7-1.8,4-2.6,6.1-1.2c3.8,2.4,6.9,5.6,9.4,9.4C45.9,39.2,45.9,40.1,46,40.5z\"><\/path>\t\t\t<linearGradient id=\"SVGID_00000081630776634529564670000000334190657406129283_\" gradientUnits=\"userSpaceOnUse\" x1=\"128.1046\" y1=\"37.4359\" x2=\"145.8248\" y2=\"37.4359\">\t\t<stop offset=\"0\" style=\"stop-color:#FCCD15\"><\/stop>\t\t<stop offset=\"1\" style=\"stop-color:#EB7033\"><\/stop>\t<\/linearGradient>\t<path style=\"fill:url(#SVGID_00000081630776634529564670000000334190657406129283_);\" d=\"M134.1,46.3c-4.3,0-7.4-4.5-5.3-7.9   c2.3-3.7,5.4-6.8,9.2-9.1c2.1-1.3,4.4-0.6,6.1,1.2c1.6,1.6,2.4,3.8,1.1,5.8c-2.4,3.9-5.7,7.1-9.7,9.6   C135.1,46.2,134.4,46.2,134.1,46.3z\"><\/path>\t\t\t<linearGradient id=\"SVGID_00000150786296326076028210000001814771382761501599_\" gradientUnits=\"userSpaceOnUse\" x1=\"28.4126\" y1=\"136.982\" x2=\"46.0524\" y2=\"136.982\">\t\t<stop offset=\"0\" style=\"stop-color:#FCCD15\"><\/stop>\t\t<stop offset=\"1\" style=\"stop-color:#EB7033\"><\/stop>\t<\/linearGradient>\t<path style=\"fill:url(#SVGID_00000150786296326076028210000001814771382761501599_);\" d=\"M46.1,133.7c-0.1,1.6-0.6,3-1.7,4.1   c-2.1,2.1-4.1,4.3-6.4,6.3c-2.6,2.3-5.8,2.2-8-0.2c-2.1-2.2-2.1-5.2,0.2-7.7c2.1-2.3,4.3-4.5,6.6-6.6c1.7-1.5,3.7-1.9,5.9-0.9   C44.8,129.7,45.8,131.5,46.1,133.7z\"><\/path>\t\t\t<linearGradient id=\"SVGID_00000026870083967212605460000002130853368072489130_\" gradientUnits=\"userSpaceOnUse\" x1=\"128.0148\" y1=\"136.9476\" x2=\"145.7428\" y2=\"136.9476\">\t\t<stop offset=\"0\" style=\"stop-color:#FCCD15\"><\/stop>\t\t<stop offset=\"1\" style=\"stop-color:#EB7033\"><\/stop>\t<\/linearGradient>\t<path style=\"fill:url(#SVGID_00000026870083967212605460000002130853368072489130_);\" d=\"M145.7,140c-0.2,4.3-4.7,7.2-8.1,5.1   c-3.5-2.3-6.6-5.4-8.9-8.9c-1.4-2.1-0.7-4.4,1-6.1c1.7-1.7,3.9-2.5,6.1-1.2c3.7,2.3,6.6,5.6,9.2,9.1   C145.6,138.5,145.6,139.5,145.7,140z\"><\/path><\/g><\/svg>\t\t\t\t\t\t\t\t\t<\/span>\n\t\t\t\t\t\t\t\t\t\t\t\t\t\t\t\tAnlagenkauf\t\t\t\t\t\t\t<\/span>\n\n\t\t\t\t\t\t<\/h3>\n\t\t\t\t\t\t<div class=\"bdt-ep-accordion-content bdt-accordion-content\">\n\t\t\t\t\t\t\t<h4>Maximale Rendite auf das eigene Investment<\/h4><p><strong>Volle Kontrolle \u00fcber den Strombeschaffungsprozess<\/strong><\/p><p>Das klassische Modell: Das Unternehmen erwirbt die Anlage, nutzt den produzierten Strom zur Eigenversorgung und speist den \u00fcbersch\u00fcssigen Strom gegen eine Verg\u00fctung ins Stromnetz ein.<\/p>\t\t\t\t\t\t<\/div>\n\t\t\t\t\t<\/div>\n\t\t\t\t\t\t\t\t\t<div class=\"bdt-ep-accordion-item\">\n\t\t\t\t\t\t<h3\t\t\t\t\t\t\tclass=\"bdt-ep-accordion-title bdt-accordion-title bdt-flex bdt-flex-middle bdt-flex-between\" id=\"bdt-ep-accordion-pachtmodell\"\n\t\t\t\t\t\t\tdata-accordion-index=\"1\" data-title=\"pachtmodell\">\n\n\t\t\t\t\t\t\t\t\t\t\t\t\t\t\t<span class=\"bdt-ep-accordion-icon bdt-flex-align-right\"\n\t\t\t\t\t\t\t\t\taria-hidden=\"true\">\n\n\t\t\t\t\t\t\t\t\t\t\t\t\t\t\t\t\t\t\t<span class=\"bdt-ep-accordion-icon-closed\">\n\t\t\t\t\t\t\t\t\t\t\t<i aria-hidden=\"true\" class=\"fa-fw fas fa-plus\"><\/i>\t\t\t\t\t\t\t\t\t\t<\/span>\n\t\t\t\t\t\t\t\t\t\n\t\t\t\t\t\t\t\t\t\t\t\t\t\t\t\t\t\t\t<span class=\"bdt-ep-accordion-icon-opened\">\n\t\t\t\t\t\t\t\t\t\t\t<i aria-hidden=\"true\" class=\"fa-fw fas fa-minus\"><\/i>\t\t\t\t\t\t\t\t\t\t<\/span>\n\t\t\t\t\t\t\t\t\t\n\t\t\t\t\t\t\t\t<\/span>\n\t\t\t\t\t\t\t\n\t\t\t\t\t\t\t<span role=\"heading\" class=\"bdt-ep-title-text bdt-flex-inline bdt-flex-middle\" >\n\n\t\t\t\t\t\t\t\t\t\t\t\t\t\t\t\t\t<span class=\"bdt-ep-accordion-custom-icon\">\n\t\t\t\t\t\t\t\t\t\t<svg xmlns=\"http:\/\/www.w3.org\/2000\/svg\" xmlns:xlink=\"http:\/\/www.w3.org\/1999\/xlink\" id=\"Ebene_1\" x=\"0px\" y=\"0px\" viewBox=\"0 0 396.9 396.9\" style=\"enable-background:new 0 0 396.9 396.9;\" xml:space=\"preserve\"><style type=\"text\/css\">\t.st0{fill:url(#SVGID_1_);}\t.st1{fill:url(#SVGID_00000168109885525607069130000017060697408416932496_);}<\/style><g>\t<linearGradient id=\"SVGID_1_\" gradientUnits=\"userSpaceOnUse\" x1=\"3.0554\" y1=\"245.1619\" x2=\"389.8484\" y2=\"245.1619\">\t\t<stop offset=\"0\" style=\"stop-color:#FCCD15\"><\/stop>\t\t<stop offset=\"1\" style=\"stop-color:#EB7033\"><\/stop>\t<\/linearGradient>\t<path class=\"st0\" d=\"M196.4,373.2c-61.4,0-122.7,0-184.1,0c-6.3,0-9.2-1.9-9.3-6C3,363,6,361,12.5,361c23.2,0,46.3-0.1,69.5,0.1   c3.2,0,4.5-0.5,4.4-4.1c-0.2-28.2-0.2-56.3,0-84.5c0-4-1.4-5-5.2-5c-16.9,0.2-33.9,0.2-50.8,0c-4,0-5.1,1.3-5.1,5.1   c0.1,24,0.1,48,0.1,71.9c0,1.4,0.1,2.7-0.1,4.1c-0.4,3.6-2.8,5.9-6,5.9c-3.3,0-5.7-2.3-6-5.9c-0.2-2.6-0.1-5.1-0.1-7.7   c0-22.8,0-45.5,0-68.3c0-12.1,5.2-17.2,17.4-17.2c17.3,0,34.7,0,52,0c10.2,0,15.9,5.5,15.9,15.8c0.1,28.2,0,56.3,0,84.5   c0,5.2,2.1,6.7,7.1,5.3c1-0.3,1.3-0.8,1.3-1.7c0-1.2,0-2.4,0-3.7c0-63,0-126,0-189c0-11.9,5.1-17,17.1-17c17.3,0,34.7,0,52,0   c10.6,0,16.2,5.6,16.2,16.3c0,63.4,0,126.8,0,190.2c0,4.5,2.8,6.3,7.2,4.8c1-0.4,1.1-1,1.1-1.8c0-1.1,0-2.2,0-3.3   c0-49.4,0-98.9,0-148.3c0-12.1,5.2-17.2,17.4-17.2c16.9,0,33.9,0,50.8,0c12,0,17.2,5.1,17.2,17c0,49.7,0,99.4,0,149.1   c0,4.1,3.5,6.2,7.4,4.5c1-0.4,1-1.2,1-2c0-1.4,0-2.7,0-4.1c0-73.4,0-146.8,0-220.2c0-3.8,0-7.6,2.3-10.9c2.9-4.2,6.9-6.5,12-6.5   c19,0,37.9-0.1,56.9,0c7.8,0,13.7,5.6,14,13.4c0.3,7.2,0.2,14.4,0.1,21.5c-0.1,3.9-2.6,6.4-5.9,6.4c-3.5,0-6-2.5-6.1-6.7   c-0.1-5.8-0.2-11.7,0-17.5c0.1-3.8-0.9-5.2-5-5.2c-16.8,0.2-33.6,0.1-50.4,0.1c-5.6,0-5.6,0-5.6,5.7c0,70.8,0,141.7,0,212.5   c0,3.5,0.1,7,0,10.6c0,1.9,0.4,2.9,2.7,2.9c18.6-0.1,37.1-0.1,55.7,0c1.9,0,2.8-0.5,2.6-2.5c-0.1-1.2,0-2.4,0-3.7   c0-57.8,0-115.7,0-173.5c0-1.5-0.1-3,0.1-4.5c0.3-3.6,2.7-6,5.9-6c3.2-0.1,5.7,2.2,6.1,5.8c0.2,1.6,0.1,3.2,0.1,4.9   c0,58.1,0,116.2,0,174.3c0,3.4,0,5.6,4.5,5.3c3.3-0.2,5.4,2.3,5.6,5.7c0.2,3.2-2.2,5.9-5.7,6.2c-1.3,0.1-2.7,0.1-4.1,0.1   C318.9,373.2,257.6,373.2,196.4,373.2z M119.2,261.4c0,32,0,63.9-0.1,95.9c0,2.7,0.4,3.8,3.5,3.7c18-0.1,36-0.1,54,0   c2.9,0,3.6-0.9,3.6-3.7c-0.1-63.7-0.1-127.3,0-191c0-3.6-1.3-4.6-4.7-4.6c-16.7,0.1-33.3,0.1-50,0.1c-6.3,0-6.3,0-6.3,6.1   C119.2,199.1,119.2,230.3,119.2,261.4z M273.8,282.1c0-24.9-0.1-49.8,0.1-74.8c0-3.6-0.8-5-4.7-5c-17.2,0.2-34.4,0.2-51.6,0   c-3.5,0-4.8,1-4.7,4.6c0.1,50.1,0.1,100.2,0,150.3c0,3.3,1.2,3.7,4,3.7c17.5-0.1,34.9-0.2,52.4,0c3.6,0,4.8-0.7,4.7-4.6   C273.7,331.7,273.8,306.9,273.8,282.1z\"><\/path>\t\t\t<linearGradient id=\"SVGID_00000135667864493430377250000016387621586399263917_\" gradientUnits=\"userSpaceOnUse\" x1=\"33.4737\" y1=\"115.1447\" x2=\"359.3678\" y2=\"115.1447\">\t\t<stop offset=\"0\" style=\"stop-color:#FCCD15\"><\/stop>\t\t<stop offset=\"1\" style=\"stop-color:#EB7033\"><\/stop>\t<\/linearGradient>\t<path style=\"fill:url(#SVGID_00000135667864493430377250000016387621586399263917_);\" d=\"M265.6,118.6c0,12.8-9.8,22.8-22,22.9   c-12.2,0.1-22.4-9.5-22.6-21.9c0-2.9-0.9-4.3-3.4-5.5c-15.4-7.3-30.8-14.7-46.1-22.1c-2.1-1-3.4-1.1-5.1,0.9   c-6.7,7.6-15.4,9.8-25,6.2c-2-0.7-3.1-0.6-4.5,1c-20.4,22.9-40.7,45.7-61.2,68.4c-1.8,2-1.2,3.3-0.2,5.2c4.8,9.2,2.7,20.4-4.9,27.1   c-7.6,6.7-18.7,7.5-27.1,2c-8.4-5.5-12.1-16.1-9-25.6c3.2-9.8,12.6-17,22.7-15.1c6.5,1.2,9.4-1.5,13-5.5   c19-21.5,38.2-42.9,57.4-64.2c1.7-1.9,2.3-3.4,1.2-6c-4.8-12.3,2-25.9,14.4-29.4c12.8-3.7,25.7,4.2,28,17.4   c0.6,3.5,2.2,5.2,5.2,6.7c15.4,7.2,30.8,14.6,46.1,22.1c2.3,1.1,3.7,1.4,5.9-0.7c8.1-7.5,19.7-7.7,28.6-0.7   c1.8,1.4,2.8,1.6,4.7,0.1c17.7-14.5,35.4-29,53.3-43.3c2.8-2.2,1.2-3.9,0.6-5.9c-3.6-11.7,2.9-24.2,14.5-27.9   c11.7-3.7,24.1,2.7,28,14.4c3.8,11.7-2.5,24.2-14.2,28.1c-4.9,1.6-9.9,1.8-14.7-0.3c-2.8-1.3-4.6-0.6-6.8,1.2   c-17.9,14.7-35.8,29.3-53.9,43.8C266.3,113.9,264.7,115.8,265.6,118.6z M149.7,88.7c5.5-0.1,10.1-4.6,10.1-10.1   c0.1-5.6-4.8-10.3-10.4-10.2c-5.5,0.1-9.9,4.7-9.8,10.3C139.6,84.3,144.2,88.8,149.7,88.7z M253.4,119.2c0-5.5-4.4-10.1-10-10.2   c-5.5-0.1-10.1,4.4-10.3,9.9c-0.1,5.6,4.6,10.4,10.2,10.4C248.9,129.3,253.4,124.7,253.4,119.2z M337.2,56.2   c5.5-0.1,9.9-4.6,9.9-10.2c0-5.7-4.7-10.3-10.4-10.1c-5.5,0.2-9.9,4.8-9.7,10.4C327.1,51.8,331.7,56.3,337.2,56.2z M55.7,174.1   c-5.5,0.1-10,4.6-9.9,10.2c0,5.6,4.5,10.1,10,10.1c5.7,0,10.2-4.6,10.1-10.4C65.8,178.4,61.2,174,55.7,174.1z\"><\/path><\/g><\/svg>\t\t\t\t\t\t\t\t\t<\/span>\n\t\t\t\t\t\t\t\t\t\t\t\t\t\t\t\tPachtmodell\t\t\t\t\t\t\t<\/span>\n\n\t\t\t\t\t\t<\/h3>\n\t\t\t\t\t\t<div class=\"bdt-ep-accordion-content bdt-accordion-content\">\n\t\t\t\t\t\t\t<h4>Keine Investitionskosten<\/h4><p><strong>Hohe Einsparungen bei den Strom\u00adbeschaffungskosten<\/strong><\/p><p>Um die Ecke gedacht: Das stromverbrauchende Unternehmen verpachtet die Dach- oder Freifl\u00e4che und pachtet anschlie\u00dfend die darauf errichtete Anlage zur\u00fcck. Wir k\u00fcmmern uns um die Finanzierung der Anlage, Sie verbrauchen den Strom dank nahezu vollst\u00e4ndiger Umlagenbefreiung zu deutlich geringeren Kosten als zuvor \u2013 und k\u00f6nnen mit Ihrer gr\u00fcnen Energieversorgung in die Au\u00dfendarstellung gehen.<\/p>\t\t\t\t\t\t<\/div>\n\t\t\t\t\t<\/div>\n\t\t\t\t\t\t\t\t\t<div class=\"bdt-ep-accordion-item\">\n\t\t\t\t\t\t<h3\t\t\t\t\t\t\tclass=\"bdt-ep-accordion-title bdt-accordion-title bdt-flex bdt-flex-middle bdt-flex-between\" id=\"bdt-ep-accordion-contracting\"\n\t\t\t\t\t\t\tdata-accordion-index=\"2\" data-title=\"contracting\">\n\n\t\t\t\t\t\t\t\t\t\t\t\t\t\t\t<span class=\"bdt-ep-accordion-icon bdt-flex-align-right\"\n\t\t\t\t\t\t\t\t\taria-hidden=\"true\">\n\n\t\t\t\t\t\t\t\t\t\t\t\t\t\t\t\t\t\t\t<span class=\"bdt-ep-accordion-icon-closed\">\n\t\t\t\t\t\t\t\t\t\t\t<i aria-hidden=\"true\" class=\"fa-fw fas fa-plus\"><\/i>\t\t\t\t\t\t\t\t\t\t<\/span>\n\t\t\t\t\t\t\t\t\t\n\t\t\t\t\t\t\t\t\t\t\t\t\t\t\t\t\t\t\t<span class=\"bdt-ep-accordion-icon-opened\">\n\t\t\t\t\t\t\t\t\t\t\t<i aria-hidden=\"true\" class=\"fa-fw fas fa-minus\"><\/i>\t\t\t\t\t\t\t\t\t\t<\/span>\n\t\t\t\t\t\t\t\t\t\n\t\t\t\t\t\t\t\t<\/span>\n\t\t\t\t\t\t\t\n\t\t\t\t\t\t\t<span role=\"heading\" class=\"bdt-ep-title-text bdt-flex-inline bdt-flex-middle\" >\n\n\t\t\t\t\t\t\t\t\t\t\t\t\t\t\t\t\t<span class=\"bdt-ep-accordion-custom-icon\">\n\t\t\t\t\t\t\t\t\t\t<svg xmlns=\"http:\/\/www.w3.org\/2000\/svg\" xmlns:xlink=\"http:\/\/www.w3.org\/1999\/xlink\" id=\"Ebene_1\" x=\"0px\" y=\"0px\" viewBox=\"0 0 396.9 396.9\" style=\"enable-background:new 0 0 396.9 396.9;\" xml:space=\"preserve\"><style type=\"text\/css\">\t.st0{fill:url(#SVGID_1_);}\t.st1{fill:url(#SVGID_00000171682824932947560270000017813253556618921906_);}\t.st2{fill:url(#SVGID_00000146472721565646541330000014481514796465861545_);}\t.st3{fill:url(#SVGID_00000175293797539122021670000002410359461023725986_);}\t.st4{fill:url(#SVGID_00000090991361908812051770000006488313346491304122_);}\t.st5{fill:url(#SVGID_00000093879121710627540950000009578613993516227473_);}\t.st6{fill:url(#SVGID_00000060016154973699203870000007696928048312974500_);}\t.st7{fill:url(#SVGID_00000030482639398138915990000003565183689430742688_);}\t.st8{fill:url(#SVGID_00000006706704448138656600000005232333793091926691_);}\t.st9{fill:url(#SVGID_00000108993740632121340710000016127766388262332313_);}\t.st10{fill:url(#SVGID_00000059308955012563356830000005275614349017388945_);}<\/style><g>\t<linearGradient id=\"SVGID_1_\" gradientUnits=\"userSpaceOnUse\" x1=\"14.2232\" y1=\"198.45\" x2=\"307.6506\" y2=\"198.45\">\t\t<stop offset=\"0\" style=\"stop-color:#FCCD15\"><\/stop>\t\t<stop offset=\"1\" style=\"stop-color:#EB7033\"><\/stop>\t<\/linearGradient>\t<path class=\"st0\" d=\"M29.2,389.8c-4.5-1.7-9.1-3.6-11.4-8.1c-1.6-3.3-3.4-6.9-3.4-10.4C14.3,256,14.3,140.8,14.2,25.6   C14.2,17.5,21.6,8,30,7.8c3.6-0.1,7.1-0.7,10.6-0.7c81.6,0,163.1-0.1,244.7,0c11.6,0,18.1,4.4,21.4,14.9c0.6,2.1,0.7,4.4,0.7,6.6   c0,38.4,0,76.7,0,115.1c0,5.9-2.4,8.5-7.3,8.4c-2.7-0.1-4.4-1.4-4.9-4c-0.4-1.8-0.5-3.7-0.5-5.5c0-37.7,0-75.5,0-113.2   c0-7.2-2.3-9.5-9.4-9.5c-83.1,0-166.1,0-249.2,0c-1.3,0-2.7,0.2-4,0.4C28.3,21,27,23.4,27,27.2c0.1,52.1,0,104.1,0,156.2   c0,62,0,124.1,0,186.1c0,5.4,2.2,7.6,7.7,7.6c83.2,0,166.4,0,249.6,0c8.7,0,10.5-1.9,10.5-10.7c0-18.7,0-37.4,0-56   c0-1.4,0-2.8,0.2-4.1c0.4-3,1.7-5.3,5.3-5.4c3.8-0.1,6.3,1.5,7,5c0.3,1.3,0.3,2.7,0.3,4.1c0,18.6-0.2,37.1,0.1,55.7   c0.2,11.9-3.8,20.2-16.1,24.2C204.1,389.8,116.7,389.8,29.2,389.8z\"><\/path>\t\t\t<linearGradient id=\"SVGID_00000003785918950774056680000017334030487701275567_\" gradientUnits=\"userSpaceOnUse\" x1=\"167.7969\" y1=\"211.249\" x2=\"396.9\" y2=\"211.249\">\t\t<stop offset=\"0\" style=\"stop-color:#FCCD15\"><\/stop>\t\t<stop offset=\"1\" style=\"stop-color:#EB7033\"><\/stop>\t<\/linearGradient>\t<path style=\"fill:url(#SVGID_00000003785918950774056680000017334030487701275567_);\" d=\"M396.9,107.2c-1.9,3.6-3.9,7.1-5.8,10.7   c3.6,4.3,3.9,5.9,1.1,10.7c-4.9,8.6-9.9,17.2-14.9,25.7c2.4,1.6,4.4,3.1,6.6,4.3c7.2,3.9,11.2,15.5,6.6,23.6   c-6.5,11.5-13,22.9-19.6,34.3c-2.2,3.9-4.5,7.8-7,11.5c-2,3-5.9,3.9-8.4,2.4c-2.6-1.6-3.7-5.6-1.9-8.9c4.4-7.9,9-15.8,13.5-23.6   c3.8-6.6,7.9-13.1,11.4-19.8c2.4-4.5,1.8-7.8-3-10.4c-1.4-0.7-2.7-1.5-4.5-2.5c-4.1,7.2-8.1,14.3-12.2,21.4   c-10.1,17.5-20.4,34.9-30.5,52.4c-3.9,6.7-7.1,13.8-11.5,20.2c-4.7,6.8-10.5,12.9-15.5,19.5c-5.6,7.3-11.1,14.8-16.3,22.4   c-3.9,5.7-9.3,8.9-16,8.4c-4.8-0.3-7.1,2-9.6,5.1c-3.5,4.5-6.8,9.3-10.7,13.4c-8.4,8.8-18.1,4.8-22.2-5c-1-2.4-1.9-4.9-2.2-6.1   c-2.5,1.9-4.9,3.8-7.4,5.6c-3.9,2.9-8.5,3-12.5,1.1c-4.1-2-6.7-5.8-7.2-10.7c-0.7-7.7-1.4-15.3-2.8-23.1c-1.7,5-3.5,9.9-5.1,14.9   c-3.1,9.4-6.1,18.7-9.3,28.1c-0.8,2.4-1.8,4.6-4.8,5.3c-3,0.7-5.6-0.1-6.7-2.6c-0.9-1.9-0.9-4.8-0.3-6.8c4.8-15.3,9.9-30.6,15-45.8   c1.8-5.5,8.2-9.4,13.9-8.3c5.9,1.2,10.7,6,10.9,12.2c0.3,7.8,1.4,15.5,2.2,23.9c3-3.6,5-7.1,9.5-8.6c4.6-1.5,13,1.7,14.6,6   c0.7,1.8,1.8,3.4,2.5,5.2c0.7,1.7,1.3,3.6,2.2,6.2c3.6-4.3,6.5-8.4,10-11.8c3.6-3.6,4.3-6.8,1.9-11.5c-2.1-4.1-1.4-9,1-13.2   c8.5-15,13.2-31.5,19.7-47.3c3-7.3,7.6-14,11.6-20.9c8.2-14.4,16.5-28.7,24.8-43.1c5.7-9.9,11.5-19.9,17.3-29.8   c0.4-0.7,0.8-1.4,0.9-1.6c-2.5-2.1-5.2-3.8-7.2-6c-2.3-2.5-1.2-5.2,0.7-7.6c2-2.5,4.7-1.8,7.1-1c6.7,2.5,6.6,2.6,10.2-3.7   c3.9-6.8,8-13.5,11.9-20.4c1.5-2.6,3.6-3.8,6.3-3.2c2,0.4,2.9-0.2,3.8-1.9c2.9-5.5,6.5-10.3,13-11.8c10-2.3,19.4,1.7,23.4,11.7   c0.4,1,1,1.8,1.5,2.7C396.9,101.8,396.9,104.5,396.9,107.2z M308.7,247.4c17-29.4,34-58.8,51-88.4c-7.5-4.3-14.6-8.5-22-12.8   c-17,29.5-34,58.9-51,88.4C294,238.8,301,242.9,308.7,247.4z M378.9,125.8c-6.9-3.9-13.7-7.9-20.6-11.7c-0.6-0.3-2.5,0.7-3,1.5   c-3.4,5.7-6.6,11.5-10,17.2c-1.2,1.9-0.8,2.5,1.1,3.6c6.5,3.6,12.9,7.5,19.7,11.4C370.4,140.6,374.5,133.4,378.9,125.8z    M281.5,246.2c-2.9,7.5-5.8,14.7-8.4,22.1c-0.3,0.9,0.2,2.7,0.9,3.2c3.5,2.2,7.3,4.1,11,6.2c5.5-6.6,10.9-13.1,16.5-19.9   C294.7,253.9,288.3,250.1,281.5,246.2z M278.5,288.9c-2.3-1.4-4.1-2.6-6-3.6c-6.4-3.4-4.9-3.9-8.7,3c-1.8,3.2-0.3,5.9,1.9,7.7   c2.2,1.8,5.3,2.2,7.6-0.4C275.1,293.5,276.7,291.2,278.5,288.9z M379.9,111.5c1.2-2.2,2.7-3.8,2.9-5.5c0.3-2.3,0.2-5.1-0.8-7   c-1.4-2.7-5.1-3.1-7.1-1.7c-2.4,1.7-3.8,4.9-5.5,7.5c-0.2,0.2,0.3,1.2,0.8,1.5C373.2,107.9,376.4,109.6,379.9,111.5z\"><\/path>\t\t\t<linearGradient id=\"SVGID_00000056423153826929769620000006711576558741804437_\" gradientUnits=\"userSpaceOnUse\" x1=\"71.7236\" y1=\"64.5102\" x2=\"249.9848\" y2=\"64.5102\">\t\t<stop offset=\"0\" style=\"stop-color:#FCCD15\"><\/stop>\t\t<stop offset=\"1\" style=\"stop-color:#EB7033\"><\/stop>\t<\/linearGradient>\t<path style=\"fill:url(#SVGID_00000056423153826929769620000006711576558741804437_);\" d=\"M83.9,58.1c0,4.3,0,8.2,0,12.6   c1.4,0.1,2.8,0.2,4.2,0.2c50.8,0,101.6,0,152.4,0.1c2.1,0,4.5,0.3,6.4,1.2c2.9,1.3,3.7,4.4,2.6,6.9c-0.8,1.8-3.1,3.1-4.9,4.3   c-0.9,0.6-2.4,0.3-3.7,0.3c-53.4,0-106.8,0-160.2,0c-1.2,0-2.5-0.1-3.7-0.2c-3.2-0.4-5.1-2.2-5.1-5.6c-0.1-8.5-0.1-16.9-0.1-25.4   c0-4.8,1.7-6.6,6.5-7.1c0.9-0.1,1.7,0,2.6,0c53.3,0,106.6,0,159.9,0.1c2.3,0,4.8,0.8,6.8,1.9c2.7,1.3,2.9,4.3,1.9,6.5   c-0.9,1.8-3.1,3.1-5.1,4.1c-1.1,0.6-2.7,0.2-4.1,0.2c-50.7,0-101.3,0-152,0C86.9,58.1,85.6,58.1,83.9,58.1z\"><\/path>\t\t\t<linearGradient id=\"SVGID_00000145748393592343658920000006237850827357667456_\" gradientUnits=\"userSpaceOnUse\" x1=\"39.3496\" y1=\"310.2377\" x2=\"147.9685\" y2=\"310.2377\">\t\t<stop offset=\"0\" style=\"stop-color:#FCCD15\"><\/stop>\t\t<stop offset=\"1\" style=\"stop-color:#EB7033\"><\/stop>\t<\/linearGradient>\t<path style=\"fill:url(#SVGID_00000145748393592343658920000006237850827357667456_);\" d=\"M39.3,310.9c1.3-22.8,11-39.1,30.3-49.4   c7.3-3.9,15.3-5.6,23.5-5.5c12,0.1,23.1,3.5,33,10.5c2.7,1.9,3.4,5.8,1.7,8.5c-1.7,2.7-6.4,4.1-8.9,2.2c-7.4-5.7-16-8.2-25-8.4   c-10.2-0.2-19.5,3-27.3,10c-10.5,9.5-15.5,21.4-14.1,35.4c1.3,13,7.5,23.6,18.9,30.8c7.3,4.6,15.1,7,23.7,6.7   c17.8-0.7,34.6-13.8,38.7-31.3c0.7-3.1,1.3-6.2,1.5-9.3c0.3-4.6,2.1-7.3,5.6-7.1c4.5,0.3,7.4,2.2,7.1,7.3   c-0.6,9.8-2.7,19.4-8.4,27.8c-9.2,13.6-21.7,21.9-38.1,24.7c-27.4,4.7-54.5-14.8-60.2-40.9C40.3,318.6,39.8,314.2,39.3,310.9z\"><\/path>\t\t\t<linearGradient id=\"SVGID_00000063620583021400577920000012335264547216396985_\" gradientUnits=\"userSpaceOnUse\" x1=\"116.2053\" y1=\"147.3809\" x2=\"268.7395\" y2=\"147.3809\">\t\t<stop offset=\"0\" style=\"stop-color:#FCCD15\"><\/stop>\t\t<stop offset=\"1\" style=\"stop-color:#EB7033\"><\/stop>\t<\/linearGradient>\t<path style=\"fill:url(#SVGID_00000063620583021400577920000012335264547216396985_);\" d=\"M192.6,153.8c-22.6,0-45.3,0-67.9,0   c-5.6,0-6.9-0.9-8.3-5.2c-0.8-2.5,1.1-6.2,3.7-6.9c1.5-0.4,3.1-0.7,4.7-0.7c45,0,90.1-0.1,135.1,0c3.4,0,7.2-0.1,8.5,4.5   c1.2,3.9-1,7.6-4.9,8.1c-1.2,0.1-2.5,0.1-3.7,0.1C237.4,153.8,215,153.8,192.6,153.8z\"><\/path>\t\t\t<linearGradient id=\"SVGID_00000183933570838505678920000016197684511831330176_\" gradientUnits=\"userSpaceOnUse\" x1=\"58.4248\" y1=\"185.7228\" x2=\"198.9189\" y2=\"185.7228\">\t\t<stop offset=\"0\" style=\"stop-color:#FCCD15\"><\/stop>\t\t<stop offset=\"1\" style=\"stop-color:#EB7033\"><\/stop>\t<\/linearGradient>\t<path style=\"fill:url(#SVGID_00000183933570838505678920000016197684511831330176_);\" d=\"M128.4,192.2c-21.2,0-42.3,0-63.5,0   c-2.8,0-6.1-3.2-6.4-6.1c-0.2-2.2,2.5-5.8,4.9-6.3c1.6-0.3,3.2-0.5,4.8-0.5c40.5,0,80.9,0,121.4,0c6.2,0,9.4,2.1,9.4,6.4   c0,4.3-3,6.4-9.3,6.4C169.2,192.1,148.8,192.1,128.4,192.2C128.4,192.1,128.4,192.1,128.4,192.2z\"><\/path>\t\t\t<linearGradient id=\"SVGID_00000027575983640662286710000016300811326885226652_\" gradientUnits=\"userSpaceOnUse\" x1=\"90.8276\" y1=\"102.8402\" x2=\"230.6905\" y2=\"102.8402\">\t\t<stop offset=\"0\" style=\"stop-color:#FCCD15\"><\/stop>\t\t<stop offset=\"1\" style=\"stop-color:#EB7033\"><\/stop>\t<\/linearGradient>\t<path style=\"fill:url(#SVGID_00000027575983640662286710000016300811326885226652_);\" d=\"M161.1,109.2c-20.7,0-41.3,0-62,0   c-3.5,0-6.9-0.1-8.1-4.6c-0.9-3.4,0.8-7.1,4.2-7.8c1.4-0.3,3-0.3,4.5-0.3c40.8,0,81.6,0,122.4,0c3.4,0,6.5,0.4,8,3.8   c2,4.6-1.5,9-6.3,9C202.9,109.2,182,109.2,161.1,109.2z\"><\/path>\t\t\t<linearGradient id=\"SVGID_00000015343741128248658720000012625861627291495077_\" gradientUnits=\"userSpaceOnUse\" x1=\"58.401\" y1=\"217.5404\" x2=\"135.0889\" y2=\"217.5404\">\t\t<stop offset=\"0\" style=\"stop-color:#FCCD15\"><\/stop>\t\t<stop offset=\"1\" style=\"stop-color:#EB7033\"><\/stop>\t<\/linearGradient>\t<path style=\"fill:url(#SVGID_00000015343741128248658720000012625861627291495077_);\" d=\"M96.3,223.9c-10.2,0-20.4,0-30.6,0   c-3.7,0-7.4-3.2-7.3-6.1c0.1-3.6,3.3-6.5,7.4-6.6c9.7-0.1,19.4,0,29.1,0c10.6,0,21.2-0.1,31.8,0.1c3.1,0,6.5,0.3,7.9,4   c1.8,4.5-1.3,8.7-6.5,8.7C117.5,224,106.9,223.9,96.3,223.9z\"><\/path>\t\t\t<linearGradient id=\"SVGID_00000101088606667635313540000003420177493770135433_\" gradientUnits=\"userSpaceOnUse\" x1=\"67.9706\" y1=\"309.7613\" x2=\"125.0574\" y2=\"309.7613\">\t\t<stop offset=\"0\" style=\"stop-color:#FCCD15\"><\/stop>\t\t<stop offset=\"1\" style=\"stop-color:#EB7033\"><\/stop>\t<\/linearGradient>\t<path style=\"fill:url(#SVGID_00000101088606667635313540000003420177493770135433_);\" d=\"M92,315.5c7.2-7.3,14.2-14.3,21.2-21.3   c3-3,7.2-3.3,9.8-0.8c2.5,2.4,2.8,6,0.4,8.5c-7.7,7.9-15.6,15.7-23.4,23.5c-3.4,3.4-13.1,3.3-16.5-0.5c-4.2-4.6-8.7-8.9-13.2-13.2   c-2.4-2.3-2.9-5-1.6-8c1.7-4,5.7-5.1,10.8-0.7C83.8,306.7,87.7,311.1,92,315.5z\"><\/path>\t\t\t<linearGradient id=\"SVGID_00000078755061187105707450000016814929512288092314_\" gradientUnits=\"userSpaceOnUse\" x1=\"211.7043\" y1=\"185.6835\" x2=\"269.126\" y2=\"185.6835\">\t\t<stop offset=\"0\" style=\"stop-color:#FCCD15\"><\/stop>\t\t<stop offset=\"1\" style=\"stop-color:#EB7033\"><\/stop>\t<\/linearGradient>\t<path style=\"fill:url(#SVGID_00000078755061187105707450000016814929512288092314_);\" d=\"M240.4,192c-7.5,0-14.9,0.2-22.4-0.1   c-5.7-0.2-8.1-5.1-4.9-9.7c1-1.4,3.3-2.7,5.1-2.7c14.6-0.2,29.1-0.3,43.7-0.1c4.7,0.1,7.4,3,7.2,6.6c-0.3,3.8-3.1,6.1-7.8,6.1   C254.4,192.1,247.4,192.1,240.4,192C240.4,192.1,240.4,192,240.4,192z\"><\/path>\t\t\t<linearGradient id=\"SVGID_00000036232713613164043600000004630705824786247051_\" gradientUnits=\"userSpaceOnUse\" x1=\"148.0457\" y1=\"217.5457\" x2=\"205.0117\" y2=\"217.5457\">\t\t<stop offset=\"0\" style=\"stop-color:#FCCD15\"><\/stop>\t\t<stop offset=\"1\" style=\"stop-color:#EB7033\"><\/stop>\t<\/linearGradient>\t<path style=\"fill:url(#SVGID_00000036232713613164043600000004630705824786247051_);\" d=\"M176.1,223.9c-7.1,0-14.2,0-21.3,0   c-4.6,0-6.9-2.4-6.8-6.7c0.1-3.5,2.9-6,7.1-6c13.9,0,27.9,0,41.8,0c5.9,0,8.8,3,7.9,7.8c-0.7,3.7-3.3,4.9-6.7,4.9   C190.8,223.9,183.5,223.9,176.1,223.9C176.1,223.9,176.1,223.9,176.1,223.9z\"><\/path><\/g><\/svg>\t\t\t\t\t\t\t\t\t<\/span>\n\t\t\t\t\t\t\t\t\t\t\t\t\t\t\t\tContracting\t\t\t\t\t\t\t<\/span>\n\n\t\t\t\t\t\t<\/h3>\n\t\t\t\t\t\t<div class=\"bdt-ep-accordion-content bdt-accordion-content\">\n\t\t\t\t\t\t\t<h4>Keine Investitionskosten<\/h4><p><strong>H\u00f6chste Unabh\u00e4ngigkeit durch g\u00fcnstigen Strom\u00adliefervertrag<\/strong><\/p><p>Weitergedacht: Kein Investment, keine R\u00fcckpacht. Sie verpachten Ihre Dachfl\u00e4che und schlie\u00dfen einen Stromliefervertrag, mit dem Sie genau so viel Strom erhalten, wie Sie ben\u00f6tigen \u2013 und dank einer teilweisen Umlagenbefreiung g\u00fcnstiger und gleichzeitig gr\u00fcner als von Ihrem Netzbetreiber. Das gr\u00fcne Rundum-sorglos-Paket.<\/p>\t\t\t\t\t\t<\/div>\n\t\t\t\t\t<\/div>\n\t\t\t\t\t\t\t<\/div>\n\t\t<\/div>\n\t\t\t\t\t\t<\/div>\n\t\t\t\t<\/div>\n\t\t\t\t\t<\/div>\n\t\t<\/div>\n\t\t\t\t\t<\/div>\n\t\t<\/section>\n\t\t\t\t<section class=\"elementor-section elementor-top-section elementor-element elementor-element-9ab7c00 elementor-section-full_width elementor-section-height-default elementor-section-height-default\" data-id=\"9ab7c00\" data-element_type=\"section\" data-e-type=\"section\" id=\"referenzen\">\n\t\t\t\t\t\t<div class=\"elementor-container elementor-column-gap-wider\">\n\t\t\t\t\t<div class=\"elementor-column elementor-col-100 elementor-top-column elementor-element elementor-element-285eb6a\" data-id=\"285eb6a\" data-element_type=\"column\" data-e-type=\"column\">\n\t\t\t<div class=\"elementor-widget-wrap elementor-element-populated\">\n\t\t\t\t\t\t<div class=\"elementor-element elementor-element-482e8bf animated-slow elementor-invisible elementor-widget elementor-widget-heading\" data-id=\"482e8bf\" data-element_type=\"widget\" data-e-type=\"widget\" data-settings=\"{&quot;_animation&quot;:&quot;fadeInDown&quot;}\" data-widget_type=\"heading.default\">\n\t\t\t\t<div class=\"elementor-widget-container\">\n\t\t\t\t\t<div class=\"elementor-heading-title elementor-size-default\">Gemeinsam zum Erfolg<\/div>\t\t\t\t<\/div>\n\t\t\t\t<\/div>\n\t\t\t\t<div class=\"elementor-element elementor-element-f066772 gradbluettl elementor-invisible elementor-widget elementor-widget-heading\" data-id=\"f066772\" data-element_type=\"widget\" data-e-type=\"widget\" data-settings=\"{&quot;_animation&quot;:&quot;fadeInDown&quot;}\" data-widget_type=\"heading.default\">\n\t\t\t\t<div class=\"elementor-widget-container\">\n\t\t\t\t\t<h2 class=\"elementor-heading-title elementor-size-default\">Unsere Kunden<\/h2>\t\t\t\t<\/div>\n\t\t\t\t<\/div>\n\t\t\t\t<div class=\"elementor-element elementor-element-2a87432 elementor-widget-divider--view-line elementor-invisible elementor-widget elementor-widget-divider\" data-id=\"2a87432\" data-element_type=\"widget\" data-e-type=\"widget\" data-settings=\"{&quot;_animation&quot;:&quot;fadeInRight&quot;,&quot;_animation_delay&quot;:300}\" data-widget_type=\"divider.default\">\n\t\t\t\t<div class=\"elementor-widget-container\">\n\t\t\t\t\t\t\t<div class=\"elementor-divider\">\n\t\t\t<span class=\"elementor-divider-separator\">\n\t\t\t\t\t\t<\/span>\n\t\t<\/div>\n\t\t\t\t\t\t<\/div>\n\t\t\t\t<\/div>\n\t\t\t\t<div class=\"elementor-element elementor-element-0695dc5 elementor-widget elementor-widget-image-carousel\" data-id=\"0695dc5\" data-element_type=\"widget\" data-e-type=\"widget\" data-settings=\"{&quot;slides_to_show&quot;:&quot;5&quot;,&quot;slides_to_scroll&quot;:&quot;5&quot;,&quot;navigation&quot;:&quot;none&quot;,&quot;autoplay_speed&quot;:3000,&quot;autoplay&quot;:&quot;yes&quot;,&quot;infinite&quot;:&quot;yes&quot;,&quot;speed&quot;:500}\" data-widget_type=\"image-carousel.default\">\n\t\t\t\t<div class=\"elementor-widget-container\">\n\t\t\t\t\t\t\t<div class=\"elementor-image-carousel-wrapper swiper\" role=\"region\" aria-roledescription=\"carousel\" aria-label=\"Bild Karussell\" dir=\"ltr\">\n\t\t\t<div class=\"elementor-image-carousel swiper-wrapper\" aria-live=\"off\">\n\t\t\t\t\t\t\t\t<div class=\"swiper-slide\" role=\"group\" aria-roledescription=\"slide\" aria-label=\"1 von 52\"><figure class=\"swiper-slide-inner\"><img decoding=\"async\" class=\"swiper-slide-image\" src=\"https:\/\/faber-solartechnik.de\/wp-content\/uploads\/elementor\/thumbs\/MHB-Montage-q8ysu9w087v7csv2apq4i7cmhitnrq7upxfm0jrqww.jpg\" alt=\"MHB Montage\" \/><\/figure><\/div><div class=\"swiper-slide\" role=\"group\" aria-roledescription=\"slide\" aria-label=\"2 von 52\"><figure class=\"swiper-slide-inner\"><img decoding=\"async\" class=\"swiper-slide-image\" src=\"https:\/\/faber-solartechnik.de\/wp-content\/uploads\/elementor\/thumbs\/Mein-Solar-q8ysu8y61dtx16wfg7bhxpl5w4yak144dss4j9t5uw.jpg\" alt=\"Mein Solar\" \/><\/figure><\/div><div class=\"swiper-slide\" role=\"group\" aria-roledescription=\"slide\" aria-label=\"3 von 52\"><figure class=\"swiper-slide-inner\"><img decoding=\"async\" class=\"swiper-slide-image\" src=\"https:\/\/faber-solartechnik.de\/wp-content\/uploads\/elementor\/thumbs\/logo-q8ysu80bujsmpkxslowvd7tpar2xcc0e1o4n1zujjc.jpg\" alt=\"logo\" \/><\/figure><\/div><div class=\"swiper-slide\" role=\"group\" aria-roledescription=\"slide\" aria-label=\"4 von 52\"><figure class=\"swiper-slide-inner\"><img decoding=\"async\" class=\"swiper-slide-image\" src=\"https:\/\/faber-solartechnik.de\/wp-content\/uploads\/elementor\/thumbs\/Kraftwerk-RPS-q8ysu72hnprcdyz5r6i8sq28pd7k4mwnpjh5kpvx32.jpg\" alt=\"dsffdsf\" \/><\/figure><\/div><div class=\"swiper-slide\" role=\"group\" aria-roledescription=\"slide\" aria-label=\"5 von 52\"><figure class=\"swiper-slide-inner\"><img decoding=\"async\" class=\"swiper-slide-image\" src=\"https:\/\/faber-solartechnik.de\/wp-content\/uploads\/elementor\/thumbs\/Juno-Solar-q8ysu64ngvq22d0iwo3m88as3zc6wxsxdeto3fxbou.jpg\" alt=\"Juno Solar\" \/><\/figure><\/div><div class=\"swiper-slide\" role=\"group\" aria-roledescription=\"slide\" aria-label=\"6 von 52\"><figure class=\"swiper-slide-inner\"><img decoding=\"async\" class=\"swiper-slide-image\" src=\"https:\/\/faber-solartechnik.de\/wp-content\/uploads\/elementor\/thumbs\/JT-Solarbau-q8ysu56ta1orqr1w25oznqjbilgtp8p71a66m5yq5m.jpg\" alt=\"JT Solarbau\" \/><\/figure><\/div><div class=\"swiper-slide\" role=\"group\" aria-roledescription=\"slide\" aria-label=\"7 von 52\"><figure class=\"swiper-slide-inner\"><img decoding=\"async\" class=\"swiper-slide-image\" src=\"https:\/\/faber-solartechnik.de\/wp-content\/uploads\/elementor\/thumbs\/Innosun-GmbH-q8ysu48z37nhf5397nad38rux7lghjlgp5ip4w03xy.jpg\" alt=\"Innosun GmbH\" \/><\/figure><\/div><div class=\"swiper-slide\" role=\"group\" aria-roledescription=\"slide\" aria-label=\"8 von 52\"><figure class=\"swiper-slide-inner\"><img decoding=\"async\" class=\"swiper-slide-image\" src=\"https:\/\/faber-solartechnik.de\/wp-content\/uploads\/elementor\/thumbs\/Haertha-Group-q8ysu3b4wdm73j4md4vqir0ebtq39uhqd0v7nm1ipa.jpg\" alt=\"H\u00e4rtha Group\" \/><\/figure><\/div><div class=\"swiper-slide\" role=\"group\" aria-roledescription=\"slide\" aria-label=\"9 von 52\"><figure class=\"swiper-slide-inner\"><img decoding=\"async\" class=\"swiper-slide-image\" src=\"https:\/\/faber-solartechnik.de\/wp-content\/uploads\/elementor\/thumbs\/Haas-q8ysu1fgipjmgb7co42hdrhh51zcuga9ork8p24awq.jpg\" alt=\"Haas\" \/><\/figure><\/div><div class=\"swiper-slide\" role=\"group\" aria-roledescription=\"slide\" aria-label=\"10 von 52\"><figure class=\"swiper-slide-inner\"><img decoding=\"async\" class=\"swiper-slide-image\" src=\"https:\/\/faber-solartechnik.de\/wp-content\/uploads\/elementor\/thumbs\/Greentech-q8ysu0hmbvic4p8ptlnut9q0jo3zmr6jcmwr7s5pb0.jpg\" alt=\"Greentech\" \/><\/figure><\/div><div class=\"swiper-slide\" role=\"group\" aria-roledescription=\"slide\" aria-label=\"11 von 52\"><figure class=\"swiper-slide-inner\"><img decoding=\"async\" class=\"swiper-slide-image\" src=\"https:\/\/faber-solartechnik.de\/wp-content\/uploads\/elementor\/thumbs\/Eurovia-q8ystzjs51h1t3a2z3988ryjya8mf22t0i99qi72yc.jpg\" alt=\"Eurovia\" \/><\/figure><\/div><div class=\"swiper-slide\" role=\"group\" aria-roledescription=\"slide\" aria-label=\"12 von 52\"><figure class=\"swiper-slide-inner\"><img decoding=\"async\" class=\"swiper-slide-image\" src=\"https:\/\/faber-solartechnik.de\/wp-content\/uploads\/elementor\/thumbs\/Entega-q8ystxo3rdeh5vcta2fz3sfmrihvznvcc8yary9vte.jpg\" alt=\"Entega\" \/><\/figure><\/div><div class=\"swiper-slide\" role=\"group\" aria-roledescription=\"slide\" aria-label=\"13 von 52\"><figure class=\"swiper-slide-inner\"><img decoding=\"async\" class=\"swiper-slide-image\" src=\"https:\/\/faber-solartechnik.de\/wp-content\/uploads\/elementor\/thumbs\/Elektro-Glenk-q8ystwq9kjd6u9e6fk1cjao664miryrm04ataob97a.jpg\" alt=\"Elektro Glenk\" \/><\/figure><\/div><div class=\"swiper-slide\" role=\"group\" aria-roledescription=\"slide\" aria-label=\"14 von 52\"><figure class=\"swiper-slide-inner\"><img decoding=\"async\" class=\"swiper-slide-image\" src=\"https:\/\/faber-solartechnik.de\/wp-content\/uploads\/elementor\/thumbs\/DrButze-q8ystvsfdpbwinfjl1mpyswpkqr5k9nvnznbtecnla.jpg\" alt=\"DrButze\" \/><\/figure><\/div><div class=\"swiper-slide\" role=\"group\" aria-roledescription=\"slide\" aria-label=\"15 von 52\"><figure class=\"swiper-slide-inner\"><img decoding=\"async\" class=\"swiper-slide-image\" src=\"https:\/\/faber-solartechnik.de\/wp-content\/uploads\/elementor\/thumbs\/Dr-Oetker-q8ystuul6vam71gwqj83eb58zcvsckk5buzuc4e1xm.jpg\" alt=\"Dr Oetker\" \/><\/figure><\/div><div class=\"swiper-slide\" role=\"group\" aria-roledescription=\"slide\" aria-label=\"16 von 52\"><figure class=\"swiper-slide-inner\"><img decoding=\"async\" class=\"swiper-slide-image\" src=\"https:\/\/faber-solartechnik.de\/wp-content\/uploads\/elementor\/thumbs\/DEG-Sonne-Waerme-q8ysttwr019bvfi9w0tgttdsdz0f4vgezqccuufg26.jpg\" alt=\"DEG Sonne + W\u00e4rme\" \/><\/figure><\/div><div class=\"swiper-slide\" role=\"group\" aria-roledescription=\"slide\" aria-label=\"17 von 52\"><figure class=\"swiper-slide-inner\"><img decoding=\"async\" class=\"swiper-slide-image\" src=\"https:\/\/faber-solartechnik.de\/wp-content\/uploads\/elementor\/thumbs\/BS-Bodensteckdosen-q8ystsywt781jtjn1ieu9bmbsl51x6conlovdkgtoe.jpg\" alt=\"BS Bodensteckdosen\" \/><\/figure><\/div><div class=\"swiper-slide\" role=\"group\" aria-roledescription=\"slide\" aria-label=\"18 von 52\"><figure class=\"swiper-slide-inner\"><img decoding=\"async\" class=\"swiper-slide-image\" src=\"https:\/\/faber-solartechnik.de\/wp-content\/uploads\/elementor\/thumbs\/Belectric-q8ysts12md6r87l07007otuv779oph8ybh1dwai7v6.jpg\" alt=\"Belectric\" \/><\/figure><\/div><div class=\"swiper-slide\" role=\"group\" aria-roledescription=\"slide\" aria-label=\"19 von 52\"><figure class=\"swiper-slide-inner\"><img decoding=\"async\" class=\"swiper-slide-image\" src=\"https:\/\/faber-solartechnik.de\/wp-content\/uploads\/elementor\/thumbs\/Arconi-q8ystr38fj5gwlmdchll4c3eltebhs57zcdwf0jm78.jpg\" alt=\"Arconi\" \/><\/figure><\/div><div class=\"swiper-slide\" role=\"group\" aria-roledescription=\"slide\" aria-label=\"20 von 52\"><figure class=\"swiper-slide-inner\"><img decoding=\"async\" class=\"swiper-slide-image\" src=\"https:\/\/faber-solartechnik.de\/wp-content\/uploads\/elementor\/thumbs\/AKR-Alpha-Kunststoffrecycling-GmbH-q8ystp7k1v2w9dp3ngsbzckhf1nl2dxrb32xggmej4.jpg\" alt=\"AKR Alpha Kunststoffrecycling GmbH\" \/><\/figure><\/div><div class=\"swiper-slide\" role=\"group\" aria-roledescription=\"slide\" aria-label=\"21 von 52\"><figure class=\"swiper-slide-inner\"><img decoding=\"async\" class=\"swiper-slide-image\" src=\"https:\/\/faber-solartechnik.de\/wp-content\/uploads\/elementor\/thumbs\/Allego-q8ystq5e8p46kznqhz6yjuby0fiya31hn7qexql0dq.jpg\" alt=\"Allego\" \/><\/figure><\/div><div class=\"swiper-slide\" role=\"group\" aria-roledescription=\"slide\" aria-label=\"22 von 52\"><figure class=\"swiper-slide-inner\"><img decoding=\"async\" class=\"swiper-slide-image\" src=\"https:\/\/faber-solartechnik.de\/wp-content\/uploads\/elementor\/thumbs\/Actemium-q8ysto9pv11lxrqgsydpeut0tns7uou0yyffz6nskw.jpg\" alt=\"Actemium\" \/><\/figure><\/div><div class=\"swiper-slide\" role=\"group\" aria-roledescription=\"slide\" aria-label=\"23 von 52\"><figure class=\"swiper-slide-inner\"><img decoding=\"async\" class=\"swiper-slide-image\" src=\"https:\/\/faber-solartechnik.de\/wp-content\/uploads\/elementor\/thumbs\/Yilmaz-Haustechnik-q8ystnbvo70bm5rtyfz2ud1k89wumzqamtryhwp6yc.jpg\" alt=\"Yilmaz Haustechnik\" \/><\/figure><\/div><div class=\"swiper-slide\" role=\"group\" aria-roledescription=\"slide\" aria-label=\"24 von 52\"><figure class=\"swiper-slide-inner\"><img decoding=\"async\" class=\"swiper-slide-image\" src=\"https:\/\/faber-solartechnik.de\/wp-content\/uploads\/elementor\/thumbs\/W.-Bosch_Logo-q8ystme1hcz1ajt73xkg9va3mw1hfamkap4h0mql0e.jpg\" alt=\"W. Bosch_Logo\" \/><\/figure><\/div><div class=\"swiper-slide\" role=\"group\" aria-roledescription=\"slide\" aria-label=\"25 von 52\"><figure class=\"swiper-slide-inner\"><img decoding=\"async\" class=\"swiper-slide-image\" src=\"https:\/\/faber-solartechnik.de\/wp-content\/uploads\/elementor\/thumbs\/Tesla-q8ystlg7aixqyxuk9f5tpdin1i647litykgzjcs084.jpg\" alt=\"Tesla\" \/><\/figure><\/div><div class=\"swiper-slide\" role=\"group\" aria-roledescription=\"slide\" aria-label=\"26 von 52\"><figure class=\"swiper-slide-inner\"><img decoding=\"async\" class=\"swiper-slide-image\" src=\"https:\/\/faber-solartechnik.de\/wp-content\/uploads\/elementor\/thumbs\/Sunrock-q8ystkid3owgnbvxewr74vr6g4aqzwf3mfti22td98.jpg\" alt=\"Sunrock\" \/><\/figure><\/div><div class=\"swiper-slide\" role=\"group\" aria-roledescription=\"slide\" aria-label=\"27 von 52\"><figure class=\"swiper-slide-inner\"><img decoding=\"async\" class=\"swiper-slide-image\" src=\"https:\/\/faber-solartechnik.de\/wp-content\/uploads\/elementor\/thumbs\/Stopa-Anlagenbau-q8ystimoq0tw03ynpvxxzw899ck0ki7my6ij3iw5u0.jpg\" alt=\"Stopa Anlagenbau\" \/><\/figure><\/div><div class=\"swiper-slide\" role=\"group\" aria-roledescription=\"slide\" aria-label=\"28 von 52\"><figure class=\"swiper-slide-inner\"><img decoding=\"async\" class=\"swiper-slide-image\" src=\"https:\/\/faber-solartechnik.de\/wp-content\/uploads\/elementor\/thumbs\/Sunera-q8ystjkiwuv6bpxakeckkdzpuqfds7bdab60ksurry.jpg\" alt=\"Sunera\" \/><\/figure><\/div><div class=\"swiper-slide\" role=\"group\" aria-roledescription=\"slide\" aria-label=\"29 von 52\"><figure class=\"swiper-slide-inner\"><img decoding=\"async\" class=\"swiper-slide-image\" src=\"https:\/\/faber-solartechnik.de\/wp-content\/uploads\/elementor\/thumbs\/Steinemann-q8ysthouj6sloi00vdjbfegsnyonct3wm1v1m8xkbw.jpg\" alt=\"Steinemann\" \/><\/figure><\/div><div class=\"swiper-slide\" role=\"group\" aria-roledescription=\"slide\" aria-label=\"30 von 52\"><figure class=\"swiper-slide-inner\"><img decoding=\"async\" class=\"swiper-slide-image\" src=\"https:\/\/faber-solartechnik.de\/wp-content\/uploads\/elementor\/thumbs\/SPM-Solarpark-Ochtendung-Sybac-q8ystgr0ccrbcw1e0v4ouwpc2kta54069x7k4yyyj8.jpg\" alt=\"SPM Solarpark Ochtendung Sybac\" \/><\/figure><\/div><div class=\"swiper-slide\" role=\"group\" aria-roledescription=\"slide\" aria-label=\"31 von 52\"><figure class=\"swiper-slide-inner\"><img decoding=\"async\" class=\"swiper-slide-image\" src=\"https:\/\/faber-solartechnik.de\/wp-content\/uploads\/elementor\/thumbs\/Sonneninvest-q8ystevbyooqpo44bubfpx6evt2jppsplnwl6f1qpk.jpg\" alt=\"Sonneninvest\" \/><\/figure><\/div><div class=\"swiper-slide\" role=\"group\" aria-roledescription=\"slide\" aria-label=\"32 von 52\"><figure class=\"swiper-slide-inner\"><img decoding=\"async\" class=\"swiper-slide-image\" src=\"https:\/\/faber-solartechnik.de\/wp-content\/uploads\/elementor\/thumbs\/Solar-Ruhr-q8ystcznl0m62g6umti6kxnhp1btabl8xelm7v4iqw.jpg\" alt=\"Solar Ruhr\" \/><\/figure><\/div><div class=\"swiper-slide\" role=\"group\" aria-roledescription=\"slide\" aria-label=\"33 von 52\"><figure class=\"swiper-slide-inner\"><img decoding=\"async\" class=\"swiper-slide-image\" src=\"https:\/\/faber-solartechnik.de\/wp-content\/uploads\/elementor\/thumbs\/Solar-Direktinvest-q8ystb3z7cjlf89kxsoxfy4ki9l2uxds95an9b7b5u.jpg\" alt=\"Solar Direktinvest\" \/><\/figure><\/div><div class=\"swiper-slide\" role=\"group\" aria-roledescription=\"slide\" aria-label=\"34 von 52\"><figure class=\"swiper-slide-inner\"><img decoding=\"async\" class=\"swiper-slide-image\" src=\"https:\/\/faber-solartechnik.de\/wp-content\/uploads\/elementor\/thumbs\/Skyline-Expres-q8ysta650iib3may3aaavgd3wvppn8a1x0n5s18p9u.jpg\" alt=\"Skyline Expres\" \/><\/figure><\/div><div class=\"swiper-slide\" role=\"group\" aria-roledescription=\"slide\" aria-label=\"35 von 52\"><figure class=\"swiper-slide-inner\"><img decoding=\"async\" class=\"swiper-slide-image\" src=\"https:\/\/faber-solartechnik.de\/wp-content\/uploads\/elementor\/thumbs\/Schoenergie-q8yst8agmufqgedoe9h1qgu6q3yz7u2l8rc6thbhqg.jpg\" alt=\"Schoenergie\" \/><\/figure><\/div><div class=\"swiper-slide\" role=\"group\" aria-roledescription=\"slide\" aria-label=\"36 von 52\"><figure class=\"swiper-slide-inner\"><img decoding=\"async\" class=\"swiper-slide-image\" src=\"https:\/\/faber-solartechnik.de\/wp-content\/uploads\/elementor\/thumbs\/Schildmeyer-Loher-Busch-q8yst6es96d5t6gep8nslhb9jc88sfv4ki17uxeaue.jpg\" alt=\"Schildmeyer Loher Busch\" \/><\/figure><\/div><div class=\"swiper-slide\" role=\"group\" aria-roledescription=\"slide\" aria-label=\"37 von 52\"><figure class=\"swiper-slide-inner\"><img decoding=\"async\" class=\"swiper-slide-image\" src=\"https:\/\/faber-solartechnik.de\/wp-content\/uploads\/elementor\/thumbs\/Scheibe-Stahl-q8yst5gy2cbvhkhruq960zjsxycvkqre8ddqdnfo5i.jpg\" alt=\"Scheibe Stahl\" \/><\/figure><\/div><div class=\"swiper-slide\" role=\"group\" aria-roledescription=\"slide\" aria-label=\"38 von 52\"><figure class=\"swiper-slide-inner\"><img decoding=\"async\" class=\"swiper-slide-image\" src=\"https:\/\/faber-solartechnik.de\/wp-content\/uploads\/elementor\/thumbs\/SBV-Hameln-q8yst4j3vial5yj507ujghscckhid1nnw8q8wdh2cu.jpg\" alt=\"SBV Hameln\" \/><\/figure><\/div><div class=\"swiper-slide\" role=\"group\" aria-roledescription=\"slide\" aria-label=\"39 von 52\"><figure class=\"swiper-slide-inner\"><img decoding=\"async\" class=\"swiper-slide-image\" src=\"https:\/\/faber-solartechnik.de\/wp-content\/uploads\/elementor\/thumbs\/SAF-Kartonagen-q8yst3l9oo9aucki5pfww00vr6m55cjxk42rf3igew.jpg\" alt=\"SAF Kartonagen\" \/><\/figure><\/div><div class=\"swiper-slide\" role=\"group\" aria-roledescription=\"slide\" aria-label=\"40 von 52\"><figure class=\"swiper-slide-inner\"><img decoding=\"async\" class=\"swiper-slide-image\" src=\"https:\/\/faber-solartechnik.de\/wp-content\/uploads\/elementor\/thumbs\/Richter-Werkzeugbau-q8yst2nfhu80iqlvb71abi9f5sqrxng77zf9xtjuq4.jpg\" alt=\"Richter Werkzeugbau\" \/><\/figure><\/div><div class=\"swiper-slide\" role=\"group\" aria-roledescription=\"slide\" aria-label=\"41 von 52\"><figure class=\"swiper-slide-inner\"><img decoding=\"async\" class=\"swiper-slide-image\" src=\"https:\/\/faber-solartechnik.de\/wp-content\/uploads\/elementor\/thumbs\/Quickborn-q8yst1plb06q74n8gomnr0hykevepycgvursgjl912.jpg\" alt=\"Quickborn\" \/><\/figure><\/div><div class=\"swiper-slide\" role=\"group\" aria-roledescription=\"slide\" aria-label=\"42 von 52\"><figure class=\"swiper-slide-inner\"><img decoding=\"async\" class=\"swiper-slide-image\" src=\"https:\/\/faber-solartechnik.de\/wp-content\/uploads\/elementor\/thumbs\/Priogo-AG-q8yst0rr465fviolm6816iqhz101i98qjq4az9mnck.jpg\" alt=\"Priogo AG\" \/><\/figure><\/div><div class=\"swiper-slide\" role=\"group\" aria-roledescription=\"slide\" aria-label=\"43 von 52\"><figure class=\"swiper-slide-inner\"><img decoding=\"async\" class=\"swiper-slide-image\" src=\"https:\/\/faber-solartechnik.de\/wp-content\/uploads\/elementor\/thumbs\/planetpv-q8yssztwxc45jwpyrntem0z1dn4oak507lgthzo14m.jpg\" alt=\"planetpv\" \/><\/figure><\/div><div class=\"swiper-slide\" role=\"group\" aria-roledescription=\"slide\" aria-label=\"44 von 52\"><figure class=\"swiper-slide-inner\"><img decoding=\"async\" class=\"swiper-slide-image\" src=\"https:\/\/faber-solartechnik.de\/wp-content\/uploads\/elementor\/thumbs\/Novo-Tech-q8yssztwxc45jwpyrntem0z1dn4oak507lgthzo17y.jpg\" alt=\"Novo Tech\" \/><\/figure><\/div><div class=\"swiper-slide\" role=\"group\" aria-roledescription=\"slide\" aria-label=\"45 von 52\"><figure class=\"swiper-slide-inner\"><img decoding=\"async\" class=\"swiper-slide-image\" src=\"https:\/\/faber-solartechnik.de\/wp-content\/uploads\/elementor\/thumbs\/Nielsen-Design-GmbH-q8yssyw2qi2v8arbx5es1j7ks99b2v19vgtc0ppfnw.jpg\" alt=\"Nielsen Design GmbH\" \/><\/figure><\/div><div class=\"swiper-slide\" role=\"group\" aria-roledescription=\"slide\" aria-label=\"46 von 52\"><figure class=\"swiper-slide-inner\"><img decoding=\"async\" class=\"swiper-slide-image\" src=\"https:\/\/faber-solartechnik.de\/wp-content\/uploads\/elementor\/thumbs\/Neotechnik-q8yssxy8jo1kwosp2n05h1g46vdxv5xjjc5ujfqtvs.jpg\" alt=\"Neotechnik\" \/><\/figure><\/div><div class=\"swiper-slide\" role=\"group\" aria-roledescription=\"slide\" aria-label=\"47 von 52\"><figure class=\"swiper-slide-inner\"><img decoding=\"async\" class=\"swiper-slide-image\" src=\"https:\/\/faber-solartechnik.de\/wp-content\/uploads\/elementor\/thumbs\/nehl-q8yssx0ecu0al2u284liwjonlhikngtt77id25s8js.jpg\" alt=\"nehl\" \/><\/figure><\/div><div class=\"swiper-slide\" role=\"group\" aria-roledescription=\"slide\" aria-label=\"48 von 52\"><figure class=\"swiper-slide-inner\"><img decoding=\"async\" class=\"swiper-slide-image\" src=\"https:\/\/faber-solartechnik.de\/wp-content\/uploads\/elementor\/thumbs\/MyReisen-q8yssw2k5zz09gvfdm6wc1x703n7frq2v2uvkvtmx8.jpg\" alt=\"MyReisen\" \/><\/figure><\/div><div class=\"swiper-slide\" role=\"group\" aria-roledescription=\"slide\" aria-label=\"49 von 52\"><figure class=\"swiper-slide-inner\"><img decoding=\"async\" class=\"swiper-slide-image\" src=\"https:\/\/faber-solartechnik.de\/wp-content\/uploads\/elementor\/thumbs\/MTS-GmbH-q8yssu6vsbwfm8y5oldn72e9tbwh0dim6tjwmbweko.jpg\" alt=\"MTS GmbH\" \/><\/figure><\/div><div class=\"swiper-slide\" role=\"group\" aria-roledescription=\"slide\" aria-label=\"50 von 52\"><figure class=\"swiper-slide-inner\"><img decoding=\"async\" class=\"swiper-slide-image\" src=\"https:\/\/faber-solartechnik.de\/wp-content\/uploads\/elementor\/thumbs\/Moebelwerkstaetten-Haertig-q8yssu6vsbwfm8y5oldn72e9tbwh0dim6tjwmbwf58.jpg\" alt=\"M\u00f6belwerkst\u00e4tten H\u00e4rtig\" \/><\/figure><\/div><div class=\"swiper-slide\" role=\"group\" aria-roledescription=\"slide\" aria-label=\"51 von 52\"><figure class=\"swiper-slide-inner\"><img decoding=\"async\" class=\"swiper-slide-image\" src=\"https:\/\/faber-solartechnik.de\/wp-content\/uploads\/elementor\/thumbs\/MKM-International-q8ysst91lhv5amziu2z0mkmt7y13soevuowf51xsj4.jpg\" alt=\"MKM International\" \/><\/figure><\/div><div class=\"swiper-slide\" role=\"group\" aria-roledescription=\"slide\" aria-label=\"52 von 52\"><figure class=\"swiper-slide-inner\"><img decoding=\"async\" class=\"swiper-slide-image\" src=\"https:\/\/faber-solartechnik.de\/wp-content\/uploads\/elementor\/thumbs\/Milivo-Capital-GmbH-q8ysuatuf1whoetp584r2p432wp0zfbl2233htqcdw.jpg\" alt=\"Milivo Capital GmbH\" \/><\/figure><\/div>\t\t\t<\/div>\n\t\t\t\t\t\t\t\n\t\t\t\t\t\t\t\t\t<\/div>\n\t\t\t\t\t\t<\/div>\n\t\t\t\t<\/div>\n\t\t\t\t\t<\/div>\n\t\t<\/div>\n\t\t\t\t\t<\/div>\n\t\t<\/section>\n\t\t\t\t<section class=\"elementor-section elementor-top-section elementor-element elementor-element-4c1ff47 elementor-section-full_width elementor-section-height-default elementor-section-height-default\" data-id=\"4c1ff47\" data-element_type=\"section\" data-e-type=\"section\">\n\t\t\t\t\t\t\t<div class=\"elementor-background-overlay\"><\/div>\n\t\t\t\t\t\t\t<div class=\"elementor-container elementor-column-gap-wider\">\n\t\t\t\t\t<div class=\"elementor-column elementor-col-50 elementor-top-column elementor-element elementor-element-b0f9f09\" data-id=\"b0f9f09\" data-element_type=\"column\" data-e-type=\"column\">\n\t\t\t<div class=\"elementor-widget-wrap elementor-element-populated\">\n\t\t\t\t\t\t<div class=\"elementor-element elementor-element-00797ff gradbluettl elementor-widget__width-auto elementor-invisible elementor-widget elementor-widget-heading\" data-id=\"00797ff\" data-element_type=\"widget\" data-e-type=\"widget\" data-settings=\"{&quot;_animation&quot;:&quot;fadeInRight&quot;}\" data-widget_type=\"heading.default\">\n\t\t\t\t<div class=\"elementor-widget-container\">\n\t\t\t\t\t<h3 class=\"elementor-heading-title elementor-size-default\">Projekte<\/h3>\t\t\t\t<\/div>\n\t\t\t\t<\/div>\n\t\t\t\t<div class=\"elementor-element elementor-element-907ec64 elementor-widget-divider--view-line elementor-invisible elementor-widget elementor-widget-divider\" data-id=\"907ec64\" data-element_type=\"widget\" data-e-type=\"widget\" data-settings=\"{&quot;_animation&quot;:&quot;fadeInRight&quot;,&quot;_animation_delay&quot;:300}\" data-widget_type=\"divider.default\">\n\t\t\t\t<div class=\"elementor-widget-container\">\n\t\t\t\t\t\t\t<div class=\"elementor-divider\">\n\t\t\t<span class=\"elementor-divider-separator\">\n\t\t\t\t\t\t<\/span>\n\t\t<\/div>\n\t\t\t\t\t\t<\/div>\n\t\t\t\t<\/div>\n\t\t\t\t<div class=\"elementor-element elementor-element-cb351ab elementor-widget__width-initial elementor-invisible elementor-widget elementor-widget-text-editor\" data-id=\"cb351ab\" data-element_type=\"widget\" data-e-type=\"widget\" data-settings=\"{&quot;_animation_delay&quot;:600,&quot;_animation&quot;:&quot;fadeInRight&quot;}\" data-widget_type=\"text-editor.default\">\n\t\t\t\t<div class=\"elementor-widget-container\">\n\t\t\t\t\t\t\t\t\t<p>Entdecken Sie unsere umfangreiche Auswahl an Referenzen, Projekten <br \/>und aktuellen News.<\/p>\t\t\t\t\t\t\t\t<\/div>\n\t\t\t\t<\/div>\n\t\t\t\t\t<\/div>\n\t\t<\/div>\n\t\t\t\t<div class=\"elementor-column elementor-col-50 elementor-top-column elementor-element elementor-element-751ab05 animated-slow elementor-invisible\" data-id=\"751ab05\" data-element_type=\"column\" data-e-type=\"column\" data-settings=\"{&quot;animation&quot;:&quot;fadeIn&quot;}\">\n\t\t\t<div class=\"elementor-widget-wrap elementor-element-populated\">\n\t\t\t\t\t\t<div class=\"elementor-element elementor-element-4e1e71e referenzenslider elementor-pagination-type-bullets elementor-arrows-position-inside elementor-pagination-position-outside elementor-widget elementor-widget-loop-carousel\" data-id=\"4e1e71e\" data-element_type=\"widget\" data-e-type=\"widget\" data-settings=\"{&quot;template_id&quot;:&quot;3527&quot;,&quot;slides_to_show&quot;:&quot;4&quot;,&quot;image_spacing_custom&quot;:{&quot;unit&quot;:&quot;px&quot;,&quot;size&quot;:30,&quot;sizes&quot;:[]},&quot;_skin&quot;:&quot;post&quot;,&quot;slides_to_show_laptop&quot;:&quot;3&quot;,&quot;slides_to_show_tablet_extra&quot;:&quot;3&quot;,&quot;slides_to_show_tablet&quot;:&quot;2&quot;,&quot;slides_to_show_mobile&quot;:&quot;1&quot;,&quot;slides_to_scroll&quot;:&quot;1&quot;,&quot;edit_handle_selector&quot;:&quot;.elementor-loop-container&quot;,&quot;speed&quot;:500,&quot;arrows&quot;:&quot;yes&quot;,&quot;pagination&quot;:&quot;bullets&quot;,&quot;image_spacing_custom_laptop&quot;:{&quot;unit&quot;:&quot;px&quot;,&quot;size&quot;:&quot;&quot;,&quot;sizes&quot;:[]},&quot;image_spacing_custom_tablet_extra&quot;:{&quot;unit&quot;:&quot;px&quot;,&quot;size&quot;:&quot;&quot;,&quot;sizes&quot;:[]},&quot;image_spacing_custom_tablet&quot;:{&quot;unit&quot;:&quot;px&quot;,&quot;size&quot;:&quot;&quot;,&quot;sizes&quot;:[]},&quot;image_spacing_custom_mobile&quot;:{&quot;unit&quot;:&quot;px&quot;,&quot;size&quot;:&quot;&quot;,&quot;sizes&quot;:[]}}\" data-widget_type=\"loop-carousel.post\">\n\t\t\t\t<div class=\"elementor-widget-container\">\n\t\t\t\t\t\t\t<div class=\"swiper elementor-loop-container elementor-grid\" role=\"list\" dir=\"ltr\">\n\t\t\t\t<div class=\"swiper-wrapper\" aria-live=\"polite\">\n\t\t<style id=\"loop-dynamic-3527\">.e-loop-item-8448 .elementor-element.elementor-element-a252bde > .elementor-background-overlay{background-image:url(\"https:\/\/faber-solartechnik.de\/wp-content\/uploads\/2025\/01\/ARDEY-QUELLE-PVA-Dortmund-2.jpeg\");}<\/style><style id=\"loop-3527\">.elementor-3527 .elementor-element.elementor-element-a252bde > .elementor-container{min-height:450px;}.elementor-3527 .elementor-element.elementor-element-a252bde{overflow:hidden;}.elementor-3527 .elementor-element.elementor-element-a252bde > .elementor-background-overlay{background-position:center center;background-repeat:no-repeat;background-size:cover;opacity:1;}.elementor-3527 .elementor-element.elementor-element-a252bde, .elementor-3527 .elementor-element.elementor-element-a252bde > .elementor-background-overlay{border-radius:15px 15px 15px 15px;}.elementor-bc-flex-widget .elementor-3527 .elementor-element.elementor-element-6fcfada.elementor-column .elementor-widget-wrap{align-items:space-between;}.elementor-3527 .elementor-element.elementor-element-6fcfada.elementor-column.elementor-element[data-element_type=\"column\"] > .elementor-widget-wrap.elementor-element-populated{align-content:space-between;align-items:space-between;}.elementor-3527 .elementor-element.elementor-element-6fcfada > .elementor-widget-wrap > .elementor-widget:not(.elementor-widget__width-auto):not(.elementor-widget__width-initial):not(:last-child):not(.elementor-absolute){margin-block-end:10px;}.elementor-3527 .elementor-element.elementor-element-6fcfada:hover > .elementor-element-populated{background-color:#3333333D;}.elementor-3527 .elementor-element.elementor-element-6fcfada > .elementor-element-populated >  .elementor-background-overlay{background-color:transparent;background-image:linear-gradient(341deg, #1E54B000 30%, #125CDA 100%);opacity:0.95;}.elementor-3527 .elementor-element.elementor-element-6fcfada > .elementor-element-populated, .elementor-3527 .elementor-element.elementor-element-6fcfada > .elementor-element-populated > .elementor-background-overlay, .elementor-3527 .elementor-element.elementor-element-6fcfada > .elementor-background-slideshow{border-radius:15px 15px 15px 15px;}.elementor-3527 .elementor-element.elementor-element-6fcfada > .elementor-element-populated{transition:background 0.5s, border 0.3s, border-radius 0.3s, box-shadow 0.3s;padding:15px 15px 15px 15px;}.elementor-3527 .elementor-element.elementor-element-6fcfada > .elementor-element-populated > .elementor-background-overlay{transition:background 0.3s, border-radius 0.3s, opacity 0.3s;}.elementor-3527 .elementor-element.elementor-element-6604a6b{z-index:5;}.elementor-widget-post-info .elementor-icon-list-item:not(:last-child):after{border-color:var( --e-global-color-text );}.elementor-widget-post-info .elementor-icon-list-icon i{color:var( --e-global-color-primary );}.elementor-widget-post-info .elementor-icon-list-icon svg{fill:var( --e-global-color-primary );}.elementor-widget-post-info .elementor-icon-list-text, .elementor-widget-post-info .elementor-icon-list-text a{color:var( --e-global-color-secondary );}.elementor-widget-post-info .elementor-icon-list-item{font-family:var( --e-global-typography-text-font-family ), sans-serif;font-size:var( --e-global-typography-text-font-size );font-weight:var( --e-global-typography-text-font-weight );}.elementor-3527 .elementor-element.elementor-element-1f94609 .elementor-icon-list-icon{width:0px;}.elementor-3527 .elementor-element.elementor-element-1f94609 .elementor-icon-list-icon i{font-size:0px;}.elementor-3527 .elementor-element.elementor-element-1f94609 .elementor-icon-list-icon svg{--e-icon-list-icon-size:0px;}body:not(.rtl) .elementor-3527 .elementor-element.elementor-element-1f94609 .elementor-icon-list-text{padding-left:0px;}body.rtl .elementor-3527 .elementor-element.elementor-element-1f94609 .elementor-icon-list-text{padding-right:0px;}.elementor-3527 .elementor-element.elementor-element-1f94609 .elementor-icon-list-text, .elementor-3527 .elementor-element.elementor-element-1f94609 .elementor-icon-list-text a{color:#FFFFFFAD;}.elementor-3527 .elementor-element.elementor-element-1f94609 .elementor-icon-list-item{font-family:\"Poppins Faber\", sans-serif;font-size:13px;font-weight:400;text-transform:uppercase;}.elementor-widget-heading .elementor-heading-title{font-family:var( --e-global-typography-primary-font-family ), sans-serif;font-weight:var( --e-global-typography-primary-font-weight );color:var( --e-global-color-primary );}.elementor-3527 .elementor-element.elementor-element-009b0cb .elementor-heading-title{font-family:\"Poppins Faber\", sans-serif;font-weight:500;color:var( --e-global-color-2f7c037d );}.eae-popup.eae-wrap-{{ID}} .mfp-title{color:var( --e-global-color-primary );font-family:var( --e-global-typography-primary-font-family ), sans-serif;font-weight:var( --e-global-typography-primary-font-weight );}.eae-popup.eae-wrap-{{ID}} .eae-modal-content{color:var( --e-global-color-text );font-family:var( --e-global-typography-text-font-family ), sans-serif;font-size:var( --e-global-typography-text-font-size );font-weight:var( --e-global-typography-text-font-weight );}.elementor-widget-wts-modal-popup .eae-popup-link{font-family:var( --e-global-typography-accent-font-family ), sans-serif;font-weight:var( --e-global-typography-accent-font-weight );background-color:var( --e-global-color-accent );}body .eae-popup.mfp-bg.eae-wrap-6321c9b{background-color:rgba(0,0,0,0.75);}.elementor-3527 .elementor-element.elementor-element-6321c9b .icon-position-before i , .elementor-3527 .elementor-element.elementor-element-6321c9b .icon-position-before svg{margin-right:0px;}.elementor-3527 .elementor-element.elementor-element-6321c9b .icon-position-after i , .elementor-3527 .elementor-element.elementor-element-6321c9b .icon-position-after svg{margin-left:0px;}.eae-popup.eae-wrap-6321c9b .eae-modal-content{padding:10px 10px 10px 10px;}.eae-popup.eae-wrap-6321c9b .mfp-inline-holder .mfp-content{border-radius:15px 15px 15px 15px;}.elementor-3527 .elementor-element.elementor-element-6321c9b .eae-popup-link{font-family:\"Poppins Faber\", sans-serif;font-size:26px;font-weight:500;line-height:32px;color:var( --e-global-color-2f7c037d );background-color:#29235C00;border-radius:0px 0px 0px 0px;padding:0px 0px 0px 0px;}.elementor-3527 .elementor-element.elementor-element-6321c9b .eae-popup-link svg{fill:var( --e-global-color-2f7c037d );}.elementor-3527 .elementor-element.elementor-element-6321c9b .eae-popup-link:hover{color:var( --e-global-color-2f7c037d );background-color:#29235C00;}.eae-popup.eae-wrap-6321c9b .eae-close{font-size:28px;height:28px;width:28px;top:15px;right:15px;}.eae-popup.eae-wrap-6321c9b svg.eae-close{width:28px;height:28px;}.eae-popup.eae-wrap-6321c9b.eae-popup .eae-close{color:var( --e-global-color-50369c0d );}.eae-popup.eae-wrap-6321c9b.eae-popup svg{background-color:var( --e-global-color-50369c0d );}.elementor-widget-theme-post-excerpt .elementor-widget-container{font-family:var( --e-global-typography-text-font-family ), sans-serif;font-size:var( --e-global-typography-text-font-size );font-weight:var( --e-global-typography-text-font-weight );color:var( --e-global-color-text );}.elementor-3527 .elementor-element.elementor-element-047228d .elementor-widget-container{font-family:\"Poppins Faber\", sans-serif;font-size:15px;font-weight:normal;color:var( --e-global-color-2f7c037d );}body .eae-popup.mfp-bg.eae-wrap-d621d6e{background-color:rgba(0,0,0,0.75);}.elementor-3527 .elementor-element.elementor-element-d621d6e .icon-position-before i , .elementor-3527 .elementor-element.elementor-element-d621d6e .icon-position-before svg{margin-right:6px;}.elementor-3527 .elementor-element.elementor-element-d621d6e .icon-position-after i , .elementor-3527 .elementor-element.elementor-element-d621d6e .icon-position-after svg{margin-left:6px;}.eae-popup.eae-wrap-d621d6e .eae-modal-content{padding:10px 10px 10px 10px;}.eae-popup.eae-wrap-d621d6e .mfp-inline-holder .mfp-content{border-radius:15px 15px 15px 15px;}.elementor-3527 .elementor-element.elementor-element-d621d6e .eae-popup-link{font-family:\"Poppins Faber\", sans-serif;font-size:13px;font-weight:500;text-transform:uppercase;color:var( --e-global-color-50369c0d );background-color:var( --e-global-color-2f7c037d );border-radius:15px 15px 15px 15px;padding:6px 10px 6px 10px;}.elementor-3527 .elementor-element.elementor-element-d621d6e .eae-popup-link svg{fill:var( --e-global-color-50369c0d );}.elementor-3527 .elementor-element.elementor-element-d621d6e .eae-popup-link:hover{color:var( --e-global-color-2f7c037d );background-color:var( --e-global-color-accent );}.eae-popup.eae-wrap-d621d6e .eae-close{font-size:28px;height:28px;width:28px;top:15px;right:15px;}.eae-popup.eae-wrap-d621d6e svg.eae-close{width:28px;height:28px;}.eae-popup.eae-wrap-d621d6e.eae-popup .eae-close{color:var( --e-global-color-50369c0d );}.eae-popup.eae-wrap-d621d6e.eae-popup svg{background-color:var( --e-global-color-50369c0d );}.elementor-widget-button .elementor-button{font-family:var( --e-global-typography-accent-font-family ), sans-serif;font-weight:var( --e-global-typography-accent-font-weight );background-color:var( --e-global-color-accent );}.elementor-3527 .elementor-element.elementor-element-15922a7 .elementor-button-content-wrapper{flex-direction:row;}.elementor-3527 .elementor-element.elementor-element-15922a7 .elementor-button .elementor-button-content-wrapper{gap:12px;}.elementor-3527 .elementor-element.elementor-element-15922a7 .elementor-button{font-family:\"Poppins Faber\", sans-serif;font-weight:500;text-transform:uppercase;fill:var( --e-global-color-primary );color:var( --e-global-color-primary );background-color:var( --e-global-color-2f7c037d );border-radius:500px 500px 500px 500px;}.elementor-3527 .elementor-element.elementor-element-15922a7 .elementor-button:hover, .elementor-3527 .elementor-element.elementor-element-15922a7 .elementor-button:focus{color:var( --e-global-color-2f7c037d );}.elementor-3527 .elementor-element.elementor-element-15922a7 .elementor-button:hover svg, .elementor-3527 .elementor-element.elementor-element-15922a7 .elementor-button:focus svg{fill:var( --e-global-color-2f7c037d );}@media(max-width:1366px){.elementor-widget-post-info .elementor-icon-list-item{font-size:var( --e-global-typography-text-font-size );}.eae-popup.eae-wrap-{{ID}} .eae-modal-content{font-size:var( --e-global-typography-text-font-size );}.elementor-widget-theme-post-excerpt .elementor-widget-container{font-size:var( --e-global-typography-text-font-size );}}@media(max-width:1024px){.elementor-widget-post-info .elementor-icon-list-item{font-size:var( --e-global-typography-text-font-size );}.eae-popup.eae-wrap-{{ID}} .eae-modal-content{font-size:var( --e-global-typography-text-font-size );}.elementor-widget-theme-post-excerpt .elementor-widget-container{font-size:var( --e-global-typography-text-font-size );}}@media(max-width:767px){.elementor-widget-post-info .elementor-icon-list-item{font-size:var( --e-global-typography-text-font-size );}.eae-popup.eae-wrap-{{ID}} .eae-modal-content{font-size:var( --e-global-typography-text-font-size );}.elementor-widget-theme-post-excerpt .elementor-widget-container{font-size:var( --e-global-typography-text-font-size );}.elementor-3527 .elementor-element.elementor-element-15922a7 .elementor-button{border-radius:50px 50px 50px 50px;padding:9px 16px 7px 16px;}}<\/style>\t\t<div data-elementor-type=\"loop-item\" data-elementor-id=\"3527\" class=\"elementor elementor-3527 swiper-slide e-loop-item e-loop-item-8448 post-8448 post type-post status-publish format-standard has-post-thumbnail hentry category-news category-projekte\" data-elementor-post-type=\"elementor_library\" role=\"group\" aria-roledescription=\"slide\" data-custom-edit-handle=\"1\">\n\t\t\t\t\t<section class=\"elementor-section elementor-top-section elementor-element elementor-element-a252bde elementor-section-height-min-height elementor-section-items-stretch loopnews runde-ecken elementor-section-boxed elementor-section-height-default\" data-id=\"a252bde\" data-element_type=\"section\" data-e-type=\"section\">\n\t\t\t\t\t\t\t<div class=\"elementor-background-overlay\"><\/div>\n\t\t\t\t\t\t\t<div class=\"elementor-container elementor-column-gap-no\">\n\t\t\t\t\t<div class=\"elementor-column elementor-col-100 elementor-top-column elementor-element elementor-element-6fcfada runde-ecken\" data-id=\"6fcfada\" data-element_type=\"column\" data-e-type=\"column\" data-settings=\"{&quot;background_background&quot;:&quot;classic&quot;}\">\n\t\t\t<div class=\"elementor-widget-wrap elementor-element-populated\">\n\t\t\t\t\t<div class=\"elementor-background-overlay\"><\/div>\n\t\t\t\t\t\t<section class=\"elementor-section elementor-inner-section elementor-element elementor-element-6604a6b elementor-section-boxed elementor-section-height-default elementor-section-height-default\" data-id=\"6604a6b\" data-element_type=\"section\" data-e-type=\"section\">\n\t\t\t\t\t\t<div class=\"elementor-container elementor-column-gap-no\">\n\t\t\t\t\t<div class=\"elementor-column elementor-col-100 elementor-inner-column elementor-element elementor-element-f098b0d\" data-id=\"f098b0d\" data-element_type=\"column\" data-e-type=\"column\">\n\t\t\t<div class=\"elementor-widget-wrap elementor-element-populated\">\n\t\t\t\t\t\t<div class=\"elementor-element elementor-element-1f94609 elementor-widget elementor-widget-post-info\" data-id=\"1f94609\" data-element_type=\"widget\" data-e-type=\"widget\" data-widget_type=\"post-info.default\">\n\t\t\t\t<div class=\"elementor-widget-container\">\n\t\t\t\t\t\t\t<ul class=\"elementor-inline-items elementor-icon-list-items elementor-post-info\">\n\t\t\t\t\t\t\t\t<li class=\"elementor-icon-list-item elementor-repeater-item-fb2fc86 elementor-inline-item\" itemprop=\"about\">\n\t\t\t\t\t\t\t\t\t\t\t\t\t<span class=\"elementor-icon-list-text elementor-post-info__item elementor-post-info__item--type-terms\">\n\t\t\t\t\t\t\t\t\t\t<span class=\"elementor-post-info__terms-list\">\n\t\t\t\t<a href=\"https:\/\/faber-solartechnik.de\/en\/.\/news\/\" class=\"elementor-post-info__terms-list-item\">News<\/a>, <a href=\"https:\/\/faber-solartechnik.de\/en\/.\/projekte\/\" class=\"elementor-post-info__terms-list-item\">Projekte<\/a>\t\t\t\t<\/span>\n\t\t\t\t\t<\/span>\n\t\t\t\t\t\t\t\t<\/li>\n\t\t\t\t<\/ul>\n\t\t\t\t\t\t<\/div>\n\t\t\t\t<\/div>\n\t\t\t\t<div class=\"elementor-element elementor-element-009b0cb elementor-widget elementor-widget-heading\" data-id=\"009b0cb\" data-element_type=\"widget\" data-e-type=\"widget\" data-widget_type=\"heading.default\">\n\t\t\t\t<div class=\"elementor-widget-container\">\n\t\t\t\t\t<h4 class=\"elementor-heading-title elementor-size-default\"><a href=\"https:\/\/faber-solartechnik.de\/en\/projekte\/ardey-quelle-dachsanierung\/\" target=\"_blank\">Ardey Quelle &#8211; Gro\u00dfprojekt Dachsanierung<\/a><\/h4>\t\t\t\t<\/div>\n\t\t\t\t<\/div>\n\t\t\t\t<div class=\"elementor-element elementor-element-6321c9b elementor-hidden-mobile eae-pop-btn-align-left popupklicktitel elementor-hidden-desktop elementor-hidden-tablet eae-pop-btn-type-text elementor-widget elementor-widget-wts-modal-popup\" data-id=\"6321c9b\" data-element_type=\"widget\" data-e-type=\"widget\" data-widget_type=\"wts-modal-popup.default\">\n\t\t\t\t<div class=\"elementor-widget-container\">\n\t\t\t\t\t\t\t<div class=\"eae-popup-wrapper eae-popup-eae-pupup-item-1300707439\" data-id=\"eae-pupup-item-1300707439\" data-preview-modal=\"\" data-close-button-type=\"icon\" data-close-btn=\"fas fa-times\" data-close-in-out=\"true\" data-effect=\"zoom-in\">\n\t\t\t<a class=\"eae-popup-link icon-position-after\"\n\t\t\tdata-id=\"eae-pupup-item-1300707439\" data-ctrl-id=\"6321c9b\" href=\"#eae-pupup-item-1300707439\">\n\t\t\t\t\t\t\t\t\t\t\t\t\t\t\t<span class=\"eae-popup-btn-text\">\n\t\t\t\t\t\t\tArdey Quelle &#8211; Gro\u00dfprojekt Dachsanierung\t\t\t\t\t\t<\/span>\n\t\t\t\t\t\t\t\t\t\t<span class=\"eae-popup-btn-icon\">\n\t\t\t\t\t\t\t\t\t\t\t<\/span>\n\t\t\t\t\t\t\t\t\t\t\t\t\t\t<\/a>\n\t\t<\/div>\n\n\t\t<div id=\"eae-pupup-item-1300707439\" class=\"eae-popup-eae-pupup-item-1300707439 mfp-hide eae-popup-container\">\n\t\t\t<input class=\"eae-hidden-post-id\" type=\"hidden\" name=\"eae_hidden_post_id\" data-id=\"eae-pupup-item-1300707439\" value=\"0\" \/>\n\t\t\t<div class=\"eae-popup-content\">\n\t\t\t\t\t\t\t\t\t<div class=\"eae-modal-content\">\n\t\t\t\t\t\t\t\t<div data-elementor-type=\"section\" data-elementor-id=\"4203\" class=\"elementor elementor-4203\" data-elementor-post-type=\"elementor_library\">\n\t\t\t\t\t<section class=\"elementor-section elementor-top-section elementor-element elementor-element-76665b6d elementor-section-full_width elementor-section-height-min-height elementor-section-items-stretch elementor-section-height-default\" data-id=\"76665b6d\" data-element_type=\"section\" data-e-type=\"section\">\n\t\t\t\t\t\t<div class=\"elementor-container elementor-column-gap-default\">\n\t\t\t\t\t<div class=\"elementor-column elementor-col-50 elementor-top-column elementor-element elementor-element-27f77bf4\" data-id=\"27f77bf4\" data-element_type=\"column\" data-e-type=\"column\">\n\t\t\t<div class=\"elementor-widget-wrap elementor-element-populated\">\n\t\t\t\t\t\t<div class=\"elementor-element elementor-element-2c72871 shadow runde-ecken elementor-widget elementor-widget-image\" data-id=\"2c72871\" data-element_type=\"widget\" data-e-type=\"widget\" data-widget_type=\"image.default\">\n\t\t\t\t<div class=\"elementor-widget-container\">\n\t\t\t\t\t\t\t\t\t\t\t\t\t\t\t\t<a href=\"https:\/\/faber-solartechnik.de\/wp-content\/uploads\/2025\/01\/ARDEY-QUELLE-PVA-Dortmund-2.jpeg\" data-elementor-open-lightbox=\"yes\" data-e-action-hash=\"#elementor-action%3Aaction%3Dlightbox%26settings%3DeyJpZCI6ODQ1MSwidXJsIjoiaHR0cHM6XC9cL2ZhYmVyLXNvbGFydGVjaG5pay5kZVwvd3AtY29udGVudFwvdXBsb2Fkc1wvMjAyNVwvMDFcL0FSREVZLVFVRUxMRS1QVkEtRG9ydG11bmQtMi5qcGVnIn0%3D\">\n\t\t\t\t\t\t\t<img loading=\"lazy\" decoding=\"async\" width=\"768\" height=\"576\" src=\"https:\/\/faber-solartechnik.de\/wp-content\/uploads\/2025\/01\/ARDEY-QUELLE-PVA-Dortmund-2-768x576.jpeg\" class=\"attachment-medium_large size-medium_large wp-image-8451\" alt=\"\" srcset=\"https:\/\/faber-solartechnik.de\/wp-content\/uploads\/2025\/01\/ARDEY-QUELLE-PVA-Dortmund-2-768x576.jpeg 768w, https:\/\/faber-solartechnik.de\/wp-content\/uploads\/2025\/01\/ARDEY-QUELLE-PVA-Dortmund-2-300x225.jpeg 300w, https:\/\/faber-solartechnik.de\/wp-content\/uploads\/2025\/01\/ARDEY-QUELLE-PVA-Dortmund-2-1024x768.jpeg 1024w, https:\/\/faber-solartechnik.de\/wp-content\/uploads\/2025\/01\/ARDEY-QUELLE-PVA-Dortmund-2-16x12.jpeg 16w, https:\/\/faber-solartechnik.de\/wp-content\/uploads\/2025\/01\/ARDEY-QUELLE-PVA-Dortmund-2.jpeg 1280w\" sizes=\"(max-width: 768px) 100vw, 768px\" \/>\t\t\t\t\t\t\t\t<\/a>\n\t\t\t\t\t\t\t\t\t\t\t\t\t\t\t<\/div>\n\t\t\t\t<\/div>\n\t\t\t\t\t<\/div>\n\t\t<\/div>\n\t\t\t\t<div class=\"elementor-column elementor-col-50 elementor-top-column elementor-element elementor-element-329a626d\" data-id=\"329a626d\" data-element_type=\"column\" data-e-type=\"column\">\n\t\t\t<div class=\"elementor-widget-wrap elementor-element-populated\">\n\t\t\t\t\t\t<div class=\"elementor-element elementor-element-bf7ede2 elementor-widget elementor-widget-heading\" data-id=\"bf7ede2\" data-element_type=\"widget\" data-e-type=\"widget\" data-widget_type=\"heading.default\">\n\t\t\t\t<div class=\"elementor-widget-container\">\n\t\t\t\t\t<h3 class=\"elementor-heading-title elementor-size-default\">Ardey Quelle &#8211; Gro\u00dfprojekt Dachsanierung<\/h3>\t\t\t\t<\/div>\n\t\t\t\t<\/div>\n\t\t\t\t<div class=\"elementor-element elementor-element-678b441 elementor-widget-divider--view-line elementor-widget elementor-widget-divider\" data-id=\"678b441\" data-element_type=\"widget\" data-e-type=\"widget\" data-widget_type=\"divider.default\">\n\t\t\t\t<div class=\"elementor-widget-container\">\n\t\t\t\t\t\t\t<div class=\"elementor-divider\">\n\t\t\t<span class=\"elementor-divider-separator\">\n\t\t\t\t\t\t<\/span>\n\t\t<\/div>\n\t\t\t\t\t\t<\/div>\n\t\t\t\t<\/div>\n\t\t\t\t<div class=\"elementor-element elementor-element-18e98f7 elementor-widget elementor-widget-theme-post-content\" data-id=\"18e98f7\" data-element_type=\"widget\" data-e-type=\"widget\" data-widget_type=\"theme-post-content.default\">\n\t\t\t\t<div class=\"elementor-widget-container\">\n\t\t\t\t\t\t\t<div data-elementor-type=\"wp-post\" data-elementor-id=\"8448\" class=\"elementor elementor-8448\" data-elementor-post-type=\"post\">\n\t\t\t\t<div class=\"elementor-element elementor-element-00d9fbe e-flex e-con-boxed e-con e-parent\" data-id=\"00d9fbe\" data-element_type=\"container\" data-e-type=\"container\">\n\t\t\t\t\t<div class=\"e-con-inner\">\n\t\t\t\t<div class=\"elementor-element elementor-element-29ecb36 elementor-widget elementor-widget-heading\" data-id=\"29ecb36\" data-element_type=\"widget\" data-e-type=\"widget\" data-widget_type=\"heading.default\">\n\t\t\t\t<div class=\"elementor-widget-container\">\n\t\t\t\t\t<h2 class=\"elementor-heading-title elementor-size-default\">Faber Solartechnik im Magazin \"WIR \u00dcBER UNS\" von RheinfelsQuellen H. H\u00f6velmann!<\/h2>\t\t\t\t<\/div>\n\t\t\t\t<\/div>\n\t\t\t\t<div class=\"elementor-element elementor-element-10dd3e6 elementor-widget elementor-widget-text-editor\" data-id=\"10dd3e6\" data-element_type=\"widget\" data-e-type=\"widget\" data-widget_type=\"text-editor.default\">\n\t\t\t\t<div class=\"elementor-widget-container\">\n\t\t\t\t\t\t\t\t\t<p>Wir freuen uns, dass unsere Arbeit f\u00fcr das Gro\u00dfprojekt <a href=\"https:\/\/ardey-quelle.de\/\" target=\"_blank\" rel=\"noopener\">ARDEY QUELLE<\/a> \u2013 Dachsanierung und Photovoltaik-Installation \u2013 in der aktuellen Ausgabe 2024 des Magazins &#8222;Wir \u00fcber uns&#8220; vorgestellt wird. Die Ausgabe richtet sich an die Mitarbeiter:innen der <a href=\"https:\/\/www.mineralquellen-hoevelmann.de\/\" target=\"_blank\" rel=\"noopener\">H\u00f6velmann Getr\u00e4nke- und Brunnenbetriebe<\/a>.<\/p><p>In dem Artikel wird unsere Rolle als Generalunternehmer bei der Dachsanierung und der Installation von Photovoltaik-Anlagen am Standort Dortmund ausf\u00fchrlich beschrieben. Besonders hervorzuheben ist die enge Zusammenarbeit mit unserem Projektleiter Marco Pfeiffer, der spannende Einblicke in die Herausforderungen und L\u00f6sungen dieses Gro\u00dfprojekts gibt.<\/p>\t\t\t\t\t\t\t\t<\/div>\n\t\t\t\t<\/div>\n\t\t\t\t\t<\/div>\n\t\t\t\t<\/div>\n\t\t<div class=\"elementor-element elementor-element-897ed15 e-flex e-con-boxed e-con e-parent\" data-id=\"897ed15\" data-element_type=\"container\" data-e-type=\"container\">\n\t\t\t\t\t<div class=\"e-con-inner\">\n\t\t<div class=\"elementor-element elementor-element-92a890c e-con-full e-flex e-con e-child\" data-id=\"92a890c\" data-element_type=\"container\" data-e-type=\"container\">\n\t\t\t\t<div class=\"elementor-element elementor-element-8acc649 elementor-invisible elementor-widget elementor-widget-image\" data-id=\"8acc649\" data-element_type=\"widget\" data-e-type=\"widget\" data-settings=\"{&quot;_animation&quot;:&quot;fadeInLeft&quot;}\" data-widget_type=\"image.default\">\n\t\t\t\t<div class=\"elementor-widget-container\">\n\t\t\t\t\t\t\t\t\t\t\t\t\t\t\t\t<a href=\"https:\/\/faber-solartechnik.de\/wp-content\/uploads\/2025\/01\/Wir-ueber-uns-Titelblatt-2024.jpg\" data-elementor-open-lightbox=\"yes\" data-e-action-hash=\"#elementor-action%3Aaction%3Dlightbox%26settings%3DeyJpZCI6ODQ2NCwidXJsIjoiaHR0cHM6XC9cL2ZhYmVyLXNvbGFydGVjaG5pay5kZVwvd3AtY29udGVudFwvdXBsb2Fkc1wvMjAyNVwvMDFcL1dpci11ZWJlci11bnMtVGl0ZWxibGF0dC0yMDI0LmpwZyJ9\">\n\t\t\t\t\t\t\t<img fetchpriority=\"high\" fetchpriority=\"high\" decoding=\"async\" width=\"768\" height=\"1025\" src=\"https:\/\/faber-solartechnik.de\/wp-content\/uploads\/2025\/01\/Wir-ueber-uns-Titelblatt-2024-768x1025.jpg\" class=\"attachment-medium_large size-medium_large wp-image-8464\" alt=\"\" srcset=\"https:\/\/faber-solartechnik.de\/wp-content\/uploads\/2025\/01\/Wir-ueber-uns-Titelblatt-2024-768x1025.jpg 768w, https:\/\/faber-solartechnik.de\/wp-content\/uploads\/2025\/01\/Wir-ueber-uns-Titelblatt-2024-225x300.jpg 225w, https:\/\/faber-solartechnik.de\/wp-content\/uploads\/2025\/01\/Wir-ueber-uns-Titelblatt-2024-767x1024.jpg 767w, https:\/\/faber-solartechnik.de\/wp-content\/uploads\/2025\/01\/Wir-ueber-uns-Titelblatt-2024-9x12.jpg 9w, https:\/\/faber-solartechnik.de\/wp-content\/uploads\/2025\/01\/Wir-ueber-uns-Titelblatt-2024.jpg 1050w\" sizes=\"(max-width: 768px) 100vw, 768px\" \/>\t\t\t\t\t\t\t\t<\/a>\n\t\t\t\t\t\t\t\t\t\t\t\t\t\t\t<\/div>\n\t\t\t\t<\/div>\n\t\t\t\t<\/div>\n\t\t<div class=\"elementor-element elementor-element-fe0da33 e-con-full e-flex e-con e-child\" data-id=\"fe0da33\" data-element_type=\"container\" data-e-type=\"container\">\n\t\t\t\t<div class=\"elementor-element elementor-element-d1cc09a elementor-invisible elementor-widget elementor-widget-image\" data-id=\"d1cc09a\" data-element_type=\"widget\" data-e-type=\"widget\" data-settings=\"{&quot;_animation&quot;:&quot;fadeInRight&quot;}\" data-widget_type=\"image.default\">\n\t\t\t\t<div class=\"elementor-widget-container\">\n\t\t\t\t\t\t\t\t\t\t\t\t\t\t\t\t<a href=\"https:\/\/faber-solartechnik.de\/wp-content\/uploads\/2025\/01\/Ardey-Quelle.png\" data-elementor-open-lightbox=\"yes\" data-e-action-hash=\"#elementor-action%3Aaction%3Dlightbox%26settings%3DeyJpZCI6ODQ2MywidXJsIjoiaHR0cHM6XC9cL2ZhYmVyLXNvbGFydGVjaG5pay5kZVwvd3AtY29udGVudFwvdXBsb2Fkc1wvMjAyNVwvMDFcL0FyZGV5LVF1ZWxsZS5wbmcifQ%3D%3D\">\n\t\t\t\t\t\t\t<img decoding=\"async\" width=\"768\" height=\"1024\" src=\"https:\/\/faber-solartechnik.de\/wp-content\/uploads\/2025\/01\/Ardey-Quelle-768x1024.png\" class=\"attachment-medium_large size-medium_large wp-image-8463\" alt=\"\" srcset=\"https:\/\/faber-solartechnik.de\/wp-content\/uploads\/2025\/01\/Ardey-Quelle-768x1024.png 768w, https:\/\/faber-solartechnik.de\/wp-content\/uploads\/2025\/01\/Ardey-Quelle-225x300.png 225w, https:\/\/faber-solartechnik.de\/wp-content\/uploads\/2025\/01\/Ardey-Quelle-9x12.png 9w, https:\/\/faber-solartechnik.de\/wp-content\/uploads\/2025\/01\/Ardey-Quelle.png 1051w\" sizes=\"(max-width: 768px) 100vw, 768px\" \/>\t\t\t\t\t\t\t\t<\/a>\n\t\t\t\t\t\t\t\t\t\t\t\t\t\t\t<\/div>\n\t\t\t\t<\/div>\n\t\t\t\t<\/div>\n\t\t\t\t\t<\/div>\n\t\t\t\t<\/div>\n\t\t<div class=\"elementor-element elementor-element-970a18b e-flex e-con-boxed e-con e-parent\" data-id=\"970a18b\" data-element_type=\"container\" data-e-type=\"container\">\n\t\t\t\t\t<div class=\"e-con-inner\">\n\t\t\t\t<div class=\"elementor-element elementor-element-4b6977e elementor-widget-divider--view-line elementor-widget elementor-widget-divider\" data-id=\"4b6977e\" data-element_type=\"widget\" data-e-type=\"widget\" data-widget_type=\"divider.default\">\n\t\t\t\t<div class=\"elementor-widget-container\">\n\t\t\t\t\t\t\t<div class=\"elementor-divider\">\n\t\t\t<span class=\"elementor-divider-separator\">\n\t\t\t\t\t\t<\/span>\n\t\t<\/div>\n\t\t\t\t\t\t<\/div>\n\t\t\t\t<\/div>\n\t\t\t\t<div class=\"elementor-element elementor-element-e63b3a1 elementor-widget elementor-widget-heading\" data-id=\"e63b3a1\" data-element_type=\"widget\" data-e-type=\"widget\" data-widget_type=\"heading.default\">\n\t\t\t\t<div class=\"elementor-widget-container\">\n\t\t\t\t\t<h3 class=\"elementor-heading-title elementor-size-default\">Highlights des Projekts<\/h3>\t\t\t\t<\/div>\n\t\t\t\t<\/div>\n\t\t\t\t<div class=\"elementor-element elementor-element-aa04222 elementor-widget elementor-widget-text-editor\" data-id=\"aa04222\" data-element_type=\"widget\" data-e-type=\"widget\" data-widget_type=\"text-editor.default\">\n\t\t\t\t<div class=\"elementor-widget-container\">\n\t\t\t\t\t\t\t\t\t<ul><li>Sanierung einer Dachfl\u00e4che von 13.000 m\u00b2<\/li><li>Photovoltaik-Anlage mit 1.006 kWp Leistung, davon 728 kWp Eigenverbrauchsanlage<\/li><li>Herausforderungen wie wetterbedingte Verz\u00f6gerungen, eine komplexe Logistik und der Einsatz eines 600-kVA-Notstromaggregats w\u00e4hrend des Umbaus der Mittelspannungsanlage<\/li><li>Innovative L\u00f6sungen zur Optimierung des Entw\u00e4sserungssystems und der Abdichtung<\/li><\/ul>\t\t\t\t\t\t\t\t<\/div>\n\t\t\t\t<\/div>\n\t\t\t\t\t<\/div>\n\t\t\t\t<\/div>\n\t\t<div class=\"elementor-element elementor-element-ea8d005 e-grid e-con-boxed e-con e-parent\" data-id=\"ea8d005\" data-element_type=\"container\" data-e-type=\"container\">\n\t\t\t\t\t<div class=\"e-con-inner\">\n\t\t\t\t<div class=\"elementor-element elementor-element-83caca5 elementor-invisible elementor-widget elementor-widget-image\" data-id=\"83caca5\" data-element_type=\"widget\" data-e-type=\"widget\" data-settings=\"{&quot;_animation&quot;:&quot;zoomIn&quot;}\" data-widget_type=\"image.default\">\n\t\t\t\t<div class=\"elementor-widget-container\">\n\t\t\t\t\t\t\t\t\t\t\t\t\t\t\t\t<a href=\"https:\/\/faber-solartechnik.de\/wp-content\/uploads\/2025\/01\/ARDEY-QUELLE-PVA-Dortmund-7-1.jpeg\" data-elementor-open-lightbox=\"yes\" data-e-action-hash=\"#elementor-action%3Aaction%3Dlightbox%26settings%3DeyJpZCI6ODQ2OCwidXJsIjoiaHR0cHM6XC9cL2ZhYmVyLXNvbGFydGVjaG5pay5kZVwvd3AtY29udGVudFwvdXBsb2Fkc1wvMjAyNVwvMDFcL0FSREVZLVFVRUxMRS1QVkEtRG9ydG11bmQtNy0xLmpwZWcifQ%3D%3D\">\n\t\t\t\t\t\t\t<img decoding=\"async\" width=\"768\" height=\"576\" src=\"https:\/\/faber-solartechnik.de\/wp-content\/uploads\/2025\/01\/ARDEY-QUELLE-PVA-Dortmund-7-1-768x576.jpeg\" class=\"attachment-medium_large size-medium_large wp-image-8468\" alt=\"\" srcset=\"https:\/\/faber-solartechnik.de\/wp-content\/uploads\/2025\/01\/ARDEY-QUELLE-PVA-Dortmund-7-1-768x576.jpeg 768w, https:\/\/faber-solartechnik.de\/wp-content\/uploads\/2025\/01\/ARDEY-QUELLE-PVA-Dortmund-7-1-300x225.jpeg 300w, https:\/\/faber-solartechnik.de\/wp-content\/uploads\/2025\/01\/ARDEY-QUELLE-PVA-Dortmund-7-1-1024x768.jpeg 1024w, https:\/\/faber-solartechnik.de\/wp-content\/uploads\/2025\/01\/ARDEY-QUELLE-PVA-Dortmund-7-1-16x12.jpeg 16w, https:\/\/faber-solartechnik.de\/wp-content\/uploads\/2025\/01\/ARDEY-QUELLE-PVA-Dortmund-7-1.jpeg 1280w\" sizes=\"(max-width: 768px) 100vw, 768px\" \/>\t\t\t\t\t\t\t\t<\/a>\n\t\t\t\t\t\t\t\t\t\t\t\t\t\t\t<\/div>\n\t\t\t\t<\/div>\n\t\t\t\t<div class=\"elementor-element elementor-element-58fe99c elementor-invisible elementor-widget elementor-widget-image\" data-id=\"58fe99c\" data-element_type=\"widget\" data-e-type=\"widget\" data-settings=\"{&quot;_animation&quot;:&quot;zoomIn&quot;,&quot;_animation_delay&quot;:300}\" data-widget_type=\"image.default\">\n\t\t\t\t<div class=\"elementor-widget-container\">\n\t\t\t\t\t\t\t\t\t\t\t\t\t\t\t\t<a href=\"https:\/\/faber-solartechnik.de\/wp-content\/uploads\/2025\/01\/ARDEY-QUELLE-PVA-Dortmund-6-1.jpeg\" data-elementor-open-lightbox=\"yes\" data-e-action-hash=\"#elementor-action%3Aaction%3Dlightbox%26settings%3DeyJpZCI6ODQ2NywidXJsIjoiaHR0cHM6XC9cL2ZhYmVyLXNvbGFydGVjaG5pay5kZVwvd3AtY29udGVudFwvdXBsb2Fkc1wvMjAyNVwvMDFcL0FSREVZLVFVRUxMRS1QVkEtRG9ydG11bmQtNi0xLmpwZWcifQ%3D%3D\">\n\t\t\t\t\t\t\t<img loading=\"lazy\" loading=\"lazy\" decoding=\"async\" width=\"768\" height=\"576\" src=\"https:\/\/faber-solartechnik.de\/wp-content\/uploads\/2025\/01\/ARDEY-QUELLE-PVA-Dortmund-6-1-768x576.jpeg\" class=\"attachment-medium_large size-medium_large wp-image-8467\" alt=\"\" srcset=\"https:\/\/faber-solartechnik.de\/wp-content\/uploads\/2025\/01\/ARDEY-QUELLE-PVA-Dortmund-6-1-768x576.jpeg 768w, https:\/\/faber-solartechnik.de\/wp-content\/uploads\/2025\/01\/ARDEY-QUELLE-PVA-Dortmund-6-1-300x225.jpeg 300w, https:\/\/faber-solartechnik.de\/wp-content\/uploads\/2025\/01\/ARDEY-QUELLE-PVA-Dortmund-6-1-1024x768.jpeg 1024w, https:\/\/faber-solartechnik.de\/wp-content\/uploads\/2025\/01\/ARDEY-QUELLE-PVA-Dortmund-6-1-16x12.jpeg 16w, https:\/\/faber-solartechnik.de\/wp-content\/uploads\/2025\/01\/ARDEY-QUELLE-PVA-Dortmund-6-1.jpeg 1280w\" sizes=\"auto, (max-width: 768px) 100vw, 768px\" \/>\t\t\t\t\t\t\t\t<\/a>\n\t\t\t\t\t\t\t\t\t\t\t\t\t\t\t<\/div>\n\t\t\t\t<\/div>\n\t\t\t\t<div class=\"elementor-element elementor-element-13c6de2 elementor-invisible elementor-widget elementor-widget-image\" data-id=\"13c6de2\" data-element_type=\"widget\" data-e-type=\"widget\" data-settings=\"{&quot;_animation&quot;:&quot;zoomIn&quot;,&quot;_animation_delay&quot;:300}\" data-widget_type=\"image.default\">\n\t\t\t\t<div class=\"elementor-widget-container\">\n\t\t\t\t\t\t\t\t\t\t\t\t\t\t\t\t<a href=\"https:\/\/faber-solartechnik.de\/wp-content\/uploads\/2025\/01\/ARDEY-QUELLE-PVA-Dortmund-3-1.jpeg\" data-elementor-open-lightbox=\"yes\" data-e-action-hash=\"#elementor-action%3Aaction%3Dlightbox%26settings%3DeyJpZCI6ODQ2NiwidXJsIjoiaHR0cHM6XC9cL2ZhYmVyLXNvbGFydGVjaG5pay5kZVwvd3AtY29udGVudFwvdXBsb2Fkc1wvMjAyNVwvMDFcL0FSREVZLVFVRUxMRS1QVkEtRG9ydG11bmQtMy0xLmpwZWcifQ%3D%3D\">\n\t\t\t\t\t\t\t<img loading=\"lazy\" loading=\"lazy\" decoding=\"async\" width=\"768\" height=\"576\" src=\"https:\/\/faber-solartechnik.de\/wp-content\/uploads\/2025\/01\/ARDEY-QUELLE-PVA-Dortmund-3-1-768x576.jpeg\" class=\"attachment-medium_large size-medium_large wp-image-8466\" alt=\"\" srcset=\"https:\/\/faber-solartechnik.de\/wp-content\/uploads\/2025\/01\/ARDEY-QUELLE-PVA-Dortmund-3-1-768x576.jpeg 768w, https:\/\/faber-solartechnik.de\/wp-content\/uploads\/2025\/01\/ARDEY-QUELLE-PVA-Dortmund-3-1-300x225.jpeg 300w, https:\/\/faber-solartechnik.de\/wp-content\/uploads\/2025\/01\/ARDEY-QUELLE-PVA-Dortmund-3-1-1024x768.jpeg 1024w, https:\/\/faber-solartechnik.de\/wp-content\/uploads\/2025\/01\/ARDEY-QUELLE-PVA-Dortmund-3-1-16x12.jpeg 16w, https:\/\/faber-solartechnik.de\/wp-content\/uploads\/2025\/01\/ARDEY-QUELLE-PVA-Dortmund-3-1.jpeg 1280w\" sizes=\"auto, (max-width: 768px) 100vw, 768px\" \/>\t\t\t\t\t\t\t\t<\/a>\n\t\t\t\t\t\t\t\t\t\t\t\t\t\t\t<\/div>\n\t\t\t\t<\/div>\n\t\t\t\t<div class=\"elementor-element elementor-element-64c9bd5 elementor-invisible elementor-widget elementor-widget-image\" data-id=\"64c9bd5\" data-element_type=\"widget\" data-e-type=\"widget\" data-settings=\"{&quot;_animation&quot;:&quot;zoomIn&quot;}\" data-widget_type=\"image.default\">\n\t\t\t\t<div class=\"elementor-widget-container\">\n\t\t\t\t\t\t\t\t\t\t\t\t\t\t\t\t<a href=\"https:\/\/faber-solartechnik.de\/wp-content\/uploads\/2025\/01\/ARDEY-QUELLE-PVA-Dortmund-1-1.jpeg\" data-elementor-open-lightbox=\"yes\" data-e-action-hash=\"#elementor-action%3Aaction%3Dlightbox%26settings%3DeyJpZCI6ODQ2NSwidXJsIjoiaHR0cHM6XC9cL2ZhYmVyLXNvbGFydGVjaG5pay5kZVwvd3AtY29udGVudFwvdXBsb2Fkc1wvMjAyNVwvMDFcL0FSREVZLVFVRUxMRS1QVkEtRG9ydG11bmQtMS0xLmpwZWcifQ%3D%3D\">\n\t\t\t\t\t\t\t<img loading=\"lazy\" loading=\"lazy\" decoding=\"async\" width=\"768\" height=\"576\" src=\"https:\/\/faber-solartechnik.de\/wp-content\/uploads\/2025\/01\/ARDEY-QUELLE-PVA-Dortmund-1-1-768x576.jpeg\" class=\"attachment-medium_large size-medium_large wp-image-8465\" alt=\"\" srcset=\"https:\/\/faber-solartechnik.de\/wp-content\/uploads\/2025\/01\/ARDEY-QUELLE-PVA-Dortmund-1-1-768x576.jpeg 768w, https:\/\/faber-solartechnik.de\/wp-content\/uploads\/2025\/01\/ARDEY-QUELLE-PVA-Dortmund-1-1-300x225.jpeg 300w, https:\/\/faber-solartechnik.de\/wp-content\/uploads\/2025\/01\/ARDEY-QUELLE-PVA-Dortmund-1-1-1024x768.jpeg 1024w, https:\/\/faber-solartechnik.de\/wp-content\/uploads\/2025\/01\/ARDEY-QUELLE-PVA-Dortmund-1-1-16x12.jpeg 16w, https:\/\/faber-solartechnik.de\/wp-content\/uploads\/2025\/01\/ARDEY-QUELLE-PVA-Dortmund-1-1.jpeg 1280w\" sizes=\"auto, (max-width: 768px) 100vw, 768px\" \/>\t\t\t\t\t\t\t\t<\/a>\n\t\t\t\t\t\t\t\t\t\t\t\t\t\t\t<\/div>\n\t\t\t\t<\/div>\n\t\t\t\t\t<\/div>\n\t\t\t\t<\/div>\n\t\t<div class=\"elementor-element elementor-element-8fc3367 e-flex e-con-boxed e-con e-parent\" data-id=\"8fc3367\" data-element_type=\"container\" data-e-type=\"container\">\n\t\t\t\t\t<div class=\"e-con-inner\">\n\t\t\t\t<div class=\"elementor-element elementor-element-c2d064a elementor-widget elementor-widget-text-editor\" data-id=\"c2d064a\" data-element_type=\"widget\" data-e-type=\"widget\" data-widget_type=\"text-editor.default\">\n\t\t\t\t<div class=\"elementor-widget-container\">\n\t\t\t\t\t\t\t\t\t<p>Der vollst\u00e4ndige Originaltext des Artikels zeigt die Details unserer Arbeit und die Herausforderungen, die wir erfolgreich gemeistert haben. Lesen Sie hier den Originaltext aus dem Magazin:<\/p>\t\t\t\t\t\t\t\t<\/div>\n\t\t\t\t<\/div>\n\t\t\t\t<div class=\"elementor-element elementor-element-7ebb941 elementor-widget-divider--view-line elementor-widget elementor-widget-divider\" data-id=\"7ebb941\" data-element_type=\"widget\" data-e-type=\"widget\" data-widget_type=\"divider.default\">\n\t\t\t\t<div class=\"elementor-widget-container\">\n\t\t\t\t\t\t\t<div class=\"elementor-divider\">\n\t\t\t<span class=\"elementor-divider-separator\">\n\t\t\t\t\t\t<\/span>\n\t\t<\/div>\n\t\t\t\t\t\t<\/div>\n\t\t\t\t<\/div>\n\t\t\t\t<div class=\"elementor-element elementor-element-79b3a05 elementor-widget elementor-widget-heading\" data-id=\"79b3a05\" data-element_type=\"widget\" data-e-type=\"widget\" data-widget_type=\"heading.default\">\n\t\t\t\t<div class=\"elementor-widget-container\">\n\t\t\t\t\t<h2 class=\"elementor-heading-title elementor-size-default\">ARDEY QUELLE<\/h2>\t\t\t\t<\/div>\n\t\t\t\t<\/div>\n\t\t\t\t<div class=\"elementor-element elementor-element-e1a5e01 elementor-widget elementor-widget-heading\" data-id=\"e1a5e01\" data-element_type=\"widget\" data-e-type=\"widget\" data-widget_type=\"heading.default\">\n\t\t\t\t<div class=\"elementor-widget-container\">\n\t\t\t\t\t<h3 class=\"elementor-heading-title elementor-size-default\">Gro\u00dfprojekt Dachsanierung\n\n<\/h3>\t\t\t\t<\/div>\n\t\t\t\t<\/div>\n\t\t\t\t<div class=\"elementor-element elementor-element-273c56b elementor-widget elementor-widget-text-editor\" data-id=\"273c56b\" data-element_type=\"widget\" data-e-type=\"widget\" data-widget_type=\"text-editor.default\">\n\t\t\t\t<div class=\"elementor-widget-container\">\n\t\t\t\t\t\t\t\t\t<p>Faber Solartechnik, Generalunternehmer aus B\u00fcnde, unterbreitete Ardey Quelle in Vorgespr\u00e4chen einen \u00fcberzeugenden L\u00f6sungsvorschlag, der eine vollst\u00e4ndige Sanierung der Dachfl\u00e4che am Standort Dortmund vorsah. W\u00e4hrend wir nur einen Teil f\u00fcr unsere eigene Photovoltaikanlage nutzen, wird die restliche Fl\u00e4che an Faber Solartechnik zur Installation ihrer PV-Anlagen mit 1.006 kWp verpachtet. Unsere Eigenverbrauchsanlage umfasst 728 kWp, um einen Gro\u00dfteil unseres Energiebedarfs zu decken. Wir haben den <strong>Projektleiter Marco Pfeiffer von Faber Solartechnik<\/strong> zum aktuellen Stand der Arbeiten befragt.<\/p>\t\t\t\t\t\t\t\t<\/div>\n\t\t\t\t<\/div>\n\t\t\t\t<div class=\"elementor-element elementor-element-6e754a8 elementor-widget elementor-widget-text-editor\" data-id=\"6e754a8\" data-element_type=\"widget\" data-e-type=\"widget\" data-widget_type=\"text-editor.default\">\n\t\t\t\t<div class=\"elementor-widget-container\">\n\t\t\t\t\t\t\t\t\t<h4>Wie weit sind Sie in der Umsetzung?<\/h4><p>Die Anlage produziert bereits Strom. Wir befinden uns in der finalen Abstimmung mit dem Messstellenbetreiber, dem Netzbetreiber und dem Direktvermarkter. Derzeit optimieren wir die Abl\u00e4ufe, um eine pr\u00e4zise Abrechnung der \u00dcberschusseinspeisung sicherzustellen. Dann folgt die Endabnahme, geplant ist sie bis Jahresende. Eine Anlage in zwei Bereiche zu \u00adaufzuteilen und sowohl als Eigenverbrauchsanlage wie auch als Pacht- und Investmentanlage zu konzipieren, bedarf genauer Planung und guter Zusammenarbeit zwischen uns, dem K\u00e4ufer, etwaigen Investoren und auch den Messstellen- und Netzbetreibern. Leider haben uns bei diesem Gro\u00dfprojekt einige Herausforderungen zeitlich etwas zur\u00fcckgeworfen.<\/p><h4>Welche Herausforderungen gab es?<\/h4><p>Die k\u00fcrzeren Tageslichtzeiten in den Wintermonaten erschwerten die Arbeiten auf dem Dach erheblich. Zudem mussten wir \u2013 wie in dieser Jahreszeit nicht un\u00fcblich \u2013 krankheitsbedingte Ausf\u00e4lle im Team ber\u00fccksichtigen. Nat\u00fcrlich sind diese Faktoren nicht neu und werden auch immer in einer Planung \u00fcber die Schlechtwetter-Monate ein St\u00fcck weit miteinbezogen, dennoch f\u00fchrte das wochenlang verregnete Fr\u00fchjahr zu gr\u00f6\u00dferen Verz\u00f6gerungen, die in der Form weder voraussehbar noch komplett planbar waren. Bauabschnitte mussten wetterbedingt aufgeteilt werden. Dadurch wurden Folgeabl\u00e4ufe und auch parallel laufende andere Projekte mit beeinflusst. Lieferengp\u00e4sse bei Zuliefer-Unternehmen und eine sehr hohe Nachfrage auf dem PV-Markt waren ebenfalls ein Faktor. Da es bei diesem Projekt nicht nur um die Errichtung der PV-Anlage ging, waren auch der Bausektor, die Anlieferungen und die dortige Logistik zu ber\u00fccksichtigen. Hinzu kommen die deutschlandweit boomenden PV-Anfragen bei den Netzanbietern, auf die wir als Solar-General-Unternehmen wenig Einfluss haben, aber ohne deren Freigaben wir nicht weiterkamen. Urspr\u00fcnglich sollte die Anlage im April ans Netz gehen, es wurde dann leider doch Ende Juni.<\/p><h4>Wie sehen Ihre L\u00f6sungen aus?<\/h4><p>F\u00fcr den Umbau des Transformators und der Mittelspannungsanlage mussten wir aus R\u00fccksicht auf die laufende Produktion und um den Ausfall so gering wie m\u00f6glich halten, den gesamten Betrieb am Standort Dortmund vom Stromnetz nehmen und \u00fcber einen 600-kVA-Notstromaggregat weiter versorgen. Unser Team arbeitete rund um die Uhr, um sicherzustellen, dass die Produktion zu Wochenbeginn wieder reibungslos anlaufen konnte.<br \/>Eine Dachfl\u00e4che in der Gr\u00f6\u00dfenordnung zu sanieren, ist schon eine enorme Herausforderung. Mit Dauerregen und St\u00fcrmen war es auch f\u00fcr uns eine bisher noch nie gemachte Erfahrung. Wir konnten nur abschnittsweise arbeiten, weil der Untergrund f\u00fcr das Verlegen der FPO-Bahnen trocken sein musste. Einige Teile waren aufwendig mit Planen zu sch\u00fctzen. Das bedeutete zus\u00e4tzlichen Arbeitsaufwand. Hinzu kam die Beseitigung einer Kiesabdeckung auf dem etwa 1.000 Quadratmeter gro\u00dfen Flachdach des B\u00fcrobereichs, bevor wir mit der eigentlichen Sanierung beginnen konnten. S\u00e4mtliche Anschl\u00fcsse der vielen Lichtb\u00e4nder und Lichtkuppeln auf dem Dach mussten erneuert werden. W\u00e4hrend der Arbeiten entdeckten wir, dass das vorhandene Entw\u00e4sserungssystem unzureichend war, sodass wir zus\u00e4tzliche Gullys sowie Keile installieren mussten, um das Regenwasser gezielt abzuf\u00fchren.<\/p>\t\t\t\t\t\t\t\t<\/div>\n\t\t\t\t<\/div>\n\t\t<div class=\"elementor-element elementor-element-2486411 e-con-full e-flex elementor-invisible e-con e-child\" data-id=\"2486411\" data-element_type=\"container\" data-e-type=\"container\" data-settings=\"{&quot;animation&quot;:&quot;fadeInUp&quot;}\">\n\t\t\t\t<div class=\"elementor-element elementor-element-b2f7876 elementor-widget elementor-widget-button\" data-id=\"b2f7876\" data-element_type=\"widget\" data-e-type=\"widget\" data-widget_type=\"button.default\">\n\t\t\t\t<div class=\"elementor-widget-container\">\n\t\t\t\t\t\t\t\t\t<div class=\"elementor-button-wrapper\">\n\t\t\t\t\t<a class=\"elementor-button elementor-button-link elementor-size-sm\" href=\"https:\/\/getraenkegruppe-hoevelmann.de\/?r3d=wir-ueber-uns-2024\" target=\"_blank\" rel=\"noopener\">\n\t\t\t\t\t\t<span class=\"elementor-button-content-wrapper\">\n\t\t\t\t\t\t<span class=\"elementor-button-icon\">\n\t\t\t\t<i aria-hidden=\"true\" class=\"fas fa-eye\"><\/i>\t\t\t<\/span>\n\t\t\t\t\t\t\t\t\t<span class=\"elementor-button-text\">Online-Version \"WIR \u00dcBER UNS\" 2024<\/span>\n\t\t\t\t\t<\/span>\n\t\t\t\t\t<\/a>\n\t\t\t\t<\/div>\n\t\t\t\t\t\t\t\t<\/div>\n\t\t\t\t<\/div>\n\t\t\t\t<div class=\"elementor-element elementor-element-37c2131 elementor-widget elementor-widget-button\" data-id=\"37c2131\" data-element_type=\"widget\" data-e-type=\"widget\" data-widget_type=\"button.default\">\n\t\t\t\t<div class=\"elementor-widget-container\">\n\t\t\t\t\t\t\t\t\t<div class=\"elementor-button-wrapper\">\n\t\t\t\t\t<a class=\"elementor-button elementor-button-link elementor-size-sm\" href=\"https:\/\/getraenkegruppe-hoevelmann.de\/\" target=\"_blank\" rel=\"noopener\">\n\t\t\t\t\t\t<span class=\"elementor-button-content-wrapper\">\n\t\t\t\t\t\t<span class=\"elementor-button-icon\">\n\t\t\t\t<i aria-hidden=\"true\" class=\"fas fa-folder-open\"><\/i>\t\t\t<\/span>\n\t\t\t\t\t\t\t\t\t<span class=\"elementor-button-text\">Weitere Ausgaben<\/span>\n\t\t\t\t\t<\/span>\n\t\t\t\t\t<\/a>\n\t\t\t\t<\/div>\n\t\t\t\t\t\t\t\t<\/div>\n\t\t\t\t<\/div>\n\t\t\t\t<\/div>\n\t\t\t\t<div class=\"elementor-element elementor-element-b1dd16d elementor-widget-divider--view-line elementor-widget elementor-widget-divider\" data-id=\"b1dd16d\" data-element_type=\"widget\" data-e-type=\"widget\" data-widget_type=\"divider.default\">\n\t\t\t\t<div class=\"elementor-widget-container\">\n\t\t\t\t\t\t\t<div class=\"elementor-divider\">\n\t\t\t<span class=\"elementor-divider-separator\">\n\t\t\t\t\t\t<\/span>\n\t\t<\/div>\n\t\t\t\t\t\t<\/div>\n\t\t\t\t<\/div>\n\t\t\t\t<div class=\"elementor-element elementor-element-142998f elementor-widget elementor-widget-text-editor\" data-id=\"142998f\" data-element_type=\"widget\" data-e-type=\"widget\" data-widget_type=\"text-editor.default\">\n\t\t\t\t<div class=\"elementor-widget-container\">\n\t\t\t\t\t\t\t\t\t<p class=\"ZITAT\"><span style=\"letter-spacing: .9pt;\">\u201e<\/span>Eine Dachsanierung von 13.000 Quadratmeter ist selbst f\u00fcr uns Profis eine au\u00dfergew\u00f6hnliche Herausforderung und birgt dann doch oftmals ungeahnte und vorab auch nicht planbare zus\u00e4tzliche Schritte.\u201c<\/p>\t\t\t\t\t\t\t\t<\/div>\n\t\t\t\t<\/div>\n\t\t\t\t\t<\/div>\n\t\t\t\t<\/div>\n\t\t<div class=\"elementor-element elementor-element-93cde38 e-con-full e-flex e-con e-child\" data-id=\"93cde38\" data-element_type=\"container\" data-e-type=\"container\" data-settings=\"{&quot;background_background&quot;:&quot;classic&quot;}\">\n\t\t<div class=\"elementor-element elementor-element-8963120 e-con-full e-flex e-con e-child\" data-id=\"8963120\" data-element_type=\"container\" data-e-type=\"container\">\n\t\t\t\t<div class=\"elementor-element elementor-element-b7922ea elementor-widget elementor-widget-image\" data-id=\"b7922ea\" data-element_type=\"widget\" data-e-type=\"widget\" data-widget_type=\"image.default\">\n\t\t\t\t<div class=\"elementor-widget-container\">\n\t\t\t\t\t\t\t\t\t\t\t\t\t\t\t\t<a href=\"https:\/\/faber-solartechnik.de\/wp-content\/uploads\/2025\/01\/Marco.jpg\" data-elementor-open-lightbox=\"yes\" data-e-action-hash=\"#elementor-action%3Aaction%3Dlightbox%26settings%3DeyJpZCI6ODQ1OCwidXJsIjoiaHR0cHM6XC9cL2ZhYmVyLXNvbGFydGVjaG5pay5kZVwvd3AtY29udGVudFwvdXBsb2Fkc1wvMjAyNVwvMDFcL01hcmNvLmpwZyJ9\">\n\t\t\t\t\t\t\t<img loading=\"lazy\" loading=\"lazy\" decoding=\"async\" width=\"300\" height=\"300\" src=\"https:\/\/faber-solartechnik.de\/wp-content\/uploads\/2025\/01\/Marco-300x300.jpg\" class=\"attachment-medium size-medium wp-image-8458\" alt=\"\" srcset=\"https:\/\/faber-solartechnik.de\/wp-content\/uploads\/2025\/01\/Marco-300x300.jpg 300w, https:\/\/faber-solartechnik.de\/wp-content\/uploads\/2025\/01\/Marco-150x150.jpg 150w, https:\/\/faber-solartechnik.de\/wp-content\/uploads\/2025\/01\/Marco-12x12.jpg 12w, https:\/\/faber-solartechnik.de\/wp-content\/uploads\/2025\/01\/Marco-400x400.jpg 400w, https:\/\/faber-solartechnik.de\/wp-content\/uploads\/2025\/01\/Marco.jpg 420w\" sizes=\"auto, (max-width: 300px) 100vw, 300px\" \/>\t\t\t\t\t\t\t\t<\/a>\n\t\t\t\t\t\t\t\t\t\t\t\t\t\t\t<\/div>\n\t\t\t\t<\/div>\n\t\t\t\t<\/div>\n\t\t<div class=\"elementor-element elementor-element-dcd51ab e-con-full e-flex e-con e-child\" data-id=\"dcd51ab\" data-element_type=\"container\" data-e-type=\"container\">\n\t\t\t\t<div class=\"elementor-element elementor-element-1751f3f elementor-widget elementor-widget-heading\" data-id=\"1751f3f\" data-element_type=\"widget\" data-e-type=\"widget\" data-widget_type=\"heading.default\">\n\t\t\t\t<div class=\"elementor-widget-container\">\n\t\t\t\t\t<span class=\"elementor-heading-title elementor-size-default\">Marco Pfeiffer<\/span>\t\t\t\t<\/div>\n\t\t\t\t<\/div>\n\t\t\t\t<div class=\"elementor-element elementor-element-93d1b24 elementor-widget elementor-widget-heading\" data-id=\"93d1b24\" data-element_type=\"widget\" data-e-type=\"widget\" data-widget_type=\"heading.default\">\n\t\t\t\t<div class=\"elementor-widget-container\">\n\t\t\t\t\t<span class=\"elementor-heading-title elementor-size-default\">Projektleiter Faber Solartechnik <\/span>\t\t\t\t<\/div>\n\t\t\t\t<\/div>\n\t\t\t\t<div class=\"elementor-element elementor-element-10a97bb elementor-align-start elementor-widget__width-auto elementor-tablet_extra-align-center elementor-icon-list--layout-traditional elementor-list-item-link-full_width elementor-invisible elementor-widget elementor-widget-icon-list\" data-id=\"10a97bb\" data-element_type=\"widget\" data-e-type=\"widget\" data-settings=\"{&quot;_animation&quot;:&quot;fadeIn&quot;}\" data-widget_type=\"icon-list.default\">\n\t\t\t\t<div class=\"elementor-widget-container\">\n\t\t\t\t\t\t\t<ul class=\"elementor-icon-list-items\">\n\t\t\t\t\t\t\t<li class=\"elementor-icon-list-item\">\n\t\t\t\t\t\t\t\t\t\t\t<a href=\"tel:+4952236570825\">\n\n\t\t\t\t\t\t\t\t\t\t\t\t<span class=\"elementor-icon-list-icon\">\n\t\t\t\t\t\t\t<i aria-hidden=\"true\" class=\"fas fa-phone-alt\"><\/i>\t\t\t\t\t\t<\/span>\n\t\t\t\t\t\t\t\t\t\t<span class=\"elementor-icon-list-text\"><strong>Telefon<\/strong> (+49) 05223 65708-25<\/span>\n\t\t\t\t\t\t\t\t\t\t\t<\/a>\n\t\t\t\t\t\t\t\t\t<\/li>\n\t\t\t\t\t\t\t\t<li class=\"elementor-icon-list-item\">\n\t\t\t\t\t\t\t\t\t\t\t<a href=\"mailto:m.pfeiffer@faber-solartechnik.de\">\n\n\t\t\t\t\t\t\t\t\t\t\t\t<span class=\"elementor-icon-list-icon\">\n\t\t\t\t\t\t\t<i aria-hidden=\"true\" class=\"fas fa-at\"><\/i>\t\t\t\t\t\t<\/span>\n\t\t\t\t\t\t\t\t\t\t<span class=\"elementor-icon-list-text\"><strong>Mail<\/strong> m.pfeiffer@faber-solartechnik.de<\/span>\n\t\t\t\t\t\t\t\t\t\t\t<\/a>\n\t\t\t\t\t\t\t\t\t<\/li>\n\t\t\t\t\t\t<\/ul>\n\t\t\t\t\t\t<\/div>\n\t\t\t\t<\/div>\n\t\t\t\t<\/div>\n\t\t\t\t<\/div>\n\t\t<div class=\"elementor-element elementor-element-4446caa e-flex e-con-boxed e-con e-parent\" data-id=\"4446caa\" data-element_type=\"container\" data-e-type=\"container\">\n\t\t\t\t\t<div class=\"e-con-inner\">\n\t\t\t\t<div class=\"elementor-element elementor-element-ead7735 elementor-widget-divider--view-line elementor-widget elementor-widget-divider\" data-id=\"ead7735\" data-element_type=\"widget\" data-e-type=\"widget\" data-widget_type=\"divider.default\">\n\t\t\t\t<div class=\"elementor-widget-container\">\n\t\t\t\t\t\t\t<div class=\"elementor-divider\">\n\t\t\t<span class=\"elementor-divider-separator\">\n\t\t\t\t\t\t<\/span>\n\t\t<\/div>\n\t\t\t\t\t\t<\/div>\n\t\t\t\t<\/div>\n\t\t\t\t<div class=\"elementor-element elementor-element-72d2f70 elementor-widget elementor-widget-text-editor\" data-id=\"72d2f70\" data-element_type=\"widget\" data-e-type=\"widget\" data-widget_type=\"text-editor.default\">\n\t\t\t\t<div class=\"elementor-widget-container\">\n\t\t\t\t\t\t\t\t\t<p>Wir bedanken uns herzlich bei der <strong>RheinfelsQuellen H. H\u00f6velmann GmbH &amp; Co. KG<\/strong> f\u00fcr die M\u00f6glichkeit, dieses spannende Projekt in ihrem Magazin pr\u00e4sentieren zu d\u00fcrfen!<\/p><p>Bleiben Sie auf dem Laufenden: Folgen Sie uns auf unseren sozialen Kan\u00e4len oder kontaktieren Sie uns f\u00fcr weitere Informationen zu unseren Leistungen im Bereich Solarenergie und Dachsanierung.<\/p>\t\t\t\t\t\t\t\t<\/div>\n\t\t\t\t<\/div>\n\t\t\t\t\t<\/div>\n\t\t\t\t<\/div>\n\t\t<div class=\"elementor-element elementor-element-3c82a29 e-flex e-con-boxed e-con e-parent\" data-id=\"3c82a29\" data-element_type=\"container\" data-e-type=\"container\">\n\t\t\t\t\t<div class=\"e-con-inner\">\n\t\t\t\t<div class=\"elementor-element elementor-element-e7c9bda elementor-shape-circle elementor-grid-0 e-grid-align-center elementor-widget elementor-widget-social-icons\" data-id=\"e7c9bda\" data-element_type=\"widget\" data-e-type=\"widget\" data-widget_type=\"social-icons.default\">\n\t\t\t\t<div class=\"elementor-widget-container\">\n\t\t\t\t\t\t\t<div class=\"elementor-social-icons-wrapper elementor-grid\" role=\"list\">\n\t\t\t\t\t\t\t<span class=\"elementor-grid-item\" role=\"listitem\">\n\t\t\t\t\t<a class=\"elementor-icon elementor-social-icon elementor-social-icon-instagram elementor-animation-grow elementor-repeater-item-4c709ca\" href=\"https:\/\/www.instagram.com\/faber.energy\/\" target=\"_blank\" rel=\"noopener\">\n\t\t\t\t\t\t<span class=\"elementor-screen-only\">Instagram<\/span>\n\t\t\t\t\t\t<i aria-hidden=\"true\" class=\"fab fa-instagram\"><\/i>\t\t\t\t\t<\/a>\n\t\t\t\t<\/span>\n\t\t\t\t\t\t\t<span class=\"elementor-grid-item\" role=\"listitem\">\n\t\t\t\t\t<a class=\"elementor-icon elementor-social-icon elementor-social-icon-facebook elementor-animation-grow elementor-repeater-item-2651a5f\" href=\"https:\/\/www.facebook.com\/people\/Faber-E-Tec\/100087351948615\/\" target=\"_blank\" rel=\"noopener\">\n\t\t\t\t\t\t<span class=\"elementor-screen-only\">Facebook<\/span>\n\t\t\t\t\t\t<i aria-hidden=\"true\" class=\"fab fa-facebook\"><\/i>\t\t\t\t\t<\/a>\n\t\t\t\t<\/span>\n\t\t\t\t\t\t\t<span class=\"elementor-grid-item\" role=\"listitem\">\n\t\t\t\t\t<a class=\"elementor-icon elementor-social-icon elementor-social-icon-threads elementor-animation-grow elementor-repeater-item-a83f52e\" href=\"https:\/\/www.threads.net\/@faber.energy\" target=\"_blank\" rel=\"noopener\">\n\t\t\t\t\t\t<span class=\"elementor-screen-only\">Threads<\/span>\n\t\t\t\t\t\t<i aria-hidden=\"true\" class=\"fab fa-threads\"><\/i>\t\t\t\t\t<\/a>\n\t\t\t\t<\/span>\n\t\t\t\t\t\t\t<span class=\"elementor-grid-item\" role=\"listitem\">\n\t\t\t\t\t<a class=\"elementor-icon elementor-social-icon elementor-social-icon-linkedin elementor-animation-grow elementor-repeater-item-2b87a25\" href=\"https:\/\/www.linkedin.com\/company\/faber-etec\/\" target=\"_blank\" rel=\"noopener\">\n\t\t\t\t\t\t<span class=\"elementor-screen-only\">Linkedin<\/span>\n\t\t\t\t\t\t<i aria-hidden=\"true\" class=\"fab fa-linkedin\"><\/i>\t\t\t\t\t<\/a>\n\t\t\t\t<\/span>\n\t\t\t\t\t\t\t<span class=\"elementor-grid-item\" role=\"listitem\">\n\t\t\t\t\t<a class=\"elementor-icon elementor-social-icon elementor-social-icon-x-twitter elementor-animation-grow elementor-repeater-item-aade526\" href=\"https:\/\/x.com\/Faber_Energy\" target=\"_blank\">\n\t\t\t\t\t\t<span class=\"elementor-screen-only\">X-twitter<\/span>\n\t\t\t\t\t\t<i aria-hidden=\"true\" class=\"fab fa-x-twitter\"><\/i>\t\t\t\t\t<\/a>\n\t\t\t\t<\/span>\n\t\t\t\t\t\t\t<span class=\"elementor-grid-item\" role=\"listitem\">\n\t\t\t\t\t<a class=\"elementor-icon elementor-social-icon elementor-social-icon-youtube elementor-animation-grow elementor-repeater-item-afaaa4e\" href=\"https:\/\/www.youtube.com\/@Faber.Energy\" target=\"_blank\" rel=\"noopener\">\n\t\t\t\t\t\t<span class=\"elementor-screen-only\">Youtube<\/span>\n\t\t\t\t\t\t<i aria-hidden=\"true\" class=\"fab fa-youtube\"><\/i>\t\t\t\t\t<\/a>\n\t\t\t\t<\/span>\n\t\t\t\t\t<\/div>\n\t\t\t\t\t\t<\/div>\n\t\t\t\t<\/div>\n\t\t\t\t\t<\/div>\n\t\t\t\t<\/div>\n\t\t\t\t<\/div>\n\t\t\t\t\t\t<\/div>\n\t\t\t\t<\/div>\n\t\t\t\t<div class=\"elementor-element elementor-element-b294ae0 e-transform e-transform elementor-align-right elementor-absolute elementor-invisible elementor-widget elementor-widget-button\" data-id=\"b294ae0\" data-element_type=\"widget\" data-e-type=\"widget\" data-settings=\"{&quot;_transform_translateX_effect_hover&quot;:{&quot;unit&quot;:&quot;px&quot;,&quot;size&quot;:-10,&quot;sizes&quot;:[]},&quot;_animation&quot;:&quot;fadeInUp&quot;,&quot;_animation_delay&quot;:1000,&quot;_position&quot;:&quot;absolute&quot;,&quot;_transform_translateX_effect&quot;:{&quot;unit&quot;:&quot;px&quot;,&quot;size&quot;:&quot;&quot;,&quot;sizes&quot;:[]},&quot;_transform_translateX_effect_laptop&quot;:{&quot;unit&quot;:&quot;px&quot;,&quot;size&quot;:&quot;&quot;,&quot;sizes&quot;:[]},&quot;_transform_translateX_effect_tablet_extra&quot;:{&quot;unit&quot;:&quot;px&quot;,&quot;size&quot;:&quot;&quot;,&quot;sizes&quot;:[]},&quot;_transform_translateX_effect_tablet&quot;:{&quot;unit&quot;:&quot;px&quot;,&quot;size&quot;:&quot;&quot;,&quot;sizes&quot;:[]},&quot;_transform_translateX_effect_mobile&quot;:{&quot;unit&quot;:&quot;px&quot;,&quot;size&quot;:&quot;&quot;,&quot;sizes&quot;:[]},&quot;_transform_translateY_effect&quot;:{&quot;unit&quot;:&quot;px&quot;,&quot;size&quot;:&quot;&quot;,&quot;sizes&quot;:[]},&quot;_transform_translateY_effect_laptop&quot;:{&quot;unit&quot;:&quot;px&quot;,&quot;size&quot;:&quot;&quot;,&quot;sizes&quot;:[]},&quot;_transform_translateY_effect_tablet_extra&quot;:{&quot;unit&quot;:&quot;px&quot;,&quot;size&quot;:&quot;&quot;,&quot;sizes&quot;:[]},&quot;_transform_translateY_effect_tablet&quot;:{&quot;unit&quot;:&quot;px&quot;,&quot;size&quot;:&quot;&quot;,&quot;sizes&quot;:[]},&quot;_transform_translateY_effect_mobile&quot;:{&quot;unit&quot;:&quot;px&quot;,&quot;size&quot;:&quot;&quot;,&quot;sizes&quot;:[]},&quot;_transform_translateX_effect_hover_laptop&quot;:{&quot;unit&quot;:&quot;px&quot;,&quot;size&quot;:&quot;&quot;,&quot;sizes&quot;:[]},&quot;_transform_translateX_effect_hover_tablet_extra&quot;:{&quot;unit&quot;:&quot;px&quot;,&quot;size&quot;:&quot;&quot;,&quot;sizes&quot;:[]},&quot;_transform_translateX_effect_hover_tablet&quot;:{&quot;unit&quot;:&quot;px&quot;,&quot;size&quot;:&quot;&quot;,&quot;sizes&quot;:[]},&quot;_transform_translateX_effect_hover_mobile&quot;:{&quot;unit&quot;:&quot;px&quot;,&quot;size&quot;:&quot;&quot;,&quot;sizes&quot;:[]},&quot;_transform_translateY_effect_hover&quot;:{&quot;unit&quot;:&quot;px&quot;,&quot;size&quot;:&quot;&quot;,&quot;sizes&quot;:[]},&quot;_transform_translateY_effect_hover_laptop&quot;:{&quot;unit&quot;:&quot;px&quot;,&quot;size&quot;:&quot;&quot;,&quot;sizes&quot;:[]},&quot;_transform_translateY_effect_hover_tablet_extra&quot;:{&quot;unit&quot;:&quot;px&quot;,&quot;size&quot;:&quot;&quot;,&quot;sizes&quot;:[]},&quot;_transform_translateY_effect_hover_tablet&quot;:{&quot;unit&quot;:&quot;px&quot;,&quot;size&quot;:&quot;&quot;,&quot;sizes&quot;:[]},&quot;_transform_translateY_effect_hover_mobile&quot;:{&quot;unit&quot;:&quot;px&quot;,&quot;size&quot;:&quot;&quot;,&quot;sizes&quot;:[]}}\" data-widget_type=\"button.default\">\n\t\t\t\t<div class=\"elementor-widget-container\">\n\t\t\t\t\t\t\t\t\t<div class=\"elementor-button-wrapper\">\n\t\t\t\t\t<a class=\"elementor-button elementor-button-link elementor-size-xs\" href=\"https:\/\/faber-solartechnik.de\/en\/projekte\/ardey-quelle-dachsanierung\/\" target=\"_blank\">\n\t\t\t\t\t\t<span class=\"elementor-button-content-wrapper\">\n\t\t\t\t\t\t<span class=\"elementor-button-icon\">\n\t\t\t\t<i aria-hidden=\"true\" class=\"far fa-window-restore\"><\/i>\t\t\t<\/span>\n\t\t\t\t\t\t\t\t\t<span class=\"elementor-button-text\">Projekt in neuem Tab \u00f6ffnen<\/span>\n\t\t\t\t\t<\/span>\n\t\t\t\t\t<\/a>\n\t\t\t\t<\/div>\n\t\t\t\t\t\t\t\t<\/div>\n\t\t\t\t<\/div>\n\t\t\t\t\t<\/div>\n\t\t<\/div>\n\t\t\t\t\t<\/div>\n\t\t<\/section>\n\t\t\t\t<\/div>\n\t\t\t\t\t\t\t<\/div>\n\t\t\t\t\t\t\t\t<\/div>\n\t\t<\/div>\n\t\t\t\t\t\t<\/div>\n\t\t\t\t<\/div>\n\t\t\t\t<div class=\"elementor-element elementor-element-047228d elementor-widget elementor-widget-theme-post-excerpt\" data-id=\"047228d\" data-element_type=\"widget\" data-e-type=\"widget\" data-widget_type=\"theme-post-excerpt.default\">\n\t\t\t\t<div class=\"elementor-widget-container\">\n\t\t\t\t\tUnser Gro\u00dfprojekt in Dortmund wurde im Mitarbeitermagazin der ...\t\t\t\t<\/div>\n\t\t\t\t<\/div>\n\t\t\t\t\t<\/div>\n\t\t<\/div>\n\t\t\t\t\t<\/div>\n\t\t<\/section>\n\t\t\t\t<div class=\"elementor-element elementor-element-d621d6e elementor-hidden-mobile elementor-hidden-desktop elementor-hidden-tablet eae-pop-btn-type-text elementor-widget elementor-widget-wts-modal-popup\" data-id=\"d621d6e\" data-element_type=\"widget\" data-e-type=\"widget\" data-widget_type=\"wts-modal-popup.default\">\n\t\t\t\t<div class=\"elementor-widget-container\">\n\t\t\t\t\t\t\t<div class=\"eae-popup-wrapper eae-popup-eae-pupup-item-1870007541\" data-id=\"eae-pupup-item-1870007541\" data-preview-modal=\"\" data-close-button-type=\"icon\" data-close-btn=\"fas fa-times\" data-close-in-out=\"true\" data-effect=\"zoom-in\">\n\t\t\t<a class=\"eae-popup-link icon-position-before\"\n\t\t\tdata-id=\"eae-pupup-item-1870007541\" data-ctrl-id=\"d621d6e\" href=\"#eae-pupup-item-1870007541\">\n\t\t\t\t\t\t\t\t\t\t\t\t\t\t<span class=\"eae-popup-btn-icon\">\n\t\t\t\t\t\t<i aria-hidden=\"true\" class=\"fas fa-arrow-right\"><\/i>\t\t\t\t\t<\/span>\n\t\t\t\t\t\t\t\t\t\t\t\t<span class=\"eae-popup-btn-text\">\n\t\t\t\t\t\t\t\u00d6ffnen\t\t\t\t\t\t<\/span>\n\t\t\t\t\t\t\t\t\t\t\t\t\t<\/a>\n\t\t<\/div>\n\n\t\t<div id=\"eae-pupup-item-1870007541\" class=\"eae-popup-eae-pupup-item-1870007541 mfp-hide eae-popup-container\">\n\t\t\t<input class=\"eae-hidden-post-id\" type=\"hidden\" name=\"eae_hidden_post_id\" data-id=\"eae-pupup-item-1870007541\" value=\"0\" \/>\n\t\t\t<div class=\"eae-popup-content\">\n\t\t\t\t\t\t\t\t\t<div class=\"eae-modal-content\">\n\t\t\t\t\t\t\t\t<div data-elementor-type=\"section\" data-elementor-id=\"4203\" class=\"elementor elementor-4203\" data-elementor-post-type=\"elementor_library\">\n\t\t\t\t\t<section class=\"elementor-section elementor-top-section elementor-element elementor-element-76665b6d elementor-section-full_width elementor-section-height-min-height elementor-section-items-stretch elementor-section-height-default\" data-id=\"76665b6d\" data-element_type=\"section\" data-e-type=\"section\">\n\t\t\t\t\t\t<div class=\"elementor-container elementor-column-gap-default\">\n\t\t\t\t\t<div class=\"elementor-column elementor-col-50 elementor-top-column elementor-element elementor-element-27f77bf4\" data-id=\"27f77bf4\" data-element_type=\"column\" data-e-type=\"column\">\n\t\t\t<div class=\"elementor-widget-wrap elementor-element-populated\">\n\t\t\t\t\t\t<div class=\"elementor-element elementor-element-2c72871 shadow runde-ecken elementor-widget elementor-widget-image\" data-id=\"2c72871\" data-element_type=\"widget\" data-e-type=\"widget\" data-widget_type=\"image.default\">\n\t\t\t\t<div class=\"elementor-widget-container\">\n\t\t\t\t\t\t\t\t\t\t\t\t\t\t\t\t<a href=\"https:\/\/faber-solartechnik.de\/wp-content\/uploads\/2025\/01\/ARDEY-QUELLE-PVA-Dortmund-2.jpeg\" data-elementor-open-lightbox=\"yes\" data-e-action-hash=\"#elementor-action%3Aaction%3Dlightbox%26settings%3DeyJpZCI6ODQ1MSwidXJsIjoiaHR0cHM6XC9cL2ZhYmVyLXNvbGFydGVjaG5pay5kZVwvd3AtY29udGVudFwvdXBsb2Fkc1wvMjAyNVwvMDFcL0FSREVZLVFVRUxMRS1QVkEtRG9ydG11bmQtMi5qcGVnIn0%3D\">\n\t\t\t\t\t\t\t<img loading=\"lazy\" decoding=\"async\" width=\"768\" height=\"576\" src=\"https:\/\/faber-solartechnik.de\/wp-content\/uploads\/2025\/01\/ARDEY-QUELLE-PVA-Dortmund-2-768x576.jpeg\" class=\"attachment-medium_large size-medium_large wp-image-8451\" alt=\"\" srcset=\"https:\/\/faber-solartechnik.de\/wp-content\/uploads\/2025\/01\/ARDEY-QUELLE-PVA-Dortmund-2-768x576.jpeg 768w, https:\/\/faber-solartechnik.de\/wp-content\/uploads\/2025\/01\/ARDEY-QUELLE-PVA-Dortmund-2-300x225.jpeg 300w, https:\/\/faber-solartechnik.de\/wp-content\/uploads\/2025\/01\/ARDEY-QUELLE-PVA-Dortmund-2-1024x768.jpeg 1024w, https:\/\/faber-solartechnik.de\/wp-content\/uploads\/2025\/01\/ARDEY-QUELLE-PVA-Dortmund-2-16x12.jpeg 16w, https:\/\/faber-solartechnik.de\/wp-content\/uploads\/2025\/01\/ARDEY-QUELLE-PVA-Dortmund-2.jpeg 1280w\" sizes=\"(max-width: 768px) 100vw, 768px\" \/>\t\t\t\t\t\t\t\t<\/a>\n\t\t\t\t\t\t\t\t\t\t\t\t\t\t\t<\/div>\n\t\t\t\t<\/div>\n\t\t\t\t\t<\/div>\n\t\t<\/div>\n\t\t\t\t<div class=\"elementor-column elementor-col-50 elementor-top-column elementor-element elementor-element-329a626d\" data-id=\"329a626d\" data-element_type=\"column\" data-e-type=\"column\">\n\t\t\t<div class=\"elementor-widget-wrap elementor-element-populated\">\n\t\t\t\t\t\t<div class=\"elementor-element elementor-element-bf7ede2 elementor-widget elementor-widget-heading\" data-id=\"bf7ede2\" data-element_type=\"widget\" data-e-type=\"widget\" data-widget_type=\"heading.default\">\n\t\t\t\t<div class=\"elementor-widget-container\">\n\t\t\t\t\t<h3 class=\"elementor-heading-title elementor-size-default\">Ardey Quelle &#8211; Gro\u00dfprojekt Dachsanierung<\/h3>\t\t\t\t<\/div>\n\t\t\t\t<\/div>\n\t\t\t\t<div class=\"elementor-element elementor-element-678b441 elementor-widget-divider--view-line elementor-widget elementor-widget-divider\" data-id=\"678b441\" data-element_type=\"widget\" data-e-type=\"widget\" data-widget_type=\"divider.default\">\n\t\t\t\t<div class=\"elementor-widget-container\">\n\t\t\t\t\t\t\t<div class=\"elementor-divider\">\n\t\t\t<span class=\"elementor-divider-separator\">\n\t\t\t\t\t\t<\/span>\n\t\t<\/div>\n\t\t\t\t\t\t<\/div>\n\t\t\t\t<\/div>\n\t\t\t\t<div class=\"elementor-element elementor-element-18e98f7 elementor-widget elementor-widget-theme-post-content\" data-id=\"18e98f7\" data-element_type=\"widget\" data-e-type=\"widget\" data-widget_type=\"theme-post-content.default\">\n\t\t\t\t<div class=\"elementor-widget-container\">\n\t\t\t\t\t\t\t<div data-elementor-type=\"wp-post\" data-elementor-id=\"8448\" class=\"elementor elementor-8448\" data-elementor-post-type=\"post\">\n\t\t\t\t<div class=\"elementor-element elementor-element-00d9fbe e-flex e-con-boxed e-con e-parent\" data-id=\"00d9fbe\" data-element_type=\"container\" data-e-type=\"container\">\n\t\t\t\t\t<div class=\"e-con-inner\">\n\t\t\t\t<div class=\"elementor-element elementor-element-29ecb36 elementor-widget elementor-widget-heading\" data-id=\"29ecb36\" data-element_type=\"widget\" data-e-type=\"widget\" data-widget_type=\"heading.default\">\n\t\t\t\t<div class=\"elementor-widget-container\">\n\t\t\t\t\t<h2 class=\"elementor-heading-title elementor-size-default\">Faber Solartechnik im Magazin \"WIR \u00dcBER UNS\" von RheinfelsQuellen H. H\u00f6velmann!<\/h2>\t\t\t\t<\/div>\n\t\t\t\t<\/div>\n\t\t\t\t<div class=\"elementor-element elementor-element-10dd3e6 elementor-widget elementor-widget-text-editor\" data-id=\"10dd3e6\" data-element_type=\"widget\" data-e-type=\"widget\" data-widget_type=\"text-editor.default\">\n\t\t\t\t<div class=\"elementor-widget-container\">\n\t\t\t\t\t\t\t\t\t<p>Wir freuen uns, dass unsere Arbeit f\u00fcr das Gro\u00dfprojekt <a href=\"https:\/\/ardey-quelle.de\/\" target=\"_blank\" rel=\"noopener\">ARDEY QUELLE<\/a> \u2013 Dachsanierung und Photovoltaik-Installation \u2013 in der aktuellen Ausgabe 2024 des Magazins &#8222;Wir \u00fcber uns&#8220; vorgestellt wird. Die Ausgabe richtet sich an die Mitarbeiter:innen der <a href=\"https:\/\/www.mineralquellen-hoevelmann.de\/\" target=\"_blank\" rel=\"noopener\">H\u00f6velmann Getr\u00e4nke- und Brunnenbetriebe<\/a>.<\/p><p>In dem Artikel wird unsere Rolle als Generalunternehmer bei der Dachsanierung und der Installation von Photovoltaik-Anlagen am Standort Dortmund ausf\u00fchrlich beschrieben. Besonders hervorzuheben ist die enge Zusammenarbeit mit unserem Projektleiter Marco Pfeiffer, der spannende Einblicke in die Herausforderungen und L\u00f6sungen dieses Gro\u00dfprojekts gibt.<\/p>\t\t\t\t\t\t\t\t<\/div>\n\t\t\t\t<\/div>\n\t\t\t\t\t<\/div>\n\t\t\t\t<\/div>\n\t\t<div class=\"elementor-element elementor-element-897ed15 e-flex e-con-boxed e-con e-parent\" data-id=\"897ed15\" data-element_type=\"container\" data-e-type=\"container\">\n\t\t\t\t\t<div class=\"e-con-inner\">\n\t\t<div class=\"elementor-element elementor-element-92a890c e-con-full e-flex e-con e-child\" data-id=\"92a890c\" data-element_type=\"container\" data-e-type=\"container\">\n\t\t\t\t<div class=\"elementor-element elementor-element-8acc649 elementor-invisible elementor-widget elementor-widget-image\" data-id=\"8acc649\" data-element_type=\"widget\" data-e-type=\"widget\" data-settings=\"{&quot;_animation&quot;:&quot;fadeInLeft&quot;}\" data-widget_type=\"image.default\">\n\t\t\t\t<div class=\"elementor-widget-container\">\n\t\t\t\t\t\t\t\t\t\t\t\t\t\t\t\t<a href=\"https:\/\/faber-solartechnik.de\/wp-content\/uploads\/2025\/01\/Wir-ueber-uns-Titelblatt-2024.jpg\" data-elementor-open-lightbox=\"yes\" data-e-action-hash=\"#elementor-action%3Aaction%3Dlightbox%26settings%3DeyJpZCI6ODQ2NCwidXJsIjoiaHR0cHM6XC9cL2ZhYmVyLXNvbGFydGVjaG5pay5kZVwvd3AtY29udGVudFwvdXBsb2Fkc1wvMjAyNVwvMDFcL1dpci11ZWJlci11bnMtVGl0ZWxibGF0dC0yMDI0LmpwZyJ9\">\n\t\t\t\t\t\t\t<img fetchpriority=\"high\" fetchpriority=\"high\" decoding=\"async\" width=\"768\" height=\"1025\" src=\"https:\/\/faber-solartechnik.de\/wp-content\/uploads\/2025\/01\/Wir-ueber-uns-Titelblatt-2024-768x1025.jpg\" class=\"attachment-medium_large size-medium_large wp-image-8464\" alt=\"\" srcset=\"https:\/\/faber-solartechnik.de\/wp-content\/uploads\/2025\/01\/Wir-ueber-uns-Titelblatt-2024-768x1025.jpg 768w, https:\/\/faber-solartechnik.de\/wp-content\/uploads\/2025\/01\/Wir-ueber-uns-Titelblatt-2024-225x300.jpg 225w, https:\/\/faber-solartechnik.de\/wp-content\/uploads\/2025\/01\/Wir-ueber-uns-Titelblatt-2024-767x1024.jpg 767w, https:\/\/faber-solartechnik.de\/wp-content\/uploads\/2025\/01\/Wir-ueber-uns-Titelblatt-2024-9x12.jpg 9w, https:\/\/faber-solartechnik.de\/wp-content\/uploads\/2025\/01\/Wir-ueber-uns-Titelblatt-2024.jpg 1050w\" sizes=\"(max-width: 768px) 100vw, 768px\" \/>\t\t\t\t\t\t\t\t<\/a>\n\t\t\t\t\t\t\t\t\t\t\t\t\t\t\t<\/div>\n\t\t\t\t<\/div>\n\t\t\t\t<\/div>\n\t\t<div class=\"elementor-element elementor-element-fe0da33 e-con-full e-flex e-con e-child\" data-id=\"fe0da33\" data-element_type=\"container\" data-e-type=\"container\">\n\t\t\t\t<div class=\"elementor-element elementor-element-d1cc09a elementor-invisible elementor-widget elementor-widget-image\" data-id=\"d1cc09a\" data-element_type=\"widget\" data-e-type=\"widget\" data-settings=\"{&quot;_animation&quot;:&quot;fadeInRight&quot;}\" data-widget_type=\"image.default\">\n\t\t\t\t<div class=\"elementor-widget-container\">\n\t\t\t\t\t\t\t\t\t\t\t\t\t\t\t\t<a href=\"https:\/\/faber-solartechnik.de\/wp-content\/uploads\/2025\/01\/Ardey-Quelle.png\" data-elementor-open-lightbox=\"yes\" data-e-action-hash=\"#elementor-action%3Aaction%3Dlightbox%26settings%3DeyJpZCI6ODQ2MywidXJsIjoiaHR0cHM6XC9cL2ZhYmVyLXNvbGFydGVjaG5pay5kZVwvd3AtY29udGVudFwvdXBsb2Fkc1wvMjAyNVwvMDFcL0FyZGV5LVF1ZWxsZS5wbmcifQ%3D%3D\">\n\t\t\t\t\t\t\t<img decoding=\"async\" width=\"768\" height=\"1024\" src=\"https:\/\/faber-solartechnik.de\/wp-content\/uploads\/2025\/01\/Ardey-Quelle-768x1024.png\" class=\"attachment-medium_large size-medium_large wp-image-8463\" alt=\"\" srcset=\"https:\/\/faber-solartechnik.de\/wp-content\/uploads\/2025\/01\/Ardey-Quelle-768x1024.png 768w, https:\/\/faber-solartechnik.de\/wp-content\/uploads\/2025\/01\/Ardey-Quelle-225x300.png 225w, https:\/\/faber-solartechnik.de\/wp-content\/uploads\/2025\/01\/Ardey-Quelle-9x12.png 9w, https:\/\/faber-solartechnik.de\/wp-content\/uploads\/2025\/01\/Ardey-Quelle.png 1051w\" sizes=\"(max-width: 768px) 100vw, 768px\" \/>\t\t\t\t\t\t\t\t<\/a>\n\t\t\t\t\t\t\t\t\t\t\t\t\t\t\t<\/div>\n\t\t\t\t<\/div>\n\t\t\t\t<\/div>\n\t\t\t\t\t<\/div>\n\t\t\t\t<\/div>\n\t\t<div class=\"elementor-element elementor-element-970a18b e-flex e-con-boxed e-con e-parent\" data-id=\"970a18b\" data-element_type=\"container\" data-e-type=\"container\">\n\t\t\t\t\t<div class=\"e-con-inner\">\n\t\t\t\t<div class=\"elementor-element elementor-element-4b6977e elementor-widget-divider--view-line elementor-widget elementor-widget-divider\" data-id=\"4b6977e\" data-element_type=\"widget\" data-e-type=\"widget\" data-widget_type=\"divider.default\">\n\t\t\t\t<div class=\"elementor-widget-container\">\n\t\t\t\t\t\t\t<div class=\"elementor-divider\">\n\t\t\t<span class=\"elementor-divider-separator\">\n\t\t\t\t\t\t<\/span>\n\t\t<\/div>\n\t\t\t\t\t\t<\/div>\n\t\t\t\t<\/div>\n\t\t\t\t<div class=\"elementor-element elementor-element-e63b3a1 elementor-widget elementor-widget-heading\" data-id=\"e63b3a1\" data-element_type=\"widget\" data-e-type=\"widget\" data-widget_type=\"heading.default\">\n\t\t\t\t<div class=\"elementor-widget-container\">\n\t\t\t\t\t<h3 class=\"elementor-heading-title elementor-size-default\">Highlights des Projekts<\/h3>\t\t\t\t<\/div>\n\t\t\t\t<\/div>\n\t\t\t\t<div class=\"elementor-element elementor-element-aa04222 elementor-widget elementor-widget-text-editor\" data-id=\"aa04222\" data-element_type=\"widget\" data-e-type=\"widget\" data-widget_type=\"text-editor.default\">\n\t\t\t\t<div class=\"elementor-widget-container\">\n\t\t\t\t\t\t\t\t\t<ul><li>Sanierung einer Dachfl\u00e4che von 13.000 m\u00b2<\/li><li>Photovoltaik-Anlage mit 1.006 kWp Leistung, davon 728 kWp Eigenverbrauchsanlage<\/li><li>Herausforderungen wie wetterbedingte Verz\u00f6gerungen, eine komplexe Logistik und der Einsatz eines 600-kVA-Notstromaggregats w\u00e4hrend des Umbaus der Mittelspannungsanlage<\/li><li>Innovative L\u00f6sungen zur Optimierung des Entw\u00e4sserungssystems und der Abdichtung<\/li><\/ul>\t\t\t\t\t\t\t\t<\/div>\n\t\t\t\t<\/div>\n\t\t\t\t\t<\/div>\n\t\t\t\t<\/div>\n\t\t<div class=\"elementor-element elementor-element-ea8d005 e-grid e-con-boxed e-con e-parent\" data-id=\"ea8d005\" data-element_type=\"container\" data-e-type=\"container\">\n\t\t\t\t\t<div class=\"e-con-inner\">\n\t\t\t\t<div class=\"elementor-element elementor-element-83caca5 elementor-invisible elementor-widget elementor-widget-image\" data-id=\"83caca5\" data-element_type=\"widget\" data-e-type=\"widget\" data-settings=\"{&quot;_animation&quot;:&quot;zoomIn&quot;}\" data-widget_type=\"image.default\">\n\t\t\t\t<div class=\"elementor-widget-container\">\n\t\t\t\t\t\t\t\t\t\t\t\t\t\t\t\t<a href=\"https:\/\/faber-solartechnik.de\/wp-content\/uploads\/2025\/01\/ARDEY-QUELLE-PVA-Dortmund-7-1.jpeg\" data-elementor-open-lightbox=\"yes\" data-e-action-hash=\"#elementor-action%3Aaction%3Dlightbox%26settings%3DeyJpZCI6ODQ2OCwidXJsIjoiaHR0cHM6XC9cL2ZhYmVyLXNvbGFydGVjaG5pay5kZVwvd3AtY29udGVudFwvdXBsb2Fkc1wvMjAyNVwvMDFcL0FSREVZLVFVRUxMRS1QVkEtRG9ydG11bmQtNy0xLmpwZWcifQ%3D%3D\">\n\t\t\t\t\t\t\t<img decoding=\"async\" width=\"768\" height=\"576\" src=\"https:\/\/faber-solartechnik.de\/wp-content\/uploads\/2025\/01\/ARDEY-QUELLE-PVA-Dortmund-7-1-768x576.jpeg\" class=\"attachment-medium_large size-medium_large wp-image-8468\" alt=\"\" srcset=\"https:\/\/faber-solartechnik.de\/wp-content\/uploads\/2025\/01\/ARDEY-QUELLE-PVA-Dortmund-7-1-768x576.jpeg 768w, https:\/\/faber-solartechnik.de\/wp-content\/uploads\/2025\/01\/ARDEY-QUELLE-PVA-Dortmund-7-1-300x225.jpeg 300w, https:\/\/faber-solartechnik.de\/wp-content\/uploads\/2025\/01\/ARDEY-QUELLE-PVA-Dortmund-7-1-1024x768.jpeg 1024w, https:\/\/faber-solartechnik.de\/wp-content\/uploads\/2025\/01\/ARDEY-QUELLE-PVA-Dortmund-7-1-16x12.jpeg 16w, https:\/\/faber-solartechnik.de\/wp-content\/uploads\/2025\/01\/ARDEY-QUELLE-PVA-Dortmund-7-1.jpeg 1280w\" sizes=\"(max-width: 768px) 100vw, 768px\" \/>\t\t\t\t\t\t\t\t<\/a>\n\t\t\t\t\t\t\t\t\t\t\t\t\t\t\t<\/div>\n\t\t\t\t<\/div>\n\t\t\t\t<div class=\"elementor-element elementor-element-58fe99c elementor-invisible elementor-widget elementor-widget-image\" data-id=\"58fe99c\" data-element_type=\"widget\" data-e-type=\"widget\" data-settings=\"{&quot;_animation&quot;:&quot;zoomIn&quot;,&quot;_animation_delay&quot;:300}\" data-widget_type=\"image.default\">\n\t\t\t\t<div class=\"elementor-widget-container\">\n\t\t\t\t\t\t\t\t\t\t\t\t\t\t\t\t<a href=\"https:\/\/faber-solartechnik.de\/wp-content\/uploads\/2025\/01\/ARDEY-QUELLE-PVA-Dortmund-6-1.jpeg\" data-elementor-open-lightbox=\"yes\" data-e-action-hash=\"#elementor-action%3Aaction%3Dlightbox%26settings%3DeyJpZCI6ODQ2NywidXJsIjoiaHR0cHM6XC9cL2ZhYmVyLXNvbGFydGVjaG5pay5kZVwvd3AtY29udGVudFwvdXBsb2Fkc1wvMjAyNVwvMDFcL0FSREVZLVFVRUxMRS1QVkEtRG9ydG11bmQtNi0xLmpwZWcifQ%3D%3D\">\n\t\t\t\t\t\t\t<img loading=\"lazy\" loading=\"lazy\" decoding=\"async\" width=\"768\" height=\"576\" src=\"https:\/\/faber-solartechnik.de\/wp-content\/uploads\/2025\/01\/ARDEY-QUELLE-PVA-Dortmund-6-1-768x576.jpeg\" class=\"attachment-medium_large size-medium_large wp-image-8467\" alt=\"\" srcset=\"https:\/\/faber-solartechnik.de\/wp-content\/uploads\/2025\/01\/ARDEY-QUELLE-PVA-Dortmund-6-1-768x576.jpeg 768w, https:\/\/faber-solartechnik.de\/wp-content\/uploads\/2025\/01\/ARDEY-QUELLE-PVA-Dortmund-6-1-300x225.jpeg 300w, https:\/\/faber-solartechnik.de\/wp-content\/uploads\/2025\/01\/ARDEY-QUELLE-PVA-Dortmund-6-1-1024x768.jpeg 1024w, https:\/\/faber-solartechnik.de\/wp-content\/uploads\/2025\/01\/ARDEY-QUELLE-PVA-Dortmund-6-1-16x12.jpeg 16w, https:\/\/faber-solartechnik.de\/wp-content\/uploads\/2025\/01\/ARDEY-QUELLE-PVA-Dortmund-6-1.jpeg 1280w\" sizes=\"auto, (max-width: 768px) 100vw, 768px\" \/>\t\t\t\t\t\t\t\t<\/a>\n\t\t\t\t\t\t\t\t\t\t\t\t\t\t\t<\/div>\n\t\t\t\t<\/div>\n\t\t\t\t<div class=\"elementor-element elementor-element-13c6de2 elementor-invisible elementor-widget elementor-widget-image\" data-id=\"13c6de2\" data-element_type=\"widget\" data-e-type=\"widget\" data-settings=\"{&quot;_animation&quot;:&quot;zoomIn&quot;,&quot;_animation_delay&quot;:300}\" data-widget_type=\"image.default\">\n\t\t\t\t<div class=\"elementor-widget-container\">\n\t\t\t\t\t\t\t\t\t\t\t\t\t\t\t\t<a href=\"https:\/\/faber-solartechnik.de\/wp-content\/uploads\/2025\/01\/ARDEY-QUELLE-PVA-Dortmund-3-1.jpeg\" data-elementor-open-lightbox=\"yes\" data-e-action-hash=\"#elementor-action%3Aaction%3Dlightbox%26settings%3DeyJpZCI6ODQ2NiwidXJsIjoiaHR0cHM6XC9cL2ZhYmVyLXNvbGFydGVjaG5pay5kZVwvd3AtY29udGVudFwvdXBsb2Fkc1wvMjAyNVwvMDFcL0FSREVZLVFVRUxMRS1QVkEtRG9ydG11bmQtMy0xLmpwZWcifQ%3D%3D\">\n\t\t\t\t\t\t\t<img loading=\"lazy\" loading=\"lazy\" decoding=\"async\" width=\"768\" height=\"576\" src=\"https:\/\/faber-solartechnik.de\/wp-content\/uploads\/2025\/01\/ARDEY-QUELLE-PVA-Dortmund-3-1-768x576.jpeg\" class=\"attachment-medium_large size-medium_large wp-image-8466\" alt=\"\" srcset=\"https:\/\/faber-solartechnik.de\/wp-content\/uploads\/2025\/01\/ARDEY-QUELLE-PVA-Dortmund-3-1-768x576.jpeg 768w, https:\/\/faber-solartechnik.de\/wp-content\/uploads\/2025\/01\/ARDEY-QUELLE-PVA-Dortmund-3-1-300x225.jpeg 300w, https:\/\/faber-solartechnik.de\/wp-content\/uploads\/2025\/01\/ARDEY-QUELLE-PVA-Dortmund-3-1-1024x768.jpeg 1024w, https:\/\/faber-solartechnik.de\/wp-content\/uploads\/2025\/01\/ARDEY-QUELLE-PVA-Dortmund-3-1-16x12.jpeg 16w, https:\/\/faber-solartechnik.de\/wp-content\/uploads\/2025\/01\/ARDEY-QUELLE-PVA-Dortmund-3-1.jpeg 1280w\" sizes=\"auto, (max-width: 768px) 100vw, 768px\" \/>\t\t\t\t\t\t\t\t<\/a>\n\t\t\t\t\t\t\t\t\t\t\t\t\t\t\t<\/div>\n\t\t\t\t<\/div>\n\t\t\t\t<div class=\"elementor-element elementor-element-64c9bd5 elementor-invisible elementor-widget elementor-widget-image\" data-id=\"64c9bd5\" data-element_type=\"widget\" data-e-type=\"widget\" data-settings=\"{&quot;_animation&quot;:&quot;zoomIn&quot;}\" data-widget_type=\"image.default\">\n\t\t\t\t<div class=\"elementor-widget-container\">\n\t\t\t\t\t\t\t\t\t\t\t\t\t\t\t\t<a href=\"https:\/\/faber-solartechnik.de\/wp-content\/uploads\/2025\/01\/ARDEY-QUELLE-PVA-Dortmund-1-1.jpeg\" data-elementor-open-lightbox=\"yes\" data-e-action-hash=\"#elementor-action%3Aaction%3Dlightbox%26settings%3DeyJpZCI6ODQ2NSwidXJsIjoiaHR0cHM6XC9cL2ZhYmVyLXNvbGFydGVjaG5pay5kZVwvd3AtY29udGVudFwvdXBsb2Fkc1wvMjAyNVwvMDFcL0FSREVZLVFVRUxMRS1QVkEtRG9ydG11bmQtMS0xLmpwZWcifQ%3D%3D\">\n\t\t\t\t\t\t\t<img loading=\"lazy\" loading=\"lazy\" decoding=\"async\" width=\"768\" height=\"576\" src=\"https:\/\/faber-solartechnik.de\/wp-content\/uploads\/2025\/01\/ARDEY-QUELLE-PVA-Dortmund-1-1-768x576.jpeg\" class=\"attachment-medium_large size-medium_large wp-image-8465\" alt=\"\" srcset=\"https:\/\/faber-solartechnik.de\/wp-content\/uploads\/2025\/01\/ARDEY-QUELLE-PVA-Dortmund-1-1-768x576.jpeg 768w, https:\/\/faber-solartechnik.de\/wp-content\/uploads\/2025\/01\/ARDEY-QUELLE-PVA-Dortmund-1-1-300x225.jpeg 300w, https:\/\/faber-solartechnik.de\/wp-content\/uploads\/2025\/01\/ARDEY-QUELLE-PVA-Dortmund-1-1-1024x768.jpeg 1024w, https:\/\/faber-solartechnik.de\/wp-content\/uploads\/2025\/01\/ARDEY-QUELLE-PVA-Dortmund-1-1-16x12.jpeg 16w, https:\/\/faber-solartechnik.de\/wp-content\/uploads\/2025\/01\/ARDEY-QUELLE-PVA-Dortmund-1-1.jpeg 1280w\" sizes=\"auto, (max-width: 768px) 100vw, 768px\" \/>\t\t\t\t\t\t\t\t<\/a>\n\t\t\t\t\t\t\t\t\t\t\t\t\t\t\t<\/div>\n\t\t\t\t<\/div>\n\t\t\t\t\t<\/div>\n\t\t\t\t<\/div>\n\t\t<div class=\"elementor-element elementor-element-8fc3367 e-flex e-con-boxed e-con e-parent\" data-id=\"8fc3367\" data-element_type=\"container\" data-e-type=\"container\">\n\t\t\t\t\t<div class=\"e-con-inner\">\n\t\t\t\t<div class=\"elementor-element elementor-element-c2d064a elementor-widget elementor-widget-text-editor\" data-id=\"c2d064a\" data-element_type=\"widget\" data-e-type=\"widget\" data-widget_type=\"text-editor.default\">\n\t\t\t\t<div class=\"elementor-widget-container\">\n\t\t\t\t\t\t\t\t\t<p>Der vollst\u00e4ndige Originaltext des Artikels zeigt die Details unserer Arbeit und die Herausforderungen, die wir erfolgreich gemeistert haben. Lesen Sie hier den Originaltext aus dem Magazin:<\/p>\t\t\t\t\t\t\t\t<\/div>\n\t\t\t\t<\/div>\n\t\t\t\t<div class=\"elementor-element elementor-element-7ebb941 elementor-widget-divider--view-line elementor-widget elementor-widget-divider\" data-id=\"7ebb941\" data-element_type=\"widget\" data-e-type=\"widget\" data-widget_type=\"divider.default\">\n\t\t\t\t<div class=\"elementor-widget-container\">\n\t\t\t\t\t\t\t<div class=\"elementor-divider\">\n\t\t\t<span class=\"elementor-divider-separator\">\n\t\t\t\t\t\t<\/span>\n\t\t<\/div>\n\t\t\t\t\t\t<\/div>\n\t\t\t\t<\/div>\n\t\t\t\t<div class=\"elementor-element elementor-element-79b3a05 elementor-widget elementor-widget-heading\" data-id=\"79b3a05\" data-element_type=\"widget\" data-e-type=\"widget\" data-widget_type=\"heading.default\">\n\t\t\t\t<div class=\"elementor-widget-container\">\n\t\t\t\t\t<h2 class=\"elementor-heading-title elementor-size-default\">ARDEY QUELLE<\/h2>\t\t\t\t<\/div>\n\t\t\t\t<\/div>\n\t\t\t\t<div class=\"elementor-element elementor-element-e1a5e01 elementor-widget elementor-widget-heading\" data-id=\"e1a5e01\" data-element_type=\"widget\" data-e-type=\"widget\" data-widget_type=\"heading.default\">\n\t\t\t\t<div class=\"elementor-widget-container\">\n\t\t\t\t\t<h3 class=\"elementor-heading-title elementor-size-default\">Gro\u00dfprojekt Dachsanierung\n\n<\/h3>\t\t\t\t<\/div>\n\t\t\t\t<\/div>\n\t\t\t\t<div class=\"elementor-element elementor-element-273c56b elementor-widget elementor-widget-text-editor\" data-id=\"273c56b\" data-element_type=\"widget\" data-e-type=\"widget\" data-widget_type=\"text-editor.default\">\n\t\t\t\t<div class=\"elementor-widget-container\">\n\t\t\t\t\t\t\t\t\t<p>Faber Solartechnik, Generalunternehmer aus B\u00fcnde, unterbreitete Ardey Quelle in Vorgespr\u00e4chen einen \u00fcberzeugenden L\u00f6sungsvorschlag, der eine vollst\u00e4ndige Sanierung der Dachfl\u00e4che am Standort Dortmund vorsah. W\u00e4hrend wir nur einen Teil f\u00fcr unsere eigene Photovoltaikanlage nutzen, wird die restliche Fl\u00e4che an Faber Solartechnik zur Installation ihrer PV-Anlagen mit 1.006 kWp verpachtet. Unsere Eigenverbrauchsanlage umfasst 728 kWp, um einen Gro\u00dfteil unseres Energiebedarfs zu decken. Wir haben den <strong>Projektleiter Marco Pfeiffer von Faber Solartechnik<\/strong> zum aktuellen Stand der Arbeiten befragt.<\/p>\t\t\t\t\t\t\t\t<\/div>\n\t\t\t\t<\/div>\n\t\t\t\t<div class=\"elementor-element elementor-element-6e754a8 elementor-widget elementor-widget-text-editor\" data-id=\"6e754a8\" data-element_type=\"widget\" data-e-type=\"widget\" data-widget_type=\"text-editor.default\">\n\t\t\t\t<div class=\"elementor-widget-container\">\n\t\t\t\t\t\t\t\t\t<h4>Wie weit sind Sie in der Umsetzung?<\/h4><p>Die Anlage produziert bereits Strom. Wir befinden uns in der finalen Abstimmung mit dem Messstellenbetreiber, dem Netzbetreiber und dem Direktvermarkter. Derzeit optimieren wir die Abl\u00e4ufe, um eine pr\u00e4zise Abrechnung der \u00dcberschusseinspeisung sicherzustellen. Dann folgt die Endabnahme, geplant ist sie bis Jahresende. Eine Anlage in zwei Bereiche zu \u00adaufzuteilen und sowohl als Eigenverbrauchsanlage wie auch als Pacht- und Investmentanlage zu konzipieren, bedarf genauer Planung und guter Zusammenarbeit zwischen uns, dem K\u00e4ufer, etwaigen Investoren und auch den Messstellen- und Netzbetreibern. Leider haben uns bei diesem Gro\u00dfprojekt einige Herausforderungen zeitlich etwas zur\u00fcckgeworfen.<\/p><h4>Welche Herausforderungen gab es?<\/h4><p>Die k\u00fcrzeren Tageslichtzeiten in den Wintermonaten erschwerten die Arbeiten auf dem Dach erheblich. Zudem mussten wir \u2013 wie in dieser Jahreszeit nicht un\u00fcblich \u2013 krankheitsbedingte Ausf\u00e4lle im Team ber\u00fccksichtigen. Nat\u00fcrlich sind diese Faktoren nicht neu und werden auch immer in einer Planung \u00fcber die Schlechtwetter-Monate ein St\u00fcck weit miteinbezogen, dennoch f\u00fchrte das wochenlang verregnete Fr\u00fchjahr zu gr\u00f6\u00dferen Verz\u00f6gerungen, die in der Form weder voraussehbar noch komplett planbar waren. Bauabschnitte mussten wetterbedingt aufgeteilt werden. Dadurch wurden Folgeabl\u00e4ufe und auch parallel laufende andere Projekte mit beeinflusst. Lieferengp\u00e4sse bei Zuliefer-Unternehmen und eine sehr hohe Nachfrage auf dem PV-Markt waren ebenfalls ein Faktor. Da es bei diesem Projekt nicht nur um die Errichtung der PV-Anlage ging, waren auch der Bausektor, die Anlieferungen und die dortige Logistik zu ber\u00fccksichtigen. Hinzu kommen die deutschlandweit boomenden PV-Anfragen bei den Netzanbietern, auf die wir als Solar-General-Unternehmen wenig Einfluss haben, aber ohne deren Freigaben wir nicht weiterkamen. Urspr\u00fcnglich sollte die Anlage im April ans Netz gehen, es wurde dann leider doch Ende Juni.<\/p><h4>Wie sehen Ihre L\u00f6sungen aus?<\/h4><p>F\u00fcr den Umbau des Transformators und der Mittelspannungsanlage mussten wir aus R\u00fccksicht auf die laufende Produktion und um den Ausfall so gering wie m\u00f6glich halten, den gesamten Betrieb am Standort Dortmund vom Stromnetz nehmen und \u00fcber einen 600-kVA-Notstromaggregat weiter versorgen. Unser Team arbeitete rund um die Uhr, um sicherzustellen, dass die Produktion zu Wochenbeginn wieder reibungslos anlaufen konnte.<br \/>Eine Dachfl\u00e4che in der Gr\u00f6\u00dfenordnung zu sanieren, ist schon eine enorme Herausforderung. Mit Dauerregen und St\u00fcrmen war es auch f\u00fcr uns eine bisher noch nie gemachte Erfahrung. Wir konnten nur abschnittsweise arbeiten, weil der Untergrund f\u00fcr das Verlegen der FPO-Bahnen trocken sein musste. Einige Teile waren aufwendig mit Planen zu sch\u00fctzen. Das bedeutete zus\u00e4tzlichen Arbeitsaufwand. Hinzu kam die Beseitigung einer Kiesabdeckung auf dem etwa 1.000 Quadratmeter gro\u00dfen Flachdach des B\u00fcrobereichs, bevor wir mit der eigentlichen Sanierung beginnen konnten. S\u00e4mtliche Anschl\u00fcsse der vielen Lichtb\u00e4nder und Lichtkuppeln auf dem Dach mussten erneuert werden. W\u00e4hrend der Arbeiten entdeckten wir, dass das vorhandene Entw\u00e4sserungssystem unzureichend war, sodass wir zus\u00e4tzliche Gullys sowie Keile installieren mussten, um das Regenwasser gezielt abzuf\u00fchren.<\/p>\t\t\t\t\t\t\t\t<\/div>\n\t\t\t\t<\/div>\n\t\t<div class=\"elementor-element elementor-element-2486411 e-con-full e-flex elementor-invisible e-con e-child\" data-id=\"2486411\" data-element_type=\"container\" data-e-type=\"container\" data-settings=\"{&quot;animation&quot;:&quot;fadeInUp&quot;}\">\n\t\t\t\t<div class=\"elementor-element elementor-element-b2f7876 elementor-widget elementor-widget-button\" data-id=\"b2f7876\" data-element_type=\"widget\" data-e-type=\"widget\" data-widget_type=\"button.default\">\n\t\t\t\t<div class=\"elementor-widget-container\">\n\t\t\t\t\t\t\t\t\t<div class=\"elementor-button-wrapper\">\n\t\t\t\t\t<a class=\"elementor-button elementor-button-link elementor-size-sm\" href=\"https:\/\/getraenkegruppe-hoevelmann.de\/?r3d=wir-ueber-uns-2024\" target=\"_blank\" rel=\"noopener\">\n\t\t\t\t\t\t<span class=\"elementor-button-content-wrapper\">\n\t\t\t\t\t\t<span class=\"elementor-button-icon\">\n\t\t\t\t<i aria-hidden=\"true\" class=\"fas fa-eye\"><\/i>\t\t\t<\/span>\n\t\t\t\t\t\t\t\t\t<span class=\"elementor-button-text\">Online-Version \"WIR \u00dcBER UNS\" 2024<\/span>\n\t\t\t\t\t<\/span>\n\t\t\t\t\t<\/a>\n\t\t\t\t<\/div>\n\t\t\t\t\t\t\t\t<\/div>\n\t\t\t\t<\/div>\n\t\t\t\t<div class=\"elementor-element elementor-element-37c2131 elementor-widget elementor-widget-button\" data-id=\"37c2131\" data-element_type=\"widget\" data-e-type=\"widget\" data-widget_type=\"button.default\">\n\t\t\t\t<div class=\"elementor-widget-container\">\n\t\t\t\t\t\t\t\t\t<div class=\"elementor-button-wrapper\">\n\t\t\t\t\t<a class=\"elementor-button elementor-button-link elementor-size-sm\" href=\"https:\/\/getraenkegruppe-hoevelmann.de\/\" target=\"_blank\" rel=\"noopener\">\n\t\t\t\t\t\t<span class=\"elementor-button-content-wrapper\">\n\t\t\t\t\t\t<span class=\"elementor-button-icon\">\n\t\t\t\t<i aria-hidden=\"true\" class=\"fas fa-folder-open\"><\/i>\t\t\t<\/span>\n\t\t\t\t\t\t\t\t\t<span class=\"elementor-button-text\">Weitere Ausgaben<\/span>\n\t\t\t\t\t<\/span>\n\t\t\t\t\t<\/a>\n\t\t\t\t<\/div>\n\t\t\t\t\t\t\t\t<\/div>\n\t\t\t\t<\/div>\n\t\t\t\t<\/div>\n\t\t\t\t<div class=\"elementor-element elementor-element-b1dd16d elementor-widget-divider--view-line elementor-widget elementor-widget-divider\" data-id=\"b1dd16d\" data-element_type=\"widget\" data-e-type=\"widget\" data-widget_type=\"divider.default\">\n\t\t\t\t<div class=\"elementor-widget-container\">\n\t\t\t\t\t\t\t<div class=\"elementor-divider\">\n\t\t\t<span class=\"elementor-divider-separator\">\n\t\t\t\t\t\t<\/span>\n\t\t<\/div>\n\t\t\t\t\t\t<\/div>\n\t\t\t\t<\/div>\n\t\t\t\t<div class=\"elementor-element elementor-element-142998f elementor-widget elementor-widget-text-editor\" data-id=\"142998f\" data-element_type=\"widget\" data-e-type=\"widget\" data-widget_type=\"text-editor.default\">\n\t\t\t\t<div class=\"elementor-widget-container\">\n\t\t\t\t\t\t\t\t\t<p class=\"ZITAT\"><span style=\"letter-spacing: .9pt;\">\u201e<\/span>Eine Dachsanierung von 13.000 Quadratmeter ist selbst f\u00fcr uns Profis eine au\u00dfergew\u00f6hnliche Herausforderung und birgt dann doch oftmals ungeahnte und vorab auch nicht planbare zus\u00e4tzliche Schritte.\u201c<\/p>\t\t\t\t\t\t\t\t<\/div>\n\t\t\t\t<\/div>\n\t\t\t\t\t<\/div>\n\t\t\t\t<\/div>\n\t\t<div class=\"elementor-element elementor-element-93cde38 e-con-full e-flex e-con e-child\" data-id=\"93cde38\" data-element_type=\"container\" data-e-type=\"container\" data-settings=\"{&quot;background_background&quot;:&quot;classic&quot;}\">\n\t\t<div class=\"elementor-element elementor-element-8963120 e-con-full e-flex e-con e-child\" data-id=\"8963120\" data-element_type=\"container\" data-e-type=\"container\">\n\t\t\t\t<div class=\"elementor-element elementor-element-b7922ea elementor-widget elementor-widget-image\" data-id=\"b7922ea\" data-element_type=\"widget\" data-e-type=\"widget\" data-widget_type=\"image.default\">\n\t\t\t\t<div class=\"elementor-widget-container\">\n\t\t\t\t\t\t\t\t\t\t\t\t\t\t\t\t<a href=\"https:\/\/faber-solartechnik.de\/wp-content\/uploads\/2025\/01\/Marco.jpg\" data-elementor-open-lightbox=\"yes\" data-e-action-hash=\"#elementor-action%3Aaction%3Dlightbox%26settings%3DeyJpZCI6ODQ1OCwidXJsIjoiaHR0cHM6XC9cL2ZhYmVyLXNvbGFydGVjaG5pay5kZVwvd3AtY29udGVudFwvdXBsb2Fkc1wvMjAyNVwvMDFcL01hcmNvLmpwZyJ9\">\n\t\t\t\t\t\t\t<img loading=\"lazy\" loading=\"lazy\" decoding=\"async\" width=\"300\" height=\"300\" src=\"https:\/\/faber-solartechnik.de\/wp-content\/uploads\/2025\/01\/Marco-300x300.jpg\" class=\"attachment-medium size-medium wp-image-8458\" alt=\"\" srcset=\"https:\/\/faber-solartechnik.de\/wp-content\/uploads\/2025\/01\/Marco-300x300.jpg 300w, https:\/\/faber-solartechnik.de\/wp-content\/uploads\/2025\/01\/Marco-150x150.jpg 150w, https:\/\/faber-solartechnik.de\/wp-content\/uploads\/2025\/01\/Marco-12x12.jpg 12w, https:\/\/faber-solartechnik.de\/wp-content\/uploads\/2025\/01\/Marco-400x400.jpg 400w, https:\/\/faber-solartechnik.de\/wp-content\/uploads\/2025\/01\/Marco.jpg 420w\" sizes=\"auto, (max-width: 300px) 100vw, 300px\" \/>\t\t\t\t\t\t\t\t<\/a>\n\t\t\t\t\t\t\t\t\t\t\t\t\t\t\t<\/div>\n\t\t\t\t<\/div>\n\t\t\t\t<\/div>\n\t\t<div class=\"elementor-element elementor-element-dcd51ab e-con-full e-flex e-con e-child\" data-id=\"dcd51ab\" data-element_type=\"container\" data-e-type=\"container\">\n\t\t\t\t<div class=\"elementor-element elementor-element-1751f3f elementor-widget elementor-widget-heading\" data-id=\"1751f3f\" data-element_type=\"widget\" data-e-type=\"widget\" data-widget_type=\"heading.default\">\n\t\t\t\t<div class=\"elementor-widget-container\">\n\t\t\t\t\t<span class=\"elementor-heading-title elementor-size-default\">Marco Pfeiffer<\/span>\t\t\t\t<\/div>\n\t\t\t\t<\/div>\n\t\t\t\t<div class=\"elementor-element elementor-element-93d1b24 elementor-widget elementor-widget-heading\" data-id=\"93d1b24\" data-element_type=\"widget\" data-e-type=\"widget\" data-widget_type=\"heading.default\">\n\t\t\t\t<div class=\"elementor-widget-container\">\n\t\t\t\t\t<span class=\"elementor-heading-title elementor-size-default\">Projektleiter Faber Solartechnik <\/span>\t\t\t\t<\/div>\n\t\t\t\t<\/div>\n\t\t\t\t<div class=\"elementor-element elementor-element-10a97bb elementor-align-start elementor-widget__width-auto elementor-tablet_extra-align-center elementor-icon-list--layout-traditional elementor-list-item-link-full_width elementor-invisible elementor-widget elementor-widget-icon-list\" data-id=\"10a97bb\" data-element_type=\"widget\" data-e-type=\"widget\" data-settings=\"{&quot;_animation&quot;:&quot;fadeIn&quot;}\" data-widget_type=\"icon-list.default\">\n\t\t\t\t<div class=\"elementor-widget-container\">\n\t\t\t\t\t\t\t<ul class=\"elementor-icon-list-items\">\n\t\t\t\t\t\t\t<li class=\"elementor-icon-list-item\">\n\t\t\t\t\t\t\t\t\t\t\t<a href=\"tel:+4952236570825\">\n\n\t\t\t\t\t\t\t\t\t\t\t\t<span class=\"elementor-icon-list-icon\">\n\t\t\t\t\t\t\t<i aria-hidden=\"true\" class=\"fas fa-phone-alt\"><\/i>\t\t\t\t\t\t<\/span>\n\t\t\t\t\t\t\t\t\t\t<span class=\"elementor-icon-list-text\"><strong>Telefon<\/strong> (+49) 05223 65708-25<\/span>\n\t\t\t\t\t\t\t\t\t\t\t<\/a>\n\t\t\t\t\t\t\t\t\t<\/li>\n\t\t\t\t\t\t\t\t<li class=\"elementor-icon-list-item\">\n\t\t\t\t\t\t\t\t\t\t\t<a href=\"mailto:m.pfeiffer@faber-solartechnik.de\">\n\n\t\t\t\t\t\t\t\t\t\t\t\t<span class=\"elementor-icon-list-icon\">\n\t\t\t\t\t\t\t<i aria-hidden=\"true\" class=\"fas fa-at\"><\/i>\t\t\t\t\t\t<\/span>\n\t\t\t\t\t\t\t\t\t\t<span class=\"elementor-icon-list-text\"><strong>Mail<\/strong> m.pfeiffer@faber-solartechnik.de<\/span>\n\t\t\t\t\t\t\t\t\t\t\t<\/a>\n\t\t\t\t\t\t\t\t\t<\/li>\n\t\t\t\t\t\t<\/ul>\n\t\t\t\t\t\t<\/div>\n\t\t\t\t<\/div>\n\t\t\t\t<\/div>\n\t\t\t\t<\/div>\n\t\t<div class=\"elementor-element elementor-element-4446caa e-flex e-con-boxed e-con e-parent\" data-id=\"4446caa\" data-element_type=\"container\" data-e-type=\"container\">\n\t\t\t\t\t<div class=\"e-con-inner\">\n\t\t\t\t<div class=\"elementor-element elementor-element-ead7735 elementor-widget-divider--view-line elementor-widget elementor-widget-divider\" data-id=\"ead7735\" data-element_type=\"widget\" data-e-type=\"widget\" data-widget_type=\"divider.default\">\n\t\t\t\t<div class=\"elementor-widget-container\">\n\t\t\t\t\t\t\t<div class=\"elementor-divider\">\n\t\t\t<span class=\"elementor-divider-separator\">\n\t\t\t\t\t\t<\/span>\n\t\t<\/div>\n\t\t\t\t\t\t<\/div>\n\t\t\t\t<\/div>\n\t\t\t\t<div class=\"elementor-element elementor-element-72d2f70 elementor-widget elementor-widget-text-editor\" data-id=\"72d2f70\" data-element_type=\"widget\" data-e-type=\"widget\" data-widget_type=\"text-editor.default\">\n\t\t\t\t<div class=\"elementor-widget-container\">\n\t\t\t\t\t\t\t\t\t<p>Wir bedanken uns herzlich bei der <strong>RheinfelsQuellen H. H\u00f6velmann GmbH &amp; Co. KG<\/strong> f\u00fcr die M\u00f6glichkeit, dieses spannende Projekt in ihrem Magazin pr\u00e4sentieren zu d\u00fcrfen!<\/p><p>Bleiben Sie auf dem Laufenden: Folgen Sie uns auf unseren sozialen Kan\u00e4len oder kontaktieren Sie uns f\u00fcr weitere Informationen zu unseren Leistungen im Bereich Solarenergie und Dachsanierung.<\/p>\t\t\t\t\t\t\t\t<\/div>\n\t\t\t\t<\/div>\n\t\t\t\t\t<\/div>\n\t\t\t\t<\/div>\n\t\t<div class=\"elementor-element elementor-element-3c82a29 e-flex e-con-boxed e-con e-parent\" data-id=\"3c82a29\" data-element_type=\"container\" data-e-type=\"container\">\n\t\t\t\t\t<div class=\"e-con-inner\">\n\t\t\t\t<div class=\"elementor-element elementor-element-e7c9bda elementor-shape-circle elementor-grid-0 e-grid-align-center elementor-widget elementor-widget-social-icons\" data-id=\"e7c9bda\" data-element_type=\"widget\" data-e-type=\"widget\" data-widget_type=\"social-icons.default\">\n\t\t\t\t<div class=\"elementor-widget-container\">\n\t\t\t\t\t\t\t<div class=\"elementor-social-icons-wrapper elementor-grid\" role=\"list\">\n\t\t\t\t\t\t\t<span class=\"elementor-grid-item\" role=\"listitem\">\n\t\t\t\t\t<a class=\"elementor-icon elementor-social-icon elementor-social-icon-instagram elementor-animation-grow elementor-repeater-item-4c709ca\" href=\"https:\/\/www.instagram.com\/faber.energy\/\" target=\"_blank\" rel=\"noopener\">\n\t\t\t\t\t\t<span class=\"elementor-screen-only\">Instagram<\/span>\n\t\t\t\t\t\t<i aria-hidden=\"true\" class=\"fab fa-instagram\"><\/i>\t\t\t\t\t<\/a>\n\t\t\t\t<\/span>\n\t\t\t\t\t\t\t<span class=\"elementor-grid-item\" role=\"listitem\">\n\t\t\t\t\t<a class=\"elementor-icon elementor-social-icon elementor-social-icon-facebook elementor-animation-grow elementor-repeater-item-2651a5f\" href=\"https:\/\/www.facebook.com\/people\/Faber-E-Tec\/100087351948615\/\" target=\"_blank\" rel=\"noopener\">\n\t\t\t\t\t\t<span class=\"elementor-screen-only\">Facebook<\/span>\n\t\t\t\t\t\t<i aria-hidden=\"true\" class=\"fab fa-facebook\"><\/i>\t\t\t\t\t<\/a>\n\t\t\t\t<\/span>\n\t\t\t\t\t\t\t<span class=\"elementor-grid-item\" role=\"listitem\">\n\t\t\t\t\t<a class=\"elementor-icon elementor-social-icon elementor-social-icon-threads elementor-animation-grow elementor-repeater-item-a83f52e\" href=\"https:\/\/www.threads.net\/@faber.energy\" target=\"_blank\" rel=\"noopener\">\n\t\t\t\t\t\t<span class=\"elementor-screen-only\">Threads<\/span>\n\t\t\t\t\t\t<i aria-hidden=\"true\" class=\"fab fa-threads\"><\/i>\t\t\t\t\t<\/a>\n\t\t\t\t<\/span>\n\t\t\t\t\t\t\t<span class=\"elementor-grid-item\" role=\"listitem\">\n\t\t\t\t\t<a class=\"elementor-icon elementor-social-icon elementor-social-icon-linkedin elementor-animation-grow elementor-repeater-item-2b87a25\" href=\"https:\/\/www.linkedin.com\/company\/faber-etec\/\" target=\"_blank\" rel=\"noopener\">\n\t\t\t\t\t\t<span class=\"elementor-screen-only\">Linkedin<\/span>\n\t\t\t\t\t\t<i aria-hidden=\"true\" class=\"fab fa-linkedin\"><\/i>\t\t\t\t\t<\/a>\n\t\t\t\t<\/span>\n\t\t\t\t\t\t\t<span class=\"elementor-grid-item\" role=\"listitem\">\n\t\t\t\t\t<a class=\"elementor-icon elementor-social-icon elementor-social-icon-x-twitter elementor-animation-grow elementor-repeater-item-aade526\" href=\"https:\/\/x.com\/Faber_Energy\" target=\"_blank\">\n\t\t\t\t\t\t<span class=\"elementor-screen-only\">X-twitter<\/span>\n\t\t\t\t\t\t<i aria-hidden=\"true\" class=\"fab fa-x-twitter\"><\/i>\t\t\t\t\t<\/a>\n\t\t\t\t<\/span>\n\t\t\t\t\t\t\t<span class=\"elementor-grid-item\" role=\"listitem\">\n\t\t\t\t\t<a class=\"elementor-icon elementor-social-icon elementor-social-icon-youtube elementor-animation-grow elementor-repeater-item-afaaa4e\" href=\"https:\/\/www.youtube.com\/@Faber.Energy\" target=\"_blank\" rel=\"noopener\">\n\t\t\t\t\t\t<span class=\"elementor-screen-only\">Youtube<\/span>\n\t\t\t\t\t\t<i aria-hidden=\"true\" class=\"fab fa-youtube\"><\/i>\t\t\t\t\t<\/a>\n\t\t\t\t<\/span>\n\t\t\t\t\t<\/div>\n\t\t\t\t\t\t<\/div>\n\t\t\t\t<\/div>\n\t\t\t\t\t<\/div>\n\t\t\t\t<\/div>\n\t\t\t\t<\/div>\n\t\t\t\t\t\t<\/div>\n\t\t\t\t<\/div>\n\t\t\t\t<div class=\"elementor-element elementor-element-b294ae0 e-transform e-transform elementor-align-right elementor-absolute elementor-invisible elementor-widget elementor-widget-button\" data-id=\"b294ae0\" data-element_type=\"widget\" data-e-type=\"widget\" data-settings=\"{&quot;_transform_translateX_effect_hover&quot;:{&quot;unit&quot;:&quot;px&quot;,&quot;size&quot;:-10,&quot;sizes&quot;:[]},&quot;_animation&quot;:&quot;fadeInUp&quot;,&quot;_animation_delay&quot;:1000,&quot;_position&quot;:&quot;absolute&quot;,&quot;_transform_translateX_effect&quot;:{&quot;unit&quot;:&quot;px&quot;,&quot;size&quot;:&quot;&quot;,&quot;sizes&quot;:[]},&quot;_transform_translateX_effect_laptop&quot;:{&quot;unit&quot;:&quot;px&quot;,&quot;size&quot;:&quot;&quot;,&quot;sizes&quot;:[]},&quot;_transform_translateX_effect_tablet_extra&quot;:{&quot;unit&quot;:&quot;px&quot;,&quot;size&quot;:&quot;&quot;,&quot;sizes&quot;:[]},&quot;_transform_translateX_effect_tablet&quot;:{&quot;unit&quot;:&quot;px&quot;,&quot;size&quot;:&quot;&quot;,&quot;sizes&quot;:[]},&quot;_transform_translateX_effect_mobile&quot;:{&quot;unit&quot;:&quot;px&quot;,&quot;size&quot;:&quot;&quot;,&quot;sizes&quot;:[]},&quot;_transform_translateY_effect&quot;:{&quot;unit&quot;:&quot;px&quot;,&quot;size&quot;:&quot;&quot;,&quot;sizes&quot;:[]},&quot;_transform_translateY_effect_laptop&quot;:{&quot;unit&quot;:&quot;px&quot;,&quot;size&quot;:&quot;&quot;,&quot;sizes&quot;:[]},&quot;_transform_translateY_effect_tablet_extra&quot;:{&quot;unit&quot;:&quot;px&quot;,&quot;size&quot;:&quot;&quot;,&quot;sizes&quot;:[]},&quot;_transform_translateY_effect_tablet&quot;:{&quot;unit&quot;:&quot;px&quot;,&quot;size&quot;:&quot;&quot;,&quot;sizes&quot;:[]},&quot;_transform_translateY_effect_mobile&quot;:{&quot;unit&quot;:&quot;px&quot;,&quot;size&quot;:&quot;&quot;,&quot;sizes&quot;:[]},&quot;_transform_translateX_effect_hover_laptop&quot;:{&quot;unit&quot;:&quot;px&quot;,&quot;size&quot;:&quot;&quot;,&quot;sizes&quot;:[]},&quot;_transform_translateX_effect_hover_tablet_extra&quot;:{&quot;unit&quot;:&quot;px&quot;,&quot;size&quot;:&quot;&quot;,&quot;sizes&quot;:[]},&quot;_transform_translateX_effect_hover_tablet&quot;:{&quot;unit&quot;:&quot;px&quot;,&quot;size&quot;:&quot;&quot;,&quot;sizes&quot;:[]},&quot;_transform_translateX_effect_hover_mobile&quot;:{&quot;unit&quot;:&quot;px&quot;,&quot;size&quot;:&quot;&quot;,&quot;sizes&quot;:[]},&quot;_transform_translateY_effect_hover&quot;:{&quot;unit&quot;:&quot;px&quot;,&quot;size&quot;:&quot;&quot;,&quot;sizes&quot;:[]},&quot;_transform_translateY_effect_hover_laptop&quot;:{&quot;unit&quot;:&quot;px&quot;,&quot;size&quot;:&quot;&quot;,&quot;sizes&quot;:[]},&quot;_transform_translateY_effect_hover_tablet_extra&quot;:{&quot;unit&quot;:&quot;px&quot;,&quot;size&quot;:&quot;&quot;,&quot;sizes&quot;:[]},&quot;_transform_translateY_effect_hover_tablet&quot;:{&quot;unit&quot;:&quot;px&quot;,&quot;size&quot;:&quot;&quot;,&quot;sizes&quot;:[]},&quot;_transform_translateY_effect_hover_mobile&quot;:{&quot;unit&quot;:&quot;px&quot;,&quot;size&quot;:&quot;&quot;,&quot;sizes&quot;:[]}}\" data-widget_type=\"button.default\">\n\t\t\t\t<div class=\"elementor-widget-container\">\n\t\t\t\t\t\t\t\t\t<div class=\"elementor-button-wrapper\">\n\t\t\t\t\t<a class=\"elementor-button elementor-button-link elementor-size-xs\" href=\"https:\/\/faber-solartechnik.de\/en\/projekte\/ardey-quelle-dachsanierung\/\" target=\"_blank\">\n\t\t\t\t\t\t<span class=\"elementor-button-content-wrapper\">\n\t\t\t\t\t\t<span class=\"elementor-button-icon\">\n\t\t\t\t<i aria-hidden=\"true\" class=\"far fa-window-restore\"><\/i>\t\t\t<\/span>\n\t\t\t\t\t\t\t\t\t<span class=\"elementor-button-text\">Projekt in neuem Tab \u00f6ffnen<\/span>\n\t\t\t\t\t<\/span>\n\t\t\t\t\t<\/a>\n\t\t\t\t<\/div>\n\t\t\t\t\t\t\t\t<\/div>\n\t\t\t\t<\/div>\n\t\t\t\t\t<\/div>\n\t\t<\/div>\n\t\t\t\t\t<\/div>\n\t\t<\/section>\n\t\t\t\t<\/div>\n\t\t\t\t\t\t\t<\/div>\n\t\t\t\t\t\t\t\t<\/div>\n\t\t<\/div>\n\t\t\t\t\t\t<\/div>\n\t\t\t\t<\/div>\n\t\t\t\t<div class=\"elementor-element elementor-element-15922a7 elementor-widget elementor-widget-button\" data-id=\"15922a7\" data-element_type=\"widget\" data-e-type=\"widget\" data-widget_type=\"button.default\">\n\t\t\t\t<div class=\"elementor-widget-container\">\n\t\t\t\t\t\t\t\t\t<div class=\"elementor-button-wrapper\">\n\t\t\t\t\t<a class=\"elementor-button elementor-button-link elementor-size-xs\" href=\"https:\/\/faber-solartechnik.de\/en\/projekte\/ardey-quelle-dachsanierung\/\" target=\"_blank\">\n\t\t\t\t\t\t<span class=\"elementor-button-content-wrapper\">\n\t\t\t\t\t\t<span class=\"elementor-button-icon\">\n\t\t\t\t<i aria-hidden=\"true\" class=\"fas fa-arrow-right\"><\/i>\t\t\t<\/span>\n\t\t\t\t\t\t\t\t\t<span class=\"elementor-button-text\">\u00d6ffnen<\/span>\n\t\t\t\t\t<\/span>\n\t\t\t\t\t<\/a>\n\t\t\t\t<\/div>\n\t\t\t\t\t\t\t\t<\/div>\n\t\t\t\t<\/div>\n\t\t\t\t\t<\/div>\n\t\t<\/div>\n\t\t\t\t\t<\/div>\n\t\t<\/section>\n\t\t\t\t<\/div>\n\t\t<style id=\"loop-dynamic-3527\">.e-loop-item-7473 .elementor-element.elementor-element-a252bde > .elementor-background-overlay{background-image:url(\"https:\/\/faber-solartechnik.de\/wp-content\/uploads\/2023\/11\/Faber-Solar-Olfry-10-scaled.jpg\");}<\/style>\t\t<div data-elementor-type=\"loop-item\" data-elementor-id=\"3527\" class=\"elementor elementor-3527 swiper-slide e-loop-item e-loop-item-7473 post-7473 post type-post status-publish format-standard has-post-thumbnail hentry category-projekte\" data-elementor-post-type=\"elementor_library\" role=\"group\" aria-roledescription=\"slide\" data-custom-edit-handle=\"1\">\n\t\t\t\t\t<section class=\"elementor-section elementor-top-section elementor-element elementor-element-a252bde elementor-section-height-min-height elementor-section-items-stretch loopnews runde-ecken elementor-section-boxed elementor-section-height-default\" data-id=\"a252bde\" data-element_type=\"section\" data-e-type=\"section\">\n\t\t\t\t\t\t\t<div class=\"elementor-background-overlay\"><\/div>\n\t\t\t\t\t\t\t<div class=\"elementor-container elementor-column-gap-no\">\n\t\t\t\t\t<div class=\"elementor-column elementor-col-100 elementor-top-column elementor-element elementor-element-6fcfada runde-ecken\" data-id=\"6fcfada\" data-element_type=\"column\" data-e-type=\"column\" data-settings=\"{&quot;background_background&quot;:&quot;classic&quot;}\">\n\t\t\t<div class=\"elementor-widget-wrap elementor-element-populated\">\n\t\t\t\t\t<div class=\"elementor-background-overlay\"><\/div>\n\t\t\t\t\t\t<section class=\"elementor-section elementor-inner-section elementor-element elementor-element-6604a6b elementor-section-boxed elementor-section-height-default elementor-section-height-default\" data-id=\"6604a6b\" data-element_type=\"section\" data-e-type=\"section\">\n\t\t\t\t\t\t<div class=\"elementor-container elementor-column-gap-no\">\n\t\t\t\t\t<div class=\"elementor-column elementor-col-100 elementor-inner-column elementor-element elementor-element-f098b0d\" data-id=\"f098b0d\" data-element_type=\"column\" data-e-type=\"column\">\n\t\t\t<div class=\"elementor-widget-wrap elementor-element-populated\">\n\t\t\t\t\t\t<div class=\"elementor-element elementor-element-1f94609 elementor-widget elementor-widget-post-info\" data-id=\"1f94609\" data-element_type=\"widget\" data-e-type=\"widget\" data-widget_type=\"post-info.default\">\n\t\t\t\t<div class=\"elementor-widget-container\">\n\t\t\t\t\t\t\t<ul class=\"elementor-inline-items elementor-icon-list-items elementor-post-info\">\n\t\t\t\t\t\t\t\t<li class=\"elementor-icon-list-item elementor-repeater-item-fb2fc86 elementor-inline-item\" itemprop=\"about\">\n\t\t\t\t\t\t\t\t\t\t\t\t\t<span class=\"elementor-icon-list-text elementor-post-info__item elementor-post-info__item--type-terms\">\n\t\t\t\t\t\t\t\t\t\t<span class=\"elementor-post-info__terms-list\">\n\t\t\t\t<a href=\"https:\/\/faber-solartechnik.de\/en\/.\/projekte\/\" class=\"elementor-post-info__terms-list-item\">Projekte<\/a>\t\t\t\t<\/span>\n\t\t\t\t\t<\/span>\n\t\t\t\t\t\t\t\t<\/li>\n\t\t\t\t<\/ul>\n\t\t\t\t\t\t<\/div>\n\t\t\t\t<\/div>\n\t\t\t\t<div class=\"elementor-element elementor-element-009b0cb elementor-widget elementor-widget-heading\" data-id=\"009b0cb\" data-element_type=\"widget\" data-e-type=\"widget\" data-widget_type=\"heading.default\">\n\t\t\t\t<div class=\"elementor-widget-container\">\n\t\t\t\t\t<h4 class=\"elementor-heading-title elementor-size-default\"><a href=\"https:\/\/faber-solartechnik.de\/en\/projekte\/vechta\/\" target=\"_blank\">Vechta<\/a><\/h4>\t\t\t\t<\/div>\n\t\t\t\t<\/div>\n\t\t\t\t<div class=\"elementor-element elementor-element-6321c9b elementor-hidden-mobile eae-pop-btn-align-left popupklicktitel elementor-hidden-desktop elementor-hidden-tablet eae-pop-btn-type-text elementor-widget elementor-widget-wts-modal-popup\" data-id=\"6321c9b\" data-element_type=\"widget\" data-e-type=\"widget\" data-widget_type=\"wts-modal-popup.default\">\n\t\t\t\t<div class=\"elementor-widget-container\">\n\t\t\t\t\t\t\t<div class=\"eae-popup-wrapper eae-popup-eae-pupup-item-1750183510\" data-id=\"eae-pupup-item-1750183510\" data-preview-modal=\"\" data-close-button-type=\"icon\" data-close-btn=\"fas fa-times\" data-close-in-out=\"true\" data-effect=\"zoom-in\">\n\t\t\t<a class=\"eae-popup-link icon-position-after\"\n\t\t\tdata-id=\"eae-pupup-item-1750183510\" data-ctrl-id=\"6321c9b\" href=\"#eae-pupup-item-1750183510\">\n\t\t\t\t\t\t\t\t\t\t\t\t\t\t\t<span class=\"eae-popup-btn-text\">\n\t\t\t\t\t\t\tVechta\t\t\t\t\t\t<\/span>\n\t\t\t\t\t\t\t\t\t\t<span class=\"eae-popup-btn-icon\">\n\t\t\t\t\t\t\t\t\t\t\t<\/span>\n\t\t\t\t\t\t\t\t\t\t\t\t\t\t<\/a>\n\t\t<\/div>\n\n\t\t<div id=\"eae-pupup-item-1750183510\" class=\"eae-popup-eae-pupup-item-1750183510 mfp-hide eae-popup-container\">\n\t\t\t<input class=\"eae-hidden-post-id\" type=\"hidden\" name=\"eae_hidden_post_id\" data-id=\"eae-pupup-item-1750183510\" value=\"0\" \/>\n\t\t\t<div class=\"eae-popup-content\">\n\t\t\t\t\t\t\t\t\t<div class=\"eae-modal-content\">\n\t\t\t\t\t\t\t\t<div data-elementor-type=\"section\" data-elementor-id=\"4203\" class=\"elementor elementor-4203\" data-elementor-post-type=\"elementor_library\">\n\t\t\t\t\t<section class=\"elementor-section elementor-top-section elementor-element elementor-element-76665b6d elementor-section-full_width elementor-section-height-min-height elementor-section-items-stretch elementor-section-height-default\" data-id=\"76665b6d\" data-element_type=\"section\" data-e-type=\"section\">\n\t\t\t\t\t\t<div class=\"elementor-container elementor-column-gap-default\">\n\t\t\t\t\t<div class=\"elementor-column elementor-col-50 elementor-top-column elementor-element elementor-element-27f77bf4\" data-id=\"27f77bf4\" data-element_type=\"column\" data-e-type=\"column\">\n\t\t\t<div class=\"elementor-widget-wrap elementor-element-populated\">\n\t\t\t\t\t\t<div class=\"elementor-element elementor-element-2c72871 shadow runde-ecken elementor-widget elementor-widget-image\" data-id=\"2c72871\" data-element_type=\"widget\" data-e-type=\"widget\" data-widget_type=\"image.default\">\n\t\t\t\t<div class=\"elementor-widget-container\">\n\t\t\t\t\t\t\t\t\t\t\t\t\t\t\t\t<a href=\"https:\/\/faber-solartechnik.de\/wp-content\/uploads\/2023\/11\/Faber-Solar-Olfry-10-scaled.jpg\" data-elementor-open-lightbox=\"yes\" data-e-action-hash=\"#elementor-action%3Aaction%3Dlightbox%26settings%3DeyJpZCI6NzQxNSwidXJsIjoiaHR0cHM6XC9cL2ZhYmVyLXNvbGFydGVjaG5pay5kZVwvd3AtY29udGVudFwvdXBsb2Fkc1wvMjAyM1wvMTFcL0ZhYmVyLVNvbGFyLU9sZnJ5LTEwLXNjYWxlZC5qcGcifQ%3D%3D\">\n\t\t\t\t\t\t\t<img loading=\"lazy\" decoding=\"async\" width=\"768\" height=\"432\" src=\"https:\/\/faber-solartechnik.de\/wp-content\/uploads\/2023\/11\/Faber-Solar-Olfry-10-768x432.jpg\" class=\"attachment-medium_large size-medium_large wp-image-7415\" alt=\"\" srcset=\"https:\/\/faber-solartechnik.de\/wp-content\/uploads\/2023\/11\/Faber-Solar-Olfry-10-768x432.jpg 768w, https:\/\/faber-solartechnik.de\/wp-content\/uploads\/2023\/11\/Faber-Solar-Olfry-10-300x169.jpg 300w, https:\/\/faber-solartechnik.de\/wp-content\/uploads\/2023\/11\/Faber-Solar-Olfry-10-1024x576.jpg 1024w, https:\/\/faber-solartechnik.de\/wp-content\/uploads\/2023\/11\/Faber-Solar-Olfry-10-1536x863.jpg 1536w, https:\/\/faber-solartechnik.de\/wp-content\/uploads\/2023\/11\/Faber-Solar-Olfry-10-2048x1151.jpg 2048w, https:\/\/faber-solartechnik.de\/wp-content\/uploads\/2023\/11\/Faber-Solar-Olfry-10-18x10.jpg 18w\" sizes=\"(max-width: 768px) 100vw, 768px\" \/>\t\t\t\t\t\t\t\t<\/a>\n\t\t\t\t\t\t\t\t\t\t\t\t\t\t\t<\/div>\n\t\t\t\t<\/div>\n\t\t\t\t\t<\/div>\n\t\t<\/div>\n\t\t\t\t<div class=\"elementor-column elementor-col-50 elementor-top-column elementor-element elementor-element-329a626d\" data-id=\"329a626d\" data-element_type=\"column\" data-e-type=\"column\">\n\t\t\t<div class=\"elementor-widget-wrap elementor-element-populated\">\n\t\t\t\t\t\t<div class=\"elementor-element elementor-element-bf7ede2 elementor-widget elementor-widget-heading\" data-id=\"bf7ede2\" data-element_type=\"widget\" data-e-type=\"widget\" data-widget_type=\"heading.default\">\n\t\t\t\t<div class=\"elementor-widget-container\">\n\t\t\t\t\t<h3 class=\"elementor-heading-title elementor-size-default\">Vechta<\/h3>\t\t\t\t<\/div>\n\t\t\t\t<\/div>\n\t\t\t\t<div class=\"elementor-element elementor-element-678b441 elementor-widget-divider--view-line elementor-widget elementor-widget-divider\" data-id=\"678b441\" data-element_type=\"widget\" data-e-type=\"widget\" data-widget_type=\"divider.default\">\n\t\t\t\t<div class=\"elementor-widget-container\">\n\t\t\t\t\t\t\t<div class=\"elementor-divider\">\n\t\t\t<span class=\"elementor-divider-separator\">\n\t\t\t\t\t\t<\/span>\n\t\t<\/div>\n\t\t\t\t\t\t<\/div>\n\t\t\t\t<\/div>\n\t\t\t\t<div class=\"elementor-element elementor-element-18e98f7 elementor-widget elementor-widget-theme-post-content\" data-id=\"18e98f7\" data-element_type=\"widget\" data-e-type=\"widget\" data-widget_type=\"theme-post-content.default\">\n\t\t\t\t<div class=\"elementor-widget-container\">\n\t\t\t\t\t\t\t<div data-elementor-type=\"wp-post\" data-elementor-id=\"7473\" class=\"elementor elementor-7473\" data-elementor-post-type=\"post\">\n\t\t\t\t<div class=\"elementor-element elementor-element-96ca4d2 e-flex e-con-boxed e-con e-parent\" data-id=\"96ca4d2\" data-element_type=\"container\" data-e-type=\"container\">\n\t\t\t\t\t<div class=\"e-con-inner\">\n\t\t\t\t<div class=\"elementor-element elementor-element-3258c0f elementor-icon-list--layout-inline popup-pv-fakts elementor-align-center elementor-list-item-link-full_width elementor-widget elementor-widget-icon-list\" data-id=\"3258c0f\" data-element_type=\"widget\" data-e-type=\"widget\" data-widget_type=\"icon-list.default\">\n\t\t\t\t<div class=\"elementor-widget-container\">\n\t\t\t\t\t\t\t<ul class=\"elementor-icon-list-items elementor-inline-items\">\n\t\t\t\t\t\t\t<li class=\"elementor-icon-list-item elementor-inline-item\">\n\t\t\t\t\t\t\t\t\t\t\t<span class=\"elementor-icon-list-icon\">\n\t\t\t\t\t\t\t<i aria-hidden=\"true\" class=\"fas fa-sun\"><\/i>\t\t\t\t\t\t<\/span>\n\t\t\t\t\t\t\t\t\t\t<span class=\"elementor-icon-list-text\">2.100 kWp<\/span>\n\t\t\t\t\t\t\t\t\t<\/li>\n\t\t\t\t\t\t\t\t<li class=\"elementor-icon-list-item elementor-inline-item\">\n\t\t\t\t\t\t\t\t\t\t\t<span class=\"elementor-icon-list-icon\">\n\t\t\t\t\t\t\t<i aria-hidden=\"true\" class=\"fas fa-bolt\"><\/i>\t\t\t\t\t\t<\/span>\n\t\t\t\t\t\t\t\t\t\t<span class=\"elementor-icon-list-text\">1.986.541 kWh\/Jahr<\/span>\n\t\t\t\t\t\t\t\t\t<\/li>\n\t\t\t\t\t\t\t\t<li class=\"elementor-icon-list-item elementor-inline-item\">\n\t\t\t\t\t\t\t\t\t\t\t<span class=\"elementor-icon-list-icon\">\n\t\t\t\t\t\t\t<i aria-hidden=\"true\" class=\"fas fa-plug\"><\/i>\t\t\t\t\t\t<\/span>\n\t\t\t\t\t\t\t\t\t\t<span class=\"elementor-icon-list-text\">\u00dcberschuss<\/span>\n\t\t\t\t\t\t\t\t\t<\/li>\n\t\t\t\t\t\t\t\t<li class=\"elementor-icon-list-item elementor-inline-item\">\n\t\t\t\t\t\t\t\t\t\t\t<span class=\"elementor-icon-list-icon\">\n\t\t\t\t\t\t\t<i aria-hidden=\"true\" class=\"fas fa-tools\"><\/i>\t\t\t\t\t\t<\/span>\n\t\t\t\t\t\t\t\t\t\t<span class=\"elementor-icon-list-text\">Dachparallel<\/span>\n\t\t\t\t\t\t\t\t\t<\/li>\n\t\t\t\t\t\t\t\t<li class=\"elementor-icon-list-item elementor-inline-item\">\n\t\t\t\t\t\t\t\t\t\t\t<span class=\"elementor-icon-list-icon\">\n\t\t\t\t\t\t\t<i aria-hidden=\"true\" class=\"fas fa-map-marker-alt\"><\/i>\t\t\t\t\t\t<\/span>\n\t\t\t\t\t\t\t\t\t\t<span class=\"elementor-icon-list-text\">Niedersachsen<\/span>\n\t\t\t\t\t\t\t\t\t<\/li>\n\t\t\t\t\t\t<\/ul>\n\t\t\t\t\t\t<\/div>\n\t\t\t\t<\/div>\n\t\t\t\t<div class=\"elementor-element elementor-element-ca8a16e elementor-widget elementor-widget-gallery\" data-id=\"ca8a16e\" data-element_type=\"widget\" data-e-type=\"widget\" data-settings=\"{&quot;gallery_layout&quot;:&quot;grid&quot;,&quot;columns&quot;:4,&quot;columns_tablet&quot;:2,&quot;columns_mobile&quot;:1,&quot;gap&quot;:{&quot;unit&quot;:&quot;px&quot;,&quot;size&quot;:10,&quot;sizes&quot;:[]},&quot;gap_laptop&quot;:{&quot;unit&quot;:&quot;px&quot;,&quot;size&quot;:10,&quot;sizes&quot;:[]},&quot;gap_tablet_extra&quot;:{&quot;unit&quot;:&quot;px&quot;,&quot;size&quot;:10,&quot;sizes&quot;:[]},&quot;gap_tablet&quot;:{&quot;unit&quot;:&quot;px&quot;,&quot;size&quot;:10,&quot;sizes&quot;:[]},&quot;gap_mobile&quot;:{&quot;unit&quot;:&quot;px&quot;,&quot;size&quot;:10,&quot;sizes&quot;:[]},&quot;link_to&quot;:&quot;file&quot;,&quot;aspect_ratio&quot;:&quot;3:2&quot;,&quot;overlay_background&quot;:&quot;yes&quot;,&quot;content_hover_animation&quot;:&quot;fade-in&quot;}\" data-widget_type=\"gallery.default\">\n\t\t\t\t<div class=\"elementor-widget-container\">\n\t\t\t\t\t\t\t<div class=\"elementor-gallery__container\">\n\t\t\t\t\t\t\t<a class=\"e-gallery-item elementor-gallery-item elementor-animated-content\" href=\"https:\/\/faber-solartechnik.de\/wp-content\/uploads\/2023\/11\/Faber-Solar-Olfry-1-scaled.jpg\" data-elementor-open-lightbox=\"yes\" data-elementor-lightbox-slideshow=\"ca8a16e\" data-e-action-hash=\"#elementor-action%3Aaction%3Dlightbox%26settings%3DeyJpZCI6NzQxNiwidXJsIjoiaHR0cHM6XC9cL2ZhYmVyLXNvbGFydGVjaG5pay5kZVwvd3AtY29udGVudFwvdXBsb2Fkc1wvMjAyM1wvMTFcL0ZhYmVyLVNvbGFyLU9sZnJ5LTEtc2NhbGVkLmpwZyIsInNsaWRlc2hvdyI6ImNhOGExNmUifQ%3D%3D\">\n\t\t\t\t\t<div class=\"e-gallery-image elementor-gallery-item__image\" data-thumbnail=\"https:\/\/faber-solartechnik.de\/wp-content\/uploads\/2023\/11\/Faber-Solar-Olfry-1-300x169.jpg\" data-width=\"300\" data-height=\"169\" aria-label=\"\" role=\"img\" ><\/div>\n\t\t\t\t\t\t\t\t\t\t\t<div class=\"elementor-gallery-item__overlay\"><\/div>\n\t\t\t\t\t\t\t\t\t\t\t\t\t\t<\/a>\n\t\t\t\t\t\t\t<a class=\"e-gallery-item elementor-gallery-item elementor-animated-content\" href=\"https:\/\/faber-solartechnik.de\/wp-content\/uploads\/2023\/11\/Faber-Solar-Olfry-8-scaled.jpg\" data-elementor-open-lightbox=\"yes\" data-elementor-lightbox-slideshow=\"ca8a16e\" data-e-action-hash=\"#elementor-action%3Aaction%3Dlightbox%26settings%3DeyJpZCI6NzQwOCwidXJsIjoiaHR0cHM6XC9cL2ZhYmVyLXNvbGFydGVjaG5pay5kZVwvd3AtY29udGVudFwvdXBsb2Fkc1wvMjAyM1wvMTFcL0ZhYmVyLVNvbGFyLU9sZnJ5LTgtc2NhbGVkLmpwZyIsInNsaWRlc2hvdyI6ImNhOGExNmUifQ%3D%3D\">\n\t\t\t\t\t<div class=\"e-gallery-image elementor-gallery-item__image\" data-thumbnail=\"https:\/\/faber-solartechnik.de\/wp-content\/uploads\/2023\/11\/Faber-Solar-Olfry-8-300x169.jpg\" data-width=\"300\" data-height=\"169\" aria-label=\"\" role=\"img\" ><\/div>\n\t\t\t\t\t\t\t\t\t\t\t<div class=\"elementor-gallery-item__overlay\"><\/div>\n\t\t\t\t\t\t\t\t\t\t\t\t\t\t<\/a>\n\t\t\t\t\t\t\t<a class=\"e-gallery-item elementor-gallery-item elementor-animated-content\" href=\"https:\/\/faber-solartechnik.de\/wp-content\/uploads\/2023\/11\/Faber-Solar-Olfry-10-scaled.jpg\" data-elementor-open-lightbox=\"yes\" data-elementor-lightbox-slideshow=\"ca8a16e\" data-e-action-hash=\"#elementor-action%3Aaction%3Dlightbox%26settings%3DeyJpZCI6NzQxNSwidXJsIjoiaHR0cHM6XC9cL2ZhYmVyLXNvbGFydGVjaG5pay5kZVwvd3AtY29udGVudFwvdXBsb2Fkc1wvMjAyM1wvMTFcL0ZhYmVyLVNvbGFyLU9sZnJ5LTEwLXNjYWxlZC5qcGciLCJzbGlkZXNob3ciOiJjYThhMTZlIn0%3D\">\n\t\t\t\t\t<div class=\"e-gallery-image elementor-gallery-item__image\" data-thumbnail=\"https:\/\/faber-solartechnik.de\/wp-content\/uploads\/2023\/11\/Faber-Solar-Olfry-10-300x169.jpg\" data-width=\"300\" data-height=\"169\" aria-label=\"\" role=\"img\" ><\/div>\n\t\t\t\t\t\t\t\t\t\t\t<div class=\"elementor-gallery-item__overlay\"><\/div>\n\t\t\t\t\t\t\t\t\t\t\t\t\t\t<\/a>\n\t\t\t\t\t\t\t<a class=\"e-gallery-item elementor-gallery-item elementor-animated-content\" href=\"https:\/\/faber-solartechnik.de\/wp-content\/uploads\/2023\/11\/Faber-Solar-Olfry-2-scaled.jpg\" data-elementor-open-lightbox=\"yes\" data-elementor-lightbox-slideshow=\"ca8a16e\" data-e-action-hash=\"#elementor-action%3Aaction%3Dlightbox%26settings%3DeyJpZCI6NzQxNCwidXJsIjoiaHR0cHM6XC9cL2ZhYmVyLXNvbGFydGVjaG5pay5kZVwvd3AtY29udGVudFwvdXBsb2Fkc1wvMjAyM1wvMTFcL0ZhYmVyLVNvbGFyLU9sZnJ5LTItc2NhbGVkLmpwZyIsInNsaWRlc2hvdyI6ImNhOGExNmUifQ%3D%3D\">\n\t\t\t\t\t<div class=\"e-gallery-image elementor-gallery-item__image\" data-thumbnail=\"https:\/\/faber-solartechnik.de\/wp-content\/uploads\/2023\/11\/Faber-Solar-Olfry-2-300x169.jpg\" data-width=\"300\" data-height=\"169\" aria-label=\"\" role=\"img\" ><\/div>\n\t\t\t\t\t\t\t\t\t\t\t<div class=\"elementor-gallery-item__overlay\"><\/div>\n\t\t\t\t\t\t\t\t\t\t\t\t\t\t<\/a>\n\t\t\t\t\t\t\t<a class=\"e-gallery-item elementor-gallery-item elementor-animated-content\" href=\"https:\/\/faber-solartechnik.de\/wp-content\/uploads\/2023\/11\/Faber-Solar-Olfry-3-scaled.jpg\" data-elementor-open-lightbox=\"yes\" data-elementor-lightbox-slideshow=\"ca8a16e\" data-e-action-hash=\"#elementor-action%3Aaction%3Dlightbox%26settings%3DeyJpZCI6NzQxMywidXJsIjoiaHR0cHM6XC9cL2ZhYmVyLXNvbGFydGVjaG5pay5kZVwvd3AtY29udGVudFwvdXBsb2Fkc1wvMjAyM1wvMTFcL0ZhYmVyLVNvbGFyLU9sZnJ5LTMtc2NhbGVkLmpwZyIsInNsaWRlc2hvdyI6ImNhOGExNmUifQ%3D%3D\">\n\t\t\t\t\t<div class=\"e-gallery-image elementor-gallery-item__image\" data-thumbnail=\"https:\/\/faber-solartechnik.de\/wp-content\/uploads\/2023\/11\/Faber-Solar-Olfry-3-300x169.jpg\" data-width=\"300\" data-height=\"169\" aria-label=\"\" role=\"img\" ><\/div>\n\t\t\t\t\t\t\t\t\t\t\t<div class=\"elementor-gallery-item__overlay\"><\/div>\n\t\t\t\t\t\t\t\t\t\t\t\t\t\t<\/a>\n\t\t\t\t\t\t\t<a class=\"e-gallery-item elementor-gallery-item elementor-animated-content\" href=\"https:\/\/faber-solartechnik.de\/wp-content\/uploads\/2023\/11\/Faber-Solar-Olfry-5-scaled.jpg\" data-elementor-open-lightbox=\"yes\" data-elementor-lightbox-slideshow=\"ca8a16e\" data-e-action-hash=\"#elementor-action%3Aaction%3Dlightbox%26settings%3DeyJpZCI6NzQxMSwidXJsIjoiaHR0cHM6XC9cL2ZhYmVyLXNvbGFydGVjaG5pay5kZVwvd3AtY29udGVudFwvdXBsb2Fkc1wvMjAyM1wvMTFcL0ZhYmVyLVNvbGFyLU9sZnJ5LTUtc2NhbGVkLmpwZyIsInNsaWRlc2hvdyI6ImNhOGExNmUifQ%3D%3D\">\n\t\t\t\t\t<div class=\"e-gallery-image elementor-gallery-item__image\" data-thumbnail=\"https:\/\/faber-solartechnik.de\/wp-content\/uploads\/2023\/11\/Faber-Solar-Olfry-5-300x169.jpg\" data-width=\"300\" data-height=\"169\" aria-label=\"\" role=\"img\" ><\/div>\n\t\t\t\t\t\t\t\t\t\t\t<div class=\"elementor-gallery-item__overlay\"><\/div>\n\t\t\t\t\t\t\t\t\t\t\t\t\t\t<\/a>\n\t\t\t\t\t\t\t<a class=\"e-gallery-item elementor-gallery-item elementor-animated-content\" href=\"https:\/\/faber-solartechnik.de\/wp-content\/uploads\/2023\/11\/Faber-Solar-Olfry-7-scaled.jpg\" data-elementor-open-lightbox=\"yes\" data-elementor-lightbox-slideshow=\"ca8a16e\" data-e-action-hash=\"#elementor-action%3Aaction%3Dlightbox%26settings%3DeyJpZCI6NzQwOSwidXJsIjoiaHR0cHM6XC9cL2ZhYmVyLXNvbGFydGVjaG5pay5kZVwvd3AtY29udGVudFwvdXBsb2Fkc1wvMjAyM1wvMTFcL0ZhYmVyLVNvbGFyLU9sZnJ5LTctc2NhbGVkLmpwZyIsInNsaWRlc2hvdyI6ImNhOGExNmUifQ%3D%3D\">\n\t\t\t\t\t<div class=\"e-gallery-image elementor-gallery-item__image\" data-thumbnail=\"https:\/\/faber-solartechnik.de\/wp-content\/uploads\/2023\/11\/Faber-Solar-Olfry-7-300x169.jpg\" data-width=\"300\" data-height=\"169\" aria-label=\"\" role=\"img\" ><\/div>\n\t\t\t\t\t\t\t\t\t\t\t<div class=\"elementor-gallery-item__overlay\"><\/div>\n\t\t\t\t\t\t\t\t\t\t\t\t\t\t<\/a>\n\t\t\t\t\t\t\t<a class=\"e-gallery-item elementor-gallery-item elementor-animated-content\" href=\"https:\/\/faber-solartechnik.de\/wp-content\/uploads\/2023\/11\/Faber-Solar-Olfry-6-scaled.jpg\" data-elementor-open-lightbox=\"yes\" data-elementor-lightbox-slideshow=\"ca8a16e\" data-e-action-hash=\"#elementor-action%3Aaction%3Dlightbox%26settings%3DeyJpZCI6NzQxMCwidXJsIjoiaHR0cHM6XC9cL2ZhYmVyLXNvbGFydGVjaG5pay5kZVwvd3AtY29udGVudFwvdXBsb2Fkc1wvMjAyM1wvMTFcL0ZhYmVyLVNvbGFyLU9sZnJ5LTYtc2NhbGVkLmpwZyIsInNsaWRlc2hvdyI6ImNhOGExNmUifQ%3D%3D\">\n\t\t\t\t\t<div class=\"e-gallery-image elementor-gallery-item__image\" data-thumbnail=\"https:\/\/faber-solartechnik.de\/wp-content\/uploads\/2023\/11\/Faber-Solar-Olfry-6-300x169.jpg\" data-width=\"300\" data-height=\"169\" aria-label=\"\" role=\"img\" ><\/div>\n\t\t\t\t\t\t\t\t\t\t\t<div class=\"elementor-gallery-item__overlay\"><\/div>\n\t\t\t\t\t\t\t\t\t\t\t\t\t\t<\/a>\n\t\t\t\t\t<\/div>\n\t\t\t\t\t<\/div>\n\t\t\t\t<\/div>\n\t\t\t\t<div class=\"elementor-element elementor-element-6261e37 elementor-widget elementor-widget-text-editor\" data-id=\"6261e37\" data-element_type=\"widget\" data-e-type=\"widget\" data-widget_type=\"text-editor.default\">\n\t\t\t\t<div class=\"elementor-widget-container\">\n\t\t\t\t\t\t\t\t\t<p>Faber Solartechnik hat in Vechta eine leistungsstarke Photovoltaikanlage mit einer Nennleistung von 2.100 kWp installiert. Die Anlage erzeugt j\u00e4hrlich 1.986.541 kWh Strom und leistet somit einen bedeutenden Beitrag zur umweltfreundlichen Energieversorgung der Region. Dank der \u00dcberschusseinspeisung wird der produzierte Strom optimal genutzt, indem er direkt vor Ort verwendet und der \u00fcbersch\u00fcssige Strom ins Netz eingespeist wird.<\/p>\n<p>Die Anlage wurde dachparallel montiert, um eine maximale Fl\u00e4chenausnutzung und Effizienz zu gew\u00e4hrleisten. Mit diesem Projekt setzt Faber Solartechnik ein weiteres Zeichen f\u00fcr nachhaltige, zukunftsorientierte Energieversorgung und die Reduktion von CO\u2082-Emissionen.<\/p>\t\t\t\t\t\t\t\t<\/div>\n\t\t\t\t<\/div>\n\t\t\t\t\t<\/div>\n\t\t\t\t<\/div>\n\t\t\t\t<\/div>\n\t\t\t\t\t\t<\/div>\n\t\t\t\t<\/div>\n\t\t\t\t<div class=\"elementor-element elementor-element-b294ae0 e-transform e-transform elementor-align-right elementor-absolute elementor-invisible elementor-widget elementor-widget-button\" data-id=\"b294ae0\" data-element_type=\"widget\" data-e-type=\"widget\" data-settings=\"{&quot;_transform_translateX_effect_hover&quot;:{&quot;unit&quot;:&quot;px&quot;,&quot;size&quot;:-10,&quot;sizes&quot;:[]},&quot;_animation&quot;:&quot;fadeInUp&quot;,&quot;_animation_delay&quot;:1000,&quot;_position&quot;:&quot;absolute&quot;,&quot;_transform_translateX_effect&quot;:{&quot;unit&quot;:&quot;px&quot;,&quot;size&quot;:&quot;&quot;,&quot;sizes&quot;:[]},&quot;_transform_translateX_effect_laptop&quot;:{&quot;unit&quot;:&quot;px&quot;,&quot;size&quot;:&quot;&quot;,&quot;sizes&quot;:[]},&quot;_transform_translateX_effect_tablet_extra&quot;:{&quot;unit&quot;:&quot;px&quot;,&quot;size&quot;:&quot;&quot;,&quot;sizes&quot;:[]},&quot;_transform_translateX_effect_tablet&quot;:{&quot;unit&quot;:&quot;px&quot;,&quot;size&quot;:&quot;&quot;,&quot;sizes&quot;:[]},&quot;_transform_translateX_effect_mobile&quot;:{&quot;unit&quot;:&quot;px&quot;,&quot;size&quot;:&quot;&quot;,&quot;sizes&quot;:[]},&quot;_transform_translateY_effect&quot;:{&quot;unit&quot;:&quot;px&quot;,&quot;size&quot;:&quot;&quot;,&quot;sizes&quot;:[]},&quot;_transform_translateY_effect_laptop&quot;:{&quot;unit&quot;:&quot;px&quot;,&quot;size&quot;:&quot;&quot;,&quot;sizes&quot;:[]},&quot;_transform_translateY_effect_tablet_extra&quot;:{&quot;unit&quot;:&quot;px&quot;,&quot;size&quot;:&quot;&quot;,&quot;sizes&quot;:[]},&quot;_transform_translateY_effect_tablet&quot;:{&quot;unit&quot;:&quot;px&quot;,&quot;size&quot;:&quot;&quot;,&quot;sizes&quot;:[]},&quot;_transform_translateY_effect_mobile&quot;:{&quot;unit&quot;:&quot;px&quot;,&quot;size&quot;:&quot;&quot;,&quot;sizes&quot;:[]},&quot;_transform_translateX_effect_hover_laptop&quot;:{&quot;unit&quot;:&quot;px&quot;,&quot;size&quot;:&quot;&quot;,&quot;sizes&quot;:[]},&quot;_transform_translateX_effect_hover_tablet_extra&quot;:{&quot;unit&quot;:&quot;px&quot;,&quot;size&quot;:&quot;&quot;,&quot;sizes&quot;:[]},&quot;_transform_translateX_effect_hover_tablet&quot;:{&quot;unit&quot;:&quot;px&quot;,&quot;size&quot;:&quot;&quot;,&quot;sizes&quot;:[]},&quot;_transform_translateX_effect_hover_mobile&quot;:{&quot;unit&quot;:&quot;px&quot;,&quot;size&quot;:&quot;&quot;,&quot;sizes&quot;:[]},&quot;_transform_translateY_effect_hover&quot;:{&quot;unit&quot;:&quot;px&quot;,&quot;size&quot;:&quot;&quot;,&quot;sizes&quot;:[]},&quot;_transform_translateY_effect_hover_laptop&quot;:{&quot;unit&quot;:&quot;px&quot;,&quot;size&quot;:&quot;&quot;,&quot;sizes&quot;:[]},&quot;_transform_translateY_effect_hover_tablet_extra&quot;:{&quot;unit&quot;:&quot;px&quot;,&quot;size&quot;:&quot;&quot;,&quot;sizes&quot;:[]},&quot;_transform_translateY_effect_hover_tablet&quot;:{&quot;unit&quot;:&quot;px&quot;,&quot;size&quot;:&quot;&quot;,&quot;sizes&quot;:[]},&quot;_transform_translateY_effect_hover_mobile&quot;:{&quot;unit&quot;:&quot;px&quot;,&quot;size&quot;:&quot;&quot;,&quot;sizes&quot;:[]}}\" data-widget_type=\"button.default\">\n\t\t\t\t<div class=\"elementor-widget-container\">\n\t\t\t\t\t\t\t\t\t<div class=\"elementor-button-wrapper\">\n\t\t\t\t\t<a class=\"elementor-button elementor-button-link elementor-size-xs\" href=\"https:\/\/faber-solartechnik.de\/en\/projekte\/vechta\/\" target=\"_blank\">\n\t\t\t\t\t\t<span class=\"elementor-button-content-wrapper\">\n\t\t\t\t\t\t<span class=\"elementor-button-icon\">\n\t\t\t\t<i aria-hidden=\"true\" class=\"far fa-window-restore\"><\/i>\t\t\t<\/span>\n\t\t\t\t\t\t\t\t\t<span class=\"elementor-button-text\">Projekt in neuem Tab \u00f6ffnen<\/span>\n\t\t\t\t\t<\/span>\n\t\t\t\t\t<\/a>\n\t\t\t\t<\/div>\n\t\t\t\t\t\t\t\t<\/div>\n\t\t\t\t<\/div>\n\t\t\t\t\t<\/div>\n\t\t<\/div>\n\t\t\t\t\t<\/div>\n\t\t<\/section>\n\t\t\t\t<\/div>\n\t\t\t\t\t\t\t<\/div>\n\t\t\t\t\t\t\t\t<\/div>\n\t\t<\/div>\n\t\t\t\t\t\t<\/div>\n\t\t\t\t<\/div>\n\t\t\t\t<div class=\"elementor-element elementor-element-047228d elementor-widget elementor-widget-theme-post-excerpt\" data-id=\"047228d\" data-element_type=\"widget\" data-e-type=\"widget\" data-widget_type=\"theme-post-excerpt.default\">\n\t\t\t\t<div class=\"elementor-widget-container\">\n\t\t\t\t\tIn Vechta installierte Faber Solartechnik eine Photovoltaikanlage mit ...\t\t\t\t<\/div>\n\t\t\t\t<\/div>\n\t\t\t\t\t<\/div>\n\t\t<\/div>\n\t\t\t\t\t<\/div>\n\t\t<\/section>\n\t\t\t\t<div class=\"elementor-element elementor-element-d621d6e elementor-hidden-mobile elementor-hidden-desktop elementor-hidden-tablet eae-pop-btn-type-text elementor-widget elementor-widget-wts-modal-popup\" data-id=\"d621d6e\" data-element_type=\"widget\" data-e-type=\"widget\" data-widget_type=\"wts-modal-popup.default\">\n\t\t\t\t<div class=\"elementor-widget-container\">\n\t\t\t\t\t\t\t<div class=\"eae-popup-wrapper eae-popup-eae-pupup-item-1664090870\" data-id=\"eae-pupup-item-1664090870\" data-preview-modal=\"\" data-close-button-type=\"icon\" data-close-btn=\"fas fa-times\" data-close-in-out=\"true\" data-effect=\"zoom-in\">\n\t\t\t<a class=\"eae-popup-link icon-position-before\"\n\t\t\tdata-id=\"eae-pupup-item-1664090870\" data-ctrl-id=\"d621d6e\" href=\"#eae-pupup-item-1664090870\">\n\t\t\t\t\t\t\t\t\t\t\t\t\t\t<span class=\"eae-popup-btn-icon\">\n\t\t\t\t\t\t<i aria-hidden=\"true\" class=\"fas fa-arrow-right\"><\/i>\t\t\t\t\t<\/span>\n\t\t\t\t\t\t\t\t\t\t\t\t<span class=\"eae-popup-btn-text\">\n\t\t\t\t\t\t\t\u00d6ffnen\t\t\t\t\t\t<\/span>\n\t\t\t\t\t\t\t\t\t\t\t\t\t<\/a>\n\t\t<\/div>\n\n\t\t<div id=\"eae-pupup-item-1664090870\" class=\"eae-popup-eae-pupup-item-1664090870 mfp-hide eae-popup-container\">\n\t\t\t<input class=\"eae-hidden-post-id\" type=\"hidden\" name=\"eae_hidden_post_id\" data-id=\"eae-pupup-item-1664090870\" value=\"0\" \/>\n\t\t\t<div class=\"eae-popup-content\">\n\t\t\t\t\t\t\t\t\t<div class=\"eae-modal-content\">\n\t\t\t\t\t\t\t\t<div data-elementor-type=\"section\" data-elementor-id=\"4203\" class=\"elementor elementor-4203\" data-elementor-post-type=\"elementor_library\">\n\t\t\t\t\t<section class=\"elementor-section elementor-top-section elementor-element elementor-element-76665b6d elementor-section-full_width elementor-section-height-min-height elementor-section-items-stretch elementor-section-height-default\" data-id=\"76665b6d\" data-element_type=\"section\" data-e-type=\"section\">\n\t\t\t\t\t\t<div class=\"elementor-container elementor-column-gap-default\">\n\t\t\t\t\t<div class=\"elementor-column elementor-col-50 elementor-top-column elementor-element elementor-element-27f77bf4\" data-id=\"27f77bf4\" data-element_type=\"column\" data-e-type=\"column\">\n\t\t\t<div class=\"elementor-widget-wrap elementor-element-populated\">\n\t\t\t\t\t\t<div class=\"elementor-element elementor-element-2c72871 shadow runde-ecken elementor-widget elementor-widget-image\" data-id=\"2c72871\" data-element_type=\"widget\" data-e-type=\"widget\" data-widget_type=\"image.default\">\n\t\t\t\t<div class=\"elementor-widget-container\">\n\t\t\t\t\t\t\t\t\t\t\t\t\t\t\t\t<a href=\"https:\/\/faber-solartechnik.de\/wp-content\/uploads\/2023\/11\/Faber-Solar-Olfry-10-scaled.jpg\" data-elementor-open-lightbox=\"yes\" data-e-action-hash=\"#elementor-action%3Aaction%3Dlightbox%26settings%3DeyJpZCI6NzQxNSwidXJsIjoiaHR0cHM6XC9cL2ZhYmVyLXNvbGFydGVjaG5pay5kZVwvd3AtY29udGVudFwvdXBsb2Fkc1wvMjAyM1wvMTFcL0ZhYmVyLVNvbGFyLU9sZnJ5LTEwLXNjYWxlZC5qcGcifQ%3D%3D\">\n\t\t\t\t\t\t\t<img loading=\"lazy\" decoding=\"async\" width=\"768\" height=\"432\" src=\"https:\/\/faber-solartechnik.de\/wp-content\/uploads\/2023\/11\/Faber-Solar-Olfry-10-768x432.jpg\" class=\"attachment-medium_large size-medium_large wp-image-7415\" alt=\"\" srcset=\"https:\/\/faber-solartechnik.de\/wp-content\/uploads\/2023\/11\/Faber-Solar-Olfry-10-768x432.jpg 768w, https:\/\/faber-solartechnik.de\/wp-content\/uploads\/2023\/11\/Faber-Solar-Olfry-10-300x169.jpg 300w, https:\/\/faber-solartechnik.de\/wp-content\/uploads\/2023\/11\/Faber-Solar-Olfry-10-1024x576.jpg 1024w, https:\/\/faber-solartechnik.de\/wp-content\/uploads\/2023\/11\/Faber-Solar-Olfry-10-1536x863.jpg 1536w, https:\/\/faber-solartechnik.de\/wp-content\/uploads\/2023\/11\/Faber-Solar-Olfry-10-2048x1151.jpg 2048w, https:\/\/faber-solartechnik.de\/wp-content\/uploads\/2023\/11\/Faber-Solar-Olfry-10-18x10.jpg 18w\" sizes=\"(max-width: 768px) 100vw, 768px\" \/>\t\t\t\t\t\t\t\t<\/a>\n\t\t\t\t\t\t\t\t\t\t\t\t\t\t\t<\/div>\n\t\t\t\t<\/div>\n\t\t\t\t\t<\/div>\n\t\t<\/div>\n\t\t\t\t<div class=\"elementor-column elementor-col-50 elementor-top-column elementor-element elementor-element-329a626d\" data-id=\"329a626d\" data-element_type=\"column\" data-e-type=\"column\">\n\t\t\t<div class=\"elementor-widget-wrap elementor-element-populated\">\n\t\t\t\t\t\t<div class=\"elementor-element elementor-element-bf7ede2 elementor-widget elementor-widget-heading\" data-id=\"bf7ede2\" data-element_type=\"widget\" data-e-type=\"widget\" data-widget_type=\"heading.default\">\n\t\t\t\t<div class=\"elementor-widget-container\">\n\t\t\t\t\t<h3 class=\"elementor-heading-title elementor-size-default\">Vechta<\/h3>\t\t\t\t<\/div>\n\t\t\t\t<\/div>\n\t\t\t\t<div class=\"elementor-element elementor-element-678b441 elementor-widget-divider--view-line elementor-widget elementor-widget-divider\" data-id=\"678b441\" data-element_type=\"widget\" data-e-type=\"widget\" data-widget_type=\"divider.default\">\n\t\t\t\t<div class=\"elementor-widget-container\">\n\t\t\t\t\t\t\t<div class=\"elementor-divider\">\n\t\t\t<span class=\"elementor-divider-separator\">\n\t\t\t\t\t\t<\/span>\n\t\t<\/div>\n\t\t\t\t\t\t<\/div>\n\t\t\t\t<\/div>\n\t\t\t\t<div class=\"elementor-element elementor-element-18e98f7 elementor-widget elementor-widget-theme-post-content\" data-id=\"18e98f7\" data-element_type=\"widget\" data-e-type=\"widget\" data-widget_type=\"theme-post-content.default\">\n\t\t\t\t<div class=\"elementor-widget-container\">\n\t\t\t\t\t\t\t<div data-elementor-type=\"wp-post\" data-elementor-id=\"7473\" class=\"elementor elementor-7473\" data-elementor-post-type=\"post\">\n\t\t\t\t<div class=\"elementor-element elementor-element-96ca4d2 e-flex e-con-boxed e-con e-parent\" data-id=\"96ca4d2\" data-element_type=\"container\" data-e-type=\"container\">\n\t\t\t\t\t<div class=\"e-con-inner\">\n\t\t\t\t<div class=\"elementor-element elementor-element-3258c0f elementor-icon-list--layout-inline popup-pv-fakts elementor-align-center elementor-list-item-link-full_width elementor-widget elementor-widget-icon-list\" data-id=\"3258c0f\" data-element_type=\"widget\" data-e-type=\"widget\" data-widget_type=\"icon-list.default\">\n\t\t\t\t<div class=\"elementor-widget-container\">\n\t\t\t\t\t\t\t<ul class=\"elementor-icon-list-items elementor-inline-items\">\n\t\t\t\t\t\t\t<li class=\"elementor-icon-list-item elementor-inline-item\">\n\t\t\t\t\t\t\t\t\t\t\t<span class=\"elementor-icon-list-icon\">\n\t\t\t\t\t\t\t<i aria-hidden=\"true\" class=\"fas fa-sun\"><\/i>\t\t\t\t\t\t<\/span>\n\t\t\t\t\t\t\t\t\t\t<span class=\"elementor-icon-list-text\">2.100 kWp<\/span>\n\t\t\t\t\t\t\t\t\t<\/li>\n\t\t\t\t\t\t\t\t<li class=\"elementor-icon-list-item elementor-inline-item\">\n\t\t\t\t\t\t\t\t\t\t\t<span class=\"elementor-icon-list-icon\">\n\t\t\t\t\t\t\t<i aria-hidden=\"true\" class=\"fas fa-bolt\"><\/i>\t\t\t\t\t\t<\/span>\n\t\t\t\t\t\t\t\t\t\t<span class=\"elementor-icon-list-text\">1.986.541 kWh\/Jahr<\/span>\n\t\t\t\t\t\t\t\t\t<\/li>\n\t\t\t\t\t\t\t\t<li class=\"elementor-icon-list-item elementor-inline-item\">\n\t\t\t\t\t\t\t\t\t\t\t<span class=\"elementor-icon-list-icon\">\n\t\t\t\t\t\t\t<i aria-hidden=\"true\" class=\"fas fa-plug\"><\/i>\t\t\t\t\t\t<\/span>\n\t\t\t\t\t\t\t\t\t\t<span class=\"elementor-icon-list-text\">\u00dcberschuss<\/span>\n\t\t\t\t\t\t\t\t\t<\/li>\n\t\t\t\t\t\t\t\t<li class=\"elementor-icon-list-item elementor-inline-item\">\n\t\t\t\t\t\t\t\t\t\t\t<span class=\"elementor-icon-list-icon\">\n\t\t\t\t\t\t\t<i aria-hidden=\"true\" class=\"fas fa-tools\"><\/i>\t\t\t\t\t\t<\/span>\n\t\t\t\t\t\t\t\t\t\t<span class=\"elementor-icon-list-text\">Dachparallel<\/span>\n\t\t\t\t\t\t\t\t\t<\/li>\n\t\t\t\t\t\t\t\t<li class=\"elementor-icon-list-item elementor-inline-item\">\n\t\t\t\t\t\t\t\t\t\t\t<span class=\"elementor-icon-list-icon\">\n\t\t\t\t\t\t\t<i aria-hidden=\"true\" class=\"fas fa-map-marker-alt\"><\/i>\t\t\t\t\t\t<\/span>\n\t\t\t\t\t\t\t\t\t\t<span class=\"elementor-icon-list-text\">Niedersachsen<\/span>\n\t\t\t\t\t\t\t\t\t<\/li>\n\t\t\t\t\t\t<\/ul>\n\t\t\t\t\t\t<\/div>\n\t\t\t\t<\/div>\n\t\t\t\t<div class=\"elementor-element elementor-element-ca8a16e elementor-widget elementor-widget-gallery\" data-id=\"ca8a16e\" data-element_type=\"widget\" data-e-type=\"widget\" data-settings=\"{&quot;gallery_layout&quot;:&quot;grid&quot;,&quot;columns&quot;:4,&quot;columns_tablet&quot;:2,&quot;columns_mobile&quot;:1,&quot;gap&quot;:{&quot;unit&quot;:&quot;px&quot;,&quot;size&quot;:10,&quot;sizes&quot;:[]},&quot;gap_laptop&quot;:{&quot;unit&quot;:&quot;px&quot;,&quot;size&quot;:10,&quot;sizes&quot;:[]},&quot;gap_tablet_extra&quot;:{&quot;unit&quot;:&quot;px&quot;,&quot;size&quot;:10,&quot;sizes&quot;:[]},&quot;gap_tablet&quot;:{&quot;unit&quot;:&quot;px&quot;,&quot;size&quot;:10,&quot;sizes&quot;:[]},&quot;gap_mobile&quot;:{&quot;unit&quot;:&quot;px&quot;,&quot;size&quot;:10,&quot;sizes&quot;:[]},&quot;link_to&quot;:&quot;file&quot;,&quot;aspect_ratio&quot;:&quot;3:2&quot;,&quot;overlay_background&quot;:&quot;yes&quot;,&quot;content_hover_animation&quot;:&quot;fade-in&quot;}\" data-widget_type=\"gallery.default\">\n\t\t\t\t<div class=\"elementor-widget-container\">\n\t\t\t\t\t\t\t<div class=\"elementor-gallery__container\">\n\t\t\t\t\t\t\t<a class=\"e-gallery-item elementor-gallery-item elementor-animated-content\" href=\"https:\/\/faber-solartechnik.de\/wp-content\/uploads\/2023\/11\/Faber-Solar-Olfry-1-scaled.jpg\" data-elementor-open-lightbox=\"yes\" data-elementor-lightbox-slideshow=\"ca8a16e\" data-e-action-hash=\"#elementor-action%3Aaction%3Dlightbox%26settings%3DeyJpZCI6NzQxNiwidXJsIjoiaHR0cHM6XC9cL2ZhYmVyLXNvbGFydGVjaG5pay5kZVwvd3AtY29udGVudFwvdXBsb2Fkc1wvMjAyM1wvMTFcL0ZhYmVyLVNvbGFyLU9sZnJ5LTEtc2NhbGVkLmpwZyIsInNsaWRlc2hvdyI6ImNhOGExNmUifQ%3D%3D\">\n\t\t\t\t\t<div class=\"e-gallery-image elementor-gallery-item__image\" data-thumbnail=\"https:\/\/faber-solartechnik.de\/wp-content\/uploads\/2023\/11\/Faber-Solar-Olfry-1-300x169.jpg\" data-width=\"300\" data-height=\"169\" aria-label=\"\" role=\"img\" ><\/div>\n\t\t\t\t\t\t\t\t\t\t\t<div class=\"elementor-gallery-item__overlay\"><\/div>\n\t\t\t\t\t\t\t\t\t\t\t\t\t\t<\/a>\n\t\t\t\t\t\t\t<a class=\"e-gallery-item elementor-gallery-item elementor-animated-content\" href=\"https:\/\/faber-solartechnik.de\/wp-content\/uploads\/2023\/11\/Faber-Solar-Olfry-8-scaled.jpg\" data-elementor-open-lightbox=\"yes\" data-elementor-lightbox-slideshow=\"ca8a16e\" data-e-action-hash=\"#elementor-action%3Aaction%3Dlightbox%26settings%3DeyJpZCI6NzQwOCwidXJsIjoiaHR0cHM6XC9cL2ZhYmVyLXNvbGFydGVjaG5pay5kZVwvd3AtY29udGVudFwvdXBsb2Fkc1wvMjAyM1wvMTFcL0ZhYmVyLVNvbGFyLU9sZnJ5LTgtc2NhbGVkLmpwZyIsInNsaWRlc2hvdyI6ImNhOGExNmUifQ%3D%3D\">\n\t\t\t\t\t<div class=\"e-gallery-image elementor-gallery-item__image\" data-thumbnail=\"https:\/\/faber-solartechnik.de\/wp-content\/uploads\/2023\/11\/Faber-Solar-Olfry-8-300x169.jpg\" data-width=\"300\" data-height=\"169\" aria-label=\"\" role=\"img\" ><\/div>\n\t\t\t\t\t\t\t\t\t\t\t<div class=\"elementor-gallery-item__overlay\"><\/div>\n\t\t\t\t\t\t\t\t\t\t\t\t\t\t<\/a>\n\t\t\t\t\t\t\t<a class=\"e-gallery-item elementor-gallery-item elementor-animated-content\" href=\"https:\/\/faber-solartechnik.de\/wp-content\/uploads\/2023\/11\/Faber-Solar-Olfry-10-scaled.jpg\" data-elementor-open-lightbox=\"yes\" data-elementor-lightbox-slideshow=\"ca8a16e\" data-e-action-hash=\"#elementor-action%3Aaction%3Dlightbox%26settings%3DeyJpZCI6NzQxNSwidXJsIjoiaHR0cHM6XC9cL2ZhYmVyLXNvbGFydGVjaG5pay5kZVwvd3AtY29udGVudFwvdXBsb2Fkc1wvMjAyM1wvMTFcL0ZhYmVyLVNvbGFyLU9sZnJ5LTEwLXNjYWxlZC5qcGciLCJzbGlkZXNob3ciOiJjYThhMTZlIn0%3D\">\n\t\t\t\t\t<div class=\"e-gallery-image elementor-gallery-item__image\" data-thumbnail=\"https:\/\/faber-solartechnik.de\/wp-content\/uploads\/2023\/11\/Faber-Solar-Olfry-10-300x169.jpg\" data-width=\"300\" data-height=\"169\" aria-label=\"\" role=\"img\" ><\/div>\n\t\t\t\t\t\t\t\t\t\t\t<div class=\"elementor-gallery-item__overlay\"><\/div>\n\t\t\t\t\t\t\t\t\t\t\t\t\t\t<\/a>\n\t\t\t\t\t\t\t<a class=\"e-gallery-item elementor-gallery-item elementor-animated-content\" href=\"https:\/\/faber-solartechnik.de\/wp-content\/uploads\/2023\/11\/Faber-Solar-Olfry-2-scaled.jpg\" data-elementor-open-lightbox=\"yes\" data-elementor-lightbox-slideshow=\"ca8a16e\" data-e-action-hash=\"#elementor-action%3Aaction%3Dlightbox%26settings%3DeyJpZCI6NzQxNCwidXJsIjoiaHR0cHM6XC9cL2ZhYmVyLXNvbGFydGVjaG5pay5kZVwvd3AtY29udGVudFwvdXBsb2Fkc1wvMjAyM1wvMTFcL0ZhYmVyLVNvbGFyLU9sZnJ5LTItc2NhbGVkLmpwZyIsInNsaWRlc2hvdyI6ImNhOGExNmUifQ%3D%3D\">\n\t\t\t\t\t<div class=\"e-gallery-image elementor-gallery-item__image\" data-thumbnail=\"https:\/\/faber-solartechnik.de\/wp-content\/uploads\/2023\/11\/Faber-Solar-Olfry-2-300x169.jpg\" data-width=\"300\" data-height=\"169\" aria-label=\"\" role=\"img\" ><\/div>\n\t\t\t\t\t\t\t\t\t\t\t<div class=\"elementor-gallery-item__overlay\"><\/div>\n\t\t\t\t\t\t\t\t\t\t\t\t\t\t<\/a>\n\t\t\t\t\t\t\t<a class=\"e-gallery-item elementor-gallery-item elementor-animated-content\" href=\"https:\/\/faber-solartechnik.de\/wp-content\/uploads\/2023\/11\/Faber-Solar-Olfry-3-scaled.jpg\" data-elementor-open-lightbox=\"yes\" data-elementor-lightbox-slideshow=\"ca8a16e\" data-e-action-hash=\"#elementor-action%3Aaction%3Dlightbox%26settings%3DeyJpZCI6NzQxMywidXJsIjoiaHR0cHM6XC9cL2ZhYmVyLXNvbGFydGVjaG5pay5kZVwvd3AtY29udGVudFwvdXBsb2Fkc1wvMjAyM1wvMTFcL0ZhYmVyLVNvbGFyLU9sZnJ5LTMtc2NhbGVkLmpwZyIsInNsaWRlc2hvdyI6ImNhOGExNmUifQ%3D%3D\">\n\t\t\t\t\t<div class=\"e-gallery-image elementor-gallery-item__image\" data-thumbnail=\"https:\/\/faber-solartechnik.de\/wp-content\/uploads\/2023\/11\/Faber-Solar-Olfry-3-300x169.jpg\" data-width=\"300\" data-height=\"169\" aria-label=\"\" role=\"img\" ><\/div>\n\t\t\t\t\t\t\t\t\t\t\t<div class=\"elementor-gallery-item__overlay\"><\/div>\n\t\t\t\t\t\t\t\t\t\t\t\t\t\t<\/a>\n\t\t\t\t\t\t\t<a class=\"e-gallery-item elementor-gallery-item elementor-animated-content\" href=\"https:\/\/faber-solartechnik.de\/wp-content\/uploads\/2023\/11\/Faber-Solar-Olfry-5-scaled.jpg\" data-elementor-open-lightbox=\"yes\" data-elementor-lightbox-slideshow=\"ca8a16e\" data-e-action-hash=\"#elementor-action%3Aaction%3Dlightbox%26settings%3DeyJpZCI6NzQxMSwidXJsIjoiaHR0cHM6XC9cL2ZhYmVyLXNvbGFydGVjaG5pay5kZVwvd3AtY29udGVudFwvdXBsb2Fkc1wvMjAyM1wvMTFcL0ZhYmVyLVNvbGFyLU9sZnJ5LTUtc2NhbGVkLmpwZyIsInNsaWRlc2hvdyI6ImNhOGExNmUifQ%3D%3D\">\n\t\t\t\t\t<div class=\"e-gallery-image elementor-gallery-item__image\" data-thumbnail=\"https:\/\/faber-solartechnik.de\/wp-content\/uploads\/2023\/11\/Faber-Solar-Olfry-5-300x169.jpg\" data-width=\"300\" data-height=\"169\" aria-label=\"\" role=\"img\" ><\/div>\n\t\t\t\t\t\t\t\t\t\t\t<div class=\"elementor-gallery-item__overlay\"><\/div>\n\t\t\t\t\t\t\t\t\t\t\t\t\t\t<\/a>\n\t\t\t\t\t\t\t<a class=\"e-gallery-item elementor-gallery-item elementor-animated-content\" href=\"https:\/\/faber-solartechnik.de\/wp-content\/uploads\/2023\/11\/Faber-Solar-Olfry-7-scaled.jpg\" data-elementor-open-lightbox=\"yes\" data-elementor-lightbox-slideshow=\"ca8a16e\" data-e-action-hash=\"#elementor-action%3Aaction%3Dlightbox%26settings%3DeyJpZCI6NzQwOSwidXJsIjoiaHR0cHM6XC9cL2ZhYmVyLXNvbGFydGVjaG5pay5kZVwvd3AtY29udGVudFwvdXBsb2Fkc1wvMjAyM1wvMTFcL0ZhYmVyLVNvbGFyLU9sZnJ5LTctc2NhbGVkLmpwZyIsInNsaWRlc2hvdyI6ImNhOGExNmUifQ%3D%3D\">\n\t\t\t\t\t<div class=\"e-gallery-image elementor-gallery-item__image\" data-thumbnail=\"https:\/\/faber-solartechnik.de\/wp-content\/uploads\/2023\/11\/Faber-Solar-Olfry-7-300x169.jpg\" data-width=\"300\" data-height=\"169\" aria-label=\"\" role=\"img\" ><\/div>\n\t\t\t\t\t\t\t\t\t\t\t<div class=\"elementor-gallery-item__overlay\"><\/div>\n\t\t\t\t\t\t\t\t\t\t\t\t\t\t<\/a>\n\t\t\t\t\t\t\t<a class=\"e-gallery-item elementor-gallery-item elementor-animated-content\" href=\"https:\/\/faber-solartechnik.de\/wp-content\/uploads\/2023\/11\/Faber-Solar-Olfry-6-scaled.jpg\" data-elementor-open-lightbox=\"yes\" data-elementor-lightbox-slideshow=\"ca8a16e\" data-e-action-hash=\"#elementor-action%3Aaction%3Dlightbox%26settings%3DeyJpZCI6NzQxMCwidXJsIjoiaHR0cHM6XC9cL2ZhYmVyLXNvbGFydGVjaG5pay5kZVwvd3AtY29udGVudFwvdXBsb2Fkc1wvMjAyM1wvMTFcL0ZhYmVyLVNvbGFyLU9sZnJ5LTYtc2NhbGVkLmpwZyIsInNsaWRlc2hvdyI6ImNhOGExNmUifQ%3D%3D\">\n\t\t\t\t\t<div class=\"e-gallery-image elementor-gallery-item__image\" data-thumbnail=\"https:\/\/faber-solartechnik.de\/wp-content\/uploads\/2023\/11\/Faber-Solar-Olfry-6-300x169.jpg\" data-width=\"300\" data-height=\"169\" aria-label=\"\" role=\"img\" ><\/div>\n\t\t\t\t\t\t\t\t\t\t\t<div class=\"elementor-gallery-item__overlay\"><\/div>\n\t\t\t\t\t\t\t\t\t\t\t\t\t\t<\/a>\n\t\t\t\t\t<\/div>\n\t\t\t\t\t<\/div>\n\t\t\t\t<\/div>\n\t\t\t\t<div class=\"elementor-element elementor-element-6261e37 elementor-widget elementor-widget-text-editor\" data-id=\"6261e37\" data-element_type=\"widget\" data-e-type=\"widget\" data-widget_type=\"text-editor.default\">\n\t\t\t\t<div class=\"elementor-widget-container\">\n\t\t\t\t\t\t\t\t\t<p>Faber Solartechnik hat in Vechta eine leistungsstarke Photovoltaikanlage mit einer Nennleistung von 2.100 kWp installiert. Die Anlage erzeugt j\u00e4hrlich 1.986.541 kWh Strom und leistet somit einen bedeutenden Beitrag zur umweltfreundlichen Energieversorgung der Region. Dank der \u00dcberschusseinspeisung wird der produzierte Strom optimal genutzt, indem er direkt vor Ort verwendet und der \u00fcbersch\u00fcssige Strom ins Netz eingespeist wird.<\/p>\n<p>Die Anlage wurde dachparallel montiert, um eine maximale Fl\u00e4chenausnutzung und Effizienz zu gew\u00e4hrleisten. Mit diesem Projekt setzt Faber Solartechnik ein weiteres Zeichen f\u00fcr nachhaltige, zukunftsorientierte Energieversorgung und die Reduktion von CO\u2082-Emissionen.<\/p>\t\t\t\t\t\t\t\t<\/div>\n\t\t\t\t<\/div>\n\t\t\t\t\t<\/div>\n\t\t\t\t<\/div>\n\t\t\t\t<\/div>\n\t\t\t\t\t\t<\/div>\n\t\t\t\t<\/div>\n\t\t\t\t<div class=\"elementor-element elementor-element-b294ae0 e-transform e-transform elementor-align-right elementor-absolute elementor-invisible elementor-widget elementor-widget-button\" data-id=\"b294ae0\" data-element_type=\"widget\" data-e-type=\"widget\" data-settings=\"{&quot;_transform_translateX_effect_hover&quot;:{&quot;unit&quot;:&quot;px&quot;,&quot;size&quot;:-10,&quot;sizes&quot;:[]},&quot;_animation&quot;:&quot;fadeInUp&quot;,&quot;_animation_delay&quot;:1000,&quot;_position&quot;:&quot;absolute&quot;,&quot;_transform_translateX_effect&quot;:{&quot;unit&quot;:&quot;px&quot;,&quot;size&quot;:&quot;&quot;,&quot;sizes&quot;:[]},&quot;_transform_translateX_effect_laptop&quot;:{&quot;unit&quot;:&quot;px&quot;,&quot;size&quot;:&quot;&quot;,&quot;sizes&quot;:[]},&quot;_transform_translateX_effect_tablet_extra&quot;:{&quot;unit&quot;:&quot;px&quot;,&quot;size&quot;:&quot;&quot;,&quot;sizes&quot;:[]},&quot;_transform_translateX_effect_tablet&quot;:{&quot;unit&quot;:&quot;px&quot;,&quot;size&quot;:&quot;&quot;,&quot;sizes&quot;:[]},&quot;_transform_translateX_effect_mobile&quot;:{&quot;unit&quot;:&quot;px&quot;,&quot;size&quot;:&quot;&quot;,&quot;sizes&quot;:[]},&quot;_transform_translateY_effect&quot;:{&quot;unit&quot;:&quot;px&quot;,&quot;size&quot;:&quot;&quot;,&quot;sizes&quot;:[]},&quot;_transform_translateY_effect_laptop&quot;:{&quot;unit&quot;:&quot;px&quot;,&quot;size&quot;:&quot;&quot;,&quot;sizes&quot;:[]},&quot;_transform_translateY_effect_tablet_extra&quot;:{&quot;unit&quot;:&quot;px&quot;,&quot;size&quot;:&quot;&quot;,&quot;sizes&quot;:[]},&quot;_transform_translateY_effect_tablet&quot;:{&quot;unit&quot;:&quot;px&quot;,&quot;size&quot;:&quot;&quot;,&quot;sizes&quot;:[]},&quot;_transform_translateY_effect_mobile&quot;:{&quot;unit&quot;:&quot;px&quot;,&quot;size&quot;:&quot;&quot;,&quot;sizes&quot;:[]},&quot;_transform_translateX_effect_hover_laptop&quot;:{&quot;unit&quot;:&quot;px&quot;,&quot;size&quot;:&quot;&quot;,&quot;sizes&quot;:[]},&quot;_transform_translateX_effect_hover_tablet_extra&quot;:{&quot;unit&quot;:&quot;px&quot;,&quot;size&quot;:&quot;&quot;,&quot;sizes&quot;:[]},&quot;_transform_translateX_effect_hover_tablet&quot;:{&quot;unit&quot;:&quot;px&quot;,&quot;size&quot;:&quot;&quot;,&quot;sizes&quot;:[]},&quot;_transform_translateX_effect_hover_mobile&quot;:{&quot;unit&quot;:&quot;px&quot;,&quot;size&quot;:&quot;&quot;,&quot;sizes&quot;:[]},&quot;_transform_translateY_effect_hover&quot;:{&quot;unit&quot;:&quot;px&quot;,&quot;size&quot;:&quot;&quot;,&quot;sizes&quot;:[]},&quot;_transform_translateY_effect_hover_laptop&quot;:{&quot;unit&quot;:&quot;px&quot;,&quot;size&quot;:&quot;&quot;,&quot;sizes&quot;:[]},&quot;_transform_translateY_effect_hover_tablet_extra&quot;:{&quot;unit&quot;:&quot;px&quot;,&quot;size&quot;:&quot;&quot;,&quot;sizes&quot;:[]},&quot;_transform_translateY_effect_hover_tablet&quot;:{&quot;unit&quot;:&quot;px&quot;,&quot;size&quot;:&quot;&quot;,&quot;sizes&quot;:[]},&quot;_transform_translateY_effect_hover_mobile&quot;:{&quot;unit&quot;:&quot;px&quot;,&quot;size&quot;:&quot;&quot;,&quot;sizes&quot;:[]}}\" data-widget_type=\"button.default\">\n\t\t\t\t<div class=\"elementor-widget-container\">\n\t\t\t\t\t\t\t\t\t<div class=\"elementor-button-wrapper\">\n\t\t\t\t\t<a class=\"elementor-button elementor-button-link elementor-size-xs\" href=\"https:\/\/faber-solartechnik.de\/en\/projekte\/vechta\/\" target=\"_blank\">\n\t\t\t\t\t\t<span class=\"elementor-button-content-wrapper\">\n\t\t\t\t\t\t<span class=\"elementor-button-icon\">\n\t\t\t\t<i aria-hidden=\"true\" class=\"far fa-window-restore\"><\/i>\t\t\t<\/span>\n\t\t\t\t\t\t\t\t\t<span class=\"elementor-button-text\">Projekt in neuem Tab \u00f6ffnen<\/span>\n\t\t\t\t\t<\/span>\n\t\t\t\t\t<\/a>\n\t\t\t\t<\/div>\n\t\t\t\t\t\t\t\t<\/div>\n\t\t\t\t<\/div>\n\t\t\t\t\t<\/div>\n\t\t<\/div>\n\t\t\t\t\t<\/div>\n\t\t<\/section>\n\t\t\t\t<\/div>\n\t\t\t\t\t\t\t<\/div>\n\t\t\t\t\t\t\t\t<\/div>\n\t\t<\/div>\n\t\t\t\t\t\t<\/div>\n\t\t\t\t<\/div>\n\t\t\t\t<div class=\"elementor-element elementor-element-15922a7 elementor-widget elementor-widget-button\" data-id=\"15922a7\" data-element_type=\"widget\" data-e-type=\"widget\" data-widget_type=\"button.default\">\n\t\t\t\t<div class=\"elementor-widget-container\">\n\t\t\t\t\t\t\t\t\t<div class=\"elementor-button-wrapper\">\n\t\t\t\t\t<a class=\"elementor-button elementor-button-link elementor-size-xs\" href=\"https:\/\/faber-solartechnik.de\/en\/projekte\/vechta\/\" target=\"_blank\">\n\t\t\t\t\t\t<span class=\"elementor-button-content-wrapper\">\n\t\t\t\t\t\t<span class=\"elementor-button-icon\">\n\t\t\t\t<i aria-hidden=\"true\" class=\"fas fa-arrow-right\"><\/i>\t\t\t<\/span>\n\t\t\t\t\t\t\t\t\t<span class=\"elementor-button-text\">\u00d6ffnen<\/span>\n\t\t\t\t\t<\/span>\n\t\t\t\t\t<\/a>\n\t\t\t\t<\/div>\n\t\t\t\t\t\t\t\t<\/div>\n\t\t\t\t<\/div>\n\t\t\t\t\t<\/div>\n\t\t<\/div>\n\t\t\t\t\t<\/div>\n\t\t<\/section>\n\t\t\t\t<\/div>\n\t\t<style id=\"loop-dynamic-3527\">.e-loop-item-7466 .elementor-element.elementor-element-a252bde > .elementor-background-overlay{background-image:url(\"https:\/\/faber-solartechnik.de\/wp-content\/uploads\/2023\/11\/Faber-Solar-Novo-Tech-3-scaled-1.jpg\");}<\/style>\t\t<div data-elementor-type=\"loop-item\" data-elementor-id=\"3527\" class=\"elementor elementor-3527 swiper-slide e-loop-item e-loop-item-7466 post-7466 post type-post status-publish format-standard has-post-thumbnail hentry category-projekte\" data-elementor-post-type=\"elementor_library\" role=\"group\" aria-roledescription=\"slide\" data-custom-edit-handle=\"1\">\n\t\t\t\t\t<section class=\"elementor-section elementor-top-section elementor-element elementor-element-a252bde elementor-section-height-min-height elementor-section-items-stretch loopnews runde-ecken elementor-section-boxed elementor-section-height-default\" data-id=\"a252bde\" data-element_type=\"section\" data-e-type=\"section\">\n\t\t\t\t\t\t\t<div class=\"elementor-background-overlay\"><\/div>\n\t\t\t\t\t\t\t<div class=\"elementor-container elementor-column-gap-no\">\n\t\t\t\t\t<div class=\"elementor-column elementor-col-100 elementor-top-column elementor-element elementor-element-6fcfada runde-ecken\" data-id=\"6fcfada\" data-element_type=\"column\" data-e-type=\"column\" data-settings=\"{&quot;background_background&quot;:&quot;classic&quot;}\">\n\t\t\t<div class=\"elementor-widget-wrap elementor-element-populated\">\n\t\t\t\t\t<div class=\"elementor-background-overlay\"><\/div>\n\t\t\t\t\t\t<section class=\"elementor-section elementor-inner-section elementor-element elementor-element-6604a6b elementor-section-boxed elementor-section-height-default elementor-section-height-default\" data-id=\"6604a6b\" data-element_type=\"section\" data-e-type=\"section\">\n\t\t\t\t\t\t<div class=\"elementor-container elementor-column-gap-no\">\n\t\t\t\t\t<div class=\"elementor-column elementor-col-100 elementor-inner-column elementor-element elementor-element-f098b0d\" data-id=\"f098b0d\" data-element_type=\"column\" data-e-type=\"column\">\n\t\t\t<div class=\"elementor-widget-wrap elementor-element-populated\">\n\t\t\t\t\t\t<div class=\"elementor-element elementor-element-1f94609 elementor-widget elementor-widget-post-info\" data-id=\"1f94609\" data-element_type=\"widget\" data-e-type=\"widget\" data-widget_type=\"post-info.default\">\n\t\t\t\t<div class=\"elementor-widget-container\">\n\t\t\t\t\t\t\t<ul class=\"elementor-inline-items elementor-icon-list-items elementor-post-info\">\n\t\t\t\t\t\t\t\t<li class=\"elementor-icon-list-item elementor-repeater-item-fb2fc86 elementor-inline-item\" itemprop=\"about\">\n\t\t\t\t\t\t\t\t\t\t\t\t\t<span class=\"elementor-icon-list-text elementor-post-info__item elementor-post-info__item--type-terms\">\n\t\t\t\t\t\t\t\t\t\t<span class=\"elementor-post-info__terms-list\">\n\t\t\t\t<a href=\"https:\/\/faber-solartechnik.de\/en\/.\/projekte\/\" class=\"elementor-post-info__terms-list-item\">Projekte<\/a>\t\t\t\t<\/span>\n\t\t\t\t\t<\/span>\n\t\t\t\t\t\t\t\t<\/li>\n\t\t\t\t<\/ul>\n\t\t\t\t\t\t<\/div>\n\t\t\t\t<\/div>\n\t\t\t\t<div class=\"elementor-element elementor-element-009b0cb elementor-widget elementor-widget-heading\" data-id=\"009b0cb\" data-element_type=\"widget\" data-e-type=\"widget\" data-widget_type=\"heading.default\">\n\t\t\t\t<div class=\"elementor-widget-container\">\n\t\t\t\t\t<h4 class=\"elementor-heading-title elementor-size-default\"><a href=\"https:\/\/faber-solartechnik.de\/en\/projekte\/aschersleben\/\" target=\"_blank\">Aschersleben<\/a><\/h4>\t\t\t\t<\/div>\n\t\t\t\t<\/div>\n\t\t\t\t<div class=\"elementor-element elementor-element-6321c9b elementor-hidden-mobile eae-pop-btn-align-left popupklicktitel elementor-hidden-desktop elementor-hidden-tablet eae-pop-btn-type-text elementor-widget elementor-widget-wts-modal-popup\" data-id=\"6321c9b\" data-element_type=\"widget\" data-e-type=\"widget\" data-widget_type=\"wts-modal-popup.default\">\n\t\t\t\t<div class=\"elementor-widget-container\">\n\t\t\t\t\t\t\t<div class=\"eae-popup-wrapper eae-popup-eae-pupup-item-1581983111\" data-id=\"eae-pupup-item-1581983111\" data-preview-modal=\"\" data-close-button-type=\"icon\" data-close-btn=\"fas fa-times\" data-close-in-out=\"true\" data-effect=\"zoom-in\">\n\t\t\t<a class=\"eae-popup-link icon-position-after\"\n\t\t\tdata-id=\"eae-pupup-item-1581983111\" data-ctrl-id=\"6321c9b\" href=\"#eae-pupup-item-1581983111\">\n\t\t\t\t\t\t\t\t\t\t\t\t\t\t\t<span class=\"eae-popup-btn-text\">\n\t\t\t\t\t\t\tAschersleben\t\t\t\t\t\t<\/span>\n\t\t\t\t\t\t\t\t\t\t<span class=\"eae-popup-btn-icon\">\n\t\t\t\t\t\t\t\t\t\t\t<\/span>\n\t\t\t\t\t\t\t\t\t\t\t\t\t\t<\/a>\n\t\t<\/div>\n\n\t\t<div id=\"eae-pupup-item-1581983111\" class=\"eae-popup-eae-pupup-item-1581983111 mfp-hide eae-popup-container\">\n\t\t\t<input class=\"eae-hidden-post-id\" type=\"hidden\" name=\"eae_hidden_post_id\" data-id=\"eae-pupup-item-1581983111\" value=\"0\" \/>\n\t\t\t<div class=\"eae-popup-content\">\n\t\t\t\t\t\t\t\t\t<div class=\"eae-modal-content\">\n\t\t\t\t\t\t\t\t<div data-elementor-type=\"section\" data-elementor-id=\"4203\" class=\"elementor elementor-4203\" data-elementor-post-type=\"elementor_library\">\n\t\t\t\t\t<section class=\"elementor-section elementor-top-section elementor-element elementor-element-76665b6d elementor-section-full_width elementor-section-height-min-height elementor-section-items-stretch elementor-section-height-default\" data-id=\"76665b6d\" data-element_type=\"section\" data-e-type=\"section\">\n\t\t\t\t\t\t<div class=\"elementor-container elementor-column-gap-default\">\n\t\t\t\t\t<div class=\"elementor-column elementor-col-50 elementor-top-column elementor-element elementor-element-27f77bf4\" data-id=\"27f77bf4\" data-element_type=\"column\" data-e-type=\"column\">\n\t\t\t<div class=\"elementor-widget-wrap elementor-element-populated\">\n\t\t\t\t\t\t<div class=\"elementor-element elementor-element-2c72871 shadow runde-ecken elementor-widget elementor-widget-image\" data-id=\"2c72871\" data-element_type=\"widget\" data-e-type=\"widget\" data-widget_type=\"image.default\">\n\t\t\t\t<div class=\"elementor-widget-container\">\n\t\t\t\t\t\t\t\t\t\t\t\t\t\t\t\t<a href=\"https:\/\/faber-solartechnik.de\/wp-content\/uploads\/2023\/11\/Faber-Solar-Novo-Tech-3-scaled-1.jpg\" data-elementor-open-lightbox=\"yes\" data-e-action-hash=\"#elementor-action%3Aaction%3Dlightbox%26settings%3DeyJpZCI6Nzk2MSwidXJsIjoiaHR0cHM6XC9cL2ZhYmVyLXNvbGFydGVjaG5pay5kZVwvd3AtY29udGVudFwvdXBsb2Fkc1wvMjAyM1wvMTFcL0ZhYmVyLVNvbGFyLU5vdm8tVGVjaC0zLXNjYWxlZC0xLmpwZyJ9\">\n\t\t\t\t\t\t\t<img loading=\"lazy\" decoding=\"async\" width=\"768\" height=\"576\" src=\"https:\/\/faber-solartechnik.de\/wp-content\/uploads\/2023\/11\/Faber-Solar-Novo-Tech-3-scaled-1-768x576.jpg\" class=\"attachment-medium_large size-medium_large wp-image-7961\" alt=\"Luftaufnahme der Photovoltaikanlage von Faber Solartechnik auf dem Dach der Firma Novo-Tech in Sachsen-Anhalt. Die Anlage hat eine Leistung von 950 kWp und tr\u00e4gt zur nachhaltigen Energieversorgung bei.\" srcset=\"https:\/\/faber-solartechnik.de\/wp-content\/uploads\/2023\/11\/Faber-Solar-Novo-Tech-3-scaled-1-768x576.jpg 768w, https:\/\/faber-solartechnik.de\/wp-content\/uploads\/2023\/11\/Faber-Solar-Novo-Tech-3-scaled-1-300x225.jpg 300w, https:\/\/faber-solartechnik.de\/wp-content\/uploads\/2023\/11\/Faber-Solar-Novo-Tech-3-scaled-1-1024x768.jpg 1024w, https:\/\/faber-solartechnik.de\/wp-content\/uploads\/2023\/11\/Faber-Solar-Novo-Tech-3-scaled-1-1536x1152.jpg 1536w, https:\/\/faber-solartechnik.de\/wp-content\/uploads\/2023\/11\/Faber-Solar-Novo-Tech-3-scaled-1-2048x1536.jpg 2048w, https:\/\/faber-solartechnik.de\/wp-content\/uploads\/2023\/11\/Faber-Solar-Novo-Tech-3-scaled-1-16x12.jpg 16w\" sizes=\"(max-width: 768px) 100vw, 768px\" \/>\t\t\t\t\t\t\t\t<\/a>\n\t\t\t\t\t\t\t\t\t\t\t\t\t\t\t<\/div>\n\t\t\t\t<\/div>\n\t\t\t\t\t<\/div>\n\t\t<\/div>\n\t\t\t\t<div class=\"elementor-column elementor-col-50 elementor-top-column elementor-element elementor-element-329a626d\" data-id=\"329a626d\" data-element_type=\"column\" data-e-type=\"column\">\n\t\t\t<div class=\"elementor-widget-wrap elementor-element-populated\">\n\t\t\t\t\t\t<div class=\"elementor-element elementor-element-bf7ede2 elementor-widget elementor-widget-heading\" data-id=\"bf7ede2\" data-element_type=\"widget\" data-e-type=\"widget\" data-widget_type=\"heading.default\">\n\t\t\t\t<div class=\"elementor-widget-container\">\n\t\t\t\t\t<h3 class=\"elementor-heading-title elementor-size-default\">Aschersleben<\/h3>\t\t\t\t<\/div>\n\t\t\t\t<\/div>\n\t\t\t\t<div class=\"elementor-element elementor-element-678b441 elementor-widget-divider--view-line elementor-widget elementor-widget-divider\" data-id=\"678b441\" data-element_type=\"widget\" data-e-type=\"widget\" data-widget_type=\"divider.default\">\n\t\t\t\t<div class=\"elementor-widget-container\">\n\t\t\t\t\t\t\t<div class=\"elementor-divider\">\n\t\t\t<span class=\"elementor-divider-separator\">\n\t\t\t\t\t\t<\/span>\n\t\t<\/div>\n\t\t\t\t\t\t<\/div>\n\t\t\t\t<\/div>\n\t\t\t\t<div class=\"elementor-element elementor-element-18e98f7 elementor-widget elementor-widget-theme-post-content\" data-id=\"18e98f7\" data-element_type=\"widget\" data-e-type=\"widget\" data-widget_type=\"theme-post-content.default\">\n\t\t\t\t<div class=\"elementor-widget-container\">\n\t\t\t\t\t\t\t<div data-elementor-type=\"wp-post\" data-elementor-id=\"7466\" class=\"elementor elementor-7466\" data-elementor-post-type=\"post\">\n\t\t\t\t<div class=\"elementor-element elementor-element-2e7aef4 e-flex e-con-boxed e-con e-parent\" data-id=\"2e7aef4\" data-element_type=\"container\" data-e-type=\"container\">\n\t\t\t\t\t<div class=\"e-con-inner\">\n\t\t\t\t<div class=\"elementor-element elementor-element-1eb088f elementor-icon-list--layout-inline popup-pv-fakts elementor-align-center elementor-list-item-link-full_width elementor-widget elementor-widget-icon-list\" data-id=\"1eb088f\" data-element_type=\"widget\" data-e-type=\"widget\" data-widget_type=\"icon-list.default\">\n\t\t\t\t<div class=\"elementor-widget-container\">\n\t\t\t\t\t\t\t<ul class=\"elementor-icon-list-items elementor-inline-items\">\n\t\t\t\t\t\t\t<li class=\"elementor-icon-list-item elementor-inline-item\">\n\t\t\t\t\t\t\t\t\t\t\t<span class=\"elementor-icon-list-icon\">\n\t\t\t\t\t\t\t<i aria-hidden=\"true\" class=\"fas fa-sun\"><\/i>\t\t\t\t\t\t<\/span>\n\t\t\t\t\t\t\t\t\t\t<span class=\"elementor-icon-list-text\">950 kWp<\/span>\n\t\t\t\t\t\t\t\t\t<\/li>\n\t\t\t\t\t\t\t\t<li class=\"elementor-icon-list-item elementor-inline-item\">\n\t\t\t\t\t\t\t\t\t\t\t<span class=\"elementor-icon-list-icon\">\n\t\t\t\t\t\t\t<i aria-hidden=\"true\" class=\"fas fa-bolt\"><\/i>\t\t\t\t\t\t<\/span>\n\t\t\t\t\t\t\t\t\t\t<span class=\"elementor-icon-list-text\">901.752 kWh\/Jahr<\/span>\n\t\t\t\t\t\t\t\t\t<\/li>\n\t\t\t\t\t\t\t\t<li class=\"elementor-icon-list-item elementor-inline-item\">\n\t\t\t\t\t\t\t\t\t\t\t<span class=\"elementor-icon-list-icon\">\n\t\t\t\t\t\t\t<i aria-hidden=\"true\" class=\"fas fa-plug\"><\/i>\t\t\t\t\t\t<\/span>\n\t\t\t\t\t\t\t\t\t\t<span class=\"elementor-icon-list-text\">\u00dcberschuss<\/span>\n\t\t\t\t\t\t\t\t\t<\/li>\n\t\t\t\t\t\t\t\t<li class=\"elementor-icon-list-item elementor-inline-item\">\n\t\t\t\t\t\t\t\t\t\t\t<span class=\"elementor-icon-list-icon\">\n\t\t\t\t\t\t\t<i aria-hidden=\"true\" class=\"fas fa-tools\"><\/i>\t\t\t\t\t\t<\/span>\n\t\t\t\t\t\t\t\t\t\t<span class=\"elementor-icon-list-text\">Aufgest\u00e4ndert<\/span>\n\t\t\t\t\t\t\t\t\t<\/li>\n\t\t\t\t\t\t\t\t<li class=\"elementor-icon-list-item elementor-inline-item\">\n\t\t\t\t\t\t\t\t\t\t\t<span class=\"elementor-icon-list-icon\">\n\t\t\t\t\t\t\t<i aria-hidden=\"true\" class=\"fas fa-map-marker-alt\"><\/i>\t\t\t\t\t\t<\/span>\n\t\t\t\t\t\t\t\t\t\t<span class=\"elementor-icon-list-text\">Sachsen-Anhalt<\/span>\n\t\t\t\t\t\t\t\t\t<\/li>\n\t\t\t\t\t\t<\/ul>\n\t\t\t\t\t\t<\/div>\n\t\t\t\t<\/div>\n\t\t\t\t<div class=\"elementor-element elementor-element-4df57f5 elementor-widget elementor-widget-gallery\" data-id=\"4df57f5\" data-element_type=\"widget\" data-e-type=\"widget\" data-settings=\"{&quot;columns&quot;:2,&quot;gallery_layout&quot;:&quot;grid&quot;,&quot;columns_tablet&quot;:2,&quot;columns_mobile&quot;:1,&quot;gap&quot;:{&quot;unit&quot;:&quot;px&quot;,&quot;size&quot;:10,&quot;sizes&quot;:[]},&quot;gap_laptop&quot;:{&quot;unit&quot;:&quot;px&quot;,&quot;size&quot;:10,&quot;sizes&quot;:[]},&quot;gap_tablet_extra&quot;:{&quot;unit&quot;:&quot;px&quot;,&quot;size&quot;:10,&quot;sizes&quot;:[]},&quot;gap_tablet&quot;:{&quot;unit&quot;:&quot;px&quot;,&quot;size&quot;:10,&quot;sizes&quot;:[]},&quot;gap_mobile&quot;:{&quot;unit&quot;:&quot;px&quot;,&quot;size&quot;:10,&quot;sizes&quot;:[]},&quot;link_to&quot;:&quot;file&quot;,&quot;aspect_ratio&quot;:&quot;3:2&quot;,&quot;overlay_background&quot;:&quot;yes&quot;,&quot;content_hover_animation&quot;:&quot;fade-in&quot;}\" data-widget_type=\"gallery.default\">\n\t\t\t\t<div class=\"elementor-widget-container\">\n\t\t\t\t\t\t\t<div class=\"elementor-gallery__container\">\n\t\t\t\t\t\t\t<a class=\"e-gallery-item elementor-gallery-item elementor-animated-content\" href=\"https:\/\/faber-solartechnik.de\/wp-content\/uploads\/2023\/11\/Faber-Solar-Novo-Tech-9-scaled.jpg\" data-elementor-open-lightbox=\"yes\" data-elementor-lightbox-slideshow=\"4df57f5\" data-e-action-hash=\"#elementor-action%3Aaction%3Dlightbox%26settings%3DeyJpZCI6NzM4MywidXJsIjoiaHR0cHM6XC9cL2ZhYmVyLXNvbGFydGVjaG5pay5kZVwvd3AtY29udGVudFwvdXBsb2Fkc1wvMjAyM1wvMTFcL0ZhYmVyLVNvbGFyLU5vdm8tVGVjaC05LXNjYWxlZC5qcGciLCJzbGlkZXNob3ciOiI0ZGY1N2Y1In0%3D\">\n\t\t\t\t\t<div class=\"e-gallery-image elementor-gallery-item__image\" data-thumbnail=\"https:\/\/faber-solartechnik.de\/wp-content\/uploads\/2023\/11\/Faber-Solar-Novo-Tech-9-768x576.jpg\" data-width=\"768\" data-height=\"576\" aria-label=\"\" role=\"img\" ><\/div>\n\t\t\t\t\t\t\t\t\t\t\t<div class=\"elementor-gallery-item__overlay\"><\/div>\n\t\t\t\t\t\t\t\t\t\t\t\t\t\t<\/a>\n\t\t\t\t\t\t\t<a class=\"e-gallery-item elementor-gallery-item elementor-animated-content\" href=\"https:\/\/faber-solartechnik.de\/wp-content\/uploads\/2023\/11\/Faber-Solar-Novo-Tech-7-scaled.jpg\" data-elementor-open-lightbox=\"yes\" data-elementor-lightbox-slideshow=\"4df57f5\" data-e-action-hash=\"#elementor-action%3Aaction%3Dlightbox%26settings%3DeyJpZCI6NzM4NSwidXJsIjoiaHR0cHM6XC9cL2ZhYmVyLXNvbGFydGVjaG5pay5kZVwvd3AtY29udGVudFwvdXBsb2Fkc1wvMjAyM1wvMTFcL0ZhYmVyLVNvbGFyLU5vdm8tVGVjaC03LXNjYWxlZC5qcGciLCJzbGlkZXNob3ciOiI0ZGY1N2Y1In0%3D\">\n\t\t\t\t\t<div class=\"e-gallery-image elementor-gallery-item__image\" data-thumbnail=\"https:\/\/faber-solartechnik.de\/wp-content\/uploads\/2023\/11\/Faber-Solar-Novo-Tech-7-768x576.jpg\" data-width=\"768\" data-height=\"576\" aria-label=\"\" role=\"img\" ><\/div>\n\t\t\t\t\t\t\t\t\t\t\t<div class=\"elementor-gallery-item__overlay\"><\/div>\n\t\t\t\t\t\t\t\t\t\t\t\t\t\t<\/a>\n\t\t\t\t\t\t\t<a class=\"e-gallery-item elementor-gallery-item elementor-animated-content\" href=\"https:\/\/faber-solartechnik.de\/wp-content\/uploads\/2023\/11\/Faber-Solar-Novo-Tech-6-scaled.jpg\" data-elementor-open-lightbox=\"yes\" data-elementor-lightbox-slideshow=\"4df57f5\" data-e-action-hash=\"#elementor-action%3Aaction%3Dlightbox%26settings%3DeyJpZCI6NzM5MiwidXJsIjoiaHR0cHM6XC9cL2ZhYmVyLXNvbGFydGVjaG5pay5kZVwvd3AtY29udGVudFwvdXBsb2Fkc1wvMjAyM1wvMTFcL0ZhYmVyLVNvbGFyLU5vdm8tVGVjaC02LXNjYWxlZC5qcGciLCJzbGlkZXNob3ciOiI0ZGY1N2Y1In0%3D\">\n\t\t\t\t\t<div class=\"e-gallery-image elementor-gallery-item__image\" data-thumbnail=\"https:\/\/faber-solartechnik.de\/wp-content\/uploads\/2023\/11\/Faber-Solar-Novo-Tech-6-768x576.jpg\" data-width=\"768\" data-height=\"576\" aria-label=\"\" role=\"img\" ><\/div>\n\t\t\t\t\t\t\t\t\t\t\t<div class=\"elementor-gallery-item__overlay\"><\/div>\n\t\t\t\t\t\t\t\t\t\t\t\t\t\t<\/a>\n\t\t\t\t\t\t\t<a class=\"e-gallery-item elementor-gallery-item elementor-animated-content\" href=\"https:\/\/faber-solartechnik.de\/wp-content\/uploads\/2023\/11\/Faber-Solar-Novo-Tech-5-scaled.jpg\" data-elementor-open-lightbox=\"yes\" data-elementor-lightbox-slideshow=\"4df57f5\" data-e-action-hash=\"#elementor-action%3Aaction%3Dlightbox%26settings%3DeyJpZCI6NzM5MywidXJsIjoiaHR0cHM6XC9cL2ZhYmVyLXNvbGFydGVjaG5pay5kZVwvd3AtY29udGVudFwvdXBsb2Fkc1wvMjAyM1wvMTFcL0ZhYmVyLVNvbGFyLU5vdm8tVGVjaC01LXNjYWxlZC5qcGciLCJzbGlkZXNob3ciOiI0ZGY1N2Y1In0%3D\">\n\t\t\t\t\t<div class=\"e-gallery-image elementor-gallery-item__image\" data-thumbnail=\"https:\/\/faber-solartechnik.de\/wp-content\/uploads\/2023\/11\/Faber-Solar-Novo-Tech-5-768x576.jpg\" data-width=\"768\" data-height=\"576\" aria-label=\"\" role=\"img\" ><\/div>\n\t\t\t\t\t\t\t\t\t\t\t<div class=\"elementor-gallery-item__overlay\"><\/div>\n\t\t\t\t\t\t\t\t\t\t\t\t\t\t<\/a>\n\t\t\t\t\t\t\t<a class=\"e-gallery-item elementor-gallery-item elementor-animated-content\" href=\"https:\/\/faber-solartechnik.de\/wp-content\/uploads\/2023\/11\/Faber-Solar-Novo-Tech-3-scaled.jpg\" data-elementor-open-lightbox=\"yes\" data-elementor-lightbox-slideshow=\"4df57f5\" data-e-action-hash=\"#elementor-action%3Aaction%3Dlightbox%26settings%3DeyJpZCI6NzM5OCwidXJsIjoiaHR0cHM6XC9cL2ZhYmVyLXNvbGFydGVjaG5pay5kZVwvd3AtY29udGVudFwvdXBsb2Fkc1wvMjAyM1wvMTFcL0ZhYmVyLVNvbGFyLU5vdm8tVGVjaC0zLXNjYWxlZC5qcGciLCJzbGlkZXNob3ciOiI0ZGY1N2Y1In0%3D\">\n\t\t\t\t\t<div class=\"e-gallery-image elementor-gallery-item__image\" data-thumbnail=\"https:\/\/faber-solartechnik.de\/wp-content\/uploads\/2023\/11\/Faber-Solar-Novo-Tech-3-768x576.jpg\" data-width=\"768\" data-height=\"576\" aria-label=\"\" role=\"img\" ><\/div>\n\t\t\t\t\t\t\t\t\t\t\t<div class=\"elementor-gallery-item__overlay\"><\/div>\n\t\t\t\t\t\t\t\t\t\t\t\t\t\t<\/a>\n\t\t\t\t\t\t\t<a class=\"e-gallery-item elementor-gallery-item elementor-animated-content\" href=\"https:\/\/faber-solartechnik.de\/wp-content\/uploads\/2023\/11\/Faber-Solar-Novo-Tech-16-scaled.jpg\" data-elementor-open-lightbox=\"yes\" data-elementor-lightbox-slideshow=\"4df57f5\" data-e-action-hash=\"#elementor-action%3Aaction%3Dlightbox%26settings%3DeyJpZCI6NzQwMCwidXJsIjoiaHR0cHM6XC9cL2ZhYmVyLXNvbGFydGVjaG5pay5kZVwvd3AtY29udGVudFwvdXBsb2Fkc1wvMjAyM1wvMTFcL0ZhYmVyLVNvbGFyLU5vdm8tVGVjaC0xNi1zY2FsZWQuanBnIiwic2xpZGVzaG93IjoiNGRmNTdmNSJ9\">\n\t\t\t\t\t<div class=\"e-gallery-image elementor-gallery-item__image\" data-thumbnail=\"https:\/\/faber-solartechnik.de\/wp-content\/uploads\/2023\/11\/Faber-Solar-Novo-Tech-16-768x576.jpg\" data-width=\"768\" data-height=\"576\" aria-label=\"\" role=\"img\" ><\/div>\n\t\t\t\t\t\t\t\t\t\t\t<div class=\"elementor-gallery-item__overlay\"><\/div>\n\t\t\t\t\t\t\t\t\t\t\t\t\t\t<\/a>\n\t\t\t\t\t\t\t<a class=\"e-gallery-item elementor-gallery-item elementor-animated-content\" href=\"https:\/\/faber-solartechnik.de\/wp-content\/uploads\/2023\/11\/Faber-Solar-Novo-Tech-13-scaled.jpg\" data-elementor-open-lightbox=\"yes\" data-elementor-lightbox-slideshow=\"4df57f5\" data-e-action-hash=\"#elementor-action%3Aaction%3Dlightbox%26settings%3DeyJpZCI6NzQwMywidXJsIjoiaHR0cHM6XC9cL2ZhYmVyLXNvbGFydGVjaG5pay5kZVwvd3AtY29udGVudFwvdXBsb2Fkc1wvMjAyM1wvMTFcL0ZhYmVyLVNvbGFyLU5vdm8tVGVjaC0xMy1zY2FsZWQuanBnIiwic2xpZGVzaG93IjoiNGRmNTdmNSJ9\">\n\t\t\t\t\t<div class=\"e-gallery-image elementor-gallery-item__image\" data-thumbnail=\"https:\/\/faber-solartechnik.de\/wp-content\/uploads\/2023\/11\/Faber-Solar-Novo-Tech-13-768x576.jpg\" data-width=\"768\" data-height=\"576\" aria-label=\"\" role=\"img\" ><\/div>\n\t\t\t\t\t\t\t\t\t\t\t<div class=\"elementor-gallery-item__overlay\"><\/div>\n\t\t\t\t\t\t\t\t\t\t\t\t\t\t<\/a>\n\t\t\t\t\t\t\t<a class=\"e-gallery-item elementor-gallery-item elementor-animated-content\" href=\"https:\/\/faber-solartechnik.de\/wp-content\/uploads\/2023\/11\/Faber-Solar-Novo-Tech-2-scaled.jpg\" data-elementor-open-lightbox=\"yes\" data-elementor-lightbox-slideshow=\"4df57f5\" data-e-action-hash=\"#elementor-action%3Aaction%3Dlightbox%26settings%3DeyJpZCI6NzM5OSwidXJsIjoiaHR0cHM6XC9cL2ZhYmVyLXNvbGFydGVjaG5pay5kZVwvd3AtY29udGVudFwvdXBsb2Fkc1wvMjAyM1wvMTFcL0ZhYmVyLVNvbGFyLU5vdm8tVGVjaC0yLXNjYWxlZC5qcGciLCJzbGlkZXNob3ciOiI0ZGY1N2Y1In0%3D\">\n\t\t\t\t\t<div class=\"e-gallery-image elementor-gallery-item__image\" data-thumbnail=\"https:\/\/faber-solartechnik.de\/wp-content\/uploads\/2023\/11\/Faber-Solar-Novo-Tech-2-768x576.jpg\" data-width=\"768\" data-height=\"576\" aria-label=\"\" role=\"img\" ><\/div>\n\t\t\t\t\t\t\t\t\t\t\t<div class=\"elementor-gallery-item__overlay\"><\/div>\n\t\t\t\t\t\t\t\t\t\t\t\t\t\t<\/a>\n\t\t\t\t\t<\/div>\n\t\t\t\t\t<\/div>\n\t\t\t\t<\/div>\n\t\t\t\t<div class=\"elementor-element elementor-element-ef4187e elementor-widget elementor-widget-text-editor\" data-id=\"ef4187e\" data-element_type=\"widget\" data-e-type=\"widget\" data-widget_type=\"text-editor.default\">\n\t\t\t\t<div class=\"elementor-widget-container\">\n\t\t\t\t\t\t\t\t\t<p>Faber Solartechnik hat eine beeindruckende Photovoltaikanlage mit einer Leistung von 950 kWp auf dem Dach der Firma Novo-Tech in Sachsen-Anhalt installiert. Mit einem j\u00e4hrlichen Ertrag von 901.752 kWh tr\u00e4gt die Anlage ma\u00dfgeblich zur nachhaltigen Energieversorgung bei. Durch die Aufst\u00e4nderung und die Nutzung des \u00dcberschusses wird nicht nur Energie gespart, sondern auch aktiv zur Reduzierung der CO\u2082-Emissionen beigetragen.<\/p><p>Novo-Tech steht f\u00fcr umweltfreundliche, recycelbare Naturwerkstoffe und setzt auf innovative, ressourcenschonende L\u00f6sungen. Durch die Partnerschaft zwischen Faber Solartechnik und Novo-Tech wird nicht nur die Energieversorgung, sondern auch der nachhaltige Einsatz von Materialien in der Produktion gef\u00f6rdert.<\/p><p>Gemeinsam gestalten wir die Zukunft \u2013 sauber, nachhaltig und effizient! \ud83c\udf31\ud83d\udca1<\/p>\t\t\t\t\t\t\t\t<\/div>\n\t\t\t\t<\/div>\n\t\t\t\t\t<\/div>\n\t\t\t\t<\/div>\n\t\t\t\t<\/div>\n\t\t\t\t\t\t<\/div>\n\t\t\t\t<\/div>\n\t\t\t\t<div class=\"elementor-element elementor-element-b294ae0 e-transform e-transform elementor-align-right elementor-absolute elementor-invisible elementor-widget elementor-widget-button\" data-id=\"b294ae0\" data-element_type=\"widget\" data-e-type=\"widget\" data-settings=\"{&quot;_transform_translateX_effect_hover&quot;:{&quot;unit&quot;:&quot;px&quot;,&quot;size&quot;:-10,&quot;sizes&quot;:[]},&quot;_animation&quot;:&quot;fadeInUp&quot;,&quot;_animation_delay&quot;:1000,&quot;_position&quot;:&quot;absolute&quot;,&quot;_transform_translateX_effect&quot;:{&quot;unit&quot;:&quot;px&quot;,&quot;size&quot;:&quot;&quot;,&quot;sizes&quot;:[]},&quot;_transform_translateX_effect_laptop&quot;:{&quot;unit&quot;:&quot;px&quot;,&quot;size&quot;:&quot;&quot;,&quot;sizes&quot;:[]},&quot;_transform_translateX_effect_tablet_extra&quot;:{&quot;unit&quot;:&quot;px&quot;,&quot;size&quot;:&quot;&quot;,&quot;sizes&quot;:[]},&quot;_transform_translateX_effect_tablet&quot;:{&quot;unit&quot;:&quot;px&quot;,&quot;size&quot;:&quot;&quot;,&quot;sizes&quot;:[]},&quot;_transform_translateX_effect_mobile&quot;:{&quot;unit&quot;:&quot;px&quot;,&quot;size&quot;:&quot;&quot;,&quot;sizes&quot;:[]},&quot;_transform_translateY_effect&quot;:{&quot;unit&quot;:&quot;px&quot;,&quot;size&quot;:&quot;&quot;,&quot;sizes&quot;:[]},&quot;_transform_translateY_effect_laptop&quot;:{&quot;unit&quot;:&quot;px&quot;,&quot;size&quot;:&quot;&quot;,&quot;sizes&quot;:[]},&quot;_transform_translateY_effect_tablet_extra&quot;:{&quot;unit&quot;:&quot;px&quot;,&quot;size&quot;:&quot;&quot;,&quot;sizes&quot;:[]},&quot;_transform_translateY_effect_tablet&quot;:{&quot;unit&quot;:&quot;px&quot;,&quot;size&quot;:&quot;&quot;,&quot;sizes&quot;:[]},&quot;_transform_translateY_effect_mobile&quot;:{&quot;unit&quot;:&quot;px&quot;,&quot;size&quot;:&quot;&quot;,&quot;sizes&quot;:[]},&quot;_transform_translateX_effect_hover_laptop&quot;:{&quot;unit&quot;:&quot;px&quot;,&quot;size&quot;:&quot;&quot;,&quot;sizes&quot;:[]},&quot;_transform_translateX_effect_hover_tablet_extra&quot;:{&quot;unit&quot;:&quot;px&quot;,&quot;size&quot;:&quot;&quot;,&quot;sizes&quot;:[]},&quot;_transform_translateX_effect_hover_tablet&quot;:{&quot;unit&quot;:&quot;px&quot;,&quot;size&quot;:&quot;&quot;,&quot;sizes&quot;:[]},&quot;_transform_translateX_effect_hover_mobile&quot;:{&quot;unit&quot;:&quot;px&quot;,&quot;size&quot;:&quot;&quot;,&quot;sizes&quot;:[]},&quot;_transform_translateY_effect_hover&quot;:{&quot;unit&quot;:&quot;px&quot;,&quot;size&quot;:&quot;&quot;,&quot;sizes&quot;:[]},&quot;_transform_translateY_effect_hover_laptop&quot;:{&quot;unit&quot;:&quot;px&quot;,&quot;size&quot;:&quot;&quot;,&quot;sizes&quot;:[]},&quot;_transform_translateY_effect_hover_tablet_extra&quot;:{&quot;unit&quot;:&quot;px&quot;,&quot;size&quot;:&quot;&quot;,&quot;sizes&quot;:[]},&quot;_transform_translateY_effect_hover_tablet&quot;:{&quot;unit&quot;:&quot;px&quot;,&quot;size&quot;:&quot;&quot;,&quot;sizes&quot;:[]},&quot;_transform_translateY_effect_hover_mobile&quot;:{&quot;unit&quot;:&quot;px&quot;,&quot;size&quot;:&quot;&quot;,&quot;sizes&quot;:[]}}\" data-widget_type=\"button.default\">\n\t\t\t\t<div class=\"elementor-widget-container\">\n\t\t\t\t\t\t\t\t\t<div class=\"elementor-button-wrapper\">\n\t\t\t\t\t<a class=\"elementor-button elementor-button-link elementor-size-xs\" href=\"https:\/\/faber-solartechnik.de\/en\/projekte\/aschersleben\/\" target=\"_blank\">\n\t\t\t\t\t\t<span class=\"elementor-button-content-wrapper\">\n\t\t\t\t\t\t<span class=\"elementor-button-icon\">\n\t\t\t\t<i aria-hidden=\"true\" class=\"far fa-window-restore\"><\/i>\t\t\t<\/span>\n\t\t\t\t\t\t\t\t\t<span class=\"elementor-button-text\">Projekt in neuem Tab \u00f6ffnen<\/span>\n\t\t\t\t\t<\/span>\n\t\t\t\t\t<\/a>\n\t\t\t\t<\/div>\n\t\t\t\t\t\t\t\t<\/div>\n\t\t\t\t<\/div>\n\t\t\t\t\t<\/div>\n\t\t<\/div>\n\t\t\t\t\t<\/div>\n\t\t<\/section>\n\t\t\t\t<\/div>\n\t\t\t\t\t\t\t<\/div>\n\t\t\t\t\t\t\t\t<\/div>\n\t\t<\/div>\n\t\t\t\t\t\t<\/div>\n\t\t\t\t<\/div>\n\t\t\t\t<div class=\"elementor-element elementor-element-047228d elementor-widget elementor-widget-theme-post-excerpt\" data-id=\"047228d\" data-element_type=\"widget\" data-e-type=\"widget\" data-widget_type=\"theme-post-excerpt.default\">\n\t\t\t\t<div class=\"elementor-widget-container\">\n\t\t\t\t\tFaber Solartechnik hat eine 950 kWp Photovoltaikanlage bei ...\t\t\t\t<\/div>\n\t\t\t\t<\/div>\n\t\t\t\t\t<\/div>\n\t\t<\/div>\n\t\t\t\t\t<\/div>\n\t\t<\/section>\n\t\t\t\t<div class=\"elementor-element elementor-element-d621d6e elementor-hidden-mobile elementor-hidden-desktop elementor-hidden-tablet eae-pop-btn-type-text elementor-widget elementor-widget-wts-modal-popup\" data-id=\"d621d6e\" data-element_type=\"widget\" data-e-type=\"widget\" data-widget_type=\"wts-modal-popup.default\">\n\t\t\t\t<div class=\"elementor-widget-container\">\n\t\t\t\t\t\t\t<div class=\"eae-popup-wrapper eae-popup-eae-pupup-item-29205997\" data-id=\"eae-pupup-item-29205997\" data-preview-modal=\"\" data-close-button-type=\"icon\" data-close-btn=\"fas fa-times\" data-close-in-out=\"true\" data-effect=\"zoom-in\">\n\t\t\t<a class=\"eae-popup-link icon-position-before\"\n\t\t\tdata-id=\"eae-pupup-item-29205997\" data-ctrl-id=\"d621d6e\" href=\"#eae-pupup-item-29205997\">\n\t\t\t\t\t\t\t\t\t\t\t\t\t\t<span class=\"eae-popup-btn-icon\">\n\t\t\t\t\t\t<i aria-hidden=\"true\" class=\"fas fa-arrow-right\"><\/i>\t\t\t\t\t<\/span>\n\t\t\t\t\t\t\t\t\t\t\t\t<span class=\"eae-popup-btn-text\">\n\t\t\t\t\t\t\t\u00d6ffnen\t\t\t\t\t\t<\/span>\n\t\t\t\t\t\t\t\t\t\t\t\t\t<\/a>\n\t\t<\/div>\n\n\t\t<div id=\"eae-pupup-item-29205997\" class=\"eae-popup-eae-pupup-item-29205997 mfp-hide eae-popup-container\">\n\t\t\t<input class=\"eae-hidden-post-id\" type=\"hidden\" name=\"eae_hidden_post_id\" data-id=\"eae-pupup-item-29205997\" value=\"0\" \/>\n\t\t\t<div class=\"eae-popup-content\">\n\t\t\t\t\t\t\t\t\t<div class=\"eae-modal-content\">\n\t\t\t\t\t\t\t\t<div data-elementor-type=\"section\" data-elementor-id=\"4203\" class=\"elementor elementor-4203\" data-elementor-post-type=\"elementor_library\">\n\t\t\t\t\t<section class=\"elementor-section elementor-top-section elementor-element elementor-element-76665b6d elementor-section-full_width elementor-section-height-min-height elementor-section-items-stretch elementor-section-height-default\" data-id=\"76665b6d\" data-element_type=\"section\" data-e-type=\"section\">\n\t\t\t\t\t\t<div class=\"elementor-container elementor-column-gap-default\">\n\t\t\t\t\t<div class=\"elementor-column elementor-col-50 elementor-top-column elementor-element elementor-element-27f77bf4\" data-id=\"27f77bf4\" data-element_type=\"column\" data-e-type=\"column\">\n\t\t\t<div class=\"elementor-widget-wrap elementor-element-populated\">\n\t\t\t\t\t\t<div class=\"elementor-element elementor-element-2c72871 shadow runde-ecken elementor-widget elementor-widget-image\" data-id=\"2c72871\" data-element_type=\"widget\" data-e-type=\"widget\" data-widget_type=\"image.default\">\n\t\t\t\t<div class=\"elementor-widget-container\">\n\t\t\t\t\t\t\t\t\t\t\t\t\t\t\t\t<a href=\"https:\/\/faber-solartechnik.de\/wp-content\/uploads\/2023\/11\/Faber-Solar-Novo-Tech-3-scaled-1.jpg\" data-elementor-open-lightbox=\"yes\" data-e-action-hash=\"#elementor-action%3Aaction%3Dlightbox%26settings%3DeyJpZCI6Nzk2MSwidXJsIjoiaHR0cHM6XC9cL2ZhYmVyLXNvbGFydGVjaG5pay5kZVwvd3AtY29udGVudFwvdXBsb2Fkc1wvMjAyM1wvMTFcL0ZhYmVyLVNvbGFyLU5vdm8tVGVjaC0zLXNjYWxlZC0xLmpwZyJ9\">\n\t\t\t\t\t\t\t<img loading=\"lazy\" decoding=\"async\" width=\"768\" height=\"576\" src=\"https:\/\/faber-solartechnik.de\/wp-content\/uploads\/2023\/11\/Faber-Solar-Novo-Tech-3-scaled-1-768x576.jpg\" class=\"attachment-medium_large size-medium_large wp-image-7961\" alt=\"Luftaufnahme der Photovoltaikanlage von Faber Solartechnik auf dem Dach der Firma Novo-Tech in Sachsen-Anhalt. Die Anlage hat eine Leistung von 950 kWp und tr\u00e4gt zur nachhaltigen Energieversorgung bei.\" srcset=\"https:\/\/faber-solartechnik.de\/wp-content\/uploads\/2023\/11\/Faber-Solar-Novo-Tech-3-scaled-1-768x576.jpg 768w, https:\/\/faber-solartechnik.de\/wp-content\/uploads\/2023\/11\/Faber-Solar-Novo-Tech-3-scaled-1-300x225.jpg 300w, https:\/\/faber-solartechnik.de\/wp-content\/uploads\/2023\/11\/Faber-Solar-Novo-Tech-3-scaled-1-1024x768.jpg 1024w, https:\/\/faber-solartechnik.de\/wp-content\/uploads\/2023\/11\/Faber-Solar-Novo-Tech-3-scaled-1-1536x1152.jpg 1536w, https:\/\/faber-solartechnik.de\/wp-content\/uploads\/2023\/11\/Faber-Solar-Novo-Tech-3-scaled-1-2048x1536.jpg 2048w, https:\/\/faber-solartechnik.de\/wp-content\/uploads\/2023\/11\/Faber-Solar-Novo-Tech-3-scaled-1-16x12.jpg 16w\" sizes=\"(max-width: 768px) 100vw, 768px\" \/>\t\t\t\t\t\t\t\t<\/a>\n\t\t\t\t\t\t\t\t\t\t\t\t\t\t\t<\/div>\n\t\t\t\t<\/div>\n\t\t\t\t\t<\/div>\n\t\t<\/div>\n\t\t\t\t<div class=\"elementor-column elementor-col-50 elementor-top-column elementor-element elementor-element-329a626d\" data-id=\"329a626d\" data-element_type=\"column\" data-e-type=\"column\">\n\t\t\t<div class=\"elementor-widget-wrap elementor-element-populated\">\n\t\t\t\t\t\t<div class=\"elementor-element elementor-element-bf7ede2 elementor-widget elementor-widget-heading\" data-id=\"bf7ede2\" data-element_type=\"widget\" data-e-type=\"widget\" data-widget_type=\"heading.default\">\n\t\t\t\t<div class=\"elementor-widget-container\">\n\t\t\t\t\t<h3 class=\"elementor-heading-title elementor-size-default\">Aschersleben<\/h3>\t\t\t\t<\/div>\n\t\t\t\t<\/div>\n\t\t\t\t<div class=\"elementor-element elementor-element-678b441 elementor-widget-divider--view-line elementor-widget elementor-widget-divider\" data-id=\"678b441\" data-element_type=\"widget\" data-e-type=\"widget\" data-widget_type=\"divider.default\">\n\t\t\t\t<div class=\"elementor-widget-container\">\n\t\t\t\t\t\t\t<div class=\"elementor-divider\">\n\t\t\t<span class=\"elementor-divider-separator\">\n\t\t\t\t\t\t<\/span>\n\t\t<\/div>\n\t\t\t\t\t\t<\/div>\n\t\t\t\t<\/div>\n\t\t\t\t<div class=\"elementor-element elementor-element-18e98f7 elementor-widget elementor-widget-theme-post-content\" data-id=\"18e98f7\" data-element_type=\"widget\" data-e-type=\"widget\" data-widget_type=\"theme-post-content.default\">\n\t\t\t\t<div class=\"elementor-widget-container\">\n\t\t\t\t\t\t\t<div data-elementor-type=\"wp-post\" data-elementor-id=\"7466\" class=\"elementor elementor-7466\" data-elementor-post-type=\"post\">\n\t\t\t\t<div class=\"elementor-element elementor-element-2e7aef4 e-flex e-con-boxed e-con e-parent\" data-id=\"2e7aef4\" data-element_type=\"container\" data-e-type=\"container\">\n\t\t\t\t\t<div class=\"e-con-inner\">\n\t\t\t\t<div class=\"elementor-element elementor-element-1eb088f elementor-icon-list--layout-inline popup-pv-fakts elementor-align-center elementor-list-item-link-full_width elementor-widget elementor-widget-icon-list\" data-id=\"1eb088f\" data-element_type=\"widget\" data-e-type=\"widget\" data-widget_type=\"icon-list.default\">\n\t\t\t\t<div class=\"elementor-widget-container\">\n\t\t\t\t\t\t\t<ul class=\"elementor-icon-list-items elementor-inline-items\">\n\t\t\t\t\t\t\t<li class=\"elementor-icon-list-item elementor-inline-item\">\n\t\t\t\t\t\t\t\t\t\t\t<span class=\"elementor-icon-list-icon\">\n\t\t\t\t\t\t\t<i aria-hidden=\"true\" class=\"fas fa-sun\"><\/i>\t\t\t\t\t\t<\/span>\n\t\t\t\t\t\t\t\t\t\t<span class=\"elementor-icon-list-text\">950 kWp<\/span>\n\t\t\t\t\t\t\t\t\t<\/li>\n\t\t\t\t\t\t\t\t<li class=\"elementor-icon-list-item elementor-inline-item\">\n\t\t\t\t\t\t\t\t\t\t\t<span class=\"elementor-icon-list-icon\">\n\t\t\t\t\t\t\t<i aria-hidden=\"true\" class=\"fas fa-bolt\"><\/i>\t\t\t\t\t\t<\/span>\n\t\t\t\t\t\t\t\t\t\t<span class=\"elementor-icon-list-text\">901.752 kWh\/Jahr<\/span>\n\t\t\t\t\t\t\t\t\t<\/li>\n\t\t\t\t\t\t\t\t<li class=\"elementor-icon-list-item elementor-inline-item\">\n\t\t\t\t\t\t\t\t\t\t\t<span class=\"elementor-icon-list-icon\">\n\t\t\t\t\t\t\t<i aria-hidden=\"true\" class=\"fas fa-plug\"><\/i>\t\t\t\t\t\t<\/span>\n\t\t\t\t\t\t\t\t\t\t<span class=\"elementor-icon-list-text\">\u00dcberschuss<\/span>\n\t\t\t\t\t\t\t\t\t<\/li>\n\t\t\t\t\t\t\t\t<li class=\"elementor-icon-list-item elementor-inline-item\">\n\t\t\t\t\t\t\t\t\t\t\t<span class=\"elementor-icon-list-icon\">\n\t\t\t\t\t\t\t<i aria-hidden=\"true\" class=\"fas fa-tools\"><\/i>\t\t\t\t\t\t<\/span>\n\t\t\t\t\t\t\t\t\t\t<span class=\"elementor-icon-list-text\">Aufgest\u00e4ndert<\/span>\n\t\t\t\t\t\t\t\t\t<\/li>\n\t\t\t\t\t\t\t\t<li class=\"elementor-icon-list-item elementor-inline-item\">\n\t\t\t\t\t\t\t\t\t\t\t<span class=\"elementor-icon-list-icon\">\n\t\t\t\t\t\t\t<i aria-hidden=\"true\" class=\"fas fa-map-marker-alt\"><\/i>\t\t\t\t\t\t<\/span>\n\t\t\t\t\t\t\t\t\t\t<span class=\"elementor-icon-list-text\">Sachsen-Anhalt<\/span>\n\t\t\t\t\t\t\t\t\t<\/li>\n\t\t\t\t\t\t<\/ul>\n\t\t\t\t\t\t<\/div>\n\t\t\t\t<\/div>\n\t\t\t\t<div class=\"elementor-element elementor-element-4df57f5 elementor-widget elementor-widget-gallery\" data-id=\"4df57f5\" data-element_type=\"widget\" data-e-type=\"widget\" data-settings=\"{&quot;columns&quot;:2,&quot;gallery_layout&quot;:&quot;grid&quot;,&quot;columns_tablet&quot;:2,&quot;columns_mobile&quot;:1,&quot;gap&quot;:{&quot;unit&quot;:&quot;px&quot;,&quot;size&quot;:10,&quot;sizes&quot;:[]},&quot;gap_laptop&quot;:{&quot;unit&quot;:&quot;px&quot;,&quot;size&quot;:10,&quot;sizes&quot;:[]},&quot;gap_tablet_extra&quot;:{&quot;unit&quot;:&quot;px&quot;,&quot;size&quot;:10,&quot;sizes&quot;:[]},&quot;gap_tablet&quot;:{&quot;unit&quot;:&quot;px&quot;,&quot;size&quot;:10,&quot;sizes&quot;:[]},&quot;gap_mobile&quot;:{&quot;unit&quot;:&quot;px&quot;,&quot;size&quot;:10,&quot;sizes&quot;:[]},&quot;link_to&quot;:&quot;file&quot;,&quot;aspect_ratio&quot;:&quot;3:2&quot;,&quot;overlay_background&quot;:&quot;yes&quot;,&quot;content_hover_animation&quot;:&quot;fade-in&quot;}\" data-widget_type=\"gallery.default\">\n\t\t\t\t<div class=\"elementor-widget-container\">\n\t\t\t\t\t\t\t<div class=\"elementor-gallery__container\">\n\t\t\t\t\t\t\t<a class=\"e-gallery-item elementor-gallery-item elementor-animated-content\" href=\"https:\/\/faber-solartechnik.de\/wp-content\/uploads\/2023\/11\/Faber-Solar-Novo-Tech-9-scaled.jpg\" data-elementor-open-lightbox=\"yes\" data-elementor-lightbox-slideshow=\"4df57f5\" data-e-action-hash=\"#elementor-action%3Aaction%3Dlightbox%26settings%3DeyJpZCI6NzM4MywidXJsIjoiaHR0cHM6XC9cL2ZhYmVyLXNvbGFydGVjaG5pay5kZVwvd3AtY29udGVudFwvdXBsb2Fkc1wvMjAyM1wvMTFcL0ZhYmVyLVNvbGFyLU5vdm8tVGVjaC05LXNjYWxlZC5qcGciLCJzbGlkZXNob3ciOiI0ZGY1N2Y1In0%3D\">\n\t\t\t\t\t<div class=\"e-gallery-image elementor-gallery-item__image\" data-thumbnail=\"https:\/\/faber-solartechnik.de\/wp-content\/uploads\/2023\/11\/Faber-Solar-Novo-Tech-9-768x576.jpg\" data-width=\"768\" data-height=\"576\" aria-label=\"\" role=\"img\" ><\/div>\n\t\t\t\t\t\t\t\t\t\t\t<div class=\"elementor-gallery-item__overlay\"><\/div>\n\t\t\t\t\t\t\t\t\t\t\t\t\t\t<\/a>\n\t\t\t\t\t\t\t<a class=\"e-gallery-item elementor-gallery-item elementor-animated-content\" href=\"https:\/\/faber-solartechnik.de\/wp-content\/uploads\/2023\/11\/Faber-Solar-Novo-Tech-7-scaled.jpg\" data-elementor-open-lightbox=\"yes\" data-elementor-lightbox-slideshow=\"4df57f5\" data-e-action-hash=\"#elementor-action%3Aaction%3Dlightbox%26settings%3DeyJpZCI6NzM4NSwidXJsIjoiaHR0cHM6XC9cL2ZhYmVyLXNvbGFydGVjaG5pay5kZVwvd3AtY29udGVudFwvdXBsb2Fkc1wvMjAyM1wvMTFcL0ZhYmVyLVNvbGFyLU5vdm8tVGVjaC03LXNjYWxlZC5qcGciLCJzbGlkZXNob3ciOiI0ZGY1N2Y1In0%3D\">\n\t\t\t\t\t<div class=\"e-gallery-image elementor-gallery-item__image\" data-thumbnail=\"https:\/\/faber-solartechnik.de\/wp-content\/uploads\/2023\/11\/Faber-Solar-Novo-Tech-7-768x576.jpg\" data-width=\"768\" data-height=\"576\" aria-label=\"\" role=\"img\" ><\/div>\n\t\t\t\t\t\t\t\t\t\t\t<div class=\"elementor-gallery-item__overlay\"><\/div>\n\t\t\t\t\t\t\t\t\t\t\t\t\t\t<\/a>\n\t\t\t\t\t\t\t<a class=\"e-gallery-item elementor-gallery-item elementor-animated-content\" href=\"https:\/\/faber-solartechnik.de\/wp-content\/uploads\/2023\/11\/Faber-Solar-Novo-Tech-6-scaled.jpg\" data-elementor-open-lightbox=\"yes\" data-elementor-lightbox-slideshow=\"4df57f5\" data-e-action-hash=\"#elementor-action%3Aaction%3Dlightbox%26settings%3DeyJpZCI6NzM5MiwidXJsIjoiaHR0cHM6XC9cL2ZhYmVyLXNvbGFydGVjaG5pay5kZVwvd3AtY29udGVudFwvdXBsb2Fkc1wvMjAyM1wvMTFcL0ZhYmVyLVNvbGFyLU5vdm8tVGVjaC02LXNjYWxlZC5qcGciLCJzbGlkZXNob3ciOiI0ZGY1N2Y1In0%3D\">\n\t\t\t\t\t<div class=\"e-gallery-image elementor-gallery-item__image\" data-thumbnail=\"https:\/\/faber-solartechnik.de\/wp-content\/uploads\/2023\/11\/Faber-Solar-Novo-Tech-6-768x576.jpg\" data-width=\"768\" data-height=\"576\" aria-label=\"\" role=\"img\" ><\/div>\n\t\t\t\t\t\t\t\t\t\t\t<div class=\"elementor-gallery-item__overlay\"><\/div>\n\t\t\t\t\t\t\t\t\t\t\t\t\t\t<\/a>\n\t\t\t\t\t\t\t<a class=\"e-gallery-item elementor-gallery-item elementor-animated-content\" href=\"https:\/\/faber-solartechnik.de\/wp-content\/uploads\/2023\/11\/Faber-Solar-Novo-Tech-5-scaled.jpg\" data-elementor-open-lightbox=\"yes\" data-elementor-lightbox-slideshow=\"4df57f5\" data-e-action-hash=\"#elementor-action%3Aaction%3Dlightbox%26settings%3DeyJpZCI6NzM5MywidXJsIjoiaHR0cHM6XC9cL2ZhYmVyLXNvbGFydGVjaG5pay5kZVwvd3AtY29udGVudFwvdXBsb2Fkc1wvMjAyM1wvMTFcL0ZhYmVyLVNvbGFyLU5vdm8tVGVjaC01LXNjYWxlZC5qcGciLCJzbGlkZXNob3ciOiI0ZGY1N2Y1In0%3D\">\n\t\t\t\t\t<div class=\"e-gallery-image elementor-gallery-item__image\" data-thumbnail=\"https:\/\/faber-solartechnik.de\/wp-content\/uploads\/2023\/11\/Faber-Solar-Novo-Tech-5-768x576.jpg\" data-width=\"768\" data-height=\"576\" aria-label=\"\" role=\"img\" ><\/div>\n\t\t\t\t\t\t\t\t\t\t\t<div class=\"elementor-gallery-item__overlay\"><\/div>\n\t\t\t\t\t\t\t\t\t\t\t\t\t\t<\/a>\n\t\t\t\t\t\t\t<a class=\"e-gallery-item elementor-gallery-item elementor-animated-content\" href=\"https:\/\/faber-solartechnik.de\/wp-content\/uploads\/2023\/11\/Faber-Solar-Novo-Tech-3-scaled.jpg\" data-elementor-open-lightbox=\"yes\" data-elementor-lightbox-slideshow=\"4df57f5\" data-e-action-hash=\"#elementor-action%3Aaction%3Dlightbox%26settings%3DeyJpZCI6NzM5OCwidXJsIjoiaHR0cHM6XC9cL2ZhYmVyLXNvbGFydGVjaG5pay5kZVwvd3AtY29udGVudFwvdXBsb2Fkc1wvMjAyM1wvMTFcL0ZhYmVyLVNvbGFyLU5vdm8tVGVjaC0zLXNjYWxlZC5qcGciLCJzbGlkZXNob3ciOiI0ZGY1N2Y1In0%3D\">\n\t\t\t\t\t<div class=\"e-gallery-image elementor-gallery-item__image\" data-thumbnail=\"https:\/\/faber-solartechnik.de\/wp-content\/uploads\/2023\/11\/Faber-Solar-Novo-Tech-3-768x576.jpg\" data-width=\"768\" data-height=\"576\" aria-label=\"\" role=\"img\" ><\/div>\n\t\t\t\t\t\t\t\t\t\t\t<div class=\"elementor-gallery-item__overlay\"><\/div>\n\t\t\t\t\t\t\t\t\t\t\t\t\t\t<\/a>\n\t\t\t\t\t\t\t<a class=\"e-gallery-item elementor-gallery-item elementor-animated-content\" href=\"https:\/\/faber-solartechnik.de\/wp-content\/uploads\/2023\/11\/Faber-Solar-Novo-Tech-16-scaled.jpg\" data-elementor-open-lightbox=\"yes\" data-elementor-lightbox-slideshow=\"4df57f5\" data-e-action-hash=\"#elementor-action%3Aaction%3Dlightbox%26settings%3DeyJpZCI6NzQwMCwidXJsIjoiaHR0cHM6XC9cL2ZhYmVyLXNvbGFydGVjaG5pay5kZVwvd3AtY29udGVudFwvdXBsb2Fkc1wvMjAyM1wvMTFcL0ZhYmVyLVNvbGFyLU5vdm8tVGVjaC0xNi1zY2FsZWQuanBnIiwic2xpZGVzaG93IjoiNGRmNTdmNSJ9\">\n\t\t\t\t\t<div class=\"e-gallery-image elementor-gallery-item__image\" data-thumbnail=\"https:\/\/faber-solartechnik.de\/wp-content\/uploads\/2023\/11\/Faber-Solar-Novo-Tech-16-768x576.jpg\" data-width=\"768\" data-height=\"576\" aria-label=\"\" role=\"img\" ><\/div>\n\t\t\t\t\t\t\t\t\t\t\t<div class=\"elementor-gallery-item__overlay\"><\/div>\n\t\t\t\t\t\t\t\t\t\t\t\t\t\t<\/a>\n\t\t\t\t\t\t\t<a class=\"e-gallery-item elementor-gallery-item elementor-animated-content\" href=\"https:\/\/faber-solartechnik.de\/wp-content\/uploads\/2023\/11\/Faber-Solar-Novo-Tech-13-scaled.jpg\" data-elementor-open-lightbox=\"yes\" data-elementor-lightbox-slideshow=\"4df57f5\" data-e-action-hash=\"#elementor-action%3Aaction%3Dlightbox%26settings%3DeyJpZCI6NzQwMywidXJsIjoiaHR0cHM6XC9cL2ZhYmVyLXNvbGFydGVjaG5pay5kZVwvd3AtY29udGVudFwvdXBsb2Fkc1wvMjAyM1wvMTFcL0ZhYmVyLVNvbGFyLU5vdm8tVGVjaC0xMy1zY2FsZWQuanBnIiwic2xpZGVzaG93IjoiNGRmNTdmNSJ9\">\n\t\t\t\t\t<div class=\"e-gallery-image elementor-gallery-item__image\" data-thumbnail=\"https:\/\/faber-solartechnik.de\/wp-content\/uploads\/2023\/11\/Faber-Solar-Novo-Tech-13-768x576.jpg\" data-width=\"768\" data-height=\"576\" aria-label=\"\" role=\"img\" ><\/div>\n\t\t\t\t\t\t\t\t\t\t\t<div class=\"elementor-gallery-item__overlay\"><\/div>\n\t\t\t\t\t\t\t\t\t\t\t\t\t\t<\/a>\n\t\t\t\t\t\t\t<a class=\"e-gallery-item elementor-gallery-item elementor-animated-content\" href=\"https:\/\/faber-solartechnik.de\/wp-content\/uploads\/2023\/11\/Faber-Solar-Novo-Tech-2-scaled.jpg\" data-elementor-open-lightbox=\"yes\" data-elementor-lightbox-slideshow=\"4df57f5\" data-e-action-hash=\"#elementor-action%3Aaction%3Dlightbox%26settings%3DeyJpZCI6NzM5OSwidXJsIjoiaHR0cHM6XC9cL2ZhYmVyLXNvbGFydGVjaG5pay5kZVwvd3AtY29udGVudFwvdXBsb2Fkc1wvMjAyM1wvMTFcL0ZhYmVyLVNvbGFyLU5vdm8tVGVjaC0yLXNjYWxlZC5qcGciLCJzbGlkZXNob3ciOiI0ZGY1N2Y1In0%3D\">\n\t\t\t\t\t<div class=\"e-gallery-image elementor-gallery-item__image\" data-thumbnail=\"https:\/\/faber-solartechnik.de\/wp-content\/uploads\/2023\/11\/Faber-Solar-Novo-Tech-2-768x576.jpg\" data-width=\"768\" data-height=\"576\" aria-label=\"\" role=\"img\" ><\/div>\n\t\t\t\t\t\t\t\t\t\t\t<div class=\"elementor-gallery-item__overlay\"><\/div>\n\t\t\t\t\t\t\t\t\t\t\t\t\t\t<\/a>\n\t\t\t\t\t<\/div>\n\t\t\t\t\t<\/div>\n\t\t\t\t<\/div>\n\t\t\t\t<div class=\"elementor-element elementor-element-ef4187e elementor-widget elementor-widget-text-editor\" data-id=\"ef4187e\" data-element_type=\"widget\" data-e-type=\"widget\" data-widget_type=\"text-editor.default\">\n\t\t\t\t<div class=\"elementor-widget-container\">\n\t\t\t\t\t\t\t\t\t<p>Faber Solartechnik hat eine beeindruckende Photovoltaikanlage mit einer Leistung von 950 kWp auf dem Dach der Firma Novo-Tech in Sachsen-Anhalt installiert. Mit einem j\u00e4hrlichen Ertrag von 901.752 kWh tr\u00e4gt die Anlage ma\u00dfgeblich zur nachhaltigen Energieversorgung bei. Durch die Aufst\u00e4nderung und die Nutzung des \u00dcberschusses wird nicht nur Energie gespart, sondern auch aktiv zur Reduzierung der CO\u2082-Emissionen beigetragen.<\/p><p>Novo-Tech steht f\u00fcr umweltfreundliche, recycelbare Naturwerkstoffe und setzt auf innovative, ressourcenschonende L\u00f6sungen. Durch die Partnerschaft zwischen Faber Solartechnik und Novo-Tech wird nicht nur die Energieversorgung, sondern auch der nachhaltige Einsatz von Materialien in der Produktion gef\u00f6rdert.<\/p><p>Gemeinsam gestalten wir die Zukunft \u2013 sauber, nachhaltig und effizient! \ud83c\udf31\ud83d\udca1<\/p>\t\t\t\t\t\t\t\t<\/div>\n\t\t\t\t<\/div>\n\t\t\t\t\t<\/div>\n\t\t\t\t<\/div>\n\t\t\t\t<\/div>\n\t\t\t\t\t\t<\/div>\n\t\t\t\t<\/div>\n\t\t\t\t<div class=\"elementor-element elementor-element-b294ae0 e-transform e-transform elementor-align-right elementor-absolute elementor-invisible elementor-widget elementor-widget-button\" data-id=\"b294ae0\" data-element_type=\"widget\" data-e-type=\"widget\" data-settings=\"{&quot;_transform_translateX_effect_hover&quot;:{&quot;unit&quot;:&quot;px&quot;,&quot;size&quot;:-10,&quot;sizes&quot;:[]},&quot;_animation&quot;:&quot;fadeInUp&quot;,&quot;_animation_delay&quot;:1000,&quot;_position&quot;:&quot;absolute&quot;,&quot;_transform_translateX_effect&quot;:{&quot;unit&quot;:&quot;px&quot;,&quot;size&quot;:&quot;&quot;,&quot;sizes&quot;:[]},&quot;_transform_translateX_effect_laptop&quot;:{&quot;unit&quot;:&quot;px&quot;,&quot;size&quot;:&quot;&quot;,&quot;sizes&quot;:[]},&quot;_transform_translateX_effect_tablet_extra&quot;:{&quot;unit&quot;:&quot;px&quot;,&quot;size&quot;:&quot;&quot;,&quot;sizes&quot;:[]},&quot;_transform_translateX_effect_tablet&quot;:{&quot;unit&quot;:&quot;px&quot;,&quot;size&quot;:&quot;&quot;,&quot;sizes&quot;:[]},&quot;_transform_translateX_effect_mobile&quot;:{&quot;unit&quot;:&quot;px&quot;,&quot;size&quot;:&quot;&quot;,&quot;sizes&quot;:[]},&quot;_transform_translateY_effect&quot;:{&quot;unit&quot;:&quot;px&quot;,&quot;size&quot;:&quot;&quot;,&quot;sizes&quot;:[]},&quot;_transform_translateY_effect_laptop&quot;:{&quot;unit&quot;:&quot;px&quot;,&quot;size&quot;:&quot;&quot;,&quot;sizes&quot;:[]},&quot;_transform_translateY_effect_tablet_extra&quot;:{&quot;unit&quot;:&quot;px&quot;,&quot;size&quot;:&quot;&quot;,&quot;sizes&quot;:[]},&quot;_transform_translateY_effect_tablet&quot;:{&quot;unit&quot;:&quot;px&quot;,&quot;size&quot;:&quot;&quot;,&quot;sizes&quot;:[]},&quot;_transform_translateY_effect_mobile&quot;:{&quot;unit&quot;:&quot;px&quot;,&quot;size&quot;:&quot;&quot;,&quot;sizes&quot;:[]},&quot;_transform_translateX_effect_hover_laptop&quot;:{&quot;unit&quot;:&quot;px&quot;,&quot;size&quot;:&quot;&quot;,&quot;sizes&quot;:[]},&quot;_transform_translateX_effect_hover_tablet_extra&quot;:{&quot;unit&quot;:&quot;px&quot;,&quot;size&quot;:&quot;&quot;,&quot;sizes&quot;:[]},&quot;_transform_translateX_effect_hover_tablet&quot;:{&quot;unit&quot;:&quot;px&quot;,&quot;size&quot;:&quot;&quot;,&quot;sizes&quot;:[]},&quot;_transform_translateX_effect_hover_mobile&quot;:{&quot;unit&quot;:&quot;px&quot;,&quot;size&quot;:&quot;&quot;,&quot;sizes&quot;:[]},&quot;_transform_translateY_effect_hover&quot;:{&quot;unit&quot;:&quot;px&quot;,&quot;size&quot;:&quot;&quot;,&quot;sizes&quot;:[]},&quot;_transform_translateY_effect_hover_laptop&quot;:{&quot;unit&quot;:&quot;px&quot;,&quot;size&quot;:&quot;&quot;,&quot;sizes&quot;:[]},&quot;_transform_translateY_effect_hover_tablet_extra&quot;:{&quot;unit&quot;:&quot;px&quot;,&quot;size&quot;:&quot;&quot;,&quot;sizes&quot;:[]},&quot;_transform_translateY_effect_hover_tablet&quot;:{&quot;unit&quot;:&quot;px&quot;,&quot;size&quot;:&quot;&quot;,&quot;sizes&quot;:[]},&quot;_transform_translateY_effect_hover_mobile&quot;:{&quot;unit&quot;:&quot;px&quot;,&quot;size&quot;:&quot;&quot;,&quot;sizes&quot;:[]}}\" data-widget_type=\"button.default\">\n\t\t\t\t<div class=\"elementor-widget-container\">\n\t\t\t\t\t\t\t\t\t<div class=\"elementor-button-wrapper\">\n\t\t\t\t\t<a class=\"elementor-button elementor-button-link elementor-size-xs\" href=\"https:\/\/faber-solartechnik.de\/en\/projekte\/aschersleben\/\" target=\"_blank\">\n\t\t\t\t\t\t<span class=\"elementor-button-content-wrapper\">\n\t\t\t\t\t\t<span class=\"elementor-button-icon\">\n\t\t\t\t<i aria-hidden=\"true\" class=\"far fa-window-restore\"><\/i>\t\t\t<\/span>\n\t\t\t\t\t\t\t\t\t<span class=\"elementor-button-text\">Projekt in neuem Tab \u00f6ffnen<\/span>\n\t\t\t\t\t<\/span>\n\t\t\t\t\t<\/a>\n\t\t\t\t<\/div>\n\t\t\t\t\t\t\t\t<\/div>\n\t\t\t\t<\/div>\n\t\t\t\t\t<\/div>\n\t\t<\/div>\n\t\t\t\t\t<\/div>\n\t\t<\/section>\n\t\t\t\t<\/div>\n\t\t\t\t\t\t\t<\/div>\n\t\t\t\t\t\t\t\t<\/div>\n\t\t<\/div>\n\t\t\t\t\t\t<\/div>\n\t\t\t\t<\/div>\n\t\t\t\t<div class=\"elementor-element elementor-element-15922a7 elementor-widget elementor-widget-button\" data-id=\"15922a7\" data-element_type=\"widget\" data-e-type=\"widget\" data-widget_type=\"button.default\">\n\t\t\t\t<div class=\"elementor-widget-container\">\n\t\t\t\t\t\t\t\t\t<div class=\"elementor-button-wrapper\">\n\t\t\t\t\t<a class=\"elementor-button elementor-button-link elementor-size-xs\" href=\"https:\/\/faber-solartechnik.de\/en\/projekte\/aschersleben\/\" target=\"_blank\">\n\t\t\t\t\t\t<span class=\"elementor-button-content-wrapper\">\n\t\t\t\t\t\t<span class=\"elementor-button-icon\">\n\t\t\t\t<i aria-hidden=\"true\" class=\"fas fa-arrow-right\"><\/i>\t\t\t<\/span>\n\t\t\t\t\t\t\t\t\t<span class=\"elementor-button-text\">\u00d6ffnen<\/span>\n\t\t\t\t\t<\/span>\n\t\t\t\t\t<\/a>\n\t\t\t\t<\/div>\n\t\t\t\t\t\t\t\t<\/div>\n\t\t\t\t<\/div>\n\t\t\t\t\t<\/div>\n\t\t<\/div>\n\t\t\t\t\t<\/div>\n\t\t<\/section>\n\t\t\t\t<\/div>\n\t\t<style id=\"loop-dynamic-3527\">.e-loop-item-7460 .elementor-element.elementor-element-a252bde > .elementor-background-overlay{background-image:url(\"https:\/\/faber-solartechnik.de\/wp-content\/uploads\/2023\/11\/Faber-Solar-Keunecke-Feinkost-6-scaled.jpg\");}<\/style>\t\t<div data-elementor-type=\"loop-item\" data-elementor-id=\"3527\" class=\"elementor elementor-3527 swiper-slide e-loop-item e-loop-item-7460 post-7460 post type-post status-publish format-standard has-post-thumbnail hentry category-projekte\" data-elementor-post-type=\"elementor_library\" role=\"group\" aria-roledescription=\"slide\" data-custom-edit-handle=\"1\">\n\t\t\t\t\t<section class=\"elementor-section elementor-top-section elementor-element elementor-element-a252bde elementor-section-height-min-height elementor-section-items-stretch loopnews runde-ecken elementor-section-boxed elementor-section-height-default\" data-id=\"a252bde\" data-element_type=\"section\" data-e-type=\"section\">\n\t\t\t\t\t\t\t<div class=\"elementor-background-overlay\"><\/div>\n\t\t\t\t\t\t\t<div class=\"elementor-container elementor-column-gap-no\">\n\t\t\t\t\t<div class=\"elementor-column elementor-col-100 elementor-top-column elementor-element elementor-element-6fcfada runde-ecken\" data-id=\"6fcfada\" data-element_type=\"column\" data-e-type=\"column\" data-settings=\"{&quot;background_background&quot;:&quot;classic&quot;}\">\n\t\t\t<div class=\"elementor-widget-wrap elementor-element-populated\">\n\t\t\t\t\t<div class=\"elementor-background-overlay\"><\/div>\n\t\t\t\t\t\t<section class=\"elementor-section elementor-inner-section elementor-element elementor-element-6604a6b elementor-section-boxed elementor-section-height-default elementor-section-height-default\" data-id=\"6604a6b\" data-element_type=\"section\" data-e-type=\"section\">\n\t\t\t\t\t\t<div class=\"elementor-container elementor-column-gap-no\">\n\t\t\t\t\t<div class=\"elementor-column elementor-col-100 elementor-inner-column elementor-element elementor-element-f098b0d\" data-id=\"f098b0d\" data-element_type=\"column\" data-e-type=\"column\">\n\t\t\t<div class=\"elementor-widget-wrap elementor-element-populated\">\n\t\t\t\t\t\t<div class=\"elementor-element elementor-element-1f94609 elementor-widget elementor-widget-post-info\" data-id=\"1f94609\" data-element_type=\"widget\" data-e-type=\"widget\" data-widget_type=\"post-info.default\">\n\t\t\t\t<div class=\"elementor-widget-container\">\n\t\t\t\t\t\t\t<ul class=\"elementor-inline-items elementor-icon-list-items elementor-post-info\">\n\t\t\t\t\t\t\t\t<li class=\"elementor-icon-list-item elementor-repeater-item-fb2fc86 elementor-inline-item\" itemprop=\"about\">\n\t\t\t\t\t\t\t\t\t\t\t\t\t<span class=\"elementor-icon-list-text elementor-post-info__item elementor-post-info__item--type-terms\">\n\t\t\t\t\t\t\t\t\t\t<span class=\"elementor-post-info__terms-list\">\n\t\t\t\t<a href=\"https:\/\/faber-solartechnik.de\/en\/.\/projekte\/\" class=\"elementor-post-info__terms-list-item\">Projekte<\/a>\t\t\t\t<\/span>\n\t\t\t\t\t<\/span>\n\t\t\t\t\t\t\t\t<\/li>\n\t\t\t\t<\/ul>\n\t\t\t\t\t\t<\/div>\n\t\t\t\t<\/div>\n\t\t\t\t<div class=\"elementor-element elementor-element-009b0cb elementor-widget elementor-widget-heading\" data-id=\"009b0cb\" data-element_type=\"widget\" data-e-type=\"widget\" data-widget_type=\"heading.default\">\n\t\t\t\t<div class=\"elementor-widget-container\">\n\t\t\t\t\t<h4 class=\"elementor-heading-title elementor-size-default\"><a href=\"https:\/\/faber-solartechnik.de\/en\/projekte\/ballenstedt\/\" target=\"_blank\">Ballenstedt<\/a><\/h4>\t\t\t\t<\/div>\n\t\t\t\t<\/div>\n\t\t\t\t<div class=\"elementor-element elementor-element-6321c9b elementor-hidden-mobile eae-pop-btn-align-left popupklicktitel elementor-hidden-desktop elementor-hidden-tablet eae-pop-btn-type-text elementor-widget elementor-widget-wts-modal-popup\" data-id=\"6321c9b\" data-element_type=\"widget\" data-e-type=\"widget\" data-widget_type=\"wts-modal-popup.default\">\n\t\t\t\t<div class=\"elementor-widget-container\">\n\t\t\t\t\t\t\t<div class=\"eae-popup-wrapper eae-popup-eae-pupup-item-184803464\" data-id=\"eae-pupup-item-184803464\" data-preview-modal=\"\" data-close-button-type=\"icon\" data-close-btn=\"fas fa-times\" data-close-in-out=\"true\" data-effect=\"zoom-in\">\n\t\t\t<a class=\"eae-popup-link icon-position-after\"\n\t\t\tdata-id=\"eae-pupup-item-184803464\" data-ctrl-id=\"6321c9b\" href=\"#eae-pupup-item-184803464\">\n\t\t\t\t\t\t\t\t\t\t\t\t\t\t\t<span class=\"eae-popup-btn-text\">\n\t\t\t\t\t\t\tBallenstedt\t\t\t\t\t\t<\/span>\n\t\t\t\t\t\t\t\t\t\t<span class=\"eae-popup-btn-icon\">\n\t\t\t\t\t\t\t\t\t\t\t<\/span>\n\t\t\t\t\t\t\t\t\t\t\t\t\t\t<\/a>\n\t\t<\/div>\n\n\t\t<div id=\"eae-pupup-item-184803464\" class=\"eae-popup-eae-pupup-item-184803464 mfp-hide eae-popup-container\">\n\t\t\t<input class=\"eae-hidden-post-id\" type=\"hidden\" name=\"eae_hidden_post_id\" data-id=\"eae-pupup-item-184803464\" value=\"0\" \/>\n\t\t\t<div class=\"eae-popup-content\">\n\t\t\t\t\t\t\t\t\t<div class=\"eae-modal-content\">\n\t\t\t\t\t\t\t\t<div data-elementor-type=\"section\" data-elementor-id=\"4203\" class=\"elementor elementor-4203\" data-elementor-post-type=\"elementor_library\">\n\t\t\t\t\t<section class=\"elementor-section elementor-top-section elementor-element elementor-element-76665b6d elementor-section-full_width elementor-section-height-min-height elementor-section-items-stretch elementor-section-height-default\" data-id=\"76665b6d\" data-element_type=\"section\" data-e-type=\"section\">\n\t\t\t\t\t\t<div class=\"elementor-container elementor-column-gap-default\">\n\t\t\t\t\t<div class=\"elementor-column elementor-col-50 elementor-top-column elementor-element elementor-element-27f77bf4\" data-id=\"27f77bf4\" data-element_type=\"column\" data-e-type=\"column\">\n\t\t\t<div class=\"elementor-widget-wrap elementor-element-populated\">\n\t\t\t\t\t\t<div class=\"elementor-element elementor-element-2c72871 shadow runde-ecken elementor-widget elementor-widget-image\" data-id=\"2c72871\" data-element_type=\"widget\" data-e-type=\"widget\" data-widget_type=\"image.default\">\n\t\t\t\t<div class=\"elementor-widget-container\">\n\t\t\t\t\t\t\t\t\t\t\t\t\t\t\t\t<a href=\"https:\/\/faber-solartechnik.de\/wp-content\/uploads\/2023\/11\/Faber-Solar-Keunecke-Feinkost-6-scaled.jpg\" data-elementor-open-lightbox=\"yes\" data-e-action-hash=\"#elementor-action%3Aaction%3Dlightbox%26settings%3DeyJpZCI6NzM3MiwidXJsIjoiaHR0cHM6XC9cL2ZhYmVyLXNvbGFydGVjaG5pay5kZVwvd3AtY29udGVudFwvdXBsb2Fkc1wvMjAyM1wvMTFcL0ZhYmVyLVNvbGFyLUtldW5lY2tlLUZlaW5rb3N0LTYtc2NhbGVkLmpwZyJ9\">\n\t\t\t\t\t\t\t<img loading=\"lazy\" decoding=\"async\" width=\"768\" height=\"576\" src=\"https:\/\/faber-solartechnik.de\/wp-content\/uploads\/2023\/11\/Faber-Solar-Keunecke-Feinkost-6-768x576.jpg\" class=\"attachment-medium_large size-medium_large wp-image-7372\" alt=\"\" srcset=\"https:\/\/faber-solartechnik.de\/wp-content\/uploads\/2023\/11\/Faber-Solar-Keunecke-Feinkost-6-768x576.jpg 768w, https:\/\/faber-solartechnik.de\/wp-content\/uploads\/2023\/11\/Faber-Solar-Keunecke-Feinkost-6-300x225.jpg 300w, https:\/\/faber-solartechnik.de\/wp-content\/uploads\/2023\/11\/Faber-Solar-Keunecke-Feinkost-6-1024x768.jpg 1024w, https:\/\/faber-solartechnik.de\/wp-content\/uploads\/2023\/11\/Faber-Solar-Keunecke-Feinkost-6-1536x1152.jpg 1536w, https:\/\/faber-solartechnik.de\/wp-content\/uploads\/2023\/11\/Faber-Solar-Keunecke-Feinkost-6-2048x1536.jpg 2048w, https:\/\/faber-solartechnik.de\/wp-content\/uploads\/2023\/11\/Faber-Solar-Keunecke-Feinkost-6-16x12.jpg 16w\" sizes=\"(max-width: 768px) 100vw, 768px\" \/>\t\t\t\t\t\t\t\t<\/a>\n\t\t\t\t\t\t\t\t\t\t\t\t\t\t\t<\/div>\n\t\t\t\t<\/div>\n\t\t\t\t\t<\/div>\n\t\t<\/div>\n\t\t\t\t<div class=\"elementor-column elementor-col-50 elementor-top-column elementor-element elementor-element-329a626d\" data-id=\"329a626d\" data-element_type=\"column\" data-e-type=\"column\">\n\t\t\t<div class=\"elementor-widget-wrap elementor-element-populated\">\n\t\t\t\t\t\t<div class=\"elementor-element elementor-element-bf7ede2 elementor-widget elementor-widget-heading\" data-id=\"bf7ede2\" data-element_type=\"widget\" data-e-type=\"widget\" data-widget_type=\"heading.default\">\n\t\t\t\t<div class=\"elementor-widget-container\">\n\t\t\t\t\t<h3 class=\"elementor-heading-title elementor-size-default\">Ballenstedt<\/h3>\t\t\t\t<\/div>\n\t\t\t\t<\/div>\n\t\t\t\t<div class=\"elementor-element elementor-element-678b441 elementor-widget-divider--view-line elementor-widget elementor-widget-divider\" data-id=\"678b441\" data-element_type=\"widget\" data-e-type=\"widget\" data-widget_type=\"divider.default\">\n\t\t\t\t<div class=\"elementor-widget-container\">\n\t\t\t\t\t\t\t<div class=\"elementor-divider\">\n\t\t\t<span class=\"elementor-divider-separator\">\n\t\t\t\t\t\t<\/span>\n\t\t<\/div>\n\t\t\t\t\t\t<\/div>\n\t\t\t\t<\/div>\n\t\t\t\t<div class=\"elementor-element elementor-element-18e98f7 elementor-widget elementor-widget-theme-post-content\" data-id=\"18e98f7\" data-element_type=\"widget\" data-e-type=\"widget\" data-widget_type=\"theme-post-content.default\">\n\t\t\t\t<div class=\"elementor-widget-container\">\n\t\t\t\t\t\t\t<div data-elementor-type=\"wp-post\" data-elementor-id=\"7460\" class=\"elementor elementor-7460\" data-elementor-post-type=\"post\">\n\t\t\t\t\t\t<section class=\"elementor-section elementor-top-section elementor-element elementor-element-5eee4021 elementor-section-boxed elementor-section-height-default elementor-section-height-default\" data-id=\"5eee4021\" data-element_type=\"section\" data-e-type=\"section\">\n\t\t\t\t\t\t<div class=\"elementor-container elementor-column-gap-default\">\n\t\t\t\t\t<div class=\"elementor-column elementor-col-100 elementor-top-column elementor-element elementor-element-74370465\" data-id=\"74370465\" data-element_type=\"column\" data-e-type=\"column\">\n\t\t\t<div class=\"elementor-widget-wrap elementor-element-populated\">\n\t\t\t\t\t\t<div class=\"elementor-element elementor-element-2c38231 elementor-icon-list--layout-inline popup-pv-fakts elementor-align-center elementor-list-item-link-full_width elementor-widget elementor-widget-icon-list\" data-id=\"2c38231\" data-element_type=\"widget\" data-e-type=\"widget\" data-widget_type=\"icon-list.default\">\n\t\t\t\t<div class=\"elementor-widget-container\">\n\t\t\t\t\t\t\t<ul class=\"elementor-icon-list-items elementor-inline-items\">\n\t\t\t\t\t\t\t<li class=\"elementor-icon-list-item elementor-inline-item\">\n\t\t\t\t\t\t\t\t\t\t\t<span class=\"elementor-icon-list-icon\">\n\t\t\t\t\t\t\t<i aria-hidden=\"true\" class=\"fas fa-sun\"><\/i>\t\t\t\t\t\t<\/span>\n\t\t\t\t\t\t\t\t\t\t<span class=\"elementor-icon-list-text\">750 kWp<\/span>\n\t\t\t\t\t\t\t\t\t<\/li>\n\t\t\t\t\t\t\t\t<li class=\"elementor-icon-list-item elementor-inline-item\">\n\t\t\t\t\t\t\t\t\t\t\t<span class=\"elementor-icon-list-icon\">\n\t\t\t\t\t\t\t<i aria-hidden=\"true\" class=\"fas fa-bolt\"><\/i>\t\t\t\t\t\t<\/span>\n\t\t\t\t\t\t\t\t\t\t<span class=\"elementor-icon-list-text\">721.459 kWh\/Jahr<\/span>\n\t\t\t\t\t\t\t\t\t<\/li>\n\t\t\t\t\t\t\t\t<li class=\"elementor-icon-list-item elementor-inline-item\">\n\t\t\t\t\t\t\t\t\t\t\t<span class=\"elementor-icon-list-icon\">\n\t\t\t\t\t\t\t<i aria-hidden=\"true\" class=\"fas fa-plug\"><\/i>\t\t\t\t\t\t<\/span>\n\t\t\t\t\t\t\t\t\t\t<span class=\"elementor-icon-list-text\">\u00dcberschuss<\/span>\n\t\t\t\t\t\t\t\t\t<\/li>\n\t\t\t\t\t\t\t\t<li class=\"elementor-icon-list-item elementor-inline-item\">\n\t\t\t\t\t\t\t\t\t\t\t<span class=\"elementor-icon-list-icon\">\n\t\t\t\t\t\t\t<i aria-hidden=\"true\" class=\"fas fa-tools\"><\/i>\t\t\t\t\t\t<\/span>\n\t\t\t\t\t\t\t\t\t\t<span class=\"elementor-icon-list-text\">Aufgest\u00e4ndert, Freilandanlagen<\/span>\n\t\t\t\t\t\t\t\t\t<\/li>\n\t\t\t\t\t\t\t\t<li class=\"elementor-icon-list-item elementor-inline-item\">\n\t\t\t\t\t\t\t\t\t\t\t<span class=\"elementor-icon-list-icon\">\n\t\t\t\t\t\t\t<i aria-hidden=\"true\" class=\"fas fa-map-marker-alt\"><\/i>\t\t\t\t\t\t<\/span>\n\t\t\t\t\t\t\t\t\t\t<span class=\"elementor-icon-list-text\">Sachsen-Anhalt<\/span>\n\t\t\t\t\t\t\t\t\t<\/li>\n\t\t\t\t\t\t<\/ul>\n\t\t\t\t\t\t<\/div>\n\t\t\t\t<\/div>\n\t\t\t\t<div class=\"elementor-element elementor-element-ff15ba6 elementor-widget elementor-widget-gallery\" data-id=\"ff15ba6\" data-element_type=\"widget\" data-e-type=\"widget\" data-settings=\"{&quot;gallery_layout&quot;:&quot;grid&quot;,&quot;columns&quot;:4,&quot;columns_tablet&quot;:2,&quot;columns_mobile&quot;:1,&quot;gap&quot;:{&quot;unit&quot;:&quot;px&quot;,&quot;size&quot;:10,&quot;sizes&quot;:[]},&quot;gap_laptop&quot;:{&quot;unit&quot;:&quot;px&quot;,&quot;size&quot;:10,&quot;sizes&quot;:[]},&quot;gap_tablet_extra&quot;:{&quot;unit&quot;:&quot;px&quot;,&quot;size&quot;:10,&quot;sizes&quot;:[]},&quot;gap_tablet&quot;:{&quot;unit&quot;:&quot;px&quot;,&quot;size&quot;:10,&quot;sizes&quot;:[]},&quot;gap_mobile&quot;:{&quot;unit&quot;:&quot;px&quot;,&quot;size&quot;:10,&quot;sizes&quot;:[]},&quot;link_to&quot;:&quot;file&quot;,&quot;aspect_ratio&quot;:&quot;3:2&quot;,&quot;overlay_background&quot;:&quot;yes&quot;,&quot;content_hover_animation&quot;:&quot;fade-in&quot;}\" data-widget_type=\"gallery.default\">\n\t\t\t\t<div class=\"elementor-widget-container\">\n\t\t\t\t\t\t\t<div class=\"elementor-gallery__container\">\n\t\t\t\t\t\t\t<a class=\"e-gallery-item elementor-gallery-item elementor-animated-content\" href=\"https:\/\/faber-solartechnik.de\/wp-content\/uploads\/2023\/11\/Faber-Solar-Keunecke-Feinkost-9-scaled.jpg\" data-elementor-open-lightbox=\"yes\" data-elementor-lightbox-slideshow=\"ff15ba6\" data-e-action-hash=\"#elementor-action%3Aaction%3Dlightbox%26settings%3DeyJpZCI6NzM2OSwidXJsIjoiaHR0cHM6XC9cL2ZhYmVyLXNvbGFydGVjaG5pay5kZVwvd3AtY29udGVudFwvdXBsb2Fkc1wvMjAyM1wvMTFcL0ZhYmVyLVNvbGFyLUtldW5lY2tlLUZlaW5rb3N0LTktc2NhbGVkLmpwZyIsInNsaWRlc2hvdyI6ImZmMTViYTYifQ%3D%3D\">\n\t\t\t\t\t<div class=\"e-gallery-image elementor-gallery-item__image\" data-thumbnail=\"https:\/\/faber-solartechnik.de\/wp-content\/uploads\/2023\/11\/Faber-Solar-Keunecke-Feinkost-9-300x225.jpg\" data-width=\"300\" data-height=\"225\" aria-label=\"\" role=\"img\" ><\/div>\n\t\t\t\t\t\t\t\t\t\t\t<div class=\"elementor-gallery-item__overlay\"><\/div>\n\t\t\t\t\t\t\t\t\t\t\t\t\t\t<\/a>\n\t\t\t\t\t\t\t<a class=\"e-gallery-item elementor-gallery-item elementor-animated-content\" href=\"https:\/\/faber-solartechnik.de\/wp-content\/uploads\/2023\/11\/Faber-Solar-Keunecke-Feinkost-7-scaled.jpg\" data-elementor-open-lightbox=\"yes\" data-elementor-lightbox-slideshow=\"ff15ba6\" data-e-action-hash=\"#elementor-action%3Aaction%3Dlightbox%26settings%3DeyJpZCI6NzM3MSwidXJsIjoiaHR0cHM6XC9cL2ZhYmVyLXNvbGFydGVjaG5pay5kZVwvd3AtY29udGVudFwvdXBsb2Fkc1wvMjAyM1wvMTFcL0ZhYmVyLVNvbGFyLUtldW5lY2tlLUZlaW5rb3N0LTctc2NhbGVkLmpwZyIsInNsaWRlc2hvdyI6ImZmMTViYTYifQ%3D%3D\">\n\t\t\t\t\t<div class=\"e-gallery-image elementor-gallery-item__image\" data-thumbnail=\"https:\/\/faber-solartechnik.de\/wp-content\/uploads\/2023\/11\/Faber-Solar-Keunecke-Feinkost-7-300x225.jpg\" data-width=\"300\" data-height=\"225\" aria-label=\"\" role=\"img\" ><\/div>\n\t\t\t\t\t\t\t\t\t\t\t<div class=\"elementor-gallery-item__overlay\"><\/div>\n\t\t\t\t\t\t\t\t\t\t\t\t\t\t<\/a>\n\t\t\t\t\t\t\t<a class=\"e-gallery-item elementor-gallery-item elementor-animated-content\" href=\"https:\/\/faber-solartechnik.de\/wp-content\/uploads\/2023\/11\/Faber-Solar-Keunecke-Feinkost-4-scaled.jpg\" data-elementor-open-lightbox=\"yes\" data-elementor-lightbox-slideshow=\"ff15ba6\" data-e-action-hash=\"#elementor-action%3Aaction%3Dlightbox%26settings%3DeyJpZCI6NzM3NCwidXJsIjoiaHR0cHM6XC9cL2ZhYmVyLXNvbGFydGVjaG5pay5kZVwvd3AtY29udGVudFwvdXBsb2Fkc1wvMjAyM1wvMTFcL0ZhYmVyLVNvbGFyLUtldW5lY2tlLUZlaW5rb3N0LTQtc2NhbGVkLmpwZyIsInNsaWRlc2hvdyI6ImZmMTViYTYifQ%3D%3D\">\n\t\t\t\t\t<div class=\"e-gallery-image elementor-gallery-item__image\" data-thumbnail=\"https:\/\/faber-solartechnik.de\/wp-content\/uploads\/2023\/11\/Faber-Solar-Keunecke-Feinkost-4-300x225.jpg\" data-width=\"300\" data-height=\"225\" aria-label=\"\" role=\"img\" ><\/div>\n\t\t\t\t\t\t\t\t\t\t\t<div class=\"elementor-gallery-item__overlay\"><\/div>\n\t\t\t\t\t\t\t\t\t\t\t\t\t\t<\/a>\n\t\t\t\t\t\t\t<a class=\"e-gallery-item elementor-gallery-item elementor-animated-content\" href=\"https:\/\/faber-solartechnik.de\/wp-content\/uploads\/2023\/11\/Faber-Solar-Keunecke-Feinkost-5-scaled.jpg\" data-elementor-open-lightbox=\"yes\" data-elementor-lightbox-slideshow=\"ff15ba6\" data-e-action-hash=\"#elementor-action%3Aaction%3Dlightbox%26settings%3DeyJpZCI6NzM3MywidXJsIjoiaHR0cHM6XC9cL2ZhYmVyLXNvbGFydGVjaG5pay5kZVwvd3AtY29udGVudFwvdXBsb2Fkc1wvMjAyM1wvMTFcL0ZhYmVyLVNvbGFyLUtldW5lY2tlLUZlaW5rb3N0LTUtc2NhbGVkLmpwZyIsInNsaWRlc2hvdyI6ImZmMTViYTYifQ%3D%3D\">\n\t\t\t\t\t<div class=\"e-gallery-image elementor-gallery-item__image\" data-thumbnail=\"https:\/\/faber-solartechnik.de\/wp-content\/uploads\/2023\/11\/Faber-Solar-Keunecke-Feinkost-5-300x225.jpg\" data-width=\"300\" data-height=\"225\" aria-label=\"\" role=\"img\" ><\/div>\n\t\t\t\t\t\t\t\t\t\t\t<div class=\"elementor-gallery-item__overlay\"><\/div>\n\t\t\t\t\t\t\t\t\t\t\t\t\t\t<\/a>\n\t\t\t\t\t\t\t<a class=\"e-gallery-item elementor-gallery-item elementor-animated-content\" href=\"https:\/\/faber-solartechnik.de\/wp-content\/uploads\/2023\/11\/Faber-Solar-Keunecke-Feinkost-2-scaled.jpg\" data-elementor-open-lightbox=\"yes\" data-elementor-lightbox-slideshow=\"ff15ba6\" data-e-action-hash=\"#elementor-action%3Aaction%3Dlightbox%26settings%3DeyJpZCI6NzM3NywidXJsIjoiaHR0cHM6XC9cL2ZhYmVyLXNvbGFydGVjaG5pay5kZVwvd3AtY29udGVudFwvdXBsb2Fkc1wvMjAyM1wvMTFcL0ZhYmVyLVNvbGFyLUtldW5lY2tlLUZlaW5rb3N0LTItc2NhbGVkLmpwZyIsInNsaWRlc2hvdyI6ImZmMTViYTYifQ%3D%3D\">\n\t\t\t\t\t<div class=\"e-gallery-image elementor-gallery-item__image\" data-thumbnail=\"https:\/\/faber-solartechnik.de\/wp-content\/uploads\/2023\/11\/Faber-Solar-Keunecke-Feinkost-2-300x225.jpg\" data-width=\"300\" data-height=\"225\" aria-label=\"\" role=\"img\" ><\/div>\n\t\t\t\t\t\t\t\t\t\t\t<div class=\"elementor-gallery-item__overlay\"><\/div>\n\t\t\t\t\t\t\t\t\t\t\t\t\t\t<\/a>\n\t\t\t\t\t\t\t<a class=\"e-gallery-item elementor-gallery-item elementor-animated-content\" href=\"https:\/\/faber-solartechnik.de\/wp-content\/uploads\/2023\/11\/Faber-Solar-Keunecke-Feinkost-10-scaled.jpg\" data-elementor-open-lightbox=\"yes\" data-elementor-lightbox-slideshow=\"ff15ba6\" data-e-action-hash=\"#elementor-action%3Aaction%3Dlightbox%26settings%3DeyJpZCI6NzM3OSwidXJsIjoiaHR0cHM6XC9cL2ZhYmVyLXNvbGFydGVjaG5pay5kZVwvd3AtY29udGVudFwvdXBsb2Fkc1wvMjAyM1wvMTFcL0ZhYmVyLVNvbGFyLUtldW5lY2tlLUZlaW5rb3N0LTEwLXNjYWxlZC5qcGciLCJzbGlkZXNob3ciOiJmZjE1YmE2In0%3D\">\n\t\t\t\t\t<div class=\"e-gallery-image elementor-gallery-item__image\" data-thumbnail=\"https:\/\/faber-solartechnik.de\/wp-content\/uploads\/2023\/11\/Faber-Solar-Keunecke-Feinkost-10-300x225.jpg\" data-width=\"300\" data-height=\"225\" aria-label=\"\" role=\"img\" ><\/div>\n\t\t\t\t\t\t\t\t\t\t\t<div class=\"elementor-gallery-item__overlay\"><\/div>\n\t\t\t\t\t\t\t\t\t\t\t\t\t\t<\/a>\n\t\t\t\t\t\t\t<a class=\"e-gallery-item elementor-gallery-item elementor-animated-content\" href=\"https:\/\/faber-solartechnik.de\/wp-content\/uploads\/2023\/11\/Faber-Solar-Keunecke-Feinkost-1-scaled.jpg\" data-elementor-open-lightbox=\"yes\" data-elementor-lightbox-slideshow=\"ff15ba6\" data-e-action-hash=\"#elementor-action%3Aaction%3Dlightbox%26settings%3DeyJpZCI6NzM4MCwidXJsIjoiaHR0cHM6XC9cL2ZhYmVyLXNvbGFydGVjaG5pay5kZVwvd3AtY29udGVudFwvdXBsb2Fkc1wvMjAyM1wvMTFcL0ZhYmVyLVNvbGFyLUtldW5lY2tlLUZlaW5rb3N0LTEtc2NhbGVkLmpwZyIsInNsaWRlc2hvdyI6ImZmMTViYTYifQ%3D%3D\">\n\t\t\t\t\t<div class=\"e-gallery-image elementor-gallery-item__image\" data-thumbnail=\"https:\/\/faber-solartechnik.de\/wp-content\/uploads\/2023\/11\/Faber-Solar-Keunecke-Feinkost-1-300x225.jpg\" data-width=\"300\" data-height=\"225\" aria-label=\"\" role=\"img\" ><\/div>\n\t\t\t\t\t\t\t\t\t\t\t<div class=\"elementor-gallery-item__overlay\"><\/div>\n\t\t\t\t\t\t\t\t\t\t\t\t\t\t<\/a>\n\t\t\t\t\t\t\t<a class=\"e-gallery-item elementor-gallery-item elementor-animated-content\" href=\"https:\/\/faber-solartechnik.de\/wp-content\/uploads\/2023\/11\/Faber-Solar-Keunecke-Feinkost-3-scaled.jpg\" data-elementor-open-lightbox=\"yes\" data-elementor-lightbox-slideshow=\"ff15ba6\" data-e-action-hash=\"#elementor-action%3Aaction%3Dlightbox%26settings%3DeyJpZCI6NzM3NSwidXJsIjoiaHR0cHM6XC9cL2ZhYmVyLXNvbGFydGVjaG5pay5kZVwvd3AtY29udGVudFwvdXBsb2Fkc1wvMjAyM1wvMTFcL0ZhYmVyLVNvbGFyLUtldW5lY2tlLUZlaW5rb3N0LTMtc2NhbGVkLmpwZyIsInNsaWRlc2hvdyI6ImZmMTViYTYifQ%3D%3D\">\n\t\t\t\t\t<div class=\"e-gallery-image elementor-gallery-item__image\" data-thumbnail=\"https:\/\/faber-solartechnik.de\/wp-content\/uploads\/2023\/11\/Faber-Solar-Keunecke-Feinkost-3-300x225.jpg\" data-width=\"300\" data-height=\"225\" aria-label=\"\" role=\"img\" ><\/div>\n\t\t\t\t\t\t\t\t\t\t\t<div class=\"elementor-gallery-item__overlay\"><\/div>\n\t\t\t\t\t\t\t\t\t\t\t\t\t\t<\/a>\n\t\t\t\t\t<\/div>\n\t\t\t\t\t<\/div>\n\t\t\t\t<\/div>\n\t\t\t\t<div class=\"elementor-element elementor-element-4174225 elementor-widget elementor-widget-text-editor\" data-id=\"4174225\" data-element_type=\"widget\" data-e-type=\"widget\" data-widget_type=\"text-editor.default\">\n\t\t\t\t<div class=\"elementor-widget-container\">\n\t\t\t\t\t\t\t\t\t<p>Faber Solartechnik hat in Ballenstedt, Sachsen-Anhalt, eine Photovoltaikanlage mit einer Nennleistung von 750 kWp realisiert. Die Anlage erzeugt j\u00e4hrlich 721.459 kWh sauberen Strom, der vorrangig f\u00fcr den Eigenverbrauch genutzt wird, w\u00e4hrend \u00fcbersch\u00fcssige Energie ins Netz eingespeist wird. Die Anlage kombiniert sowohl aufgest\u00e4nderte Dachmontage als auch Freilandanlagen, um eine maximale Energieausbeute sicherzustellen. Mit diesem Projekt unterst\u00fctzt Faber Solartechnik den Weg zu einer nachhaltigen, CO\u2082-reduzierten Energiezukunft.<\/p>\t\t\t\t\t\t\t\t<\/div>\n\t\t\t\t<\/div>\n\t\t\t\t\t<\/div>\n\t\t<\/div>\n\t\t\t\t\t<\/div>\n\t\t<\/section>\n\t\t\t\t<\/div>\n\t\t\t\t\t\t<\/div>\n\t\t\t\t<\/div>\n\t\t\t\t<div class=\"elementor-element elementor-element-b294ae0 e-transform e-transform elementor-align-right elementor-absolute elementor-invisible elementor-widget elementor-widget-button\" data-id=\"b294ae0\" data-element_type=\"widget\" data-e-type=\"widget\" data-settings=\"{&quot;_transform_translateX_effect_hover&quot;:{&quot;unit&quot;:&quot;px&quot;,&quot;size&quot;:-10,&quot;sizes&quot;:[]},&quot;_animation&quot;:&quot;fadeInUp&quot;,&quot;_animation_delay&quot;:1000,&quot;_position&quot;:&quot;absolute&quot;,&quot;_transform_translateX_effect&quot;:{&quot;unit&quot;:&quot;px&quot;,&quot;size&quot;:&quot;&quot;,&quot;sizes&quot;:[]},&quot;_transform_translateX_effect_laptop&quot;:{&quot;unit&quot;:&quot;px&quot;,&quot;size&quot;:&quot;&quot;,&quot;sizes&quot;:[]},&quot;_transform_translateX_effect_tablet_extra&quot;:{&quot;unit&quot;:&quot;px&quot;,&quot;size&quot;:&quot;&quot;,&quot;sizes&quot;:[]},&quot;_transform_translateX_effect_tablet&quot;:{&quot;unit&quot;:&quot;px&quot;,&quot;size&quot;:&quot;&quot;,&quot;sizes&quot;:[]},&quot;_transform_translateX_effect_mobile&quot;:{&quot;unit&quot;:&quot;px&quot;,&quot;size&quot;:&quot;&quot;,&quot;sizes&quot;:[]},&quot;_transform_translateY_effect&quot;:{&quot;unit&quot;:&quot;px&quot;,&quot;size&quot;:&quot;&quot;,&quot;sizes&quot;:[]},&quot;_transform_translateY_effect_laptop&quot;:{&quot;unit&quot;:&quot;px&quot;,&quot;size&quot;:&quot;&quot;,&quot;sizes&quot;:[]},&quot;_transform_translateY_effect_tablet_extra&quot;:{&quot;unit&quot;:&quot;px&quot;,&quot;size&quot;:&quot;&quot;,&quot;sizes&quot;:[]},&quot;_transform_translateY_effect_tablet&quot;:{&quot;unit&quot;:&quot;px&quot;,&quot;size&quot;:&quot;&quot;,&quot;sizes&quot;:[]},&quot;_transform_translateY_effect_mobile&quot;:{&quot;unit&quot;:&quot;px&quot;,&quot;size&quot;:&quot;&quot;,&quot;sizes&quot;:[]},&quot;_transform_translateX_effect_hover_laptop&quot;:{&quot;unit&quot;:&quot;px&quot;,&quot;size&quot;:&quot;&quot;,&quot;sizes&quot;:[]},&quot;_transform_translateX_effect_hover_tablet_extra&quot;:{&quot;unit&quot;:&quot;px&quot;,&quot;size&quot;:&quot;&quot;,&quot;sizes&quot;:[]},&quot;_transform_translateX_effect_hover_tablet&quot;:{&quot;unit&quot;:&quot;px&quot;,&quot;size&quot;:&quot;&quot;,&quot;sizes&quot;:[]},&quot;_transform_translateX_effect_hover_mobile&quot;:{&quot;unit&quot;:&quot;px&quot;,&quot;size&quot;:&quot;&quot;,&quot;sizes&quot;:[]},&quot;_transform_translateY_effect_hover&quot;:{&quot;unit&quot;:&quot;px&quot;,&quot;size&quot;:&quot;&quot;,&quot;sizes&quot;:[]},&quot;_transform_translateY_effect_hover_laptop&quot;:{&quot;unit&quot;:&quot;px&quot;,&quot;size&quot;:&quot;&quot;,&quot;sizes&quot;:[]},&quot;_transform_translateY_effect_hover_tablet_extra&quot;:{&quot;unit&quot;:&quot;px&quot;,&quot;size&quot;:&quot;&quot;,&quot;sizes&quot;:[]},&quot;_transform_translateY_effect_hover_tablet&quot;:{&quot;unit&quot;:&quot;px&quot;,&quot;size&quot;:&quot;&quot;,&quot;sizes&quot;:[]},&quot;_transform_translateY_effect_hover_mobile&quot;:{&quot;unit&quot;:&quot;px&quot;,&quot;size&quot;:&quot;&quot;,&quot;sizes&quot;:[]}}\" data-widget_type=\"button.default\">\n\t\t\t\t<div class=\"elementor-widget-container\">\n\t\t\t\t\t\t\t\t\t<div class=\"elementor-button-wrapper\">\n\t\t\t\t\t<a class=\"elementor-button elementor-button-link elementor-size-xs\" href=\"https:\/\/faber-solartechnik.de\/en\/projekte\/ballenstedt\/\" target=\"_blank\">\n\t\t\t\t\t\t<span class=\"elementor-button-content-wrapper\">\n\t\t\t\t\t\t<span class=\"elementor-button-icon\">\n\t\t\t\t<i aria-hidden=\"true\" class=\"far fa-window-restore\"><\/i>\t\t\t<\/span>\n\t\t\t\t\t\t\t\t\t<span class=\"elementor-button-text\">Projekt in neuem Tab \u00f6ffnen<\/span>\n\t\t\t\t\t<\/span>\n\t\t\t\t\t<\/a>\n\t\t\t\t<\/div>\n\t\t\t\t\t\t\t\t<\/div>\n\t\t\t\t<\/div>\n\t\t\t\t\t<\/div>\n\t\t<\/div>\n\t\t\t\t\t<\/div>\n\t\t<\/section>\n\t\t\t\t<\/div>\n\t\t\t\t\t\t\t<\/div>\n\t\t\t\t\t\t\t\t<\/div>\n\t\t<\/div>\n\t\t\t\t\t\t<\/div>\n\t\t\t\t<\/div>\n\t\t\t\t\t<\/div>\n\t\t<\/div>\n\t\t\t\t\t<\/div>\n\t\t<\/section>\n\t\t\t\t<div class=\"elementor-element elementor-element-d621d6e elementor-hidden-mobile elementor-hidden-desktop elementor-hidden-tablet eae-pop-btn-type-text elementor-widget elementor-widget-wts-modal-popup\" data-id=\"d621d6e\" data-element_type=\"widget\" data-e-type=\"widget\" data-widget_type=\"wts-modal-popup.default\">\n\t\t\t\t<div class=\"elementor-widget-container\">\n\t\t\t\t\t\t\t<div class=\"eae-popup-wrapper eae-popup-eae-pupup-item-1817814559\" data-id=\"eae-pupup-item-1817814559\" data-preview-modal=\"\" data-close-button-type=\"icon\" data-close-btn=\"fas fa-times\" data-close-in-out=\"true\" data-effect=\"zoom-in\">\n\t\t\t<a class=\"eae-popup-link icon-position-before\"\n\t\t\tdata-id=\"eae-pupup-item-1817814559\" data-ctrl-id=\"d621d6e\" href=\"#eae-pupup-item-1817814559\">\n\t\t\t\t\t\t\t\t\t\t\t\t\t\t<span class=\"eae-popup-btn-icon\">\n\t\t\t\t\t\t<i aria-hidden=\"true\" class=\"fas fa-arrow-right\"><\/i>\t\t\t\t\t<\/span>\n\t\t\t\t\t\t\t\t\t\t\t\t<span class=\"eae-popup-btn-text\">\n\t\t\t\t\t\t\t\u00d6ffnen\t\t\t\t\t\t<\/span>\n\t\t\t\t\t\t\t\t\t\t\t\t\t<\/a>\n\t\t<\/div>\n\n\t\t<div id=\"eae-pupup-item-1817814559\" class=\"eae-popup-eae-pupup-item-1817814559 mfp-hide eae-popup-container\">\n\t\t\t<input class=\"eae-hidden-post-id\" type=\"hidden\" name=\"eae_hidden_post_id\" data-id=\"eae-pupup-item-1817814559\" value=\"0\" \/>\n\t\t\t<div class=\"eae-popup-content\">\n\t\t\t\t\t\t\t\t\t<div class=\"eae-modal-content\">\n\t\t\t\t\t\t\t\t<div data-elementor-type=\"section\" data-elementor-id=\"4203\" class=\"elementor elementor-4203\" data-elementor-post-type=\"elementor_library\">\n\t\t\t\t\t<section class=\"elementor-section elementor-top-section elementor-element elementor-element-76665b6d elementor-section-full_width elementor-section-height-min-height elementor-section-items-stretch elementor-section-height-default\" data-id=\"76665b6d\" data-element_type=\"section\" data-e-type=\"section\">\n\t\t\t\t\t\t<div class=\"elementor-container elementor-column-gap-default\">\n\t\t\t\t\t<div class=\"elementor-column elementor-col-50 elementor-top-column elementor-element elementor-element-27f77bf4\" data-id=\"27f77bf4\" data-element_type=\"column\" data-e-type=\"column\">\n\t\t\t<div class=\"elementor-widget-wrap elementor-element-populated\">\n\t\t\t\t\t\t<div class=\"elementor-element elementor-element-2c72871 shadow runde-ecken elementor-widget elementor-widget-image\" data-id=\"2c72871\" data-element_type=\"widget\" data-e-type=\"widget\" data-widget_type=\"image.default\">\n\t\t\t\t<div class=\"elementor-widget-container\">\n\t\t\t\t\t\t\t\t\t\t\t\t\t\t\t\t<a href=\"https:\/\/faber-solartechnik.de\/wp-content\/uploads\/2023\/11\/Faber-Solar-Keunecke-Feinkost-6-scaled.jpg\" data-elementor-open-lightbox=\"yes\" data-e-action-hash=\"#elementor-action%3Aaction%3Dlightbox%26settings%3DeyJpZCI6NzM3MiwidXJsIjoiaHR0cHM6XC9cL2ZhYmVyLXNvbGFydGVjaG5pay5kZVwvd3AtY29udGVudFwvdXBsb2Fkc1wvMjAyM1wvMTFcL0ZhYmVyLVNvbGFyLUtldW5lY2tlLUZlaW5rb3N0LTYtc2NhbGVkLmpwZyJ9\">\n\t\t\t\t\t\t\t<img loading=\"lazy\" decoding=\"async\" width=\"768\" height=\"576\" src=\"https:\/\/faber-solartechnik.de\/wp-content\/uploads\/2023\/11\/Faber-Solar-Keunecke-Feinkost-6-768x576.jpg\" class=\"attachment-medium_large size-medium_large wp-image-7372\" alt=\"\" srcset=\"https:\/\/faber-solartechnik.de\/wp-content\/uploads\/2023\/11\/Faber-Solar-Keunecke-Feinkost-6-768x576.jpg 768w, https:\/\/faber-solartechnik.de\/wp-content\/uploads\/2023\/11\/Faber-Solar-Keunecke-Feinkost-6-300x225.jpg 300w, https:\/\/faber-solartechnik.de\/wp-content\/uploads\/2023\/11\/Faber-Solar-Keunecke-Feinkost-6-1024x768.jpg 1024w, https:\/\/faber-solartechnik.de\/wp-content\/uploads\/2023\/11\/Faber-Solar-Keunecke-Feinkost-6-1536x1152.jpg 1536w, https:\/\/faber-solartechnik.de\/wp-content\/uploads\/2023\/11\/Faber-Solar-Keunecke-Feinkost-6-2048x1536.jpg 2048w, https:\/\/faber-solartechnik.de\/wp-content\/uploads\/2023\/11\/Faber-Solar-Keunecke-Feinkost-6-16x12.jpg 16w\" sizes=\"(max-width: 768px) 100vw, 768px\" \/>\t\t\t\t\t\t\t\t<\/a>\n\t\t\t\t\t\t\t\t\t\t\t\t\t\t\t<\/div>\n\t\t\t\t<\/div>\n\t\t\t\t\t<\/div>\n\t\t<\/div>\n\t\t\t\t<div class=\"elementor-column elementor-col-50 elementor-top-column elementor-element elementor-element-329a626d\" data-id=\"329a626d\" data-element_type=\"column\" data-e-type=\"column\">\n\t\t\t<div class=\"elementor-widget-wrap elementor-element-populated\">\n\t\t\t\t\t\t<div class=\"elementor-element elementor-element-bf7ede2 elementor-widget elementor-widget-heading\" data-id=\"bf7ede2\" data-element_type=\"widget\" data-e-type=\"widget\" data-widget_type=\"heading.default\">\n\t\t\t\t<div class=\"elementor-widget-container\">\n\t\t\t\t\t<h3 class=\"elementor-heading-title elementor-size-default\">Ballenstedt<\/h3>\t\t\t\t<\/div>\n\t\t\t\t<\/div>\n\t\t\t\t<div class=\"elementor-element elementor-element-678b441 elementor-widget-divider--view-line elementor-widget elementor-widget-divider\" data-id=\"678b441\" data-element_type=\"widget\" data-e-type=\"widget\" data-widget_type=\"divider.default\">\n\t\t\t\t<div class=\"elementor-widget-container\">\n\t\t\t\t\t\t\t<div class=\"elementor-divider\">\n\t\t\t<span class=\"elementor-divider-separator\">\n\t\t\t\t\t\t<\/span>\n\t\t<\/div>\n\t\t\t\t\t\t<\/div>\n\t\t\t\t<\/div>\n\t\t\t\t<div class=\"elementor-element elementor-element-18e98f7 elementor-widget elementor-widget-theme-post-content\" data-id=\"18e98f7\" data-element_type=\"widget\" data-e-type=\"widget\" data-widget_type=\"theme-post-content.default\">\n\t\t\t\t<div class=\"elementor-widget-container\">\n\t\t\t\t\t\t\t<div data-elementor-type=\"wp-post\" data-elementor-id=\"7460\" class=\"elementor elementor-7460\" data-elementor-post-type=\"post\">\n\t\t\t\t\t\t<section class=\"elementor-section elementor-top-section elementor-element elementor-element-5eee4021 elementor-section-boxed elementor-section-height-default elementor-section-height-default\" data-id=\"5eee4021\" data-element_type=\"section\" data-e-type=\"section\">\n\t\t\t\t\t\t<div class=\"elementor-container elementor-column-gap-default\">\n\t\t\t\t\t<div class=\"elementor-column elementor-col-100 elementor-top-column elementor-element elementor-element-74370465\" data-id=\"74370465\" data-element_type=\"column\" data-e-type=\"column\">\n\t\t\t<div class=\"elementor-widget-wrap elementor-element-populated\">\n\t\t\t\t\t\t<div class=\"elementor-element elementor-element-2c38231 elementor-icon-list--layout-inline popup-pv-fakts elementor-align-center elementor-list-item-link-full_width elementor-widget elementor-widget-icon-list\" data-id=\"2c38231\" data-element_type=\"widget\" data-e-type=\"widget\" data-widget_type=\"icon-list.default\">\n\t\t\t\t<div class=\"elementor-widget-container\">\n\t\t\t\t\t\t\t<ul class=\"elementor-icon-list-items elementor-inline-items\">\n\t\t\t\t\t\t\t<li class=\"elementor-icon-list-item elementor-inline-item\">\n\t\t\t\t\t\t\t\t\t\t\t<span class=\"elementor-icon-list-icon\">\n\t\t\t\t\t\t\t<i aria-hidden=\"true\" class=\"fas fa-sun\"><\/i>\t\t\t\t\t\t<\/span>\n\t\t\t\t\t\t\t\t\t\t<span class=\"elementor-icon-list-text\">750 kWp<\/span>\n\t\t\t\t\t\t\t\t\t<\/li>\n\t\t\t\t\t\t\t\t<li class=\"elementor-icon-list-item elementor-inline-item\">\n\t\t\t\t\t\t\t\t\t\t\t<span class=\"elementor-icon-list-icon\">\n\t\t\t\t\t\t\t<i aria-hidden=\"true\" class=\"fas fa-bolt\"><\/i>\t\t\t\t\t\t<\/span>\n\t\t\t\t\t\t\t\t\t\t<span class=\"elementor-icon-list-text\">721.459 kWh\/Jahr<\/span>\n\t\t\t\t\t\t\t\t\t<\/li>\n\t\t\t\t\t\t\t\t<li class=\"elementor-icon-list-item elementor-inline-item\">\n\t\t\t\t\t\t\t\t\t\t\t<span class=\"elementor-icon-list-icon\">\n\t\t\t\t\t\t\t<i aria-hidden=\"true\" class=\"fas fa-plug\"><\/i>\t\t\t\t\t\t<\/span>\n\t\t\t\t\t\t\t\t\t\t<span class=\"elementor-icon-list-text\">\u00dcberschuss<\/span>\n\t\t\t\t\t\t\t\t\t<\/li>\n\t\t\t\t\t\t\t\t<li class=\"elementor-icon-list-item elementor-inline-item\">\n\t\t\t\t\t\t\t\t\t\t\t<span class=\"elementor-icon-list-icon\">\n\t\t\t\t\t\t\t<i aria-hidden=\"true\" class=\"fas fa-tools\"><\/i>\t\t\t\t\t\t<\/span>\n\t\t\t\t\t\t\t\t\t\t<span class=\"elementor-icon-list-text\">Aufgest\u00e4ndert, Freilandanlagen<\/span>\n\t\t\t\t\t\t\t\t\t<\/li>\n\t\t\t\t\t\t\t\t<li class=\"elementor-icon-list-item elementor-inline-item\">\n\t\t\t\t\t\t\t\t\t\t\t<span class=\"elementor-icon-list-icon\">\n\t\t\t\t\t\t\t<i aria-hidden=\"true\" class=\"fas fa-map-marker-alt\"><\/i>\t\t\t\t\t\t<\/span>\n\t\t\t\t\t\t\t\t\t\t<span class=\"elementor-icon-list-text\">Sachsen-Anhalt<\/span>\n\t\t\t\t\t\t\t\t\t<\/li>\n\t\t\t\t\t\t<\/ul>\n\t\t\t\t\t\t<\/div>\n\t\t\t\t<\/div>\n\t\t\t\t<div class=\"elementor-element elementor-element-ff15ba6 elementor-widget elementor-widget-gallery\" data-id=\"ff15ba6\" data-element_type=\"widget\" data-e-type=\"widget\" data-settings=\"{&quot;gallery_layout&quot;:&quot;grid&quot;,&quot;columns&quot;:4,&quot;columns_tablet&quot;:2,&quot;columns_mobile&quot;:1,&quot;gap&quot;:{&quot;unit&quot;:&quot;px&quot;,&quot;size&quot;:10,&quot;sizes&quot;:[]},&quot;gap_laptop&quot;:{&quot;unit&quot;:&quot;px&quot;,&quot;size&quot;:10,&quot;sizes&quot;:[]},&quot;gap_tablet_extra&quot;:{&quot;unit&quot;:&quot;px&quot;,&quot;size&quot;:10,&quot;sizes&quot;:[]},&quot;gap_tablet&quot;:{&quot;unit&quot;:&quot;px&quot;,&quot;size&quot;:10,&quot;sizes&quot;:[]},&quot;gap_mobile&quot;:{&quot;unit&quot;:&quot;px&quot;,&quot;size&quot;:10,&quot;sizes&quot;:[]},&quot;link_to&quot;:&quot;file&quot;,&quot;aspect_ratio&quot;:&quot;3:2&quot;,&quot;overlay_background&quot;:&quot;yes&quot;,&quot;content_hover_animation&quot;:&quot;fade-in&quot;}\" data-widget_type=\"gallery.default\">\n\t\t\t\t<div class=\"elementor-widget-container\">\n\t\t\t\t\t\t\t<div class=\"elementor-gallery__container\">\n\t\t\t\t\t\t\t<a class=\"e-gallery-item elementor-gallery-item elementor-animated-content\" href=\"https:\/\/faber-solartechnik.de\/wp-content\/uploads\/2023\/11\/Faber-Solar-Keunecke-Feinkost-9-scaled.jpg\" data-elementor-open-lightbox=\"yes\" data-elementor-lightbox-slideshow=\"ff15ba6\" data-e-action-hash=\"#elementor-action%3Aaction%3Dlightbox%26settings%3DeyJpZCI6NzM2OSwidXJsIjoiaHR0cHM6XC9cL2ZhYmVyLXNvbGFydGVjaG5pay5kZVwvd3AtY29udGVudFwvdXBsb2Fkc1wvMjAyM1wvMTFcL0ZhYmVyLVNvbGFyLUtldW5lY2tlLUZlaW5rb3N0LTktc2NhbGVkLmpwZyIsInNsaWRlc2hvdyI6ImZmMTViYTYifQ%3D%3D\">\n\t\t\t\t\t<div class=\"e-gallery-image elementor-gallery-item__image\" data-thumbnail=\"https:\/\/faber-solartechnik.de\/wp-content\/uploads\/2023\/11\/Faber-Solar-Keunecke-Feinkost-9-300x225.jpg\" data-width=\"300\" data-height=\"225\" aria-label=\"\" role=\"img\" ><\/div>\n\t\t\t\t\t\t\t\t\t\t\t<div class=\"elementor-gallery-item__overlay\"><\/div>\n\t\t\t\t\t\t\t\t\t\t\t\t\t\t<\/a>\n\t\t\t\t\t\t\t<a class=\"e-gallery-item elementor-gallery-item elementor-animated-content\" href=\"https:\/\/faber-solartechnik.de\/wp-content\/uploads\/2023\/11\/Faber-Solar-Keunecke-Feinkost-7-scaled.jpg\" data-elementor-open-lightbox=\"yes\" data-elementor-lightbox-slideshow=\"ff15ba6\" data-e-action-hash=\"#elementor-action%3Aaction%3Dlightbox%26settings%3DeyJpZCI6NzM3MSwidXJsIjoiaHR0cHM6XC9cL2ZhYmVyLXNvbGFydGVjaG5pay5kZVwvd3AtY29udGVudFwvdXBsb2Fkc1wvMjAyM1wvMTFcL0ZhYmVyLVNvbGFyLUtldW5lY2tlLUZlaW5rb3N0LTctc2NhbGVkLmpwZyIsInNsaWRlc2hvdyI6ImZmMTViYTYifQ%3D%3D\">\n\t\t\t\t\t<div class=\"e-gallery-image elementor-gallery-item__image\" data-thumbnail=\"https:\/\/faber-solartechnik.de\/wp-content\/uploads\/2023\/11\/Faber-Solar-Keunecke-Feinkost-7-300x225.jpg\" data-width=\"300\" data-height=\"225\" aria-label=\"\" role=\"img\" ><\/div>\n\t\t\t\t\t\t\t\t\t\t\t<div class=\"elementor-gallery-item__overlay\"><\/div>\n\t\t\t\t\t\t\t\t\t\t\t\t\t\t<\/a>\n\t\t\t\t\t\t\t<a class=\"e-gallery-item elementor-gallery-item elementor-animated-content\" href=\"https:\/\/faber-solartechnik.de\/wp-content\/uploads\/2023\/11\/Faber-Solar-Keunecke-Feinkost-4-scaled.jpg\" data-elementor-open-lightbox=\"yes\" data-elementor-lightbox-slideshow=\"ff15ba6\" data-e-action-hash=\"#elementor-action%3Aaction%3Dlightbox%26settings%3DeyJpZCI6NzM3NCwidXJsIjoiaHR0cHM6XC9cL2ZhYmVyLXNvbGFydGVjaG5pay5kZVwvd3AtY29udGVudFwvdXBsb2Fkc1wvMjAyM1wvMTFcL0ZhYmVyLVNvbGFyLUtldW5lY2tlLUZlaW5rb3N0LTQtc2NhbGVkLmpwZyIsInNsaWRlc2hvdyI6ImZmMTViYTYifQ%3D%3D\">\n\t\t\t\t\t<div class=\"e-gallery-image elementor-gallery-item__image\" data-thumbnail=\"https:\/\/faber-solartechnik.de\/wp-content\/uploads\/2023\/11\/Faber-Solar-Keunecke-Feinkost-4-300x225.jpg\" data-width=\"300\" data-height=\"225\" aria-label=\"\" role=\"img\" ><\/div>\n\t\t\t\t\t\t\t\t\t\t\t<div class=\"elementor-gallery-item__overlay\"><\/div>\n\t\t\t\t\t\t\t\t\t\t\t\t\t\t<\/a>\n\t\t\t\t\t\t\t<a class=\"e-gallery-item elementor-gallery-item elementor-animated-content\" href=\"https:\/\/faber-solartechnik.de\/wp-content\/uploads\/2023\/11\/Faber-Solar-Keunecke-Feinkost-5-scaled.jpg\" data-elementor-open-lightbox=\"yes\" data-elementor-lightbox-slideshow=\"ff15ba6\" data-e-action-hash=\"#elementor-action%3Aaction%3Dlightbox%26settings%3DeyJpZCI6NzM3MywidXJsIjoiaHR0cHM6XC9cL2ZhYmVyLXNvbGFydGVjaG5pay5kZVwvd3AtY29udGVudFwvdXBsb2Fkc1wvMjAyM1wvMTFcL0ZhYmVyLVNvbGFyLUtldW5lY2tlLUZlaW5rb3N0LTUtc2NhbGVkLmpwZyIsInNsaWRlc2hvdyI6ImZmMTViYTYifQ%3D%3D\">\n\t\t\t\t\t<div class=\"e-gallery-image elementor-gallery-item__image\" data-thumbnail=\"https:\/\/faber-solartechnik.de\/wp-content\/uploads\/2023\/11\/Faber-Solar-Keunecke-Feinkost-5-300x225.jpg\" data-width=\"300\" data-height=\"225\" aria-label=\"\" role=\"img\" ><\/div>\n\t\t\t\t\t\t\t\t\t\t\t<div class=\"elementor-gallery-item__overlay\"><\/div>\n\t\t\t\t\t\t\t\t\t\t\t\t\t\t<\/a>\n\t\t\t\t\t\t\t<a class=\"e-gallery-item elementor-gallery-item elementor-animated-content\" href=\"https:\/\/faber-solartechnik.de\/wp-content\/uploads\/2023\/11\/Faber-Solar-Keunecke-Feinkost-2-scaled.jpg\" data-elementor-open-lightbox=\"yes\" data-elementor-lightbox-slideshow=\"ff15ba6\" data-e-action-hash=\"#elementor-action%3Aaction%3Dlightbox%26settings%3DeyJpZCI6NzM3NywidXJsIjoiaHR0cHM6XC9cL2ZhYmVyLXNvbGFydGVjaG5pay5kZVwvd3AtY29udGVudFwvdXBsb2Fkc1wvMjAyM1wvMTFcL0ZhYmVyLVNvbGFyLUtldW5lY2tlLUZlaW5rb3N0LTItc2NhbGVkLmpwZyIsInNsaWRlc2hvdyI6ImZmMTViYTYifQ%3D%3D\">\n\t\t\t\t\t<div class=\"e-gallery-image elementor-gallery-item__image\" data-thumbnail=\"https:\/\/faber-solartechnik.de\/wp-content\/uploads\/2023\/11\/Faber-Solar-Keunecke-Feinkost-2-300x225.jpg\" data-width=\"300\" data-height=\"225\" aria-label=\"\" role=\"img\" ><\/div>\n\t\t\t\t\t\t\t\t\t\t\t<div class=\"elementor-gallery-item__overlay\"><\/div>\n\t\t\t\t\t\t\t\t\t\t\t\t\t\t<\/a>\n\t\t\t\t\t\t\t<a class=\"e-gallery-item elementor-gallery-item elementor-animated-content\" href=\"https:\/\/faber-solartechnik.de\/wp-content\/uploads\/2023\/11\/Faber-Solar-Keunecke-Feinkost-10-scaled.jpg\" data-elementor-open-lightbox=\"yes\" data-elementor-lightbox-slideshow=\"ff15ba6\" data-e-action-hash=\"#elementor-action%3Aaction%3Dlightbox%26settings%3DeyJpZCI6NzM3OSwidXJsIjoiaHR0cHM6XC9cL2ZhYmVyLXNvbGFydGVjaG5pay5kZVwvd3AtY29udGVudFwvdXBsb2Fkc1wvMjAyM1wvMTFcL0ZhYmVyLVNvbGFyLUtldW5lY2tlLUZlaW5rb3N0LTEwLXNjYWxlZC5qcGciLCJzbGlkZXNob3ciOiJmZjE1YmE2In0%3D\">\n\t\t\t\t\t<div class=\"e-gallery-image elementor-gallery-item__image\" data-thumbnail=\"https:\/\/faber-solartechnik.de\/wp-content\/uploads\/2023\/11\/Faber-Solar-Keunecke-Feinkost-10-300x225.jpg\" data-width=\"300\" data-height=\"225\" aria-label=\"\" role=\"img\" ><\/div>\n\t\t\t\t\t\t\t\t\t\t\t<div class=\"elementor-gallery-item__overlay\"><\/div>\n\t\t\t\t\t\t\t\t\t\t\t\t\t\t<\/a>\n\t\t\t\t\t\t\t<a class=\"e-gallery-item elementor-gallery-item elementor-animated-content\" href=\"https:\/\/faber-solartechnik.de\/wp-content\/uploads\/2023\/11\/Faber-Solar-Keunecke-Feinkost-1-scaled.jpg\" data-elementor-open-lightbox=\"yes\" data-elementor-lightbox-slideshow=\"ff15ba6\" data-e-action-hash=\"#elementor-action%3Aaction%3Dlightbox%26settings%3DeyJpZCI6NzM4MCwidXJsIjoiaHR0cHM6XC9cL2ZhYmVyLXNvbGFydGVjaG5pay5kZVwvd3AtY29udGVudFwvdXBsb2Fkc1wvMjAyM1wvMTFcL0ZhYmVyLVNvbGFyLUtldW5lY2tlLUZlaW5rb3N0LTEtc2NhbGVkLmpwZyIsInNsaWRlc2hvdyI6ImZmMTViYTYifQ%3D%3D\">\n\t\t\t\t\t<div class=\"e-gallery-image elementor-gallery-item__image\" data-thumbnail=\"https:\/\/faber-solartechnik.de\/wp-content\/uploads\/2023\/11\/Faber-Solar-Keunecke-Feinkost-1-300x225.jpg\" data-width=\"300\" data-height=\"225\" aria-label=\"\" role=\"img\" ><\/div>\n\t\t\t\t\t\t\t\t\t\t\t<div class=\"elementor-gallery-item__overlay\"><\/div>\n\t\t\t\t\t\t\t\t\t\t\t\t\t\t<\/a>\n\t\t\t\t\t\t\t<a class=\"e-gallery-item elementor-gallery-item elementor-animated-content\" href=\"https:\/\/faber-solartechnik.de\/wp-content\/uploads\/2023\/11\/Faber-Solar-Keunecke-Feinkost-3-scaled.jpg\" data-elementor-open-lightbox=\"yes\" data-elementor-lightbox-slideshow=\"ff15ba6\" data-e-action-hash=\"#elementor-action%3Aaction%3Dlightbox%26settings%3DeyJpZCI6NzM3NSwidXJsIjoiaHR0cHM6XC9cL2ZhYmVyLXNvbGFydGVjaG5pay5kZVwvd3AtY29udGVudFwvdXBsb2Fkc1wvMjAyM1wvMTFcL0ZhYmVyLVNvbGFyLUtldW5lY2tlLUZlaW5rb3N0LTMtc2NhbGVkLmpwZyIsInNsaWRlc2hvdyI6ImZmMTViYTYifQ%3D%3D\">\n\t\t\t\t\t<div class=\"e-gallery-image elementor-gallery-item__image\" data-thumbnail=\"https:\/\/faber-solartechnik.de\/wp-content\/uploads\/2023\/11\/Faber-Solar-Keunecke-Feinkost-3-300x225.jpg\" data-width=\"300\" data-height=\"225\" aria-label=\"\" role=\"img\" ><\/div>\n\t\t\t\t\t\t\t\t\t\t\t<div class=\"elementor-gallery-item__overlay\"><\/div>\n\t\t\t\t\t\t\t\t\t\t\t\t\t\t<\/a>\n\t\t\t\t\t<\/div>\n\t\t\t\t\t<\/div>\n\t\t\t\t<\/div>\n\t\t\t\t<div class=\"elementor-element elementor-element-4174225 elementor-widget elementor-widget-text-editor\" data-id=\"4174225\" data-element_type=\"widget\" data-e-type=\"widget\" data-widget_type=\"text-editor.default\">\n\t\t\t\t<div class=\"elementor-widget-container\">\n\t\t\t\t\t\t\t\t\t<p>Faber Solartechnik hat in Ballenstedt, Sachsen-Anhalt, eine Photovoltaikanlage mit einer Nennleistung von 750 kWp realisiert. Die Anlage erzeugt j\u00e4hrlich 721.459 kWh sauberen Strom, der vorrangig f\u00fcr den Eigenverbrauch genutzt wird, w\u00e4hrend \u00fcbersch\u00fcssige Energie ins Netz eingespeist wird. Die Anlage kombiniert sowohl aufgest\u00e4nderte Dachmontage als auch Freilandanlagen, um eine maximale Energieausbeute sicherzustellen. Mit diesem Projekt unterst\u00fctzt Faber Solartechnik den Weg zu einer nachhaltigen, CO\u2082-reduzierten Energiezukunft.<\/p>\t\t\t\t\t\t\t\t<\/div>\n\t\t\t\t<\/div>\n\t\t\t\t\t<\/div>\n\t\t<\/div>\n\t\t\t\t\t<\/div>\n\t\t<\/section>\n\t\t\t\t<\/div>\n\t\t\t\t\t\t<\/div>\n\t\t\t\t<\/div>\n\t\t\t\t<div class=\"elementor-element elementor-element-b294ae0 e-transform e-transform elementor-align-right elementor-absolute elementor-invisible elementor-widget elementor-widget-button\" data-id=\"b294ae0\" data-element_type=\"widget\" data-e-type=\"widget\" data-settings=\"{&quot;_transform_translateX_effect_hover&quot;:{&quot;unit&quot;:&quot;px&quot;,&quot;size&quot;:-10,&quot;sizes&quot;:[]},&quot;_animation&quot;:&quot;fadeInUp&quot;,&quot;_animation_delay&quot;:1000,&quot;_position&quot;:&quot;absolute&quot;,&quot;_transform_translateX_effect&quot;:{&quot;unit&quot;:&quot;px&quot;,&quot;size&quot;:&quot;&quot;,&quot;sizes&quot;:[]},&quot;_transform_translateX_effect_laptop&quot;:{&quot;unit&quot;:&quot;px&quot;,&quot;size&quot;:&quot;&quot;,&quot;sizes&quot;:[]},&quot;_transform_translateX_effect_tablet_extra&quot;:{&quot;unit&quot;:&quot;px&quot;,&quot;size&quot;:&quot;&quot;,&quot;sizes&quot;:[]},&quot;_transform_translateX_effect_tablet&quot;:{&quot;unit&quot;:&quot;px&quot;,&quot;size&quot;:&quot;&quot;,&quot;sizes&quot;:[]},&quot;_transform_translateX_effect_mobile&quot;:{&quot;unit&quot;:&quot;px&quot;,&quot;size&quot;:&quot;&quot;,&quot;sizes&quot;:[]},&quot;_transform_translateY_effect&quot;:{&quot;unit&quot;:&quot;px&quot;,&quot;size&quot;:&quot;&quot;,&quot;sizes&quot;:[]},&quot;_transform_translateY_effect_laptop&quot;:{&quot;unit&quot;:&quot;px&quot;,&quot;size&quot;:&quot;&quot;,&quot;sizes&quot;:[]},&quot;_transform_translateY_effect_tablet_extra&quot;:{&quot;unit&quot;:&quot;px&quot;,&quot;size&quot;:&quot;&quot;,&quot;sizes&quot;:[]},&quot;_transform_translateY_effect_tablet&quot;:{&quot;unit&quot;:&quot;px&quot;,&quot;size&quot;:&quot;&quot;,&quot;sizes&quot;:[]},&quot;_transform_translateY_effect_mobile&quot;:{&quot;unit&quot;:&quot;px&quot;,&quot;size&quot;:&quot;&quot;,&quot;sizes&quot;:[]},&quot;_transform_translateX_effect_hover_laptop&quot;:{&quot;unit&quot;:&quot;px&quot;,&quot;size&quot;:&quot;&quot;,&quot;sizes&quot;:[]},&quot;_transform_translateX_effect_hover_tablet_extra&quot;:{&quot;unit&quot;:&quot;px&quot;,&quot;size&quot;:&quot;&quot;,&quot;sizes&quot;:[]},&quot;_transform_translateX_effect_hover_tablet&quot;:{&quot;unit&quot;:&quot;px&quot;,&quot;size&quot;:&quot;&quot;,&quot;sizes&quot;:[]},&quot;_transform_translateX_effect_hover_mobile&quot;:{&quot;unit&quot;:&quot;px&quot;,&quot;size&quot;:&quot;&quot;,&quot;sizes&quot;:[]},&quot;_transform_translateY_effect_hover&quot;:{&quot;unit&quot;:&quot;px&quot;,&quot;size&quot;:&quot;&quot;,&quot;sizes&quot;:[]},&quot;_transform_translateY_effect_hover_laptop&quot;:{&quot;unit&quot;:&quot;px&quot;,&quot;size&quot;:&quot;&quot;,&quot;sizes&quot;:[]},&quot;_transform_translateY_effect_hover_tablet_extra&quot;:{&quot;unit&quot;:&quot;px&quot;,&quot;size&quot;:&quot;&quot;,&quot;sizes&quot;:[]},&quot;_transform_translateY_effect_hover_tablet&quot;:{&quot;unit&quot;:&quot;px&quot;,&quot;size&quot;:&quot;&quot;,&quot;sizes&quot;:[]},&quot;_transform_translateY_effect_hover_mobile&quot;:{&quot;unit&quot;:&quot;px&quot;,&quot;size&quot;:&quot;&quot;,&quot;sizes&quot;:[]}}\" data-widget_type=\"button.default\">\n\t\t\t\t<div class=\"elementor-widget-container\">\n\t\t\t\t\t\t\t\t\t<div class=\"elementor-button-wrapper\">\n\t\t\t\t\t<a class=\"elementor-button elementor-button-link elementor-size-xs\" href=\"https:\/\/faber-solartechnik.de\/en\/projekte\/ballenstedt\/\" target=\"_blank\">\n\t\t\t\t\t\t<span class=\"elementor-button-content-wrapper\">\n\t\t\t\t\t\t<span class=\"elementor-button-icon\">\n\t\t\t\t<i aria-hidden=\"true\" class=\"far fa-window-restore\"><\/i>\t\t\t<\/span>\n\t\t\t\t\t\t\t\t\t<span class=\"elementor-button-text\">Projekt in neuem Tab \u00f6ffnen<\/span>\n\t\t\t\t\t<\/span>\n\t\t\t\t\t<\/a>\n\t\t\t\t<\/div>\n\t\t\t\t\t\t\t\t<\/div>\n\t\t\t\t<\/div>\n\t\t\t\t\t<\/div>\n\t\t<\/div>\n\t\t\t\t\t<\/div>\n\t\t<\/section>\n\t\t\t\t<\/div>\n\t\t\t\t\t\t\t<\/div>\n\t\t\t\t\t\t\t\t<\/div>\n\t\t<\/div>\n\t\t\t\t\t\t<\/div>\n\t\t\t\t<\/div>\n\t\t\t\t<div class=\"elementor-element elementor-element-15922a7 elementor-widget elementor-widget-button\" data-id=\"15922a7\" data-element_type=\"widget\" data-e-type=\"widget\" data-widget_type=\"button.default\">\n\t\t\t\t<div class=\"elementor-widget-container\">\n\t\t\t\t\t\t\t\t\t<div class=\"elementor-button-wrapper\">\n\t\t\t\t\t<a class=\"elementor-button elementor-button-link elementor-size-xs\" href=\"https:\/\/faber-solartechnik.de\/en\/projekte\/ballenstedt\/\" target=\"_blank\">\n\t\t\t\t\t\t<span class=\"elementor-button-content-wrapper\">\n\t\t\t\t\t\t<span class=\"elementor-button-icon\">\n\t\t\t\t<i aria-hidden=\"true\" class=\"fas fa-arrow-right\"><\/i>\t\t\t<\/span>\n\t\t\t\t\t\t\t\t\t<span class=\"elementor-button-text\">\u00d6ffnen<\/span>\n\t\t\t\t\t<\/span>\n\t\t\t\t\t<\/a>\n\t\t\t\t<\/div>\n\t\t\t\t\t\t\t\t<\/div>\n\t\t\t\t<\/div>\n\t\t\t\t\t<\/div>\n\t\t<\/div>\n\t\t\t\t\t<\/div>\n\t\t<\/section>\n\t\t\t\t<\/div>\n\t\t<style id=\"loop-dynamic-3527\">.e-loop-item-7453 .elementor-element.elementor-element-a252bde > .elementor-background-overlay{background-image:url(\"https:\/\/faber-solartechnik.de\/wp-content\/uploads\/2023\/11\/Faber-Solar-Glesien-Schkeuditz-B-3-scaled.jpg\");}<\/style>\t\t<div data-elementor-type=\"loop-item\" data-elementor-id=\"3527\" class=\"elementor elementor-3527 swiper-slide e-loop-item e-loop-item-7453 post-7453 post type-post status-publish format-standard has-post-thumbnail hentry category-projekte\" data-elementor-post-type=\"elementor_library\" role=\"group\" aria-roledescription=\"slide\" data-custom-edit-handle=\"1\">\n\t\t\t\t\t<section class=\"elementor-section elementor-top-section elementor-element elementor-element-a252bde elementor-section-height-min-height elementor-section-items-stretch loopnews runde-ecken elementor-section-boxed elementor-section-height-default\" data-id=\"a252bde\" data-element_type=\"section\" data-e-type=\"section\">\n\t\t\t\t\t\t\t<div class=\"elementor-background-overlay\"><\/div>\n\t\t\t\t\t\t\t<div class=\"elementor-container elementor-column-gap-no\">\n\t\t\t\t\t<div class=\"elementor-column elementor-col-100 elementor-top-column elementor-element elementor-element-6fcfada runde-ecken\" data-id=\"6fcfada\" data-element_type=\"column\" data-e-type=\"column\" data-settings=\"{&quot;background_background&quot;:&quot;classic&quot;}\">\n\t\t\t<div class=\"elementor-widget-wrap elementor-element-populated\">\n\t\t\t\t\t<div class=\"elementor-background-overlay\"><\/div>\n\t\t\t\t\t\t<section class=\"elementor-section elementor-inner-section elementor-element elementor-element-6604a6b elementor-section-boxed elementor-section-height-default elementor-section-height-default\" data-id=\"6604a6b\" data-element_type=\"section\" data-e-type=\"section\">\n\t\t\t\t\t\t<div class=\"elementor-container elementor-column-gap-no\">\n\t\t\t\t\t<div class=\"elementor-column elementor-col-100 elementor-inner-column elementor-element elementor-element-f098b0d\" data-id=\"f098b0d\" data-element_type=\"column\" data-e-type=\"column\">\n\t\t\t<div class=\"elementor-widget-wrap elementor-element-populated\">\n\t\t\t\t\t\t<div class=\"elementor-element elementor-element-1f94609 elementor-widget elementor-widget-post-info\" data-id=\"1f94609\" data-element_type=\"widget\" data-e-type=\"widget\" data-widget_type=\"post-info.default\">\n\t\t\t\t<div class=\"elementor-widget-container\">\n\t\t\t\t\t\t\t<ul class=\"elementor-inline-items elementor-icon-list-items elementor-post-info\">\n\t\t\t\t\t\t\t\t<li class=\"elementor-icon-list-item elementor-repeater-item-fb2fc86 elementor-inline-item\" itemprop=\"about\">\n\t\t\t\t\t\t\t\t\t\t\t\t\t<span class=\"elementor-icon-list-text elementor-post-info__item elementor-post-info__item--type-terms\">\n\t\t\t\t\t\t\t\t\t\t<span class=\"elementor-post-info__terms-list\">\n\t\t\t\t<a href=\"https:\/\/faber-solartechnik.de\/en\/.\/projekte\/\" class=\"elementor-post-info__terms-list-item\">Projekte<\/a>\t\t\t\t<\/span>\n\t\t\t\t\t<\/span>\n\t\t\t\t\t\t\t\t<\/li>\n\t\t\t\t<\/ul>\n\t\t\t\t\t\t<\/div>\n\t\t\t\t<\/div>\n\t\t\t\t<div class=\"elementor-element elementor-element-009b0cb elementor-widget elementor-widget-heading\" data-id=\"009b0cb\" data-element_type=\"widget\" data-e-type=\"widget\" data-widget_type=\"heading.default\">\n\t\t\t\t<div class=\"elementor-widget-container\">\n\t\t\t\t\t<h4 class=\"elementor-heading-title elementor-size-default\"><a href=\"https:\/\/faber-solartechnik.de\/en\/projekte\/schkeuditz\/\" target=\"_blank\">Schkeuditz<\/a><\/h4>\t\t\t\t<\/div>\n\t\t\t\t<\/div>\n\t\t\t\t<div class=\"elementor-element elementor-element-6321c9b elementor-hidden-mobile eae-pop-btn-align-left popupklicktitel elementor-hidden-desktop elementor-hidden-tablet eae-pop-btn-type-text elementor-widget elementor-widget-wts-modal-popup\" data-id=\"6321c9b\" data-element_type=\"widget\" data-e-type=\"widget\" data-widget_type=\"wts-modal-popup.default\">\n\t\t\t\t<div class=\"elementor-widget-container\">\n\t\t\t\t\t\t\t<div class=\"eae-popup-wrapper eae-popup-eae-pupup-item-1687779699\" data-id=\"eae-pupup-item-1687779699\" data-preview-modal=\"\" data-close-button-type=\"icon\" data-close-btn=\"fas fa-times\" data-close-in-out=\"true\" data-effect=\"zoom-in\">\n\t\t\t<a class=\"eae-popup-link icon-position-after\"\n\t\t\tdata-id=\"eae-pupup-item-1687779699\" data-ctrl-id=\"6321c9b\" href=\"#eae-pupup-item-1687779699\">\n\t\t\t\t\t\t\t\t\t\t\t\t\t\t\t<span class=\"eae-popup-btn-text\">\n\t\t\t\t\t\t\tSchkeuditz\t\t\t\t\t\t<\/span>\n\t\t\t\t\t\t\t\t\t\t<span class=\"eae-popup-btn-icon\">\n\t\t\t\t\t\t\t\t\t\t\t<\/span>\n\t\t\t\t\t\t\t\t\t\t\t\t\t\t<\/a>\n\t\t<\/div>\n\n\t\t<div id=\"eae-pupup-item-1687779699\" class=\"eae-popup-eae-pupup-item-1687779699 mfp-hide eae-popup-container\">\n\t\t\t<input class=\"eae-hidden-post-id\" type=\"hidden\" name=\"eae_hidden_post_id\" data-id=\"eae-pupup-item-1687779699\" value=\"0\" \/>\n\t\t\t<div class=\"eae-popup-content\">\n\t\t\t\t\t\t\t\t\t<div class=\"eae-modal-content\">\n\t\t\t\t\t\t\t\t<div data-elementor-type=\"section\" data-elementor-id=\"4203\" class=\"elementor elementor-4203\" data-elementor-post-type=\"elementor_library\">\n\t\t\t\t\t<section class=\"elementor-section elementor-top-section elementor-element elementor-element-76665b6d elementor-section-full_width elementor-section-height-min-height elementor-section-items-stretch elementor-section-height-default\" data-id=\"76665b6d\" data-element_type=\"section\" data-e-type=\"section\">\n\t\t\t\t\t\t<div class=\"elementor-container elementor-column-gap-default\">\n\t\t\t\t\t<div class=\"elementor-column elementor-col-50 elementor-top-column elementor-element elementor-element-27f77bf4\" data-id=\"27f77bf4\" data-element_type=\"column\" data-e-type=\"column\">\n\t\t\t<div class=\"elementor-widget-wrap elementor-element-populated\">\n\t\t\t\t\t\t<div class=\"elementor-element elementor-element-2c72871 shadow runde-ecken elementor-widget elementor-widget-image\" data-id=\"2c72871\" data-element_type=\"widget\" data-e-type=\"widget\" data-widget_type=\"image.default\">\n\t\t\t\t<div class=\"elementor-widget-container\">\n\t\t\t\t\t\t\t\t\t\t\t\t\t\t\t\t<a href=\"https:\/\/faber-solartechnik.de\/wp-content\/uploads\/2023\/11\/Faber-Solar-Glesien-Schkeuditz-B-3-scaled.jpg\" data-elementor-open-lightbox=\"yes\" data-e-action-hash=\"#elementor-action%3Aaction%3Dlightbox%26settings%3DeyJpZCI6NzM0MSwidXJsIjoiaHR0cHM6XC9cL2ZhYmVyLXNvbGFydGVjaG5pay5kZVwvd3AtY29udGVudFwvdXBsb2Fkc1wvMjAyM1wvMTFcL0ZhYmVyLVNvbGFyLUdsZXNpZW4tU2Noa2V1ZGl0ei1CLTMtc2NhbGVkLmpwZyJ9\">\n\t\t\t\t\t\t\t<img loading=\"lazy\" decoding=\"async\" width=\"768\" height=\"576\" src=\"https:\/\/faber-solartechnik.de\/wp-content\/uploads\/2023\/11\/Faber-Solar-Glesien-Schkeuditz-B-3-768x576.jpg\" class=\"attachment-medium_large size-medium_large wp-image-7341\" alt=\"\" srcset=\"https:\/\/faber-solartechnik.de\/wp-content\/uploads\/2023\/11\/Faber-Solar-Glesien-Schkeuditz-B-3-768x576.jpg 768w, https:\/\/faber-solartechnik.de\/wp-content\/uploads\/2023\/11\/Faber-Solar-Glesien-Schkeuditz-B-3-300x225.jpg 300w, https:\/\/faber-solartechnik.de\/wp-content\/uploads\/2023\/11\/Faber-Solar-Glesien-Schkeuditz-B-3-1024x768.jpg 1024w, https:\/\/faber-solartechnik.de\/wp-content\/uploads\/2023\/11\/Faber-Solar-Glesien-Schkeuditz-B-3-1536x1152.jpg 1536w, https:\/\/faber-solartechnik.de\/wp-content\/uploads\/2023\/11\/Faber-Solar-Glesien-Schkeuditz-B-3-2048x1536.jpg 2048w, https:\/\/faber-solartechnik.de\/wp-content\/uploads\/2023\/11\/Faber-Solar-Glesien-Schkeuditz-B-3-16x12.jpg 16w\" sizes=\"(max-width: 768px) 100vw, 768px\" \/>\t\t\t\t\t\t\t\t<\/a>\n\t\t\t\t\t\t\t\t\t\t\t\t\t\t\t<\/div>\n\t\t\t\t<\/div>\n\t\t\t\t\t<\/div>\n\t\t<\/div>\n\t\t\t\t<div class=\"elementor-column elementor-col-50 elementor-top-column elementor-element elementor-element-329a626d\" data-id=\"329a626d\" data-element_type=\"column\" data-e-type=\"column\">\n\t\t\t<div class=\"elementor-widget-wrap elementor-element-populated\">\n\t\t\t\t\t\t<div class=\"elementor-element elementor-element-bf7ede2 elementor-widget elementor-widget-heading\" data-id=\"bf7ede2\" data-element_type=\"widget\" data-e-type=\"widget\" data-widget_type=\"heading.default\">\n\t\t\t\t<div class=\"elementor-widget-container\">\n\t\t\t\t\t<h3 class=\"elementor-heading-title elementor-size-default\">Schkeuditz<\/h3>\t\t\t\t<\/div>\n\t\t\t\t<\/div>\n\t\t\t\t<div class=\"elementor-element elementor-element-678b441 elementor-widget-divider--view-line elementor-widget elementor-widget-divider\" data-id=\"678b441\" data-element_type=\"widget\" data-e-type=\"widget\" data-widget_type=\"divider.default\">\n\t\t\t\t<div class=\"elementor-widget-container\">\n\t\t\t\t\t\t\t<div class=\"elementor-divider\">\n\t\t\t<span class=\"elementor-divider-separator\">\n\t\t\t\t\t\t<\/span>\n\t\t<\/div>\n\t\t\t\t\t\t<\/div>\n\t\t\t\t<\/div>\n\t\t\t\t<div class=\"elementor-element elementor-element-18e98f7 elementor-widget elementor-widget-theme-post-content\" data-id=\"18e98f7\" data-element_type=\"widget\" data-e-type=\"widget\" data-widget_type=\"theme-post-content.default\">\n\t\t\t\t<div class=\"elementor-widget-container\">\n\t\t\t\t\t\t\t<div data-elementor-type=\"wp-post\" data-elementor-id=\"7453\" class=\"elementor elementor-7453\" data-elementor-post-type=\"post\">\n\t\t\t\t\t\t<section class=\"elementor-section elementor-top-section elementor-element elementor-element-7fa212a4 elementor-section-boxed elementor-section-height-default elementor-section-height-default\" data-id=\"7fa212a4\" data-element_type=\"section\" data-e-type=\"section\">\n\t\t\t\t\t\t<div class=\"elementor-container elementor-column-gap-default\">\n\t\t\t\t\t<div class=\"elementor-column elementor-col-100 elementor-top-column elementor-element elementor-element-6ebd92f9\" data-id=\"6ebd92f9\" data-element_type=\"column\" data-e-type=\"column\">\n\t\t\t<div class=\"elementor-widget-wrap elementor-element-populated\">\n\t\t\t\t\t\t<div class=\"elementor-element elementor-element-96fb2a2 elementor-icon-list--layout-inline popup-pv-fakts elementor-list-item-link-full_width elementor-widget elementor-widget-icon-list\" data-id=\"96fb2a2\" data-element_type=\"widget\" data-e-type=\"widget\" data-widget_type=\"icon-list.default\">\n\t\t\t\t<div class=\"elementor-widget-container\">\n\t\t\t\t\t\t\t<ul class=\"elementor-icon-list-items elementor-inline-items\">\n\t\t\t\t\t\t\t<li class=\"elementor-icon-list-item elementor-inline-item\">\n\t\t\t\t\t\t\t\t\t\t\t<span class=\"elementor-icon-list-icon\">\n\t\t\t\t\t\t\t<i aria-hidden=\"true\" class=\"fas fa-sun\"><\/i>\t\t\t\t\t\t<\/span>\n\t\t\t\t\t\t\t\t\t\t<span class=\"elementor-icon-list-text\">1.400 kWp<\/span>\n\t\t\t\t\t\t\t\t\t<\/li>\n\t\t\t\t\t\t\t\t<li class=\"elementor-icon-list-item elementor-inline-item\">\n\t\t\t\t\t\t\t\t\t\t\t<span class=\"elementor-icon-list-icon\">\n\t\t\t\t\t\t\t<i aria-hidden=\"true\" class=\"fas fa-bolt\"><\/i>\t\t\t\t\t\t<\/span>\n\t\t\t\t\t\t\t\t\t\t<span class=\"elementor-icon-list-text\">1.355.182 kWh\/Jahr<\/span>\n\t\t\t\t\t\t\t\t\t<\/li>\n\t\t\t\t\t\t\t\t<li class=\"elementor-icon-list-item elementor-inline-item\">\n\t\t\t\t\t\t\t\t\t\t\t<span class=\"elementor-icon-list-icon\">\n\t\t\t\t\t\t\t<i aria-hidden=\"true\" class=\"fas fa-plug\"><\/i>\t\t\t\t\t\t<\/span>\n\t\t\t\t\t\t\t\t\t\t<span class=\"elementor-icon-list-text\">\u00dcberschuss<\/span>\n\t\t\t\t\t\t\t\t\t<\/li>\n\t\t\t\t\t\t\t\t<li class=\"elementor-icon-list-item elementor-inline-item\">\n\t\t\t\t\t\t\t\t\t\t\t<span class=\"elementor-icon-list-icon\">\n\t\t\t\t\t\t\t<i aria-hidden=\"true\" class=\"fas fa-tools\"><\/i>\t\t\t\t\t\t<\/span>\n\t\t\t\t\t\t\t\t\t\t<span class=\"elementor-icon-list-text\">Aufgest\u00e4ndert<\/span>\n\t\t\t\t\t\t\t\t\t<\/li>\n\t\t\t\t\t\t\t\t<li class=\"elementor-icon-list-item elementor-inline-item\">\n\t\t\t\t\t\t\t\t\t\t\t<span class=\"elementor-icon-list-icon\">\n\t\t\t\t\t\t\t<i aria-hidden=\"true\" class=\"fas fa-map-marker-alt\"><\/i>\t\t\t\t\t\t<\/span>\n\t\t\t\t\t\t\t\t\t\t<span class=\"elementor-icon-list-text\">Sachsen<\/span>\n\t\t\t\t\t\t\t\t\t<\/li>\n\t\t\t\t\t\t<\/ul>\n\t\t\t\t\t\t<\/div>\n\t\t\t\t<\/div>\n\t\t\t\t<div class=\"elementor-element elementor-element-3d1a9cce elementor-widget elementor-widget-gallery\" data-id=\"3d1a9cce\" data-element_type=\"widget\" data-e-type=\"widget\" data-settings=\"{&quot;gallery_layout&quot;:&quot;grid&quot;,&quot;columns&quot;:4,&quot;columns_tablet&quot;:2,&quot;columns_mobile&quot;:1,&quot;gap&quot;:{&quot;unit&quot;:&quot;px&quot;,&quot;size&quot;:10,&quot;sizes&quot;:[]},&quot;gap_laptop&quot;:{&quot;unit&quot;:&quot;px&quot;,&quot;size&quot;:10,&quot;sizes&quot;:[]},&quot;gap_tablet_extra&quot;:{&quot;unit&quot;:&quot;px&quot;,&quot;size&quot;:10,&quot;sizes&quot;:[]},&quot;gap_tablet&quot;:{&quot;unit&quot;:&quot;px&quot;,&quot;size&quot;:10,&quot;sizes&quot;:[]},&quot;gap_mobile&quot;:{&quot;unit&quot;:&quot;px&quot;,&quot;size&quot;:10,&quot;sizes&quot;:[]},&quot;link_to&quot;:&quot;file&quot;,&quot;aspect_ratio&quot;:&quot;3:2&quot;,&quot;overlay_background&quot;:&quot;yes&quot;,&quot;content_hover_animation&quot;:&quot;fade-in&quot;}\" data-widget_type=\"gallery.default\">\n\t\t\t\t<div class=\"elementor-widget-container\">\n\t\t\t\t\t\t\t<div class=\"elementor-gallery__container\">\n\t\t\t\t\t\t\t<a class=\"e-gallery-item elementor-gallery-item elementor-animated-content\" href=\"https:\/\/faber-solartechnik.de\/wp-content\/uploads\/2023\/11\/Faber-Solar-Glesien-Schkeuditz-A-11-scaled.jpg\" data-elementor-open-lightbox=\"yes\" data-elementor-lightbox-slideshow=\"3d1a9cce\" data-e-action-hash=\"#elementor-action%3Aaction%3Dlightbox%26settings%3DeyJpZCI6NzM1NCwidXJsIjoiaHR0cHM6XC9cL2ZhYmVyLXNvbGFydGVjaG5pay5kZVwvd3AtY29udGVudFwvdXBsb2Fkc1wvMjAyM1wvMTFcL0ZhYmVyLVNvbGFyLUdsZXNpZW4tU2Noa2V1ZGl0ei1BLTExLXNjYWxlZC5qcGciLCJzbGlkZXNob3ciOiIzZDFhOWNjZSJ9\">\n\t\t\t\t\t<div class=\"e-gallery-image elementor-gallery-item__image\" data-thumbnail=\"https:\/\/faber-solartechnik.de\/wp-content\/uploads\/2023\/11\/Faber-Solar-Glesien-Schkeuditz-A-11-300x225.jpg\" data-width=\"300\" data-height=\"225\" aria-label=\"\" role=\"img\" ><\/div>\n\t\t\t\t\t\t\t\t\t\t\t<div class=\"elementor-gallery-item__overlay\"><\/div>\n\t\t\t\t\t\t\t\t\t\t\t\t\t\t<\/a>\n\t\t\t\t\t\t\t<a class=\"e-gallery-item elementor-gallery-item elementor-animated-content\" href=\"https:\/\/faber-solartechnik.de\/wp-content\/uploads\/2023\/11\/Faber-Solar-Glesien-Schkeuditz-A-9-scaled.jpg\" data-elementor-open-lightbox=\"yes\" data-elementor-lightbox-slideshow=\"3d1a9cce\" data-e-action-hash=\"#elementor-action%3Aaction%3Dlightbox%26settings%3DeyJpZCI6NzM0NSwidXJsIjoiaHR0cHM6XC9cL2ZhYmVyLXNvbGFydGVjaG5pay5kZVwvd3AtY29udGVudFwvdXBsb2Fkc1wvMjAyM1wvMTFcL0ZhYmVyLVNvbGFyLUdsZXNpZW4tU2Noa2V1ZGl0ei1BLTktc2NhbGVkLmpwZyIsInNsaWRlc2hvdyI6IjNkMWE5Y2NlIn0%3D\">\n\t\t\t\t\t<div class=\"e-gallery-image elementor-gallery-item__image\" data-thumbnail=\"https:\/\/faber-solartechnik.de\/wp-content\/uploads\/2023\/11\/Faber-Solar-Glesien-Schkeuditz-A-9-300x225.jpg\" data-width=\"300\" data-height=\"225\" aria-label=\"\" role=\"img\" ><\/div>\n\t\t\t\t\t\t\t\t\t\t\t<div class=\"elementor-gallery-item__overlay\"><\/div>\n\t\t\t\t\t\t\t\t\t\t\t\t\t\t<\/a>\n\t\t\t\t\t\t\t<a class=\"e-gallery-item elementor-gallery-item elementor-animated-content\" href=\"https:\/\/faber-solartechnik.de\/wp-content\/uploads\/2023\/11\/Faber-Solar-Glesien-Schkeuditz-A-6-scaled.jpg\" data-elementor-open-lightbox=\"yes\" data-elementor-lightbox-slideshow=\"3d1a9cce\" data-e-action-hash=\"#elementor-action%3Aaction%3Dlightbox%26settings%3DeyJpZCI6NzM0OCwidXJsIjoiaHR0cHM6XC9cL2ZhYmVyLXNvbGFydGVjaG5pay5kZVwvd3AtY29udGVudFwvdXBsb2Fkc1wvMjAyM1wvMTFcL0ZhYmVyLVNvbGFyLUdsZXNpZW4tU2Noa2V1ZGl0ei1BLTYtc2NhbGVkLmpwZyIsInNsaWRlc2hvdyI6IjNkMWE5Y2NlIn0%3D\">\n\t\t\t\t\t<div class=\"e-gallery-image elementor-gallery-item__image\" data-thumbnail=\"https:\/\/faber-solartechnik.de\/wp-content\/uploads\/2023\/11\/Faber-Solar-Glesien-Schkeuditz-A-6-300x225.jpg\" data-width=\"300\" data-height=\"225\" aria-label=\"\" role=\"img\" ><\/div>\n\t\t\t\t\t\t\t\t\t\t\t<div class=\"elementor-gallery-item__overlay\"><\/div>\n\t\t\t\t\t\t\t\t\t\t\t\t\t\t<\/a>\n\t\t\t\t\t\t\t<a class=\"e-gallery-item elementor-gallery-item elementor-animated-content\" href=\"https:\/\/faber-solartechnik.de\/wp-content\/uploads\/2023\/11\/Faber-Solar-Glesien-Schkeuditz-A-7-scaled.jpg\" data-elementor-open-lightbox=\"yes\" data-elementor-lightbox-slideshow=\"3d1a9cce\" data-e-action-hash=\"#elementor-action%3Aaction%3Dlightbox%26settings%3DeyJpZCI6NzM0NywidXJsIjoiaHR0cHM6XC9cL2ZhYmVyLXNvbGFydGVjaG5pay5kZVwvd3AtY29udGVudFwvdXBsb2Fkc1wvMjAyM1wvMTFcL0ZhYmVyLVNvbGFyLUdsZXNpZW4tU2Noa2V1ZGl0ei1BLTctc2NhbGVkLmpwZyIsInNsaWRlc2hvdyI6IjNkMWE5Y2NlIn0%3D\">\n\t\t\t\t\t<div class=\"e-gallery-image elementor-gallery-item__image\" data-thumbnail=\"https:\/\/faber-solartechnik.de\/wp-content\/uploads\/2023\/11\/Faber-Solar-Glesien-Schkeuditz-A-7-300x225.jpg\" data-width=\"300\" data-height=\"225\" aria-label=\"\" role=\"img\" ><\/div>\n\t\t\t\t\t\t\t\t\t\t\t<div class=\"elementor-gallery-item__overlay\"><\/div>\n\t\t\t\t\t\t\t\t\t\t\t\t\t\t<\/a>\n\t\t\t\t\t\t\t<a class=\"e-gallery-item elementor-gallery-item elementor-animated-content\" href=\"https:\/\/faber-solartechnik.de\/wp-content\/uploads\/2023\/11\/Faber-Solar-Glesien-Schkeuditz-B-5-scaled.jpg\" data-elementor-open-lightbox=\"yes\" data-elementor-lightbox-slideshow=\"3d1a9cce\" data-e-action-hash=\"#elementor-action%3Aaction%3Dlightbox%26settings%3DeyJpZCI6NzMzOSwidXJsIjoiaHR0cHM6XC9cL2ZhYmVyLXNvbGFydGVjaG5pay5kZVwvd3AtY29udGVudFwvdXBsb2Fkc1wvMjAyM1wvMTFcL0ZhYmVyLVNvbGFyLUdsZXNpZW4tU2Noa2V1ZGl0ei1CLTUtc2NhbGVkLmpwZyIsInNsaWRlc2hvdyI6IjNkMWE5Y2NlIn0%3D\">\n\t\t\t\t\t<div class=\"e-gallery-image elementor-gallery-item__image\" data-thumbnail=\"https:\/\/faber-solartechnik.de\/wp-content\/uploads\/2023\/11\/Faber-Solar-Glesien-Schkeuditz-B-5-300x225.jpg\" data-width=\"300\" data-height=\"225\" aria-label=\"\" role=\"img\" ><\/div>\n\t\t\t\t\t\t\t\t\t\t\t<div class=\"elementor-gallery-item__overlay\"><\/div>\n\t\t\t\t\t\t\t\t\t\t\t\t\t\t<\/a>\n\t\t\t\t\t\t\t<a class=\"e-gallery-item elementor-gallery-item elementor-animated-content\" href=\"https:\/\/faber-solartechnik.de\/wp-content\/uploads\/2023\/11\/Faber-Solar-Glesien-Schkeuditz-B-9-scaled.jpg\" data-elementor-open-lightbox=\"yes\" data-elementor-lightbox-slideshow=\"3d1a9cce\" data-e-action-hash=\"#elementor-action%3Aaction%3Dlightbox%26settings%3DeyJpZCI6NzMzNSwidXJsIjoiaHR0cHM6XC9cL2ZhYmVyLXNvbGFydGVjaG5pay5kZVwvd3AtY29udGVudFwvdXBsb2Fkc1wvMjAyM1wvMTFcL0ZhYmVyLVNvbGFyLUdsZXNpZW4tU2Noa2V1ZGl0ei1CLTktc2NhbGVkLmpwZyIsInNsaWRlc2hvdyI6IjNkMWE5Y2NlIn0%3D\">\n\t\t\t\t\t<div class=\"e-gallery-image elementor-gallery-item__image\" data-thumbnail=\"https:\/\/faber-solartechnik.de\/wp-content\/uploads\/2023\/11\/Faber-Solar-Glesien-Schkeuditz-B-9-300x225.jpg\" data-width=\"300\" data-height=\"225\" aria-label=\"\" role=\"img\" ><\/div>\n\t\t\t\t\t\t\t\t\t\t\t<div class=\"elementor-gallery-item__overlay\"><\/div>\n\t\t\t\t\t\t\t\t\t\t\t\t\t\t<\/a>\n\t\t\t\t\t\t\t<a class=\"e-gallery-item elementor-gallery-item elementor-animated-content\" href=\"https:\/\/faber-solartechnik.de\/wp-content\/uploads\/2023\/11\/Faber-Solar-Glesien-Schkeuditz-B-1-scaled.jpg\" data-elementor-open-lightbox=\"yes\" data-elementor-lightbox-slideshow=\"3d1a9cce\" data-e-action-hash=\"#elementor-action%3Aaction%3Dlightbox%26settings%3DeyJpZCI6NzM0NCwidXJsIjoiaHR0cHM6XC9cL2ZhYmVyLXNvbGFydGVjaG5pay5kZVwvd3AtY29udGVudFwvdXBsb2Fkc1wvMjAyM1wvMTFcL0ZhYmVyLVNvbGFyLUdsZXNpZW4tU2Noa2V1ZGl0ei1CLTEtc2NhbGVkLmpwZyIsInNsaWRlc2hvdyI6IjNkMWE5Y2NlIn0%3D\">\n\t\t\t\t\t<div class=\"e-gallery-image elementor-gallery-item__image\" data-thumbnail=\"https:\/\/faber-solartechnik.de\/wp-content\/uploads\/2023\/11\/Faber-Solar-Glesien-Schkeuditz-B-1-300x225.jpg\" data-width=\"300\" data-height=\"225\" aria-label=\"\" role=\"img\" ><\/div>\n\t\t\t\t\t\t\t\t\t\t\t<div class=\"elementor-gallery-item__overlay\"><\/div>\n\t\t\t\t\t\t\t\t\t\t\t\t\t\t<\/a>\n\t\t\t\t\t\t\t<a class=\"e-gallery-item elementor-gallery-item elementor-animated-content\" href=\"https:\/\/faber-solartechnik.de\/wp-content\/uploads\/2023\/11\/Faber-Solar-Glesien-Schkeuditz-B-6-scaled.jpg\" data-elementor-open-lightbox=\"yes\" data-elementor-lightbox-slideshow=\"3d1a9cce\" data-e-action-hash=\"#elementor-action%3Aaction%3Dlightbox%26settings%3DeyJpZCI6NzMzOCwidXJsIjoiaHR0cHM6XC9cL2ZhYmVyLXNvbGFydGVjaG5pay5kZVwvd3AtY29udGVudFwvdXBsb2Fkc1wvMjAyM1wvMTFcL0ZhYmVyLVNvbGFyLUdsZXNpZW4tU2Noa2V1ZGl0ei1CLTYtc2NhbGVkLmpwZyIsInNsaWRlc2hvdyI6IjNkMWE5Y2NlIn0%3D\">\n\t\t\t\t\t<div class=\"e-gallery-image elementor-gallery-item__image\" data-thumbnail=\"https:\/\/faber-solartechnik.de\/wp-content\/uploads\/2023\/11\/Faber-Solar-Glesien-Schkeuditz-B-6-300x225.jpg\" data-width=\"300\" data-height=\"225\" aria-label=\"\" role=\"img\" ><\/div>\n\t\t\t\t\t\t\t\t\t\t\t<div class=\"elementor-gallery-item__overlay\"><\/div>\n\t\t\t\t\t\t\t\t\t\t\t\t\t\t<\/a>\n\t\t\t\t\t<\/div>\n\t\t\t\t\t<\/div>\n\t\t\t\t<\/div>\n\t\t\t\t\t<\/div>\n\t\t<\/div>\n\t\t\t\t\t<\/div>\n\t\t<\/section>\n\t\t\t\t<\/div>\n\t\t\t\t\t\t<\/div>\n\t\t\t\t<\/div>\n\t\t\t\t<div class=\"elementor-element elementor-element-b294ae0 e-transform e-transform elementor-align-right elementor-absolute elementor-invisible elementor-widget elementor-widget-button\" data-id=\"b294ae0\" data-element_type=\"widget\" data-e-type=\"widget\" data-settings=\"{&quot;_transform_translateX_effect_hover&quot;:{&quot;unit&quot;:&quot;px&quot;,&quot;size&quot;:-10,&quot;sizes&quot;:[]},&quot;_animation&quot;:&quot;fadeInUp&quot;,&quot;_animation_delay&quot;:1000,&quot;_position&quot;:&quot;absolute&quot;,&quot;_transform_translateX_effect&quot;:{&quot;unit&quot;:&quot;px&quot;,&quot;size&quot;:&quot;&quot;,&quot;sizes&quot;:[]},&quot;_transform_translateX_effect_laptop&quot;:{&quot;unit&quot;:&quot;px&quot;,&quot;size&quot;:&quot;&quot;,&quot;sizes&quot;:[]},&quot;_transform_translateX_effect_tablet_extra&quot;:{&quot;unit&quot;:&quot;px&quot;,&quot;size&quot;:&quot;&quot;,&quot;sizes&quot;:[]},&quot;_transform_translateX_effect_tablet&quot;:{&quot;unit&quot;:&quot;px&quot;,&quot;size&quot;:&quot;&quot;,&quot;sizes&quot;:[]},&quot;_transform_translateX_effect_mobile&quot;:{&quot;unit&quot;:&quot;px&quot;,&quot;size&quot;:&quot;&quot;,&quot;sizes&quot;:[]},&quot;_transform_translateY_effect&quot;:{&quot;unit&quot;:&quot;px&quot;,&quot;size&quot;:&quot;&quot;,&quot;sizes&quot;:[]},&quot;_transform_translateY_effect_laptop&quot;:{&quot;unit&quot;:&quot;px&quot;,&quot;size&quot;:&quot;&quot;,&quot;sizes&quot;:[]},&quot;_transform_translateY_effect_tablet_extra&quot;:{&quot;unit&quot;:&quot;px&quot;,&quot;size&quot;:&quot;&quot;,&quot;sizes&quot;:[]},&quot;_transform_translateY_effect_tablet&quot;:{&quot;unit&quot;:&quot;px&quot;,&quot;size&quot;:&quot;&quot;,&quot;sizes&quot;:[]},&quot;_transform_translateY_effect_mobile&quot;:{&quot;unit&quot;:&quot;px&quot;,&quot;size&quot;:&quot;&quot;,&quot;sizes&quot;:[]},&quot;_transform_translateX_effect_hover_laptop&quot;:{&quot;unit&quot;:&quot;px&quot;,&quot;size&quot;:&quot;&quot;,&quot;sizes&quot;:[]},&quot;_transform_translateX_effect_hover_tablet_extra&quot;:{&quot;unit&quot;:&quot;px&quot;,&quot;size&quot;:&quot;&quot;,&quot;sizes&quot;:[]},&quot;_transform_translateX_effect_hover_tablet&quot;:{&quot;unit&quot;:&quot;px&quot;,&quot;size&quot;:&quot;&quot;,&quot;sizes&quot;:[]},&quot;_transform_translateX_effect_hover_mobile&quot;:{&quot;unit&quot;:&quot;px&quot;,&quot;size&quot;:&quot;&quot;,&quot;sizes&quot;:[]},&quot;_transform_translateY_effect_hover&quot;:{&quot;unit&quot;:&quot;px&quot;,&quot;size&quot;:&quot;&quot;,&quot;sizes&quot;:[]},&quot;_transform_translateY_effect_hover_laptop&quot;:{&quot;unit&quot;:&quot;px&quot;,&quot;size&quot;:&quot;&quot;,&quot;sizes&quot;:[]},&quot;_transform_translateY_effect_hover_tablet_extra&quot;:{&quot;unit&quot;:&quot;px&quot;,&quot;size&quot;:&quot;&quot;,&quot;sizes&quot;:[]},&quot;_transform_translateY_effect_hover_tablet&quot;:{&quot;unit&quot;:&quot;px&quot;,&quot;size&quot;:&quot;&quot;,&quot;sizes&quot;:[]},&quot;_transform_translateY_effect_hover_mobile&quot;:{&quot;unit&quot;:&quot;px&quot;,&quot;size&quot;:&quot;&quot;,&quot;sizes&quot;:[]}}\" data-widget_type=\"button.default\">\n\t\t\t\t<div class=\"elementor-widget-container\">\n\t\t\t\t\t\t\t\t\t<div class=\"elementor-button-wrapper\">\n\t\t\t\t\t<a class=\"elementor-button elementor-button-link elementor-size-xs\" href=\"https:\/\/faber-solartechnik.de\/en\/projekte\/schkeuditz\/\" target=\"_blank\">\n\t\t\t\t\t\t<span class=\"elementor-button-content-wrapper\">\n\t\t\t\t\t\t<span class=\"elementor-button-icon\">\n\t\t\t\t<i aria-hidden=\"true\" class=\"far fa-window-restore\"><\/i>\t\t\t<\/span>\n\t\t\t\t\t\t\t\t\t<span class=\"elementor-button-text\">Projekt in neuem Tab \u00f6ffnen<\/span>\n\t\t\t\t\t<\/span>\n\t\t\t\t\t<\/a>\n\t\t\t\t<\/div>\n\t\t\t\t\t\t\t\t<\/div>\n\t\t\t\t<\/div>\n\t\t\t\t\t<\/div>\n\t\t<\/div>\n\t\t\t\t\t<\/div>\n\t\t<\/section>\n\t\t\t\t<\/div>\n\t\t\t\t\t\t\t<\/div>\n\t\t\t\t\t\t\t\t<\/div>\n\t\t<\/div>\n\t\t\t\t\t\t<\/div>\n\t\t\t\t<\/div>\n\t\t\t\t\t<\/div>\n\t\t<\/div>\n\t\t\t\t\t<\/div>\n\t\t<\/section>\n\t\t\t\t<div class=\"elementor-element elementor-element-d621d6e elementor-hidden-mobile elementor-hidden-desktop elementor-hidden-tablet eae-pop-btn-type-text elementor-widget elementor-widget-wts-modal-popup\" data-id=\"d621d6e\" data-element_type=\"widget\" data-e-type=\"widget\" data-widget_type=\"wts-modal-popup.default\">\n\t\t\t\t<div class=\"elementor-widget-container\">\n\t\t\t\t\t\t\t<div class=\"eae-popup-wrapper eae-popup-eae-pupup-item-36872419\" data-id=\"eae-pupup-item-36872419\" data-preview-modal=\"\" data-close-button-type=\"icon\" data-close-btn=\"fas fa-times\" data-close-in-out=\"true\" data-effect=\"zoom-in\">\n\t\t\t<a class=\"eae-popup-link icon-position-before\"\n\t\t\tdata-id=\"eae-pupup-item-36872419\" data-ctrl-id=\"d621d6e\" href=\"#eae-pupup-item-36872419\">\n\t\t\t\t\t\t\t\t\t\t\t\t\t\t<span class=\"eae-popup-btn-icon\">\n\t\t\t\t\t\t<i aria-hidden=\"true\" class=\"fas fa-arrow-right\"><\/i>\t\t\t\t\t<\/span>\n\t\t\t\t\t\t\t\t\t\t\t\t<span class=\"eae-popup-btn-text\">\n\t\t\t\t\t\t\t\u00d6ffnen\t\t\t\t\t\t<\/span>\n\t\t\t\t\t\t\t\t\t\t\t\t\t<\/a>\n\t\t<\/div>\n\n\t\t<div id=\"eae-pupup-item-36872419\" class=\"eae-popup-eae-pupup-item-36872419 mfp-hide eae-popup-container\">\n\t\t\t<input class=\"eae-hidden-post-id\" type=\"hidden\" name=\"eae_hidden_post_id\" data-id=\"eae-pupup-item-36872419\" value=\"0\" \/>\n\t\t\t<div class=\"eae-popup-content\">\n\t\t\t\t\t\t\t\t\t<div class=\"eae-modal-content\">\n\t\t\t\t\t\t\t\t<div data-elementor-type=\"section\" data-elementor-id=\"4203\" class=\"elementor elementor-4203\" data-elementor-post-type=\"elementor_library\">\n\t\t\t\t\t<section class=\"elementor-section elementor-top-section elementor-element elementor-element-76665b6d elementor-section-full_width elementor-section-height-min-height elementor-section-items-stretch elementor-section-height-default\" data-id=\"76665b6d\" data-element_type=\"section\" data-e-type=\"section\">\n\t\t\t\t\t\t<div class=\"elementor-container elementor-column-gap-default\">\n\t\t\t\t\t<div class=\"elementor-column elementor-col-50 elementor-top-column elementor-element elementor-element-27f77bf4\" data-id=\"27f77bf4\" data-element_type=\"column\" data-e-type=\"column\">\n\t\t\t<div class=\"elementor-widget-wrap elementor-element-populated\">\n\t\t\t\t\t\t<div class=\"elementor-element elementor-element-2c72871 shadow runde-ecken elementor-widget elementor-widget-image\" data-id=\"2c72871\" data-element_type=\"widget\" data-e-type=\"widget\" data-widget_type=\"image.default\">\n\t\t\t\t<div class=\"elementor-widget-container\">\n\t\t\t\t\t\t\t\t\t\t\t\t\t\t\t\t<a href=\"https:\/\/faber-solartechnik.de\/wp-content\/uploads\/2023\/11\/Faber-Solar-Glesien-Schkeuditz-B-3-scaled.jpg\" data-elementor-open-lightbox=\"yes\" data-e-action-hash=\"#elementor-action%3Aaction%3Dlightbox%26settings%3DeyJpZCI6NzM0MSwidXJsIjoiaHR0cHM6XC9cL2ZhYmVyLXNvbGFydGVjaG5pay5kZVwvd3AtY29udGVudFwvdXBsb2Fkc1wvMjAyM1wvMTFcL0ZhYmVyLVNvbGFyLUdsZXNpZW4tU2Noa2V1ZGl0ei1CLTMtc2NhbGVkLmpwZyJ9\">\n\t\t\t\t\t\t\t<img loading=\"lazy\" decoding=\"async\" width=\"768\" height=\"576\" src=\"https:\/\/faber-solartechnik.de\/wp-content\/uploads\/2023\/11\/Faber-Solar-Glesien-Schkeuditz-B-3-768x576.jpg\" class=\"attachment-medium_large size-medium_large wp-image-7341\" alt=\"\" srcset=\"https:\/\/faber-solartechnik.de\/wp-content\/uploads\/2023\/11\/Faber-Solar-Glesien-Schkeuditz-B-3-768x576.jpg 768w, https:\/\/faber-solartechnik.de\/wp-content\/uploads\/2023\/11\/Faber-Solar-Glesien-Schkeuditz-B-3-300x225.jpg 300w, https:\/\/faber-solartechnik.de\/wp-content\/uploads\/2023\/11\/Faber-Solar-Glesien-Schkeuditz-B-3-1024x768.jpg 1024w, https:\/\/faber-solartechnik.de\/wp-content\/uploads\/2023\/11\/Faber-Solar-Glesien-Schkeuditz-B-3-1536x1152.jpg 1536w, https:\/\/faber-solartechnik.de\/wp-content\/uploads\/2023\/11\/Faber-Solar-Glesien-Schkeuditz-B-3-2048x1536.jpg 2048w, https:\/\/faber-solartechnik.de\/wp-content\/uploads\/2023\/11\/Faber-Solar-Glesien-Schkeuditz-B-3-16x12.jpg 16w\" sizes=\"(max-width: 768px) 100vw, 768px\" \/>\t\t\t\t\t\t\t\t<\/a>\n\t\t\t\t\t\t\t\t\t\t\t\t\t\t\t<\/div>\n\t\t\t\t<\/div>\n\t\t\t\t\t<\/div>\n\t\t<\/div>\n\t\t\t\t<div class=\"elementor-column elementor-col-50 elementor-top-column elementor-element elementor-element-329a626d\" data-id=\"329a626d\" data-element_type=\"column\" data-e-type=\"column\">\n\t\t\t<div class=\"elementor-widget-wrap elementor-element-populated\">\n\t\t\t\t\t\t<div class=\"elementor-element elementor-element-bf7ede2 elementor-widget elementor-widget-heading\" data-id=\"bf7ede2\" data-element_type=\"widget\" data-e-type=\"widget\" data-widget_type=\"heading.default\">\n\t\t\t\t<div class=\"elementor-widget-container\">\n\t\t\t\t\t<h3 class=\"elementor-heading-title elementor-size-default\">Schkeuditz<\/h3>\t\t\t\t<\/div>\n\t\t\t\t<\/div>\n\t\t\t\t<div class=\"elementor-element elementor-element-678b441 elementor-widget-divider--view-line elementor-widget elementor-widget-divider\" data-id=\"678b441\" data-element_type=\"widget\" data-e-type=\"widget\" data-widget_type=\"divider.default\">\n\t\t\t\t<div class=\"elementor-widget-container\">\n\t\t\t\t\t\t\t<div class=\"elementor-divider\">\n\t\t\t<span class=\"elementor-divider-separator\">\n\t\t\t\t\t\t<\/span>\n\t\t<\/div>\n\t\t\t\t\t\t<\/div>\n\t\t\t\t<\/div>\n\t\t\t\t<div class=\"elementor-element elementor-element-18e98f7 elementor-widget elementor-widget-theme-post-content\" data-id=\"18e98f7\" data-element_type=\"widget\" data-e-type=\"widget\" data-widget_type=\"theme-post-content.default\">\n\t\t\t\t<div class=\"elementor-widget-container\">\n\t\t\t\t\t\t\t<div data-elementor-type=\"wp-post\" data-elementor-id=\"7453\" class=\"elementor elementor-7453\" data-elementor-post-type=\"post\">\n\t\t\t\t\t\t<section class=\"elementor-section elementor-top-section elementor-element elementor-element-7fa212a4 elementor-section-boxed elementor-section-height-default elementor-section-height-default\" data-id=\"7fa212a4\" data-element_type=\"section\" data-e-type=\"section\">\n\t\t\t\t\t\t<div class=\"elementor-container elementor-column-gap-default\">\n\t\t\t\t\t<div class=\"elementor-column elementor-col-100 elementor-top-column elementor-element elementor-element-6ebd92f9\" data-id=\"6ebd92f9\" data-element_type=\"column\" data-e-type=\"column\">\n\t\t\t<div class=\"elementor-widget-wrap elementor-element-populated\">\n\t\t\t\t\t\t<div class=\"elementor-element elementor-element-96fb2a2 elementor-icon-list--layout-inline popup-pv-fakts elementor-list-item-link-full_width elementor-widget elementor-widget-icon-list\" data-id=\"96fb2a2\" data-element_type=\"widget\" data-e-type=\"widget\" data-widget_type=\"icon-list.default\">\n\t\t\t\t<div class=\"elementor-widget-container\">\n\t\t\t\t\t\t\t<ul class=\"elementor-icon-list-items elementor-inline-items\">\n\t\t\t\t\t\t\t<li class=\"elementor-icon-list-item elementor-inline-item\">\n\t\t\t\t\t\t\t\t\t\t\t<span class=\"elementor-icon-list-icon\">\n\t\t\t\t\t\t\t<i aria-hidden=\"true\" class=\"fas fa-sun\"><\/i>\t\t\t\t\t\t<\/span>\n\t\t\t\t\t\t\t\t\t\t<span class=\"elementor-icon-list-text\">1.400 kWp<\/span>\n\t\t\t\t\t\t\t\t\t<\/li>\n\t\t\t\t\t\t\t\t<li class=\"elementor-icon-list-item elementor-inline-item\">\n\t\t\t\t\t\t\t\t\t\t\t<span class=\"elementor-icon-list-icon\">\n\t\t\t\t\t\t\t<i aria-hidden=\"true\" class=\"fas fa-bolt\"><\/i>\t\t\t\t\t\t<\/span>\n\t\t\t\t\t\t\t\t\t\t<span class=\"elementor-icon-list-text\">1.355.182 kWh\/Jahr<\/span>\n\t\t\t\t\t\t\t\t\t<\/li>\n\t\t\t\t\t\t\t\t<li class=\"elementor-icon-list-item elementor-inline-item\">\n\t\t\t\t\t\t\t\t\t\t\t<span class=\"elementor-icon-list-icon\">\n\t\t\t\t\t\t\t<i aria-hidden=\"true\" class=\"fas fa-plug\"><\/i>\t\t\t\t\t\t<\/span>\n\t\t\t\t\t\t\t\t\t\t<span class=\"elementor-icon-list-text\">\u00dcberschuss<\/span>\n\t\t\t\t\t\t\t\t\t<\/li>\n\t\t\t\t\t\t\t\t<li class=\"elementor-icon-list-item elementor-inline-item\">\n\t\t\t\t\t\t\t\t\t\t\t<span class=\"elementor-icon-list-icon\">\n\t\t\t\t\t\t\t<i aria-hidden=\"true\" class=\"fas fa-tools\"><\/i>\t\t\t\t\t\t<\/span>\n\t\t\t\t\t\t\t\t\t\t<span class=\"elementor-icon-list-text\">Aufgest\u00e4ndert<\/span>\n\t\t\t\t\t\t\t\t\t<\/li>\n\t\t\t\t\t\t\t\t<li class=\"elementor-icon-list-item elementor-inline-item\">\n\t\t\t\t\t\t\t\t\t\t\t<span class=\"elementor-icon-list-icon\">\n\t\t\t\t\t\t\t<i aria-hidden=\"true\" class=\"fas fa-map-marker-alt\"><\/i>\t\t\t\t\t\t<\/span>\n\t\t\t\t\t\t\t\t\t\t<span class=\"elementor-icon-list-text\">Sachsen<\/span>\n\t\t\t\t\t\t\t\t\t<\/li>\n\t\t\t\t\t\t<\/ul>\n\t\t\t\t\t\t<\/div>\n\t\t\t\t<\/div>\n\t\t\t\t<div class=\"elementor-element elementor-element-3d1a9cce elementor-widget elementor-widget-gallery\" data-id=\"3d1a9cce\" data-element_type=\"widget\" data-e-type=\"widget\" data-settings=\"{&quot;gallery_layout&quot;:&quot;grid&quot;,&quot;columns&quot;:4,&quot;columns_tablet&quot;:2,&quot;columns_mobile&quot;:1,&quot;gap&quot;:{&quot;unit&quot;:&quot;px&quot;,&quot;size&quot;:10,&quot;sizes&quot;:[]},&quot;gap_laptop&quot;:{&quot;unit&quot;:&quot;px&quot;,&quot;size&quot;:10,&quot;sizes&quot;:[]},&quot;gap_tablet_extra&quot;:{&quot;unit&quot;:&quot;px&quot;,&quot;size&quot;:10,&quot;sizes&quot;:[]},&quot;gap_tablet&quot;:{&quot;unit&quot;:&quot;px&quot;,&quot;size&quot;:10,&quot;sizes&quot;:[]},&quot;gap_mobile&quot;:{&quot;unit&quot;:&quot;px&quot;,&quot;size&quot;:10,&quot;sizes&quot;:[]},&quot;link_to&quot;:&quot;file&quot;,&quot;aspect_ratio&quot;:&quot;3:2&quot;,&quot;overlay_background&quot;:&quot;yes&quot;,&quot;content_hover_animation&quot;:&quot;fade-in&quot;}\" data-widget_type=\"gallery.default\">\n\t\t\t\t<div class=\"elementor-widget-container\">\n\t\t\t\t\t\t\t<div class=\"elementor-gallery__container\">\n\t\t\t\t\t\t\t<a class=\"e-gallery-item elementor-gallery-item elementor-animated-content\" href=\"https:\/\/faber-solartechnik.de\/wp-content\/uploads\/2023\/11\/Faber-Solar-Glesien-Schkeuditz-A-11-scaled.jpg\" data-elementor-open-lightbox=\"yes\" data-elementor-lightbox-slideshow=\"3d1a9cce\" data-e-action-hash=\"#elementor-action%3Aaction%3Dlightbox%26settings%3DeyJpZCI6NzM1NCwidXJsIjoiaHR0cHM6XC9cL2ZhYmVyLXNvbGFydGVjaG5pay5kZVwvd3AtY29udGVudFwvdXBsb2Fkc1wvMjAyM1wvMTFcL0ZhYmVyLVNvbGFyLUdsZXNpZW4tU2Noa2V1ZGl0ei1BLTExLXNjYWxlZC5qcGciLCJzbGlkZXNob3ciOiIzZDFhOWNjZSJ9\">\n\t\t\t\t\t<div class=\"e-gallery-image elementor-gallery-item__image\" data-thumbnail=\"https:\/\/faber-solartechnik.de\/wp-content\/uploads\/2023\/11\/Faber-Solar-Glesien-Schkeuditz-A-11-300x225.jpg\" data-width=\"300\" data-height=\"225\" aria-label=\"\" role=\"img\" ><\/div>\n\t\t\t\t\t\t\t\t\t\t\t<div class=\"elementor-gallery-item__overlay\"><\/div>\n\t\t\t\t\t\t\t\t\t\t\t\t\t\t<\/a>\n\t\t\t\t\t\t\t<a class=\"e-gallery-item elementor-gallery-item elementor-animated-content\" href=\"https:\/\/faber-solartechnik.de\/wp-content\/uploads\/2023\/11\/Faber-Solar-Glesien-Schkeuditz-A-9-scaled.jpg\" data-elementor-open-lightbox=\"yes\" data-elementor-lightbox-slideshow=\"3d1a9cce\" data-e-action-hash=\"#elementor-action%3Aaction%3Dlightbox%26settings%3DeyJpZCI6NzM0NSwidXJsIjoiaHR0cHM6XC9cL2ZhYmVyLXNvbGFydGVjaG5pay5kZVwvd3AtY29udGVudFwvdXBsb2Fkc1wvMjAyM1wvMTFcL0ZhYmVyLVNvbGFyLUdsZXNpZW4tU2Noa2V1ZGl0ei1BLTktc2NhbGVkLmpwZyIsInNsaWRlc2hvdyI6IjNkMWE5Y2NlIn0%3D\">\n\t\t\t\t\t<div class=\"e-gallery-image elementor-gallery-item__image\" data-thumbnail=\"https:\/\/faber-solartechnik.de\/wp-content\/uploads\/2023\/11\/Faber-Solar-Glesien-Schkeuditz-A-9-300x225.jpg\" data-width=\"300\" data-height=\"225\" aria-label=\"\" role=\"img\" ><\/div>\n\t\t\t\t\t\t\t\t\t\t\t<div class=\"elementor-gallery-item__overlay\"><\/div>\n\t\t\t\t\t\t\t\t\t\t\t\t\t\t<\/a>\n\t\t\t\t\t\t\t<a class=\"e-gallery-item elementor-gallery-item elementor-animated-content\" href=\"https:\/\/faber-solartechnik.de\/wp-content\/uploads\/2023\/11\/Faber-Solar-Glesien-Schkeuditz-A-6-scaled.jpg\" data-elementor-open-lightbox=\"yes\" data-elementor-lightbox-slideshow=\"3d1a9cce\" data-e-action-hash=\"#elementor-action%3Aaction%3Dlightbox%26settings%3DeyJpZCI6NzM0OCwidXJsIjoiaHR0cHM6XC9cL2ZhYmVyLXNvbGFydGVjaG5pay5kZVwvd3AtY29udGVudFwvdXBsb2Fkc1wvMjAyM1wvMTFcL0ZhYmVyLVNvbGFyLUdsZXNpZW4tU2Noa2V1ZGl0ei1BLTYtc2NhbGVkLmpwZyIsInNsaWRlc2hvdyI6IjNkMWE5Y2NlIn0%3D\">\n\t\t\t\t\t<div class=\"e-gallery-image elementor-gallery-item__image\" data-thumbnail=\"https:\/\/faber-solartechnik.de\/wp-content\/uploads\/2023\/11\/Faber-Solar-Glesien-Schkeuditz-A-6-300x225.jpg\" data-width=\"300\" data-height=\"225\" aria-label=\"\" role=\"img\" ><\/div>\n\t\t\t\t\t\t\t\t\t\t\t<div class=\"elementor-gallery-item__overlay\"><\/div>\n\t\t\t\t\t\t\t\t\t\t\t\t\t\t<\/a>\n\t\t\t\t\t\t\t<a class=\"e-gallery-item elementor-gallery-item elementor-animated-content\" href=\"https:\/\/faber-solartechnik.de\/wp-content\/uploads\/2023\/11\/Faber-Solar-Glesien-Schkeuditz-A-7-scaled.jpg\" data-elementor-open-lightbox=\"yes\" data-elementor-lightbox-slideshow=\"3d1a9cce\" data-e-action-hash=\"#elementor-action%3Aaction%3Dlightbox%26settings%3DeyJpZCI6NzM0NywidXJsIjoiaHR0cHM6XC9cL2ZhYmVyLXNvbGFydGVjaG5pay5kZVwvd3AtY29udGVudFwvdXBsb2Fkc1wvMjAyM1wvMTFcL0ZhYmVyLVNvbGFyLUdsZXNpZW4tU2Noa2V1ZGl0ei1BLTctc2NhbGVkLmpwZyIsInNsaWRlc2hvdyI6IjNkMWE5Y2NlIn0%3D\">\n\t\t\t\t\t<div class=\"e-gallery-image elementor-gallery-item__image\" data-thumbnail=\"https:\/\/faber-solartechnik.de\/wp-content\/uploads\/2023\/11\/Faber-Solar-Glesien-Schkeuditz-A-7-300x225.jpg\" data-width=\"300\" data-height=\"225\" aria-label=\"\" role=\"img\" ><\/div>\n\t\t\t\t\t\t\t\t\t\t\t<div class=\"elementor-gallery-item__overlay\"><\/div>\n\t\t\t\t\t\t\t\t\t\t\t\t\t\t<\/a>\n\t\t\t\t\t\t\t<a class=\"e-gallery-item elementor-gallery-item elementor-animated-content\" href=\"https:\/\/faber-solartechnik.de\/wp-content\/uploads\/2023\/11\/Faber-Solar-Glesien-Schkeuditz-B-5-scaled.jpg\" data-elementor-open-lightbox=\"yes\" data-elementor-lightbox-slideshow=\"3d1a9cce\" data-e-action-hash=\"#elementor-action%3Aaction%3Dlightbox%26settings%3DeyJpZCI6NzMzOSwidXJsIjoiaHR0cHM6XC9cL2ZhYmVyLXNvbGFydGVjaG5pay5kZVwvd3AtY29udGVudFwvdXBsb2Fkc1wvMjAyM1wvMTFcL0ZhYmVyLVNvbGFyLUdsZXNpZW4tU2Noa2V1ZGl0ei1CLTUtc2NhbGVkLmpwZyIsInNsaWRlc2hvdyI6IjNkMWE5Y2NlIn0%3D\">\n\t\t\t\t\t<div class=\"e-gallery-image elementor-gallery-item__image\" data-thumbnail=\"https:\/\/faber-solartechnik.de\/wp-content\/uploads\/2023\/11\/Faber-Solar-Glesien-Schkeuditz-B-5-300x225.jpg\" data-width=\"300\" data-height=\"225\" aria-label=\"\" role=\"img\" ><\/div>\n\t\t\t\t\t\t\t\t\t\t\t<div class=\"elementor-gallery-item__overlay\"><\/div>\n\t\t\t\t\t\t\t\t\t\t\t\t\t\t<\/a>\n\t\t\t\t\t\t\t<a class=\"e-gallery-item elementor-gallery-item elementor-animated-content\" href=\"https:\/\/faber-solartechnik.de\/wp-content\/uploads\/2023\/11\/Faber-Solar-Glesien-Schkeuditz-B-9-scaled.jpg\" data-elementor-open-lightbox=\"yes\" data-elementor-lightbox-slideshow=\"3d1a9cce\" data-e-action-hash=\"#elementor-action%3Aaction%3Dlightbox%26settings%3DeyJpZCI6NzMzNSwidXJsIjoiaHR0cHM6XC9cL2ZhYmVyLXNvbGFydGVjaG5pay5kZVwvd3AtY29udGVudFwvdXBsb2Fkc1wvMjAyM1wvMTFcL0ZhYmVyLVNvbGFyLUdsZXNpZW4tU2Noa2V1ZGl0ei1CLTktc2NhbGVkLmpwZyIsInNsaWRlc2hvdyI6IjNkMWE5Y2NlIn0%3D\">\n\t\t\t\t\t<div class=\"e-gallery-image elementor-gallery-item__image\" data-thumbnail=\"https:\/\/faber-solartechnik.de\/wp-content\/uploads\/2023\/11\/Faber-Solar-Glesien-Schkeuditz-B-9-300x225.jpg\" data-width=\"300\" data-height=\"225\" aria-label=\"\" role=\"img\" ><\/div>\n\t\t\t\t\t\t\t\t\t\t\t<div class=\"elementor-gallery-item__overlay\"><\/div>\n\t\t\t\t\t\t\t\t\t\t\t\t\t\t<\/a>\n\t\t\t\t\t\t\t<a class=\"e-gallery-item elementor-gallery-item elementor-animated-content\" href=\"https:\/\/faber-solartechnik.de\/wp-content\/uploads\/2023\/11\/Faber-Solar-Glesien-Schkeuditz-B-1-scaled.jpg\" data-elementor-open-lightbox=\"yes\" data-elementor-lightbox-slideshow=\"3d1a9cce\" data-e-action-hash=\"#elementor-action%3Aaction%3Dlightbox%26settings%3DeyJpZCI6NzM0NCwidXJsIjoiaHR0cHM6XC9cL2ZhYmVyLXNvbGFydGVjaG5pay5kZVwvd3AtY29udGVudFwvdXBsb2Fkc1wvMjAyM1wvMTFcL0ZhYmVyLVNvbGFyLUdsZXNpZW4tU2Noa2V1ZGl0ei1CLTEtc2NhbGVkLmpwZyIsInNsaWRlc2hvdyI6IjNkMWE5Y2NlIn0%3D\">\n\t\t\t\t\t<div class=\"e-gallery-image elementor-gallery-item__image\" data-thumbnail=\"https:\/\/faber-solartechnik.de\/wp-content\/uploads\/2023\/11\/Faber-Solar-Glesien-Schkeuditz-B-1-300x225.jpg\" data-width=\"300\" data-height=\"225\" aria-label=\"\" role=\"img\" ><\/div>\n\t\t\t\t\t\t\t\t\t\t\t<div class=\"elementor-gallery-item__overlay\"><\/div>\n\t\t\t\t\t\t\t\t\t\t\t\t\t\t<\/a>\n\t\t\t\t\t\t\t<a class=\"e-gallery-item elementor-gallery-item elementor-animated-content\" href=\"https:\/\/faber-solartechnik.de\/wp-content\/uploads\/2023\/11\/Faber-Solar-Glesien-Schkeuditz-B-6-scaled.jpg\" data-elementor-open-lightbox=\"yes\" data-elementor-lightbox-slideshow=\"3d1a9cce\" data-e-action-hash=\"#elementor-action%3Aaction%3Dlightbox%26settings%3DeyJpZCI6NzMzOCwidXJsIjoiaHR0cHM6XC9cL2ZhYmVyLXNvbGFydGVjaG5pay5kZVwvd3AtY29udGVudFwvdXBsb2Fkc1wvMjAyM1wvMTFcL0ZhYmVyLVNvbGFyLUdsZXNpZW4tU2Noa2V1ZGl0ei1CLTYtc2NhbGVkLmpwZyIsInNsaWRlc2hvdyI6IjNkMWE5Y2NlIn0%3D\">\n\t\t\t\t\t<div class=\"e-gallery-image elementor-gallery-item__image\" data-thumbnail=\"https:\/\/faber-solartechnik.de\/wp-content\/uploads\/2023\/11\/Faber-Solar-Glesien-Schkeuditz-B-6-300x225.jpg\" data-width=\"300\" data-height=\"225\" aria-label=\"\" role=\"img\" ><\/div>\n\t\t\t\t\t\t\t\t\t\t\t<div class=\"elementor-gallery-item__overlay\"><\/div>\n\t\t\t\t\t\t\t\t\t\t\t\t\t\t<\/a>\n\t\t\t\t\t<\/div>\n\t\t\t\t\t<\/div>\n\t\t\t\t<\/div>\n\t\t\t\t\t<\/div>\n\t\t<\/div>\n\t\t\t\t\t<\/div>\n\t\t<\/section>\n\t\t\t\t<\/div>\n\t\t\t\t\t\t<\/div>\n\t\t\t\t<\/div>\n\t\t\t\t<div class=\"elementor-element elementor-element-b294ae0 e-transform e-transform elementor-align-right elementor-absolute elementor-invisible elementor-widget elementor-widget-button\" data-id=\"b294ae0\" data-element_type=\"widget\" data-e-type=\"widget\" data-settings=\"{&quot;_transform_translateX_effect_hover&quot;:{&quot;unit&quot;:&quot;px&quot;,&quot;size&quot;:-10,&quot;sizes&quot;:[]},&quot;_animation&quot;:&quot;fadeInUp&quot;,&quot;_animation_delay&quot;:1000,&quot;_position&quot;:&quot;absolute&quot;,&quot;_transform_translateX_effect&quot;:{&quot;unit&quot;:&quot;px&quot;,&quot;size&quot;:&quot;&quot;,&quot;sizes&quot;:[]},&quot;_transform_translateX_effect_laptop&quot;:{&quot;unit&quot;:&quot;px&quot;,&quot;size&quot;:&quot;&quot;,&quot;sizes&quot;:[]},&quot;_transform_translateX_effect_tablet_extra&quot;:{&quot;unit&quot;:&quot;px&quot;,&quot;size&quot;:&quot;&quot;,&quot;sizes&quot;:[]},&quot;_transform_translateX_effect_tablet&quot;:{&quot;unit&quot;:&quot;px&quot;,&quot;size&quot;:&quot;&quot;,&quot;sizes&quot;:[]},&quot;_transform_translateX_effect_mobile&quot;:{&quot;unit&quot;:&quot;px&quot;,&quot;size&quot;:&quot;&quot;,&quot;sizes&quot;:[]},&quot;_transform_translateY_effect&quot;:{&quot;unit&quot;:&quot;px&quot;,&quot;size&quot;:&quot;&quot;,&quot;sizes&quot;:[]},&quot;_transform_translateY_effect_laptop&quot;:{&quot;unit&quot;:&quot;px&quot;,&quot;size&quot;:&quot;&quot;,&quot;sizes&quot;:[]},&quot;_transform_translateY_effect_tablet_extra&quot;:{&quot;unit&quot;:&quot;px&quot;,&quot;size&quot;:&quot;&quot;,&quot;sizes&quot;:[]},&quot;_transform_translateY_effect_tablet&quot;:{&quot;unit&quot;:&quot;px&quot;,&quot;size&quot;:&quot;&quot;,&quot;sizes&quot;:[]},&quot;_transform_translateY_effect_mobile&quot;:{&quot;unit&quot;:&quot;px&quot;,&quot;size&quot;:&quot;&quot;,&quot;sizes&quot;:[]},&quot;_transform_translateX_effect_hover_laptop&quot;:{&quot;unit&quot;:&quot;px&quot;,&quot;size&quot;:&quot;&quot;,&quot;sizes&quot;:[]},&quot;_transform_translateX_effect_hover_tablet_extra&quot;:{&quot;unit&quot;:&quot;px&quot;,&quot;size&quot;:&quot;&quot;,&quot;sizes&quot;:[]},&quot;_transform_translateX_effect_hover_tablet&quot;:{&quot;unit&quot;:&quot;px&quot;,&quot;size&quot;:&quot;&quot;,&quot;sizes&quot;:[]},&quot;_transform_translateX_effect_hover_mobile&quot;:{&quot;unit&quot;:&quot;px&quot;,&quot;size&quot;:&quot;&quot;,&quot;sizes&quot;:[]},&quot;_transform_translateY_effect_hover&quot;:{&quot;unit&quot;:&quot;px&quot;,&quot;size&quot;:&quot;&quot;,&quot;sizes&quot;:[]},&quot;_transform_translateY_effect_hover_laptop&quot;:{&quot;unit&quot;:&quot;px&quot;,&quot;size&quot;:&quot;&quot;,&quot;sizes&quot;:[]},&quot;_transform_translateY_effect_hover_tablet_extra&quot;:{&quot;unit&quot;:&quot;px&quot;,&quot;size&quot;:&quot;&quot;,&quot;sizes&quot;:[]},&quot;_transform_translateY_effect_hover_tablet&quot;:{&quot;unit&quot;:&quot;px&quot;,&quot;size&quot;:&quot;&quot;,&quot;sizes&quot;:[]},&quot;_transform_translateY_effect_hover_mobile&quot;:{&quot;unit&quot;:&quot;px&quot;,&quot;size&quot;:&quot;&quot;,&quot;sizes&quot;:[]}}\" data-widget_type=\"button.default\">\n\t\t\t\t<div class=\"elementor-widget-container\">\n\t\t\t\t\t\t\t\t\t<div class=\"elementor-button-wrapper\">\n\t\t\t\t\t<a class=\"elementor-button elementor-button-link elementor-size-xs\" href=\"https:\/\/faber-solartechnik.de\/en\/projekte\/schkeuditz\/\" target=\"_blank\">\n\t\t\t\t\t\t<span class=\"elementor-button-content-wrapper\">\n\t\t\t\t\t\t<span class=\"elementor-button-icon\">\n\t\t\t\t<i aria-hidden=\"true\" class=\"far fa-window-restore\"><\/i>\t\t\t<\/span>\n\t\t\t\t\t\t\t\t\t<span class=\"elementor-button-text\">Projekt in neuem Tab \u00f6ffnen<\/span>\n\t\t\t\t\t<\/span>\n\t\t\t\t\t<\/a>\n\t\t\t\t<\/div>\n\t\t\t\t\t\t\t\t<\/div>\n\t\t\t\t<\/div>\n\t\t\t\t\t<\/div>\n\t\t<\/div>\n\t\t\t\t\t<\/div>\n\t\t<\/section>\n\t\t\t\t<\/div>\n\t\t\t\t\t\t\t<\/div>\n\t\t\t\t\t\t\t\t<\/div>\n\t\t<\/div>\n\t\t\t\t\t\t<\/div>\n\t\t\t\t<\/div>\n\t\t\t\t<div class=\"elementor-element elementor-element-15922a7 elementor-widget elementor-widget-button\" data-id=\"15922a7\" data-element_type=\"widget\" data-e-type=\"widget\" data-widget_type=\"button.default\">\n\t\t\t\t<div class=\"elementor-widget-container\">\n\t\t\t\t\t\t\t\t\t<div class=\"elementor-button-wrapper\">\n\t\t\t\t\t<a class=\"elementor-button elementor-button-link elementor-size-xs\" href=\"https:\/\/faber-solartechnik.de\/en\/projekte\/schkeuditz\/\" target=\"_blank\">\n\t\t\t\t\t\t<span class=\"elementor-button-content-wrapper\">\n\t\t\t\t\t\t<span class=\"elementor-button-icon\">\n\t\t\t\t<i aria-hidden=\"true\" class=\"fas fa-arrow-right\"><\/i>\t\t\t<\/span>\n\t\t\t\t\t\t\t\t\t<span class=\"elementor-button-text\">\u00d6ffnen<\/span>\n\t\t\t\t\t<\/span>\n\t\t\t\t\t<\/a>\n\t\t\t\t<\/div>\n\t\t\t\t\t\t\t\t<\/div>\n\t\t\t\t<\/div>\n\t\t\t\t\t<\/div>\n\t\t<\/div>\n\t\t\t\t\t<\/div>\n\t\t<\/section>\n\t\t\t\t<\/div>\n\t\t<style id=\"loop-dynamic-3527\">.e-loop-item-7444 .elementor-element.elementor-element-a252bde > .elementor-background-overlay{background-image:url(\"https:\/\/faber-solartechnik.de\/wp-content\/uploads\/2023\/11\/Faber-Solar-Dr-Butze-5-fav-scaled.jpg\");}<\/style>\t\t<div data-elementor-type=\"loop-item\" data-elementor-id=\"3527\" class=\"elementor elementor-3527 swiper-slide e-loop-item e-loop-item-7444 post-7444 post type-post status-publish format-standard has-post-thumbnail hentry category-projekte\" data-elementor-post-type=\"elementor_library\" role=\"group\" aria-roledescription=\"slide\" data-custom-edit-handle=\"1\">\n\t\t\t\t\t<section class=\"elementor-section elementor-top-section elementor-element elementor-element-a252bde elementor-section-height-min-height elementor-section-items-stretch loopnews runde-ecken elementor-section-boxed elementor-section-height-default\" data-id=\"a252bde\" data-element_type=\"section\" data-e-type=\"section\">\n\t\t\t\t\t\t\t<div class=\"elementor-background-overlay\"><\/div>\n\t\t\t\t\t\t\t<div class=\"elementor-container elementor-column-gap-no\">\n\t\t\t\t\t<div class=\"elementor-column elementor-col-100 elementor-top-column elementor-element elementor-element-6fcfada runde-ecken\" data-id=\"6fcfada\" data-element_type=\"column\" data-e-type=\"column\" data-settings=\"{&quot;background_background&quot;:&quot;classic&quot;}\">\n\t\t\t<div class=\"elementor-widget-wrap elementor-element-populated\">\n\t\t\t\t\t<div class=\"elementor-background-overlay\"><\/div>\n\t\t\t\t\t\t<section class=\"elementor-section elementor-inner-section elementor-element elementor-element-6604a6b elementor-section-boxed elementor-section-height-default elementor-section-height-default\" data-id=\"6604a6b\" data-element_type=\"section\" data-e-type=\"section\">\n\t\t\t\t\t\t<div class=\"elementor-container elementor-column-gap-no\">\n\t\t\t\t\t<div class=\"elementor-column elementor-col-100 elementor-inner-column elementor-element elementor-element-f098b0d\" data-id=\"f098b0d\" data-element_type=\"column\" data-e-type=\"column\">\n\t\t\t<div class=\"elementor-widget-wrap elementor-element-populated\">\n\t\t\t\t\t\t<div class=\"elementor-element elementor-element-1f94609 elementor-widget elementor-widget-post-info\" data-id=\"1f94609\" data-element_type=\"widget\" data-e-type=\"widget\" data-widget_type=\"post-info.default\">\n\t\t\t\t<div class=\"elementor-widget-container\">\n\t\t\t\t\t\t\t<ul class=\"elementor-inline-items elementor-icon-list-items elementor-post-info\">\n\t\t\t\t\t\t\t\t<li class=\"elementor-icon-list-item elementor-repeater-item-fb2fc86 elementor-inline-item\" itemprop=\"about\">\n\t\t\t\t\t\t\t\t\t\t\t\t\t<span class=\"elementor-icon-list-text elementor-post-info__item elementor-post-info__item--type-terms\">\n\t\t\t\t\t\t\t\t\t\t<span class=\"elementor-post-info__terms-list\">\n\t\t\t\t<a href=\"https:\/\/faber-solartechnik.de\/en\/.\/projekte\/\" class=\"elementor-post-info__terms-list-item\">Projekte<\/a>\t\t\t\t<\/span>\n\t\t\t\t\t<\/span>\n\t\t\t\t\t\t\t\t<\/li>\n\t\t\t\t<\/ul>\n\t\t\t\t\t\t<\/div>\n\t\t\t\t<\/div>\n\t\t\t\t<div class=\"elementor-element elementor-element-009b0cb elementor-widget elementor-widget-heading\" data-id=\"009b0cb\" data-element_type=\"widget\" data-e-type=\"widget\" data-widget_type=\"heading.default\">\n\t\t\t\t<div class=\"elementor-widget-container\">\n\t\t\t\t\t<h4 class=\"elementor-heading-title elementor-size-default\"><a href=\"https:\/\/faber-solartechnik.de\/en\/projekte\/kolkwitz\/\" target=\"_blank\">Kolkwitz<\/a><\/h4>\t\t\t\t<\/div>\n\t\t\t\t<\/div>\n\t\t\t\t<div class=\"elementor-element elementor-element-6321c9b elementor-hidden-mobile eae-pop-btn-align-left popupklicktitel elementor-hidden-desktop elementor-hidden-tablet eae-pop-btn-type-text elementor-widget elementor-widget-wts-modal-popup\" data-id=\"6321c9b\" data-element_type=\"widget\" data-e-type=\"widget\" data-widget_type=\"wts-modal-popup.default\">\n\t\t\t\t<div class=\"elementor-widget-container\">\n\t\t\t\t\t\t\t<div class=\"eae-popup-wrapper eae-popup-eae-pupup-item-1875972750\" data-id=\"eae-pupup-item-1875972750\" data-preview-modal=\"\" data-close-button-type=\"icon\" data-close-btn=\"fas fa-times\" data-close-in-out=\"true\" data-effect=\"zoom-in\">\n\t\t\t<a class=\"eae-popup-link icon-position-after\"\n\t\t\tdata-id=\"eae-pupup-item-1875972750\" data-ctrl-id=\"6321c9b\" href=\"#eae-pupup-item-1875972750\">\n\t\t\t\t\t\t\t\t\t\t\t\t\t\t\t<span class=\"eae-popup-btn-text\">\n\t\t\t\t\t\t\tKolkwitz\t\t\t\t\t\t<\/span>\n\t\t\t\t\t\t\t\t\t\t<span class=\"eae-popup-btn-icon\">\n\t\t\t\t\t\t\t\t\t\t\t<\/span>\n\t\t\t\t\t\t\t\t\t\t\t\t\t\t<\/a>\n\t\t<\/div>\n\n\t\t<div id=\"eae-pupup-item-1875972750\" class=\"eae-popup-eae-pupup-item-1875972750 mfp-hide eae-popup-container\">\n\t\t\t<input class=\"eae-hidden-post-id\" type=\"hidden\" name=\"eae_hidden_post_id\" data-id=\"eae-pupup-item-1875972750\" value=\"0\" \/>\n\t\t\t<div class=\"eae-popup-content\">\n\t\t\t\t\t\t\t\t\t<div class=\"eae-modal-content\">\n\t\t\t\t\t\t\t\t<div data-elementor-type=\"section\" data-elementor-id=\"4203\" class=\"elementor elementor-4203\" data-elementor-post-type=\"elementor_library\">\n\t\t\t\t\t<section class=\"elementor-section elementor-top-section elementor-element elementor-element-76665b6d elementor-section-full_width elementor-section-height-min-height elementor-section-items-stretch elementor-section-height-default\" data-id=\"76665b6d\" data-element_type=\"section\" data-e-type=\"section\">\n\t\t\t\t\t\t<div class=\"elementor-container elementor-column-gap-default\">\n\t\t\t\t\t<div class=\"elementor-column elementor-col-50 elementor-top-column elementor-element elementor-element-27f77bf4\" data-id=\"27f77bf4\" data-element_type=\"column\" data-e-type=\"column\">\n\t\t\t<div class=\"elementor-widget-wrap elementor-element-populated\">\n\t\t\t\t\t\t<div class=\"elementor-element elementor-element-2c72871 shadow runde-ecken elementor-widget elementor-widget-image\" data-id=\"2c72871\" data-element_type=\"widget\" data-e-type=\"widget\" data-widget_type=\"image.default\">\n\t\t\t\t<div class=\"elementor-widget-container\">\n\t\t\t\t\t\t\t\t\t\t\t\t\t\t\t\t<a href=\"https:\/\/faber-solartechnik.de\/wp-content\/uploads\/2023\/11\/Faber-Solar-Dr-Butze-5-fav-scaled.jpg\" data-elementor-open-lightbox=\"yes\" data-e-action-hash=\"#elementor-action%3Aaction%3Dlightbox%26settings%3DeyJpZCI6NzMyNiwidXJsIjoiaHR0cHM6XC9cL2ZhYmVyLXNvbGFydGVjaG5pay5kZVwvd3AtY29udGVudFwvdXBsb2Fkc1wvMjAyM1wvMTFcL0ZhYmVyLVNvbGFyLURyLUJ1dHplLTUtZmF2LXNjYWxlZC5qcGcifQ%3D%3D\">\n\t\t\t\t\t\t\t<img loading=\"lazy\" decoding=\"async\" width=\"768\" height=\"432\" src=\"https:\/\/faber-solartechnik.de\/wp-content\/uploads\/2023\/11\/Faber-Solar-Dr-Butze-5-fav-768x432.jpg\" class=\"attachment-medium_large size-medium_large wp-image-7326\" alt=\"\" srcset=\"https:\/\/faber-solartechnik.de\/wp-content\/uploads\/2023\/11\/Faber-Solar-Dr-Butze-5-fav-768x432.jpg 768w, https:\/\/faber-solartechnik.de\/wp-content\/uploads\/2023\/11\/Faber-Solar-Dr-Butze-5-fav-300x169.jpg 300w, https:\/\/faber-solartechnik.de\/wp-content\/uploads\/2023\/11\/Faber-Solar-Dr-Butze-5-fav-1024x576.jpg 1024w, https:\/\/faber-solartechnik.de\/wp-content\/uploads\/2023\/11\/Faber-Solar-Dr-Butze-5-fav-1536x863.jpg 1536w, https:\/\/faber-solartechnik.de\/wp-content\/uploads\/2023\/11\/Faber-Solar-Dr-Butze-5-fav-2048x1151.jpg 2048w, https:\/\/faber-solartechnik.de\/wp-content\/uploads\/2023\/11\/Faber-Solar-Dr-Butze-5-fav-18x10.jpg 18w\" sizes=\"(max-width: 768px) 100vw, 768px\" \/>\t\t\t\t\t\t\t\t<\/a>\n\t\t\t\t\t\t\t\t\t\t\t\t\t\t\t<\/div>\n\t\t\t\t<\/div>\n\t\t\t\t\t<\/div>\n\t\t<\/div>\n\t\t\t\t<div class=\"elementor-column elementor-col-50 elementor-top-column elementor-element elementor-element-329a626d\" data-id=\"329a626d\" data-element_type=\"column\" data-e-type=\"column\">\n\t\t\t<div class=\"elementor-widget-wrap elementor-element-populated\">\n\t\t\t\t\t\t<div class=\"elementor-element elementor-element-bf7ede2 elementor-widget elementor-widget-heading\" data-id=\"bf7ede2\" data-element_type=\"widget\" data-e-type=\"widget\" data-widget_type=\"heading.default\">\n\t\t\t\t<div class=\"elementor-widget-container\">\n\t\t\t\t\t<h3 class=\"elementor-heading-title elementor-size-default\">Kolkwitz<\/h3>\t\t\t\t<\/div>\n\t\t\t\t<\/div>\n\t\t\t\t<div class=\"elementor-element elementor-element-678b441 elementor-widget-divider--view-line elementor-widget elementor-widget-divider\" data-id=\"678b441\" data-element_type=\"widget\" data-e-type=\"widget\" data-widget_type=\"divider.default\">\n\t\t\t\t<div class=\"elementor-widget-container\">\n\t\t\t\t\t\t\t<div class=\"elementor-divider\">\n\t\t\t<span class=\"elementor-divider-separator\">\n\t\t\t\t\t\t<\/span>\n\t\t<\/div>\n\t\t\t\t\t\t<\/div>\n\t\t\t\t<\/div>\n\t\t\t\t<div class=\"elementor-element elementor-element-18e98f7 elementor-widget elementor-widget-theme-post-content\" data-id=\"18e98f7\" data-element_type=\"widget\" data-e-type=\"widget\" data-widget_type=\"theme-post-content.default\">\n\t\t\t\t<div class=\"elementor-widget-container\">\n\t\t\t\t\t\t\t<div data-elementor-type=\"wp-post\" data-elementor-id=\"7444\" class=\"elementor elementor-7444\" data-elementor-post-type=\"post\">\n\t\t\t\t\t\t<section class=\"elementor-section elementor-top-section elementor-element elementor-element-68751402 elementor-section-boxed elementor-section-height-default elementor-section-height-default\" data-id=\"68751402\" data-element_type=\"section\" data-e-type=\"section\">\n\t\t\t\t\t\t<div class=\"elementor-container elementor-column-gap-default\">\n\t\t\t\t\t<div class=\"elementor-column elementor-col-100 elementor-top-column elementor-element elementor-element-2a6b7316\" data-id=\"2a6b7316\" data-element_type=\"column\" data-e-type=\"column\">\n\t\t\t<div class=\"elementor-widget-wrap elementor-element-populated\">\n\t\t\t\t\t\t<div class=\"elementor-element elementor-element-2bc723d elementor-icon-list--layout-inline popup-pv-fakts elementor-list-item-link-full_width elementor-widget elementor-widget-icon-list\" data-id=\"2bc723d\" data-element_type=\"widget\" data-e-type=\"widget\" data-widget_type=\"icon-list.default\">\n\t\t\t\t<div class=\"elementor-widget-container\">\n\t\t\t\t\t\t\t<ul class=\"elementor-icon-list-items elementor-inline-items\">\n\t\t\t\t\t\t\t<li class=\"elementor-icon-list-item elementor-inline-item\">\n\t\t\t\t\t\t\t\t\t\t\t<span class=\"elementor-icon-list-icon\">\n\t\t\t\t\t\t\t<i aria-hidden=\"true\" class=\"fas fa-sun\"><\/i>\t\t\t\t\t\t<\/span>\n\t\t\t\t\t\t\t\t\t\t<span class=\"elementor-icon-list-text\">300 kWp<\/span>\n\t\t\t\t\t\t\t\t\t<\/li>\n\t\t\t\t\t\t\t\t<li class=\"elementor-icon-list-item elementor-inline-item\">\n\t\t\t\t\t\t\t\t\t\t\t<span class=\"elementor-icon-list-icon\">\n\t\t\t\t\t\t\t<i aria-hidden=\"true\" class=\"fas fa-bolt\"><\/i>\t\t\t\t\t\t<\/span>\n\t\t\t\t\t\t\t\t\t\t<span class=\"elementor-icon-list-text\">304.940 kWh\/Jahr<\/span>\n\t\t\t\t\t\t\t\t\t<\/li>\n\t\t\t\t\t\t\t\t<li class=\"elementor-icon-list-item elementor-inline-item\">\n\t\t\t\t\t\t\t\t\t\t\t<span class=\"elementor-icon-list-icon\">\n\t\t\t\t\t\t\t<i aria-hidden=\"true\" class=\"fas fa-plug\"><\/i>\t\t\t\t\t\t<\/span>\n\t\t\t\t\t\t\t\t\t\t<span class=\"elementor-icon-list-text\">\u00dcberschuss<\/span>\n\t\t\t\t\t\t\t\t\t<\/li>\n\t\t\t\t\t\t\t\t<li class=\"elementor-icon-list-item elementor-inline-item\">\n\t\t\t\t\t\t\t\t\t\t\t<span class=\"elementor-icon-list-icon\">\n\t\t\t\t\t\t\t<i aria-hidden=\"true\" class=\"fas fa-tools\"><\/i>\t\t\t\t\t\t<\/span>\n\t\t\t\t\t\t\t\t\t\t<span class=\"elementor-icon-list-text\">Aufgest\u00e4ndert<\/span>\n\t\t\t\t\t\t\t\t\t<\/li>\n\t\t\t\t\t\t\t\t<li class=\"elementor-icon-list-item elementor-inline-item\">\n\t\t\t\t\t\t\t\t\t\t\t<span class=\"elementor-icon-list-icon\">\n\t\t\t\t\t\t\t<i aria-hidden=\"true\" class=\"fas fa-map-marker-alt\"><\/i>\t\t\t\t\t\t<\/span>\n\t\t\t\t\t\t\t\t\t\t<span class=\"elementor-icon-list-text\">Brandenburg<\/span>\n\t\t\t\t\t\t\t\t\t<\/li>\n\t\t\t\t\t\t<\/ul>\n\t\t\t\t\t\t<\/div>\n\t\t\t\t<\/div>\n\t\t\t\t<div class=\"elementor-element elementor-element-5403dc3d elementor-widget elementor-widget-gallery\" data-id=\"5403dc3d\" data-element_type=\"widget\" data-e-type=\"widget\" data-settings=\"{&quot;gallery_layout&quot;:&quot;grid&quot;,&quot;columns&quot;:4,&quot;columns_tablet&quot;:2,&quot;columns_mobile&quot;:1,&quot;gap&quot;:{&quot;unit&quot;:&quot;px&quot;,&quot;size&quot;:10,&quot;sizes&quot;:[]},&quot;gap_laptop&quot;:{&quot;unit&quot;:&quot;px&quot;,&quot;size&quot;:10,&quot;sizes&quot;:[]},&quot;gap_tablet_extra&quot;:{&quot;unit&quot;:&quot;px&quot;,&quot;size&quot;:10,&quot;sizes&quot;:[]},&quot;gap_tablet&quot;:{&quot;unit&quot;:&quot;px&quot;,&quot;size&quot;:10,&quot;sizes&quot;:[]},&quot;gap_mobile&quot;:{&quot;unit&quot;:&quot;px&quot;,&quot;size&quot;:10,&quot;sizes&quot;:[]},&quot;link_to&quot;:&quot;file&quot;,&quot;aspect_ratio&quot;:&quot;3:2&quot;,&quot;overlay_background&quot;:&quot;yes&quot;,&quot;content_hover_animation&quot;:&quot;fade-in&quot;}\" data-widget_type=\"gallery.default\">\n\t\t\t\t<div class=\"elementor-widget-container\">\n\t\t\t\t\t\t\t<div class=\"elementor-gallery__container\">\n\t\t\t\t\t\t\t<a class=\"e-gallery-item elementor-gallery-item elementor-animated-content\" href=\"https:\/\/faber-solartechnik.de\/wp-content\/uploads\/2023\/11\/Faber-Solar-Dr-Butze-4-scaled.jpg\" data-elementor-open-lightbox=\"yes\" data-elementor-lightbox-slideshow=\"5403dc3d\" data-e-action-hash=\"#elementor-action%3Aaction%3Dlightbox%26settings%3DeyJpZCI6NzMyNywidXJsIjoiaHR0cHM6XC9cL2ZhYmVyLXNvbGFydGVjaG5pay5kZVwvd3AtY29udGVudFwvdXBsb2Fkc1wvMjAyM1wvMTFcL0ZhYmVyLVNvbGFyLURyLUJ1dHplLTQtc2NhbGVkLmpwZyIsInNsaWRlc2hvdyI6IjU0MDNkYzNkIn0%3D\">\n\t\t\t\t\t<div class=\"e-gallery-image elementor-gallery-item__image\" data-thumbnail=\"https:\/\/faber-solartechnik.de\/wp-content\/uploads\/2023\/11\/Faber-Solar-Dr-Butze-4-300x169.jpg\" data-width=\"300\" data-height=\"169\" aria-label=\"\" role=\"img\" ><\/div>\n\t\t\t\t\t\t\t\t\t\t\t<div class=\"elementor-gallery-item__overlay\"><\/div>\n\t\t\t\t\t\t\t\t\t\t\t\t\t\t<\/a>\n\t\t\t\t\t\t\t<a class=\"e-gallery-item elementor-gallery-item elementor-animated-content\" href=\"https:\/\/faber-solartechnik.de\/wp-content\/uploads\/2023\/11\/Faber-Solar-Dr-Butze-3-scaled.jpg\" data-elementor-open-lightbox=\"yes\" data-elementor-lightbox-slideshow=\"5403dc3d\" data-e-action-hash=\"#elementor-action%3Aaction%3Dlightbox%26settings%3DeyJpZCI6NzMyOCwidXJsIjoiaHR0cHM6XC9cL2ZhYmVyLXNvbGFydGVjaG5pay5kZVwvd3AtY29udGVudFwvdXBsb2Fkc1wvMjAyM1wvMTFcL0ZhYmVyLVNvbGFyLURyLUJ1dHplLTMtc2NhbGVkLmpwZyIsInNsaWRlc2hvdyI6IjU0MDNkYzNkIn0%3D\">\n\t\t\t\t\t<div class=\"e-gallery-image elementor-gallery-item__image\" data-thumbnail=\"https:\/\/faber-solartechnik.de\/wp-content\/uploads\/2023\/11\/Faber-Solar-Dr-Butze-3-300x169.jpg\" data-width=\"300\" data-height=\"169\" aria-label=\"\" role=\"img\" ><\/div>\n\t\t\t\t\t\t\t\t\t\t\t<div class=\"elementor-gallery-item__overlay\"><\/div>\n\t\t\t\t\t\t\t\t\t\t\t\t\t\t<\/a>\n\t\t\t\t\t\t\t<a class=\"e-gallery-item elementor-gallery-item elementor-animated-content\" href=\"https:\/\/faber-solartechnik.de\/wp-content\/uploads\/2023\/11\/Faber-Solar-Dr-Butze-10.jpg\" data-elementor-open-lightbox=\"yes\" data-elementor-lightbox-slideshow=\"5403dc3d\" data-e-action-hash=\"#elementor-action%3Aaction%3Dlightbox%26settings%3DeyJpZCI6NzMzMCwidXJsIjoiaHR0cHM6XC9cL2ZhYmVyLXNvbGFydGVjaG5pay5kZVwvd3AtY29udGVudFwvdXBsb2Fkc1wvMjAyM1wvMTFcL0ZhYmVyLVNvbGFyLURyLUJ1dHplLTEwLmpwZyIsInNsaWRlc2hvdyI6IjU0MDNkYzNkIn0%3D\">\n\t\t\t\t\t<div class=\"e-gallery-image elementor-gallery-item__image\" data-thumbnail=\"https:\/\/faber-solartechnik.de\/wp-content\/uploads\/2023\/11\/Faber-Solar-Dr-Butze-10-300x169.jpg\" data-width=\"300\" data-height=\"169\" aria-label=\"\" role=\"img\" ><\/div>\n\t\t\t\t\t\t\t\t\t\t\t<div class=\"elementor-gallery-item__overlay\"><\/div>\n\t\t\t\t\t\t\t\t\t\t\t\t\t\t<\/a>\n\t\t\t\t\t\t\t<a class=\"e-gallery-item elementor-gallery-item elementor-animated-content\" href=\"https:\/\/faber-solartechnik.de\/wp-content\/uploads\/2023\/11\/Faber-Solar-Dr-Butze-5-fav-scaled.jpg\" data-elementor-open-lightbox=\"yes\" data-elementor-lightbox-slideshow=\"5403dc3d\" data-e-action-hash=\"#elementor-action%3Aaction%3Dlightbox%26settings%3DeyJpZCI6NzMyNiwidXJsIjoiaHR0cHM6XC9cL2ZhYmVyLXNvbGFydGVjaG5pay5kZVwvd3AtY29udGVudFwvdXBsb2Fkc1wvMjAyM1wvMTFcL0ZhYmVyLVNvbGFyLURyLUJ1dHplLTUtZmF2LXNjYWxlZC5qcGciLCJzbGlkZXNob3ciOiI1NDAzZGMzZCJ9\">\n\t\t\t\t\t<div class=\"e-gallery-image elementor-gallery-item__image\" data-thumbnail=\"https:\/\/faber-solartechnik.de\/wp-content\/uploads\/2023\/11\/Faber-Solar-Dr-Butze-5-fav-300x169.jpg\" data-width=\"300\" data-height=\"169\" aria-label=\"\" role=\"img\" ><\/div>\n\t\t\t\t\t\t\t\t\t\t\t<div class=\"elementor-gallery-item__overlay\"><\/div>\n\t\t\t\t\t\t\t\t\t\t\t\t\t\t<\/a>\n\t\t\t\t\t<\/div>\n\t\t\t\t\t<\/div>\n\t\t\t\t<\/div>\n\t\t\t\t\t<\/div>\n\t\t<\/div>\n\t\t\t\t\t<\/div>\n\t\t<\/section>\n\t\t\t\t<\/div>\n\t\t\t\t\t\t<\/div>\n\t\t\t\t<\/div>\n\t\t\t\t<div class=\"elementor-element elementor-element-b294ae0 e-transform e-transform elementor-align-right elementor-absolute elementor-invisible elementor-widget elementor-widget-button\" data-id=\"b294ae0\" data-element_type=\"widget\" data-e-type=\"widget\" data-settings=\"{&quot;_transform_translateX_effect_hover&quot;:{&quot;unit&quot;:&quot;px&quot;,&quot;size&quot;:-10,&quot;sizes&quot;:[]},&quot;_animation&quot;:&quot;fadeInUp&quot;,&quot;_animation_delay&quot;:1000,&quot;_position&quot;:&quot;absolute&quot;,&quot;_transform_translateX_effect&quot;:{&quot;unit&quot;:&quot;px&quot;,&quot;size&quot;:&quot;&quot;,&quot;sizes&quot;:[]},&quot;_transform_translateX_effect_laptop&quot;:{&quot;unit&quot;:&quot;px&quot;,&quot;size&quot;:&quot;&quot;,&quot;sizes&quot;:[]},&quot;_transform_translateX_effect_tablet_extra&quot;:{&quot;unit&quot;:&quot;px&quot;,&quot;size&quot;:&quot;&quot;,&quot;sizes&quot;:[]},&quot;_transform_translateX_effect_tablet&quot;:{&quot;unit&quot;:&quot;px&quot;,&quot;size&quot;:&quot;&quot;,&quot;sizes&quot;:[]},&quot;_transform_translateX_effect_mobile&quot;:{&quot;unit&quot;:&quot;px&quot;,&quot;size&quot;:&quot;&quot;,&quot;sizes&quot;:[]},&quot;_transform_translateY_effect&quot;:{&quot;unit&quot;:&quot;px&quot;,&quot;size&quot;:&quot;&quot;,&quot;sizes&quot;:[]},&quot;_transform_translateY_effect_laptop&quot;:{&quot;unit&quot;:&quot;px&quot;,&quot;size&quot;:&quot;&quot;,&quot;sizes&quot;:[]},&quot;_transform_translateY_effect_tablet_extra&quot;:{&quot;unit&quot;:&quot;px&quot;,&quot;size&quot;:&quot;&quot;,&quot;sizes&quot;:[]},&quot;_transform_translateY_effect_tablet&quot;:{&quot;unit&quot;:&quot;px&quot;,&quot;size&quot;:&quot;&quot;,&quot;sizes&quot;:[]},&quot;_transform_translateY_effect_mobile&quot;:{&quot;unit&quot;:&quot;px&quot;,&quot;size&quot;:&quot;&quot;,&quot;sizes&quot;:[]},&quot;_transform_translateX_effect_hover_laptop&quot;:{&quot;unit&quot;:&quot;px&quot;,&quot;size&quot;:&quot;&quot;,&quot;sizes&quot;:[]},&quot;_transform_translateX_effect_hover_tablet_extra&quot;:{&quot;unit&quot;:&quot;px&quot;,&quot;size&quot;:&quot;&quot;,&quot;sizes&quot;:[]},&quot;_transform_translateX_effect_hover_tablet&quot;:{&quot;unit&quot;:&quot;px&quot;,&quot;size&quot;:&quot;&quot;,&quot;sizes&quot;:[]},&quot;_transform_translateX_effect_hover_mobile&quot;:{&quot;unit&quot;:&quot;px&quot;,&quot;size&quot;:&quot;&quot;,&quot;sizes&quot;:[]},&quot;_transform_translateY_effect_hover&quot;:{&quot;unit&quot;:&quot;px&quot;,&quot;size&quot;:&quot;&quot;,&quot;sizes&quot;:[]},&quot;_transform_translateY_effect_hover_laptop&quot;:{&quot;unit&quot;:&quot;px&quot;,&quot;size&quot;:&quot;&quot;,&quot;sizes&quot;:[]},&quot;_transform_translateY_effect_hover_tablet_extra&quot;:{&quot;unit&quot;:&quot;px&quot;,&quot;size&quot;:&quot;&quot;,&quot;sizes&quot;:[]},&quot;_transform_translateY_effect_hover_tablet&quot;:{&quot;unit&quot;:&quot;px&quot;,&quot;size&quot;:&quot;&quot;,&quot;sizes&quot;:[]},&quot;_transform_translateY_effect_hover_mobile&quot;:{&quot;unit&quot;:&quot;px&quot;,&quot;size&quot;:&quot;&quot;,&quot;sizes&quot;:[]}}\" data-widget_type=\"button.default\">\n\t\t\t\t<div class=\"elementor-widget-container\">\n\t\t\t\t\t\t\t\t\t<div class=\"elementor-button-wrapper\">\n\t\t\t\t\t<a class=\"elementor-button elementor-button-link elementor-size-xs\" href=\"https:\/\/faber-solartechnik.de\/en\/projekte\/kolkwitz\/\" target=\"_blank\">\n\t\t\t\t\t\t<span class=\"elementor-button-content-wrapper\">\n\t\t\t\t\t\t<span class=\"elementor-button-icon\">\n\t\t\t\t<i aria-hidden=\"true\" class=\"far fa-window-restore\"><\/i>\t\t\t<\/span>\n\t\t\t\t\t\t\t\t\t<span class=\"elementor-button-text\">Projekt in neuem Tab \u00f6ffnen<\/span>\n\t\t\t\t\t<\/span>\n\t\t\t\t\t<\/a>\n\t\t\t\t<\/div>\n\t\t\t\t\t\t\t\t<\/div>\n\t\t\t\t<\/div>\n\t\t\t\t\t<\/div>\n\t\t<\/div>\n\t\t\t\t\t<\/div>\n\t\t<\/section>\n\t\t\t\t<\/div>\n\t\t\t\t\t\t\t<\/div>\n\t\t\t\t\t\t\t\t<\/div>\n\t\t<\/div>\n\t\t\t\t\t\t<\/div>\n\t\t\t\t<\/div>\n\t\t\t\t\t<\/div>\n\t\t<\/div>\n\t\t\t\t\t<\/div>\n\t\t<\/section>\n\t\t\t\t<div class=\"elementor-element elementor-element-d621d6e elementor-hidden-mobile elementor-hidden-desktop elementor-hidden-tablet eae-pop-btn-type-text elementor-widget elementor-widget-wts-modal-popup\" data-id=\"d621d6e\" data-element_type=\"widget\" data-e-type=\"widget\" data-widget_type=\"wts-modal-popup.default\">\n\t\t\t\t<div class=\"elementor-widget-container\">\n\t\t\t\t\t\t\t<div class=\"eae-popup-wrapper eae-popup-eae-pupup-item-894172560\" data-id=\"eae-pupup-item-894172560\" data-preview-modal=\"\" data-close-button-type=\"icon\" data-close-btn=\"fas fa-times\" data-close-in-out=\"true\" data-effect=\"zoom-in\">\n\t\t\t<a class=\"eae-popup-link icon-position-before\"\n\t\t\tdata-id=\"eae-pupup-item-894172560\" data-ctrl-id=\"d621d6e\" href=\"#eae-pupup-item-894172560\">\n\t\t\t\t\t\t\t\t\t\t\t\t\t\t<span class=\"eae-popup-btn-icon\">\n\t\t\t\t\t\t<i aria-hidden=\"true\" class=\"fas fa-arrow-right\"><\/i>\t\t\t\t\t<\/span>\n\t\t\t\t\t\t\t\t\t\t\t\t<span class=\"eae-popup-btn-text\">\n\t\t\t\t\t\t\t\u00d6ffnen\t\t\t\t\t\t<\/span>\n\t\t\t\t\t\t\t\t\t\t\t\t\t<\/a>\n\t\t<\/div>\n\n\t\t<div id=\"eae-pupup-item-894172560\" class=\"eae-popup-eae-pupup-item-894172560 mfp-hide eae-popup-container\">\n\t\t\t<input class=\"eae-hidden-post-id\" type=\"hidden\" name=\"eae_hidden_post_id\" data-id=\"eae-pupup-item-894172560\" value=\"0\" \/>\n\t\t\t<div class=\"eae-popup-content\">\n\t\t\t\t\t\t\t\t\t<div class=\"eae-modal-content\">\n\t\t\t\t\t\t\t\t<div data-elementor-type=\"section\" data-elementor-id=\"4203\" class=\"elementor elementor-4203\" data-elementor-post-type=\"elementor_library\">\n\t\t\t\t\t<section class=\"elementor-section elementor-top-section elementor-element elementor-element-76665b6d elementor-section-full_width elementor-section-height-min-height elementor-section-items-stretch elementor-section-height-default\" data-id=\"76665b6d\" data-element_type=\"section\" data-e-type=\"section\">\n\t\t\t\t\t\t<div class=\"elementor-container elementor-column-gap-default\">\n\t\t\t\t\t<div class=\"elementor-column elementor-col-50 elementor-top-column elementor-element elementor-element-27f77bf4\" data-id=\"27f77bf4\" data-element_type=\"column\" data-e-type=\"column\">\n\t\t\t<div class=\"elementor-widget-wrap elementor-element-populated\">\n\t\t\t\t\t\t<div class=\"elementor-element elementor-element-2c72871 shadow runde-ecken elementor-widget elementor-widget-image\" data-id=\"2c72871\" data-element_type=\"widget\" data-e-type=\"widget\" data-widget_type=\"image.default\">\n\t\t\t\t<div class=\"elementor-widget-container\">\n\t\t\t\t\t\t\t\t\t\t\t\t\t\t\t\t<a href=\"https:\/\/faber-solartechnik.de\/wp-content\/uploads\/2023\/11\/Faber-Solar-Dr-Butze-5-fav-scaled.jpg\" data-elementor-open-lightbox=\"yes\" data-e-action-hash=\"#elementor-action%3Aaction%3Dlightbox%26settings%3DeyJpZCI6NzMyNiwidXJsIjoiaHR0cHM6XC9cL2ZhYmVyLXNvbGFydGVjaG5pay5kZVwvd3AtY29udGVudFwvdXBsb2Fkc1wvMjAyM1wvMTFcL0ZhYmVyLVNvbGFyLURyLUJ1dHplLTUtZmF2LXNjYWxlZC5qcGcifQ%3D%3D\">\n\t\t\t\t\t\t\t<img loading=\"lazy\" decoding=\"async\" width=\"768\" height=\"432\" src=\"https:\/\/faber-solartechnik.de\/wp-content\/uploads\/2023\/11\/Faber-Solar-Dr-Butze-5-fav-768x432.jpg\" class=\"attachment-medium_large size-medium_large wp-image-7326\" alt=\"\" srcset=\"https:\/\/faber-solartechnik.de\/wp-content\/uploads\/2023\/11\/Faber-Solar-Dr-Butze-5-fav-768x432.jpg 768w, https:\/\/faber-solartechnik.de\/wp-content\/uploads\/2023\/11\/Faber-Solar-Dr-Butze-5-fav-300x169.jpg 300w, https:\/\/faber-solartechnik.de\/wp-content\/uploads\/2023\/11\/Faber-Solar-Dr-Butze-5-fav-1024x576.jpg 1024w, https:\/\/faber-solartechnik.de\/wp-content\/uploads\/2023\/11\/Faber-Solar-Dr-Butze-5-fav-1536x863.jpg 1536w, https:\/\/faber-solartechnik.de\/wp-content\/uploads\/2023\/11\/Faber-Solar-Dr-Butze-5-fav-2048x1151.jpg 2048w, https:\/\/faber-solartechnik.de\/wp-content\/uploads\/2023\/11\/Faber-Solar-Dr-Butze-5-fav-18x10.jpg 18w\" sizes=\"(max-width: 768px) 100vw, 768px\" \/>\t\t\t\t\t\t\t\t<\/a>\n\t\t\t\t\t\t\t\t\t\t\t\t\t\t\t<\/div>\n\t\t\t\t<\/div>\n\t\t\t\t\t<\/div>\n\t\t<\/div>\n\t\t\t\t<div class=\"elementor-column elementor-col-50 elementor-top-column elementor-element elementor-element-329a626d\" data-id=\"329a626d\" data-element_type=\"column\" data-e-type=\"column\">\n\t\t\t<div class=\"elementor-widget-wrap elementor-element-populated\">\n\t\t\t\t\t\t<div class=\"elementor-element elementor-element-bf7ede2 elementor-widget elementor-widget-heading\" data-id=\"bf7ede2\" data-element_type=\"widget\" data-e-type=\"widget\" data-widget_type=\"heading.default\">\n\t\t\t\t<div class=\"elementor-widget-container\">\n\t\t\t\t\t<h3 class=\"elementor-heading-title elementor-size-default\">Kolkwitz<\/h3>\t\t\t\t<\/div>\n\t\t\t\t<\/div>\n\t\t\t\t<div class=\"elementor-element elementor-element-678b441 elementor-widget-divider--view-line elementor-widget elementor-widget-divider\" data-id=\"678b441\" data-element_type=\"widget\" data-e-type=\"widget\" data-widget_type=\"divider.default\">\n\t\t\t\t<div class=\"elementor-widget-container\">\n\t\t\t\t\t\t\t<div class=\"elementor-divider\">\n\t\t\t<span class=\"elementor-divider-separator\">\n\t\t\t\t\t\t<\/span>\n\t\t<\/div>\n\t\t\t\t\t\t<\/div>\n\t\t\t\t<\/div>\n\t\t\t\t<div class=\"elementor-element elementor-element-18e98f7 elementor-widget elementor-widget-theme-post-content\" data-id=\"18e98f7\" data-element_type=\"widget\" data-e-type=\"widget\" data-widget_type=\"theme-post-content.default\">\n\t\t\t\t<div class=\"elementor-widget-container\">\n\t\t\t\t\t\t\t<div data-elementor-type=\"wp-post\" data-elementor-id=\"7444\" class=\"elementor elementor-7444\" data-elementor-post-type=\"post\">\n\t\t\t\t\t\t<section class=\"elementor-section elementor-top-section elementor-element elementor-element-68751402 elementor-section-boxed elementor-section-height-default elementor-section-height-default\" data-id=\"68751402\" data-element_type=\"section\" data-e-type=\"section\">\n\t\t\t\t\t\t<div class=\"elementor-container elementor-column-gap-default\">\n\t\t\t\t\t<div class=\"elementor-column elementor-col-100 elementor-top-column elementor-element elementor-element-2a6b7316\" data-id=\"2a6b7316\" data-element_type=\"column\" data-e-type=\"column\">\n\t\t\t<div class=\"elementor-widget-wrap elementor-element-populated\">\n\t\t\t\t\t\t<div class=\"elementor-element elementor-element-2bc723d elementor-icon-list--layout-inline popup-pv-fakts elementor-list-item-link-full_width elementor-widget elementor-widget-icon-list\" data-id=\"2bc723d\" data-element_type=\"widget\" data-e-type=\"widget\" data-widget_type=\"icon-list.default\">\n\t\t\t\t<div class=\"elementor-widget-container\">\n\t\t\t\t\t\t\t<ul class=\"elementor-icon-list-items elementor-inline-items\">\n\t\t\t\t\t\t\t<li class=\"elementor-icon-list-item elementor-inline-item\">\n\t\t\t\t\t\t\t\t\t\t\t<span class=\"elementor-icon-list-icon\">\n\t\t\t\t\t\t\t<i aria-hidden=\"true\" class=\"fas fa-sun\"><\/i>\t\t\t\t\t\t<\/span>\n\t\t\t\t\t\t\t\t\t\t<span class=\"elementor-icon-list-text\">300 kWp<\/span>\n\t\t\t\t\t\t\t\t\t<\/li>\n\t\t\t\t\t\t\t\t<li class=\"elementor-icon-list-item elementor-inline-item\">\n\t\t\t\t\t\t\t\t\t\t\t<span class=\"elementor-icon-list-icon\">\n\t\t\t\t\t\t\t<i aria-hidden=\"true\" class=\"fas fa-bolt\"><\/i>\t\t\t\t\t\t<\/span>\n\t\t\t\t\t\t\t\t\t\t<span class=\"elementor-icon-list-text\">304.940 kWh\/Jahr<\/span>\n\t\t\t\t\t\t\t\t\t<\/li>\n\t\t\t\t\t\t\t\t<li class=\"elementor-icon-list-item elementor-inline-item\">\n\t\t\t\t\t\t\t\t\t\t\t<span class=\"elementor-icon-list-icon\">\n\t\t\t\t\t\t\t<i aria-hidden=\"true\" class=\"fas fa-plug\"><\/i>\t\t\t\t\t\t<\/span>\n\t\t\t\t\t\t\t\t\t\t<span class=\"elementor-icon-list-text\">\u00dcberschuss<\/span>\n\t\t\t\t\t\t\t\t\t<\/li>\n\t\t\t\t\t\t\t\t<li class=\"elementor-icon-list-item elementor-inline-item\">\n\t\t\t\t\t\t\t\t\t\t\t<span class=\"elementor-icon-list-icon\">\n\t\t\t\t\t\t\t<i aria-hidden=\"true\" class=\"fas fa-tools\"><\/i>\t\t\t\t\t\t<\/span>\n\t\t\t\t\t\t\t\t\t\t<span class=\"elementor-icon-list-text\">Aufgest\u00e4ndert<\/span>\n\t\t\t\t\t\t\t\t\t<\/li>\n\t\t\t\t\t\t\t\t<li class=\"elementor-icon-list-item elementor-inline-item\">\n\t\t\t\t\t\t\t\t\t\t\t<span class=\"elementor-icon-list-icon\">\n\t\t\t\t\t\t\t<i aria-hidden=\"true\" class=\"fas fa-map-marker-alt\"><\/i>\t\t\t\t\t\t<\/span>\n\t\t\t\t\t\t\t\t\t\t<span class=\"elementor-icon-list-text\">Brandenburg<\/span>\n\t\t\t\t\t\t\t\t\t<\/li>\n\t\t\t\t\t\t<\/ul>\n\t\t\t\t\t\t<\/div>\n\t\t\t\t<\/div>\n\t\t\t\t<div class=\"elementor-element elementor-element-5403dc3d elementor-widget elementor-widget-gallery\" data-id=\"5403dc3d\" data-element_type=\"widget\" data-e-type=\"widget\" data-settings=\"{&quot;gallery_layout&quot;:&quot;grid&quot;,&quot;columns&quot;:4,&quot;columns_tablet&quot;:2,&quot;columns_mobile&quot;:1,&quot;gap&quot;:{&quot;unit&quot;:&quot;px&quot;,&quot;size&quot;:10,&quot;sizes&quot;:[]},&quot;gap_laptop&quot;:{&quot;unit&quot;:&quot;px&quot;,&quot;size&quot;:10,&quot;sizes&quot;:[]},&quot;gap_tablet_extra&quot;:{&quot;unit&quot;:&quot;px&quot;,&quot;size&quot;:10,&quot;sizes&quot;:[]},&quot;gap_tablet&quot;:{&quot;unit&quot;:&quot;px&quot;,&quot;size&quot;:10,&quot;sizes&quot;:[]},&quot;gap_mobile&quot;:{&quot;unit&quot;:&quot;px&quot;,&quot;size&quot;:10,&quot;sizes&quot;:[]},&quot;link_to&quot;:&quot;file&quot;,&quot;aspect_ratio&quot;:&quot;3:2&quot;,&quot;overlay_background&quot;:&quot;yes&quot;,&quot;content_hover_animation&quot;:&quot;fade-in&quot;}\" data-widget_type=\"gallery.default\">\n\t\t\t\t<div class=\"elementor-widget-container\">\n\t\t\t\t\t\t\t<div class=\"elementor-gallery__container\">\n\t\t\t\t\t\t\t<a class=\"e-gallery-item elementor-gallery-item elementor-animated-content\" href=\"https:\/\/faber-solartechnik.de\/wp-content\/uploads\/2023\/11\/Faber-Solar-Dr-Butze-4-scaled.jpg\" data-elementor-open-lightbox=\"yes\" data-elementor-lightbox-slideshow=\"5403dc3d\" data-e-action-hash=\"#elementor-action%3Aaction%3Dlightbox%26settings%3DeyJpZCI6NzMyNywidXJsIjoiaHR0cHM6XC9cL2ZhYmVyLXNvbGFydGVjaG5pay5kZVwvd3AtY29udGVudFwvdXBsb2Fkc1wvMjAyM1wvMTFcL0ZhYmVyLVNvbGFyLURyLUJ1dHplLTQtc2NhbGVkLmpwZyIsInNsaWRlc2hvdyI6IjU0MDNkYzNkIn0%3D\">\n\t\t\t\t\t<div class=\"e-gallery-image elementor-gallery-item__image\" data-thumbnail=\"https:\/\/faber-solartechnik.de\/wp-content\/uploads\/2023\/11\/Faber-Solar-Dr-Butze-4-300x169.jpg\" data-width=\"300\" data-height=\"169\" aria-label=\"\" role=\"img\" ><\/div>\n\t\t\t\t\t\t\t\t\t\t\t<div class=\"elementor-gallery-item__overlay\"><\/div>\n\t\t\t\t\t\t\t\t\t\t\t\t\t\t<\/a>\n\t\t\t\t\t\t\t<a class=\"e-gallery-item elementor-gallery-item elementor-animated-content\" href=\"https:\/\/faber-solartechnik.de\/wp-content\/uploads\/2023\/11\/Faber-Solar-Dr-Butze-3-scaled.jpg\" data-elementor-open-lightbox=\"yes\" data-elementor-lightbox-slideshow=\"5403dc3d\" data-e-action-hash=\"#elementor-action%3Aaction%3Dlightbox%26settings%3DeyJpZCI6NzMyOCwidXJsIjoiaHR0cHM6XC9cL2ZhYmVyLXNvbGFydGVjaG5pay5kZVwvd3AtY29udGVudFwvdXBsb2Fkc1wvMjAyM1wvMTFcL0ZhYmVyLVNvbGFyLURyLUJ1dHplLTMtc2NhbGVkLmpwZyIsInNsaWRlc2hvdyI6IjU0MDNkYzNkIn0%3D\">\n\t\t\t\t\t<div class=\"e-gallery-image elementor-gallery-item__image\" data-thumbnail=\"https:\/\/faber-solartechnik.de\/wp-content\/uploads\/2023\/11\/Faber-Solar-Dr-Butze-3-300x169.jpg\" data-width=\"300\" data-height=\"169\" aria-label=\"\" role=\"img\" ><\/div>\n\t\t\t\t\t\t\t\t\t\t\t<div class=\"elementor-gallery-item__overlay\"><\/div>\n\t\t\t\t\t\t\t\t\t\t\t\t\t\t<\/a>\n\t\t\t\t\t\t\t<a class=\"e-gallery-item elementor-gallery-item elementor-animated-content\" href=\"https:\/\/faber-solartechnik.de\/wp-content\/uploads\/2023\/11\/Faber-Solar-Dr-Butze-10.jpg\" data-elementor-open-lightbox=\"yes\" data-elementor-lightbox-slideshow=\"5403dc3d\" data-e-action-hash=\"#elementor-action%3Aaction%3Dlightbox%26settings%3DeyJpZCI6NzMzMCwidXJsIjoiaHR0cHM6XC9cL2ZhYmVyLXNvbGFydGVjaG5pay5kZVwvd3AtY29udGVudFwvdXBsb2Fkc1wvMjAyM1wvMTFcL0ZhYmVyLVNvbGFyLURyLUJ1dHplLTEwLmpwZyIsInNsaWRlc2hvdyI6IjU0MDNkYzNkIn0%3D\">\n\t\t\t\t\t<div class=\"e-gallery-image elementor-gallery-item__image\" data-thumbnail=\"https:\/\/faber-solartechnik.de\/wp-content\/uploads\/2023\/11\/Faber-Solar-Dr-Butze-10-300x169.jpg\" data-width=\"300\" data-height=\"169\" aria-label=\"\" role=\"img\" ><\/div>\n\t\t\t\t\t\t\t\t\t\t\t<div class=\"elementor-gallery-item__overlay\"><\/div>\n\t\t\t\t\t\t\t\t\t\t\t\t\t\t<\/a>\n\t\t\t\t\t\t\t<a class=\"e-gallery-item elementor-gallery-item elementor-animated-content\" href=\"https:\/\/faber-solartechnik.de\/wp-content\/uploads\/2023\/11\/Faber-Solar-Dr-Butze-5-fav-scaled.jpg\" data-elementor-open-lightbox=\"yes\" data-elementor-lightbox-slideshow=\"5403dc3d\" data-e-action-hash=\"#elementor-action%3Aaction%3Dlightbox%26settings%3DeyJpZCI6NzMyNiwidXJsIjoiaHR0cHM6XC9cL2ZhYmVyLXNvbGFydGVjaG5pay5kZVwvd3AtY29udGVudFwvdXBsb2Fkc1wvMjAyM1wvMTFcL0ZhYmVyLVNvbGFyLURyLUJ1dHplLTUtZmF2LXNjYWxlZC5qcGciLCJzbGlkZXNob3ciOiI1NDAzZGMzZCJ9\">\n\t\t\t\t\t<div class=\"e-gallery-image elementor-gallery-item__image\" data-thumbnail=\"https:\/\/faber-solartechnik.de\/wp-content\/uploads\/2023\/11\/Faber-Solar-Dr-Butze-5-fav-300x169.jpg\" data-width=\"300\" data-height=\"169\" aria-label=\"\" role=\"img\" ><\/div>\n\t\t\t\t\t\t\t\t\t\t\t<div class=\"elementor-gallery-item__overlay\"><\/div>\n\t\t\t\t\t\t\t\t\t\t\t\t\t\t<\/a>\n\t\t\t\t\t<\/div>\n\t\t\t\t\t<\/div>\n\t\t\t\t<\/div>\n\t\t\t\t\t<\/div>\n\t\t<\/div>\n\t\t\t\t\t<\/div>\n\t\t<\/section>\n\t\t\t\t<\/div>\n\t\t\t\t\t\t<\/div>\n\t\t\t\t<\/div>\n\t\t\t\t<div class=\"elementor-element elementor-element-b294ae0 e-transform e-transform elementor-align-right elementor-absolute elementor-invisible elementor-widget elementor-widget-button\" data-id=\"b294ae0\" data-element_type=\"widget\" data-e-type=\"widget\" data-settings=\"{&quot;_transform_translateX_effect_hover&quot;:{&quot;unit&quot;:&quot;px&quot;,&quot;size&quot;:-10,&quot;sizes&quot;:[]},&quot;_animation&quot;:&quot;fadeInUp&quot;,&quot;_animation_delay&quot;:1000,&quot;_position&quot;:&quot;absolute&quot;,&quot;_transform_translateX_effect&quot;:{&quot;unit&quot;:&quot;px&quot;,&quot;size&quot;:&quot;&quot;,&quot;sizes&quot;:[]},&quot;_transform_translateX_effect_laptop&quot;:{&quot;unit&quot;:&quot;px&quot;,&quot;size&quot;:&quot;&quot;,&quot;sizes&quot;:[]},&quot;_transform_translateX_effect_tablet_extra&quot;:{&quot;unit&quot;:&quot;px&quot;,&quot;size&quot;:&quot;&quot;,&quot;sizes&quot;:[]},&quot;_transform_translateX_effect_tablet&quot;:{&quot;unit&quot;:&quot;px&quot;,&quot;size&quot;:&quot;&quot;,&quot;sizes&quot;:[]},&quot;_transform_translateX_effect_mobile&quot;:{&quot;unit&quot;:&quot;px&quot;,&quot;size&quot;:&quot;&quot;,&quot;sizes&quot;:[]},&quot;_transform_translateY_effect&quot;:{&quot;unit&quot;:&quot;px&quot;,&quot;size&quot;:&quot;&quot;,&quot;sizes&quot;:[]},&quot;_transform_translateY_effect_laptop&quot;:{&quot;unit&quot;:&quot;px&quot;,&quot;size&quot;:&quot;&quot;,&quot;sizes&quot;:[]},&quot;_transform_translateY_effect_tablet_extra&quot;:{&quot;unit&quot;:&quot;px&quot;,&quot;size&quot;:&quot;&quot;,&quot;sizes&quot;:[]},&quot;_transform_translateY_effect_tablet&quot;:{&quot;unit&quot;:&quot;px&quot;,&quot;size&quot;:&quot;&quot;,&quot;sizes&quot;:[]},&quot;_transform_translateY_effect_mobile&quot;:{&quot;unit&quot;:&quot;px&quot;,&quot;size&quot;:&quot;&quot;,&quot;sizes&quot;:[]},&quot;_transform_translateX_effect_hover_laptop&quot;:{&quot;unit&quot;:&quot;px&quot;,&quot;size&quot;:&quot;&quot;,&quot;sizes&quot;:[]},&quot;_transform_translateX_effect_hover_tablet_extra&quot;:{&quot;unit&quot;:&quot;px&quot;,&quot;size&quot;:&quot;&quot;,&quot;sizes&quot;:[]},&quot;_transform_translateX_effect_hover_tablet&quot;:{&quot;unit&quot;:&quot;px&quot;,&quot;size&quot;:&quot;&quot;,&quot;sizes&quot;:[]},&quot;_transform_translateX_effect_hover_mobile&quot;:{&quot;unit&quot;:&quot;px&quot;,&quot;size&quot;:&quot;&quot;,&quot;sizes&quot;:[]},&quot;_transform_translateY_effect_hover&quot;:{&quot;unit&quot;:&quot;px&quot;,&quot;size&quot;:&quot;&quot;,&quot;sizes&quot;:[]},&quot;_transform_translateY_effect_hover_laptop&quot;:{&quot;unit&quot;:&quot;px&quot;,&quot;size&quot;:&quot;&quot;,&quot;sizes&quot;:[]},&quot;_transform_translateY_effect_hover_tablet_extra&quot;:{&quot;unit&quot;:&quot;px&quot;,&quot;size&quot;:&quot;&quot;,&quot;sizes&quot;:[]},&quot;_transform_translateY_effect_hover_tablet&quot;:{&quot;unit&quot;:&quot;px&quot;,&quot;size&quot;:&quot;&quot;,&quot;sizes&quot;:[]},&quot;_transform_translateY_effect_hover_mobile&quot;:{&quot;unit&quot;:&quot;px&quot;,&quot;size&quot;:&quot;&quot;,&quot;sizes&quot;:[]}}\" data-widget_type=\"button.default\">\n\t\t\t\t<div class=\"elementor-widget-container\">\n\t\t\t\t\t\t\t\t\t<div class=\"elementor-button-wrapper\">\n\t\t\t\t\t<a class=\"elementor-button elementor-button-link elementor-size-xs\" href=\"https:\/\/faber-solartechnik.de\/en\/projekte\/kolkwitz\/\" target=\"_blank\">\n\t\t\t\t\t\t<span class=\"elementor-button-content-wrapper\">\n\t\t\t\t\t\t<span class=\"elementor-button-icon\">\n\t\t\t\t<i aria-hidden=\"true\" class=\"far fa-window-restore\"><\/i>\t\t\t<\/span>\n\t\t\t\t\t\t\t\t\t<span class=\"elementor-button-text\">Projekt in neuem Tab \u00f6ffnen<\/span>\n\t\t\t\t\t<\/span>\n\t\t\t\t\t<\/a>\n\t\t\t\t<\/div>\n\t\t\t\t\t\t\t\t<\/div>\n\t\t\t\t<\/div>\n\t\t\t\t\t<\/div>\n\t\t<\/div>\n\t\t\t\t\t<\/div>\n\t\t<\/section>\n\t\t\t\t<\/div>\n\t\t\t\t\t\t\t<\/div>\n\t\t\t\t\t\t\t\t<\/div>\n\t\t<\/div>\n\t\t\t\t\t\t<\/div>\n\t\t\t\t<\/div>\n\t\t\t\t<div class=\"elementor-element elementor-element-15922a7 elementor-widget elementor-widget-button\" data-id=\"15922a7\" data-element_type=\"widget\" data-e-type=\"widget\" data-widget_type=\"button.default\">\n\t\t\t\t<div class=\"elementor-widget-container\">\n\t\t\t\t\t\t\t\t\t<div class=\"elementor-button-wrapper\">\n\t\t\t\t\t<a class=\"elementor-button elementor-button-link elementor-size-xs\" href=\"https:\/\/faber-solartechnik.de\/en\/projekte\/kolkwitz\/\" target=\"_blank\">\n\t\t\t\t\t\t<span class=\"elementor-button-content-wrapper\">\n\t\t\t\t\t\t<span class=\"elementor-button-icon\">\n\t\t\t\t<i aria-hidden=\"true\" class=\"fas fa-arrow-right\"><\/i>\t\t\t<\/span>\n\t\t\t\t\t\t\t\t\t<span class=\"elementor-button-text\">\u00d6ffnen<\/span>\n\t\t\t\t\t<\/span>\n\t\t\t\t\t<\/a>\n\t\t\t\t<\/div>\n\t\t\t\t\t\t\t\t<\/div>\n\t\t\t\t<\/div>\n\t\t\t\t\t<\/div>\n\t\t<\/div>\n\t\t\t\t\t<\/div>\n\t\t<\/section>\n\t\t\t\t<\/div>\n\t\t<style id=\"loop-dynamic-3527\">.e-loop-item-6022 .elementor-element.elementor-element-a252bde > .elementor-background-overlay{background-image:url(\"https:\/\/faber-solartechnik.de\/wp-content\/uploads\/2023\/11\/Faber-Solar-Dr-Butze-2-scaled.jpg\");}<\/style>\t\t<div data-elementor-type=\"loop-item\" data-elementor-id=\"3527\" class=\"elementor elementor-3527 swiper-slide e-loop-item e-loop-item-6022 post-6022 post type-post status-publish format-standard has-post-thumbnail hentry category-projekte\" data-elementor-post-type=\"elementor_library\" role=\"group\" aria-roledescription=\"slide\" data-custom-edit-handle=\"1\">\n\t\t\t\t\t<section class=\"elementor-section elementor-top-section elementor-element elementor-element-a252bde elementor-section-height-min-height elementor-section-items-stretch loopnews runde-ecken elementor-section-boxed elementor-section-height-default\" data-id=\"a252bde\" data-element_type=\"section\" data-e-type=\"section\">\n\t\t\t\t\t\t\t<div class=\"elementor-background-overlay\"><\/div>\n\t\t\t\t\t\t\t<div class=\"elementor-container elementor-column-gap-no\">\n\t\t\t\t\t<div class=\"elementor-column elementor-col-100 elementor-top-column elementor-element elementor-element-6fcfada runde-ecken\" data-id=\"6fcfada\" data-element_type=\"column\" data-e-type=\"column\" data-settings=\"{&quot;background_background&quot;:&quot;classic&quot;}\">\n\t\t\t<div class=\"elementor-widget-wrap elementor-element-populated\">\n\t\t\t\t\t<div class=\"elementor-background-overlay\"><\/div>\n\t\t\t\t\t\t<section class=\"elementor-section elementor-inner-section elementor-element elementor-element-6604a6b elementor-section-boxed elementor-section-height-default elementor-section-height-default\" data-id=\"6604a6b\" data-element_type=\"section\" data-e-type=\"section\">\n\t\t\t\t\t\t<div class=\"elementor-container elementor-column-gap-no\">\n\t\t\t\t\t<div class=\"elementor-column elementor-col-100 elementor-inner-column elementor-element elementor-element-f098b0d\" data-id=\"f098b0d\" data-element_type=\"column\" data-e-type=\"column\">\n\t\t\t<div class=\"elementor-widget-wrap elementor-element-populated\">\n\t\t\t\t\t\t<div class=\"elementor-element elementor-element-1f94609 elementor-widget elementor-widget-post-info\" data-id=\"1f94609\" data-element_type=\"widget\" data-e-type=\"widget\" data-widget_type=\"post-info.default\">\n\t\t\t\t<div class=\"elementor-widget-container\">\n\t\t\t\t\t\t\t<ul class=\"elementor-inline-items elementor-icon-list-items elementor-post-info\">\n\t\t\t\t\t\t\t\t<li class=\"elementor-icon-list-item elementor-repeater-item-fb2fc86 elementor-inline-item\" itemprop=\"about\">\n\t\t\t\t\t\t\t\t\t\t\t\t\t<span class=\"elementor-icon-list-text elementor-post-info__item elementor-post-info__item--type-terms\">\n\t\t\t\t\t\t\t\t\t\t<span class=\"elementor-post-info__terms-list\">\n\t\t\t\t<a href=\"https:\/\/faber-solartechnik.de\/en\/.\/projekte\/\" class=\"elementor-post-info__terms-list-item\">Projekte<\/a>\t\t\t\t<\/span>\n\t\t\t\t\t<\/span>\n\t\t\t\t\t\t\t\t<\/li>\n\t\t\t\t<\/ul>\n\t\t\t\t\t\t<\/div>\n\t\t\t\t<\/div>\n\t\t\t\t<div class=\"elementor-element elementor-element-009b0cb elementor-widget elementor-widget-heading\" data-id=\"009b0cb\" data-element_type=\"widget\" data-e-type=\"widget\" data-widget_type=\"heading.default\">\n\t\t\t\t<div class=\"elementor-widget-container\">\n\t\t\t\t\t<h4 class=\"elementor-heading-title elementor-size-default\"><a href=\"https:\/\/faber-solartechnik.de\/en\/projekte\/klingenberg\/\" target=\"_blank\">Klingenberg<\/a><\/h4>\t\t\t\t<\/div>\n\t\t\t\t<\/div>\n\t\t\t\t<div class=\"elementor-element elementor-element-6321c9b elementor-hidden-mobile eae-pop-btn-align-left popupklicktitel elementor-hidden-desktop elementor-hidden-tablet eae-pop-btn-type-text elementor-widget elementor-widget-wts-modal-popup\" data-id=\"6321c9b\" data-element_type=\"widget\" data-e-type=\"widget\" data-widget_type=\"wts-modal-popup.default\">\n\t\t\t\t<div class=\"elementor-widget-container\">\n\t\t\t\t\t\t\t<div class=\"eae-popup-wrapper eae-popup-eae-pupup-item-98803497\" data-id=\"eae-pupup-item-98803497\" data-preview-modal=\"\" data-close-button-type=\"icon\" data-close-btn=\"fas fa-times\" data-close-in-out=\"true\" data-effect=\"zoom-in\">\n\t\t\t<a class=\"eae-popup-link icon-position-after\"\n\t\t\tdata-id=\"eae-pupup-item-98803497\" data-ctrl-id=\"6321c9b\" href=\"#eae-pupup-item-98803497\">\n\t\t\t\t\t\t\t\t\t\t\t\t\t\t\t<span class=\"eae-popup-btn-text\">\n\t\t\t\t\t\t\tKlingenberg\t\t\t\t\t\t<\/span>\n\t\t\t\t\t\t\t\t\t\t<span class=\"eae-popup-btn-icon\">\n\t\t\t\t\t\t\t\t\t\t\t<\/span>\n\t\t\t\t\t\t\t\t\t\t\t\t\t\t<\/a>\n\t\t<\/div>\n\n\t\t<div id=\"eae-pupup-item-98803497\" class=\"eae-popup-eae-pupup-item-98803497 mfp-hide eae-popup-container\">\n\t\t\t<input class=\"eae-hidden-post-id\" type=\"hidden\" name=\"eae_hidden_post_id\" data-id=\"eae-pupup-item-98803497\" value=\"0\" \/>\n\t\t\t<div class=\"eae-popup-content\">\n\t\t\t\t\t\t\t\t\t<div class=\"eae-modal-content\">\n\t\t\t\t\t\t\t\t<div data-elementor-type=\"section\" data-elementor-id=\"4203\" class=\"elementor elementor-4203\" data-elementor-post-type=\"elementor_library\">\n\t\t\t\t\t<section class=\"elementor-section elementor-top-section elementor-element elementor-element-76665b6d elementor-section-full_width elementor-section-height-min-height elementor-section-items-stretch elementor-section-height-default\" data-id=\"76665b6d\" data-element_type=\"section\" data-e-type=\"section\">\n\t\t\t\t\t\t<div class=\"elementor-container elementor-column-gap-default\">\n\t\t\t\t\t<div class=\"elementor-column elementor-col-50 elementor-top-column elementor-element elementor-element-27f77bf4\" data-id=\"27f77bf4\" data-element_type=\"column\" data-e-type=\"column\">\n\t\t\t<div class=\"elementor-widget-wrap elementor-element-populated\">\n\t\t\t\t\t\t<div class=\"elementor-element elementor-element-2c72871 shadow runde-ecken elementor-widget elementor-widget-image\" data-id=\"2c72871\" data-element_type=\"widget\" data-e-type=\"widget\" data-widget_type=\"image.default\">\n\t\t\t\t<div class=\"elementor-widget-container\">\n\t\t\t\t\t\t\t\t\t\t\t\t\t\t\t\t<a href=\"https:\/\/faber-solartechnik.de\/wp-content\/uploads\/2023\/11\/Faber-Solar-Dr-Butze-2-scaled.jpg\" data-elementor-open-lightbox=\"yes\" data-e-action-hash=\"#elementor-action%3Aaction%3Dlightbox%26settings%3DeyJpZCI6NzMyOSwidXJsIjoiaHR0cHM6XC9cL2ZhYmVyLXNvbGFydGVjaG5pay5kZVwvd3AtY29udGVudFwvdXBsb2Fkc1wvMjAyM1wvMTFcL0ZhYmVyLVNvbGFyLURyLUJ1dHplLTItc2NhbGVkLmpwZyJ9\">\n\t\t\t\t\t\t\t<img loading=\"lazy\" decoding=\"async\" width=\"768\" height=\"432\" src=\"https:\/\/faber-solartechnik.de\/wp-content\/uploads\/2023\/11\/Faber-Solar-Dr-Butze-2-768x432.jpg\" class=\"attachment-medium_large size-medium_large wp-image-7329\" alt=\"\" srcset=\"https:\/\/faber-solartechnik.de\/wp-content\/uploads\/2023\/11\/Faber-Solar-Dr-Butze-2-768x432.jpg 768w, https:\/\/faber-solartechnik.de\/wp-content\/uploads\/2023\/11\/Faber-Solar-Dr-Butze-2-300x169.jpg 300w, https:\/\/faber-solartechnik.de\/wp-content\/uploads\/2023\/11\/Faber-Solar-Dr-Butze-2-1024x576.jpg 1024w, https:\/\/faber-solartechnik.de\/wp-content\/uploads\/2023\/11\/Faber-Solar-Dr-Butze-2-1536x863.jpg 1536w, https:\/\/faber-solartechnik.de\/wp-content\/uploads\/2023\/11\/Faber-Solar-Dr-Butze-2-2048x1151.jpg 2048w, https:\/\/faber-solartechnik.de\/wp-content\/uploads\/2023\/11\/Faber-Solar-Dr-Butze-2-18x10.jpg 18w\" sizes=\"(max-width: 768px) 100vw, 768px\" \/>\t\t\t\t\t\t\t\t<\/a>\n\t\t\t\t\t\t\t\t\t\t\t\t\t\t\t<\/div>\n\t\t\t\t<\/div>\n\t\t\t\t\t<\/div>\n\t\t<\/div>\n\t\t\t\t<div class=\"elementor-column elementor-col-50 elementor-top-column elementor-element elementor-element-329a626d\" data-id=\"329a626d\" data-element_type=\"column\" data-e-type=\"column\">\n\t\t\t<div class=\"elementor-widget-wrap elementor-element-populated\">\n\t\t\t\t\t\t<div class=\"elementor-element elementor-element-bf7ede2 elementor-widget elementor-widget-heading\" data-id=\"bf7ede2\" data-element_type=\"widget\" data-e-type=\"widget\" data-widget_type=\"heading.default\">\n\t\t\t\t<div class=\"elementor-widget-container\">\n\t\t\t\t\t<h3 class=\"elementor-heading-title elementor-size-default\">Klingenberg<\/h3>\t\t\t\t<\/div>\n\t\t\t\t<\/div>\n\t\t\t\t<div class=\"elementor-element elementor-element-678b441 elementor-widget-divider--view-line elementor-widget elementor-widget-divider\" data-id=\"678b441\" data-element_type=\"widget\" data-e-type=\"widget\" data-widget_type=\"divider.default\">\n\t\t\t\t<div class=\"elementor-widget-container\">\n\t\t\t\t\t\t\t<div class=\"elementor-divider\">\n\t\t\t<span class=\"elementor-divider-separator\">\n\t\t\t\t\t\t<\/span>\n\t\t<\/div>\n\t\t\t\t\t\t<\/div>\n\t\t\t\t<\/div>\n\t\t\t\t<div class=\"elementor-element elementor-element-18e98f7 elementor-widget elementor-widget-theme-post-content\" data-id=\"18e98f7\" data-element_type=\"widget\" data-e-type=\"widget\" data-widget_type=\"theme-post-content.default\">\n\t\t\t\t<div class=\"elementor-widget-container\">\n\t\t\t\t\t\t\t<div data-elementor-type=\"wp-post\" data-elementor-id=\"6022\" class=\"elementor elementor-6022\" data-elementor-post-type=\"post\">\n\t\t\t\t\t\t<section class=\"elementor-section elementor-top-section elementor-element elementor-element-17bb410e elementor-section-boxed elementor-section-height-default elementor-section-height-default\" data-id=\"17bb410e\" data-element_type=\"section\" data-e-type=\"section\">\n\t\t\t\t\t\t<div class=\"elementor-container elementor-column-gap-default\">\n\t\t\t\t\t<div class=\"elementor-column elementor-col-100 elementor-top-column elementor-element elementor-element-1727cf5a\" data-id=\"1727cf5a\" data-element_type=\"column\" data-e-type=\"column\">\n\t\t\t<div class=\"elementor-widget-wrap elementor-element-populated\">\n\t\t\t\t\t\t<div class=\"elementor-element elementor-element-ed49c87 elementor-icon-list--layout-inline popup-pv-fakts elementor-list-item-link-full_width elementor-widget elementor-widget-icon-list\" data-id=\"ed49c87\" data-element_type=\"widget\" data-e-type=\"widget\" data-widget_type=\"icon-list.default\">\n\t\t\t\t<div class=\"elementor-widget-container\">\n\t\t\t\t\t\t\t<ul class=\"elementor-icon-list-items elementor-inline-items\">\n\t\t\t\t\t\t\t<li class=\"elementor-icon-list-item elementor-inline-item\">\n\t\t\t\t\t\t\t\t\t\t\t<span class=\"elementor-icon-list-icon\">\n\t\t\t\t\t\t\t<i aria-hidden=\"true\" class=\"fas fa-sun\"><\/i>\t\t\t\t\t\t<\/span>\n\t\t\t\t\t\t\t\t\t\t<span class=\"elementor-icon-list-text\">300 kWp<\/span>\n\t\t\t\t\t\t\t\t\t<\/li>\n\t\t\t\t\t\t\t\t<li class=\"elementor-icon-list-item elementor-inline-item\">\n\t\t\t\t\t\t\t\t\t\t\t<span class=\"elementor-icon-list-icon\">\n\t\t\t\t\t\t\t<i aria-hidden=\"true\" class=\"fas fa-bolt\"><\/i>\t\t\t\t\t\t<\/span>\n\t\t\t\t\t\t\t\t\t\t<span class=\"elementor-icon-list-text\">280,587 kWh\/Jahr<\/span>\n\t\t\t\t\t\t\t\t\t<\/li>\n\t\t\t\t\t\t\t\t<li class=\"elementor-icon-list-item elementor-inline-item\">\n\t\t\t\t\t\t\t\t\t\t\t<span class=\"elementor-icon-list-icon\">\n\t\t\t\t\t\t\t<i aria-hidden=\"true\" class=\"fas fa-plug\"><\/i>\t\t\t\t\t\t<\/span>\n\t\t\t\t\t\t\t\t\t\t<span class=\"elementor-icon-list-text\">\u00dcberschuss<\/span>\n\t\t\t\t\t\t\t\t\t<\/li>\n\t\t\t\t\t\t\t\t<li class=\"elementor-icon-list-item elementor-inline-item\">\n\t\t\t\t\t\t\t\t\t\t\t<span class=\"elementor-icon-list-icon\">\n\t\t\t\t\t\t\t<i aria-hidden=\"true\" class=\"fas fa-tools\"><\/i>\t\t\t\t\t\t<\/span>\n\t\t\t\t\t\t\t\t\t\t<span class=\"elementor-icon-list-text\">Aufgest\u00e4ndert<\/span>\n\t\t\t\t\t\t\t\t\t<\/li>\n\t\t\t\t\t\t\t\t<li class=\"elementor-icon-list-item elementor-inline-item\">\n\t\t\t\t\t\t\t\t\t\t\t<span class=\"elementor-icon-list-icon\">\n\t\t\t\t\t\t\t<i aria-hidden=\"true\" class=\"fas fa-map-marker-alt\"><\/i>\t\t\t\t\t\t<\/span>\n\t\t\t\t\t\t\t\t\t\t<span class=\"elementor-icon-list-text\">Sachsen<\/span>\n\t\t\t\t\t\t\t\t\t<\/li>\n\t\t\t\t\t\t<\/ul>\n\t\t\t\t\t\t<\/div>\n\t\t\t\t<\/div>\n\t\t\t\t<div class=\"elementor-element elementor-element-7f5b1f81 elementor-widget elementor-widget-gallery\" data-id=\"7f5b1f81\" data-element_type=\"widget\" data-e-type=\"widget\" data-settings=\"{&quot;gallery_layout&quot;:&quot;grid&quot;,&quot;columns&quot;:4,&quot;columns_tablet&quot;:2,&quot;columns_mobile&quot;:1,&quot;gap&quot;:{&quot;unit&quot;:&quot;px&quot;,&quot;size&quot;:10,&quot;sizes&quot;:[]},&quot;gap_laptop&quot;:{&quot;unit&quot;:&quot;px&quot;,&quot;size&quot;:10,&quot;sizes&quot;:[]},&quot;gap_tablet_extra&quot;:{&quot;unit&quot;:&quot;px&quot;,&quot;size&quot;:10,&quot;sizes&quot;:[]},&quot;gap_tablet&quot;:{&quot;unit&quot;:&quot;px&quot;,&quot;size&quot;:10,&quot;sizes&quot;:[]},&quot;gap_mobile&quot;:{&quot;unit&quot;:&quot;px&quot;,&quot;size&quot;:10,&quot;sizes&quot;:[]},&quot;link_to&quot;:&quot;file&quot;,&quot;aspect_ratio&quot;:&quot;3:2&quot;,&quot;overlay_background&quot;:&quot;yes&quot;,&quot;content_hover_animation&quot;:&quot;fade-in&quot;}\" data-widget_type=\"gallery.default\">\n\t\t\t\t<div class=\"elementor-widget-container\">\n\t\t\t\t\t\t\t<div class=\"elementor-gallery__container\">\n\t\t\t\t\t\t\t<a class=\"e-gallery-item elementor-gallery-item elementor-animated-content\" href=\"https:\/\/faber-solartechnik.de\/wp-content\/uploads\/2023\/11\/Faber-Solar-Dr-Butze-6-scaled.jpg\" data-elementor-open-lightbox=\"yes\" data-elementor-lightbox-slideshow=\"7f5b1f81\" data-e-action-hash=\"#elementor-action%3Aaction%3Dlightbox%26settings%3DeyJpZCI6NzMyNSwidXJsIjoiaHR0cHM6XC9cL2ZhYmVyLXNvbGFydGVjaG5pay5kZVwvd3AtY29udGVudFwvdXBsb2Fkc1wvMjAyM1wvMTFcL0ZhYmVyLVNvbGFyLURyLUJ1dHplLTYtc2NhbGVkLmpwZyIsInNsaWRlc2hvdyI6IjdmNWIxZjgxIn0%3D\">\n\t\t\t\t\t<div class=\"e-gallery-image elementor-gallery-item__image\" data-thumbnail=\"https:\/\/faber-solartechnik.de\/wp-content\/uploads\/2023\/11\/Faber-Solar-Dr-Butze-6-300x169.jpg\" data-width=\"300\" data-height=\"169\" aria-label=\"\" role=\"img\" ><\/div>\n\t\t\t\t\t\t\t\t\t\t\t<div class=\"elementor-gallery-item__overlay\"><\/div>\n\t\t\t\t\t\t\t\t\t\t\t\t\t\t<\/a>\n\t\t\t\t\t\t\t<a class=\"e-gallery-item elementor-gallery-item elementor-animated-content\" href=\"https:\/\/faber-solartechnik.de\/wp-content\/uploads\/2023\/11\/Faber-Solar-Dr-Butze-7-scaled.jpg\" data-elementor-open-lightbox=\"yes\" data-elementor-lightbox-slideshow=\"7f5b1f81\" data-e-action-hash=\"#elementor-action%3Aaction%3Dlightbox%26settings%3DeyJpZCI6NzMyNCwidXJsIjoiaHR0cHM6XC9cL2ZhYmVyLXNvbGFydGVjaG5pay5kZVwvd3AtY29udGVudFwvdXBsb2Fkc1wvMjAyM1wvMTFcL0ZhYmVyLVNvbGFyLURyLUJ1dHplLTctc2NhbGVkLmpwZyIsInNsaWRlc2hvdyI6IjdmNWIxZjgxIn0%3D\">\n\t\t\t\t\t<div class=\"e-gallery-image elementor-gallery-item__image\" data-thumbnail=\"https:\/\/faber-solartechnik.de\/wp-content\/uploads\/2023\/11\/Faber-Solar-Dr-Butze-7-300x169.jpg\" data-width=\"300\" data-height=\"169\" aria-label=\"\" role=\"img\" ><\/div>\n\t\t\t\t\t\t\t\t\t\t\t<div class=\"elementor-gallery-item__overlay\"><\/div>\n\t\t\t\t\t\t\t\t\t\t\t\t\t\t<\/a>\n\t\t\t\t\t\t\t<a class=\"e-gallery-item elementor-gallery-item elementor-animated-content\" href=\"https:\/\/faber-solartechnik.de\/wp-content\/uploads\/2023\/11\/Faber-Solar-Dr-Butze-8-scaled.jpg\" data-elementor-open-lightbox=\"yes\" data-elementor-lightbox-slideshow=\"7f5b1f81\" data-e-action-hash=\"#elementor-action%3Aaction%3Dlightbox%26settings%3DeyJpZCI6NzMyMywidXJsIjoiaHR0cHM6XC9cL2ZhYmVyLXNvbGFydGVjaG5pay5kZVwvd3AtY29udGVudFwvdXBsb2Fkc1wvMjAyM1wvMTFcL0ZhYmVyLVNvbGFyLURyLUJ1dHplLTgtc2NhbGVkLmpwZyIsInNsaWRlc2hvdyI6IjdmNWIxZjgxIn0%3D\">\n\t\t\t\t\t<div class=\"e-gallery-image elementor-gallery-item__image\" data-thumbnail=\"https:\/\/faber-solartechnik.de\/wp-content\/uploads\/2023\/11\/Faber-Solar-Dr-Butze-8-300x169.jpg\" data-width=\"300\" data-height=\"169\" aria-label=\"\" role=\"img\" ><\/div>\n\t\t\t\t\t\t\t\t\t\t\t<div class=\"elementor-gallery-item__overlay\"><\/div>\n\t\t\t\t\t\t\t\t\t\t\t\t\t\t<\/a>\n\t\t\t\t\t\t\t<a class=\"e-gallery-item elementor-gallery-item elementor-animated-content\" href=\"https:\/\/faber-solartechnik.de\/wp-content\/uploads\/2023\/11\/Faber-Solar-Dr-Butze-2-scaled.jpg\" data-elementor-open-lightbox=\"yes\" data-elementor-lightbox-slideshow=\"7f5b1f81\" data-e-action-hash=\"#elementor-action%3Aaction%3Dlightbox%26settings%3DeyJpZCI6NzMyOSwidXJsIjoiaHR0cHM6XC9cL2ZhYmVyLXNvbGFydGVjaG5pay5kZVwvd3AtY29udGVudFwvdXBsb2Fkc1wvMjAyM1wvMTFcL0ZhYmVyLVNvbGFyLURyLUJ1dHplLTItc2NhbGVkLmpwZyIsInNsaWRlc2hvdyI6IjdmNWIxZjgxIn0%3D\">\n\t\t\t\t\t<div class=\"e-gallery-image elementor-gallery-item__image\" data-thumbnail=\"https:\/\/faber-solartechnik.de\/wp-content\/uploads\/2023\/11\/Faber-Solar-Dr-Butze-2-300x169.jpg\" data-width=\"300\" data-height=\"169\" aria-label=\"\" role=\"img\" ><\/div>\n\t\t\t\t\t\t\t\t\t\t\t<div class=\"elementor-gallery-item__overlay\"><\/div>\n\t\t\t\t\t\t\t\t\t\t\t\t\t\t<\/a>\n\t\t\t\t\t<\/div>\n\t\t\t\t\t<\/div>\n\t\t\t\t<\/div>\n\t\t\t\t\t<\/div>\n\t\t<\/div>\n\t\t\t\t\t<\/div>\n\t\t<\/section>\n\t\t\t\t<\/div>\n\t\t\t\t\t\t<\/div>\n\t\t\t\t<\/div>\n\t\t\t\t<div class=\"elementor-element elementor-element-b294ae0 e-transform e-transform elementor-align-right elementor-absolute elementor-invisible elementor-widget elementor-widget-button\" data-id=\"b294ae0\" data-element_type=\"widget\" data-e-type=\"widget\" data-settings=\"{&quot;_transform_translateX_effect_hover&quot;:{&quot;unit&quot;:&quot;px&quot;,&quot;size&quot;:-10,&quot;sizes&quot;:[]},&quot;_animation&quot;:&quot;fadeInUp&quot;,&quot;_animation_delay&quot;:1000,&quot;_position&quot;:&quot;absolute&quot;,&quot;_transform_translateX_effect&quot;:{&quot;unit&quot;:&quot;px&quot;,&quot;size&quot;:&quot;&quot;,&quot;sizes&quot;:[]},&quot;_transform_translateX_effect_laptop&quot;:{&quot;unit&quot;:&quot;px&quot;,&quot;size&quot;:&quot;&quot;,&quot;sizes&quot;:[]},&quot;_transform_translateX_effect_tablet_extra&quot;:{&quot;unit&quot;:&quot;px&quot;,&quot;size&quot;:&quot;&quot;,&quot;sizes&quot;:[]},&quot;_transform_translateX_effect_tablet&quot;:{&quot;unit&quot;:&quot;px&quot;,&quot;size&quot;:&quot;&quot;,&quot;sizes&quot;:[]},&quot;_transform_translateX_effect_mobile&quot;:{&quot;unit&quot;:&quot;px&quot;,&quot;size&quot;:&quot;&quot;,&quot;sizes&quot;:[]},&quot;_transform_translateY_effect&quot;:{&quot;unit&quot;:&quot;px&quot;,&quot;size&quot;:&quot;&quot;,&quot;sizes&quot;:[]},&quot;_transform_translateY_effect_laptop&quot;:{&quot;unit&quot;:&quot;px&quot;,&quot;size&quot;:&quot;&quot;,&quot;sizes&quot;:[]},&quot;_transform_translateY_effect_tablet_extra&quot;:{&quot;unit&quot;:&quot;px&quot;,&quot;size&quot;:&quot;&quot;,&quot;sizes&quot;:[]},&quot;_transform_translateY_effect_tablet&quot;:{&quot;unit&quot;:&quot;px&quot;,&quot;size&quot;:&quot;&quot;,&quot;sizes&quot;:[]},&quot;_transform_translateY_effect_mobile&quot;:{&quot;unit&quot;:&quot;px&quot;,&quot;size&quot;:&quot;&quot;,&quot;sizes&quot;:[]},&quot;_transform_translateX_effect_hover_laptop&quot;:{&quot;unit&quot;:&quot;px&quot;,&quot;size&quot;:&quot;&quot;,&quot;sizes&quot;:[]},&quot;_transform_translateX_effect_hover_tablet_extra&quot;:{&quot;unit&quot;:&quot;px&quot;,&quot;size&quot;:&quot;&quot;,&quot;sizes&quot;:[]},&quot;_transform_translateX_effect_hover_tablet&quot;:{&quot;unit&quot;:&quot;px&quot;,&quot;size&quot;:&quot;&quot;,&quot;sizes&quot;:[]},&quot;_transform_translateX_effect_hover_mobile&quot;:{&quot;unit&quot;:&quot;px&quot;,&quot;size&quot;:&quot;&quot;,&quot;sizes&quot;:[]},&quot;_transform_translateY_effect_hover&quot;:{&quot;unit&quot;:&quot;px&quot;,&quot;size&quot;:&quot;&quot;,&quot;sizes&quot;:[]},&quot;_transform_translateY_effect_hover_laptop&quot;:{&quot;unit&quot;:&quot;px&quot;,&quot;size&quot;:&quot;&quot;,&quot;sizes&quot;:[]},&quot;_transform_translateY_effect_hover_tablet_extra&quot;:{&quot;unit&quot;:&quot;px&quot;,&quot;size&quot;:&quot;&quot;,&quot;sizes&quot;:[]},&quot;_transform_translateY_effect_hover_tablet&quot;:{&quot;unit&quot;:&quot;px&quot;,&quot;size&quot;:&quot;&quot;,&quot;sizes&quot;:[]},&quot;_transform_translateY_effect_hover_mobile&quot;:{&quot;unit&quot;:&quot;px&quot;,&quot;size&quot;:&quot;&quot;,&quot;sizes&quot;:[]}}\" data-widget_type=\"button.default\">\n\t\t\t\t<div class=\"elementor-widget-container\">\n\t\t\t\t\t\t\t\t\t<div class=\"elementor-button-wrapper\">\n\t\t\t\t\t<a class=\"elementor-button elementor-button-link elementor-size-xs\" href=\"https:\/\/faber-solartechnik.de\/en\/projekte\/klingenberg\/\" target=\"_blank\">\n\t\t\t\t\t\t<span class=\"elementor-button-content-wrapper\">\n\t\t\t\t\t\t<span class=\"elementor-button-icon\">\n\t\t\t\t<i aria-hidden=\"true\" class=\"far fa-window-restore\"><\/i>\t\t\t<\/span>\n\t\t\t\t\t\t\t\t\t<span class=\"elementor-button-text\">Projekt in neuem Tab \u00f6ffnen<\/span>\n\t\t\t\t\t<\/span>\n\t\t\t\t\t<\/a>\n\t\t\t\t<\/div>\n\t\t\t\t\t\t\t\t<\/div>\n\t\t\t\t<\/div>\n\t\t\t\t\t<\/div>\n\t\t<\/div>\n\t\t\t\t\t<\/div>\n\t\t<\/section>\n\t\t\t\t<\/div>\n\t\t\t\t\t\t\t<\/div>\n\t\t\t\t\t\t\t\t<\/div>\n\t\t<\/div>\n\t\t\t\t\t\t<\/div>\n\t\t\t\t<\/div>\n\t\t\t\t\t<\/div>\n\t\t<\/div>\n\t\t\t\t\t<\/div>\n\t\t<\/section>\n\t\t\t\t<div class=\"elementor-element elementor-element-d621d6e elementor-hidden-mobile elementor-hidden-desktop elementor-hidden-tablet eae-pop-btn-type-text elementor-widget elementor-widget-wts-modal-popup\" data-id=\"d621d6e\" data-element_type=\"widget\" data-e-type=\"widget\" data-widget_type=\"wts-modal-popup.default\">\n\t\t\t\t<div class=\"elementor-widget-container\">\n\t\t\t\t\t\t\t<div class=\"eae-popup-wrapper eae-popup-eae-pupup-item-1851467402\" data-id=\"eae-pupup-item-1851467402\" data-preview-modal=\"\" data-close-button-type=\"icon\" data-close-btn=\"fas fa-times\" data-close-in-out=\"true\" data-effect=\"zoom-in\">\n\t\t\t<a class=\"eae-popup-link icon-position-before\"\n\t\t\tdata-id=\"eae-pupup-item-1851467402\" data-ctrl-id=\"d621d6e\" href=\"#eae-pupup-item-1851467402\">\n\t\t\t\t\t\t\t\t\t\t\t\t\t\t<span class=\"eae-popup-btn-icon\">\n\t\t\t\t\t\t<i aria-hidden=\"true\" class=\"fas fa-arrow-right\"><\/i>\t\t\t\t\t<\/span>\n\t\t\t\t\t\t\t\t\t\t\t\t<span class=\"eae-popup-btn-text\">\n\t\t\t\t\t\t\t\u00d6ffnen\t\t\t\t\t\t<\/span>\n\t\t\t\t\t\t\t\t\t\t\t\t\t<\/a>\n\t\t<\/div>\n\n\t\t<div id=\"eae-pupup-item-1851467402\" class=\"eae-popup-eae-pupup-item-1851467402 mfp-hide eae-popup-container\">\n\t\t\t<input class=\"eae-hidden-post-id\" type=\"hidden\" name=\"eae_hidden_post_id\" data-id=\"eae-pupup-item-1851467402\" value=\"0\" \/>\n\t\t\t<div class=\"eae-popup-content\">\n\t\t\t\t\t\t\t\t\t<div class=\"eae-modal-content\">\n\t\t\t\t\t\t\t\t<div data-elementor-type=\"section\" data-elementor-id=\"4203\" class=\"elementor elementor-4203\" data-elementor-post-type=\"elementor_library\">\n\t\t\t\t\t<section class=\"elementor-section elementor-top-section elementor-element elementor-element-76665b6d elementor-section-full_width elementor-section-height-min-height elementor-section-items-stretch elementor-section-height-default\" data-id=\"76665b6d\" data-element_type=\"section\" data-e-type=\"section\">\n\t\t\t\t\t\t<div class=\"elementor-container elementor-column-gap-default\">\n\t\t\t\t\t<div class=\"elementor-column elementor-col-50 elementor-top-column elementor-element elementor-element-27f77bf4\" data-id=\"27f77bf4\" data-element_type=\"column\" data-e-type=\"column\">\n\t\t\t<div class=\"elementor-widget-wrap elementor-element-populated\">\n\t\t\t\t\t\t<div class=\"elementor-element elementor-element-2c72871 shadow runde-ecken elementor-widget elementor-widget-image\" data-id=\"2c72871\" data-element_type=\"widget\" data-e-type=\"widget\" data-widget_type=\"image.default\">\n\t\t\t\t<div class=\"elementor-widget-container\">\n\t\t\t\t\t\t\t\t\t\t\t\t\t\t\t\t<a href=\"https:\/\/faber-solartechnik.de\/wp-content\/uploads\/2023\/11\/Faber-Solar-Dr-Butze-2-scaled.jpg\" data-elementor-open-lightbox=\"yes\" data-e-action-hash=\"#elementor-action%3Aaction%3Dlightbox%26settings%3DeyJpZCI6NzMyOSwidXJsIjoiaHR0cHM6XC9cL2ZhYmVyLXNvbGFydGVjaG5pay5kZVwvd3AtY29udGVudFwvdXBsb2Fkc1wvMjAyM1wvMTFcL0ZhYmVyLVNvbGFyLURyLUJ1dHplLTItc2NhbGVkLmpwZyJ9\">\n\t\t\t\t\t\t\t<img loading=\"lazy\" decoding=\"async\" width=\"768\" height=\"432\" src=\"https:\/\/faber-solartechnik.de\/wp-content\/uploads\/2023\/11\/Faber-Solar-Dr-Butze-2-768x432.jpg\" class=\"attachment-medium_large size-medium_large wp-image-7329\" alt=\"\" srcset=\"https:\/\/faber-solartechnik.de\/wp-content\/uploads\/2023\/11\/Faber-Solar-Dr-Butze-2-768x432.jpg 768w, https:\/\/faber-solartechnik.de\/wp-content\/uploads\/2023\/11\/Faber-Solar-Dr-Butze-2-300x169.jpg 300w, https:\/\/faber-solartechnik.de\/wp-content\/uploads\/2023\/11\/Faber-Solar-Dr-Butze-2-1024x576.jpg 1024w, https:\/\/faber-solartechnik.de\/wp-content\/uploads\/2023\/11\/Faber-Solar-Dr-Butze-2-1536x863.jpg 1536w, https:\/\/faber-solartechnik.de\/wp-content\/uploads\/2023\/11\/Faber-Solar-Dr-Butze-2-2048x1151.jpg 2048w, https:\/\/faber-solartechnik.de\/wp-content\/uploads\/2023\/11\/Faber-Solar-Dr-Butze-2-18x10.jpg 18w\" sizes=\"(max-width: 768px) 100vw, 768px\" \/>\t\t\t\t\t\t\t\t<\/a>\n\t\t\t\t\t\t\t\t\t\t\t\t\t\t\t<\/div>\n\t\t\t\t<\/div>\n\t\t\t\t\t<\/div>\n\t\t<\/div>\n\t\t\t\t<div class=\"elementor-column elementor-col-50 elementor-top-column elementor-element elementor-element-329a626d\" data-id=\"329a626d\" data-element_type=\"column\" data-e-type=\"column\">\n\t\t\t<div class=\"elementor-widget-wrap elementor-element-populated\">\n\t\t\t\t\t\t<div class=\"elementor-element elementor-element-bf7ede2 elementor-widget elementor-widget-heading\" data-id=\"bf7ede2\" data-element_type=\"widget\" data-e-type=\"widget\" data-widget_type=\"heading.default\">\n\t\t\t\t<div class=\"elementor-widget-container\">\n\t\t\t\t\t<h3 class=\"elementor-heading-title elementor-size-default\">Klingenberg<\/h3>\t\t\t\t<\/div>\n\t\t\t\t<\/div>\n\t\t\t\t<div class=\"elementor-element elementor-element-678b441 elementor-widget-divider--view-line elementor-widget elementor-widget-divider\" data-id=\"678b441\" data-element_type=\"widget\" data-e-type=\"widget\" data-widget_type=\"divider.default\">\n\t\t\t\t<div class=\"elementor-widget-container\">\n\t\t\t\t\t\t\t<div class=\"elementor-divider\">\n\t\t\t<span class=\"elementor-divider-separator\">\n\t\t\t\t\t\t<\/span>\n\t\t<\/div>\n\t\t\t\t\t\t<\/div>\n\t\t\t\t<\/div>\n\t\t\t\t<div class=\"elementor-element elementor-element-18e98f7 elementor-widget elementor-widget-theme-post-content\" data-id=\"18e98f7\" data-element_type=\"widget\" data-e-type=\"widget\" data-widget_type=\"theme-post-content.default\">\n\t\t\t\t<div class=\"elementor-widget-container\">\n\t\t\t\t\t\t\t<div data-elementor-type=\"wp-post\" data-elementor-id=\"6022\" class=\"elementor elementor-6022\" data-elementor-post-type=\"post\">\n\t\t\t\t\t\t<section class=\"elementor-section elementor-top-section elementor-element elementor-element-17bb410e elementor-section-boxed elementor-section-height-default elementor-section-height-default\" data-id=\"17bb410e\" data-element_type=\"section\" data-e-type=\"section\">\n\t\t\t\t\t\t<div class=\"elementor-container elementor-column-gap-default\">\n\t\t\t\t\t<div class=\"elementor-column elementor-col-100 elementor-top-column elementor-element elementor-element-1727cf5a\" data-id=\"1727cf5a\" data-element_type=\"column\" data-e-type=\"column\">\n\t\t\t<div class=\"elementor-widget-wrap elementor-element-populated\">\n\t\t\t\t\t\t<div class=\"elementor-element elementor-element-ed49c87 elementor-icon-list--layout-inline popup-pv-fakts elementor-list-item-link-full_width elementor-widget elementor-widget-icon-list\" data-id=\"ed49c87\" data-element_type=\"widget\" data-e-type=\"widget\" data-widget_type=\"icon-list.default\">\n\t\t\t\t<div class=\"elementor-widget-container\">\n\t\t\t\t\t\t\t<ul class=\"elementor-icon-list-items elementor-inline-items\">\n\t\t\t\t\t\t\t<li class=\"elementor-icon-list-item elementor-inline-item\">\n\t\t\t\t\t\t\t\t\t\t\t<span class=\"elementor-icon-list-icon\">\n\t\t\t\t\t\t\t<i aria-hidden=\"true\" class=\"fas fa-sun\"><\/i>\t\t\t\t\t\t<\/span>\n\t\t\t\t\t\t\t\t\t\t<span class=\"elementor-icon-list-text\">300 kWp<\/span>\n\t\t\t\t\t\t\t\t\t<\/li>\n\t\t\t\t\t\t\t\t<li class=\"elementor-icon-list-item elementor-inline-item\">\n\t\t\t\t\t\t\t\t\t\t\t<span class=\"elementor-icon-list-icon\">\n\t\t\t\t\t\t\t<i aria-hidden=\"true\" class=\"fas fa-bolt\"><\/i>\t\t\t\t\t\t<\/span>\n\t\t\t\t\t\t\t\t\t\t<span class=\"elementor-icon-list-text\">280,587 kWh\/Jahr<\/span>\n\t\t\t\t\t\t\t\t\t<\/li>\n\t\t\t\t\t\t\t\t<li class=\"elementor-icon-list-item elementor-inline-item\">\n\t\t\t\t\t\t\t\t\t\t\t<span class=\"elementor-icon-list-icon\">\n\t\t\t\t\t\t\t<i aria-hidden=\"true\" class=\"fas fa-plug\"><\/i>\t\t\t\t\t\t<\/span>\n\t\t\t\t\t\t\t\t\t\t<span class=\"elementor-icon-list-text\">\u00dcberschuss<\/span>\n\t\t\t\t\t\t\t\t\t<\/li>\n\t\t\t\t\t\t\t\t<li class=\"elementor-icon-list-item elementor-inline-item\">\n\t\t\t\t\t\t\t\t\t\t\t<span class=\"elementor-icon-list-icon\">\n\t\t\t\t\t\t\t<i aria-hidden=\"true\" class=\"fas fa-tools\"><\/i>\t\t\t\t\t\t<\/span>\n\t\t\t\t\t\t\t\t\t\t<span class=\"elementor-icon-list-text\">Aufgest\u00e4ndert<\/span>\n\t\t\t\t\t\t\t\t\t<\/li>\n\t\t\t\t\t\t\t\t<li class=\"elementor-icon-list-item elementor-inline-item\">\n\t\t\t\t\t\t\t\t\t\t\t<span class=\"elementor-icon-list-icon\">\n\t\t\t\t\t\t\t<i aria-hidden=\"true\" class=\"fas fa-map-marker-alt\"><\/i>\t\t\t\t\t\t<\/span>\n\t\t\t\t\t\t\t\t\t\t<span class=\"elementor-icon-list-text\">Sachsen<\/span>\n\t\t\t\t\t\t\t\t\t<\/li>\n\t\t\t\t\t\t<\/ul>\n\t\t\t\t\t\t<\/div>\n\t\t\t\t<\/div>\n\t\t\t\t<div class=\"elementor-element elementor-element-7f5b1f81 elementor-widget elementor-widget-gallery\" data-id=\"7f5b1f81\" data-element_type=\"widget\" data-e-type=\"widget\" data-settings=\"{&quot;gallery_layout&quot;:&quot;grid&quot;,&quot;columns&quot;:4,&quot;columns_tablet&quot;:2,&quot;columns_mobile&quot;:1,&quot;gap&quot;:{&quot;unit&quot;:&quot;px&quot;,&quot;size&quot;:10,&quot;sizes&quot;:[]},&quot;gap_laptop&quot;:{&quot;unit&quot;:&quot;px&quot;,&quot;size&quot;:10,&quot;sizes&quot;:[]},&quot;gap_tablet_extra&quot;:{&quot;unit&quot;:&quot;px&quot;,&quot;size&quot;:10,&quot;sizes&quot;:[]},&quot;gap_tablet&quot;:{&quot;unit&quot;:&quot;px&quot;,&quot;size&quot;:10,&quot;sizes&quot;:[]},&quot;gap_mobile&quot;:{&quot;unit&quot;:&quot;px&quot;,&quot;size&quot;:10,&quot;sizes&quot;:[]},&quot;link_to&quot;:&quot;file&quot;,&quot;aspect_ratio&quot;:&quot;3:2&quot;,&quot;overlay_background&quot;:&quot;yes&quot;,&quot;content_hover_animation&quot;:&quot;fade-in&quot;}\" data-widget_type=\"gallery.default\">\n\t\t\t\t<div class=\"elementor-widget-container\">\n\t\t\t\t\t\t\t<div class=\"elementor-gallery__container\">\n\t\t\t\t\t\t\t<a class=\"e-gallery-item elementor-gallery-item elementor-animated-content\" href=\"https:\/\/faber-solartechnik.de\/wp-content\/uploads\/2023\/11\/Faber-Solar-Dr-Butze-6-scaled.jpg\" data-elementor-open-lightbox=\"yes\" data-elementor-lightbox-slideshow=\"7f5b1f81\" data-e-action-hash=\"#elementor-action%3Aaction%3Dlightbox%26settings%3DeyJpZCI6NzMyNSwidXJsIjoiaHR0cHM6XC9cL2ZhYmVyLXNvbGFydGVjaG5pay5kZVwvd3AtY29udGVudFwvdXBsb2Fkc1wvMjAyM1wvMTFcL0ZhYmVyLVNvbGFyLURyLUJ1dHplLTYtc2NhbGVkLmpwZyIsInNsaWRlc2hvdyI6IjdmNWIxZjgxIn0%3D\">\n\t\t\t\t\t<div class=\"e-gallery-image elementor-gallery-item__image\" data-thumbnail=\"https:\/\/faber-solartechnik.de\/wp-content\/uploads\/2023\/11\/Faber-Solar-Dr-Butze-6-300x169.jpg\" data-width=\"300\" data-height=\"169\" aria-label=\"\" role=\"img\" ><\/div>\n\t\t\t\t\t\t\t\t\t\t\t<div class=\"elementor-gallery-item__overlay\"><\/div>\n\t\t\t\t\t\t\t\t\t\t\t\t\t\t<\/a>\n\t\t\t\t\t\t\t<a class=\"e-gallery-item elementor-gallery-item elementor-animated-content\" href=\"https:\/\/faber-solartechnik.de\/wp-content\/uploads\/2023\/11\/Faber-Solar-Dr-Butze-7-scaled.jpg\" data-elementor-open-lightbox=\"yes\" data-elementor-lightbox-slideshow=\"7f5b1f81\" data-e-action-hash=\"#elementor-action%3Aaction%3Dlightbox%26settings%3DeyJpZCI6NzMyNCwidXJsIjoiaHR0cHM6XC9cL2ZhYmVyLXNvbGFydGVjaG5pay5kZVwvd3AtY29udGVudFwvdXBsb2Fkc1wvMjAyM1wvMTFcL0ZhYmVyLVNvbGFyLURyLUJ1dHplLTctc2NhbGVkLmpwZyIsInNsaWRlc2hvdyI6IjdmNWIxZjgxIn0%3D\">\n\t\t\t\t\t<div class=\"e-gallery-image elementor-gallery-item__image\" data-thumbnail=\"https:\/\/faber-solartechnik.de\/wp-content\/uploads\/2023\/11\/Faber-Solar-Dr-Butze-7-300x169.jpg\" data-width=\"300\" data-height=\"169\" aria-label=\"\" role=\"img\" ><\/div>\n\t\t\t\t\t\t\t\t\t\t\t<div class=\"elementor-gallery-item__overlay\"><\/div>\n\t\t\t\t\t\t\t\t\t\t\t\t\t\t<\/a>\n\t\t\t\t\t\t\t<a class=\"e-gallery-item elementor-gallery-item elementor-animated-content\" href=\"https:\/\/faber-solartechnik.de\/wp-content\/uploads\/2023\/11\/Faber-Solar-Dr-Butze-8-scaled.jpg\" data-elementor-open-lightbox=\"yes\" data-elementor-lightbox-slideshow=\"7f5b1f81\" data-e-action-hash=\"#elementor-action%3Aaction%3Dlightbox%26settings%3DeyJpZCI6NzMyMywidXJsIjoiaHR0cHM6XC9cL2ZhYmVyLXNvbGFydGVjaG5pay5kZVwvd3AtY29udGVudFwvdXBsb2Fkc1wvMjAyM1wvMTFcL0ZhYmVyLVNvbGFyLURyLUJ1dHplLTgtc2NhbGVkLmpwZyIsInNsaWRlc2hvdyI6IjdmNWIxZjgxIn0%3D\">\n\t\t\t\t\t<div class=\"e-gallery-image elementor-gallery-item__image\" data-thumbnail=\"https:\/\/faber-solartechnik.de\/wp-content\/uploads\/2023\/11\/Faber-Solar-Dr-Butze-8-300x169.jpg\" data-width=\"300\" data-height=\"169\" aria-label=\"\" role=\"img\" ><\/div>\n\t\t\t\t\t\t\t\t\t\t\t<div class=\"elementor-gallery-item__overlay\"><\/div>\n\t\t\t\t\t\t\t\t\t\t\t\t\t\t<\/a>\n\t\t\t\t\t\t\t<a class=\"e-gallery-item elementor-gallery-item elementor-animated-content\" href=\"https:\/\/faber-solartechnik.de\/wp-content\/uploads\/2023\/11\/Faber-Solar-Dr-Butze-2-scaled.jpg\" data-elementor-open-lightbox=\"yes\" data-elementor-lightbox-slideshow=\"7f5b1f81\" data-e-action-hash=\"#elementor-action%3Aaction%3Dlightbox%26settings%3DeyJpZCI6NzMyOSwidXJsIjoiaHR0cHM6XC9cL2ZhYmVyLXNvbGFydGVjaG5pay5kZVwvd3AtY29udGVudFwvdXBsb2Fkc1wvMjAyM1wvMTFcL0ZhYmVyLVNvbGFyLURyLUJ1dHplLTItc2NhbGVkLmpwZyIsInNsaWRlc2hvdyI6IjdmNWIxZjgxIn0%3D\">\n\t\t\t\t\t<div class=\"e-gallery-image elementor-gallery-item__image\" data-thumbnail=\"https:\/\/faber-solartechnik.de\/wp-content\/uploads\/2023\/11\/Faber-Solar-Dr-Butze-2-300x169.jpg\" data-width=\"300\" data-height=\"169\" aria-label=\"\" role=\"img\" ><\/div>\n\t\t\t\t\t\t\t\t\t\t\t<div class=\"elementor-gallery-item__overlay\"><\/div>\n\t\t\t\t\t\t\t\t\t\t\t\t\t\t<\/a>\n\t\t\t\t\t<\/div>\n\t\t\t\t\t<\/div>\n\t\t\t\t<\/div>\n\t\t\t\t\t<\/div>\n\t\t<\/div>\n\t\t\t\t\t<\/div>\n\t\t<\/section>\n\t\t\t\t<\/div>\n\t\t\t\t\t\t<\/div>\n\t\t\t\t<\/div>\n\t\t\t\t<div class=\"elementor-element elementor-element-b294ae0 e-transform e-transform elementor-align-right elementor-absolute elementor-invisible elementor-widget elementor-widget-button\" data-id=\"b294ae0\" data-element_type=\"widget\" data-e-type=\"widget\" data-settings=\"{&quot;_transform_translateX_effect_hover&quot;:{&quot;unit&quot;:&quot;px&quot;,&quot;size&quot;:-10,&quot;sizes&quot;:[]},&quot;_animation&quot;:&quot;fadeInUp&quot;,&quot;_animation_delay&quot;:1000,&quot;_position&quot;:&quot;absolute&quot;,&quot;_transform_translateX_effect&quot;:{&quot;unit&quot;:&quot;px&quot;,&quot;size&quot;:&quot;&quot;,&quot;sizes&quot;:[]},&quot;_transform_translateX_effect_laptop&quot;:{&quot;unit&quot;:&quot;px&quot;,&quot;size&quot;:&quot;&quot;,&quot;sizes&quot;:[]},&quot;_transform_translateX_effect_tablet_extra&quot;:{&quot;unit&quot;:&quot;px&quot;,&quot;size&quot;:&quot;&quot;,&quot;sizes&quot;:[]},&quot;_transform_translateX_effect_tablet&quot;:{&quot;unit&quot;:&quot;px&quot;,&quot;size&quot;:&quot;&quot;,&quot;sizes&quot;:[]},&quot;_transform_translateX_effect_mobile&quot;:{&quot;unit&quot;:&quot;px&quot;,&quot;size&quot;:&quot;&quot;,&quot;sizes&quot;:[]},&quot;_transform_translateY_effect&quot;:{&quot;unit&quot;:&quot;px&quot;,&quot;size&quot;:&quot;&quot;,&quot;sizes&quot;:[]},&quot;_transform_translateY_effect_laptop&quot;:{&quot;unit&quot;:&quot;px&quot;,&quot;size&quot;:&quot;&quot;,&quot;sizes&quot;:[]},&quot;_transform_translateY_effect_tablet_extra&quot;:{&quot;unit&quot;:&quot;px&quot;,&quot;size&quot;:&quot;&quot;,&quot;sizes&quot;:[]},&quot;_transform_translateY_effect_tablet&quot;:{&quot;unit&quot;:&quot;px&quot;,&quot;size&quot;:&quot;&quot;,&quot;sizes&quot;:[]},&quot;_transform_translateY_effect_mobile&quot;:{&quot;unit&quot;:&quot;px&quot;,&quot;size&quot;:&quot;&quot;,&quot;sizes&quot;:[]},&quot;_transform_translateX_effect_hover_laptop&quot;:{&quot;unit&quot;:&quot;px&quot;,&quot;size&quot;:&quot;&quot;,&quot;sizes&quot;:[]},&quot;_transform_translateX_effect_hover_tablet_extra&quot;:{&quot;unit&quot;:&quot;px&quot;,&quot;size&quot;:&quot;&quot;,&quot;sizes&quot;:[]},&quot;_transform_translateX_effect_hover_tablet&quot;:{&quot;unit&quot;:&quot;px&quot;,&quot;size&quot;:&quot;&quot;,&quot;sizes&quot;:[]},&quot;_transform_translateX_effect_hover_mobile&quot;:{&quot;unit&quot;:&quot;px&quot;,&quot;size&quot;:&quot;&quot;,&quot;sizes&quot;:[]},&quot;_transform_translateY_effect_hover&quot;:{&quot;unit&quot;:&quot;px&quot;,&quot;size&quot;:&quot;&quot;,&quot;sizes&quot;:[]},&quot;_transform_translateY_effect_hover_laptop&quot;:{&quot;unit&quot;:&quot;px&quot;,&quot;size&quot;:&quot;&quot;,&quot;sizes&quot;:[]},&quot;_transform_translateY_effect_hover_tablet_extra&quot;:{&quot;unit&quot;:&quot;px&quot;,&quot;size&quot;:&quot;&quot;,&quot;sizes&quot;:[]},&quot;_transform_translateY_effect_hover_tablet&quot;:{&quot;unit&quot;:&quot;px&quot;,&quot;size&quot;:&quot;&quot;,&quot;sizes&quot;:[]},&quot;_transform_translateY_effect_hover_mobile&quot;:{&quot;unit&quot;:&quot;px&quot;,&quot;size&quot;:&quot;&quot;,&quot;sizes&quot;:[]}}\" data-widget_type=\"button.default\">\n\t\t\t\t<div class=\"elementor-widget-container\">\n\t\t\t\t\t\t\t\t\t<div class=\"elementor-button-wrapper\">\n\t\t\t\t\t<a class=\"elementor-button elementor-button-link elementor-size-xs\" href=\"https:\/\/faber-solartechnik.de\/en\/projekte\/klingenberg\/\" target=\"_blank\">\n\t\t\t\t\t\t<span class=\"elementor-button-content-wrapper\">\n\t\t\t\t\t\t<span class=\"elementor-button-icon\">\n\t\t\t\t<i aria-hidden=\"true\" class=\"far fa-window-restore\"><\/i>\t\t\t<\/span>\n\t\t\t\t\t\t\t\t\t<span class=\"elementor-button-text\">Projekt in neuem Tab \u00f6ffnen<\/span>\n\t\t\t\t\t<\/span>\n\t\t\t\t\t<\/a>\n\t\t\t\t<\/div>\n\t\t\t\t\t\t\t\t<\/div>\n\t\t\t\t<\/div>\n\t\t\t\t\t<\/div>\n\t\t<\/div>\n\t\t\t\t\t<\/div>\n\t\t<\/section>\n\t\t\t\t<\/div>\n\t\t\t\t\t\t\t<\/div>\n\t\t\t\t\t\t\t\t<\/div>\n\t\t<\/div>\n\t\t\t\t\t\t<\/div>\n\t\t\t\t<\/div>\n\t\t\t\t<div class=\"elementor-element elementor-element-15922a7 elementor-widget elementor-widget-button\" data-id=\"15922a7\" data-element_type=\"widget\" data-e-type=\"widget\" data-widget_type=\"button.default\">\n\t\t\t\t<div class=\"elementor-widget-container\">\n\t\t\t\t\t\t\t\t\t<div class=\"elementor-button-wrapper\">\n\t\t\t\t\t<a class=\"elementor-button elementor-button-link elementor-size-xs\" href=\"https:\/\/faber-solartechnik.de\/en\/projekte\/klingenberg\/\" target=\"_blank\">\n\t\t\t\t\t\t<span class=\"elementor-button-content-wrapper\">\n\t\t\t\t\t\t<span class=\"elementor-button-icon\">\n\t\t\t\t<i aria-hidden=\"true\" class=\"fas fa-arrow-right\"><\/i>\t\t\t<\/span>\n\t\t\t\t\t\t\t\t\t<span class=\"elementor-button-text\">\u00d6ffnen<\/span>\n\t\t\t\t\t<\/span>\n\t\t\t\t\t<\/a>\n\t\t\t\t<\/div>\n\t\t\t\t\t\t\t\t<\/div>\n\t\t\t\t<\/div>\n\t\t\t\t\t<\/div>\n\t\t<\/div>\n\t\t\t\t\t<\/div>\n\t\t<\/section>\n\t\t\t\t<\/div>\n\t\t<style id=\"loop-dynamic-3527\">.e-loop-item-1671 .elementor-element.elementor-element-a252bde > .elementor-background-overlay{background-image:url(\"https:\/\/faber-solartechnik.de\/wp-content\/uploads\/2020\/08\/Bad-Salzuflen-24-Faber-1.jpg\");}<\/style>\t\t<div data-elementor-type=\"loop-item\" data-elementor-id=\"3527\" class=\"elementor elementor-3527 swiper-slide e-loop-item e-loop-item-1671 post-1671 post type-post status-publish format-standard has-post-thumbnail hentry category-projekte\" data-elementor-post-type=\"elementor_library\" role=\"group\" aria-roledescription=\"slide\" data-custom-edit-handle=\"1\">\n\t\t\t\t\t<section class=\"elementor-section elementor-top-section elementor-element elementor-element-a252bde elementor-section-height-min-height elementor-section-items-stretch loopnews runde-ecken elementor-section-boxed elementor-section-height-default\" data-id=\"a252bde\" data-element_type=\"section\" data-e-type=\"section\">\n\t\t\t\t\t\t\t<div class=\"elementor-background-overlay\"><\/div>\n\t\t\t\t\t\t\t<div class=\"elementor-container elementor-column-gap-no\">\n\t\t\t\t\t<div class=\"elementor-column elementor-col-100 elementor-top-column elementor-element elementor-element-6fcfada runde-ecken\" data-id=\"6fcfada\" data-element_type=\"column\" data-e-type=\"column\" data-settings=\"{&quot;background_background&quot;:&quot;classic&quot;}\">\n\t\t\t<div class=\"elementor-widget-wrap elementor-element-populated\">\n\t\t\t\t\t<div class=\"elementor-background-overlay\"><\/div>\n\t\t\t\t\t\t<section class=\"elementor-section elementor-inner-section elementor-element elementor-element-6604a6b elementor-section-boxed elementor-section-height-default elementor-section-height-default\" data-id=\"6604a6b\" data-element_type=\"section\" data-e-type=\"section\">\n\t\t\t\t\t\t<div class=\"elementor-container elementor-column-gap-no\">\n\t\t\t\t\t<div class=\"elementor-column elementor-col-100 elementor-inner-column elementor-element elementor-element-f098b0d\" data-id=\"f098b0d\" data-element_type=\"column\" data-e-type=\"column\">\n\t\t\t<div class=\"elementor-widget-wrap elementor-element-populated\">\n\t\t\t\t\t\t<div class=\"elementor-element elementor-element-1f94609 elementor-widget elementor-widget-post-info\" data-id=\"1f94609\" data-element_type=\"widget\" data-e-type=\"widget\" data-widget_type=\"post-info.default\">\n\t\t\t\t<div class=\"elementor-widget-container\">\n\t\t\t\t\t\t\t<ul class=\"elementor-inline-items elementor-icon-list-items elementor-post-info\">\n\t\t\t\t\t\t\t\t<li class=\"elementor-icon-list-item elementor-repeater-item-fb2fc86 elementor-inline-item\" itemprop=\"about\">\n\t\t\t\t\t\t\t\t\t\t\t\t\t<span class=\"elementor-icon-list-text elementor-post-info__item elementor-post-info__item--type-terms\">\n\t\t\t\t\t\t\t\t\t\t<span class=\"elementor-post-info__terms-list\">\n\t\t\t\t<a href=\"https:\/\/faber-solartechnik.de\/en\/.\/projekte\/\" class=\"elementor-post-info__terms-list-item\">Projekte<\/a>\t\t\t\t<\/span>\n\t\t\t\t\t<\/span>\n\t\t\t\t\t\t\t\t<\/li>\n\t\t\t\t<\/ul>\n\t\t\t\t\t\t<\/div>\n\t\t\t\t<\/div>\n\t\t\t\t<div class=\"elementor-element elementor-element-009b0cb elementor-widget elementor-widget-heading\" data-id=\"009b0cb\" data-element_type=\"widget\" data-e-type=\"widget\" data-widget_type=\"heading.default\">\n\t\t\t\t<div class=\"elementor-widget-container\">\n\t\t\t\t\t<h4 class=\"elementor-heading-title elementor-size-default\"><a href=\"https:\/\/faber-solartechnik.de\/en\/projekte\/bad-salzuflen\/\" target=\"_blank\">Bad Salzuflen<\/a><\/h4>\t\t\t\t<\/div>\n\t\t\t\t<\/div>\n\t\t\t\t<div class=\"elementor-element elementor-element-6321c9b elementor-hidden-mobile eae-pop-btn-align-left popupklicktitel elementor-hidden-desktop elementor-hidden-tablet eae-pop-btn-type-text elementor-widget elementor-widget-wts-modal-popup\" data-id=\"6321c9b\" data-element_type=\"widget\" data-e-type=\"widget\" data-widget_type=\"wts-modal-popup.default\">\n\t\t\t\t<div class=\"elementor-widget-container\">\n\t\t\t\t\t\t\t<div class=\"eae-popup-wrapper eae-popup-eae-pupup-item-66869707\" data-id=\"eae-pupup-item-66869707\" data-preview-modal=\"\" data-close-button-type=\"icon\" data-close-btn=\"fas fa-times\" data-close-in-out=\"true\" data-effect=\"zoom-in\">\n\t\t\t<a class=\"eae-popup-link icon-position-after\"\n\t\t\tdata-id=\"eae-pupup-item-66869707\" data-ctrl-id=\"6321c9b\" href=\"#eae-pupup-item-66869707\">\n\t\t\t\t\t\t\t\t\t\t\t\t\t\t\t<span class=\"eae-popup-btn-text\">\n\t\t\t\t\t\t\tBad Salzuflen\t\t\t\t\t\t<\/span>\n\t\t\t\t\t\t\t\t\t\t<span class=\"eae-popup-btn-icon\">\n\t\t\t\t\t\t\t\t\t\t\t<\/span>\n\t\t\t\t\t\t\t\t\t\t\t\t\t\t<\/a>\n\t\t<\/div>\n\n\t\t<div id=\"eae-pupup-item-66869707\" class=\"eae-popup-eae-pupup-item-66869707 mfp-hide eae-popup-container\">\n\t\t\t<input class=\"eae-hidden-post-id\" type=\"hidden\" name=\"eae_hidden_post_id\" data-id=\"eae-pupup-item-66869707\" value=\"0\" \/>\n\t\t\t<div class=\"eae-popup-content\">\n\t\t\t\t\t\t\t\t\t<div class=\"eae-modal-content\">\n\t\t\t\t\t\t\t\t<div data-elementor-type=\"section\" data-elementor-id=\"4203\" class=\"elementor elementor-4203\" data-elementor-post-type=\"elementor_library\">\n\t\t\t\t\t<section class=\"elementor-section elementor-top-section elementor-element elementor-element-76665b6d elementor-section-full_width elementor-section-height-min-height elementor-section-items-stretch elementor-section-height-default\" data-id=\"76665b6d\" data-element_type=\"section\" data-e-type=\"section\">\n\t\t\t\t\t\t<div class=\"elementor-container elementor-column-gap-default\">\n\t\t\t\t\t<div class=\"elementor-column elementor-col-50 elementor-top-column elementor-element elementor-element-27f77bf4\" data-id=\"27f77bf4\" data-element_type=\"column\" data-e-type=\"column\">\n\t\t\t<div class=\"elementor-widget-wrap elementor-element-populated\">\n\t\t\t\t\t\t<div class=\"elementor-element elementor-element-2c72871 shadow runde-ecken elementor-widget elementor-widget-image\" data-id=\"2c72871\" data-element_type=\"widget\" data-e-type=\"widget\" data-widget_type=\"image.default\">\n\t\t\t\t<div class=\"elementor-widget-container\">\n\t\t\t\t\t\t\t\t\t\t\t\t\t\t\t\t<a href=\"https:\/\/faber-solartechnik.de\/wp-content\/uploads\/2020\/08\/Bad-Salzuflen-24-Faber-1.jpg\" data-elementor-open-lightbox=\"yes\" data-e-action-hash=\"#elementor-action%3Aaction%3Dlightbox%26settings%3DeyJpZCI6Nzc2MCwidXJsIjoiaHR0cHM6XC9cL2ZhYmVyLXNvbGFydGVjaG5pay5kZVwvd3AtY29udGVudFwvdXBsb2Fkc1wvMjAyMFwvMDhcL0JhZC1TYWx6dWZsZW4tMjQtRmFiZXItMS5qcGcifQ%3D%3D\">\n\t\t\t\t\t\t\t<img loading=\"lazy\" decoding=\"async\" width=\"768\" height=\"512\" src=\"https:\/\/faber-solartechnik.de\/wp-content\/uploads\/2020\/08\/Bad-Salzuflen-24-Faber-1-768x512.jpg\" class=\"attachment-medium_large size-medium_large wp-image-7760\" alt=\"\" srcset=\"https:\/\/faber-solartechnik.de\/wp-content\/uploads\/2020\/08\/Bad-Salzuflen-24-Faber-1-768x512.jpg 768w, https:\/\/faber-solartechnik.de\/wp-content\/uploads\/2020\/08\/Bad-Salzuflen-24-Faber-1-300x200.jpg 300w, https:\/\/faber-solartechnik.de\/wp-content\/uploads\/2020\/08\/Bad-Salzuflen-24-Faber-1-1024x683.jpg 1024w, https:\/\/faber-solartechnik.de\/wp-content\/uploads\/2020\/08\/Bad-Salzuflen-24-Faber-1-1536x1024.jpg 1536w, https:\/\/faber-solartechnik.de\/wp-content\/uploads\/2020\/08\/Bad-Salzuflen-24-Faber-1-18x12.jpg 18w, https:\/\/faber-solartechnik.de\/wp-content\/uploads\/2020\/08\/Bad-Salzuflen-24-Faber-1.jpg 1920w\" sizes=\"(max-width: 768px) 100vw, 768px\" \/>\t\t\t\t\t\t\t\t<\/a>\n\t\t\t\t\t\t\t\t\t\t\t\t\t\t\t<\/div>\n\t\t\t\t<\/div>\n\t\t\t\t\t<\/div>\n\t\t<\/div>\n\t\t\t\t<div class=\"elementor-column elementor-col-50 elementor-top-column elementor-element elementor-element-329a626d\" data-id=\"329a626d\" data-element_type=\"column\" data-e-type=\"column\">\n\t\t\t<div class=\"elementor-widget-wrap elementor-element-populated\">\n\t\t\t\t\t\t<div class=\"elementor-element elementor-element-bf7ede2 elementor-widget elementor-widget-heading\" data-id=\"bf7ede2\" data-element_type=\"widget\" data-e-type=\"widget\" data-widget_type=\"heading.default\">\n\t\t\t\t<div class=\"elementor-widget-container\">\n\t\t\t\t\t<h3 class=\"elementor-heading-title elementor-size-default\">Bad Salzuflen<\/h3>\t\t\t\t<\/div>\n\t\t\t\t<\/div>\n\t\t\t\t<div class=\"elementor-element elementor-element-678b441 elementor-widget-divider--view-line elementor-widget elementor-widget-divider\" data-id=\"678b441\" data-element_type=\"widget\" data-e-type=\"widget\" data-widget_type=\"divider.default\">\n\t\t\t\t<div class=\"elementor-widget-container\">\n\t\t\t\t\t\t\t<div class=\"elementor-divider\">\n\t\t\t<span class=\"elementor-divider-separator\">\n\t\t\t\t\t\t<\/span>\n\t\t<\/div>\n\t\t\t\t\t\t<\/div>\n\t\t\t\t<\/div>\n\t\t\t\t<div class=\"elementor-element elementor-element-18e98f7 elementor-widget elementor-widget-theme-post-content\" data-id=\"18e98f7\" data-element_type=\"widget\" data-e-type=\"widget\" data-widget_type=\"theme-post-content.default\">\n\t\t\t\t<div class=\"elementor-widget-container\">\n\t\t\t\t\t\t\t<div data-elementor-type=\"wp-post\" data-elementor-id=\"1671\" class=\"elementor elementor-1671\" data-elementor-post-type=\"post\">\n\t\t\t\t\t\t<section class=\"elementor-section elementor-top-section elementor-element elementor-element-0190aff elementor-section-boxed elementor-section-height-default elementor-section-height-default\" data-id=\"0190aff\" data-element_type=\"section\" data-e-type=\"section\">\n\t\t\t\t\t\t<div class=\"elementor-container elementor-column-gap-default\">\n\t\t\t\t\t<div class=\"elementor-column elementor-col-100 elementor-top-column elementor-element elementor-element-5034554\" data-id=\"5034554\" data-element_type=\"column\" data-e-type=\"column\">\n\t\t\t<div class=\"elementor-widget-wrap elementor-element-populated\">\n\t\t\t\t\t\t<div class=\"elementor-element elementor-element-f6d212a elementor-icon-list--layout-inline popup-pv-fakts elementor-list-item-link-full_width elementor-widget elementor-widget-icon-list\" data-id=\"f6d212a\" data-element_type=\"widget\" data-e-type=\"widget\" data-widget_type=\"icon-list.default\">\n\t\t\t\t<div class=\"elementor-widget-container\">\n\t\t\t\t\t\t\t<ul class=\"elementor-icon-list-items elementor-inline-items\">\n\t\t\t\t\t\t\t<li class=\"elementor-icon-list-item elementor-inline-item\">\n\t\t\t\t\t\t\t\t\t\t\t<span class=\"elementor-icon-list-icon\">\n\t\t\t\t\t\t\t<i aria-hidden=\"true\" class=\"fas fa-sun\"><\/i>\t\t\t\t\t\t<\/span>\n\t\t\t\t\t\t\t\t\t\t<span class=\"elementor-icon-list-text\">686 kWp<\/span>\n\t\t\t\t\t\t\t\t\t<\/li>\n\t\t\t\t\t\t\t\t<li class=\"elementor-icon-list-item elementor-inline-item\">\n\t\t\t\t\t\t\t\t\t\t\t<span class=\"elementor-icon-list-icon\">\n\t\t\t\t\t\t\t<i aria-hidden=\"true\" class=\"fas fa-bolt\"><\/i>\t\t\t\t\t\t<\/span>\n\t\t\t\t\t\t\t\t\t\t<span class=\"elementor-icon-list-text\">579.094 kWh\/Jahr<\/span>\n\t\t\t\t\t\t\t\t\t<\/li>\n\t\t\t\t\t\t\t\t<li class=\"elementor-icon-list-item elementor-inline-item\">\n\t\t\t\t\t\t\t\t\t\t\t<span class=\"elementor-icon-list-icon\">\n\t\t\t\t\t\t\t<i aria-hidden=\"true\" class=\"fas fa-plug\"><\/i>\t\t\t\t\t\t<\/span>\n\t\t\t\t\t\t\t\t\t\t<span class=\"elementor-icon-list-text\">\u00dcberschuss<\/span>\n\t\t\t\t\t\t\t\t\t<\/li>\n\t\t\t\t\t\t\t\t<li class=\"elementor-icon-list-item elementor-inline-item\">\n\t\t\t\t\t\t\t\t\t\t\t<span class=\"elementor-icon-list-icon\">\n\t\t\t\t\t\t\t<i aria-hidden=\"true\" class=\"fas fa-tools\"><\/i>\t\t\t\t\t\t<\/span>\n\t\t\t\t\t\t\t\t\t\t<span class=\"elementor-icon-list-text\">Aufgest\u00e4ndert, Dachparallel<\/span>\n\t\t\t\t\t\t\t\t\t<\/li>\n\t\t\t\t\t\t\t\t<li class=\"elementor-icon-list-item elementor-inline-item\">\n\t\t\t\t\t\t\t\t\t\t\t<span class=\"elementor-icon-list-icon\">\n\t\t\t\t\t\t\t<i aria-hidden=\"true\" class=\"fas fa-map-marker-alt\"><\/i>\t\t\t\t\t\t<\/span>\n\t\t\t\t\t\t\t\t\t\t<span class=\"elementor-icon-list-text\">Nordrhein-Westfalen<\/span>\n\t\t\t\t\t\t\t\t\t<\/li>\n\t\t\t\t\t\t<\/ul>\n\t\t\t\t\t\t<\/div>\n\t\t\t\t<\/div>\n\t\t\t\t<div class=\"elementor-element elementor-element-c72e5f2 elementor-widget elementor-widget-gallery\" data-id=\"c72e5f2\" data-element_type=\"widget\" data-e-type=\"widget\" data-settings=\"{&quot;lazyload&quot;:&quot;yes&quot;,&quot;gallery_layout&quot;:&quot;grid&quot;,&quot;columns&quot;:4,&quot;columns_tablet&quot;:2,&quot;columns_mobile&quot;:1,&quot;gap&quot;:{&quot;unit&quot;:&quot;px&quot;,&quot;size&quot;:10,&quot;sizes&quot;:[]},&quot;gap_laptop&quot;:{&quot;unit&quot;:&quot;px&quot;,&quot;size&quot;:10,&quot;sizes&quot;:[]},&quot;gap_tablet_extra&quot;:{&quot;unit&quot;:&quot;px&quot;,&quot;size&quot;:10,&quot;sizes&quot;:[]},&quot;gap_tablet&quot;:{&quot;unit&quot;:&quot;px&quot;,&quot;size&quot;:10,&quot;sizes&quot;:[]},&quot;gap_mobile&quot;:{&quot;unit&quot;:&quot;px&quot;,&quot;size&quot;:10,&quot;sizes&quot;:[]},&quot;link_to&quot;:&quot;file&quot;,&quot;aspect_ratio&quot;:&quot;3:2&quot;,&quot;overlay_background&quot;:&quot;yes&quot;,&quot;content_hover_animation&quot;:&quot;fade-in&quot;}\" data-widget_type=\"gallery.default\">\n\t\t\t\t<div class=\"elementor-widget-container\">\n\t\t\t\t\t\t\t<div class=\"elementor-gallery__container\">\n\t\t\t\t\t\t\t<a class=\"e-gallery-item elementor-gallery-item elementor-animated-content\" href=\"https:\/\/faber-solartechnik.de\/wp-content\/uploads\/2020\/08\/Bad-Salzuflen-17-Faber.jpg\" data-elementor-open-lightbox=\"yes\" data-elementor-lightbox-slideshow=\"c72e5f2\" data-e-action-hash=\"#elementor-action%3Aaction%3Dlightbox%26settings%3DeyJpZCI6MTY3OCwidXJsIjoiaHR0cHM6XC9cL2ZhYmVyLXNvbGFydGVjaG5pay5kZVwvd3AtY29udGVudFwvdXBsb2Fkc1wvMjAyMFwvMDhcL0JhZC1TYWx6dWZsZW4tMTctRmFiZXIuanBnIiwic2xpZGVzaG93IjoiYzcyZTVmMiJ9\">\n\t\t\t\t\t<div class=\"e-gallery-image elementor-gallery-item__image\" data-thumbnail=\"https:\/\/faber-solartechnik.de\/wp-content\/uploads\/2020\/08\/Bad-Salzuflen-17-Faber-300x200.jpg\" data-width=\"300\" data-height=\"200\" aria-label=\"\" role=\"img\" ><\/div>\n\t\t\t\t\t\t\t\t\t\t\t<div class=\"elementor-gallery-item__overlay\"><\/div>\n\t\t\t\t\t\t\t\t\t\t\t\t\t\t<\/a>\n\t\t\t\t\t\t\t<a class=\"e-gallery-item elementor-gallery-item elementor-animated-content\" href=\"https:\/\/faber-solartechnik.de\/wp-content\/uploads\/2020\/08\/Bad-Salzuflen-13-Faber.jpg\" data-elementor-open-lightbox=\"yes\" data-elementor-lightbox-slideshow=\"c72e5f2\" data-e-action-hash=\"#elementor-action%3Aaction%3Dlightbox%26settings%3DeyJpZCI6MTY3NiwidXJsIjoiaHR0cHM6XC9cL2ZhYmVyLXNvbGFydGVjaG5pay5kZVwvd3AtY29udGVudFwvdXBsb2Fkc1wvMjAyMFwvMDhcL0JhZC1TYWx6dWZsZW4tMTMtRmFiZXIuanBnIiwic2xpZGVzaG93IjoiYzcyZTVmMiJ9\">\n\t\t\t\t\t<div class=\"e-gallery-image elementor-gallery-item__image\" data-thumbnail=\"https:\/\/faber-solartechnik.de\/wp-content\/uploads\/2020\/08\/Bad-Salzuflen-13-Faber-300x200.jpg\" data-width=\"300\" data-height=\"200\" aria-label=\"\" role=\"img\" ><\/div>\n\t\t\t\t\t\t\t\t\t\t\t<div class=\"elementor-gallery-item__overlay\"><\/div>\n\t\t\t\t\t\t\t\t\t\t\t\t\t\t<\/a>\n\t\t\t\t\t\t\t<a class=\"e-gallery-item elementor-gallery-item elementor-animated-content\" href=\"https:\/\/faber-solartechnik.de\/wp-content\/uploads\/2020\/08\/Bad-Salzuflen-21-Faber.jpg\" data-elementor-open-lightbox=\"yes\" data-elementor-lightbox-slideshow=\"c72e5f2\" data-e-action-hash=\"#elementor-action%3Aaction%3Dlightbox%26settings%3DeyJpZCI6MTY3OSwidXJsIjoiaHR0cHM6XC9cL2ZhYmVyLXNvbGFydGVjaG5pay5kZVwvd3AtY29udGVudFwvdXBsb2Fkc1wvMjAyMFwvMDhcL0JhZC1TYWx6dWZsZW4tMjEtRmFiZXIuanBnIiwic2xpZGVzaG93IjoiYzcyZTVmMiJ9\">\n\t\t\t\t\t<div class=\"e-gallery-image elementor-gallery-item__image\" data-thumbnail=\"https:\/\/faber-solartechnik.de\/wp-content\/uploads\/2020\/08\/Bad-Salzuflen-21-Faber-300x200.jpg\" data-width=\"300\" data-height=\"200\" aria-label=\"\" role=\"img\" ><\/div>\n\t\t\t\t\t\t\t\t\t\t\t<div class=\"elementor-gallery-item__overlay\"><\/div>\n\t\t\t\t\t\t\t\t\t\t\t\t\t\t<\/a>\n\t\t\t\t\t\t\t<a class=\"e-gallery-item elementor-gallery-item elementor-animated-content\" href=\"https:\/\/faber-solartechnik.de\/wp-content\/uploads\/2020\/08\/Bad-Salzuflen-23-Faber.jpg\" data-elementor-open-lightbox=\"yes\" data-elementor-lightbox-slideshow=\"c72e5f2\" data-e-action-hash=\"#elementor-action%3Aaction%3Dlightbox%26settings%3DeyJpZCI6MTY4MCwidXJsIjoiaHR0cHM6XC9cL2ZhYmVyLXNvbGFydGVjaG5pay5kZVwvd3AtY29udGVudFwvdXBsb2Fkc1wvMjAyMFwvMDhcL0JhZC1TYWx6dWZsZW4tMjMtRmFiZXIuanBnIiwic2xpZGVzaG93IjoiYzcyZTVmMiJ9\">\n\t\t\t\t\t<div class=\"e-gallery-image elementor-gallery-item__image\" data-thumbnail=\"https:\/\/faber-solartechnik.de\/wp-content\/uploads\/2020\/08\/Bad-Salzuflen-23-Faber-300x200.jpg\" data-width=\"300\" data-height=\"200\" aria-label=\"\" role=\"img\" ><\/div>\n\t\t\t\t\t\t\t\t\t\t\t<div class=\"elementor-gallery-item__overlay\"><\/div>\n\t\t\t\t\t\t\t\t\t\t\t\t\t\t<\/a>\n\t\t\t\t\t\t\t<a class=\"e-gallery-item elementor-gallery-item elementor-animated-content\" href=\"https:\/\/faber-solartechnik.de\/wp-content\/uploads\/2020\/08\/Bad-Salzuflen-05-Faber.jpg\" data-elementor-open-lightbox=\"yes\" data-elementor-lightbox-slideshow=\"c72e5f2\" data-e-action-hash=\"#elementor-action%3Aaction%3Dlightbox%26settings%3DeyJpZCI6MTY3MywidXJsIjoiaHR0cHM6XC9cL2ZhYmVyLXNvbGFydGVjaG5pay5kZVwvd3AtY29udGVudFwvdXBsb2Fkc1wvMjAyMFwvMDhcL0JhZC1TYWx6dWZsZW4tMDUtRmFiZXIuanBnIiwic2xpZGVzaG93IjoiYzcyZTVmMiJ9\">\n\t\t\t\t\t<div class=\"e-gallery-image elementor-gallery-item__image\" data-thumbnail=\"https:\/\/faber-solartechnik.de\/wp-content\/uploads\/2020\/08\/Bad-Salzuflen-05-Faber-300x200.jpg\" data-width=\"300\" data-height=\"200\" aria-label=\"\" role=\"img\" ><\/div>\n\t\t\t\t\t\t\t\t\t\t\t<div class=\"elementor-gallery-item__overlay\"><\/div>\n\t\t\t\t\t\t\t\t\t\t\t\t\t\t<\/a>\n\t\t\t\t\t\t\t<a class=\"e-gallery-item elementor-gallery-item elementor-animated-content\" href=\"https:\/\/faber-solartechnik.de\/wp-content\/uploads\/2020\/08\/Bad-Salzuflen-15-Faber.jpg\" data-elementor-open-lightbox=\"yes\" data-elementor-lightbox-slideshow=\"c72e5f2\" data-e-action-hash=\"#elementor-action%3Aaction%3Dlightbox%26settings%3DeyJpZCI6MTY3NywidXJsIjoiaHR0cHM6XC9cL2ZhYmVyLXNvbGFydGVjaG5pay5kZVwvd3AtY29udGVudFwvdXBsb2Fkc1wvMjAyMFwvMDhcL0JhZC1TYWx6dWZsZW4tMTUtRmFiZXIuanBnIiwic2xpZGVzaG93IjoiYzcyZTVmMiJ9\">\n\t\t\t\t\t<div class=\"e-gallery-image elementor-gallery-item__image\" data-thumbnail=\"https:\/\/faber-solartechnik.de\/wp-content\/uploads\/2020\/08\/Bad-Salzuflen-15-Faber-300x200.jpg\" data-width=\"300\" data-height=\"200\" aria-label=\"\" role=\"img\" ><\/div>\n\t\t\t\t\t\t\t\t\t\t\t<div class=\"elementor-gallery-item__overlay\"><\/div>\n\t\t\t\t\t\t\t\t\t\t\t\t\t\t<\/a>\n\t\t\t\t\t\t\t<a class=\"e-gallery-item elementor-gallery-item elementor-animated-content\" href=\"https:\/\/faber-solartechnik.de\/wp-content\/uploads\/2020\/08\/Bad-Salzuflen-08-Faber.jpg\" data-elementor-open-lightbox=\"yes\" data-elementor-lightbox-slideshow=\"c72e5f2\" data-e-action-hash=\"#elementor-action%3Aaction%3Dlightbox%26settings%3DeyJpZCI6MTY3NCwidXJsIjoiaHR0cHM6XC9cL2ZhYmVyLXNvbGFydGVjaG5pay5kZVwvd3AtY29udGVudFwvdXBsb2Fkc1wvMjAyMFwvMDhcL0JhZC1TYWx6dWZsZW4tMDgtRmFiZXIuanBnIiwic2xpZGVzaG93IjoiYzcyZTVmMiJ9\">\n\t\t\t\t\t<div class=\"e-gallery-image elementor-gallery-item__image\" data-thumbnail=\"https:\/\/faber-solartechnik.de\/wp-content\/uploads\/2020\/08\/Bad-Salzuflen-08-Faber-300x200.jpg\" data-width=\"300\" data-height=\"200\" aria-label=\"\" role=\"img\" ><\/div>\n\t\t\t\t\t\t\t\t\t\t\t<div class=\"elementor-gallery-item__overlay\"><\/div>\n\t\t\t\t\t\t\t\t\t\t\t\t\t\t<\/a>\n\t\t\t\t\t\t\t<a class=\"e-gallery-item elementor-gallery-item elementor-animated-content\" href=\"https:\/\/faber-solartechnik.de\/wp-content\/uploads\/2020\/08\/Bad-Salzuflen-24-Faber.jpg\" data-elementor-open-lightbox=\"yes\" data-elementor-lightbox-slideshow=\"c72e5f2\" data-e-action-hash=\"#elementor-action%3Aaction%3Dlightbox%26settings%3DeyJpZCI6MTY4MSwidXJsIjoiaHR0cHM6XC9cL2ZhYmVyLXNvbGFydGVjaG5pay5kZVwvd3AtY29udGVudFwvdXBsb2Fkc1wvMjAyMFwvMDhcL0JhZC1TYWx6dWZsZW4tMjQtRmFiZXIuanBnIiwic2xpZGVzaG93IjoiYzcyZTVmMiJ9\">\n\t\t\t\t\t<div class=\"e-gallery-image elementor-gallery-item__image\" data-thumbnail=\"https:\/\/faber-solartechnik.de\/wp-content\/uploads\/2020\/08\/Bad-Salzuflen-24-Faber-300x200.jpg\" data-width=\"300\" data-height=\"200\" aria-label=\"\" role=\"img\" ><\/div>\n\t\t\t\t\t\t\t\t\t\t\t<div class=\"elementor-gallery-item__overlay\"><\/div>\n\t\t\t\t\t\t\t\t\t\t\t\t\t\t<\/a>\n\t\t\t\t\t<\/div>\n\t\t\t\t\t<\/div>\n\t\t\t\t<\/div>\n\t\t\t\t\t<\/div>\n\t\t<\/div>\n\t\t\t\t\t<\/div>\n\t\t<\/section>\n\t\t\t\t<\/div>\n\t\t\t\t\t\t<\/div>\n\t\t\t\t<\/div>\n\t\t\t\t<div class=\"elementor-element elementor-element-b294ae0 e-transform e-transform elementor-align-right elementor-absolute elementor-invisible elementor-widget elementor-widget-button\" data-id=\"b294ae0\" data-element_type=\"widget\" data-e-type=\"widget\" data-settings=\"{&quot;_transform_translateX_effect_hover&quot;:{&quot;unit&quot;:&quot;px&quot;,&quot;size&quot;:-10,&quot;sizes&quot;:[]},&quot;_animation&quot;:&quot;fadeInUp&quot;,&quot;_animation_delay&quot;:1000,&quot;_position&quot;:&quot;absolute&quot;,&quot;_transform_translateX_effect&quot;:{&quot;unit&quot;:&quot;px&quot;,&quot;size&quot;:&quot;&quot;,&quot;sizes&quot;:[]},&quot;_transform_translateX_effect_laptop&quot;:{&quot;unit&quot;:&quot;px&quot;,&quot;size&quot;:&quot;&quot;,&quot;sizes&quot;:[]},&quot;_transform_translateX_effect_tablet_extra&quot;:{&quot;unit&quot;:&quot;px&quot;,&quot;size&quot;:&quot;&quot;,&quot;sizes&quot;:[]},&quot;_transform_translateX_effect_tablet&quot;:{&quot;unit&quot;:&quot;px&quot;,&quot;size&quot;:&quot;&quot;,&quot;sizes&quot;:[]},&quot;_transform_translateX_effect_mobile&quot;:{&quot;unit&quot;:&quot;px&quot;,&quot;size&quot;:&quot;&quot;,&quot;sizes&quot;:[]},&quot;_transform_translateY_effect&quot;:{&quot;unit&quot;:&quot;px&quot;,&quot;size&quot;:&quot;&quot;,&quot;sizes&quot;:[]},&quot;_transform_translateY_effect_laptop&quot;:{&quot;unit&quot;:&quot;px&quot;,&quot;size&quot;:&quot;&quot;,&quot;sizes&quot;:[]},&quot;_transform_translateY_effect_tablet_extra&quot;:{&quot;unit&quot;:&quot;px&quot;,&quot;size&quot;:&quot;&quot;,&quot;sizes&quot;:[]},&quot;_transform_translateY_effect_tablet&quot;:{&quot;unit&quot;:&quot;px&quot;,&quot;size&quot;:&quot;&quot;,&quot;sizes&quot;:[]},&quot;_transform_translateY_effect_mobile&quot;:{&quot;unit&quot;:&quot;px&quot;,&quot;size&quot;:&quot;&quot;,&quot;sizes&quot;:[]},&quot;_transform_translateX_effect_hover_laptop&quot;:{&quot;unit&quot;:&quot;px&quot;,&quot;size&quot;:&quot;&quot;,&quot;sizes&quot;:[]},&quot;_transform_translateX_effect_hover_tablet_extra&quot;:{&quot;unit&quot;:&quot;px&quot;,&quot;size&quot;:&quot;&quot;,&quot;sizes&quot;:[]},&quot;_transform_translateX_effect_hover_tablet&quot;:{&quot;unit&quot;:&quot;px&quot;,&quot;size&quot;:&quot;&quot;,&quot;sizes&quot;:[]},&quot;_transform_translateX_effect_hover_mobile&quot;:{&quot;unit&quot;:&quot;px&quot;,&quot;size&quot;:&quot;&quot;,&quot;sizes&quot;:[]},&quot;_transform_translateY_effect_hover&quot;:{&quot;unit&quot;:&quot;px&quot;,&quot;size&quot;:&quot;&quot;,&quot;sizes&quot;:[]},&quot;_transform_translateY_effect_hover_laptop&quot;:{&quot;unit&quot;:&quot;px&quot;,&quot;size&quot;:&quot;&quot;,&quot;sizes&quot;:[]},&quot;_transform_translateY_effect_hover_tablet_extra&quot;:{&quot;unit&quot;:&quot;px&quot;,&quot;size&quot;:&quot;&quot;,&quot;sizes&quot;:[]},&quot;_transform_translateY_effect_hover_tablet&quot;:{&quot;unit&quot;:&quot;px&quot;,&quot;size&quot;:&quot;&quot;,&quot;sizes&quot;:[]},&quot;_transform_translateY_effect_hover_mobile&quot;:{&quot;unit&quot;:&quot;px&quot;,&quot;size&quot;:&quot;&quot;,&quot;sizes&quot;:[]}}\" data-widget_type=\"button.default\">\n\t\t\t\t<div class=\"elementor-widget-container\">\n\t\t\t\t\t\t\t\t\t<div class=\"elementor-button-wrapper\">\n\t\t\t\t\t<a class=\"elementor-button elementor-button-link elementor-size-xs\" href=\"https:\/\/faber-solartechnik.de\/en\/projekte\/bad-salzuflen\/\" target=\"_blank\">\n\t\t\t\t\t\t<span class=\"elementor-button-content-wrapper\">\n\t\t\t\t\t\t<span class=\"elementor-button-icon\">\n\t\t\t\t<i aria-hidden=\"true\" class=\"far fa-window-restore\"><\/i>\t\t\t<\/span>\n\t\t\t\t\t\t\t\t\t<span class=\"elementor-button-text\">Projekt in neuem Tab \u00f6ffnen<\/span>\n\t\t\t\t\t<\/span>\n\t\t\t\t\t<\/a>\n\t\t\t\t<\/div>\n\t\t\t\t\t\t\t\t<\/div>\n\t\t\t\t<\/div>\n\t\t\t\t\t<\/div>\n\t\t<\/div>\n\t\t\t\t\t<\/div>\n\t\t<\/section>\n\t\t\t\t<\/div>\n\t\t\t\t\t\t\t<\/div>\n\t\t\t\t\t\t\t\t<\/div>\n\t\t<\/div>\n\t\t\t\t\t\t<\/div>\n\t\t\t\t<\/div>\n\t\t\t\t\t<\/div>\n\t\t<\/div>\n\t\t\t\t\t<\/div>\n\t\t<\/section>\n\t\t\t\t<div class=\"elementor-element elementor-element-d621d6e elementor-hidden-mobile elementor-hidden-desktop elementor-hidden-tablet eae-pop-btn-type-text elementor-widget elementor-widget-wts-modal-popup\" data-id=\"d621d6e\" data-element_type=\"widget\" data-e-type=\"widget\" data-widget_type=\"wts-modal-popup.default\">\n\t\t\t\t<div class=\"elementor-widget-container\">\n\t\t\t\t\t\t\t<div class=\"eae-popup-wrapper eae-popup-eae-pupup-item-1189075063\" data-id=\"eae-pupup-item-1189075063\" data-preview-modal=\"\" data-close-button-type=\"icon\" data-close-btn=\"fas fa-times\" data-close-in-out=\"true\" data-effect=\"zoom-in\">\n\t\t\t<a class=\"eae-popup-link icon-position-before\"\n\t\t\tdata-id=\"eae-pupup-item-1189075063\" data-ctrl-id=\"d621d6e\" href=\"#eae-pupup-item-1189075063\">\n\t\t\t\t\t\t\t\t\t\t\t\t\t\t<span class=\"eae-popup-btn-icon\">\n\t\t\t\t\t\t<i aria-hidden=\"true\" class=\"fas fa-arrow-right\"><\/i>\t\t\t\t\t<\/span>\n\t\t\t\t\t\t\t\t\t\t\t\t<span class=\"eae-popup-btn-text\">\n\t\t\t\t\t\t\t\u00d6ffnen\t\t\t\t\t\t<\/span>\n\t\t\t\t\t\t\t\t\t\t\t\t\t<\/a>\n\t\t<\/div>\n\n\t\t<div id=\"eae-pupup-item-1189075063\" class=\"eae-popup-eae-pupup-item-1189075063 mfp-hide eae-popup-container\">\n\t\t\t<input class=\"eae-hidden-post-id\" type=\"hidden\" name=\"eae_hidden_post_id\" data-id=\"eae-pupup-item-1189075063\" value=\"0\" \/>\n\t\t\t<div class=\"eae-popup-content\">\n\t\t\t\t\t\t\t\t\t<div class=\"eae-modal-content\">\n\t\t\t\t\t\t\t\t<div data-elementor-type=\"section\" data-elementor-id=\"4203\" class=\"elementor elementor-4203\" data-elementor-post-type=\"elementor_library\">\n\t\t\t\t\t<section class=\"elementor-section elementor-top-section elementor-element elementor-element-76665b6d elementor-section-full_width elementor-section-height-min-height elementor-section-items-stretch elementor-section-height-default\" data-id=\"76665b6d\" data-element_type=\"section\" data-e-type=\"section\">\n\t\t\t\t\t\t<div class=\"elementor-container elementor-column-gap-default\">\n\t\t\t\t\t<div class=\"elementor-column elementor-col-50 elementor-top-column elementor-element elementor-element-27f77bf4\" data-id=\"27f77bf4\" data-element_type=\"column\" data-e-type=\"column\">\n\t\t\t<div class=\"elementor-widget-wrap elementor-element-populated\">\n\t\t\t\t\t\t<div class=\"elementor-element elementor-element-2c72871 shadow runde-ecken elementor-widget elementor-widget-image\" data-id=\"2c72871\" data-element_type=\"widget\" data-e-type=\"widget\" data-widget_type=\"image.default\">\n\t\t\t\t<div class=\"elementor-widget-container\">\n\t\t\t\t\t\t\t\t\t\t\t\t\t\t\t\t<a href=\"https:\/\/faber-solartechnik.de\/wp-content\/uploads\/2020\/08\/Bad-Salzuflen-24-Faber-1.jpg\" data-elementor-open-lightbox=\"yes\" data-e-action-hash=\"#elementor-action%3Aaction%3Dlightbox%26settings%3DeyJpZCI6Nzc2MCwidXJsIjoiaHR0cHM6XC9cL2ZhYmVyLXNvbGFydGVjaG5pay5kZVwvd3AtY29udGVudFwvdXBsb2Fkc1wvMjAyMFwvMDhcL0JhZC1TYWx6dWZsZW4tMjQtRmFiZXItMS5qcGcifQ%3D%3D\">\n\t\t\t\t\t\t\t<img loading=\"lazy\" decoding=\"async\" width=\"768\" height=\"512\" src=\"https:\/\/faber-solartechnik.de\/wp-content\/uploads\/2020\/08\/Bad-Salzuflen-24-Faber-1-768x512.jpg\" class=\"attachment-medium_large size-medium_large wp-image-7760\" alt=\"\" srcset=\"https:\/\/faber-solartechnik.de\/wp-content\/uploads\/2020\/08\/Bad-Salzuflen-24-Faber-1-768x512.jpg 768w, https:\/\/faber-solartechnik.de\/wp-content\/uploads\/2020\/08\/Bad-Salzuflen-24-Faber-1-300x200.jpg 300w, https:\/\/faber-solartechnik.de\/wp-content\/uploads\/2020\/08\/Bad-Salzuflen-24-Faber-1-1024x683.jpg 1024w, https:\/\/faber-solartechnik.de\/wp-content\/uploads\/2020\/08\/Bad-Salzuflen-24-Faber-1-1536x1024.jpg 1536w, https:\/\/faber-solartechnik.de\/wp-content\/uploads\/2020\/08\/Bad-Salzuflen-24-Faber-1-18x12.jpg 18w, https:\/\/faber-solartechnik.de\/wp-content\/uploads\/2020\/08\/Bad-Salzuflen-24-Faber-1.jpg 1920w\" sizes=\"(max-width: 768px) 100vw, 768px\" \/>\t\t\t\t\t\t\t\t<\/a>\n\t\t\t\t\t\t\t\t\t\t\t\t\t\t\t<\/div>\n\t\t\t\t<\/div>\n\t\t\t\t\t<\/div>\n\t\t<\/div>\n\t\t\t\t<div class=\"elementor-column elementor-col-50 elementor-top-column elementor-element elementor-element-329a626d\" data-id=\"329a626d\" data-element_type=\"column\" data-e-type=\"column\">\n\t\t\t<div class=\"elementor-widget-wrap elementor-element-populated\">\n\t\t\t\t\t\t<div class=\"elementor-element elementor-element-bf7ede2 elementor-widget elementor-widget-heading\" data-id=\"bf7ede2\" data-element_type=\"widget\" data-e-type=\"widget\" data-widget_type=\"heading.default\">\n\t\t\t\t<div class=\"elementor-widget-container\">\n\t\t\t\t\t<h3 class=\"elementor-heading-title elementor-size-default\">Bad Salzuflen<\/h3>\t\t\t\t<\/div>\n\t\t\t\t<\/div>\n\t\t\t\t<div class=\"elementor-element elementor-element-678b441 elementor-widget-divider--view-line elementor-widget elementor-widget-divider\" data-id=\"678b441\" data-element_type=\"widget\" data-e-type=\"widget\" data-widget_type=\"divider.default\">\n\t\t\t\t<div class=\"elementor-widget-container\">\n\t\t\t\t\t\t\t<div class=\"elementor-divider\">\n\t\t\t<span class=\"elementor-divider-separator\">\n\t\t\t\t\t\t<\/span>\n\t\t<\/div>\n\t\t\t\t\t\t<\/div>\n\t\t\t\t<\/div>\n\t\t\t\t<div class=\"elementor-element elementor-element-18e98f7 elementor-widget elementor-widget-theme-post-content\" data-id=\"18e98f7\" data-element_type=\"widget\" data-e-type=\"widget\" data-widget_type=\"theme-post-content.default\">\n\t\t\t\t<div class=\"elementor-widget-container\">\n\t\t\t\t\t\t\t<div data-elementor-type=\"wp-post\" data-elementor-id=\"1671\" class=\"elementor elementor-1671\" data-elementor-post-type=\"post\">\n\t\t\t\t\t\t<section class=\"elementor-section elementor-top-section elementor-element elementor-element-0190aff elementor-section-boxed elementor-section-height-default elementor-section-height-default\" data-id=\"0190aff\" data-element_type=\"section\" data-e-type=\"section\">\n\t\t\t\t\t\t<div class=\"elementor-container elementor-column-gap-default\">\n\t\t\t\t\t<div class=\"elementor-column elementor-col-100 elementor-top-column elementor-element elementor-element-5034554\" data-id=\"5034554\" data-element_type=\"column\" data-e-type=\"column\">\n\t\t\t<div class=\"elementor-widget-wrap elementor-element-populated\">\n\t\t\t\t\t\t<div class=\"elementor-element elementor-element-f6d212a elementor-icon-list--layout-inline popup-pv-fakts elementor-list-item-link-full_width elementor-widget elementor-widget-icon-list\" data-id=\"f6d212a\" data-element_type=\"widget\" data-e-type=\"widget\" data-widget_type=\"icon-list.default\">\n\t\t\t\t<div class=\"elementor-widget-container\">\n\t\t\t\t\t\t\t<ul class=\"elementor-icon-list-items elementor-inline-items\">\n\t\t\t\t\t\t\t<li class=\"elementor-icon-list-item elementor-inline-item\">\n\t\t\t\t\t\t\t\t\t\t\t<span class=\"elementor-icon-list-icon\">\n\t\t\t\t\t\t\t<i aria-hidden=\"true\" class=\"fas fa-sun\"><\/i>\t\t\t\t\t\t<\/span>\n\t\t\t\t\t\t\t\t\t\t<span class=\"elementor-icon-list-text\">686 kWp<\/span>\n\t\t\t\t\t\t\t\t\t<\/li>\n\t\t\t\t\t\t\t\t<li class=\"elementor-icon-list-item elementor-inline-item\">\n\t\t\t\t\t\t\t\t\t\t\t<span class=\"elementor-icon-list-icon\">\n\t\t\t\t\t\t\t<i aria-hidden=\"true\" class=\"fas fa-bolt\"><\/i>\t\t\t\t\t\t<\/span>\n\t\t\t\t\t\t\t\t\t\t<span class=\"elementor-icon-list-text\">579.094 kWh\/Jahr<\/span>\n\t\t\t\t\t\t\t\t\t<\/li>\n\t\t\t\t\t\t\t\t<li class=\"elementor-icon-list-item elementor-inline-item\">\n\t\t\t\t\t\t\t\t\t\t\t<span class=\"elementor-icon-list-icon\">\n\t\t\t\t\t\t\t<i aria-hidden=\"true\" class=\"fas fa-plug\"><\/i>\t\t\t\t\t\t<\/span>\n\t\t\t\t\t\t\t\t\t\t<span class=\"elementor-icon-list-text\">\u00dcberschuss<\/span>\n\t\t\t\t\t\t\t\t\t<\/li>\n\t\t\t\t\t\t\t\t<li class=\"elementor-icon-list-item elementor-inline-item\">\n\t\t\t\t\t\t\t\t\t\t\t<span class=\"elementor-icon-list-icon\">\n\t\t\t\t\t\t\t<i aria-hidden=\"true\" class=\"fas fa-tools\"><\/i>\t\t\t\t\t\t<\/span>\n\t\t\t\t\t\t\t\t\t\t<span class=\"elementor-icon-list-text\">Aufgest\u00e4ndert, Dachparallel<\/span>\n\t\t\t\t\t\t\t\t\t<\/li>\n\t\t\t\t\t\t\t\t<li class=\"elementor-icon-list-item elementor-inline-item\">\n\t\t\t\t\t\t\t\t\t\t\t<span class=\"elementor-icon-list-icon\">\n\t\t\t\t\t\t\t<i aria-hidden=\"true\" class=\"fas fa-map-marker-alt\"><\/i>\t\t\t\t\t\t<\/span>\n\t\t\t\t\t\t\t\t\t\t<span class=\"elementor-icon-list-text\">Nordrhein-Westfalen<\/span>\n\t\t\t\t\t\t\t\t\t<\/li>\n\t\t\t\t\t\t<\/ul>\n\t\t\t\t\t\t<\/div>\n\t\t\t\t<\/div>\n\t\t\t\t<div class=\"elementor-element elementor-element-c72e5f2 elementor-widget elementor-widget-gallery\" data-id=\"c72e5f2\" data-element_type=\"widget\" data-e-type=\"widget\" data-settings=\"{&quot;lazyload&quot;:&quot;yes&quot;,&quot;gallery_layout&quot;:&quot;grid&quot;,&quot;columns&quot;:4,&quot;columns_tablet&quot;:2,&quot;columns_mobile&quot;:1,&quot;gap&quot;:{&quot;unit&quot;:&quot;px&quot;,&quot;size&quot;:10,&quot;sizes&quot;:[]},&quot;gap_laptop&quot;:{&quot;unit&quot;:&quot;px&quot;,&quot;size&quot;:10,&quot;sizes&quot;:[]},&quot;gap_tablet_extra&quot;:{&quot;unit&quot;:&quot;px&quot;,&quot;size&quot;:10,&quot;sizes&quot;:[]},&quot;gap_tablet&quot;:{&quot;unit&quot;:&quot;px&quot;,&quot;size&quot;:10,&quot;sizes&quot;:[]},&quot;gap_mobile&quot;:{&quot;unit&quot;:&quot;px&quot;,&quot;size&quot;:10,&quot;sizes&quot;:[]},&quot;link_to&quot;:&quot;file&quot;,&quot;aspect_ratio&quot;:&quot;3:2&quot;,&quot;overlay_background&quot;:&quot;yes&quot;,&quot;content_hover_animation&quot;:&quot;fade-in&quot;}\" data-widget_type=\"gallery.default\">\n\t\t\t\t<div class=\"elementor-widget-container\">\n\t\t\t\t\t\t\t<div class=\"elementor-gallery__container\">\n\t\t\t\t\t\t\t<a class=\"e-gallery-item elementor-gallery-item elementor-animated-content\" href=\"https:\/\/faber-solartechnik.de\/wp-content\/uploads\/2020\/08\/Bad-Salzuflen-17-Faber.jpg\" data-elementor-open-lightbox=\"yes\" data-elementor-lightbox-slideshow=\"c72e5f2\" data-e-action-hash=\"#elementor-action%3Aaction%3Dlightbox%26settings%3DeyJpZCI6MTY3OCwidXJsIjoiaHR0cHM6XC9cL2ZhYmVyLXNvbGFydGVjaG5pay5kZVwvd3AtY29udGVudFwvdXBsb2Fkc1wvMjAyMFwvMDhcL0JhZC1TYWx6dWZsZW4tMTctRmFiZXIuanBnIiwic2xpZGVzaG93IjoiYzcyZTVmMiJ9\">\n\t\t\t\t\t<div class=\"e-gallery-image elementor-gallery-item__image\" data-thumbnail=\"https:\/\/faber-solartechnik.de\/wp-content\/uploads\/2020\/08\/Bad-Salzuflen-17-Faber-300x200.jpg\" data-width=\"300\" data-height=\"200\" aria-label=\"\" role=\"img\" ><\/div>\n\t\t\t\t\t\t\t\t\t\t\t<div class=\"elementor-gallery-item__overlay\"><\/div>\n\t\t\t\t\t\t\t\t\t\t\t\t\t\t<\/a>\n\t\t\t\t\t\t\t<a class=\"e-gallery-item elementor-gallery-item elementor-animated-content\" href=\"https:\/\/faber-solartechnik.de\/wp-content\/uploads\/2020\/08\/Bad-Salzuflen-13-Faber.jpg\" data-elementor-open-lightbox=\"yes\" data-elementor-lightbox-slideshow=\"c72e5f2\" data-e-action-hash=\"#elementor-action%3Aaction%3Dlightbox%26settings%3DeyJpZCI6MTY3NiwidXJsIjoiaHR0cHM6XC9cL2ZhYmVyLXNvbGFydGVjaG5pay5kZVwvd3AtY29udGVudFwvdXBsb2Fkc1wvMjAyMFwvMDhcL0JhZC1TYWx6dWZsZW4tMTMtRmFiZXIuanBnIiwic2xpZGVzaG93IjoiYzcyZTVmMiJ9\">\n\t\t\t\t\t<div class=\"e-gallery-image elementor-gallery-item__image\" data-thumbnail=\"https:\/\/faber-solartechnik.de\/wp-content\/uploads\/2020\/08\/Bad-Salzuflen-13-Faber-300x200.jpg\" data-width=\"300\" data-height=\"200\" aria-label=\"\" role=\"img\" ><\/div>\n\t\t\t\t\t\t\t\t\t\t\t<div class=\"elementor-gallery-item__overlay\"><\/div>\n\t\t\t\t\t\t\t\t\t\t\t\t\t\t<\/a>\n\t\t\t\t\t\t\t<a class=\"e-gallery-item elementor-gallery-item elementor-animated-content\" href=\"https:\/\/faber-solartechnik.de\/wp-content\/uploads\/2020\/08\/Bad-Salzuflen-21-Faber.jpg\" data-elementor-open-lightbox=\"yes\" data-elementor-lightbox-slideshow=\"c72e5f2\" data-e-action-hash=\"#elementor-action%3Aaction%3Dlightbox%26settings%3DeyJpZCI6MTY3OSwidXJsIjoiaHR0cHM6XC9cL2ZhYmVyLXNvbGFydGVjaG5pay5kZVwvd3AtY29udGVudFwvdXBsb2Fkc1wvMjAyMFwvMDhcL0JhZC1TYWx6dWZsZW4tMjEtRmFiZXIuanBnIiwic2xpZGVzaG93IjoiYzcyZTVmMiJ9\">\n\t\t\t\t\t<div class=\"e-gallery-image elementor-gallery-item__image\" data-thumbnail=\"https:\/\/faber-solartechnik.de\/wp-content\/uploads\/2020\/08\/Bad-Salzuflen-21-Faber-300x200.jpg\" data-width=\"300\" data-height=\"200\" aria-label=\"\" role=\"img\" ><\/div>\n\t\t\t\t\t\t\t\t\t\t\t<div class=\"elementor-gallery-item__overlay\"><\/div>\n\t\t\t\t\t\t\t\t\t\t\t\t\t\t<\/a>\n\t\t\t\t\t\t\t<a class=\"e-gallery-item elementor-gallery-item elementor-animated-content\" href=\"https:\/\/faber-solartechnik.de\/wp-content\/uploads\/2020\/08\/Bad-Salzuflen-23-Faber.jpg\" data-elementor-open-lightbox=\"yes\" data-elementor-lightbox-slideshow=\"c72e5f2\" data-e-action-hash=\"#elementor-action%3Aaction%3Dlightbox%26settings%3DeyJpZCI6MTY4MCwidXJsIjoiaHR0cHM6XC9cL2ZhYmVyLXNvbGFydGVjaG5pay5kZVwvd3AtY29udGVudFwvdXBsb2Fkc1wvMjAyMFwvMDhcL0JhZC1TYWx6dWZsZW4tMjMtRmFiZXIuanBnIiwic2xpZGVzaG93IjoiYzcyZTVmMiJ9\">\n\t\t\t\t\t<div class=\"e-gallery-image elementor-gallery-item__image\" data-thumbnail=\"https:\/\/faber-solartechnik.de\/wp-content\/uploads\/2020\/08\/Bad-Salzuflen-23-Faber-300x200.jpg\" data-width=\"300\" data-height=\"200\" aria-label=\"\" role=\"img\" ><\/div>\n\t\t\t\t\t\t\t\t\t\t\t<div class=\"elementor-gallery-item__overlay\"><\/div>\n\t\t\t\t\t\t\t\t\t\t\t\t\t\t<\/a>\n\t\t\t\t\t\t\t<a class=\"e-gallery-item elementor-gallery-item elementor-animated-content\" href=\"https:\/\/faber-solartechnik.de\/wp-content\/uploads\/2020\/08\/Bad-Salzuflen-05-Faber.jpg\" data-elementor-open-lightbox=\"yes\" data-elementor-lightbox-slideshow=\"c72e5f2\" data-e-action-hash=\"#elementor-action%3Aaction%3Dlightbox%26settings%3DeyJpZCI6MTY3MywidXJsIjoiaHR0cHM6XC9cL2ZhYmVyLXNvbGFydGVjaG5pay5kZVwvd3AtY29udGVudFwvdXBsb2Fkc1wvMjAyMFwvMDhcL0JhZC1TYWx6dWZsZW4tMDUtRmFiZXIuanBnIiwic2xpZGVzaG93IjoiYzcyZTVmMiJ9\">\n\t\t\t\t\t<div class=\"e-gallery-image elementor-gallery-item__image\" data-thumbnail=\"https:\/\/faber-solartechnik.de\/wp-content\/uploads\/2020\/08\/Bad-Salzuflen-05-Faber-300x200.jpg\" data-width=\"300\" data-height=\"200\" aria-label=\"\" role=\"img\" ><\/div>\n\t\t\t\t\t\t\t\t\t\t\t<div class=\"elementor-gallery-item__overlay\"><\/div>\n\t\t\t\t\t\t\t\t\t\t\t\t\t\t<\/a>\n\t\t\t\t\t\t\t<a class=\"e-gallery-item elementor-gallery-item elementor-animated-content\" href=\"https:\/\/faber-solartechnik.de\/wp-content\/uploads\/2020\/08\/Bad-Salzuflen-15-Faber.jpg\" data-elementor-open-lightbox=\"yes\" data-elementor-lightbox-slideshow=\"c72e5f2\" data-e-action-hash=\"#elementor-action%3Aaction%3Dlightbox%26settings%3DeyJpZCI6MTY3NywidXJsIjoiaHR0cHM6XC9cL2ZhYmVyLXNvbGFydGVjaG5pay5kZVwvd3AtY29udGVudFwvdXBsb2Fkc1wvMjAyMFwvMDhcL0JhZC1TYWx6dWZsZW4tMTUtRmFiZXIuanBnIiwic2xpZGVzaG93IjoiYzcyZTVmMiJ9\">\n\t\t\t\t\t<div class=\"e-gallery-image elementor-gallery-item__image\" data-thumbnail=\"https:\/\/faber-solartechnik.de\/wp-content\/uploads\/2020\/08\/Bad-Salzuflen-15-Faber-300x200.jpg\" data-width=\"300\" data-height=\"200\" aria-label=\"\" role=\"img\" ><\/div>\n\t\t\t\t\t\t\t\t\t\t\t<div class=\"elementor-gallery-item__overlay\"><\/div>\n\t\t\t\t\t\t\t\t\t\t\t\t\t\t<\/a>\n\t\t\t\t\t\t\t<a class=\"e-gallery-item elementor-gallery-item elementor-animated-content\" href=\"https:\/\/faber-solartechnik.de\/wp-content\/uploads\/2020\/08\/Bad-Salzuflen-08-Faber.jpg\" data-elementor-open-lightbox=\"yes\" data-elementor-lightbox-slideshow=\"c72e5f2\" data-e-action-hash=\"#elementor-action%3Aaction%3Dlightbox%26settings%3DeyJpZCI6MTY3NCwidXJsIjoiaHR0cHM6XC9cL2ZhYmVyLXNvbGFydGVjaG5pay5kZVwvd3AtY29udGVudFwvdXBsb2Fkc1wvMjAyMFwvMDhcL0JhZC1TYWx6dWZsZW4tMDgtRmFiZXIuanBnIiwic2xpZGVzaG93IjoiYzcyZTVmMiJ9\">\n\t\t\t\t\t<div class=\"e-gallery-image elementor-gallery-item__image\" data-thumbnail=\"https:\/\/faber-solartechnik.de\/wp-content\/uploads\/2020\/08\/Bad-Salzuflen-08-Faber-300x200.jpg\" data-width=\"300\" data-height=\"200\" aria-label=\"\" role=\"img\" ><\/div>\n\t\t\t\t\t\t\t\t\t\t\t<div class=\"elementor-gallery-item__overlay\"><\/div>\n\t\t\t\t\t\t\t\t\t\t\t\t\t\t<\/a>\n\t\t\t\t\t\t\t<a class=\"e-gallery-item elementor-gallery-item elementor-animated-content\" href=\"https:\/\/faber-solartechnik.de\/wp-content\/uploads\/2020\/08\/Bad-Salzuflen-24-Faber.jpg\" data-elementor-open-lightbox=\"yes\" data-elementor-lightbox-slideshow=\"c72e5f2\" data-e-action-hash=\"#elementor-action%3Aaction%3Dlightbox%26settings%3DeyJpZCI6MTY4MSwidXJsIjoiaHR0cHM6XC9cL2ZhYmVyLXNvbGFydGVjaG5pay5kZVwvd3AtY29udGVudFwvdXBsb2Fkc1wvMjAyMFwvMDhcL0JhZC1TYWx6dWZsZW4tMjQtRmFiZXIuanBnIiwic2xpZGVzaG93IjoiYzcyZTVmMiJ9\">\n\t\t\t\t\t<div class=\"e-gallery-image elementor-gallery-item__image\" data-thumbnail=\"https:\/\/faber-solartechnik.de\/wp-content\/uploads\/2020\/08\/Bad-Salzuflen-24-Faber-300x200.jpg\" data-width=\"300\" data-height=\"200\" aria-label=\"\" role=\"img\" ><\/div>\n\t\t\t\t\t\t\t\t\t\t\t<div class=\"elementor-gallery-item__overlay\"><\/div>\n\t\t\t\t\t\t\t\t\t\t\t\t\t\t<\/a>\n\t\t\t\t\t<\/div>\n\t\t\t\t\t<\/div>\n\t\t\t\t<\/div>\n\t\t\t\t\t<\/div>\n\t\t<\/div>\n\t\t\t\t\t<\/div>\n\t\t<\/section>\n\t\t\t\t<\/div>\n\t\t\t\t\t\t<\/div>\n\t\t\t\t<\/div>\n\t\t\t\t<div class=\"elementor-element elementor-element-b294ae0 e-transform e-transform elementor-align-right elementor-absolute elementor-invisible elementor-widget elementor-widget-button\" data-id=\"b294ae0\" data-element_type=\"widget\" data-e-type=\"widget\" data-settings=\"{&quot;_transform_translateX_effect_hover&quot;:{&quot;unit&quot;:&quot;px&quot;,&quot;size&quot;:-10,&quot;sizes&quot;:[]},&quot;_animation&quot;:&quot;fadeInUp&quot;,&quot;_animation_delay&quot;:1000,&quot;_position&quot;:&quot;absolute&quot;,&quot;_transform_translateX_effect&quot;:{&quot;unit&quot;:&quot;px&quot;,&quot;size&quot;:&quot;&quot;,&quot;sizes&quot;:[]},&quot;_transform_translateX_effect_laptop&quot;:{&quot;unit&quot;:&quot;px&quot;,&quot;size&quot;:&quot;&quot;,&quot;sizes&quot;:[]},&quot;_transform_translateX_effect_tablet_extra&quot;:{&quot;unit&quot;:&quot;px&quot;,&quot;size&quot;:&quot;&quot;,&quot;sizes&quot;:[]},&quot;_transform_translateX_effect_tablet&quot;:{&quot;unit&quot;:&quot;px&quot;,&quot;size&quot;:&quot;&quot;,&quot;sizes&quot;:[]},&quot;_transform_translateX_effect_mobile&quot;:{&quot;unit&quot;:&quot;px&quot;,&quot;size&quot;:&quot;&quot;,&quot;sizes&quot;:[]},&quot;_transform_translateY_effect&quot;:{&quot;unit&quot;:&quot;px&quot;,&quot;size&quot;:&quot;&quot;,&quot;sizes&quot;:[]},&quot;_transform_translateY_effect_laptop&quot;:{&quot;unit&quot;:&quot;px&quot;,&quot;size&quot;:&quot;&quot;,&quot;sizes&quot;:[]},&quot;_transform_translateY_effect_tablet_extra&quot;:{&quot;unit&quot;:&quot;px&quot;,&quot;size&quot;:&quot;&quot;,&quot;sizes&quot;:[]},&quot;_transform_translateY_effect_tablet&quot;:{&quot;unit&quot;:&quot;px&quot;,&quot;size&quot;:&quot;&quot;,&quot;sizes&quot;:[]},&quot;_transform_translateY_effect_mobile&quot;:{&quot;unit&quot;:&quot;px&quot;,&quot;size&quot;:&quot;&quot;,&quot;sizes&quot;:[]},&quot;_transform_translateX_effect_hover_laptop&quot;:{&quot;unit&quot;:&quot;px&quot;,&quot;size&quot;:&quot;&quot;,&quot;sizes&quot;:[]},&quot;_transform_translateX_effect_hover_tablet_extra&quot;:{&quot;unit&quot;:&quot;px&quot;,&quot;size&quot;:&quot;&quot;,&quot;sizes&quot;:[]},&quot;_transform_translateX_effect_hover_tablet&quot;:{&quot;unit&quot;:&quot;px&quot;,&quot;size&quot;:&quot;&quot;,&quot;sizes&quot;:[]},&quot;_transform_translateX_effect_hover_mobile&quot;:{&quot;unit&quot;:&quot;px&quot;,&quot;size&quot;:&quot;&quot;,&quot;sizes&quot;:[]},&quot;_transform_translateY_effect_hover&quot;:{&quot;unit&quot;:&quot;px&quot;,&quot;size&quot;:&quot;&quot;,&quot;sizes&quot;:[]},&quot;_transform_translateY_effect_hover_laptop&quot;:{&quot;unit&quot;:&quot;px&quot;,&quot;size&quot;:&quot;&quot;,&quot;sizes&quot;:[]},&quot;_transform_translateY_effect_hover_tablet_extra&quot;:{&quot;unit&quot;:&quot;px&quot;,&quot;size&quot;:&quot;&quot;,&quot;sizes&quot;:[]},&quot;_transform_translateY_effect_hover_tablet&quot;:{&quot;unit&quot;:&quot;px&quot;,&quot;size&quot;:&quot;&quot;,&quot;sizes&quot;:[]},&quot;_transform_translateY_effect_hover_mobile&quot;:{&quot;unit&quot;:&quot;px&quot;,&quot;size&quot;:&quot;&quot;,&quot;sizes&quot;:[]}}\" data-widget_type=\"button.default\">\n\t\t\t\t<div class=\"elementor-widget-container\">\n\t\t\t\t\t\t\t\t\t<div class=\"elementor-button-wrapper\">\n\t\t\t\t\t<a class=\"elementor-button elementor-button-link elementor-size-xs\" href=\"https:\/\/faber-solartechnik.de\/en\/projekte\/bad-salzuflen\/\" target=\"_blank\">\n\t\t\t\t\t\t<span class=\"elementor-button-content-wrapper\">\n\t\t\t\t\t\t<span class=\"elementor-button-icon\">\n\t\t\t\t<i aria-hidden=\"true\" class=\"far fa-window-restore\"><\/i>\t\t\t<\/span>\n\t\t\t\t\t\t\t\t\t<span class=\"elementor-button-text\">Projekt in neuem Tab \u00f6ffnen<\/span>\n\t\t\t\t\t<\/span>\n\t\t\t\t\t<\/a>\n\t\t\t\t<\/div>\n\t\t\t\t\t\t\t\t<\/div>\n\t\t\t\t<\/div>\n\t\t\t\t\t<\/div>\n\t\t<\/div>\n\t\t\t\t\t<\/div>\n\t\t<\/section>\n\t\t\t\t<\/div>\n\t\t\t\t\t\t\t<\/div>\n\t\t\t\t\t\t\t\t<\/div>\n\t\t<\/div>\n\t\t\t\t\t\t<\/div>\n\t\t\t\t<\/div>\n\t\t\t\t<div class=\"elementor-element elementor-element-15922a7 elementor-widget elementor-widget-button\" data-id=\"15922a7\" data-element_type=\"widget\" data-e-type=\"widget\" data-widget_type=\"button.default\">\n\t\t\t\t<div class=\"elementor-widget-container\">\n\t\t\t\t\t\t\t\t\t<div class=\"elementor-button-wrapper\">\n\t\t\t\t\t<a class=\"elementor-button elementor-button-link elementor-size-xs\" href=\"https:\/\/faber-solartechnik.de\/en\/projekte\/bad-salzuflen\/\" target=\"_blank\">\n\t\t\t\t\t\t<span class=\"elementor-button-content-wrapper\">\n\t\t\t\t\t\t<span class=\"elementor-button-icon\">\n\t\t\t\t<i aria-hidden=\"true\" class=\"fas fa-arrow-right\"><\/i>\t\t\t<\/span>\n\t\t\t\t\t\t\t\t\t<span class=\"elementor-button-text\">\u00d6ffnen<\/span>\n\t\t\t\t\t<\/span>\n\t\t\t\t\t<\/a>\n\t\t\t\t<\/div>\n\t\t\t\t\t\t\t\t<\/div>\n\t\t\t\t<\/div>\n\t\t\t\t\t<\/div>\n\t\t<\/div>\n\t\t\t\t\t<\/div>\n\t\t<\/section>\n\t\t\t\t<\/div>\n\t\t\t\t<\/div>\n\t\t<\/div>\n\t\t\t\t\t<div class=\"elementor-swiper-button elementor-swiper-button-prev\" role=\"button\" tabindex=\"0\" aria-label=\"Previous\">\n\t\t\t\t<i aria-hidden=\"true\" class=\"eicon-chevron-left\"><\/i>\t\t\t<\/div>\n\t\t\t<div class=\"elementor-swiper-button elementor-swiper-button-next\" role=\"button\" tabindex=\"0\" aria-label=\"Next\">\n\t\t\t\t<i aria-hidden=\"true\" class=\"eicon-chevron-right\"><\/i>\t\t\t<\/div>\n\t\t\t\t\t<div class=\"swiper-pagination\"><\/div>\n\t\t\t\t\t\t<\/div>\n\t\t\t\t<\/div>\n\t\t\t\t\t<\/div>\n\t\t<\/div>\n\t\t\t\t\t<\/div>\n\t\t<\/section>\n\t\t\t\t<section class=\"elementor-section elementor-top-section elementor-element elementor-element-22f7711 anfrageform elementor-section-boxed elementor-section-height-default elementor-section-height-default\" data-id=\"22f7711\" data-element_type=\"section\" data-e-type=\"section\" id=\"kontakt\" data-settings=\"{&quot;background_background&quot;:&quot;classic&quot;}\">\n\t\t\t\t\t\t\t<div class=\"elementor-background-overlay\"><\/div>\n\t\t\t\t\t\t\t<div class=\"elementor-container elementor-column-gap-default\">\n\t\t\t\t\t<div class=\"elementor-column elementor-col-100 elementor-top-column elementor-element elementor-element-275dee6\" data-id=\"275dee6\" data-element_type=\"column\" data-e-type=\"column\">\n\t\t\t<div class=\"elementor-widget-wrap elementor-element-populated\">\n\t\t\t\t\t\t<div class=\"elementor-element elementor-element-df0401b animated-slow elementor-invisible elementor-widget elementor-widget-heading\" data-id=\"df0401b\" data-element_type=\"widget\" data-e-type=\"widget\" data-settings=\"{&quot;_animation&quot;:&quot;fadeInDown&quot;}\" data-widget_type=\"heading.default\">\n\t\t\t\t<div class=\"elementor-widget-container\">\n\t\t\t\t\t<h2 class=\"elementor-heading-title elementor-size-default\">Kontakt<\/h2>\t\t\t\t<\/div>\n\t\t\t\t<\/div>\n\t\t\t\t<div class=\"elementor-element elementor-element-301bc99 elementor-widget-divider--view-line elementor-invisible elementor-widget elementor-widget-divider\" data-id=\"301bc99\" data-element_type=\"widget\" data-e-type=\"widget\" data-settings=\"{&quot;_animation&quot;:&quot;fadeInUp&quot;,&quot;_animation_delay&quot;:300}\" data-widget_type=\"divider.default\">\n\t\t\t\t<div class=\"elementor-widget-container\">\n\t\t\t\t\t\t\t<div class=\"elementor-divider\">\n\t\t\t<span class=\"elementor-divider-separator\">\n\t\t\t\t\t\t<\/span>\n\t\t<\/div>\n\t\t\t\t\t\t<\/div>\n\t\t\t\t<\/div>\n\t\t\t\t\t<\/div>\n\t\t<\/div>\n\t\t\t\t\t<\/div>\n\t\t<\/section>\n\t\t\t\t<section class=\"elementor-section elementor-top-section elementor-element elementor-element-5b7bf05 elementor-section-boxed elementor-section-height-default elementor-section-height-default\" data-id=\"5b7bf05\" data-element_type=\"section\" data-e-type=\"section\" data-settings=\"{&quot;background_background&quot;:&quot;classic&quot;}\">\n\t\t\t\t\t\t\t<div class=\"elementor-background-overlay\"><\/div>\n\t\t\t\t\t\t\t<div class=\"elementor-container elementor-column-gap-wider\">\n\t\t\t\t\t<div class=\"elementor-column elementor-col-50 elementor-top-column elementor-element elementor-element-fc4301c\" data-id=\"fc4301c\" data-element_type=\"column\" data-e-type=\"column\" data-settings=\"{&quot;background_background&quot;:&quot;gradient&quot;}\">\n\t\t\t<div class=\"elementor-widget-wrap elementor-element-populated\">\n\t\t\t\t\t\t<div class=\"elementor-element elementor-element-2fdaf11 elementor-widget elementor-widget-heading\" data-id=\"2fdaf11\" data-element_type=\"widget\" data-e-type=\"widget\" data-widget_type=\"heading.default\">\n\t\t\t\t<div class=\"elementor-widget-container\">\n\t\t\t\t\t<h3 class=\"elementor-heading-title elementor-size-default\">Wir freuen uns darauf, von Ihnen zu h\u00f6ren! <\/h3>\t\t\t\t<\/div>\n\t\t\t\t<\/div>\n\t\t\t\t<div class=\"elementor-element elementor-element-7ce2c75 elementor-widget-divider--view-line elementor-widget elementor-widget-divider\" data-id=\"7ce2c75\" data-element_type=\"widget\" data-e-type=\"widget\" data-widget_type=\"divider.default\">\n\t\t\t\t<div class=\"elementor-widget-container\">\n\t\t\t\t\t\t\t<div class=\"elementor-divider\">\n\t\t\t<span class=\"elementor-divider-separator\">\n\t\t\t\t\t\t<\/span>\n\t\t<\/div>\n\t\t\t\t\t\t<\/div>\n\t\t\t\t<\/div>\n\t\t\t\t<div class=\"elementor-element elementor-element-f5b5b94 elementor-widget elementor-widget-text-editor\" data-id=\"f5b5b94\" data-element_type=\"widget\" data-e-type=\"widget\" data-widget_type=\"text-editor.default\">\n\t\t\t\t<div class=\"elementor-widget-container\">\n\t\t\t\t\t\t\t\t\t<p>Kontaktieren Sie uns gerne f\u00fcr weitere Informationen oder individuelle Anfragen rund um unsere Dienstleistungen.<\/p>\t\t\t\t\t\t\t\t<\/div>\n\t\t\t\t<\/div>\n\t\t\t\t<div class=\"elementor-element elementor-element-77693e3 elementor-position-left elementor-vertical-align-top elementor-widget elementor-widget-image-box\" data-id=\"77693e3\" data-element_type=\"widget\" data-e-type=\"widget\" data-widget_type=\"image-box.default\">\n\t\t\t\t<div class=\"elementor-widget-container\">\n\t\t\t\t\t<div class=\"elementor-image-box-wrapper\"><figure class=\"elementor-image-box-img\"><img loading=\"lazy\" decoding=\"async\" width=\"512\" height=\"512\" src=\"https:\/\/faber-solartechnik.de\/wp-content\/uploads\/2023\/07\/telephone.png\" class=\"attachment-full size-full wp-image-5975\" alt=\"\" srcset=\"https:\/\/faber-solartechnik.de\/wp-content\/uploads\/2023\/07\/telephone.png 512w, https:\/\/faber-solartechnik.de\/wp-content\/uploads\/2023\/07\/telephone-300x300.png 300w, https:\/\/faber-solartechnik.de\/wp-content\/uploads\/2023\/07\/telephone-150x150.png 150w, https:\/\/faber-solartechnik.de\/wp-content\/uploads\/2023\/07\/telephone-12x12.png 12w\" sizes=\"(max-width: 512px) 100vw, 512px\" \/><\/figure><div class=\"elementor-image-box-content\"><h4 class=\"elementor-image-box-title\">Rufen Sie uns an<\/h4><\/div><\/div>\t\t\t\t<\/div>\n\t\t\t\t<\/div>\n\t\t\t\t<div class=\"elementor-element elementor-element-04191e2 elementor-invisible elementor-widget elementor-widget-button\" data-id=\"04191e2\" data-element_type=\"widget\" data-e-type=\"widget\" data-settings=\"{&quot;_animation&quot;:&quot;fadeInRight&quot;}\" data-widget_type=\"button.default\">\n\t\t\t\t<div class=\"elementor-widget-container\">\n\t\t\t\t\t\t\t\t\t<div class=\"elementor-button-wrapper\">\n\t\t\t\t\t<a class=\"elementor-button elementor-button-link elementor-size-xs\" href=\"tel:+4952236570800%20\">\n\t\t\t\t\t\t<span class=\"elementor-button-content-wrapper\">\n\t\t\t\t\t\t<span class=\"elementor-button-icon\">\n\t\t\t\t<i aria-hidden=\"true\" class=\"fas fa-phone-alt\"><\/i>\t\t\t<\/span>\n\t\t\t\t\t\t\t\t\t<span class=\"elementor-button-text\">B\u00fcnde +49 (0) 5223 . 65708 00 <\/span>\n\t\t\t\t\t<\/span>\n\t\t\t\t\t<\/a>\n\t\t\t\t<\/div>\n\t\t\t\t\t\t\t\t<\/div>\n\t\t\t\t<\/div>\n\t\t\t\t<div class=\"elementor-element elementor-element-ee99db7 elementor-invisible elementor-widget elementor-widget-button\" data-id=\"ee99db7\" data-element_type=\"widget\" data-e-type=\"widget\" data-settings=\"{&quot;_animation&quot;:&quot;fadeInRight&quot;}\" data-widget_type=\"button.default\">\n\t\t\t\t<div class=\"elementor-widget-container\">\n\t\t\t\t\t\t\t\t\t<div class=\"elementor-button-wrapper\">\n\t\t\t\t\t<a class=\"elementor-button elementor-button-link elementor-size-xs\" href=\"tel:+4935179995200\">\n\t\t\t\t\t\t<span class=\"elementor-button-content-wrapper\">\n\t\t\t\t\t\t<span class=\"elementor-button-icon\">\n\t\t\t\t<i aria-hidden=\"true\" class=\"fas fa-phone-alt\"><\/i>\t\t\t<\/span>\n\t\t\t\t\t\t\t\t\t<span class=\"elementor-button-text\">Dresden +49 (0) 351 . 79995 200<\/span>\n\t\t\t\t\t<\/span>\n\t\t\t\t\t<\/a>\n\t\t\t\t<\/div>\n\t\t\t\t\t\t\t\t<\/div>\n\t\t\t\t<\/div>\n\t\t\t\t<div class=\"elementor-element elementor-element-7ce1205 elementor-position-left elementor-vertical-align-top elementor-widget elementor-widget-image-box\" data-id=\"7ce1205\" data-element_type=\"widget\" data-e-type=\"widget\" data-widget_type=\"image-box.default\">\n\t\t\t\t<div class=\"elementor-widget-container\">\n\t\t\t\t\t<div class=\"elementor-image-box-wrapper\"><figure class=\"elementor-image-box-img\"><img loading=\"lazy\" decoding=\"async\" width=\"512\" height=\"512\" src=\"https:\/\/faber-solartechnik.de\/wp-content\/uploads\/2023\/07\/email-brief.png\" class=\"attachment-full size-full wp-image-5971\" alt=\"\" srcset=\"https:\/\/faber-solartechnik.de\/wp-content\/uploads\/2023\/07\/email-brief.png 512w, https:\/\/faber-solartechnik.de\/wp-content\/uploads\/2023\/07\/email-brief-300x300.png 300w, https:\/\/faber-solartechnik.de\/wp-content\/uploads\/2023\/07\/email-brief-150x150.png 150w, https:\/\/faber-solartechnik.de\/wp-content\/uploads\/2023\/07\/email-brief-12x12.png 12w\" sizes=\"(max-width: 512px) 100vw, 512px\" \/><\/figure><div class=\"elementor-image-box-content\"><h4 class=\"elementor-image-box-title\">E-Mail schreiben<\/h4><\/div><\/div>\t\t\t\t<\/div>\n\t\t\t\t<\/div>\n\t\t\t\t<div class=\"elementor-element elementor-element-9cef542 elementor-invisible elementor-widget elementor-widget-button\" data-id=\"9cef542\" data-element_type=\"widget\" data-e-type=\"widget\" data-settings=\"{&quot;_animation&quot;:&quot;fadeInRight&quot;}\" data-widget_type=\"button.default\">\n\t\t\t\t<div class=\"elementor-widget-container\">\n\t\t\t\t\t\t\t\t\t<div class=\"elementor-button-wrapper\">\n\t\t\t\t\t<a class=\"elementor-button elementor-button-link elementor-size-xs\" href=\"mailto:anfragen@faber-solartechnik.de\">\n\t\t\t\t\t\t<span class=\"elementor-button-content-wrapper\">\n\t\t\t\t\t\t<span class=\"elementor-button-icon\">\n\t\t\t\t<i aria-hidden=\"true\" class=\"far fa-envelope\"><\/i>\t\t\t<\/span>\n\t\t\t\t\t\t\t\t\t<span class=\"elementor-button-text\">anfragen@faber-solartechnik.de<\/span>\n\t\t\t\t\t<\/span>\n\t\t\t\t\t<\/a>\n\t\t\t\t<\/div>\n\t\t\t\t\t\t\t\t<\/div>\n\t\t\t\t<\/div>\n\t\t\t\t\t<\/div>\n\t\t<\/div>\n\t\t\t\t<div class=\"elementor-column elementor-col-50 elementor-top-column elementor-element elementor-element-4ddc404\" data-id=\"4ddc404\" data-element_type=\"column\" data-e-type=\"column\" data-settings=\"{&quot;background_background&quot;:&quot;classic&quot;}\">\n\t\t\t<div class=\"elementor-widget-wrap elementor-element-populated\">\n\t\t\t\t\t<div class=\"elementor-background-overlay\"><\/div>\n\t\t\t\t\t\t<div class=\"elementor-element elementor-element-32c6f9c elementor-widget elementor-widget-wp-widget-gform_widget\" data-id=\"32c6f9c\" data-element_type=\"widget\" data-e-type=\"widget\" data-widget_type=\"wp-widget-gform_widget.default\">\n\t\t\t\t<div class=\"elementor-widget-container\">\n\t\t\t\t\t<script src=\"https:\/\/faber-solartechnik.de\/wp-includes\/js\/dist\/dom-ready.min.js?ver=f77871ff7694fffea381\" id=\"wp-dom-ready-js\"><\/script>\n<script src=\"https:\/\/faber-solartechnik.de\/wp-includes\/js\/dist\/hooks.min.js?ver=dd5603f07f9220ed27f1\" id=\"wp-hooks-js\"><\/script>\n<script src=\"https:\/\/faber-solartechnik.de\/wp-includes\/js\/dist\/i18n.min.js?ver=c26c3dc7bed366793375\" id=\"wp-i18n-js\"><\/script>\n<script id=\"wp-i18n-js-after\">\nwp.i18n.setLocaleData( { 'text direction\\u0004ltr': [ 'ltr' ] } );\n\/\/# sourceURL=wp-i18n-js-after\n<\/script>\n<script id=\"wp-a11y-js-translations\">\n( function( domain, translations ) {\n\tvar localeData = translations.locale_data[ domain ] || translations.locale_data.messages;\n\tlocaleData[\"\"].domain = domain;\n\twp.i18n.setLocaleData( localeData, domain );\n} )( \"default\", {\"translation-revision-date\":\"2026-04-17 10:35:12+0000\",\"generator\":\"GlotPress\\\/4.0.3\",\"domain\":\"messages\",\"locale_data\":{\"messages\":{\"\":{\"domain\":\"messages\",\"plural-forms\":\"nplurals=2; plural=n != 1;\",\"lang\":\"en_GB\"},\"Notifications\":[\"Notifications\"]}},\"comment\":{\"reference\":\"wp-includes\\\/js\\\/dist\\\/a11y.js\"}} );\n\/\/# sourceURL=wp-a11y-js-translations\n<\/script>\n<script src=\"https:\/\/faber-solartechnik.de\/wp-includes\/js\/dist\/a11y.min.js?ver=cb460b4676c94bd228ed\" id=\"wp-a11y-js\"><\/script>\n<script src=\"https:\/\/faber-solartechnik.de\/wp-includes\/js\/jquery\/jquery.min.js?ver=3.7.1\" id=\"jquery-core-js\"><\/script>\n<script src=\"https:\/\/faber-solartechnik.de\/wp-includes\/js\/jquery\/jquery-migrate.min.js?ver=3.4.1\" id=\"jquery-migrate-js\"><\/script>\n<script defer='defer' src=\"https:\/\/faber-solartechnik.de\/wp-content\/plugins\/gravityforms\/js\/jquery.json.min.js?ver=2.9.23\" id=\"gform_json-js\"><\/script>\n<script id=\"gform_gravityforms-js-extra\">\nvar gf_global = {\"gf_currency_config\":{\"name\":\"Euro\",\"symbol_left\":\"\",\"symbol_right\":\"&#8364;\",\"symbol_padding\":\" \",\"thousand_separator\":\".\",\"decimal_separator\":\",\",\"decimals\":2,\"code\":\"EUR\"},\"base_url\":\"https:\/\/faber-solartechnik.de\/wp-content\/plugins\/gravityforms\",\"number_formats\":[],\"spinnerUrl\":\"https:\/\/faber-solartechnik.de\/wp-content\/plugins\/gravityforms\/images\/spinner.svg\",\"version_hash\":\"a4ae079bc420b64a70c2ec01f072a23e\",\"strings\":{\"newRowAdded\":\"New row added.\",\"rowRemoved\":\"Row removed\",\"formSaved\":\"The form has been saved.  The content contains the link to return and complete the form.\"}};\n\/\/# sourceURL=gform_gravityforms-js-extra\n<\/script>\n<script defer='defer' src=\"https:\/\/faber-solartechnik.de\/wp-content\/plugins\/gravityforms\/js\/gravityforms.min.js?ver=2.9.23\" id=\"gform_gravityforms-js\"><\/script>\n<script>\nvar gform;gform||(document.addEventListener(\"gform_main_scripts_loaded\",function(){gform.scriptsLoaded=!0}),document.addEventListener(\"gform\/theme\/scripts_loaded\",function(){gform.themeScriptsLoaded=!0}),window.addEventListener(\"DOMContentLoaded\",function(){gform.domLoaded=!0}),gform={domLoaded:!1,scriptsLoaded:!1,themeScriptsLoaded:!1,isFormEditor:()=>\"function\"==typeof InitializeEditor,callIfLoaded:function(o){return!(!gform.domLoaded||!gform.scriptsLoaded||!gform.themeScriptsLoaded&&!gform.isFormEditor()||(gform.isFormEditor()&&console.warn(\"The use of gform.initializeOnLoaded() is deprecated in the form editor context and will be removed in Gravity Forms 3.1.\"),o(),0))},initializeOnLoaded:function(o){gform.callIfLoaded(o)||(document.addEventListener(\"gform_main_scripts_loaded\",()=>{gform.scriptsLoaded=!0,gform.callIfLoaded(o)}),document.addEventListener(\"gform\/theme\/scripts_loaded\",()=>{gform.themeScriptsLoaded=!0,gform.callIfLoaded(o)}),window.addEventListener(\"DOMContentLoaded\",()=>{gform.domLoaded=!0,gform.callIfLoaded(o)}))},hooks:{action:{},filter:{}},addAction:function(o,r,e,t){gform.addHook(\"action\",o,r,e,t)},addFilter:function(o,r,e,t){gform.addHook(\"filter\",o,r,e,t)},doAction:function(o){gform.doHook(\"action\",o,arguments)},applyFilters:function(o){return gform.doHook(\"filter\",o,arguments)},removeAction:function(o,r){gform.removeHook(\"action\",o,r)},removeFilter:function(o,r,e){gform.removeHook(\"filter\",o,r,e)},addHook:function(o,r,e,t,n){null==gform.hooks[o][r]&&(gform.hooks[o][r]=[]);var d=gform.hooks[o][r];null==n&&(n=r+\"_\"+d.length),gform.hooks[o][r].push({tag:n,callable:e,priority:t=null==t?10:t})},doHook:function(r,o,e){var t;if(e=Array.prototype.slice.call(e,1),null!=gform.hooks[r][o]&&((o=gform.hooks[r][o]).sort(function(o,r){return o.priority-r.priority}),o.forEach(function(o){\"function\"!=typeof(t=o.callable)&&(t=window[t]),\"action\"==r?t.apply(null,e):e[0]=t.apply(null,e)})),\"filter\"==r)return e[0]},removeHook:function(o,r,t,n){var e;null!=gform.hooks[o][r]&&(e=(e=gform.hooks[o][r]).filter(function(o,r,e){return!!(null!=n&&n!=o.tag||null!=t&&t!=o.priority)}),gform.hooks[o][r]=e)}});\n<\/script>\n\n                <div class='gf_browser_gecko gform_wrapper gravity-theme gform-theme--no-framework' data-form-theme='gravity-theme' data-form-index='0' id='gform_wrapper_5' >\n                        <div class='gform_heading'>\n\t\t\t\t\t\t\t<p class='gform_required_legend'>&quot;<span class=\"gfield_required gfield_required_asterisk\">*<\/span>&quot; indicates required fields<\/p>\n                        <\/div><form method='post' enctype='multipart\/form-data' target='gform_ajax_frame_5' id='gform_5'  action='\/en\/wp-json\/wp\/v2\/pages\/2863' data-formid='5' novalidate><div id='gf_page_steps_5' class='gf_page_steps'><div id='gf_step_5_1' class='gf_step gf_step_active gf_step_first'><span class='gf_step_number'>1<\/span><span class='gf_step_label'>Angaben zum Projekt<\/span><\/div><div id='gf_step_5_2' class='gf_step gf_step_last gf_step_next gf_step_pending'><span class='gf_step_number'>2<\/span><span class='gf_step_label'>Ihre Kontaktdaten<\/span><\/div><\/div>\n                        <div class='gform-body gform_body'><div id='gform_page_5_1' class='gform_page ' data-js='page-field-id-0' >\n\t\t\t\t\t<div class='gform_page_fields'><div id='gform_fields_5' class='gform_fields top_label form_sublabel_below description_below validation_below'><fieldset id=\"field_5_6\" class=\"gfield gfield--type-address gfield--width-full field_sublabel_below gfield--no-description field_description_below field_validation_below gfield_visibility_visible\"  ><legend class='gfield_label gform-field-label gfield_label_before_complex' >Projektstandort<\/legend>    \n                    <div class='ginput_complex ginput_container has_street has_city has_zip ginput_container_address gform-grid-row' id='input_5_6' >\n                         <span class='ginput_full address_line_1 ginput_address_line_1 gform-grid-col' id='input_5_6_1_container' >\n                                        <input type='text' name='input_6.1' id='input_5_6_1' value=''    aria-required='false'    \/>\n                                        <label for='input_5_6_1' id='input_5_6_1_label' class='gform-field-label gform-field-label--type-sub '>Stra\u00dfe, Haus<\/label>\n                                    <\/span><span class='ginput_left address_city ginput_address_city gform-grid-col' id='input_5_6_3_container' >\n                                    <input type='text' name='input_6.3' id='input_5_6_3' value=''    aria-required='false'    \/>\n                                    <label for='input_5_6_3' id='input_5_6_3_label' class='gform-field-label gform-field-label--type-sub '>Ort<\/label>\n                                 <\/span><input type='hidden' class='gform_hidden' name='input_6.4' id='input_5_6_4' value=''\/><span class='ginput_right address_zip ginput_address_zip gform-grid-col' id='input_5_6_5_container' >\n                                    <input type='text' name='input_6.5' id='input_5_6_5' value=''    aria-required='false'    \/>\n                                    <label for='input_5_6_5' id='input_5_6_5_label' class='gform-field-label gform-field-label--type-sub '>PLZ<\/label>\n                                <\/span><input type='hidden' class='gform_hidden' name='input_6.6' id='input_5_6_6' value='' \/>\n                    <div class='gf_clear gf_clear_complex'><\/div>\n                <\/div><\/fieldset><div id=\"field_5_4\" class=\"gfield gfield--type-select gfield--width-full field_sublabel_below gfield--no-description field_description_below field_validation_below gfield_visibility_visible\"  ><label class='gfield_label gform-field-label' for='input_5_4'>Art<\/label><div class='ginput_container ginput_container_select'><select name='input_4' id='input_5_4' class='large gfield_select'     aria-invalid=\"false\" ><option value='Aufdach' >Aufdach<\/option><option value='Freifl\u00e4che' >Freifl\u00e4che<\/option><option value='Floating' >Floating<\/option><option value='Carport' >Carport<\/option><option value='Sonstiges' >Sonstiges<\/option><\/select><\/div><\/div><div id=\"field_5_21\" class=\"gfield gfield--type-text gfield--width-half field_sublabel_below gfield--no-description field_description_below field_validation_below gfield_visibility_visible\"  ><label class='gfield_label gform-field-label' for='input_5_21'>Fl\u00e4che in m\u00b2<\/label><div class='ginput_container ginput_container_text'><input name='input_21' id='input_5_21' type='text' value='' class='large'      aria-invalid=\"false\"   \/><\/div><\/div><div id=\"field_5_25\" class=\"gfield gfield--type-text gfield--width-half field_sublabel_below gfield--no-description field_description_below field_validation_below gfield_visibility_visible\"  ><label class='gfield_label gform-field-label' for='input_5_25'>Geplante Nennleistung in kWp<\/label><div class='ginput_container ginput_container_text'><input name='input_25' id='input_5_25' type='text' value='' class='large'      aria-invalid=\"false\"   \/><\/div><\/div><fieldset id=\"field_5_26\" class=\"gfield gfield--type-radio gfield--type-choice gfield--width-half field_sublabel_below gfield--no-description field_description_below field_validation_below gfield_visibility_visible\"  ><legend class='gfield_label gform-field-label' >Netzverkn\u00fcpfungspunkt bereits bekannt?<\/legend><div class='ginput_container ginput_container_radio'><div class='gfield_radio' id='input_5_26'>\n\t\t\t<div class='gchoice gchoice_5_26_0'>\n\t\t\t\t\t<input class='gfield-choice-input' name='input_26' type='radio' value='Ja'  id='choice_5_26_0' onchange='gformToggleRadioOther( this )'    \/>\n\t\t\t\t\t<label for='choice_5_26_0' id='label_5_26_0' class='gform-field-label gform-field-label--type-inline'>Ja<\/label>\n\t\t\t<\/div>\n\t\t\t<div class='gchoice gchoice_5_26_1'>\n\t\t\t\t\t<input class='gfield-choice-input' name='input_26' type='radio' value='Nein'  id='choice_5_26_1' onchange='gformToggleRadioOther( this )'    \/>\n\t\t\t\t\t<label for='choice_5_26_1' id='label_5_26_1' class='gform-field-label gform-field-label--type-inline'>Nein<\/label>\n\t\t\t<\/div><\/div><\/div><\/fieldset><fieldset id=\"field_5_27\" class=\"gfield gfield--type-radio gfield--type-choice gfield--width-half field_sublabel_below gfield--no-description field_description_below field_validation_below gfield_visibility_visible\"  ><legend class='gfield_label gform-field-label' >Freiland: Baugenehmigung bereits erteilt?<\/legend><div class='ginput_container ginput_container_radio'><div class='gfield_radio' id='input_5_27'>\n\t\t\t<div class='gchoice gchoice_5_27_0'>\n\t\t\t\t\t<input class='gfield-choice-input' name='input_27' type='radio' value='Ja'  id='choice_5_27_0' onchange='gformToggleRadioOther( this )'    \/>\n\t\t\t\t\t<label for='choice_5_27_0' id='label_5_27_0' class='gform-field-label gform-field-label--type-inline'>Ja<\/label>\n\t\t\t<\/div>\n\t\t\t<div class='gchoice gchoice_5_27_1'>\n\t\t\t\t\t<input class='gfield-choice-input' name='input_27' type='radio' value='Nein'  id='choice_5_27_1' onchange='gformToggleRadioOther( this )'    \/>\n\t\t\t\t\t<label for='choice_5_27_1' id='label_5_27_1' class='gform-field-label gform-field-label--type-inline'>Nein<\/label>\n\t\t\t<\/div><\/div><\/div><\/fieldset><\/div>\n                    <\/div>\n                    <div class='gform-page-footer gform_page_footer top_label'>\n                         <input type='button' id='gform_next_button_5_16' class='gform_next_button gform-theme-button button' onclick='gform.submission.handleButtonClick(this);' data-submission-type='next' value='Weiter'  \/> \n                    <\/div>\n                <\/div>\n                <div id='gform_page_5_2' class='gform_page' data-js='page-field-id-16' style='display:none;'>\n                    <div class='gform_page_fields'>\n                        <div id='gform_fields_5_2' class='gform_fields top_label form_sublabel_below description_below validation_below'><fieldset id=\"field_5_9\" class=\"gfield gfield--type-name gfield--width-full gfield_contains_required field_sublabel_below gfield--no-description field_description_below field_validation_below gfield_visibility_visible\"  ><legend class='gfield_label gform-field-label gfield_label_before_complex' >Name<span class=\"gfield_required\"><span class=\"gfield_required gfield_required_asterisk\">*<\/span><\/span><\/legend><div class='ginput_complex ginput_container ginput_container--name has_prefix has_first_name no_middle_name has_last_name no_suffix gf_name_has_3 ginput_container_name gform-grid-row' id='input_5_9'>\n                            <span id='input_5_9_2_container' class='name_prefix name_prefix_select gform-grid-col gform-grid-col--size-auto' >\n                                                    <select name='input_9.2' id='input_5_9_2'    aria-required='false'   >\n                          <option value=''><\/option><option value='Herr' selected='selected'>Herr<\/option><option value='Frau' >Frau<\/option>\n                      <\/select>\n                                                    <label for='input_5_9_2' class='gform-field-label gform-field-label--type-sub '>Anrede<\/label>\n                                                  <\/span>\n                            <span id='input_5_9_3_container' class='name_first gform-grid-col gform-grid-col--size-auto' >\n                                                    <input type='text' name='input_9.3' id='input_5_9_3' value=''   aria-required='true'     \/>\n                                                    <label for='input_5_9_3' class='gform-field-label gform-field-label--type-sub '>Vorname<\/label>\n                                                <\/span>\n                            \n                            <span id='input_5_9_6_container' class='name_last gform-grid-col gform-grid-col--size-auto' >\n                                                    <input type='text' name='input_9.6' id='input_5_9_6' value=''   aria-required='true'     \/>\n                                                    <label for='input_5_9_6' class='gform-field-label gform-field-label--type-sub '>Nachname<\/label>\n                                                <\/span>\n                            \n                        <\/div><\/fieldset><div id=\"field_5_10\" class=\"gfield gfield--type-text gfield--width-half field_sublabel_below gfield--no-description field_description_below field_validation_below gfield_visibility_visible\"  ><label class='gfield_label gform-field-label' for='input_5_10'>Unternehmen<\/label><div class='ginput_container ginput_container_text'><input name='input_10' id='input_5_10' type='text' value='' class='large'      aria-invalid=\"false\"   \/><\/div><\/div><div id=\"field_5_11\" class=\"gfield gfield--type-text gfield--width-half field_sublabel_below gfield--no-description field_description_below field_validation_below gfield_visibility_visible\"  ><label class='gfield_label gform-field-label' for='input_5_11'>Position<\/label><div class='ginput_container ginput_container_text'><input name='input_11' id='input_5_11' type='text' value='' class='large'      aria-invalid=\"false\"   \/><\/div><\/div><div id=\"field_5_13\" class=\"gfield gfield--type-email gfield--width-half gfield_contains_required field_sublabel_below gfield--no-description field_description_below field_validation_below gfield_visibility_visible\"  ><label class='gfield_label gform-field-label' for='input_5_13'>E-Mail<span class=\"gfield_required\"><span class=\"gfield_required gfield_required_asterisk\">*<\/span><\/span><\/label><div class='ginput_container ginput_container_email'>\n                            <input name='input_13' id='input_5_13' type='email' value='' class='large'    aria-required=\"true\" aria-invalid=\"false\"  \/>\n                        <\/div><\/div><div id=\"field_5_12\" class=\"gfield gfield--type-phone gfield--width-half gfield_contains_required field_sublabel_below gfield--no-description field_description_below field_validation_below gfield_visibility_visible\"  ><label class='gfield_label gform-field-label' for='input_5_12'>Telefon<span class=\"gfield_required\"><span class=\"gfield_required gfield_required_asterisk\">*<\/span><\/span><\/label><div class='ginput_container ginput_container_phone'><input name='input_12' id='input_5_12' type='tel' value='' class='large'   aria-required=\"true\" aria-invalid=\"false\"   \/><\/div><\/div><fieldset id=\"field_5_14\" class=\"gfield gfield--type-address gfield--width-full field_sublabel_below gfield--no-description field_description_below field_validation_below gfield_visibility_visible\"  ><legend class='gfield_label gform-field-label gfield_label_before_complex' >Adresse<\/legend>    \n                    <div class='ginput_complex ginput_container has_street has_city has_zip ginput_container_address gform-grid-row' id='input_5_14' >\n                         <span class='ginput_full address_line_1 ginput_address_line_1 gform-grid-col' id='input_5_14_1_container' >\n                                        <input type='text' name='input_14.1' id='input_5_14_1' value=''    aria-required='false'    \/>\n                                        <label for='input_5_14_1' id='input_5_14_1_label' class='gform-field-label gform-field-label--type-sub '>Stra\u00dfe, Haus<\/label>\n                                    <\/span><span class='ginput_left address_city ginput_address_city gform-grid-col' id='input_5_14_3_container' >\n                                    <input type='text' name='input_14.3' id='input_5_14_3' value=''    aria-required='false'    \/>\n                                    <label for='input_5_14_3' id='input_5_14_3_label' class='gform-field-label gform-field-label--type-sub '>Ort<\/label>\n                                 <\/span><input type='hidden' class='gform_hidden' name='input_14.4' id='input_5_14_4' value=''\/><span class='ginput_right address_zip ginput_address_zip gform-grid-col' id='input_5_14_5_container' >\n                                    <input type='text' name='input_14.5' id='input_5_14_5' value=''    aria-required='false'    \/>\n                                    <label for='input_5_14_5' id='input_5_14_5_label' class='gform-field-label gform-field-label--type-sub '>PLZ<\/label>\n                                <\/span><input type='hidden' class='gform_hidden' name='input_14.6' id='input_5_14_6' value='' \/>\n                    <div class='gf_clear gf_clear_complex'><\/div>\n                <\/div><\/fieldset><fieldset id=\"field_5_18\" class=\"gfield gfield--type-checkbox gfield--type-choice gfield--width-full gfield_contains_required field_sublabel_below gfield--no-description field_description_above field_validation_below gfield_visibility_visible\"  ><legend class='gfield_label gform-field-label gfield_label_before_complex' >Datenschutz<span class=\"gfield_required\"><span class=\"gfield_required gfield_required_asterisk\">*<\/span><\/span><\/legend><div class='ginput_container ginput_container_checkbox'><div class='gfield_checkbox ' id='input_5_18'><div class='gchoice gchoice_5_18_1'>\n\t\t\t\t\t\t\t\t<input class='gfield-choice-input' name='input_18.1' type='checkbox'  value='Hiermit best\u00e4tige ich, dass ich die &lt;a href=&quot;https:\/\/faber-solartechnik.de\/datenschutzerklaerung\/&quot; target=&quot;_blank&quot;&gt;Datenschutzerkl\u00e4rung&lt;\/a&gt; zur Kenntnis genommen habe.'  id='choice_5_18_1'   \/>\n\t\t\t\t\t\t\t\t<label for='choice_5_18_1' id='label_5_18_1' class='gform-field-label gform-field-label--type-inline'>Hiermit best\u00e4tige ich, dass ich die <a href=\"https:\/\/faber-solartechnik.de\/datenschutzerklaerung\/\" target=\"_blank\">Datenschutzerkl\u00e4rung<\/a> zur Kenntnis genommen habe.<\/label>\n\t\t\t\t\t\t\t<\/div><\/div><\/div><\/fieldset><\/div><\/div>\n        <div class='gform-page-footer gform_page_footer top_label'><input type='submit' id='gform_previous_button_5' class='gform_previous_button gform-theme-button gform-theme-button--secondary button' onclick='gform.submission.handleButtonClick(this);' data-submission-type='previous' value='Zur\u00fcck'  \/> <input type='submit' id='gform_submit_button_5' class='gform_button button' onclick='gform.submission.handleButtonClick(this);' data-submission-type='submit' value='Anfrage senden'  \/> <input type='hidden' name='gform_ajax' value='form_id=5&amp;title=&amp;description=&amp;tabindex=0&amp;theme=gravity-theme&amp;hash=d42258f64a8679b65c73f53a6da83a5b' \/>\n            <input type='hidden' class='gform_hidden' name='gform_submission_method' data-js='gform_submission_method_5' value='iframe' \/>\n            <input type='hidden' class='gform_hidden' name='gform_theme' data-js='gform_theme_5' id='gform_theme_5' value='gravity-theme' \/>\n            <input type='hidden' class='gform_hidden' name='gform_style_settings' data-js='gform_style_settings_5' id='gform_style_settings_5' value='' \/>\n            <input type='hidden' class='gform_hidden' name='is_submit_5' value='1' \/>\n            <input type='hidden' class='gform_hidden' name='gform_submit' value='5' \/>\n            \n            <input type='hidden' class='gform_hidden' name='gform_unique_id' value='' \/>\n            <input type='hidden' class='gform_hidden' name='state_5' value='WyJ7XCIyNlwiOltcImRmNjVkY2JhOGFhMTE4YWUyMjgzNjE1ZDI2MmU3MWZjXCIsXCI2NzVhZDFjZDY0OTRlYzFiNWJjYjFmMzA4NzBjYzZhYlwiXSxcIjI3XCI6W1wiZGY2NWRjYmE4YWExMThhZTIyODM2MTVkMjYyZTcxZmNcIixcIjY3NWFkMWNkNjQ5NGVjMWI1YmNiMWYzMDg3MGNjNmFiXCJdfSIsImU0NjU3ZGMxNDc5MmNjMDE1MGM1MmViMjIxYmY3OTllIl0=' \/>\n            <input type='hidden' autocomplete='off' class='gform_hidden' name='gform_target_page_number_5' id='gform_target_page_number_5' value='2' \/>\n            <input type='hidden' autocomplete='off' class='gform_hidden' name='gform_source_page_number_5' id='gform_source_page_number_5' value='1' \/>\n            <input type='hidden' name='gform_field_values' value='' \/>\n            \n        <\/div>\n             <\/div><\/div>\n                        <\/form>\n                        <\/div>\n\t\t                <iframe style='display:none;width:0px;height:0px;' src='about:blank' name='gform_ajax_frame_5' id='gform_ajax_frame_5' title='This iframe contains the logic required to handle Ajax powered Gravity Forms.'><\/iframe>\n\t\t                <script>\ngform.initializeOnLoaded( function() {gformInitSpinner( 5, 'https:\/\/faber-solartechnik.de\/wp-content\/plugins\/gravityforms\/images\/spinner.svg', true );jQuery('#gform_ajax_frame_5').on('load',function(){var contents = jQuery(this).contents().find('*').html();var is_postback = contents.indexOf('GF_AJAX_POSTBACK') >= 0;if(!is_postback){return;}var form_content = jQuery(this).contents().find('#gform_wrapper_5');var is_confirmation = jQuery(this).contents().find('#gform_confirmation_wrapper_5').length > 0;var is_redirect = contents.indexOf('gformRedirect(){') >= 0;var is_form = form_content.length > 0 && ! is_redirect && ! is_confirmation;var mt = parseInt(jQuery('html').css('margin-top'), 10) + parseInt(jQuery('body').css('margin-top'), 10) + 100;if(is_form){jQuery('#gform_wrapper_5').html(form_content.html());if(form_content.hasClass('gform_validation_error')){jQuery('#gform_wrapper_5').addClass('gform_validation_error');} else {jQuery('#gform_wrapper_5').removeClass('gform_validation_error');}setTimeout( function() { \/* delay the scroll by 50 milliseconds to fix a bug in chrome *\/  }, 50 );if(window['gformInitDatepicker']) {gformInitDatepicker();}if(window['gformInitPriceFields']) {gformInitPriceFields();}var current_page = jQuery('#gform_source_page_number_5').val();gformInitSpinner( 5, 'https:\/\/faber-solartechnik.de\/wp-content\/plugins\/gravityforms\/images\/spinner.svg', true );jQuery(document).trigger('gform_page_loaded', [5, current_page]);window['gf_submitting_5'] = false;}else if(!is_redirect){var confirmation_content = jQuery(this).contents().find('.GF_AJAX_POSTBACK').html();if(!confirmation_content){confirmation_content = contents;}jQuery('#gform_wrapper_5').replaceWith(confirmation_content);jQuery(document).trigger('gform_confirmation_loaded', [5]);window['gf_submitting_5'] = false;wp.a11y.speak(jQuery('#gform_confirmation_message_5').text());}else{jQuery('#gform_5').append(contents);if(window['gformRedirect']) {gformRedirect();}}jQuery(document).trigger(\"gform_pre_post_render\", [{ formId: \"5\", currentPage: \"current_page\", abort: function() { this.preventDefault(); } }]);        if (event && event.defaultPrevented) {                return;        }        const gformWrapperDiv = document.getElementById( \"gform_wrapper_5\" );        if ( gformWrapperDiv ) {            const visibilitySpan = document.createElement( \"span\" );            visibilitySpan.id = \"gform_visibility_test_5\";            gformWrapperDiv.insertAdjacentElement( \"afterend\", visibilitySpan );        }        const visibilityTestDiv = document.getElementById( \"gform_visibility_test_5\" );        let postRenderFired = false;        function triggerPostRender() {            if ( postRenderFired ) {                return;            }            postRenderFired = true;            gform.core.triggerPostRenderEvents( 5, current_page );            if ( visibilityTestDiv ) {                visibilityTestDiv.parentNode.removeChild( visibilityTestDiv );            }        }        function debounce( func, wait, immediate ) {            var timeout;            return function() {                var context = this, args = arguments;                var later = function() {                    timeout = null;                    if ( !immediate ) func.apply( context, args );                };                var callNow = immediate && !timeout;                clearTimeout( timeout );                timeout = setTimeout( later, wait );                if ( callNow ) func.apply( context, args );            };        }        const debouncedTriggerPostRender = debounce( function() {            triggerPostRender();        }, 200 );        if ( visibilityTestDiv && visibilityTestDiv.offsetParent === null ) {            const observer = new MutationObserver( ( mutations ) => {                mutations.forEach( ( mutation ) => {                    if ( mutation.type === 'attributes' && visibilityTestDiv.offsetParent !== null ) {                        debouncedTriggerPostRender();                        observer.disconnect();                    }                });            });            observer.observe( document.body, {                attributes: true,                childList: false,                subtree: true,                attributeFilter: [ 'style', 'class' ],            });        } else {            triggerPostRender();        }    } );} );\n<\/script>\n\t\t\t\t<\/div>\n\t\t\t\t<\/div>\n\t\t\t\t\t<\/div>\n\t\t<\/div>\n\t\t\t\t\t<\/div>\n\t\t<\/section>\n\t\t\t\t<section class=\"elementor-section elementor-top-section elementor-element elementor-element-e8bf4f5 elementor-section-boxed elementor-section-height-default elementor-section-height-default\" data-id=\"e8bf4f5\" data-element_type=\"section\" data-e-type=\"section\" id=\"apartner\" data-settings=\"{&quot;background_background&quot;:&quot;classic&quot;}\">\n\t\t\t\t\t\t\t<div class=\"elementor-background-overlay\"><\/div>\n\t\t\t\t\t\t\t<div class=\"elementor-container elementor-column-gap-default\">\n\t\t\t\t\t<div class=\"elementor-column elementor-col-100 elementor-top-column elementor-element elementor-element-23b0479\" data-id=\"23b0479\" data-element_type=\"column\" data-e-type=\"column\">\n\t\t\t<div class=\"elementor-widget-wrap elementor-element-populated\">\n\t\t\t\t\t\t<div class=\"elementor-element elementor-element-d215e23 animated-fast elementor-invisible elementor-widget elementor-widget-heading\" data-id=\"d215e23\" data-element_type=\"widget\" data-e-type=\"widget\" data-settings=\"{&quot;_animation&quot;:&quot;fadeInDown&quot;}\" data-widget_type=\"heading.default\">\n\t\t\t\t<div class=\"elementor-widget-container\">\n\t\t\t\t\t<span class=\"elementor-heading-title elementor-size-default\">Professionelle Beratung und Unterst\u00fctzung<\/span>\t\t\t\t<\/div>\n\t\t\t\t<\/div>\n\t\t\t\t<div class=\"elementor-element elementor-element-a640b2a animated-slow elementor-invisible elementor-widget elementor-widget-heading\" data-id=\"a640b2a\" data-element_type=\"widget\" data-e-type=\"widget\" data-settings=\"{&quot;_animation&quot;:&quot;fadeInDown&quot;}\" data-widget_type=\"heading.default\">\n\t\t\t\t<div class=\"elementor-widget-container\">\n\t\t\t\t\t<h3 class=\"elementor-heading-title elementor-size-default\">Ansprechpartner<\/h3>\t\t\t\t<\/div>\n\t\t\t\t<\/div>\n\t\t\t\t<div class=\"elementor-element elementor-element-87ebfbe elementor-widget-divider--view-line elementor-invisible elementor-widget elementor-widget-divider\" data-id=\"87ebfbe\" data-element_type=\"widget\" data-e-type=\"widget\" data-settings=\"{&quot;_animation&quot;:&quot;fadeInUp&quot;,&quot;_animation_delay&quot;:300}\" data-widget_type=\"divider.default\">\n\t\t\t\t<div class=\"elementor-widget-container\">\n\t\t\t\t\t\t\t<div class=\"elementor-divider\">\n\t\t\t<span class=\"elementor-divider-separator\">\n\t\t\t\t\t\t<\/span>\n\t\t<\/div>\n\t\t\t\t\t\t<\/div>\n\t\t\t\t<\/div>\n\t\t\t\t\t<\/div>\n\t\t<\/div>\n\t\t\t\t\t<\/div>\n\t\t<\/section>\n\t\t\t\t<section class=\"elementor-section elementor-top-section elementor-element elementor-element-a8d7d57 elementor-section-boxed elementor-section-height-default elementor-section-height-default\" data-id=\"a8d7d57\" data-element_type=\"section\" data-e-type=\"section\" data-settings=\"{&quot;background_background&quot;:&quot;classic&quot;}\">\n\t\t\t\t\t\t\t<div class=\"elementor-background-overlay\"><\/div>\n\t\t\t\t\t\t\t<div class=\"elementor-container elementor-column-gap-wider\">\n\t\t\t\t\t<div class=\"elementor-column elementor-col-50 elementor-top-column elementor-element elementor-element-30a024f\" data-id=\"30a024f\" data-element_type=\"column\" data-e-type=\"column\">\n\t\t\t<div class=\"elementor-widget-wrap elementor-element-populated\">\n\t\t\t\t\t\t<section class=\"elementor-section elementor-inner-section elementor-element elementor-element-297a9f6 apartner runde-ecken darkshadow  elementor-section-boxed elementor-section-height-default elementor-section-height-default elementor-invisible\" data-id=\"297a9f6\" data-element_type=\"section\" data-e-type=\"section\" data-settings=\"{&quot;background_background&quot;:&quot;classic&quot;,&quot;animation&quot;:&quot;zoomIn&quot;}\">\n\t\t\t\t\t\t\t<div class=\"elementor-background-overlay\"><\/div>\n\t\t\t\t\t\t\t<div class=\"elementor-container elementor-column-gap-wider\">\n\t\t\t\t\t<div class=\"elementor-column elementor-col-50 elementor-inner-column elementor-element elementor-element-7e9648c\" data-id=\"7e9648c\" data-element_type=\"column\" data-e-type=\"column\" data-settings=\"{&quot;background_background&quot;:&quot;classic&quot;}\">\n\t\t\t<div class=\"elementor-widget-wrap elementor-element-populated\">\n\t\t\t\t\t\t<div class=\"elementor-element elementor-element-4d37e83 elementor-widget elementor-widget-spacer\" data-id=\"4d37e83\" data-element_type=\"widget\" data-e-type=\"widget\" data-widget_type=\"spacer.default\">\n\t\t\t\t<div class=\"elementor-widget-container\">\n\t\t\t\t\t\t\t<div class=\"elementor-spacer\">\n\t\t\t<div class=\"elementor-spacer-inner\"><\/div>\n\t\t<\/div>\n\t\t\t\t\t\t<\/div>\n\t\t\t\t<\/div>\n\t\t\t\t\t<\/div>\n\t\t<\/div>\n\t\t\t\t<div class=\"elementor-column elementor-col-50 elementor-inner-column elementor-element elementor-element-dea321d\" data-id=\"dea321d\" data-element_type=\"column\" data-e-type=\"column\">\n\t\t\t<div class=\"elementor-widget-wrap elementor-element-populated\">\n\t\t\t\t\t\t<div class=\"elementor-element elementor-element-816e6c2 elementor-widget elementor-widget-heading\" data-id=\"816e6c2\" data-element_type=\"widget\" data-e-type=\"widget\" data-widget_type=\"heading.default\">\n\t\t\t\t<div class=\"elementor-widget-container\">\n\t\t\t\t\t<h3 class=\"elementor-heading-title elementor-size-default\">Standort B\u00fcnde<\/h3>\t\t\t\t<\/div>\n\t\t\t\t<\/div>\n\t\t\t\t<div class=\"elementor-element elementor-element-c8d8152 elementor-widget-divider--view-line elementor-widget elementor-widget-divider\" data-id=\"c8d8152\" data-element_type=\"widget\" data-e-type=\"widget\" data-widget_type=\"divider.default\">\n\t\t\t\t<div class=\"elementor-widget-container\">\n\t\t\t\t\t\t\t<div class=\"elementor-divider\">\n\t\t\t<span class=\"elementor-divider-separator\">\n\t\t\t\t\t\t<\/span>\n\t\t<\/div>\n\t\t\t\t\t\t<\/div>\n\t\t\t\t<\/div>\n\t\t\t\t<div class=\"elementor-element elementor-element-22803cd apartner-name elementor-widget elementor-widget-heading\" data-id=\"22803cd\" data-element_type=\"widget\" data-e-type=\"widget\" data-widget_type=\"heading.default\">\n\t\t\t\t<div class=\"elementor-widget-container\">\n\t\t\t\t\t<h4 class=\"elementor-heading-title elementor-size-default\">Hermann Kromm<br><span>Gesch\u00e4ftsf\u00fchrer<\/span><\/h4>\t\t\t\t<\/div>\n\t\t\t\t<\/div>\n\t\t\t\t<div class=\"elementor-element elementor-element-c19efa5 elementor-align-start elementor-icon-list--layout-traditional elementor-list-item-link-full_width elementor-widget elementor-widget-icon-list\" data-id=\"c19efa5\" data-element_type=\"widget\" data-e-type=\"widget\" data-widget_type=\"icon-list.default\">\n\t\t\t\t<div class=\"elementor-widget-container\">\n\t\t\t\t\t\t\t<ul class=\"elementor-icon-list-items\">\n\t\t\t\t\t\t\t<li class=\"elementor-icon-list-item\">\n\t\t\t\t\t\t\t\t\t\t\t<a href=\"tel:+4952236570800%20\">\n\n\t\t\t\t\t\t\t\t\t\t\t\t<span class=\"elementor-icon-list-icon\">\n\t\t\t\t\t\t\t<i aria-hidden=\"true\" class=\"fas fa-phone-alt\"><\/i>\t\t\t\t\t\t<\/span>\n\t\t\t\t\t\t\t\t\t\t<span class=\"elementor-icon-list-text\">+49 5223 65708 00<\/span>\n\t\t\t\t\t\t\t\t\t\t\t<\/a>\n\t\t\t\t\t\t\t\t\t<\/li>\n\t\t\t\t\t\t\t\t<li class=\"elementor-icon-list-item\">\n\t\t\t\t\t\t\t\t\t\t\t<a href=\"mailto:info@faber-solartechnik.de\">\n\n\t\t\t\t\t\t\t\t\t\t\t\t<span class=\"elementor-icon-list-icon\">\n\t\t\t\t\t\t\t<i aria-hidden=\"true\" class=\"fas fa-envelope-open-text\"><\/i>\t\t\t\t\t\t<\/span>\n\t\t\t\t\t\t\t\t\t\t<span class=\"elementor-icon-list-text\">info@faber-solartechnik.de<\/span>\n\t\t\t\t\t\t\t\t\t\t\t<\/a>\n\t\t\t\t\t\t\t\t\t<\/li>\n\t\t\t\t\t\t<\/ul>\n\t\t\t\t\t\t<\/div>\n\t\t\t\t<\/div>\n\t\t\t\t\t<\/div>\n\t\t<\/div>\n\t\t\t\t\t<\/div>\n\t\t<\/section>\n\t\t\t\t\t<\/div>\n\t\t<\/div>\n\t\t\t\t<div class=\"elementor-column elementor-col-50 elementor-top-column elementor-element elementor-element-dd4a607\" data-id=\"dd4a607\" data-element_type=\"column\" data-e-type=\"column\">\n\t\t\t<div class=\"elementor-widget-wrap elementor-element-populated\">\n\t\t\t\t\t\t<section class=\"elementor-section elementor-inner-section elementor-element elementor-element-0310b43 apartner runde-ecken darkshadow  elementor-section-boxed elementor-section-height-default elementor-section-height-default elementor-invisible\" data-id=\"0310b43\" data-element_type=\"section\" data-e-type=\"section\" data-settings=\"{&quot;background_background&quot;:&quot;classic&quot;,&quot;animation&quot;:&quot;zoomIn&quot;}\">\n\t\t\t\t\t\t\t<div class=\"elementor-background-overlay\"><\/div>\n\t\t\t\t\t\t\t<div class=\"elementor-container elementor-column-gap-wider\">\n\t\t\t\t\t<div class=\"elementor-column elementor-col-50 elementor-inner-column elementor-element elementor-element-7810814\" data-id=\"7810814\" data-element_type=\"column\" data-e-type=\"column\" data-settings=\"{&quot;background_background&quot;:&quot;classic&quot;}\">\n\t\t\t<div class=\"elementor-widget-wrap elementor-element-populated\">\n\t\t\t\t\t\t<div class=\"elementor-element elementor-element-8f0739e elementor-widget elementor-widget-spacer\" data-id=\"8f0739e\" data-element_type=\"widget\" data-e-type=\"widget\" data-widget_type=\"spacer.default\">\n\t\t\t\t<div class=\"elementor-widget-container\">\n\t\t\t\t\t\t\t<div class=\"elementor-spacer\">\n\t\t\t<div class=\"elementor-spacer-inner\"><\/div>\n\t\t<\/div>\n\t\t\t\t\t\t<\/div>\n\t\t\t\t<\/div>\n\t\t\t\t\t<\/div>\n\t\t<\/div>\n\t\t\t\t<div class=\"elementor-column elementor-col-50 elementor-inner-column elementor-element elementor-element-eb1eec3\" data-id=\"eb1eec3\" data-element_type=\"column\" data-e-type=\"column\">\n\t\t\t<div class=\"elementor-widget-wrap elementor-element-populated\">\n\t\t\t\t\t\t<div class=\"elementor-element elementor-element-895f5dd elementor-widget elementor-widget-heading\" data-id=\"895f5dd\" data-element_type=\"widget\" data-e-type=\"widget\" data-widget_type=\"heading.default\">\n\t\t\t\t<div class=\"elementor-widget-container\">\n\t\t\t\t\t<h3 class=\"elementor-heading-title elementor-size-default\">Standort Dresden<\/h3>\t\t\t\t<\/div>\n\t\t\t\t<\/div>\n\t\t\t\t<div class=\"elementor-element elementor-element-4afa065 elementor-widget-divider--view-line elementor-widget elementor-widget-divider\" data-id=\"4afa065\" data-element_type=\"widget\" data-e-type=\"widget\" data-widget_type=\"divider.default\">\n\t\t\t\t<div class=\"elementor-widget-container\">\n\t\t\t\t\t\t\t<div class=\"elementor-divider\">\n\t\t\t<span class=\"elementor-divider-separator\">\n\t\t\t\t\t\t<\/span>\n\t\t<\/div>\n\t\t\t\t\t\t<\/div>\n\t\t\t\t<\/div>\n\t\t\t\t<div class=\"elementor-element elementor-element-be8854f apartner-name elementor-widget elementor-widget-heading\" data-id=\"be8854f\" data-element_type=\"widget\" data-e-type=\"widget\" data-widget_type=\"heading.default\">\n\t\t\t\t<div class=\"elementor-widget-container\">\n\t\t\t\t\t<h4 class=\"elementor-heading-title elementor-size-default\">Jonas Kothy<br><span>Standortleiter Dresden<\/span><\/h4>\t\t\t\t<\/div>\n\t\t\t\t<\/div>\n\t\t\t\t<div class=\"elementor-element elementor-element-5617654 elementor-align-start elementor-icon-list--layout-traditional elementor-list-item-link-full_width elementor-widget elementor-widget-icon-list\" data-id=\"5617654\" data-element_type=\"widget\" data-e-type=\"widget\" data-widget_type=\"icon-list.default\">\n\t\t\t\t<div class=\"elementor-widget-container\">\n\t\t\t\t\t\t\t<ul class=\"elementor-icon-list-items\">\n\t\t\t\t\t\t\t<li class=\"elementor-icon-list-item\">\n\t\t\t\t\t\t\t\t\t\t\t<a href=\"tel:+4935179995200\">\n\n\t\t\t\t\t\t\t\t\t\t\t\t<span class=\"elementor-icon-list-icon\">\n\t\t\t\t\t\t\t<i aria-hidden=\"true\" class=\"fas fa-phone-alt\"><\/i>\t\t\t\t\t\t<\/span>\n\t\t\t\t\t\t\t\t\t\t<span class=\"elementor-icon-list-text\">+49 351 79995 200<\/span>\n\t\t\t\t\t\t\t\t\t\t\t<\/a>\n\t\t\t\t\t\t\t\t\t<\/li>\n\t\t\t\t\t\t\t\t<li class=\"elementor-icon-list-item\">\n\t\t\t\t\t\t\t\t\t\t\t<a href=\"mailto:dresden@faber-solartechnik.de\">\n\n\t\t\t\t\t\t\t\t\t\t\t\t<span class=\"elementor-icon-list-icon\">\n\t\t\t\t\t\t\t<i aria-hidden=\"true\" class=\"fas fa-envelope-open-text\"><\/i>\t\t\t\t\t\t<\/span>\n\t\t\t\t\t\t\t\t\t\t<span class=\"elementor-icon-list-text\">dresden@faber-solartechnik.de<\/span>\n\t\t\t\t\t\t\t\t\t\t\t<\/a>\n\t\t\t\t\t\t\t\t\t<\/li>\n\t\t\t\t\t\t<\/ul>\n\t\t\t\t\t\t<\/div>\n\t\t\t\t<\/div>\n\t\t\t\t\t<\/div>\n\t\t<\/div>\n\t\t\t\t\t<\/div>\n\t\t<\/section>\n\t\t\t\t\t<\/div>\n\t\t<\/div>\n\t\t\t\t\t<\/div>\n\t\t<\/section>\n\t\t\t\t<section class=\"elementor-section elementor-top-section elementor-element elementor-element-a1eaaaa elementor-section-full_width metrohero elementor-section-height-default elementor-section-height-default\" data-id=\"a1eaaaa\" data-element_type=\"section\" data-e-type=\"section\" data-settings=\"{&quot;background_motion_fx_motion_fx_mouse&quot;:&quot;yes&quot;,&quot;background_motion_fx_mouseTrack_effect&quot;:&quot;yes&quot;,&quot;background_motion_fx_mouseTrack_direction&quot;:&quot;negative&quot;,&quot;background_motion_fx_mouseTrack_speed&quot;:{&quot;unit&quot;:&quot;px&quot;,&quot;size&quot;:2.4,&quot;sizes&quot;:[]},&quot;background_background&quot;:&quot;classic&quot;}\">\n\t\t\t\t\t\t<div class=\"elementor-container elementor-column-gap-no\">\n\t\t\t\t\t<div class=\"elementor-column elementor-col-100 elementor-top-column elementor-element elementor-element-060dd43\" data-id=\"060dd43\" data-element_type=\"column\" data-e-type=\"column\">\n\t\t\t<div class=\"elementor-widget-wrap elementor-element-populated\">\n\t\t\t\t\t\t<div class=\"elementor-element elementor-element-a4bd6a0 elementor-widget elementor-widget-heading\" data-id=\"a4bd6a0\" data-element_type=\"widget\" data-e-type=\"widget\" data-widget_type=\"heading.default\">\n\t\t\t\t<div class=\"elementor-widget-container\">\n\t\t\t\t\t<span class=\"elementor-heading-title elementor-size-default\">Unsere weiteren Leistungen<\/span>\t\t\t\t<\/div>\n\t\t\t\t<\/div>\n\t\t\t\t<div class=\"elementor-element elementor-element-7fdc19b gradbluettl elementor-widget elementor-widget-heading\" data-id=\"7fdc19b\" data-element_type=\"widget\" data-e-type=\"widget\" data-widget_type=\"heading.default\">\n\t\t\t\t<div class=\"elementor-widget-container\">\n\t\t\t\t\t<h3 class=\"elementor-heading-title elementor-size-default\">Die Faber-Welt auf einen Blick<\/h3>\t\t\t\t<\/div>\n\t\t\t\t<\/div>\n\t\t\t\t<div class=\"elementor-element elementor-element-e74f287 elementor-widget-divider--view-line elementor-widget elementor-widget-divider\" data-id=\"e74f287\" data-element_type=\"widget\" data-e-type=\"widget\" data-widget_type=\"divider.default\">\n\t\t\t\t<div class=\"elementor-widget-container\">\n\t\t\t\t\t\t\t<div class=\"elementor-divider\">\n\t\t\t<span class=\"elementor-divider-separator\">\n\t\t\t\t\t\t<\/span>\n\t\t<\/div>\n\t\t\t\t\t\t<\/div>\n\t\t\t\t<\/div>\n\t\t\t\t<section class=\"elementor-section elementor-inner-section elementor-element elementor-element-d2f8b49 elementor-section-full_width elementor-section-height-default elementor-section-height-default\" data-id=\"d2f8b49\" data-element_type=\"section\" data-e-type=\"section\" data-settings=\"{&quot;animation_mobile&quot;:&quot;none&quot;}\">\n\t\t\t\t\t\t<div class=\"elementor-container elementor-column-gap-custom\">\n\t\t\t\t\t<div class=\"elementor-column elementor-col-50 elementor-inner-column elementor-element elementor-element-7ab96ae\" data-id=\"7ab96ae\" data-element_type=\"column\" data-e-type=\"column\">\n\t\t\t<div class=\"elementor-widget-wrap elementor-element-populated\">\n\t\t\t\t\t\t<div class=\"elementor-element elementor-element-dc6ff85 elementor--h-position-left elementor--v-position-top etecbox shadow runde-ecken elementor-widget elementor-widget-slides\" data-id=\"dc6ff85\" data-element_type=\"widget\" data-e-type=\"widget\" data-settings=\"{&quot;navigation&quot;:&quot;none&quot;,&quot;transition&quot;:&quot;fade&quot;,&quot;autoplay&quot;:&quot;yes&quot;,&quot;pause_on_hover&quot;:&quot;yes&quot;,&quot;pause_on_interaction&quot;:&quot;yes&quot;,&quot;autoplay_speed&quot;:5000,&quot;infinite&quot;:&quot;yes&quot;,&quot;transition_speed&quot;:500}\" data-widget_type=\"slides.default\">\n\t\t\t\t<div class=\"elementor-widget-container\">\n\t\t\t\t\t\t\t\t\t<div class=\"elementor-swiper\">\n\t\t\t\t\t<div class=\"elementor-slides-wrapper elementor-main-swiper swiper\" role=\"region\" aria-roledescription=\"carousel\" aria-label=\"Slider\" dir=\"ltr\" data-animation=\"\">\n\t\t\t\t<div class=\"swiper-wrapper elementor-slides\">\n\t\t\t\t\t\t\t\t\t\t<div class=\"elementor-repeater-item-6a7959a swiper-slide\" role=\"group\" aria-roledescription=\"slide\"><div class=\"swiper-slide-bg\" role=\"img\" aria-label=\"E-TEC Slider\"><\/div><a class=\"swiper-slide-inner\" href=\"https:\/\/faber-etec.de\/\" target=\"_blank\" rel=\"noopener\"><div class=\"swiper-slide-contents\"><div class=\"elementor-slide-heading\">Kompaktstationen <br> f\u00fcr Erneuerbare Energien<\/div><div class=\"elementor-slide-description\">Eigene Kompaktstations&shy;fertigung f\u00fcr den Mittel&shy;spannungs&shy;anschluss<\/div><div  class=\"elementor-button elementor-slide-button elementor-size-xs\"><span class=\"elementor-button-icon elementor-align-icon-left\"> \t\t\t\t<i aria-hidden=\"true\" class=\"fas fa-arrow-right\"><\/i> individuelles Angebot anfordern<\/span><\/div><\/div><\/a><\/div>\t\t\t\t<\/div>\n\t\t\t\t\t\t\t<\/div>\n\t\t\t\t<\/div>\n\t\t\t\t\t\t\t\t<\/div>\n\t\t\t\t<\/div>\n\t\t\t\t\t<\/div>\n\t\t<\/div>\n\t\t\t\t<div class=\"elementor-column elementor-col-50 elementor-inner-column elementor-element elementor-element-a560ef2\" data-id=\"a560ef2\" data-element_type=\"column\" data-e-type=\"column\">\n\t\t\t<div class=\"elementor-widget-wrap elementor-element-populated\">\n\t\t\t\t\t\t<div class=\"elementor-element elementor-element-856e3a7 elementor--h-position-left elementor--v-position-top epcbox shadow runde-ecken elementor-arrows-position-inside elementor-pagination-position-inside elementor-widget elementor-widget-slides\" data-id=\"856e3a7\" data-element_type=\"widget\" data-e-type=\"widget\" data-settings=\"{&quot;navigation&quot;:&quot;both&quot;,&quot;autoplay&quot;:&quot;yes&quot;,&quot;pause_on_hover&quot;:&quot;yes&quot;,&quot;pause_on_interaction&quot;:&quot;yes&quot;,&quot;autoplay_speed&quot;:5000,&quot;infinite&quot;:&quot;yes&quot;,&quot;transition&quot;:&quot;slide&quot;,&quot;transition_speed&quot;:500}\" data-widget_type=\"slides.default\">\n\t\t\t\t<div class=\"elementor-widget-container\">\n\t\t\t\t\t\t\t\t\t<div class=\"elementor-swiper\">\n\t\t\t\t\t<div class=\"elementor-slides-wrapper elementor-main-swiper swiper\" role=\"region\" aria-roledescription=\"carousel\" aria-label=\"Slider\" dir=\"ltr\" data-animation=\"fadeInLeft\">\n\t\t\t\t<div class=\"swiper-wrapper elementor-slides\">\n\t\t\t\t\t\t\t\t\t\t<div class=\"elementor-repeater-item-3e76c42 swiper-slide\" role=\"group\" aria-roledescription=\"slide\"><div class=\"swiper-slide-bg\" role=\"img\" aria-label=\"Gradient BG\"><\/div><a class=\"swiper-slide-inner\" href=\"https:\/\/faber-solartechnik.de\/epc\/\"><div class=\"swiper-slide-contents\"><div class=\"elementor-slide-heading\">Ihr erster <br>All-In-One EPC<\/div><div class=\"elementor-slide-description\"><b>ENGINEERING, PROCUREMENT AND CONSTRUCTION<\/b><br> <br>\n\nIhr erstes ganzheitliches <strong>EPC-Unternehmen<\/strong> Deutschlands. \nEinzigartige Kombination aus Photovoltaik und Mittelspannung.<\/div><div  class=\"elementor-button elementor-slide-button elementor-size-xs\"><span class=\"elementor-button-icon elementor-align-icon-left\"><i aria-hidden=\"true\" class=\"fas fa-arrow-right\"><\/i> Planung und Umsetzung Ihres Solarparks<\/span> <\/div><\/div><\/a><\/div>\t\t\t\t<\/div>\n\t\t\t\t\t\t\t<\/div>\n\t\t\t\t<\/div>\n\t\t\t\t\t\t\t\t<\/div>\n\t\t\t\t<\/div>\n\t\t\t\t\t<\/div>\n\t\t<\/div>\n\t\t\t\t\t<\/div>\n\t\t<\/section>\n\t\t\t\t<section class=\"elementor-section elementor-inner-section elementor-element elementor-element-779060e elementor-section-full_width elementor-section-height-default elementor-section-height-default\" data-id=\"779060e\" data-element_type=\"section\" data-e-type=\"section\" data-settings=\"{&quot;animation_mobile&quot;:&quot;none&quot;}\">\n\t\t\t\t\t\t<div class=\"elementor-container elementor-column-gap-custom\">\n\t\t\t\t\t<div class=\"elementor-column elementor-col-33 elementor-inner-column elementor-element elementor-element-c7d9ded\" data-id=\"c7d9ded\" data-element_type=\"column\" data-e-type=\"column\">\n\t\t\t<div class=\"elementor-widget-wrap elementor-element-populated\">\n\t\t\t\t\t\t<div class=\"elementor-element elementor-element-77f6d18 elementor--h-position-left elementor--v-position-top pachtenbox shadow runde-ecken elementor-arrows-position-inside elementor-pagination-position-inside elementor-widget elementor-widget-slides\" data-id=\"77f6d18\" data-element_type=\"widget\" data-e-type=\"widget\" data-settings=\"{&quot;navigation&quot;:&quot;both&quot;,&quot;autoplay&quot;:&quot;yes&quot;,&quot;pause_on_hover&quot;:&quot;yes&quot;,&quot;pause_on_interaction&quot;:&quot;yes&quot;,&quot;autoplay_speed&quot;:5000,&quot;infinite&quot;:&quot;yes&quot;,&quot;transition&quot;:&quot;slide&quot;,&quot;transition_speed&quot;:500}\" data-widget_type=\"slides.default\">\n\t\t\t\t<div class=\"elementor-widget-container\">\n\t\t\t\t\t\t\t\t\t<div class=\"elementor-swiper\">\n\t\t\t\t\t<div class=\"elementor-slides-wrapper elementor-main-swiper swiper\" role=\"region\" aria-roledescription=\"carousel\" aria-label=\"Slider\" dir=\"ltr\" data-animation=\"fadeInLeft\">\n\t\t\t\t<div class=\"swiper-wrapper elementor-slides\">\n\t\t\t\t\t\t\t\t\t\t<div class=\"elementor-repeater-item-3e76c42 swiper-slide\" role=\"group\" aria-roledescription=\"slide\"><div class=\"swiper-slide-bg\" role=\"img\" aria-label=\"Flaechen verpachten\"><\/div><div class=\"elementor-background-overlay\"><\/div><a class=\"swiper-slide-inner\" href=\"mailto:freiland@faber-solartechnik.de\"><div class=\"swiper-slide-contents\"><div class=\"elementor-slide-heading\">Fl\u00e4chen <br>verpachten<\/div><div class=\"elementor-slide-description\">Um den Energiehunger Deutschlands und der Welt zu stillen<\/div><div  class=\"elementor-button elementor-slide-button elementor-size-xs\"><span class=\"elementor-button-icon elementor-align-icon-left\"> \t\t\t\t<i aria-hidden=\"true\" class=\"fas fa-arrow-right\"><\/i> Jetzt Fl\u00e4chen anbieten<\/span><\/div><\/div><\/a><\/div>\t\t\t\t<\/div>\n\t\t\t\t\t\t\t<\/div>\n\t\t\t\t<\/div>\n\t\t\t\t\t\t\t\t<\/div>\n\t\t\t\t<\/div>\n\t\t\t\t\t<\/div>\n\t\t<\/div>\n\t\t\t\t<div class=\"elementor-column elementor-col-33 elementor-inner-column elementor-element elementor-element-bfc9be1\" data-id=\"bfc9be1\" data-element_type=\"column\" data-e-type=\"column\">\n\t\t\t<div class=\"elementor-widget-wrap elementor-element-populated\">\n\t\t\t\t\t\t<div class=\"elementor-element elementor-element-93068ab elementor--h-position-left elementor--v-position-top jobsbox shadow runde-ecken elementor-arrows-position-inside elementor-widget elementor-widget-slides\" data-id=\"93068ab\" data-element_type=\"widget\" data-e-type=\"widget\" data-settings=\"{&quot;navigation&quot;:&quot;arrows&quot;,&quot;transition&quot;:&quot;fade&quot;,&quot;autoplay_speed&quot;:6000,&quot;autoplay&quot;:&quot;yes&quot;,&quot;pause_on_hover&quot;:&quot;yes&quot;,&quot;pause_on_interaction&quot;:&quot;yes&quot;,&quot;infinite&quot;:&quot;yes&quot;,&quot;transition_speed&quot;:500}\" data-widget_type=\"slides.default\">\n\t\t\t\t<div class=\"elementor-widget-container\">\n\t\t\t\t\t\t\t\t\t<div class=\"elementor-swiper\">\n\t\t\t\t\t<div class=\"elementor-slides-wrapper elementor-main-swiper swiper\" role=\"region\" aria-roledescription=\"carousel\" aria-label=\"Slider\" dir=\"ltr\" data-animation=\"fadeInLeft\">\n\t\t\t\t<div class=\"swiper-wrapper elementor-slides\">\n\t\t\t\t\t\t\t\t\t\t<div class=\"elementor-repeater-item-3e76c42 swiper-slide\" role=\"group\" aria-roledescription=\"slide\"><div class=\"swiper-slide-bg elementor-ken-burns elementor-ken-burns--in\" role=\"img\" aria-label=\"Elektriker Jobs und Karriere Faber E-Tec\"><\/div><div class=\"elementor-background-overlay\"><\/div><a class=\"swiper-slide-inner\" href=\"https:\/\/www.faber-etec-karriere.de\/\" target=\"_blank\" rel=\"noopener\"><div class=\"swiper-slide-contents\"><div class=\"elementor-slide-heading\">Jobs als Elektriker<\/div><div class=\"elementor-slide-description\">Montage der elektrotech&shy;nischen Kompo&shy;nenten f\u00fcr <strong>Kompakt&shy;stationen<\/strong><\/div><div  class=\"elementor-button elementor-slide-button elementor-size-xs\"><span class=\"elementor-button-icon elementor-align-icon-left\"> \t\t\t\t<i aria-hidden=\"true\" class=\"fas fa-arrow-right\"><\/i> Jetzt Bewerben<\/span><\/div><\/div><\/a><\/div>\t\t\t\t<\/div>\n\t\t\t\t\t\t\t<\/div>\n\t\t\t\t<\/div>\n\t\t\t\t\t\t\t\t<\/div>\n\t\t\t\t<\/div>\n\t\t\t\t\t<\/div>\n\t\t<\/div>\n\t\t\t\t<div class=\"elementor-column elementor-col-33 elementor-inner-column elementor-element elementor-element-8510a15\" data-id=\"8510a15\" data-element_type=\"column\" data-e-type=\"column\">\n\t\t\t<div class=\"elementor-widget-wrap elementor-element-populated\">\n\t\t\t\t\t\t<div class=\"elementor-element elementor-element-c01b85a elementor--h-position-left elementor--v-position-top jobsbox shadow runde-ecken elementor-arrows-position-inside elementor-widget elementor-widget-slides\" data-id=\"c01b85a\" data-element_type=\"widget\" data-e-type=\"widget\" data-settings=\"{&quot;navigation&quot;:&quot;arrows&quot;,&quot;transition&quot;:&quot;fade&quot;,&quot;autoplay_speed&quot;:6000,&quot;autoplay&quot;:&quot;yes&quot;,&quot;pause_on_hover&quot;:&quot;yes&quot;,&quot;pause_on_interaction&quot;:&quot;yes&quot;,&quot;infinite&quot;:&quot;yes&quot;,&quot;transition_speed&quot;:500}\" data-widget_type=\"slides.default\">\n\t\t\t\t<div class=\"elementor-widget-container\">\n\t\t\t\t\t\t\t\t\t<div class=\"elementor-swiper\">\n\t\t\t\t\t<div class=\"elementor-slides-wrapper elementor-main-swiper swiper\" role=\"region\" aria-roledescription=\"carousel\" aria-label=\"Slider\" dir=\"ltr\" data-animation=\"fadeInLeft\">\n\t\t\t\t<div class=\"swiper-wrapper elementor-slides\">\n\t\t\t\t\t\t\t\t\t\t<div class=\"elementor-repeater-item-3e76c42 swiper-slide\" role=\"group\" aria-roledescription=\"slide\"><div class=\"swiper-slide-bg elementor-ken-burns elementor-ken-burns--in\" role=\"img\" aria-label=\"Elektriker Jobs Faber Solartechnik Dach - Eigene Montagetrupps\"><\/div><div class=\"elementor-background-overlay\"><\/div><a class=\"swiper-slide-inner\" href=\"https:\/\/faber-etec.de\/jobs\/\" target=\"_blank\" rel=\"noopener\"><div class=\"swiper-slide-contents\"><div class=\"elementor-slide-heading\">Montage<\/div><div class=\"elementor-slide-description\"><strong>Montage<\/strong>: Aufdach- und Freiland-Photovoltaik<\/div><div  class=\"elementor-button elementor-slide-button elementor-size-xs\"><span class=\"elementor-button-icon elementor-align-icon-left\"> \t\t\t\t<i aria-hidden=\"true\" class=\"fas fa-arrow-right\"><\/i> Jetzt Bewerben<\/span><\/div><\/div><\/a><\/div>\t\t\t\t<\/div>\n\t\t\t\t\t\t\t<\/div>\n\t\t\t\t<\/div>\n\t\t\t\t\t\t\t\t<\/div>\n\t\t\t\t<\/div>\n\t\t\t\t\t<\/div>\n\t\t<\/div>\n\t\t\t\t\t<\/div>\n\t\t<\/section>\n\t\t\t\t\t<\/div>\n\t\t<\/div>\n\t\t\t\t\t<\/div>\n\t\t<\/section>\n\t\t\t\t<section class=\"elementor-section elementor-top-section elementor-element elementor-element-9401ed1 metrohero elementor-section-boxed elementor-section-height-default elementor-section-height-default\" data-id=\"9401ed1\" data-element_type=\"section\" data-e-type=\"section\" data-settings=\"{&quot;background_background&quot;:&quot;classic&quot;}\">\n\t\t\t\t\t\t\t<div class=\"elementor-background-overlay\"><\/div>\n\t\t\t\t\t\t\t<div class=\"elementor-container elementor-column-gap-default\">\n\t\t\t\t\t<div class=\"elementor-column elementor-col-100 elementor-top-column elementor-element elementor-element-a185b0e\" data-id=\"a185b0e\" data-element_type=\"column\" data-e-type=\"column\">\n\t\t\t<div class=\"elementor-widget-wrap elementor-element-populated\">\n\t\t\t\t\t\t<section class=\"elementor-section elementor-inner-section elementor-element elementor-element-a84d6b3 elementor-section-boxed elementor-section-height-default elementor-section-height-default\" data-id=\"a84d6b3\" data-element_type=\"section\" data-e-type=\"section\">\n\t\t\t\t\t\t<div class=\"elementor-container elementor-column-gap-default\">\n\t\t\t\t\t<div class=\"elementor-column elementor-col-33 elementor-inner-column elementor-element elementor-element-3f08d46\" data-id=\"3f08d46\" data-element_type=\"column\" data-e-type=\"column\">\n\t\t\t<div class=\"elementor-widget-wrap elementor-element-populated\">\n\t\t\t\t\t\t<div class=\"elementor-element elementor-element-64b1f7e elementor-position-inline-start elementor-view-default elementor-mobile-position-block-start elementor-widget elementor-widget-icon-box\" data-id=\"64b1f7e\" data-element_type=\"widget\" data-e-type=\"widget\" data-widget_type=\"icon-box.default\">\n\t\t\t\t<div class=\"elementor-widget-container\">\n\t\t\t\t\t\t\t<div class=\"elementor-icon-box-wrapper\">\n\n\t\t\t\t\t\t<div class=\"elementor-icon-box-icon\">\n\t\t\t\t<a href=\"https:\/\/goo.gl\/maps\/V3kfiz92tLWuq7jc8\" target=\"_blank\" class=\"elementor-icon\" tabindex=\"-1\" aria-label=\"B\u00fcnde - Hauptsitz\" rel=\"noopener\">\n\t\t\t\t<i aria-hidden=\"true\" class=\"fas fa-map-marker-alt\"><\/i>\t\t\t\t<\/a>\n\t\t\t<\/div>\n\t\t\t\n\t\t\t\t\t\t<div class=\"elementor-icon-box-content\">\n\n\t\t\t\t\t\t\t\t\t<h3 class=\"elementor-icon-box-title\">\n\t\t\t\t\t\t<a href=\"https:\/\/goo.gl\/maps\/V3kfiz92tLWuq7jc8\" target=\"_blank\" rel=\"noopener\">\n\t\t\t\t\t\t\tB\u00fcnde - Hauptsitz\t\t\t\t\t\t<\/a>\n\t\t\t\t\t<\/h3>\n\t\t\t\t\n\t\t\t\t\t\t\t\t\t<p class=\"elementor-icon-box-description\">\n\t\t\t\t\t\tFaber Solartechnik GmbH<br>\nBachstra\u00dfe 21, 32257 B\u00fcnde\t\t\t\t\t<\/p>\n\t\t\t\t\n\t\t\t<\/div>\n\t\t\t\n\t\t<\/div>\n\t\t\t\t\t\t<\/div>\n\t\t\t\t<\/div>\n\t\t\t\t<div class=\"elementor-element elementor-element-ce7aab2 elementor-position-inline-start elementor-view-default elementor-mobile-position-block-start elementor-widget elementor-widget-icon-box\" data-id=\"ce7aab2\" data-element_type=\"widget\" data-e-type=\"widget\" data-widget_type=\"icon-box.default\">\n\t\t\t\t<div class=\"elementor-widget-container\">\n\t\t\t\t\t\t\t<div class=\"elementor-icon-box-wrapper\">\n\n\t\t\t\t\t\t<div class=\"elementor-icon-box-icon\">\n\t\t\t\t<a href=\"mailto:info@faber-solartechnik.de\" class=\"elementor-icon\" tabindex=\"-1\" aria-label=\"info@faber-solartechnik.de\">\n\t\t\t\t<i aria-hidden=\"true\" class=\"fas fa-envelope\"><\/i>\t\t\t\t<\/a>\n\t\t\t<\/div>\n\t\t\t\n\t\t\t\t\t\t<div class=\"elementor-icon-box-content\">\n\n\t\t\t\t\t\t\t\t\t<h4 class=\"elementor-icon-box-title\">\n\t\t\t\t\t\t<a href=\"mailto:info@faber-solartechnik.de\" >\n\t\t\t\t\t\t\tinfo@faber-solartechnik.de\t\t\t\t\t\t<\/a>\n\t\t\t\t\t<\/h4>\n\t\t\t\t\n\t\t\t\t\t\t\t\t\t<p class=\"elementor-icon-box-description\">\n\t\t\t\t\t\tE-Mail\t\t\t\t\t<\/p>\n\t\t\t\t\n\t\t\t<\/div>\n\t\t\t\n\t\t<\/div>\n\t\t\t\t\t\t<\/div>\n\t\t\t\t<\/div>\n\t\t\t\t<div class=\"elementor-element elementor-element-a7af9c1 elementor-position-inline-start elementor-view-default elementor-mobile-position-block-start elementor-widget elementor-widget-icon-box\" data-id=\"a7af9c1\" data-element_type=\"widget\" data-e-type=\"widget\" data-widget_type=\"icon-box.default\">\n\t\t\t\t<div class=\"elementor-widget-container\">\n\t\t\t\t\t\t\t<div class=\"elementor-icon-box-wrapper\">\n\n\t\t\t\t\t\t<div class=\"elementor-icon-box-icon\">\n\t\t\t\t<a href=\"tel:+4952236570800%20\" class=\"elementor-icon\" tabindex=\"-1\" aria-label=\"(+49) 5223 . 65708 00\">\n\t\t\t\t<i aria-hidden=\"true\" class=\"fas fa-phone-alt\"><\/i>\t\t\t\t<\/a>\n\t\t\t<\/div>\n\t\t\t\n\t\t\t\t\t\t<div class=\"elementor-icon-box-content\">\n\n\t\t\t\t\t\t\t\t\t<h3 class=\"elementor-icon-box-title\">\n\t\t\t\t\t\t<a href=\"tel:+4952236570800%20\" >\n\t\t\t\t\t\t\t(+49) 5223 . 65708 00\t\t\t\t\t\t<\/a>\n\t\t\t\t\t<\/h3>\n\t\t\t\t\n\t\t\t\t\t\t\t\t\t<p class=\"elementor-icon-box-description\">\n\t\t\t\t\t\tTelefon\t\t\t\t\t<\/p>\n\t\t\t\t\n\t\t\t<\/div>\n\t\t\t\n\t\t<\/div>\n\t\t\t\t\t\t<\/div>\n\t\t\t\t<\/div>\n\t\t\t\t\t<\/div>\n\t\t<\/div>\n\t\t\t\t<div class=\"elementor-column elementor-col-33 elementor-inner-column elementor-element elementor-element-67987c1\" data-id=\"67987c1\" data-element_type=\"column\" data-e-type=\"column\">\n\t\t\t<div class=\"elementor-widget-wrap elementor-element-populated\">\n\t\t\t\t\t\t<div class=\"elementor-element elementor-element-ba7ca4f elementor-position-inline-start elementor-view-default elementor-mobile-position-block-start elementor-widget elementor-widget-icon-box\" data-id=\"ba7ca4f\" data-element_type=\"widget\" data-e-type=\"widget\" data-widget_type=\"icon-box.default\">\n\t\t\t\t<div class=\"elementor-widget-container\">\n\t\t\t\t\t\t\t<div class=\"elementor-icon-box-wrapper\">\n\n\t\t\t\t\t\t<div class=\"elementor-icon-box-icon\">\n\t\t\t\t<a href=\"https:\/\/goo.gl\/maps\/cSZboqZSwfVRLeCQ6\" target=\"_blank\" class=\"elementor-icon\" tabindex=\"-1\" aria-label=\"B\u00fcnde - Werk \" rel=\"noopener\">\n\t\t\t\t<i aria-hidden=\"true\" class=\"fas fa-map-marker-alt\"><\/i>\t\t\t\t<\/a>\n\t\t\t<\/div>\n\t\t\t\n\t\t\t\t\t\t<div class=\"elementor-icon-box-content\">\n\n\t\t\t\t\t\t\t\t\t<h3 class=\"elementor-icon-box-title\">\n\t\t\t\t\t\t<a href=\"https:\/\/goo.gl\/maps\/cSZboqZSwfVRLeCQ6\" target=\"_blank\" rel=\"noopener\">\n\t\t\t\t\t\t\tB\u00fcnde - Werk \t\t\t\t\t\t<\/a>\n\t\t\t\t\t<\/h3>\n\t\t\t\t\n\t\t\t\t\t\t\t\t\t<p class=\"elementor-icon-box-description\">\n\t\t\t\t\t\tFaber E-Tec GmbH<br>\nAm Fichtenkamp 7-9, 32257 B\u00fcnde\t\t\t\t\t<\/p>\n\t\t\t\t\n\t\t\t<\/div>\n\t\t\t\n\t\t<\/div>\n\t\t\t\t\t\t<\/div>\n\t\t\t\t<\/div>\n\t\t\t\t<div class=\"elementor-element elementor-element-9ef7b48 elementor-position-inline-start elementor-view-default elementor-mobile-position-block-start elementor-widget elementor-widget-icon-box\" data-id=\"9ef7b48\" data-element_type=\"widget\" data-e-type=\"widget\" data-widget_type=\"icon-box.default\">\n\t\t\t\t<div class=\"elementor-widget-container\">\n\t\t\t\t\t\t\t<div class=\"elementor-icon-box-wrapper\">\n\n\t\t\t\t\t\t<div class=\"elementor-icon-box-icon\">\n\t\t\t\t<a href=\"mailto:info@faber-etec.de\" class=\"elementor-icon\" tabindex=\"-1\" aria-label=\"info@faber-etec.de\">\n\t\t\t\t<i aria-hidden=\"true\" class=\"fas fa-envelope\"><\/i>\t\t\t\t<\/a>\n\t\t\t<\/div>\n\t\t\t\n\t\t\t\t\t\t<div class=\"elementor-icon-box-content\">\n\n\t\t\t\t\t\t\t\t\t<h4 class=\"elementor-icon-box-title\">\n\t\t\t\t\t\t<a href=\"mailto:info@faber-etec.de\" >\n\t\t\t\t\t\t\tinfo@faber-etec.de\t\t\t\t\t\t<\/a>\n\t\t\t\t\t<\/h4>\n\t\t\t\t\n\t\t\t\t\t\t\t\t\t<p class=\"elementor-icon-box-description\">\n\t\t\t\t\t\tE-Mail\t\t\t\t\t<\/p>\n\t\t\t\t\n\t\t\t<\/div>\n\t\t\t\n\t\t<\/div>\n\t\t\t\t\t\t<\/div>\n\t\t\t\t<\/div>\n\t\t\t\t<div class=\"elementor-element elementor-element-543c96e elementor-position-inline-start elementor-view-default elementor-mobile-position-block-start elementor-widget elementor-widget-icon-box\" data-id=\"543c96e\" data-element_type=\"widget\" data-e-type=\"widget\" data-widget_type=\"icon-box.default\">\n\t\t\t\t<div class=\"elementor-widget-container\">\n\t\t\t\t\t\t\t<div class=\"elementor-icon-box-wrapper\">\n\n\t\t\t\t\t\t<div class=\"elementor-icon-box-icon\">\n\t\t\t\t<a href=\"tel:+4952236570800%20\" class=\"elementor-icon\" tabindex=\"-1\" aria-label=\"(+49) 5223 . 65708 00\">\n\t\t\t\t<i aria-hidden=\"true\" class=\"fas fa-phone-alt\"><\/i>\t\t\t\t<\/a>\n\t\t\t<\/div>\n\t\t\t\n\t\t\t\t\t\t<div class=\"elementor-icon-box-content\">\n\n\t\t\t\t\t\t\t\t\t<h3 class=\"elementor-icon-box-title\">\n\t\t\t\t\t\t<a href=\"tel:+4952236570800%20\" >\n\t\t\t\t\t\t\t(+49) 5223 . 65708 00\t\t\t\t\t\t<\/a>\n\t\t\t\t\t<\/h3>\n\t\t\t\t\n\t\t\t\t\t\t\t\t\t<p class=\"elementor-icon-box-description\">\n\t\t\t\t\t\tTelefon\t\t\t\t\t<\/p>\n\t\t\t\t\n\t\t\t<\/div>\n\t\t\t\n\t\t<\/div>\n\t\t\t\t\t\t<\/div>\n\t\t\t\t<\/div>\n\t\t\t\t\t<\/div>\n\t\t<\/div>\n\t\t\t\t<div class=\"elementor-column elementor-col-33 elementor-inner-column elementor-element elementor-element-f219867\" data-id=\"f219867\" data-element_type=\"column\" data-e-type=\"column\">\n\t\t\t<div class=\"elementor-widget-wrap elementor-element-populated\">\n\t\t\t\t\t\t<div class=\"elementor-element elementor-element-083ac95 elementor-position-inline-start elementor-view-default elementor-mobile-position-block-start elementor-widget elementor-widget-icon-box\" data-id=\"083ac95\" data-element_type=\"widget\" data-e-type=\"widget\" data-widget_type=\"icon-box.default\">\n\t\t\t\t<div class=\"elementor-widget-container\">\n\t\t\t\t\t\t\t<div class=\"elementor-icon-box-wrapper\">\n\n\t\t\t\t\t\t<div class=\"elementor-icon-box-icon\">\n\t\t\t\t<a href=\"https:\/\/goo.gl\/maps\/YhWdxDeFnLv9UjPP9\" target=\"_blank\" class=\"elementor-icon\" tabindex=\"-1\" aria-label=\"Standort Dresden\" rel=\"noopener\">\n\t\t\t\t<i aria-hidden=\"true\" class=\"fas fa-map-marker-alt\"><\/i>\t\t\t\t<\/a>\n\t\t\t<\/div>\n\t\t\t\n\t\t\t\t\t\t<div class=\"elementor-icon-box-content\">\n\n\t\t\t\t\t\t\t\t\t<h3 class=\"elementor-icon-box-title\">\n\t\t\t\t\t\t<a href=\"https:\/\/goo.gl\/maps\/YhWdxDeFnLv9UjPP9\" target=\"_blank\" rel=\"noopener\">\n\t\t\t\t\t\t\tStandort Dresden\t\t\t\t\t\t<\/a>\n\t\t\t\t\t<\/h3>\n\t\t\t\t\n\t\t\t\t\t\t\t\t\t<p class=\"elementor-icon-box-description\">\n\t\t\t\t\t\tFaber Solartechnik GmbH <br>\nDevrientstra\u00dfe 7, 01067 Dresden\t\t\t\t\t<\/p>\n\t\t\t\t\n\t\t\t<\/div>\n\t\t\t\n\t\t<\/div>\n\t\t\t\t\t\t<\/div>\n\t\t\t\t<\/div>\n\t\t\t\t<div class=\"elementor-element elementor-element-73082f1 elementor-position-inline-start elementor-view-default elementor-mobile-position-block-start elementor-widget elementor-widget-icon-box\" data-id=\"73082f1\" data-element_type=\"widget\" data-e-type=\"widget\" data-widget_type=\"icon-box.default\">\n\t\t\t\t<div class=\"elementor-widget-container\">\n\t\t\t\t\t\t\t<div class=\"elementor-icon-box-wrapper\">\n\n\t\t\t\t\t\t<div class=\"elementor-icon-box-icon\">\n\t\t\t\t<a href=\"mailto:dresden@faber-solartechnik.de\" class=\"elementor-icon\" tabindex=\"-1\" aria-label=\"dresden@faber-solartechnik.de\">\n\t\t\t\t<i aria-hidden=\"true\" class=\"fas fa-envelope\"><\/i>\t\t\t\t<\/a>\n\t\t\t<\/div>\n\t\t\t\n\t\t\t\t\t\t<div class=\"elementor-icon-box-content\">\n\n\t\t\t\t\t\t\t\t\t<h4 class=\"elementor-icon-box-title\">\n\t\t\t\t\t\t<a href=\"mailto:dresden@faber-solartechnik.de\" >\n\t\t\t\t\t\t\tdresden@faber-solartechnik.de\t\t\t\t\t\t<\/a>\n\t\t\t\t\t<\/h4>\n\t\t\t\t\n\t\t\t\t\t\t\t\t\t<p class=\"elementor-icon-box-description\">\n\t\t\t\t\t\tE-Mail\t\t\t\t\t<\/p>\n\t\t\t\t\n\t\t\t<\/div>\n\t\t\t\n\t\t<\/div>\n\t\t\t\t\t\t<\/div>\n\t\t\t\t<\/div>\n\t\t\t\t<div class=\"elementor-element elementor-element-f0687b1 elementor-position-inline-start elementor-view-default elementor-mobile-position-block-start elementor-widget elementor-widget-icon-box\" data-id=\"f0687b1\" data-element_type=\"widget\" data-e-type=\"widget\" data-widget_type=\"icon-box.default\">\n\t\t\t\t<div class=\"elementor-widget-container\">\n\t\t\t\t\t\t\t<div class=\"elementor-icon-box-wrapper\">\n\n\t\t\t\t\t\t<div class=\"elementor-icon-box-icon\">\n\t\t\t\t<a href=\"tel:+4935179995200\" class=\"elementor-icon\" tabindex=\"-1\" aria-label=\"(+49) 351 . 79995 200\">\n\t\t\t\t<i aria-hidden=\"true\" class=\"fas fa-phone-alt\"><\/i>\t\t\t\t<\/a>\n\t\t\t<\/div>\n\t\t\t\n\t\t\t\t\t\t<div class=\"elementor-icon-box-content\">\n\n\t\t\t\t\t\t\t\t\t<h3 class=\"elementor-icon-box-title\">\n\t\t\t\t\t\t<a href=\"tel:+4935179995200\" >\n\t\t\t\t\t\t\t(+49) 351 . 79995 200\t\t\t\t\t\t<\/a>\n\t\t\t\t\t<\/h3>\n\t\t\t\t\n\t\t\t\t\t\t\t\t\t<p class=\"elementor-icon-box-description\">\n\t\t\t\t\t\tTelefon\t\t\t\t\t<\/p>\n\t\t\t\t\n\t\t\t<\/div>\n\t\t\t\n\t\t<\/div>\n\t\t\t\t\t\t<\/div>\n\t\t\t\t<\/div>\n\t\t\t\t\t<\/div>\n\t\t<\/div>\n\t\t\t\t\t<\/div>\n\t\t<\/section>\n\t\t\t\t<section class=\"elementor-section elementor-inner-section elementor-element elementor-element-1092c52 elementor-section-boxed elementor-section-height-default elementor-section-height-default\" data-id=\"1092c52\" data-element_type=\"section\" data-e-type=\"section\">\n\t\t\t\t\t\t<div class=\"elementor-container elementor-column-gap-default\">\n\t\t\t\t\t<div class=\"elementor-column elementor-col-100 elementor-inner-column elementor-element elementor-element-add1749\" data-id=\"add1749\" data-element_type=\"column\" data-e-type=\"column\">\n\t\t\t<div class=\"elementor-widget-wrap elementor-element-populated\">\n\t\t\t\t\t\t<div class=\"elementor-element elementor-element-b7f5661 elementor-widget__width-auto elementor-widget elementor-widget-heading\" data-id=\"b7f5661\" data-element_type=\"widget\" data-e-type=\"widget\" data-widget_type=\"heading.default\">\n\t\t\t\t<div class=\"elementor-widget-container\">\n\t\t\t\t\t<span class=\"elementor-heading-title elementor-size-default\">[reset_cookie_button]<\/span>\t\t\t\t<\/div>\n\t\t\t\t<\/div>\n\t\t\t\t<div class=\"elementor-element elementor-element-42066cb elementor-widget__width-auto elementor-widget elementor-widget-heading\" data-id=\"42066cb\" data-element_type=\"widget\" data-e-type=\"widget\" data-widget_type=\"heading.default\">\n\t\t\t\t<div class=\"elementor-widget-container\">\n\t\t\t\t\t<span class=\"elementor-heading-title elementor-size-default\">Copyright 2026 \u00a9 Faber Solartechnik GmbH<\/span>\t\t\t\t<\/div>\n\t\t\t\t<\/div>\n\t\t\t\t<div class=\"elementor-element elementor-element-8b9e14f elementor-nav-menu--dropdown-none elementor-widget__width-auto elementor-widget elementor-widget-nav-menu\" data-id=\"8b9e14f\" data-element_type=\"widget\" data-e-type=\"widget\" data-settings=\"{&quot;layout&quot;:&quot;horizontal&quot;,&quot;submenu_icon&quot;:{&quot;value&quot;:&quot;&lt;i class=\\&quot;fas fa-caret-down\\&quot; aria-hidden=\\&quot;true\\&quot;&gt;&lt;\\\/i&gt;&quot;,&quot;library&quot;:&quot;fa-solid&quot;}}\" data-widget_type=\"nav-menu.default\">\n\t\t\t\t<div class=\"elementor-widget-container\">\n\t\t\t\t\t\t\t\t<nav aria-label=\"Men\u00fc\" class=\"elementor-nav-menu--main elementor-nav-menu__container elementor-nav-menu--layout-horizontal e--pointer-underline e--animation-fade\">\n\t\t\t\t<ul id=\"menu-1-8b9e14f\" class=\"elementor-nav-menu\"><li class=\"menu-item menu-item-type-post_type menu-item-object-page menu-item-117\"><a href=\"https:\/\/faber-solartechnik.de\/en\/impressum\/\" title=\"Impressum, Kontaktdaten, Adresse&#8230;\" class=\"elementor-item\">Impressum<\/a><\/li>\n<li class=\"menu-item menu-item-type-post_type menu-item-object-page menu-item-privacy-policy menu-item-118\"><a rel=\"privacy-policy\" href=\"https:\/\/faber-solartechnik.de\/en\/datenschutzerklaerung\/\" title=\"Unsere Datenschutzerkl\u00e4rung\" class=\"elementor-item\">Datenschutz<\/a><\/li>\n<li class=\"menu-item menu-item-type-custom menu-item-object-custom menu-item-7930\"><a href=\"#\" class=\"elementor-item elementor-item-anchor\"><span class=\"borlabs-cookie-open-dialog-preferences brlbs-cmpnt-container\" data-borlabs-cookie-title=\"Cookies\" data-borlabs-cookie-type=\"button\" ><\/span><\/a><\/li>\n<\/ul>\t\t\t<\/nav>\n\t\t\t\t\t\t<nav class=\"elementor-nav-menu--dropdown elementor-nav-menu__container\" aria-hidden=\"true\">\n\t\t\t\t<ul id=\"menu-2-8b9e14f\" class=\"elementor-nav-menu\"><li class=\"menu-item menu-item-type-post_type menu-item-object-page menu-item-117\"><a href=\"https:\/\/faber-solartechnik.de\/en\/impressum\/\" title=\"Impressum, Kontaktdaten, Adresse&#8230;\" class=\"elementor-item\" tabindex=\"-1\">Impressum<\/a><\/li>\n<li class=\"menu-item menu-item-type-post_type menu-item-object-page menu-item-privacy-policy menu-item-118\"><a rel=\"privacy-policy\" href=\"https:\/\/faber-solartechnik.de\/en\/datenschutzerklaerung\/\" title=\"Unsere Datenschutzerkl\u00e4rung\" class=\"elementor-item\" tabindex=\"-1\">Datenschutz<\/a><\/li>\n<li class=\"menu-item menu-item-type-custom menu-item-object-custom menu-item-7930\"><a href=\"#\" class=\"elementor-item elementor-item-anchor\" tabindex=\"-1\"><span class=\"borlabs-cookie-open-dialog-preferences brlbs-cmpnt-container\" data-borlabs-cookie-title=\"Cookies\" data-borlabs-cookie-type=\"button\" ><\/span><\/a><\/li>\n<\/ul>\t\t\t<\/nav>\n\t\t\t\t\t\t<\/div>\n\t\t\t\t<\/div>\n\t\t\t\t\t<\/div>\n\t\t<\/div>\n\t\t\t\t\t<\/div>\n\t\t<\/section>\n\t\t\t\t\t<\/div>\n\t\t<\/div>\n\t\t\t\t\t<\/div>\n\t\t<\/section>\n\t\t\t\t<\/div>\n\t\t","protected":false},"excerpt":{"rendered":"<p>Anfragen Faber Solartechnik GmbH Schl\u00fcsselfertige Photovoltaik-Anlagen Photovoltaik ist einzigartig! Die verbauten Solarzellen wandeln Kristall f\u00fcr Kristall die unersch\u00f6pfliche Energie der Sonne in alltagstauglichen Wechselstrom um, ohne das Gleichgewicht der Natur zu st\u00f6ren. Ein Paradebeispiel f\u00fcr regenerative Energie und das R\u00fcckgrat der deutschen Energiewende. Solarpotential berechnen Anfrage senden &#8222;Photovoltaik ist einzigartig: Modul f\u00fcr Modul erwacht die [&hellip;]<\/p>\n","protected":false},"author":2,"featured_media":0,"parent":0,"menu_order":0,"comment_status":"closed","ping_status":"closed","template":"elementor_canvas","meta":{"_acf_changed":false,"footnotes":""},"class_list":["post-2863","page","type-page","status-publish","hentry"],"acf":[],"_links":{"self":[{"href":"https:\/\/faber-solartechnik.de\/en\/wp-json\/wp\/v2\/pages\/2863","targetHints":{"allow":["GET"]}}],"collection":[{"href":"https:\/\/faber-solartechnik.de\/en\/wp-json\/wp\/v2\/pages"}],"about":[{"href":"https:\/\/faber-solartechnik.de\/en\/wp-json\/wp\/v2\/types\/page"}],"author":[{"embeddable":true,"href":"https:\/\/faber-solartechnik.de\/en\/wp-json\/wp\/v2\/users\/2"}],"replies":[{"embeddable":true,"href":"https:\/\/faber-solartechnik.de\/en\/wp-json\/wp\/v2\/comments?post=2863"}],"version-history":[{"count":460,"href":"https:\/\/faber-solartechnik.de\/en\/wp-json\/wp\/v2\/pages\/2863\/revisions"}],"predecessor-version":[{"id":7705,"href":"https:\/\/faber-solartechnik.de\/en\/wp-json\/wp\/v2\/pages\/2863\/revisions\/7705"}],"wp:attachment":[{"href":"https:\/\/faber-solartechnik.de\/en\/wp-json\/wp\/v2\/media?parent=2863"}],"curies":[{"name":"wp","href":"https:\/\/api.w.org\/{rel}","templated":true}]}}