{"id":4839,"date":"2023-06-20T14:47:46","date_gmt":"2023-06-20T12:47:46","guid":{"rendered":"https:\/\/faber-solartechnik.de\/?page_id=4839"},"modified":"2024-07-25T10:56:07","modified_gmt":"2024-07-25T08:56:07","slug":"epc","status":"publish","type":"page","link":"https:\/\/faber-solartechnik.de\/en\/epc\/","title":{"rendered":"EPC"},"content":{"rendered":"\t\t<div data-elementor-type=\"wp-page\" data-elementor-id=\"4839\" class=\"elementor elementor-4839\" data-elementor-post-type=\"page\">\n\t\t\t\t\t\t<header class=\"elementor-section elementor-top-section elementor-element elementor-element-1e5bcbb8 elementor-section-full_width elementor-section-height-default elementor-section-height-default\" data-id=\"1e5bcbb8\" data-element_type=\"section\" data-e-type=\"section\" data-settings=\"{&quot;sticky&quot;:&quot;top&quot;,&quot;sticky_on&quot;:[&quot;desktop&quot;],&quot;sticky_effects_offset&quot;:5,&quot;sticky_offset&quot;:0,&quot;sticky_anchor_link_offset&quot;:0}\">\n\t\t\t\t\t\t<div class=\"elementor-container elementor-column-gap-default\">\n\t\t\t\t\t<div class=\"elementor-column elementor-col-100 elementor-top-column elementor-element elementor-element-268dffbe\" data-id=\"268dffbe\" data-element_type=\"column\" data-e-type=\"column\">\n\t\t\t<div class=\"elementor-widget-wrap elementor-element-populated\">\n\t\t\t\t\t\t<section class=\"elementor-section elementor-inner-section elementor-element elementor-element-95d2a0f elementor-section-full_width runde-ecken elementor-section-height-default elementor-section-height-default\" data-id=\"95d2a0f\" data-element_type=\"section\" data-e-type=\"section\" id=\"blurheader\">\n\t\t\t\t\t\t<div class=\"elementor-container elementor-column-gap-no\">\n\t\t\t\t\t<div class=\"elementor-column elementor-col-33 elementor-inner-column elementor-element elementor-element-683956f\" data-id=\"683956f\" data-element_type=\"column\" data-e-type=\"column\">\n\t\t\t<div class=\"elementor-widget-wrap elementor-element-populated\">\n\t\t\t\t\t\t<div class=\"elementor-element elementor-element-63484044 e-transform elementor-widget__width-initial elementor-widget-mobile__width-inherit elementor-widget elementor-widget-image\" data-id=\"63484044\" data-element_type=\"widget\" data-e-type=\"widget\" data-settings=\"{&quot;_transform_translateX_effect_hover&quot;:{&quot;unit&quot;:&quot;px&quot;,&quot;size&quot;:10,&quot;sizes&quot;:[]},&quot;_transform_translateX_effect_hover_laptop&quot;:{&quot;unit&quot;:&quot;px&quot;,&quot;size&quot;:&quot;&quot;,&quot;sizes&quot;:[]},&quot;_transform_translateX_effect_hover_tablet_extra&quot;:{&quot;unit&quot;:&quot;px&quot;,&quot;size&quot;:&quot;&quot;,&quot;sizes&quot;:[]},&quot;_transform_translateX_effect_hover_tablet&quot;:{&quot;unit&quot;:&quot;px&quot;,&quot;size&quot;:&quot;&quot;,&quot;sizes&quot;:[]},&quot;_transform_translateX_effect_hover_mobile&quot;:{&quot;unit&quot;:&quot;px&quot;,&quot;size&quot;:&quot;&quot;,&quot;sizes&quot;:[]},&quot;_transform_translateY_effect_hover&quot;:{&quot;unit&quot;:&quot;px&quot;,&quot;size&quot;:&quot;&quot;,&quot;sizes&quot;:[]},&quot;_transform_translateY_effect_hover_laptop&quot;:{&quot;unit&quot;:&quot;px&quot;,&quot;size&quot;:&quot;&quot;,&quot;sizes&quot;:[]},&quot;_transform_translateY_effect_hover_tablet_extra&quot;:{&quot;unit&quot;:&quot;px&quot;,&quot;size&quot;:&quot;&quot;,&quot;sizes&quot;:[]},&quot;_transform_translateY_effect_hover_tablet&quot;:{&quot;unit&quot;:&quot;px&quot;,&quot;size&quot;:&quot;&quot;,&quot;sizes&quot;:[]},&quot;_transform_translateY_effect_hover_mobile&quot;:{&quot;unit&quot;:&quot;px&quot;,&quot;size&quot;:&quot;&quot;,&quot;sizes&quot;:[]}}\" data-widget_type=\"image.default\">\n\t\t\t\t<div class=\"elementor-widget-container\">\n\t\t\t\t\t\t\t\t\t\t\t\t\t\t\t\t<a href=\"https:\/\/faber-solartechnik.de\/\">\n\t\t\t\t\t\t\t<img loading=\"lazy\" decoding=\"async\" width=\"300\" height=\"97\" src=\"https:\/\/faber-solartechnik.de\/wp-content\/uploads\/2020\/05\/Faber_Solartechnik_Logo_PNG-300x97.png\" class=\"attachment-medium size-medium wp-image-1281\" alt=\"Das Logo von Faber Solartechnik GmbH\" srcset=\"https:\/\/faber-solartechnik.de\/wp-content\/uploads\/2020\/05\/Faber_Solartechnik_Logo_PNG-300x97.png 300w, https:\/\/faber-solartechnik.de\/wp-content\/uploads\/2020\/05\/Faber_Solartechnik_Logo_PNG.png 332w\" sizes=\"(max-width: 300px) 100vw, 300px\" \/>\t\t\t\t\t\t\t\t<\/a>\n\t\t\t\t\t\t\t\t\t\t\t\t\t\t\t<\/div>\n\t\t\t\t<\/div>\n\t\t\t\t\t<\/div>\n\t\t<\/div>\n\t\t\t\t<div class=\"elementor-column elementor-col-33 elementor-inner-column elementor-element elementor-element-4361de9f\" data-id=\"4361de9f\" data-element_type=\"column\" data-e-type=\"column\">\n\t\t\t<div class=\"elementor-widget-wrap elementor-element-populated\">\n\t\t\t\t\t\t<div class=\"elementor-element elementor-element-3a7d7bef elementor-nav-menu__align-center elementor-nav-menu--stretch elementor-nav-menu__text-align-center elementor-widget__width-initial headernav elementor-nav-menu--dropdown-tablet elementor-nav-menu--toggle elementor-nav-menu--burger elementor-widget elementor-widget-nav-menu\" data-id=\"3a7d7bef\" data-element_type=\"widget\" data-e-type=\"widget\" data-settings=\"{&quot;full_width&quot;:&quot;stretch&quot;,&quot;submenu_icon&quot;:{&quot;value&quot;:&quot;&lt;i class=\\&quot;fas fa-angle-down\\&quot; aria-hidden=\\&quot;true\\&quot;&gt;&lt;\\\/i&gt;&quot;,&quot;library&quot;:&quot;fa-solid&quot;},&quot;layout&quot;:&quot;horizontal&quot;,&quot;toggle&quot;:&quot;burger&quot;}\" data-widget_type=\"nav-menu.default\">\n\t\t\t\t<div class=\"elementor-widget-container\">\n\t\t\t\t\t\t\t\t<nav aria-label=\"Men\u00fc\" class=\"elementor-nav-menu--main elementor-nav-menu__container elementor-nav-menu--layout-horizontal e--pointer-underline e--animation-slide\">\n\t\t\t\t<ul id=\"menu-1-3a7d7bef\" class=\"elementor-nav-menu\"><li class=\"menu-item menu-item-type-custom menu-item-object-custom menu-item-4378\"><a href=\"#abc\" class=\"elementor-item elementor-item-anchor\">ABC<\/a><\/li>\n<li class=\"menu-item menu-item-type-custom menu-item-object-custom menu-item-4380\"><a href=\"#6schritte\" class=\"elementor-item elementor-item-anchor\">6 Schritte<\/a><\/li>\n<li class=\"menu-item menu-item-type-custom menu-item-object-custom menu-item-4381\"><a href=\"#netzanschluss\" class=\"elementor-item elementor-item-anchor\">Netzanschluss<\/a><\/li>\n<li class=\"menu-item menu-item-type-custom menu-item-object-custom menu-item-4384\"><a href=\"#pvspielwiesen\" class=\"elementor-item elementor-item-anchor\">Spielwiesen<\/a><\/li>\n<li class=\"menu-item menu-item-type-custom menu-item-object-custom menu-item-4379\"><a href=\"#referenzen\" class=\"elementor-item elementor-item-anchor\">Referenzen<\/a><\/li>\n<li class=\"menu-item menu-item-type-custom menu-item-object-custom menu-item-4383\"><a href=\"#kontakt\" class=\"elementor-item elementor-item-anchor\">Kontakt<\/a><\/li>\n<\/ul>\t\t\t<\/nav>\n\t\t\t\t\t<div class=\"elementor-menu-toggle\" role=\"button\" tabindex=\"0\" aria-label=\"Menu Toggle\" aria-expanded=\"false\">\n\t\t\t<i aria-hidden=\"true\" role=\"presentation\" class=\"elementor-menu-toggle__icon--open eicon-menu-bar\"><\/i><i aria-hidden=\"true\" role=\"presentation\" class=\"elementor-menu-toggle__icon--close eicon-close\"><\/i>\t\t<\/div>\n\t\t\t\t\t<nav class=\"elementor-nav-menu--dropdown elementor-nav-menu__container\" aria-hidden=\"true\">\n\t\t\t\t<ul id=\"menu-2-3a7d7bef\" class=\"elementor-nav-menu\"><li class=\"menu-item menu-item-type-custom menu-item-object-custom menu-item-4378\"><a href=\"#abc\" class=\"elementor-item elementor-item-anchor\" tabindex=\"-1\">ABC<\/a><\/li>\n<li class=\"menu-item menu-item-type-custom menu-item-object-custom menu-item-4380\"><a href=\"#6schritte\" class=\"elementor-item elementor-item-anchor\" tabindex=\"-1\">6 Schritte<\/a><\/li>\n<li class=\"menu-item menu-item-type-custom menu-item-object-custom menu-item-4381\"><a href=\"#netzanschluss\" class=\"elementor-item elementor-item-anchor\" tabindex=\"-1\">Netzanschluss<\/a><\/li>\n<li class=\"menu-item menu-item-type-custom menu-item-object-custom menu-item-4384\"><a href=\"#pvspielwiesen\" class=\"elementor-item elementor-item-anchor\" tabindex=\"-1\">Spielwiesen<\/a><\/li>\n<li class=\"menu-item menu-item-type-custom menu-item-object-custom menu-item-4379\"><a href=\"#referenzen\" class=\"elementor-item elementor-item-anchor\" tabindex=\"-1\">Referenzen<\/a><\/li>\n<li class=\"menu-item menu-item-type-custom menu-item-object-custom menu-item-4383\"><a href=\"#kontakt\" class=\"elementor-item elementor-item-anchor\" tabindex=\"-1\">Kontakt<\/a><\/li>\n<\/ul>\t\t\t<\/nav>\n\t\t\t\t\t\t<\/div>\n\t\t\t\t<\/div>\n\t\t\t\t\t<\/div>\n\t\t<\/div>\n\t\t\t\t<div class=\"elementor-column elementor-col-33 elementor-inner-column elementor-element elementor-element-1e16b85c\" data-id=\"1e16b85c\" data-element_type=\"column\" data-e-type=\"column\">\n\t\t\t<div class=\"elementor-widget-wrap elementor-element-populated\">\n\t\t\t\t\t\t<div class=\"elementor-element elementor-element-9a88b69 elementor-align-center inquirebtn elementor-widget__width-auto e-transform elementor-invisible elementor-widget elementor-widget-button\" data-id=\"9a88b69\" data-element_type=\"widget\" data-e-type=\"widget\" data-settings=\"{&quot;_animation&quot;:&quot;fadeInLeft&quot;,&quot;_transform_translateX_effect_hover&quot;:{&quot;unit&quot;:&quot;px&quot;,&quot;size&quot;:-10,&quot;sizes&quot;:[]},&quot;_transform_translateX_effect_hover_laptop&quot;:{&quot;unit&quot;:&quot;px&quot;,&quot;size&quot;:&quot;&quot;,&quot;sizes&quot;:[]},&quot;_transform_translateX_effect_hover_tablet_extra&quot;:{&quot;unit&quot;:&quot;px&quot;,&quot;size&quot;:&quot;&quot;,&quot;sizes&quot;:[]},&quot;_transform_translateX_effect_hover_tablet&quot;:{&quot;unit&quot;:&quot;px&quot;,&quot;size&quot;:&quot;&quot;,&quot;sizes&quot;:[]},&quot;_transform_translateX_effect_hover_mobile&quot;:{&quot;unit&quot;:&quot;px&quot;,&quot;size&quot;:&quot;&quot;,&quot;sizes&quot;:[]},&quot;_transform_translateY_effect_hover&quot;:{&quot;unit&quot;:&quot;px&quot;,&quot;size&quot;:&quot;&quot;,&quot;sizes&quot;:[]},&quot;_transform_translateY_effect_hover_laptop&quot;:{&quot;unit&quot;:&quot;px&quot;,&quot;size&quot;:&quot;&quot;,&quot;sizes&quot;:[]},&quot;_transform_translateY_effect_hover_tablet_extra&quot;:{&quot;unit&quot;:&quot;px&quot;,&quot;size&quot;:&quot;&quot;,&quot;sizes&quot;:[]},&quot;_transform_translateY_effect_hover_tablet&quot;:{&quot;unit&quot;:&quot;px&quot;,&quot;size&quot;:&quot;&quot;,&quot;sizes&quot;:[]},&quot;_transform_translateY_effect_hover_mobile&quot;:{&quot;unit&quot;:&quot;px&quot;,&quot;size&quot;:&quot;&quot;,&quot;sizes&quot;:[]}}\" data-widget_type=\"button.default\">\n\t\t\t\t<div class=\"elementor-widget-container\">\n\t\t\t\t\t\t\t\t\t<div class=\"elementor-button-wrapper\">\n\t\t\t\t\t<a class=\"elementor-button elementor-button-link elementor-size-sm\" href=\"#anfrageform\">\n\t\t\t\t\t\t<span class=\"elementor-button-content-wrapper\">\n\t\t\t\t\t\t<span class=\"elementor-button-icon\">\n\t\t\t\t<i aria-hidden=\"true\" class=\"fas fa-arrow-right\"><\/i>\t\t\t<\/span>\n\t\t\t\t\t\t\t\t\t<span class=\"elementor-button-text\">Anfragen<\/span>\n\t\t\t\t\t<\/span>\n\t\t\t\t\t<\/a>\n\t\t\t\t<\/div>\n\t\t\t\t\t\t\t\t<\/div>\n\t\t\t\t<\/div>\n\t\t\t\t\t<\/div>\n\t\t<\/div>\n\t\t\t\t\t<\/div>\n\t\t<\/section>\n\t\t\t\t\t<\/div>\n\t\t<\/div>\n\t\t\t\t\t<\/div>\n\t\t<\/header>\n\t\t\t\t<section class=\"elementor-section elementor-top-section elementor-element elementor-element-60c4d77d elementor-section-height-min-height elementor-section-boxed elementor-section-height-default elementor-section-items-middle\" data-id=\"60c4d77d\" data-element_type=\"section\" data-e-type=\"section\" data-settings=\"{&quot;background_background&quot;:&quot;classic&quot;,&quot;background_motion_fx_motion_fx_mouse&quot;:&quot;yes&quot;,&quot;background_motion_fx_mouseTrack_effect&quot;:&quot;yes&quot;,&quot;background_motion_fx_mouseTrack_direction&quot;:&quot;negative&quot;,&quot;background_motion_fx_mouseTrack_speed&quot;:{&quot;unit&quot;:&quot;px&quot;,&quot;size&quot;:2.4,&quot;sizes&quot;:[]},&quot;shape_divider_bottom&quot;:&quot;mountains&quot;}\">\n\t\t\t\t\t<div class=\"elementor-shape elementor-shape-bottom\" aria-hidden=\"true\" data-negative=\"false\">\n\t\t\t<svg xmlns=\"http:\/\/www.w3.org\/2000\/svg\" viewBox=\"0 0 1000 100\" preserveAspectRatio=\"none\">\n\t<path class=\"elementor-shape-fill\" opacity=\"0.33\" d=\"M473,67.3c-203.9,88.3-263.1-34-320.3,0C66,119.1,0,59.7,0,59.7V0h1000v59.7 c0,0-62.1,26.1-94.9,29.3c-32.8,3.3-62.8-12.3-75.8-22.1C806,49.6,745.3,8.7,694.9,4.7S492.4,59,473,67.3z\"\/>\n\t<path class=\"elementor-shape-fill\" opacity=\"0.66\" d=\"M734,67.3c-45.5,0-77.2-23.2-129.1-39.1c-28.6-8.7-150.3-10.1-254,39.1 s-91.7-34.4-149.2,0C115.7,118.3,0,39.8,0,39.8V0h1000v36.5c0,0-28.2-18.5-92.1-18.5C810.2,18.1,775.7,67.3,734,67.3z\"\/>\n\t<path class=\"elementor-shape-fill\" d=\"M766.1,28.9c-200-57.5-266,65.5-395.1,19.5C242,1.8,242,5.4,184.8,20.6C128,35.8,132.3,44.9,89.9,52.5C28.6,63.7,0,0,0,0 h1000c0,0-9.9,40.9-83.6,48.1S829.6,47,766.1,28.9z\"\/>\n<\/svg>\t\t<\/div>\n\t\t\t\t\t<div class=\"elementor-container elementor-column-gap-wider\">\n\t\t\t\t\t<div class=\"elementor-column elementor-col-50 elementor-top-column elementor-element elementor-element-1d071a4e\" data-id=\"1d071a4e\" data-element_type=\"column\" data-e-type=\"column\">\n\t\t\t<div class=\"elementor-widget-wrap elementor-element-populated\">\n\t\t\t\t\t\t<div class=\"elementor-element elementor-element-1cedd820 elementor-widget elementor-widget-heading\" data-id=\"1cedd820\" data-element_type=\"widget\" data-e-type=\"widget\" data-settings=\"{&quot;_animation_mobile&quot;:&quot;none&quot;}\" data-widget_type=\"heading.default\">\n\t\t\t\t<div class=\"elementor-widget-container\">\n\t\t\t\t\t<span class=\"elementor-heading-title elementor-size-default\">Engineering, Procurement and Construction<\/span>\t\t\t\t<\/div>\n\t\t\t\t<\/div>\n\t\t\t\t<div class=\"elementor-element elementor-element-5e6570eb elementor-widget-divider--view-line elementor-widget elementor-widget-divider\" data-id=\"5e6570eb\" data-element_type=\"widget\" data-e-type=\"widget\" data-widget_type=\"divider.default\">\n\t\t\t\t<div class=\"elementor-widget-container\">\n\t\t\t\t\t\t\t<div class=\"elementor-divider\">\n\t\t\t<span class=\"elementor-divider-separator\">\n\t\t\t\t\t\t<\/span>\n\t\t<\/div>\n\t\t\t\t\t\t<\/div>\n\t\t\t\t<\/div>\n\t\t\t\t<div class=\"elementor-element elementor-element-5854d360 elementor-widget elementor-widget-heading\" data-id=\"5854d360\" data-element_type=\"widget\" data-e-type=\"widget\" data-settings=\"{&quot;_animation_mobile&quot;:&quot;none&quot;}\" data-widget_type=\"heading.default\">\n\t\t\t\t<div class=\"elementor-widget-container\">\n\t\t\t\t\t<h1 class=\"elementor-heading-title elementor-size-default\"><span class=\"gradbluettl\">Ihr erster <\/span><br><b><span class=\"txt anim-text-flow\"><span>A<\/span><span>l<\/span><span>l<\/span><span>-<\/span><span>I<\/span><span>n<\/span><span>-<\/span><span>O<\/span><span>n<\/span><span>e<\/span> <\/span><\/b> <span class=\"gradbluettl\">EPC <\/span><\/h1>\t\t\t\t<\/div>\n\t\t\t\t<\/div>\n\t\t\t\t<div class=\"elementor-element elementor-element-5cd28ef0 elementor-widget elementor-widget-text-editor\" data-id=\"5cd28ef0\" data-element_type=\"widget\" data-e-type=\"widget\" data-settings=\"{&quot;_animation_mobile&quot;:&quot;none&quot;}\" data-widget_type=\"text-editor.default\">\n\t\t\t\t<div class=\"elementor-widget-container\">\n\t\t\t\t\t\t\t\t\t<p>Schl\u00fcsselfertige Planung, Umsetzung und Inbetriebnahme von Photovoltaik-Anlagen.\u00a0\u00dcber 15 Jahre Erfahrung im Solarsektor.<\/p>\t\t\t\t\t\t\t\t<\/div>\n\t\t\t\t<\/div>\n\t\t\t\t\t<\/div>\n\t\t<\/div>\n\t\t\t\t<div class=\"elementor-column elementor-col-50 elementor-top-column elementor-element elementor-element-4ecc370\" data-id=\"4ecc370\" data-element_type=\"column\" data-e-type=\"column\">\n\t\t\t<div class=\"elementor-widget-wrap elementor-element-populated\">\n\t\t\t\t\t\t<div class=\"elementor-element elementor-element-1f647d17 gradbluebtn sliderarrowright elementor--h-position-center elementor--v-position-middle elementor-arrows-position-inside elementor-widget elementor-widget-slides\" data-id=\"1f647d17\" data-element_type=\"widget\" data-e-type=\"widget\" data-settings=\"{&quot;navigation&quot;:&quot;arrows&quot;,&quot;transition&quot;:&quot;fade&quot;,&quot;_animation_mobile&quot;:&quot;none&quot;,&quot;autoplay&quot;:&quot;yes&quot;,&quot;autoplay_speed&quot;:5000,&quot;infinite&quot;:&quot;yes&quot;,&quot;transition_speed&quot;:500}\" data-widget_type=\"slides.default\">\n\t\t\t\t<div class=\"elementor-widget-container\">\n\t\t\t\t\t\t\t\t\t<div class=\"elementor-swiper\">\n\t\t\t\t\t<div class=\"elementor-slides-wrapper elementor-main-swiper swiper\" role=\"region\" aria-roledescription=\"carousel\" aria-label=\"Slider\" dir=\"ltr\" data-animation=\"fadeInUp\">\n\t\t\t\t<div class=\"swiper-wrapper elementor-slides\">\n\t\t\t\t\t\t\t\t\t\t<div class=\"elementor-repeater-item-6739b97 swiper-slide\" role=\"group\" aria-roledescription=\"slide\"><div class=\"swiper-slide-bg\" role=\"img\" aria-label=\"3x Solar Module Slider C\"><\/div><div class=\"swiper-slide-inner\" ><div class=\"swiper-slide-contents\"><\/div><\/div><\/div><div class=\"elementor-repeater-item-2891dcf swiper-slide\" role=\"group\" aria-roledescription=\"slide\"><div class=\"swiper-slide-bg\" role=\"img\" aria-label=\"Trafo Slider C\"><\/div><div class=\"swiper-slide-inner\" ><div class=\"swiper-slide-contents\"><a href=\"https:\/\/faber-etec.de\/\" target=\"_blank\" class=\"elementor-button elementor-slide-button elementor-size-md\" rel=\"noopener\"><span class=\"elementor-button-icon elementor-align-icon-left\"><i aria-hidden=\"true\" class=\"fas fa-clock\"><\/i>  Schnelle Umsetzung!<\/span> <\/a><\/div><\/div><\/div>\t\t\t\t<\/div>\n\t\t\t\t\t\t\t\t\t\t\t\t\t\t\t<div class=\"elementor-swiper-button elementor-swiper-button-prev\" role=\"button\" tabindex=\"0\" aria-label=\"Vorheriges Dia\">\n\t\t\t\t\t\t\t<i aria-hidden=\"true\" class=\"eicon-chevron-left\"><\/i>\t\t\t\t\t\t<\/div>\n\t\t\t\t\t\t<div class=\"elementor-swiper-button elementor-swiper-button-next\" role=\"button\" tabindex=\"0\" aria-label=\"N\u00e4chste Folie\">\n\t\t\t\t\t\t\t<i aria-hidden=\"true\" class=\"eicon-chevron-right\"><\/i>\t\t\t\t\t\t<\/div>\n\t\t\t\t\t\t\t\t\t\t\t\t\t\t\t\t\t<\/div>\n\t\t\t\t<\/div>\n\t\t\t\t\t\t\t\t<\/div>\n\t\t\t\t<\/div>\n\t\t\t\t\t<\/div>\n\t\t<\/div>\n\t\t\t\t\t<\/div>\n\t\t<\/section>\n\t\t\t\t<section class=\"elementor-section elementor-top-section elementor-element elementor-element-3b9f7e5c elementor-hidden-mobile epc-kreis elementor-hidden-tablet elementor-section-boxed elementor-section-height-default elementor-section-height-default\" data-id=\"3b9f7e5c\" data-element_type=\"section\" data-e-type=\"section\" data-settings=\"{&quot;background_background&quot;:&quot;classic&quot;}\">\n\t\t\t\t\t\t\t<div class=\"elementor-background-overlay\"><\/div>\n\t\t\t\t\t\t\t<div class=\"elementor-container elementor-column-gap-wider\">\n\t\t\t\t\t<div class=\"elementor-column elementor-col-100 elementor-top-column elementor-element elementor-element-1ac95439\" data-id=\"1ac95439\" data-element_type=\"column\" data-e-type=\"column\">\n\t\t\t<div class=\"elementor-widget-wrap elementor-element-populated\">\n\t\t\t\t\t\t<div class=\"elementor-element elementor-element-21156c8b elementor-widget__width-auto elementor-invisible elementor-widget elementor-widget-image\" data-id=\"21156c8b\" data-element_type=\"widget\" data-e-type=\"widget\" data-settings=\"{&quot;_animation&quot;:&quot;zoomIn&quot;,&quot;motion_fx_motion_fx_scrolling&quot;:&quot;yes&quot;,&quot;motion_fx_rotateZ_effect&quot;:&quot;yes&quot;,&quot;motion_fx_devices&quot;:[&quot;desktop&quot;],&quot;motion_fx_rotateZ_speed&quot;:{&quot;unit&quot;:&quot;px&quot;,&quot;size&quot;:1,&quot;sizes&quot;:[]},&quot;motion_fx_rotateZ_affectedRange&quot;:{&quot;unit&quot;:&quot;%&quot;,&quot;size&quot;:&quot;&quot;,&quot;sizes&quot;:{&quot;start&quot;:0,&quot;end&quot;:100}}}\" data-widget_type=\"image.default\">\n\t\t\t\t<div class=\"elementor-widget-container\">\n\t\t\t\t\t\t\t\t\t\t\t\t\t\t\t<img loading=\"lazy\" decoding=\"async\" width=\"800\" height=\"800\" src=\"https:\/\/faber-solartechnik.de\/wp-content\/uploads\/2023\/06\/EPC-Kreis-Web-Logo-comp.png\" class=\"attachment-full size-full wp-image-4827\" alt=\"\" srcset=\"https:\/\/faber-solartechnik.de\/wp-content\/uploads\/2023\/06\/EPC-Kreis-Web-Logo-comp.png 800w, https:\/\/faber-solartechnik.de\/wp-content\/uploads\/2023\/06\/EPC-Kreis-Web-Logo-comp-300x300.png 300w, https:\/\/faber-solartechnik.de\/wp-content\/uploads\/2023\/06\/EPC-Kreis-Web-Logo-comp-150x150.png 150w, https:\/\/faber-solartechnik.de\/wp-content\/uploads\/2023\/06\/EPC-Kreis-Web-Logo-comp-768x768.png 768w, https:\/\/faber-solartechnik.de\/wp-content\/uploads\/2023\/06\/EPC-Kreis-Web-Logo-comp-12x12.png 12w\" sizes=\"(max-width: 800px) 100vw, 800px\" \/>\t\t\t\t\t\t\t\t\t\t\t\t\t\t\t<\/div>\n\t\t\t\t<\/div>\n\t\t\t\t<div class=\"elementor-element elementor-element-269e8169 elementor-widget__width-initial elementor-absolute animated-slow gradbluettl elementor-position-top elementor-invisible elementor-widget elementor-widget-image-box\" data-id=\"269e8169\" data-element_type=\"widget\" data-e-type=\"widget\" data-settings=\"{&quot;_position&quot;:&quot;absolute&quot;,&quot;_animation&quot;:&quot;fadeInRight&quot;,&quot;_animation_delay&quot;:300,&quot;motion_fx_motion_fx_scrolling&quot;:&quot;yes&quot;,&quot;motion_fx_translateY_effect&quot;:&quot;yes&quot;,&quot;motion_fx_translateY_speed&quot;:{&quot;unit&quot;:&quot;px&quot;,&quot;size&quot;:1,&quot;sizes&quot;:[]},&quot;motion_fx_translateX_effect&quot;:&quot;yes&quot;,&quot;motion_fx_translateX_speed&quot;:{&quot;unit&quot;:&quot;px&quot;,&quot;size&quot;:1,&quot;sizes&quot;:[]},&quot;motion_fx_translateY_affectedRange&quot;:{&quot;unit&quot;:&quot;%&quot;,&quot;size&quot;:&quot;&quot;,&quot;sizes&quot;:{&quot;start&quot;:0,&quot;end&quot;:100}},&quot;motion_fx_translateX_affectedRange&quot;:{&quot;unit&quot;:&quot;%&quot;,&quot;size&quot;:&quot;&quot;,&quot;sizes&quot;:{&quot;start&quot;:0,&quot;end&quot;:100}},&quot;motion_fx_devices&quot;:[&quot;desktop&quot;,&quot;laptop&quot;,&quot;tablet_extra&quot;,&quot;tablet&quot;,&quot;mobile&quot;]}\" data-widget_type=\"image-box.default\">\n\t\t\t\t<div class=\"elementor-widget-container\">\n\t\t\t\t\t<div class=\"elementor-image-box-wrapper\"><figure class=\"elementor-image-box-img\"><img loading=\"lazy\" decoding=\"async\" width=\"512\" height=\"512\" src=\"https:\/\/faber-solartechnik.de\/wp-content\/uploads\/2023\/06\/Icon-EPC-Engineering.png\" class=\"attachment-full size-full wp-image-5012\" alt=\"\" srcset=\"https:\/\/faber-solartechnik.de\/wp-content\/uploads\/2023\/06\/Icon-EPC-Engineering.png 512w, https:\/\/faber-solartechnik.de\/wp-content\/uploads\/2023\/06\/Icon-EPC-Engineering-300x300.png 300w, https:\/\/faber-solartechnik.de\/wp-content\/uploads\/2023\/06\/Icon-EPC-Engineering-150x150.png 150w, https:\/\/faber-solartechnik.de\/wp-content\/uploads\/2023\/06\/Icon-EPC-Engineering-12x12.png 12w\" sizes=\"(max-width: 512px) 100vw, 512px\" \/><\/figure><div class=\"elementor-image-box-content\"><h3 class=\"elementor-image-box-title\">Engineering<\/h3><p class=\"elementor-image-box-description\"><ul><li> Netzanschlussplanung <\/li>\n<li> Bauplanungs- und <br>   Landschaftsplanung <\/li>\n<li> Belegungs- und  <br>   Verschaltungsplanung <\/li>\n<li> Mittelspannungs- und  <br>  Schutzkonzept<\/li><\/ul><\/p><\/div><\/div>\t\t\t\t<\/div>\n\t\t\t\t<\/div>\n\t\t\t\t<div class=\"elementor-element elementor-element-62f35bcd elementor-widget__width-initial elementor-absolute animated-slow gradbluettl elementor-position-top elementor-invisible elementor-widget elementor-widget-image-box\" data-id=\"62f35bcd\" data-element_type=\"widget\" data-e-type=\"widget\" data-settings=\"{&quot;_position&quot;:&quot;absolute&quot;,&quot;_animation&quot;:&quot;fadeInLeft&quot;,&quot;_animation_delay&quot;:600,&quot;motion_fx_motion_fx_scrolling&quot;:&quot;yes&quot;,&quot;motion_fx_translateY_effect&quot;:&quot;yes&quot;,&quot;motion_fx_translateY_speed&quot;:{&quot;unit&quot;:&quot;px&quot;,&quot;size&quot;:1,&quot;sizes&quot;:[]},&quot;motion_fx_translateX_effect&quot;:&quot;yes&quot;,&quot;motion_fx_translateX_direction&quot;:&quot;negative&quot;,&quot;motion_fx_translateX_speed&quot;:{&quot;unit&quot;:&quot;px&quot;,&quot;size&quot;:1,&quot;sizes&quot;:[]},&quot;motion_fx_devices&quot;:[&quot;desktop&quot;,&quot;tablet&quot;],&quot;motion_fx_translateY_affectedRange&quot;:{&quot;unit&quot;:&quot;%&quot;,&quot;size&quot;:&quot;&quot;,&quot;sizes&quot;:{&quot;start&quot;:0,&quot;end&quot;:100}},&quot;motion_fx_translateX_affectedRange&quot;:{&quot;unit&quot;:&quot;%&quot;,&quot;size&quot;:&quot;&quot;,&quot;sizes&quot;:{&quot;start&quot;:0,&quot;end&quot;:100}}}\" data-widget_type=\"image-box.default\">\n\t\t\t\t<div class=\"elementor-widget-container\">\n\t\t\t\t\t<div class=\"elementor-image-box-wrapper\"><figure class=\"elementor-image-box-img\"><img loading=\"lazy\" decoding=\"async\" width=\"512\" height=\"512\" src=\"https:\/\/faber-solartechnik.de\/wp-content\/uploads\/2023\/06\/Icon-EPC-Procurement.png\" class=\"attachment-full size-full wp-image-5013\" alt=\"\" srcset=\"https:\/\/faber-solartechnik.de\/wp-content\/uploads\/2023\/06\/Icon-EPC-Procurement.png 512w, https:\/\/faber-solartechnik.de\/wp-content\/uploads\/2023\/06\/Icon-EPC-Procurement-300x300.png 300w, https:\/\/faber-solartechnik.de\/wp-content\/uploads\/2023\/06\/Icon-EPC-Procurement-150x150.png 150w, https:\/\/faber-solartechnik.de\/wp-content\/uploads\/2023\/06\/Icon-EPC-Procurement-12x12.png 12w\" sizes=\"(max-width: 512px) 100vw, 512px\" \/><\/figure><div class=\"elementor-image-box-content\"><h3 class=\"elementor-image-box-title\">Procurement <\/h3><p class=\"elementor-image-box-description\"><ul><li> Langj\u00e4hrige <br>Einkaufbeziehungen <\/li>\n<li> AAA-Solarmodule, Tier 1 <\/li>\n<li> Eigene Niederspannungs-<br> komponenten<\/li><\/ul> <\/p><\/div><\/div>\t\t\t\t<\/div>\n\t\t\t\t<\/div>\n\t\t\t\t<div class=\"elementor-element elementor-element-61c0f66d elementor-widget__width-initial elementor-absolute elementor-position-left elementor-vertical-align-middle gradbluettl elementor-invisible elementor-widget elementor-widget-image-box\" data-id=\"61c0f66d\" data-element_type=\"widget\" data-e-type=\"widget\" data-settings=\"{&quot;_position&quot;:&quot;absolute&quot;,&quot;_animation&quot;:&quot;fadeInDown&quot;,&quot;motion_fx_motion_fx_scrolling&quot;:&quot;yes&quot;,&quot;motion_fx_translateY_effect&quot;:&quot;yes&quot;,&quot;motion_fx_translateY_direction&quot;:&quot;negative&quot;,&quot;motion_fx_translateY_speed&quot;:{&quot;unit&quot;:&quot;px&quot;,&quot;size&quot;:1,&quot;sizes&quot;:[]},&quot;motion_fx_translateX_effect&quot;:&quot;yes&quot;,&quot;motion_fx_translateX_direction&quot;:&quot;negative&quot;,&quot;motion_fx_translateX_speed&quot;:{&quot;unit&quot;:&quot;px&quot;,&quot;size&quot;:1,&quot;sizes&quot;:[]},&quot;motion_fx_translateY_affectedRange&quot;:{&quot;unit&quot;:&quot;%&quot;,&quot;size&quot;:&quot;&quot;,&quot;sizes&quot;:{&quot;start&quot;:0,&quot;end&quot;:100}},&quot;motion_fx_translateX_affectedRange&quot;:{&quot;unit&quot;:&quot;%&quot;,&quot;size&quot;:&quot;&quot;,&quot;sizes&quot;:{&quot;start&quot;:0,&quot;end&quot;:100}},&quot;motion_fx_devices&quot;:[&quot;desktop&quot;,&quot;laptop&quot;,&quot;tablet_extra&quot;,&quot;tablet&quot;,&quot;mobile&quot;]}\" data-widget_type=\"image-box.default\">\n\t\t\t\t<div class=\"elementor-widget-container\">\n\t\t\t\t\t<div class=\"elementor-image-box-wrapper\"><figure class=\"elementor-image-box-img\"><img loading=\"lazy\" decoding=\"async\" width=\"512\" height=\"512\" src=\"https:\/\/faber-solartechnik.de\/wp-content\/uploads\/2023\/06\/Icon-EPC-Construction.png\" class=\"elementor-animation-grow attachment-full size-full wp-image-5014\" alt=\"\" srcset=\"https:\/\/faber-solartechnik.de\/wp-content\/uploads\/2023\/06\/Icon-EPC-Construction.png 512w, https:\/\/faber-solartechnik.de\/wp-content\/uploads\/2023\/06\/Icon-EPC-Construction-300x300.png 300w, https:\/\/faber-solartechnik.de\/wp-content\/uploads\/2023\/06\/Icon-EPC-Construction-150x150.png 150w, https:\/\/faber-solartechnik.de\/wp-content\/uploads\/2023\/06\/Icon-EPC-Construction-12x12.png 12w\" sizes=\"(max-width: 512px) 100vw, 512px\" \/><\/figure><div class=\"elementor-image-box-content\"><h3 class=\"elementor-image-box-title\">Construction<\/h3><p class=\"elementor-image-box-description\"><ul><li>  Eigene Montagetrupps DC &amp; AC <\/li>\n<li> Eigene Kompaktstationsfertigung<\/li><\/ul><\/p><\/div><\/div>\t\t\t\t<\/div>\n\t\t\t\t<\/div>\n\t\t\t\t\t<\/div>\n\t\t<\/div>\n\t\t\t\t\t<\/div>\n\t\t<\/section>\n\t\t\t\t<section class=\"elementor-section elementor-top-section elementor-element elementor-element-b4e1a2e elementor-hidden-desktop elementor-section-boxed elementor-section-height-default elementor-section-height-default\" data-id=\"b4e1a2e\" data-element_type=\"section\" data-e-type=\"section\" data-settings=\"{&quot;background_background&quot;:&quot;classic&quot;}\">\n\t\t\t\t\t\t\t<div class=\"elementor-background-overlay\"><\/div>\n\t\t\t\t\t\t\t<div class=\"elementor-container elementor-column-gap-wider\">\n\t\t\t\t\t<div class=\"elementor-column elementor-col-100 elementor-top-column elementor-element elementor-element-dba9eb6\" data-id=\"dba9eb6\" data-element_type=\"column\" data-e-type=\"column\">\n\t\t\t<div class=\"elementor-widget-wrap elementor-element-populated\">\n\t\t\t\t\t\t<div class=\"elementor-element elementor-element-2c408c8 elementor-invisible elementor-widget elementor-widget-image\" data-id=\"2c408c8\" data-element_type=\"widget\" data-e-type=\"widget\" data-settings=\"{&quot;_animation&quot;:&quot;zoomIn&quot;}\" data-widget_type=\"image.default\">\n\t\t\t\t<div class=\"elementor-widget-container\">\n\t\t\t\t\t\t\t\t\t\t\t\t\t\t\t<img decoding=\"async\" src=\"https:\/\/faber-solartechnik.de\/wp-content\/uploads\/elementor\/thumbs\/EPC-Kreis-Web-Logo-comp-q88nf13476utf3f7ipq98hiqwnz7u2stogiphak7jg.png\" title=\"EPC Kreis Web Logo comp\" alt=\"EPC Kreis Web Logo comp\" loading=\"lazy\" \/>\t\t\t\t\t\t\t\t\t\t\t\t\t\t\t<\/div>\n\t\t\t\t<\/div>\n\t\t\t\t<div class=\"elementor-element elementor-element-a69e78a elementor-widget-tablet__width-initial elementor-widget-mobile__width-inherit elementor-position-top elementor-widget elementor-widget-image-box\" data-id=\"a69e78a\" data-element_type=\"widget\" data-e-type=\"widget\" data-widget_type=\"image-box.default\">\n\t\t\t\t<div class=\"elementor-widget-container\">\n\t\t\t\t\t<div class=\"elementor-image-box-wrapper\"><figure class=\"elementor-image-box-img\"><img loading=\"lazy\" decoding=\"async\" width=\"512\" height=\"512\" src=\"https:\/\/faber-solartechnik.de\/wp-content\/uploads\/2023\/06\/Icon-EPC-Engineering.png\" class=\"attachment-full size-full wp-image-5012\" alt=\"\" srcset=\"https:\/\/faber-solartechnik.de\/wp-content\/uploads\/2023\/06\/Icon-EPC-Engineering.png 512w, https:\/\/faber-solartechnik.de\/wp-content\/uploads\/2023\/06\/Icon-EPC-Engineering-300x300.png 300w, https:\/\/faber-solartechnik.de\/wp-content\/uploads\/2023\/06\/Icon-EPC-Engineering-150x150.png 150w, https:\/\/faber-solartechnik.de\/wp-content\/uploads\/2023\/06\/Icon-EPC-Engineering-12x12.png 12w\" sizes=\"(max-width: 512px) 100vw, 512px\" \/><\/figure><div class=\"elementor-image-box-content\"><h3 class=\"elementor-image-box-title\">Engineering<\/h3><p class=\"elementor-image-box-description\">Netzanschluss&shy;planung <br> <br>\nBauplanungs- und  Landschaftsplanung  <br> <br>\nBelegungs- und    Verschaltungsplanung  <br> <br>\nMittelspannungs- und  Schutzkonzept<\/p><\/div><\/div>\t\t\t\t<\/div>\n\t\t\t\t<\/div>\n\t\t\t\t<div class=\"elementor-element elementor-element-e64b30d elementor-widget-tablet__width-initial elementor-widget-mobile__width-inherit elementor-position-top elementor-widget elementor-widget-image-box\" data-id=\"e64b30d\" data-element_type=\"widget\" data-e-type=\"widget\" data-widget_type=\"image-box.default\">\n\t\t\t\t<div class=\"elementor-widget-container\">\n\t\t\t\t\t<div class=\"elementor-image-box-wrapper\"><figure class=\"elementor-image-box-img\"><img loading=\"lazy\" decoding=\"async\" width=\"512\" height=\"512\" src=\"https:\/\/faber-solartechnik.de\/wp-content\/uploads\/2023\/06\/Icon-EPC-Procurement.png\" class=\"attachment-full size-full wp-image-5013\" alt=\"\" srcset=\"https:\/\/faber-solartechnik.de\/wp-content\/uploads\/2023\/06\/Icon-EPC-Procurement.png 512w, https:\/\/faber-solartechnik.de\/wp-content\/uploads\/2023\/06\/Icon-EPC-Procurement-300x300.png 300w, https:\/\/faber-solartechnik.de\/wp-content\/uploads\/2023\/06\/Icon-EPC-Procurement-150x150.png 150w, https:\/\/faber-solartechnik.de\/wp-content\/uploads\/2023\/06\/Icon-EPC-Procurement-12x12.png 12w\" sizes=\"(max-width: 512px) 100vw, 512px\" \/><\/figure><div class=\"elementor-image-box-content\"><h3 class=\"elementor-image-box-title\">Procurement <\/h3><p class=\"elementor-image-box-description\">Langj\u00e4hrige Einkauf&shy;beziehungen <br><br>\nAAA-Solarmodule, Tier 1 <br><br>\nEigene Nieder&shy;spannungs&shy;komponenten<\/p><\/div><\/div>\t\t\t\t<\/div>\n\t\t\t\t<\/div>\n\t\t\t\t<div class=\"elementor-element elementor-element-c4ffe10 elementor-widget-tablet__width-initial elementor-widget-mobile__width-inherit elementor-position-top elementor-widget elementor-widget-image-box\" data-id=\"c4ffe10\" data-element_type=\"widget\" data-e-type=\"widget\" data-widget_type=\"image-box.default\">\n\t\t\t\t<div class=\"elementor-widget-container\">\n\t\t\t\t\t<div class=\"elementor-image-box-wrapper\"><figure class=\"elementor-image-box-img\"><img loading=\"lazy\" decoding=\"async\" width=\"512\" height=\"512\" src=\"https:\/\/faber-solartechnik.de\/wp-content\/uploads\/2023\/06\/Icon-EPC-Construction.png\" class=\"attachment-full size-full wp-image-5014\" alt=\"\" srcset=\"https:\/\/faber-solartechnik.de\/wp-content\/uploads\/2023\/06\/Icon-EPC-Construction.png 512w, https:\/\/faber-solartechnik.de\/wp-content\/uploads\/2023\/06\/Icon-EPC-Construction-300x300.png 300w, https:\/\/faber-solartechnik.de\/wp-content\/uploads\/2023\/06\/Icon-EPC-Construction-150x150.png 150w, https:\/\/faber-solartechnik.de\/wp-content\/uploads\/2023\/06\/Icon-EPC-Construction-12x12.png 12w\" sizes=\"(max-width: 512px) 100vw, 512px\" \/><\/figure><div class=\"elementor-image-box-content\"><h3 class=\"elementor-image-box-title\">Construction<\/h3><p class=\"elementor-image-box-description\">Eigene Montagetrupps DC &amp; AC <br><br>\nEigene Kompakt&shy;stationsfertigung<\/p><\/div><\/div>\t\t\t\t<\/div>\n\t\t\t\t<\/div>\n\t\t\t\t\t<\/div>\n\t\t<\/div>\n\t\t\t\t\t<\/div>\n\t\t<\/section>\n\t\t\t\t<section class=\"elementor-section elementor-top-section elementor-element elementor-element-1e440784 elementor-reverse-mobile elementor-section-boxed elementor-section-height-default elementor-section-height-default\" data-id=\"1e440784\" data-element_type=\"section\" data-e-type=\"section\" data-settings=\"{&quot;background_background&quot;:&quot;classic&quot;}\">\n\t\t\t\t\t\t\t<div class=\"elementor-background-overlay\"><\/div>\n\t\t\t\t\t\t\t<div class=\"elementor-container elementor-column-gap-wider\">\n\t\t\t\t\t<div class=\"elementor-column elementor-col-50 elementor-top-column elementor-element elementor-element-440c2a1 elementor-invisible\" data-id=\"440c2a1\" data-element_type=\"column\" data-e-type=\"column\" data-settings=\"{&quot;animation&quot;:&quot;fadeInRight&quot;,&quot;animation_mobile&quot;:&quot;none&quot;}\">\n\t\t\t<div class=\"elementor-widget-wrap elementor-element-populated\">\n\t\t\t\t\t\t<div class=\"elementor-element elementor-element-e6797b1 elementor-widget elementor-widget-heading\" data-id=\"e6797b1\" data-element_type=\"widget\" data-e-type=\"widget\" data-widget_type=\"heading.default\">\n\t\t\t\t<div class=\"elementor-widget-container\">\n\t\t\t\t\t<h2 class=\"elementor-heading-title elementor-size-default\">Planung und Umsetzung Ihres Solarparks<\/h2>\t\t\t\t<\/div>\n\t\t\t\t<\/div>\n\t\t\t\t<div class=\"elementor-element elementor-element-21e1c50 elementor-widget-divider--view-line elementor-widget elementor-widget-divider\" data-id=\"21e1c50\" data-element_type=\"widget\" data-e-type=\"widget\" data-widget_type=\"divider.default\">\n\t\t\t\t<div class=\"elementor-widget-container\">\n\t\t\t\t\t\t\t<div class=\"elementor-divider\">\n\t\t\t<span class=\"elementor-divider-separator\">\n\t\t\t\t\t\t<\/span>\n\t\t<\/div>\n\t\t\t\t\t\t<\/div>\n\t\t\t\t<\/div>\n\t\t\t\t<div class=\"elementor-element elementor-element-5326332 gradbluettl elementor-widget elementor-widget-heading\" data-id=\"5326332\" data-element_type=\"widget\" data-e-type=\"widget\" data-widget_type=\"heading.default\">\n\t\t\t\t<div class=\"elementor-widget-container\">\n\t\t\t\t\t<h3 class=\"elementor-heading-title elementor-size-default\">Ihr All-In-One EPC <\/h3>\t\t\t\t<\/div>\n\t\t\t\t<\/div>\n\t\t\t\t<div class=\"elementor-element elementor-element-3bf6b49 elementor-widget elementor-widget-text-editor\" data-id=\"3bf6b49\" data-element_type=\"widget\" data-e-type=\"widget\" data-widget_type=\"text-editor.default\">\n\t\t\t\t<div class=\"elementor-widget-container\">\n\t\t\t\t\t\t\t\t\t<p>Die Faber-Unternehmensfamilie bietet Ihnen mit der Faber Solartechnik GmbH und der Faber E-Tec GmbH einen bisher einzigartigen Ansatz, wie sich eine Solaranlage von Niederspannung bis Mittelspannung und Gleichstrom bis Wechselstrom ganzheitlich planen und umsetzen l\u00e4sst. Die Faber Solartechnik plant und schraubt an Ihrer PV-Anlage, w\u00e4hrend die Faber E-Tec mit Kompaktstationen aus eigener Fertigung den Netzanschluss herstellt. Eine in Deutschland einzigartige Kombination aus Photovoltaik und Mittelspannung.\u00a0<\/p>\t\t\t\t\t\t\t\t<\/div>\n\t\t\t\t<\/div>\n\t\t\t\t<div class=\"elementor-element elementor-element-e5d1c71 elementor-align-center elementor-widget__width-auto elementor-invisible elementor-widget elementor-widget-button\" data-id=\"e5d1c71\" data-element_type=\"widget\" data-e-type=\"widget\" data-settings=\"{&quot;_animation&quot;:&quot;fadeInDown&quot;,&quot;_animation_delay&quot;:300}\" data-widget_type=\"button.default\">\n\t\t\t\t<div class=\"elementor-widget-container\">\n\t\t\t\t\t\t\t\t\t<div class=\"elementor-button-wrapper\">\n\t\t\t\t\t<a class=\"elementor-button elementor-button-link elementor-size-sm\" href=\"#apartner\">\n\t\t\t\t\t\t<span class=\"elementor-button-content-wrapper\">\n\t\t\t\t\t\t<span class=\"elementor-button-icon\">\n\t\t\t\t<i aria-hidden=\"true\" class=\"fas fa-user-tie\"><\/i>\t\t\t<\/span>\n\t\t\t\t\t\t\t\t\t<span class=\"elementor-button-text\">Pers\u00f6nliches Gespr\u00e4ch<\/span>\n\t\t\t\t\t<\/span>\n\t\t\t\t\t<\/a>\n\t\t\t\t<\/div>\n\t\t\t\t\t\t\t\t<\/div>\n\t\t\t\t<\/div>\n\t\t\t\t\t<\/div>\n\t\t<\/div>\n\t\t\t\t<div class=\"elementor-column elementor-col-50 elementor-top-column elementor-element elementor-element-902cd3d\" data-id=\"902cd3d\" data-element_type=\"column\" data-e-type=\"column\">\n\t\t\t<div class=\"elementor-widget-wrap elementor-element-populated\">\n\t\t\t\t\t\t<div class=\"elementor-element elementor-element-5b7ae77a elementor-widget-mobile__width-inherit runde-ecken elementor-invisible elementor-widget elementor-widget-image\" data-id=\"5b7ae77a\" data-element_type=\"widget\" data-e-type=\"widget\" data-settings=\"{&quot;_animation&quot;:&quot;fadeIn&quot;}\" data-widget_type=\"image.default\">\n\t\t\t\t<div class=\"elementor-widget-container\">\n\t\t\t\t\t\t\t\t\t\t\t\t\t\t\t<img decoding=\"async\" src=\"https:\/\/faber-solartechnik.de\/wp-content\/uploads\/elementor\/thumbs\/e-tec_office\u00a9stefan.hopf\u00a9candidateflow_B060-q7d93x82jm75iuopx5ayvp1sdsswq0itoj496e5q88.jpg\" title=\"e-tec_office\u00a9stefan.hopf\u00a9candidateflow_B060\" alt=\"e-tec_office\u00a9stefan.hopf\u00a9candidateflow_B060\" loading=\"lazy\" \/>\t\t\t\t\t\t\t\t\t\t\t\t\t\t\t<\/div>\n\t\t\t\t<\/div>\n\t\t\t\t\t<\/div>\n\t\t<\/div>\n\t\t\t\t\t<\/div>\n\t\t<\/section>\n\t\t\t\t<section class=\"elementor-section elementor-top-section elementor-element elementor-element-2008756e metrohero elementor-section-boxed elementor-section-height-default elementor-section-height-default\" data-id=\"2008756e\" data-element_type=\"section\" data-e-type=\"section\" id=\"abc\" data-settings=\"{&quot;background_background&quot;:&quot;classic&quot;}\">\n\t\t\t\t\t\t\t<div class=\"elementor-background-overlay\"><\/div>\n\t\t\t\t\t\t\t<div class=\"elementor-container elementor-column-gap-wider\">\n\t\t\t\t\t<div class=\"elementor-column elementor-col-50 elementor-top-column elementor-element elementor-element-2a8fc1a7\" data-id=\"2a8fc1a7\" data-element_type=\"column\" data-e-type=\"column\">\n\t\t\t<div class=\"elementor-widget-wrap elementor-element-populated\">\n\t\t\t\t\t\t<div class=\"elementor-element elementor-element-5e95d9f8 darkshadow runde-ecken elementor--v-position-middle elementor-invisible elementor-widget elementor-widget-slides\" data-id=\"5e95d9f8\" data-element_type=\"widget\" data-e-type=\"widget\" data-settings=\"{&quot;navigation&quot;:&quot;none&quot;,&quot;transition&quot;:&quot;fade&quot;,&quot;_animation&quot;:&quot;fadeInLeft&quot;,&quot;_animation_mobile&quot;:&quot;none&quot;,&quot;autoplay&quot;:&quot;yes&quot;,&quot;pause_on_hover&quot;:&quot;yes&quot;,&quot;pause_on_interaction&quot;:&quot;yes&quot;,&quot;autoplay_speed&quot;:5000,&quot;infinite&quot;:&quot;yes&quot;,&quot;transition_speed&quot;:500}\" data-widget_type=\"slides.default\">\n\t\t\t\t<div class=\"elementor-widget-container\">\n\t\t\t\t\t\t\t\t\t<div class=\"elementor-swiper\">\n\t\t\t\t\t<div class=\"elementor-slides-wrapper elementor-main-swiper swiper\" role=\"region\" aria-roledescription=\"carousel\" aria-label=\"Slider\" dir=\"ltr\" data-animation=\"\">\n\t\t\t\t<div class=\"swiper-wrapper elementor-slides\">\n\t\t\t\t\t\t\t\t\t\t<div class=\"elementor-repeater-item-3e76c42 swiper-slide\" role=\"group\" aria-roledescription=\"slide\"><div class=\"swiper-slide-bg\" role=\"img\" aria-label=\"Photovoltaik f\u00fcr Dachf\u00e4chen und Freifl\u00e4chen\"><\/div><div class=\"elementor-background-overlay\"><\/div><div class=\"swiper-slide-inner\" ><div class=\"swiper-slide-contents\"><div class=\"elementor-slide-heading\">Das ABC <br>des EPC by Faber<\/div><div class=\"elementor-slide-description\">F\u00fcr Dach- und Freifl\u00e4chen ab<br> 5.000 m\u00b2<\/div><\/div><\/div><\/div><div class=\"elementor-repeater-item-a722cfb swiper-slide\" role=\"group\" aria-roledescription=\"slide\"><div class=\"swiper-slide-bg\" role=\"img\" aria-label=\"Elektriker Jobs Faber Solartechnik Dach - Eigene Montagetrupps\"><\/div><div class=\"elementor-background-overlay\"><\/div><div class=\"swiper-slide-inner\" ><div class=\"swiper-slide-contents\"><div class=\"elementor-slide-heading\">Das ABC <br>des EPC by Faber<\/div><div class=\"elementor-slide-description\">Eigene Montagetrupps f\u00fcr die Montage On-Site  <\/div><\/div><\/div><\/div><div class=\"elementor-repeater-item-8009a30 swiper-slide\" role=\"group\" aria-roledescription=\"slide\"><div class=\"swiper-slide-bg\" role=\"img\" aria-label=\"Faber E-Tec Werk B\u00fcnde\"><\/div><div class=\"elementor-background-overlay\"><\/div><div class=\"swiper-slide-inner\" ><div class=\"swiper-slide-contents\"><div class=\"elementor-slide-heading\">Das ABC <br>des EPC by Faber<\/div><div class=\"elementor-slide-description\">Eigene Kompaktstations&shy;fertigung f\u00fcr den Mittel&shy;spannungs&shy;anschluss<\/div><\/div><\/div><\/div><div class=\"elementor-repeater-item-5a03976 swiper-slide\" role=\"group\" aria-roledescription=\"slide\"><div class=\"swiper-slide-bg\" role=\"img\" aria-label=\"Erfahrung im Solarsektor\"><\/div><div class=\"elementor-background-overlay\"><\/div><div class=\"swiper-slide-inner\" ><div class=\"swiper-slide-contents\"><div class=\"elementor-slide-heading\">Das ABC <br>des EPC by Faber<\/div><div class=\"elementor-slide-description\">\u00dcber 15 Jahre Erfahrung im Solarsektor<\/div><\/div><\/div><\/div>\t\t\t\t<\/div>\n\t\t\t\t\t\t\t\t\t\t\t\t\t\t\t\t\t\t\t\t\t<\/div>\n\t\t\t\t<\/div>\n\t\t\t\t\t\t\t\t<\/div>\n\t\t\t\t<\/div>\n\t\t\t\t\t<\/div>\n\t\t<\/div>\n\t\t\t\t<div class=\"elementor-column elementor-col-50 elementor-top-column elementor-element elementor-element-6bb9bea9\" data-id=\"6bb9bea9\" data-element_type=\"column\" data-e-type=\"column\">\n\t\t\t<div class=\"elementor-widget-wrap elementor-element-populated\">\n\t\t\t\t\t\t<div class=\"elementor-element elementor-element-645ef77b abc-accordion elementor-invisible elementor-widget elementor-widget-bdt-accordion\" data-id=\"645ef77b\" data-element_type=\"widget\" data-e-type=\"widget\" data-settings=\"{&quot;_animation&quot;:&quot;fadeInRight&quot;}\" data-widget_type=\"bdt-accordion.default\">\n\t\t\t\t<div class=\"elementor-widget-container\">\n\t\t\t\t\t\t\t<div class=\"bdt-ep-accordion-container\">\n\t\t\t<div id=\"bdt-ep-accordion-645ef77b\" class=\"bdt-ep-accordion bdt-accordion\" data-bdt-accordion=\"{&quot;collapsible&quot;:false,&quot;multiple&quot;:false,&quot;animation&quot;:true,&quot;transition&quot;:&quot;ease-in-out&quot;,&quot;duration&quot;:200}\" \t\tdata-settings=\"{&quot;id&quot;:&quot;bdt-ep-accordion-645ef77b&quot;,&quot;activeHash&quot;:&quot;&quot;,&quot;activeScrollspy&quot;:null,&quot;hashTopOffset&quot;:false,&quot;hashScrollspyTime&quot;:false,&quot;closeAllItemsOnMobile&quot;:false}\">\n\t\t\t\t\t\t\t\t\t<div class=\"bdt-ep-accordion-item\">\n\t\t\t\t\t\t<h3\t\t\t\t\t\t\tclass=\"bdt-ep-accordion-title bdt-accordion-title bdt-flex bdt-flex-middle bdt-flex-between\" id=\"bdt-ep-accordion-a-wie-anlagenplanung\"\n\t\t\t\t\t\t\tdata-accordion-index=\"0\" data-title=\"a-wie-anlagenplanung\">\n\n\t\t\t\t\t\t\t\t\t\t\t\t\t\t\t<span class=\"bdt-ep-accordion-icon bdt-flex-align-right\"\n\t\t\t\t\t\t\t\t\taria-hidden=\"true\">\n\n\t\t\t\t\t\t\t\t\t\t\t\t\t\t\t\t\t\t\t<span class=\"bdt-ep-accordion-icon-closed\">\n\t\t\t\t\t\t\t\t\t\t\t<i aria-hidden=\"true\" class=\"fa-fw fas fa-plus\"><\/i>\t\t\t\t\t\t\t\t\t\t<\/span>\n\t\t\t\t\t\t\t\t\t\n\t\t\t\t\t\t\t\t\t\t\t\t\t\t\t\t\t\t\t<span class=\"bdt-ep-accordion-icon-opened\">\n\t\t\t\t\t\t\t\t\t\t\t<i aria-hidden=\"true\" class=\"fa-fw fas fa-minus\"><\/i>\t\t\t\t\t\t\t\t\t\t<\/span>\n\t\t\t\t\t\t\t\t\t\n\t\t\t\t\t\t\t\t<\/span>\n\t\t\t\t\t\t\t\n\t\t\t\t\t\t\t<span role=\"heading\" class=\"bdt-ep-title-text bdt-flex-inline bdt-flex-middle\" >\n\n\t\t\t\t\t\t\t\t\t\t\t\t\t\t\t\t\t<span class=\"bdt-ep-accordion-custom-icon\">\n\t\t\t\t\t\t\t\t\t\t<svg xmlns=\"http:\/\/www.w3.org\/2000\/svg\" xmlns:xlink=\"http:\/\/www.w3.org\/1999\/xlink\" id=\"Ebene_1\" x=\"0px\" y=\"0px\" viewBox=\"0 0 396.9 396.9\" style=\"enable-background:new 0 0 396.9 396.9;\" xml:space=\"preserve\"><style type=\"text\/css\">\t.st0{fill:url(#SVGID_1_);}\t.st1{fill:url(#SVGID_00000089563598962925858390000004557444860459075507_);}\t.st2{fill:url(#SVGID_00000122698794280564819180000011716655958453345204_);}\t.st3{fill:url(#SVGID_00000171720301290095782580000011682860763579676298_);}\t.st4{fill:url(#SVGID_00000049202081746923702300000009649686223053082559_);}\t.st5{fill:url(#SVGID_00000028299677557014485570000016533809322242211763_);}\t.st6{fill:url(#SVGID_00000049916438856987645700000003794763750677656704_);}\t.st7{fill:none;}<\/style><g>\t\t\t<linearGradient id=\"SVGID_1_\" gradientUnits=\"userSpaceOnUse\" x1=\"79.5\" y1=\"196.9888\" x2=\"395.625\" y2=\"196.9888\" gradientTransform=\"matrix(1 0 0 -1 0 395.5748)\">\t\t<stop offset=\"0\" style=\"stop-color:#FCCD15\"><\/stop>\t\t<stop offset=\"1\" style=\"stop-color:#EB7033\"><\/stop>\t<\/linearGradient>\t<path class=\"st0\" d=\"M296.4,80.8c-46,0-91.3,0-136.8,0c0,8.4,0,16.8,0,25.1c0.3,0.2,0.5,0.4,0.8,0.4c11.7,0.6,11.7,0.7,11.7,12.5   c0,6,0,12.1,0,18.1c0,7.6-1.9,9.4-9.6,9.6c-0.9,0-1.9,0.1-3.2,0.2c0,5.8,0.4,11.5-0.2,17.1c-0.2,2.7-1.6,5.8-3.4,7.9   c-3.5,4.3-7.6,8.1-11.6,12.2c-3.2-3.4-6.1-6.5-9.7-10.2c9.4-6.1,13.5-15.1,10.1-26.9c-12.3,0-25,0-37.3,0c-3,11.6,0.4,20.6,11,26.8   c-3.9,3.4-7.2,6.2-10.9,9.4c-3.6-3.6-8.3-8-12.5-12.7c-1.3-1.5-1.9-4-2-6.1c-0.3-5.7-0.1-11.4-0.1-16.9c-0.5-0.4-0.8-0.7-1-0.7   c-11.4-0.7-12.2-1.6-12.2-13.1c0-5.7,0-11.5,0-17.2c0-7.9,2-9.9,9.7-9.9c0.9,0,1.9,0,3.5,0c0-8.7,0.1-17.2-0.1-25.8   c0-1.1-1-2.3-1.8-3.2C67.9,48.9,83,7.7,119.2,1.8c12.8-2.1,24.8,1.1,35.5,9.1c2.4,1.8,5.9,3.2,8.9,3.3c43,0.2,85.9,0.2,128.9,0   c3,0,6.5-1.3,8.9-3.2c18.1-14.2,45-12.6,61.3,3.9c16.7,16.9,18,43.6,3.4,61.7c-1.6,2-2.8,5-2.8,7.6c-0.1,71.4-0.1,142.9-0.2,214.3   c0,2.9,0.1,5.2,3.4,6.3c1.1,0.4,2,2,2.8,3.1c8,12,16.1,23.9,24,36.1c1.4,2.1,2.2,4.9,2.2,7.5c0.2,12.2,0.1,24.5,0.1,36.8   c0,5.6-2.1,7.7-7.8,7.7c-38.7,0-77.3,0-116,0c-5.7,0-8-2.3-8-8.1c0-12.1-0.1-24.2,0.1-36.3c0-2.2,0.7-4.8,1.9-6.6   c8.1-12.5,16.5-24.9,24.7-37.3c0.4-0.5,0.6-1.3,1.1-1.5c6.1-2.2,4.8-7.3,4.8-11.9c0-69.1,0-138.1,0-207.2   C296.4,85,296.4,83.1,296.4,80.8z M310.8,89.6c0,71.5,0,142.4,0,213.2c12.9,0,25.5,0,37.9,0c0-71.1,0-141.8,0-213.1   C336,95.3,323.5,95.3,310.8,89.6z M168.4,66.6c40,0,79.4,0,119.1,0c-5.5-13-5.1-25.6-0.2-38.4c-39.7,0-79.1,0-118.9,0   C173.5,41,173.8,53.7,168.4,66.6z M382,356.9c-35.1,0-69.8,0-104.4,0c0,8.6,0,16.8,0,25.2c34.9,0,69.6,0,104.4,0   C382,373.6,382,365.4,382,356.9z M329.6,79.8c18.2,0,32.4-14,32.6-32c0.2-17.2-12.7-32.8-32.3-32.8c-18.9,0-32.3,14-32.6,32.6   C297,65.4,311.6,79.8,329.6,79.8z M126.2,79.8c18,0,32.8-14.3,32.5-32.2C158.3,28.8,145,15,126.1,15c-20.4,0-32.6,16.4-32.4,32.7   C94,65.8,108.1,79.8,126.2,79.8z M375.9,342.7c-5.6-8.4-10.6-16.2-15.9-23.8c-0.7-1-2.7-1.5-4.1-1.5c-17.5-0.1-35-0.1-52.5,0   c-1.3,0-3.1,0.4-3.7,1.3c-5.4,7.7-10.5,15.6-16.1,24C314.6,342.7,344.7,342.7,375.9,342.7z M158.6,120.1c-21.8,0-43.1,0-64.5,0   c0,4.2,0,8.1,0,12c21.6,0,43,0,64.5,0C158.6,128,158.6,124.2,158.6,120.1z M106.9,106.1c13,0,25.7,0,38.4,0c0-5.5,0-10.7,0-16.5   c-12.8,5.8-25.5,5.6-38.4,0.1C106.9,95.7,106.9,100.7,106.9,106.1z\"><\/path>\t\t\t<linearGradient id=\"SVGID_00000062912879533491268700000002003324328444067239_\" gradientUnits=\"userSpaceOnUse\" x1=\"1.2\" y1=\"114.9254\" x2=\"251.4126\" y2=\"114.9254\" gradientTransform=\"matrix(1 0 0 -1 0 395.5748)\">\t\t<stop offset=\"0\" style=\"stop-color:#FCCD15\"><\/stop>\t\t<stop offset=\"1\" style=\"stop-color:#EB7033\"><\/stop>\t<\/linearGradient>\t<path style=\"fill:url(#SVGID_00000062912879533491268700000002003324328444067239_);\" d=\"M14.2,197.9c0-5.6-0.2-10.8,0-16.1   c0.4-9.4,7.1-16.1,15.9-16.2c9.8-0.1,16.8,6,17.5,15.7c0.4,5.4,0.1,10.8,0.1,16.5c52.2,0,104.3,0,156.9,0c0-5.1,0-10.2,0-15.2   c0.1-9.9,7.3-17,17.2-17c9.4,0.1,16.2,7.1,16.2,16.8c0,5.1,0,10.1,0,15c0.7,0.4,0.9,0.6,1.2,0.6c12.1-0.4,12.3,4.1,12.2,13   c-0.1,58.2-0.1,116.5-0.1,174.7c0,8.2-1.8,10-10,10c-77,0-154,0-231,0c-7.5,0-9.1-1.6-9.1-9.2c0-59.2,0-118.4,0-177.6   c0-9.3,1.3-10.5,10.7-10.8C12.6,198.1,13.2,198,14.2,197.9z M237.2,238.5c-74.2,0-148.2,0-222.3,0c0,39.2,0,78.1,0,116.9   c74.3,0,148.3,0,222.3,0C237.2,316.2,237.2,277.4,237.2,238.5z M237.3,370.2c-74.3,0-148.3,0-222.2,0c0,4.2,0,8.1,0,11.9   c74.3,0,148.2,0,222.2,0C237.3,378.1,237.3,374.3,237.3,370.2z M14.8,224.5c74.3,0,148.2,0,222.3,0c0-4.1,0-8,0-12   c-74.2,0-148.2,0-222.3,0C14.8,216.6,14.8,220.4,14.8,224.5z M218.4,197.9c2.2,0,4,0,6.2,0c0-5.2,0.2-10.2-0.1-15.2   c-0.1-1.3-2-2.4-3-3.6c-1,1.2-2.8,2.4-2.9,3.6C218.2,187.7,218.4,192.8,218.4,197.9z M33.8,198c0-5.4,0.2-10.3-0.1-15.2   c-0.1-1.3-1.8-2.5-2.7-3.7c-1,1.2-2.7,2.4-2.8,3.7c-0.3,5-0.1,10-0.1,15.2C30.1,198,31.7,198,33.8,198z\"><\/path>\t\t\t<linearGradient id=\"SVGID_00000030455813733737397990000017569323982488296875_\" gradientUnits=\"userSpaceOnUse\" x1=\"309.6498\" y1=\"348.2259\" x2=\"349.7013\" y2=\"348.2259\" gradientTransform=\"matrix(1 0 0 -1 0 395.5748)\">\t\t<stop offset=\"0\" style=\"stop-color:#FCCD15\"><\/stop>\t\t<stop offset=\"1\" style=\"stop-color:#EB7033\"><\/stop>\t<\/linearGradient>\t<path style=\"fill:url(#SVGID_00000030455813733737397990000017569323982488296875_);\" d=\"M329.2,67.3c-10.6-0.1-19.6-9.1-19.6-19.7   c0-10.9,9.5-20.4,20.4-20.2c10.8,0.1,19.7,9.3,19.7,20.3C349.7,58.8,340.8,67.4,329.2,67.3z M323.7,46.7c0,4.4,2.7,7.5,6.1,7.2   c3.5-0.4,5.8-2.6,6.2-6.1c0.4-3.2-2.9-6.4-6.4-6.3C326,41.6,324,43.6,323.7,46.7z\"><\/path>\t\t\t<linearGradient id=\"SVGID_00000034803668441025812040000007606900833666412220_\" gradientUnits=\"userSpaceOnUse\" x1=\"106.3\" y1=\"348.2748\" x2=\"146.3008\" y2=\"348.2748\" gradientTransform=\"matrix(1 0 0 -1 0 395.5748)\">\t\t<stop offset=\"0\" style=\"stop-color:#FCCD15\"><\/stop>\t\t<stop offset=\"1\" style=\"stop-color:#EB7033\"><\/stop>\t<\/linearGradient>\t<path style=\"fill:url(#SVGID_00000034803668441025812040000007606900833666412220_);\" d=\"M126,67.3c-11.2,0-19.7-8.6-19.7-19.9   c0-11,9-20.1,19.8-20.1s20.3,9.6,20.2,20.4S137.1,67.3,126,67.3z M127.1,41.5c-4.3-0.1-7.6,2.8-7.3,6c0.3,3.5,2.6,5.8,6.1,6.3   c3.2,0.5,6.3-2.7,6.3-6.2C132.2,43.7,130,41.9,127.1,41.5z\"><\/path>\t\t\t<linearGradient id=\"SVGID_00000005984013084010951620000003105370942039919773_\" gradientUnits=\"userSpaceOnUse\" x1=\"53.6725\" y1=\"98.6519\" x2=\"93.8893\" y2=\"98.6519\" gradientTransform=\"matrix(1 0 0 -1 0 395.5748)\">\t\t<stop offset=\"0\" style=\"stop-color:#FCCD15\"><\/stop>\t\t<stop offset=\"1\" style=\"stop-color:#EB7033\"><\/stop>\t<\/linearGradient>\t<path style=\"fill:url(#SVGID_00000005984013084010951620000003105370942039919773_);\" d=\"M53.8,297c0-8.6,0.4-17.2-0.1-25.8   c-0.6-10.4,8.7-20.3,19.4-20.6s20.4,8.6,20.6,19.5c0.3,18,0.2,35.9,0,53.9c-0.1,9.4-8.5,20.1-21.7,19.2c-10.1-0.7-18.2-9.2-18.2-20   C53.8,314.5,53.8,305.8,53.8,297z M79.7,297c0-8.3,0-16.5,0-24.8c0-5-2.1-7.4-6.1-7.3c-3.9,0-6.4,2.6-6.4,7.3   c-0.1,16.7-0.1,33.4,0,50.1c0,4.3,2.9,7.5,6.4,7.6s6.1-3,6.1-7.5C79.7,313.8,79.7,305.4,79.7,297z\"><\/path>\t\t\t<linearGradient id=\"SVGID_00000003790979619755490800000003069891845119011997_\" gradientUnits=\"userSpaceOnUse\" x1=\"106.2855\" y1=\"98.5522\" x2=\"146.4355\" y2=\"98.5522\" gradientTransform=\"matrix(1 0 0 -1 0 395.5748)\">\t\t<stop offset=\"0\" style=\"stop-color:#FCCD15\"><\/stop>\t\t<stop offset=\"1\" style=\"stop-color:#EB7033\"><\/stop>\t<\/linearGradient>\t<path style=\"fill:url(#SVGID_00000003790979619755490800000003069891845119011997_);\" d=\"M106.3,297c0-8.7,0-17.5,0-26.2   c0-10.8,8.7-19.9,19.3-20.1c10.7-0.3,20.5,8.6,20.6,19.5c0.2,18,0.2,35.9,0,53.9c-0.1,9.3-8.4,20.1-21.7,19.2   c-10.1-0.7-18.3-9.2-18.3-20C106.3,314.5,106.3,305.8,106.3,297z M132.2,297.3c0-8.4-0.1-16.9,0-25.3c0-4.1-1.4-6.8-5.8-7.2   c-3.9-0.3-6.7,2.4-6.7,6.9c-0.1,16.9-0.1,33.7,0,50.6c0,4.3,3.1,7.5,6.5,7.4c3.6-0.1,5.9-2.9,6-7.7   C132.3,313.8,132.2,305.6,132.2,297.3z\"><\/path>\t\t\t<linearGradient id=\"SVGID_00000065044462956503755620000008524189243824905614_\" gradientUnits=\"userSpaceOnUse\" x1=\"158.8\" y1=\"98.5624\" x2=\"198.925\" y2=\"98.5624\" gradientTransform=\"matrix(1 0 0 -1 0 395.5748)\">\t\t<stop offset=\"0\" style=\"stop-color:#FCCD15\"><\/stop>\t\t<stop offset=\"1\" style=\"stop-color:#EB7033\"><\/stop>\t<\/linearGradient>\t<path style=\"fill:url(#SVGID_00000065044462956503755620000008524189243824905614_);\" d=\"M158.8,297c0-8.7,0-17.5,0-26.2   c0-10.8,8.8-19.8,19.4-20.1c10.7-0.3,20.5,8.7,20.6,19.5c0.2,17.8,0.1,35.6,0.1,53.4c0,9.5-8.6,20.4-21.3,19.7   c-10.4-0.6-18.7-9.1-18.8-20.1C158.8,314.5,158.8,305.8,158.8,297z M184.8,297.5c0-8.4,0-16.9,0-25.3c0-4-1.2-6.9-5.6-7.3   c-3.9-0.4-6.9,2.3-6.9,6.8c-0.2,17-0.1,34.1,0,51.1c0,4.3,3.5,7.6,6.8,7.1c4-0.7,5.8-3.3,5.7-7.4   C184.7,314,184.8,305.8,184.8,297.5z\"><\/path>\t<rect x=\"0.9\" y=\"0.4\" class=\"st7\" width=\"396\" height=\"396\"><\/rect><\/g><\/svg>\t\t\t\t\t\t\t\t\t<\/span>\n\t\t\t\t\t\t\t\t\t\t\t\t\t\t\t\tA wie Anlagenplanung\t\t\t\t\t\t\t<\/span>\n\n\t\t\t\t\t\t<\/h3>\n\t\t\t\t\t\t<div class=\"bdt-ep-accordion-content bdt-accordion-content\">\n\t\t\t\t\t\t\t<h4>Unsere Kompetenz f\u00fcr Ihren Ertrag<\/h4>\nWir sehen die Module bevor sie stehen und die Kabel bevor sie liegen. Wir planen Ihre PV-Anlage von den ersten Schritten bis zur finalen Inbetriebnahme und ber\u00fccksichtigen dabei sowohl die DC- als auch die AC-Seite: Unser erfahrenes Team aus Projektentwicklern und Ingenieuren erstellt Ihren individuellen Anlagenfahrplan.\t\t\t\t\t\t<\/div>\n\t\t\t\t\t<\/div>\n\t\t\t\t\t\t\t\t\t<div class=\"bdt-ep-accordion-item\">\n\t\t\t\t\t\t<h3\t\t\t\t\t\t\tclass=\"bdt-ep-accordion-title bdt-accordion-title bdt-flex bdt-flex-middle bdt-flex-between\" id=\"bdt-ep-accordion-b-wie-beschaffung\"\n\t\t\t\t\t\t\tdata-accordion-index=\"1\" data-title=\"b-wie-beschaffung\">\n\n\t\t\t\t\t\t\t\t\t\t\t\t\t\t\t<span class=\"bdt-ep-accordion-icon bdt-flex-align-right\"\n\t\t\t\t\t\t\t\t\taria-hidden=\"true\">\n\n\t\t\t\t\t\t\t\t\t\t\t\t\t\t\t\t\t\t\t<span class=\"bdt-ep-accordion-icon-closed\">\n\t\t\t\t\t\t\t\t\t\t\t<i aria-hidden=\"true\" class=\"fa-fw fas fa-plus\"><\/i>\t\t\t\t\t\t\t\t\t\t<\/span>\n\t\t\t\t\t\t\t\t\t\n\t\t\t\t\t\t\t\t\t\t\t\t\t\t\t\t\t\t\t<span class=\"bdt-ep-accordion-icon-opened\">\n\t\t\t\t\t\t\t\t\t\t\t<i aria-hidden=\"true\" class=\"fa-fw fas fa-minus\"><\/i>\t\t\t\t\t\t\t\t\t\t<\/span>\n\t\t\t\t\t\t\t\t\t\n\t\t\t\t\t\t\t\t<\/span>\n\t\t\t\t\t\t\t\n\t\t\t\t\t\t\t<span role=\"heading\" class=\"bdt-ep-title-text bdt-flex-inline bdt-flex-middle\" >\n\n\t\t\t\t\t\t\t\t\t\t\t\t\t\t\t\t\t<span class=\"bdt-ep-accordion-custom-icon\">\n\t\t\t\t\t\t\t\t\t\t<svg xmlns=\"http:\/\/www.w3.org\/2000\/svg\" xmlns:xlink=\"http:\/\/www.w3.org\/1999\/xlink\" id=\"Ebene_1\" x=\"0px\" y=\"0px\" viewBox=\"0 0 396.9 396.9\" style=\"enable-background:new 0 0 396.9 396.9;\" xml:space=\"preserve\"><style type=\"text\/css\">\t.st0{fill:url(#SVGID_1_);}\t.st1{fill:url(#SVGID_00000134243273799324053690000014904457200889640322_);}<\/style><g>\t<linearGradient id=\"SVGID_1_\" gradientUnits=\"userSpaceOnUse\" x1=\"2.0949\" y1=\"198.4252\" x2=\"394.7555\" y2=\"198.4252\">\t\t<stop offset=\"0\" style=\"stop-color:#FCCD15\"><\/stop>\t\t<stop offset=\"1\" style=\"stop-color:#EB7033\"><\/stop>\t<\/linearGradient>\t<path class=\"st0\" d=\"M388,255c-43,23.6-85.8,47.2-128.8,70.8c-0.8-3.8-1.5-7.1-2.3-10.6c1.4-0.8,2.7-1.6,4-2.4   c34.4-19.4,68.8-38.7,103.2-58.1c7.1-4,7.9-6.8,3.9-13.9c-40.7-72.4-81.4-144.7-122.1-217.1c-3.9-6.9-6.8-7.7-13.6-3.9   c-35.2,19.8-70.3,39.6-105.5,59.4c-7.6,4.3-8.3,6.8-4,14.4C158,156.3,193.2,219,228.5,281.7c0.7,1.3,1.3,2.5,2.1,4   c-4.4-1.1-8.3-2.3-12.2-3c-2.6-0.5-4.2-1.6-5.5-4C178.7,215.3,144.4,152,110.2,88.6C102,73.4,93.9,58.2,85.5,43.1   c-6.2-11.2-15.7-18-28.6-18.3C39,24.3,21.1,24.5,3.2,24.5c-0.4,0-0.7,0.2-1.1,0.4c0,4.4,0,8.8,0,13.5c1.6,0,3,0,4.4,0   c15.5,0,30.9,0,46.4,0c9.6,0,16.5,4.1,21.1,12.6c28.6,53.1,57.3,106.1,85.9,159.1c1,1.9,1.7,4.3,1.8,6.5c0.1,35.6,0,71.1,0.1,106.7   c0,5.2,0,10.5,0.9,15.6c4,22.6,22,38.5,45.4,40.2c21.1,1.6,41.5-12.3,48.5-33.3c0.9-2.7,2.4-4.2,4.7-5.5   c39.7-21.7,79.3-43.5,118.9-65.3c4.8-2.6,9.7-5.1,14.5-7.7c0-0.3,0-0.5,0-0.8C392.5,262.8,390.3,259,388,255z M179.9,65.6   c5.4-3.1,10.8-6.2,16.6-9.5c3.4,6,6.8,11.8,10.4,17.9c-6,3.5-11.9,6.9-18,10.4c-3.5-6.1-6.8-11.8-10.3-17.8   C179.1,66.2,179.4,65.8,179.9,65.6z M136.5,89.7c9.8-5.5,19.4-11,29.5-16.6c0.8,1.3,1.6,2.5,2.3,3.8c3.8,6.5,7.5,13.1,11.3,19.6   c2.8,4.7,6.2,5.6,10.9,2.9c9.4-5.4,18.8-10.8,28.2-16.3c4.6-2.7,5.6-6.3,2.9-11c-4.2-7.6-8.6-15-13.2-22.9   c9.1-5.1,17.9-10.1,27.1-15.3c18.5,33,37,65.8,55.7,99c-33,18.6-65.9,37.1-99.2,55.8C173.6,155.7,155.2,122.9,136.5,89.7z    M269.4,185.4c-6.2,3.6-11.9,6.9-18.1,10.4c-3.5-6-6.8-11.8-10.4-18c6-3.5,11.9-6.8,18.1-10.4C262.4,173.4,265.8,179.2,269.4,185.4   z M176,241.2c0.2-0.1,0.5-0.2,0.7-0.3c7.6,14,15.1,27.9,22.3,41.2c-7.9,4.4-15.4,8.5-23,12.7C176,277.3,176,259.2,176,241.2z    M245.2,331.5c-0.7,19-16.7,34.4-35.1,33.7c-19.5-0.7-34.6-16.3-34.1-35.1c0.6-19.7,16.2-34.9,35.2-34.3   C230.5,296.4,245.8,312.5,245.2,331.5z M254.9,300.2c-18.7-33.2-37.1-66-55.7-99.1c10-5.6,19.6-11,29.5-16.6   c4.3,7.4,8.5,14.7,12.7,21.9c3.7,6.5,6.7,7.3,13.1,3.6c8.6-5,17.3-9.9,25.9-14.9c6-3.5,6.8-6.6,3.4-12.6   c-4.1-7.2-8.3-14.4-12.6-21.9c9-5.1,17.9-10.1,27.1-15.3c18.5,32.9,37,65.7,55.7,99.1C321,263,288.1,281.5,254.9,300.2z\"><\/path>\t\t\t<linearGradient id=\"SVGID_00000030450985823489538840000012146954015589565352_\" gradientUnits=\"userSpaceOnUse\" x1=\"189.745\" y1=\"330.4998\" x2=\"231.3154\" y2=\"330.4998\">\t\t<stop offset=\"0\" style=\"stop-color:#FCCD15\"><\/stop>\t\t<stop offset=\"1\" style=\"stop-color:#EB7033\"><\/stop>\t<\/linearGradient>\t<path style=\"fill:url(#SVGID_00000030450985823489538840000012146954015589565352_);\" d=\"M210.6,309.7c-11.5-0.1-21,9.5-20.9,21   c0.1,11.5,9.4,20.6,20.8,20.6c11.5,0,20.7-9.3,20.7-20.7C231.3,319.2,222,309.8,210.6,309.7z M210.6,337.4c-3.8,0-6.8-2.9-6.9-6.7   c-0.1-3.7,3-6.9,6.6-7c3.7-0.1,7.2,3.2,7.1,7C217.4,334.3,214.3,337.3,210.6,337.4z\"><\/path><\/g><\/svg>\t\t\t\t\t\t\t\t\t<\/span>\n\t\t\t\t\t\t\t\t\t\t\t\t\t\t\t\tB wie Beschaffung\t\t\t\t\t\t\t<\/span>\n\n\t\t\t\t\t\t<\/h3>\n\t\t\t\t\t\t<div class=\"bdt-ep-accordion-content bdt-accordion-content\">\n\t\t\t\t\t\t\t<h4>H\u00f6chste Qualit\u00e4t zum besten Preis<\/h4>\nEin guter Einkauf ist entscheidend f\u00fcr den Erfolg einer PV-Anlage: Er spart Kosten, gew\u00e4hrleistet Qualit\u00e4t, erm\u00f6glicht rechtzeitige Lieferungen, steuert Risiken und f\u00f6rdert Ethik und Nachhaltigkeit. Wir investieren in solide Prozesse und stabile Lieferantenbeziehungen, um Ihren langfristigen Erfolg zu erm\u00f6glichen.\t\t\t\t\t\t<\/div>\n\t\t\t\t\t<\/div>\n\t\t\t\t\t\t\t\t\t<div class=\"bdt-ep-accordion-item\">\n\t\t\t\t\t\t<h3\t\t\t\t\t\t\tclass=\"bdt-ep-accordion-title bdt-accordion-title bdt-flex bdt-flex-middle bdt-flex-between\" id=\"bdt-ep-accordion-c-wie-construction\"\n\t\t\t\t\t\t\tdata-accordion-index=\"2\" data-title=\"c-wie-construction\">\n\n\t\t\t\t\t\t\t\t\t\t\t\t\t\t\t<span class=\"bdt-ep-accordion-icon bdt-flex-align-right\"\n\t\t\t\t\t\t\t\t\taria-hidden=\"true\">\n\n\t\t\t\t\t\t\t\t\t\t\t\t\t\t\t\t\t\t\t<span class=\"bdt-ep-accordion-icon-closed\">\n\t\t\t\t\t\t\t\t\t\t\t<i aria-hidden=\"true\" class=\"fa-fw fas fa-plus\"><\/i>\t\t\t\t\t\t\t\t\t\t<\/span>\n\t\t\t\t\t\t\t\t\t\n\t\t\t\t\t\t\t\t\t\t\t\t\t\t\t\t\t\t\t<span class=\"bdt-ep-accordion-icon-opened\">\n\t\t\t\t\t\t\t\t\t\t\t<i aria-hidden=\"true\" class=\"fa-fw fas fa-minus\"><\/i>\t\t\t\t\t\t\t\t\t\t<\/span>\n\t\t\t\t\t\t\t\t\t\n\t\t\t\t\t\t\t\t<\/span>\n\t\t\t\t\t\t\t\n\t\t\t\t\t\t\t<span role=\"heading\" class=\"bdt-ep-title-text bdt-flex-inline bdt-flex-middle\" >\n\n\t\t\t\t\t\t\t\t\t\t\t\t\t\t\t\t\t<span class=\"bdt-ep-accordion-custom-icon\">\n\t\t\t\t\t\t\t\t\t\t<svg xmlns=\"http:\/\/www.w3.org\/2000\/svg\" xmlns:xlink=\"http:\/\/www.w3.org\/1999\/xlink\" id=\"Ebene_1\" x=\"0px\" y=\"0px\" viewBox=\"0 0 396.9 396.9\" style=\"enable-background:new 0 0 396.9 396.9;\" xml:space=\"preserve\"><style type=\"text\/css\">\t.st0{fill:url(#SVGID_1_);}\t.st1{fill:url(#SVGID_00000023245589593300791770000006508855743373971874_);}<\/style><g>\t\t\t<linearGradient id=\"SVGID_1_\" gradientUnits=\"userSpaceOnUse\" x1=\"1.0789\" y1=\"197.1926\" x2=\"395.8333\" y2=\"197.1926\" gradientTransform=\"matrix(1 0 0 -1 0 395.5748)\">\t\t<stop offset=\"0\" style=\"stop-color:#FCCD15\"><\/stop>\t\t<stop offset=\"1\" style=\"stop-color:#EB7033\"><\/stop>\t<\/linearGradient>\t<path class=\"st0\" d=\"M132.1,198.9c-1.9-3.8-3.8-7.3-5.3-10.9c-0.6-1.4-0.9-3.5-0.3-4.8c2.2-4.6-0.1-7.1-3.2-10.1   c-9.5-9.2-18.9-18.6-28.2-28.1c-2.2-2.2-4.2-2.6-7-1.9C50,151.6,12.3,128.7,2.5,91c-0.6-2.3-1.3-4.6-1.3-7c0-7.1,7.2-11.7,14.4-9.2   c13.1,4.7,26.2,9.4,39.2,14.3c3.2,1.2,5.7,1.3,7.7-1.8c0.6-0.9,1.3-1.7,2.2-2.2c12.6-8.1,10.2-20.4,8.8-32.3   c-0.1-1-2.1-2.2-3.4-2.7c-12.9-4.8-25.8-9.6-38.8-14.2c-4.4-1.6-7.7-4.1-8.5-8.8c-0.9-4.9,1.9-8.1,5.5-10.9   C66.8-13.9,125.4,4,140.6,50.7c4.3,13,4.7,26.2,1.8,39.5c-0.4,1.6,0.3,4,1.4,5.2c5.6,6,11.6,11.6,17.3,17.5c3.7,3.8,2.9,9-1.7,10.3   c-1.8,0.5-4.9-0.2-6.3-1.5c-7.7-7.2-15.1-14.8-22.6-22.3c-2.8-2.8-2.1-5.7-1.1-9c9.6-33.2-9-66.2-42.4-74.9   c-17.1-4.5-33.2-1.3-48.1,8.2c-0.5,0.3-0.8,0.7-1.6,1.5c10.3,3.7,20.1,7.3,29.9,10.9C70.6,37.4,74,39,77.5,40   c5.7,1.7,8.1,5.7,8.5,11.2c0.5,7.6,1,15.2,0.9,22.7c0,2.7-1.1,6-2.8,8c-5.4,6.3-11.3,12.3-17.2,18.2c-3.4,3.4-7.4,3.7-11.9,1.9   c-13.3-5-26.7-9.7-40.7-14.8c2.1,9.3,6.2,17.1,12,23.9c11.8,14,27.2,21,45.3,21.5c6.1,0.2,12.3-1.4,18.3-2.9c4.1-1,7.1-0.5,10,2.5   c11.8,12,23.6,24,35.7,36.2c5.5-4.7,11.4-6.7,18-4.2c2.7,1,5.2,2.8,7.3,4.8c6.3,6.1,12.4,12.4,18.3,18.3c6.6-6.7,13-13.2,19.5-19.8   c-8.6-8.6-18-17.9-27.3-27.3c-3.4-3.4-3.1-7.7,0.4-9.8c3.2-2,5.9-0.9,8.4,1.6c9.2,9.3,18.4,18.6,28.3,28.6   c12.3-12.5,24.2-24.8,36.3-36.9c17-17.1,33.9-34.4,51.4-51c5.9-5.6,8.9-11.8,9.9-19.5c0.6-4.6,1.4-9.1,2.7-13.5   c0.8-2.5,2.3-5.3,4.4-6.9c4.3-3.3,9.2-6,13.9-8.9c3.3-1.9,6.1-0.9,8.1,2c2.2,3.2,0.9,5.9-1.8,8.1c-0.6,0.5-1.2,1-1.8,1.2   c-9.8,3.5-12.3,11.4-14.1,20.7c-1.4,7.4,0.5,12,5.6,17.3c5.7,6,10.9,7.2,18.9,5.8c9.5-1.6,15.5-5.5,20.1-13.9   c6.3-11.6,13.9-22.5,20.8-33.5c-5.9-5.8-11.6-11.4-17.6-17.4c-3,1.9-6.3,4-9.7,6.1c-3.8,2.3-7.2,1.6-9.3-1.6   c-1.9-3.1-1-6.1,2.8-8.6c3.7-2.5,7.5-4.9,11.3-7.1c4.4-2.6,9-2.2,12.7,1.4c6.6,6.3,13,12.7,19.4,19.2c4,4.2,4.4,8.7,1.2,13.8   c-9.5,15.3-19,30.5-28.8,45.6c-1.6,2.4-4.9,4.4-7.8,5.2c-7.4,2-15.1,3.1-22.6,4.7c-1.5,0.3-3.1,1.2-4.2,2.2   c-30.7,30.6-61.4,61.3-92.1,91.9c-0.3,0.3-0.6,0.7-1.1,1.3c0.8,0.9,1.6,2,2.5,2.9c19.7,19.7,39.5,39.3,59.2,59.1   c2.1,2.1,3.8,2.7,7,2c40.8-9.5,80.2,16.1,88.6,57.4c7.9,38.9-20.6,78.8-59.8,84.7c-42.3,6.4-76.6-22.3-83.3-58   c-1.9-10.4-1.7-20.7,0.8-30.9c0.6-2.5,0.4-4.1-1.5-5.9c-9.8-9.6-19.4-19.3-29.2-29c-0.9-0.9-2.7-1.8-3.7-1.5   c-7.5,2.3-13.7,0.1-19.5-5.7c-1.9,13.2-9.1,22.6-18.2,31.1c-7.6,7.1-14.8,14.7-22.2,22c-2.3,2.3-5.2,3.8-7.9,1.4   c-1.6-1.5-2.7-4.5-2.7-6.7c0-1.6,2.2-3.4,3.6-4.8c8.3-8.3,16.7-16.6,25-24.9c8-8,11.8-17.4,9.7-28.7c-0.3-1.5-1.1-3.1-2.1-4.1   c-11.6-11.8-23.4-23.4-35.1-35.1c-4.7-4.7-10.9-3.5-16-2.1c-5.8,1.6-11.9,4.5-16.1,8.7c-33.2,32.6-66,65.5-98.8,98.4   c-4.8,4.8-5.5,11.1-2.3,16.7c2.3,4.1,5.5,4.5,8.8,1.2c31.6-31.8,63.4-63.5,95.1-95.2c4.9-4.9,10.1-9.1,17.4-10   c10.8-1.4,21.1,3.5,26.3,12.9c5.3,9.6,4.3,21.1-3.2,29c-11.9,12.4-24.1,24.3-36.3,36.4c-21,21-42,41.9-63,62.8   c-3.8,3.8-3.5,6.3,1.1,9c5.5,3.2,11.8,2.3,17-2.9c14.5-14.4,28.9-28.8,43.4-43.2c2.7-2.7,5.4-5.5,8.3-8.2c3.4-3.2,6.3-3.4,9-0.8   c2.6,2.5,2.4,6.5-0.6,9.5c-11,11.1-22.1,22.1-33.2,33.2c-6.2,6.2-12.4,12.5-18.7,18.6c-10,9.6-23.3,10.4-34.1,2.3   c-6.3-4.7-8.6-11.1-6-18.4c0.9-2.5,0.4-3.7-1.3-5.3c-5-4.9-9.9-9.9-15-14.7c-1-0.9-2.9-1.8-4.1-1.5c-13.5,3-24.4-5.6-24.9-19.5   C0.8,321.8,3.7,315,9.8,309c32.8-32.6,65.5-65.3,98.2-97.9C114.7,204.3,122.8,200.3,132.1,198.9z M228.4,260.7   c11.4,11.4,22.7,22.8,34.2,34.1c3.1,3,3.8,5.9,2.4,10c-3.3,9.3-3.6,18.9-1.9,28.5c6,33,36.5,54.9,69.2,49.3   c33.7-5.8,55.9-37.2,49.9-70.5c-6.3-35.1-43.1-57.6-77.3-46.8c-4.9,1.5-8,0.5-11.4-2.9c-18.6-18.7-37.3-37.3-55.9-56   c-3-3-5.9-6.2-8.6-9c-6.9,7-13.3,13.5-19.8,20c5.7,5.7,11.7,11.7,17.7,17.7C235.4,243.4,235.9,251,228.4,260.7z M56.3,359.4   c11.9-11.9,24-24,36.1-36.1c18.8-18.8,37.7-37.6,56.6-56.5c8-8,5.1-20.5-5.5-23.3c-5.6-1.5-10.1,0.7-14,4.6   c-19.9,19.9-39.9,39.7-59.8,59.6c-10.9,10.9-21.8,21.9-32.4,32.6C43.4,346.5,49.6,352.7,56.3,359.4z M309.6,76.9   c-40.1,40.3-80,80.5-119.6,120.3c3,3.2,6.4,6.7,9.9,10.3C239.8,167.3,279.6,127,319,87.2C316.3,84.2,312.9,80.5,309.6,76.9z    M222.4,248.8c-1.8-2.4-2.7-4-4-5.3c-21.6-21.6-43.2-43.2-64.8-64.7c-4.5-4.5-6.2-4.4-11,0.4c-5,5-5.1,6.5-0.5,11   c21.6,21.6,43.3,43.1,64.9,64.7c2,2,4.2,4.3,6.9,2.4C216.9,255,219.3,251.9,222.4,248.8z\"><\/path>\t\t\t<linearGradient id=\"SVGID_00000025439482741129907270000001975496101203246475_\" gradientUnits=\"userSpaceOnUse\" x1=\"281\" y1=\"73.2748\" x2=\"365\" y2=\"73.2748\" gradientTransform=\"matrix(1 0 0 -1 0 395.5748)\">\t\t<stop offset=\"0\" style=\"stop-color:#FCCD15\"><\/stop>\t\t<stop offset=\"1\" style=\"stop-color:#EB7033\"><\/stop>\t<\/linearGradient>\t<path style=\"fill:url(#SVGID_00000025439482741129907270000001975496101203246475_);\" d=\"M323,280.3c-23.2,0-42,18.8-42,42   s18.8,42,42,42s42-18.8,42-42S346.2,280.3,323,280.3z M323,351.8c-16.3,0-29.5-13.2-29.5-29.5s13.2-29.5,29.5-29.5   s29.5,13.2,29.5,29.5S339.3,351.8,323,351.8z\"><\/path><\/g><\/svg>\t\t\t\t\t\t\t\t\t<\/span>\n\t\t\t\t\t\t\t\t\t\t\t\t\t\t\t\tC wie Construction\t\t\t\t\t\t\t<\/span>\n\n\t\t\t\t\t\t<\/h3>\n\t\t\t\t\t\t<div class=\"bdt-ep-accordion-content bdt-accordion-content\">\n\t\t\t\t\t\t\t<h4>Volle Kontrolle \u00fcber den Bauprozess<\/h4><p>Mit einer projektindividuellen Planung zur Hand und den optimalen Komponenten vor Ort starten wir f\u00fcr Sie in die Bauphase: Unsere hauseigenen Montagetrupps errichten Ihre PV-Anlage auf jeder Fl\u00e4che und ohne Gr\u00f6\u00dfenlimit. Durch feste Teams und Strukturen haben wir f\u00fcr Sie volle Kontrolle \u00fcber die Qualit\u00e4t des Bauprozesses.<\/p>\t\t\t\t\t\t<\/div>\n\t\t\t\t\t<\/div>\n\t\t\t\t\t\t\t<\/div>\n\t\t<\/div>\n\t\t\t\t\t\t<\/div>\n\t\t\t\t<\/div>\n\t\t\t\t\t<\/div>\n\t\t<\/div>\n\t\t\t\t\t<\/div>\n\t\t<\/section>\n\t\t\t\t<section class=\"elementor-section elementor-top-section elementor-element elementor-element-12aae52d elementor-section-boxed elementor-section-height-default elementor-section-height-default\" data-id=\"12aae52d\" data-element_type=\"section\" data-e-type=\"section\" id=\"6schritte\" data-settings=\"{&quot;background_background&quot;:&quot;classic&quot;}\">\n\t\t\t\t\t\t<div class=\"elementor-container elementor-column-gap-wider\">\n\t\t\t\t\t<div class=\"elementor-column elementor-col-100 elementor-top-column elementor-element elementor-element-5aa192bf elementor-invisible\" data-id=\"5aa192bf\" data-element_type=\"column\" data-e-type=\"column\" data-settings=\"{&quot;animation&quot;:&quot;fadeIn&quot;}\">\n\t\t\t<div class=\"elementor-widget-wrap elementor-element-populated\">\n\t\t\t\t\t\t<div class=\"elementor-element elementor-element-63fc066c gradbluettl elementor-headline--style-highlight elementor-invisible elementor-widget elementor-widget-animated-headline\" data-id=\"63fc066c\" data-element_type=\"widget\" data-e-type=\"widget\" data-settings=\"{&quot;highlighted_text&quot;:&quot;6 Schritten &quot;,&quot;_animation&quot;:&quot;fadeInUp&quot;,&quot;_animation_mobile&quot;:&quot;none&quot;,&quot;headline_style&quot;:&quot;highlight&quot;,&quot;marker&quot;:&quot;circle&quot;,&quot;loop&quot;:&quot;yes&quot;,&quot;highlight_animation_duration&quot;:1200,&quot;highlight_iteration_delay&quot;:8000}\" data-widget_type=\"animated-headline.default\">\n\t\t\t\t<div class=\"elementor-widget-container\">\n\t\t\t\t\t\t\t<h3 class=\"elementor-headline\">\n\t\t\t\t\t<span class=\"elementor-headline-plain-text elementor-headline-text-wrapper\">In<\/span>\n\t\t\t\t<span class=\"elementor-headline-dynamic-wrapper elementor-headline-text-wrapper\">\n\t\t\t\t\t<span class=\"elementor-headline-dynamic-text elementor-headline-text-active\">6 Schritten <\/span>\n\t\t\t\t<\/span>\n\t\t\t\t\t<span class=\"elementor-headline-plain-text elementor-headline-text-wrapper\">zu<br> Ihrer Photovoltaik-Anlage<\/span>\n\t\t\t\t\t<\/h3>\n\t\t\t\t\t\t<\/div>\n\t\t\t\t<\/div>\n\t\t\t\t<div class=\"elementor-element elementor-element-49505a3 abc-accordion elementor-hidden-desktop elementor-hidden-tablet elementor-widget elementor-widget-bdt-accordion\" data-id=\"49505a3\" data-element_type=\"widget\" data-e-type=\"widget\" data-widget_type=\"bdt-accordion.default\">\n\t\t\t\t<div class=\"elementor-widget-container\">\n\t\t\t\t\t\t\t<div class=\"bdt-ep-accordion-container\">\n\t\t\t<div id=\"bdt-ep-accordion-49505a3\" class=\"bdt-ep-accordion bdt-accordion\" data-bdt-accordion=\"{&quot;collapsible&quot;:false,&quot;multiple&quot;:false,&quot;animation&quot;:true,&quot;transition&quot;:&quot;ease-in-out&quot;,&quot;duration&quot;:200}\" \t\tdata-settings=\"{&quot;id&quot;:&quot;bdt-ep-accordion-49505a3&quot;,&quot;activeHash&quot;:&quot;&quot;,&quot;activeScrollspy&quot;:null,&quot;hashTopOffset&quot;:false,&quot;hashScrollspyTime&quot;:false,&quot;closeAllItemsOnMobile&quot;:false}\">\n\t\t\t\t\t\t\t\t\t<div class=\"bdt-ep-accordion-item\">\n\t\t\t\t\t\t<h3\t\t\t\t\t\t\tclass=\"bdt-ep-accordion-title bdt-accordion-title bdt-flex bdt-flex-middle bdt-flex-between\" id=\"bdt-ep-accordion-1-planung\"\n\t\t\t\t\t\t\tdata-accordion-index=\"0\" data-title=\"1-planung\">\n\n\t\t\t\t\t\t\t\t\t\t\t\t\t\t\t<span class=\"bdt-ep-accordion-icon bdt-flex-align-right\"\n\t\t\t\t\t\t\t\t\taria-hidden=\"true\">\n\n\t\t\t\t\t\t\t\t\t\t\t\t\t\t\t\t\t\t\t<span class=\"bdt-ep-accordion-icon-closed\">\n\t\t\t\t\t\t\t\t\t\t\t<i aria-hidden=\"true\" class=\"fa-fw fas fa-plus\"><\/i>\t\t\t\t\t\t\t\t\t\t<\/span>\n\t\t\t\t\t\t\t\t\t\n\t\t\t\t\t\t\t\t\t\t\t\t\t\t\t\t\t\t\t<span class=\"bdt-ep-accordion-icon-opened\">\n\t\t\t\t\t\t\t\t\t\t\t<i aria-hidden=\"true\" class=\"fa-fw fas fa-minus\"><\/i>\t\t\t\t\t\t\t\t\t\t<\/span>\n\t\t\t\t\t\t\t\t\t\n\t\t\t\t\t\t\t\t<\/span>\n\t\t\t\t\t\t\t\n\t\t\t\t\t\t\t<span role=\"heading\" class=\"bdt-ep-title-text bdt-flex-inline bdt-flex-middle\" >\n\n\t\t\t\t\t\t\t\t\t\t\t\t\t\t\t\t1.\tPlanung\t\t\t\t\t\t\t<\/span>\n\n\t\t\t\t\t\t<\/h3>\n\t\t\t\t\t\t<div class=\"bdt-ep-accordion-content bdt-accordion-content\">\n\t\t\t\t\t\t\t<p>Auf Basis eines individuell erstellten 3D-Modells Ihres Standorts planen wir die m\u00f6gliche PV-Nennleistung und errechnen technische Eckdaten wie Stromerzeugung, Eigenverbrauch und Netzeinspeisung. Dabei haben wir sowohl die \u00f6rtlichen Gegebenheiten als auch die technischen, rechtlichen und wirtschaftlichen Rahmenbedingungen auf dem Schirm.\u00a0<\/p>\t\t\t\t\t\t<\/div>\n\t\t\t\t\t<\/div>\n\t\t\t\t\t\t\t\t\t<div class=\"bdt-ep-accordion-item\">\n\t\t\t\t\t\t<h3\t\t\t\t\t\t\tclass=\"bdt-ep-accordion-title bdt-accordion-title bdt-flex bdt-flex-middle bdt-flex-between\" id=\"bdt-ep-accordion-2-angebotserstellung\"\n\t\t\t\t\t\t\tdata-accordion-index=\"1\" data-title=\"2-angebotserstellung\">\n\n\t\t\t\t\t\t\t\t\t\t\t\t\t\t\t<span class=\"bdt-ep-accordion-icon bdt-flex-align-right\"\n\t\t\t\t\t\t\t\t\taria-hidden=\"true\">\n\n\t\t\t\t\t\t\t\t\t\t\t\t\t\t\t\t\t\t\t<span class=\"bdt-ep-accordion-icon-closed\">\n\t\t\t\t\t\t\t\t\t\t\t<i aria-hidden=\"true\" class=\"fa-fw fas fa-plus\"><\/i>\t\t\t\t\t\t\t\t\t\t<\/span>\n\t\t\t\t\t\t\t\t\t\n\t\t\t\t\t\t\t\t\t\t\t\t\t\t\t\t\t\t\t<span class=\"bdt-ep-accordion-icon-opened\">\n\t\t\t\t\t\t\t\t\t\t\t<i aria-hidden=\"true\" class=\"fa-fw fas fa-minus\"><\/i>\t\t\t\t\t\t\t\t\t\t<\/span>\n\t\t\t\t\t\t\t\t\t\n\t\t\t\t\t\t\t\t<\/span>\n\t\t\t\t\t\t\t\n\t\t\t\t\t\t\t<span role=\"heading\" class=\"bdt-ep-title-text bdt-flex-inline bdt-flex-middle\" >\n\n\t\t\t\t\t\t\t\t\t\t\t\t\t\t\t\t2.\tAngebotserstellung\t\t\t\t\t\t\t<\/span>\n\n\t\t\t\t\t\t<\/h3>\n\t\t\t\t\t\t<div class=\"bdt-ep-accordion-content bdt-accordion-content\">\n\t\t\t\t\t\t\t<p>Sie erhalten von uns ein individuelles Angebot f\u00fcr eine schl\u00fcsselfertige PV-Anlage. Unsere Angebote umfassen stets mit einem Pauschalpreis alle f\u00fcr die Errichtung und Inbetriebnahme erforderlichen Komponenten und Arbeitsschritte sowie eine Wirtschaftlichkeits\u00adberechnung f\u00fcr Ihre Planungen.<\/p>\t\t\t\t\t\t<\/div>\n\t\t\t\t\t<\/div>\n\t\t\t\t\t\t\t\t\t<div class=\"bdt-ep-accordion-item\">\n\t\t\t\t\t\t<h3\t\t\t\t\t\t\tclass=\"bdt-ep-accordion-title bdt-accordion-title bdt-flex bdt-flex-middle bdt-flex-between\" id=\"bdt-ep-accordion-3-bauvorbereitung\"\n\t\t\t\t\t\t\tdata-accordion-index=\"2\" data-title=\"3-bauvorbereitung\">\n\n\t\t\t\t\t\t\t\t\t\t\t\t\t\t\t<span class=\"bdt-ep-accordion-icon bdt-flex-align-right\"\n\t\t\t\t\t\t\t\t\taria-hidden=\"true\">\n\n\t\t\t\t\t\t\t\t\t\t\t\t\t\t\t\t\t\t\t<span class=\"bdt-ep-accordion-icon-closed\">\n\t\t\t\t\t\t\t\t\t\t\t<i aria-hidden=\"true\" class=\"fa-fw fas fa-plus\"><\/i>\t\t\t\t\t\t\t\t\t\t<\/span>\n\t\t\t\t\t\t\t\t\t\n\t\t\t\t\t\t\t\t\t\t\t\t\t\t\t\t\t\t\t<span class=\"bdt-ep-accordion-icon-opened\">\n\t\t\t\t\t\t\t\t\t\t\t<i aria-hidden=\"true\" class=\"fa-fw fas fa-minus\"><\/i>\t\t\t\t\t\t\t\t\t\t<\/span>\n\t\t\t\t\t\t\t\t\t\n\t\t\t\t\t\t\t\t<\/span>\n\t\t\t\t\t\t\t\n\t\t\t\t\t\t\t<span role=\"heading\" class=\"bdt-ep-title-text bdt-flex-inline bdt-flex-middle\" >\n\n\t\t\t\t\t\t\t\t\t\t\t\t\t\t\t\t3.\tBauvorbereitung\t\t\t\t\t\t\t<\/span>\n\n\t\t\t\t\t\t<\/h3>\n\t\t\t\t\t\t<div class=\"bdt-ep-accordion-content bdt-accordion-content\">\n\t\t\t\t\t\t\t<p>Nach Angebotsunterzeichnung \u00fcbernehmen wir neben der Detail-Planung und der Beschaffung der Komponenten die Kl\u00e4rungen und Freigaben mit dem Netzbetreiber sowie bei Aufdach-Anlagen die Statik-Pr\u00fcfung. Bei Freiland-Anlagen fallen statt der Statik-Pr\u00fcfung die Baugenehmigungsplanung sowie die Pr\u00fcfung der jeweiligen Bodenbeschaffenheit an.\u00a0<\/p>\t\t\t\t\t\t<\/div>\n\t\t\t\t\t<\/div>\n\t\t\t\t\t\t\t\t\t<div class=\"bdt-ep-accordion-item\">\n\t\t\t\t\t\t<h3\t\t\t\t\t\t\tclass=\"bdt-ep-accordion-title bdt-accordion-title bdt-flex bdt-flex-middle bdt-flex-between\" id=\"bdt-ep-accordion-4-bauphase\"\n\t\t\t\t\t\t\tdata-accordion-index=\"3\" data-title=\"4-bauphase\">\n\n\t\t\t\t\t\t\t\t\t\t\t\t\t\t\t<span class=\"bdt-ep-accordion-icon bdt-flex-align-right\"\n\t\t\t\t\t\t\t\t\taria-hidden=\"true\">\n\n\t\t\t\t\t\t\t\t\t\t\t\t\t\t\t\t\t\t\t<span class=\"bdt-ep-accordion-icon-closed\">\n\t\t\t\t\t\t\t\t\t\t\t<i aria-hidden=\"true\" class=\"fa-fw fas fa-plus\"><\/i>\t\t\t\t\t\t\t\t\t\t<\/span>\n\t\t\t\t\t\t\t\t\t\n\t\t\t\t\t\t\t\t\t\t\t\t\t\t\t\t\t\t\t<span class=\"bdt-ep-accordion-icon-opened\">\n\t\t\t\t\t\t\t\t\t\t\t<i aria-hidden=\"true\" class=\"fa-fw fas fa-minus\"><\/i>\t\t\t\t\t\t\t\t\t\t<\/span>\n\t\t\t\t\t\t\t\t\t\n\t\t\t\t\t\t\t\t<\/span>\n\t\t\t\t\t\t\t\n\t\t\t\t\t\t\t<span role=\"heading\" class=\"bdt-ep-title-text bdt-flex-inline bdt-flex-middle\" >\n\n\t\t\t\t\t\t\t\t\t\t\t\t\t\t\t\t4.\tBauphase\t\t\t\t\t\t\t<\/span>\n\n\t\t\t\t\t\t<\/h3>\n\t\t\t\t\t\t<div class=\"bdt-ep-accordion-content bdt-accordion-content\">\n\t\t\t\t\t\t\t<p>Nach Abschluss aller Bauvorbereitungen r\u00fccken unsere hauseigenen Bautrupps an Ihrem Standort an. F\u00fcr 1.000 kWp PV-Anlage halten wir uns circa 3 Wochen auf Ihren D\u00e4chern auf. Die Bauphase endet mit der verg\u00fctungstechnischen Inbetriebnahme, also dem Funktionsnachweis der Anlage gegen\u00fcber der Bundesnetzagentur.\u00a0<\/p>\t\t\t\t\t\t<\/div>\n\t\t\t\t\t<\/div>\n\t\t\t\t\t\t\t\t\t<div class=\"bdt-ep-accordion-item\">\n\t\t\t\t\t\t<h3\t\t\t\t\t\t\tclass=\"bdt-ep-accordion-title bdt-accordion-title bdt-flex bdt-flex-middle bdt-flex-between\" id=\"bdt-ep-accordion-5-netzgang\"\n\t\t\t\t\t\t\tdata-accordion-index=\"4\" data-title=\"5-netzgang\">\n\n\t\t\t\t\t\t\t\t\t\t\t\t\t\t\t<span class=\"bdt-ep-accordion-icon bdt-flex-align-right\"\n\t\t\t\t\t\t\t\t\taria-hidden=\"true\">\n\n\t\t\t\t\t\t\t\t\t\t\t\t\t\t\t\t\t\t\t<span class=\"bdt-ep-accordion-icon-closed\">\n\t\t\t\t\t\t\t\t\t\t\t<i aria-hidden=\"true\" class=\"fa-fw fas fa-plus\"><\/i>\t\t\t\t\t\t\t\t\t\t<\/span>\n\t\t\t\t\t\t\t\t\t\n\t\t\t\t\t\t\t\t\t\t\t\t\t\t\t\t\t\t\t<span class=\"bdt-ep-accordion-icon-opened\">\n\t\t\t\t\t\t\t\t\t\t\t<i aria-hidden=\"true\" class=\"fa-fw fas fa-minus\"><\/i>\t\t\t\t\t\t\t\t\t\t<\/span>\n\t\t\t\t\t\t\t\t\t\n\t\t\t\t\t\t\t\t<\/span>\n\t\t\t\t\t\t\t\n\t\t\t\t\t\t\t<span role=\"heading\" class=\"bdt-ep-title-text bdt-flex-inline bdt-flex-middle\" >\n\n\t\t\t\t\t\t\t\t\t\t\t\t\t\t\t\t5.\tNetzgang\t\t\t\t\t\t\t<\/span>\n\n\t\t\t\t\t\t<\/h3>\n\t\t\t\t\t\t<div class=\"bdt-ep-accordion-content bdt-accordion-content\">\n\t\t\t\t\t\t\t<p>Sobald Ihre PV-Anlage funktioniert, muss sie mit dem \u00f6ffentlichen Stromnetz verbunden werden. Dazu geh\u00f6rt auch die Netzbetreiber-konforme Installation von Schutzparametern wie NA-Schutz, QU-Schutz oder Entkupplungsschutz aus eigener Planung und Fertigung. Wenn Sie an Ihrem Standort bereits Strombezug haben, beziehen wir dies nat\u00fcrlich in unsere Planungen mit ein.\u00a0<\/p>\t\t\t\t\t\t<\/div>\n\t\t\t\t\t<\/div>\n\t\t\t\t\t\t\t\t\t<div class=\"bdt-ep-accordion-item\">\n\t\t\t\t\t\t<h3\t\t\t\t\t\t\tclass=\"bdt-ep-accordion-title bdt-accordion-title bdt-flex bdt-flex-middle bdt-flex-between\" id=\"bdt-ep-accordion-6-wartung-und-instandhaltung\"\n\t\t\t\t\t\t\tdata-accordion-index=\"5\" data-title=\"6-wartung-und-instandhaltung\">\n\n\t\t\t\t\t\t\t\t\t\t\t\t\t\t\t<span class=\"bdt-ep-accordion-icon bdt-flex-align-right\"\n\t\t\t\t\t\t\t\t\taria-hidden=\"true\">\n\n\t\t\t\t\t\t\t\t\t\t\t\t\t\t\t\t\t\t\t<span class=\"bdt-ep-accordion-icon-closed\">\n\t\t\t\t\t\t\t\t\t\t\t<i aria-hidden=\"true\" class=\"fa-fw fas fa-plus\"><\/i>\t\t\t\t\t\t\t\t\t\t<\/span>\n\t\t\t\t\t\t\t\t\t\n\t\t\t\t\t\t\t\t\t\t\t\t\t\t\t\t\t\t\t<span class=\"bdt-ep-accordion-icon-opened\">\n\t\t\t\t\t\t\t\t\t\t\t<i aria-hidden=\"true\" class=\"fa-fw fas fa-minus\"><\/i>\t\t\t\t\t\t\t\t\t\t<\/span>\n\t\t\t\t\t\t\t\t\t\n\t\t\t\t\t\t\t\t<\/span>\n\t\t\t\t\t\t\t\n\t\t\t\t\t\t\t<span role=\"heading\" class=\"bdt-ep-title-text bdt-flex-inline bdt-flex-middle\" >\n\n\t\t\t\t\t\t\t\t\t\t\t\t\t\t\t\t6.\tWartung und Instandhaltung\t\t\t\t\t\t\t<\/span>\n\n\t\t\t\t\t\t<\/h3>\n\t\t\t\t\t\t<div class=\"bdt-ep-accordion-content bdt-accordion-content\">\n\t\t\t\t\t\t\t<p>Die ersten 2 Jahre k\u00fcmmern wir uns standardm\u00e4\u00dfig um die Wartung und Instandhaltung Ihrer PV-Anlage. In dieser Zeit treten erfahrungsgem\u00e4\u00df die meisten Probleme, bspw. aufgrund von Produktionsfehlern, auf. Anschlie\u00dfend k\u00f6nnen Sie mindestens f\u00fcr die n\u00e4chsten 30 Jahre mit PV-Strom aus Ihrer eigenen Anlage rechnen.\u00a0<\/p>\t\t\t\t\t\t<\/div>\n\t\t\t\t\t<\/div>\n\t\t\t\t\t\t\t<\/div>\n\t\t<\/div>\n\t\t\t\t\t\t<\/div>\n\t\t\t\t<\/div>\n\t\t\t\t\t<\/div>\n\t\t<\/div>\n\t\t\t\t\t<\/div>\n\t\t<\/section>\n\t\t\t\t<section class=\"elementor-section elementor-top-section elementor-element elementor-element-29d289cd elementor-hidden-mobile elementor-section-boxed elementor-section-height-default elementor-section-height-default\" data-id=\"29d289cd\" data-element_type=\"section\" data-e-type=\"section\" data-settings=\"{&quot;background_background&quot;:&quot;classic&quot;,&quot;shape_divider_bottom&quot;:&quot;opacity-tilt&quot;}\">\n\t\t\t\t\t<div class=\"elementor-shape elementor-shape-bottom\" aria-hidden=\"true\" data-negative=\"false\">\n\t\t\t<svg xmlns=\"http:\/\/www.w3.org\/2000\/svg\" viewBox=\"0 0 2600 131.1\" preserveAspectRatio=\"none\">\n\t<path class=\"elementor-shape-fill\" d=\"M0 0L2600 0 2600 69.1 0 0z\"\/>\n\t<path class=\"elementor-shape-fill\" style=\"opacity:0.5\" d=\"M0 0L2600 0 2600 69.1 0 69.1z\"\/>\n\t<path class=\"elementor-shape-fill\" style=\"opacity:0.25\" d=\"M2600 0L0 0 0 130.1 2600 69.1z\"\/>\n<\/svg>\t\t<\/div>\n\t\t\t\t\t<div class=\"elementor-container elementor-column-gap-wider\">\n\t\t\t\t\t<div class=\"elementor-column elementor-col-50 elementor-top-column elementor-element elementor-element-7156ce56\" data-id=\"7156ce56\" data-element_type=\"column\" data-e-type=\"column\">\n\t\t\t<div class=\"elementor-widget-wrap elementor-element-populated\">\n\t\t\t\t\t\t<section class=\"elementor-section elementor-inner-section elementor-element elementor-element-117b13d2 shadow runde-ecken elementor-section-boxed elementor-section-height-default elementor-section-height-default elementor-invisible\" data-id=\"117b13d2\" data-element_type=\"section\" data-e-type=\"section\" data-settings=\"{&quot;background_background&quot;:&quot;classic&quot;,&quot;animation&quot;:&quot;fadeIn&quot;}\">\n\t\t\t\t\t\t<div class=\"elementor-container elementor-column-gap-default\">\n\t\t\t\t\t<div class=\"elementor-column elementor-col-100 elementor-inner-column elementor-element elementor-element-6140bc45\" data-id=\"6140bc45\" data-element_type=\"column\" data-e-type=\"column\">\n\t\t\t<div class=\"elementor-widget-wrap elementor-element-populated\">\n\t\t\t\t\t\t<div class=\"elementor-element elementor-element-6b24fc35 elementor-position-left elementor-vertical-align-middle elementor-widget elementor-widget-image-box\" data-id=\"6b24fc35\" data-element_type=\"widget\" data-e-type=\"widget\" data-widget_type=\"image-box.default\">\n\t\t\t\t<div class=\"elementor-widget-container\">\n\t\t\t\t\t<div class=\"elementor-image-box-wrapper\"><figure class=\"elementor-image-box-img\"><img loading=\"lazy\" decoding=\"async\" width=\"150\" height=\"150\" src=\"https:\/\/faber-solartechnik.de\/wp-content\/uploads\/2023\/06\/Planung-150x150.png\" class=\"attachment-thumbnail size-thumbnail wp-image-3811\" alt=\"\" srcset=\"https:\/\/faber-solartechnik.de\/wp-content\/uploads\/2023\/06\/Planung-150x150.png 150w, https:\/\/faber-solartechnik.de\/wp-content\/uploads\/2023\/06\/Planung-300x300.png 300w, https:\/\/faber-solartechnik.de\/wp-content\/uploads\/2023\/06\/Planung-12x12.png 12w, https:\/\/faber-solartechnik.de\/wp-content\/uploads\/2023\/06\/Planung.png 512w\" sizes=\"(max-width: 150px) 100vw, 150px\" \/><\/figure><div class=\"elementor-image-box-content\"><h4 class=\"elementor-image-box-title\">1.\tPlanung<\/h4><\/div><\/div>\t\t\t\t<\/div>\n\t\t\t\t<\/div>\n\t\t\t\t<div class=\"elementor-element elementor-element-2e288b49 elementor-widget elementor-widget-text-editor\" data-id=\"2e288b49\" data-element_type=\"widget\" data-e-type=\"widget\" data-widget_type=\"text-editor.default\">\n\t\t\t\t<div class=\"elementor-widget-container\">\n\t\t\t\t\t\t\t\t\t<p>Auf Basis eines individuell erstellten 3D-Modells Ihres Standorts planen wir die m\u00f6gliche PV-Nennleistung und errechnen technische Eckdaten wie Stromerzeugung, Eigenverbrauch und Netzeinspeisung. Dabei haben wir sowohl die \u00f6rtlichen Gegebenheiten als auch die technischen, rechtlichen und wirtschaftlichen Rahmenbedingungen auf dem Schirm.\u00a0<\/p>\t\t\t\t\t\t\t\t<\/div>\n\t\t\t\t<\/div>\n\t\t\t\t\t<\/div>\n\t\t<\/div>\n\t\t\t\t\t<\/div>\n\t\t<\/section>\n\t\t\t\t<div class=\"elementor-element elementor-element-1098d906 elementor-widget elementor-widget-spacer\" data-id=\"1098d906\" data-element_type=\"widget\" data-e-type=\"widget\" data-widget_type=\"spacer.default\">\n\t\t\t\t<div class=\"elementor-widget-container\">\n\t\t\t\t\t\t\t<div class=\"elementor-spacer\">\n\t\t\t<div class=\"elementor-spacer-inner\"><\/div>\n\t\t<\/div>\n\t\t\t\t\t\t<\/div>\n\t\t\t\t<\/div>\n\t\t\t\t<div class=\"elementor-element elementor-element-34d0a36f elementor-widget__width-auto elementor-absolute elementor-hidden-phone elementor-invisible elementor-widget elementor-widget-heading\" data-id=\"34d0a36f\" data-element_type=\"widget\" data-e-type=\"widget\" data-settings=\"{&quot;_position&quot;:&quot;absolute&quot;,&quot;_animation&quot;:&quot;zoomIn&quot;,&quot;_animation_delay&quot;:&quot;500&quot;}\" data-widget_type=\"heading.default\">\n\t\t\t\t<div class=\"elementor-widget-container\">\n\t\t\t\t\t<span class=\"elementor-heading-title elementor-size-default\">1<\/span>\t\t\t\t<\/div>\n\t\t\t\t<\/div>\n\t\t\t\t<div class=\"elementor-element elementor-element-20aa9d5f elementor-widget__width-auto elementor-absolute elementor-hidden-phone elementor-invisible elementor-widget elementor-widget-heading\" data-id=\"20aa9d5f\" data-element_type=\"widget\" data-e-type=\"widget\" data-settings=\"{&quot;_position&quot;:&quot;absolute&quot;,&quot;_animation&quot;:&quot;zoomIn&quot;,&quot;_animation_delay&quot;:&quot;500&quot;}\" data-widget_type=\"heading.default\">\n\t\t\t\t<div class=\"elementor-widget-container\">\n\t\t\t\t\t<span class=\"elementor-heading-title elementor-size-default\">3<\/span>\t\t\t\t<\/div>\n\t\t\t\t<\/div>\n\t\t\t\t<div class=\"elementor-element elementor-element-183fd638 elementor-widget__width-auto elementor-absolute elementor-hidden-phone elementor-invisible elementor-widget elementor-widget-heading\" data-id=\"183fd638\" data-element_type=\"widget\" data-e-type=\"widget\" data-settings=\"{&quot;_position&quot;:&quot;absolute&quot;,&quot;_animation&quot;:&quot;zoomIn&quot;,&quot;_animation_delay&quot;:&quot;500&quot;}\" data-widget_type=\"heading.default\">\n\t\t\t\t<div class=\"elementor-widget-container\">\n\t\t\t\t\t<span class=\"elementor-heading-title elementor-size-default\">5<\/span>\t\t\t\t<\/div>\n\t\t\t\t<\/div>\n\t\t\t\t<section class=\"elementor-section elementor-inner-section elementor-element elementor-element-9e8caef shadow runde-ecken elementor-section-boxed elementor-section-height-default elementor-section-height-default elementor-invisible\" data-id=\"9e8caef\" data-element_type=\"section\" data-e-type=\"section\" data-settings=\"{&quot;background_background&quot;:&quot;classic&quot;,&quot;animation&quot;:&quot;fadeIn&quot;}\">\n\t\t\t\t\t\t<div class=\"elementor-container elementor-column-gap-default\">\n\t\t\t\t\t<div class=\"elementor-column elementor-col-100 elementor-inner-column elementor-element elementor-element-734c96ce\" data-id=\"734c96ce\" data-element_type=\"column\" data-e-type=\"column\">\n\t\t\t<div class=\"elementor-widget-wrap elementor-element-populated\">\n\t\t\t\t\t\t<div class=\"elementor-element elementor-element-31076ae9 elementor-position-left elementor-vertical-align-middle elementor-widget elementor-widget-image-box\" data-id=\"31076ae9\" data-element_type=\"widget\" data-e-type=\"widget\" data-widget_type=\"image-box.default\">\n\t\t\t\t<div class=\"elementor-widget-container\">\n\t\t\t\t\t<div class=\"elementor-image-box-wrapper\"><figure class=\"elementor-image-box-img\"><img loading=\"lazy\" decoding=\"async\" width=\"512\" height=\"512\" src=\"https:\/\/faber-solartechnik.de\/wp-content\/uploads\/2023\/06\/Bauvorbereitung.png\" class=\"attachment-full size-full wp-image-3809\" alt=\"\" srcset=\"https:\/\/faber-solartechnik.de\/wp-content\/uploads\/2023\/06\/Bauvorbereitung.png 512w, https:\/\/faber-solartechnik.de\/wp-content\/uploads\/2023\/06\/Bauvorbereitung-300x300.png 300w, https:\/\/faber-solartechnik.de\/wp-content\/uploads\/2023\/06\/Bauvorbereitung-150x150.png 150w, https:\/\/faber-solartechnik.de\/wp-content\/uploads\/2023\/06\/Bauvorbereitung-12x12.png 12w\" sizes=\"(max-width: 512px) 100vw, 512px\" \/><\/figure><div class=\"elementor-image-box-content\"><h4 class=\"elementor-image-box-title\">3.\tBauvorbereitung<\/h4><\/div><\/div>\t\t\t\t<\/div>\n\t\t\t\t<\/div>\n\t\t\t\t<div class=\"elementor-element elementor-element-1a3009d0 elementor-widget elementor-widget-text-editor\" data-id=\"1a3009d0\" data-element_type=\"widget\" data-e-type=\"widget\" data-widget_type=\"text-editor.default\">\n\t\t\t\t<div class=\"elementor-widget-container\">\n\t\t\t\t\t\t\t\t\t<p>Nach Angebotsunterzeichnung \u00fcbernehmen wir neben der Detail-Planung und der Beschaffung der Komponenten die Kl\u00e4rungen und Freigaben mit dem Netzbetreiber sowie bei Aufdach-Anlagen die Statik-Pr\u00fcfung. Bei Freiland-Anlagen fallen statt der Statik-Pr\u00fcfung die Baugenehmigungsplanung sowie die Pr\u00fcfung der jeweiligen Bodenbeschaffenheit an.\u00a0<\/p>\t\t\t\t\t\t\t\t<\/div>\n\t\t\t\t<\/div>\n\t\t\t\t\t<\/div>\n\t\t<\/div>\n\t\t\t\t\t<\/div>\n\t\t<\/section>\n\t\t\t\t<div class=\"elementor-element elementor-element-76ef9a75 elementor-invisible elementor-widget elementor-widget-image\" data-id=\"76ef9a75\" data-element_type=\"widget\" data-e-type=\"widget\" data-settings=\"{&quot;_animation&quot;:&quot;fadeIn&quot;,&quot;_animation_delay&quot;:600}\" data-widget_type=\"image.default\">\n\t\t\t\t<div class=\"elementor-widget-container\">\n\t\t\t\t\t\t\t\t\t\t\t\t\t\t\t<img loading=\"lazy\" decoding=\"async\" width=\"395\" height=\"86\" src=\"https:\/\/faber-solartechnik.de\/wp-content\/uploads\/2023\/06\/story_lines_LU-2.png\" class=\"attachment-large size-large wp-image-3955\" alt=\"\" srcset=\"https:\/\/faber-solartechnik.de\/wp-content\/uploads\/2023\/06\/story_lines_LU-2.png 395w, https:\/\/faber-solartechnik.de\/wp-content\/uploads\/2023\/06\/story_lines_LU-2-300x65.png 300w, https:\/\/faber-solartechnik.de\/wp-content\/uploads\/2023\/06\/story_lines_LU-2-18x4.png 18w\" sizes=\"(max-width: 395px) 100vw, 395px\" \/>\t\t\t\t\t\t\t\t\t\t\t\t\t\t\t<\/div>\n\t\t\t\t<\/div>\n\t\t\t\t<div class=\"elementor-element elementor-element-1937b291 elementor-widget elementor-widget-spacer\" data-id=\"1937b291\" data-element_type=\"widget\" data-e-type=\"widget\" data-widget_type=\"spacer.default\">\n\t\t\t\t<div class=\"elementor-widget-container\">\n\t\t\t\t\t\t\t<div class=\"elementor-spacer\">\n\t\t\t<div class=\"elementor-spacer-inner\"><\/div>\n\t\t<\/div>\n\t\t\t\t\t\t<\/div>\n\t\t\t\t<\/div>\n\t\t\t\t<section class=\"elementor-section elementor-inner-section elementor-element elementor-element-53703822 shadow runde-ecken elementor-section-boxed elementor-section-height-default elementor-section-height-default elementor-invisible\" data-id=\"53703822\" data-element_type=\"section\" data-e-type=\"section\" data-settings=\"{&quot;background_background&quot;:&quot;classic&quot;,&quot;animation&quot;:&quot;fadeIn&quot;}\">\n\t\t\t\t\t\t<div class=\"elementor-container elementor-column-gap-default\">\n\t\t\t\t\t<div class=\"elementor-column elementor-col-100 elementor-inner-column elementor-element elementor-element-23e93788\" data-id=\"23e93788\" data-element_type=\"column\" data-e-type=\"column\">\n\t\t\t<div class=\"elementor-widget-wrap elementor-element-populated\">\n\t\t\t\t\t\t<div class=\"elementor-element elementor-element-2fa44146 elementor-position-left elementor-vertical-align-middle elementor-widget elementor-widget-image-box\" data-id=\"2fa44146\" data-element_type=\"widget\" data-e-type=\"widget\" data-widget_type=\"image-box.default\">\n\t\t\t\t<div class=\"elementor-widget-container\">\n\t\t\t\t\t<div class=\"elementor-image-box-wrapper\"><figure class=\"elementor-image-box-img\"><img loading=\"lazy\" decoding=\"async\" width=\"150\" height=\"150\" src=\"https:\/\/faber-solartechnik.de\/wp-content\/uploads\/2023\/06\/Netzgang-150x150.png\" class=\"attachment-thumbnail size-thumbnail wp-image-3810\" alt=\"\" srcset=\"https:\/\/faber-solartechnik.de\/wp-content\/uploads\/2023\/06\/Netzgang-150x150.png 150w, https:\/\/faber-solartechnik.de\/wp-content\/uploads\/2023\/06\/Netzgang-300x300.png 300w, https:\/\/faber-solartechnik.de\/wp-content\/uploads\/2023\/06\/Netzgang-12x12.png 12w, https:\/\/faber-solartechnik.de\/wp-content\/uploads\/2023\/06\/Netzgang.png 512w\" sizes=\"(max-width: 150px) 100vw, 150px\" \/><\/figure><div class=\"elementor-image-box-content\"><h4 class=\"elementor-image-box-title\">5.\tNetzgang<\/h4><\/div><\/div>\t\t\t\t<\/div>\n\t\t\t\t<\/div>\n\t\t\t\t<div class=\"elementor-element elementor-element-5c193a8a elementor-widget elementor-widget-text-editor\" data-id=\"5c193a8a\" data-element_type=\"widget\" data-e-type=\"widget\" data-widget_type=\"text-editor.default\">\n\t\t\t\t<div class=\"elementor-widget-container\">\n\t\t\t\t\t\t\t\t\t<p>Sobald Ihre PV-Anlage funktioniert, muss sie mit dem \u00f6ffentlichen Stromnetz verbunden werden. Dazu geh\u00f6rt auch die Netzbetreiber-konforme Installation von Schutzparametern wie NA-Schutz, QU-Schutz oder Entkupplungsschutz aus eigener Planung und Fertigung. Wenn Sie an Ihrem Standort bereits Strombezug haben, beziehen wir dies nat\u00fcrlich in unsere Planungen mit ein.\u00a0<\/p>\t\t\t\t\t\t\t\t<\/div>\n\t\t\t\t<\/div>\n\t\t\t\t\t<\/div>\n\t\t<\/div>\n\t\t\t\t\t<\/div>\n\t\t<\/section>\n\t\t\t\t<div class=\"elementor-element elementor-element-1f9e741b elementor-invisible elementor-widget elementor-widget-image\" data-id=\"1f9e741b\" data-element_type=\"widget\" data-e-type=\"widget\" data-settings=\"{&quot;_animation&quot;:&quot;fadeIn&quot;,&quot;_animation_delay&quot;:600}\" data-widget_type=\"image.default\">\n\t\t\t\t<div class=\"elementor-widget-container\">\n\t\t\t\t\t\t\t\t\t\t\t\t\t\t\t<img loading=\"lazy\" decoding=\"async\" width=\"395\" height=\"86\" src=\"https:\/\/faber-solartechnik.de\/wp-content\/uploads\/2023\/06\/story_lines_LU-2.png\" class=\"attachment-large size-large wp-image-3955\" alt=\"\" srcset=\"https:\/\/faber-solartechnik.de\/wp-content\/uploads\/2023\/06\/story_lines_LU-2.png 395w, https:\/\/faber-solartechnik.de\/wp-content\/uploads\/2023\/06\/story_lines_LU-2-300x65.png 300w, https:\/\/faber-solartechnik.de\/wp-content\/uploads\/2023\/06\/story_lines_LU-2-18x4.png 18w\" sizes=\"(max-width: 395px) 100vw, 395px\" \/>\t\t\t\t\t\t\t\t\t\t\t\t\t\t\t<\/div>\n\t\t\t\t<\/div>\n\t\t\t\t<div class=\"elementor-element elementor-element-cc9dd2c elementor-widget elementor-widget-spacer\" data-id=\"cc9dd2c\" data-element_type=\"widget\" data-e-type=\"widget\" data-widget_type=\"spacer.default\">\n\t\t\t\t<div class=\"elementor-widget-container\">\n\t\t\t\t\t\t\t<div class=\"elementor-spacer\">\n\t\t\t<div class=\"elementor-spacer-inner\"><\/div>\n\t\t<\/div>\n\t\t\t\t\t\t<\/div>\n\t\t\t\t<\/div>\n\t\t\t\t\t<\/div>\n\t\t<\/div>\n\t\t\t\t<div class=\"elementor-column elementor-col-50 elementor-top-column elementor-element elementor-element-7a186572\" data-id=\"7a186572\" data-element_type=\"column\" data-e-type=\"column\">\n\t\t\t<div class=\"elementor-widget-wrap elementor-element-populated\">\n\t\t\t\t\t\t<div class=\"elementor-element elementor-element-f2229cf elementor-widget elementor-widget-spacer\" data-id=\"f2229cf\" data-element_type=\"widget\" data-e-type=\"widget\" data-widget_type=\"spacer.default\">\n\t\t\t\t<div class=\"elementor-widget-container\">\n\t\t\t\t\t\t\t<div class=\"elementor-spacer\">\n\t\t\t<div class=\"elementor-spacer-inner\"><\/div>\n\t\t<\/div>\n\t\t\t\t\t\t<\/div>\n\t\t\t\t<\/div>\n\t\t\t\t<div class=\"elementor-element elementor-element-1e24ae01 elementor-invisible elementor-widget elementor-widget-image\" data-id=\"1e24ae01\" data-element_type=\"widget\" data-e-type=\"widget\" data-settings=\"{&quot;_animation&quot;:&quot;fadeIn&quot;,&quot;_animation_delay&quot;:600}\" data-widget_type=\"image.default\">\n\t\t\t\t<div class=\"elementor-widget-container\">\n\t\t\t\t\t\t\t\t\t\t\t\t\t\t\t<img loading=\"lazy\" decoding=\"async\" width=\"395\" height=\"86\" src=\"https:\/\/faber-solartechnik.de\/wp-content\/uploads\/2023\/06\/story_lines_RO-2-1.png\" class=\"attachment-large size-large wp-image-3953\" alt=\"\" srcset=\"https:\/\/faber-solartechnik.de\/wp-content\/uploads\/2023\/06\/story_lines_RO-2-1.png 395w, https:\/\/faber-solartechnik.de\/wp-content\/uploads\/2023\/06\/story_lines_RO-2-1-300x65.png 300w, https:\/\/faber-solartechnik.de\/wp-content\/uploads\/2023\/06\/story_lines_RO-2-1-18x4.png 18w\" sizes=\"(max-width: 395px) 100vw, 395px\" \/>\t\t\t\t\t\t\t\t\t\t\t\t\t\t\t<\/div>\n\t\t\t\t<\/div>\n\t\t\t\t<div class=\"elementor-element elementor-element-6bbf4060 elementor-widget__width-auto elementor-absolute elementor-hidden-phone elementor-invisible elementor-widget elementor-widget-heading\" data-id=\"6bbf4060\" data-element_type=\"widget\" data-e-type=\"widget\" data-settings=\"{&quot;_position&quot;:&quot;absolute&quot;,&quot;_animation&quot;:&quot;zoomIn&quot;,&quot;_animation_delay&quot;:&quot;500&quot;}\" data-widget_type=\"heading.default\">\n\t\t\t\t<div class=\"elementor-widget-container\">\n\t\t\t\t\t<span class=\"elementor-heading-title elementor-size-default\">2<\/span>\t\t\t\t<\/div>\n\t\t\t\t<\/div>\n\t\t\t\t<section class=\"elementor-section elementor-inner-section elementor-element elementor-element-758db0be shadow runde-ecken elementor-section-boxed elementor-section-height-default elementor-section-height-default elementor-invisible\" data-id=\"758db0be\" data-element_type=\"section\" data-e-type=\"section\" data-settings=\"{&quot;background_background&quot;:&quot;classic&quot;,&quot;animation&quot;:&quot;fadeIn&quot;}\">\n\t\t\t\t\t\t<div class=\"elementor-container elementor-column-gap-default\">\n\t\t\t\t\t<div class=\"elementor-column elementor-col-100 elementor-inner-column elementor-element elementor-element-683ff94e\" data-id=\"683ff94e\" data-element_type=\"column\" data-e-type=\"column\">\n\t\t\t<div class=\"elementor-widget-wrap elementor-element-populated\">\n\t\t\t\t\t\t<div class=\"elementor-element elementor-element-6e8f3239 elementor-position-left elementor-vertical-align-middle elementor-widget elementor-widget-image-box\" data-id=\"6e8f3239\" data-element_type=\"widget\" data-e-type=\"widget\" data-widget_type=\"image-box.default\">\n\t\t\t\t<div class=\"elementor-widget-container\">\n\t\t\t\t\t<div class=\"elementor-image-box-wrapper\"><figure class=\"elementor-image-box-img\"><img loading=\"lazy\" decoding=\"async\" width=\"150\" height=\"150\" src=\"https:\/\/faber-solartechnik.de\/wp-content\/uploads\/2023\/06\/Angebot-150x150.png\" class=\"attachment-thumbnail size-thumbnail wp-image-3807\" alt=\"\" srcset=\"https:\/\/faber-solartechnik.de\/wp-content\/uploads\/2023\/06\/Angebot-150x150.png 150w, https:\/\/faber-solartechnik.de\/wp-content\/uploads\/2023\/06\/Angebot-300x300.png 300w, https:\/\/faber-solartechnik.de\/wp-content\/uploads\/2023\/06\/Angebot-12x12.png 12w, https:\/\/faber-solartechnik.de\/wp-content\/uploads\/2023\/06\/Angebot.png 512w\" sizes=\"(max-width: 150px) 100vw, 150px\" \/><\/figure><div class=\"elementor-image-box-content\"><h4 class=\"elementor-image-box-title\">2.\tAngebotserstellung<\/h4><\/div><\/div>\t\t\t\t<\/div>\n\t\t\t\t<\/div>\n\t\t\t\t<div class=\"elementor-element elementor-element-9d9d6c2 elementor-widget elementor-widget-text-editor\" data-id=\"9d9d6c2\" data-element_type=\"widget\" data-e-type=\"widget\" data-widget_type=\"text-editor.default\">\n\t\t\t\t<div class=\"elementor-widget-container\">\n\t\t\t\t\t\t\t\t\t<p>Sie erhalten von uns ein individuelles Angebot f\u00fcr eine schl\u00fcsselfertige PV-Anlage. Unsere Angebote umfassen stets mit einem Pauschalpreis alle f\u00fcr die Errichtung und Inbetriebnahme erforderlichen Komponenten und Arbeitsschritte sowie eine Wirtschaftlichkeits\u00adberechnung f\u00fcr Ihre Planungen.<\/p>\t\t\t\t\t\t\t\t<\/div>\n\t\t\t\t<\/div>\n\t\t\t\t\t<\/div>\n\t\t<\/div>\n\t\t\t\t\t<\/div>\n\t\t<\/section>\n\t\t\t\t<div class=\"elementor-element elementor-element-3235dac1 elementor-invisible elementor-widget elementor-widget-image\" data-id=\"3235dac1\" data-element_type=\"widget\" data-e-type=\"widget\" data-settings=\"{&quot;_animation&quot;:&quot;fadeIn&quot;,&quot;_animation_delay&quot;:600}\" data-widget_type=\"image.default\">\n\t\t\t\t<div class=\"elementor-widget-container\">\n\t\t\t\t\t\t\t\t\t\t\t\t\t\t\t<img loading=\"lazy\" decoding=\"async\" width=\"395\" height=\"86\" src=\"https:\/\/faber-solartechnik.de\/wp-content\/uploads\/2023\/06\/story_lines_RU-2.png\" class=\"attachment-large size-large wp-image-3956\" alt=\"\" srcset=\"https:\/\/faber-solartechnik.de\/wp-content\/uploads\/2023\/06\/story_lines_RU-2.png 395w, https:\/\/faber-solartechnik.de\/wp-content\/uploads\/2023\/06\/story_lines_RU-2-300x65.png 300w, https:\/\/faber-solartechnik.de\/wp-content\/uploads\/2023\/06\/story_lines_RU-2-18x4.png 18w\" sizes=\"(max-width: 395px) 100vw, 395px\" \/>\t\t\t\t\t\t\t\t\t\t\t\t\t\t\t<\/div>\n\t\t\t\t<\/div>\n\t\t\t\t<div class=\"elementor-element elementor-element-67d15ad7 elementor-widget elementor-widget-spacer\" data-id=\"67d15ad7\" data-element_type=\"widget\" data-e-type=\"widget\" data-widget_type=\"spacer.default\">\n\t\t\t\t<div class=\"elementor-widget-container\">\n\t\t\t\t\t\t\t<div class=\"elementor-spacer\">\n\t\t\t<div class=\"elementor-spacer-inner\"><\/div>\n\t\t<\/div>\n\t\t\t\t\t\t<\/div>\n\t\t\t\t<\/div>\n\t\t\t\t<div class=\"elementor-element elementor-element-5d3b84ea elementor-widget__width-auto elementor-absolute elementor-hidden-phone elementor-invisible elementor-widget elementor-widget-heading\" data-id=\"5d3b84ea\" data-element_type=\"widget\" data-e-type=\"widget\" data-settings=\"{&quot;_position&quot;:&quot;absolute&quot;,&quot;_animation&quot;:&quot;zoomIn&quot;,&quot;_animation_delay&quot;:&quot;500&quot;}\" data-widget_type=\"heading.default\">\n\t\t\t\t<div class=\"elementor-widget-container\">\n\t\t\t\t\t<span class=\"elementor-heading-title elementor-size-default\">4<\/span>\t\t\t\t<\/div>\n\t\t\t\t<\/div>\n\t\t\t\t<div class=\"elementor-element elementor-element-5bebf9fc elementor-widget__width-auto elementor-absolute elementor-hidden-phone elementor-invisible elementor-widget elementor-widget-heading\" data-id=\"5bebf9fc\" data-element_type=\"widget\" data-e-type=\"widget\" data-settings=\"{&quot;_position&quot;:&quot;absolute&quot;,&quot;_animation&quot;:&quot;zoomIn&quot;,&quot;_animation_delay&quot;:&quot;500&quot;}\" data-widget_type=\"heading.default\">\n\t\t\t\t<div class=\"elementor-widget-container\">\n\t\t\t\t\t<span class=\"elementor-heading-title elementor-size-default\">6<\/span>\t\t\t\t<\/div>\n\t\t\t\t<\/div>\n\t\t\t\t<section class=\"elementor-section elementor-inner-section elementor-element elementor-element-2bef6534 shadow runde-ecken elementor-section-boxed elementor-section-height-default elementor-section-height-default elementor-invisible\" data-id=\"2bef6534\" data-element_type=\"section\" data-e-type=\"section\" data-settings=\"{&quot;background_background&quot;:&quot;classic&quot;,&quot;animation&quot;:&quot;fadeIn&quot;}\">\n\t\t\t\t\t\t<div class=\"elementor-container elementor-column-gap-default\">\n\t\t\t\t\t<div class=\"elementor-column elementor-col-100 elementor-inner-column elementor-element elementor-element-328736ad\" data-id=\"328736ad\" data-element_type=\"column\" data-e-type=\"column\">\n\t\t\t<div class=\"elementor-widget-wrap elementor-element-populated\">\n\t\t\t\t\t\t<div class=\"elementor-element elementor-element-5c1650c4 elementor-position-left elementor-vertical-align-middle elementor-widget elementor-widget-image-box\" data-id=\"5c1650c4\" data-element_type=\"widget\" data-e-type=\"widget\" data-widget_type=\"image-box.default\">\n\t\t\t\t<div class=\"elementor-widget-container\">\n\t\t\t\t\t<div class=\"elementor-image-box-wrapper\"><figure class=\"elementor-image-box-img\"><img loading=\"lazy\" decoding=\"async\" width=\"150\" height=\"150\" src=\"https:\/\/faber-solartechnik.de\/wp-content\/uploads\/2023\/06\/Bauphase-150x150.png\" class=\"attachment-thumbnail size-thumbnail wp-image-3808\" alt=\"\" srcset=\"https:\/\/faber-solartechnik.de\/wp-content\/uploads\/2023\/06\/Bauphase-150x150.png 150w, https:\/\/faber-solartechnik.de\/wp-content\/uploads\/2023\/06\/Bauphase-300x300.png 300w, https:\/\/faber-solartechnik.de\/wp-content\/uploads\/2023\/06\/Bauphase-12x12.png 12w, https:\/\/faber-solartechnik.de\/wp-content\/uploads\/2023\/06\/Bauphase.png 512w\" sizes=\"(max-width: 150px) 100vw, 150px\" \/><\/figure><div class=\"elementor-image-box-content\"><h4 class=\"elementor-image-box-title\">4.\tBauphase<\/h4><\/div><\/div>\t\t\t\t<\/div>\n\t\t\t\t<\/div>\n\t\t\t\t<div class=\"elementor-element elementor-element-3fe456b9 elementor-widget elementor-widget-text-editor\" data-id=\"3fe456b9\" data-element_type=\"widget\" data-e-type=\"widget\" data-widget_type=\"text-editor.default\">\n\t\t\t\t<div class=\"elementor-widget-container\">\n\t\t\t\t\t\t\t\t\t<p>Nach Abschluss aller Bauvorbereitungen r\u00fccken unsere hauseigenen Bautrupps an Ihrem Standort an. F\u00fcr 1.000 kWp PV-Anlage halten wir uns circa 3 Wochen auf Ihren D\u00e4chern auf. Die Bauphase endet mit der verg\u00fctungstechnischen Inbetriebnahme, also dem Funktionsnachweis der Anlage gegen\u00fcber der Bundesnetzagentur.\u00a0<\/p>\t\t\t\t\t\t\t\t<\/div>\n\t\t\t\t<\/div>\n\t\t\t\t\t<\/div>\n\t\t<\/div>\n\t\t\t\t\t<\/div>\n\t\t<\/section>\n\t\t\t\t<div class=\"elementor-element elementor-element-7ea6b6d8 elementor-invisible elementor-widget elementor-widget-image\" data-id=\"7ea6b6d8\" data-element_type=\"widget\" data-e-type=\"widget\" data-settings=\"{&quot;_animation&quot;:&quot;fadeIn&quot;,&quot;_animation_delay&quot;:600}\" data-widget_type=\"image.default\">\n\t\t\t\t<div class=\"elementor-widget-container\">\n\t\t\t\t\t\t\t\t\t\t\t\t\t\t\t<img loading=\"lazy\" decoding=\"async\" width=\"395\" height=\"86\" src=\"https:\/\/faber-solartechnik.de\/wp-content\/uploads\/2023\/06\/story_lines_RU-2.png\" class=\"attachment-large size-large wp-image-3956\" alt=\"\" srcset=\"https:\/\/faber-solartechnik.de\/wp-content\/uploads\/2023\/06\/story_lines_RU-2.png 395w, https:\/\/faber-solartechnik.de\/wp-content\/uploads\/2023\/06\/story_lines_RU-2-300x65.png 300w, https:\/\/faber-solartechnik.de\/wp-content\/uploads\/2023\/06\/story_lines_RU-2-18x4.png 18w\" sizes=\"(max-width: 395px) 100vw, 395px\" \/>\t\t\t\t\t\t\t\t\t\t\t\t\t\t\t<\/div>\n\t\t\t\t<\/div>\n\t\t\t\t<div class=\"elementor-element elementor-element-50134aa6 elementor-widget elementor-widget-spacer\" data-id=\"50134aa6\" data-element_type=\"widget\" data-e-type=\"widget\" data-widget_type=\"spacer.default\">\n\t\t\t\t<div class=\"elementor-widget-container\">\n\t\t\t\t\t\t\t<div class=\"elementor-spacer\">\n\t\t\t<div class=\"elementor-spacer-inner\"><\/div>\n\t\t<\/div>\n\t\t\t\t\t\t<\/div>\n\t\t\t\t<\/div>\n\t\t\t\t<section class=\"elementor-section elementor-inner-section elementor-element elementor-element-2463c2a2 shadow runde-ecken elementor-section-boxed elementor-section-height-default elementor-section-height-default elementor-invisible\" data-id=\"2463c2a2\" data-element_type=\"section\" data-e-type=\"section\" data-settings=\"{&quot;background_background&quot;:&quot;classic&quot;,&quot;animation&quot;:&quot;fadeIn&quot;}\">\n\t\t\t\t\t\t<div class=\"elementor-container elementor-column-gap-default\">\n\t\t\t\t\t<div class=\"elementor-column elementor-col-100 elementor-inner-column elementor-element elementor-element-6fedc06c\" data-id=\"6fedc06c\" data-element_type=\"column\" data-e-type=\"column\">\n\t\t\t<div class=\"elementor-widget-wrap elementor-element-populated\">\n\t\t\t\t\t\t<div class=\"elementor-element elementor-element-201f3bd5 elementor-position-left elementor-vertical-align-middle elementor-widget elementor-widget-image-box\" data-id=\"201f3bd5\" data-element_type=\"widget\" data-e-type=\"widget\" data-widget_type=\"image-box.default\">\n\t\t\t\t<div class=\"elementor-widget-container\">\n\t\t\t\t\t<div class=\"elementor-image-box-wrapper\"><figure class=\"elementor-image-box-img\"><img loading=\"lazy\" decoding=\"async\" width=\"150\" height=\"150\" src=\"https:\/\/faber-solartechnik.de\/wp-content\/uploads\/2023\/06\/Wartung-150x150.png\" class=\"attachment-thumbnail size-thumbnail wp-image-3812\" alt=\"\" srcset=\"https:\/\/faber-solartechnik.de\/wp-content\/uploads\/2023\/06\/Wartung-150x150.png 150w, https:\/\/faber-solartechnik.de\/wp-content\/uploads\/2023\/06\/Wartung-300x300.png 300w, https:\/\/faber-solartechnik.de\/wp-content\/uploads\/2023\/06\/Wartung-12x12.png 12w, https:\/\/faber-solartechnik.de\/wp-content\/uploads\/2023\/06\/Wartung.png 512w\" sizes=\"(max-width: 150px) 100vw, 150px\" \/><\/figure><div class=\"elementor-image-box-content\"><h4 class=\"elementor-image-box-title\">6.\tWartung und Instandhaltung<\/h4><\/div><\/div>\t\t\t\t<\/div>\n\t\t\t\t<\/div>\n\t\t\t\t<div class=\"elementor-element elementor-element-6c25d09e elementor-widget elementor-widget-text-editor\" data-id=\"6c25d09e\" data-element_type=\"widget\" data-e-type=\"widget\" data-widget_type=\"text-editor.default\">\n\t\t\t\t<div class=\"elementor-widget-container\">\n\t\t\t\t\t\t\t\t\t<p>Die ersten 2 Jahre k\u00fcmmern wir uns standardm\u00e4\u00dfig um die Wartung und Instandhaltung Ihrer PV-Anlage. In dieser Zeit treten erfahrungsgem\u00e4\u00df die meisten Probleme, bspw. aufgrund von Produktionsfehlern, auf. Anschlie\u00dfend k\u00f6nnen Sie mindestens f\u00fcr die n\u00e4chsten 30 Jahre mit PV-Strom aus Ihrer eigenen Anlage rechnen.\u00a0<\/p>\t\t\t\t\t\t\t\t<\/div>\n\t\t\t\t<\/div>\n\t\t\t\t\t<\/div>\n\t\t<\/div>\n\t\t\t\t\t<\/div>\n\t\t<\/section>\n\t\t\t\t\t<\/div>\n\t\t<\/div>\n\t\t\t\t\t<\/div>\n\t\t<\/section>\n\t\t\t\t<section class=\"elementor-section elementor-top-section elementor-element elementor-element-70869df elementor-section-height-min-height elementor-section-items-stretch elementor-section-full_width elementor-section-height-default\" data-id=\"70869df\" data-element_type=\"section\" data-e-type=\"section\" id=\"netzanschluss\" data-settings=\"{&quot;background_background&quot;:&quot;classic&quot;}\">\n\t\t\t\t\t\t<div class=\"elementor-container elementor-column-gap-default\">\n\t\t\t\t\t<div class=\"elementor-column elementor-col-100 elementor-top-column elementor-element elementor-element-d135410\" data-id=\"d135410\" data-element_type=\"column\" data-e-type=\"column\">\n\t\t\t<div class=\"elementor-widget-wrap elementor-element-populated\">\n\t\t\t\t\t\t<div class=\"elementor-element elementor-element-0d61bd5 animated-slow elementor-invisible elementor-widget elementor-widget-heading\" data-id=\"0d61bd5\" data-element_type=\"widget\" data-e-type=\"widget\" data-settings=\"{&quot;_animation&quot;:&quot;fadeInDown&quot;}\" data-widget_type=\"heading.default\">\n\t\t\t\t<div class=\"elementor-widget-container\">\n\t\t\t\t\t<span class=\"elementor-heading-title elementor-size-default\">Schritt f\u00fcr Schritt zum<\/span>\t\t\t\t<\/div>\n\t\t\t\t<\/div>\n\t\t\t\t<div class=\"elementor-element elementor-element-3079a3d gradbluettl elementor-invisible elementor-widget elementor-widget-heading\" data-id=\"3079a3d\" data-element_type=\"widget\" data-e-type=\"widget\" data-settings=\"{&quot;_animation&quot;:&quot;fadeInDown&quot;}\" data-widget_type=\"heading.default\">\n\t\t\t\t<div class=\"elementor-widget-container\">\n\t\t\t\t\t<h2 class=\"elementor-heading-title elementor-size-default\">Netzanschluss<\/h2>\t\t\t\t<\/div>\n\t\t\t\t<\/div>\n\t\t\t\t<div class=\"elementor-element elementor-element-1fb504c animated-slow elementor-widget-divider--view-line elementor-invisible elementor-widget elementor-widget-divider\" data-id=\"1fb504c\" data-element_type=\"widget\" data-e-type=\"widget\" data-settings=\"{&quot;_animation&quot;:&quot;fadeInDown&quot;}\" data-widget_type=\"divider.default\">\n\t\t\t\t<div class=\"elementor-widget-container\">\n\t\t\t\t\t\t\t<div class=\"elementor-divider\">\n\t\t\t<span class=\"elementor-divider-separator\">\n\t\t\t\t\t\t<\/span>\n\t\t<\/div>\n\t\t\t\t\t\t<\/div>\n\t\t\t\t<\/div>\n\t\t\t\t<div class=\"elementor-element elementor-element-4f9af4e netz-hotspot elementor-hidden-mobile elementor-invisible elementor-widget elementor-widget-hotspot\" data-id=\"4f9af4e\" data-element_type=\"widget\" data-e-type=\"widget\" data-settings=\"{&quot;hotspot&quot;:[{&quot;_id&quot;:&quot;51309d0&quot;,&quot;hotspot_icon&quot;:{&quot;value&quot;:&quot;fas fa-sun&quot;,&quot;library&quot;:&quot;fa-solid&quot;},&quot;hotspot_custom_size&quot;:&quot;&quot;,&quot;hotspot_tooltip_content&quot;:&quot;&lt;p&gt;&lt;strong&gt;Module&lt;\\\/strong&gt;: Das Herzst\\u00fcck jeder PV-Anlage. Wir verbauen f\\u00fcr Sie nur Module h\\u00f6chster Qualit\\u00e4t, die das maximale aus den Sonnenstrahlen herausholen. Dabei setzen wir auf renommierte Hersteller, wie JA Solar, Trina Solar oder Ryzen, die besten Bankability-Kriterien aufweisen.&lt;\\\/p&gt;&quot;,&quot;hotspot_offset_x&quot;:{&quot;unit&quot;:&quot;%&quot;,&quot;size&quot;:53,&quot;sizes&quot;:[]},&quot;hotspot_offset_y&quot;:{&quot;unit&quot;:&quot;%&quot;,&quot;size&quot;:75,&quot;sizes&quot;:[]},&quot;hotspot_tooltip_position&quot;:&quot;&quot;,&quot;hotspot_label&quot;:&quot;&quot;,&quot;hotspot_link&quot;:{&quot;url&quot;:&quot;&quot;,&quot;is_external&quot;:&quot;&quot;,&quot;nofollow&quot;:&quot;&quot;,&quot;custom_attributes&quot;:&quot;&quot;},&quot;hotspot_horizontal&quot;:&quot;left&quot;,&quot;hotspot_vertical&quot;:&quot;top&quot;,&quot;hotspot_position&quot;:null,&quot;hotspot_position_laptop&quot;:null,&quot;hotspot_position_tablet_extra&quot;:null,&quot;hotspot_position_tablet&quot;:null,&quot;hotspot_position_mobile&quot;:null,&quot;hotspot_icon_position&quot;:null,&quot;hotspot_icon_spacing&quot;:null,&quot;hotspot_width&quot;:null,&quot;hotspot_height&quot;:null,&quot;hotspot_offset_x_laptop&quot;:{&quot;unit&quot;:&quot;px&quot;,&quot;size&quot;:&quot;&quot;,&quot;sizes&quot;:[]},&quot;hotspot_offset_x_tablet_extra&quot;:{&quot;unit&quot;:&quot;px&quot;,&quot;size&quot;:&quot;&quot;,&quot;sizes&quot;:[]},&quot;hotspot_offset_x_tablet&quot;:{&quot;unit&quot;:&quot;px&quot;,&quot;size&quot;:&quot;&quot;,&quot;sizes&quot;:[]},&quot;hotspot_offset_x_mobile&quot;:{&quot;unit&quot;:&quot;px&quot;,&quot;size&quot;:&quot;&quot;,&quot;sizes&quot;:[]},&quot;hotspot_offset_y_laptop&quot;:{&quot;unit&quot;:&quot;px&quot;,&quot;size&quot;:&quot;&quot;,&quot;sizes&quot;:[]},&quot;hotspot_offset_y_tablet_extra&quot;:{&quot;unit&quot;:&quot;px&quot;,&quot;size&quot;:&quot;&quot;,&quot;sizes&quot;:[]},&quot;hotspot_offset_y_tablet&quot;:{&quot;unit&quot;:&quot;px&quot;,&quot;size&quot;:&quot;&quot;,&quot;sizes&quot;:[]},&quot;hotspot_offset_y_mobile&quot;:{&quot;unit&quot;:&quot;px&quot;,&quot;size&quot;:&quot;&quot;,&quot;sizes&quot;:[]},&quot;hotspot_tooltip_width&quot;:null,&quot;hotspot_tooltip_width_laptop&quot;:null,&quot;hotspot_tooltip_width_tablet_extra&quot;:null,&quot;hotspot_tooltip_width_tablet&quot;:null,&quot;hotspot_tooltip_width_mobile&quot;:null,&quot;hotspot_tooltip_text_wrap&quot;:null},{&quot;hotspot_icon&quot;:{&quot;value&quot;:&quot;fas fa-solar-panel&quot;,&quot;library&quot;:&quot;fa-solid&quot;},&quot;hotspot_custom_size&quot;:&quot;&quot;,&quot;hotspot_tooltip_content&quot;:&quot;&lt;p&gt;&lt;strong&gt;Unterkonstruktion&lt;\\\/strong&gt;: Ob S\\u00fcd, Ost-West oder Nord-Nord: Der entscheidende Trend beim Bau von PV-Anlagen ist \\u201cflach\\u201d. Eine flache Aufst\\u00e4nderung erm\\u00f6glicht eine gleichm\\u00e4\\u00dfigere Stromerzeugung bei besserer Fl\\u00e4chenausnutzung. In Zeiten von negativen Strompreisen w\\u00e4hrend sonniger Mittagsstunden und eines harten Kampfes um die besten Fl\\u00e4chen ein \\u00f6konomisch zwangsl\\u00e4ufiger Trend.&lt;\\\/p&gt;&quot;,&quot;hotspot_offset_x&quot;:{&quot;unit&quot;:&quot;%&quot;,&quot;size&quot;:16,&quot;sizes&quot;:[]},&quot;hotspot_offset_y&quot;:{&quot;unit&quot;:&quot;%&quot;,&quot;size&quot;:48,&quot;sizes&quot;:[]},&quot;hotspot_tooltip_position&quot;:&quot;&quot;,&quot;_id&quot;:&quot;1b9e065&quot;,&quot;hotspot_label&quot;:&quot;&quot;,&quot;hotspot_link&quot;:{&quot;url&quot;:&quot;&quot;,&quot;is_external&quot;:&quot;&quot;,&quot;nofollow&quot;:&quot;&quot;,&quot;custom_attributes&quot;:&quot;&quot;},&quot;hotspot_horizontal&quot;:&quot;left&quot;,&quot;hotspot_vertical&quot;:&quot;top&quot;,&quot;hotspot_position&quot;:null,&quot;hotspot_position_laptop&quot;:null,&quot;hotspot_position_tablet_extra&quot;:null,&quot;hotspot_position_tablet&quot;:null,&quot;hotspot_position_mobile&quot;:null,&quot;hotspot_icon_position&quot;:null,&quot;hotspot_icon_spacing&quot;:null,&quot;hotspot_width&quot;:null,&quot;hotspot_height&quot;:null,&quot;hotspot_offset_x_laptop&quot;:{&quot;unit&quot;:&quot;px&quot;,&quot;size&quot;:&quot;&quot;,&quot;sizes&quot;:[]},&quot;hotspot_offset_x_tablet_extra&quot;:{&quot;unit&quot;:&quot;px&quot;,&quot;size&quot;:&quot;&quot;,&quot;sizes&quot;:[]},&quot;hotspot_offset_x_tablet&quot;:{&quot;unit&quot;:&quot;px&quot;,&quot;size&quot;:&quot;&quot;,&quot;sizes&quot;:[]},&quot;hotspot_offset_x_mobile&quot;:{&quot;unit&quot;:&quot;px&quot;,&quot;size&quot;:&quot;&quot;,&quot;sizes&quot;:[]},&quot;hotspot_offset_y_laptop&quot;:{&quot;unit&quot;:&quot;px&quot;,&quot;size&quot;:&quot;&quot;,&quot;sizes&quot;:[]},&quot;hotspot_offset_y_tablet_extra&quot;:{&quot;unit&quot;:&quot;px&quot;,&quot;size&quot;:&quot;&quot;,&quot;sizes&quot;:[]},&quot;hotspot_offset_y_tablet&quot;:{&quot;unit&quot;:&quot;px&quot;,&quot;size&quot;:&quot;&quot;,&quot;sizes&quot;:[]},&quot;hotspot_offset_y_mobile&quot;:{&quot;unit&quot;:&quot;px&quot;,&quot;size&quot;:&quot;&quot;,&quot;sizes&quot;:[]},&quot;hotspot_tooltip_width&quot;:null,&quot;hotspot_tooltip_width_laptop&quot;:null,&quot;hotspot_tooltip_width_tablet_extra&quot;:null,&quot;hotspot_tooltip_width_tablet&quot;:null,&quot;hotspot_tooltip_width_mobile&quot;:null,&quot;hotspot_tooltip_text_wrap&quot;:null},{&quot;hotspot_icon&quot;:{&quot;value&quot;:{&quot;url&quot;:&quot;https:\\\/\\\/faber-solartechnik.de\\\/wp-content\\\/uploads\\\/2023\\\/07\\\/wechselrichter-2.svg&quot;,&quot;id&quot;:5511},&quot;library&quot;:&quot;svg&quot;},&quot;hotspot_custom_size&quot;:&quot;&quot;,&quot;hotspot_tooltip_content&quot;:&quot;&lt;p&gt;&lt;strong&gt;Wechselrichter&lt;\\\/strong&gt;: Aus \\u00fcber 1.000 Volt DC-Spannung wird AC-Niederspannung: Je nach Anlagengr\\u00f6\\u00dfe verwenden wir 400 oder 800 Volt-Multistring-Wechselrichter. So erreichen wir optimale Leistungswerte, ohne ein zu gro\\u00dfes Klumpenrisiko f\\u00fcr den Fall eines defekten Wechselrichters einzugehen. Die Verstringungsplanung erstellen wir anlagenindividuell w\\u00e4hrend der Planungsphase.&lt;\\\/p&gt;&quot;,&quot;hotspot_offset_x&quot;:{&quot;unit&quot;:&quot;%&quot;,&quot;size&quot;:36.3,&quot;sizes&quot;:[]},&quot;hotspot_offset_y&quot;:{&quot;unit&quot;:&quot;%&quot;,&quot;size&quot;:69.5,&quot;sizes&quot;:[]},&quot;hotspot_tooltip_position&quot;:&quot;&quot;,&quot;_id&quot;:&quot;8a29d46&quot;,&quot;hotspot_label&quot;:&quot;&quot;,&quot;hotspot_link&quot;:{&quot;url&quot;:&quot;&quot;,&quot;is_external&quot;:&quot;&quot;,&quot;nofollow&quot;:&quot;&quot;,&quot;custom_attributes&quot;:&quot;&quot;},&quot;hotspot_horizontal&quot;:&quot;left&quot;,&quot;hotspot_vertical&quot;:&quot;top&quot;,&quot;hotspot_position&quot;:null,&quot;hotspot_position_laptop&quot;:null,&quot;hotspot_position_tablet_extra&quot;:null,&quot;hotspot_position_tablet&quot;:null,&quot;hotspot_position_mobile&quot;:null,&quot;hotspot_icon_position&quot;:null,&quot;hotspot_icon_spacing&quot;:null,&quot;hotspot_width&quot;:null,&quot;hotspot_height&quot;:null,&quot;hotspot_offset_x_laptop&quot;:{&quot;unit&quot;:&quot;px&quot;,&quot;size&quot;:&quot;&quot;,&quot;sizes&quot;:[]},&quot;hotspot_offset_x_tablet_extra&quot;:{&quot;unit&quot;:&quot;px&quot;,&quot;size&quot;:&quot;&quot;,&quot;sizes&quot;:[]},&quot;hotspot_offset_x_tablet&quot;:{&quot;unit&quot;:&quot;px&quot;,&quot;size&quot;:&quot;&quot;,&quot;sizes&quot;:[]},&quot;hotspot_offset_x_mobile&quot;:{&quot;unit&quot;:&quot;px&quot;,&quot;size&quot;:&quot;&quot;,&quot;sizes&quot;:[]},&quot;hotspot_offset_y_laptop&quot;:{&quot;unit&quot;:&quot;px&quot;,&quot;size&quot;:&quot;&quot;,&quot;sizes&quot;:[]},&quot;hotspot_offset_y_tablet_extra&quot;:{&quot;unit&quot;:&quot;px&quot;,&quot;size&quot;:&quot;&quot;,&quot;sizes&quot;:[]},&quot;hotspot_offset_y_tablet&quot;:{&quot;unit&quot;:&quot;px&quot;,&quot;size&quot;:&quot;&quot;,&quot;sizes&quot;:[]},&quot;hotspot_offset_y_mobile&quot;:{&quot;unit&quot;:&quot;px&quot;,&quot;size&quot;:&quot;&quot;,&quot;sizes&quot;:[]},&quot;hotspot_tooltip_width&quot;:null,&quot;hotspot_tooltip_width_laptop&quot;:null,&quot;hotspot_tooltip_width_tablet_extra&quot;:null,&quot;hotspot_tooltip_width_tablet&quot;:null,&quot;hotspot_tooltip_width_mobile&quot;:null,&quot;hotspot_tooltip_text_wrap&quot;:null},{&quot;hotspot_icon&quot;:{&quot;value&quot;:{&quot;url&quot;:&quot;https:\\\/\\\/faber-solartechnik.de\\\/wp-content\\\/uploads\\\/2023\\\/07\\\/trafo-circle-1.svg&quot;,&quot;id&quot;:5512},&quot;library&quot;:&quot;svg&quot;},&quot;hotspot_custom_size&quot;:&quot;&quot;,&quot;hotspot_tooltip_content&quot;:&quot;&lt;p&gt;&lt;strong&gt;Transformatorkompaktstationen&lt;\\\/strong&gt;: Bis zu knapp 3 MWp PV-Leistung k\\u00f6nnen wir an jede unserer hauseigenen Transformatorkompaktstationen anschlie\\u00dfen. Diese greifen die Niederspannung der Wechselrichter auf und bringen den Strom auf Netzspannung, bspw. 20 kV. Durch unsere hauseigene Produktion unter dem Dach der Faber E-Tec haben wir auch diesen Schritt voll unter Kontrolle.&lt;\\\/p&gt;&quot;,&quot;hotspot_offset_x&quot;:{&quot;unit&quot;:&quot;%&quot;,&quot;size&quot;:47,&quot;sizes&quot;:[]},&quot;hotspot_offset_y&quot;:{&quot;unit&quot;:&quot;%&quot;,&quot;size&quot;:51,&quot;sizes&quot;:[]},&quot;hotspot_tooltip_position&quot;:&quot;&quot;,&quot;_id&quot;:&quot;3180621&quot;,&quot;hotspot_label&quot;:&quot;&quot;,&quot;hotspot_link&quot;:{&quot;url&quot;:&quot;&quot;,&quot;is_external&quot;:&quot;&quot;,&quot;nofollow&quot;:&quot;&quot;,&quot;custom_attributes&quot;:&quot;&quot;},&quot;hotspot_horizontal&quot;:&quot;left&quot;,&quot;hotspot_vertical&quot;:&quot;top&quot;,&quot;hotspot_position&quot;:null,&quot;hotspot_position_laptop&quot;:null,&quot;hotspot_position_tablet_extra&quot;:null,&quot;hotspot_position_tablet&quot;:null,&quot;hotspot_position_mobile&quot;:null,&quot;hotspot_icon_position&quot;:null,&quot;hotspot_icon_spacing&quot;:null,&quot;hotspot_width&quot;:null,&quot;hotspot_height&quot;:null,&quot;hotspot_offset_x_laptop&quot;:{&quot;unit&quot;:&quot;px&quot;,&quot;size&quot;:&quot;&quot;,&quot;sizes&quot;:[]},&quot;hotspot_offset_x_tablet_extra&quot;:{&quot;unit&quot;:&quot;px&quot;,&quot;size&quot;:&quot;&quot;,&quot;sizes&quot;:[]},&quot;hotspot_offset_x_tablet&quot;:{&quot;unit&quot;:&quot;px&quot;,&quot;size&quot;:&quot;&quot;,&quot;sizes&quot;:[]},&quot;hotspot_offset_x_mobile&quot;:{&quot;unit&quot;:&quot;px&quot;,&quot;size&quot;:&quot;&quot;,&quot;sizes&quot;:[]},&quot;hotspot_offset_y_laptop&quot;:{&quot;unit&quot;:&quot;px&quot;,&quot;size&quot;:&quot;&quot;,&quot;sizes&quot;:[]},&quot;hotspot_offset_y_tablet_extra&quot;:{&quot;unit&quot;:&quot;px&quot;,&quot;size&quot;:&quot;&quot;,&quot;sizes&quot;:[]},&quot;hotspot_offset_y_tablet&quot;:{&quot;unit&quot;:&quot;px&quot;,&quot;size&quot;:&quot;&quot;,&quot;sizes&quot;:[]},&quot;hotspot_offset_y_mobile&quot;:{&quot;unit&quot;:&quot;px&quot;,&quot;size&quot;:&quot;&quot;,&quot;sizes&quot;:[]},&quot;hotspot_tooltip_width&quot;:null,&quot;hotspot_tooltip_width_laptop&quot;:null,&quot;hotspot_tooltip_width_tablet_extra&quot;:null,&quot;hotspot_tooltip_width_tablet&quot;:null,&quot;hotspot_tooltip_width_mobile&quot;:null,&quot;hotspot_tooltip_text_wrap&quot;:null},{&quot;hotspot_icon&quot;:{&quot;value&quot;:&quot;fas fa-bolt&quot;,&quot;library&quot;:&quot;fa-solid&quot;},&quot;hotspot_custom_size&quot;:&quot;&quot;,&quot;hotspot_tooltip_content&quot;:&quot;&lt;p&gt;&lt;strong&gt;Mittelspannung&lt;\\\/strong&gt;: Bei der Notwendigkeit mehrerer Stationen verbinden wir die einzelnen Transformatoren auf Mittelspannung. Die genaue Spannungsebene zwischen 10 kV und 30 kV orientiert sich an der Spannung des Netzes der \\u00f6ffentlichen Versorgung.&lt;\\\/p&gt;&quot;,&quot;hotspot_offset_x&quot;:{&quot;unit&quot;:&quot;%&quot;,&quot;size&quot;:69,&quot;sizes&quot;:[]},&quot;hotspot_offset_y&quot;:{&quot;unit&quot;:&quot;%&quot;,&quot;size&quot;:59,&quot;sizes&quot;:[]},&quot;hotspot_tooltip_position&quot;:&quot;yes&quot;,&quot;hotspot_tooltip_text_wrap&quot;:&quot;yes&quot;,&quot;_id&quot;:&quot;179f028&quot;,&quot;hotspot_label&quot;:&quot;&quot;,&quot;hotspot_link&quot;:{&quot;url&quot;:&quot;&quot;,&quot;is_external&quot;:&quot;&quot;,&quot;nofollow&quot;:&quot;&quot;,&quot;custom_attributes&quot;:&quot;&quot;},&quot;hotspot_horizontal&quot;:&quot;left&quot;,&quot;hotspot_vertical&quot;:&quot;top&quot;,&quot;hotspot_position&quot;:&quot;&quot;,&quot;hotspot_position_laptop&quot;:&quot;&quot;,&quot;hotspot_position_tablet_extra&quot;:&quot;&quot;,&quot;hotspot_position_tablet&quot;:&quot;&quot;,&quot;hotspot_position_mobile&quot;:&quot;&quot;,&quot;hotspot_icon_position&quot;:null,&quot;hotspot_icon_spacing&quot;:null,&quot;hotspot_width&quot;:null,&quot;hotspot_height&quot;:null,&quot;hotspot_offset_x_laptop&quot;:{&quot;unit&quot;:&quot;px&quot;,&quot;size&quot;:&quot;&quot;,&quot;sizes&quot;:[]},&quot;hotspot_offset_x_tablet_extra&quot;:{&quot;unit&quot;:&quot;px&quot;,&quot;size&quot;:&quot;&quot;,&quot;sizes&quot;:[]},&quot;hotspot_offset_x_tablet&quot;:{&quot;unit&quot;:&quot;px&quot;,&quot;size&quot;:&quot;&quot;,&quot;sizes&quot;:[]},&quot;hotspot_offset_x_mobile&quot;:{&quot;unit&quot;:&quot;px&quot;,&quot;size&quot;:&quot;&quot;,&quot;sizes&quot;:[]},&quot;hotspot_offset_y_laptop&quot;:{&quot;unit&quot;:&quot;px&quot;,&quot;size&quot;:&quot;&quot;,&quot;sizes&quot;:[]},&quot;hotspot_offset_y_tablet_extra&quot;:{&quot;unit&quot;:&quot;px&quot;,&quot;size&quot;:&quot;&quot;,&quot;sizes&quot;:[]},&quot;hotspot_offset_y_tablet&quot;:{&quot;unit&quot;:&quot;px&quot;,&quot;size&quot;:&quot;&quot;,&quot;sizes&quot;:[]},&quot;hotspot_offset_y_mobile&quot;:{&quot;unit&quot;:&quot;px&quot;,&quot;size&quot;:&quot;&quot;,&quot;sizes&quot;:[]},&quot;hotspot_tooltip_width&quot;:{&quot;unit&quot;:&quot;px&quot;,&quot;size&quot;:&quot;&quot;,&quot;sizes&quot;:[]},&quot;hotspot_tooltip_width_laptop&quot;:{&quot;unit&quot;:&quot;px&quot;,&quot;size&quot;:&quot;&quot;,&quot;sizes&quot;:[]},&quot;hotspot_tooltip_width_tablet_extra&quot;:{&quot;unit&quot;:&quot;px&quot;,&quot;size&quot;:&quot;&quot;,&quot;sizes&quot;:[]},&quot;hotspot_tooltip_width_tablet&quot;:{&quot;unit&quot;:&quot;px&quot;,&quot;size&quot;:&quot;&quot;,&quot;sizes&quot;:[]},&quot;hotspot_tooltip_width_mobile&quot;:{&quot;unit&quot;:&quot;px&quot;,&quot;size&quot;:&quot;&quot;,&quot;sizes&quot;:[]}},{&quot;hotspot_icon&quot;:{&quot;value&quot;:&quot;fas fa-plug&quot;,&quot;library&quot;:&quot;fa-solid&quot;},&quot;hotspot_custom_size&quot;:&quot;&quot;,&quot;hotspot_tooltip_content&quot;:&quot;&lt;p&gt;&lt;strong&gt;Netz\\u00fcbergabe&lt;\\\/strong&gt;: Speziell im Freiland-Segment ist eine gewisse Distanz zwischen PV-Park und \\u00f6ffentlichem Netz nicht un\\u00fcblich, sodass eine dedizierte \\u00dcbergabestation in der unmittelbaren N\\u00e4he des Netzverkn\\u00fcpfungspunktes errichtet werden muss. Auch diese Station inklusive Schaltanlage, Messzelle und Schutztechnik liefern wir aus unserer hauseigenen Produktion.&lt;\\\/p&gt;&quot;,&quot;hotspot_offset_x&quot;:{&quot;unit&quot;:&quot;%&quot;,&quot;size&quot;:63.3,&quot;sizes&quot;:[]},&quot;hotspot_tooltip_position&quot;:&quot;&quot;,&quot;hotspot_tooltip_text_wrap&quot;:null,&quot;_id&quot;:&quot;9ab1b43&quot;,&quot;hotspot_offset_y&quot;:{&quot;unit&quot;:&quot;%&quot;,&quot;size&quot;:43,&quot;sizes&quot;:[]},&quot;hotspot_label&quot;:&quot;&quot;,&quot;hotspot_link&quot;:{&quot;url&quot;:&quot;&quot;,&quot;is_external&quot;:&quot;&quot;,&quot;nofollow&quot;:&quot;&quot;,&quot;custom_attributes&quot;:&quot;&quot;},&quot;hotspot_horizontal&quot;:&quot;left&quot;,&quot;hotspot_vertical&quot;:&quot;top&quot;,&quot;hotspot_position&quot;:null,&quot;hotspot_position_laptop&quot;:null,&quot;hotspot_position_tablet_extra&quot;:null,&quot;hotspot_position_tablet&quot;:null,&quot;hotspot_position_mobile&quot;:null,&quot;hotspot_icon_position&quot;:null,&quot;hotspot_icon_spacing&quot;:null,&quot;hotspot_width&quot;:null,&quot;hotspot_height&quot;:null,&quot;hotspot_offset_x_laptop&quot;:{&quot;unit&quot;:&quot;px&quot;,&quot;size&quot;:&quot;&quot;,&quot;sizes&quot;:[]},&quot;hotspot_offset_x_tablet_extra&quot;:{&quot;unit&quot;:&quot;px&quot;,&quot;size&quot;:&quot;&quot;,&quot;sizes&quot;:[]},&quot;hotspot_offset_x_tablet&quot;:{&quot;unit&quot;:&quot;px&quot;,&quot;size&quot;:&quot;&quot;,&quot;sizes&quot;:[]},&quot;hotspot_offset_x_mobile&quot;:{&quot;unit&quot;:&quot;px&quot;,&quot;size&quot;:&quot;&quot;,&quot;sizes&quot;:[]},&quot;hotspot_offset_y_laptop&quot;:{&quot;unit&quot;:&quot;px&quot;,&quot;size&quot;:&quot;&quot;,&quot;sizes&quot;:[]},&quot;hotspot_offset_y_tablet_extra&quot;:{&quot;unit&quot;:&quot;px&quot;,&quot;size&quot;:&quot;&quot;,&quot;sizes&quot;:[]},&quot;hotspot_offset_y_tablet&quot;:{&quot;unit&quot;:&quot;px&quot;,&quot;size&quot;:&quot;&quot;,&quot;sizes&quot;:[]},&quot;hotspot_offset_y_mobile&quot;:{&quot;unit&quot;:&quot;px&quot;,&quot;size&quot;:&quot;&quot;,&quot;sizes&quot;:[]},&quot;hotspot_tooltip_width&quot;:null,&quot;hotspot_tooltip_width_laptop&quot;:null,&quot;hotspot_tooltip_width_tablet_extra&quot;:null,&quot;hotspot_tooltip_width_tablet&quot;:null,&quot;hotspot_tooltip_width_mobile&quot;:null},{&quot;hotspot_icon&quot;:{&quot;value&quot;:&quot;fas fa-plug&quot;,&quot;library&quot;:&quot;fa-solid&quot;},&quot;hotspot_custom_size&quot;:&quot;&quot;,&quot;hotspot_tooltip_content&quot;:&quot;&lt;p&gt;&lt;strong&gt;Kombinierte&lt;\\\/strong&gt; &lt;strong&gt;\\u00dcbergabetrafostation&lt;\\\/strong&gt;: Wenn die netzbetreiberseitigen Mittelspannungskabel direkt bis zum Standort der Erzeugungsanlage f\\u00fchren, k\\u00f6nnen wir Netz\\u00fcbergabe und Transformator auch in einer Station umsetzen. Somit sparen wir f\\u00fcr Sie Fl\\u00e4che und Kosten. Auch in diesem Fall liegt die Leistungsgrenze bei 2.500 kVA pro Station.&lt;\\\/p&gt;&quot;,&quot;hotspot_offset_x&quot;:{&quot;unit&quot;:&quot;%&quot;,&quot;size&quot;:41.5,&quot;sizes&quot;:[]},&quot;hotspot_offset_y&quot;:{&quot;unit&quot;:&quot;%&quot;,&quot;size&quot;:27,&quot;sizes&quot;:[]},&quot;hotspot_tooltip_position&quot;:&quot;yes&quot;,&quot;hotspot_tooltip_text_wrap&quot;:&quot;yes&quot;,&quot;_id&quot;:&quot;9a7a257&quot;,&quot;hotspot_label&quot;:&quot;&quot;,&quot;hotspot_link&quot;:{&quot;url&quot;:&quot;&quot;,&quot;is_external&quot;:&quot;&quot;,&quot;nofollow&quot;:&quot;&quot;,&quot;custom_attributes&quot;:&quot;&quot;},&quot;hotspot_horizontal&quot;:&quot;left&quot;,&quot;hotspot_vertical&quot;:&quot;top&quot;,&quot;hotspot_position&quot;:&quot;&quot;,&quot;hotspot_position_laptop&quot;:&quot;&quot;,&quot;hotspot_position_tablet_extra&quot;:&quot;&quot;,&quot;hotspot_position_tablet&quot;:&quot;&quot;,&quot;hotspot_position_mobile&quot;:&quot;&quot;,&quot;hotspot_icon_position&quot;:null,&quot;hotspot_icon_spacing&quot;:null,&quot;hotspot_width&quot;:null,&quot;hotspot_height&quot;:null,&quot;hotspot_offset_x_laptop&quot;:{&quot;unit&quot;:&quot;px&quot;,&quot;size&quot;:&quot;&quot;,&quot;sizes&quot;:[]},&quot;hotspot_offset_x_tablet_extra&quot;:{&quot;unit&quot;:&quot;px&quot;,&quot;size&quot;:&quot;&quot;,&quot;sizes&quot;:[]},&quot;hotspot_offset_x_tablet&quot;:{&quot;unit&quot;:&quot;px&quot;,&quot;size&quot;:&quot;&quot;,&quot;sizes&quot;:[]},&quot;hotspot_offset_x_mobile&quot;:{&quot;unit&quot;:&quot;px&quot;,&quot;size&quot;:&quot;&quot;,&quot;sizes&quot;:[]},&quot;hotspot_offset_y_laptop&quot;:{&quot;unit&quot;:&quot;px&quot;,&quot;size&quot;:&quot;&quot;,&quot;sizes&quot;:[]},&quot;hotspot_offset_y_tablet_extra&quot;:{&quot;unit&quot;:&quot;px&quot;,&quot;size&quot;:&quot;&quot;,&quot;sizes&quot;:[]},&quot;hotspot_offset_y_tablet&quot;:{&quot;unit&quot;:&quot;px&quot;,&quot;size&quot;:&quot;&quot;,&quot;sizes&quot;:[]},&quot;hotspot_offset_y_mobile&quot;:{&quot;unit&quot;:&quot;px&quot;,&quot;size&quot;:&quot;&quot;,&quot;sizes&quot;:[]},&quot;hotspot_tooltip_width&quot;:{&quot;unit&quot;:&quot;px&quot;,&quot;size&quot;:&quot;&quot;,&quot;sizes&quot;:[]},&quot;hotspot_tooltip_width_laptop&quot;:{&quot;unit&quot;:&quot;px&quot;,&quot;size&quot;:&quot;&quot;,&quot;sizes&quot;:[]},&quot;hotspot_tooltip_width_tablet_extra&quot;:{&quot;unit&quot;:&quot;px&quot;,&quot;size&quot;:&quot;&quot;,&quot;sizes&quot;:[]},&quot;hotspot_tooltip_width_tablet&quot;:{&quot;unit&quot;:&quot;px&quot;,&quot;size&quot;:&quot;&quot;,&quot;sizes&quot;:[]},&quot;hotspot_tooltip_width_mobile&quot;:{&quot;unit&quot;:&quot;px&quot;,&quot;size&quot;:&quot;&quot;,&quot;sizes&quot;:[]}}],&quot;tooltip_position&quot;:&quot;bottom&quot;,&quot;tooltip_trigger&quot;:&quot;mouseenter&quot;,&quot;tooltip_animation&quot;:&quot;e-hotspot--fade-direction&quot;,&quot;_animation&quot;:&quot;fadeIn&quot;}\" data-widget_type=\"hotspot.default\">\n\t\t\t\t<div class=\"elementor-widget-container\">\n\t\t\t\t\t<img loading=\"lazy\" decoding=\"async\" width=\"2416\" height=\"952\" src=\"https:\/\/faber-solartechnik.de\/wp-content\/uploads\/2023\/07\/Netzanschluss-Skizze-JPEG-80.jpg\" class=\"attachment-full size-full wp-image-5571\" alt=\"\" srcset=\"https:\/\/faber-solartechnik.de\/wp-content\/uploads\/2023\/07\/Netzanschluss-Skizze-JPEG-80.jpg 2416w, https:\/\/faber-solartechnik.de\/wp-content\/uploads\/2023\/07\/Netzanschluss-Skizze-JPEG-80-300x118.jpg 300w, https:\/\/faber-solartechnik.de\/wp-content\/uploads\/2023\/07\/Netzanschluss-Skizze-JPEG-80-1024x403.jpg 1024w, https:\/\/faber-solartechnik.de\/wp-content\/uploads\/2023\/07\/Netzanschluss-Skizze-JPEG-80-768x303.jpg 768w, https:\/\/faber-solartechnik.de\/wp-content\/uploads\/2023\/07\/Netzanschluss-Skizze-JPEG-80-1536x605.jpg 1536w, https:\/\/faber-solartechnik.de\/wp-content\/uploads\/2023\/07\/Netzanschluss-Skizze-JPEG-80-2048x807.jpg 2048w, https:\/\/faber-solartechnik.de\/wp-content\/uploads\/2023\/07\/Netzanschluss-Skizze-JPEG-80-18x7.jpg 18w\" sizes=\"(max-width: 2416px) 100vw, 2416px\" \/>\n\t\t\t\t\t\t<div class=\"e-hotspot elementor-repeater-item-51309d0  e-hotspot--position-left e-hotspot--position-top   e-hotspot--icon\">\n\n\t\t\t\t\t\t\t\t<div class=\"e-hotspot__button e-hotspot--expand\">\n\t\t\t\t\t\t\t\t\t\t\t\t\t\t\t\t\t\t<div class=\"e-hotspot__icon\"><i class=\"fas fa-sun\"><\/i><\/div>\n\t\t\t\t\t\t\t\t\t\t\t\t\t\t\t\t\t\t\t\t\t<\/div>\n\n\t\t\t\t\t\t\t\t\t\t\t\t\t\t\t\t\t\t\t<div class=\"e-hotspot__direction-mask e-hotspot--tooltip-position\">\n\t\t\t\t\t\t\t\t\t\t<div class=\"e-hotspot__tooltip   e-hotspot--fade-direction \" >\n\t\t\t\t\t\t<p><strong>Module<\/strong>: Das Herzst\u00fcck jeder PV-Anlage. Wir verbauen f\u00fcr Sie nur Module h\u00f6chster Qualit\u00e4t, die das maximale aus den Sonnenstrahlen herausholen. Dabei setzen wir auf renommierte Hersteller, wie JA Solar, Trina Solar oder Ryzen, die besten Bankability-Kriterien aufweisen.<\/p>\t\t\t\t\t<\/div>\n\t\t\t\t\t\t\t\t\t\t\t<\/div>\n\t\t\t\t\t\t\t\t\t\n\t\t\t<\/div>\n\n\t\n\t\t\t\t\t\t<div class=\"e-hotspot elementor-repeater-item-1b9e065  e-hotspot--position-left e-hotspot--position-top   e-hotspot--icon\">\n\n\t\t\t\t\t\t\t\t<div class=\"e-hotspot__button e-hotspot--expand\">\n\t\t\t\t\t\t\t\t\t\t\t\t\t\t\t\t\t\t<div class=\"e-hotspot__icon\"><i class=\"fas fa-solar-panel\"><\/i><\/div>\n\t\t\t\t\t\t\t\t\t\t\t\t\t\t\t\t\t\t\t\t\t<\/div>\n\n\t\t\t\t\t\t\t\t\t\t\t\t\t\t\t\t\t\t\t<div class=\"e-hotspot__direction-mask e-hotspot--tooltip-position\">\n\t\t\t\t\t\t\t\t\t\t<div class=\"e-hotspot__tooltip   e-hotspot--fade-direction \" >\n\t\t\t\t\t\t<p><strong>Unterkonstruktion<\/strong>: Ob S\u00fcd, Ost-West oder Nord-Nord: Der entscheidende Trend beim Bau von PV-Anlagen ist \u201cflach\u201d. Eine flache Aufst\u00e4nderung erm\u00f6glicht eine gleichm\u00e4\u00dfigere Stromerzeugung bei besserer Fl\u00e4chenausnutzung. In Zeiten von negativen Strompreisen w\u00e4hrend sonniger Mittagsstunden und eines harten Kampfes um die besten Fl\u00e4chen ein \u00f6konomisch zwangsl\u00e4ufiger Trend.<\/p>\t\t\t\t\t<\/div>\n\t\t\t\t\t\t\t\t\t\t\t<\/div>\n\t\t\t\t\t\t\t\t\t\n\t\t\t<\/div>\n\n\t\n\t\t\t\t\t\t<div class=\"e-hotspot elementor-repeater-item-8a29d46  e-hotspot--position-left e-hotspot--position-top   e-hotspot--icon\">\n\n\t\t\t\t\t\t\t\t<div class=\"e-hotspot__button e-hotspot--expand\">\n\t\t\t\t\t\t\t\t\t\t\t\t\t\t\t\t\t\t<div class=\"e-hotspot__icon\"><svg xmlns=\"http:\/\/www.w3.org\/2000\/svg\" xmlns:xlink=\"http:\/\/www.w3.org\/1999\/xlink\" id=\"Ebene_1\" x=\"0px\" y=\"0px\" viewBox=\"0 0 250 250\" style=\"enable-background:new 0 0 250 250;\" xml:space=\"preserve\"><rect x=\"104.5\" y=\"183\" width=\"145.5\" height=\"27.3\"><\/rect><rect x=\"104.5\" y=\"224.9\" width=\"67.2\" height=\"25.1\"><\/rect><rect x=\"182.8\" y=\"224.9\" width=\"67.2\" height=\"25.1\"><\/rect><g>\t<path d=\"M168,49.4c-9.9,13.3-23.3,19.3-39.6,19.3C103.4,68.7,62,38,37,38c-14.6,0-26.8,7.3-36.7,20.7V18C9.1,6,21.9,0,39.3,0   c31.4,0,59.4,30,93.2,30c13.4,0,25.6-6,35.5-18.7V49.4z\"><\/path><\/g><rect x=\"-30.4\" y=\"121.6\" transform=\"matrix(0.7814 -0.624 0.624 0.7814 -50.6776 105.318)\" width=\"310.8\" height=\"6.7\"><\/rect><\/svg><\/div>\n\t\t\t\t\t\t\t\t\t\t\t\t\t\t\t\t\t\t\t\t\t<\/div>\n\n\t\t\t\t\t\t\t\t\t\t\t\t\t\t\t\t\t\t\t<div class=\"e-hotspot__direction-mask e-hotspot--tooltip-position\">\n\t\t\t\t\t\t\t\t\t\t<div class=\"e-hotspot__tooltip   e-hotspot--fade-direction \" >\n\t\t\t\t\t\t<p><strong>Wechselrichter<\/strong>: Aus \u00fcber 1.000 Volt DC-Spannung wird AC-Niederspannung: Je nach Anlagengr\u00f6\u00dfe verwenden wir 400 oder 800 Volt-Multistring-Wechselrichter. So erreichen wir optimale Leistungswerte, ohne ein zu gro\u00dfes Klumpenrisiko f\u00fcr den Fall eines defekten Wechselrichters einzugehen. Die Verstringungsplanung erstellen wir anlagenindividuell w\u00e4hrend der Planungsphase.<\/p>\t\t\t\t\t<\/div>\n\t\t\t\t\t\t\t\t\t\t\t<\/div>\n\t\t\t\t\t\t\t\t\t\n\t\t\t<\/div>\n\n\t\n\t\t\t\t\t\t<div class=\"e-hotspot elementor-repeater-item-3180621  e-hotspot--position-left e-hotspot--position-top   e-hotspot--icon\">\n\n\t\t\t\t\t\t\t\t<div class=\"e-hotspot__button e-hotspot--expand\">\n\t\t\t\t\t\t\t\t\t\t\t\t\t\t\t\t\t\t<div class=\"e-hotspot__icon\"><svg xmlns=\"http:\/\/www.w3.org\/2000\/svg\" xmlns:xlink=\"http:\/\/www.w3.org\/1999\/xlink\" id=\"Ebene_1\" x=\"0px\" y=\"0px\" viewBox=\"0 0 250 250\" style=\"enable-background:new 0 0 250 250;\" xml:space=\"preserve\"><path d=\"M182,112c-31.5-31.3-82.4-31.1-113.7,0.4c-31.3,31.5-31.1,82.4,0.4,113.7c31.5,31.3,82.4,31.1,113.7-0.4  S213.5,143.3,182,112z M86.5,208.2c-21.6-21.5-21.7-56.4-0.3-78.1s56.4-21.7,78.1-0.3c21.6,21.5,21.7,56.4,0.3,78.1  S108.1,229.6,86.5,208.2z\"><\/path><path d=\"M182,24.7C150.5-6.6,99.6-6.4,68.3,25.1C37,56.6,37.2,107.5,68.7,138.8c31.5,31.3,82.4,31.1,113.7-0.4S213.5,56,182,24.7z   M86.5,120.9c-21.6-21.5-21.7-56.4-0.3-78.1s56.4-21.7,78.1-0.3c21.6,21.5,21.7,56.4,0.3,78.1S108.1,142.4,86.5,120.9z\"><\/path><\/svg><\/div>\n\t\t\t\t\t\t\t\t\t\t\t\t\t\t\t\t\t\t\t\t\t<\/div>\n\n\t\t\t\t\t\t\t\t\t\t\t\t\t\t\t\t\t\t\t<div class=\"e-hotspot__direction-mask e-hotspot--tooltip-position\">\n\t\t\t\t\t\t\t\t\t\t<div class=\"e-hotspot__tooltip   e-hotspot--fade-direction \" >\n\t\t\t\t\t\t<p><strong>Transformatorkompaktstationen<\/strong>: Bis zu knapp 3 MWp PV-Leistung k\u00f6nnen wir an jede unserer hauseigenen Transformatorkompaktstationen anschlie\u00dfen. Diese greifen die Niederspannung der Wechselrichter auf und bringen den Strom auf Netzspannung, bspw. 20 kV. Durch unsere hauseigene Produktion unter dem Dach der Faber E-Tec haben wir auch diesen Schritt voll unter Kontrolle.<\/p>\t\t\t\t\t<\/div>\n\t\t\t\t\t\t\t\t\t\t\t<\/div>\n\t\t\t\t\t\t\t\t\t\n\t\t\t<\/div>\n\n\t\n\t\t\t\t\t\t<div class=\"e-hotspot elementor-repeater-item-179f028  e-hotspot--position-left e-hotspot--position-top   e-hotspot--icon\">\n\n\t\t\t\t\t\t\t\t<div class=\"e-hotspot__button e-hotspot--expand\">\n\t\t\t\t\t\t\t\t\t\t\t\t\t\t\t\t\t\t<div class=\"e-hotspot__icon\"><i class=\"fas fa-bolt\"><\/i><\/div>\n\t\t\t\t\t\t\t\t\t\t\t\t\t\t\t\t\t\t\t\t\t<\/div>\n\n\t\t\t\t\t\t\t\t\t\t\t\t\t\t\t\t\t\t\t<div class=\"e-hotspot__direction-mask e-hotspot--tooltip-position\">\n\t\t\t\t\t\t\t\t\t\t<div class=\"e-hotspot__tooltip   e-hotspot--fade-direction \" >\n\t\t\t\t\t\t<p><strong>Mittelspannung<\/strong>: Bei der Notwendigkeit mehrerer Stationen verbinden wir die einzelnen Transformatoren auf Mittelspannung. Die genaue Spannungsebene zwischen 10 kV und 30 kV orientiert sich an der Spannung des Netzes der \u00f6ffentlichen Versorgung.<\/p>\t\t\t\t\t<\/div>\n\t\t\t\t\t\t\t\t\t\t\t<\/div>\n\t\t\t\t\t\t\t\t\t\n\t\t\t<\/div>\n\n\t\n\t\t\t\t\t\t<div class=\"e-hotspot elementor-repeater-item-9ab1b43  e-hotspot--position-left e-hotspot--position-top   e-hotspot--icon\">\n\n\t\t\t\t\t\t\t\t<div class=\"e-hotspot__button e-hotspot--expand\">\n\t\t\t\t\t\t\t\t\t\t\t\t\t\t\t\t\t\t<div class=\"e-hotspot__icon\"><i class=\"fas fa-plug\"><\/i><\/div>\n\t\t\t\t\t\t\t\t\t\t\t\t\t\t\t\t\t\t\t\t\t<\/div>\n\n\t\t\t\t\t\t\t\t\t\t\t\t\t\t\t\t\t\t\t<div class=\"e-hotspot__direction-mask e-hotspot--tooltip-position\">\n\t\t\t\t\t\t\t\t\t\t<div class=\"e-hotspot__tooltip   e-hotspot--fade-direction \" >\n\t\t\t\t\t\t<p><strong>Netz\u00fcbergabe<\/strong>: Speziell im Freiland-Segment ist eine gewisse Distanz zwischen PV-Park und \u00f6ffentlichem Netz nicht un\u00fcblich, sodass eine dedizierte \u00dcbergabestation in der unmittelbaren N\u00e4he des Netzverkn\u00fcpfungspunktes errichtet werden muss. Auch diese Station inklusive Schaltanlage, Messzelle und Schutztechnik liefern wir aus unserer hauseigenen Produktion.<\/p>\t\t\t\t\t<\/div>\n\t\t\t\t\t\t\t\t\t\t\t<\/div>\n\t\t\t\t\t\t\t\t\t\n\t\t\t<\/div>\n\n\t\n\t\t\t\t\t\t<div class=\"e-hotspot elementor-repeater-item-9a7a257  e-hotspot--position-left e-hotspot--position-top   e-hotspot--icon\">\n\n\t\t\t\t\t\t\t\t<div class=\"e-hotspot__button e-hotspot--expand\">\n\t\t\t\t\t\t\t\t\t\t\t\t\t\t\t\t\t\t<div class=\"e-hotspot__icon\"><i class=\"fas fa-plug\"><\/i><\/div>\n\t\t\t\t\t\t\t\t\t\t\t\t\t\t\t\t\t\t\t\t\t<\/div>\n\n\t\t\t\t\t\t\t\t\t\t\t\t\t\t\t\t\t\t\t<div class=\"e-hotspot__direction-mask e-hotspot--tooltip-position\">\n\t\t\t\t\t\t\t\t\t\t<div class=\"e-hotspot__tooltip   e-hotspot--fade-direction \" >\n\t\t\t\t\t\t<p><strong>Kombinierte<\/strong> <strong>\u00dcbergabetrafostation<\/strong>: Wenn die netzbetreiberseitigen Mittelspannungskabel direkt bis zum Standort der Erzeugungsanlage f\u00fchren, k\u00f6nnen wir Netz\u00fcbergabe und Transformator auch in einer Station umsetzen. Somit sparen wir f\u00fcr Sie Fl\u00e4che und Kosten. Auch in diesem Fall liegt die Leistungsgrenze bei 2.500 kVA pro Station.<\/p>\t\t\t\t\t<\/div>\n\t\t\t\t\t\t\t\t\t\t\t<\/div>\n\t\t\t\t\t\t\t\t\t\n\t\t\t<\/div>\n\n\t\n\t\t\t\t\t\t<\/div>\n\t\t\t\t<\/div>\n\t\t\t\t<div class=\"elementor-element elementor-element-11fd1e2 elementor-hidden-desktop elementor-hidden-tablet elementor-widget elementor-widget-image\" data-id=\"11fd1e2\" data-element_type=\"widget\" data-e-type=\"widget\" data-widget_type=\"image.default\">\n\t\t\t\t<div class=\"elementor-widget-container\">\n\t\t\t\t\t\t\t\t\t\t\t\t\t\t\t<img decoding=\"async\" src=\"https:\/\/faber-solartechnik.de\/wp-content\/uploads\/elementor\/thumbs\/Netzanschluss-mobil-q929k7il70xrhc6wg6dqies9yc2fora9kgy35n656s.jpg\" title=\"Netzanschluss-mobil\" alt=\"Netzanschluss-mobil\" loading=\"lazy\" \/>\t\t\t\t\t\t\t\t\t\t\t\t\t\t\t<\/div>\n\t\t\t\t<\/div>\n\t\t\t\t<div class=\"elementor-element elementor-element-9ba0cce abc-accordion elementor-hidden-desktop elementor-hidden-tablet elementor-widget elementor-widget-bdt-accordion\" data-id=\"9ba0cce\" data-element_type=\"widget\" data-e-type=\"widget\" data-widget_type=\"bdt-accordion.default\">\n\t\t\t\t<div class=\"elementor-widget-container\">\n\t\t\t\t\t\t\t<div class=\"bdt-ep-accordion-container\">\n\t\t\t<div id=\"bdt-ep-accordion-9ba0cce\" class=\"bdt-ep-accordion bdt-accordion\" data-bdt-accordion=\"{&quot;collapsible&quot;:false,&quot;multiple&quot;:false,&quot;animation&quot;:true,&quot;transition&quot;:&quot;ease-in-out&quot;,&quot;duration&quot;:200}\" \t\tdata-settings=\"{&quot;id&quot;:&quot;bdt-ep-accordion-9ba0cce&quot;,&quot;activeHash&quot;:&quot;&quot;,&quot;activeScrollspy&quot;:null,&quot;hashTopOffset&quot;:false,&quot;hashScrollspyTime&quot;:false,&quot;closeAllItemsOnMobile&quot;:false}\">\n\t\t\t\t\t\t\t\t\t<div class=\"bdt-ep-accordion-item\">\n\t\t\t\t\t\t<h3\t\t\t\t\t\t\tclass=\"bdt-ep-accordion-title bdt-accordion-title bdt-flex bdt-flex-middle bdt-flex-between\" id=\"bdt-ep-accordion-1-module\"\n\t\t\t\t\t\t\tdata-accordion-index=\"0\" data-title=\"1-module\">\n\n\t\t\t\t\t\t\t\t\t\t\t\t\t\t\t<span class=\"bdt-ep-accordion-icon bdt-flex-align-right\"\n\t\t\t\t\t\t\t\t\taria-hidden=\"true\">\n\n\t\t\t\t\t\t\t\t\t\t\t\t\t\t\t\t\t\t\t<span class=\"bdt-ep-accordion-icon-closed\">\n\t\t\t\t\t\t\t\t\t\t\t<i aria-hidden=\"true\" class=\"fa-fw fas fa-plus\"><\/i>\t\t\t\t\t\t\t\t\t\t<\/span>\n\t\t\t\t\t\t\t\t\t\n\t\t\t\t\t\t\t\t\t\t\t\t\t\t\t\t\t\t\t<span class=\"bdt-ep-accordion-icon-opened\">\n\t\t\t\t\t\t\t\t\t\t\t<i aria-hidden=\"true\" class=\"fa-fw fas fa-minus\"><\/i>\t\t\t\t\t\t\t\t\t\t<\/span>\n\t\t\t\t\t\t\t\t\t\n\t\t\t\t\t\t\t\t<\/span>\n\t\t\t\t\t\t\t\n\t\t\t\t\t\t\t<span role=\"heading\" class=\"bdt-ep-title-text bdt-flex-inline bdt-flex-middle\" >\n\n\t\t\t\t\t\t\t\t\t\t\t\t\t\t\t\t1. Module\t\t\t\t\t\t\t<\/span>\n\n\t\t\t\t\t\t<\/h3>\n\t\t\t\t\t\t<div class=\"bdt-ep-accordion-content bdt-accordion-content\">\n\t\t\t\t\t\t\t<p>Das Herzst\u00fcck jeder PV-Anlage. Wir verbauen f\u00fcr Sie nur <strong>Module<\/strong> h\u00f6chster Qualit\u00e4t, die das maximale aus den <strong>Sonnenstrahlen<\/strong> herausholen. Dabei setzen wir auf renommierte Hersteller, wie JA Solar, Trina Solar oder Ryzen, die besten Bankability-Kriterien aufweisen.<\/p>\t\t\t\t\t\t<\/div>\n\t\t\t\t\t<\/div>\n\t\t\t\t\t\t\t\t\t<div class=\"bdt-ep-accordion-item\">\n\t\t\t\t\t\t<h3\t\t\t\t\t\t\tclass=\"bdt-ep-accordion-title bdt-accordion-title bdt-flex bdt-flex-middle bdt-flex-between\" id=\"bdt-ep-accordion-2-unterkonstruktion\"\n\t\t\t\t\t\t\tdata-accordion-index=\"1\" data-title=\"2-unterkonstruktion\">\n\n\t\t\t\t\t\t\t\t\t\t\t\t\t\t\t<span class=\"bdt-ep-accordion-icon bdt-flex-align-right\"\n\t\t\t\t\t\t\t\t\taria-hidden=\"true\">\n\n\t\t\t\t\t\t\t\t\t\t\t\t\t\t\t\t\t\t\t<span class=\"bdt-ep-accordion-icon-closed\">\n\t\t\t\t\t\t\t\t\t\t\t<i aria-hidden=\"true\" class=\"fa-fw fas fa-plus\"><\/i>\t\t\t\t\t\t\t\t\t\t<\/span>\n\t\t\t\t\t\t\t\t\t\n\t\t\t\t\t\t\t\t\t\t\t\t\t\t\t\t\t\t\t<span class=\"bdt-ep-accordion-icon-opened\">\n\t\t\t\t\t\t\t\t\t\t\t<i aria-hidden=\"true\" class=\"fa-fw fas fa-minus\"><\/i>\t\t\t\t\t\t\t\t\t\t<\/span>\n\t\t\t\t\t\t\t\t\t\n\t\t\t\t\t\t\t\t<\/span>\n\t\t\t\t\t\t\t\n\t\t\t\t\t\t\t<span role=\"heading\" class=\"bdt-ep-title-text bdt-flex-inline bdt-flex-middle\" >\n\n\t\t\t\t\t\t\t\t\t\t\t\t\t\t\t\t2. Unterkonstruktion\t\t\t\t\t\t\t<\/span>\n\n\t\t\t\t\t\t<\/h3>\n\t\t\t\t\t\t<div class=\"bdt-ep-accordion-content bdt-accordion-content\">\n\t\t\t\t\t\t\t<p>Ob S\u00fcd, Ost-West oder Nord-Nord: Der entscheidende Trend beim Bau von PV-Anlagen ist \u201cflach\u201d. Eine flache Aufst\u00e4nderung erm\u00f6glicht eine gleichm\u00e4\u00dfigere Stromerzeugung bei besserer <strong>Fl\u00e4chenausnutzung<\/strong>. In Zeiten von negativen Strompreisen w\u00e4hrend sonniger Mittagsstunden und eines harten Kampfes um die besten Fl\u00e4chen ein \u00f6konomisch zwangsl\u00e4ufiger Trend.<\/p>\t\t\t\t\t\t<\/div>\n\t\t\t\t\t<\/div>\n\t\t\t\t\t\t\t\t\t<div class=\"bdt-ep-accordion-item\">\n\t\t\t\t\t\t<h3\t\t\t\t\t\t\tclass=\"bdt-ep-accordion-title bdt-accordion-title bdt-flex bdt-flex-middle bdt-flex-between\" id=\"bdt-ep-accordion-3-wechselrichter\"\n\t\t\t\t\t\t\tdata-accordion-index=\"2\" data-title=\"3-wechselrichter\">\n\n\t\t\t\t\t\t\t\t\t\t\t\t\t\t\t<span class=\"bdt-ep-accordion-icon bdt-flex-align-right\"\n\t\t\t\t\t\t\t\t\taria-hidden=\"true\">\n\n\t\t\t\t\t\t\t\t\t\t\t\t\t\t\t\t\t\t\t<span class=\"bdt-ep-accordion-icon-closed\">\n\t\t\t\t\t\t\t\t\t\t\t<i aria-hidden=\"true\" class=\"fa-fw fas fa-plus\"><\/i>\t\t\t\t\t\t\t\t\t\t<\/span>\n\t\t\t\t\t\t\t\t\t\n\t\t\t\t\t\t\t\t\t\t\t\t\t\t\t\t\t\t\t<span class=\"bdt-ep-accordion-icon-opened\">\n\t\t\t\t\t\t\t\t\t\t\t<i aria-hidden=\"true\" class=\"fa-fw fas fa-minus\"><\/i>\t\t\t\t\t\t\t\t\t\t<\/span>\n\t\t\t\t\t\t\t\t\t\n\t\t\t\t\t\t\t\t<\/span>\n\t\t\t\t\t\t\t\n\t\t\t\t\t\t\t<span role=\"heading\" class=\"bdt-ep-title-text bdt-flex-inline bdt-flex-middle\" >\n\n\t\t\t\t\t\t\t\t\t\t\t\t\t\t\t\t3. Wechselrichter\t\t\t\t\t\t\t<\/span>\n\n\t\t\t\t\t\t<\/h3>\n\t\t\t\t\t\t<div class=\"bdt-ep-accordion-content bdt-accordion-content\">\n\t\t\t\t\t\t\t<p>Aus \u00fcber 1.000 Volt DC-Spannung wird AC-Niederspannung: Je nach Anlagengr\u00f6\u00dfe verwenden wir 400 oder 800 Volt-Multistring-<strong>Wechselrichter<\/strong>. So erreichen wir optimale Leistungswerte, ohne ein zu gro\u00dfes Klumpenrisiko f\u00fcr den Fall eines defekten Wechselrichters einzugehen. Die Verstringungsplanung erstellen wir anlagenindividuell w\u00e4hrend der Planungsphase.<\/p>\t\t\t\t\t\t<\/div>\n\t\t\t\t\t<\/div>\n\t\t\t\t\t\t\t\t\t<div class=\"bdt-ep-accordion-item\">\n\t\t\t\t\t\t<h3\t\t\t\t\t\t\tclass=\"bdt-ep-accordion-title bdt-accordion-title bdt-flex bdt-flex-middle bdt-flex-between\" id=\"bdt-ep-accordion-4-transformatorshykompaktstationen\"\n\t\t\t\t\t\t\tdata-accordion-index=\"3\" data-title=\"4-transformator-shy-kompaktstationen\">\n\n\t\t\t\t\t\t\t\t\t\t\t\t\t\t\t<span class=\"bdt-ep-accordion-icon bdt-flex-align-right\"\n\t\t\t\t\t\t\t\t\taria-hidden=\"true\">\n\n\t\t\t\t\t\t\t\t\t\t\t\t\t\t\t\t\t\t\t<span class=\"bdt-ep-accordion-icon-closed\">\n\t\t\t\t\t\t\t\t\t\t\t<i aria-hidden=\"true\" class=\"fa-fw fas fa-plus\"><\/i>\t\t\t\t\t\t\t\t\t\t<\/span>\n\t\t\t\t\t\t\t\t\t\n\t\t\t\t\t\t\t\t\t\t\t\t\t\t\t\t\t\t\t<span class=\"bdt-ep-accordion-icon-opened\">\n\t\t\t\t\t\t\t\t\t\t\t<i aria-hidden=\"true\" class=\"fa-fw fas fa-minus\"><\/i>\t\t\t\t\t\t\t\t\t\t<\/span>\n\t\t\t\t\t\t\t\t\t\n\t\t\t\t\t\t\t\t<\/span>\n\t\t\t\t\t\t\t\n\t\t\t\t\t\t\t<span role=\"heading\" class=\"bdt-ep-title-text bdt-flex-inline bdt-flex-middle\" >\n\n\t\t\t\t\t\t\t\t\t\t\t\t\t\t\t\t4. Transformator&shy;kompaktstationen\t\t\t\t\t\t\t<\/span>\n\n\t\t\t\t\t\t<\/h3>\n\t\t\t\t\t\t<div class=\"bdt-ep-accordion-content bdt-accordion-content\">\n\t\t\t\t\t\t\t<p>Bis zu knapp 3 MWp PV-Leistung k\u00f6nnen wir an jede unserer hauseigenen <strong>Transformatorkompaktstationen<\/strong> anschlie\u00dfen. Diese greifen die Niederspannung der Wechselrichter auf und bringen den Strom auf Netzspannung, bspw. 20 kV. Durch unsere hauseigene Produktion unter dem Dach der Faber E-Tec haben wir auch diesen Schritt voll unter Kontrolle.<\/p>\t\t\t\t\t\t<\/div>\n\t\t\t\t\t<\/div>\n\t\t\t\t\t\t\t\t\t<div class=\"bdt-ep-accordion-item\">\n\t\t\t\t\t\t<h3\t\t\t\t\t\t\tclass=\"bdt-ep-accordion-title bdt-accordion-title bdt-flex bdt-flex-middle bdt-flex-between\" id=\"bdt-ep-accordion-5-mittelspannung\"\n\t\t\t\t\t\t\tdata-accordion-index=\"4\" data-title=\"5-mittelspannung\">\n\n\t\t\t\t\t\t\t\t\t\t\t\t\t\t\t<span class=\"bdt-ep-accordion-icon bdt-flex-align-right\"\n\t\t\t\t\t\t\t\t\taria-hidden=\"true\">\n\n\t\t\t\t\t\t\t\t\t\t\t\t\t\t\t\t\t\t\t<span class=\"bdt-ep-accordion-icon-closed\">\n\t\t\t\t\t\t\t\t\t\t\t<i aria-hidden=\"true\" class=\"fa-fw fas fa-plus\"><\/i>\t\t\t\t\t\t\t\t\t\t<\/span>\n\t\t\t\t\t\t\t\t\t\n\t\t\t\t\t\t\t\t\t\t\t\t\t\t\t\t\t\t\t<span class=\"bdt-ep-accordion-icon-opened\">\n\t\t\t\t\t\t\t\t\t\t\t<i aria-hidden=\"true\" class=\"fa-fw fas fa-minus\"><\/i>\t\t\t\t\t\t\t\t\t\t<\/span>\n\t\t\t\t\t\t\t\t\t\n\t\t\t\t\t\t\t\t<\/span>\n\t\t\t\t\t\t\t\n\t\t\t\t\t\t\t<span role=\"heading\" class=\"bdt-ep-title-text bdt-flex-inline bdt-flex-middle\" >\n\n\t\t\t\t\t\t\t\t\t\t\t\t\t\t\t\t5. Mittelspannung\t\t\t\t\t\t\t<\/span>\n\n\t\t\t\t\t\t<\/h3>\n\t\t\t\t\t\t<div class=\"bdt-ep-accordion-content bdt-accordion-content\">\n\t\t\t\t\t\t\t<p>Bei der Notwendigkeit mehrerer Stationen verbinden wir die einzelnen Transformatoren auf <strong>Mittelspannung<\/strong>. Die genaue Spannungsebene zwischen 10 kV und 30 kV orientiert sich an der Spannung des Netzes der \u00f6ffentlichen Versorgung.<\/p>\t\t\t\t\t\t<\/div>\n\t\t\t\t\t<\/div>\n\t\t\t\t\t\t\t\t\t<div class=\"bdt-ep-accordion-item\">\n\t\t\t\t\t\t<h3\t\t\t\t\t\t\tclass=\"bdt-ep-accordion-title bdt-accordion-title bdt-flex bdt-flex-middle bdt-flex-between\" id=\"bdt-ep-accordion-6-netzbergabe\"\n\t\t\t\t\t\t\tdata-accordion-index=\"5\" data-title=\"6-netz-bergabe\">\n\n\t\t\t\t\t\t\t\t\t\t\t\t\t\t\t<span class=\"bdt-ep-accordion-icon bdt-flex-align-right\"\n\t\t\t\t\t\t\t\t\taria-hidden=\"true\">\n\n\t\t\t\t\t\t\t\t\t\t\t\t\t\t\t\t\t\t\t<span class=\"bdt-ep-accordion-icon-closed\">\n\t\t\t\t\t\t\t\t\t\t\t<i aria-hidden=\"true\" class=\"fa-fw fas fa-plus\"><\/i>\t\t\t\t\t\t\t\t\t\t<\/span>\n\t\t\t\t\t\t\t\t\t\n\t\t\t\t\t\t\t\t\t\t\t\t\t\t\t\t\t\t\t<span class=\"bdt-ep-accordion-icon-opened\">\n\t\t\t\t\t\t\t\t\t\t\t<i aria-hidden=\"true\" class=\"fa-fw fas fa-minus\"><\/i>\t\t\t\t\t\t\t\t\t\t<\/span>\n\t\t\t\t\t\t\t\t\t\n\t\t\t\t\t\t\t\t<\/span>\n\t\t\t\t\t\t\t\n\t\t\t\t\t\t\t<span role=\"heading\" class=\"bdt-ep-title-text bdt-flex-inline bdt-flex-middle\" >\n\n\t\t\t\t\t\t\t\t\t\t\t\t\t\t\t\t6. Netz\u00fcbergabe\t\t\t\t\t\t\t<\/span>\n\n\t\t\t\t\t\t<\/h3>\n\t\t\t\t\t\t<div class=\"bdt-ep-accordion-content bdt-accordion-content\">\n\t\t\t\t\t\t\t<p>Speziell im Freiland-Segment ist eine gewisse Distanz zwischen PV-Park und <strong>\u00f6ffentlichem Netz<\/strong> nicht un\u00fcblich, sodass eine dedizierte \u00dcbergabestation in der unmittelbaren N\u00e4he des <strong>Netzverkn\u00fcpfungspunktes<\/strong> errichtet werden muss. Auch diese Station inklusive Schaltanlage, Messzelle und Schutztechnik liefern wir aus unserer hauseigenen Produktion.<\/p>\t\t\t\t\t\t<\/div>\n\t\t\t\t\t<\/div>\n\t\t\t\t\t\t\t\t\t<div class=\"bdt-ep-accordion-item\">\n\t\t\t\t\t\t<h3\t\t\t\t\t\t\tclass=\"bdt-ep-accordion-title bdt-accordion-title bdt-flex bdt-flex-middle bdt-flex-between\" id=\"bdt-ep-accordion-7-kombinierte-bergabetrafostation\"\n\t\t\t\t\t\t\tdata-accordion-index=\"6\" data-title=\"7-kombinierte-bergabetrafostation\">\n\n\t\t\t\t\t\t\t\t\t\t\t\t\t\t\t<span class=\"bdt-ep-accordion-icon bdt-flex-align-right\"\n\t\t\t\t\t\t\t\t\taria-hidden=\"true\">\n\n\t\t\t\t\t\t\t\t\t\t\t\t\t\t\t\t\t\t\t<span class=\"bdt-ep-accordion-icon-closed\">\n\t\t\t\t\t\t\t\t\t\t\t<i aria-hidden=\"true\" class=\"fa-fw fas fa-plus\"><\/i>\t\t\t\t\t\t\t\t\t\t<\/span>\n\t\t\t\t\t\t\t\t\t\n\t\t\t\t\t\t\t\t\t\t\t\t\t\t\t\t\t\t\t<span class=\"bdt-ep-accordion-icon-opened\">\n\t\t\t\t\t\t\t\t\t\t\t<i aria-hidden=\"true\" class=\"fa-fw fas fa-minus\"><\/i>\t\t\t\t\t\t\t\t\t\t<\/span>\n\t\t\t\t\t\t\t\t\t\n\t\t\t\t\t\t\t\t<\/span>\n\t\t\t\t\t\t\t\n\t\t\t\t\t\t\t<span role=\"heading\" class=\"bdt-ep-title-text bdt-flex-inline bdt-flex-middle\" >\n\n\t\t\t\t\t\t\t\t\t\t\t\t\t\t\t\t7. Kombinierte \u00dcbergabetrafostation\t\t\t\t\t\t\t<\/span>\n\n\t\t\t\t\t\t<\/h3>\n\t\t\t\t\t\t<div class=\"bdt-ep-accordion-content bdt-accordion-content\">\n\t\t\t\t\t\t\t<p>Wenn die netzbetreiberseitigen Mittelspannungskabel direkt bis zum Standort der Erzeugungsanlage f\u00fchren, k\u00f6nnen wir <strong>Netz\u00fcbergabe<\/strong> und Transformator auch in einer Station umsetzen. Somit sparen wir f\u00fcr Sie Fl\u00e4che und Kosten. Auch in diesem Fall liegt die Leistungsgrenze bei 2.500 kVA pro Station.<\/p>\t\t\t\t\t\t<\/div>\n\t\t\t\t\t<\/div>\n\t\t\t\t\t\t\t<\/div>\n\t\t<\/div>\n\t\t\t\t\t\t<\/div>\n\t\t\t\t<\/div>\n\t\t\t\t\t<\/div>\n\t\t<\/div>\n\t\t\t\t\t<\/div>\n\t\t<\/section>\n\t\t\t\t<section class=\"elementor-section elementor-top-section elementor-element elementor-element-4c7ad946 elementor-section-boxed elementor-section-height-default elementor-section-height-default\" data-id=\"4c7ad946\" data-element_type=\"section\" data-e-type=\"section\" id=\"pvspielwiesen\" data-settings=\"{&quot;background_background&quot;:&quot;classic&quot;,&quot;shape_divider_top&quot;:&quot;opacity-tilt&quot;}\">\n\t\t\t\t\t<div class=\"elementor-shape elementor-shape-top\" aria-hidden=\"true\" data-negative=\"false\">\n\t\t\t<svg xmlns=\"http:\/\/www.w3.org\/2000\/svg\" viewBox=\"0 0 2600 131.1\" preserveAspectRatio=\"none\">\n\t<path class=\"elementor-shape-fill\" d=\"M0 0L2600 0 2600 69.1 0 0z\"\/>\n\t<path class=\"elementor-shape-fill\" style=\"opacity:0.5\" d=\"M0 0L2600 0 2600 69.1 0 69.1z\"\/>\n\t<path class=\"elementor-shape-fill\" style=\"opacity:0.25\" d=\"M2600 0L0 0 0 130.1 2600 69.1z\"\/>\n<\/svg>\t\t<\/div>\n\t\t\t\t\t<div class=\"elementor-container elementor-column-gap-wider\">\n\t\t\t\t\t<div class=\"elementor-column elementor-col-100 elementor-top-column elementor-element elementor-element-4ff86d5d elementor-invisible\" data-id=\"4ff86d5d\" data-element_type=\"column\" data-e-type=\"column\" data-settings=\"{&quot;animation&quot;:&quot;fadeInUp&quot;}\">\n\t\t\t<div class=\"elementor-widget-wrap elementor-element-populated\">\n\t\t\t\t\t\t<div class=\"elementor-element elementor-element-37b6ca77 animated-slow elementor-invisible elementor-widget elementor-widget-heading\" data-id=\"37b6ca77\" data-element_type=\"widget\" data-e-type=\"widget\" data-settings=\"{&quot;_animation&quot;:&quot;fadeInDown&quot;}\" data-widget_type=\"heading.default\">\n\t\t\t\t<div class=\"elementor-widget-container\">\n\t\t\t\t\t<span class=\"elementor-heading-title elementor-size-default\">Unsere Photovoltaik<\/span>\t\t\t\t<\/div>\n\t\t\t\t<\/div>\n\t\t\t\t<div class=\"elementor-element elementor-element-488fdcf2 gradbluettl elementor-invisible elementor-widget elementor-widget-heading\" data-id=\"488fdcf2\" data-element_type=\"widget\" data-e-type=\"widget\" data-settings=\"{&quot;_animation&quot;:&quot;fadeInDown&quot;}\" data-widget_type=\"heading.default\">\n\t\t\t\t<div class=\"elementor-widget-container\">\n\t\t\t\t\t<h2 class=\"elementor-heading-title elementor-size-default\">Spielwiesen<\/h2>\t\t\t\t<\/div>\n\t\t\t\t<\/div>\n\t\t\t\t<div class=\"elementor-element elementor-element-1266d596 animated-slow elementor-widget-divider--view-line elementor-invisible elementor-widget elementor-widget-divider\" data-id=\"1266d596\" data-element_type=\"widget\" data-e-type=\"widget\" data-settings=\"{&quot;_animation&quot;:&quot;fadeInDown&quot;}\" data-widget_type=\"divider.default\">\n\t\t\t\t<div class=\"elementor-widget-container\">\n\t\t\t\t\t\t\t<div class=\"elementor-divider\">\n\t\t\t<span class=\"elementor-divider-separator\">\n\t\t\t\t\t\t<\/span>\n\t\t<\/div>\n\t\t\t\t\t\t<\/div>\n\t\t\t\t<\/div>\n\t\t\t\t\t<\/div>\n\t\t<\/div>\n\t\t\t\t\t<\/div>\n\t\t<\/section>\n\t\t\t\t<section class=\"elementor-section elementor-top-section elementor-element elementor-element-7e8ac916 spielwiesen elementor-section-full_width elementor-section-height-default elementor-section-height-default\" data-id=\"7e8ac916\" data-element_type=\"section\" data-e-type=\"section\" data-settings=\"{&quot;background_background&quot;:&quot;classic&quot;}\">\n\t\t\t\t\t\t<div class=\"elementor-container elementor-column-gap-default\">\n\t\t\t\t\t<div class=\"elementor-column elementor-col-100 elementor-top-column elementor-element elementor-element-6cab7af2\" data-id=\"6cab7af2\" data-element_type=\"column\" data-e-type=\"column\" data-settings=\"{&quot;background_background&quot;:&quot;classic&quot;}\">\n\t\t\t<div class=\"elementor-widget-wrap elementor-element-populated\">\n\t\t\t\t\t<div class=\"elementor-background-overlay\"><\/div>\n\t\t\t\t\t\t<section class=\"elementor-section elementor-inner-section elementor-element elementor-element-250fc249 elementor-section-boxed elementor-section-height-default elementor-section-height-default\" data-id=\"250fc249\" data-element_type=\"section\" data-e-type=\"section\" data-settings=\"{&quot;animation_mobile&quot;:&quot;none&quot;}\">\n\t\t\t\t\t\t<div class=\"elementor-container elementor-column-gap-wider\">\n\t\t\t\t\t<div class=\"elementor-column elementor-col-50 elementor-inner-column elementor-element elementor-element-4eb6babd runde-ecken darkshadow  animated-slow elementor-invisible\" data-id=\"4eb6babd\" data-element_type=\"column\" data-e-type=\"column\" data-settings=\"{&quot;animation&quot;:&quot;fadeInUp&quot;,&quot;background_background&quot;:&quot;classic&quot;}\">\n\t\t\t<div class=\"elementor-widget-wrap elementor-element-populated\">\n\t\t\t\t\t<div class=\"elementor-background-overlay\"><\/div>\n\t\t\t\t\t\t<div class=\"elementor-element elementor-element-4696d815 elementor-position-left elementor-vertical-align-middle elementor-widget elementor-widget-image-box\" data-id=\"4696d815\" data-element_type=\"widget\" data-e-type=\"widget\" data-widget_type=\"image-box.default\">\n\t\t\t\t<div class=\"elementor-widget-container\">\n\t\t\t\t\t<div class=\"elementor-image-box-wrapper\"><figure class=\"elementor-image-box-img\"><img loading=\"lazy\" decoding=\"async\" width=\"150\" height=\"150\" src=\"https:\/\/faber-solartechnik.de\/wp-content\/uploads\/2023\/06\/factory-150x150.png\" class=\"attachment-thumbnail size-thumbnail wp-image-3828\" alt=\"\" srcset=\"https:\/\/faber-solartechnik.de\/wp-content\/uploads\/2023\/06\/factory-150x150.png 150w, https:\/\/faber-solartechnik.de\/wp-content\/uploads\/2023\/06\/factory-300x300.png 300w, https:\/\/faber-solartechnik.de\/wp-content\/uploads\/2023\/06\/factory-12x12.png 12w, https:\/\/faber-solartechnik.de\/wp-content\/uploads\/2023\/06\/factory.png 512w\" sizes=\"(max-width: 150px) 100vw, 150px\" \/><\/figure><div class=\"elementor-image-box-content\"><h3 class=\"elementor-image-box-title\">Aufdach<\/h3><\/div><\/div>\t\t\t\t<\/div>\n\t\t\t\t<\/div>\n\t\t\t\t<div class=\"elementor-element elementor-element-732e1900 elementor-widget elementor-widget-text-editor\" data-id=\"732e1900\" data-element_type=\"widget\" data-e-type=\"widget\" data-widget_type=\"text-editor.default\">\n\t\t\t\t<div class=\"elementor-widget-container\">\n\t\t\t\t\t\t\t\t\t<p>Der Ursprung der Photovoltaik in Deutschland und bis heute das R\u00fcckgrat des Ausbaus der Erneuerbaren Energien. Auf Gewerbe-D\u00e4chern finden sich optimale Voraussetzungen f\u00fcr die z\u00fcgige Entwicklung von Solaranlagen ohne Fl\u00e4chenkonkurrenz und mit der M\u00f6glichkeit zu attraktiver Eigenversorgung.<\/p>\t\t\t\t\t\t\t\t<\/div>\n\t\t\t\t<\/div>\n\t\t\t\t<div class=\"elementor-element elementor-element-73c54296 elementor-widget__width-auto e-transform e-transform elementor-invisible elementor-widget elementor-widget-button\" data-id=\"73c54296\" data-element_type=\"widget\" data-e-type=\"widget\" data-settings=\"{&quot;_transform_translateX_effect&quot;:{&quot;unit&quot;:&quot;px&quot;,&quot;size&quot;:-10,&quot;sizes&quot;:[]},&quot;_transform_translateX_effect_hover&quot;:{&quot;unit&quot;:&quot;px&quot;,&quot;size&quot;:0,&quot;sizes&quot;:[]},&quot;_animation&quot;:&quot;fadeInDown&quot;,&quot;_animation_delay&quot;:1000,&quot;_transform_translateX_effect_laptop&quot;:{&quot;unit&quot;:&quot;px&quot;,&quot;size&quot;:&quot;&quot;,&quot;sizes&quot;:[]},&quot;_transform_translateX_effect_tablet_extra&quot;:{&quot;unit&quot;:&quot;px&quot;,&quot;size&quot;:&quot;&quot;,&quot;sizes&quot;:[]},&quot;_transform_translateX_effect_tablet&quot;:{&quot;unit&quot;:&quot;px&quot;,&quot;size&quot;:&quot;&quot;,&quot;sizes&quot;:[]},&quot;_transform_translateX_effect_mobile&quot;:{&quot;unit&quot;:&quot;px&quot;,&quot;size&quot;:&quot;&quot;,&quot;sizes&quot;:[]},&quot;_transform_translateY_effect&quot;:{&quot;unit&quot;:&quot;px&quot;,&quot;size&quot;:&quot;&quot;,&quot;sizes&quot;:[]},&quot;_transform_translateY_effect_laptop&quot;:{&quot;unit&quot;:&quot;px&quot;,&quot;size&quot;:&quot;&quot;,&quot;sizes&quot;:[]},&quot;_transform_translateY_effect_tablet_extra&quot;:{&quot;unit&quot;:&quot;px&quot;,&quot;size&quot;:&quot;&quot;,&quot;sizes&quot;:[]},&quot;_transform_translateY_effect_tablet&quot;:{&quot;unit&quot;:&quot;px&quot;,&quot;size&quot;:&quot;&quot;,&quot;sizes&quot;:[]},&quot;_transform_translateY_effect_mobile&quot;:{&quot;unit&quot;:&quot;px&quot;,&quot;size&quot;:&quot;&quot;,&quot;sizes&quot;:[]},&quot;_transform_translateX_effect_hover_laptop&quot;:{&quot;unit&quot;:&quot;px&quot;,&quot;size&quot;:&quot;&quot;,&quot;sizes&quot;:[]},&quot;_transform_translateX_effect_hover_tablet_extra&quot;:{&quot;unit&quot;:&quot;px&quot;,&quot;size&quot;:&quot;&quot;,&quot;sizes&quot;:[]},&quot;_transform_translateX_effect_hover_tablet&quot;:{&quot;unit&quot;:&quot;px&quot;,&quot;size&quot;:&quot;&quot;,&quot;sizes&quot;:[]},&quot;_transform_translateX_effect_hover_mobile&quot;:{&quot;unit&quot;:&quot;px&quot;,&quot;size&quot;:&quot;&quot;,&quot;sizes&quot;:[]},&quot;_transform_translateY_effect_hover&quot;:{&quot;unit&quot;:&quot;px&quot;,&quot;size&quot;:&quot;&quot;,&quot;sizes&quot;:[]},&quot;_transform_translateY_effect_hover_laptop&quot;:{&quot;unit&quot;:&quot;px&quot;,&quot;size&quot;:&quot;&quot;,&quot;sizes&quot;:[]},&quot;_transform_translateY_effect_hover_tablet_extra&quot;:{&quot;unit&quot;:&quot;px&quot;,&quot;size&quot;:&quot;&quot;,&quot;sizes&quot;:[]},&quot;_transform_translateY_effect_hover_tablet&quot;:{&quot;unit&quot;:&quot;px&quot;,&quot;size&quot;:&quot;&quot;,&quot;sizes&quot;:[]},&quot;_transform_translateY_effect_hover_mobile&quot;:{&quot;unit&quot;:&quot;px&quot;,&quot;size&quot;:&quot;&quot;,&quot;sizes&quot;:[]}}\" data-widget_type=\"button.default\">\n\t\t\t\t<div class=\"elementor-widget-container\">\n\t\t\t\t\t\t\t\t\t<div class=\"elementor-button-wrapper\">\n\t\t\t\t\t<a class=\"elementor-button elementor-button-link elementor-size-xs\" href=\"#anfrageform\">\n\t\t\t\t\t\t<span class=\"elementor-button-content-wrapper\">\n\t\t\t\t\t\t<span class=\"elementor-button-icon\">\n\t\t\t\t<i aria-hidden=\"true\" class=\"fas fa-arrow-right\"><\/i>\t\t\t<\/span>\n\t\t\t\t\t\t\t\t\t<span class=\"elementor-button-text\">Gewerbe- und Industriehallen<\/span>\n\t\t\t\t\t<\/span>\n\t\t\t\t\t<\/a>\n\t\t\t\t<\/div>\n\t\t\t\t\t\t\t\t<\/div>\n\t\t\t\t<\/div>\n\t\t\t\t\t<\/div>\n\t\t<\/div>\n\t\t\t\t<div class=\"elementor-column elementor-col-50 elementor-inner-column elementor-element elementor-element-5a0fa5f2 elementor-hidden-tablet elementor-hidden-mobile\" data-id=\"5a0fa5f2\" data-element_type=\"column\" data-e-type=\"column\">\n\t\t\t<div class=\"elementor-widget-wrap\">\n\t\t\t\t\t\t\t<\/div>\n\t\t<\/div>\n\t\t\t\t\t<\/div>\n\t\t<\/section>\n\t\t\t\t\t<\/div>\n\t\t<\/div>\n\t\t\t\t\t<\/div>\n\t\t<\/section>\n\t\t\t\t<section class=\"elementor-section elementor-top-section elementor-element elementor-element-5f3fe3a8 spielwiesen elementor-section-full_width elementor-section-height-default elementor-section-height-default\" data-id=\"5f3fe3a8\" data-element_type=\"section\" data-e-type=\"section\" data-settings=\"{&quot;background_background&quot;:&quot;classic&quot;}\">\n\t\t\t\t\t\t<div class=\"elementor-container elementor-column-gap-default\">\n\t\t\t\t\t<div class=\"elementor-column elementor-col-100 elementor-top-column elementor-element elementor-element-52d101b7\" data-id=\"52d101b7\" data-element_type=\"column\" data-e-type=\"column\" data-settings=\"{&quot;background_background&quot;:&quot;classic&quot;}\">\n\t\t\t<div class=\"elementor-widget-wrap elementor-element-populated\">\n\t\t\t\t\t<div class=\"elementor-background-overlay\"><\/div>\n\t\t\t\t\t\t<section class=\"elementor-section elementor-inner-section elementor-element elementor-element-1416cb76 elementor-section-boxed elementor-section-height-default elementor-section-height-default\" data-id=\"1416cb76\" data-element_type=\"section\" data-e-type=\"section\" data-settings=\"{&quot;animation_mobile&quot;:&quot;none&quot;}\">\n\t\t\t\t\t\t<div class=\"elementor-container elementor-column-gap-wider\">\n\t\t\t\t\t<div class=\"elementor-column elementor-col-50 elementor-inner-column elementor-element elementor-element-7d68f5 elementor-hidden-tablet elementor-hidden-mobile\" data-id=\"7d68f5\" data-element_type=\"column\" data-e-type=\"column\">\n\t\t\t<div class=\"elementor-widget-wrap\">\n\t\t\t\t\t\t\t<\/div>\n\t\t<\/div>\n\t\t\t\t<div class=\"elementor-column elementor-col-50 elementor-inner-column elementor-element elementor-element-43558913 runde-ecken darkshadow  animated-slow elementor-invisible\" data-id=\"43558913\" data-element_type=\"column\" data-e-type=\"column\" data-settings=\"{&quot;animation&quot;:&quot;fadeInUp&quot;,&quot;background_background&quot;:&quot;classic&quot;}\">\n\t\t\t<div class=\"elementor-widget-wrap elementor-element-populated\">\n\t\t\t\t\t<div class=\"elementor-background-overlay\"><\/div>\n\t\t\t\t\t\t<div class=\"elementor-element elementor-element-70721e4a elementor-position-left elementor-vertical-align-middle elementor-widget elementor-widget-image-box\" data-id=\"70721e4a\" data-element_type=\"widget\" data-e-type=\"widget\" data-widget_type=\"image-box.default\">\n\t\t\t\t<div class=\"elementor-widget-container\">\n\t\t\t\t\t<div class=\"elementor-image-box-wrapper\"><figure class=\"elementor-image-box-img\"><img loading=\"lazy\" decoding=\"async\" width=\"150\" height=\"150\" src=\"https:\/\/faber-solartechnik.de\/wp-content\/uploads\/2023\/06\/field-solarpark-150x150.png\" class=\"attachment-thumbnail size-thumbnail wp-image-3829\" alt=\"\" srcset=\"https:\/\/faber-solartechnik.de\/wp-content\/uploads\/2023\/06\/field-solarpark-150x150.png 150w, https:\/\/faber-solartechnik.de\/wp-content\/uploads\/2023\/06\/field-solarpark-300x300.png 300w, https:\/\/faber-solartechnik.de\/wp-content\/uploads\/2023\/06\/field-solarpark-12x12.png 12w, https:\/\/faber-solartechnik.de\/wp-content\/uploads\/2023\/06\/field-solarpark.png 512w\" sizes=\"(max-width: 150px) 100vw, 150px\" \/><\/figure><div class=\"elementor-image-box-content\"><h3 class=\"elementor-image-box-title\">Freiland<\/h3><\/div><\/div>\t\t\t\t<\/div>\n\t\t\t\t<\/div>\n\t\t\t\t<div class=\"elementor-element elementor-element-44154a81 elementor-widget elementor-widget-text-editor\" data-id=\"44154a81\" data-element_type=\"widget\" data-e-type=\"widget\" data-widget_type=\"text-editor.default\">\n\t\t\t\t<div class=\"elementor-widget-container\">\n\t\t\t\t\t\t\t\t\t<p>Ob entlang von Autobahnen oder Bahnschienen, auf Altlasten- oder Konversions- oder Brachfl\u00e4chen: Um den Energiehunger Deutschlands und der Welt zu stillen, brauchen wir gro\u00dffl\u00e4chige Photovoltaik-Anlagen, die sogar ohne EEG-Finanzierung in die direkte Konkurrenz zu Kohle &amp; Co treten k\u00f6nnen.<\/p>\t\t\t\t\t\t\t\t<\/div>\n\t\t\t\t<\/div>\n\t\t\t\t<div class=\"elementor-element elementor-element-24216d65 elementor-widget__width-auto e-transform e-transform elementor-invisible elementor-widget elementor-widget-button\" data-id=\"24216d65\" data-element_type=\"widget\" data-e-type=\"widget\" data-settings=\"{&quot;_transform_translateX_effect&quot;:{&quot;unit&quot;:&quot;px&quot;,&quot;size&quot;:-10,&quot;sizes&quot;:[]},&quot;_transform_translateX_effect_hover&quot;:{&quot;unit&quot;:&quot;px&quot;,&quot;size&quot;:0,&quot;sizes&quot;:[]},&quot;_animation&quot;:&quot;fadeInDown&quot;,&quot;_animation_delay&quot;:1000,&quot;_transform_translateX_effect_laptop&quot;:{&quot;unit&quot;:&quot;px&quot;,&quot;size&quot;:&quot;&quot;,&quot;sizes&quot;:[]},&quot;_transform_translateX_effect_tablet_extra&quot;:{&quot;unit&quot;:&quot;px&quot;,&quot;size&quot;:&quot;&quot;,&quot;sizes&quot;:[]},&quot;_transform_translateX_effect_tablet&quot;:{&quot;unit&quot;:&quot;px&quot;,&quot;size&quot;:&quot;&quot;,&quot;sizes&quot;:[]},&quot;_transform_translateX_effect_mobile&quot;:{&quot;unit&quot;:&quot;px&quot;,&quot;size&quot;:&quot;&quot;,&quot;sizes&quot;:[]},&quot;_transform_translateY_effect&quot;:{&quot;unit&quot;:&quot;px&quot;,&quot;size&quot;:&quot;&quot;,&quot;sizes&quot;:[]},&quot;_transform_translateY_effect_laptop&quot;:{&quot;unit&quot;:&quot;px&quot;,&quot;size&quot;:&quot;&quot;,&quot;sizes&quot;:[]},&quot;_transform_translateY_effect_tablet_extra&quot;:{&quot;unit&quot;:&quot;px&quot;,&quot;size&quot;:&quot;&quot;,&quot;sizes&quot;:[]},&quot;_transform_translateY_effect_tablet&quot;:{&quot;unit&quot;:&quot;px&quot;,&quot;size&quot;:&quot;&quot;,&quot;sizes&quot;:[]},&quot;_transform_translateY_effect_mobile&quot;:{&quot;unit&quot;:&quot;px&quot;,&quot;size&quot;:&quot;&quot;,&quot;sizes&quot;:[]},&quot;_transform_translateX_effect_hover_laptop&quot;:{&quot;unit&quot;:&quot;px&quot;,&quot;size&quot;:&quot;&quot;,&quot;sizes&quot;:[]},&quot;_transform_translateX_effect_hover_tablet_extra&quot;:{&quot;unit&quot;:&quot;px&quot;,&quot;size&quot;:&quot;&quot;,&quot;sizes&quot;:[]},&quot;_transform_translateX_effect_hover_tablet&quot;:{&quot;unit&quot;:&quot;px&quot;,&quot;size&quot;:&quot;&quot;,&quot;sizes&quot;:[]},&quot;_transform_translateX_effect_hover_mobile&quot;:{&quot;unit&quot;:&quot;px&quot;,&quot;size&quot;:&quot;&quot;,&quot;sizes&quot;:[]},&quot;_transform_translateY_effect_hover&quot;:{&quot;unit&quot;:&quot;px&quot;,&quot;size&quot;:&quot;&quot;,&quot;sizes&quot;:[]},&quot;_transform_translateY_effect_hover_laptop&quot;:{&quot;unit&quot;:&quot;px&quot;,&quot;size&quot;:&quot;&quot;,&quot;sizes&quot;:[]},&quot;_transform_translateY_effect_hover_tablet_extra&quot;:{&quot;unit&quot;:&quot;px&quot;,&quot;size&quot;:&quot;&quot;,&quot;sizes&quot;:[]},&quot;_transform_translateY_effect_hover_tablet&quot;:{&quot;unit&quot;:&quot;px&quot;,&quot;size&quot;:&quot;&quot;,&quot;sizes&quot;:[]},&quot;_transform_translateY_effect_hover_mobile&quot;:{&quot;unit&quot;:&quot;px&quot;,&quot;size&quot;:&quot;&quot;,&quot;sizes&quot;:[]}}\" data-widget_type=\"button.default\">\n\t\t\t\t<div class=\"elementor-widget-container\">\n\t\t\t\t\t\t\t\t\t<div class=\"elementor-button-wrapper\">\n\t\t\t\t\t<a class=\"elementor-button elementor-button-link elementor-size-xs\" href=\"#anfrageform\">\n\t\t\t\t\t\t<span class=\"elementor-button-content-wrapper\">\n\t\t\t\t\t\t<span class=\"elementor-button-icon\">\n\t\t\t\t<i aria-hidden=\"true\" class=\"fas fa-arrow-right\"><\/i>\t\t\t<\/span>\n\t\t\t\t\t\t\t\t\t<span class=\"elementor-button-text\">technische Daten errechnen <\/span>\n\t\t\t\t\t<\/span>\n\t\t\t\t\t<\/a>\n\t\t\t\t<\/div>\n\t\t\t\t\t\t\t\t<\/div>\n\t\t\t\t<\/div>\n\t\t\t\t\t<\/div>\n\t\t<\/div>\n\t\t\t\t\t<\/div>\n\t\t<\/section>\n\t\t\t\t\t<\/div>\n\t\t<\/div>\n\t\t\t\t\t<\/div>\n\t\t<\/section>\n\t\t\t\t<section class=\"elementor-section elementor-top-section elementor-element elementor-element-2bd39f8f spielwiesen elementor-section-full_width elementor-section-height-default elementor-section-height-default\" data-id=\"2bd39f8f\" data-element_type=\"section\" data-e-type=\"section\" data-settings=\"{&quot;background_background&quot;:&quot;classic&quot;}\">\n\t\t\t\t\t\t<div class=\"elementor-container elementor-column-gap-default\">\n\t\t\t\t\t<div class=\"elementor-column elementor-col-100 elementor-top-column elementor-element elementor-element-7975da0a\" data-id=\"7975da0a\" data-element_type=\"column\" data-e-type=\"column\" data-settings=\"{&quot;background_background&quot;:&quot;classic&quot;}\">\n\t\t\t<div class=\"elementor-widget-wrap elementor-element-populated\">\n\t\t\t\t\t<div class=\"elementor-background-overlay\"><\/div>\n\t\t\t\t\t\t<section class=\"elementor-section elementor-inner-section elementor-element elementor-element-71df1b89 elementor-section-boxed elementor-section-height-default elementor-section-height-default\" data-id=\"71df1b89\" data-element_type=\"section\" data-e-type=\"section\" data-settings=\"{&quot;animation_mobile&quot;:&quot;none&quot;}\">\n\t\t\t\t\t\t<div class=\"elementor-container elementor-column-gap-wider\">\n\t\t\t\t\t<div class=\"elementor-column elementor-col-50 elementor-inner-column elementor-element elementor-element-4cc72263 runde-ecken darkshadow  animated-slow elementor-invisible\" data-id=\"4cc72263\" data-element_type=\"column\" data-e-type=\"column\" data-settings=\"{&quot;animation&quot;:&quot;fadeInUp&quot;,&quot;background_background&quot;:&quot;classic&quot;}\">\n\t\t\t<div class=\"elementor-widget-wrap elementor-element-populated\">\n\t\t\t\t\t<div class=\"elementor-background-overlay\"><\/div>\n\t\t\t\t\t\t<div class=\"elementor-element elementor-element-63842979 elementor-position-left elementor-vertical-align-middle elementor-widget elementor-widget-image-box\" data-id=\"63842979\" data-element_type=\"widget\" data-e-type=\"widget\" data-widget_type=\"image-box.default\">\n\t\t\t\t<div class=\"elementor-widget-container\">\n\t\t\t\t\t<div class=\"elementor-image-box-wrapper\"><figure class=\"elementor-image-box-img\"><img loading=\"lazy\" decoding=\"async\" width=\"150\" height=\"150\" src=\"https:\/\/faber-solartechnik.de\/wp-content\/uploads\/2023\/06\/floating-150x150.png\" class=\"attachment-thumbnail size-thumbnail wp-image-3826\" alt=\"\" srcset=\"https:\/\/faber-solartechnik.de\/wp-content\/uploads\/2023\/06\/floating-150x150.png 150w, https:\/\/faber-solartechnik.de\/wp-content\/uploads\/2023\/06\/floating-300x300.png 300w, https:\/\/faber-solartechnik.de\/wp-content\/uploads\/2023\/06\/floating-12x12.png 12w, https:\/\/faber-solartechnik.de\/wp-content\/uploads\/2023\/06\/floating.png 512w\" sizes=\"(max-width: 150px) 100vw, 150px\" \/><\/figure><div class=\"elementor-image-box-content\"><h3 class=\"elementor-image-box-title\">Floating<\/h3><\/div><\/div>\t\t\t\t<\/div>\n\t\t\t\t<\/div>\n\t\t\t\t<div class=\"elementor-element elementor-element-7265cde6 elementor-widget elementor-widget-text-editor\" data-id=\"7265cde6\" data-element_type=\"widget\" data-e-type=\"widget\" data-widget_type=\"text-editor.default\">\n\t\t\t\t<div class=\"elementor-widget-container\">\n\t\t\t\t\t\t\t\t\t<p>Die neuste Entwicklung im Bereich der Photovoltaik und ein wahres Effizienzwunder: <strong>Schwimmende Photovoltaikanlagen<\/strong> nutzen beispielsweise bisher ungenutzte Wasserfl\u00e4chen von Kiesseen, sind durch die Wasserk\u00fchlung bis zu 10% produktiver und verbessern durch die Abschirmung vor direkter Sonneneinstrahlung die Wasserqualit\u00e4t sp\u00fcrbar.<\/p>\t\t\t\t\t\t\t\t<\/div>\n\t\t\t\t<\/div>\n\t\t\t\t<div class=\"elementor-element elementor-element-58d4c2ce elementor-widget__width-auto e-transform e-transform elementor-mobile-align-left elementor-invisible elementor-widget elementor-widget-button\" data-id=\"58d4c2ce\" data-element_type=\"widget\" data-e-type=\"widget\" data-settings=\"{&quot;_transform_translateX_effect&quot;:{&quot;unit&quot;:&quot;px&quot;,&quot;size&quot;:-10,&quot;sizes&quot;:[]},&quot;_transform_translateX_effect_hover&quot;:{&quot;unit&quot;:&quot;px&quot;,&quot;size&quot;:0,&quot;sizes&quot;:[]},&quot;_animation&quot;:&quot;fadeInDown&quot;,&quot;_animation_delay&quot;:1000,&quot;_transform_translateX_effect_laptop&quot;:{&quot;unit&quot;:&quot;px&quot;,&quot;size&quot;:&quot;&quot;,&quot;sizes&quot;:[]},&quot;_transform_translateX_effect_tablet_extra&quot;:{&quot;unit&quot;:&quot;px&quot;,&quot;size&quot;:&quot;&quot;,&quot;sizes&quot;:[]},&quot;_transform_translateX_effect_tablet&quot;:{&quot;unit&quot;:&quot;px&quot;,&quot;size&quot;:&quot;&quot;,&quot;sizes&quot;:[]},&quot;_transform_translateX_effect_mobile&quot;:{&quot;unit&quot;:&quot;px&quot;,&quot;size&quot;:&quot;&quot;,&quot;sizes&quot;:[]},&quot;_transform_translateY_effect&quot;:{&quot;unit&quot;:&quot;px&quot;,&quot;size&quot;:&quot;&quot;,&quot;sizes&quot;:[]},&quot;_transform_translateY_effect_laptop&quot;:{&quot;unit&quot;:&quot;px&quot;,&quot;size&quot;:&quot;&quot;,&quot;sizes&quot;:[]},&quot;_transform_translateY_effect_tablet_extra&quot;:{&quot;unit&quot;:&quot;px&quot;,&quot;size&quot;:&quot;&quot;,&quot;sizes&quot;:[]},&quot;_transform_translateY_effect_tablet&quot;:{&quot;unit&quot;:&quot;px&quot;,&quot;size&quot;:&quot;&quot;,&quot;sizes&quot;:[]},&quot;_transform_translateY_effect_mobile&quot;:{&quot;unit&quot;:&quot;px&quot;,&quot;size&quot;:&quot;&quot;,&quot;sizes&quot;:[]},&quot;_transform_translateX_effect_hover_laptop&quot;:{&quot;unit&quot;:&quot;px&quot;,&quot;size&quot;:&quot;&quot;,&quot;sizes&quot;:[]},&quot;_transform_translateX_effect_hover_tablet_extra&quot;:{&quot;unit&quot;:&quot;px&quot;,&quot;size&quot;:&quot;&quot;,&quot;sizes&quot;:[]},&quot;_transform_translateX_effect_hover_tablet&quot;:{&quot;unit&quot;:&quot;px&quot;,&quot;size&quot;:&quot;&quot;,&quot;sizes&quot;:[]},&quot;_transform_translateX_effect_hover_mobile&quot;:{&quot;unit&quot;:&quot;px&quot;,&quot;size&quot;:&quot;&quot;,&quot;sizes&quot;:[]},&quot;_transform_translateY_effect_hover&quot;:{&quot;unit&quot;:&quot;px&quot;,&quot;size&quot;:&quot;&quot;,&quot;sizes&quot;:[]},&quot;_transform_translateY_effect_hover_laptop&quot;:{&quot;unit&quot;:&quot;px&quot;,&quot;size&quot;:&quot;&quot;,&quot;sizes&quot;:[]},&quot;_transform_translateY_effect_hover_tablet_extra&quot;:{&quot;unit&quot;:&quot;px&quot;,&quot;size&quot;:&quot;&quot;,&quot;sizes&quot;:[]},&quot;_transform_translateY_effect_hover_tablet&quot;:{&quot;unit&quot;:&quot;px&quot;,&quot;size&quot;:&quot;&quot;,&quot;sizes&quot;:[]},&quot;_transform_translateY_effect_hover_mobile&quot;:{&quot;unit&quot;:&quot;px&quot;,&quot;size&quot;:&quot;&quot;,&quot;sizes&quot;:[]}}\" data-widget_type=\"button.default\">\n\t\t\t\t<div class=\"elementor-widget-container\">\n\t\t\t\t\t\t\t\t\t<div class=\"elementor-button-wrapper\">\n\t\t\t\t\t<a class=\"elementor-button elementor-button-link elementor-size-xs\" href=\"#anfrageform\">\n\t\t\t\t\t\t<span class=\"elementor-button-content-wrapper\">\n\t\t\t\t\t\t<span class=\"elementor-button-icon\">\n\t\t\t\t<i aria-hidden=\"true\" class=\"fas fa-arrow-right\"><\/i>\t\t\t<\/span>\n\t\t\t\t\t\t\t\t\t<span class=\"elementor-button-text\">Schwimmende Photovoltaikanlage<\/span>\n\t\t\t\t\t<\/span>\n\t\t\t\t\t<\/a>\n\t\t\t\t<\/div>\n\t\t\t\t\t\t\t\t<\/div>\n\t\t\t\t<\/div>\n\t\t\t\t\t<\/div>\n\t\t<\/div>\n\t\t\t\t<div class=\"elementor-column elementor-col-50 elementor-inner-column elementor-element elementor-element-142cb3af elementor-hidden-tablet elementor-hidden-mobile\" data-id=\"142cb3af\" data-element_type=\"column\" data-e-type=\"column\">\n\t\t\t<div class=\"elementor-widget-wrap\">\n\t\t\t\t\t\t\t<\/div>\n\t\t<\/div>\n\t\t\t\t\t<\/div>\n\t\t<\/section>\n\t\t\t\t\t<\/div>\n\t\t<\/div>\n\t\t\t\t\t<\/div>\n\t\t<\/section>\n\t\t\t\t<section class=\"elementor-section elementor-top-section elementor-element elementor-element-59960f2 spielwiesen elementor-section-full_width elementor-section-height-default elementor-section-height-default\" data-id=\"59960f2\" data-element_type=\"section\" data-e-type=\"section\" data-settings=\"{&quot;background_background&quot;:&quot;classic&quot;,&quot;shape_divider_bottom&quot;:&quot;opacity-tilt&quot;}\">\n\t\t\t\t\t<div class=\"elementor-shape elementor-shape-bottom\" aria-hidden=\"true\" data-negative=\"false\">\n\t\t\t<svg xmlns=\"http:\/\/www.w3.org\/2000\/svg\" viewBox=\"0 0 2600 131.1\" preserveAspectRatio=\"none\">\n\t<path class=\"elementor-shape-fill\" d=\"M0 0L2600 0 2600 69.1 0 0z\"\/>\n\t<path class=\"elementor-shape-fill\" style=\"opacity:0.5\" d=\"M0 0L2600 0 2600 69.1 0 69.1z\"\/>\n\t<path class=\"elementor-shape-fill\" style=\"opacity:0.25\" d=\"M2600 0L0 0 0 130.1 2600 69.1z\"\/>\n<\/svg>\t\t<\/div>\n\t\t\t\t\t<div class=\"elementor-container elementor-column-gap-default\">\n\t\t\t\t\t<div class=\"elementor-column elementor-col-100 elementor-top-column elementor-element elementor-element-612b1bad\" data-id=\"612b1bad\" data-element_type=\"column\" data-e-type=\"column\" data-settings=\"{&quot;background_background&quot;:&quot;classic&quot;}\">\n\t\t\t<div class=\"elementor-widget-wrap elementor-element-populated\">\n\t\t\t\t\t<div class=\"elementor-background-overlay\"><\/div>\n\t\t\t\t\t\t<section class=\"elementor-section elementor-inner-section elementor-element elementor-element-60033788 elementor-section-boxed elementor-section-height-default elementor-section-height-default\" data-id=\"60033788\" data-element_type=\"section\" data-e-type=\"section\" data-settings=\"{&quot;animation_mobile&quot;:&quot;none&quot;}\">\n\t\t\t\t\t\t<div class=\"elementor-container elementor-column-gap-wider\">\n\t\t\t\t\t<div class=\"elementor-column elementor-col-50 elementor-inner-column elementor-element elementor-element-6ca314e3 elementor-hidden-tablet elementor-hidden-mobile\" data-id=\"6ca314e3\" data-element_type=\"column\" data-e-type=\"column\">\n\t\t\t<div class=\"elementor-widget-wrap\">\n\t\t\t\t\t\t\t<\/div>\n\t\t<\/div>\n\t\t\t\t<div class=\"elementor-column elementor-col-50 elementor-inner-column elementor-element elementor-element-214f5e3d runde-ecken darkshadow  animated-slow elementor-invisible\" data-id=\"214f5e3d\" data-element_type=\"column\" data-e-type=\"column\" data-settings=\"{&quot;animation&quot;:&quot;fadeInUp&quot;,&quot;background_background&quot;:&quot;classic&quot;}\">\n\t\t\t<div class=\"elementor-widget-wrap elementor-element-populated\">\n\t\t\t\t\t<div class=\"elementor-background-overlay\"><\/div>\n\t\t\t\t\t\t<div class=\"elementor-element elementor-element-4d8ec89d elementor-position-left elementor-vertical-align-middle elementor-widget elementor-widget-image-box\" data-id=\"4d8ec89d\" data-element_type=\"widget\" data-e-type=\"widget\" data-widget_type=\"image-box.default\">\n\t\t\t\t<div class=\"elementor-widget-container\">\n\t\t\t\t\t<div class=\"elementor-image-box-wrapper\"><figure class=\"elementor-image-box-img\"><img loading=\"lazy\" decoding=\"async\" width=\"150\" height=\"150\" src=\"https:\/\/faber-solartechnik.de\/wp-content\/uploads\/2023\/06\/parking-150x150.png\" class=\"attachment-thumbnail size-thumbnail wp-image-3827\" alt=\"\" srcset=\"https:\/\/faber-solartechnik.de\/wp-content\/uploads\/2023\/06\/parking-150x150.png 150w, https:\/\/faber-solartechnik.de\/wp-content\/uploads\/2023\/06\/parking-300x300.png 300w, https:\/\/faber-solartechnik.de\/wp-content\/uploads\/2023\/06\/parking-12x12.png 12w, https:\/\/faber-solartechnik.de\/wp-content\/uploads\/2023\/06\/parking.png 512w\" sizes=\"(max-width: 150px) 100vw, 150px\" \/><\/figure><div class=\"elementor-image-box-content\"><h3 class=\"elementor-image-box-title\">Parkplatz\u00fcberdachung<\/h3><\/div><\/div>\t\t\t\t<\/div>\n\t\t\t\t<\/div>\n\t\t\t\t<div class=\"elementor-element elementor-element-4068c88a elementor-widget elementor-widget-text-editor\" data-id=\"4068c88a\" data-element_type=\"widget\" data-e-type=\"widget\" data-widget_type=\"text-editor.default\">\n\t\t\t\t<div class=\"elementor-widget-container\">\n\t\t\t\t\t\t\t\t\tSie sch\u00fctzen vor Sonne, sch\u00fctzen vor Regen \u2013 und produzieren Strom: Parkplatz\u00fcberdachungen bieten eine optimale Ausnutzung von gro\u00dfen Parkfl\u00e4chen. Die Konstruktionsweise \u00e4hnelt einem Carport und l\u00e4sst sich auch optimal mit einer E-Tankstelle verbinden. Ihre Kunden oder Mitarbeiter werden es Ihnen gleich mehrfach danken.\t\t\t\t\t\t\t\t<\/div>\n\t\t\t\t<\/div>\n\t\t\t\t<div class=\"elementor-element elementor-element-57df4779 elementor-widget__width-auto e-transform e-transform elementor-invisible elementor-widget elementor-widget-button\" data-id=\"57df4779\" data-element_type=\"widget\" data-e-type=\"widget\" data-settings=\"{&quot;_transform_translateX_effect&quot;:{&quot;unit&quot;:&quot;px&quot;,&quot;size&quot;:-10,&quot;sizes&quot;:[]},&quot;_transform_translateX_effect_hover&quot;:{&quot;unit&quot;:&quot;px&quot;,&quot;size&quot;:0,&quot;sizes&quot;:[]},&quot;_animation&quot;:&quot;fadeInDown&quot;,&quot;_animation_delay&quot;:1000,&quot;_transform_translateX_effect_laptop&quot;:{&quot;unit&quot;:&quot;px&quot;,&quot;size&quot;:&quot;&quot;,&quot;sizes&quot;:[]},&quot;_transform_translateX_effect_tablet_extra&quot;:{&quot;unit&quot;:&quot;px&quot;,&quot;size&quot;:&quot;&quot;,&quot;sizes&quot;:[]},&quot;_transform_translateX_effect_tablet&quot;:{&quot;unit&quot;:&quot;px&quot;,&quot;size&quot;:&quot;&quot;,&quot;sizes&quot;:[]},&quot;_transform_translateX_effect_mobile&quot;:{&quot;unit&quot;:&quot;px&quot;,&quot;size&quot;:&quot;&quot;,&quot;sizes&quot;:[]},&quot;_transform_translateY_effect&quot;:{&quot;unit&quot;:&quot;px&quot;,&quot;size&quot;:&quot;&quot;,&quot;sizes&quot;:[]},&quot;_transform_translateY_effect_laptop&quot;:{&quot;unit&quot;:&quot;px&quot;,&quot;size&quot;:&quot;&quot;,&quot;sizes&quot;:[]},&quot;_transform_translateY_effect_tablet_extra&quot;:{&quot;unit&quot;:&quot;px&quot;,&quot;size&quot;:&quot;&quot;,&quot;sizes&quot;:[]},&quot;_transform_translateY_effect_tablet&quot;:{&quot;unit&quot;:&quot;px&quot;,&quot;size&quot;:&quot;&quot;,&quot;sizes&quot;:[]},&quot;_transform_translateY_effect_mobile&quot;:{&quot;unit&quot;:&quot;px&quot;,&quot;size&quot;:&quot;&quot;,&quot;sizes&quot;:[]},&quot;_transform_translateX_effect_hover_laptop&quot;:{&quot;unit&quot;:&quot;px&quot;,&quot;size&quot;:&quot;&quot;,&quot;sizes&quot;:[]},&quot;_transform_translateX_effect_hover_tablet_extra&quot;:{&quot;unit&quot;:&quot;px&quot;,&quot;size&quot;:&quot;&quot;,&quot;sizes&quot;:[]},&quot;_transform_translateX_effect_hover_tablet&quot;:{&quot;unit&quot;:&quot;px&quot;,&quot;size&quot;:&quot;&quot;,&quot;sizes&quot;:[]},&quot;_transform_translateX_effect_hover_mobile&quot;:{&quot;unit&quot;:&quot;px&quot;,&quot;size&quot;:&quot;&quot;,&quot;sizes&quot;:[]},&quot;_transform_translateY_effect_hover&quot;:{&quot;unit&quot;:&quot;px&quot;,&quot;size&quot;:&quot;&quot;,&quot;sizes&quot;:[]},&quot;_transform_translateY_effect_hover_laptop&quot;:{&quot;unit&quot;:&quot;px&quot;,&quot;size&quot;:&quot;&quot;,&quot;sizes&quot;:[]},&quot;_transform_translateY_effect_hover_tablet_extra&quot;:{&quot;unit&quot;:&quot;px&quot;,&quot;size&quot;:&quot;&quot;,&quot;sizes&quot;:[]},&quot;_transform_translateY_effect_hover_tablet&quot;:{&quot;unit&quot;:&quot;px&quot;,&quot;size&quot;:&quot;&quot;,&quot;sizes&quot;:[]},&quot;_transform_translateY_effect_hover_mobile&quot;:{&quot;unit&quot;:&quot;px&quot;,&quot;size&quot;:&quot;&quot;,&quot;sizes&quot;:[]}}\" data-widget_type=\"button.default\">\n\t\t\t\t<div class=\"elementor-widget-container\">\n\t\t\t\t\t\t\t\t\t<div class=\"elementor-button-wrapper\">\n\t\t\t\t\t<a class=\"elementor-button elementor-button-link elementor-size-xs\" href=\"#anfrageform\">\n\t\t\t\t\t\t<span class=\"elementor-button-content-wrapper\">\n\t\t\t\t\t\t<span class=\"elementor-button-icon\">\n\t\t\t\t<i aria-hidden=\"true\" class=\"fas fa-arrow-right\"><\/i>\t\t\t<\/span>\n\t\t\t\t\t\t\t\t\t<span class=\"elementor-button-text\">Energieeffiziente  Parkpl\u00e4tze<\/span>\n\t\t\t\t\t<\/span>\n\t\t\t\t\t<\/a>\n\t\t\t\t<\/div>\n\t\t\t\t\t\t\t\t<\/div>\n\t\t\t\t<\/div>\n\t\t\t\t\t<\/div>\n\t\t<\/div>\n\t\t\t\t\t<\/div>\n\t\t<\/section>\n\t\t\t\t\t<\/div>\n\t\t<\/div>\n\t\t\t\t\t<\/div>\n\t\t<\/section>\n\t\t\t\t<section class=\"elementor-section elementor-top-section elementor-element elementor-element-6e7468e elementor-section-full_width elementor-section-height-default elementor-section-height-default\" data-id=\"6e7468e\" data-element_type=\"section\" data-e-type=\"section\">\n\t\t\t\t\t\t<div class=\"elementor-container elementor-column-gap-default\">\n\t\t\t\t\t<div class=\"elementor-column elementor-col-100 elementor-top-column elementor-element elementor-element-fdf3b08\" data-id=\"fdf3b08\" data-element_type=\"column\" data-e-type=\"column\">\n\t\t\t<div class=\"elementor-widget-wrap elementor-element-populated\">\n\t\t\t\t\t\t<div class=\"elementor-element elementor-element-d5ff6ec elementor-widget elementor-widget-heading\" data-id=\"d5ff6ec\" data-element_type=\"widget\" data-e-type=\"widget\" id=\"referenzen\" data-widget_type=\"heading.default\">\n\t\t\t\t<div class=\"elementor-widget-container\">\n\t\t\t\t\t<div class=\"elementor-heading-title elementor-size-default\">Gemeinsam zum Erfolg<\/div>\t\t\t\t<\/div>\n\t\t\t\t<\/div>\n\t\t\t\t<div class=\"elementor-element elementor-element-1ad7f86 gradbluettl elementor-widget elementor-widget-heading\" data-id=\"1ad7f86\" data-element_type=\"widget\" data-e-type=\"widget\" data-widget_type=\"heading.default\">\n\t\t\t\t<div class=\"elementor-widget-container\">\n\t\t\t\t\t<h2 class=\"elementor-heading-title elementor-size-default\">Unsere Kunden<\/h2>\t\t\t\t<\/div>\n\t\t\t\t<\/div>\n\t\t\t\t<div class=\"elementor-element elementor-element-ce91394 elementor-widget-divider--view-line elementor-widget elementor-widget-divider\" data-id=\"ce91394\" data-element_type=\"widget\" data-e-type=\"widget\" data-widget_type=\"divider.default\">\n\t\t\t\t<div class=\"elementor-widget-container\">\n\t\t\t\t\t\t\t<div class=\"elementor-divider\">\n\t\t\t<span class=\"elementor-divider-separator\">\n\t\t\t\t\t\t<\/span>\n\t\t<\/div>\n\t\t\t\t\t\t<\/div>\n\t\t\t\t<\/div>\n\t\t\t\t<div class=\"elementor-element elementor-element-f65234a elementor-widget elementor-widget-image-carousel\" data-id=\"f65234a\" data-element_type=\"widget\" data-e-type=\"widget\" data-settings=\"{&quot;slides_to_show&quot;:&quot;5&quot;,&quot;slides_to_scroll&quot;:&quot;5&quot;,&quot;navigation&quot;:&quot;none&quot;,&quot;autoplay_speed&quot;:3000,&quot;autoplay&quot;:&quot;yes&quot;,&quot;infinite&quot;:&quot;yes&quot;,&quot;speed&quot;:500}\" data-widget_type=\"image-carousel.default\">\n\t\t\t\t<div class=\"elementor-widget-container\">\n\t\t\t\t\t\t\t<div class=\"elementor-image-carousel-wrapper swiper\" role=\"region\" aria-roledescription=\"carousel\" aria-label=\"Bild Karussell\" dir=\"ltr\">\n\t\t\t<div class=\"elementor-image-carousel swiper-wrapper\" aria-live=\"off\">\n\t\t\t\t\t\t\t\t<div class=\"swiper-slide\" role=\"group\" aria-roledescription=\"slide\" aria-label=\"1 von 52\"><figure class=\"swiper-slide-inner\"><img decoding=\"async\" class=\"swiper-slide-image\" src=\"https:\/\/faber-solartechnik.de\/wp-content\/uploads\/elementor\/thumbs\/MHB-Montage-q8ysu9w087v7csv2apq4i7cmhitnrq7upxfm0jrqww.jpg\" alt=\"MHB Montage\" \/><\/figure><\/div><div class=\"swiper-slide\" role=\"group\" aria-roledescription=\"slide\" aria-label=\"2 von 52\"><figure class=\"swiper-slide-inner\"><img decoding=\"async\" class=\"swiper-slide-image\" src=\"https:\/\/faber-solartechnik.de\/wp-content\/uploads\/elementor\/thumbs\/Mein-Solar-q8ysu8y61dtx16wfg7bhxpl5w4yak144dss4j9t5uw.jpg\" alt=\"Mein Solar\" \/><\/figure><\/div><div class=\"swiper-slide\" role=\"group\" aria-roledescription=\"slide\" aria-label=\"3 von 52\"><figure class=\"swiper-slide-inner\"><img decoding=\"async\" class=\"swiper-slide-image\" src=\"https:\/\/faber-solartechnik.de\/wp-content\/uploads\/elementor\/thumbs\/logo-q8ysu80bujsmpkxslowvd7tpar2xcc0e1o4n1zujjc.jpg\" alt=\"logo\" \/><\/figure><\/div><div class=\"swiper-slide\" role=\"group\" aria-roledescription=\"slide\" aria-label=\"4 von 52\"><figure class=\"swiper-slide-inner\"><img decoding=\"async\" class=\"swiper-slide-image\" src=\"https:\/\/faber-solartechnik.de\/wp-content\/uploads\/elementor\/thumbs\/Kraftwerk-RPS-q8ysu72hnprcdyz5r6i8sq28pd7k4mwnpjh5kpvx32.jpg\" alt=\"dsffdsf\" \/><\/figure><\/div><div class=\"swiper-slide\" role=\"group\" aria-roledescription=\"slide\" aria-label=\"5 von 52\"><figure class=\"swiper-slide-inner\"><img decoding=\"async\" class=\"swiper-slide-image\" src=\"https:\/\/faber-solartechnik.de\/wp-content\/uploads\/elementor\/thumbs\/Juno-Solar-q8ysu64ngvq22d0iwo3m88as3zc6wxsxdeto3fxbou.jpg\" alt=\"Juno Solar\" \/><\/figure><\/div><div class=\"swiper-slide\" role=\"group\" aria-roledescription=\"slide\" aria-label=\"6 von 52\"><figure class=\"swiper-slide-inner\"><img decoding=\"async\" class=\"swiper-slide-image\" src=\"https:\/\/faber-solartechnik.de\/wp-content\/uploads\/elementor\/thumbs\/JT-Solarbau-q8ysu56ta1orqr1w25oznqjbilgtp8p71a66m5yq5m.jpg\" alt=\"JT Solarbau\" \/><\/figure><\/div><div class=\"swiper-slide\" role=\"group\" aria-roledescription=\"slide\" aria-label=\"7 von 52\"><figure class=\"swiper-slide-inner\"><img decoding=\"async\" class=\"swiper-slide-image\" src=\"https:\/\/faber-solartechnik.de\/wp-content\/uploads\/elementor\/thumbs\/Innosun-GmbH-q8ysu48z37nhf5397nad38rux7lghjlgp5ip4w03xy.jpg\" alt=\"Innosun GmbH\" \/><\/figure><\/div><div class=\"swiper-slide\" role=\"group\" aria-roledescription=\"slide\" aria-label=\"8 von 52\"><figure class=\"swiper-slide-inner\"><img decoding=\"async\" class=\"swiper-slide-image\" src=\"https:\/\/faber-solartechnik.de\/wp-content\/uploads\/elementor\/thumbs\/Haertha-Group-q8ysu3b4wdm73j4md4vqir0ebtq39uhqd0v7nm1ipa.jpg\" alt=\"H\u00e4rtha Group\" \/><\/figure><\/div><div class=\"swiper-slide\" role=\"group\" aria-roledescription=\"slide\" aria-label=\"9 von 52\"><figure class=\"swiper-slide-inner\"><img decoding=\"async\" class=\"swiper-slide-image\" src=\"https:\/\/faber-solartechnik.de\/wp-content\/uploads\/elementor\/thumbs\/Haas-q8ysu1fgipjmgb7co42hdrhh51zcuga9ork8p24awq.jpg\" alt=\"Haas\" \/><\/figure><\/div><div class=\"swiper-slide\" role=\"group\" aria-roledescription=\"slide\" aria-label=\"10 von 52\"><figure class=\"swiper-slide-inner\"><img decoding=\"async\" class=\"swiper-slide-image\" src=\"https:\/\/faber-solartechnik.de\/wp-content\/uploads\/elementor\/thumbs\/Greentech-q8ysu0hmbvic4p8ptlnut9q0jo3zmr6jcmwr7s5pb0.jpg\" alt=\"Greentech\" \/><\/figure><\/div><div class=\"swiper-slide\" role=\"group\" aria-roledescription=\"slide\" aria-label=\"11 von 52\"><figure class=\"swiper-slide-inner\"><img decoding=\"async\" class=\"swiper-slide-image\" src=\"https:\/\/faber-solartechnik.de\/wp-content\/uploads\/elementor\/thumbs\/Eurovia-q8ystzjs51h1t3a2z3988ryjya8mf22t0i99qi72yc.jpg\" alt=\"Eurovia\" \/><\/figure><\/div><div class=\"swiper-slide\" role=\"group\" aria-roledescription=\"slide\" aria-label=\"12 von 52\"><figure class=\"swiper-slide-inner\"><img decoding=\"async\" class=\"swiper-slide-image\" src=\"https:\/\/faber-solartechnik.de\/wp-content\/uploads\/elementor\/thumbs\/Entega-q8ystxo3rdeh5vcta2fz3sfmrihvznvcc8yary9vte.jpg\" alt=\"Entega\" \/><\/figure><\/div><div class=\"swiper-slide\" role=\"group\" aria-roledescription=\"slide\" aria-label=\"13 von 52\"><figure class=\"swiper-slide-inner\"><img decoding=\"async\" class=\"swiper-slide-image\" src=\"https:\/\/faber-solartechnik.de\/wp-content\/uploads\/elementor\/thumbs\/Elektro-Glenk-q8ystwq9kjd6u9e6fk1cjao664miryrm04ataob97a.jpg\" alt=\"Elektro Glenk\" \/><\/figure><\/div><div class=\"swiper-slide\" role=\"group\" aria-roledescription=\"slide\" aria-label=\"14 von 52\"><figure class=\"swiper-slide-inner\"><img decoding=\"async\" class=\"swiper-slide-image\" src=\"https:\/\/faber-solartechnik.de\/wp-content\/uploads\/elementor\/thumbs\/DrButze-q8ystvsfdpbwinfjl1mpyswpkqr5k9nvnznbtecnla.jpg\" alt=\"DrButze\" \/><\/figure><\/div><div class=\"swiper-slide\" role=\"group\" aria-roledescription=\"slide\" aria-label=\"15 von 52\"><figure class=\"swiper-slide-inner\"><img decoding=\"async\" class=\"swiper-slide-image\" src=\"https:\/\/faber-solartechnik.de\/wp-content\/uploads\/elementor\/thumbs\/Dr-Oetker-q8ystuul6vam71gwqj83eb58zcvsckk5buzuc4e1xm.jpg\" alt=\"Dr Oetker\" \/><\/figure><\/div><div class=\"swiper-slide\" role=\"group\" aria-roledescription=\"slide\" aria-label=\"16 von 52\"><figure class=\"swiper-slide-inner\"><img decoding=\"async\" class=\"swiper-slide-image\" src=\"https:\/\/faber-solartechnik.de\/wp-content\/uploads\/elementor\/thumbs\/DEG-Sonne-Waerme-q8ysttwr019bvfi9w0tgttdsdz0f4vgezqccuufg26.jpg\" alt=\"DEG Sonne + W\u00e4rme\" \/><\/figure><\/div><div class=\"swiper-slide\" role=\"group\" aria-roledescription=\"slide\" aria-label=\"17 von 52\"><figure class=\"swiper-slide-inner\"><img decoding=\"async\" class=\"swiper-slide-image\" src=\"https:\/\/faber-solartechnik.de\/wp-content\/uploads\/elementor\/thumbs\/BS-Bodensteckdosen-q8ystsywt781jtjn1ieu9bmbsl51x6conlovdkgtoe.jpg\" alt=\"BS Bodensteckdosen\" \/><\/figure><\/div><div class=\"swiper-slide\" role=\"group\" aria-roledescription=\"slide\" aria-label=\"18 von 52\"><figure class=\"swiper-slide-inner\"><img decoding=\"async\" class=\"swiper-slide-image\" src=\"https:\/\/faber-solartechnik.de\/wp-content\/uploads\/elementor\/thumbs\/Belectric-q8ysts12md6r87l07007otuv779oph8ybh1dwai7v6.jpg\" alt=\"Belectric\" \/><\/figure><\/div><div class=\"swiper-slide\" role=\"group\" aria-roledescription=\"slide\" aria-label=\"19 von 52\"><figure class=\"swiper-slide-inner\"><img decoding=\"async\" class=\"swiper-slide-image\" src=\"https:\/\/faber-solartechnik.de\/wp-content\/uploads\/elementor\/thumbs\/Arconi-q8ystr38fj5gwlmdchll4c3eltebhs57zcdwf0jm78.jpg\" alt=\"Arconi\" \/><\/figure><\/div><div class=\"swiper-slide\" role=\"group\" aria-roledescription=\"slide\" aria-label=\"20 von 52\"><figure class=\"swiper-slide-inner\"><img decoding=\"async\" class=\"swiper-slide-image\" src=\"https:\/\/faber-solartechnik.de\/wp-content\/uploads\/elementor\/thumbs\/AKR-Alpha-Kunststoffrecycling-GmbH-q8ystp7k1v2w9dp3ngsbzckhf1nl2dxrb32xggmej4.jpg\" alt=\"AKR Alpha Kunststoffrecycling GmbH\" \/><\/figure><\/div><div class=\"swiper-slide\" role=\"group\" aria-roledescription=\"slide\" aria-label=\"21 von 52\"><figure class=\"swiper-slide-inner\"><img decoding=\"async\" class=\"swiper-slide-image\" src=\"https:\/\/faber-solartechnik.de\/wp-content\/uploads\/elementor\/thumbs\/Allego-q8ystq5e8p46kznqhz6yjuby0fiya31hn7qexql0dq.jpg\" alt=\"Allego\" \/><\/figure><\/div><div class=\"swiper-slide\" role=\"group\" aria-roledescription=\"slide\" aria-label=\"22 von 52\"><figure class=\"swiper-slide-inner\"><img decoding=\"async\" class=\"swiper-slide-image\" src=\"https:\/\/faber-solartechnik.de\/wp-content\/uploads\/elementor\/thumbs\/Actemium-q8ysto9pv11lxrqgsydpeut0tns7uou0yyffz6nskw.jpg\" alt=\"Actemium\" \/><\/figure><\/div><div class=\"swiper-slide\" role=\"group\" aria-roledescription=\"slide\" aria-label=\"23 von 52\"><figure class=\"swiper-slide-inner\"><img decoding=\"async\" class=\"swiper-slide-image\" src=\"https:\/\/faber-solartechnik.de\/wp-content\/uploads\/elementor\/thumbs\/Yilmaz-Haustechnik-q8ystnbvo70bm5rtyfz2ud1k89wumzqamtryhwp6yc.jpg\" alt=\"Yilmaz Haustechnik\" \/><\/figure><\/div><div class=\"swiper-slide\" role=\"group\" aria-roledescription=\"slide\" aria-label=\"24 von 52\"><figure class=\"swiper-slide-inner\"><img decoding=\"async\" class=\"swiper-slide-image\" src=\"https:\/\/faber-solartechnik.de\/wp-content\/uploads\/elementor\/thumbs\/W.-Bosch_Logo-q8ystme1hcz1ajt73xkg9va3mw1hfamkap4h0mql0e.jpg\" alt=\"W. Bosch_Logo\" \/><\/figure><\/div><div class=\"swiper-slide\" role=\"group\" aria-roledescription=\"slide\" aria-label=\"25 von 52\"><figure class=\"swiper-slide-inner\"><img decoding=\"async\" class=\"swiper-slide-image\" src=\"https:\/\/faber-solartechnik.de\/wp-content\/uploads\/elementor\/thumbs\/Tesla-q8ystlg7aixqyxuk9f5tpdin1i647litykgzjcs084.jpg\" alt=\"Tesla\" \/><\/figure><\/div><div class=\"swiper-slide\" role=\"group\" aria-roledescription=\"slide\" aria-label=\"26 von 52\"><figure class=\"swiper-slide-inner\"><img decoding=\"async\" class=\"swiper-slide-image\" src=\"https:\/\/faber-solartechnik.de\/wp-content\/uploads\/elementor\/thumbs\/Sunrock-q8ystkid3owgnbvxewr74vr6g4aqzwf3mfti22td98.jpg\" alt=\"Sunrock\" \/><\/figure><\/div><div class=\"swiper-slide\" role=\"group\" aria-roledescription=\"slide\" aria-label=\"27 von 52\"><figure class=\"swiper-slide-inner\"><img decoding=\"async\" class=\"swiper-slide-image\" src=\"https:\/\/faber-solartechnik.de\/wp-content\/uploads\/elementor\/thumbs\/Stopa-Anlagenbau-q8ystimoq0tw03ynpvxxzw899ck0ki7my6ij3iw5u0.jpg\" alt=\"Stopa Anlagenbau\" \/><\/figure><\/div><div class=\"swiper-slide\" role=\"group\" aria-roledescription=\"slide\" aria-label=\"28 von 52\"><figure class=\"swiper-slide-inner\"><img decoding=\"async\" class=\"swiper-slide-image\" src=\"https:\/\/faber-solartechnik.de\/wp-content\/uploads\/elementor\/thumbs\/Sunera-q8ystjkiwuv6bpxakeckkdzpuqfds7bdab60ksurry.jpg\" alt=\"Sunera\" \/><\/figure><\/div><div class=\"swiper-slide\" role=\"group\" aria-roledescription=\"slide\" aria-label=\"29 von 52\"><figure class=\"swiper-slide-inner\"><img decoding=\"async\" class=\"swiper-slide-image\" src=\"https:\/\/faber-solartechnik.de\/wp-content\/uploads\/elementor\/thumbs\/Steinemann-q8ysthouj6sloi00vdjbfegsnyonct3wm1v1m8xkbw.jpg\" alt=\"Steinemann\" \/><\/figure><\/div><div class=\"swiper-slide\" role=\"group\" aria-roledescription=\"slide\" aria-label=\"30 von 52\"><figure class=\"swiper-slide-inner\"><img decoding=\"async\" class=\"swiper-slide-image\" src=\"https:\/\/faber-solartechnik.de\/wp-content\/uploads\/elementor\/thumbs\/SPM-Solarpark-Ochtendung-Sybac-q8ystgr0ccrbcw1e0v4ouwpc2kta54069x7k4yyyj8.jpg\" alt=\"SPM Solarpark Ochtendung Sybac\" \/><\/figure><\/div><div class=\"swiper-slide\" role=\"group\" aria-roledescription=\"slide\" aria-label=\"31 von 52\"><figure class=\"swiper-slide-inner\"><img decoding=\"async\" class=\"swiper-slide-image\" src=\"https:\/\/faber-solartechnik.de\/wp-content\/uploads\/elementor\/thumbs\/Sonneninvest-q8ystevbyooqpo44bubfpx6evt2jppsplnwl6f1qpk.jpg\" alt=\"Sonneninvest\" \/><\/figure><\/div><div class=\"swiper-slide\" role=\"group\" aria-roledescription=\"slide\" aria-label=\"32 von 52\"><figure class=\"swiper-slide-inner\"><img decoding=\"async\" class=\"swiper-slide-image\" src=\"https:\/\/faber-solartechnik.de\/wp-content\/uploads\/elementor\/thumbs\/Solar-Ruhr-q8ystcznl0m62g6umti6kxnhp1btabl8xelm7v4iqw.jpg\" alt=\"Solar Ruhr\" \/><\/figure><\/div><div class=\"swiper-slide\" role=\"group\" aria-roledescription=\"slide\" aria-label=\"33 von 52\"><figure class=\"swiper-slide-inner\"><img decoding=\"async\" class=\"swiper-slide-image\" src=\"https:\/\/faber-solartechnik.de\/wp-content\/uploads\/elementor\/thumbs\/Solar-Direktinvest-q8ystb3z7cjlf89kxsoxfy4ki9l2uxds95an9b7b5u.jpg\" alt=\"Solar Direktinvest\" \/><\/figure><\/div><div class=\"swiper-slide\" role=\"group\" aria-roledescription=\"slide\" aria-label=\"34 von 52\"><figure class=\"swiper-slide-inner\"><img decoding=\"async\" class=\"swiper-slide-image\" src=\"https:\/\/faber-solartechnik.de\/wp-content\/uploads\/elementor\/thumbs\/Skyline-Expres-q8ysta650iib3may3aaavgd3wvppn8a1x0n5s18p9u.jpg\" alt=\"Skyline Expres\" \/><\/figure><\/div><div class=\"swiper-slide\" role=\"group\" aria-roledescription=\"slide\" aria-label=\"35 von 52\"><figure class=\"swiper-slide-inner\"><img decoding=\"async\" class=\"swiper-slide-image\" src=\"https:\/\/faber-solartechnik.de\/wp-content\/uploads\/elementor\/thumbs\/Schoenergie-q8yst8agmufqgedoe9h1qgu6q3yz7u2l8rc6thbhqg.jpg\" alt=\"Schoenergie\" \/><\/figure><\/div><div class=\"swiper-slide\" role=\"group\" aria-roledescription=\"slide\" aria-label=\"36 von 52\"><figure class=\"swiper-slide-inner\"><img decoding=\"async\" class=\"swiper-slide-image\" src=\"https:\/\/faber-solartechnik.de\/wp-content\/uploads\/elementor\/thumbs\/Schildmeyer-Loher-Busch-q8yst6es96d5t6gep8nslhb9jc88sfv4ki17uxeaue.jpg\" alt=\"Schildmeyer Loher Busch\" \/><\/figure><\/div><div class=\"swiper-slide\" role=\"group\" aria-roledescription=\"slide\" aria-label=\"37 von 52\"><figure class=\"swiper-slide-inner\"><img decoding=\"async\" class=\"swiper-slide-image\" src=\"https:\/\/faber-solartechnik.de\/wp-content\/uploads\/elementor\/thumbs\/Scheibe-Stahl-q8yst5gy2cbvhkhruq960zjsxycvkqre8ddqdnfo5i.jpg\" alt=\"Scheibe Stahl\" \/><\/figure><\/div><div class=\"swiper-slide\" role=\"group\" aria-roledescription=\"slide\" aria-label=\"38 von 52\"><figure class=\"swiper-slide-inner\"><img decoding=\"async\" class=\"swiper-slide-image\" src=\"https:\/\/faber-solartechnik.de\/wp-content\/uploads\/elementor\/thumbs\/SBV-Hameln-q8yst4j3vial5yj507ujghscckhid1nnw8q8wdh2cu.jpg\" alt=\"SBV Hameln\" \/><\/figure><\/div><div class=\"swiper-slide\" role=\"group\" aria-roledescription=\"slide\" aria-label=\"39 von 52\"><figure class=\"swiper-slide-inner\"><img decoding=\"async\" class=\"swiper-slide-image\" src=\"https:\/\/faber-solartechnik.de\/wp-content\/uploads\/elementor\/thumbs\/SAF-Kartonagen-q8yst3l9oo9aucki5pfww00vr6m55cjxk42rf3igew.jpg\" alt=\"SAF Kartonagen\" \/><\/figure><\/div><div class=\"swiper-slide\" role=\"group\" aria-roledescription=\"slide\" aria-label=\"40 von 52\"><figure class=\"swiper-slide-inner\"><img decoding=\"async\" class=\"swiper-slide-image\" src=\"https:\/\/faber-solartechnik.de\/wp-content\/uploads\/elementor\/thumbs\/Richter-Werkzeugbau-q8yst2nfhu80iqlvb71abi9f5sqrxng77zf9xtjuq4.jpg\" alt=\"Richter Werkzeugbau\" \/><\/figure><\/div><div class=\"swiper-slide\" role=\"group\" aria-roledescription=\"slide\" aria-label=\"41 von 52\"><figure class=\"swiper-slide-inner\"><img decoding=\"async\" class=\"swiper-slide-image\" src=\"https:\/\/faber-solartechnik.de\/wp-content\/uploads\/elementor\/thumbs\/Quickborn-q8yst1plb06q74n8gomnr0hykevepycgvursgjl912.jpg\" alt=\"Quickborn\" \/><\/figure><\/div><div class=\"swiper-slide\" role=\"group\" aria-roledescription=\"slide\" aria-label=\"42 von 52\"><figure class=\"swiper-slide-inner\"><img decoding=\"async\" class=\"swiper-slide-image\" src=\"https:\/\/faber-solartechnik.de\/wp-content\/uploads\/elementor\/thumbs\/Priogo-AG-q8yst0rr465fviolm6816iqhz101i98qjq4az9mnck.jpg\" alt=\"Priogo AG\" \/><\/figure><\/div><div class=\"swiper-slide\" role=\"group\" aria-roledescription=\"slide\" aria-label=\"43 von 52\"><figure class=\"swiper-slide-inner\"><img decoding=\"async\" class=\"swiper-slide-image\" src=\"https:\/\/faber-solartechnik.de\/wp-content\/uploads\/elementor\/thumbs\/planetpv-q8yssztwxc45jwpyrntem0z1dn4oak507lgthzo14m.jpg\" alt=\"planetpv\" \/><\/figure><\/div><div class=\"swiper-slide\" role=\"group\" aria-roledescription=\"slide\" aria-label=\"44 von 52\"><figure class=\"swiper-slide-inner\"><img decoding=\"async\" class=\"swiper-slide-image\" src=\"https:\/\/faber-solartechnik.de\/wp-content\/uploads\/elementor\/thumbs\/Novo-Tech-q8yssztwxc45jwpyrntem0z1dn4oak507lgthzo17y.jpg\" alt=\"Novo Tech\" \/><\/figure><\/div><div class=\"swiper-slide\" role=\"group\" aria-roledescription=\"slide\" aria-label=\"45 von 52\"><figure class=\"swiper-slide-inner\"><img decoding=\"async\" class=\"swiper-slide-image\" src=\"https:\/\/faber-solartechnik.de\/wp-content\/uploads\/elementor\/thumbs\/Nielsen-Design-GmbH-q8yssyw2qi2v8arbx5es1j7ks99b2v19vgtc0ppfnw.jpg\" alt=\"Nielsen Design GmbH\" \/><\/figure><\/div><div class=\"swiper-slide\" role=\"group\" aria-roledescription=\"slide\" aria-label=\"46 von 52\"><figure class=\"swiper-slide-inner\"><img decoding=\"async\" class=\"swiper-slide-image\" src=\"https:\/\/faber-solartechnik.de\/wp-content\/uploads\/elementor\/thumbs\/Neotechnik-q8yssxy8jo1kwosp2n05h1g46vdxv5xjjc5ujfqtvs.jpg\" alt=\"Neotechnik\" \/><\/figure><\/div><div class=\"swiper-slide\" role=\"group\" aria-roledescription=\"slide\" aria-label=\"47 von 52\"><figure class=\"swiper-slide-inner\"><img decoding=\"async\" class=\"swiper-slide-image\" src=\"https:\/\/faber-solartechnik.de\/wp-content\/uploads\/elementor\/thumbs\/nehl-q8yssx0ecu0al2u284liwjonlhikngtt77id25s8js.jpg\" alt=\"nehl\" \/><\/figure><\/div><div class=\"swiper-slide\" role=\"group\" aria-roledescription=\"slide\" aria-label=\"48 von 52\"><figure class=\"swiper-slide-inner\"><img decoding=\"async\" class=\"swiper-slide-image\" src=\"https:\/\/faber-solartechnik.de\/wp-content\/uploads\/elementor\/thumbs\/MyReisen-q8yssw2k5zz09gvfdm6wc1x703n7frq2v2uvkvtmx8.jpg\" alt=\"MyReisen\" \/><\/figure><\/div><div class=\"swiper-slide\" role=\"group\" aria-roledescription=\"slide\" aria-label=\"49 von 52\"><figure class=\"swiper-slide-inner\"><img decoding=\"async\" class=\"swiper-slide-image\" src=\"https:\/\/faber-solartechnik.de\/wp-content\/uploads\/elementor\/thumbs\/MTS-GmbH-q8yssu6vsbwfm8y5oldn72e9tbwh0dim6tjwmbweko.jpg\" alt=\"MTS GmbH\" \/><\/figure><\/div><div class=\"swiper-slide\" role=\"group\" aria-roledescription=\"slide\" aria-label=\"50 von 52\"><figure class=\"swiper-slide-inner\"><img decoding=\"async\" class=\"swiper-slide-image\" src=\"https:\/\/faber-solartechnik.de\/wp-content\/uploads\/elementor\/thumbs\/Moebelwerkstaetten-Haertig-q8yssu6vsbwfm8y5oldn72e9tbwh0dim6tjwmbwf58.jpg\" alt=\"M\u00f6belwerkst\u00e4tten H\u00e4rtig\" \/><\/figure><\/div><div class=\"swiper-slide\" role=\"group\" aria-roledescription=\"slide\" aria-label=\"51 von 52\"><figure class=\"swiper-slide-inner\"><img decoding=\"async\" class=\"swiper-slide-image\" src=\"https:\/\/faber-solartechnik.de\/wp-content\/uploads\/elementor\/thumbs\/MKM-International-q8ysst91lhv5amziu2z0mkmt7y13soevuowf51xsj4.jpg\" alt=\"MKM International\" \/><\/figure><\/div><div class=\"swiper-slide\" role=\"group\" aria-roledescription=\"slide\" aria-label=\"52 von 52\"><figure class=\"swiper-slide-inner\"><img decoding=\"async\" class=\"swiper-slide-image\" src=\"https:\/\/faber-solartechnik.de\/wp-content\/uploads\/elementor\/thumbs\/Milivo-Capital-GmbH-q8ysuatuf1whoetp584r2p432wp0zfbl2233htqcdw.jpg\" alt=\"Milivo Capital GmbH\" \/><\/figure><\/div>\t\t\t<\/div>\n\t\t\t\t\t\t\t\n\t\t\t\t\t\t\t\t\t<\/div>\n\t\t\t\t\t\t<\/div>\n\t\t\t\t<\/div>\n\t\t\t\t\t<\/div>\n\t\t<\/div>\n\t\t\t\t\t<\/div>\n\t\t<\/section>\n\t\t\t\t<section class=\"elementor-section elementor-top-section elementor-element elementor-element-650468e elementor-section-full_width elementor-section-height-default elementor-section-height-default\" data-id=\"650468e\" data-element_type=\"section\" data-e-type=\"section\">\n\t\t\t\t\t\t\t<div class=\"elementor-background-overlay\"><\/div>\n\t\t\t\t\t\t\t<div class=\"elementor-container elementor-column-gap-wider\">\n\t\t\t\t\t<div class=\"elementor-column elementor-col-50 elementor-top-column elementor-element elementor-element-6245394\" data-id=\"6245394\" data-element_type=\"column\" data-e-type=\"column\">\n\t\t\t<div class=\"elementor-widget-wrap elementor-element-populated\">\n\t\t\t\t\t\t<div class=\"elementor-element elementor-element-c071c78 gradbluettl elementor-widget__width-auto elementor-invisible elementor-widget elementor-widget-heading\" data-id=\"c071c78\" data-element_type=\"widget\" data-e-type=\"widget\" data-settings=\"{&quot;_animation&quot;:&quot;fadeInRight&quot;}\" data-widget_type=\"heading.default\">\n\t\t\t\t<div class=\"elementor-widget-container\">\n\t\t\t\t\t<h3 class=\"elementor-heading-title elementor-size-default\">Referenzen<\/h3>\t\t\t\t<\/div>\n\t\t\t\t<\/div>\n\t\t\t\t<div class=\"elementor-element elementor-element-7dc617b elementor-widget-divider--view-line elementor-invisible elementor-widget elementor-widget-divider\" data-id=\"7dc617b\" data-element_type=\"widget\" data-e-type=\"widget\" data-settings=\"{&quot;_animation&quot;:&quot;fadeInRight&quot;,&quot;_animation_delay&quot;:300}\" data-widget_type=\"divider.default\">\n\t\t\t\t<div class=\"elementor-widget-container\">\n\t\t\t\t\t\t\t<div class=\"elementor-divider\">\n\t\t\t<span class=\"elementor-divider-separator\">\n\t\t\t\t\t\t<\/span>\n\t\t<\/div>\n\t\t\t\t\t\t<\/div>\n\t\t\t\t<\/div>\n\t\t\t\t<div class=\"elementor-element elementor-element-fbccdc8 elementor-widget__width-initial elementor-invisible elementor-widget elementor-widget-text-editor\" data-id=\"fbccdc8\" data-element_type=\"widget\" data-e-type=\"widget\" data-settings=\"{&quot;_animation_delay&quot;:600,&quot;_animation&quot;:&quot;fadeInRight&quot;}\" data-widget_type=\"text-editor.default\">\n\t\t\t\t<div class=\"elementor-widget-container\">\n\t\t\t\t\t\t\t\t\t<p>Entdecken Sie unsere umfangreiche Auswahl an Referenzen, Projekten <br \/>und aktuellen News.<\/p>\t\t\t\t\t\t\t\t<\/div>\n\t\t\t\t<\/div>\n\t\t\t\t\t<\/div>\n\t\t<\/div>\n\t\t\t\t<div class=\"elementor-column elementor-col-50 elementor-top-column elementor-element elementor-element-4ee3fb9 animated-slow elementor-invisible\" data-id=\"4ee3fb9\" data-element_type=\"column\" data-e-type=\"column\" data-settings=\"{&quot;animation&quot;:&quot;fadeIn&quot;}\">\n\t\t\t<div class=\"elementor-widget-wrap elementor-element-populated\">\n\t\t\t\t\t\t<div class=\"elementor-element elementor-element-14b4454 referenzenslider elementor-pagination-type-bullets elementor-arrows-position-inside elementor-pagination-position-outside elementor-widget elementor-widget-loop-carousel\" data-id=\"14b4454\" data-element_type=\"widget\" data-e-type=\"widget\" data-settings=\"{&quot;template_id&quot;:&quot;3527&quot;,&quot;slides_to_show&quot;:&quot;4&quot;,&quot;image_spacing_custom&quot;:{&quot;unit&quot;:&quot;px&quot;,&quot;size&quot;:30,&quot;sizes&quot;:[]},&quot;_skin&quot;:&quot;post&quot;,&quot;slides_to_show_laptop&quot;:&quot;3&quot;,&quot;slides_to_show_tablet_extra&quot;:&quot;3&quot;,&quot;slides_to_show_tablet&quot;:&quot;2&quot;,&quot;slides_to_show_mobile&quot;:&quot;1&quot;,&quot;slides_to_scroll&quot;:&quot;1&quot;,&quot;edit_handle_selector&quot;:&quot;.elementor-loop-container&quot;,&quot;infinite&quot;:&quot;yes&quot;,&quot;speed&quot;:500,&quot;offset_sides&quot;:&quot;none&quot;,&quot;arrows&quot;:&quot;yes&quot;,&quot;pagination&quot;:&quot;bullets&quot;,&quot;image_spacing_custom_laptop&quot;:{&quot;unit&quot;:&quot;px&quot;,&quot;size&quot;:&quot;&quot;,&quot;sizes&quot;:[]},&quot;image_spacing_custom_tablet_extra&quot;:{&quot;unit&quot;:&quot;px&quot;,&quot;size&quot;:&quot;&quot;,&quot;sizes&quot;:[]},&quot;image_spacing_custom_tablet&quot;:{&quot;unit&quot;:&quot;px&quot;,&quot;size&quot;:&quot;&quot;,&quot;sizes&quot;:[]},&quot;image_spacing_custom_mobile&quot;:{&quot;unit&quot;:&quot;px&quot;,&quot;size&quot;:&quot;&quot;,&quot;sizes&quot;:[]}}\" data-widget_type=\"loop-carousel.post\">\n\t\t\t\t<div class=\"elementor-widget-container\">\n\t\t\t\t\t\t\t<div class=\"swiper elementor-loop-container elementor-grid\" role=\"list\" dir=\"ltr\">\n\t\t\t\t<div class=\"swiper-wrapper\" aria-live=\"polite\">\n\t\t<style id=\"loop-dynamic-3527\">.e-loop-item-8448 .elementor-element.elementor-element-a252bde > .elementor-background-overlay{background-image:url(\"https:\/\/faber-solartechnik.de\/wp-content\/uploads\/2025\/01\/ARDEY-QUELLE-PVA-Dortmund-2.jpeg\");}<\/style><style id=\"loop-3527\">.elementor-3527 .elementor-element.elementor-element-a252bde > .elementor-container{min-height:450px;}.elementor-3527 .elementor-element.elementor-element-a252bde{overflow:hidden;}.elementor-3527 .elementor-element.elementor-element-a252bde > .elementor-background-overlay{background-position:center center;background-repeat:no-repeat;background-size:cover;opacity:1;}.elementor-3527 .elementor-element.elementor-element-a252bde, .elementor-3527 .elementor-element.elementor-element-a252bde > .elementor-background-overlay{border-radius:15px 15px 15px 15px;}.elementor-bc-flex-widget .elementor-3527 .elementor-element.elementor-element-6fcfada.elementor-column .elementor-widget-wrap{align-items:space-between;}.elementor-3527 .elementor-element.elementor-element-6fcfada.elementor-column.elementor-element[data-element_type=\"column\"] > .elementor-widget-wrap.elementor-element-populated{align-content:space-between;align-items:space-between;}.elementor-3527 .elementor-element.elementor-element-6fcfada > .elementor-widget-wrap > .elementor-widget:not(.elementor-widget__width-auto):not(.elementor-widget__width-initial):not(:last-child):not(.elementor-absolute){margin-block-end:10px;}.elementor-3527 .elementor-element.elementor-element-6fcfada:hover > .elementor-element-populated{background-color:#3333333D;}.elementor-3527 .elementor-element.elementor-element-6fcfada > .elementor-element-populated >  .elementor-background-overlay{background-color:transparent;background-image:linear-gradient(341deg, #1E54B000 30%, #125CDA 100%);opacity:0.95;}.elementor-3527 .elementor-element.elementor-element-6fcfada > .elementor-element-populated, .elementor-3527 .elementor-element.elementor-element-6fcfada > .elementor-element-populated > .elementor-background-overlay, .elementor-3527 .elementor-element.elementor-element-6fcfada > .elementor-background-slideshow{border-radius:15px 15px 15px 15px;}.elementor-3527 .elementor-element.elementor-element-6fcfada > .elementor-element-populated{transition:background 0.5s, border 0.3s, border-radius 0.3s, box-shadow 0.3s;padding:15px 15px 15px 15px;}.elementor-3527 .elementor-element.elementor-element-6fcfada > .elementor-element-populated > .elementor-background-overlay{transition:background 0.3s, border-radius 0.3s, opacity 0.3s;}.elementor-3527 .elementor-element.elementor-element-6604a6b{z-index:5;}.elementor-widget-post-info .elementor-icon-list-item:not(:last-child):after{border-color:var( --e-global-color-text );}.elementor-widget-post-info .elementor-icon-list-icon i{color:var( --e-global-color-primary );}.elementor-widget-post-info .elementor-icon-list-icon svg{fill:var( --e-global-color-primary );}.elementor-widget-post-info .elementor-icon-list-text, .elementor-widget-post-info .elementor-icon-list-text a{color:var( --e-global-color-secondary );}.elementor-widget-post-info .elementor-icon-list-item{font-family:var( --e-global-typography-text-font-family ), sans-serif;font-size:var( --e-global-typography-text-font-size );font-weight:var( --e-global-typography-text-font-weight );}.elementor-3527 .elementor-element.elementor-element-1f94609 .elementor-icon-list-icon{width:0px;}.elementor-3527 .elementor-element.elementor-element-1f94609 .elementor-icon-list-icon i{font-size:0px;}.elementor-3527 .elementor-element.elementor-element-1f94609 .elementor-icon-list-icon svg{--e-icon-list-icon-size:0px;}body:not(.rtl) .elementor-3527 .elementor-element.elementor-element-1f94609 .elementor-icon-list-text{padding-left:0px;}body.rtl .elementor-3527 .elementor-element.elementor-element-1f94609 .elementor-icon-list-text{padding-right:0px;}.elementor-3527 .elementor-element.elementor-element-1f94609 .elementor-icon-list-text, .elementor-3527 .elementor-element.elementor-element-1f94609 .elementor-icon-list-text a{color:#FFFFFFAD;}.elementor-3527 .elementor-element.elementor-element-1f94609 .elementor-icon-list-item{font-family:\"Poppins Faber\", sans-serif;font-size:13px;font-weight:400;text-transform:uppercase;}.elementor-widget-heading .elementor-heading-title{font-family:var( --e-global-typography-primary-font-family ), sans-serif;font-weight:var( --e-global-typography-primary-font-weight );color:var( --e-global-color-primary );}.elementor-3527 .elementor-element.elementor-element-009b0cb .elementor-heading-title{font-family:\"Poppins Faber\", sans-serif;font-weight:500;color:var( --e-global-color-2f7c037d );}.eae-popup.eae-wrap-{{ID}} .mfp-title{color:var( --e-global-color-primary );font-family:var( --e-global-typography-primary-font-family ), sans-serif;font-weight:var( --e-global-typography-primary-font-weight );}.eae-popup.eae-wrap-{{ID}} .eae-modal-content{color:var( --e-global-color-text );font-family:var( --e-global-typography-text-font-family ), sans-serif;font-size:var( --e-global-typography-text-font-size );font-weight:var( --e-global-typography-text-font-weight );}.elementor-widget-wts-modal-popup .eae-popup-link{font-family:var( --e-global-typography-accent-font-family ), sans-serif;font-weight:var( --e-global-typography-accent-font-weight );background-color:var( --e-global-color-accent );}body .eae-popup.mfp-bg.eae-wrap-6321c9b{background-color:rgba(0,0,0,0.75);}.elementor-3527 .elementor-element.elementor-element-6321c9b .icon-position-before i , .elementor-3527 .elementor-element.elementor-element-6321c9b .icon-position-before svg{margin-right:0px;}.elementor-3527 .elementor-element.elementor-element-6321c9b .icon-position-after i , .elementor-3527 .elementor-element.elementor-element-6321c9b .icon-position-after svg{margin-left:0px;}.eae-popup.eae-wrap-6321c9b .eae-modal-content{padding:10px 10px 10px 10px;}.eae-popup.eae-wrap-6321c9b .mfp-inline-holder .mfp-content{border-radius:15px 15px 15px 15px;}.elementor-3527 .elementor-element.elementor-element-6321c9b .eae-popup-link{font-family:\"Poppins Faber\", sans-serif;font-size:26px;font-weight:500;line-height:32px;color:var( --e-global-color-2f7c037d );background-color:#29235C00;border-radius:0px 0px 0px 0px;padding:0px 0px 0px 0px;}.elementor-3527 .elementor-element.elementor-element-6321c9b .eae-popup-link svg{fill:var( --e-global-color-2f7c037d );}.elementor-3527 .elementor-element.elementor-element-6321c9b .eae-popup-link:hover{color:var( --e-global-color-2f7c037d );background-color:#29235C00;}.eae-popup.eae-wrap-6321c9b .eae-close{font-size:28px;height:28px;width:28px;top:15px;right:15px;}.eae-popup.eae-wrap-6321c9b svg.eae-close{width:28px;height:28px;}.eae-popup.eae-wrap-6321c9b.eae-popup .eae-close{color:var( --e-global-color-50369c0d );}.eae-popup.eae-wrap-6321c9b.eae-popup svg{background-color:var( --e-global-color-50369c0d );}.elementor-widget-theme-post-excerpt .elementor-widget-container{font-family:var( --e-global-typography-text-font-family ), sans-serif;font-size:var( --e-global-typography-text-font-size );font-weight:var( --e-global-typography-text-font-weight );color:var( --e-global-color-text );}.elementor-3527 .elementor-element.elementor-element-047228d .elementor-widget-container{font-family:\"Poppins Faber\", sans-serif;font-size:15px;font-weight:normal;color:var( --e-global-color-2f7c037d );}body .eae-popup.mfp-bg.eae-wrap-d621d6e{background-color:rgba(0,0,0,0.75);}.elementor-3527 .elementor-element.elementor-element-d621d6e .icon-position-before i , .elementor-3527 .elementor-element.elementor-element-d621d6e .icon-position-before svg{margin-right:6px;}.elementor-3527 .elementor-element.elementor-element-d621d6e .icon-position-after i , .elementor-3527 .elementor-element.elementor-element-d621d6e .icon-position-after svg{margin-left:6px;}.eae-popup.eae-wrap-d621d6e .eae-modal-content{padding:10px 10px 10px 10px;}.eae-popup.eae-wrap-d621d6e .mfp-inline-holder .mfp-content{border-radius:15px 15px 15px 15px;}.elementor-3527 .elementor-element.elementor-element-d621d6e .eae-popup-link{font-family:\"Poppins Faber\", sans-serif;font-size:13px;font-weight:500;text-transform:uppercase;color:var( --e-global-color-50369c0d );background-color:var( --e-global-color-2f7c037d );border-radius:15px 15px 15px 15px;padding:6px 10px 6px 10px;}.elementor-3527 .elementor-element.elementor-element-d621d6e .eae-popup-link svg{fill:var( --e-global-color-50369c0d );}.elementor-3527 .elementor-element.elementor-element-d621d6e .eae-popup-link:hover{color:var( --e-global-color-2f7c037d );background-color:var( --e-global-color-accent );}.eae-popup.eae-wrap-d621d6e .eae-close{font-size:28px;height:28px;width:28px;top:15px;right:15px;}.eae-popup.eae-wrap-d621d6e svg.eae-close{width:28px;height:28px;}.eae-popup.eae-wrap-d621d6e.eae-popup .eae-close{color:var( --e-global-color-50369c0d );}.eae-popup.eae-wrap-d621d6e.eae-popup svg{background-color:var( --e-global-color-50369c0d );}.elementor-widget-button .elementor-button{font-family:var( --e-global-typography-accent-font-family ), sans-serif;font-weight:var( --e-global-typography-accent-font-weight );background-color:var( --e-global-color-accent );}.elementor-3527 .elementor-element.elementor-element-15922a7 .elementor-button-content-wrapper{flex-direction:row;}.elementor-3527 .elementor-element.elementor-element-15922a7 .elementor-button .elementor-button-content-wrapper{gap:12px;}.elementor-3527 .elementor-element.elementor-element-15922a7 .elementor-button{font-family:\"Poppins Faber\", sans-serif;font-weight:500;text-transform:uppercase;fill:var( --e-global-color-primary );color:var( --e-global-color-primary );background-color:var( --e-global-color-2f7c037d );border-radius:500px 500px 500px 500px;}.elementor-3527 .elementor-element.elementor-element-15922a7 .elementor-button:hover, .elementor-3527 .elementor-element.elementor-element-15922a7 .elementor-button:focus{color:var( --e-global-color-2f7c037d );}.elementor-3527 .elementor-element.elementor-element-15922a7 .elementor-button:hover svg, .elementor-3527 .elementor-element.elementor-element-15922a7 .elementor-button:focus svg{fill:var( --e-global-color-2f7c037d );}@media(max-width:1366px){.elementor-widget-post-info .elementor-icon-list-item{font-size:var( --e-global-typography-text-font-size );}.eae-popup.eae-wrap-{{ID}} .eae-modal-content{font-size:var( --e-global-typography-text-font-size );}.elementor-widget-theme-post-excerpt .elementor-widget-container{font-size:var( --e-global-typography-text-font-size );}}@media(max-width:1024px){.elementor-widget-post-info .elementor-icon-list-item{font-size:var( --e-global-typography-text-font-size );}.eae-popup.eae-wrap-{{ID}} .eae-modal-content{font-size:var( --e-global-typography-text-font-size );}.elementor-widget-theme-post-excerpt .elementor-widget-container{font-size:var( --e-global-typography-text-font-size );}}@media(max-width:767px){.elementor-widget-post-info .elementor-icon-list-item{font-size:var( --e-global-typography-text-font-size );}.eae-popup.eae-wrap-{{ID}} .eae-modal-content{font-size:var( --e-global-typography-text-font-size );}.elementor-widget-theme-post-excerpt .elementor-widget-container{font-size:var( --e-global-typography-text-font-size );}.elementor-3527 .elementor-element.elementor-element-15922a7 .elementor-button{border-radius:50px 50px 50px 50px;padding:9px 16px 7px 16px;}}<\/style>\t\t<div data-elementor-type=\"loop-item\" data-elementor-id=\"3527\" class=\"elementor elementor-3527 swiper-slide e-loop-item e-loop-item-8448 post-8448 post type-post status-publish format-standard has-post-thumbnail hentry category-news category-projekte\" data-elementor-post-type=\"elementor_library\" role=\"group\" aria-roledescription=\"slide\" data-custom-edit-handle=\"1\">\n\t\t\t\t\t<section class=\"elementor-section elementor-top-section elementor-element elementor-element-a252bde elementor-section-height-min-height elementor-section-items-stretch loopnews runde-ecken elementor-section-boxed elementor-section-height-default\" data-id=\"a252bde\" data-element_type=\"section\" data-e-type=\"section\">\n\t\t\t\t\t\t\t<div class=\"elementor-background-overlay\"><\/div>\n\t\t\t\t\t\t\t<div class=\"elementor-container elementor-column-gap-no\">\n\t\t\t\t\t<div class=\"elementor-column elementor-col-100 elementor-top-column elementor-element elementor-element-6fcfada runde-ecken\" data-id=\"6fcfada\" data-element_type=\"column\" data-e-type=\"column\" data-settings=\"{&quot;background_background&quot;:&quot;classic&quot;}\">\n\t\t\t<div class=\"elementor-widget-wrap elementor-element-populated\">\n\t\t\t\t\t<div class=\"elementor-background-overlay\"><\/div>\n\t\t\t\t\t\t<section class=\"elementor-section elementor-inner-section elementor-element elementor-element-6604a6b elementor-section-boxed elementor-section-height-default elementor-section-height-default\" data-id=\"6604a6b\" data-element_type=\"section\" data-e-type=\"section\">\n\t\t\t\t\t\t<div class=\"elementor-container elementor-column-gap-no\">\n\t\t\t\t\t<div class=\"elementor-column elementor-col-100 elementor-inner-column elementor-element elementor-element-f098b0d\" data-id=\"f098b0d\" data-element_type=\"column\" data-e-type=\"column\">\n\t\t\t<div class=\"elementor-widget-wrap elementor-element-populated\">\n\t\t\t\t\t\t<div class=\"elementor-element elementor-element-1f94609 elementor-widget elementor-widget-post-info\" data-id=\"1f94609\" data-element_type=\"widget\" data-e-type=\"widget\" data-widget_type=\"post-info.default\">\n\t\t\t\t<div class=\"elementor-widget-container\">\n\t\t\t\t\t\t\t<ul class=\"elementor-inline-items elementor-icon-list-items elementor-post-info\">\n\t\t\t\t\t\t\t\t<li class=\"elementor-icon-list-item elementor-repeater-item-fb2fc86 elementor-inline-item\" itemprop=\"about\">\n\t\t\t\t\t\t\t\t\t\t\t\t\t<span class=\"elementor-icon-list-text elementor-post-info__item elementor-post-info__item--type-terms\">\n\t\t\t\t\t\t\t\t\t\t<span class=\"elementor-post-info__terms-list\">\n\t\t\t\t<a href=\"https:\/\/faber-solartechnik.de\/en\/.\/news\/\" class=\"elementor-post-info__terms-list-item\">News<\/a>, <a href=\"https:\/\/faber-solartechnik.de\/en\/.\/projekte\/\" class=\"elementor-post-info__terms-list-item\">Projekte<\/a>\t\t\t\t<\/span>\n\t\t\t\t\t<\/span>\n\t\t\t\t\t\t\t\t<\/li>\n\t\t\t\t<\/ul>\n\t\t\t\t\t\t<\/div>\n\t\t\t\t<\/div>\n\t\t\t\t<div class=\"elementor-element elementor-element-009b0cb elementor-widget elementor-widget-heading\" data-id=\"009b0cb\" data-element_type=\"widget\" data-e-type=\"widget\" data-widget_type=\"heading.default\">\n\t\t\t\t<div class=\"elementor-widget-container\">\n\t\t\t\t\t<h4 class=\"elementor-heading-title elementor-size-default\"><a href=\"https:\/\/faber-solartechnik.de\/en\/projekte\/ardey-quelle-dachsanierung\/\" target=\"_blank\">Ardey Quelle &#8211; Gro\u00dfprojekt Dachsanierung<\/a><\/h4>\t\t\t\t<\/div>\n\t\t\t\t<\/div>\n\t\t\t\t<div class=\"elementor-element elementor-element-6321c9b elementor-hidden-mobile eae-pop-btn-align-left popupklicktitel elementor-hidden-desktop elementor-hidden-tablet eae-pop-btn-type-text elementor-widget elementor-widget-wts-modal-popup\" data-id=\"6321c9b\" data-element_type=\"widget\" data-e-type=\"widget\" data-widget_type=\"wts-modal-popup.default\">\n\t\t\t\t<div class=\"elementor-widget-container\">\n\t\t\t\t\t\t\t<div class=\"eae-popup-wrapper eae-popup-eae-pupup-item-101132464\" data-id=\"eae-pupup-item-101132464\" data-preview-modal=\"\" data-close-button-type=\"icon\" data-close-btn=\"fas fa-times\" data-close-in-out=\"true\" data-effect=\"zoom-in\">\n\t\t\t<a class=\"eae-popup-link icon-position-after\"\n\t\t\tdata-id=\"eae-pupup-item-101132464\" data-ctrl-id=\"6321c9b\" href=\"#eae-pupup-item-101132464\">\n\t\t\t\t\t\t\t\t\t\t\t\t\t\t\t<span class=\"eae-popup-btn-text\">\n\t\t\t\t\t\t\tArdey Quelle &#8211; Gro\u00dfprojekt Dachsanierung\t\t\t\t\t\t<\/span>\n\t\t\t\t\t\t\t\t\t\t<span class=\"eae-popup-btn-icon\">\n\t\t\t\t\t\t\t\t\t\t\t<\/span>\n\t\t\t\t\t\t\t\t\t\t\t\t\t\t<\/a>\n\t\t<\/div>\n\n\t\t<div id=\"eae-pupup-item-101132464\" class=\"eae-popup-eae-pupup-item-101132464 mfp-hide eae-popup-container\">\n\t\t\t<input class=\"eae-hidden-post-id\" type=\"hidden\" name=\"eae_hidden_post_id\" data-id=\"eae-pupup-item-101132464\" value=\"0\" \/>\n\t\t\t<div class=\"eae-popup-content\">\n\t\t\t\t\t\t\t\t\t<div class=\"eae-modal-content\">\n\t\t\t\t\t\t\t\t<div data-elementor-type=\"section\" data-elementor-id=\"4203\" class=\"elementor elementor-4203\" data-elementor-post-type=\"elementor_library\">\n\t\t\t\t\t<section class=\"elementor-section elementor-top-section elementor-element elementor-element-76665b6d elementor-section-full_width elementor-section-height-min-height elementor-section-items-stretch elementor-section-height-default\" data-id=\"76665b6d\" data-element_type=\"section\" data-e-type=\"section\">\n\t\t\t\t\t\t<div class=\"elementor-container elementor-column-gap-default\">\n\t\t\t\t\t<div class=\"elementor-column elementor-col-50 elementor-top-column elementor-element elementor-element-27f77bf4\" data-id=\"27f77bf4\" data-element_type=\"column\" data-e-type=\"column\">\n\t\t\t<div class=\"elementor-widget-wrap elementor-element-populated\">\n\t\t\t\t\t\t<div class=\"elementor-element elementor-element-2c72871 shadow runde-ecken elementor-widget elementor-widget-image\" data-id=\"2c72871\" data-element_type=\"widget\" data-e-type=\"widget\" data-widget_type=\"image.default\">\n\t\t\t\t<div class=\"elementor-widget-container\">\n\t\t\t\t\t\t\t\t\t\t\t\t\t\t\t\t<a href=\"https:\/\/faber-solartechnik.de\/wp-content\/uploads\/2025\/01\/ARDEY-QUELLE-PVA-Dortmund-2.jpeg\" data-elementor-open-lightbox=\"yes\" data-e-action-hash=\"#elementor-action%3Aaction%3Dlightbox%26settings%3DeyJpZCI6ODQ1MSwidXJsIjoiaHR0cHM6XC9cL2ZhYmVyLXNvbGFydGVjaG5pay5kZVwvd3AtY29udGVudFwvdXBsb2Fkc1wvMjAyNVwvMDFcL0FSREVZLVFVRUxMRS1QVkEtRG9ydG11bmQtMi5qcGVnIn0%3D\">\n\t\t\t\t\t\t\t<img loading=\"lazy\" decoding=\"async\" width=\"768\" height=\"576\" src=\"https:\/\/faber-solartechnik.de\/wp-content\/uploads\/2025\/01\/ARDEY-QUELLE-PVA-Dortmund-2-768x576.jpeg\" class=\"attachment-medium_large size-medium_large wp-image-8451\" alt=\"\" srcset=\"https:\/\/faber-solartechnik.de\/wp-content\/uploads\/2025\/01\/ARDEY-QUELLE-PVA-Dortmund-2-768x576.jpeg 768w, https:\/\/faber-solartechnik.de\/wp-content\/uploads\/2025\/01\/ARDEY-QUELLE-PVA-Dortmund-2-300x225.jpeg 300w, https:\/\/faber-solartechnik.de\/wp-content\/uploads\/2025\/01\/ARDEY-QUELLE-PVA-Dortmund-2-1024x768.jpeg 1024w, https:\/\/faber-solartechnik.de\/wp-content\/uploads\/2025\/01\/ARDEY-QUELLE-PVA-Dortmund-2-16x12.jpeg 16w, https:\/\/faber-solartechnik.de\/wp-content\/uploads\/2025\/01\/ARDEY-QUELLE-PVA-Dortmund-2.jpeg 1280w\" sizes=\"(max-width: 768px) 100vw, 768px\" \/>\t\t\t\t\t\t\t\t<\/a>\n\t\t\t\t\t\t\t\t\t\t\t\t\t\t\t<\/div>\n\t\t\t\t<\/div>\n\t\t\t\t\t<\/div>\n\t\t<\/div>\n\t\t\t\t<div class=\"elementor-column elementor-col-50 elementor-top-column elementor-element elementor-element-329a626d\" data-id=\"329a626d\" data-element_type=\"column\" data-e-type=\"column\">\n\t\t\t<div class=\"elementor-widget-wrap elementor-element-populated\">\n\t\t\t\t\t\t<div class=\"elementor-element elementor-element-bf7ede2 elementor-widget elementor-widget-heading\" data-id=\"bf7ede2\" data-element_type=\"widget\" data-e-type=\"widget\" data-widget_type=\"heading.default\">\n\t\t\t\t<div class=\"elementor-widget-container\">\n\t\t\t\t\t<h3 class=\"elementor-heading-title elementor-size-default\">Ardey Quelle &#8211; Gro\u00dfprojekt Dachsanierung<\/h3>\t\t\t\t<\/div>\n\t\t\t\t<\/div>\n\t\t\t\t<div class=\"elementor-element elementor-element-678b441 elementor-widget-divider--view-line elementor-widget elementor-widget-divider\" data-id=\"678b441\" data-element_type=\"widget\" data-e-type=\"widget\" data-widget_type=\"divider.default\">\n\t\t\t\t<div class=\"elementor-widget-container\">\n\t\t\t\t\t\t\t<div class=\"elementor-divider\">\n\t\t\t<span class=\"elementor-divider-separator\">\n\t\t\t\t\t\t<\/span>\n\t\t<\/div>\n\t\t\t\t\t\t<\/div>\n\t\t\t\t<\/div>\n\t\t\t\t<div class=\"elementor-element elementor-element-18e98f7 elementor-widget elementor-widget-theme-post-content\" data-id=\"18e98f7\" data-element_type=\"widget\" data-e-type=\"widget\" data-widget_type=\"theme-post-content.default\">\n\t\t\t\t<div class=\"elementor-widget-container\">\n\t\t\t\t\t\t\t<div data-elementor-type=\"wp-post\" data-elementor-id=\"8448\" class=\"elementor elementor-8448\" data-elementor-post-type=\"post\">\n\t\t\t\t<div class=\"elementor-element elementor-element-00d9fbe e-flex e-con-boxed e-con e-parent\" data-id=\"00d9fbe\" data-element_type=\"container\" data-e-type=\"container\">\n\t\t\t\t\t<div class=\"e-con-inner\">\n\t\t\t\t<div class=\"elementor-element elementor-element-29ecb36 elementor-widget elementor-widget-heading\" data-id=\"29ecb36\" data-element_type=\"widget\" data-e-type=\"widget\" data-widget_type=\"heading.default\">\n\t\t\t\t<div class=\"elementor-widget-container\">\n\t\t\t\t\t<h2 class=\"elementor-heading-title elementor-size-default\">Faber Solartechnik im Magazin \"WIR \u00dcBER UNS\" von RheinfelsQuellen H. H\u00f6velmann!<\/h2>\t\t\t\t<\/div>\n\t\t\t\t<\/div>\n\t\t\t\t<div class=\"elementor-element elementor-element-10dd3e6 elementor-widget elementor-widget-text-editor\" data-id=\"10dd3e6\" data-element_type=\"widget\" data-e-type=\"widget\" data-widget_type=\"text-editor.default\">\n\t\t\t\t<div class=\"elementor-widget-container\">\n\t\t\t\t\t\t\t\t\t<p>Wir freuen uns, dass unsere Arbeit f\u00fcr das Gro\u00dfprojekt <a href=\"https:\/\/ardey-quelle.de\/\" target=\"_blank\" rel=\"noopener\">ARDEY QUELLE<\/a> \u2013 Dachsanierung und Photovoltaik-Installation \u2013 in der aktuellen Ausgabe 2024 des Magazins &#8222;Wir \u00fcber uns&#8220; vorgestellt wird. Die Ausgabe richtet sich an die Mitarbeiter:innen der <a href=\"https:\/\/www.mineralquellen-hoevelmann.de\/\" target=\"_blank\" rel=\"noopener\">H\u00f6velmann Getr\u00e4nke- und Brunnenbetriebe<\/a>.<\/p><p>In dem Artikel wird unsere Rolle als Generalunternehmer bei der Dachsanierung und der Installation von Photovoltaik-Anlagen am Standort Dortmund ausf\u00fchrlich beschrieben. Besonders hervorzuheben ist die enge Zusammenarbeit mit unserem Projektleiter Marco Pfeiffer, der spannende Einblicke in die Herausforderungen und L\u00f6sungen dieses Gro\u00dfprojekts gibt.<\/p>\t\t\t\t\t\t\t\t<\/div>\n\t\t\t\t<\/div>\n\t\t\t\t\t<\/div>\n\t\t\t\t<\/div>\n\t\t<div class=\"elementor-element elementor-element-897ed15 e-flex e-con-boxed e-con e-parent\" data-id=\"897ed15\" data-element_type=\"container\" data-e-type=\"container\">\n\t\t\t\t\t<div class=\"e-con-inner\">\n\t\t<div class=\"elementor-element elementor-element-92a890c e-con-full e-flex e-con e-child\" data-id=\"92a890c\" data-element_type=\"container\" data-e-type=\"container\">\n\t\t\t\t<div class=\"elementor-element elementor-element-8acc649 elementor-invisible elementor-widget elementor-widget-image\" data-id=\"8acc649\" data-element_type=\"widget\" data-e-type=\"widget\" data-settings=\"{&quot;_animation&quot;:&quot;fadeInLeft&quot;}\" data-widget_type=\"image.default\">\n\t\t\t\t<div class=\"elementor-widget-container\">\n\t\t\t\t\t\t\t\t\t\t\t\t\t\t\t\t<a href=\"https:\/\/faber-solartechnik.de\/wp-content\/uploads\/2025\/01\/Wir-ueber-uns-Titelblatt-2024.jpg\" data-elementor-open-lightbox=\"yes\" data-e-action-hash=\"#elementor-action%3Aaction%3Dlightbox%26settings%3DeyJpZCI6ODQ2NCwidXJsIjoiaHR0cHM6XC9cL2ZhYmVyLXNvbGFydGVjaG5pay5kZVwvd3AtY29udGVudFwvdXBsb2Fkc1wvMjAyNVwvMDFcL1dpci11ZWJlci11bnMtVGl0ZWxibGF0dC0yMDI0LmpwZyJ9\">\n\t\t\t\t\t\t\t<img fetchpriority=\"high\" fetchpriority=\"high\" decoding=\"async\" width=\"768\" height=\"1025\" src=\"https:\/\/faber-solartechnik.de\/wp-content\/uploads\/2025\/01\/Wir-ueber-uns-Titelblatt-2024-768x1025.jpg\" class=\"attachment-medium_large size-medium_large wp-image-8464\" alt=\"\" srcset=\"https:\/\/faber-solartechnik.de\/wp-content\/uploads\/2025\/01\/Wir-ueber-uns-Titelblatt-2024-768x1025.jpg 768w, https:\/\/faber-solartechnik.de\/wp-content\/uploads\/2025\/01\/Wir-ueber-uns-Titelblatt-2024-225x300.jpg 225w, https:\/\/faber-solartechnik.de\/wp-content\/uploads\/2025\/01\/Wir-ueber-uns-Titelblatt-2024-767x1024.jpg 767w, https:\/\/faber-solartechnik.de\/wp-content\/uploads\/2025\/01\/Wir-ueber-uns-Titelblatt-2024-9x12.jpg 9w, https:\/\/faber-solartechnik.de\/wp-content\/uploads\/2025\/01\/Wir-ueber-uns-Titelblatt-2024.jpg 1050w\" sizes=\"(max-width: 768px) 100vw, 768px\" \/>\t\t\t\t\t\t\t\t<\/a>\n\t\t\t\t\t\t\t\t\t\t\t\t\t\t\t<\/div>\n\t\t\t\t<\/div>\n\t\t\t\t<\/div>\n\t\t<div class=\"elementor-element elementor-element-fe0da33 e-con-full e-flex e-con e-child\" data-id=\"fe0da33\" data-element_type=\"container\" data-e-type=\"container\">\n\t\t\t\t<div class=\"elementor-element elementor-element-d1cc09a elementor-invisible elementor-widget elementor-widget-image\" data-id=\"d1cc09a\" data-element_type=\"widget\" data-e-type=\"widget\" data-settings=\"{&quot;_animation&quot;:&quot;fadeInRight&quot;}\" data-widget_type=\"image.default\">\n\t\t\t\t<div class=\"elementor-widget-container\">\n\t\t\t\t\t\t\t\t\t\t\t\t\t\t\t\t<a href=\"https:\/\/faber-solartechnik.de\/wp-content\/uploads\/2025\/01\/Ardey-Quelle.png\" data-elementor-open-lightbox=\"yes\" data-e-action-hash=\"#elementor-action%3Aaction%3Dlightbox%26settings%3DeyJpZCI6ODQ2MywidXJsIjoiaHR0cHM6XC9cL2ZhYmVyLXNvbGFydGVjaG5pay5kZVwvd3AtY29udGVudFwvdXBsb2Fkc1wvMjAyNVwvMDFcL0FyZGV5LVF1ZWxsZS5wbmcifQ%3D%3D\">\n\t\t\t\t\t\t\t<img decoding=\"async\" width=\"768\" height=\"1024\" src=\"https:\/\/faber-solartechnik.de\/wp-content\/uploads\/2025\/01\/Ardey-Quelle-768x1024.png\" class=\"attachment-medium_large size-medium_large wp-image-8463\" alt=\"\" srcset=\"https:\/\/faber-solartechnik.de\/wp-content\/uploads\/2025\/01\/Ardey-Quelle-768x1024.png 768w, https:\/\/faber-solartechnik.de\/wp-content\/uploads\/2025\/01\/Ardey-Quelle-225x300.png 225w, https:\/\/faber-solartechnik.de\/wp-content\/uploads\/2025\/01\/Ardey-Quelle-9x12.png 9w, https:\/\/faber-solartechnik.de\/wp-content\/uploads\/2025\/01\/Ardey-Quelle.png 1051w\" sizes=\"(max-width: 768px) 100vw, 768px\" \/>\t\t\t\t\t\t\t\t<\/a>\n\t\t\t\t\t\t\t\t\t\t\t\t\t\t\t<\/div>\n\t\t\t\t<\/div>\n\t\t\t\t<\/div>\n\t\t\t\t\t<\/div>\n\t\t\t\t<\/div>\n\t\t<div class=\"elementor-element elementor-element-970a18b e-flex e-con-boxed e-con e-parent\" data-id=\"970a18b\" data-element_type=\"container\" data-e-type=\"container\">\n\t\t\t\t\t<div class=\"e-con-inner\">\n\t\t\t\t<div class=\"elementor-element elementor-element-4b6977e elementor-widget-divider--view-line elementor-widget elementor-widget-divider\" data-id=\"4b6977e\" data-element_type=\"widget\" data-e-type=\"widget\" data-widget_type=\"divider.default\">\n\t\t\t\t<div class=\"elementor-widget-container\">\n\t\t\t\t\t\t\t<div class=\"elementor-divider\">\n\t\t\t<span class=\"elementor-divider-separator\">\n\t\t\t\t\t\t<\/span>\n\t\t<\/div>\n\t\t\t\t\t\t<\/div>\n\t\t\t\t<\/div>\n\t\t\t\t<div class=\"elementor-element elementor-element-e63b3a1 elementor-widget elementor-widget-heading\" data-id=\"e63b3a1\" data-element_type=\"widget\" data-e-type=\"widget\" data-widget_type=\"heading.default\">\n\t\t\t\t<div class=\"elementor-widget-container\">\n\t\t\t\t\t<h3 class=\"elementor-heading-title elementor-size-default\">Highlights des Projekts<\/h3>\t\t\t\t<\/div>\n\t\t\t\t<\/div>\n\t\t\t\t<div class=\"elementor-element elementor-element-aa04222 elementor-widget elementor-widget-text-editor\" data-id=\"aa04222\" data-element_type=\"widget\" data-e-type=\"widget\" data-widget_type=\"text-editor.default\">\n\t\t\t\t<div class=\"elementor-widget-container\">\n\t\t\t\t\t\t\t\t\t<ul><li>Sanierung einer Dachfl\u00e4che von 13.000 m\u00b2<\/li><li>Photovoltaik-Anlage mit 1.006 kWp Leistung, davon 728 kWp Eigenverbrauchsanlage<\/li><li>Herausforderungen wie wetterbedingte Verz\u00f6gerungen, eine komplexe Logistik und der Einsatz eines 600-kVA-Notstromaggregats w\u00e4hrend des Umbaus der Mittelspannungsanlage<\/li><li>Innovative L\u00f6sungen zur Optimierung des Entw\u00e4sserungssystems und der Abdichtung<\/li><\/ul>\t\t\t\t\t\t\t\t<\/div>\n\t\t\t\t<\/div>\n\t\t\t\t\t<\/div>\n\t\t\t\t<\/div>\n\t\t<div class=\"elementor-element elementor-element-ea8d005 e-grid e-con-boxed e-con e-parent\" data-id=\"ea8d005\" data-element_type=\"container\" data-e-type=\"container\">\n\t\t\t\t\t<div class=\"e-con-inner\">\n\t\t\t\t<div class=\"elementor-element elementor-element-83caca5 elementor-invisible elementor-widget elementor-widget-image\" data-id=\"83caca5\" data-element_type=\"widget\" data-e-type=\"widget\" data-settings=\"{&quot;_animation&quot;:&quot;zoomIn&quot;}\" data-widget_type=\"image.default\">\n\t\t\t\t<div class=\"elementor-widget-container\">\n\t\t\t\t\t\t\t\t\t\t\t\t\t\t\t\t<a href=\"https:\/\/faber-solartechnik.de\/wp-content\/uploads\/2025\/01\/ARDEY-QUELLE-PVA-Dortmund-7-1.jpeg\" data-elementor-open-lightbox=\"yes\" data-e-action-hash=\"#elementor-action%3Aaction%3Dlightbox%26settings%3DeyJpZCI6ODQ2OCwidXJsIjoiaHR0cHM6XC9cL2ZhYmVyLXNvbGFydGVjaG5pay5kZVwvd3AtY29udGVudFwvdXBsb2Fkc1wvMjAyNVwvMDFcL0FSREVZLVFVRUxMRS1QVkEtRG9ydG11bmQtNy0xLmpwZWcifQ%3D%3D\">\n\t\t\t\t\t\t\t<img decoding=\"async\" width=\"768\" height=\"576\" src=\"https:\/\/faber-solartechnik.de\/wp-content\/uploads\/2025\/01\/ARDEY-QUELLE-PVA-Dortmund-7-1-768x576.jpeg\" class=\"attachment-medium_large size-medium_large wp-image-8468\" alt=\"\" srcset=\"https:\/\/faber-solartechnik.de\/wp-content\/uploads\/2025\/01\/ARDEY-QUELLE-PVA-Dortmund-7-1-768x576.jpeg 768w, https:\/\/faber-solartechnik.de\/wp-content\/uploads\/2025\/01\/ARDEY-QUELLE-PVA-Dortmund-7-1-300x225.jpeg 300w, https:\/\/faber-solartechnik.de\/wp-content\/uploads\/2025\/01\/ARDEY-QUELLE-PVA-Dortmund-7-1-1024x768.jpeg 1024w, https:\/\/faber-solartechnik.de\/wp-content\/uploads\/2025\/01\/ARDEY-QUELLE-PVA-Dortmund-7-1-16x12.jpeg 16w, https:\/\/faber-solartechnik.de\/wp-content\/uploads\/2025\/01\/ARDEY-QUELLE-PVA-Dortmund-7-1.jpeg 1280w\" sizes=\"(max-width: 768px) 100vw, 768px\" \/>\t\t\t\t\t\t\t\t<\/a>\n\t\t\t\t\t\t\t\t\t\t\t\t\t\t\t<\/div>\n\t\t\t\t<\/div>\n\t\t\t\t<div class=\"elementor-element elementor-element-58fe99c elementor-invisible elementor-widget elementor-widget-image\" data-id=\"58fe99c\" data-element_type=\"widget\" data-e-type=\"widget\" data-settings=\"{&quot;_animation&quot;:&quot;zoomIn&quot;,&quot;_animation_delay&quot;:300}\" data-widget_type=\"image.default\">\n\t\t\t\t<div class=\"elementor-widget-container\">\n\t\t\t\t\t\t\t\t\t\t\t\t\t\t\t\t<a href=\"https:\/\/faber-solartechnik.de\/wp-content\/uploads\/2025\/01\/ARDEY-QUELLE-PVA-Dortmund-6-1.jpeg\" data-elementor-open-lightbox=\"yes\" data-e-action-hash=\"#elementor-action%3Aaction%3Dlightbox%26settings%3DeyJpZCI6ODQ2NywidXJsIjoiaHR0cHM6XC9cL2ZhYmVyLXNvbGFydGVjaG5pay5kZVwvd3AtY29udGVudFwvdXBsb2Fkc1wvMjAyNVwvMDFcL0FSREVZLVFVRUxMRS1QVkEtRG9ydG11bmQtNi0xLmpwZWcifQ%3D%3D\">\n\t\t\t\t\t\t\t<img loading=\"lazy\" loading=\"lazy\" decoding=\"async\" width=\"768\" height=\"576\" src=\"https:\/\/faber-solartechnik.de\/wp-content\/uploads\/2025\/01\/ARDEY-QUELLE-PVA-Dortmund-6-1-768x576.jpeg\" class=\"attachment-medium_large size-medium_large wp-image-8467\" alt=\"\" srcset=\"https:\/\/faber-solartechnik.de\/wp-content\/uploads\/2025\/01\/ARDEY-QUELLE-PVA-Dortmund-6-1-768x576.jpeg 768w, https:\/\/faber-solartechnik.de\/wp-content\/uploads\/2025\/01\/ARDEY-QUELLE-PVA-Dortmund-6-1-300x225.jpeg 300w, https:\/\/faber-solartechnik.de\/wp-content\/uploads\/2025\/01\/ARDEY-QUELLE-PVA-Dortmund-6-1-1024x768.jpeg 1024w, https:\/\/faber-solartechnik.de\/wp-content\/uploads\/2025\/01\/ARDEY-QUELLE-PVA-Dortmund-6-1-16x12.jpeg 16w, https:\/\/faber-solartechnik.de\/wp-content\/uploads\/2025\/01\/ARDEY-QUELLE-PVA-Dortmund-6-1.jpeg 1280w\" sizes=\"auto, (max-width: 768px) 100vw, 768px\" \/>\t\t\t\t\t\t\t\t<\/a>\n\t\t\t\t\t\t\t\t\t\t\t\t\t\t\t<\/div>\n\t\t\t\t<\/div>\n\t\t\t\t<div class=\"elementor-element elementor-element-13c6de2 elementor-invisible elementor-widget elementor-widget-image\" data-id=\"13c6de2\" data-element_type=\"widget\" data-e-type=\"widget\" data-settings=\"{&quot;_animation&quot;:&quot;zoomIn&quot;,&quot;_animation_delay&quot;:300}\" data-widget_type=\"image.default\">\n\t\t\t\t<div class=\"elementor-widget-container\">\n\t\t\t\t\t\t\t\t\t\t\t\t\t\t\t\t<a href=\"https:\/\/faber-solartechnik.de\/wp-content\/uploads\/2025\/01\/ARDEY-QUELLE-PVA-Dortmund-3-1.jpeg\" data-elementor-open-lightbox=\"yes\" data-e-action-hash=\"#elementor-action%3Aaction%3Dlightbox%26settings%3DeyJpZCI6ODQ2NiwidXJsIjoiaHR0cHM6XC9cL2ZhYmVyLXNvbGFydGVjaG5pay5kZVwvd3AtY29udGVudFwvdXBsb2Fkc1wvMjAyNVwvMDFcL0FSREVZLVFVRUxMRS1QVkEtRG9ydG11bmQtMy0xLmpwZWcifQ%3D%3D\">\n\t\t\t\t\t\t\t<img loading=\"lazy\" loading=\"lazy\" decoding=\"async\" width=\"768\" height=\"576\" src=\"https:\/\/faber-solartechnik.de\/wp-content\/uploads\/2025\/01\/ARDEY-QUELLE-PVA-Dortmund-3-1-768x576.jpeg\" class=\"attachment-medium_large size-medium_large wp-image-8466\" alt=\"\" srcset=\"https:\/\/faber-solartechnik.de\/wp-content\/uploads\/2025\/01\/ARDEY-QUELLE-PVA-Dortmund-3-1-768x576.jpeg 768w, https:\/\/faber-solartechnik.de\/wp-content\/uploads\/2025\/01\/ARDEY-QUELLE-PVA-Dortmund-3-1-300x225.jpeg 300w, https:\/\/faber-solartechnik.de\/wp-content\/uploads\/2025\/01\/ARDEY-QUELLE-PVA-Dortmund-3-1-1024x768.jpeg 1024w, https:\/\/faber-solartechnik.de\/wp-content\/uploads\/2025\/01\/ARDEY-QUELLE-PVA-Dortmund-3-1-16x12.jpeg 16w, https:\/\/faber-solartechnik.de\/wp-content\/uploads\/2025\/01\/ARDEY-QUELLE-PVA-Dortmund-3-1.jpeg 1280w\" sizes=\"auto, (max-width: 768px) 100vw, 768px\" \/>\t\t\t\t\t\t\t\t<\/a>\n\t\t\t\t\t\t\t\t\t\t\t\t\t\t\t<\/div>\n\t\t\t\t<\/div>\n\t\t\t\t<div class=\"elementor-element elementor-element-64c9bd5 elementor-invisible elementor-widget elementor-widget-image\" data-id=\"64c9bd5\" data-element_type=\"widget\" data-e-type=\"widget\" data-settings=\"{&quot;_animation&quot;:&quot;zoomIn&quot;}\" data-widget_type=\"image.default\">\n\t\t\t\t<div class=\"elementor-widget-container\">\n\t\t\t\t\t\t\t\t\t\t\t\t\t\t\t\t<a href=\"https:\/\/faber-solartechnik.de\/wp-content\/uploads\/2025\/01\/ARDEY-QUELLE-PVA-Dortmund-1-1.jpeg\" data-elementor-open-lightbox=\"yes\" data-e-action-hash=\"#elementor-action%3Aaction%3Dlightbox%26settings%3DeyJpZCI6ODQ2NSwidXJsIjoiaHR0cHM6XC9cL2ZhYmVyLXNvbGFydGVjaG5pay5kZVwvd3AtY29udGVudFwvdXBsb2Fkc1wvMjAyNVwvMDFcL0FSREVZLVFVRUxMRS1QVkEtRG9ydG11bmQtMS0xLmpwZWcifQ%3D%3D\">\n\t\t\t\t\t\t\t<img loading=\"lazy\" loading=\"lazy\" decoding=\"async\" width=\"768\" height=\"576\" src=\"https:\/\/faber-solartechnik.de\/wp-content\/uploads\/2025\/01\/ARDEY-QUELLE-PVA-Dortmund-1-1-768x576.jpeg\" class=\"attachment-medium_large size-medium_large wp-image-8465\" alt=\"\" srcset=\"https:\/\/faber-solartechnik.de\/wp-content\/uploads\/2025\/01\/ARDEY-QUELLE-PVA-Dortmund-1-1-768x576.jpeg 768w, https:\/\/faber-solartechnik.de\/wp-content\/uploads\/2025\/01\/ARDEY-QUELLE-PVA-Dortmund-1-1-300x225.jpeg 300w, https:\/\/faber-solartechnik.de\/wp-content\/uploads\/2025\/01\/ARDEY-QUELLE-PVA-Dortmund-1-1-1024x768.jpeg 1024w, https:\/\/faber-solartechnik.de\/wp-content\/uploads\/2025\/01\/ARDEY-QUELLE-PVA-Dortmund-1-1-16x12.jpeg 16w, https:\/\/faber-solartechnik.de\/wp-content\/uploads\/2025\/01\/ARDEY-QUELLE-PVA-Dortmund-1-1.jpeg 1280w\" sizes=\"auto, (max-width: 768px) 100vw, 768px\" \/>\t\t\t\t\t\t\t\t<\/a>\n\t\t\t\t\t\t\t\t\t\t\t\t\t\t\t<\/div>\n\t\t\t\t<\/div>\n\t\t\t\t\t<\/div>\n\t\t\t\t<\/div>\n\t\t<div class=\"elementor-element elementor-element-8fc3367 e-flex e-con-boxed e-con e-parent\" data-id=\"8fc3367\" data-element_type=\"container\" data-e-type=\"container\">\n\t\t\t\t\t<div class=\"e-con-inner\">\n\t\t\t\t<div class=\"elementor-element elementor-element-c2d064a elementor-widget elementor-widget-text-editor\" data-id=\"c2d064a\" data-element_type=\"widget\" data-e-type=\"widget\" data-widget_type=\"text-editor.default\">\n\t\t\t\t<div class=\"elementor-widget-container\">\n\t\t\t\t\t\t\t\t\t<p>Der vollst\u00e4ndige Originaltext des Artikels zeigt die Details unserer Arbeit und die Herausforderungen, die wir erfolgreich gemeistert haben. Lesen Sie hier den Originaltext aus dem Magazin:<\/p>\t\t\t\t\t\t\t\t<\/div>\n\t\t\t\t<\/div>\n\t\t\t\t<div class=\"elementor-element elementor-element-7ebb941 elementor-widget-divider--view-line elementor-widget elementor-widget-divider\" data-id=\"7ebb941\" data-element_type=\"widget\" data-e-type=\"widget\" data-widget_type=\"divider.default\">\n\t\t\t\t<div class=\"elementor-widget-container\">\n\t\t\t\t\t\t\t<div class=\"elementor-divider\">\n\t\t\t<span class=\"elementor-divider-separator\">\n\t\t\t\t\t\t<\/span>\n\t\t<\/div>\n\t\t\t\t\t\t<\/div>\n\t\t\t\t<\/div>\n\t\t\t\t<div class=\"elementor-element elementor-element-79b3a05 elementor-widget elementor-widget-heading\" data-id=\"79b3a05\" data-element_type=\"widget\" data-e-type=\"widget\" data-widget_type=\"heading.default\">\n\t\t\t\t<div class=\"elementor-widget-container\">\n\t\t\t\t\t<h2 class=\"elementor-heading-title elementor-size-default\">ARDEY QUELLE<\/h2>\t\t\t\t<\/div>\n\t\t\t\t<\/div>\n\t\t\t\t<div class=\"elementor-element elementor-element-e1a5e01 elementor-widget elementor-widget-heading\" data-id=\"e1a5e01\" data-element_type=\"widget\" data-e-type=\"widget\" data-widget_type=\"heading.default\">\n\t\t\t\t<div class=\"elementor-widget-container\">\n\t\t\t\t\t<h3 class=\"elementor-heading-title elementor-size-default\">Gro\u00dfprojekt Dachsanierung\n\n<\/h3>\t\t\t\t<\/div>\n\t\t\t\t<\/div>\n\t\t\t\t<div class=\"elementor-element elementor-element-273c56b elementor-widget elementor-widget-text-editor\" data-id=\"273c56b\" data-element_type=\"widget\" data-e-type=\"widget\" data-widget_type=\"text-editor.default\">\n\t\t\t\t<div class=\"elementor-widget-container\">\n\t\t\t\t\t\t\t\t\t<p>Faber Solartechnik, Generalunternehmer aus B\u00fcnde, unterbreitete Ardey Quelle in Vorgespr\u00e4chen einen \u00fcberzeugenden L\u00f6sungsvorschlag, der eine vollst\u00e4ndige Sanierung der Dachfl\u00e4che am Standort Dortmund vorsah. W\u00e4hrend wir nur einen Teil f\u00fcr unsere eigene Photovoltaikanlage nutzen, wird die restliche Fl\u00e4che an Faber Solartechnik zur Installation ihrer PV-Anlagen mit 1.006 kWp verpachtet. Unsere Eigenverbrauchsanlage umfasst 728 kWp, um einen Gro\u00dfteil unseres Energiebedarfs zu decken. Wir haben den <strong>Projektleiter Marco Pfeiffer von Faber Solartechnik<\/strong> zum aktuellen Stand der Arbeiten befragt.<\/p>\t\t\t\t\t\t\t\t<\/div>\n\t\t\t\t<\/div>\n\t\t\t\t<div class=\"elementor-element elementor-element-6e754a8 elementor-widget elementor-widget-text-editor\" data-id=\"6e754a8\" data-element_type=\"widget\" data-e-type=\"widget\" data-widget_type=\"text-editor.default\">\n\t\t\t\t<div class=\"elementor-widget-container\">\n\t\t\t\t\t\t\t\t\t<h4>Wie weit sind Sie in der Umsetzung?<\/h4><p>Die Anlage produziert bereits Strom. Wir befinden uns in der finalen Abstimmung mit dem Messstellenbetreiber, dem Netzbetreiber und dem Direktvermarkter. Derzeit optimieren wir die Abl\u00e4ufe, um eine pr\u00e4zise Abrechnung der \u00dcberschusseinspeisung sicherzustellen. Dann folgt die Endabnahme, geplant ist sie bis Jahresende. Eine Anlage in zwei Bereiche zu \u00adaufzuteilen und sowohl als Eigenverbrauchsanlage wie auch als Pacht- und Investmentanlage zu konzipieren, bedarf genauer Planung und guter Zusammenarbeit zwischen uns, dem K\u00e4ufer, etwaigen Investoren und auch den Messstellen- und Netzbetreibern. Leider haben uns bei diesem Gro\u00dfprojekt einige Herausforderungen zeitlich etwas zur\u00fcckgeworfen.<\/p><h4>Welche Herausforderungen gab es?<\/h4><p>Die k\u00fcrzeren Tageslichtzeiten in den Wintermonaten erschwerten die Arbeiten auf dem Dach erheblich. Zudem mussten wir \u2013 wie in dieser Jahreszeit nicht un\u00fcblich \u2013 krankheitsbedingte Ausf\u00e4lle im Team ber\u00fccksichtigen. Nat\u00fcrlich sind diese Faktoren nicht neu und werden auch immer in einer Planung \u00fcber die Schlechtwetter-Monate ein St\u00fcck weit miteinbezogen, dennoch f\u00fchrte das wochenlang verregnete Fr\u00fchjahr zu gr\u00f6\u00dferen Verz\u00f6gerungen, die in der Form weder voraussehbar noch komplett planbar waren. Bauabschnitte mussten wetterbedingt aufgeteilt werden. Dadurch wurden Folgeabl\u00e4ufe und auch parallel laufende andere Projekte mit beeinflusst. Lieferengp\u00e4sse bei Zuliefer-Unternehmen und eine sehr hohe Nachfrage auf dem PV-Markt waren ebenfalls ein Faktor. Da es bei diesem Projekt nicht nur um die Errichtung der PV-Anlage ging, waren auch der Bausektor, die Anlieferungen und die dortige Logistik zu ber\u00fccksichtigen. Hinzu kommen die deutschlandweit boomenden PV-Anfragen bei den Netzanbietern, auf die wir als Solar-General-Unternehmen wenig Einfluss haben, aber ohne deren Freigaben wir nicht weiterkamen. Urspr\u00fcnglich sollte die Anlage im April ans Netz gehen, es wurde dann leider doch Ende Juni.<\/p><h4>Wie sehen Ihre L\u00f6sungen aus?<\/h4><p>F\u00fcr den Umbau des Transformators und der Mittelspannungsanlage mussten wir aus R\u00fccksicht auf die laufende Produktion und um den Ausfall so gering wie m\u00f6glich halten, den gesamten Betrieb am Standort Dortmund vom Stromnetz nehmen und \u00fcber einen 600-kVA-Notstromaggregat weiter versorgen. Unser Team arbeitete rund um die Uhr, um sicherzustellen, dass die Produktion zu Wochenbeginn wieder reibungslos anlaufen konnte.<br \/>Eine Dachfl\u00e4che in der Gr\u00f6\u00dfenordnung zu sanieren, ist schon eine enorme Herausforderung. Mit Dauerregen und St\u00fcrmen war es auch f\u00fcr uns eine bisher noch nie gemachte Erfahrung. Wir konnten nur abschnittsweise arbeiten, weil der Untergrund f\u00fcr das Verlegen der FPO-Bahnen trocken sein musste. Einige Teile waren aufwendig mit Planen zu sch\u00fctzen. Das bedeutete zus\u00e4tzlichen Arbeitsaufwand. Hinzu kam die Beseitigung einer Kiesabdeckung auf dem etwa 1.000 Quadratmeter gro\u00dfen Flachdach des B\u00fcrobereichs, bevor wir mit der eigentlichen Sanierung beginnen konnten. S\u00e4mtliche Anschl\u00fcsse der vielen Lichtb\u00e4nder und Lichtkuppeln auf dem Dach mussten erneuert werden. W\u00e4hrend der Arbeiten entdeckten wir, dass das vorhandene Entw\u00e4sserungssystem unzureichend war, sodass wir zus\u00e4tzliche Gullys sowie Keile installieren mussten, um das Regenwasser gezielt abzuf\u00fchren.<\/p>\t\t\t\t\t\t\t\t<\/div>\n\t\t\t\t<\/div>\n\t\t<div class=\"elementor-element elementor-element-2486411 e-con-full e-flex elementor-invisible e-con e-child\" data-id=\"2486411\" data-element_type=\"container\" data-e-type=\"container\" data-settings=\"{&quot;animation&quot;:&quot;fadeInUp&quot;}\">\n\t\t\t\t<div class=\"elementor-element elementor-element-b2f7876 elementor-widget elementor-widget-button\" data-id=\"b2f7876\" data-element_type=\"widget\" data-e-type=\"widget\" data-widget_type=\"button.default\">\n\t\t\t\t<div class=\"elementor-widget-container\">\n\t\t\t\t\t\t\t\t\t<div class=\"elementor-button-wrapper\">\n\t\t\t\t\t<a class=\"elementor-button elementor-button-link elementor-size-sm\" href=\"https:\/\/getraenkegruppe-hoevelmann.de\/?r3d=wir-ueber-uns-2024\" target=\"_blank\" rel=\"noopener\">\n\t\t\t\t\t\t<span class=\"elementor-button-content-wrapper\">\n\t\t\t\t\t\t<span class=\"elementor-button-icon\">\n\t\t\t\t<i aria-hidden=\"true\" class=\"fas fa-eye\"><\/i>\t\t\t<\/span>\n\t\t\t\t\t\t\t\t\t<span class=\"elementor-button-text\">Online-Version \"WIR \u00dcBER UNS\" 2024<\/span>\n\t\t\t\t\t<\/span>\n\t\t\t\t\t<\/a>\n\t\t\t\t<\/div>\n\t\t\t\t\t\t\t\t<\/div>\n\t\t\t\t<\/div>\n\t\t\t\t<div class=\"elementor-element elementor-element-37c2131 elementor-widget elementor-widget-button\" data-id=\"37c2131\" data-element_type=\"widget\" data-e-type=\"widget\" data-widget_type=\"button.default\">\n\t\t\t\t<div class=\"elementor-widget-container\">\n\t\t\t\t\t\t\t\t\t<div class=\"elementor-button-wrapper\">\n\t\t\t\t\t<a class=\"elementor-button elementor-button-link elementor-size-sm\" href=\"https:\/\/getraenkegruppe-hoevelmann.de\/\" target=\"_blank\" rel=\"noopener\">\n\t\t\t\t\t\t<span class=\"elementor-button-content-wrapper\">\n\t\t\t\t\t\t<span class=\"elementor-button-icon\">\n\t\t\t\t<i aria-hidden=\"true\" class=\"fas fa-folder-open\"><\/i>\t\t\t<\/span>\n\t\t\t\t\t\t\t\t\t<span class=\"elementor-button-text\">Weitere Ausgaben<\/span>\n\t\t\t\t\t<\/span>\n\t\t\t\t\t<\/a>\n\t\t\t\t<\/div>\n\t\t\t\t\t\t\t\t<\/div>\n\t\t\t\t<\/div>\n\t\t\t\t<\/div>\n\t\t\t\t<div class=\"elementor-element elementor-element-b1dd16d elementor-widget-divider--view-line elementor-widget elementor-widget-divider\" data-id=\"b1dd16d\" data-element_type=\"widget\" data-e-type=\"widget\" data-widget_type=\"divider.default\">\n\t\t\t\t<div class=\"elementor-widget-container\">\n\t\t\t\t\t\t\t<div class=\"elementor-divider\">\n\t\t\t<span class=\"elementor-divider-separator\">\n\t\t\t\t\t\t<\/span>\n\t\t<\/div>\n\t\t\t\t\t\t<\/div>\n\t\t\t\t<\/div>\n\t\t\t\t<div class=\"elementor-element elementor-element-142998f elementor-widget elementor-widget-text-editor\" data-id=\"142998f\" data-element_type=\"widget\" data-e-type=\"widget\" data-widget_type=\"text-editor.default\">\n\t\t\t\t<div class=\"elementor-widget-container\">\n\t\t\t\t\t\t\t\t\t<p class=\"ZITAT\"><span style=\"letter-spacing: .9pt;\">\u201e<\/span>Eine Dachsanierung von 13.000 Quadratmeter ist selbst f\u00fcr uns Profis eine au\u00dfergew\u00f6hnliche Herausforderung und birgt dann doch oftmals ungeahnte und vorab auch nicht planbare zus\u00e4tzliche Schritte.\u201c<\/p>\t\t\t\t\t\t\t\t<\/div>\n\t\t\t\t<\/div>\n\t\t\t\t\t<\/div>\n\t\t\t\t<\/div>\n\t\t<div class=\"elementor-element elementor-element-93cde38 e-con-full e-flex e-con e-child\" data-id=\"93cde38\" data-element_type=\"container\" data-e-type=\"container\" data-settings=\"{&quot;background_background&quot;:&quot;classic&quot;}\">\n\t\t<div class=\"elementor-element elementor-element-8963120 e-con-full e-flex e-con e-child\" data-id=\"8963120\" data-element_type=\"container\" data-e-type=\"container\">\n\t\t\t\t<div class=\"elementor-element elementor-element-b7922ea elementor-widget elementor-widget-image\" data-id=\"b7922ea\" data-element_type=\"widget\" data-e-type=\"widget\" data-widget_type=\"image.default\">\n\t\t\t\t<div class=\"elementor-widget-container\">\n\t\t\t\t\t\t\t\t\t\t\t\t\t\t\t\t<a href=\"https:\/\/faber-solartechnik.de\/wp-content\/uploads\/2025\/01\/Marco.jpg\" data-elementor-open-lightbox=\"yes\" data-e-action-hash=\"#elementor-action%3Aaction%3Dlightbox%26settings%3DeyJpZCI6ODQ1OCwidXJsIjoiaHR0cHM6XC9cL2ZhYmVyLXNvbGFydGVjaG5pay5kZVwvd3AtY29udGVudFwvdXBsb2Fkc1wvMjAyNVwvMDFcL01hcmNvLmpwZyJ9\">\n\t\t\t\t\t\t\t<img loading=\"lazy\" loading=\"lazy\" decoding=\"async\" width=\"300\" height=\"300\" src=\"https:\/\/faber-solartechnik.de\/wp-content\/uploads\/2025\/01\/Marco-300x300.jpg\" class=\"attachment-medium size-medium wp-image-8458\" alt=\"\" srcset=\"https:\/\/faber-solartechnik.de\/wp-content\/uploads\/2025\/01\/Marco-300x300.jpg 300w, https:\/\/faber-solartechnik.de\/wp-content\/uploads\/2025\/01\/Marco-150x150.jpg 150w, https:\/\/faber-solartechnik.de\/wp-content\/uploads\/2025\/01\/Marco-12x12.jpg 12w, https:\/\/faber-solartechnik.de\/wp-content\/uploads\/2025\/01\/Marco-400x400.jpg 400w, https:\/\/faber-solartechnik.de\/wp-content\/uploads\/2025\/01\/Marco.jpg 420w\" sizes=\"auto, (max-width: 300px) 100vw, 300px\" \/>\t\t\t\t\t\t\t\t<\/a>\n\t\t\t\t\t\t\t\t\t\t\t\t\t\t\t<\/div>\n\t\t\t\t<\/div>\n\t\t\t\t<\/div>\n\t\t<div class=\"elementor-element elementor-element-dcd51ab e-con-full e-flex e-con e-child\" data-id=\"dcd51ab\" data-element_type=\"container\" data-e-type=\"container\">\n\t\t\t\t<div class=\"elementor-element elementor-element-1751f3f elementor-widget elementor-widget-heading\" data-id=\"1751f3f\" data-element_type=\"widget\" data-e-type=\"widget\" data-widget_type=\"heading.default\">\n\t\t\t\t<div class=\"elementor-widget-container\">\n\t\t\t\t\t<span class=\"elementor-heading-title elementor-size-default\">Marco Pfeiffer<\/span>\t\t\t\t<\/div>\n\t\t\t\t<\/div>\n\t\t\t\t<div class=\"elementor-element elementor-element-93d1b24 elementor-widget elementor-widget-heading\" data-id=\"93d1b24\" data-element_type=\"widget\" data-e-type=\"widget\" data-widget_type=\"heading.default\">\n\t\t\t\t<div class=\"elementor-widget-container\">\n\t\t\t\t\t<span class=\"elementor-heading-title elementor-size-default\">Projektleiter Faber Solartechnik <\/span>\t\t\t\t<\/div>\n\t\t\t\t<\/div>\n\t\t\t\t<div class=\"elementor-element elementor-element-10a97bb elementor-align-start elementor-widget__width-auto elementor-tablet_extra-align-center elementor-icon-list--layout-traditional elementor-list-item-link-full_width elementor-invisible elementor-widget elementor-widget-icon-list\" data-id=\"10a97bb\" data-element_type=\"widget\" data-e-type=\"widget\" data-settings=\"{&quot;_animation&quot;:&quot;fadeIn&quot;}\" data-widget_type=\"icon-list.default\">\n\t\t\t\t<div class=\"elementor-widget-container\">\n\t\t\t\t\t\t\t<ul class=\"elementor-icon-list-items\">\n\t\t\t\t\t\t\t<li class=\"elementor-icon-list-item\">\n\t\t\t\t\t\t\t\t\t\t\t<a href=\"tel:+4952236570825\">\n\n\t\t\t\t\t\t\t\t\t\t\t\t<span class=\"elementor-icon-list-icon\">\n\t\t\t\t\t\t\t<i aria-hidden=\"true\" class=\"fas fa-phone-alt\"><\/i>\t\t\t\t\t\t<\/span>\n\t\t\t\t\t\t\t\t\t\t<span class=\"elementor-icon-list-text\"><strong>Telefon<\/strong> (+49) 05223 65708-25<\/span>\n\t\t\t\t\t\t\t\t\t\t\t<\/a>\n\t\t\t\t\t\t\t\t\t<\/li>\n\t\t\t\t\t\t\t\t<li class=\"elementor-icon-list-item\">\n\t\t\t\t\t\t\t\t\t\t\t<a href=\"mailto:m.pfeiffer@faber-solartechnik.de\">\n\n\t\t\t\t\t\t\t\t\t\t\t\t<span class=\"elementor-icon-list-icon\">\n\t\t\t\t\t\t\t<i aria-hidden=\"true\" class=\"fas fa-at\"><\/i>\t\t\t\t\t\t<\/span>\n\t\t\t\t\t\t\t\t\t\t<span class=\"elementor-icon-list-text\"><strong>Mail<\/strong> m.pfeiffer@faber-solartechnik.de<\/span>\n\t\t\t\t\t\t\t\t\t\t\t<\/a>\n\t\t\t\t\t\t\t\t\t<\/li>\n\t\t\t\t\t\t<\/ul>\n\t\t\t\t\t\t<\/div>\n\t\t\t\t<\/div>\n\t\t\t\t<\/div>\n\t\t\t\t<\/div>\n\t\t<div class=\"elementor-element elementor-element-4446caa e-flex e-con-boxed e-con e-parent\" data-id=\"4446caa\" data-element_type=\"container\" data-e-type=\"container\">\n\t\t\t\t\t<div class=\"e-con-inner\">\n\t\t\t\t<div class=\"elementor-element elementor-element-ead7735 elementor-widget-divider--view-line elementor-widget elementor-widget-divider\" data-id=\"ead7735\" data-element_type=\"widget\" data-e-type=\"widget\" data-widget_type=\"divider.default\">\n\t\t\t\t<div class=\"elementor-widget-container\">\n\t\t\t\t\t\t\t<div class=\"elementor-divider\">\n\t\t\t<span class=\"elementor-divider-separator\">\n\t\t\t\t\t\t<\/span>\n\t\t<\/div>\n\t\t\t\t\t\t<\/div>\n\t\t\t\t<\/div>\n\t\t\t\t<div class=\"elementor-element elementor-element-72d2f70 elementor-widget elementor-widget-text-editor\" data-id=\"72d2f70\" data-element_type=\"widget\" data-e-type=\"widget\" data-widget_type=\"text-editor.default\">\n\t\t\t\t<div class=\"elementor-widget-container\">\n\t\t\t\t\t\t\t\t\t<p>Wir bedanken uns herzlich bei der <strong>RheinfelsQuellen H. H\u00f6velmann GmbH &amp; Co. KG<\/strong> f\u00fcr die M\u00f6glichkeit, dieses spannende Projekt in ihrem Magazin pr\u00e4sentieren zu d\u00fcrfen!<\/p><p>Bleiben Sie auf dem Laufenden: Folgen Sie uns auf unseren sozialen Kan\u00e4len oder kontaktieren Sie uns f\u00fcr weitere Informationen zu unseren Leistungen im Bereich Solarenergie und Dachsanierung.<\/p>\t\t\t\t\t\t\t\t<\/div>\n\t\t\t\t<\/div>\n\t\t\t\t\t<\/div>\n\t\t\t\t<\/div>\n\t\t<div class=\"elementor-element elementor-element-3c82a29 e-flex e-con-boxed e-con e-parent\" data-id=\"3c82a29\" data-element_type=\"container\" data-e-type=\"container\">\n\t\t\t\t\t<div class=\"e-con-inner\">\n\t\t\t\t<div class=\"elementor-element elementor-element-e7c9bda elementor-shape-circle elementor-grid-0 e-grid-align-center elementor-widget elementor-widget-social-icons\" data-id=\"e7c9bda\" data-element_type=\"widget\" data-e-type=\"widget\" data-widget_type=\"social-icons.default\">\n\t\t\t\t<div class=\"elementor-widget-container\">\n\t\t\t\t\t\t\t<div class=\"elementor-social-icons-wrapper elementor-grid\" role=\"list\">\n\t\t\t\t\t\t\t<span class=\"elementor-grid-item\" role=\"listitem\">\n\t\t\t\t\t<a class=\"elementor-icon elementor-social-icon elementor-social-icon-instagram elementor-animation-grow elementor-repeater-item-4c709ca\" href=\"https:\/\/www.instagram.com\/faber.energy\/\" target=\"_blank\" rel=\"noopener\">\n\t\t\t\t\t\t<span class=\"elementor-screen-only\">Instagram<\/span>\n\t\t\t\t\t\t<i aria-hidden=\"true\" class=\"fab fa-instagram\"><\/i>\t\t\t\t\t<\/a>\n\t\t\t\t<\/span>\n\t\t\t\t\t\t\t<span class=\"elementor-grid-item\" role=\"listitem\">\n\t\t\t\t\t<a class=\"elementor-icon elementor-social-icon elementor-social-icon-facebook elementor-animation-grow elementor-repeater-item-2651a5f\" href=\"https:\/\/www.facebook.com\/people\/Faber-E-Tec\/100087351948615\/\" target=\"_blank\" rel=\"noopener\">\n\t\t\t\t\t\t<span class=\"elementor-screen-only\">Facebook<\/span>\n\t\t\t\t\t\t<i aria-hidden=\"true\" class=\"fab fa-facebook\"><\/i>\t\t\t\t\t<\/a>\n\t\t\t\t<\/span>\n\t\t\t\t\t\t\t<span class=\"elementor-grid-item\" role=\"listitem\">\n\t\t\t\t\t<a class=\"elementor-icon elementor-social-icon elementor-social-icon-threads elementor-animation-grow elementor-repeater-item-a83f52e\" href=\"https:\/\/www.threads.net\/@faber.energy\" target=\"_blank\" rel=\"noopener\">\n\t\t\t\t\t\t<span class=\"elementor-screen-only\">Threads<\/span>\n\t\t\t\t\t\t<i aria-hidden=\"true\" class=\"fab fa-threads\"><\/i>\t\t\t\t\t<\/a>\n\t\t\t\t<\/span>\n\t\t\t\t\t\t\t<span class=\"elementor-grid-item\" role=\"listitem\">\n\t\t\t\t\t<a class=\"elementor-icon elementor-social-icon elementor-social-icon-linkedin elementor-animation-grow elementor-repeater-item-2b87a25\" href=\"https:\/\/www.linkedin.com\/company\/faber-etec\/\" target=\"_blank\" rel=\"noopener\">\n\t\t\t\t\t\t<span class=\"elementor-screen-only\">Linkedin<\/span>\n\t\t\t\t\t\t<i aria-hidden=\"true\" class=\"fab fa-linkedin\"><\/i>\t\t\t\t\t<\/a>\n\t\t\t\t<\/span>\n\t\t\t\t\t\t\t<span class=\"elementor-grid-item\" role=\"listitem\">\n\t\t\t\t\t<a class=\"elementor-icon elementor-social-icon elementor-social-icon-x-twitter elementor-animation-grow elementor-repeater-item-aade526\" href=\"https:\/\/x.com\/Faber_Energy\" target=\"_blank\">\n\t\t\t\t\t\t<span class=\"elementor-screen-only\">X-twitter<\/span>\n\t\t\t\t\t\t<i aria-hidden=\"true\" class=\"fab fa-x-twitter\"><\/i>\t\t\t\t\t<\/a>\n\t\t\t\t<\/span>\n\t\t\t\t\t\t\t<span class=\"elementor-grid-item\" role=\"listitem\">\n\t\t\t\t\t<a class=\"elementor-icon elementor-social-icon elementor-social-icon-youtube elementor-animation-grow elementor-repeater-item-afaaa4e\" href=\"https:\/\/www.youtube.com\/@Faber.Energy\" target=\"_blank\" rel=\"noopener\">\n\t\t\t\t\t\t<span class=\"elementor-screen-only\">Youtube<\/span>\n\t\t\t\t\t\t<i aria-hidden=\"true\" class=\"fab fa-youtube\"><\/i>\t\t\t\t\t<\/a>\n\t\t\t\t<\/span>\n\t\t\t\t\t<\/div>\n\t\t\t\t\t\t<\/div>\n\t\t\t\t<\/div>\n\t\t\t\t\t<\/div>\n\t\t\t\t<\/div>\n\t\t\t\t<\/div>\n\t\t\t\t\t\t<\/div>\n\t\t\t\t<\/div>\n\t\t\t\t<div class=\"elementor-element elementor-element-b294ae0 e-transform e-transform elementor-align-right elementor-absolute elementor-invisible elementor-widget elementor-widget-button\" data-id=\"b294ae0\" data-element_type=\"widget\" data-e-type=\"widget\" data-settings=\"{&quot;_transform_translateX_effect_hover&quot;:{&quot;unit&quot;:&quot;px&quot;,&quot;size&quot;:-10,&quot;sizes&quot;:[]},&quot;_animation&quot;:&quot;fadeInUp&quot;,&quot;_animation_delay&quot;:1000,&quot;_position&quot;:&quot;absolute&quot;,&quot;_transform_translateX_effect&quot;:{&quot;unit&quot;:&quot;px&quot;,&quot;size&quot;:&quot;&quot;,&quot;sizes&quot;:[]},&quot;_transform_translateX_effect_laptop&quot;:{&quot;unit&quot;:&quot;px&quot;,&quot;size&quot;:&quot;&quot;,&quot;sizes&quot;:[]},&quot;_transform_translateX_effect_tablet_extra&quot;:{&quot;unit&quot;:&quot;px&quot;,&quot;size&quot;:&quot;&quot;,&quot;sizes&quot;:[]},&quot;_transform_translateX_effect_tablet&quot;:{&quot;unit&quot;:&quot;px&quot;,&quot;size&quot;:&quot;&quot;,&quot;sizes&quot;:[]},&quot;_transform_translateX_effect_mobile&quot;:{&quot;unit&quot;:&quot;px&quot;,&quot;size&quot;:&quot;&quot;,&quot;sizes&quot;:[]},&quot;_transform_translateY_effect&quot;:{&quot;unit&quot;:&quot;px&quot;,&quot;size&quot;:&quot;&quot;,&quot;sizes&quot;:[]},&quot;_transform_translateY_effect_laptop&quot;:{&quot;unit&quot;:&quot;px&quot;,&quot;size&quot;:&quot;&quot;,&quot;sizes&quot;:[]},&quot;_transform_translateY_effect_tablet_extra&quot;:{&quot;unit&quot;:&quot;px&quot;,&quot;size&quot;:&quot;&quot;,&quot;sizes&quot;:[]},&quot;_transform_translateY_effect_tablet&quot;:{&quot;unit&quot;:&quot;px&quot;,&quot;size&quot;:&quot;&quot;,&quot;sizes&quot;:[]},&quot;_transform_translateY_effect_mobile&quot;:{&quot;unit&quot;:&quot;px&quot;,&quot;size&quot;:&quot;&quot;,&quot;sizes&quot;:[]},&quot;_transform_translateX_effect_hover_laptop&quot;:{&quot;unit&quot;:&quot;px&quot;,&quot;size&quot;:&quot;&quot;,&quot;sizes&quot;:[]},&quot;_transform_translateX_effect_hover_tablet_extra&quot;:{&quot;unit&quot;:&quot;px&quot;,&quot;size&quot;:&quot;&quot;,&quot;sizes&quot;:[]},&quot;_transform_translateX_effect_hover_tablet&quot;:{&quot;unit&quot;:&quot;px&quot;,&quot;size&quot;:&quot;&quot;,&quot;sizes&quot;:[]},&quot;_transform_translateX_effect_hover_mobile&quot;:{&quot;unit&quot;:&quot;px&quot;,&quot;size&quot;:&quot;&quot;,&quot;sizes&quot;:[]},&quot;_transform_translateY_effect_hover&quot;:{&quot;unit&quot;:&quot;px&quot;,&quot;size&quot;:&quot;&quot;,&quot;sizes&quot;:[]},&quot;_transform_translateY_effect_hover_laptop&quot;:{&quot;unit&quot;:&quot;px&quot;,&quot;size&quot;:&quot;&quot;,&quot;sizes&quot;:[]},&quot;_transform_translateY_effect_hover_tablet_extra&quot;:{&quot;unit&quot;:&quot;px&quot;,&quot;size&quot;:&quot;&quot;,&quot;sizes&quot;:[]},&quot;_transform_translateY_effect_hover_tablet&quot;:{&quot;unit&quot;:&quot;px&quot;,&quot;size&quot;:&quot;&quot;,&quot;sizes&quot;:[]},&quot;_transform_translateY_effect_hover_mobile&quot;:{&quot;unit&quot;:&quot;px&quot;,&quot;size&quot;:&quot;&quot;,&quot;sizes&quot;:[]}}\" data-widget_type=\"button.default\">\n\t\t\t\t<div class=\"elementor-widget-container\">\n\t\t\t\t\t\t\t\t\t<div class=\"elementor-button-wrapper\">\n\t\t\t\t\t<a class=\"elementor-button elementor-button-link elementor-size-xs\" href=\"https:\/\/faber-solartechnik.de\/en\/projekte\/ardey-quelle-dachsanierung\/\" target=\"_blank\">\n\t\t\t\t\t\t<span class=\"elementor-button-content-wrapper\">\n\t\t\t\t\t\t<span class=\"elementor-button-icon\">\n\t\t\t\t<i aria-hidden=\"true\" class=\"far fa-window-restore\"><\/i>\t\t\t<\/span>\n\t\t\t\t\t\t\t\t\t<span class=\"elementor-button-text\">Projekt in neuem Tab \u00f6ffnen<\/span>\n\t\t\t\t\t<\/span>\n\t\t\t\t\t<\/a>\n\t\t\t\t<\/div>\n\t\t\t\t\t\t\t\t<\/div>\n\t\t\t\t<\/div>\n\t\t\t\t\t<\/div>\n\t\t<\/div>\n\t\t\t\t\t<\/div>\n\t\t<\/section>\n\t\t\t\t<\/div>\n\t\t\t\t\t\t\t<\/div>\n\t\t\t\t\t\t\t\t<\/div>\n\t\t<\/div>\n\t\t\t\t\t\t<\/div>\n\t\t\t\t<\/div>\n\t\t\t\t<div class=\"elementor-element elementor-element-047228d elementor-widget elementor-widget-theme-post-excerpt\" data-id=\"047228d\" data-element_type=\"widget\" data-e-type=\"widget\" data-widget_type=\"theme-post-excerpt.default\">\n\t\t\t\t<div class=\"elementor-widget-container\">\n\t\t\t\t\tUnser Gro\u00dfprojekt in Dortmund wurde im Mitarbeitermagazin der ...\t\t\t\t<\/div>\n\t\t\t\t<\/div>\n\t\t\t\t\t<\/div>\n\t\t<\/div>\n\t\t\t\t\t<\/div>\n\t\t<\/section>\n\t\t\t\t<div class=\"elementor-element elementor-element-d621d6e elementor-hidden-mobile elementor-hidden-desktop elementor-hidden-tablet eae-pop-btn-type-text elementor-widget elementor-widget-wts-modal-popup\" data-id=\"d621d6e\" data-element_type=\"widget\" data-e-type=\"widget\" data-widget_type=\"wts-modal-popup.default\">\n\t\t\t\t<div class=\"elementor-widget-container\">\n\t\t\t\t\t\t\t<div class=\"eae-popup-wrapper eae-popup-eae-pupup-item-905456527\" data-id=\"eae-pupup-item-905456527\" data-preview-modal=\"\" data-close-button-type=\"icon\" data-close-btn=\"fas fa-times\" data-close-in-out=\"true\" data-effect=\"zoom-in\">\n\t\t\t<a class=\"eae-popup-link icon-position-before\"\n\t\t\tdata-id=\"eae-pupup-item-905456527\" data-ctrl-id=\"d621d6e\" href=\"#eae-pupup-item-905456527\">\n\t\t\t\t\t\t\t\t\t\t\t\t\t\t<span class=\"eae-popup-btn-icon\">\n\t\t\t\t\t\t<i aria-hidden=\"true\" class=\"fas fa-arrow-right\"><\/i>\t\t\t\t\t<\/span>\n\t\t\t\t\t\t\t\t\t\t\t\t<span class=\"eae-popup-btn-text\">\n\t\t\t\t\t\t\t\u00d6ffnen\t\t\t\t\t\t<\/span>\n\t\t\t\t\t\t\t\t\t\t\t\t\t<\/a>\n\t\t<\/div>\n\n\t\t<div id=\"eae-pupup-item-905456527\" class=\"eae-popup-eae-pupup-item-905456527 mfp-hide eae-popup-container\">\n\t\t\t<input class=\"eae-hidden-post-id\" type=\"hidden\" name=\"eae_hidden_post_id\" data-id=\"eae-pupup-item-905456527\" value=\"0\" \/>\n\t\t\t<div class=\"eae-popup-content\">\n\t\t\t\t\t\t\t\t\t<div class=\"eae-modal-content\">\n\t\t\t\t\t\t\t\t<div data-elementor-type=\"section\" data-elementor-id=\"4203\" class=\"elementor elementor-4203\" data-elementor-post-type=\"elementor_library\">\n\t\t\t\t\t<section class=\"elementor-section elementor-top-section elementor-element elementor-element-76665b6d elementor-section-full_width elementor-section-height-min-height elementor-section-items-stretch elementor-section-height-default\" data-id=\"76665b6d\" data-element_type=\"section\" data-e-type=\"section\">\n\t\t\t\t\t\t<div class=\"elementor-container elementor-column-gap-default\">\n\t\t\t\t\t<div class=\"elementor-column elementor-col-50 elementor-top-column elementor-element elementor-element-27f77bf4\" data-id=\"27f77bf4\" data-element_type=\"column\" data-e-type=\"column\">\n\t\t\t<div class=\"elementor-widget-wrap elementor-element-populated\">\n\t\t\t\t\t\t<div class=\"elementor-element elementor-element-2c72871 shadow runde-ecken elementor-widget elementor-widget-image\" data-id=\"2c72871\" data-element_type=\"widget\" data-e-type=\"widget\" data-widget_type=\"image.default\">\n\t\t\t\t<div class=\"elementor-widget-container\">\n\t\t\t\t\t\t\t\t\t\t\t\t\t\t\t\t<a href=\"https:\/\/faber-solartechnik.de\/wp-content\/uploads\/2025\/01\/ARDEY-QUELLE-PVA-Dortmund-2.jpeg\" data-elementor-open-lightbox=\"yes\" data-e-action-hash=\"#elementor-action%3Aaction%3Dlightbox%26settings%3DeyJpZCI6ODQ1MSwidXJsIjoiaHR0cHM6XC9cL2ZhYmVyLXNvbGFydGVjaG5pay5kZVwvd3AtY29udGVudFwvdXBsb2Fkc1wvMjAyNVwvMDFcL0FSREVZLVFVRUxMRS1QVkEtRG9ydG11bmQtMi5qcGVnIn0%3D\">\n\t\t\t\t\t\t\t<img loading=\"lazy\" decoding=\"async\" width=\"768\" height=\"576\" src=\"https:\/\/faber-solartechnik.de\/wp-content\/uploads\/2025\/01\/ARDEY-QUELLE-PVA-Dortmund-2-768x576.jpeg\" class=\"attachment-medium_large size-medium_large wp-image-8451\" alt=\"\" srcset=\"https:\/\/faber-solartechnik.de\/wp-content\/uploads\/2025\/01\/ARDEY-QUELLE-PVA-Dortmund-2-768x576.jpeg 768w, https:\/\/faber-solartechnik.de\/wp-content\/uploads\/2025\/01\/ARDEY-QUELLE-PVA-Dortmund-2-300x225.jpeg 300w, https:\/\/faber-solartechnik.de\/wp-content\/uploads\/2025\/01\/ARDEY-QUELLE-PVA-Dortmund-2-1024x768.jpeg 1024w, https:\/\/faber-solartechnik.de\/wp-content\/uploads\/2025\/01\/ARDEY-QUELLE-PVA-Dortmund-2-16x12.jpeg 16w, https:\/\/faber-solartechnik.de\/wp-content\/uploads\/2025\/01\/ARDEY-QUELLE-PVA-Dortmund-2.jpeg 1280w\" sizes=\"(max-width: 768px) 100vw, 768px\" \/>\t\t\t\t\t\t\t\t<\/a>\n\t\t\t\t\t\t\t\t\t\t\t\t\t\t\t<\/div>\n\t\t\t\t<\/div>\n\t\t\t\t\t<\/div>\n\t\t<\/div>\n\t\t\t\t<div class=\"elementor-column elementor-col-50 elementor-top-column elementor-element elementor-element-329a626d\" data-id=\"329a626d\" data-element_type=\"column\" data-e-type=\"column\">\n\t\t\t<div class=\"elementor-widget-wrap elementor-element-populated\">\n\t\t\t\t\t\t<div class=\"elementor-element elementor-element-bf7ede2 elementor-widget elementor-widget-heading\" data-id=\"bf7ede2\" data-element_type=\"widget\" data-e-type=\"widget\" data-widget_type=\"heading.default\">\n\t\t\t\t<div class=\"elementor-widget-container\">\n\t\t\t\t\t<h3 class=\"elementor-heading-title elementor-size-default\">Ardey Quelle &#8211; Gro\u00dfprojekt Dachsanierung<\/h3>\t\t\t\t<\/div>\n\t\t\t\t<\/div>\n\t\t\t\t<div class=\"elementor-element elementor-element-678b441 elementor-widget-divider--view-line elementor-widget elementor-widget-divider\" data-id=\"678b441\" data-element_type=\"widget\" data-e-type=\"widget\" data-widget_type=\"divider.default\">\n\t\t\t\t<div class=\"elementor-widget-container\">\n\t\t\t\t\t\t\t<div class=\"elementor-divider\">\n\t\t\t<span class=\"elementor-divider-separator\">\n\t\t\t\t\t\t<\/span>\n\t\t<\/div>\n\t\t\t\t\t\t<\/div>\n\t\t\t\t<\/div>\n\t\t\t\t<div class=\"elementor-element elementor-element-18e98f7 elementor-widget elementor-widget-theme-post-content\" data-id=\"18e98f7\" data-element_type=\"widget\" data-e-type=\"widget\" data-widget_type=\"theme-post-content.default\">\n\t\t\t\t<div class=\"elementor-widget-container\">\n\t\t\t\t\t\t\t<div data-elementor-type=\"wp-post\" data-elementor-id=\"8448\" class=\"elementor elementor-8448\" data-elementor-post-type=\"post\">\n\t\t\t\t<div class=\"elementor-element elementor-element-00d9fbe e-flex e-con-boxed e-con e-parent\" data-id=\"00d9fbe\" data-element_type=\"container\" data-e-type=\"container\">\n\t\t\t\t\t<div class=\"e-con-inner\">\n\t\t\t\t<div class=\"elementor-element elementor-element-29ecb36 elementor-widget elementor-widget-heading\" data-id=\"29ecb36\" data-element_type=\"widget\" data-e-type=\"widget\" data-widget_type=\"heading.default\">\n\t\t\t\t<div class=\"elementor-widget-container\">\n\t\t\t\t\t<h2 class=\"elementor-heading-title elementor-size-default\">Faber Solartechnik im Magazin \"WIR \u00dcBER UNS\" von RheinfelsQuellen H. H\u00f6velmann!<\/h2>\t\t\t\t<\/div>\n\t\t\t\t<\/div>\n\t\t\t\t<div class=\"elementor-element elementor-element-10dd3e6 elementor-widget elementor-widget-text-editor\" data-id=\"10dd3e6\" data-element_type=\"widget\" data-e-type=\"widget\" data-widget_type=\"text-editor.default\">\n\t\t\t\t<div class=\"elementor-widget-container\">\n\t\t\t\t\t\t\t\t\t<p>Wir freuen uns, dass unsere Arbeit f\u00fcr das Gro\u00dfprojekt <a href=\"https:\/\/ardey-quelle.de\/\" target=\"_blank\" rel=\"noopener\">ARDEY QUELLE<\/a> \u2013 Dachsanierung und Photovoltaik-Installation \u2013 in der aktuellen Ausgabe 2024 des Magazins &#8222;Wir \u00fcber uns&#8220; vorgestellt wird. Die Ausgabe richtet sich an die Mitarbeiter:innen der <a href=\"https:\/\/www.mineralquellen-hoevelmann.de\/\" target=\"_blank\" rel=\"noopener\">H\u00f6velmann Getr\u00e4nke- und Brunnenbetriebe<\/a>.<\/p><p>In dem Artikel wird unsere Rolle als Generalunternehmer bei der Dachsanierung und der Installation von Photovoltaik-Anlagen am Standort Dortmund ausf\u00fchrlich beschrieben. Besonders hervorzuheben ist die enge Zusammenarbeit mit unserem Projektleiter Marco Pfeiffer, der spannende Einblicke in die Herausforderungen und L\u00f6sungen dieses Gro\u00dfprojekts gibt.<\/p>\t\t\t\t\t\t\t\t<\/div>\n\t\t\t\t<\/div>\n\t\t\t\t\t<\/div>\n\t\t\t\t<\/div>\n\t\t<div class=\"elementor-element elementor-element-897ed15 e-flex e-con-boxed e-con e-parent\" data-id=\"897ed15\" data-element_type=\"container\" data-e-type=\"container\">\n\t\t\t\t\t<div class=\"e-con-inner\">\n\t\t<div class=\"elementor-element elementor-element-92a890c e-con-full e-flex e-con e-child\" data-id=\"92a890c\" data-element_type=\"container\" data-e-type=\"container\">\n\t\t\t\t<div class=\"elementor-element elementor-element-8acc649 elementor-invisible elementor-widget elementor-widget-image\" data-id=\"8acc649\" data-element_type=\"widget\" data-e-type=\"widget\" data-settings=\"{&quot;_animation&quot;:&quot;fadeInLeft&quot;}\" data-widget_type=\"image.default\">\n\t\t\t\t<div class=\"elementor-widget-container\">\n\t\t\t\t\t\t\t\t\t\t\t\t\t\t\t\t<a href=\"https:\/\/faber-solartechnik.de\/wp-content\/uploads\/2025\/01\/Wir-ueber-uns-Titelblatt-2024.jpg\" data-elementor-open-lightbox=\"yes\" data-e-action-hash=\"#elementor-action%3Aaction%3Dlightbox%26settings%3DeyJpZCI6ODQ2NCwidXJsIjoiaHR0cHM6XC9cL2ZhYmVyLXNvbGFydGVjaG5pay5kZVwvd3AtY29udGVudFwvdXBsb2Fkc1wvMjAyNVwvMDFcL1dpci11ZWJlci11bnMtVGl0ZWxibGF0dC0yMDI0LmpwZyJ9\">\n\t\t\t\t\t\t\t<img fetchpriority=\"high\" fetchpriority=\"high\" decoding=\"async\" width=\"768\" height=\"1025\" src=\"https:\/\/faber-solartechnik.de\/wp-content\/uploads\/2025\/01\/Wir-ueber-uns-Titelblatt-2024-768x1025.jpg\" class=\"attachment-medium_large size-medium_large wp-image-8464\" alt=\"\" srcset=\"https:\/\/faber-solartechnik.de\/wp-content\/uploads\/2025\/01\/Wir-ueber-uns-Titelblatt-2024-768x1025.jpg 768w, https:\/\/faber-solartechnik.de\/wp-content\/uploads\/2025\/01\/Wir-ueber-uns-Titelblatt-2024-225x300.jpg 225w, https:\/\/faber-solartechnik.de\/wp-content\/uploads\/2025\/01\/Wir-ueber-uns-Titelblatt-2024-767x1024.jpg 767w, https:\/\/faber-solartechnik.de\/wp-content\/uploads\/2025\/01\/Wir-ueber-uns-Titelblatt-2024-9x12.jpg 9w, https:\/\/faber-solartechnik.de\/wp-content\/uploads\/2025\/01\/Wir-ueber-uns-Titelblatt-2024.jpg 1050w\" sizes=\"(max-width: 768px) 100vw, 768px\" \/>\t\t\t\t\t\t\t\t<\/a>\n\t\t\t\t\t\t\t\t\t\t\t\t\t\t\t<\/div>\n\t\t\t\t<\/div>\n\t\t\t\t<\/div>\n\t\t<div class=\"elementor-element elementor-element-fe0da33 e-con-full e-flex e-con e-child\" data-id=\"fe0da33\" data-element_type=\"container\" data-e-type=\"container\">\n\t\t\t\t<div class=\"elementor-element elementor-element-d1cc09a elementor-invisible elementor-widget elementor-widget-image\" data-id=\"d1cc09a\" data-element_type=\"widget\" data-e-type=\"widget\" data-settings=\"{&quot;_animation&quot;:&quot;fadeInRight&quot;}\" data-widget_type=\"image.default\">\n\t\t\t\t<div class=\"elementor-widget-container\">\n\t\t\t\t\t\t\t\t\t\t\t\t\t\t\t\t<a href=\"https:\/\/faber-solartechnik.de\/wp-content\/uploads\/2025\/01\/Ardey-Quelle.png\" data-elementor-open-lightbox=\"yes\" data-e-action-hash=\"#elementor-action%3Aaction%3Dlightbox%26settings%3DeyJpZCI6ODQ2MywidXJsIjoiaHR0cHM6XC9cL2ZhYmVyLXNvbGFydGVjaG5pay5kZVwvd3AtY29udGVudFwvdXBsb2Fkc1wvMjAyNVwvMDFcL0FyZGV5LVF1ZWxsZS5wbmcifQ%3D%3D\">\n\t\t\t\t\t\t\t<img decoding=\"async\" width=\"768\" height=\"1024\" src=\"https:\/\/faber-solartechnik.de\/wp-content\/uploads\/2025\/01\/Ardey-Quelle-768x1024.png\" class=\"attachment-medium_large size-medium_large wp-image-8463\" alt=\"\" srcset=\"https:\/\/faber-solartechnik.de\/wp-content\/uploads\/2025\/01\/Ardey-Quelle-768x1024.png 768w, https:\/\/faber-solartechnik.de\/wp-content\/uploads\/2025\/01\/Ardey-Quelle-225x300.png 225w, https:\/\/faber-solartechnik.de\/wp-content\/uploads\/2025\/01\/Ardey-Quelle-9x12.png 9w, https:\/\/faber-solartechnik.de\/wp-content\/uploads\/2025\/01\/Ardey-Quelle.png 1051w\" sizes=\"(max-width: 768px) 100vw, 768px\" \/>\t\t\t\t\t\t\t\t<\/a>\n\t\t\t\t\t\t\t\t\t\t\t\t\t\t\t<\/div>\n\t\t\t\t<\/div>\n\t\t\t\t<\/div>\n\t\t\t\t\t<\/div>\n\t\t\t\t<\/div>\n\t\t<div class=\"elementor-element elementor-element-970a18b e-flex e-con-boxed e-con e-parent\" data-id=\"970a18b\" data-element_type=\"container\" data-e-type=\"container\">\n\t\t\t\t\t<div class=\"e-con-inner\">\n\t\t\t\t<div class=\"elementor-element elementor-element-4b6977e elementor-widget-divider--view-line elementor-widget elementor-widget-divider\" data-id=\"4b6977e\" data-element_type=\"widget\" data-e-type=\"widget\" data-widget_type=\"divider.default\">\n\t\t\t\t<div class=\"elementor-widget-container\">\n\t\t\t\t\t\t\t<div class=\"elementor-divider\">\n\t\t\t<span class=\"elementor-divider-separator\">\n\t\t\t\t\t\t<\/span>\n\t\t<\/div>\n\t\t\t\t\t\t<\/div>\n\t\t\t\t<\/div>\n\t\t\t\t<div class=\"elementor-element elementor-element-e63b3a1 elementor-widget elementor-widget-heading\" data-id=\"e63b3a1\" data-element_type=\"widget\" data-e-type=\"widget\" data-widget_type=\"heading.default\">\n\t\t\t\t<div class=\"elementor-widget-container\">\n\t\t\t\t\t<h3 class=\"elementor-heading-title elementor-size-default\">Highlights des Projekts<\/h3>\t\t\t\t<\/div>\n\t\t\t\t<\/div>\n\t\t\t\t<div class=\"elementor-element elementor-element-aa04222 elementor-widget elementor-widget-text-editor\" data-id=\"aa04222\" data-element_type=\"widget\" data-e-type=\"widget\" data-widget_type=\"text-editor.default\">\n\t\t\t\t<div class=\"elementor-widget-container\">\n\t\t\t\t\t\t\t\t\t<ul><li>Sanierung einer Dachfl\u00e4che von 13.000 m\u00b2<\/li><li>Photovoltaik-Anlage mit 1.006 kWp Leistung, davon 728 kWp Eigenverbrauchsanlage<\/li><li>Herausforderungen wie wetterbedingte Verz\u00f6gerungen, eine komplexe Logistik und der Einsatz eines 600-kVA-Notstromaggregats w\u00e4hrend des Umbaus der Mittelspannungsanlage<\/li><li>Innovative L\u00f6sungen zur Optimierung des Entw\u00e4sserungssystems und der Abdichtung<\/li><\/ul>\t\t\t\t\t\t\t\t<\/div>\n\t\t\t\t<\/div>\n\t\t\t\t\t<\/div>\n\t\t\t\t<\/div>\n\t\t<div class=\"elementor-element elementor-element-ea8d005 e-grid e-con-boxed e-con e-parent\" data-id=\"ea8d005\" data-element_type=\"container\" data-e-type=\"container\">\n\t\t\t\t\t<div class=\"e-con-inner\">\n\t\t\t\t<div class=\"elementor-element elementor-element-83caca5 elementor-invisible elementor-widget elementor-widget-image\" data-id=\"83caca5\" data-element_type=\"widget\" data-e-type=\"widget\" data-settings=\"{&quot;_animation&quot;:&quot;zoomIn&quot;}\" data-widget_type=\"image.default\">\n\t\t\t\t<div class=\"elementor-widget-container\">\n\t\t\t\t\t\t\t\t\t\t\t\t\t\t\t\t<a href=\"https:\/\/faber-solartechnik.de\/wp-content\/uploads\/2025\/01\/ARDEY-QUELLE-PVA-Dortmund-7-1.jpeg\" data-elementor-open-lightbox=\"yes\" data-e-action-hash=\"#elementor-action%3Aaction%3Dlightbox%26settings%3DeyJpZCI6ODQ2OCwidXJsIjoiaHR0cHM6XC9cL2ZhYmVyLXNvbGFydGVjaG5pay5kZVwvd3AtY29udGVudFwvdXBsb2Fkc1wvMjAyNVwvMDFcL0FSREVZLVFVRUxMRS1QVkEtRG9ydG11bmQtNy0xLmpwZWcifQ%3D%3D\">\n\t\t\t\t\t\t\t<img decoding=\"async\" width=\"768\" height=\"576\" src=\"https:\/\/faber-solartechnik.de\/wp-content\/uploads\/2025\/01\/ARDEY-QUELLE-PVA-Dortmund-7-1-768x576.jpeg\" class=\"attachment-medium_large size-medium_large wp-image-8468\" alt=\"\" srcset=\"https:\/\/faber-solartechnik.de\/wp-content\/uploads\/2025\/01\/ARDEY-QUELLE-PVA-Dortmund-7-1-768x576.jpeg 768w, https:\/\/faber-solartechnik.de\/wp-content\/uploads\/2025\/01\/ARDEY-QUELLE-PVA-Dortmund-7-1-300x225.jpeg 300w, https:\/\/faber-solartechnik.de\/wp-content\/uploads\/2025\/01\/ARDEY-QUELLE-PVA-Dortmund-7-1-1024x768.jpeg 1024w, https:\/\/faber-solartechnik.de\/wp-content\/uploads\/2025\/01\/ARDEY-QUELLE-PVA-Dortmund-7-1-16x12.jpeg 16w, https:\/\/faber-solartechnik.de\/wp-content\/uploads\/2025\/01\/ARDEY-QUELLE-PVA-Dortmund-7-1.jpeg 1280w\" sizes=\"(max-width: 768px) 100vw, 768px\" \/>\t\t\t\t\t\t\t\t<\/a>\n\t\t\t\t\t\t\t\t\t\t\t\t\t\t\t<\/div>\n\t\t\t\t<\/div>\n\t\t\t\t<div class=\"elementor-element elementor-element-58fe99c elementor-invisible elementor-widget elementor-widget-image\" data-id=\"58fe99c\" data-element_type=\"widget\" data-e-type=\"widget\" data-settings=\"{&quot;_animation&quot;:&quot;zoomIn&quot;,&quot;_animation_delay&quot;:300}\" data-widget_type=\"image.default\">\n\t\t\t\t<div class=\"elementor-widget-container\">\n\t\t\t\t\t\t\t\t\t\t\t\t\t\t\t\t<a href=\"https:\/\/faber-solartechnik.de\/wp-content\/uploads\/2025\/01\/ARDEY-QUELLE-PVA-Dortmund-6-1.jpeg\" data-elementor-open-lightbox=\"yes\" data-e-action-hash=\"#elementor-action%3Aaction%3Dlightbox%26settings%3DeyJpZCI6ODQ2NywidXJsIjoiaHR0cHM6XC9cL2ZhYmVyLXNvbGFydGVjaG5pay5kZVwvd3AtY29udGVudFwvdXBsb2Fkc1wvMjAyNVwvMDFcL0FSREVZLVFVRUxMRS1QVkEtRG9ydG11bmQtNi0xLmpwZWcifQ%3D%3D\">\n\t\t\t\t\t\t\t<img loading=\"lazy\" loading=\"lazy\" decoding=\"async\" width=\"768\" height=\"576\" src=\"https:\/\/faber-solartechnik.de\/wp-content\/uploads\/2025\/01\/ARDEY-QUELLE-PVA-Dortmund-6-1-768x576.jpeg\" class=\"attachment-medium_large size-medium_large wp-image-8467\" alt=\"\" srcset=\"https:\/\/faber-solartechnik.de\/wp-content\/uploads\/2025\/01\/ARDEY-QUELLE-PVA-Dortmund-6-1-768x576.jpeg 768w, https:\/\/faber-solartechnik.de\/wp-content\/uploads\/2025\/01\/ARDEY-QUELLE-PVA-Dortmund-6-1-300x225.jpeg 300w, https:\/\/faber-solartechnik.de\/wp-content\/uploads\/2025\/01\/ARDEY-QUELLE-PVA-Dortmund-6-1-1024x768.jpeg 1024w, https:\/\/faber-solartechnik.de\/wp-content\/uploads\/2025\/01\/ARDEY-QUELLE-PVA-Dortmund-6-1-16x12.jpeg 16w, https:\/\/faber-solartechnik.de\/wp-content\/uploads\/2025\/01\/ARDEY-QUELLE-PVA-Dortmund-6-1.jpeg 1280w\" sizes=\"auto, (max-width: 768px) 100vw, 768px\" \/>\t\t\t\t\t\t\t\t<\/a>\n\t\t\t\t\t\t\t\t\t\t\t\t\t\t\t<\/div>\n\t\t\t\t<\/div>\n\t\t\t\t<div class=\"elementor-element elementor-element-13c6de2 elementor-invisible elementor-widget elementor-widget-image\" data-id=\"13c6de2\" data-element_type=\"widget\" data-e-type=\"widget\" data-settings=\"{&quot;_animation&quot;:&quot;zoomIn&quot;,&quot;_animation_delay&quot;:300}\" data-widget_type=\"image.default\">\n\t\t\t\t<div class=\"elementor-widget-container\">\n\t\t\t\t\t\t\t\t\t\t\t\t\t\t\t\t<a href=\"https:\/\/faber-solartechnik.de\/wp-content\/uploads\/2025\/01\/ARDEY-QUELLE-PVA-Dortmund-3-1.jpeg\" data-elementor-open-lightbox=\"yes\" data-e-action-hash=\"#elementor-action%3Aaction%3Dlightbox%26settings%3DeyJpZCI6ODQ2NiwidXJsIjoiaHR0cHM6XC9cL2ZhYmVyLXNvbGFydGVjaG5pay5kZVwvd3AtY29udGVudFwvdXBsb2Fkc1wvMjAyNVwvMDFcL0FSREVZLVFVRUxMRS1QVkEtRG9ydG11bmQtMy0xLmpwZWcifQ%3D%3D\">\n\t\t\t\t\t\t\t<img loading=\"lazy\" loading=\"lazy\" decoding=\"async\" width=\"768\" height=\"576\" src=\"https:\/\/faber-solartechnik.de\/wp-content\/uploads\/2025\/01\/ARDEY-QUELLE-PVA-Dortmund-3-1-768x576.jpeg\" class=\"attachment-medium_large size-medium_large wp-image-8466\" alt=\"\" srcset=\"https:\/\/faber-solartechnik.de\/wp-content\/uploads\/2025\/01\/ARDEY-QUELLE-PVA-Dortmund-3-1-768x576.jpeg 768w, https:\/\/faber-solartechnik.de\/wp-content\/uploads\/2025\/01\/ARDEY-QUELLE-PVA-Dortmund-3-1-300x225.jpeg 300w, https:\/\/faber-solartechnik.de\/wp-content\/uploads\/2025\/01\/ARDEY-QUELLE-PVA-Dortmund-3-1-1024x768.jpeg 1024w, https:\/\/faber-solartechnik.de\/wp-content\/uploads\/2025\/01\/ARDEY-QUELLE-PVA-Dortmund-3-1-16x12.jpeg 16w, https:\/\/faber-solartechnik.de\/wp-content\/uploads\/2025\/01\/ARDEY-QUELLE-PVA-Dortmund-3-1.jpeg 1280w\" sizes=\"auto, (max-width: 768px) 100vw, 768px\" \/>\t\t\t\t\t\t\t\t<\/a>\n\t\t\t\t\t\t\t\t\t\t\t\t\t\t\t<\/div>\n\t\t\t\t<\/div>\n\t\t\t\t<div class=\"elementor-element elementor-element-64c9bd5 elementor-invisible elementor-widget elementor-widget-image\" data-id=\"64c9bd5\" data-element_type=\"widget\" data-e-type=\"widget\" data-settings=\"{&quot;_animation&quot;:&quot;zoomIn&quot;}\" data-widget_type=\"image.default\">\n\t\t\t\t<div class=\"elementor-widget-container\">\n\t\t\t\t\t\t\t\t\t\t\t\t\t\t\t\t<a href=\"https:\/\/faber-solartechnik.de\/wp-content\/uploads\/2025\/01\/ARDEY-QUELLE-PVA-Dortmund-1-1.jpeg\" data-elementor-open-lightbox=\"yes\" data-e-action-hash=\"#elementor-action%3Aaction%3Dlightbox%26settings%3DeyJpZCI6ODQ2NSwidXJsIjoiaHR0cHM6XC9cL2ZhYmVyLXNvbGFydGVjaG5pay5kZVwvd3AtY29udGVudFwvdXBsb2Fkc1wvMjAyNVwvMDFcL0FSREVZLVFVRUxMRS1QVkEtRG9ydG11bmQtMS0xLmpwZWcifQ%3D%3D\">\n\t\t\t\t\t\t\t<img loading=\"lazy\" loading=\"lazy\" decoding=\"async\" width=\"768\" height=\"576\" src=\"https:\/\/faber-solartechnik.de\/wp-content\/uploads\/2025\/01\/ARDEY-QUELLE-PVA-Dortmund-1-1-768x576.jpeg\" class=\"attachment-medium_large size-medium_large wp-image-8465\" alt=\"\" srcset=\"https:\/\/faber-solartechnik.de\/wp-content\/uploads\/2025\/01\/ARDEY-QUELLE-PVA-Dortmund-1-1-768x576.jpeg 768w, https:\/\/faber-solartechnik.de\/wp-content\/uploads\/2025\/01\/ARDEY-QUELLE-PVA-Dortmund-1-1-300x225.jpeg 300w, https:\/\/faber-solartechnik.de\/wp-content\/uploads\/2025\/01\/ARDEY-QUELLE-PVA-Dortmund-1-1-1024x768.jpeg 1024w, https:\/\/faber-solartechnik.de\/wp-content\/uploads\/2025\/01\/ARDEY-QUELLE-PVA-Dortmund-1-1-16x12.jpeg 16w, https:\/\/faber-solartechnik.de\/wp-content\/uploads\/2025\/01\/ARDEY-QUELLE-PVA-Dortmund-1-1.jpeg 1280w\" sizes=\"auto, (max-width: 768px) 100vw, 768px\" \/>\t\t\t\t\t\t\t\t<\/a>\n\t\t\t\t\t\t\t\t\t\t\t\t\t\t\t<\/div>\n\t\t\t\t<\/div>\n\t\t\t\t\t<\/div>\n\t\t\t\t<\/div>\n\t\t<div class=\"elementor-element elementor-element-8fc3367 e-flex e-con-boxed e-con e-parent\" data-id=\"8fc3367\" data-element_type=\"container\" data-e-type=\"container\">\n\t\t\t\t\t<div class=\"e-con-inner\">\n\t\t\t\t<div class=\"elementor-element elementor-element-c2d064a elementor-widget elementor-widget-text-editor\" data-id=\"c2d064a\" data-element_type=\"widget\" data-e-type=\"widget\" data-widget_type=\"text-editor.default\">\n\t\t\t\t<div class=\"elementor-widget-container\">\n\t\t\t\t\t\t\t\t\t<p>Der vollst\u00e4ndige Originaltext des Artikels zeigt die Details unserer Arbeit und die Herausforderungen, die wir erfolgreich gemeistert haben. Lesen Sie hier den Originaltext aus dem Magazin:<\/p>\t\t\t\t\t\t\t\t<\/div>\n\t\t\t\t<\/div>\n\t\t\t\t<div class=\"elementor-element elementor-element-7ebb941 elementor-widget-divider--view-line elementor-widget elementor-widget-divider\" data-id=\"7ebb941\" data-element_type=\"widget\" data-e-type=\"widget\" data-widget_type=\"divider.default\">\n\t\t\t\t<div class=\"elementor-widget-container\">\n\t\t\t\t\t\t\t<div class=\"elementor-divider\">\n\t\t\t<span class=\"elementor-divider-separator\">\n\t\t\t\t\t\t<\/span>\n\t\t<\/div>\n\t\t\t\t\t\t<\/div>\n\t\t\t\t<\/div>\n\t\t\t\t<div class=\"elementor-element elementor-element-79b3a05 elementor-widget elementor-widget-heading\" data-id=\"79b3a05\" data-element_type=\"widget\" data-e-type=\"widget\" data-widget_type=\"heading.default\">\n\t\t\t\t<div class=\"elementor-widget-container\">\n\t\t\t\t\t<h2 class=\"elementor-heading-title elementor-size-default\">ARDEY QUELLE<\/h2>\t\t\t\t<\/div>\n\t\t\t\t<\/div>\n\t\t\t\t<div class=\"elementor-element elementor-element-e1a5e01 elementor-widget elementor-widget-heading\" data-id=\"e1a5e01\" data-element_type=\"widget\" data-e-type=\"widget\" data-widget_type=\"heading.default\">\n\t\t\t\t<div class=\"elementor-widget-container\">\n\t\t\t\t\t<h3 class=\"elementor-heading-title elementor-size-default\">Gro\u00dfprojekt Dachsanierung\n\n<\/h3>\t\t\t\t<\/div>\n\t\t\t\t<\/div>\n\t\t\t\t<div class=\"elementor-element elementor-element-273c56b elementor-widget elementor-widget-text-editor\" data-id=\"273c56b\" data-element_type=\"widget\" data-e-type=\"widget\" data-widget_type=\"text-editor.default\">\n\t\t\t\t<div class=\"elementor-widget-container\">\n\t\t\t\t\t\t\t\t\t<p>Faber Solartechnik, Generalunternehmer aus B\u00fcnde, unterbreitete Ardey Quelle in Vorgespr\u00e4chen einen \u00fcberzeugenden L\u00f6sungsvorschlag, der eine vollst\u00e4ndige Sanierung der Dachfl\u00e4che am Standort Dortmund vorsah. W\u00e4hrend wir nur einen Teil f\u00fcr unsere eigene Photovoltaikanlage nutzen, wird die restliche Fl\u00e4che an Faber Solartechnik zur Installation ihrer PV-Anlagen mit 1.006 kWp verpachtet. Unsere Eigenverbrauchsanlage umfasst 728 kWp, um einen Gro\u00dfteil unseres Energiebedarfs zu decken. Wir haben den <strong>Projektleiter Marco Pfeiffer von Faber Solartechnik<\/strong> zum aktuellen Stand der Arbeiten befragt.<\/p>\t\t\t\t\t\t\t\t<\/div>\n\t\t\t\t<\/div>\n\t\t\t\t<div class=\"elementor-element elementor-element-6e754a8 elementor-widget elementor-widget-text-editor\" data-id=\"6e754a8\" data-element_type=\"widget\" data-e-type=\"widget\" data-widget_type=\"text-editor.default\">\n\t\t\t\t<div class=\"elementor-widget-container\">\n\t\t\t\t\t\t\t\t\t<h4>Wie weit sind Sie in der Umsetzung?<\/h4><p>Die Anlage produziert bereits Strom. Wir befinden uns in der finalen Abstimmung mit dem Messstellenbetreiber, dem Netzbetreiber und dem Direktvermarkter. Derzeit optimieren wir die Abl\u00e4ufe, um eine pr\u00e4zise Abrechnung der \u00dcberschusseinspeisung sicherzustellen. Dann folgt die Endabnahme, geplant ist sie bis Jahresende. Eine Anlage in zwei Bereiche zu \u00adaufzuteilen und sowohl als Eigenverbrauchsanlage wie auch als Pacht- und Investmentanlage zu konzipieren, bedarf genauer Planung und guter Zusammenarbeit zwischen uns, dem K\u00e4ufer, etwaigen Investoren und auch den Messstellen- und Netzbetreibern. Leider haben uns bei diesem Gro\u00dfprojekt einige Herausforderungen zeitlich etwas zur\u00fcckgeworfen.<\/p><h4>Welche Herausforderungen gab es?<\/h4><p>Die k\u00fcrzeren Tageslichtzeiten in den Wintermonaten erschwerten die Arbeiten auf dem Dach erheblich. Zudem mussten wir \u2013 wie in dieser Jahreszeit nicht un\u00fcblich \u2013 krankheitsbedingte Ausf\u00e4lle im Team ber\u00fccksichtigen. Nat\u00fcrlich sind diese Faktoren nicht neu und werden auch immer in einer Planung \u00fcber die Schlechtwetter-Monate ein St\u00fcck weit miteinbezogen, dennoch f\u00fchrte das wochenlang verregnete Fr\u00fchjahr zu gr\u00f6\u00dferen Verz\u00f6gerungen, die in der Form weder voraussehbar noch komplett planbar waren. Bauabschnitte mussten wetterbedingt aufgeteilt werden. Dadurch wurden Folgeabl\u00e4ufe und auch parallel laufende andere Projekte mit beeinflusst. Lieferengp\u00e4sse bei Zuliefer-Unternehmen und eine sehr hohe Nachfrage auf dem PV-Markt waren ebenfalls ein Faktor. Da es bei diesem Projekt nicht nur um die Errichtung der PV-Anlage ging, waren auch der Bausektor, die Anlieferungen und die dortige Logistik zu ber\u00fccksichtigen. Hinzu kommen die deutschlandweit boomenden PV-Anfragen bei den Netzanbietern, auf die wir als Solar-General-Unternehmen wenig Einfluss haben, aber ohne deren Freigaben wir nicht weiterkamen. Urspr\u00fcnglich sollte die Anlage im April ans Netz gehen, es wurde dann leider doch Ende Juni.<\/p><h4>Wie sehen Ihre L\u00f6sungen aus?<\/h4><p>F\u00fcr den Umbau des Transformators und der Mittelspannungsanlage mussten wir aus R\u00fccksicht auf die laufende Produktion und um den Ausfall so gering wie m\u00f6glich halten, den gesamten Betrieb am Standort Dortmund vom Stromnetz nehmen und \u00fcber einen 600-kVA-Notstromaggregat weiter versorgen. Unser Team arbeitete rund um die Uhr, um sicherzustellen, dass die Produktion zu Wochenbeginn wieder reibungslos anlaufen konnte.<br \/>Eine Dachfl\u00e4che in der Gr\u00f6\u00dfenordnung zu sanieren, ist schon eine enorme Herausforderung. Mit Dauerregen und St\u00fcrmen war es auch f\u00fcr uns eine bisher noch nie gemachte Erfahrung. Wir konnten nur abschnittsweise arbeiten, weil der Untergrund f\u00fcr das Verlegen der FPO-Bahnen trocken sein musste. Einige Teile waren aufwendig mit Planen zu sch\u00fctzen. Das bedeutete zus\u00e4tzlichen Arbeitsaufwand. Hinzu kam die Beseitigung einer Kiesabdeckung auf dem etwa 1.000 Quadratmeter gro\u00dfen Flachdach des B\u00fcrobereichs, bevor wir mit der eigentlichen Sanierung beginnen konnten. S\u00e4mtliche Anschl\u00fcsse der vielen Lichtb\u00e4nder und Lichtkuppeln auf dem Dach mussten erneuert werden. W\u00e4hrend der Arbeiten entdeckten wir, dass das vorhandene Entw\u00e4sserungssystem unzureichend war, sodass wir zus\u00e4tzliche Gullys sowie Keile installieren mussten, um das Regenwasser gezielt abzuf\u00fchren.<\/p>\t\t\t\t\t\t\t\t<\/div>\n\t\t\t\t<\/div>\n\t\t<div class=\"elementor-element elementor-element-2486411 e-con-full e-flex elementor-invisible e-con e-child\" data-id=\"2486411\" data-element_type=\"container\" data-e-type=\"container\" data-settings=\"{&quot;animation&quot;:&quot;fadeInUp&quot;}\">\n\t\t\t\t<div class=\"elementor-element elementor-element-b2f7876 elementor-widget elementor-widget-button\" data-id=\"b2f7876\" data-element_type=\"widget\" data-e-type=\"widget\" data-widget_type=\"button.default\">\n\t\t\t\t<div class=\"elementor-widget-container\">\n\t\t\t\t\t\t\t\t\t<div class=\"elementor-button-wrapper\">\n\t\t\t\t\t<a class=\"elementor-button elementor-button-link elementor-size-sm\" href=\"https:\/\/getraenkegruppe-hoevelmann.de\/?r3d=wir-ueber-uns-2024\" target=\"_blank\" rel=\"noopener\">\n\t\t\t\t\t\t<span class=\"elementor-button-content-wrapper\">\n\t\t\t\t\t\t<span class=\"elementor-button-icon\">\n\t\t\t\t<i aria-hidden=\"true\" class=\"fas fa-eye\"><\/i>\t\t\t<\/span>\n\t\t\t\t\t\t\t\t\t<span class=\"elementor-button-text\">Online-Version \"WIR \u00dcBER UNS\" 2024<\/span>\n\t\t\t\t\t<\/span>\n\t\t\t\t\t<\/a>\n\t\t\t\t<\/div>\n\t\t\t\t\t\t\t\t<\/div>\n\t\t\t\t<\/div>\n\t\t\t\t<div class=\"elementor-element elementor-element-37c2131 elementor-widget elementor-widget-button\" data-id=\"37c2131\" data-element_type=\"widget\" data-e-type=\"widget\" data-widget_type=\"button.default\">\n\t\t\t\t<div class=\"elementor-widget-container\">\n\t\t\t\t\t\t\t\t\t<div class=\"elementor-button-wrapper\">\n\t\t\t\t\t<a class=\"elementor-button elementor-button-link elementor-size-sm\" href=\"https:\/\/getraenkegruppe-hoevelmann.de\/\" target=\"_blank\" rel=\"noopener\">\n\t\t\t\t\t\t<span class=\"elementor-button-content-wrapper\">\n\t\t\t\t\t\t<span class=\"elementor-button-icon\">\n\t\t\t\t<i aria-hidden=\"true\" class=\"fas fa-folder-open\"><\/i>\t\t\t<\/span>\n\t\t\t\t\t\t\t\t\t<span class=\"elementor-button-text\">Weitere Ausgaben<\/span>\n\t\t\t\t\t<\/span>\n\t\t\t\t\t<\/a>\n\t\t\t\t<\/div>\n\t\t\t\t\t\t\t\t<\/div>\n\t\t\t\t<\/div>\n\t\t\t\t<\/div>\n\t\t\t\t<div class=\"elementor-element elementor-element-b1dd16d elementor-widget-divider--view-line elementor-widget elementor-widget-divider\" data-id=\"b1dd16d\" data-element_type=\"widget\" data-e-type=\"widget\" data-widget_type=\"divider.default\">\n\t\t\t\t<div class=\"elementor-widget-container\">\n\t\t\t\t\t\t\t<div class=\"elementor-divider\">\n\t\t\t<span class=\"elementor-divider-separator\">\n\t\t\t\t\t\t<\/span>\n\t\t<\/div>\n\t\t\t\t\t\t<\/div>\n\t\t\t\t<\/div>\n\t\t\t\t<div class=\"elementor-element elementor-element-142998f elementor-widget elementor-widget-text-editor\" data-id=\"142998f\" data-element_type=\"widget\" data-e-type=\"widget\" data-widget_type=\"text-editor.default\">\n\t\t\t\t<div class=\"elementor-widget-container\">\n\t\t\t\t\t\t\t\t\t<p class=\"ZITAT\"><span style=\"letter-spacing: .9pt;\">\u201e<\/span>Eine Dachsanierung von 13.000 Quadratmeter ist selbst f\u00fcr uns Profis eine au\u00dfergew\u00f6hnliche Herausforderung und birgt dann doch oftmals ungeahnte und vorab auch nicht planbare zus\u00e4tzliche Schritte.\u201c<\/p>\t\t\t\t\t\t\t\t<\/div>\n\t\t\t\t<\/div>\n\t\t\t\t\t<\/div>\n\t\t\t\t<\/div>\n\t\t<div class=\"elementor-element elementor-element-93cde38 e-con-full e-flex e-con e-child\" data-id=\"93cde38\" data-element_type=\"container\" data-e-type=\"container\" data-settings=\"{&quot;background_background&quot;:&quot;classic&quot;}\">\n\t\t<div class=\"elementor-element elementor-element-8963120 e-con-full e-flex e-con e-child\" data-id=\"8963120\" data-element_type=\"container\" data-e-type=\"container\">\n\t\t\t\t<div class=\"elementor-element elementor-element-b7922ea elementor-widget elementor-widget-image\" data-id=\"b7922ea\" data-element_type=\"widget\" data-e-type=\"widget\" data-widget_type=\"image.default\">\n\t\t\t\t<div class=\"elementor-widget-container\">\n\t\t\t\t\t\t\t\t\t\t\t\t\t\t\t\t<a href=\"https:\/\/faber-solartechnik.de\/wp-content\/uploads\/2025\/01\/Marco.jpg\" data-elementor-open-lightbox=\"yes\" data-e-action-hash=\"#elementor-action%3Aaction%3Dlightbox%26settings%3DeyJpZCI6ODQ1OCwidXJsIjoiaHR0cHM6XC9cL2ZhYmVyLXNvbGFydGVjaG5pay5kZVwvd3AtY29udGVudFwvdXBsb2Fkc1wvMjAyNVwvMDFcL01hcmNvLmpwZyJ9\">\n\t\t\t\t\t\t\t<img loading=\"lazy\" loading=\"lazy\" decoding=\"async\" width=\"300\" height=\"300\" src=\"https:\/\/faber-solartechnik.de\/wp-content\/uploads\/2025\/01\/Marco-300x300.jpg\" class=\"attachment-medium size-medium wp-image-8458\" alt=\"\" srcset=\"https:\/\/faber-solartechnik.de\/wp-content\/uploads\/2025\/01\/Marco-300x300.jpg 300w, https:\/\/faber-solartechnik.de\/wp-content\/uploads\/2025\/01\/Marco-150x150.jpg 150w, https:\/\/faber-solartechnik.de\/wp-content\/uploads\/2025\/01\/Marco-12x12.jpg 12w, https:\/\/faber-solartechnik.de\/wp-content\/uploads\/2025\/01\/Marco-400x400.jpg 400w, https:\/\/faber-solartechnik.de\/wp-content\/uploads\/2025\/01\/Marco.jpg 420w\" sizes=\"auto, (max-width: 300px) 100vw, 300px\" \/>\t\t\t\t\t\t\t\t<\/a>\n\t\t\t\t\t\t\t\t\t\t\t\t\t\t\t<\/div>\n\t\t\t\t<\/div>\n\t\t\t\t<\/div>\n\t\t<div class=\"elementor-element elementor-element-dcd51ab e-con-full e-flex e-con e-child\" data-id=\"dcd51ab\" data-element_type=\"container\" data-e-type=\"container\">\n\t\t\t\t<div class=\"elementor-element elementor-element-1751f3f elementor-widget elementor-widget-heading\" data-id=\"1751f3f\" data-element_type=\"widget\" data-e-type=\"widget\" data-widget_type=\"heading.default\">\n\t\t\t\t<div class=\"elementor-widget-container\">\n\t\t\t\t\t<span class=\"elementor-heading-title elementor-size-default\">Marco Pfeiffer<\/span>\t\t\t\t<\/div>\n\t\t\t\t<\/div>\n\t\t\t\t<div class=\"elementor-element elementor-element-93d1b24 elementor-widget elementor-widget-heading\" data-id=\"93d1b24\" data-element_type=\"widget\" data-e-type=\"widget\" data-widget_type=\"heading.default\">\n\t\t\t\t<div class=\"elementor-widget-container\">\n\t\t\t\t\t<span class=\"elementor-heading-title elementor-size-default\">Projektleiter Faber Solartechnik <\/span>\t\t\t\t<\/div>\n\t\t\t\t<\/div>\n\t\t\t\t<div class=\"elementor-element elementor-element-10a97bb elementor-align-start elementor-widget__width-auto elementor-tablet_extra-align-center elementor-icon-list--layout-traditional elementor-list-item-link-full_width elementor-invisible elementor-widget elementor-widget-icon-list\" data-id=\"10a97bb\" data-element_type=\"widget\" data-e-type=\"widget\" data-settings=\"{&quot;_animation&quot;:&quot;fadeIn&quot;}\" data-widget_type=\"icon-list.default\">\n\t\t\t\t<div class=\"elementor-widget-container\">\n\t\t\t\t\t\t\t<ul class=\"elementor-icon-list-items\">\n\t\t\t\t\t\t\t<li class=\"elementor-icon-list-item\">\n\t\t\t\t\t\t\t\t\t\t\t<a href=\"tel:+4952236570825\">\n\n\t\t\t\t\t\t\t\t\t\t\t\t<span class=\"elementor-icon-list-icon\">\n\t\t\t\t\t\t\t<i aria-hidden=\"true\" class=\"fas fa-phone-alt\"><\/i>\t\t\t\t\t\t<\/span>\n\t\t\t\t\t\t\t\t\t\t<span class=\"elementor-icon-list-text\"><strong>Telefon<\/strong> (+49) 05223 65708-25<\/span>\n\t\t\t\t\t\t\t\t\t\t\t<\/a>\n\t\t\t\t\t\t\t\t\t<\/li>\n\t\t\t\t\t\t\t\t<li class=\"elementor-icon-list-item\">\n\t\t\t\t\t\t\t\t\t\t\t<a href=\"mailto:m.pfeiffer@faber-solartechnik.de\">\n\n\t\t\t\t\t\t\t\t\t\t\t\t<span class=\"elementor-icon-list-icon\">\n\t\t\t\t\t\t\t<i aria-hidden=\"true\" class=\"fas fa-at\"><\/i>\t\t\t\t\t\t<\/span>\n\t\t\t\t\t\t\t\t\t\t<span class=\"elementor-icon-list-text\"><strong>Mail<\/strong> m.pfeiffer@faber-solartechnik.de<\/span>\n\t\t\t\t\t\t\t\t\t\t\t<\/a>\n\t\t\t\t\t\t\t\t\t<\/li>\n\t\t\t\t\t\t<\/ul>\n\t\t\t\t\t\t<\/div>\n\t\t\t\t<\/div>\n\t\t\t\t<\/div>\n\t\t\t\t<\/div>\n\t\t<div class=\"elementor-element elementor-element-4446caa e-flex e-con-boxed e-con e-parent\" data-id=\"4446caa\" data-element_type=\"container\" data-e-type=\"container\">\n\t\t\t\t\t<div class=\"e-con-inner\">\n\t\t\t\t<div class=\"elementor-element elementor-element-ead7735 elementor-widget-divider--view-line elementor-widget elementor-widget-divider\" data-id=\"ead7735\" data-element_type=\"widget\" data-e-type=\"widget\" data-widget_type=\"divider.default\">\n\t\t\t\t<div class=\"elementor-widget-container\">\n\t\t\t\t\t\t\t<div class=\"elementor-divider\">\n\t\t\t<span class=\"elementor-divider-separator\">\n\t\t\t\t\t\t<\/span>\n\t\t<\/div>\n\t\t\t\t\t\t<\/div>\n\t\t\t\t<\/div>\n\t\t\t\t<div class=\"elementor-element elementor-element-72d2f70 elementor-widget elementor-widget-text-editor\" data-id=\"72d2f70\" data-element_type=\"widget\" data-e-type=\"widget\" data-widget_type=\"text-editor.default\">\n\t\t\t\t<div class=\"elementor-widget-container\">\n\t\t\t\t\t\t\t\t\t<p>Wir bedanken uns herzlich bei der <strong>RheinfelsQuellen H. H\u00f6velmann GmbH &amp; Co. KG<\/strong> f\u00fcr die M\u00f6glichkeit, dieses spannende Projekt in ihrem Magazin pr\u00e4sentieren zu d\u00fcrfen!<\/p><p>Bleiben Sie auf dem Laufenden: Folgen Sie uns auf unseren sozialen Kan\u00e4len oder kontaktieren Sie uns f\u00fcr weitere Informationen zu unseren Leistungen im Bereich Solarenergie und Dachsanierung.<\/p>\t\t\t\t\t\t\t\t<\/div>\n\t\t\t\t<\/div>\n\t\t\t\t\t<\/div>\n\t\t\t\t<\/div>\n\t\t<div class=\"elementor-element elementor-element-3c82a29 e-flex e-con-boxed e-con e-parent\" data-id=\"3c82a29\" data-element_type=\"container\" data-e-type=\"container\">\n\t\t\t\t\t<div class=\"e-con-inner\">\n\t\t\t\t<div class=\"elementor-element elementor-element-e7c9bda elementor-shape-circle elementor-grid-0 e-grid-align-center elementor-widget elementor-widget-social-icons\" data-id=\"e7c9bda\" data-element_type=\"widget\" data-e-type=\"widget\" data-widget_type=\"social-icons.default\">\n\t\t\t\t<div class=\"elementor-widget-container\">\n\t\t\t\t\t\t\t<div class=\"elementor-social-icons-wrapper elementor-grid\" role=\"list\">\n\t\t\t\t\t\t\t<span class=\"elementor-grid-item\" role=\"listitem\">\n\t\t\t\t\t<a class=\"elementor-icon elementor-social-icon elementor-social-icon-instagram elementor-animation-grow elementor-repeater-item-4c709ca\" href=\"https:\/\/www.instagram.com\/faber.energy\/\" target=\"_blank\" rel=\"noopener\">\n\t\t\t\t\t\t<span class=\"elementor-screen-only\">Instagram<\/span>\n\t\t\t\t\t\t<i aria-hidden=\"true\" class=\"fab fa-instagram\"><\/i>\t\t\t\t\t<\/a>\n\t\t\t\t<\/span>\n\t\t\t\t\t\t\t<span class=\"elementor-grid-item\" role=\"listitem\">\n\t\t\t\t\t<a class=\"elementor-icon elementor-social-icon elementor-social-icon-facebook elementor-animation-grow elementor-repeater-item-2651a5f\" href=\"https:\/\/www.facebook.com\/people\/Faber-E-Tec\/100087351948615\/\" target=\"_blank\" rel=\"noopener\">\n\t\t\t\t\t\t<span class=\"elementor-screen-only\">Facebook<\/span>\n\t\t\t\t\t\t<i aria-hidden=\"true\" class=\"fab fa-facebook\"><\/i>\t\t\t\t\t<\/a>\n\t\t\t\t<\/span>\n\t\t\t\t\t\t\t<span class=\"elementor-grid-item\" role=\"listitem\">\n\t\t\t\t\t<a class=\"elementor-icon elementor-social-icon elementor-social-icon-threads elementor-animation-grow elementor-repeater-item-a83f52e\" href=\"https:\/\/www.threads.net\/@faber.energy\" target=\"_blank\" rel=\"noopener\">\n\t\t\t\t\t\t<span class=\"elementor-screen-only\">Threads<\/span>\n\t\t\t\t\t\t<i aria-hidden=\"true\" class=\"fab fa-threads\"><\/i>\t\t\t\t\t<\/a>\n\t\t\t\t<\/span>\n\t\t\t\t\t\t\t<span class=\"elementor-grid-item\" role=\"listitem\">\n\t\t\t\t\t<a class=\"elementor-icon elementor-social-icon elementor-social-icon-linkedin elementor-animation-grow elementor-repeater-item-2b87a25\" href=\"https:\/\/www.linkedin.com\/company\/faber-etec\/\" target=\"_blank\" rel=\"noopener\">\n\t\t\t\t\t\t<span class=\"elementor-screen-only\">Linkedin<\/span>\n\t\t\t\t\t\t<i aria-hidden=\"true\" class=\"fab fa-linkedin\"><\/i>\t\t\t\t\t<\/a>\n\t\t\t\t<\/span>\n\t\t\t\t\t\t\t<span class=\"elementor-grid-item\" role=\"listitem\">\n\t\t\t\t\t<a class=\"elementor-icon elementor-social-icon elementor-social-icon-x-twitter elementor-animation-grow elementor-repeater-item-aade526\" href=\"https:\/\/x.com\/Faber_Energy\" target=\"_blank\">\n\t\t\t\t\t\t<span class=\"elementor-screen-only\">X-twitter<\/span>\n\t\t\t\t\t\t<i aria-hidden=\"true\" class=\"fab fa-x-twitter\"><\/i>\t\t\t\t\t<\/a>\n\t\t\t\t<\/span>\n\t\t\t\t\t\t\t<span class=\"elementor-grid-item\" role=\"listitem\">\n\t\t\t\t\t<a class=\"elementor-icon elementor-social-icon elementor-social-icon-youtube elementor-animation-grow elementor-repeater-item-afaaa4e\" href=\"https:\/\/www.youtube.com\/@Faber.Energy\" target=\"_blank\" rel=\"noopener\">\n\t\t\t\t\t\t<span class=\"elementor-screen-only\">Youtube<\/span>\n\t\t\t\t\t\t<i aria-hidden=\"true\" class=\"fab fa-youtube\"><\/i>\t\t\t\t\t<\/a>\n\t\t\t\t<\/span>\n\t\t\t\t\t<\/div>\n\t\t\t\t\t\t<\/div>\n\t\t\t\t<\/div>\n\t\t\t\t\t<\/div>\n\t\t\t\t<\/div>\n\t\t\t\t<\/div>\n\t\t\t\t\t\t<\/div>\n\t\t\t\t<\/div>\n\t\t\t\t<div class=\"elementor-element elementor-element-b294ae0 e-transform e-transform elementor-align-right elementor-absolute elementor-invisible elementor-widget elementor-widget-button\" data-id=\"b294ae0\" data-element_type=\"widget\" data-e-type=\"widget\" data-settings=\"{&quot;_transform_translateX_effect_hover&quot;:{&quot;unit&quot;:&quot;px&quot;,&quot;size&quot;:-10,&quot;sizes&quot;:[]},&quot;_animation&quot;:&quot;fadeInUp&quot;,&quot;_animation_delay&quot;:1000,&quot;_position&quot;:&quot;absolute&quot;,&quot;_transform_translateX_effect&quot;:{&quot;unit&quot;:&quot;px&quot;,&quot;size&quot;:&quot;&quot;,&quot;sizes&quot;:[]},&quot;_transform_translateX_effect_laptop&quot;:{&quot;unit&quot;:&quot;px&quot;,&quot;size&quot;:&quot;&quot;,&quot;sizes&quot;:[]},&quot;_transform_translateX_effect_tablet_extra&quot;:{&quot;unit&quot;:&quot;px&quot;,&quot;size&quot;:&quot;&quot;,&quot;sizes&quot;:[]},&quot;_transform_translateX_effect_tablet&quot;:{&quot;unit&quot;:&quot;px&quot;,&quot;size&quot;:&quot;&quot;,&quot;sizes&quot;:[]},&quot;_transform_translateX_effect_mobile&quot;:{&quot;unit&quot;:&quot;px&quot;,&quot;size&quot;:&quot;&quot;,&quot;sizes&quot;:[]},&quot;_transform_translateY_effect&quot;:{&quot;unit&quot;:&quot;px&quot;,&quot;size&quot;:&quot;&quot;,&quot;sizes&quot;:[]},&quot;_transform_translateY_effect_laptop&quot;:{&quot;unit&quot;:&quot;px&quot;,&quot;size&quot;:&quot;&quot;,&quot;sizes&quot;:[]},&quot;_transform_translateY_effect_tablet_extra&quot;:{&quot;unit&quot;:&quot;px&quot;,&quot;size&quot;:&quot;&quot;,&quot;sizes&quot;:[]},&quot;_transform_translateY_effect_tablet&quot;:{&quot;unit&quot;:&quot;px&quot;,&quot;size&quot;:&quot;&quot;,&quot;sizes&quot;:[]},&quot;_transform_translateY_effect_mobile&quot;:{&quot;unit&quot;:&quot;px&quot;,&quot;size&quot;:&quot;&quot;,&quot;sizes&quot;:[]},&quot;_transform_translateX_effect_hover_laptop&quot;:{&quot;unit&quot;:&quot;px&quot;,&quot;size&quot;:&quot;&quot;,&quot;sizes&quot;:[]},&quot;_transform_translateX_effect_hover_tablet_extra&quot;:{&quot;unit&quot;:&quot;px&quot;,&quot;size&quot;:&quot;&quot;,&quot;sizes&quot;:[]},&quot;_transform_translateX_effect_hover_tablet&quot;:{&quot;unit&quot;:&quot;px&quot;,&quot;size&quot;:&quot;&quot;,&quot;sizes&quot;:[]},&quot;_transform_translateX_effect_hover_mobile&quot;:{&quot;unit&quot;:&quot;px&quot;,&quot;size&quot;:&quot;&quot;,&quot;sizes&quot;:[]},&quot;_transform_translateY_effect_hover&quot;:{&quot;unit&quot;:&quot;px&quot;,&quot;size&quot;:&quot;&quot;,&quot;sizes&quot;:[]},&quot;_transform_translateY_effect_hover_laptop&quot;:{&quot;unit&quot;:&quot;px&quot;,&quot;size&quot;:&quot;&quot;,&quot;sizes&quot;:[]},&quot;_transform_translateY_effect_hover_tablet_extra&quot;:{&quot;unit&quot;:&quot;px&quot;,&quot;size&quot;:&quot;&quot;,&quot;sizes&quot;:[]},&quot;_transform_translateY_effect_hover_tablet&quot;:{&quot;unit&quot;:&quot;px&quot;,&quot;size&quot;:&quot;&quot;,&quot;sizes&quot;:[]},&quot;_transform_translateY_effect_hover_mobile&quot;:{&quot;unit&quot;:&quot;px&quot;,&quot;size&quot;:&quot;&quot;,&quot;sizes&quot;:[]}}\" data-widget_type=\"button.default\">\n\t\t\t\t<div class=\"elementor-widget-container\">\n\t\t\t\t\t\t\t\t\t<div class=\"elementor-button-wrapper\">\n\t\t\t\t\t<a class=\"elementor-button elementor-button-link elementor-size-xs\" href=\"https:\/\/faber-solartechnik.de\/en\/projekte\/ardey-quelle-dachsanierung\/\" target=\"_blank\">\n\t\t\t\t\t\t<span class=\"elementor-button-content-wrapper\">\n\t\t\t\t\t\t<span class=\"elementor-button-icon\">\n\t\t\t\t<i aria-hidden=\"true\" class=\"far fa-window-restore\"><\/i>\t\t\t<\/span>\n\t\t\t\t\t\t\t\t\t<span class=\"elementor-button-text\">Projekt in neuem Tab \u00f6ffnen<\/span>\n\t\t\t\t\t<\/span>\n\t\t\t\t\t<\/a>\n\t\t\t\t<\/div>\n\t\t\t\t\t\t\t\t<\/div>\n\t\t\t\t<\/div>\n\t\t\t\t\t<\/div>\n\t\t<\/div>\n\t\t\t\t\t<\/div>\n\t\t<\/section>\n\t\t\t\t<\/div>\n\t\t\t\t\t\t\t<\/div>\n\t\t\t\t\t\t\t\t<\/div>\n\t\t<\/div>\n\t\t\t\t\t\t<\/div>\n\t\t\t\t<\/div>\n\t\t\t\t<div class=\"elementor-element elementor-element-15922a7 elementor-widget elementor-widget-button\" data-id=\"15922a7\" data-element_type=\"widget\" data-e-type=\"widget\" data-widget_type=\"button.default\">\n\t\t\t\t<div class=\"elementor-widget-container\">\n\t\t\t\t\t\t\t\t\t<div class=\"elementor-button-wrapper\">\n\t\t\t\t\t<a class=\"elementor-button elementor-button-link elementor-size-xs\" href=\"https:\/\/faber-solartechnik.de\/en\/projekte\/ardey-quelle-dachsanierung\/\" target=\"_blank\">\n\t\t\t\t\t\t<span class=\"elementor-button-content-wrapper\">\n\t\t\t\t\t\t<span class=\"elementor-button-icon\">\n\t\t\t\t<i aria-hidden=\"true\" class=\"fas fa-arrow-right\"><\/i>\t\t\t<\/span>\n\t\t\t\t\t\t\t\t\t<span class=\"elementor-button-text\">\u00d6ffnen<\/span>\n\t\t\t\t\t<\/span>\n\t\t\t\t\t<\/a>\n\t\t\t\t<\/div>\n\t\t\t\t\t\t\t\t<\/div>\n\t\t\t\t<\/div>\n\t\t\t\t\t<\/div>\n\t\t<\/div>\n\t\t\t\t\t<\/div>\n\t\t<\/section>\n\t\t\t\t<\/div>\n\t\t<style id=\"loop-dynamic-3527\">.e-loop-item-7473 .elementor-element.elementor-element-a252bde > .elementor-background-overlay{background-image:url(\"https:\/\/faber-solartechnik.de\/wp-content\/uploads\/2023\/11\/Faber-Solar-Olfry-10-scaled.jpg\");}<\/style>\t\t<div data-elementor-type=\"loop-item\" data-elementor-id=\"3527\" class=\"elementor elementor-3527 swiper-slide e-loop-item e-loop-item-7473 post-7473 post type-post status-publish format-standard has-post-thumbnail hentry category-projekte\" data-elementor-post-type=\"elementor_library\" role=\"group\" aria-roledescription=\"slide\" data-custom-edit-handle=\"1\">\n\t\t\t\t\t<section class=\"elementor-section elementor-top-section elementor-element elementor-element-a252bde elementor-section-height-min-height elementor-section-items-stretch loopnews runde-ecken elementor-section-boxed elementor-section-height-default\" data-id=\"a252bde\" data-element_type=\"section\" data-e-type=\"section\">\n\t\t\t\t\t\t\t<div class=\"elementor-background-overlay\"><\/div>\n\t\t\t\t\t\t\t<div class=\"elementor-container elementor-column-gap-no\">\n\t\t\t\t\t<div class=\"elementor-column elementor-col-100 elementor-top-column elementor-element elementor-element-6fcfada runde-ecken\" data-id=\"6fcfada\" data-element_type=\"column\" data-e-type=\"column\" data-settings=\"{&quot;background_background&quot;:&quot;classic&quot;}\">\n\t\t\t<div class=\"elementor-widget-wrap elementor-element-populated\">\n\t\t\t\t\t<div class=\"elementor-background-overlay\"><\/div>\n\t\t\t\t\t\t<section class=\"elementor-section elementor-inner-section elementor-element elementor-element-6604a6b elementor-section-boxed elementor-section-height-default elementor-section-height-default\" data-id=\"6604a6b\" data-element_type=\"section\" data-e-type=\"section\">\n\t\t\t\t\t\t<div class=\"elementor-container elementor-column-gap-no\">\n\t\t\t\t\t<div class=\"elementor-column elementor-col-100 elementor-inner-column elementor-element elementor-element-f098b0d\" data-id=\"f098b0d\" data-element_type=\"column\" data-e-type=\"column\">\n\t\t\t<div class=\"elementor-widget-wrap elementor-element-populated\">\n\t\t\t\t\t\t<div class=\"elementor-element elementor-element-1f94609 elementor-widget elementor-widget-post-info\" data-id=\"1f94609\" data-element_type=\"widget\" data-e-type=\"widget\" data-widget_type=\"post-info.default\">\n\t\t\t\t<div class=\"elementor-widget-container\">\n\t\t\t\t\t\t\t<ul class=\"elementor-inline-items elementor-icon-list-items elementor-post-info\">\n\t\t\t\t\t\t\t\t<li class=\"elementor-icon-list-item elementor-repeater-item-fb2fc86 elementor-inline-item\" itemprop=\"about\">\n\t\t\t\t\t\t\t\t\t\t\t\t\t<span class=\"elementor-icon-list-text elementor-post-info__item elementor-post-info__item--type-terms\">\n\t\t\t\t\t\t\t\t\t\t<span class=\"elementor-post-info__terms-list\">\n\t\t\t\t<a href=\"https:\/\/faber-solartechnik.de\/en\/.\/projekte\/\" class=\"elementor-post-info__terms-list-item\">Projekte<\/a>\t\t\t\t<\/span>\n\t\t\t\t\t<\/span>\n\t\t\t\t\t\t\t\t<\/li>\n\t\t\t\t<\/ul>\n\t\t\t\t\t\t<\/div>\n\t\t\t\t<\/div>\n\t\t\t\t<div class=\"elementor-element elementor-element-009b0cb elementor-widget elementor-widget-heading\" data-id=\"009b0cb\" data-element_type=\"widget\" data-e-type=\"widget\" data-widget_type=\"heading.default\">\n\t\t\t\t<div class=\"elementor-widget-container\">\n\t\t\t\t\t<h4 class=\"elementor-heading-title elementor-size-default\"><a href=\"https:\/\/faber-solartechnik.de\/en\/projekte\/vechta\/\" target=\"_blank\">Vechta<\/a><\/h4>\t\t\t\t<\/div>\n\t\t\t\t<\/div>\n\t\t\t\t<div class=\"elementor-element elementor-element-6321c9b elementor-hidden-mobile eae-pop-btn-align-left popupklicktitel elementor-hidden-desktop elementor-hidden-tablet eae-pop-btn-type-text elementor-widget elementor-widget-wts-modal-popup\" data-id=\"6321c9b\" data-element_type=\"widget\" data-e-type=\"widget\" data-widget_type=\"wts-modal-popup.default\">\n\t\t\t\t<div class=\"elementor-widget-container\">\n\t\t\t\t\t\t\t<div class=\"eae-popup-wrapper eae-popup-eae-pupup-item-1474984965\" data-id=\"eae-pupup-item-1474984965\" data-preview-modal=\"\" data-close-button-type=\"icon\" data-close-btn=\"fas fa-times\" data-close-in-out=\"true\" data-effect=\"zoom-in\">\n\t\t\t<a class=\"eae-popup-link icon-position-after\"\n\t\t\tdata-id=\"eae-pupup-item-1474984965\" data-ctrl-id=\"6321c9b\" href=\"#eae-pupup-item-1474984965\">\n\t\t\t\t\t\t\t\t\t\t\t\t\t\t\t<span class=\"eae-popup-btn-text\">\n\t\t\t\t\t\t\tVechta\t\t\t\t\t\t<\/span>\n\t\t\t\t\t\t\t\t\t\t<span class=\"eae-popup-btn-icon\">\n\t\t\t\t\t\t\t\t\t\t\t<\/span>\n\t\t\t\t\t\t\t\t\t\t\t\t\t\t<\/a>\n\t\t<\/div>\n\n\t\t<div id=\"eae-pupup-item-1474984965\" class=\"eae-popup-eae-pupup-item-1474984965 mfp-hide eae-popup-container\">\n\t\t\t<input class=\"eae-hidden-post-id\" type=\"hidden\" name=\"eae_hidden_post_id\" data-id=\"eae-pupup-item-1474984965\" value=\"0\" \/>\n\t\t\t<div class=\"eae-popup-content\">\n\t\t\t\t\t\t\t\t\t<div class=\"eae-modal-content\">\n\t\t\t\t\t\t\t\t<div data-elementor-type=\"section\" data-elementor-id=\"4203\" class=\"elementor elementor-4203\" data-elementor-post-type=\"elementor_library\">\n\t\t\t\t\t<section class=\"elementor-section elementor-top-section elementor-element elementor-element-76665b6d elementor-section-full_width elementor-section-height-min-height elementor-section-items-stretch elementor-section-height-default\" data-id=\"76665b6d\" data-element_type=\"section\" data-e-type=\"section\">\n\t\t\t\t\t\t<div class=\"elementor-container elementor-column-gap-default\">\n\t\t\t\t\t<div class=\"elementor-column elementor-col-50 elementor-top-column elementor-element elementor-element-27f77bf4\" data-id=\"27f77bf4\" data-element_type=\"column\" data-e-type=\"column\">\n\t\t\t<div class=\"elementor-widget-wrap elementor-element-populated\">\n\t\t\t\t\t\t<div class=\"elementor-element elementor-element-2c72871 shadow runde-ecken elementor-widget elementor-widget-image\" data-id=\"2c72871\" data-element_type=\"widget\" data-e-type=\"widget\" data-widget_type=\"image.default\">\n\t\t\t\t<div class=\"elementor-widget-container\">\n\t\t\t\t\t\t\t\t\t\t\t\t\t\t\t\t<a href=\"https:\/\/faber-solartechnik.de\/wp-content\/uploads\/2023\/11\/Faber-Solar-Olfry-10-scaled.jpg\" data-elementor-open-lightbox=\"yes\" data-e-action-hash=\"#elementor-action%3Aaction%3Dlightbox%26settings%3DeyJpZCI6NzQxNSwidXJsIjoiaHR0cHM6XC9cL2ZhYmVyLXNvbGFydGVjaG5pay5kZVwvd3AtY29udGVudFwvdXBsb2Fkc1wvMjAyM1wvMTFcL0ZhYmVyLVNvbGFyLU9sZnJ5LTEwLXNjYWxlZC5qcGcifQ%3D%3D\">\n\t\t\t\t\t\t\t<img loading=\"lazy\" decoding=\"async\" width=\"768\" height=\"432\" src=\"https:\/\/faber-solartechnik.de\/wp-content\/uploads\/2023\/11\/Faber-Solar-Olfry-10-768x432.jpg\" class=\"attachment-medium_large size-medium_large wp-image-7415\" alt=\"\" srcset=\"https:\/\/faber-solartechnik.de\/wp-content\/uploads\/2023\/11\/Faber-Solar-Olfry-10-768x432.jpg 768w, https:\/\/faber-solartechnik.de\/wp-content\/uploads\/2023\/11\/Faber-Solar-Olfry-10-300x169.jpg 300w, https:\/\/faber-solartechnik.de\/wp-content\/uploads\/2023\/11\/Faber-Solar-Olfry-10-1024x576.jpg 1024w, https:\/\/faber-solartechnik.de\/wp-content\/uploads\/2023\/11\/Faber-Solar-Olfry-10-1536x863.jpg 1536w, https:\/\/faber-solartechnik.de\/wp-content\/uploads\/2023\/11\/Faber-Solar-Olfry-10-2048x1151.jpg 2048w, https:\/\/faber-solartechnik.de\/wp-content\/uploads\/2023\/11\/Faber-Solar-Olfry-10-18x10.jpg 18w\" sizes=\"(max-width: 768px) 100vw, 768px\" \/>\t\t\t\t\t\t\t\t<\/a>\n\t\t\t\t\t\t\t\t\t\t\t\t\t\t\t<\/div>\n\t\t\t\t<\/div>\n\t\t\t\t\t<\/div>\n\t\t<\/div>\n\t\t\t\t<div class=\"elementor-column elementor-col-50 elementor-top-column elementor-element elementor-element-329a626d\" data-id=\"329a626d\" data-element_type=\"column\" data-e-type=\"column\">\n\t\t\t<div class=\"elementor-widget-wrap elementor-element-populated\">\n\t\t\t\t\t\t<div class=\"elementor-element elementor-element-bf7ede2 elementor-widget elementor-widget-heading\" data-id=\"bf7ede2\" data-element_type=\"widget\" data-e-type=\"widget\" data-widget_type=\"heading.default\">\n\t\t\t\t<div class=\"elementor-widget-container\">\n\t\t\t\t\t<h3 class=\"elementor-heading-title elementor-size-default\">Vechta<\/h3>\t\t\t\t<\/div>\n\t\t\t\t<\/div>\n\t\t\t\t<div class=\"elementor-element elementor-element-678b441 elementor-widget-divider--view-line elementor-widget elementor-widget-divider\" data-id=\"678b441\" data-element_type=\"widget\" data-e-type=\"widget\" data-widget_type=\"divider.default\">\n\t\t\t\t<div class=\"elementor-widget-container\">\n\t\t\t\t\t\t\t<div class=\"elementor-divider\">\n\t\t\t<span class=\"elementor-divider-separator\">\n\t\t\t\t\t\t<\/span>\n\t\t<\/div>\n\t\t\t\t\t\t<\/div>\n\t\t\t\t<\/div>\n\t\t\t\t<div class=\"elementor-element elementor-element-18e98f7 elementor-widget elementor-widget-theme-post-content\" data-id=\"18e98f7\" data-element_type=\"widget\" data-e-type=\"widget\" data-widget_type=\"theme-post-content.default\">\n\t\t\t\t<div class=\"elementor-widget-container\">\n\t\t\t\t\t\t\t<div data-elementor-type=\"wp-post\" data-elementor-id=\"7473\" class=\"elementor elementor-7473\" data-elementor-post-type=\"post\">\n\t\t\t\t<div class=\"elementor-element elementor-element-96ca4d2 e-flex e-con-boxed e-con e-parent\" data-id=\"96ca4d2\" data-element_type=\"container\" data-e-type=\"container\">\n\t\t\t\t\t<div class=\"e-con-inner\">\n\t\t\t\t<div class=\"elementor-element elementor-element-3258c0f elementor-icon-list--layout-inline popup-pv-fakts elementor-align-center elementor-list-item-link-full_width elementor-widget elementor-widget-icon-list\" data-id=\"3258c0f\" data-element_type=\"widget\" data-e-type=\"widget\" data-widget_type=\"icon-list.default\">\n\t\t\t\t<div class=\"elementor-widget-container\">\n\t\t\t\t\t\t\t<ul class=\"elementor-icon-list-items elementor-inline-items\">\n\t\t\t\t\t\t\t<li class=\"elementor-icon-list-item elementor-inline-item\">\n\t\t\t\t\t\t\t\t\t\t\t<span class=\"elementor-icon-list-icon\">\n\t\t\t\t\t\t\t<i aria-hidden=\"true\" class=\"fas fa-sun\"><\/i>\t\t\t\t\t\t<\/span>\n\t\t\t\t\t\t\t\t\t\t<span class=\"elementor-icon-list-text\">2.100 kWp<\/span>\n\t\t\t\t\t\t\t\t\t<\/li>\n\t\t\t\t\t\t\t\t<li class=\"elementor-icon-list-item elementor-inline-item\">\n\t\t\t\t\t\t\t\t\t\t\t<span class=\"elementor-icon-list-icon\">\n\t\t\t\t\t\t\t<i aria-hidden=\"true\" class=\"fas fa-bolt\"><\/i>\t\t\t\t\t\t<\/span>\n\t\t\t\t\t\t\t\t\t\t<span class=\"elementor-icon-list-text\">1.986.541 kWh\/Jahr<\/span>\n\t\t\t\t\t\t\t\t\t<\/li>\n\t\t\t\t\t\t\t\t<li class=\"elementor-icon-list-item elementor-inline-item\">\n\t\t\t\t\t\t\t\t\t\t\t<span class=\"elementor-icon-list-icon\">\n\t\t\t\t\t\t\t<i aria-hidden=\"true\" class=\"fas fa-plug\"><\/i>\t\t\t\t\t\t<\/span>\n\t\t\t\t\t\t\t\t\t\t<span class=\"elementor-icon-list-text\">\u00dcberschuss<\/span>\n\t\t\t\t\t\t\t\t\t<\/li>\n\t\t\t\t\t\t\t\t<li class=\"elementor-icon-list-item elementor-inline-item\">\n\t\t\t\t\t\t\t\t\t\t\t<span class=\"elementor-icon-list-icon\">\n\t\t\t\t\t\t\t<i aria-hidden=\"true\" class=\"fas fa-tools\"><\/i>\t\t\t\t\t\t<\/span>\n\t\t\t\t\t\t\t\t\t\t<span class=\"elementor-icon-list-text\">Dachparallel<\/span>\n\t\t\t\t\t\t\t\t\t<\/li>\n\t\t\t\t\t\t\t\t<li class=\"elementor-icon-list-item elementor-inline-item\">\n\t\t\t\t\t\t\t\t\t\t\t<span class=\"elementor-icon-list-icon\">\n\t\t\t\t\t\t\t<i aria-hidden=\"true\" class=\"fas fa-map-marker-alt\"><\/i>\t\t\t\t\t\t<\/span>\n\t\t\t\t\t\t\t\t\t\t<span class=\"elementor-icon-list-text\">Niedersachsen<\/span>\n\t\t\t\t\t\t\t\t\t<\/li>\n\t\t\t\t\t\t<\/ul>\n\t\t\t\t\t\t<\/div>\n\t\t\t\t<\/div>\n\t\t\t\t<div class=\"elementor-element elementor-element-ca8a16e elementor-widget elementor-widget-gallery\" data-id=\"ca8a16e\" data-element_type=\"widget\" data-e-type=\"widget\" data-settings=\"{&quot;gallery_layout&quot;:&quot;grid&quot;,&quot;columns&quot;:4,&quot;columns_tablet&quot;:2,&quot;columns_mobile&quot;:1,&quot;gap&quot;:{&quot;unit&quot;:&quot;px&quot;,&quot;size&quot;:10,&quot;sizes&quot;:[]},&quot;gap_laptop&quot;:{&quot;unit&quot;:&quot;px&quot;,&quot;size&quot;:10,&quot;sizes&quot;:[]},&quot;gap_tablet_extra&quot;:{&quot;unit&quot;:&quot;px&quot;,&quot;size&quot;:10,&quot;sizes&quot;:[]},&quot;gap_tablet&quot;:{&quot;unit&quot;:&quot;px&quot;,&quot;size&quot;:10,&quot;sizes&quot;:[]},&quot;gap_mobile&quot;:{&quot;unit&quot;:&quot;px&quot;,&quot;size&quot;:10,&quot;sizes&quot;:[]},&quot;link_to&quot;:&quot;file&quot;,&quot;aspect_ratio&quot;:&quot;3:2&quot;,&quot;overlay_background&quot;:&quot;yes&quot;,&quot;content_hover_animation&quot;:&quot;fade-in&quot;}\" data-widget_type=\"gallery.default\">\n\t\t\t\t<div class=\"elementor-widget-container\">\n\t\t\t\t\t\t\t<div class=\"elementor-gallery__container\">\n\t\t\t\t\t\t\t<a class=\"e-gallery-item elementor-gallery-item elementor-animated-content\" href=\"https:\/\/faber-solartechnik.de\/wp-content\/uploads\/2023\/11\/Faber-Solar-Olfry-1-scaled.jpg\" data-elementor-open-lightbox=\"yes\" data-elementor-lightbox-slideshow=\"ca8a16e\" data-e-action-hash=\"#elementor-action%3Aaction%3Dlightbox%26settings%3DeyJpZCI6NzQxNiwidXJsIjoiaHR0cHM6XC9cL2ZhYmVyLXNvbGFydGVjaG5pay5kZVwvd3AtY29udGVudFwvdXBsb2Fkc1wvMjAyM1wvMTFcL0ZhYmVyLVNvbGFyLU9sZnJ5LTEtc2NhbGVkLmpwZyIsInNsaWRlc2hvdyI6ImNhOGExNmUifQ%3D%3D\">\n\t\t\t\t\t<div class=\"e-gallery-image elementor-gallery-item__image\" data-thumbnail=\"https:\/\/faber-solartechnik.de\/wp-content\/uploads\/2023\/11\/Faber-Solar-Olfry-1-300x169.jpg\" data-width=\"300\" data-height=\"169\" aria-label=\"\" role=\"img\" ><\/div>\n\t\t\t\t\t\t\t\t\t\t\t<div class=\"elementor-gallery-item__overlay\"><\/div>\n\t\t\t\t\t\t\t\t\t\t\t\t\t\t<\/a>\n\t\t\t\t\t\t\t<a class=\"e-gallery-item elementor-gallery-item elementor-animated-content\" href=\"https:\/\/faber-solartechnik.de\/wp-content\/uploads\/2023\/11\/Faber-Solar-Olfry-8-scaled.jpg\" data-elementor-open-lightbox=\"yes\" data-elementor-lightbox-slideshow=\"ca8a16e\" data-e-action-hash=\"#elementor-action%3Aaction%3Dlightbox%26settings%3DeyJpZCI6NzQwOCwidXJsIjoiaHR0cHM6XC9cL2ZhYmVyLXNvbGFydGVjaG5pay5kZVwvd3AtY29udGVudFwvdXBsb2Fkc1wvMjAyM1wvMTFcL0ZhYmVyLVNvbGFyLU9sZnJ5LTgtc2NhbGVkLmpwZyIsInNsaWRlc2hvdyI6ImNhOGExNmUifQ%3D%3D\">\n\t\t\t\t\t<div class=\"e-gallery-image elementor-gallery-item__image\" data-thumbnail=\"https:\/\/faber-solartechnik.de\/wp-content\/uploads\/2023\/11\/Faber-Solar-Olfry-8-300x169.jpg\" data-width=\"300\" data-height=\"169\" aria-label=\"\" role=\"img\" ><\/div>\n\t\t\t\t\t\t\t\t\t\t\t<div class=\"elementor-gallery-item__overlay\"><\/div>\n\t\t\t\t\t\t\t\t\t\t\t\t\t\t<\/a>\n\t\t\t\t\t\t\t<a class=\"e-gallery-item elementor-gallery-item elementor-animated-content\" href=\"https:\/\/faber-solartechnik.de\/wp-content\/uploads\/2023\/11\/Faber-Solar-Olfry-10-scaled.jpg\" data-elementor-open-lightbox=\"yes\" data-elementor-lightbox-slideshow=\"ca8a16e\" data-e-action-hash=\"#elementor-action%3Aaction%3Dlightbox%26settings%3DeyJpZCI6NzQxNSwidXJsIjoiaHR0cHM6XC9cL2ZhYmVyLXNvbGFydGVjaG5pay5kZVwvd3AtY29udGVudFwvdXBsb2Fkc1wvMjAyM1wvMTFcL0ZhYmVyLVNvbGFyLU9sZnJ5LTEwLXNjYWxlZC5qcGciLCJzbGlkZXNob3ciOiJjYThhMTZlIn0%3D\">\n\t\t\t\t\t<div class=\"e-gallery-image elementor-gallery-item__image\" data-thumbnail=\"https:\/\/faber-solartechnik.de\/wp-content\/uploads\/2023\/11\/Faber-Solar-Olfry-10-300x169.jpg\" data-width=\"300\" data-height=\"169\" aria-label=\"\" role=\"img\" ><\/div>\n\t\t\t\t\t\t\t\t\t\t\t<div class=\"elementor-gallery-item__overlay\"><\/div>\n\t\t\t\t\t\t\t\t\t\t\t\t\t\t<\/a>\n\t\t\t\t\t\t\t<a class=\"e-gallery-item elementor-gallery-item elementor-animated-content\" href=\"https:\/\/faber-solartechnik.de\/wp-content\/uploads\/2023\/11\/Faber-Solar-Olfry-2-scaled.jpg\" data-elementor-open-lightbox=\"yes\" data-elementor-lightbox-slideshow=\"ca8a16e\" data-e-action-hash=\"#elementor-action%3Aaction%3Dlightbox%26settings%3DeyJpZCI6NzQxNCwidXJsIjoiaHR0cHM6XC9cL2ZhYmVyLXNvbGFydGVjaG5pay5kZVwvd3AtY29udGVudFwvdXBsb2Fkc1wvMjAyM1wvMTFcL0ZhYmVyLVNvbGFyLU9sZnJ5LTItc2NhbGVkLmpwZyIsInNsaWRlc2hvdyI6ImNhOGExNmUifQ%3D%3D\">\n\t\t\t\t\t<div class=\"e-gallery-image elementor-gallery-item__image\" data-thumbnail=\"https:\/\/faber-solartechnik.de\/wp-content\/uploads\/2023\/11\/Faber-Solar-Olfry-2-300x169.jpg\" data-width=\"300\" data-height=\"169\" aria-label=\"\" role=\"img\" ><\/div>\n\t\t\t\t\t\t\t\t\t\t\t<div class=\"elementor-gallery-item__overlay\"><\/div>\n\t\t\t\t\t\t\t\t\t\t\t\t\t\t<\/a>\n\t\t\t\t\t\t\t<a class=\"e-gallery-item elementor-gallery-item elementor-animated-content\" href=\"https:\/\/faber-solartechnik.de\/wp-content\/uploads\/2023\/11\/Faber-Solar-Olfry-3-scaled.jpg\" data-elementor-open-lightbox=\"yes\" data-elementor-lightbox-slideshow=\"ca8a16e\" data-e-action-hash=\"#elementor-action%3Aaction%3Dlightbox%26settings%3DeyJpZCI6NzQxMywidXJsIjoiaHR0cHM6XC9cL2ZhYmVyLXNvbGFydGVjaG5pay5kZVwvd3AtY29udGVudFwvdXBsb2Fkc1wvMjAyM1wvMTFcL0ZhYmVyLVNvbGFyLU9sZnJ5LTMtc2NhbGVkLmpwZyIsInNsaWRlc2hvdyI6ImNhOGExNmUifQ%3D%3D\">\n\t\t\t\t\t<div class=\"e-gallery-image elementor-gallery-item__image\" data-thumbnail=\"https:\/\/faber-solartechnik.de\/wp-content\/uploads\/2023\/11\/Faber-Solar-Olfry-3-300x169.jpg\" data-width=\"300\" data-height=\"169\" aria-label=\"\" role=\"img\" ><\/div>\n\t\t\t\t\t\t\t\t\t\t\t<div class=\"elementor-gallery-item__overlay\"><\/div>\n\t\t\t\t\t\t\t\t\t\t\t\t\t\t<\/a>\n\t\t\t\t\t\t\t<a class=\"e-gallery-item elementor-gallery-item elementor-animated-content\" href=\"https:\/\/faber-solartechnik.de\/wp-content\/uploads\/2023\/11\/Faber-Solar-Olfry-5-scaled.jpg\" data-elementor-open-lightbox=\"yes\" data-elementor-lightbox-slideshow=\"ca8a16e\" data-e-action-hash=\"#elementor-action%3Aaction%3Dlightbox%26settings%3DeyJpZCI6NzQxMSwidXJsIjoiaHR0cHM6XC9cL2ZhYmVyLXNvbGFydGVjaG5pay5kZVwvd3AtY29udGVudFwvdXBsb2Fkc1wvMjAyM1wvMTFcL0ZhYmVyLVNvbGFyLU9sZnJ5LTUtc2NhbGVkLmpwZyIsInNsaWRlc2hvdyI6ImNhOGExNmUifQ%3D%3D\">\n\t\t\t\t\t<div class=\"e-gallery-image elementor-gallery-item__image\" data-thumbnail=\"https:\/\/faber-solartechnik.de\/wp-content\/uploads\/2023\/11\/Faber-Solar-Olfry-5-300x169.jpg\" data-width=\"300\" data-height=\"169\" aria-label=\"\" role=\"img\" ><\/div>\n\t\t\t\t\t\t\t\t\t\t\t<div class=\"elementor-gallery-item__overlay\"><\/div>\n\t\t\t\t\t\t\t\t\t\t\t\t\t\t<\/a>\n\t\t\t\t\t\t\t<a class=\"e-gallery-item elementor-gallery-item elementor-animated-content\" href=\"https:\/\/faber-solartechnik.de\/wp-content\/uploads\/2023\/11\/Faber-Solar-Olfry-7-scaled.jpg\" data-elementor-open-lightbox=\"yes\" data-elementor-lightbox-slideshow=\"ca8a16e\" data-e-action-hash=\"#elementor-action%3Aaction%3Dlightbox%26settings%3DeyJpZCI6NzQwOSwidXJsIjoiaHR0cHM6XC9cL2ZhYmVyLXNvbGFydGVjaG5pay5kZVwvd3AtY29udGVudFwvdXBsb2Fkc1wvMjAyM1wvMTFcL0ZhYmVyLVNvbGFyLU9sZnJ5LTctc2NhbGVkLmpwZyIsInNsaWRlc2hvdyI6ImNhOGExNmUifQ%3D%3D\">\n\t\t\t\t\t<div class=\"e-gallery-image elementor-gallery-item__image\" data-thumbnail=\"https:\/\/faber-solartechnik.de\/wp-content\/uploads\/2023\/11\/Faber-Solar-Olfry-7-300x169.jpg\" data-width=\"300\" data-height=\"169\" aria-label=\"\" role=\"img\" ><\/div>\n\t\t\t\t\t\t\t\t\t\t\t<div class=\"elementor-gallery-item__overlay\"><\/div>\n\t\t\t\t\t\t\t\t\t\t\t\t\t\t<\/a>\n\t\t\t\t\t\t\t<a class=\"e-gallery-item elementor-gallery-item elementor-animated-content\" href=\"https:\/\/faber-solartechnik.de\/wp-content\/uploads\/2023\/11\/Faber-Solar-Olfry-6-scaled.jpg\" data-elementor-open-lightbox=\"yes\" data-elementor-lightbox-slideshow=\"ca8a16e\" data-e-action-hash=\"#elementor-action%3Aaction%3Dlightbox%26settings%3DeyJpZCI6NzQxMCwidXJsIjoiaHR0cHM6XC9cL2ZhYmVyLXNvbGFydGVjaG5pay5kZVwvd3AtY29udGVudFwvdXBsb2Fkc1wvMjAyM1wvMTFcL0ZhYmVyLVNvbGFyLU9sZnJ5LTYtc2NhbGVkLmpwZyIsInNsaWRlc2hvdyI6ImNhOGExNmUifQ%3D%3D\">\n\t\t\t\t\t<div class=\"e-gallery-image elementor-gallery-item__image\" data-thumbnail=\"https:\/\/faber-solartechnik.de\/wp-content\/uploads\/2023\/11\/Faber-Solar-Olfry-6-300x169.jpg\" data-width=\"300\" data-height=\"169\" aria-label=\"\" role=\"img\" ><\/div>\n\t\t\t\t\t\t\t\t\t\t\t<div class=\"elementor-gallery-item__overlay\"><\/div>\n\t\t\t\t\t\t\t\t\t\t\t\t\t\t<\/a>\n\t\t\t\t\t<\/div>\n\t\t\t\t\t<\/div>\n\t\t\t\t<\/div>\n\t\t\t\t<div class=\"elementor-element elementor-element-6261e37 elementor-widget elementor-widget-text-editor\" data-id=\"6261e37\" data-element_type=\"widget\" data-e-type=\"widget\" data-widget_type=\"text-editor.default\">\n\t\t\t\t<div class=\"elementor-widget-container\">\n\t\t\t\t\t\t\t\t\t<p>Faber Solartechnik hat in Vechta eine leistungsstarke Photovoltaikanlage mit einer Nennleistung von 2.100 kWp installiert. Die Anlage erzeugt j\u00e4hrlich 1.986.541 kWh Strom und leistet somit einen bedeutenden Beitrag zur umweltfreundlichen Energieversorgung der Region. Dank der \u00dcberschusseinspeisung wird der produzierte Strom optimal genutzt, indem er direkt vor Ort verwendet und der \u00fcbersch\u00fcssige Strom ins Netz eingespeist wird.<\/p>\n<p>Die Anlage wurde dachparallel montiert, um eine maximale Fl\u00e4chenausnutzung und Effizienz zu gew\u00e4hrleisten. Mit diesem Projekt setzt Faber Solartechnik ein weiteres Zeichen f\u00fcr nachhaltige, zukunftsorientierte Energieversorgung und die Reduktion von CO\u2082-Emissionen.<\/p>\t\t\t\t\t\t\t\t<\/div>\n\t\t\t\t<\/div>\n\t\t\t\t\t<\/div>\n\t\t\t\t<\/div>\n\t\t\t\t<\/div>\n\t\t\t\t\t\t<\/div>\n\t\t\t\t<\/div>\n\t\t\t\t<div class=\"elementor-element elementor-element-b294ae0 e-transform e-transform elementor-align-right elementor-absolute elementor-invisible elementor-widget elementor-widget-button\" data-id=\"b294ae0\" data-element_type=\"widget\" data-e-type=\"widget\" data-settings=\"{&quot;_transform_translateX_effect_hover&quot;:{&quot;unit&quot;:&quot;px&quot;,&quot;size&quot;:-10,&quot;sizes&quot;:[]},&quot;_animation&quot;:&quot;fadeInUp&quot;,&quot;_animation_delay&quot;:1000,&quot;_position&quot;:&quot;absolute&quot;,&quot;_transform_translateX_effect&quot;:{&quot;unit&quot;:&quot;px&quot;,&quot;size&quot;:&quot;&quot;,&quot;sizes&quot;:[]},&quot;_transform_translateX_effect_laptop&quot;:{&quot;unit&quot;:&quot;px&quot;,&quot;size&quot;:&quot;&quot;,&quot;sizes&quot;:[]},&quot;_transform_translateX_effect_tablet_extra&quot;:{&quot;unit&quot;:&quot;px&quot;,&quot;size&quot;:&quot;&quot;,&quot;sizes&quot;:[]},&quot;_transform_translateX_effect_tablet&quot;:{&quot;unit&quot;:&quot;px&quot;,&quot;size&quot;:&quot;&quot;,&quot;sizes&quot;:[]},&quot;_transform_translateX_effect_mobile&quot;:{&quot;unit&quot;:&quot;px&quot;,&quot;size&quot;:&quot;&quot;,&quot;sizes&quot;:[]},&quot;_transform_translateY_effect&quot;:{&quot;unit&quot;:&quot;px&quot;,&quot;size&quot;:&quot;&quot;,&quot;sizes&quot;:[]},&quot;_transform_translateY_effect_laptop&quot;:{&quot;unit&quot;:&quot;px&quot;,&quot;size&quot;:&quot;&quot;,&quot;sizes&quot;:[]},&quot;_transform_translateY_effect_tablet_extra&quot;:{&quot;unit&quot;:&quot;px&quot;,&quot;size&quot;:&quot;&quot;,&quot;sizes&quot;:[]},&quot;_transform_translateY_effect_tablet&quot;:{&quot;unit&quot;:&quot;px&quot;,&quot;size&quot;:&quot;&quot;,&quot;sizes&quot;:[]},&quot;_transform_translateY_effect_mobile&quot;:{&quot;unit&quot;:&quot;px&quot;,&quot;size&quot;:&quot;&quot;,&quot;sizes&quot;:[]},&quot;_transform_translateX_effect_hover_laptop&quot;:{&quot;unit&quot;:&quot;px&quot;,&quot;size&quot;:&quot;&quot;,&quot;sizes&quot;:[]},&quot;_transform_translateX_effect_hover_tablet_extra&quot;:{&quot;unit&quot;:&quot;px&quot;,&quot;size&quot;:&quot;&quot;,&quot;sizes&quot;:[]},&quot;_transform_translateX_effect_hover_tablet&quot;:{&quot;unit&quot;:&quot;px&quot;,&quot;size&quot;:&quot;&quot;,&quot;sizes&quot;:[]},&quot;_transform_translateX_effect_hover_mobile&quot;:{&quot;unit&quot;:&quot;px&quot;,&quot;size&quot;:&quot;&quot;,&quot;sizes&quot;:[]},&quot;_transform_translateY_effect_hover&quot;:{&quot;unit&quot;:&quot;px&quot;,&quot;size&quot;:&quot;&quot;,&quot;sizes&quot;:[]},&quot;_transform_translateY_effect_hover_laptop&quot;:{&quot;unit&quot;:&quot;px&quot;,&quot;size&quot;:&quot;&quot;,&quot;sizes&quot;:[]},&quot;_transform_translateY_effect_hover_tablet_extra&quot;:{&quot;unit&quot;:&quot;px&quot;,&quot;size&quot;:&quot;&quot;,&quot;sizes&quot;:[]},&quot;_transform_translateY_effect_hover_tablet&quot;:{&quot;unit&quot;:&quot;px&quot;,&quot;size&quot;:&quot;&quot;,&quot;sizes&quot;:[]},&quot;_transform_translateY_effect_hover_mobile&quot;:{&quot;unit&quot;:&quot;px&quot;,&quot;size&quot;:&quot;&quot;,&quot;sizes&quot;:[]}}\" data-widget_type=\"button.default\">\n\t\t\t\t<div class=\"elementor-widget-container\">\n\t\t\t\t\t\t\t\t\t<div class=\"elementor-button-wrapper\">\n\t\t\t\t\t<a class=\"elementor-button elementor-button-link elementor-size-xs\" href=\"https:\/\/faber-solartechnik.de\/en\/projekte\/vechta\/\" target=\"_blank\">\n\t\t\t\t\t\t<span class=\"elementor-button-content-wrapper\">\n\t\t\t\t\t\t<span class=\"elementor-button-icon\">\n\t\t\t\t<i aria-hidden=\"true\" class=\"far fa-window-restore\"><\/i>\t\t\t<\/span>\n\t\t\t\t\t\t\t\t\t<span class=\"elementor-button-text\">Projekt in neuem Tab \u00f6ffnen<\/span>\n\t\t\t\t\t<\/span>\n\t\t\t\t\t<\/a>\n\t\t\t\t<\/div>\n\t\t\t\t\t\t\t\t<\/div>\n\t\t\t\t<\/div>\n\t\t\t\t\t<\/div>\n\t\t<\/div>\n\t\t\t\t\t<\/div>\n\t\t<\/section>\n\t\t\t\t<\/div>\n\t\t\t\t\t\t\t<\/div>\n\t\t\t\t\t\t\t\t<\/div>\n\t\t<\/div>\n\t\t\t\t\t\t<\/div>\n\t\t\t\t<\/div>\n\t\t\t\t<div class=\"elementor-element elementor-element-047228d elementor-widget elementor-widget-theme-post-excerpt\" data-id=\"047228d\" data-element_type=\"widget\" data-e-type=\"widget\" data-widget_type=\"theme-post-excerpt.default\">\n\t\t\t\t<div class=\"elementor-widget-container\">\n\t\t\t\t\tIn Vechta installierte Faber Solartechnik eine Photovoltaikanlage mit ...\t\t\t\t<\/div>\n\t\t\t\t<\/div>\n\t\t\t\t\t<\/div>\n\t\t<\/div>\n\t\t\t\t\t<\/div>\n\t\t<\/section>\n\t\t\t\t<div class=\"elementor-element elementor-element-d621d6e elementor-hidden-mobile elementor-hidden-desktop elementor-hidden-tablet eae-pop-btn-type-text elementor-widget elementor-widget-wts-modal-popup\" data-id=\"d621d6e\" data-element_type=\"widget\" data-e-type=\"widget\" data-widget_type=\"wts-modal-popup.default\">\n\t\t\t\t<div class=\"elementor-widget-container\">\n\t\t\t\t\t\t\t<div class=\"eae-popup-wrapper eae-popup-eae-pupup-item-554018707\" data-id=\"eae-pupup-item-554018707\" data-preview-modal=\"\" data-close-button-type=\"icon\" data-close-btn=\"fas fa-times\" data-close-in-out=\"true\" data-effect=\"zoom-in\">\n\t\t\t<a class=\"eae-popup-link icon-position-before\"\n\t\t\tdata-id=\"eae-pupup-item-554018707\" data-ctrl-id=\"d621d6e\" href=\"#eae-pupup-item-554018707\">\n\t\t\t\t\t\t\t\t\t\t\t\t\t\t<span class=\"eae-popup-btn-icon\">\n\t\t\t\t\t\t<i aria-hidden=\"true\" class=\"fas fa-arrow-right\"><\/i>\t\t\t\t\t<\/span>\n\t\t\t\t\t\t\t\t\t\t\t\t<span class=\"eae-popup-btn-text\">\n\t\t\t\t\t\t\t\u00d6ffnen\t\t\t\t\t\t<\/span>\n\t\t\t\t\t\t\t\t\t\t\t\t\t<\/a>\n\t\t<\/div>\n\n\t\t<div id=\"eae-pupup-item-554018707\" class=\"eae-popup-eae-pupup-item-554018707 mfp-hide eae-popup-container\">\n\t\t\t<input class=\"eae-hidden-post-id\" type=\"hidden\" name=\"eae_hidden_post_id\" data-id=\"eae-pupup-item-554018707\" value=\"0\" \/>\n\t\t\t<div class=\"eae-popup-content\">\n\t\t\t\t\t\t\t\t\t<div class=\"eae-modal-content\">\n\t\t\t\t\t\t\t\t<div data-elementor-type=\"section\" data-elementor-id=\"4203\" class=\"elementor elementor-4203\" data-elementor-post-type=\"elementor_library\">\n\t\t\t\t\t<section class=\"elementor-section elementor-top-section elementor-element elementor-element-76665b6d elementor-section-full_width elementor-section-height-min-height elementor-section-items-stretch elementor-section-height-default\" data-id=\"76665b6d\" data-element_type=\"section\" data-e-type=\"section\">\n\t\t\t\t\t\t<div class=\"elementor-container elementor-column-gap-default\">\n\t\t\t\t\t<div class=\"elementor-column elementor-col-50 elementor-top-column elementor-element elementor-element-27f77bf4\" data-id=\"27f77bf4\" data-element_type=\"column\" data-e-type=\"column\">\n\t\t\t<div class=\"elementor-widget-wrap elementor-element-populated\">\n\t\t\t\t\t\t<div class=\"elementor-element elementor-element-2c72871 shadow runde-ecken elementor-widget elementor-widget-image\" data-id=\"2c72871\" data-element_type=\"widget\" data-e-type=\"widget\" data-widget_type=\"image.default\">\n\t\t\t\t<div class=\"elementor-widget-container\">\n\t\t\t\t\t\t\t\t\t\t\t\t\t\t\t\t<a href=\"https:\/\/faber-solartechnik.de\/wp-content\/uploads\/2023\/11\/Faber-Solar-Olfry-10-scaled.jpg\" data-elementor-open-lightbox=\"yes\" data-e-action-hash=\"#elementor-action%3Aaction%3Dlightbox%26settings%3DeyJpZCI6NzQxNSwidXJsIjoiaHR0cHM6XC9cL2ZhYmVyLXNvbGFydGVjaG5pay5kZVwvd3AtY29udGVudFwvdXBsb2Fkc1wvMjAyM1wvMTFcL0ZhYmVyLVNvbGFyLU9sZnJ5LTEwLXNjYWxlZC5qcGcifQ%3D%3D\">\n\t\t\t\t\t\t\t<img loading=\"lazy\" decoding=\"async\" width=\"768\" height=\"432\" src=\"https:\/\/faber-solartechnik.de\/wp-content\/uploads\/2023\/11\/Faber-Solar-Olfry-10-768x432.jpg\" class=\"attachment-medium_large size-medium_large wp-image-7415\" alt=\"\" srcset=\"https:\/\/faber-solartechnik.de\/wp-content\/uploads\/2023\/11\/Faber-Solar-Olfry-10-768x432.jpg 768w, https:\/\/faber-solartechnik.de\/wp-content\/uploads\/2023\/11\/Faber-Solar-Olfry-10-300x169.jpg 300w, https:\/\/faber-solartechnik.de\/wp-content\/uploads\/2023\/11\/Faber-Solar-Olfry-10-1024x576.jpg 1024w, https:\/\/faber-solartechnik.de\/wp-content\/uploads\/2023\/11\/Faber-Solar-Olfry-10-1536x863.jpg 1536w, https:\/\/faber-solartechnik.de\/wp-content\/uploads\/2023\/11\/Faber-Solar-Olfry-10-2048x1151.jpg 2048w, https:\/\/faber-solartechnik.de\/wp-content\/uploads\/2023\/11\/Faber-Solar-Olfry-10-18x10.jpg 18w\" sizes=\"(max-width: 768px) 100vw, 768px\" \/>\t\t\t\t\t\t\t\t<\/a>\n\t\t\t\t\t\t\t\t\t\t\t\t\t\t\t<\/div>\n\t\t\t\t<\/div>\n\t\t\t\t\t<\/div>\n\t\t<\/div>\n\t\t\t\t<div class=\"elementor-column elementor-col-50 elementor-top-column elementor-element elementor-element-329a626d\" data-id=\"329a626d\" data-element_type=\"column\" data-e-type=\"column\">\n\t\t\t<div class=\"elementor-widget-wrap elementor-element-populated\">\n\t\t\t\t\t\t<div class=\"elementor-element elementor-element-bf7ede2 elementor-widget elementor-widget-heading\" data-id=\"bf7ede2\" data-element_type=\"widget\" data-e-type=\"widget\" data-widget_type=\"heading.default\">\n\t\t\t\t<div class=\"elementor-widget-container\">\n\t\t\t\t\t<h3 class=\"elementor-heading-title elementor-size-default\">Vechta<\/h3>\t\t\t\t<\/div>\n\t\t\t\t<\/div>\n\t\t\t\t<div class=\"elementor-element elementor-element-678b441 elementor-widget-divider--view-line elementor-widget elementor-widget-divider\" data-id=\"678b441\" data-element_type=\"widget\" data-e-type=\"widget\" data-widget_type=\"divider.default\">\n\t\t\t\t<div class=\"elementor-widget-container\">\n\t\t\t\t\t\t\t<div class=\"elementor-divider\">\n\t\t\t<span class=\"elementor-divider-separator\">\n\t\t\t\t\t\t<\/span>\n\t\t<\/div>\n\t\t\t\t\t\t<\/div>\n\t\t\t\t<\/div>\n\t\t\t\t<div class=\"elementor-element elementor-element-18e98f7 elementor-widget elementor-widget-theme-post-content\" data-id=\"18e98f7\" data-element_type=\"widget\" data-e-type=\"widget\" data-widget_type=\"theme-post-content.default\">\n\t\t\t\t<div class=\"elementor-widget-container\">\n\t\t\t\t\t\t\t<div data-elementor-type=\"wp-post\" data-elementor-id=\"7473\" class=\"elementor elementor-7473\" data-elementor-post-type=\"post\">\n\t\t\t\t<div class=\"elementor-element elementor-element-96ca4d2 e-flex e-con-boxed e-con e-parent\" data-id=\"96ca4d2\" data-element_type=\"container\" data-e-type=\"container\">\n\t\t\t\t\t<div class=\"e-con-inner\">\n\t\t\t\t<div class=\"elementor-element elementor-element-3258c0f elementor-icon-list--layout-inline popup-pv-fakts elementor-align-center elementor-list-item-link-full_width elementor-widget elementor-widget-icon-list\" data-id=\"3258c0f\" data-element_type=\"widget\" data-e-type=\"widget\" data-widget_type=\"icon-list.default\">\n\t\t\t\t<div class=\"elementor-widget-container\">\n\t\t\t\t\t\t\t<ul class=\"elementor-icon-list-items elementor-inline-items\">\n\t\t\t\t\t\t\t<li class=\"elementor-icon-list-item elementor-inline-item\">\n\t\t\t\t\t\t\t\t\t\t\t<span class=\"elementor-icon-list-icon\">\n\t\t\t\t\t\t\t<i aria-hidden=\"true\" class=\"fas fa-sun\"><\/i>\t\t\t\t\t\t<\/span>\n\t\t\t\t\t\t\t\t\t\t<span class=\"elementor-icon-list-text\">2.100 kWp<\/span>\n\t\t\t\t\t\t\t\t\t<\/li>\n\t\t\t\t\t\t\t\t<li class=\"elementor-icon-list-item elementor-inline-item\">\n\t\t\t\t\t\t\t\t\t\t\t<span class=\"elementor-icon-list-icon\">\n\t\t\t\t\t\t\t<i aria-hidden=\"true\" class=\"fas fa-bolt\"><\/i>\t\t\t\t\t\t<\/span>\n\t\t\t\t\t\t\t\t\t\t<span class=\"elementor-icon-list-text\">1.986.541 kWh\/Jahr<\/span>\n\t\t\t\t\t\t\t\t\t<\/li>\n\t\t\t\t\t\t\t\t<li class=\"elementor-icon-list-item elementor-inline-item\">\n\t\t\t\t\t\t\t\t\t\t\t<span class=\"elementor-icon-list-icon\">\n\t\t\t\t\t\t\t<i aria-hidden=\"true\" class=\"fas fa-plug\"><\/i>\t\t\t\t\t\t<\/span>\n\t\t\t\t\t\t\t\t\t\t<span class=\"elementor-icon-list-text\">\u00dcberschuss<\/span>\n\t\t\t\t\t\t\t\t\t<\/li>\n\t\t\t\t\t\t\t\t<li class=\"elementor-icon-list-item elementor-inline-item\">\n\t\t\t\t\t\t\t\t\t\t\t<span class=\"elementor-icon-list-icon\">\n\t\t\t\t\t\t\t<i aria-hidden=\"true\" class=\"fas fa-tools\"><\/i>\t\t\t\t\t\t<\/span>\n\t\t\t\t\t\t\t\t\t\t<span class=\"elementor-icon-list-text\">Dachparallel<\/span>\n\t\t\t\t\t\t\t\t\t<\/li>\n\t\t\t\t\t\t\t\t<li class=\"elementor-icon-list-item elementor-inline-item\">\n\t\t\t\t\t\t\t\t\t\t\t<span class=\"elementor-icon-list-icon\">\n\t\t\t\t\t\t\t<i aria-hidden=\"true\" class=\"fas fa-map-marker-alt\"><\/i>\t\t\t\t\t\t<\/span>\n\t\t\t\t\t\t\t\t\t\t<span class=\"elementor-icon-list-text\">Niedersachsen<\/span>\n\t\t\t\t\t\t\t\t\t<\/li>\n\t\t\t\t\t\t<\/ul>\n\t\t\t\t\t\t<\/div>\n\t\t\t\t<\/div>\n\t\t\t\t<div class=\"elementor-element elementor-element-ca8a16e elementor-widget elementor-widget-gallery\" data-id=\"ca8a16e\" data-element_type=\"widget\" data-e-type=\"widget\" data-settings=\"{&quot;gallery_layout&quot;:&quot;grid&quot;,&quot;columns&quot;:4,&quot;columns_tablet&quot;:2,&quot;columns_mobile&quot;:1,&quot;gap&quot;:{&quot;unit&quot;:&quot;px&quot;,&quot;size&quot;:10,&quot;sizes&quot;:[]},&quot;gap_laptop&quot;:{&quot;unit&quot;:&quot;px&quot;,&quot;size&quot;:10,&quot;sizes&quot;:[]},&quot;gap_tablet_extra&quot;:{&quot;unit&quot;:&quot;px&quot;,&quot;size&quot;:10,&quot;sizes&quot;:[]},&quot;gap_tablet&quot;:{&quot;unit&quot;:&quot;px&quot;,&quot;size&quot;:10,&quot;sizes&quot;:[]},&quot;gap_mobile&quot;:{&quot;unit&quot;:&quot;px&quot;,&quot;size&quot;:10,&quot;sizes&quot;:[]},&quot;link_to&quot;:&quot;file&quot;,&quot;aspect_ratio&quot;:&quot;3:2&quot;,&quot;overlay_background&quot;:&quot;yes&quot;,&quot;content_hover_animation&quot;:&quot;fade-in&quot;}\" data-widget_type=\"gallery.default\">\n\t\t\t\t<div class=\"elementor-widget-container\">\n\t\t\t\t\t\t\t<div class=\"elementor-gallery__container\">\n\t\t\t\t\t\t\t<a class=\"e-gallery-item elementor-gallery-item elementor-animated-content\" href=\"https:\/\/faber-solartechnik.de\/wp-content\/uploads\/2023\/11\/Faber-Solar-Olfry-1-scaled.jpg\" data-elementor-open-lightbox=\"yes\" data-elementor-lightbox-slideshow=\"ca8a16e\" data-e-action-hash=\"#elementor-action%3Aaction%3Dlightbox%26settings%3DeyJpZCI6NzQxNiwidXJsIjoiaHR0cHM6XC9cL2ZhYmVyLXNvbGFydGVjaG5pay5kZVwvd3AtY29udGVudFwvdXBsb2Fkc1wvMjAyM1wvMTFcL0ZhYmVyLVNvbGFyLU9sZnJ5LTEtc2NhbGVkLmpwZyIsInNsaWRlc2hvdyI6ImNhOGExNmUifQ%3D%3D\">\n\t\t\t\t\t<div class=\"e-gallery-image elementor-gallery-item__image\" data-thumbnail=\"https:\/\/faber-solartechnik.de\/wp-content\/uploads\/2023\/11\/Faber-Solar-Olfry-1-300x169.jpg\" data-width=\"300\" data-height=\"169\" aria-label=\"\" role=\"img\" ><\/div>\n\t\t\t\t\t\t\t\t\t\t\t<div class=\"elementor-gallery-item__overlay\"><\/div>\n\t\t\t\t\t\t\t\t\t\t\t\t\t\t<\/a>\n\t\t\t\t\t\t\t<a class=\"e-gallery-item elementor-gallery-item elementor-animated-content\" href=\"https:\/\/faber-solartechnik.de\/wp-content\/uploads\/2023\/11\/Faber-Solar-Olfry-8-scaled.jpg\" data-elementor-open-lightbox=\"yes\" data-elementor-lightbox-slideshow=\"ca8a16e\" data-e-action-hash=\"#elementor-action%3Aaction%3Dlightbox%26settings%3DeyJpZCI6NzQwOCwidXJsIjoiaHR0cHM6XC9cL2ZhYmVyLXNvbGFydGVjaG5pay5kZVwvd3AtY29udGVudFwvdXBsb2Fkc1wvMjAyM1wvMTFcL0ZhYmVyLVNvbGFyLU9sZnJ5LTgtc2NhbGVkLmpwZyIsInNsaWRlc2hvdyI6ImNhOGExNmUifQ%3D%3D\">\n\t\t\t\t\t<div class=\"e-gallery-image elementor-gallery-item__image\" data-thumbnail=\"https:\/\/faber-solartechnik.de\/wp-content\/uploads\/2023\/11\/Faber-Solar-Olfry-8-300x169.jpg\" data-width=\"300\" data-height=\"169\" aria-label=\"\" role=\"img\" ><\/div>\n\t\t\t\t\t\t\t\t\t\t\t<div class=\"elementor-gallery-item__overlay\"><\/div>\n\t\t\t\t\t\t\t\t\t\t\t\t\t\t<\/a>\n\t\t\t\t\t\t\t<a class=\"e-gallery-item elementor-gallery-item elementor-animated-content\" href=\"https:\/\/faber-solartechnik.de\/wp-content\/uploads\/2023\/11\/Faber-Solar-Olfry-10-scaled.jpg\" data-elementor-open-lightbox=\"yes\" data-elementor-lightbox-slideshow=\"ca8a16e\" data-e-action-hash=\"#elementor-action%3Aaction%3Dlightbox%26settings%3DeyJpZCI6NzQxNSwidXJsIjoiaHR0cHM6XC9cL2ZhYmVyLXNvbGFydGVjaG5pay5kZVwvd3AtY29udGVudFwvdXBsb2Fkc1wvMjAyM1wvMTFcL0ZhYmVyLVNvbGFyLU9sZnJ5LTEwLXNjYWxlZC5qcGciLCJzbGlkZXNob3ciOiJjYThhMTZlIn0%3D\">\n\t\t\t\t\t<div class=\"e-gallery-image elementor-gallery-item__image\" data-thumbnail=\"https:\/\/faber-solartechnik.de\/wp-content\/uploads\/2023\/11\/Faber-Solar-Olfry-10-300x169.jpg\" data-width=\"300\" data-height=\"169\" aria-label=\"\" role=\"img\" ><\/div>\n\t\t\t\t\t\t\t\t\t\t\t<div class=\"elementor-gallery-item__overlay\"><\/div>\n\t\t\t\t\t\t\t\t\t\t\t\t\t\t<\/a>\n\t\t\t\t\t\t\t<a class=\"e-gallery-item elementor-gallery-item elementor-animated-content\" href=\"https:\/\/faber-solartechnik.de\/wp-content\/uploads\/2023\/11\/Faber-Solar-Olfry-2-scaled.jpg\" data-elementor-open-lightbox=\"yes\" data-elementor-lightbox-slideshow=\"ca8a16e\" data-e-action-hash=\"#elementor-action%3Aaction%3Dlightbox%26settings%3DeyJpZCI6NzQxNCwidXJsIjoiaHR0cHM6XC9cL2ZhYmVyLXNvbGFydGVjaG5pay5kZVwvd3AtY29udGVudFwvdXBsb2Fkc1wvMjAyM1wvMTFcL0ZhYmVyLVNvbGFyLU9sZnJ5LTItc2NhbGVkLmpwZyIsInNsaWRlc2hvdyI6ImNhOGExNmUifQ%3D%3D\">\n\t\t\t\t\t<div class=\"e-gallery-image elementor-gallery-item__image\" data-thumbnail=\"https:\/\/faber-solartechnik.de\/wp-content\/uploads\/2023\/11\/Faber-Solar-Olfry-2-300x169.jpg\" data-width=\"300\" data-height=\"169\" aria-label=\"\" role=\"img\" ><\/div>\n\t\t\t\t\t\t\t\t\t\t\t<div class=\"elementor-gallery-item__overlay\"><\/div>\n\t\t\t\t\t\t\t\t\t\t\t\t\t\t<\/a>\n\t\t\t\t\t\t\t<a class=\"e-gallery-item elementor-gallery-item elementor-animated-content\" href=\"https:\/\/faber-solartechnik.de\/wp-content\/uploads\/2023\/11\/Faber-Solar-Olfry-3-scaled.jpg\" data-elementor-open-lightbox=\"yes\" data-elementor-lightbox-slideshow=\"ca8a16e\" data-e-action-hash=\"#elementor-action%3Aaction%3Dlightbox%26settings%3DeyJpZCI6NzQxMywidXJsIjoiaHR0cHM6XC9cL2ZhYmVyLXNvbGFydGVjaG5pay5kZVwvd3AtY29udGVudFwvdXBsb2Fkc1wvMjAyM1wvMTFcL0ZhYmVyLVNvbGFyLU9sZnJ5LTMtc2NhbGVkLmpwZyIsInNsaWRlc2hvdyI6ImNhOGExNmUifQ%3D%3D\">\n\t\t\t\t\t<div class=\"e-gallery-image elementor-gallery-item__image\" data-thumbnail=\"https:\/\/faber-solartechnik.de\/wp-content\/uploads\/2023\/11\/Faber-Solar-Olfry-3-300x169.jpg\" data-width=\"300\" data-height=\"169\" aria-label=\"\" role=\"img\" ><\/div>\n\t\t\t\t\t\t\t\t\t\t\t<div class=\"elementor-gallery-item__overlay\"><\/div>\n\t\t\t\t\t\t\t\t\t\t\t\t\t\t<\/a>\n\t\t\t\t\t\t\t<a class=\"e-gallery-item elementor-gallery-item elementor-animated-content\" href=\"https:\/\/faber-solartechnik.de\/wp-content\/uploads\/2023\/11\/Faber-Solar-Olfry-5-scaled.jpg\" data-elementor-open-lightbox=\"yes\" data-elementor-lightbox-slideshow=\"ca8a16e\" data-e-action-hash=\"#elementor-action%3Aaction%3Dlightbox%26settings%3DeyJpZCI6NzQxMSwidXJsIjoiaHR0cHM6XC9cL2ZhYmVyLXNvbGFydGVjaG5pay5kZVwvd3AtY29udGVudFwvdXBsb2Fkc1wvMjAyM1wvMTFcL0ZhYmVyLVNvbGFyLU9sZnJ5LTUtc2NhbGVkLmpwZyIsInNsaWRlc2hvdyI6ImNhOGExNmUifQ%3D%3D\">\n\t\t\t\t\t<div class=\"e-gallery-image elementor-gallery-item__image\" data-thumbnail=\"https:\/\/faber-solartechnik.de\/wp-content\/uploads\/2023\/11\/Faber-Solar-Olfry-5-300x169.jpg\" data-width=\"300\" data-height=\"169\" aria-label=\"\" role=\"img\" ><\/div>\n\t\t\t\t\t\t\t\t\t\t\t<div class=\"elementor-gallery-item__overlay\"><\/div>\n\t\t\t\t\t\t\t\t\t\t\t\t\t\t<\/a>\n\t\t\t\t\t\t\t<a class=\"e-gallery-item elementor-gallery-item elementor-animated-content\" href=\"https:\/\/faber-solartechnik.de\/wp-content\/uploads\/2023\/11\/Faber-Solar-Olfry-7-scaled.jpg\" data-elementor-open-lightbox=\"yes\" data-elementor-lightbox-slideshow=\"ca8a16e\" data-e-action-hash=\"#elementor-action%3Aaction%3Dlightbox%26settings%3DeyJpZCI6NzQwOSwidXJsIjoiaHR0cHM6XC9cL2ZhYmVyLXNvbGFydGVjaG5pay5kZVwvd3AtY29udGVudFwvdXBsb2Fkc1wvMjAyM1wvMTFcL0ZhYmVyLVNvbGFyLU9sZnJ5LTctc2NhbGVkLmpwZyIsInNsaWRlc2hvdyI6ImNhOGExNmUifQ%3D%3D\">\n\t\t\t\t\t<div class=\"e-gallery-image elementor-gallery-item__image\" data-thumbnail=\"https:\/\/faber-solartechnik.de\/wp-content\/uploads\/2023\/11\/Faber-Solar-Olfry-7-300x169.jpg\" data-width=\"300\" data-height=\"169\" aria-label=\"\" role=\"img\" ><\/div>\n\t\t\t\t\t\t\t\t\t\t\t<div class=\"elementor-gallery-item__overlay\"><\/div>\n\t\t\t\t\t\t\t\t\t\t\t\t\t\t<\/a>\n\t\t\t\t\t\t\t<a class=\"e-gallery-item elementor-gallery-item elementor-animated-content\" href=\"https:\/\/faber-solartechnik.de\/wp-content\/uploads\/2023\/11\/Faber-Solar-Olfry-6-scaled.jpg\" data-elementor-open-lightbox=\"yes\" data-elementor-lightbox-slideshow=\"ca8a16e\" data-e-action-hash=\"#elementor-action%3Aaction%3Dlightbox%26settings%3DeyJpZCI6NzQxMCwidXJsIjoiaHR0cHM6XC9cL2ZhYmVyLXNvbGFydGVjaG5pay5kZVwvd3AtY29udGVudFwvdXBsb2Fkc1wvMjAyM1wvMTFcL0ZhYmVyLVNvbGFyLU9sZnJ5LTYtc2NhbGVkLmpwZyIsInNsaWRlc2hvdyI6ImNhOGExNmUifQ%3D%3D\">\n\t\t\t\t\t<div class=\"e-gallery-image elementor-gallery-item__image\" data-thumbnail=\"https:\/\/faber-solartechnik.de\/wp-content\/uploads\/2023\/11\/Faber-Solar-Olfry-6-300x169.jpg\" data-width=\"300\" data-height=\"169\" aria-label=\"\" role=\"img\" ><\/div>\n\t\t\t\t\t\t\t\t\t\t\t<div class=\"elementor-gallery-item__overlay\"><\/div>\n\t\t\t\t\t\t\t\t\t\t\t\t\t\t<\/a>\n\t\t\t\t\t<\/div>\n\t\t\t\t\t<\/div>\n\t\t\t\t<\/div>\n\t\t\t\t<div class=\"elementor-element elementor-element-6261e37 elementor-widget elementor-widget-text-editor\" data-id=\"6261e37\" data-element_type=\"widget\" data-e-type=\"widget\" data-widget_type=\"text-editor.default\">\n\t\t\t\t<div class=\"elementor-widget-container\">\n\t\t\t\t\t\t\t\t\t<p>Faber Solartechnik hat in Vechta eine leistungsstarke Photovoltaikanlage mit einer Nennleistung von 2.100 kWp installiert. Die Anlage erzeugt j\u00e4hrlich 1.986.541 kWh Strom und leistet somit einen bedeutenden Beitrag zur umweltfreundlichen Energieversorgung der Region. Dank der \u00dcberschusseinspeisung wird der produzierte Strom optimal genutzt, indem er direkt vor Ort verwendet und der \u00fcbersch\u00fcssige Strom ins Netz eingespeist wird.<\/p>\n<p>Die Anlage wurde dachparallel montiert, um eine maximale Fl\u00e4chenausnutzung und Effizienz zu gew\u00e4hrleisten. Mit diesem Projekt setzt Faber Solartechnik ein weiteres Zeichen f\u00fcr nachhaltige, zukunftsorientierte Energieversorgung und die Reduktion von CO\u2082-Emissionen.<\/p>\t\t\t\t\t\t\t\t<\/div>\n\t\t\t\t<\/div>\n\t\t\t\t\t<\/div>\n\t\t\t\t<\/div>\n\t\t\t\t<\/div>\n\t\t\t\t\t\t<\/div>\n\t\t\t\t<\/div>\n\t\t\t\t<div class=\"elementor-element elementor-element-b294ae0 e-transform e-transform elementor-align-right elementor-absolute elementor-invisible elementor-widget elementor-widget-button\" data-id=\"b294ae0\" data-element_type=\"widget\" data-e-type=\"widget\" data-settings=\"{&quot;_transform_translateX_effect_hover&quot;:{&quot;unit&quot;:&quot;px&quot;,&quot;size&quot;:-10,&quot;sizes&quot;:[]},&quot;_animation&quot;:&quot;fadeInUp&quot;,&quot;_animation_delay&quot;:1000,&quot;_position&quot;:&quot;absolute&quot;,&quot;_transform_translateX_effect&quot;:{&quot;unit&quot;:&quot;px&quot;,&quot;size&quot;:&quot;&quot;,&quot;sizes&quot;:[]},&quot;_transform_translateX_effect_laptop&quot;:{&quot;unit&quot;:&quot;px&quot;,&quot;size&quot;:&quot;&quot;,&quot;sizes&quot;:[]},&quot;_transform_translateX_effect_tablet_extra&quot;:{&quot;unit&quot;:&quot;px&quot;,&quot;size&quot;:&quot;&quot;,&quot;sizes&quot;:[]},&quot;_transform_translateX_effect_tablet&quot;:{&quot;unit&quot;:&quot;px&quot;,&quot;size&quot;:&quot;&quot;,&quot;sizes&quot;:[]},&quot;_transform_translateX_effect_mobile&quot;:{&quot;unit&quot;:&quot;px&quot;,&quot;size&quot;:&quot;&quot;,&quot;sizes&quot;:[]},&quot;_transform_translateY_effect&quot;:{&quot;unit&quot;:&quot;px&quot;,&quot;size&quot;:&quot;&quot;,&quot;sizes&quot;:[]},&quot;_transform_translateY_effect_laptop&quot;:{&quot;unit&quot;:&quot;px&quot;,&quot;size&quot;:&quot;&quot;,&quot;sizes&quot;:[]},&quot;_transform_translateY_effect_tablet_extra&quot;:{&quot;unit&quot;:&quot;px&quot;,&quot;size&quot;:&quot;&quot;,&quot;sizes&quot;:[]},&quot;_transform_translateY_effect_tablet&quot;:{&quot;unit&quot;:&quot;px&quot;,&quot;size&quot;:&quot;&quot;,&quot;sizes&quot;:[]},&quot;_transform_translateY_effect_mobile&quot;:{&quot;unit&quot;:&quot;px&quot;,&quot;size&quot;:&quot;&quot;,&quot;sizes&quot;:[]},&quot;_transform_translateX_effect_hover_laptop&quot;:{&quot;unit&quot;:&quot;px&quot;,&quot;size&quot;:&quot;&quot;,&quot;sizes&quot;:[]},&quot;_transform_translateX_effect_hover_tablet_extra&quot;:{&quot;unit&quot;:&quot;px&quot;,&quot;size&quot;:&quot;&quot;,&quot;sizes&quot;:[]},&quot;_transform_translateX_effect_hover_tablet&quot;:{&quot;unit&quot;:&quot;px&quot;,&quot;size&quot;:&quot;&quot;,&quot;sizes&quot;:[]},&quot;_transform_translateX_effect_hover_mobile&quot;:{&quot;unit&quot;:&quot;px&quot;,&quot;size&quot;:&quot;&quot;,&quot;sizes&quot;:[]},&quot;_transform_translateY_effect_hover&quot;:{&quot;unit&quot;:&quot;px&quot;,&quot;size&quot;:&quot;&quot;,&quot;sizes&quot;:[]},&quot;_transform_translateY_effect_hover_laptop&quot;:{&quot;unit&quot;:&quot;px&quot;,&quot;size&quot;:&quot;&quot;,&quot;sizes&quot;:[]},&quot;_transform_translateY_effect_hover_tablet_extra&quot;:{&quot;unit&quot;:&quot;px&quot;,&quot;size&quot;:&quot;&quot;,&quot;sizes&quot;:[]},&quot;_transform_translateY_effect_hover_tablet&quot;:{&quot;unit&quot;:&quot;px&quot;,&quot;size&quot;:&quot;&quot;,&quot;sizes&quot;:[]},&quot;_transform_translateY_effect_hover_mobile&quot;:{&quot;unit&quot;:&quot;px&quot;,&quot;size&quot;:&quot;&quot;,&quot;sizes&quot;:[]}}\" data-widget_type=\"button.default\">\n\t\t\t\t<div class=\"elementor-widget-container\">\n\t\t\t\t\t\t\t\t\t<div class=\"elementor-button-wrapper\">\n\t\t\t\t\t<a class=\"elementor-button elementor-button-link elementor-size-xs\" href=\"https:\/\/faber-solartechnik.de\/en\/projekte\/vechta\/\" target=\"_blank\">\n\t\t\t\t\t\t<span class=\"elementor-button-content-wrapper\">\n\t\t\t\t\t\t<span class=\"elementor-button-icon\">\n\t\t\t\t<i aria-hidden=\"true\" class=\"far fa-window-restore\"><\/i>\t\t\t<\/span>\n\t\t\t\t\t\t\t\t\t<span class=\"elementor-button-text\">Projekt in neuem Tab \u00f6ffnen<\/span>\n\t\t\t\t\t<\/span>\n\t\t\t\t\t<\/a>\n\t\t\t\t<\/div>\n\t\t\t\t\t\t\t\t<\/div>\n\t\t\t\t<\/div>\n\t\t\t\t\t<\/div>\n\t\t<\/div>\n\t\t\t\t\t<\/div>\n\t\t<\/section>\n\t\t\t\t<\/div>\n\t\t\t\t\t\t\t<\/div>\n\t\t\t\t\t\t\t\t<\/div>\n\t\t<\/div>\n\t\t\t\t\t\t<\/div>\n\t\t\t\t<\/div>\n\t\t\t\t<div class=\"elementor-element elementor-element-15922a7 elementor-widget elementor-widget-button\" data-id=\"15922a7\" data-element_type=\"widget\" data-e-type=\"widget\" data-widget_type=\"button.default\">\n\t\t\t\t<div class=\"elementor-widget-container\">\n\t\t\t\t\t\t\t\t\t<div class=\"elementor-button-wrapper\">\n\t\t\t\t\t<a class=\"elementor-button elementor-button-link elementor-size-xs\" href=\"https:\/\/faber-solartechnik.de\/en\/projekte\/vechta\/\" target=\"_blank\">\n\t\t\t\t\t\t<span class=\"elementor-button-content-wrapper\">\n\t\t\t\t\t\t<span class=\"elementor-button-icon\">\n\t\t\t\t<i aria-hidden=\"true\" class=\"fas fa-arrow-right\"><\/i>\t\t\t<\/span>\n\t\t\t\t\t\t\t\t\t<span class=\"elementor-button-text\">\u00d6ffnen<\/span>\n\t\t\t\t\t<\/span>\n\t\t\t\t\t<\/a>\n\t\t\t\t<\/div>\n\t\t\t\t\t\t\t\t<\/div>\n\t\t\t\t<\/div>\n\t\t\t\t\t<\/div>\n\t\t<\/div>\n\t\t\t\t\t<\/div>\n\t\t<\/section>\n\t\t\t\t<\/div>\n\t\t<style id=\"loop-dynamic-3527\">.e-loop-item-7466 .elementor-element.elementor-element-a252bde > .elementor-background-overlay{background-image:url(\"https:\/\/faber-solartechnik.de\/wp-content\/uploads\/2023\/11\/Faber-Solar-Novo-Tech-3-scaled-1.jpg\");}<\/style>\t\t<div data-elementor-type=\"loop-item\" data-elementor-id=\"3527\" class=\"elementor elementor-3527 swiper-slide e-loop-item e-loop-item-7466 post-7466 post type-post status-publish format-standard has-post-thumbnail hentry category-projekte\" data-elementor-post-type=\"elementor_library\" role=\"group\" aria-roledescription=\"slide\" data-custom-edit-handle=\"1\">\n\t\t\t\t\t<section class=\"elementor-section elementor-top-section elementor-element elementor-element-a252bde elementor-section-height-min-height elementor-section-items-stretch loopnews runde-ecken elementor-section-boxed elementor-section-height-default\" data-id=\"a252bde\" data-element_type=\"section\" data-e-type=\"section\">\n\t\t\t\t\t\t\t<div class=\"elementor-background-overlay\"><\/div>\n\t\t\t\t\t\t\t<div class=\"elementor-container elementor-column-gap-no\">\n\t\t\t\t\t<div class=\"elementor-column elementor-col-100 elementor-top-column elementor-element elementor-element-6fcfada runde-ecken\" data-id=\"6fcfada\" data-element_type=\"column\" data-e-type=\"column\" data-settings=\"{&quot;background_background&quot;:&quot;classic&quot;}\">\n\t\t\t<div class=\"elementor-widget-wrap elementor-element-populated\">\n\t\t\t\t\t<div class=\"elementor-background-overlay\"><\/div>\n\t\t\t\t\t\t<section class=\"elementor-section elementor-inner-section elementor-element elementor-element-6604a6b elementor-section-boxed elementor-section-height-default elementor-section-height-default\" data-id=\"6604a6b\" data-element_type=\"section\" data-e-type=\"section\">\n\t\t\t\t\t\t<div class=\"elementor-container elementor-column-gap-no\">\n\t\t\t\t\t<div class=\"elementor-column elementor-col-100 elementor-inner-column elementor-element elementor-element-f098b0d\" data-id=\"f098b0d\" data-element_type=\"column\" data-e-type=\"column\">\n\t\t\t<div class=\"elementor-widget-wrap elementor-element-populated\">\n\t\t\t\t\t\t<div class=\"elementor-element elementor-element-1f94609 elementor-widget elementor-widget-post-info\" data-id=\"1f94609\" data-element_type=\"widget\" data-e-type=\"widget\" data-widget_type=\"post-info.default\">\n\t\t\t\t<div class=\"elementor-widget-container\">\n\t\t\t\t\t\t\t<ul class=\"elementor-inline-items elementor-icon-list-items elementor-post-info\">\n\t\t\t\t\t\t\t\t<li class=\"elementor-icon-list-item elementor-repeater-item-fb2fc86 elementor-inline-item\" itemprop=\"about\">\n\t\t\t\t\t\t\t\t\t\t\t\t\t<span class=\"elementor-icon-list-text elementor-post-info__item elementor-post-info__item--type-terms\">\n\t\t\t\t\t\t\t\t\t\t<span class=\"elementor-post-info__terms-list\">\n\t\t\t\t<a href=\"https:\/\/faber-solartechnik.de\/en\/.\/projekte\/\" class=\"elementor-post-info__terms-list-item\">Projekte<\/a>\t\t\t\t<\/span>\n\t\t\t\t\t<\/span>\n\t\t\t\t\t\t\t\t<\/li>\n\t\t\t\t<\/ul>\n\t\t\t\t\t\t<\/div>\n\t\t\t\t<\/div>\n\t\t\t\t<div class=\"elementor-element elementor-element-009b0cb elementor-widget elementor-widget-heading\" data-id=\"009b0cb\" data-element_type=\"widget\" data-e-type=\"widget\" data-widget_type=\"heading.default\">\n\t\t\t\t<div class=\"elementor-widget-container\">\n\t\t\t\t\t<h4 class=\"elementor-heading-title elementor-size-default\"><a href=\"https:\/\/faber-solartechnik.de\/en\/projekte\/aschersleben\/\" target=\"_blank\">Aschersleben<\/a><\/h4>\t\t\t\t<\/div>\n\t\t\t\t<\/div>\n\t\t\t\t<div class=\"elementor-element elementor-element-6321c9b elementor-hidden-mobile eae-pop-btn-align-left popupklicktitel elementor-hidden-desktop elementor-hidden-tablet eae-pop-btn-type-text elementor-widget elementor-widget-wts-modal-popup\" data-id=\"6321c9b\" data-element_type=\"widget\" data-e-type=\"widget\" data-widget_type=\"wts-modal-popup.default\">\n\t\t\t\t<div class=\"elementor-widget-container\">\n\t\t\t\t\t\t\t<div class=\"eae-popup-wrapper eae-popup-eae-pupup-item-210617718\" data-id=\"eae-pupup-item-210617718\" data-preview-modal=\"\" data-close-button-type=\"icon\" data-close-btn=\"fas fa-times\" data-close-in-out=\"true\" data-effect=\"zoom-in\">\n\t\t\t<a class=\"eae-popup-link icon-position-after\"\n\t\t\tdata-id=\"eae-pupup-item-210617718\" data-ctrl-id=\"6321c9b\" href=\"#eae-pupup-item-210617718\">\n\t\t\t\t\t\t\t\t\t\t\t\t\t\t\t<span class=\"eae-popup-btn-text\">\n\t\t\t\t\t\t\tAschersleben\t\t\t\t\t\t<\/span>\n\t\t\t\t\t\t\t\t\t\t<span class=\"eae-popup-btn-icon\">\n\t\t\t\t\t\t\t\t\t\t\t<\/span>\n\t\t\t\t\t\t\t\t\t\t\t\t\t\t<\/a>\n\t\t<\/div>\n\n\t\t<div id=\"eae-pupup-item-210617718\" class=\"eae-popup-eae-pupup-item-210617718 mfp-hide eae-popup-container\">\n\t\t\t<input class=\"eae-hidden-post-id\" type=\"hidden\" name=\"eae_hidden_post_id\" data-id=\"eae-pupup-item-210617718\" value=\"0\" \/>\n\t\t\t<div class=\"eae-popup-content\">\n\t\t\t\t\t\t\t\t\t<div class=\"eae-modal-content\">\n\t\t\t\t\t\t\t\t<div data-elementor-type=\"section\" data-elementor-id=\"4203\" class=\"elementor elementor-4203\" data-elementor-post-type=\"elementor_library\">\n\t\t\t\t\t<section class=\"elementor-section elementor-top-section elementor-element elementor-element-76665b6d elementor-section-full_width elementor-section-height-min-height elementor-section-items-stretch elementor-section-height-default\" data-id=\"76665b6d\" data-element_type=\"section\" data-e-type=\"section\">\n\t\t\t\t\t\t<div class=\"elementor-container elementor-column-gap-default\">\n\t\t\t\t\t<div class=\"elementor-column elementor-col-50 elementor-top-column elementor-element elementor-element-27f77bf4\" data-id=\"27f77bf4\" data-element_type=\"column\" data-e-type=\"column\">\n\t\t\t<div class=\"elementor-widget-wrap elementor-element-populated\">\n\t\t\t\t\t\t<div class=\"elementor-element elementor-element-2c72871 shadow runde-ecken elementor-widget elementor-widget-image\" data-id=\"2c72871\" data-element_type=\"widget\" data-e-type=\"widget\" data-widget_type=\"image.default\">\n\t\t\t\t<div class=\"elementor-widget-container\">\n\t\t\t\t\t\t\t\t\t\t\t\t\t\t\t\t<a href=\"https:\/\/faber-solartechnik.de\/wp-content\/uploads\/2023\/11\/Faber-Solar-Novo-Tech-3-scaled-1.jpg\" data-elementor-open-lightbox=\"yes\" data-e-action-hash=\"#elementor-action%3Aaction%3Dlightbox%26settings%3DeyJpZCI6Nzk2MSwidXJsIjoiaHR0cHM6XC9cL2ZhYmVyLXNvbGFydGVjaG5pay5kZVwvd3AtY29udGVudFwvdXBsb2Fkc1wvMjAyM1wvMTFcL0ZhYmVyLVNvbGFyLU5vdm8tVGVjaC0zLXNjYWxlZC0xLmpwZyJ9\">\n\t\t\t\t\t\t\t<img loading=\"lazy\" decoding=\"async\" width=\"768\" height=\"576\" src=\"https:\/\/faber-solartechnik.de\/wp-content\/uploads\/2023\/11\/Faber-Solar-Novo-Tech-3-scaled-1-768x576.jpg\" class=\"attachment-medium_large size-medium_large wp-image-7961\" alt=\"Luftaufnahme der Photovoltaikanlage von Faber Solartechnik auf dem Dach der Firma Novo-Tech in Sachsen-Anhalt. Die Anlage hat eine Leistung von 950 kWp und tr\u00e4gt zur nachhaltigen Energieversorgung bei.\" srcset=\"https:\/\/faber-solartechnik.de\/wp-content\/uploads\/2023\/11\/Faber-Solar-Novo-Tech-3-scaled-1-768x576.jpg 768w, https:\/\/faber-solartechnik.de\/wp-content\/uploads\/2023\/11\/Faber-Solar-Novo-Tech-3-scaled-1-300x225.jpg 300w, https:\/\/faber-solartechnik.de\/wp-content\/uploads\/2023\/11\/Faber-Solar-Novo-Tech-3-scaled-1-1024x768.jpg 1024w, https:\/\/faber-solartechnik.de\/wp-content\/uploads\/2023\/11\/Faber-Solar-Novo-Tech-3-scaled-1-1536x1152.jpg 1536w, https:\/\/faber-solartechnik.de\/wp-content\/uploads\/2023\/11\/Faber-Solar-Novo-Tech-3-scaled-1-2048x1536.jpg 2048w, https:\/\/faber-solartechnik.de\/wp-content\/uploads\/2023\/11\/Faber-Solar-Novo-Tech-3-scaled-1-16x12.jpg 16w\" sizes=\"(max-width: 768px) 100vw, 768px\" \/>\t\t\t\t\t\t\t\t<\/a>\n\t\t\t\t\t\t\t\t\t\t\t\t\t\t\t<\/div>\n\t\t\t\t<\/div>\n\t\t\t\t\t<\/div>\n\t\t<\/div>\n\t\t\t\t<div class=\"elementor-column elementor-col-50 elementor-top-column elementor-element elementor-element-329a626d\" data-id=\"329a626d\" data-element_type=\"column\" data-e-type=\"column\">\n\t\t\t<div class=\"elementor-widget-wrap elementor-element-populated\">\n\t\t\t\t\t\t<div class=\"elementor-element elementor-element-bf7ede2 elementor-widget elementor-widget-heading\" data-id=\"bf7ede2\" data-element_type=\"widget\" data-e-type=\"widget\" data-widget_type=\"heading.default\">\n\t\t\t\t<div class=\"elementor-widget-container\">\n\t\t\t\t\t<h3 class=\"elementor-heading-title elementor-size-default\">Aschersleben<\/h3>\t\t\t\t<\/div>\n\t\t\t\t<\/div>\n\t\t\t\t<div class=\"elementor-element elementor-element-678b441 elementor-widget-divider--view-line elementor-widget elementor-widget-divider\" data-id=\"678b441\" data-element_type=\"widget\" data-e-type=\"widget\" data-widget_type=\"divider.default\">\n\t\t\t\t<div class=\"elementor-widget-container\">\n\t\t\t\t\t\t\t<div class=\"elementor-divider\">\n\t\t\t<span class=\"elementor-divider-separator\">\n\t\t\t\t\t\t<\/span>\n\t\t<\/div>\n\t\t\t\t\t\t<\/div>\n\t\t\t\t<\/div>\n\t\t\t\t<div class=\"elementor-element elementor-element-18e98f7 elementor-widget elementor-widget-theme-post-content\" data-id=\"18e98f7\" data-element_type=\"widget\" data-e-type=\"widget\" data-widget_type=\"theme-post-content.default\">\n\t\t\t\t<div class=\"elementor-widget-container\">\n\t\t\t\t\t\t\t<div data-elementor-type=\"wp-post\" data-elementor-id=\"7466\" class=\"elementor elementor-7466\" data-elementor-post-type=\"post\">\n\t\t\t\t<div class=\"elementor-element elementor-element-2e7aef4 e-flex e-con-boxed e-con e-parent\" data-id=\"2e7aef4\" data-element_type=\"container\" data-e-type=\"container\">\n\t\t\t\t\t<div class=\"e-con-inner\">\n\t\t\t\t<div class=\"elementor-element elementor-element-1eb088f elementor-icon-list--layout-inline popup-pv-fakts elementor-align-center elementor-list-item-link-full_width elementor-widget elementor-widget-icon-list\" data-id=\"1eb088f\" data-element_type=\"widget\" data-e-type=\"widget\" data-widget_type=\"icon-list.default\">\n\t\t\t\t<div class=\"elementor-widget-container\">\n\t\t\t\t\t\t\t<ul class=\"elementor-icon-list-items elementor-inline-items\">\n\t\t\t\t\t\t\t<li class=\"elementor-icon-list-item elementor-inline-item\">\n\t\t\t\t\t\t\t\t\t\t\t<span class=\"elementor-icon-list-icon\">\n\t\t\t\t\t\t\t<i aria-hidden=\"true\" class=\"fas fa-sun\"><\/i>\t\t\t\t\t\t<\/span>\n\t\t\t\t\t\t\t\t\t\t<span class=\"elementor-icon-list-text\">950 kWp<\/span>\n\t\t\t\t\t\t\t\t\t<\/li>\n\t\t\t\t\t\t\t\t<li class=\"elementor-icon-list-item elementor-inline-item\">\n\t\t\t\t\t\t\t\t\t\t\t<span class=\"elementor-icon-list-icon\">\n\t\t\t\t\t\t\t<i aria-hidden=\"true\" class=\"fas fa-bolt\"><\/i>\t\t\t\t\t\t<\/span>\n\t\t\t\t\t\t\t\t\t\t<span class=\"elementor-icon-list-text\">901.752 kWh\/Jahr<\/span>\n\t\t\t\t\t\t\t\t\t<\/li>\n\t\t\t\t\t\t\t\t<li class=\"elementor-icon-list-item elementor-inline-item\">\n\t\t\t\t\t\t\t\t\t\t\t<span class=\"elementor-icon-list-icon\">\n\t\t\t\t\t\t\t<i aria-hidden=\"true\" class=\"fas fa-plug\"><\/i>\t\t\t\t\t\t<\/span>\n\t\t\t\t\t\t\t\t\t\t<span class=\"elementor-icon-list-text\">\u00dcberschuss<\/span>\n\t\t\t\t\t\t\t\t\t<\/li>\n\t\t\t\t\t\t\t\t<li class=\"elementor-icon-list-item elementor-inline-item\">\n\t\t\t\t\t\t\t\t\t\t\t<span class=\"elementor-icon-list-icon\">\n\t\t\t\t\t\t\t<i aria-hidden=\"true\" class=\"fas fa-tools\"><\/i>\t\t\t\t\t\t<\/span>\n\t\t\t\t\t\t\t\t\t\t<span class=\"elementor-icon-list-text\">Aufgest\u00e4ndert<\/span>\n\t\t\t\t\t\t\t\t\t<\/li>\n\t\t\t\t\t\t\t\t<li class=\"elementor-icon-list-item elementor-inline-item\">\n\t\t\t\t\t\t\t\t\t\t\t<span class=\"elementor-icon-list-icon\">\n\t\t\t\t\t\t\t<i aria-hidden=\"true\" class=\"fas fa-map-marker-alt\"><\/i>\t\t\t\t\t\t<\/span>\n\t\t\t\t\t\t\t\t\t\t<span class=\"elementor-icon-list-text\">Sachsen-Anhalt<\/span>\n\t\t\t\t\t\t\t\t\t<\/li>\n\t\t\t\t\t\t<\/ul>\n\t\t\t\t\t\t<\/div>\n\t\t\t\t<\/div>\n\t\t\t\t<div class=\"elementor-element elementor-element-4df57f5 elementor-widget elementor-widget-gallery\" data-id=\"4df57f5\" data-element_type=\"widget\" data-e-type=\"widget\" data-settings=\"{&quot;columns&quot;:2,&quot;gallery_layout&quot;:&quot;grid&quot;,&quot;columns_tablet&quot;:2,&quot;columns_mobile&quot;:1,&quot;gap&quot;:{&quot;unit&quot;:&quot;px&quot;,&quot;size&quot;:10,&quot;sizes&quot;:[]},&quot;gap_laptop&quot;:{&quot;unit&quot;:&quot;px&quot;,&quot;size&quot;:10,&quot;sizes&quot;:[]},&quot;gap_tablet_extra&quot;:{&quot;unit&quot;:&quot;px&quot;,&quot;size&quot;:10,&quot;sizes&quot;:[]},&quot;gap_tablet&quot;:{&quot;unit&quot;:&quot;px&quot;,&quot;size&quot;:10,&quot;sizes&quot;:[]},&quot;gap_mobile&quot;:{&quot;unit&quot;:&quot;px&quot;,&quot;size&quot;:10,&quot;sizes&quot;:[]},&quot;link_to&quot;:&quot;file&quot;,&quot;aspect_ratio&quot;:&quot;3:2&quot;,&quot;overlay_background&quot;:&quot;yes&quot;,&quot;content_hover_animation&quot;:&quot;fade-in&quot;}\" data-widget_type=\"gallery.default\">\n\t\t\t\t<div class=\"elementor-widget-container\">\n\t\t\t\t\t\t\t<div class=\"elementor-gallery__container\">\n\t\t\t\t\t\t\t<a class=\"e-gallery-item elementor-gallery-item elementor-animated-content\" href=\"https:\/\/faber-solartechnik.de\/wp-content\/uploads\/2023\/11\/Faber-Solar-Novo-Tech-9-scaled.jpg\" data-elementor-open-lightbox=\"yes\" data-elementor-lightbox-slideshow=\"4df57f5\" data-e-action-hash=\"#elementor-action%3Aaction%3Dlightbox%26settings%3DeyJpZCI6NzM4MywidXJsIjoiaHR0cHM6XC9cL2ZhYmVyLXNvbGFydGVjaG5pay5kZVwvd3AtY29udGVudFwvdXBsb2Fkc1wvMjAyM1wvMTFcL0ZhYmVyLVNvbGFyLU5vdm8tVGVjaC05LXNjYWxlZC5qcGciLCJzbGlkZXNob3ciOiI0ZGY1N2Y1In0%3D\">\n\t\t\t\t\t<div class=\"e-gallery-image elementor-gallery-item__image\" data-thumbnail=\"https:\/\/faber-solartechnik.de\/wp-content\/uploads\/2023\/11\/Faber-Solar-Novo-Tech-9-768x576.jpg\" data-width=\"768\" data-height=\"576\" aria-label=\"\" role=\"img\" ><\/div>\n\t\t\t\t\t\t\t\t\t\t\t<div class=\"elementor-gallery-item__overlay\"><\/div>\n\t\t\t\t\t\t\t\t\t\t\t\t\t\t<\/a>\n\t\t\t\t\t\t\t<a class=\"e-gallery-item elementor-gallery-item elementor-animated-content\" href=\"https:\/\/faber-solartechnik.de\/wp-content\/uploads\/2023\/11\/Faber-Solar-Novo-Tech-7-scaled.jpg\" data-elementor-open-lightbox=\"yes\" data-elementor-lightbox-slideshow=\"4df57f5\" data-e-action-hash=\"#elementor-action%3Aaction%3Dlightbox%26settings%3DeyJpZCI6NzM4NSwidXJsIjoiaHR0cHM6XC9cL2ZhYmVyLXNvbGFydGVjaG5pay5kZVwvd3AtY29udGVudFwvdXBsb2Fkc1wvMjAyM1wvMTFcL0ZhYmVyLVNvbGFyLU5vdm8tVGVjaC03LXNjYWxlZC5qcGciLCJzbGlkZXNob3ciOiI0ZGY1N2Y1In0%3D\">\n\t\t\t\t\t<div class=\"e-gallery-image elementor-gallery-item__image\" data-thumbnail=\"https:\/\/faber-solartechnik.de\/wp-content\/uploads\/2023\/11\/Faber-Solar-Novo-Tech-7-768x576.jpg\" data-width=\"768\" data-height=\"576\" aria-label=\"\" role=\"img\" ><\/div>\n\t\t\t\t\t\t\t\t\t\t\t<div class=\"elementor-gallery-item__overlay\"><\/div>\n\t\t\t\t\t\t\t\t\t\t\t\t\t\t<\/a>\n\t\t\t\t\t\t\t<a class=\"e-gallery-item elementor-gallery-item elementor-animated-content\" href=\"https:\/\/faber-solartechnik.de\/wp-content\/uploads\/2023\/11\/Faber-Solar-Novo-Tech-6-scaled.jpg\" data-elementor-open-lightbox=\"yes\" data-elementor-lightbox-slideshow=\"4df57f5\" data-e-action-hash=\"#elementor-action%3Aaction%3Dlightbox%26settings%3DeyJpZCI6NzM5MiwidXJsIjoiaHR0cHM6XC9cL2ZhYmVyLXNvbGFydGVjaG5pay5kZVwvd3AtY29udGVudFwvdXBsb2Fkc1wvMjAyM1wvMTFcL0ZhYmVyLVNvbGFyLU5vdm8tVGVjaC02LXNjYWxlZC5qcGciLCJzbGlkZXNob3ciOiI0ZGY1N2Y1In0%3D\">\n\t\t\t\t\t<div class=\"e-gallery-image elementor-gallery-item__image\" data-thumbnail=\"https:\/\/faber-solartechnik.de\/wp-content\/uploads\/2023\/11\/Faber-Solar-Novo-Tech-6-768x576.jpg\" data-width=\"768\" data-height=\"576\" aria-label=\"\" role=\"img\" ><\/div>\n\t\t\t\t\t\t\t\t\t\t\t<div class=\"elementor-gallery-item__overlay\"><\/div>\n\t\t\t\t\t\t\t\t\t\t\t\t\t\t<\/a>\n\t\t\t\t\t\t\t<a class=\"e-gallery-item elementor-gallery-item elementor-animated-content\" href=\"https:\/\/faber-solartechnik.de\/wp-content\/uploads\/2023\/11\/Faber-Solar-Novo-Tech-5-scaled.jpg\" data-elementor-open-lightbox=\"yes\" data-elementor-lightbox-slideshow=\"4df57f5\" data-e-action-hash=\"#elementor-action%3Aaction%3Dlightbox%26settings%3DeyJpZCI6NzM5MywidXJsIjoiaHR0cHM6XC9cL2ZhYmVyLXNvbGFydGVjaG5pay5kZVwvd3AtY29udGVudFwvdXBsb2Fkc1wvMjAyM1wvMTFcL0ZhYmVyLVNvbGFyLU5vdm8tVGVjaC01LXNjYWxlZC5qcGciLCJzbGlkZXNob3ciOiI0ZGY1N2Y1In0%3D\">\n\t\t\t\t\t<div class=\"e-gallery-image elementor-gallery-item__image\" data-thumbnail=\"https:\/\/faber-solartechnik.de\/wp-content\/uploads\/2023\/11\/Faber-Solar-Novo-Tech-5-768x576.jpg\" data-width=\"768\" data-height=\"576\" aria-label=\"\" role=\"img\" ><\/div>\n\t\t\t\t\t\t\t\t\t\t\t<div class=\"elementor-gallery-item__overlay\"><\/div>\n\t\t\t\t\t\t\t\t\t\t\t\t\t\t<\/a>\n\t\t\t\t\t\t\t<a class=\"e-gallery-item elementor-gallery-item elementor-animated-content\" href=\"https:\/\/faber-solartechnik.de\/wp-content\/uploads\/2023\/11\/Faber-Solar-Novo-Tech-3-scaled.jpg\" data-elementor-open-lightbox=\"yes\" data-elementor-lightbox-slideshow=\"4df57f5\" data-e-action-hash=\"#elementor-action%3Aaction%3Dlightbox%26settings%3DeyJpZCI6NzM5OCwidXJsIjoiaHR0cHM6XC9cL2ZhYmVyLXNvbGFydGVjaG5pay5kZVwvd3AtY29udGVudFwvdXBsb2Fkc1wvMjAyM1wvMTFcL0ZhYmVyLVNvbGFyLU5vdm8tVGVjaC0zLXNjYWxlZC5qcGciLCJzbGlkZXNob3ciOiI0ZGY1N2Y1In0%3D\">\n\t\t\t\t\t<div class=\"e-gallery-image elementor-gallery-item__image\" data-thumbnail=\"https:\/\/faber-solartechnik.de\/wp-content\/uploads\/2023\/11\/Faber-Solar-Novo-Tech-3-768x576.jpg\" data-width=\"768\" data-height=\"576\" aria-label=\"\" role=\"img\" ><\/div>\n\t\t\t\t\t\t\t\t\t\t\t<div class=\"elementor-gallery-item__overlay\"><\/div>\n\t\t\t\t\t\t\t\t\t\t\t\t\t\t<\/a>\n\t\t\t\t\t\t\t<a class=\"e-gallery-item elementor-gallery-item elementor-animated-content\" href=\"https:\/\/faber-solartechnik.de\/wp-content\/uploads\/2023\/11\/Faber-Solar-Novo-Tech-16-scaled.jpg\" data-elementor-open-lightbox=\"yes\" data-elementor-lightbox-slideshow=\"4df57f5\" data-e-action-hash=\"#elementor-action%3Aaction%3Dlightbox%26settings%3DeyJpZCI6NzQwMCwidXJsIjoiaHR0cHM6XC9cL2ZhYmVyLXNvbGFydGVjaG5pay5kZVwvd3AtY29udGVudFwvdXBsb2Fkc1wvMjAyM1wvMTFcL0ZhYmVyLVNvbGFyLU5vdm8tVGVjaC0xNi1zY2FsZWQuanBnIiwic2xpZGVzaG93IjoiNGRmNTdmNSJ9\">\n\t\t\t\t\t<div class=\"e-gallery-image elementor-gallery-item__image\" data-thumbnail=\"https:\/\/faber-solartechnik.de\/wp-content\/uploads\/2023\/11\/Faber-Solar-Novo-Tech-16-768x576.jpg\" data-width=\"768\" data-height=\"576\" aria-label=\"\" role=\"img\" ><\/div>\n\t\t\t\t\t\t\t\t\t\t\t<div class=\"elementor-gallery-item__overlay\"><\/div>\n\t\t\t\t\t\t\t\t\t\t\t\t\t\t<\/a>\n\t\t\t\t\t\t\t<a class=\"e-gallery-item elementor-gallery-item elementor-animated-content\" href=\"https:\/\/faber-solartechnik.de\/wp-content\/uploads\/2023\/11\/Faber-Solar-Novo-Tech-13-scaled.jpg\" data-elementor-open-lightbox=\"yes\" data-elementor-lightbox-slideshow=\"4df57f5\" data-e-action-hash=\"#elementor-action%3Aaction%3Dlightbox%26settings%3DeyJpZCI6NzQwMywidXJsIjoiaHR0cHM6XC9cL2ZhYmVyLXNvbGFydGVjaG5pay5kZVwvd3AtY29udGVudFwvdXBsb2Fkc1wvMjAyM1wvMTFcL0ZhYmVyLVNvbGFyLU5vdm8tVGVjaC0xMy1zY2FsZWQuanBnIiwic2xpZGVzaG93IjoiNGRmNTdmNSJ9\">\n\t\t\t\t\t<div class=\"e-gallery-image elementor-gallery-item__image\" data-thumbnail=\"https:\/\/faber-solartechnik.de\/wp-content\/uploads\/2023\/11\/Faber-Solar-Novo-Tech-13-768x576.jpg\" data-width=\"768\" data-height=\"576\" aria-label=\"\" role=\"img\" ><\/div>\n\t\t\t\t\t\t\t\t\t\t\t<div class=\"elementor-gallery-item__overlay\"><\/div>\n\t\t\t\t\t\t\t\t\t\t\t\t\t\t<\/a>\n\t\t\t\t\t\t\t<a class=\"e-gallery-item elementor-gallery-item elementor-animated-content\" href=\"https:\/\/faber-solartechnik.de\/wp-content\/uploads\/2023\/11\/Faber-Solar-Novo-Tech-2-scaled.jpg\" data-elementor-open-lightbox=\"yes\" data-elementor-lightbox-slideshow=\"4df57f5\" data-e-action-hash=\"#elementor-action%3Aaction%3Dlightbox%26settings%3DeyJpZCI6NzM5OSwidXJsIjoiaHR0cHM6XC9cL2ZhYmVyLXNvbGFydGVjaG5pay5kZVwvd3AtY29udGVudFwvdXBsb2Fkc1wvMjAyM1wvMTFcL0ZhYmVyLVNvbGFyLU5vdm8tVGVjaC0yLXNjYWxlZC5qcGciLCJzbGlkZXNob3ciOiI0ZGY1N2Y1In0%3D\">\n\t\t\t\t\t<div class=\"e-gallery-image elementor-gallery-item__image\" data-thumbnail=\"https:\/\/faber-solartechnik.de\/wp-content\/uploads\/2023\/11\/Faber-Solar-Novo-Tech-2-768x576.jpg\" data-width=\"768\" data-height=\"576\" aria-label=\"\" role=\"img\" ><\/div>\n\t\t\t\t\t\t\t\t\t\t\t<div class=\"elementor-gallery-item__overlay\"><\/div>\n\t\t\t\t\t\t\t\t\t\t\t\t\t\t<\/a>\n\t\t\t\t\t<\/div>\n\t\t\t\t\t<\/div>\n\t\t\t\t<\/div>\n\t\t\t\t<div class=\"elementor-element elementor-element-ef4187e elementor-widget elementor-widget-text-editor\" data-id=\"ef4187e\" data-element_type=\"widget\" data-e-type=\"widget\" data-widget_type=\"text-editor.default\">\n\t\t\t\t<div class=\"elementor-widget-container\">\n\t\t\t\t\t\t\t\t\t<p>Faber Solartechnik hat eine beeindruckende Photovoltaikanlage mit einer Leistung von 950 kWp auf dem Dach der Firma Novo-Tech in Sachsen-Anhalt installiert. Mit einem j\u00e4hrlichen Ertrag von 901.752 kWh tr\u00e4gt die Anlage ma\u00dfgeblich zur nachhaltigen Energieversorgung bei. Durch die Aufst\u00e4nderung und die Nutzung des \u00dcberschusses wird nicht nur Energie gespart, sondern auch aktiv zur Reduzierung der CO\u2082-Emissionen beigetragen.<\/p><p>Novo-Tech steht f\u00fcr umweltfreundliche, recycelbare Naturwerkstoffe und setzt auf innovative, ressourcenschonende L\u00f6sungen. Durch die Partnerschaft zwischen Faber Solartechnik und Novo-Tech wird nicht nur die Energieversorgung, sondern auch der nachhaltige Einsatz von Materialien in der Produktion gef\u00f6rdert.<\/p><p>Gemeinsam gestalten wir die Zukunft \u2013 sauber, nachhaltig und effizient! \ud83c\udf31\ud83d\udca1<\/p>\t\t\t\t\t\t\t\t<\/div>\n\t\t\t\t<\/div>\n\t\t\t\t\t<\/div>\n\t\t\t\t<\/div>\n\t\t\t\t<\/div>\n\t\t\t\t\t\t<\/div>\n\t\t\t\t<\/div>\n\t\t\t\t<div class=\"elementor-element elementor-element-b294ae0 e-transform e-transform elementor-align-right elementor-absolute elementor-invisible elementor-widget elementor-widget-button\" data-id=\"b294ae0\" data-element_type=\"widget\" data-e-type=\"widget\" data-settings=\"{&quot;_transform_translateX_effect_hover&quot;:{&quot;unit&quot;:&quot;px&quot;,&quot;size&quot;:-10,&quot;sizes&quot;:[]},&quot;_animation&quot;:&quot;fadeInUp&quot;,&quot;_animation_delay&quot;:1000,&quot;_position&quot;:&quot;absolute&quot;,&quot;_transform_translateX_effect&quot;:{&quot;unit&quot;:&quot;px&quot;,&quot;size&quot;:&quot;&quot;,&quot;sizes&quot;:[]},&quot;_transform_translateX_effect_laptop&quot;:{&quot;unit&quot;:&quot;px&quot;,&quot;size&quot;:&quot;&quot;,&quot;sizes&quot;:[]},&quot;_transform_translateX_effect_tablet_extra&quot;:{&quot;unit&quot;:&quot;px&quot;,&quot;size&quot;:&quot;&quot;,&quot;sizes&quot;:[]},&quot;_transform_translateX_effect_tablet&quot;:{&quot;unit&quot;:&quot;px&quot;,&quot;size&quot;:&quot;&quot;,&quot;sizes&quot;:[]},&quot;_transform_translateX_effect_mobile&quot;:{&quot;unit&quot;:&quot;px&quot;,&quot;size&quot;:&quot;&quot;,&quot;sizes&quot;:[]},&quot;_transform_translateY_effect&quot;:{&quot;unit&quot;:&quot;px&quot;,&quot;size&quot;:&quot;&quot;,&quot;sizes&quot;:[]},&quot;_transform_translateY_effect_laptop&quot;:{&quot;unit&quot;:&quot;px&quot;,&quot;size&quot;:&quot;&quot;,&quot;sizes&quot;:[]},&quot;_transform_translateY_effect_tablet_extra&quot;:{&quot;unit&quot;:&quot;px&quot;,&quot;size&quot;:&quot;&quot;,&quot;sizes&quot;:[]},&quot;_transform_translateY_effect_tablet&quot;:{&quot;unit&quot;:&quot;px&quot;,&quot;size&quot;:&quot;&quot;,&quot;sizes&quot;:[]},&quot;_transform_translateY_effect_mobile&quot;:{&quot;unit&quot;:&quot;px&quot;,&quot;size&quot;:&quot;&quot;,&quot;sizes&quot;:[]},&quot;_transform_translateX_effect_hover_laptop&quot;:{&quot;unit&quot;:&quot;px&quot;,&quot;size&quot;:&quot;&quot;,&quot;sizes&quot;:[]},&quot;_transform_translateX_effect_hover_tablet_extra&quot;:{&quot;unit&quot;:&quot;px&quot;,&quot;size&quot;:&quot;&quot;,&quot;sizes&quot;:[]},&quot;_transform_translateX_effect_hover_tablet&quot;:{&quot;unit&quot;:&quot;px&quot;,&quot;size&quot;:&quot;&quot;,&quot;sizes&quot;:[]},&quot;_transform_translateX_effect_hover_mobile&quot;:{&quot;unit&quot;:&quot;px&quot;,&quot;size&quot;:&quot;&quot;,&quot;sizes&quot;:[]},&quot;_transform_translateY_effect_hover&quot;:{&quot;unit&quot;:&quot;px&quot;,&quot;size&quot;:&quot;&quot;,&quot;sizes&quot;:[]},&quot;_transform_translateY_effect_hover_laptop&quot;:{&quot;unit&quot;:&quot;px&quot;,&quot;size&quot;:&quot;&quot;,&quot;sizes&quot;:[]},&quot;_transform_translateY_effect_hover_tablet_extra&quot;:{&quot;unit&quot;:&quot;px&quot;,&quot;size&quot;:&quot;&quot;,&quot;sizes&quot;:[]},&quot;_transform_translateY_effect_hover_tablet&quot;:{&quot;unit&quot;:&quot;px&quot;,&quot;size&quot;:&quot;&quot;,&quot;sizes&quot;:[]},&quot;_transform_translateY_effect_hover_mobile&quot;:{&quot;unit&quot;:&quot;px&quot;,&quot;size&quot;:&quot;&quot;,&quot;sizes&quot;:[]}}\" data-widget_type=\"button.default\">\n\t\t\t\t<div class=\"elementor-widget-container\">\n\t\t\t\t\t\t\t\t\t<div class=\"elementor-button-wrapper\">\n\t\t\t\t\t<a class=\"elementor-button elementor-button-link elementor-size-xs\" href=\"https:\/\/faber-solartechnik.de\/en\/projekte\/aschersleben\/\" target=\"_blank\">\n\t\t\t\t\t\t<span class=\"elementor-button-content-wrapper\">\n\t\t\t\t\t\t<span class=\"elementor-button-icon\">\n\t\t\t\t<i aria-hidden=\"true\" class=\"far fa-window-restore\"><\/i>\t\t\t<\/span>\n\t\t\t\t\t\t\t\t\t<span class=\"elementor-button-text\">Projekt in neuem Tab \u00f6ffnen<\/span>\n\t\t\t\t\t<\/span>\n\t\t\t\t\t<\/a>\n\t\t\t\t<\/div>\n\t\t\t\t\t\t\t\t<\/div>\n\t\t\t\t<\/div>\n\t\t\t\t\t<\/div>\n\t\t<\/div>\n\t\t\t\t\t<\/div>\n\t\t<\/section>\n\t\t\t\t<\/div>\n\t\t\t\t\t\t\t<\/div>\n\t\t\t\t\t\t\t\t<\/div>\n\t\t<\/div>\n\t\t\t\t\t\t<\/div>\n\t\t\t\t<\/div>\n\t\t\t\t<div class=\"elementor-element elementor-element-047228d elementor-widget elementor-widget-theme-post-excerpt\" data-id=\"047228d\" data-element_type=\"widget\" data-e-type=\"widget\" data-widget_type=\"theme-post-excerpt.default\">\n\t\t\t\t<div class=\"elementor-widget-container\">\n\t\t\t\t\tFaber Solartechnik hat eine 950 kWp Photovoltaikanlage bei ...\t\t\t\t<\/div>\n\t\t\t\t<\/div>\n\t\t\t\t\t<\/div>\n\t\t<\/div>\n\t\t\t\t\t<\/div>\n\t\t<\/section>\n\t\t\t\t<div class=\"elementor-element elementor-element-d621d6e elementor-hidden-mobile elementor-hidden-desktop elementor-hidden-tablet eae-pop-btn-type-text elementor-widget elementor-widget-wts-modal-popup\" data-id=\"d621d6e\" data-element_type=\"widget\" data-e-type=\"widget\" data-widget_type=\"wts-modal-popup.default\">\n\t\t\t\t<div class=\"elementor-widget-container\">\n\t\t\t\t\t\t\t<div class=\"eae-popup-wrapper eae-popup-eae-pupup-item-976325722\" data-id=\"eae-pupup-item-976325722\" data-preview-modal=\"\" data-close-button-type=\"icon\" data-close-btn=\"fas fa-times\" data-close-in-out=\"true\" data-effect=\"zoom-in\">\n\t\t\t<a class=\"eae-popup-link icon-position-before\"\n\t\t\tdata-id=\"eae-pupup-item-976325722\" data-ctrl-id=\"d621d6e\" href=\"#eae-pupup-item-976325722\">\n\t\t\t\t\t\t\t\t\t\t\t\t\t\t<span class=\"eae-popup-btn-icon\">\n\t\t\t\t\t\t<i aria-hidden=\"true\" class=\"fas fa-arrow-right\"><\/i>\t\t\t\t\t<\/span>\n\t\t\t\t\t\t\t\t\t\t\t\t<span class=\"eae-popup-btn-text\">\n\t\t\t\t\t\t\t\u00d6ffnen\t\t\t\t\t\t<\/span>\n\t\t\t\t\t\t\t\t\t\t\t\t\t<\/a>\n\t\t<\/div>\n\n\t\t<div id=\"eae-pupup-item-976325722\" class=\"eae-popup-eae-pupup-item-976325722 mfp-hide eae-popup-container\">\n\t\t\t<input class=\"eae-hidden-post-id\" type=\"hidden\" name=\"eae_hidden_post_id\" data-id=\"eae-pupup-item-976325722\" value=\"0\" \/>\n\t\t\t<div class=\"eae-popup-content\">\n\t\t\t\t\t\t\t\t\t<div class=\"eae-modal-content\">\n\t\t\t\t\t\t\t\t<div data-elementor-type=\"section\" data-elementor-id=\"4203\" class=\"elementor elementor-4203\" data-elementor-post-type=\"elementor_library\">\n\t\t\t\t\t<section class=\"elementor-section elementor-top-section elementor-element elementor-element-76665b6d elementor-section-full_width elementor-section-height-min-height elementor-section-items-stretch elementor-section-height-default\" data-id=\"76665b6d\" data-element_type=\"section\" data-e-type=\"section\">\n\t\t\t\t\t\t<div class=\"elementor-container elementor-column-gap-default\">\n\t\t\t\t\t<div class=\"elementor-column elementor-col-50 elementor-top-column elementor-element elementor-element-27f77bf4\" data-id=\"27f77bf4\" data-element_type=\"column\" data-e-type=\"column\">\n\t\t\t<div class=\"elementor-widget-wrap elementor-element-populated\">\n\t\t\t\t\t\t<div class=\"elementor-element elementor-element-2c72871 shadow runde-ecken elementor-widget elementor-widget-image\" data-id=\"2c72871\" data-element_type=\"widget\" data-e-type=\"widget\" data-widget_type=\"image.default\">\n\t\t\t\t<div class=\"elementor-widget-container\">\n\t\t\t\t\t\t\t\t\t\t\t\t\t\t\t\t<a href=\"https:\/\/faber-solartechnik.de\/wp-content\/uploads\/2023\/11\/Faber-Solar-Novo-Tech-3-scaled-1.jpg\" data-elementor-open-lightbox=\"yes\" data-e-action-hash=\"#elementor-action%3Aaction%3Dlightbox%26settings%3DeyJpZCI6Nzk2MSwidXJsIjoiaHR0cHM6XC9cL2ZhYmVyLXNvbGFydGVjaG5pay5kZVwvd3AtY29udGVudFwvdXBsb2Fkc1wvMjAyM1wvMTFcL0ZhYmVyLVNvbGFyLU5vdm8tVGVjaC0zLXNjYWxlZC0xLmpwZyJ9\">\n\t\t\t\t\t\t\t<img loading=\"lazy\" decoding=\"async\" width=\"768\" height=\"576\" src=\"https:\/\/faber-solartechnik.de\/wp-content\/uploads\/2023\/11\/Faber-Solar-Novo-Tech-3-scaled-1-768x576.jpg\" class=\"attachment-medium_large size-medium_large wp-image-7961\" alt=\"Luftaufnahme der Photovoltaikanlage von Faber Solartechnik auf dem Dach der Firma Novo-Tech in Sachsen-Anhalt. Die Anlage hat eine Leistung von 950 kWp und tr\u00e4gt zur nachhaltigen Energieversorgung bei.\" srcset=\"https:\/\/faber-solartechnik.de\/wp-content\/uploads\/2023\/11\/Faber-Solar-Novo-Tech-3-scaled-1-768x576.jpg 768w, https:\/\/faber-solartechnik.de\/wp-content\/uploads\/2023\/11\/Faber-Solar-Novo-Tech-3-scaled-1-300x225.jpg 300w, https:\/\/faber-solartechnik.de\/wp-content\/uploads\/2023\/11\/Faber-Solar-Novo-Tech-3-scaled-1-1024x768.jpg 1024w, https:\/\/faber-solartechnik.de\/wp-content\/uploads\/2023\/11\/Faber-Solar-Novo-Tech-3-scaled-1-1536x1152.jpg 1536w, https:\/\/faber-solartechnik.de\/wp-content\/uploads\/2023\/11\/Faber-Solar-Novo-Tech-3-scaled-1-2048x1536.jpg 2048w, https:\/\/faber-solartechnik.de\/wp-content\/uploads\/2023\/11\/Faber-Solar-Novo-Tech-3-scaled-1-16x12.jpg 16w\" sizes=\"(max-width: 768px) 100vw, 768px\" \/>\t\t\t\t\t\t\t\t<\/a>\n\t\t\t\t\t\t\t\t\t\t\t\t\t\t\t<\/div>\n\t\t\t\t<\/div>\n\t\t\t\t\t<\/div>\n\t\t<\/div>\n\t\t\t\t<div class=\"elementor-column elementor-col-50 elementor-top-column elementor-element elementor-element-329a626d\" data-id=\"329a626d\" data-element_type=\"column\" data-e-type=\"column\">\n\t\t\t<div class=\"elementor-widget-wrap elementor-element-populated\">\n\t\t\t\t\t\t<div class=\"elementor-element elementor-element-bf7ede2 elementor-widget elementor-widget-heading\" data-id=\"bf7ede2\" data-element_type=\"widget\" data-e-type=\"widget\" data-widget_type=\"heading.default\">\n\t\t\t\t<div class=\"elementor-widget-container\">\n\t\t\t\t\t<h3 class=\"elementor-heading-title elementor-size-default\">Aschersleben<\/h3>\t\t\t\t<\/div>\n\t\t\t\t<\/div>\n\t\t\t\t<div class=\"elementor-element elementor-element-678b441 elementor-widget-divider--view-line elementor-widget elementor-widget-divider\" data-id=\"678b441\" data-element_type=\"widget\" data-e-type=\"widget\" data-widget_type=\"divider.default\">\n\t\t\t\t<div class=\"elementor-widget-container\">\n\t\t\t\t\t\t\t<div class=\"elementor-divider\">\n\t\t\t<span class=\"elementor-divider-separator\">\n\t\t\t\t\t\t<\/span>\n\t\t<\/div>\n\t\t\t\t\t\t<\/div>\n\t\t\t\t<\/div>\n\t\t\t\t<div class=\"elementor-element elementor-element-18e98f7 elementor-widget elementor-widget-theme-post-content\" data-id=\"18e98f7\" data-element_type=\"widget\" data-e-type=\"widget\" data-widget_type=\"theme-post-content.default\">\n\t\t\t\t<div class=\"elementor-widget-container\">\n\t\t\t\t\t\t\t<div data-elementor-type=\"wp-post\" data-elementor-id=\"7466\" class=\"elementor elementor-7466\" data-elementor-post-type=\"post\">\n\t\t\t\t<div class=\"elementor-element elementor-element-2e7aef4 e-flex e-con-boxed e-con e-parent\" data-id=\"2e7aef4\" data-element_type=\"container\" data-e-type=\"container\">\n\t\t\t\t\t<div class=\"e-con-inner\">\n\t\t\t\t<div class=\"elementor-element elementor-element-1eb088f elementor-icon-list--layout-inline popup-pv-fakts elementor-align-center elementor-list-item-link-full_width elementor-widget elementor-widget-icon-list\" data-id=\"1eb088f\" data-element_type=\"widget\" data-e-type=\"widget\" data-widget_type=\"icon-list.default\">\n\t\t\t\t<div class=\"elementor-widget-container\">\n\t\t\t\t\t\t\t<ul class=\"elementor-icon-list-items elementor-inline-items\">\n\t\t\t\t\t\t\t<li class=\"elementor-icon-list-item elementor-inline-item\">\n\t\t\t\t\t\t\t\t\t\t\t<span class=\"elementor-icon-list-icon\">\n\t\t\t\t\t\t\t<i aria-hidden=\"true\" class=\"fas fa-sun\"><\/i>\t\t\t\t\t\t<\/span>\n\t\t\t\t\t\t\t\t\t\t<span class=\"elementor-icon-list-text\">950 kWp<\/span>\n\t\t\t\t\t\t\t\t\t<\/li>\n\t\t\t\t\t\t\t\t<li class=\"elementor-icon-list-item elementor-inline-item\">\n\t\t\t\t\t\t\t\t\t\t\t<span class=\"elementor-icon-list-icon\">\n\t\t\t\t\t\t\t<i aria-hidden=\"true\" class=\"fas fa-bolt\"><\/i>\t\t\t\t\t\t<\/span>\n\t\t\t\t\t\t\t\t\t\t<span class=\"elementor-icon-list-text\">901.752 kWh\/Jahr<\/span>\n\t\t\t\t\t\t\t\t\t<\/li>\n\t\t\t\t\t\t\t\t<li class=\"elementor-icon-list-item elementor-inline-item\">\n\t\t\t\t\t\t\t\t\t\t\t<span class=\"elementor-icon-list-icon\">\n\t\t\t\t\t\t\t<i aria-hidden=\"true\" class=\"fas fa-plug\"><\/i>\t\t\t\t\t\t<\/span>\n\t\t\t\t\t\t\t\t\t\t<span class=\"elementor-icon-list-text\">\u00dcberschuss<\/span>\n\t\t\t\t\t\t\t\t\t<\/li>\n\t\t\t\t\t\t\t\t<li class=\"elementor-icon-list-item elementor-inline-item\">\n\t\t\t\t\t\t\t\t\t\t\t<span class=\"elementor-icon-list-icon\">\n\t\t\t\t\t\t\t<i aria-hidden=\"true\" class=\"fas fa-tools\"><\/i>\t\t\t\t\t\t<\/span>\n\t\t\t\t\t\t\t\t\t\t<span class=\"elementor-icon-list-text\">Aufgest\u00e4ndert<\/span>\n\t\t\t\t\t\t\t\t\t<\/li>\n\t\t\t\t\t\t\t\t<li class=\"elementor-icon-list-item elementor-inline-item\">\n\t\t\t\t\t\t\t\t\t\t\t<span class=\"elementor-icon-list-icon\">\n\t\t\t\t\t\t\t<i aria-hidden=\"true\" class=\"fas fa-map-marker-alt\"><\/i>\t\t\t\t\t\t<\/span>\n\t\t\t\t\t\t\t\t\t\t<span class=\"elementor-icon-list-text\">Sachsen-Anhalt<\/span>\n\t\t\t\t\t\t\t\t\t<\/li>\n\t\t\t\t\t\t<\/ul>\n\t\t\t\t\t\t<\/div>\n\t\t\t\t<\/div>\n\t\t\t\t<div class=\"elementor-element elementor-element-4df57f5 elementor-widget elementor-widget-gallery\" data-id=\"4df57f5\" data-element_type=\"widget\" data-e-type=\"widget\" data-settings=\"{&quot;columns&quot;:2,&quot;gallery_layout&quot;:&quot;grid&quot;,&quot;columns_tablet&quot;:2,&quot;columns_mobile&quot;:1,&quot;gap&quot;:{&quot;unit&quot;:&quot;px&quot;,&quot;size&quot;:10,&quot;sizes&quot;:[]},&quot;gap_laptop&quot;:{&quot;unit&quot;:&quot;px&quot;,&quot;size&quot;:10,&quot;sizes&quot;:[]},&quot;gap_tablet_extra&quot;:{&quot;unit&quot;:&quot;px&quot;,&quot;size&quot;:10,&quot;sizes&quot;:[]},&quot;gap_tablet&quot;:{&quot;unit&quot;:&quot;px&quot;,&quot;size&quot;:10,&quot;sizes&quot;:[]},&quot;gap_mobile&quot;:{&quot;unit&quot;:&quot;px&quot;,&quot;size&quot;:10,&quot;sizes&quot;:[]},&quot;link_to&quot;:&quot;file&quot;,&quot;aspect_ratio&quot;:&quot;3:2&quot;,&quot;overlay_background&quot;:&quot;yes&quot;,&quot;content_hover_animation&quot;:&quot;fade-in&quot;}\" data-widget_type=\"gallery.default\">\n\t\t\t\t<div class=\"elementor-widget-container\">\n\t\t\t\t\t\t\t<div class=\"elementor-gallery__container\">\n\t\t\t\t\t\t\t<a class=\"e-gallery-item elementor-gallery-item elementor-animated-content\" href=\"https:\/\/faber-solartechnik.de\/wp-content\/uploads\/2023\/11\/Faber-Solar-Novo-Tech-9-scaled.jpg\" data-elementor-open-lightbox=\"yes\" data-elementor-lightbox-slideshow=\"4df57f5\" data-e-action-hash=\"#elementor-action%3Aaction%3Dlightbox%26settings%3DeyJpZCI6NzM4MywidXJsIjoiaHR0cHM6XC9cL2ZhYmVyLXNvbGFydGVjaG5pay5kZVwvd3AtY29udGVudFwvdXBsb2Fkc1wvMjAyM1wvMTFcL0ZhYmVyLVNvbGFyLU5vdm8tVGVjaC05LXNjYWxlZC5qcGciLCJzbGlkZXNob3ciOiI0ZGY1N2Y1In0%3D\">\n\t\t\t\t\t<div class=\"e-gallery-image elementor-gallery-item__image\" data-thumbnail=\"https:\/\/faber-solartechnik.de\/wp-content\/uploads\/2023\/11\/Faber-Solar-Novo-Tech-9-768x576.jpg\" data-width=\"768\" data-height=\"576\" aria-label=\"\" role=\"img\" ><\/div>\n\t\t\t\t\t\t\t\t\t\t\t<div class=\"elementor-gallery-item__overlay\"><\/div>\n\t\t\t\t\t\t\t\t\t\t\t\t\t\t<\/a>\n\t\t\t\t\t\t\t<a class=\"e-gallery-item elementor-gallery-item elementor-animated-content\" href=\"https:\/\/faber-solartechnik.de\/wp-content\/uploads\/2023\/11\/Faber-Solar-Novo-Tech-7-scaled.jpg\" data-elementor-open-lightbox=\"yes\" data-elementor-lightbox-slideshow=\"4df57f5\" data-e-action-hash=\"#elementor-action%3Aaction%3Dlightbox%26settings%3DeyJpZCI6NzM4NSwidXJsIjoiaHR0cHM6XC9cL2ZhYmVyLXNvbGFydGVjaG5pay5kZVwvd3AtY29udGVudFwvdXBsb2Fkc1wvMjAyM1wvMTFcL0ZhYmVyLVNvbGFyLU5vdm8tVGVjaC03LXNjYWxlZC5qcGciLCJzbGlkZXNob3ciOiI0ZGY1N2Y1In0%3D\">\n\t\t\t\t\t<div class=\"e-gallery-image elementor-gallery-item__image\" data-thumbnail=\"https:\/\/faber-solartechnik.de\/wp-content\/uploads\/2023\/11\/Faber-Solar-Novo-Tech-7-768x576.jpg\" data-width=\"768\" data-height=\"576\" aria-label=\"\" role=\"img\" ><\/div>\n\t\t\t\t\t\t\t\t\t\t\t<div class=\"elementor-gallery-item__overlay\"><\/div>\n\t\t\t\t\t\t\t\t\t\t\t\t\t\t<\/a>\n\t\t\t\t\t\t\t<a class=\"e-gallery-item elementor-gallery-item elementor-animated-content\" href=\"https:\/\/faber-solartechnik.de\/wp-content\/uploads\/2023\/11\/Faber-Solar-Novo-Tech-6-scaled.jpg\" data-elementor-open-lightbox=\"yes\" data-elementor-lightbox-slideshow=\"4df57f5\" data-e-action-hash=\"#elementor-action%3Aaction%3Dlightbox%26settings%3DeyJpZCI6NzM5MiwidXJsIjoiaHR0cHM6XC9cL2ZhYmVyLXNvbGFydGVjaG5pay5kZVwvd3AtY29udGVudFwvdXBsb2Fkc1wvMjAyM1wvMTFcL0ZhYmVyLVNvbGFyLU5vdm8tVGVjaC02LXNjYWxlZC5qcGciLCJzbGlkZXNob3ciOiI0ZGY1N2Y1In0%3D\">\n\t\t\t\t\t<div class=\"e-gallery-image elementor-gallery-item__image\" data-thumbnail=\"https:\/\/faber-solartechnik.de\/wp-content\/uploads\/2023\/11\/Faber-Solar-Novo-Tech-6-768x576.jpg\" data-width=\"768\" data-height=\"576\" aria-label=\"\" role=\"img\" ><\/div>\n\t\t\t\t\t\t\t\t\t\t\t<div class=\"elementor-gallery-item__overlay\"><\/div>\n\t\t\t\t\t\t\t\t\t\t\t\t\t\t<\/a>\n\t\t\t\t\t\t\t<a class=\"e-gallery-item elementor-gallery-item elementor-animated-content\" href=\"https:\/\/faber-solartechnik.de\/wp-content\/uploads\/2023\/11\/Faber-Solar-Novo-Tech-5-scaled.jpg\" data-elementor-open-lightbox=\"yes\" data-elementor-lightbox-slideshow=\"4df57f5\" data-e-action-hash=\"#elementor-action%3Aaction%3Dlightbox%26settings%3DeyJpZCI6NzM5MywidXJsIjoiaHR0cHM6XC9cL2ZhYmVyLXNvbGFydGVjaG5pay5kZVwvd3AtY29udGVudFwvdXBsb2Fkc1wvMjAyM1wvMTFcL0ZhYmVyLVNvbGFyLU5vdm8tVGVjaC01LXNjYWxlZC5qcGciLCJzbGlkZXNob3ciOiI0ZGY1N2Y1In0%3D\">\n\t\t\t\t\t<div class=\"e-gallery-image elementor-gallery-item__image\" data-thumbnail=\"https:\/\/faber-solartechnik.de\/wp-content\/uploads\/2023\/11\/Faber-Solar-Novo-Tech-5-768x576.jpg\" data-width=\"768\" data-height=\"576\" aria-label=\"\" role=\"img\" ><\/div>\n\t\t\t\t\t\t\t\t\t\t\t<div class=\"elementor-gallery-item__overlay\"><\/div>\n\t\t\t\t\t\t\t\t\t\t\t\t\t\t<\/a>\n\t\t\t\t\t\t\t<a class=\"e-gallery-item elementor-gallery-item elementor-animated-content\" href=\"https:\/\/faber-solartechnik.de\/wp-content\/uploads\/2023\/11\/Faber-Solar-Novo-Tech-3-scaled.jpg\" data-elementor-open-lightbox=\"yes\" data-elementor-lightbox-slideshow=\"4df57f5\" data-e-action-hash=\"#elementor-action%3Aaction%3Dlightbox%26settings%3DeyJpZCI6NzM5OCwidXJsIjoiaHR0cHM6XC9cL2ZhYmVyLXNvbGFydGVjaG5pay5kZVwvd3AtY29udGVudFwvdXBsb2Fkc1wvMjAyM1wvMTFcL0ZhYmVyLVNvbGFyLU5vdm8tVGVjaC0zLXNjYWxlZC5qcGciLCJzbGlkZXNob3ciOiI0ZGY1N2Y1In0%3D\">\n\t\t\t\t\t<div class=\"e-gallery-image elementor-gallery-item__image\" data-thumbnail=\"https:\/\/faber-solartechnik.de\/wp-content\/uploads\/2023\/11\/Faber-Solar-Novo-Tech-3-768x576.jpg\" data-width=\"768\" data-height=\"576\" aria-label=\"\" role=\"img\" ><\/div>\n\t\t\t\t\t\t\t\t\t\t\t<div class=\"elementor-gallery-item__overlay\"><\/div>\n\t\t\t\t\t\t\t\t\t\t\t\t\t\t<\/a>\n\t\t\t\t\t\t\t<a class=\"e-gallery-item elementor-gallery-item elementor-animated-content\" href=\"https:\/\/faber-solartechnik.de\/wp-content\/uploads\/2023\/11\/Faber-Solar-Novo-Tech-16-scaled.jpg\" data-elementor-open-lightbox=\"yes\" data-elementor-lightbox-slideshow=\"4df57f5\" data-e-action-hash=\"#elementor-action%3Aaction%3Dlightbox%26settings%3DeyJpZCI6NzQwMCwidXJsIjoiaHR0cHM6XC9cL2ZhYmVyLXNvbGFydGVjaG5pay5kZVwvd3AtY29udGVudFwvdXBsb2Fkc1wvMjAyM1wvMTFcL0ZhYmVyLVNvbGFyLU5vdm8tVGVjaC0xNi1zY2FsZWQuanBnIiwic2xpZGVzaG93IjoiNGRmNTdmNSJ9\">\n\t\t\t\t\t<div class=\"e-gallery-image elementor-gallery-item__image\" data-thumbnail=\"https:\/\/faber-solartechnik.de\/wp-content\/uploads\/2023\/11\/Faber-Solar-Novo-Tech-16-768x576.jpg\" data-width=\"768\" data-height=\"576\" aria-label=\"\" role=\"img\" ><\/div>\n\t\t\t\t\t\t\t\t\t\t\t<div class=\"elementor-gallery-item__overlay\"><\/div>\n\t\t\t\t\t\t\t\t\t\t\t\t\t\t<\/a>\n\t\t\t\t\t\t\t<a class=\"e-gallery-item elementor-gallery-item elementor-animated-content\" href=\"https:\/\/faber-solartechnik.de\/wp-content\/uploads\/2023\/11\/Faber-Solar-Novo-Tech-13-scaled.jpg\" data-elementor-open-lightbox=\"yes\" data-elementor-lightbox-slideshow=\"4df57f5\" data-e-action-hash=\"#elementor-action%3Aaction%3Dlightbox%26settings%3DeyJpZCI6NzQwMywidXJsIjoiaHR0cHM6XC9cL2ZhYmVyLXNvbGFydGVjaG5pay5kZVwvd3AtY29udGVudFwvdXBsb2Fkc1wvMjAyM1wvMTFcL0ZhYmVyLVNvbGFyLU5vdm8tVGVjaC0xMy1zY2FsZWQuanBnIiwic2xpZGVzaG93IjoiNGRmNTdmNSJ9\">\n\t\t\t\t\t<div class=\"e-gallery-image elementor-gallery-item__image\" data-thumbnail=\"https:\/\/faber-solartechnik.de\/wp-content\/uploads\/2023\/11\/Faber-Solar-Novo-Tech-13-768x576.jpg\" data-width=\"768\" data-height=\"576\" aria-label=\"\" role=\"img\" ><\/div>\n\t\t\t\t\t\t\t\t\t\t\t<div class=\"elementor-gallery-item__overlay\"><\/div>\n\t\t\t\t\t\t\t\t\t\t\t\t\t\t<\/a>\n\t\t\t\t\t\t\t<a class=\"e-gallery-item elementor-gallery-item elementor-animated-content\" href=\"https:\/\/faber-solartechnik.de\/wp-content\/uploads\/2023\/11\/Faber-Solar-Novo-Tech-2-scaled.jpg\" data-elementor-open-lightbox=\"yes\" data-elementor-lightbox-slideshow=\"4df57f5\" data-e-action-hash=\"#elementor-action%3Aaction%3Dlightbox%26settings%3DeyJpZCI6NzM5OSwidXJsIjoiaHR0cHM6XC9cL2ZhYmVyLXNvbGFydGVjaG5pay5kZVwvd3AtY29udGVudFwvdXBsb2Fkc1wvMjAyM1wvMTFcL0ZhYmVyLVNvbGFyLU5vdm8tVGVjaC0yLXNjYWxlZC5qcGciLCJzbGlkZXNob3ciOiI0ZGY1N2Y1In0%3D\">\n\t\t\t\t\t<div class=\"e-gallery-image elementor-gallery-item__image\" data-thumbnail=\"https:\/\/faber-solartechnik.de\/wp-content\/uploads\/2023\/11\/Faber-Solar-Novo-Tech-2-768x576.jpg\" data-width=\"768\" data-height=\"576\" aria-label=\"\" role=\"img\" ><\/div>\n\t\t\t\t\t\t\t\t\t\t\t<div class=\"elementor-gallery-item__overlay\"><\/div>\n\t\t\t\t\t\t\t\t\t\t\t\t\t\t<\/a>\n\t\t\t\t\t<\/div>\n\t\t\t\t\t<\/div>\n\t\t\t\t<\/div>\n\t\t\t\t<div class=\"elementor-element elementor-element-ef4187e elementor-widget elementor-widget-text-editor\" data-id=\"ef4187e\" data-element_type=\"widget\" data-e-type=\"widget\" data-widget_type=\"text-editor.default\">\n\t\t\t\t<div class=\"elementor-widget-container\">\n\t\t\t\t\t\t\t\t\t<p>Faber Solartechnik hat eine beeindruckende Photovoltaikanlage mit einer Leistung von 950 kWp auf dem Dach der Firma Novo-Tech in Sachsen-Anhalt installiert. Mit einem j\u00e4hrlichen Ertrag von 901.752 kWh tr\u00e4gt die Anlage ma\u00dfgeblich zur nachhaltigen Energieversorgung bei. Durch die Aufst\u00e4nderung und die Nutzung des \u00dcberschusses wird nicht nur Energie gespart, sondern auch aktiv zur Reduzierung der CO\u2082-Emissionen beigetragen.<\/p><p>Novo-Tech steht f\u00fcr umweltfreundliche, recycelbare Naturwerkstoffe und setzt auf innovative, ressourcenschonende L\u00f6sungen. Durch die Partnerschaft zwischen Faber Solartechnik und Novo-Tech wird nicht nur die Energieversorgung, sondern auch der nachhaltige Einsatz von Materialien in der Produktion gef\u00f6rdert.<\/p><p>Gemeinsam gestalten wir die Zukunft \u2013 sauber, nachhaltig und effizient! \ud83c\udf31\ud83d\udca1<\/p>\t\t\t\t\t\t\t\t<\/div>\n\t\t\t\t<\/div>\n\t\t\t\t\t<\/div>\n\t\t\t\t<\/div>\n\t\t\t\t<\/div>\n\t\t\t\t\t\t<\/div>\n\t\t\t\t<\/div>\n\t\t\t\t<div class=\"elementor-element elementor-element-b294ae0 e-transform e-transform elementor-align-right elementor-absolute elementor-invisible elementor-widget elementor-widget-button\" data-id=\"b294ae0\" data-element_type=\"widget\" data-e-type=\"widget\" data-settings=\"{&quot;_transform_translateX_effect_hover&quot;:{&quot;unit&quot;:&quot;px&quot;,&quot;size&quot;:-10,&quot;sizes&quot;:[]},&quot;_animation&quot;:&quot;fadeInUp&quot;,&quot;_animation_delay&quot;:1000,&quot;_position&quot;:&quot;absolute&quot;,&quot;_transform_translateX_effect&quot;:{&quot;unit&quot;:&quot;px&quot;,&quot;size&quot;:&quot;&quot;,&quot;sizes&quot;:[]},&quot;_transform_translateX_effect_laptop&quot;:{&quot;unit&quot;:&quot;px&quot;,&quot;size&quot;:&quot;&quot;,&quot;sizes&quot;:[]},&quot;_transform_translateX_effect_tablet_extra&quot;:{&quot;unit&quot;:&quot;px&quot;,&quot;size&quot;:&quot;&quot;,&quot;sizes&quot;:[]},&quot;_transform_translateX_effect_tablet&quot;:{&quot;unit&quot;:&quot;px&quot;,&quot;size&quot;:&quot;&quot;,&quot;sizes&quot;:[]},&quot;_transform_translateX_effect_mobile&quot;:{&quot;unit&quot;:&quot;px&quot;,&quot;size&quot;:&quot;&quot;,&quot;sizes&quot;:[]},&quot;_transform_translateY_effect&quot;:{&quot;unit&quot;:&quot;px&quot;,&quot;size&quot;:&quot;&quot;,&quot;sizes&quot;:[]},&quot;_transform_translateY_effect_laptop&quot;:{&quot;unit&quot;:&quot;px&quot;,&quot;size&quot;:&quot;&quot;,&quot;sizes&quot;:[]},&quot;_transform_translateY_effect_tablet_extra&quot;:{&quot;unit&quot;:&quot;px&quot;,&quot;size&quot;:&quot;&quot;,&quot;sizes&quot;:[]},&quot;_transform_translateY_effect_tablet&quot;:{&quot;unit&quot;:&quot;px&quot;,&quot;size&quot;:&quot;&quot;,&quot;sizes&quot;:[]},&quot;_transform_translateY_effect_mobile&quot;:{&quot;unit&quot;:&quot;px&quot;,&quot;size&quot;:&quot;&quot;,&quot;sizes&quot;:[]},&quot;_transform_translateX_effect_hover_laptop&quot;:{&quot;unit&quot;:&quot;px&quot;,&quot;size&quot;:&quot;&quot;,&quot;sizes&quot;:[]},&quot;_transform_translateX_effect_hover_tablet_extra&quot;:{&quot;unit&quot;:&quot;px&quot;,&quot;size&quot;:&quot;&quot;,&quot;sizes&quot;:[]},&quot;_transform_translateX_effect_hover_tablet&quot;:{&quot;unit&quot;:&quot;px&quot;,&quot;size&quot;:&quot;&quot;,&quot;sizes&quot;:[]},&quot;_transform_translateX_effect_hover_mobile&quot;:{&quot;unit&quot;:&quot;px&quot;,&quot;size&quot;:&quot;&quot;,&quot;sizes&quot;:[]},&quot;_transform_translateY_effect_hover&quot;:{&quot;unit&quot;:&quot;px&quot;,&quot;size&quot;:&quot;&quot;,&quot;sizes&quot;:[]},&quot;_transform_translateY_effect_hover_laptop&quot;:{&quot;unit&quot;:&quot;px&quot;,&quot;size&quot;:&quot;&quot;,&quot;sizes&quot;:[]},&quot;_transform_translateY_effect_hover_tablet_extra&quot;:{&quot;unit&quot;:&quot;px&quot;,&quot;size&quot;:&quot;&quot;,&quot;sizes&quot;:[]},&quot;_transform_translateY_effect_hover_tablet&quot;:{&quot;unit&quot;:&quot;px&quot;,&quot;size&quot;:&quot;&quot;,&quot;sizes&quot;:[]},&quot;_transform_translateY_effect_hover_mobile&quot;:{&quot;unit&quot;:&quot;px&quot;,&quot;size&quot;:&quot;&quot;,&quot;sizes&quot;:[]}}\" data-widget_type=\"button.default\">\n\t\t\t\t<div class=\"elementor-widget-container\">\n\t\t\t\t\t\t\t\t\t<div class=\"elementor-button-wrapper\">\n\t\t\t\t\t<a class=\"elementor-button elementor-button-link elementor-size-xs\" href=\"https:\/\/faber-solartechnik.de\/en\/projekte\/aschersleben\/\" target=\"_blank\">\n\t\t\t\t\t\t<span class=\"elementor-button-content-wrapper\">\n\t\t\t\t\t\t<span class=\"elementor-button-icon\">\n\t\t\t\t<i aria-hidden=\"true\" class=\"far fa-window-restore\"><\/i>\t\t\t<\/span>\n\t\t\t\t\t\t\t\t\t<span class=\"elementor-button-text\">Projekt in neuem Tab \u00f6ffnen<\/span>\n\t\t\t\t\t<\/span>\n\t\t\t\t\t<\/a>\n\t\t\t\t<\/div>\n\t\t\t\t\t\t\t\t<\/div>\n\t\t\t\t<\/div>\n\t\t\t\t\t<\/div>\n\t\t<\/div>\n\t\t\t\t\t<\/div>\n\t\t<\/section>\n\t\t\t\t<\/div>\n\t\t\t\t\t\t\t<\/div>\n\t\t\t\t\t\t\t\t<\/div>\n\t\t<\/div>\n\t\t\t\t\t\t<\/div>\n\t\t\t\t<\/div>\n\t\t\t\t<div class=\"elementor-element elementor-element-15922a7 elementor-widget elementor-widget-button\" data-id=\"15922a7\" data-element_type=\"widget\" data-e-type=\"widget\" data-widget_type=\"button.default\">\n\t\t\t\t<div class=\"elementor-widget-container\">\n\t\t\t\t\t\t\t\t\t<div class=\"elementor-button-wrapper\">\n\t\t\t\t\t<a class=\"elementor-button elementor-button-link elementor-size-xs\" href=\"https:\/\/faber-solartechnik.de\/en\/projekte\/aschersleben\/\" target=\"_blank\">\n\t\t\t\t\t\t<span class=\"elementor-button-content-wrapper\">\n\t\t\t\t\t\t<span class=\"elementor-button-icon\">\n\t\t\t\t<i aria-hidden=\"true\" class=\"fas fa-arrow-right\"><\/i>\t\t\t<\/span>\n\t\t\t\t\t\t\t\t\t<span class=\"elementor-button-text\">\u00d6ffnen<\/span>\n\t\t\t\t\t<\/span>\n\t\t\t\t\t<\/a>\n\t\t\t\t<\/div>\n\t\t\t\t\t\t\t\t<\/div>\n\t\t\t\t<\/div>\n\t\t\t\t\t<\/div>\n\t\t<\/div>\n\t\t\t\t\t<\/div>\n\t\t<\/section>\n\t\t\t\t<\/div>\n\t\t<style id=\"loop-dynamic-3527\">.e-loop-item-7460 .elementor-element.elementor-element-a252bde > .elementor-background-overlay{background-image:url(\"https:\/\/faber-solartechnik.de\/wp-content\/uploads\/2023\/11\/Faber-Solar-Keunecke-Feinkost-6-scaled.jpg\");}<\/style>\t\t<div data-elementor-type=\"loop-item\" data-elementor-id=\"3527\" class=\"elementor elementor-3527 swiper-slide e-loop-item e-loop-item-7460 post-7460 post type-post status-publish format-standard has-post-thumbnail hentry category-projekte\" data-elementor-post-type=\"elementor_library\" role=\"group\" aria-roledescription=\"slide\" data-custom-edit-handle=\"1\">\n\t\t\t\t\t<section class=\"elementor-section elementor-top-section elementor-element elementor-element-a252bde elementor-section-height-min-height elementor-section-items-stretch loopnews runde-ecken elementor-section-boxed elementor-section-height-default\" data-id=\"a252bde\" data-element_type=\"section\" data-e-type=\"section\">\n\t\t\t\t\t\t\t<div class=\"elementor-background-overlay\"><\/div>\n\t\t\t\t\t\t\t<div class=\"elementor-container elementor-column-gap-no\">\n\t\t\t\t\t<div class=\"elementor-column elementor-col-100 elementor-top-column elementor-element elementor-element-6fcfada runde-ecken\" data-id=\"6fcfada\" data-element_type=\"column\" data-e-type=\"column\" data-settings=\"{&quot;background_background&quot;:&quot;classic&quot;}\">\n\t\t\t<div class=\"elementor-widget-wrap elementor-element-populated\">\n\t\t\t\t\t<div class=\"elementor-background-overlay\"><\/div>\n\t\t\t\t\t\t<section class=\"elementor-section elementor-inner-section elementor-element elementor-element-6604a6b elementor-section-boxed elementor-section-height-default elementor-section-height-default\" data-id=\"6604a6b\" data-element_type=\"section\" data-e-type=\"section\">\n\t\t\t\t\t\t<div class=\"elementor-container elementor-column-gap-no\">\n\t\t\t\t\t<div class=\"elementor-column elementor-col-100 elementor-inner-column elementor-element elementor-element-f098b0d\" data-id=\"f098b0d\" data-element_type=\"column\" data-e-type=\"column\">\n\t\t\t<div class=\"elementor-widget-wrap elementor-element-populated\">\n\t\t\t\t\t\t<div class=\"elementor-element elementor-element-1f94609 elementor-widget elementor-widget-post-info\" data-id=\"1f94609\" data-element_type=\"widget\" data-e-type=\"widget\" data-widget_type=\"post-info.default\">\n\t\t\t\t<div class=\"elementor-widget-container\">\n\t\t\t\t\t\t\t<ul class=\"elementor-inline-items elementor-icon-list-items elementor-post-info\">\n\t\t\t\t\t\t\t\t<li class=\"elementor-icon-list-item elementor-repeater-item-fb2fc86 elementor-inline-item\" itemprop=\"about\">\n\t\t\t\t\t\t\t\t\t\t\t\t\t<span class=\"elementor-icon-list-text elementor-post-info__item elementor-post-info__item--type-terms\">\n\t\t\t\t\t\t\t\t\t\t<span class=\"elementor-post-info__terms-list\">\n\t\t\t\t<a href=\"https:\/\/faber-solartechnik.de\/en\/.\/projekte\/\" class=\"elementor-post-info__terms-list-item\">Projekte<\/a>\t\t\t\t<\/span>\n\t\t\t\t\t<\/span>\n\t\t\t\t\t\t\t\t<\/li>\n\t\t\t\t<\/ul>\n\t\t\t\t\t\t<\/div>\n\t\t\t\t<\/div>\n\t\t\t\t<div class=\"elementor-element elementor-element-009b0cb elementor-widget elementor-widget-heading\" data-id=\"009b0cb\" data-element_type=\"widget\" data-e-type=\"widget\" data-widget_type=\"heading.default\">\n\t\t\t\t<div class=\"elementor-widget-container\">\n\t\t\t\t\t<h4 class=\"elementor-heading-title elementor-size-default\"><a href=\"https:\/\/faber-solartechnik.de\/en\/projekte\/ballenstedt\/\" target=\"_blank\">Ballenstedt<\/a><\/h4>\t\t\t\t<\/div>\n\t\t\t\t<\/div>\n\t\t\t\t<div class=\"elementor-element elementor-element-6321c9b elementor-hidden-mobile eae-pop-btn-align-left popupklicktitel elementor-hidden-desktop elementor-hidden-tablet eae-pop-btn-type-text elementor-widget elementor-widget-wts-modal-popup\" data-id=\"6321c9b\" data-element_type=\"widget\" data-e-type=\"widget\" data-widget_type=\"wts-modal-popup.default\">\n\t\t\t\t<div class=\"elementor-widget-container\">\n\t\t\t\t\t\t\t<div class=\"eae-popup-wrapper eae-popup-eae-pupup-item-921450091\" data-id=\"eae-pupup-item-921450091\" data-preview-modal=\"\" data-close-button-type=\"icon\" data-close-btn=\"fas fa-times\" data-close-in-out=\"true\" data-effect=\"zoom-in\">\n\t\t\t<a class=\"eae-popup-link icon-position-after\"\n\t\t\tdata-id=\"eae-pupup-item-921450091\" data-ctrl-id=\"6321c9b\" href=\"#eae-pupup-item-921450091\">\n\t\t\t\t\t\t\t\t\t\t\t\t\t\t\t<span class=\"eae-popup-btn-text\">\n\t\t\t\t\t\t\tBallenstedt\t\t\t\t\t\t<\/span>\n\t\t\t\t\t\t\t\t\t\t<span class=\"eae-popup-btn-icon\">\n\t\t\t\t\t\t\t\t\t\t\t<\/span>\n\t\t\t\t\t\t\t\t\t\t\t\t\t\t<\/a>\n\t\t<\/div>\n\n\t\t<div id=\"eae-pupup-item-921450091\" class=\"eae-popup-eae-pupup-item-921450091 mfp-hide eae-popup-container\">\n\t\t\t<input class=\"eae-hidden-post-id\" type=\"hidden\" name=\"eae_hidden_post_id\" data-id=\"eae-pupup-item-921450091\" value=\"0\" \/>\n\t\t\t<div class=\"eae-popup-content\">\n\t\t\t\t\t\t\t\t\t<div class=\"eae-modal-content\">\n\t\t\t\t\t\t\t\t<div data-elementor-type=\"section\" data-elementor-id=\"4203\" class=\"elementor elementor-4203\" data-elementor-post-type=\"elementor_library\">\n\t\t\t\t\t<section class=\"elementor-section elementor-top-section elementor-element elementor-element-76665b6d elementor-section-full_width elementor-section-height-min-height elementor-section-items-stretch elementor-section-height-default\" data-id=\"76665b6d\" data-element_type=\"section\" data-e-type=\"section\">\n\t\t\t\t\t\t<div class=\"elementor-container elementor-column-gap-default\">\n\t\t\t\t\t<div class=\"elementor-column elementor-col-50 elementor-top-column elementor-element elementor-element-27f77bf4\" data-id=\"27f77bf4\" data-element_type=\"column\" data-e-type=\"column\">\n\t\t\t<div class=\"elementor-widget-wrap elementor-element-populated\">\n\t\t\t\t\t\t<div class=\"elementor-element elementor-element-2c72871 shadow runde-ecken elementor-widget elementor-widget-image\" data-id=\"2c72871\" data-element_type=\"widget\" data-e-type=\"widget\" data-widget_type=\"image.default\">\n\t\t\t\t<div class=\"elementor-widget-container\">\n\t\t\t\t\t\t\t\t\t\t\t\t\t\t\t\t<a href=\"https:\/\/faber-solartechnik.de\/wp-content\/uploads\/2023\/11\/Faber-Solar-Keunecke-Feinkost-6-scaled.jpg\" data-elementor-open-lightbox=\"yes\" data-e-action-hash=\"#elementor-action%3Aaction%3Dlightbox%26settings%3DeyJpZCI6NzM3MiwidXJsIjoiaHR0cHM6XC9cL2ZhYmVyLXNvbGFydGVjaG5pay5kZVwvd3AtY29udGVudFwvdXBsb2Fkc1wvMjAyM1wvMTFcL0ZhYmVyLVNvbGFyLUtldW5lY2tlLUZlaW5rb3N0LTYtc2NhbGVkLmpwZyJ9\">\n\t\t\t\t\t\t\t<img loading=\"lazy\" decoding=\"async\" width=\"768\" height=\"576\" src=\"https:\/\/faber-solartechnik.de\/wp-content\/uploads\/2023\/11\/Faber-Solar-Keunecke-Feinkost-6-768x576.jpg\" class=\"attachment-medium_large size-medium_large wp-image-7372\" alt=\"\" srcset=\"https:\/\/faber-solartechnik.de\/wp-content\/uploads\/2023\/11\/Faber-Solar-Keunecke-Feinkost-6-768x576.jpg 768w, https:\/\/faber-solartechnik.de\/wp-content\/uploads\/2023\/11\/Faber-Solar-Keunecke-Feinkost-6-300x225.jpg 300w, https:\/\/faber-solartechnik.de\/wp-content\/uploads\/2023\/11\/Faber-Solar-Keunecke-Feinkost-6-1024x768.jpg 1024w, https:\/\/faber-solartechnik.de\/wp-content\/uploads\/2023\/11\/Faber-Solar-Keunecke-Feinkost-6-1536x1152.jpg 1536w, https:\/\/faber-solartechnik.de\/wp-content\/uploads\/2023\/11\/Faber-Solar-Keunecke-Feinkost-6-2048x1536.jpg 2048w, https:\/\/faber-solartechnik.de\/wp-content\/uploads\/2023\/11\/Faber-Solar-Keunecke-Feinkost-6-16x12.jpg 16w\" sizes=\"(max-width: 768px) 100vw, 768px\" \/>\t\t\t\t\t\t\t\t<\/a>\n\t\t\t\t\t\t\t\t\t\t\t\t\t\t\t<\/div>\n\t\t\t\t<\/div>\n\t\t\t\t\t<\/div>\n\t\t<\/div>\n\t\t\t\t<div class=\"elementor-column elementor-col-50 elementor-top-column elementor-element elementor-element-329a626d\" data-id=\"329a626d\" data-element_type=\"column\" data-e-type=\"column\">\n\t\t\t<div class=\"elementor-widget-wrap elementor-element-populated\">\n\t\t\t\t\t\t<div class=\"elementor-element elementor-element-bf7ede2 elementor-widget elementor-widget-heading\" data-id=\"bf7ede2\" data-element_type=\"widget\" data-e-type=\"widget\" data-widget_type=\"heading.default\">\n\t\t\t\t<div class=\"elementor-widget-container\">\n\t\t\t\t\t<h3 class=\"elementor-heading-title elementor-size-default\">Ballenstedt<\/h3>\t\t\t\t<\/div>\n\t\t\t\t<\/div>\n\t\t\t\t<div class=\"elementor-element elementor-element-678b441 elementor-widget-divider--view-line elementor-widget elementor-widget-divider\" data-id=\"678b441\" data-element_type=\"widget\" data-e-type=\"widget\" data-widget_type=\"divider.default\">\n\t\t\t\t<div class=\"elementor-widget-container\">\n\t\t\t\t\t\t\t<div class=\"elementor-divider\">\n\t\t\t<span class=\"elementor-divider-separator\">\n\t\t\t\t\t\t<\/span>\n\t\t<\/div>\n\t\t\t\t\t\t<\/div>\n\t\t\t\t<\/div>\n\t\t\t\t<div class=\"elementor-element elementor-element-18e98f7 elementor-widget elementor-widget-theme-post-content\" data-id=\"18e98f7\" data-element_type=\"widget\" data-e-type=\"widget\" data-widget_type=\"theme-post-content.default\">\n\t\t\t\t<div class=\"elementor-widget-container\">\n\t\t\t\t\t\t\t<div data-elementor-type=\"wp-post\" data-elementor-id=\"7460\" class=\"elementor elementor-7460\" data-elementor-post-type=\"post\">\n\t\t\t\t\t\t<section class=\"elementor-section elementor-top-section elementor-element elementor-element-5eee4021 elementor-section-boxed elementor-section-height-default elementor-section-height-default\" data-id=\"5eee4021\" data-element_type=\"section\" data-e-type=\"section\">\n\t\t\t\t\t\t<div class=\"elementor-container elementor-column-gap-default\">\n\t\t\t\t\t<div class=\"elementor-column elementor-col-100 elementor-top-column elementor-element elementor-element-74370465\" data-id=\"74370465\" data-element_type=\"column\" data-e-type=\"column\">\n\t\t\t<div class=\"elementor-widget-wrap elementor-element-populated\">\n\t\t\t\t\t\t<div class=\"elementor-element elementor-element-2c38231 elementor-icon-list--layout-inline popup-pv-fakts elementor-align-center elementor-list-item-link-full_width elementor-widget elementor-widget-icon-list\" data-id=\"2c38231\" data-element_type=\"widget\" data-e-type=\"widget\" data-widget_type=\"icon-list.default\">\n\t\t\t\t<div class=\"elementor-widget-container\">\n\t\t\t\t\t\t\t<ul class=\"elementor-icon-list-items elementor-inline-items\">\n\t\t\t\t\t\t\t<li class=\"elementor-icon-list-item elementor-inline-item\">\n\t\t\t\t\t\t\t\t\t\t\t<span class=\"elementor-icon-list-icon\">\n\t\t\t\t\t\t\t<i aria-hidden=\"true\" class=\"fas fa-sun\"><\/i>\t\t\t\t\t\t<\/span>\n\t\t\t\t\t\t\t\t\t\t<span class=\"elementor-icon-list-text\">750 kWp<\/span>\n\t\t\t\t\t\t\t\t\t<\/li>\n\t\t\t\t\t\t\t\t<li class=\"elementor-icon-list-item elementor-inline-item\">\n\t\t\t\t\t\t\t\t\t\t\t<span class=\"elementor-icon-list-icon\">\n\t\t\t\t\t\t\t<i aria-hidden=\"true\" class=\"fas fa-bolt\"><\/i>\t\t\t\t\t\t<\/span>\n\t\t\t\t\t\t\t\t\t\t<span class=\"elementor-icon-list-text\">721.459 kWh\/Jahr<\/span>\n\t\t\t\t\t\t\t\t\t<\/li>\n\t\t\t\t\t\t\t\t<li class=\"elementor-icon-list-item elementor-inline-item\">\n\t\t\t\t\t\t\t\t\t\t\t<span class=\"elementor-icon-list-icon\">\n\t\t\t\t\t\t\t<i aria-hidden=\"true\" class=\"fas fa-plug\"><\/i>\t\t\t\t\t\t<\/span>\n\t\t\t\t\t\t\t\t\t\t<span class=\"elementor-icon-list-text\">\u00dcberschuss<\/span>\n\t\t\t\t\t\t\t\t\t<\/li>\n\t\t\t\t\t\t\t\t<li class=\"elementor-icon-list-item elementor-inline-item\">\n\t\t\t\t\t\t\t\t\t\t\t<span class=\"elementor-icon-list-icon\">\n\t\t\t\t\t\t\t<i aria-hidden=\"true\" class=\"fas fa-tools\"><\/i>\t\t\t\t\t\t<\/span>\n\t\t\t\t\t\t\t\t\t\t<span class=\"elementor-icon-list-text\">Aufgest\u00e4ndert, Freilandanlagen<\/span>\n\t\t\t\t\t\t\t\t\t<\/li>\n\t\t\t\t\t\t\t\t<li class=\"elementor-icon-list-item elementor-inline-item\">\n\t\t\t\t\t\t\t\t\t\t\t<span class=\"elementor-icon-list-icon\">\n\t\t\t\t\t\t\t<i aria-hidden=\"true\" class=\"fas fa-map-marker-alt\"><\/i>\t\t\t\t\t\t<\/span>\n\t\t\t\t\t\t\t\t\t\t<span class=\"elementor-icon-list-text\">Sachsen-Anhalt<\/span>\n\t\t\t\t\t\t\t\t\t<\/li>\n\t\t\t\t\t\t<\/ul>\n\t\t\t\t\t\t<\/div>\n\t\t\t\t<\/div>\n\t\t\t\t<div class=\"elementor-element elementor-element-ff15ba6 elementor-widget elementor-widget-gallery\" data-id=\"ff15ba6\" data-element_type=\"widget\" data-e-type=\"widget\" data-settings=\"{&quot;gallery_layout&quot;:&quot;grid&quot;,&quot;columns&quot;:4,&quot;columns_tablet&quot;:2,&quot;columns_mobile&quot;:1,&quot;gap&quot;:{&quot;unit&quot;:&quot;px&quot;,&quot;size&quot;:10,&quot;sizes&quot;:[]},&quot;gap_laptop&quot;:{&quot;unit&quot;:&quot;px&quot;,&quot;size&quot;:10,&quot;sizes&quot;:[]},&quot;gap_tablet_extra&quot;:{&quot;unit&quot;:&quot;px&quot;,&quot;size&quot;:10,&quot;sizes&quot;:[]},&quot;gap_tablet&quot;:{&quot;unit&quot;:&quot;px&quot;,&quot;size&quot;:10,&quot;sizes&quot;:[]},&quot;gap_mobile&quot;:{&quot;unit&quot;:&quot;px&quot;,&quot;size&quot;:10,&quot;sizes&quot;:[]},&quot;link_to&quot;:&quot;file&quot;,&quot;aspect_ratio&quot;:&quot;3:2&quot;,&quot;overlay_background&quot;:&quot;yes&quot;,&quot;content_hover_animation&quot;:&quot;fade-in&quot;}\" data-widget_type=\"gallery.default\">\n\t\t\t\t<div class=\"elementor-widget-container\">\n\t\t\t\t\t\t\t<div class=\"elementor-gallery__container\">\n\t\t\t\t\t\t\t<a class=\"e-gallery-item elementor-gallery-item elementor-animated-content\" href=\"https:\/\/faber-solartechnik.de\/wp-content\/uploads\/2023\/11\/Faber-Solar-Keunecke-Feinkost-9-scaled.jpg\" data-elementor-open-lightbox=\"yes\" data-elementor-lightbox-slideshow=\"ff15ba6\" data-e-action-hash=\"#elementor-action%3Aaction%3Dlightbox%26settings%3DeyJpZCI6NzM2OSwidXJsIjoiaHR0cHM6XC9cL2ZhYmVyLXNvbGFydGVjaG5pay5kZVwvd3AtY29udGVudFwvdXBsb2Fkc1wvMjAyM1wvMTFcL0ZhYmVyLVNvbGFyLUtldW5lY2tlLUZlaW5rb3N0LTktc2NhbGVkLmpwZyIsInNsaWRlc2hvdyI6ImZmMTViYTYifQ%3D%3D\">\n\t\t\t\t\t<div class=\"e-gallery-image elementor-gallery-item__image\" data-thumbnail=\"https:\/\/faber-solartechnik.de\/wp-content\/uploads\/2023\/11\/Faber-Solar-Keunecke-Feinkost-9-300x225.jpg\" data-width=\"300\" data-height=\"225\" aria-label=\"\" role=\"img\" ><\/div>\n\t\t\t\t\t\t\t\t\t\t\t<div class=\"elementor-gallery-item__overlay\"><\/div>\n\t\t\t\t\t\t\t\t\t\t\t\t\t\t<\/a>\n\t\t\t\t\t\t\t<a class=\"e-gallery-item elementor-gallery-item elementor-animated-content\" href=\"https:\/\/faber-solartechnik.de\/wp-content\/uploads\/2023\/11\/Faber-Solar-Keunecke-Feinkost-7-scaled.jpg\" data-elementor-open-lightbox=\"yes\" data-elementor-lightbox-slideshow=\"ff15ba6\" data-e-action-hash=\"#elementor-action%3Aaction%3Dlightbox%26settings%3DeyJpZCI6NzM3MSwidXJsIjoiaHR0cHM6XC9cL2ZhYmVyLXNvbGFydGVjaG5pay5kZVwvd3AtY29udGVudFwvdXBsb2Fkc1wvMjAyM1wvMTFcL0ZhYmVyLVNvbGFyLUtldW5lY2tlLUZlaW5rb3N0LTctc2NhbGVkLmpwZyIsInNsaWRlc2hvdyI6ImZmMTViYTYifQ%3D%3D\">\n\t\t\t\t\t<div class=\"e-gallery-image elementor-gallery-item__image\" data-thumbnail=\"https:\/\/faber-solartechnik.de\/wp-content\/uploads\/2023\/11\/Faber-Solar-Keunecke-Feinkost-7-300x225.jpg\" data-width=\"300\" data-height=\"225\" aria-label=\"\" role=\"img\" ><\/div>\n\t\t\t\t\t\t\t\t\t\t\t<div class=\"elementor-gallery-item__overlay\"><\/div>\n\t\t\t\t\t\t\t\t\t\t\t\t\t\t<\/a>\n\t\t\t\t\t\t\t<a class=\"e-gallery-item elementor-gallery-item elementor-animated-content\" href=\"https:\/\/faber-solartechnik.de\/wp-content\/uploads\/2023\/11\/Faber-Solar-Keunecke-Feinkost-4-scaled.jpg\" data-elementor-open-lightbox=\"yes\" data-elementor-lightbox-slideshow=\"ff15ba6\" data-e-action-hash=\"#elementor-action%3Aaction%3Dlightbox%26settings%3DeyJpZCI6NzM3NCwidXJsIjoiaHR0cHM6XC9cL2ZhYmVyLXNvbGFydGVjaG5pay5kZVwvd3AtY29udGVudFwvdXBsb2Fkc1wvMjAyM1wvMTFcL0ZhYmVyLVNvbGFyLUtldW5lY2tlLUZlaW5rb3N0LTQtc2NhbGVkLmpwZyIsInNsaWRlc2hvdyI6ImZmMTViYTYifQ%3D%3D\">\n\t\t\t\t\t<div class=\"e-gallery-image elementor-gallery-item__image\" data-thumbnail=\"https:\/\/faber-solartechnik.de\/wp-content\/uploads\/2023\/11\/Faber-Solar-Keunecke-Feinkost-4-300x225.jpg\" data-width=\"300\" data-height=\"225\" aria-label=\"\" role=\"img\" ><\/div>\n\t\t\t\t\t\t\t\t\t\t\t<div class=\"elementor-gallery-item__overlay\"><\/div>\n\t\t\t\t\t\t\t\t\t\t\t\t\t\t<\/a>\n\t\t\t\t\t\t\t<a class=\"e-gallery-item elementor-gallery-item elementor-animated-content\" href=\"https:\/\/faber-solartechnik.de\/wp-content\/uploads\/2023\/11\/Faber-Solar-Keunecke-Feinkost-5-scaled.jpg\" data-elementor-open-lightbox=\"yes\" data-elementor-lightbox-slideshow=\"ff15ba6\" data-e-action-hash=\"#elementor-action%3Aaction%3Dlightbox%26settings%3DeyJpZCI6NzM3MywidXJsIjoiaHR0cHM6XC9cL2ZhYmVyLXNvbGFydGVjaG5pay5kZVwvd3AtY29udGVudFwvdXBsb2Fkc1wvMjAyM1wvMTFcL0ZhYmVyLVNvbGFyLUtldW5lY2tlLUZlaW5rb3N0LTUtc2NhbGVkLmpwZyIsInNsaWRlc2hvdyI6ImZmMTViYTYifQ%3D%3D\">\n\t\t\t\t\t<div class=\"e-gallery-image elementor-gallery-item__image\" data-thumbnail=\"https:\/\/faber-solartechnik.de\/wp-content\/uploads\/2023\/11\/Faber-Solar-Keunecke-Feinkost-5-300x225.jpg\" data-width=\"300\" data-height=\"225\" aria-label=\"\" role=\"img\" ><\/div>\n\t\t\t\t\t\t\t\t\t\t\t<div class=\"elementor-gallery-item__overlay\"><\/div>\n\t\t\t\t\t\t\t\t\t\t\t\t\t\t<\/a>\n\t\t\t\t\t\t\t<a class=\"e-gallery-item elementor-gallery-item elementor-animated-content\" href=\"https:\/\/faber-solartechnik.de\/wp-content\/uploads\/2023\/11\/Faber-Solar-Keunecke-Feinkost-2-scaled.jpg\" data-elementor-open-lightbox=\"yes\" data-elementor-lightbox-slideshow=\"ff15ba6\" data-e-action-hash=\"#elementor-action%3Aaction%3Dlightbox%26settings%3DeyJpZCI6NzM3NywidXJsIjoiaHR0cHM6XC9cL2ZhYmVyLXNvbGFydGVjaG5pay5kZVwvd3AtY29udGVudFwvdXBsb2Fkc1wvMjAyM1wvMTFcL0ZhYmVyLVNvbGFyLUtldW5lY2tlLUZlaW5rb3N0LTItc2NhbGVkLmpwZyIsInNsaWRlc2hvdyI6ImZmMTViYTYifQ%3D%3D\">\n\t\t\t\t\t<div class=\"e-gallery-image elementor-gallery-item__image\" data-thumbnail=\"https:\/\/faber-solartechnik.de\/wp-content\/uploads\/2023\/11\/Faber-Solar-Keunecke-Feinkost-2-300x225.jpg\" data-width=\"300\" data-height=\"225\" aria-label=\"\" role=\"img\" ><\/div>\n\t\t\t\t\t\t\t\t\t\t\t<div class=\"elementor-gallery-item__overlay\"><\/div>\n\t\t\t\t\t\t\t\t\t\t\t\t\t\t<\/a>\n\t\t\t\t\t\t\t<a class=\"e-gallery-item elementor-gallery-item elementor-animated-content\" href=\"https:\/\/faber-solartechnik.de\/wp-content\/uploads\/2023\/11\/Faber-Solar-Keunecke-Feinkost-10-scaled.jpg\" data-elementor-open-lightbox=\"yes\" data-elementor-lightbox-slideshow=\"ff15ba6\" data-e-action-hash=\"#elementor-action%3Aaction%3Dlightbox%26settings%3DeyJpZCI6NzM3OSwidXJsIjoiaHR0cHM6XC9cL2ZhYmVyLXNvbGFydGVjaG5pay5kZVwvd3AtY29udGVudFwvdXBsb2Fkc1wvMjAyM1wvMTFcL0ZhYmVyLVNvbGFyLUtldW5lY2tlLUZlaW5rb3N0LTEwLXNjYWxlZC5qcGciLCJzbGlkZXNob3ciOiJmZjE1YmE2In0%3D\">\n\t\t\t\t\t<div class=\"e-gallery-image elementor-gallery-item__image\" data-thumbnail=\"https:\/\/faber-solartechnik.de\/wp-content\/uploads\/2023\/11\/Faber-Solar-Keunecke-Feinkost-10-300x225.jpg\" data-width=\"300\" data-height=\"225\" aria-label=\"\" role=\"img\" ><\/div>\n\t\t\t\t\t\t\t\t\t\t\t<div class=\"elementor-gallery-item__overlay\"><\/div>\n\t\t\t\t\t\t\t\t\t\t\t\t\t\t<\/a>\n\t\t\t\t\t\t\t<a class=\"e-gallery-item elementor-gallery-item elementor-animated-content\" href=\"https:\/\/faber-solartechnik.de\/wp-content\/uploads\/2023\/11\/Faber-Solar-Keunecke-Feinkost-1-scaled.jpg\" data-elementor-open-lightbox=\"yes\" data-elementor-lightbox-slideshow=\"ff15ba6\" data-e-action-hash=\"#elementor-action%3Aaction%3Dlightbox%26settings%3DeyJpZCI6NzM4MCwidXJsIjoiaHR0cHM6XC9cL2ZhYmVyLXNvbGFydGVjaG5pay5kZVwvd3AtY29udGVudFwvdXBsb2Fkc1wvMjAyM1wvMTFcL0ZhYmVyLVNvbGFyLUtldW5lY2tlLUZlaW5rb3N0LTEtc2NhbGVkLmpwZyIsInNsaWRlc2hvdyI6ImZmMTViYTYifQ%3D%3D\">\n\t\t\t\t\t<div class=\"e-gallery-image elementor-gallery-item__image\" data-thumbnail=\"https:\/\/faber-solartechnik.de\/wp-content\/uploads\/2023\/11\/Faber-Solar-Keunecke-Feinkost-1-300x225.jpg\" data-width=\"300\" data-height=\"225\" aria-label=\"\" role=\"img\" ><\/div>\n\t\t\t\t\t\t\t\t\t\t\t<div class=\"elementor-gallery-item__overlay\"><\/div>\n\t\t\t\t\t\t\t\t\t\t\t\t\t\t<\/a>\n\t\t\t\t\t\t\t<a class=\"e-gallery-item elementor-gallery-item elementor-animated-content\" href=\"https:\/\/faber-solartechnik.de\/wp-content\/uploads\/2023\/11\/Faber-Solar-Keunecke-Feinkost-3-scaled.jpg\" data-elementor-open-lightbox=\"yes\" data-elementor-lightbox-slideshow=\"ff15ba6\" data-e-action-hash=\"#elementor-action%3Aaction%3Dlightbox%26settings%3DeyJpZCI6NzM3NSwidXJsIjoiaHR0cHM6XC9cL2ZhYmVyLXNvbGFydGVjaG5pay5kZVwvd3AtY29udGVudFwvdXBsb2Fkc1wvMjAyM1wvMTFcL0ZhYmVyLVNvbGFyLUtldW5lY2tlLUZlaW5rb3N0LTMtc2NhbGVkLmpwZyIsInNsaWRlc2hvdyI6ImZmMTViYTYifQ%3D%3D\">\n\t\t\t\t\t<div class=\"e-gallery-image elementor-gallery-item__image\" data-thumbnail=\"https:\/\/faber-solartechnik.de\/wp-content\/uploads\/2023\/11\/Faber-Solar-Keunecke-Feinkost-3-300x225.jpg\" data-width=\"300\" data-height=\"225\" aria-label=\"\" role=\"img\" ><\/div>\n\t\t\t\t\t\t\t\t\t\t\t<div class=\"elementor-gallery-item__overlay\"><\/div>\n\t\t\t\t\t\t\t\t\t\t\t\t\t\t<\/a>\n\t\t\t\t\t<\/div>\n\t\t\t\t\t<\/div>\n\t\t\t\t<\/div>\n\t\t\t\t<div class=\"elementor-element elementor-element-4174225 elementor-widget elementor-widget-text-editor\" data-id=\"4174225\" data-element_type=\"widget\" data-e-type=\"widget\" data-widget_type=\"text-editor.default\">\n\t\t\t\t<div class=\"elementor-widget-container\">\n\t\t\t\t\t\t\t\t\t<p>Faber Solartechnik hat in Ballenstedt, Sachsen-Anhalt, eine Photovoltaikanlage mit einer Nennleistung von 750 kWp realisiert. Die Anlage erzeugt j\u00e4hrlich 721.459 kWh sauberen Strom, der vorrangig f\u00fcr den Eigenverbrauch genutzt wird, w\u00e4hrend \u00fcbersch\u00fcssige Energie ins Netz eingespeist wird. Die Anlage kombiniert sowohl aufgest\u00e4nderte Dachmontage als auch Freilandanlagen, um eine maximale Energieausbeute sicherzustellen. Mit diesem Projekt unterst\u00fctzt Faber Solartechnik den Weg zu einer nachhaltigen, CO\u2082-reduzierten Energiezukunft.<\/p>\t\t\t\t\t\t\t\t<\/div>\n\t\t\t\t<\/div>\n\t\t\t\t\t<\/div>\n\t\t<\/div>\n\t\t\t\t\t<\/div>\n\t\t<\/section>\n\t\t\t\t<\/div>\n\t\t\t\t\t\t<\/div>\n\t\t\t\t<\/div>\n\t\t\t\t<div class=\"elementor-element elementor-element-b294ae0 e-transform e-transform elementor-align-right elementor-absolute elementor-invisible elementor-widget elementor-widget-button\" data-id=\"b294ae0\" data-element_type=\"widget\" data-e-type=\"widget\" data-settings=\"{&quot;_transform_translateX_effect_hover&quot;:{&quot;unit&quot;:&quot;px&quot;,&quot;size&quot;:-10,&quot;sizes&quot;:[]},&quot;_animation&quot;:&quot;fadeInUp&quot;,&quot;_animation_delay&quot;:1000,&quot;_position&quot;:&quot;absolute&quot;,&quot;_transform_translateX_effect&quot;:{&quot;unit&quot;:&quot;px&quot;,&quot;size&quot;:&quot;&quot;,&quot;sizes&quot;:[]},&quot;_transform_translateX_effect_laptop&quot;:{&quot;unit&quot;:&quot;px&quot;,&quot;size&quot;:&quot;&quot;,&quot;sizes&quot;:[]},&quot;_transform_translateX_effect_tablet_extra&quot;:{&quot;unit&quot;:&quot;px&quot;,&quot;size&quot;:&quot;&quot;,&quot;sizes&quot;:[]},&quot;_transform_translateX_effect_tablet&quot;:{&quot;unit&quot;:&quot;px&quot;,&quot;size&quot;:&quot;&quot;,&quot;sizes&quot;:[]},&quot;_transform_translateX_effect_mobile&quot;:{&quot;unit&quot;:&quot;px&quot;,&quot;size&quot;:&quot;&quot;,&quot;sizes&quot;:[]},&quot;_transform_translateY_effect&quot;:{&quot;unit&quot;:&quot;px&quot;,&quot;size&quot;:&quot;&quot;,&quot;sizes&quot;:[]},&quot;_transform_translateY_effect_laptop&quot;:{&quot;unit&quot;:&quot;px&quot;,&quot;size&quot;:&quot;&quot;,&quot;sizes&quot;:[]},&quot;_transform_translateY_effect_tablet_extra&quot;:{&quot;unit&quot;:&quot;px&quot;,&quot;size&quot;:&quot;&quot;,&quot;sizes&quot;:[]},&quot;_transform_translateY_effect_tablet&quot;:{&quot;unit&quot;:&quot;px&quot;,&quot;size&quot;:&quot;&quot;,&quot;sizes&quot;:[]},&quot;_transform_translateY_effect_mobile&quot;:{&quot;unit&quot;:&quot;px&quot;,&quot;size&quot;:&quot;&quot;,&quot;sizes&quot;:[]},&quot;_transform_translateX_effect_hover_laptop&quot;:{&quot;unit&quot;:&quot;px&quot;,&quot;size&quot;:&quot;&quot;,&quot;sizes&quot;:[]},&quot;_transform_translateX_effect_hover_tablet_extra&quot;:{&quot;unit&quot;:&quot;px&quot;,&quot;size&quot;:&quot;&quot;,&quot;sizes&quot;:[]},&quot;_transform_translateX_effect_hover_tablet&quot;:{&quot;unit&quot;:&quot;px&quot;,&quot;size&quot;:&quot;&quot;,&quot;sizes&quot;:[]},&quot;_transform_translateX_effect_hover_mobile&quot;:{&quot;unit&quot;:&quot;px&quot;,&quot;size&quot;:&quot;&quot;,&quot;sizes&quot;:[]},&quot;_transform_translateY_effect_hover&quot;:{&quot;unit&quot;:&quot;px&quot;,&quot;size&quot;:&quot;&quot;,&quot;sizes&quot;:[]},&quot;_transform_translateY_effect_hover_laptop&quot;:{&quot;unit&quot;:&quot;px&quot;,&quot;size&quot;:&quot;&quot;,&quot;sizes&quot;:[]},&quot;_transform_translateY_effect_hover_tablet_extra&quot;:{&quot;unit&quot;:&quot;px&quot;,&quot;size&quot;:&quot;&quot;,&quot;sizes&quot;:[]},&quot;_transform_translateY_effect_hover_tablet&quot;:{&quot;unit&quot;:&quot;px&quot;,&quot;size&quot;:&quot;&quot;,&quot;sizes&quot;:[]},&quot;_transform_translateY_effect_hover_mobile&quot;:{&quot;unit&quot;:&quot;px&quot;,&quot;size&quot;:&quot;&quot;,&quot;sizes&quot;:[]}}\" data-widget_type=\"button.default\">\n\t\t\t\t<div class=\"elementor-widget-container\">\n\t\t\t\t\t\t\t\t\t<div class=\"elementor-button-wrapper\">\n\t\t\t\t\t<a class=\"elementor-button elementor-button-link elementor-size-xs\" href=\"https:\/\/faber-solartechnik.de\/en\/projekte\/ballenstedt\/\" target=\"_blank\">\n\t\t\t\t\t\t<span class=\"elementor-button-content-wrapper\">\n\t\t\t\t\t\t<span class=\"elementor-button-icon\">\n\t\t\t\t<i aria-hidden=\"true\" class=\"far fa-window-restore\"><\/i>\t\t\t<\/span>\n\t\t\t\t\t\t\t\t\t<span class=\"elementor-button-text\">Projekt in neuem Tab \u00f6ffnen<\/span>\n\t\t\t\t\t<\/span>\n\t\t\t\t\t<\/a>\n\t\t\t\t<\/div>\n\t\t\t\t\t\t\t\t<\/div>\n\t\t\t\t<\/div>\n\t\t\t\t\t<\/div>\n\t\t<\/div>\n\t\t\t\t\t<\/div>\n\t\t<\/section>\n\t\t\t\t<\/div>\n\t\t\t\t\t\t\t<\/div>\n\t\t\t\t\t\t\t\t<\/div>\n\t\t<\/div>\n\t\t\t\t\t\t<\/div>\n\t\t\t\t<\/div>\n\t\t\t\t\t<\/div>\n\t\t<\/div>\n\t\t\t\t\t<\/div>\n\t\t<\/section>\n\t\t\t\t<div class=\"elementor-element elementor-element-d621d6e elementor-hidden-mobile elementor-hidden-desktop elementor-hidden-tablet eae-pop-btn-type-text elementor-widget elementor-widget-wts-modal-popup\" data-id=\"d621d6e\" data-element_type=\"widget\" data-e-type=\"widget\" data-widget_type=\"wts-modal-popup.default\">\n\t\t\t\t<div class=\"elementor-widget-container\">\n\t\t\t\t\t\t\t<div class=\"eae-popup-wrapper eae-popup-eae-pupup-item-1843992039\" data-id=\"eae-pupup-item-1843992039\" data-preview-modal=\"\" data-close-button-type=\"icon\" data-close-btn=\"fas fa-times\" data-close-in-out=\"true\" data-effect=\"zoom-in\">\n\t\t\t<a class=\"eae-popup-link icon-position-before\"\n\t\t\tdata-id=\"eae-pupup-item-1843992039\" data-ctrl-id=\"d621d6e\" href=\"#eae-pupup-item-1843992039\">\n\t\t\t\t\t\t\t\t\t\t\t\t\t\t<span class=\"eae-popup-btn-icon\">\n\t\t\t\t\t\t<i aria-hidden=\"true\" class=\"fas fa-arrow-right\"><\/i>\t\t\t\t\t<\/span>\n\t\t\t\t\t\t\t\t\t\t\t\t<span class=\"eae-popup-btn-text\">\n\t\t\t\t\t\t\t\u00d6ffnen\t\t\t\t\t\t<\/span>\n\t\t\t\t\t\t\t\t\t\t\t\t\t<\/a>\n\t\t<\/div>\n\n\t\t<div id=\"eae-pupup-item-1843992039\" class=\"eae-popup-eae-pupup-item-1843992039 mfp-hide eae-popup-container\">\n\t\t\t<input class=\"eae-hidden-post-id\" type=\"hidden\" name=\"eae_hidden_post_id\" data-id=\"eae-pupup-item-1843992039\" value=\"0\" \/>\n\t\t\t<div class=\"eae-popup-content\">\n\t\t\t\t\t\t\t\t\t<div class=\"eae-modal-content\">\n\t\t\t\t\t\t\t\t<div data-elementor-type=\"section\" data-elementor-id=\"4203\" class=\"elementor elementor-4203\" data-elementor-post-type=\"elementor_library\">\n\t\t\t\t\t<section class=\"elementor-section elementor-top-section elementor-element elementor-element-76665b6d elementor-section-full_width elementor-section-height-min-height elementor-section-items-stretch elementor-section-height-default\" data-id=\"76665b6d\" data-element_type=\"section\" data-e-type=\"section\">\n\t\t\t\t\t\t<div class=\"elementor-container elementor-column-gap-default\">\n\t\t\t\t\t<div class=\"elementor-column elementor-col-50 elementor-top-column elementor-element elementor-element-27f77bf4\" data-id=\"27f77bf4\" data-element_type=\"column\" data-e-type=\"column\">\n\t\t\t<div class=\"elementor-widget-wrap elementor-element-populated\">\n\t\t\t\t\t\t<div class=\"elementor-element elementor-element-2c72871 shadow runde-ecken elementor-widget elementor-widget-image\" data-id=\"2c72871\" data-element_type=\"widget\" data-e-type=\"widget\" data-widget_type=\"image.default\">\n\t\t\t\t<div class=\"elementor-widget-container\">\n\t\t\t\t\t\t\t\t\t\t\t\t\t\t\t\t<a href=\"https:\/\/faber-solartechnik.de\/wp-content\/uploads\/2023\/11\/Faber-Solar-Keunecke-Feinkost-6-scaled.jpg\" data-elementor-open-lightbox=\"yes\" data-e-action-hash=\"#elementor-action%3Aaction%3Dlightbox%26settings%3DeyJpZCI6NzM3MiwidXJsIjoiaHR0cHM6XC9cL2ZhYmVyLXNvbGFydGVjaG5pay5kZVwvd3AtY29udGVudFwvdXBsb2Fkc1wvMjAyM1wvMTFcL0ZhYmVyLVNvbGFyLUtldW5lY2tlLUZlaW5rb3N0LTYtc2NhbGVkLmpwZyJ9\">\n\t\t\t\t\t\t\t<img loading=\"lazy\" decoding=\"async\" width=\"768\" height=\"576\" src=\"https:\/\/faber-solartechnik.de\/wp-content\/uploads\/2023\/11\/Faber-Solar-Keunecke-Feinkost-6-768x576.jpg\" class=\"attachment-medium_large size-medium_large wp-image-7372\" alt=\"\" srcset=\"https:\/\/faber-solartechnik.de\/wp-content\/uploads\/2023\/11\/Faber-Solar-Keunecke-Feinkost-6-768x576.jpg 768w, https:\/\/faber-solartechnik.de\/wp-content\/uploads\/2023\/11\/Faber-Solar-Keunecke-Feinkost-6-300x225.jpg 300w, https:\/\/faber-solartechnik.de\/wp-content\/uploads\/2023\/11\/Faber-Solar-Keunecke-Feinkost-6-1024x768.jpg 1024w, https:\/\/faber-solartechnik.de\/wp-content\/uploads\/2023\/11\/Faber-Solar-Keunecke-Feinkost-6-1536x1152.jpg 1536w, https:\/\/faber-solartechnik.de\/wp-content\/uploads\/2023\/11\/Faber-Solar-Keunecke-Feinkost-6-2048x1536.jpg 2048w, https:\/\/faber-solartechnik.de\/wp-content\/uploads\/2023\/11\/Faber-Solar-Keunecke-Feinkost-6-16x12.jpg 16w\" sizes=\"(max-width: 768px) 100vw, 768px\" \/>\t\t\t\t\t\t\t\t<\/a>\n\t\t\t\t\t\t\t\t\t\t\t\t\t\t\t<\/div>\n\t\t\t\t<\/div>\n\t\t\t\t\t<\/div>\n\t\t<\/div>\n\t\t\t\t<div class=\"elementor-column elementor-col-50 elementor-top-column elementor-element elementor-element-329a626d\" data-id=\"329a626d\" data-element_type=\"column\" data-e-type=\"column\">\n\t\t\t<div class=\"elementor-widget-wrap elementor-element-populated\">\n\t\t\t\t\t\t<div class=\"elementor-element elementor-element-bf7ede2 elementor-widget elementor-widget-heading\" data-id=\"bf7ede2\" data-element_type=\"widget\" data-e-type=\"widget\" data-widget_type=\"heading.default\">\n\t\t\t\t<div class=\"elementor-widget-container\">\n\t\t\t\t\t<h3 class=\"elementor-heading-title elementor-size-default\">Ballenstedt<\/h3>\t\t\t\t<\/div>\n\t\t\t\t<\/div>\n\t\t\t\t<div class=\"elementor-element elementor-element-678b441 elementor-widget-divider--view-line elementor-widget elementor-widget-divider\" data-id=\"678b441\" data-element_type=\"widget\" data-e-type=\"widget\" data-widget_type=\"divider.default\">\n\t\t\t\t<div class=\"elementor-widget-container\">\n\t\t\t\t\t\t\t<div class=\"elementor-divider\">\n\t\t\t<span class=\"elementor-divider-separator\">\n\t\t\t\t\t\t<\/span>\n\t\t<\/div>\n\t\t\t\t\t\t<\/div>\n\t\t\t\t<\/div>\n\t\t\t\t<div class=\"elementor-element elementor-element-18e98f7 elementor-widget elementor-widget-theme-post-content\" data-id=\"18e98f7\" data-element_type=\"widget\" data-e-type=\"widget\" data-widget_type=\"theme-post-content.default\">\n\t\t\t\t<div class=\"elementor-widget-container\">\n\t\t\t\t\t\t\t<div data-elementor-type=\"wp-post\" data-elementor-id=\"7460\" class=\"elementor elementor-7460\" data-elementor-post-type=\"post\">\n\t\t\t\t\t\t<section class=\"elementor-section elementor-top-section elementor-element elementor-element-5eee4021 elementor-section-boxed elementor-section-height-default elementor-section-height-default\" data-id=\"5eee4021\" data-element_type=\"section\" data-e-type=\"section\">\n\t\t\t\t\t\t<div class=\"elementor-container elementor-column-gap-default\">\n\t\t\t\t\t<div class=\"elementor-column elementor-col-100 elementor-top-column elementor-element elementor-element-74370465\" data-id=\"74370465\" data-element_type=\"column\" data-e-type=\"column\">\n\t\t\t<div class=\"elementor-widget-wrap elementor-element-populated\">\n\t\t\t\t\t\t<div class=\"elementor-element elementor-element-2c38231 elementor-icon-list--layout-inline popup-pv-fakts elementor-align-center elementor-list-item-link-full_width elementor-widget elementor-widget-icon-list\" data-id=\"2c38231\" data-element_type=\"widget\" data-e-type=\"widget\" data-widget_type=\"icon-list.default\">\n\t\t\t\t<div class=\"elementor-widget-container\">\n\t\t\t\t\t\t\t<ul class=\"elementor-icon-list-items elementor-inline-items\">\n\t\t\t\t\t\t\t<li class=\"elementor-icon-list-item elementor-inline-item\">\n\t\t\t\t\t\t\t\t\t\t\t<span class=\"elementor-icon-list-icon\">\n\t\t\t\t\t\t\t<i aria-hidden=\"true\" class=\"fas fa-sun\"><\/i>\t\t\t\t\t\t<\/span>\n\t\t\t\t\t\t\t\t\t\t<span class=\"elementor-icon-list-text\">750 kWp<\/span>\n\t\t\t\t\t\t\t\t\t<\/li>\n\t\t\t\t\t\t\t\t<li class=\"elementor-icon-list-item elementor-inline-item\">\n\t\t\t\t\t\t\t\t\t\t\t<span class=\"elementor-icon-list-icon\">\n\t\t\t\t\t\t\t<i aria-hidden=\"true\" class=\"fas fa-bolt\"><\/i>\t\t\t\t\t\t<\/span>\n\t\t\t\t\t\t\t\t\t\t<span class=\"elementor-icon-list-text\">721.459 kWh\/Jahr<\/span>\n\t\t\t\t\t\t\t\t\t<\/li>\n\t\t\t\t\t\t\t\t<li class=\"elementor-icon-list-item elementor-inline-item\">\n\t\t\t\t\t\t\t\t\t\t\t<span class=\"elementor-icon-list-icon\">\n\t\t\t\t\t\t\t<i aria-hidden=\"true\" class=\"fas fa-plug\"><\/i>\t\t\t\t\t\t<\/span>\n\t\t\t\t\t\t\t\t\t\t<span class=\"elementor-icon-list-text\">\u00dcberschuss<\/span>\n\t\t\t\t\t\t\t\t\t<\/li>\n\t\t\t\t\t\t\t\t<li class=\"elementor-icon-list-item elementor-inline-item\">\n\t\t\t\t\t\t\t\t\t\t\t<span class=\"elementor-icon-list-icon\">\n\t\t\t\t\t\t\t<i aria-hidden=\"true\" class=\"fas fa-tools\"><\/i>\t\t\t\t\t\t<\/span>\n\t\t\t\t\t\t\t\t\t\t<span class=\"elementor-icon-list-text\">Aufgest\u00e4ndert, Freilandanlagen<\/span>\n\t\t\t\t\t\t\t\t\t<\/li>\n\t\t\t\t\t\t\t\t<li class=\"elementor-icon-list-item elementor-inline-item\">\n\t\t\t\t\t\t\t\t\t\t\t<span class=\"elementor-icon-list-icon\">\n\t\t\t\t\t\t\t<i aria-hidden=\"true\" class=\"fas fa-map-marker-alt\"><\/i>\t\t\t\t\t\t<\/span>\n\t\t\t\t\t\t\t\t\t\t<span class=\"elementor-icon-list-text\">Sachsen-Anhalt<\/span>\n\t\t\t\t\t\t\t\t\t<\/li>\n\t\t\t\t\t\t<\/ul>\n\t\t\t\t\t\t<\/div>\n\t\t\t\t<\/div>\n\t\t\t\t<div class=\"elementor-element elementor-element-ff15ba6 elementor-widget elementor-widget-gallery\" data-id=\"ff15ba6\" data-element_type=\"widget\" data-e-type=\"widget\" data-settings=\"{&quot;gallery_layout&quot;:&quot;grid&quot;,&quot;columns&quot;:4,&quot;columns_tablet&quot;:2,&quot;columns_mobile&quot;:1,&quot;gap&quot;:{&quot;unit&quot;:&quot;px&quot;,&quot;size&quot;:10,&quot;sizes&quot;:[]},&quot;gap_laptop&quot;:{&quot;unit&quot;:&quot;px&quot;,&quot;size&quot;:10,&quot;sizes&quot;:[]},&quot;gap_tablet_extra&quot;:{&quot;unit&quot;:&quot;px&quot;,&quot;size&quot;:10,&quot;sizes&quot;:[]},&quot;gap_tablet&quot;:{&quot;unit&quot;:&quot;px&quot;,&quot;size&quot;:10,&quot;sizes&quot;:[]},&quot;gap_mobile&quot;:{&quot;unit&quot;:&quot;px&quot;,&quot;size&quot;:10,&quot;sizes&quot;:[]},&quot;link_to&quot;:&quot;file&quot;,&quot;aspect_ratio&quot;:&quot;3:2&quot;,&quot;overlay_background&quot;:&quot;yes&quot;,&quot;content_hover_animation&quot;:&quot;fade-in&quot;}\" data-widget_type=\"gallery.default\">\n\t\t\t\t<div class=\"elementor-widget-container\">\n\t\t\t\t\t\t\t<div class=\"elementor-gallery__container\">\n\t\t\t\t\t\t\t<a class=\"e-gallery-item elementor-gallery-item elementor-animated-content\" href=\"https:\/\/faber-solartechnik.de\/wp-content\/uploads\/2023\/11\/Faber-Solar-Keunecke-Feinkost-9-scaled.jpg\" data-elementor-open-lightbox=\"yes\" data-elementor-lightbox-slideshow=\"ff15ba6\" data-e-action-hash=\"#elementor-action%3Aaction%3Dlightbox%26settings%3DeyJpZCI6NzM2OSwidXJsIjoiaHR0cHM6XC9cL2ZhYmVyLXNvbGFydGVjaG5pay5kZVwvd3AtY29udGVudFwvdXBsb2Fkc1wvMjAyM1wvMTFcL0ZhYmVyLVNvbGFyLUtldW5lY2tlLUZlaW5rb3N0LTktc2NhbGVkLmpwZyIsInNsaWRlc2hvdyI6ImZmMTViYTYifQ%3D%3D\">\n\t\t\t\t\t<div class=\"e-gallery-image elementor-gallery-item__image\" data-thumbnail=\"https:\/\/faber-solartechnik.de\/wp-content\/uploads\/2023\/11\/Faber-Solar-Keunecke-Feinkost-9-300x225.jpg\" data-width=\"300\" data-height=\"225\" aria-label=\"\" role=\"img\" ><\/div>\n\t\t\t\t\t\t\t\t\t\t\t<div class=\"elementor-gallery-item__overlay\"><\/div>\n\t\t\t\t\t\t\t\t\t\t\t\t\t\t<\/a>\n\t\t\t\t\t\t\t<a class=\"e-gallery-item elementor-gallery-item elementor-animated-content\" href=\"https:\/\/faber-solartechnik.de\/wp-content\/uploads\/2023\/11\/Faber-Solar-Keunecke-Feinkost-7-scaled.jpg\" data-elementor-open-lightbox=\"yes\" data-elementor-lightbox-slideshow=\"ff15ba6\" data-e-action-hash=\"#elementor-action%3Aaction%3Dlightbox%26settings%3DeyJpZCI6NzM3MSwidXJsIjoiaHR0cHM6XC9cL2ZhYmVyLXNvbGFydGVjaG5pay5kZVwvd3AtY29udGVudFwvdXBsb2Fkc1wvMjAyM1wvMTFcL0ZhYmVyLVNvbGFyLUtldW5lY2tlLUZlaW5rb3N0LTctc2NhbGVkLmpwZyIsInNsaWRlc2hvdyI6ImZmMTViYTYifQ%3D%3D\">\n\t\t\t\t\t<div class=\"e-gallery-image elementor-gallery-item__image\" data-thumbnail=\"https:\/\/faber-solartechnik.de\/wp-content\/uploads\/2023\/11\/Faber-Solar-Keunecke-Feinkost-7-300x225.jpg\" data-width=\"300\" data-height=\"225\" aria-label=\"\" role=\"img\" ><\/div>\n\t\t\t\t\t\t\t\t\t\t\t<div class=\"elementor-gallery-item__overlay\"><\/div>\n\t\t\t\t\t\t\t\t\t\t\t\t\t\t<\/a>\n\t\t\t\t\t\t\t<a class=\"e-gallery-item elementor-gallery-item elementor-animated-content\" href=\"https:\/\/faber-solartechnik.de\/wp-content\/uploads\/2023\/11\/Faber-Solar-Keunecke-Feinkost-4-scaled.jpg\" data-elementor-open-lightbox=\"yes\" data-elementor-lightbox-slideshow=\"ff15ba6\" data-e-action-hash=\"#elementor-action%3Aaction%3Dlightbox%26settings%3DeyJpZCI6NzM3NCwidXJsIjoiaHR0cHM6XC9cL2ZhYmVyLXNvbGFydGVjaG5pay5kZVwvd3AtY29udGVudFwvdXBsb2Fkc1wvMjAyM1wvMTFcL0ZhYmVyLVNvbGFyLUtldW5lY2tlLUZlaW5rb3N0LTQtc2NhbGVkLmpwZyIsInNsaWRlc2hvdyI6ImZmMTViYTYifQ%3D%3D\">\n\t\t\t\t\t<div class=\"e-gallery-image elementor-gallery-item__image\" data-thumbnail=\"https:\/\/faber-solartechnik.de\/wp-content\/uploads\/2023\/11\/Faber-Solar-Keunecke-Feinkost-4-300x225.jpg\" data-width=\"300\" data-height=\"225\" aria-label=\"\" role=\"img\" ><\/div>\n\t\t\t\t\t\t\t\t\t\t\t<div class=\"elementor-gallery-item__overlay\"><\/div>\n\t\t\t\t\t\t\t\t\t\t\t\t\t\t<\/a>\n\t\t\t\t\t\t\t<a class=\"e-gallery-item elementor-gallery-item elementor-animated-content\" href=\"https:\/\/faber-solartechnik.de\/wp-content\/uploads\/2023\/11\/Faber-Solar-Keunecke-Feinkost-5-scaled.jpg\" data-elementor-open-lightbox=\"yes\" data-elementor-lightbox-slideshow=\"ff15ba6\" data-e-action-hash=\"#elementor-action%3Aaction%3Dlightbox%26settings%3DeyJpZCI6NzM3MywidXJsIjoiaHR0cHM6XC9cL2ZhYmVyLXNvbGFydGVjaG5pay5kZVwvd3AtY29udGVudFwvdXBsb2Fkc1wvMjAyM1wvMTFcL0ZhYmVyLVNvbGFyLUtldW5lY2tlLUZlaW5rb3N0LTUtc2NhbGVkLmpwZyIsInNsaWRlc2hvdyI6ImZmMTViYTYifQ%3D%3D\">\n\t\t\t\t\t<div class=\"e-gallery-image elementor-gallery-item__image\" data-thumbnail=\"https:\/\/faber-solartechnik.de\/wp-content\/uploads\/2023\/11\/Faber-Solar-Keunecke-Feinkost-5-300x225.jpg\" data-width=\"300\" data-height=\"225\" aria-label=\"\" role=\"img\" ><\/div>\n\t\t\t\t\t\t\t\t\t\t\t<div class=\"elementor-gallery-item__overlay\"><\/div>\n\t\t\t\t\t\t\t\t\t\t\t\t\t\t<\/a>\n\t\t\t\t\t\t\t<a class=\"e-gallery-item elementor-gallery-item elementor-animated-content\" href=\"https:\/\/faber-solartechnik.de\/wp-content\/uploads\/2023\/11\/Faber-Solar-Keunecke-Feinkost-2-scaled.jpg\" data-elementor-open-lightbox=\"yes\" data-elementor-lightbox-slideshow=\"ff15ba6\" data-e-action-hash=\"#elementor-action%3Aaction%3Dlightbox%26settings%3DeyJpZCI6NzM3NywidXJsIjoiaHR0cHM6XC9cL2ZhYmVyLXNvbGFydGVjaG5pay5kZVwvd3AtY29udGVudFwvdXBsb2Fkc1wvMjAyM1wvMTFcL0ZhYmVyLVNvbGFyLUtldW5lY2tlLUZlaW5rb3N0LTItc2NhbGVkLmpwZyIsInNsaWRlc2hvdyI6ImZmMTViYTYifQ%3D%3D\">\n\t\t\t\t\t<div class=\"e-gallery-image elementor-gallery-item__image\" data-thumbnail=\"https:\/\/faber-solartechnik.de\/wp-content\/uploads\/2023\/11\/Faber-Solar-Keunecke-Feinkost-2-300x225.jpg\" data-width=\"300\" data-height=\"225\" aria-label=\"\" role=\"img\" ><\/div>\n\t\t\t\t\t\t\t\t\t\t\t<div class=\"elementor-gallery-item__overlay\"><\/div>\n\t\t\t\t\t\t\t\t\t\t\t\t\t\t<\/a>\n\t\t\t\t\t\t\t<a class=\"e-gallery-item elementor-gallery-item elementor-animated-content\" href=\"https:\/\/faber-solartechnik.de\/wp-content\/uploads\/2023\/11\/Faber-Solar-Keunecke-Feinkost-10-scaled.jpg\" data-elementor-open-lightbox=\"yes\" data-elementor-lightbox-slideshow=\"ff15ba6\" data-e-action-hash=\"#elementor-action%3Aaction%3Dlightbox%26settings%3DeyJpZCI6NzM3OSwidXJsIjoiaHR0cHM6XC9cL2ZhYmVyLXNvbGFydGVjaG5pay5kZVwvd3AtY29udGVudFwvdXBsb2Fkc1wvMjAyM1wvMTFcL0ZhYmVyLVNvbGFyLUtldW5lY2tlLUZlaW5rb3N0LTEwLXNjYWxlZC5qcGciLCJzbGlkZXNob3ciOiJmZjE1YmE2In0%3D\">\n\t\t\t\t\t<div class=\"e-gallery-image elementor-gallery-item__image\" data-thumbnail=\"https:\/\/faber-solartechnik.de\/wp-content\/uploads\/2023\/11\/Faber-Solar-Keunecke-Feinkost-10-300x225.jpg\" data-width=\"300\" data-height=\"225\" aria-label=\"\" role=\"img\" ><\/div>\n\t\t\t\t\t\t\t\t\t\t\t<div class=\"elementor-gallery-item__overlay\"><\/div>\n\t\t\t\t\t\t\t\t\t\t\t\t\t\t<\/a>\n\t\t\t\t\t\t\t<a class=\"e-gallery-item elementor-gallery-item elementor-animated-content\" href=\"https:\/\/faber-solartechnik.de\/wp-content\/uploads\/2023\/11\/Faber-Solar-Keunecke-Feinkost-1-scaled.jpg\" data-elementor-open-lightbox=\"yes\" data-elementor-lightbox-slideshow=\"ff15ba6\" data-e-action-hash=\"#elementor-action%3Aaction%3Dlightbox%26settings%3DeyJpZCI6NzM4MCwidXJsIjoiaHR0cHM6XC9cL2ZhYmVyLXNvbGFydGVjaG5pay5kZVwvd3AtY29udGVudFwvdXBsb2Fkc1wvMjAyM1wvMTFcL0ZhYmVyLVNvbGFyLUtldW5lY2tlLUZlaW5rb3N0LTEtc2NhbGVkLmpwZyIsInNsaWRlc2hvdyI6ImZmMTViYTYifQ%3D%3D\">\n\t\t\t\t\t<div class=\"e-gallery-image elementor-gallery-item__image\" data-thumbnail=\"https:\/\/faber-solartechnik.de\/wp-content\/uploads\/2023\/11\/Faber-Solar-Keunecke-Feinkost-1-300x225.jpg\" data-width=\"300\" data-height=\"225\" aria-label=\"\" role=\"img\" ><\/div>\n\t\t\t\t\t\t\t\t\t\t\t<div class=\"elementor-gallery-item__overlay\"><\/div>\n\t\t\t\t\t\t\t\t\t\t\t\t\t\t<\/a>\n\t\t\t\t\t\t\t<a class=\"e-gallery-item elementor-gallery-item elementor-animated-content\" href=\"https:\/\/faber-solartechnik.de\/wp-content\/uploads\/2023\/11\/Faber-Solar-Keunecke-Feinkost-3-scaled.jpg\" data-elementor-open-lightbox=\"yes\" data-elementor-lightbox-slideshow=\"ff15ba6\" data-e-action-hash=\"#elementor-action%3Aaction%3Dlightbox%26settings%3DeyJpZCI6NzM3NSwidXJsIjoiaHR0cHM6XC9cL2ZhYmVyLXNvbGFydGVjaG5pay5kZVwvd3AtY29udGVudFwvdXBsb2Fkc1wvMjAyM1wvMTFcL0ZhYmVyLVNvbGFyLUtldW5lY2tlLUZlaW5rb3N0LTMtc2NhbGVkLmpwZyIsInNsaWRlc2hvdyI6ImZmMTViYTYifQ%3D%3D\">\n\t\t\t\t\t<div class=\"e-gallery-image elementor-gallery-item__image\" data-thumbnail=\"https:\/\/faber-solartechnik.de\/wp-content\/uploads\/2023\/11\/Faber-Solar-Keunecke-Feinkost-3-300x225.jpg\" data-width=\"300\" data-height=\"225\" aria-label=\"\" role=\"img\" ><\/div>\n\t\t\t\t\t\t\t\t\t\t\t<div class=\"elementor-gallery-item__overlay\"><\/div>\n\t\t\t\t\t\t\t\t\t\t\t\t\t\t<\/a>\n\t\t\t\t\t<\/div>\n\t\t\t\t\t<\/div>\n\t\t\t\t<\/div>\n\t\t\t\t<div class=\"elementor-element elementor-element-4174225 elementor-widget elementor-widget-text-editor\" data-id=\"4174225\" data-element_type=\"widget\" data-e-type=\"widget\" data-widget_type=\"text-editor.default\">\n\t\t\t\t<div class=\"elementor-widget-container\">\n\t\t\t\t\t\t\t\t\t<p>Faber Solartechnik hat in Ballenstedt, Sachsen-Anhalt, eine Photovoltaikanlage mit einer Nennleistung von 750 kWp realisiert. Die Anlage erzeugt j\u00e4hrlich 721.459 kWh sauberen Strom, der vorrangig f\u00fcr den Eigenverbrauch genutzt wird, w\u00e4hrend \u00fcbersch\u00fcssige Energie ins Netz eingespeist wird. Die Anlage kombiniert sowohl aufgest\u00e4nderte Dachmontage als auch Freilandanlagen, um eine maximale Energieausbeute sicherzustellen. Mit diesem Projekt unterst\u00fctzt Faber Solartechnik den Weg zu einer nachhaltigen, CO\u2082-reduzierten Energiezukunft.<\/p>\t\t\t\t\t\t\t\t<\/div>\n\t\t\t\t<\/div>\n\t\t\t\t\t<\/div>\n\t\t<\/div>\n\t\t\t\t\t<\/div>\n\t\t<\/section>\n\t\t\t\t<\/div>\n\t\t\t\t\t\t<\/div>\n\t\t\t\t<\/div>\n\t\t\t\t<div class=\"elementor-element elementor-element-b294ae0 e-transform e-transform elementor-align-right elementor-absolute elementor-invisible elementor-widget elementor-widget-button\" data-id=\"b294ae0\" data-element_type=\"widget\" data-e-type=\"widget\" data-settings=\"{&quot;_transform_translateX_effect_hover&quot;:{&quot;unit&quot;:&quot;px&quot;,&quot;size&quot;:-10,&quot;sizes&quot;:[]},&quot;_animation&quot;:&quot;fadeInUp&quot;,&quot;_animation_delay&quot;:1000,&quot;_position&quot;:&quot;absolute&quot;,&quot;_transform_translateX_effect&quot;:{&quot;unit&quot;:&quot;px&quot;,&quot;size&quot;:&quot;&quot;,&quot;sizes&quot;:[]},&quot;_transform_translateX_effect_laptop&quot;:{&quot;unit&quot;:&quot;px&quot;,&quot;size&quot;:&quot;&quot;,&quot;sizes&quot;:[]},&quot;_transform_translateX_effect_tablet_extra&quot;:{&quot;unit&quot;:&quot;px&quot;,&quot;size&quot;:&quot;&quot;,&quot;sizes&quot;:[]},&quot;_transform_translateX_effect_tablet&quot;:{&quot;unit&quot;:&quot;px&quot;,&quot;size&quot;:&quot;&quot;,&quot;sizes&quot;:[]},&quot;_transform_translateX_effect_mobile&quot;:{&quot;unit&quot;:&quot;px&quot;,&quot;size&quot;:&quot;&quot;,&quot;sizes&quot;:[]},&quot;_transform_translateY_effect&quot;:{&quot;unit&quot;:&quot;px&quot;,&quot;size&quot;:&quot;&quot;,&quot;sizes&quot;:[]},&quot;_transform_translateY_effect_laptop&quot;:{&quot;unit&quot;:&quot;px&quot;,&quot;size&quot;:&quot;&quot;,&quot;sizes&quot;:[]},&quot;_transform_translateY_effect_tablet_extra&quot;:{&quot;unit&quot;:&quot;px&quot;,&quot;size&quot;:&quot;&quot;,&quot;sizes&quot;:[]},&quot;_transform_translateY_effect_tablet&quot;:{&quot;unit&quot;:&quot;px&quot;,&quot;size&quot;:&quot;&quot;,&quot;sizes&quot;:[]},&quot;_transform_translateY_effect_mobile&quot;:{&quot;unit&quot;:&quot;px&quot;,&quot;size&quot;:&quot;&quot;,&quot;sizes&quot;:[]},&quot;_transform_translateX_effect_hover_laptop&quot;:{&quot;unit&quot;:&quot;px&quot;,&quot;size&quot;:&quot;&quot;,&quot;sizes&quot;:[]},&quot;_transform_translateX_effect_hover_tablet_extra&quot;:{&quot;unit&quot;:&quot;px&quot;,&quot;size&quot;:&quot;&quot;,&quot;sizes&quot;:[]},&quot;_transform_translateX_effect_hover_tablet&quot;:{&quot;unit&quot;:&quot;px&quot;,&quot;size&quot;:&quot;&quot;,&quot;sizes&quot;:[]},&quot;_transform_translateX_effect_hover_mobile&quot;:{&quot;unit&quot;:&quot;px&quot;,&quot;size&quot;:&quot;&quot;,&quot;sizes&quot;:[]},&quot;_transform_translateY_effect_hover&quot;:{&quot;unit&quot;:&quot;px&quot;,&quot;size&quot;:&quot;&quot;,&quot;sizes&quot;:[]},&quot;_transform_translateY_effect_hover_laptop&quot;:{&quot;unit&quot;:&quot;px&quot;,&quot;size&quot;:&quot;&quot;,&quot;sizes&quot;:[]},&quot;_transform_translateY_effect_hover_tablet_extra&quot;:{&quot;unit&quot;:&quot;px&quot;,&quot;size&quot;:&quot;&quot;,&quot;sizes&quot;:[]},&quot;_transform_translateY_effect_hover_tablet&quot;:{&quot;unit&quot;:&quot;px&quot;,&quot;size&quot;:&quot;&quot;,&quot;sizes&quot;:[]},&quot;_transform_translateY_effect_hover_mobile&quot;:{&quot;unit&quot;:&quot;px&quot;,&quot;size&quot;:&quot;&quot;,&quot;sizes&quot;:[]}}\" data-widget_type=\"button.default\">\n\t\t\t\t<div class=\"elementor-widget-container\">\n\t\t\t\t\t\t\t\t\t<div class=\"elementor-button-wrapper\">\n\t\t\t\t\t<a class=\"elementor-button elementor-button-link elementor-size-xs\" href=\"https:\/\/faber-solartechnik.de\/en\/projekte\/ballenstedt\/\" target=\"_blank\">\n\t\t\t\t\t\t<span class=\"elementor-button-content-wrapper\">\n\t\t\t\t\t\t<span class=\"elementor-button-icon\">\n\t\t\t\t<i aria-hidden=\"true\" class=\"far fa-window-restore\"><\/i>\t\t\t<\/span>\n\t\t\t\t\t\t\t\t\t<span class=\"elementor-button-text\">Projekt in neuem Tab \u00f6ffnen<\/span>\n\t\t\t\t\t<\/span>\n\t\t\t\t\t<\/a>\n\t\t\t\t<\/div>\n\t\t\t\t\t\t\t\t<\/div>\n\t\t\t\t<\/div>\n\t\t\t\t\t<\/div>\n\t\t<\/div>\n\t\t\t\t\t<\/div>\n\t\t<\/section>\n\t\t\t\t<\/div>\n\t\t\t\t\t\t\t<\/div>\n\t\t\t\t\t\t\t\t<\/div>\n\t\t<\/div>\n\t\t\t\t\t\t<\/div>\n\t\t\t\t<\/div>\n\t\t\t\t<div class=\"elementor-element elementor-element-15922a7 elementor-widget elementor-widget-button\" data-id=\"15922a7\" data-element_type=\"widget\" data-e-type=\"widget\" data-widget_type=\"button.default\">\n\t\t\t\t<div class=\"elementor-widget-container\">\n\t\t\t\t\t\t\t\t\t<div class=\"elementor-button-wrapper\">\n\t\t\t\t\t<a class=\"elementor-button elementor-button-link elementor-size-xs\" href=\"https:\/\/faber-solartechnik.de\/en\/projekte\/ballenstedt\/\" target=\"_blank\">\n\t\t\t\t\t\t<span class=\"elementor-button-content-wrapper\">\n\t\t\t\t\t\t<span class=\"elementor-button-icon\">\n\t\t\t\t<i aria-hidden=\"true\" class=\"fas fa-arrow-right\"><\/i>\t\t\t<\/span>\n\t\t\t\t\t\t\t\t\t<span class=\"elementor-button-text\">\u00d6ffnen<\/span>\n\t\t\t\t\t<\/span>\n\t\t\t\t\t<\/a>\n\t\t\t\t<\/div>\n\t\t\t\t\t\t\t\t<\/div>\n\t\t\t\t<\/div>\n\t\t\t\t\t<\/div>\n\t\t<\/div>\n\t\t\t\t\t<\/div>\n\t\t<\/section>\n\t\t\t\t<\/div>\n\t\t<style id=\"loop-dynamic-3527\">.e-loop-item-7453 .elementor-element.elementor-element-a252bde > .elementor-background-overlay{background-image:url(\"https:\/\/faber-solartechnik.de\/wp-content\/uploads\/2023\/11\/Faber-Solar-Glesien-Schkeuditz-B-3-scaled.jpg\");}<\/style>\t\t<div data-elementor-type=\"loop-item\" data-elementor-id=\"3527\" class=\"elementor elementor-3527 swiper-slide e-loop-item e-loop-item-7453 post-7453 post type-post status-publish format-standard has-post-thumbnail hentry category-projekte\" data-elementor-post-type=\"elementor_library\" role=\"group\" aria-roledescription=\"slide\" data-custom-edit-handle=\"1\">\n\t\t\t\t\t<section class=\"elementor-section elementor-top-section elementor-element elementor-element-a252bde elementor-section-height-min-height elementor-section-items-stretch loopnews runde-ecken elementor-section-boxed elementor-section-height-default\" data-id=\"a252bde\" data-element_type=\"section\" data-e-type=\"section\">\n\t\t\t\t\t\t\t<div class=\"elementor-background-overlay\"><\/div>\n\t\t\t\t\t\t\t<div class=\"elementor-container elementor-column-gap-no\">\n\t\t\t\t\t<div class=\"elementor-column elementor-col-100 elementor-top-column elementor-element elementor-element-6fcfada runde-ecken\" data-id=\"6fcfada\" data-element_type=\"column\" data-e-type=\"column\" data-settings=\"{&quot;background_background&quot;:&quot;classic&quot;}\">\n\t\t\t<div class=\"elementor-widget-wrap elementor-element-populated\">\n\t\t\t\t\t<div class=\"elementor-background-overlay\"><\/div>\n\t\t\t\t\t\t<section class=\"elementor-section elementor-inner-section elementor-element elementor-element-6604a6b elementor-section-boxed elementor-section-height-default elementor-section-height-default\" data-id=\"6604a6b\" data-element_type=\"section\" data-e-type=\"section\">\n\t\t\t\t\t\t<div class=\"elementor-container elementor-column-gap-no\">\n\t\t\t\t\t<div class=\"elementor-column elementor-col-100 elementor-inner-column elementor-element elementor-element-f098b0d\" data-id=\"f098b0d\" data-element_type=\"column\" data-e-type=\"column\">\n\t\t\t<div class=\"elementor-widget-wrap elementor-element-populated\">\n\t\t\t\t\t\t<div class=\"elementor-element elementor-element-1f94609 elementor-widget elementor-widget-post-info\" data-id=\"1f94609\" data-element_type=\"widget\" data-e-type=\"widget\" data-widget_type=\"post-info.default\">\n\t\t\t\t<div class=\"elementor-widget-container\">\n\t\t\t\t\t\t\t<ul class=\"elementor-inline-items elementor-icon-list-items elementor-post-info\">\n\t\t\t\t\t\t\t\t<li class=\"elementor-icon-list-item elementor-repeater-item-fb2fc86 elementor-inline-item\" itemprop=\"about\">\n\t\t\t\t\t\t\t\t\t\t\t\t\t<span class=\"elementor-icon-list-text elementor-post-info__item elementor-post-info__item--type-terms\">\n\t\t\t\t\t\t\t\t\t\t<span class=\"elementor-post-info__terms-list\">\n\t\t\t\t<a href=\"https:\/\/faber-solartechnik.de\/en\/.\/projekte\/\" class=\"elementor-post-info__terms-list-item\">Projekte<\/a>\t\t\t\t<\/span>\n\t\t\t\t\t<\/span>\n\t\t\t\t\t\t\t\t<\/li>\n\t\t\t\t<\/ul>\n\t\t\t\t\t\t<\/div>\n\t\t\t\t<\/div>\n\t\t\t\t<div class=\"elementor-element elementor-element-009b0cb elementor-widget elementor-widget-heading\" data-id=\"009b0cb\" data-element_type=\"widget\" data-e-type=\"widget\" data-widget_type=\"heading.default\">\n\t\t\t\t<div class=\"elementor-widget-container\">\n\t\t\t\t\t<h4 class=\"elementor-heading-title elementor-size-default\"><a href=\"https:\/\/faber-solartechnik.de\/en\/projekte\/schkeuditz\/\" target=\"_blank\">Schkeuditz<\/a><\/h4>\t\t\t\t<\/div>\n\t\t\t\t<\/div>\n\t\t\t\t<div class=\"elementor-element elementor-element-6321c9b elementor-hidden-mobile eae-pop-btn-align-left popupklicktitel elementor-hidden-desktop elementor-hidden-tablet eae-pop-btn-type-text elementor-widget elementor-widget-wts-modal-popup\" data-id=\"6321c9b\" data-element_type=\"widget\" data-e-type=\"widget\" data-widget_type=\"wts-modal-popup.default\">\n\t\t\t\t<div class=\"elementor-widget-container\">\n\t\t\t\t\t\t\t<div class=\"eae-popup-wrapper eae-popup-eae-pupup-item-423155759\" data-id=\"eae-pupup-item-423155759\" data-preview-modal=\"\" data-close-button-type=\"icon\" data-close-btn=\"fas fa-times\" data-close-in-out=\"true\" data-effect=\"zoom-in\">\n\t\t\t<a class=\"eae-popup-link icon-position-after\"\n\t\t\tdata-id=\"eae-pupup-item-423155759\" data-ctrl-id=\"6321c9b\" href=\"#eae-pupup-item-423155759\">\n\t\t\t\t\t\t\t\t\t\t\t\t\t\t\t<span class=\"eae-popup-btn-text\">\n\t\t\t\t\t\t\tSchkeuditz\t\t\t\t\t\t<\/span>\n\t\t\t\t\t\t\t\t\t\t<span class=\"eae-popup-btn-icon\">\n\t\t\t\t\t\t\t\t\t\t\t<\/span>\n\t\t\t\t\t\t\t\t\t\t\t\t\t\t<\/a>\n\t\t<\/div>\n\n\t\t<div id=\"eae-pupup-item-423155759\" class=\"eae-popup-eae-pupup-item-423155759 mfp-hide eae-popup-container\">\n\t\t\t<input class=\"eae-hidden-post-id\" type=\"hidden\" name=\"eae_hidden_post_id\" data-id=\"eae-pupup-item-423155759\" value=\"0\" \/>\n\t\t\t<div class=\"eae-popup-content\">\n\t\t\t\t\t\t\t\t\t<div class=\"eae-modal-content\">\n\t\t\t\t\t\t\t\t<div data-elementor-type=\"section\" data-elementor-id=\"4203\" class=\"elementor elementor-4203\" data-elementor-post-type=\"elementor_library\">\n\t\t\t\t\t<section class=\"elementor-section elementor-top-section elementor-element elementor-element-76665b6d elementor-section-full_width elementor-section-height-min-height elementor-section-items-stretch elementor-section-height-default\" data-id=\"76665b6d\" data-element_type=\"section\" data-e-type=\"section\">\n\t\t\t\t\t\t<div class=\"elementor-container elementor-column-gap-default\">\n\t\t\t\t\t<div class=\"elementor-column elementor-col-50 elementor-top-column elementor-element elementor-element-27f77bf4\" data-id=\"27f77bf4\" data-element_type=\"column\" data-e-type=\"column\">\n\t\t\t<div class=\"elementor-widget-wrap elementor-element-populated\">\n\t\t\t\t\t\t<div class=\"elementor-element elementor-element-2c72871 shadow runde-ecken elementor-widget elementor-widget-image\" data-id=\"2c72871\" data-element_type=\"widget\" data-e-type=\"widget\" data-widget_type=\"image.default\">\n\t\t\t\t<div class=\"elementor-widget-container\">\n\t\t\t\t\t\t\t\t\t\t\t\t\t\t\t\t<a href=\"https:\/\/faber-solartechnik.de\/wp-content\/uploads\/2023\/11\/Faber-Solar-Glesien-Schkeuditz-B-3-scaled.jpg\" data-elementor-open-lightbox=\"yes\" data-e-action-hash=\"#elementor-action%3Aaction%3Dlightbox%26settings%3DeyJpZCI6NzM0MSwidXJsIjoiaHR0cHM6XC9cL2ZhYmVyLXNvbGFydGVjaG5pay5kZVwvd3AtY29udGVudFwvdXBsb2Fkc1wvMjAyM1wvMTFcL0ZhYmVyLVNvbGFyLUdsZXNpZW4tU2Noa2V1ZGl0ei1CLTMtc2NhbGVkLmpwZyJ9\">\n\t\t\t\t\t\t\t<img loading=\"lazy\" decoding=\"async\" width=\"768\" height=\"576\" src=\"https:\/\/faber-solartechnik.de\/wp-content\/uploads\/2023\/11\/Faber-Solar-Glesien-Schkeuditz-B-3-768x576.jpg\" class=\"attachment-medium_large size-medium_large wp-image-7341\" alt=\"\" srcset=\"https:\/\/faber-solartechnik.de\/wp-content\/uploads\/2023\/11\/Faber-Solar-Glesien-Schkeuditz-B-3-768x576.jpg 768w, https:\/\/faber-solartechnik.de\/wp-content\/uploads\/2023\/11\/Faber-Solar-Glesien-Schkeuditz-B-3-300x225.jpg 300w, https:\/\/faber-solartechnik.de\/wp-content\/uploads\/2023\/11\/Faber-Solar-Glesien-Schkeuditz-B-3-1024x768.jpg 1024w, https:\/\/faber-solartechnik.de\/wp-content\/uploads\/2023\/11\/Faber-Solar-Glesien-Schkeuditz-B-3-1536x1152.jpg 1536w, https:\/\/faber-solartechnik.de\/wp-content\/uploads\/2023\/11\/Faber-Solar-Glesien-Schkeuditz-B-3-2048x1536.jpg 2048w, https:\/\/faber-solartechnik.de\/wp-content\/uploads\/2023\/11\/Faber-Solar-Glesien-Schkeuditz-B-3-16x12.jpg 16w\" sizes=\"(max-width: 768px) 100vw, 768px\" \/>\t\t\t\t\t\t\t\t<\/a>\n\t\t\t\t\t\t\t\t\t\t\t\t\t\t\t<\/div>\n\t\t\t\t<\/div>\n\t\t\t\t\t<\/div>\n\t\t<\/div>\n\t\t\t\t<div class=\"elementor-column elementor-col-50 elementor-top-column elementor-element elementor-element-329a626d\" data-id=\"329a626d\" data-element_type=\"column\" data-e-type=\"column\">\n\t\t\t<div class=\"elementor-widget-wrap elementor-element-populated\">\n\t\t\t\t\t\t<div class=\"elementor-element elementor-element-bf7ede2 elementor-widget elementor-widget-heading\" data-id=\"bf7ede2\" data-element_type=\"widget\" data-e-type=\"widget\" data-widget_type=\"heading.default\">\n\t\t\t\t<div class=\"elementor-widget-container\">\n\t\t\t\t\t<h3 class=\"elementor-heading-title elementor-size-default\">Schkeuditz<\/h3>\t\t\t\t<\/div>\n\t\t\t\t<\/div>\n\t\t\t\t<div class=\"elementor-element elementor-element-678b441 elementor-widget-divider--view-line elementor-widget elementor-widget-divider\" data-id=\"678b441\" data-element_type=\"widget\" data-e-type=\"widget\" data-widget_type=\"divider.default\">\n\t\t\t\t<div class=\"elementor-widget-container\">\n\t\t\t\t\t\t\t<div class=\"elementor-divider\">\n\t\t\t<span class=\"elementor-divider-separator\">\n\t\t\t\t\t\t<\/span>\n\t\t<\/div>\n\t\t\t\t\t\t<\/div>\n\t\t\t\t<\/div>\n\t\t\t\t<div class=\"elementor-element elementor-element-18e98f7 elementor-widget elementor-widget-theme-post-content\" data-id=\"18e98f7\" data-element_type=\"widget\" data-e-type=\"widget\" data-widget_type=\"theme-post-content.default\">\n\t\t\t\t<div class=\"elementor-widget-container\">\n\t\t\t\t\t\t\t<div data-elementor-type=\"wp-post\" data-elementor-id=\"7453\" class=\"elementor elementor-7453\" data-elementor-post-type=\"post\">\n\t\t\t\t\t\t<section class=\"elementor-section elementor-top-section elementor-element elementor-element-7fa212a4 elementor-section-boxed elementor-section-height-default elementor-section-height-default\" data-id=\"7fa212a4\" data-element_type=\"section\" data-e-type=\"section\">\n\t\t\t\t\t\t<div class=\"elementor-container elementor-column-gap-default\">\n\t\t\t\t\t<div class=\"elementor-column elementor-col-100 elementor-top-column elementor-element elementor-element-6ebd92f9\" data-id=\"6ebd92f9\" data-element_type=\"column\" data-e-type=\"column\">\n\t\t\t<div class=\"elementor-widget-wrap elementor-element-populated\">\n\t\t\t\t\t\t<div class=\"elementor-element elementor-element-96fb2a2 elementor-icon-list--layout-inline popup-pv-fakts elementor-list-item-link-full_width elementor-widget elementor-widget-icon-list\" data-id=\"96fb2a2\" data-element_type=\"widget\" data-e-type=\"widget\" data-widget_type=\"icon-list.default\">\n\t\t\t\t<div class=\"elementor-widget-container\">\n\t\t\t\t\t\t\t<ul class=\"elementor-icon-list-items elementor-inline-items\">\n\t\t\t\t\t\t\t<li class=\"elementor-icon-list-item elementor-inline-item\">\n\t\t\t\t\t\t\t\t\t\t\t<span class=\"elementor-icon-list-icon\">\n\t\t\t\t\t\t\t<i aria-hidden=\"true\" class=\"fas fa-sun\"><\/i>\t\t\t\t\t\t<\/span>\n\t\t\t\t\t\t\t\t\t\t<span class=\"elementor-icon-list-text\">1.400 kWp<\/span>\n\t\t\t\t\t\t\t\t\t<\/li>\n\t\t\t\t\t\t\t\t<li class=\"elementor-icon-list-item elementor-inline-item\">\n\t\t\t\t\t\t\t\t\t\t\t<span class=\"elementor-icon-list-icon\">\n\t\t\t\t\t\t\t<i aria-hidden=\"true\" class=\"fas fa-bolt\"><\/i>\t\t\t\t\t\t<\/span>\n\t\t\t\t\t\t\t\t\t\t<span class=\"elementor-icon-list-text\">1.355.182 kWh\/Jahr<\/span>\n\t\t\t\t\t\t\t\t\t<\/li>\n\t\t\t\t\t\t\t\t<li class=\"elementor-icon-list-item elementor-inline-item\">\n\t\t\t\t\t\t\t\t\t\t\t<span class=\"elementor-icon-list-icon\">\n\t\t\t\t\t\t\t<i aria-hidden=\"true\" class=\"fas fa-plug\"><\/i>\t\t\t\t\t\t<\/span>\n\t\t\t\t\t\t\t\t\t\t<span class=\"elementor-icon-list-text\">\u00dcberschuss<\/span>\n\t\t\t\t\t\t\t\t\t<\/li>\n\t\t\t\t\t\t\t\t<li class=\"elementor-icon-list-item elementor-inline-item\">\n\t\t\t\t\t\t\t\t\t\t\t<span class=\"elementor-icon-list-icon\">\n\t\t\t\t\t\t\t<i aria-hidden=\"true\" class=\"fas fa-tools\"><\/i>\t\t\t\t\t\t<\/span>\n\t\t\t\t\t\t\t\t\t\t<span class=\"elementor-icon-list-text\">Aufgest\u00e4ndert<\/span>\n\t\t\t\t\t\t\t\t\t<\/li>\n\t\t\t\t\t\t\t\t<li class=\"elementor-icon-list-item elementor-inline-item\">\n\t\t\t\t\t\t\t\t\t\t\t<span class=\"elementor-icon-list-icon\">\n\t\t\t\t\t\t\t<i aria-hidden=\"true\" class=\"fas fa-map-marker-alt\"><\/i>\t\t\t\t\t\t<\/span>\n\t\t\t\t\t\t\t\t\t\t<span class=\"elementor-icon-list-text\">Sachsen<\/span>\n\t\t\t\t\t\t\t\t\t<\/li>\n\t\t\t\t\t\t<\/ul>\n\t\t\t\t\t\t<\/div>\n\t\t\t\t<\/div>\n\t\t\t\t<div class=\"elementor-element elementor-element-3d1a9cce elementor-widget elementor-widget-gallery\" data-id=\"3d1a9cce\" data-element_type=\"widget\" data-e-type=\"widget\" data-settings=\"{&quot;gallery_layout&quot;:&quot;grid&quot;,&quot;columns&quot;:4,&quot;columns_tablet&quot;:2,&quot;columns_mobile&quot;:1,&quot;gap&quot;:{&quot;unit&quot;:&quot;px&quot;,&quot;size&quot;:10,&quot;sizes&quot;:[]},&quot;gap_laptop&quot;:{&quot;unit&quot;:&quot;px&quot;,&quot;size&quot;:10,&quot;sizes&quot;:[]},&quot;gap_tablet_extra&quot;:{&quot;unit&quot;:&quot;px&quot;,&quot;size&quot;:10,&quot;sizes&quot;:[]},&quot;gap_tablet&quot;:{&quot;unit&quot;:&quot;px&quot;,&quot;size&quot;:10,&quot;sizes&quot;:[]},&quot;gap_mobile&quot;:{&quot;unit&quot;:&quot;px&quot;,&quot;size&quot;:10,&quot;sizes&quot;:[]},&quot;link_to&quot;:&quot;file&quot;,&quot;aspect_ratio&quot;:&quot;3:2&quot;,&quot;overlay_background&quot;:&quot;yes&quot;,&quot;content_hover_animation&quot;:&quot;fade-in&quot;}\" data-widget_type=\"gallery.default\">\n\t\t\t\t<div class=\"elementor-widget-container\">\n\t\t\t\t\t\t\t<div class=\"elementor-gallery__container\">\n\t\t\t\t\t\t\t<a class=\"e-gallery-item elementor-gallery-item elementor-animated-content\" href=\"https:\/\/faber-solartechnik.de\/wp-content\/uploads\/2023\/11\/Faber-Solar-Glesien-Schkeuditz-A-11-scaled.jpg\" data-elementor-open-lightbox=\"yes\" data-elementor-lightbox-slideshow=\"3d1a9cce\" data-e-action-hash=\"#elementor-action%3Aaction%3Dlightbox%26settings%3DeyJpZCI6NzM1NCwidXJsIjoiaHR0cHM6XC9cL2ZhYmVyLXNvbGFydGVjaG5pay5kZVwvd3AtY29udGVudFwvdXBsb2Fkc1wvMjAyM1wvMTFcL0ZhYmVyLVNvbGFyLUdsZXNpZW4tU2Noa2V1ZGl0ei1BLTExLXNjYWxlZC5qcGciLCJzbGlkZXNob3ciOiIzZDFhOWNjZSJ9\">\n\t\t\t\t\t<div class=\"e-gallery-image elementor-gallery-item__image\" data-thumbnail=\"https:\/\/faber-solartechnik.de\/wp-content\/uploads\/2023\/11\/Faber-Solar-Glesien-Schkeuditz-A-11-300x225.jpg\" data-width=\"300\" data-height=\"225\" aria-label=\"\" role=\"img\" ><\/div>\n\t\t\t\t\t\t\t\t\t\t\t<div class=\"elementor-gallery-item__overlay\"><\/div>\n\t\t\t\t\t\t\t\t\t\t\t\t\t\t<\/a>\n\t\t\t\t\t\t\t<a class=\"e-gallery-item elementor-gallery-item elementor-animated-content\" href=\"https:\/\/faber-solartechnik.de\/wp-content\/uploads\/2023\/11\/Faber-Solar-Glesien-Schkeuditz-A-9-scaled.jpg\" data-elementor-open-lightbox=\"yes\" data-elementor-lightbox-slideshow=\"3d1a9cce\" data-e-action-hash=\"#elementor-action%3Aaction%3Dlightbox%26settings%3DeyJpZCI6NzM0NSwidXJsIjoiaHR0cHM6XC9cL2ZhYmVyLXNvbGFydGVjaG5pay5kZVwvd3AtY29udGVudFwvdXBsb2Fkc1wvMjAyM1wvMTFcL0ZhYmVyLVNvbGFyLUdsZXNpZW4tU2Noa2V1ZGl0ei1BLTktc2NhbGVkLmpwZyIsInNsaWRlc2hvdyI6IjNkMWE5Y2NlIn0%3D\">\n\t\t\t\t\t<div class=\"e-gallery-image elementor-gallery-item__image\" data-thumbnail=\"https:\/\/faber-solartechnik.de\/wp-content\/uploads\/2023\/11\/Faber-Solar-Glesien-Schkeuditz-A-9-300x225.jpg\" data-width=\"300\" data-height=\"225\" aria-label=\"\" role=\"img\" ><\/div>\n\t\t\t\t\t\t\t\t\t\t\t<div class=\"elementor-gallery-item__overlay\"><\/div>\n\t\t\t\t\t\t\t\t\t\t\t\t\t\t<\/a>\n\t\t\t\t\t\t\t<a class=\"e-gallery-item elementor-gallery-item elementor-animated-content\" href=\"https:\/\/faber-solartechnik.de\/wp-content\/uploads\/2023\/11\/Faber-Solar-Glesien-Schkeuditz-A-6-scaled.jpg\" data-elementor-open-lightbox=\"yes\" data-elementor-lightbox-slideshow=\"3d1a9cce\" data-e-action-hash=\"#elementor-action%3Aaction%3Dlightbox%26settings%3DeyJpZCI6NzM0OCwidXJsIjoiaHR0cHM6XC9cL2ZhYmVyLXNvbGFydGVjaG5pay5kZVwvd3AtY29udGVudFwvdXBsb2Fkc1wvMjAyM1wvMTFcL0ZhYmVyLVNvbGFyLUdsZXNpZW4tU2Noa2V1ZGl0ei1BLTYtc2NhbGVkLmpwZyIsInNsaWRlc2hvdyI6IjNkMWE5Y2NlIn0%3D\">\n\t\t\t\t\t<div class=\"e-gallery-image elementor-gallery-item__image\" data-thumbnail=\"https:\/\/faber-solartechnik.de\/wp-content\/uploads\/2023\/11\/Faber-Solar-Glesien-Schkeuditz-A-6-300x225.jpg\" data-width=\"300\" data-height=\"225\" aria-label=\"\" role=\"img\" ><\/div>\n\t\t\t\t\t\t\t\t\t\t\t<div class=\"elementor-gallery-item__overlay\"><\/div>\n\t\t\t\t\t\t\t\t\t\t\t\t\t\t<\/a>\n\t\t\t\t\t\t\t<a class=\"e-gallery-item elementor-gallery-item elementor-animated-content\" href=\"https:\/\/faber-solartechnik.de\/wp-content\/uploads\/2023\/11\/Faber-Solar-Glesien-Schkeuditz-A-7-scaled.jpg\" data-elementor-open-lightbox=\"yes\" data-elementor-lightbox-slideshow=\"3d1a9cce\" data-e-action-hash=\"#elementor-action%3Aaction%3Dlightbox%26settings%3DeyJpZCI6NzM0NywidXJsIjoiaHR0cHM6XC9cL2ZhYmVyLXNvbGFydGVjaG5pay5kZVwvd3AtY29udGVudFwvdXBsb2Fkc1wvMjAyM1wvMTFcL0ZhYmVyLVNvbGFyLUdsZXNpZW4tU2Noa2V1ZGl0ei1BLTctc2NhbGVkLmpwZyIsInNsaWRlc2hvdyI6IjNkMWE5Y2NlIn0%3D\">\n\t\t\t\t\t<div class=\"e-gallery-image elementor-gallery-item__image\" data-thumbnail=\"https:\/\/faber-solartechnik.de\/wp-content\/uploads\/2023\/11\/Faber-Solar-Glesien-Schkeuditz-A-7-300x225.jpg\" data-width=\"300\" data-height=\"225\" aria-label=\"\" role=\"img\" ><\/div>\n\t\t\t\t\t\t\t\t\t\t\t<div class=\"elementor-gallery-item__overlay\"><\/div>\n\t\t\t\t\t\t\t\t\t\t\t\t\t\t<\/a>\n\t\t\t\t\t\t\t<a class=\"e-gallery-item elementor-gallery-item elementor-animated-content\" href=\"https:\/\/faber-solartechnik.de\/wp-content\/uploads\/2023\/11\/Faber-Solar-Glesien-Schkeuditz-B-5-scaled.jpg\" data-elementor-open-lightbox=\"yes\" data-elementor-lightbox-slideshow=\"3d1a9cce\" data-e-action-hash=\"#elementor-action%3Aaction%3Dlightbox%26settings%3DeyJpZCI6NzMzOSwidXJsIjoiaHR0cHM6XC9cL2ZhYmVyLXNvbGFydGVjaG5pay5kZVwvd3AtY29udGVudFwvdXBsb2Fkc1wvMjAyM1wvMTFcL0ZhYmVyLVNvbGFyLUdsZXNpZW4tU2Noa2V1ZGl0ei1CLTUtc2NhbGVkLmpwZyIsInNsaWRlc2hvdyI6IjNkMWE5Y2NlIn0%3D\">\n\t\t\t\t\t<div class=\"e-gallery-image elementor-gallery-item__image\" data-thumbnail=\"https:\/\/faber-solartechnik.de\/wp-content\/uploads\/2023\/11\/Faber-Solar-Glesien-Schkeuditz-B-5-300x225.jpg\" data-width=\"300\" data-height=\"225\" aria-label=\"\" role=\"img\" ><\/div>\n\t\t\t\t\t\t\t\t\t\t\t<div class=\"elementor-gallery-item__overlay\"><\/div>\n\t\t\t\t\t\t\t\t\t\t\t\t\t\t<\/a>\n\t\t\t\t\t\t\t<a class=\"e-gallery-item elementor-gallery-item elementor-animated-content\" href=\"https:\/\/faber-solartechnik.de\/wp-content\/uploads\/2023\/11\/Faber-Solar-Glesien-Schkeuditz-B-9-scaled.jpg\" data-elementor-open-lightbox=\"yes\" data-elementor-lightbox-slideshow=\"3d1a9cce\" data-e-action-hash=\"#elementor-action%3Aaction%3Dlightbox%26settings%3DeyJpZCI6NzMzNSwidXJsIjoiaHR0cHM6XC9cL2ZhYmVyLXNvbGFydGVjaG5pay5kZVwvd3AtY29udGVudFwvdXBsb2Fkc1wvMjAyM1wvMTFcL0ZhYmVyLVNvbGFyLUdsZXNpZW4tU2Noa2V1ZGl0ei1CLTktc2NhbGVkLmpwZyIsInNsaWRlc2hvdyI6IjNkMWE5Y2NlIn0%3D\">\n\t\t\t\t\t<div class=\"e-gallery-image elementor-gallery-item__image\" data-thumbnail=\"https:\/\/faber-solartechnik.de\/wp-content\/uploads\/2023\/11\/Faber-Solar-Glesien-Schkeuditz-B-9-300x225.jpg\" data-width=\"300\" data-height=\"225\" aria-label=\"\" role=\"img\" ><\/div>\n\t\t\t\t\t\t\t\t\t\t\t<div class=\"elementor-gallery-item__overlay\"><\/div>\n\t\t\t\t\t\t\t\t\t\t\t\t\t\t<\/a>\n\t\t\t\t\t\t\t<a class=\"e-gallery-item elementor-gallery-item elementor-animated-content\" href=\"https:\/\/faber-solartechnik.de\/wp-content\/uploads\/2023\/11\/Faber-Solar-Glesien-Schkeuditz-B-1-scaled.jpg\" data-elementor-open-lightbox=\"yes\" data-elementor-lightbox-slideshow=\"3d1a9cce\" data-e-action-hash=\"#elementor-action%3Aaction%3Dlightbox%26settings%3DeyJpZCI6NzM0NCwidXJsIjoiaHR0cHM6XC9cL2ZhYmVyLXNvbGFydGVjaG5pay5kZVwvd3AtY29udGVudFwvdXBsb2Fkc1wvMjAyM1wvMTFcL0ZhYmVyLVNvbGFyLUdsZXNpZW4tU2Noa2V1ZGl0ei1CLTEtc2NhbGVkLmpwZyIsInNsaWRlc2hvdyI6IjNkMWE5Y2NlIn0%3D\">\n\t\t\t\t\t<div class=\"e-gallery-image elementor-gallery-item__image\" data-thumbnail=\"https:\/\/faber-solartechnik.de\/wp-content\/uploads\/2023\/11\/Faber-Solar-Glesien-Schkeuditz-B-1-300x225.jpg\" data-width=\"300\" data-height=\"225\" aria-label=\"\" role=\"img\" ><\/div>\n\t\t\t\t\t\t\t\t\t\t\t<div class=\"elementor-gallery-item__overlay\"><\/div>\n\t\t\t\t\t\t\t\t\t\t\t\t\t\t<\/a>\n\t\t\t\t\t\t\t<a class=\"e-gallery-item elementor-gallery-item elementor-animated-content\" href=\"https:\/\/faber-solartechnik.de\/wp-content\/uploads\/2023\/11\/Faber-Solar-Glesien-Schkeuditz-B-6-scaled.jpg\" data-elementor-open-lightbox=\"yes\" data-elementor-lightbox-slideshow=\"3d1a9cce\" data-e-action-hash=\"#elementor-action%3Aaction%3Dlightbox%26settings%3DeyJpZCI6NzMzOCwidXJsIjoiaHR0cHM6XC9cL2ZhYmVyLXNvbGFydGVjaG5pay5kZVwvd3AtY29udGVudFwvdXBsb2Fkc1wvMjAyM1wvMTFcL0ZhYmVyLVNvbGFyLUdsZXNpZW4tU2Noa2V1ZGl0ei1CLTYtc2NhbGVkLmpwZyIsInNsaWRlc2hvdyI6IjNkMWE5Y2NlIn0%3D\">\n\t\t\t\t\t<div class=\"e-gallery-image elementor-gallery-item__image\" data-thumbnail=\"https:\/\/faber-solartechnik.de\/wp-content\/uploads\/2023\/11\/Faber-Solar-Glesien-Schkeuditz-B-6-300x225.jpg\" data-width=\"300\" data-height=\"225\" aria-label=\"\" role=\"img\" ><\/div>\n\t\t\t\t\t\t\t\t\t\t\t<div class=\"elementor-gallery-item__overlay\"><\/div>\n\t\t\t\t\t\t\t\t\t\t\t\t\t\t<\/a>\n\t\t\t\t\t<\/div>\n\t\t\t\t\t<\/div>\n\t\t\t\t<\/div>\n\t\t\t\t\t<\/div>\n\t\t<\/div>\n\t\t\t\t\t<\/div>\n\t\t<\/section>\n\t\t\t\t<\/div>\n\t\t\t\t\t\t<\/div>\n\t\t\t\t<\/div>\n\t\t\t\t<div class=\"elementor-element elementor-element-b294ae0 e-transform e-transform elementor-align-right elementor-absolute elementor-invisible elementor-widget elementor-widget-button\" data-id=\"b294ae0\" data-element_type=\"widget\" data-e-type=\"widget\" data-settings=\"{&quot;_transform_translateX_effect_hover&quot;:{&quot;unit&quot;:&quot;px&quot;,&quot;size&quot;:-10,&quot;sizes&quot;:[]},&quot;_animation&quot;:&quot;fadeInUp&quot;,&quot;_animation_delay&quot;:1000,&quot;_position&quot;:&quot;absolute&quot;,&quot;_transform_translateX_effect&quot;:{&quot;unit&quot;:&quot;px&quot;,&quot;size&quot;:&quot;&quot;,&quot;sizes&quot;:[]},&quot;_transform_translateX_effect_laptop&quot;:{&quot;unit&quot;:&quot;px&quot;,&quot;size&quot;:&quot;&quot;,&quot;sizes&quot;:[]},&quot;_transform_translateX_effect_tablet_extra&quot;:{&quot;unit&quot;:&quot;px&quot;,&quot;size&quot;:&quot;&quot;,&quot;sizes&quot;:[]},&quot;_transform_translateX_effect_tablet&quot;:{&quot;unit&quot;:&quot;px&quot;,&quot;size&quot;:&quot;&quot;,&quot;sizes&quot;:[]},&quot;_transform_translateX_effect_mobile&quot;:{&quot;unit&quot;:&quot;px&quot;,&quot;size&quot;:&quot;&quot;,&quot;sizes&quot;:[]},&quot;_transform_translateY_effect&quot;:{&quot;unit&quot;:&quot;px&quot;,&quot;size&quot;:&quot;&quot;,&quot;sizes&quot;:[]},&quot;_transform_translateY_effect_laptop&quot;:{&quot;unit&quot;:&quot;px&quot;,&quot;size&quot;:&quot;&quot;,&quot;sizes&quot;:[]},&quot;_transform_translateY_effect_tablet_extra&quot;:{&quot;unit&quot;:&quot;px&quot;,&quot;size&quot;:&quot;&quot;,&quot;sizes&quot;:[]},&quot;_transform_translateY_effect_tablet&quot;:{&quot;unit&quot;:&quot;px&quot;,&quot;size&quot;:&quot;&quot;,&quot;sizes&quot;:[]},&quot;_transform_translateY_effect_mobile&quot;:{&quot;unit&quot;:&quot;px&quot;,&quot;size&quot;:&quot;&quot;,&quot;sizes&quot;:[]},&quot;_transform_translateX_effect_hover_laptop&quot;:{&quot;unit&quot;:&quot;px&quot;,&quot;size&quot;:&quot;&quot;,&quot;sizes&quot;:[]},&quot;_transform_translateX_effect_hover_tablet_extra&quot;:{&quot;unit&quot;:&quot;px&quot;,&quot;size&quot;:&quot;&quot;,&quot;sizes&quot;:[]},&quot;_transform_translateX_effect_hover_tablet&quot;:{&quot;unit&quot;:&quot;px&quot;,&quot;size&quot;:&quot;&quot;,&quot;sizes&quot;:[]},&quot;_transform_translateX_effect_hover_mobile&quot;:{&quot;unit&quot;:&quot;px&quot;,&quot;size&quot;:&quot;&quot;,&quot;sizes&quot;:[]},&quot;_transform_translateY_effect_hover&quot;:{&quot;unit&quot;:&quot;px&quot;,&quot;size&quot;:&quot;&quot;,&quot;sizes&quot;:[]},&quot;_transform_translateY_effect_hover_laptop&quot;:{&quot;unit&quot;:&quot;px&quot;,&quot;size&quot;:&quot;&quot;,&quot;sizes&quot;:[]},&quot;_transform_translateY_effect_hover_tablet_extra&quot;:{&quot;unit&quot;:&quot;px&quot;,&quot;size&quot;:&quot;&quot;,&quot;sizes&quot;:[]},&quot;_transform_translateY_effect_hover_tablet&quot;:{&quot;unit&quot;:&quot;px&quot;,&quot;size&quot;:&quot;&quot;,&quot;sizes&quot;:[]},&quot;_transform_translateY_effect_hover_mobile&quot;:{&quot;unit&quot;:&quot;px&quot;,&quot;size&quot;:&quot;&quot;,&quot;sizes&quot;:[]}}\" data-widget_type=\"button.default\">\n\t\t\t\t<div class=\"elementor-widget-container\">\n\t\t\t\t\t\t\t\t\t<div class=\"elementor-button-wrapper\">\n\t\t\t\t\t<a class=\"elementor-button elementor-button-link elementor-size-xs\" href=\"https:\/\/faber-solartechnik.de\/en\/projekte\/schkeuditz\/\" target=\"_blank\">\n\t\t\t\t\t\t<span class=\"elementor-button-content-wrapper\">\n\t\t\t\t\t\t<span class=\"elementor-button-icon\">\n\t\t\t\t<i aria-hidden=\"true\" class=\"far fa-window-restore\"><\/i>\t\t\t<\/span>\n\t\t\t\t\t\t\t\t\t<span class=\"elementor-button-text\">Projekt in neuem Tab \u00f6ffnen<\/span>\n\t\t\t\t\t<\/span>\n\t\t\t\t\t<\/a>\n\t\t\t\t<\/div>\n\t\t\t\t\t\t\t\t<\/div>\n\t\t\t\t<\/div>\n\t\t\t\t\t<\/div>\n\t\t<\/div>\n\t\t\t\t\t<\/div>\n\t\t<\/section>\n\t\t\t\t<\/div>\n\t\t\t\t\t\t\t<\/div>\n\t\t\t\t\t\t\t\t<\/div>\n\t\t<\/div>\n\t\t\t\t\t\t<\/div>\n\t\t\t\t<\/div>\n\t\t\t\t\t<\/div>\n\t\t<\/div>\n\t\t\t\t\t<\/div>\n\t\t<\/section>\n\t\t\t\t<div class=\"elementor-element elementor-element-d621d6e elementor-hidden-mobile elementor-hidden-desktop elementor-hidden-tablet eae-pop-btn-type-text elementor-widget elementor-widget-wts-modal-popup\" data-id=\"d621d6e\" data-element_type=\"widget\" data-e-type=\"widget\" data-widget_type=\"wts-modal-popup.default\">\n\t\t\t\t<div class=\"elementor-widget-container\">\n\t\t\t\t\t\t\t<div class=\"eae-popup-wrapper eae-popup-eae-pupup-item-2060897940\" data-id=\"eae-pupup-item-2060897940\" data-preview-modal=\"\" data-close-button-type=\"icon\" data-close-btn=\"fas fa-times\" data-close-in-out=\"true\" data-effect=\"zoom-in\">\n\t\t\t<a class=\"eae-popup-link icon-position-before\"\n\t\t\tdata-id=\"eae-pupup-item-2060897940\" data-ctrl-id=\"d621d6e\" href=\"#eae-pupup-item-2060897940\">\n\t\t\t\t\t\t\t\t\t\t\t\t\t\t<span class=\"eae-popup-btn-icon\">\n\t\t\t\t\t\t<i aria-hidden=\"true\" class=\"fas fa-arrow-right\"><\/i>\t\t\t\t\t<\/span>\n\t\t\t\t\t\t\t\t\t\t\t\t<span class=\"eae-popup-btn-text\">\n\t\t\t\t\t\t\t\u00d6ffnen\t\t\t\t\t\t<\/span>\n\t\t\t\t\t\t\t\t\t\t\t\t\t<\/a>\n\t\t<\/div>\n\n\t\t<div id=\"eae-pupup-item-2060897940\" class=\"eae-popup-eae-pupup-item-2060897940 mfp-hide eae-popup-container\">\n\t\t\t<input class=\"eae-hidden-post-id\" type=\"hidden\" name=\"eae_hidden_post_id\" data-id=\"eae-pupup-item-2060897940\" value=\"0\" \/>\n\t\t\t<div class=\"eae-popup-content\">\n\t\t\t\t\t\t\t\t\t<div class=\"eae-modal-content\">\n\t\t\t\t\t\t\t\t<div data-elementor-type=\"section\" data-elementor-id=\"4203\" class=\"elementor elementor-4203\" data-elementor-post-type=\"elementor_library\">\n\t\t\t\t\t<section class=\"elementor-section elementor-top-section elementor-element elementor-element-76665b6d elementor-section-full_width elementor-section-height-min-height elementor-section-items-stretch elementor-section-height-default\" data-id=\"76665b6d\" data-element_type=\"section\" data-e-type=\"section\">\n\t\t\t\t\t\t<div class=\"elementor-container elementor-column-gap-default\">\n\t\t\t\t\t<div class=\"elementor-column elementor-col-50 elementor-top-column elementor-element elementor-element-27f77bf4\" data-id=\"27f77bf4\" data-element_type=\"column\" data-e-type=\"column\">\n\t\t\t<div class=\"elementor-widget-wrap elementor-element-populated\">\n\t\t\t\t\t\t<div class=\"elementor-element elementor-element-2c72871 shadow runde-ecken elementor-widget elementor-widget-image\" data-id=\"2c72871\" data-element_type=\"widget\" data-e-type=\"widget\" data-widget_type=\"image.default\">\n\t\t\t\t<div class=\"elementor-widget-container\">\n\t\t\t\t\t\t\t\t\t\t\t\t\t\t\t\t<a href=\"https:\/\/faber-solartechnik.de\/wp-content\/uploads\/2023\/11\/Faber-Solar-Glesien-Schkeuditz-B-3-scaled.jpg\" data-elementor-open-lightbox=\"yes\" data-e-action-hash=\"#elementor-action%3Aaction%3Dlightbox%26settings%3DeyJpZCI6NzM0MSwidXJsIjoiaHR0cHM6XC9cL2ZhYmVyLXNvbGFydGVjaG5pay5kZVwvd3AtY29udGVudFwvdXBsb2Fkc1wvMjAyM1wvMTFcL0ZhYmVyLVNvbGFyLUdsZXNpZW4tU2Noa2V1ZGl0ei1CLTMtc2NhbGVkLmpwZyJ9\">\n\t\t\t\t\t\t\t<img loading=\"lazy\" decoding=\"async\" width=\"768\" height=\"576\" src=\"https:\/\/faber-solartechnik.de\/wp-content\/uploads\/2023\/11\/Faber-Solar-Glesien-Schkeuditz-B-3-768x576.jpg\" class=\"attachment-medium_large size-medium_large wp-image-7341\" alt=\"\" srcset=\"https:\/\/faber-solartechnik.de\/wp-content\/uploads\/2023\/11\/Faber-Solar-Glesien-Schkeuditz-B-3-768x576.jpg 768w, https:\/\/faber-solartechnik.de\/wp-content\/uploads\/2023\/11\/Faber-Solar-Glesien-Schkeuditz-B-3-300x225.jpg 300w, https:\/\/faber-solartechnik.de\/wp-content\/uploads\/2023\/11\/Faber-Solar-Glesien-Schkeuditz-B-3-1024x768.jpg 1024w, https:\/\/faber-solartechnik.de\/wp-content\/uploads\/2023\/11\/Faber-Solar-Glesien-Schkeuditz-B-3-1536x1152.jpg 1536w, https:\/\/faber-solartechnik.de\/wp-content\/uploads\/2023\/11\/Faber-Solar-Glesien-Schkeuditz-B-3-2048x1536.jpg 2048w, https:\/\/faber-solartechnik.de\/wp-content\/uploads\/2023\/11\/Faber-Solar-Glesien-Schkeuditz-B-3-16x12.jpg 16w\" sizes=\"(max-width: 768px) 100vw, 768px\" \/>\t\t\t\t\t\t\t\t<\/a>\n\t\t\t\t\t\t\t\t\t\t\t\t\t\t\t<\/div>\n\t\t\t\t<\/div>\n\t\t\t\t\t<\/div>\n\t\t<\/div>\n\t\t\t\t<div class=\"elementor-column elementor-col-50 elementor-top-column elementor-element elementor-element-329a626d\" data-id=\"329a626d\" data-element_type=\"column\" data-e-type=\"column\">\n\t\t\t<div class=\"elementor-widget-wrap elementor-element-populated\">\n\t\t\t\t\t\t<div class=\"elementor-element elementor-element-bf7ede2 elementor-widget elementor-widget-heading\" data-id=\"bf7ede2\" data-element_type=\"widget\" data-e-type=\"widget\" data-widget_type=\"heading.default\">\n\t\t\t\t<div class=\"elementor-widget-container\">\n\t\t\t\t\t<h3 class=\"elementor-heading-title elementor-size-default\">Schkeuditz<\/h3>\t\t\t\t<\/div>\n\t\t\t\t<\/div>\n\t\t\t\t<div class=\"elementor-element elementor-element-678b441 elementor-widget-divider--view-line elementor-widget elementor-widget-divider\" data-id=\"678b441\" data-element_type=\"widget\" data-e-type=\"widget\" data-widget_type=\"divider.default\">\n\t\t\t\t<div class=\"elementor-widget-container\">\n\t\t\t\t\t\t\t<div class=\"elementor-divider\">\n\t\t\t<span class=\"elementor-divider-separator\">\n\t\t\t\t\t\t<\/span>\n\t\t<\/div>\n\t\t\t\t\t\t<\/div>\n\t\t\t\t<\/div>\n\t\t\t\t<div class=\"elementor-element elementor-element-18e98f7 elementor-widget elementor-widget-theme-post-content\" data-id=\"18e98f7\" data-element_type=\"widget\" data-e-type=\"widget\" data-widget_type=\"theme-post-content.default\">\n\t\t\t\t<div class=\"elementor-widget-container\">\n\t\t\t\t\t\t\t<div data-elementor-type=\"wp-post\" data-elementor-id=\"7453\" class=\"elementor elementor-7453\" data-elementor-post-type=\"post\">\n\t\t\t\t\t\t<section class=\"elementor-section elementor-top-section elementor-element elementor-element-7fa212a4 elementor-section-boxed elementor-section-height-default elementor-section-height-default\" data-id=\"7fa212a4\" data-element_type=\"section\" data-e-type=\"section\">\n\t\t\t\t\t\t<div class=\"elementor-container elementor-column-gap-default\">\n\t\t\t\t\t<div class=\"elementor-column elementor-col-100 elementor-top-column elementor-element elementor-element-6ebd92f9\" data-id=\"6ebd92f9\" data-element_type=\"column\" data-e-type=\"column\">\n\t\t\t<div class=\"elementor-widget-wrap elementor-element-populated\">\n\t\t\t\t\t\t<div class=\"elementor-element elementor-element-96fb2a2 elementor-icon-list--layout-inline popup-pv-fakts elementor-list-item-link-full_width elementor-widget elementor-widget-icon-list\" data-id=\"96fb2a2\" data-element_type=\"widget\" data-e-type=\"widget\" data-widget_type=\"icon-list.default\">\n\t\t\t\t<div class=\"elementor-widget-container\">\n\t\t\t\t\t\t\t<ul class=\"elementor-icon-list-items elementor-inline-items\">\n\t\t\t\t\t\t\t<li class=\"elementor-icon-list-item elementor-inline-item\">\n\t\t\t\t\t\t\t\t\t\t\t<span class=\"elementor-icon-list-icon\">\n\t\t\t\t\t\t\t<i aria-hidden=\"true\" class=\"fas fa-sun\"><\/i>\t\t\t\t\t\t<\/span>\n\t\t\t\t\t\t\t\t\t\t<span class=\"elementor-icon-list-text\">1.400 kWp<\/span>\n\t\t\t\t\t\t\t\t\t<\/li>\n\t\t\t\t\t\t\t\t<li class=\"elementor-icon-list-item elementor-inline-item\">\n\t\t\t\t\t\t\t\t\t\t\t<span class=\"elementor-icon-list-icon\">\n\t\t\t\t\t\t\t<i aria-hidden=\"true\" class=\"fas fa-bolt\"><\/i>\t\t\t\t\t\t<\/span>\n\t\t\t\t\t\t\t\t\t\t<span class=\"elementor-icon-list-text\">1.355.182 kWh\/Jahr<\/span>\n\t\t\t\t\t\t\t\t\t<\/li>\n\t\t\t\t\t\t\t\t<li class=\"elementor-icon-list-item elementor-inline-item\">\n\t\t\t\t\t\t\t\t\t\t\t<span class=\"elementor-icon-list-icon\">\n\t\t\t\t\t\t\t<i aria-hidden=\"true\" class=\"fas fa-plug\"><\/i>\t\t\t\t\t\t<\/span>\n\t\t\t\t\t\t\t\t\t\t<span class=\"elementor-icon-list-text\">\u00dcberschuss<\/span>\n\t\t\t\t\t\t\t\t\t<\/li>\n\t\t\t\t\t\t\t\t<li class=\"elementor-icon-list-item elementor-inline-item\">\n\t\t\t\t\t\t\t\t\t\t\t<span class=\"elementor-icon-list-icon\">\n\t\t\t\t\t\t\t<i aria-hidden=\"true\" class=\"fas fa-tools\"><\/i>\t\t\t\t\t\t<\/span>\n\t\t\t\t\t\t\t\t\t\t<span class=\"elementor-icon-list-text\">Aufgest\u00e4ndert<\/span>\n\t\t\t\t\t\t\t\t\t<\/li>\n\t\t\t\t\t\t\t\t<li class=\"elementor-icon-list-item elementor-inline-item\">\n\t\t\t\t\t\t\t\t\t\t\t<span class=\"elementor-icon-list-icon\">\n\t\t\t\t\t\t\t<i aria-hidden=\"true\" class=\"fas fa-map-marker-alt\"><\/i>\t\t\t\t\t\t<\/span>\n\t\t\t\t\t\t\t\t\t\t<span class=\"elementor-icon-list-text\">Sachsen<\/span>\n\t\t\t\t\t\t\t\t\t<\/li>\n\t\t\t\t\t\t<\/ul>\n\t\t\t\t\t\t<\/div>\n\t\t\t\t<\/div>\n\t\t\t\t<div class=\"elementor-element elementor-element-3d1a9cce elementor-widget elementor-widget-gallery\" data-id=\"3d1a9cce\" data-element_type=\"widget\" data-e-type=\"widget\" data-settings=\"{&quot;gallery_layout&quot;:&quot;grid&quot;,&quot;columns&quot;:4,&quot;columns_tablet&quot;:2,&quot;columns_mobile&quot;:1,&quot;gap&quot;:{&quot;unit&quot;:&quot;px&quot;,&quot;size&quot;:10,&quot;sizes&quot;:[]},&quot;gap_laptop&quot;:{&quot;unit&quot;:&quot;px&quot;,&quot;size&quot;:10,&quot;sizes&quot;:[]},&quot;gap_tablet_extra&quot;:{&quot;unit&quot;:&quot;px&quot;,&quot;size&quot;:10,&quot;sizes&quot;:[]},&quot;gap_tablet&quot;:{&quot;unit&quot;:&quot;px&quot;,&quot;size&quot;:10,&quot;sizes&quot;:[]},&quot;gap_mobile&quot;:{&quot;unit&quot;:&quot;px&quot;,&quot;size&quot;:10,&quot;sizes&quot;:[]},&quot;link_to&quot;:&quot;file&quot;,&quot;aspect_ratio&quot;:&quot;3:2&quot;,&quot;overlay_background&quot;:&quot;yes&quot;,&quot;content_hover_animation&quot;:&quot;fade-in&quot;}\" data-widget_type=\"gallery.default\">\n\t\t\t\t<div class=\"elementor-widget-container\">\n\t\t\t\t\t\t\t<div class=\"elementor-gallery__container\">\n\t\t\t\t\t\t\t<a class=\"e-gallery-item elementor-gallery-item elementor-animated-content\" href=\"https:\/\/faber-solartechnik.de\/wp-content\/uploads\/2023\/11\/Faber-Solar-Glesien-Schkeuditz-A-11-scaled.jpg\" data-elementor-open-lightbox=\"yes\" data-elementor-lightbox-slideshow=\"3d1a9cce\" data-e-action-hash=\"#elementor-action%3Aaction%3Dlightbox%26settings%3DeyJpZCI6NzM1NCwidXJsIjoiaHR0cHM6XC9cL2ZhYmVyLXNvbGFydGVjaG5pay5kZVwvd3AtY29udGVudFwvdXBsb2Fkc1wvMjAyM1wvMTFcL0ZhYmVyLVNvbGFyLUdsZXNpZW4tU2Noa2V1ZGl0ei1BLTExLXNjYWxlZC5qcGciLCJzbGlkZXNob3ciOiIzZDFhOWNjZSJ9\">\n\t\t\t\t\t<div class=\"e-gallery-image elementor-gallery-item__image\" data-thumbnail=\"https:\/\/faber-solartechnik.de\/wp-content\/uploads\/2023\/11\/Faber-Solar-Glesien-Schkeuditz-A-11-300x225.jpg\" data-width=\"300\" data-height=\"225\" aria-label=\"\" role=\"img\" ><\/div>\n\t\t\t\t\t\t\t\t\t\t\t<div class=\"elementor-gallery-item__overlay\"><\/div>\n\t\t\t\t\t\t\t\t\t\t\t\t\t\t<\/a>\n\t\t\t\t\t\t\t<a class=\"e-gallery-item elementor-gallery-item elementor-animated-content\" href=\"https:\/\/faber-solartechnik.de\/wp-content\/uploads\/2023\/11\/Faber-Solar-Glesien-Schkeuditz-A-9-scaled.jpg\" data-elementor-open-lightbox=\"yes\" data-elementor-lightbox-slideshow=\"3d1a9cce\" data-e-action-hash=\"#elementor-action%3Aaction%3Dlightbox%26settings%3DeyJpZCI6NzM0NSwidXJsIjoiaHR0cHM6XC9cL2ZhYmVyLXNvbGFydGVjaG5pay5kZVwvd3AtY29udGVudFwvdXBsb2Fkc1wvMjAyM1wvMTFcL0ZhYmVyLVNvbGFyLUdsZXNpZW4tU2Noa2V1ZGl0ei1BLTktc2NhbGVkLmpwZyIsInNsaWRlc2hvdyI6IjNkMWE5Y2NlIn0%3D\">\n\t\t\t\t\t<div class=\"e-gallery-image elementor-gallery-item__image\" data-thumbnail=\"https:\/\/faber-solartechnik.de\/wp-content\/uploads\/2023\/11\/Faber-Solar-Glesien-Schkeuditz-A-9-300x225.jpg\" data-width=\"300\" data-height=\"225\" aria-label=\"\" role=\"img\" ><\/div>\n\t\t\t\t\t\t\t\t\t\t\t<div class=\"elementor-gallery-item__overlay\"><\/div>\n\t\t\t\t\t\t\t\t\t\t\t\t\t\t<\/a>\n\t\t\t\t\t\t\t<a class=\"e-gallery-item elementor-gallery-item elementor-animated-content\" href=\"https:\/\/faber-solartechnik.de\/wp-content\/uploads\/2023\/11\/Faber-Solar-Glesien-Schkeuditz-A-6-scaled.jpg\" data-elementor-open-lightbox=\"yes\" data-elementor-lightbox-slideshow=\"3d1a9cce\" data-e-action-hash=\"#elementor-action%3Aaction%3Dlightbox%26settings%3DeyJpZCI6NzM0OCwidXJsIjoiaHR0cHM6XC9cL2ZhYmVyLXNvbGFydGVjaG5pay5kZVwvd3AtY29udGVudFwvdXBsb2Fkc1wvMjAyM1wvMTFcL0ZhYmVyLVNvbGFyLUdsZXNpZW4tU2Noa2V1ZGl0ei1BLTYtc2NhbGVkLmpwZyIsInNsaWRlc2hvdyI6IjNkMWE5Y2NlIn0%3D\">\n\t\t\t\t\t<div class=\"e-gallery-image elementor-gallery-item__image\" data-thumbnail=\"https:\/\/faber-solartechnik.de\/wp-content\/uploads\/2023\/11\/Faber-Solar-Glesien-Schkeuditz-A-6-300x225.jpg\" data-width=\"300\" data-height=\"225\" aria-label=\"\" role=\"img\" ><\/div>\n\t\t\t\t\t\t\t\t\t\t\t<div class=\"elementor-gallery-item__overlay\"><\/div>\n\t\t\t\t\t\t\t\t\t\t\t\t\t\t<\/a>\n\t\t\t\t\t\t\t<a class=\"e-gallery-item elementor-gallery-item elementor-animated-content\" href=\"https:\/\/faber-solartechnik.de\/wp-content\/uploads\/2023\/11\/Faber-Solar-Glesien-Schkeuditz-A-7-scaled.jpg\" data-elementor-open-lightbox=\"yes\" data-elementor-lightbox-slideshow=\"3d1a9cce\" data-e-action-hash=\"#elementor-action%3Aaction%3Dlightbox%26settings%3DeyJpZCI6NzM0NywidXJsIjoiaHR0cHM6XC9cL2ZhYmVyLXNvbGFydGVjaG5pay5kZVwvd3AtY29udGVudFwvdXBsb2Fkc1wvMjAyM1wvMTFcL0ZhYmVyLVNvbGFyLUdsZXNpZW4tU2Noa2V1ZGl0ei1BLTctc2NhbGVkLmpwZyIsInNsaWRlc2hvdyI6IjNkMWE5Y2NlIn0%3D\">\n\t\t\t\t\t<div class=\"e-gallery-image elementor-gallery-item__image\" data-thumbnail=\"https:\/\/faber-solartechnik.de\/wp-content\/uploads\/2023\/11\/Faber-Solar-Glesien-Schkeuditz-A-7-300x225.jpg\" data-width=\"300\" data-height=\"225\" aria-label=\"\" role=\"img\" ><\/div>\n\t\t\t\t\t\t\t\t\t\t\t<div class=\"elementor-gallery-item__overlay\"><\/div>\n\t\t\t\t\t\t\t\t\t\t\t\t\t\t<\/a>\n\t\t\t\t\t\t\t<a class=\"e-gallery-item elementor-gallery-item elementor-animated-content\" href=\"https:\/\/faber-solartechnik.de\/wp-content\/uploads\/2023\/11\/Faber-Solar-Glesien-Schkeuditz-B-5-scaled.jpg\" data-elementor-open-lightbox=\"yes\" data-elementor-lightbox-slideshow=\"3d1a9cce\" data-e-action-hash=\"#elementor-action%3Aaction%3Dlightbox%26settings%3DeyJpZCI6NzMzOSwidXJsIjoiaHR0cHM6XC9cL2ZhYmVyLXNvbGFydGVjaG5pay5kZVwvd3AtY29udGVudFwvdXBsb2Fkc1wvMjAyM1wvMTFcL0ZhYmVyLVNvbGFyLUdsZXNpZW4tU2Noa2V1ZGl0ei1CLTUtc2NhbGVkLmpwZyIsInNsaWRlc2hvdyI6IjNkMWE5Y2NlIn0%3D\">\n\t\t\t\t\t<div class=\"e-gallery-image elementor-gallery-item__image\" data-thumbnail=\"https:\/\/faber-solartechnik.de\/wp-content\/uploads\/2023\/11\/Faber-Solar-Glesien-Schkeuditz-B-5-300x225.jpg\" data-width=\"300\" data-height=\"225\" aria-label=\"\" role=\"img\" ><\/div>\n\t\t\t\t\t\t\t\t\t\t\t<div class=\"elementor-gallery-item__overlay\"><\/div>\n\t\t\t\t\t\t\t\t\t\t\t\t\t\t<\/a>\n\t\t\t\t\t\t\t<a class=\"e-gallery-item elementor-gallery-item elementor-animated-content\" href=\"https:\/\/faber-solartechnik.de\/wp-content\/uploads\/2023\/11\/Faber-Solar-Glesien-Schkeuditz-B-9-scaled.jpg\" data-elementor-open-lightbox=\"yes\" data-elementor-lightbox-slideshow=\"3d1a9cce\" data-e-action-hash=\"#elementor-action%3Aaction%3Dlightbox%26settings%3DeyJpZCI6NzMzNSwidXJsIjoiaHR0cHM6XC9cL2ZhYmVyLXNvbGFydGVjaG5pay5kZVwvd3AtY29udGVudFwvdXBsb2Fkc1wvMjAyM1wvMTFcL0ZhYmVyLVNvbGFyLUdsZXNpZW4tU2Noa2V1ZGl0ei1CLTktc2NhbGVkLmpwZyIsInNsaWRlc2hvdyI6IjNkMWE5Y2NlIn0%3D\">\n\t\t\t\t\t<div class=\"e-gallery-image elementor-gallery-item__image\" data-thumbnail=\"https:\/\/faber-solartechnik.de\/wp-content\/uploads\/2023\/11\/Faber-Solar-Glesien-Schkeuditz-B-9-300x225.jpg\" data-width=\"300\" data-height=\"225\" aria-label=\"\" role=\"img\" ><\/div>\n\t\t\t\t\t\t\t\t\t\t\t<div class=\"elementor-gallery-item__overlay\"><\/div>\n\t\t\t\t\t\t\t\t\t\t\t\t\t\t<\/a>\n\t\t\t\t\t\t\t<a class=\"e-gallery-item elementor-gallery-item elementor-animated-content\" href=\"https:\/\/faber-solartechnik.de\/wp-content\/uploads\/2023\/11\/Faber-Solar-Glesien-Schkeuditz-B-1-scaled.jpg\" data-elementor-open-lightbox=\"yes\" data-elementor-lightbox-slideshow=\"3d1a9cce\" data-e-action-hash=\"#elementor-action%3Aaction%3Dlightbox%26settings%3DeyJpZCI6NzM0NCwidXJsIjoiaHR0cHM6XC9cL2ZhYmVyLXNvbGFydGVjaG5pay5kZVwvd3AtY29udGVudFwvdXBsb2Fkc1wvMjAyM1wvMTFcL0ZhYmVyLVNvbGFyLUdsZXNpZW4tU2Noa2V1ZGl0ei1CLTEtc2NhbGVkLmpwZyIsInNsaWRlc2hvdyI6IjNkMWE5Y2NlIn0%3D\">\n\t\t\t\t\t<div class=\"e-gallery-image elementor-gallery-item__image\" data-thumbnail=\"https:\/\/faber-solartechnik.de\/wp-content\/uploads\/2023\/11\/Faber-Solar-Glesien-Schkeuditz-B-1-300x225.jpg\" data-width=\"300\" data-height=\"225\" aria-label=\"\" role=\"img\" ><\/div>\n\t\t\t\t\t\t\t\t\t\t\t<div class=\"elementor-gallery-item__overlay\"><\/div>\n\t\t\t\t\t\t\t\t\t\t\t\t\t\t<\/a>\n\t\t\t\t\t\t\t<a class=\"e-gallery-item elementor-gallery-item elementor-animated-content\" href=\"https:\/\/faber-solartechnik.de\/wp-content\/uploads\/2023\/11\/Faber-Solar-Glesien-Schkeuditz-B-6-scaled.jpg\" data-elementor-open-lightbox=\"yes\" data-elementor-lightbox-slideshow=\"3d1a9cce\" data-e-action-hash=\"#elementor-action%3Aaction%3Dlightbox%26settings%3DeyJpZCI6NzMzOCwidXJsIjoiaHR0cHM6XC9cL2ZhYmVyLXNvbGFydGVjaG5pay5kZVwvd3AtY29udGVudFwvdXBsb2Fkc1wvMjAyM1wvMTFcL0ZhYmVyLVNvbGFyLUdsZXNpZW4tU2Noa2V1ZGl0ei1CLTYtc2NhbGVkLmpwZyIsInNsaWRlc2hvdyI6IjNkMWE5Y2NlIn0%3D\">\n\t\t\t\t\t<div class=\"e-gallery-image elementor-gallery-item__image\" data-thumbnail=\"https:\/\/faber-solartechnik.de\/wp-content\/uploads\/2023\/11\/Faber-Solar-Glesien-Schkeuditz-B-6-300x225.jpg\" data-width=\"300\" data-height=\"225\" aria-label=\"\" role=\"img\" ><\/div>\n\t\t\t\t\t\t\t\t\t\t\t<div class=\"elementor-gallery-item__overlay\"><\/div>\n\t\t\t\t\t\t\t\t\t\t\t\t\t\t<\/a>\n\t\t\t\t\t<\/div>\n\t\t\t\t\t<\/div>\n\t\t\t\t<\/div>\n\t\t\t\t\t<\/div>\n\t\t<\/div>\n\t\t\t\t\t<\/div>\n\t\t<\/section>\n\t\t\t\t<\/div>\n\t\t\t\t\t\t<\/div>\n\t\t\t\t<\/div>\n\t\t\t\t<div class=\"elementor-element elementor-element-b294ae0 e-transform e-transform elementor-align-right elementor-absolute elementor-invisible elementor-widget elementor-widget-button\" data-id=\"b294ae0\" data-element_type=\"widget\" data-e-type=\"widget\" data-settings=\"{&quot;_transform_translateX_effect_hover&quot;:{&quot;unit&quot;:&quot;px&quot;,&quot;size&quot;:-10,&quot;sizes&quot;:[]},&quot;_animation&quot;:&quot;fadeInUp&quot;,&quot;_animation_delay&quot;:1000,&quot;_position&quot;:&quot;absolute&quot;,&quot;_transform_translateX_effect&quot;:{&quot;unit&quot;:&quot;px&quot;,&quot;size&quot;:&quot;&quot;,&quot;sizes&quot;:[]},&quot;_transform_translateX_effect_laptop&quot;:{&quot;unit&quot;:&quot;px&quot;,&quot;size&quot;:&quot;&quot;,&quot;sizes&quot;:[]},&quot;_transform_translateX_effect_tablet_extra&quot;:{&quot;unit&quot;:&quot;px&quot;,&quot;size&quot;:&quot;&quot;,&quot;sizes&quot;:[]},&quot;_transform_translateX_effect_tablet&quot;:{&quot;unit&quot;:&quot;px&quot;,&quot;size&quot;:&quot;&quot;,&quot;sizes&quot;:[]},&quot;_transform_translateX_effect_mobile&quot;:{&quot;unit&quot;:&quot;px&quot;,&quot;size&quot;:&quot;&quot;,&quot;sizes&quot;:[]},&quot;_transform_translateY_effect&quot;:{&quot;unit&quot;:&quot;px&quot;,&quot;size&quot;:&quot;&quot;,&quot;sizes&quot;:[]},&quot;_transform_translateY_effect_laptop&quot;:{&quot;unit&quot;:&quot;px&quot;,&quot;size&quot;:&quot;&quot;,&quot;sizes&quot;:[]},&quot;_transform_translateY_effect_tablet_extra&quot;:{&quot;unit&quot;:&quot;px&quot;,&quot;size&quot;:&quot;&quot;,&quot;sizes&quot;:[]},&quot;_transform_translateY_effect_tablet&quot;:{&quot;unit&quot;:&quot;px&quot;,&quot;size&quot;:&quot;&quot;,&quot;sizes&quot;:[]},&quot;_transform_translateY_effect_mobile&quot;:{&quot;unit&quot;:&quot;px&quot;,&quot;size&quot;:&quot;&quot;,&quot;sizes&quot;:[]},&quot;_transform_translateX_effect_hover_laptop&quot;:{&quot;unit&quot;:&quot;px&quot;,&quot;size&quot;:&quot;&quot;,&quot;sizes&quot;:[]},&quot;_transform_translateX_effect_hover_tablet_extra&quot;:{&quot;unit&quot;:&quot;px&quot;,&quot;size&quot;:&quot;&quot;,&quot;sizes&quot;:[]},&quot;_transform_translateX_effect_hover_tablet&quot;:{&quot;unit&quot;:&quot;px&quot;,&quot;size&quot;:&quot;&quot;,&quot;sizes&quot;:[]},&quot;_transform_translateX_effect_hover_mobile&quot;:{&quot;unit&quot;:&quot;px&quot;,&quot;size&quot;:&quot;&quot;,&quot;sizes&quot;:[]},&quot;_transform_translateY_effect_hover&quot;:{&quot;unit&quot;:&quot;px&quot;,&quot;size&quot;:&quot;&quot;,&quot;sizes&quot;:[]},&quot;_transform_translateY_effect_hover_laptop&quot;:{&quot;unit&quot;:&quot;px&quot;,&quot;size&quot;:&quot;&quot;,&quot;sizes&quot;:[]},&quot;_transform_translateY_effect_hover_tablet_extra&quot;:{&quot;unit&quot;:&quot;px&quot;,&quot;size&quot;:&quot;&quot;,&quot;sizes&quot;:[]},&quot;_transform_translateY_effect_hover_tablet&quot;:{&quot;unit&quot;:&quot;px&quot;,&quot;size&quot;:&quot;&quot;,&quot;sizes&quot;:[]},&quot;_transform_translateY_effect_hover_mobile&quot;:{&quot;unit&quot;:&quot;px&quot;,&quot;size&quot;:&quot;&quot;,&quot;sizes&quot;:[]}}\" data-widget_type=\"button.default\">\n\t\t\t\t<div class=\"elementor-widget-container\">\n\t\t\t\t\t\t\t\t\t<div class=\"elementor-button-wrapper\">\n\t\t\t\t\t<a class=\"elementor-button elementor-button-link elementor-size-xs\" href=\"https:\/\/faber-solartechnik.de\/en\/projekte\/schkeuditz\/\" target=\"_blank\">\n\t\t\t\t\t\t<span class=\"elementor-button-content-wrapper\">\n\t\t\t\t\t\t<span class=\"elementor-button-icon\">\n\t\t\t\t<i aria-hidden=\"true\" class=\"far fa-window-restore\"><\/i>\t\t\t<\/span>\n\t\t\t\t\t\t\t\t\t<span class=\"elementor-button-text\">Projekt in neuem Tab \u00f6ffnen<\/span>\n\t\t\t\t\t<\/span>\n\t\t\t\t\t<\/a>\n\t\t\t\t<\/div>\n\t\t\t\t\t\t\t\t<\/div>\n\t\t\t\t<\/div>\n\t\t\t\t\t<\/div>\n\t\t<\/div>\n\t\t\t\t\t<\/div>\n\t\t<\/section>\n\t\t\t\t<\/div>\n\t\t\t\t\t\t\t<\/div>\n\t\t\t\t\t\t\t\t<\/div>\n\t\t<\/div>\n\t\t\t\t\t\t<\/div>\n\t\t\t\t<\/div>\n\t\t\t\t<div class=\"elementor-element elementor-element-15922a7 elementor-widget elementor-widget-button\" data-id=\"15922a7\" data-element_type=\"widget\" data-e-type=\"widget\" data-widget_type=\"button.default\">\n\t\t\t\t<div class=\"elementor-widget-container\">\n\t\t\t\t\t\t\t\t\t<div class=\"elementor-button-wrapper\">\n\t\t\t\t\t<a class=\"elementor-button elementor-button-link elementor-size-xs\" href=\"https:\/\/faber-solartechnik.de\/en\/projekte\/schkeuditz\/\" target=\"_blank\">\n\t\t\t\t\t\t<span class=\"elementor-button-content-wrapper\">\n\t\t\t\t\t\t<span class=\"elementor-button-icon\">\n\t\t\t\t<i aria-hidden=\"true\" class=\"fas fa-arrow-right\"><\/i>\t\t\t<\/span>\n\t\t\t\t\t\t\t\t\t<span class=\"elementor-button-text\">\u00d6ffnen<\/span>\n\t\t\t\t\t<\/span>\n\t\t\t\t\t<\/a>\n\t\t\t\t<\/div>\n\t\t\t\t\t\t\t\t<\/div>\n\t\t\t\t<\/div>\n\t\t\t\t\t<\/div>\n\t\t<\/div>\n\t\t\t\t\t<\/div>\n\t\t<\/section>\n\t\t\t\t<\/div>\n\t\t<style id=\"loop-dynamic-3527\">.e-loop-item-7444 .elementor-element.elementor-element-a252bde > .elementor-background-overlay{background-image:url(\"https:\/\/faber-solartechnik.de\/wp-content\/uploads\/2023\/11\/Faber-Solar-Dr-Butze-5-fav-scaled.jpg\");}<\/style>\t\t<div data-elementor-type=\"loop-item\" data-elementor-id=\"3527\" class=\"elementor elementor-3527 swiper-slide e-loop-item e-loop-item-7444 post-7444 post type-post status-publish format-standard has-post-thumbnail hentry category-projekte\" data-elementor-post-type=\"elementor_library\" role=\"group\" aria-roledescription=\"slide\" data-custom-edit-handle=\"1\">\n\t\t\t\t\t<section class=\"elementor-section elementor-top-section elementor-element elementor-element-a252bde elementor-section-height-min-height elementor-section-items-stretch loopnews runde-ecken elementor-section-boxed elementor-section-height-default\" data-id=\"a252bde\" data-element_type=\"section\" data-e-type=\"section\">\n\t\t\t\t\t\t\t<div class=\"elementor-background-overlay\"><\/div>\n\t\t\t\t\t\t\t<div class=\"elementor-container elementor-column-gap-no\">\n\t\t\t\t\t<div class=\"elementor-column elementor-col-100 elementor-top-column elementor-element elementor-element-6fcfada runde-ecken\" data-id=\"6fcfada\" data-element_type=\"column\" data-e-type=\"column\" data-settings=\"{&quot;background_background&quot;:&quot;classic&quot;}\">\n\t\t\t<div class=\"elementor-widget-wrap elementor-element-populated\">\n\t\t\t\t\t<div class=\"elementor-background-overlay\"><\/div>\n\t\t\t\t\t\t<section class=\"elementor-section elementor-inner-section elementor-element elementor-element-6604a6b elementor-section-boxed elementor-section-height-default elementor-section-height-default\" data-id=\"6604a6b\" data-element_type=\"section\" data-e-type=\"section\">\n\t\t\t\t\t\t<div class=\"elementor-container elementor-column-gap-no\">\n\t\t\t\t\t<div class=\"elementor-column elementor-col-100 elementor-inner-column elementor-element elementor-element-f098b0d\" data-id=\"f098b0d\" data-element_type=\"column\" data-e-type=\"column\">\n\t\t\t<div class=\"elementor-widget-wrap elementor-element-populated\">\n\t\t\t\t\t\t<div class=\"elementor-element elementor-element-1f94609 elementor-widget elementor-widget-post-info\" data-id=\"1f94609\" data-element_type=\"widget\" data-e-type=\"widget\" data-widget_type=\"post-info.default\">\n\t\t\t\t<div class=\"elementor-widget-container\">\n\t\t\t\t\t\t\t<ul class=\"elementor-inline-items elementor-icon-list-items elementor-post-info\">\n\t\t\t\t\t\t\t\t<li class=\"elementor-icon-list-item elementor-repeater-item-fb2fc86 elementor-inline-item\" itemprop=\"about\">\n\t\t\t\t\t\t\t\t\t\t\t\t\t<span class=\"elementor-icon-list-text elementor-post-info__item elementor-post-info__item--type-terms\">\n\t\t\t\t\t\t\t\t\t\t<span class=\"elementor-post-info__terms-list\">\n\t\t\t\t<a href=\"https:\/\/faber-solartechnik.de\/en\/.\/projekte\/\" class=\"elementor-post-info__terms-list-item\">Projekte<\/a>\t\t\t\t<\/span>\n\t\t\t\t\t<\/span>\n\t\t\t\t\t\t\t\t<\/li>\n\t\t\t\t<\/ul>\n\t\t\t\t\t\t<\/div>\n\t\t\t\t<\/div>\n\t\t\t\t<div class=\"elementor-element elementor-element-009b0cb elementor-widget elementor-widget-heading\" data-id=\"009b0cb\" data-element_type=\"widget\" data-e-type=\"widget\" data-widget_type=\"heading.default\">\n\t\t\t\t<div class=\"elementor-widget-container\">\n\t\t\t\t\t<h4 class=\"elementor-heading-title elementor-size-default\"><a href=\"https:\/\/faber-solartechnik.de\/en\/projekte\/kolkwitz\/\" target=\"_blank\">Kolkwitz<\/a><\/h4>\t\t\t\t<\/div>\n\t\t\t\t<\/div>\n\t\t\t\t<div class=\"elementor-element elementor-element-6321c9b elementor-hidden-mobile eae-pop-btn-align-left popupklicktitel elementor-hidden-desktop elementor-hidden-tablet eae-pop-btn-type-text elementor-widget elementor-widget-wts-modal-popup\" data-id=\"6321c9b\" data-element_type=\"widget\" data-e-type=\"widget\" data-widget_type=\"wts-modal-popup.default\">\n\t\t\t\t<div class=\"elementor-widget-container\">\n\t\t\t\t\t\t\t<div class=\"eae-popup-wrapper eae-popup-eae-pupup-item-925285113\" data-id=\"eae-pupup-item-925285113\" data-preview-modal=\"\" data-close-button-type=\"icon\" data-close-btn=\"fas fa-times\" data-close-in-out=\"true\" data-effect=\"zoom-in\">\n\t\t\t<a class=\"eae-popup-link icon-position-after\"\n\t\t\tdata-id=\"eae-pupup-item-925285113\" data-ctrl-id=\"6321c9b\" href=\"#eae-pupup-item-925285113\">\n\t\t\t\t\t\t\t\t\t\t\t\t\t\t\t<span class=\"eae-popup-btn-text\">\n\t\t\t\t\t\t\tKolkwitz\t\t\t\t\t\t<\/span>\n\t\t\t\t\t\t\t\t\t\t<span class=\"eae-popup-btn-icon\">\n\t\t\t\t\t\t\t\t\t\t\t<\/span>\n\t\t\t\t\t\t\t\t\t\t\t\t\t\t<\/a>\n\t\t<\/div>\n\n\t\t<div id=\"eae-pupup-item-925285113\" class=\"eae-popup-eae-pupup-item-925285113 mfp-hide eae-popup-container\">\n\t\t\t<input class=\"eae-hidden-post-id\" type=\"hidden\" name=\"eae_hidden_post_id\" data-id=\"eae-pupup-item-925285113\" value=\"0\" \/>\n\t\t\t<div class=\"eae-popup-content\">\n\t\t\t\t\t\t\t\t\t<div class=\"eae-modal-content\">\n\t\t\t\t\t\t\t\t<div data-elementor-type=\"section\" data-elementor-id=\"4203\" class=\"elementor elementor-4203\" data-elementor-post-type=\"elementor_library\">\n\t\t\t\t\t<section class=\"elementor-section elementor-top-section elementor-element elementor-element-76665b6d elementor-section-full_width elementor-section-height-min-height elementor-section-items-stretch elementor-section-height-default\" data-id=\"76665b6d\" data-element_type=\"section\" data-e-type=\"section\">\n\t\t\t\t\t\t<div class=\"elementor-container elementor-column-gap-default\">\n\t\t\t\t\t<div class=\"elementor-column elementor-col-50 elementor-top-column elementor-element elementor-element-27f77bf4\" data-id=\"27f77bf4\" data-element_type=\"column\" data-e-type=\"column\">\n\t\t\t<div class=\"elementor-widget-wrap elementor-element-populated\">\n\t\t\t\t\t\t<div class=\"elementor-element elementor-element-2c72871 shadow runde-ecken elementor-widget elementor-widget-image\" data-id=\"2c72871\" data-element_type=\"widget\" data-e-type=\"widget\" data-widget_type=\"image.default\">\n\t\t\t\t<div class=\"elementor-widget-container\">\n\t\t\t\t\t\t\t\t\t\t\t\t\t\t\t\t<a href=\"https:\/\/faber-solartechnik.de\/wp-content\/uploads\/2023\/11\/Faber-Solar-Dr-Butze-5-fav-scaled.jpg\" data-elementor-open-lightbox=\"yes\" data-e-action-hash=\"#elementor-action%3Aaction%3Dlightbox%26settings%3DeyJpZCI6NzMyNiwidXJsIjoiaHR0cHM6XC9cL2ZhYmVyLXNvbGFydGVjaG5pay5kZVwvd3AtY29udGVudFwvdXBsb2Fkc1wvMjAyM1wvMTFcL0ZhYmVyLVNvbGFyLURyLUJ1dHplLTUtZmF2LXNjYWxlZC5qcGcifQ%3D%3D\">\n\t\t\t\t\t\t\t<img loading=\"lazy\" decoding=\"async\" width=\"768\" height=\"432\" src=\"https:\/\/faber-solartechnik.de\/wp-content\/uploads\/2023\/11\/Faber-Solar-Dr-Butze-5-fav-768x432.jpg\" class=\"attachment-medium_large size-medium_large wp-image-7326\" alt=\"\" srcset=\"https:\/\/faber-solartechnik.de\/wp-content\/uploads\/2023\/11\/Faber-Solar-Dr-Butze-5-fav-768x432.jpg 768w, https:\/\/faber-solartechnik.de\/wp-content\/uploads\/2023\/11\/Faber-Solar-Dr-Butze-5-fav-300x169.jpg 300w, https:\/\/faber-solartechnik.de\/wp-content\/uploads\/2023\/11\/Faber-Solar-Dr-Butze-5-fav-1024x576.jpg 1024w, https:\/\/faber-solartechnik.de\/wp-content\/uploads\/2023\/11\/Faber-Solar-Dr-Butze-5-fav-1536x863.jpg 1536w, https:\/\/faber-solartechnik.de\/wp-content\/uploads\/2023\/11\/Faber-Solar-Dr-Butze-5-fav-2048x1151.jpg 2048w, https:\/\/faber-solartechnik.de\/wp-content\/uploads\/2023\/11\/Faber-Solar-Dr-Butze-5-fav-18x10.jpg 18w\" sizes=\"(max-width: 768px) 100vw, 768px\" \/>\t\t\t\t\t\t\t\t<\/a>\n\t\t\t\t\t\t\t\t\t\t\t\t\t\t\t<\/div>\n\t\t\t\t<\/div>\n\t\t\t\t\t<\/div>\n\t\t<\/div>\n\t\t\t\t<div class=\"elementor-column elementor-col-50 elementor-top-column elementor-element elementor-element-329a626d\" data-id=\"329a626d\" data-element_type=\"column\" data-e-type=\"column\">\n\t\t\t<div class=\"elementor-widget-wrap elementor-element-populated\">\n\t\t\t\t\t\t<div class=\"elementor-element elementor-element-bf7ede2 elementor-widget elementor-widget-heading\" data-id=\"bf7ede2\" data-element_type=\"widget\" data-e-type=\"widget\" data-widget_type=\"heading.default\">\n\t\t\t\t<div class=\"elementor-widget-container\">\n\t\t\t\t\t<h3 class=\"elementor-heading-title elementor-size-default\">Kolkwitz<\/h3>\t\t\t\t<\/div>\n\t\t\t\t<\/div>\n\t\t\t\t<div class=\"elementor-element elementor-element-678b441 elementor-widget-divider--view-line elementor-widget elementor-widget-divider\" data-id=\"678b441\" data-element_type=\"widget\" data-e-type=\"widget\" data-widget_type=\"divider.default\">\n\t\t\t\t<div class=\"elementor-widget-container\">\n\t\t\t\t\t\t\t<div class=\"elementor-divider\">\n\t\t\t<span class=\"elementor-divider-separator\">\n\t\t\t\t\t\t<\/span>\n\t\t<\/div>\n\t\t\t\t\t\t<\/div>\n\t\t\t\t<\/div>\n\t\t\t\t<div class=\"elementor-element elementor-element-18e98f7 elementor-widget elementor-widget-theme-post-content\" data-id=\"18e98f7\" data-element_type=\"widget\" data-e-type=\"widget\" data-widget_type=\"theme-post-content.default\">\n\t\t\t\t<div class=\"elementor-widget-container\">\n\t\t\t\t\t\t\t<div data-elementor-type=\"wp-post\" data-elementor-id=\"7444\" class=\"elementor elementor-7444\" data-elementor-post-type=\"post\">\n\t\t\t\t\t\t<section class=\"elementor-section elementor-top-section elementor-element elementor-element-68751402 elementor-section-boxed elementor-section-height-default elementor-section-height-default\" data-id=\"68751402\" data-element_type=\"section\" data-e-type=\"section\">\n\t\t\t\t\t\t<div class=\"elementor-container elementor-column-gap-default\">\n\t\t\t\t\t<div class=\"elementor-column elementor-col-100 elementor-top-column elementor-element elementor-element-2a6b7316\" data-id=\"2a6b7316\" data-element_type=\"column\" data-e-type=\"column\">\n\t\t\t<div class=\"elementor-widget-wrap elementor-element-populated\">\n\t\t\t\t\t\t<div class=\"elementor-element elementor-element-2bc723d elementor-icon-list--layout-inline popup-pv-fakts elementor-list-item-link-full_width elementor-widget elementor-widget-icon-list\" data-id=\"2bc723d\" data-element_type=\"widget\" data-e-type=\"widget\" data-widget_type=\"icon-list.default\">\n\t\t\t\t<div class=\"elementor-widget-container\">\n\t\t\t\t\t\t\t<ul class=\"elementor-icon-list-items elementor-inline-items\">\n\t\t\t\t\t\t\t<li class=\"elementor-icon-list-item elementor-inline-item\">\n\t\t\t\t\t\t\t\t\t\t\t<span class=\"elementor-icon-list-icon\">\n\t\t\t\t\t\t\t<i aria-hidden=\"true\" class=\"fas fa-sun\"><\/i>\t\t\t\t\t\t<\/span>\n\t\t\t\t\t\t\t\t\t\t<span class=\"elementor-icon-list-text\">300 kWp<\/span>\n\t\t\t\t\t\t\t\t\t<\/li>\n\t\t\t\t\t\t\t\t<li class=\"elementor-icon-list-item elementor-inline-item\">\n\t\t\t\t\t\t\t\t\t\t\t<span class=\"elementor-icon-list-icon\">\n\t\t\t\t\t\t\t<i aria-hidden=\"true\" class=\"fas fa-bolt\"><\/i>\t\t\t\t\t\t<\/span>\n\t\t\t\t\t\t\t\t\t\t<span class=\"elementor-icon-list-text\">304.940 kWh\/Jahr<\/span>\n\t\t\t\t\t\t\t\t\t<\/li>\n\t\t\t\t\t\t\t\t<li class=\"elementor-icon-list-item elementor-inline-item\">\n\t\t\t\t\t\t\t\t\t\t\t<span class=\"elementor-icon-list-icon\">\n\t\t\t\t\t\t\t<i aria-hidden=\"true\" class=\"fas fa-plug\"><\/i>\t\t\t\t\t\t<\/span>\n\t\t\t\t\t\t\t\t\t\t<span class=\"elementor-icon-list-text\">\u00dcberschuss<\/span>\n\t\t\t\t\t\t\t\t\t<\/li>\n\t\t\t\t\t\t\t\t<li class=\"elementor-icon-list-item elementor-inline-item\">\n\t\t\t\t\t\t\t\t\t\t\t<span class=\"elementor-icon-list-icon\">\n\t\t\t\t\t\t\t<i aria-hidden=\"true\" class=\"fas fa-tools\"><\/i>\t\t\t\t\t\t<\/span>\n\t\t\t\t\t\t\t\t\t\t<span class=\"elementor-icon-list-text\">Aufgest\u00e4ndert<\/span>\n\t\t\t\t\t\t\t\t\t<\/li>\n\t\t\t\t\t\t\t\t<li class=\"elementor-icon-list-item elementor-inline-item\">\n\t\t\t\t\t\t\t\t\t\t\t<span class=\"elementor-icon-list-icon\">\n\t\t\t\t\t\t\t<i aria-hidden=\"true\" class=\"fas fa-map-marker-alt\"><\/i>\t\t\t\t\t\t<\/span>\n\t\t\t\t\t\t\t\t\t\t<span class=\"elementor-icon-list-text\">Brandenburg<\/span>\n\t\t\t\t\t\t\t\t\t<\/li>\n\t\t\t\t\t\t<\/ul>\n\t\t\t\t\t\t<\/div>\n\t\t\t\t<\/div>\n\t\t\t\t<div class=\"elementor-element elementor-element-5403dc3d elementor-widget elementor-widget-gallery\" data-id=\"5403dc3d\" data-element_type=\"widget\" data-e-type=\"widget\" data-settings=\"{&quot;gallery_layout&quot;:&quot;grid&quot;,&quot;columns&quot;:4,&quot;columns_tablet&quot;:2,&quot;columns_mobile&quot;:1,&quot;gap&quot;:{&quot;unit&quot;:&quot;px&quot;,&quot;size&quot;:10,&quot;sizes&quot;:[]},&quot;gap_laptop&quot;:{&quot;unit&quot;:&quot;px&quot;,&quot;size&quot;:10,&quot;sizes&quot;:[]},&quot;gap_tablet_extra&quot;:{&quot;unit&quot;:&quot;px&quot;,&quot;size&quot;:10,&quot;sizes&quot;:[]},&quot;gap_tablet&quot;:{&quot;unit&quot;:&quot;px&quot;,&quot;size&quot;:10,&quot;sizes&quot;:[]},&quot;gap_mobile&quot;:{&quot;unit&quot;:&quot;px&quot;,&quot;size&quot;:10,&quot;sizes&quot;:[]},&quot;link_to&quot;:&quot;file&quot;,&quot;aspect_ratio&quot;:&quot;3:2&quot;,&quot;overlay_background&quot;:&quot;yes&quot;,&quot;content_hover_animation&quot;:&quot;fade-in&quot;}\" data-widget_type=\"gallery.default\">\n\t\t\t\t<div class=\"elementor-widget-container\">\n\t\t\t\t\t\t\t<div class=\"elementor-gallery__container\">\n\t\t\t\t\t\t\t<a class=\"e-gallery-item elementor-gallery-item elementor-animated-content\" href=\"https:\/\/faber-solartechnik.de\/wp-content\/uploads\/2023\/11\/Faber-Solar-Dr-Butze-4-scaled.jpg\" data-elementor-open-lightbox=\"yes\" data-elementor-lightbox-slideshow=\"5403dc3d\" data-e-action-hash=\"#elementor-action%3Aaction%3Dlightbox%26settings%3DeyJpZCI6NzMyNywidXJsIjoiaHR0cHM6XC9cL2ZhYmVyLXNvbGFydGVjaG5pay5kZVwvd3AtY29udGVudFwvdXBsb2Fkc1wvMjAyM1wvMTFcL0ZhYmVyLVNvbGFyLURyLUJ1dHplLTQtc2NhbGVkLmpwZyIsInNsaWRlc2hvdyI6IjU0MDNkYzNkIn0%3D\">\n\t\t\t\t\t<div class=\"e-gallery-image elementor-gallery-item__image\" data-thumbnail=\"https:\/\/faber-solartechnik.de\/wp-content\/uploads\/2023\/11\/Faber-Solar-Dr-Butze-4-300x169.jpg\" data-width=\"300\" data-height=\"169\" aria-label=\"\" role=\"img\" ><\/div>\n\t\t\t\t\t\t\t\t\t\t\t<div class=\"elementor-gallery-item__overlay\"><\/div>\n\t\t\t\t\t\t\t\t\t\t\t\t\t\t<\/a>\n\t\t\t\t\t\t\t<a class=\"e-gallery-item elementor-gallery-item elementor-animated-content\" href=\"https:\/\/faber-solartechnik.de\/wp-content\/uploads\/2023\/11\/Faber-Solar-Dr-Butze-3-scaled.jpg\" data-elementor-open-lightbox=\"yes\" data-elementor-lightbox-slideshow=\"5403dc3d\" data-e-action-hash=\"#elementor-action%3Aaction%3Dlightbox%26settings%3DeyJpZCI6NzMyOCwidXJsIjoiaHR0cHM6XC9cL2ZhYmVyLXNvbGFydGVjaG5pay5kZVwvd3AtY29udGVudFwvdXBsb2Fkc1wvMjAyM1wvMTFcL0ZhYmVyLVNvbGFyLURyLUJ1dHplLTMtc2NhbGVkLmpwZyIsInNsaWRlc2hvdyI6IjU0MDNkYzNkIn0%3D\">\n\t\t\t\t\t<div class=\"e-gallery-image elementor-gallery-item__image\" data-thumbnail=\"https:\/\/faber-solartechnik.de\/wp-content\/uploads\/2023\/11\/Faber-Solar-Dr-Butze-3-300x169.jpg\" data-width=\"300\" data-height=\"169\" aria-label=\"\" role=\"img\" ><\/div>\n\t\t\t\t\t\t\t\t\t\t\t<div class=\"elementor-gallery-item__overlay\"><\/div>\n\t\t\t\t\t\t\t\t\t\t\t\t\t\t<\/a>\n\t\t\t\t\t\t\t<a class=\"e-gallery-item elementor-gallery-item elementor-animated-content\" href=\"https:\/\/faber-solartechnik.de\/wp-content\/uploads\/2023\/11\/Faber-Solar-Dr-Butze-10.jpg\" data-elementor-open-lightbox=\"yes\" data-elementor-lightbox-slideshow=\"5403dc3d\" data-e-action-hash=\"#elementor-action%3Aaction%3Dlightbox%26settings%3DeyJpZCI6NzMzMCwidXJsIjoiaHR0cHM6XC9cL2ZhYmVyLXNvbGFydGVjaG5pay5kZVwvd3AtY29udGVudFwvdXBsb2Fkc1wvMjAyM1wvMTFcL0ZhYmVyLVNvbGFyLURyLUJ1dHplLTEwLmpwZyIsInNsaWRlc2hvdyI6IjU0MDNkYzNkIn0%3D\">\n\t\t\t\t\t<div class=\"e-gallery-image elementor-gallery-item__image\" data-thumbnail=\"https:\/\/faber-solartechnik.de\/wp-content\/uploads\/2023\/11\/Faber-Solar-Dr-Butze-10-300x169.jpg\" data-width=\"300\" data-height=\"169\" aria-label=\"\" role=\"img\" ><\/div>\n\t\t\t\t\t\t\t\t\t\t\t<div class=\"elementor-gallery-item__overlay\"><\/div>\n\t\t\t\t\t\t\t\t\t\t\t\t\t\t<\/a>\n\t\t\t\t\t\t\t<a class=\"e-gallery-item elementor-gallery-item elementor-animated-content\" href=\"https:\/\/faber-solartechnik.de\/wp-content\/uploads\/2023\/11\/Faber-Solar-Dr-Butze-5-fav-scaled.jpg\" data-elementor-open-lightbox=\"yes\" data-elementor-lightbox-slideshow=\"5403dc3d\" data-e-action-hash=\"#elementor-action%3Aaction%3Dlightbox%26settings%3DeyJpZCI6NzMyNiwidXJsIjoiaHR0cHM6XC9cL2ZhYmVyLXNvbGFydGVjaG5pay5kZVwvd3AtY29udGVudFwvdXBsb2Fkc1wvMjAyM1wvMTFcL0ZhYmVyLVNvbGFyLURyLUJ1dHplLTUtZmF2LXNjYWxlZC5qcGciLCJzbGlkZXNob3ciOiI1NDAzZGMzZCJ9\">\n\t\t\t\t\t<div class=\"e-gallery-image elementor-gallery-item__image\" data-thumbnail=\"https:\/\/faber-solartechnik.de\/wp-content\/uploads\/2023\/11\/Faber-Solar-Dr-Butze-5-fav-300x169.jpg\" data-width=\"300\" data-height=\"169\" aria-label=\"\" role=\"img\" ><\/div>\n\t\t\t\t\t\t\t\t\t\t\t<div class=\"elementor-gallery-item__overlay\"><\/div>\n\t\t\t\t\t\t\t\t\t\t\t\t\t\t<\/a>\n\t\t\t\t\t<\/div>\n\t\t\t\t\t<\/div>\n\t\t\t\t<\/div>\n\t\t\t\t\t<\/div>\n\t\t<\/div>\n\t\t\t\t\t<\/div>\n\t\t<\/section>\n\t\t\t\t<\/div>\n\t\t\t\t\t\t<\/div>\n\t\t\t\t<\/div>\n\t\t\t\t<div class=\"elementor-element elementor-element-b294ae0 e-transform e-transform elementor-align-right elementor-absolute elementor-invisible elementor-widget elementor-widget-button\" data-id=\"b294ae0\" data-element_type=\"widget\" data-e-type=\"widget\" data-settings=\"{&quot;_transform_translateX_effect_hover&quot;:{&quot;unit&quot;:&quot;px&quot;,&quot;size&quot;:-10,&quot;sizes&quot;:[]},&quot;_animation&quot;:&quot;fadeInUp&quot;,&quot;_animation_delay&quot;:1000,&quot;_position&quot;:&quot;absolute&quot;,&quot;_transform_translateX_effect&quot;:{&quot;unit&quot;:&quot;px&quot;,&quot;size&quot;:&quot;&quot;,&quot;sizes&quot;:[]},&quot;_transform_translateX_effect_laptop&quot;:{&quot;unit&quot;:&quot;px&quot;,&quot;size&quot;:&quot;&quot;,&quot;sizes&quot;:[]},&quot;_transform_translateX_effect_tablet_extra&quot;:{&quot;unit&quot;:&quot;px&quot;,&quot;size&quot;:&quot;&quot;,&quot;sizes&quot;:[]},&quot;_transform_translateX_effect_tablet&quot;:{&quot;unit&quot;:&quot;px&quot;,&quot;size&quot;:&quot;&quot;,&quot;sizes&quot;:[]},&quot;_transform_translateX_effect_mobile&quot;:{&quot;unit&quot;:&quot;px&quot;,&quot;size&quot;:&quot;&quot;,&quot;sizes&quot;:[]},&quot;_transform_translateY_effect&quot;:{&quot;unit&quot;:&quot;px&quot;,&quot;size&quot;:&quot;&quot;,&quot;sizes&quot;:[]},&quot;_transform_translateY_effect_laptop&quot;:{&quot;unit&quot;:&quot;px&quot;,&quot;size&quot;:&quot;&quot;,&quot;sizes&quot;:[]},&quot;_transform_translateY_effect_tablet_extra&quot;:{&quot;unit&quot;:&quot;px&quot;,&quot;size&quot;:&quot;&quot;,&quot;sizes&quot;:[]},&quot;_transform_translateY_effect_tablet&quot;:{&quot;unit&quot;:&quot;px&quot;,&quot;size&quot;:&quot;&quot;,&quot;sizes&quot;:[]},&quot;_transform_translateY_effect_mobile&quot;:{&quot;unit&quot;:&quot;px&quot;,&quot;size&quot;:&quot;&quot;,&quot;sizes&quot;:[]},&quot;_transform_translateX_effect_hover_laptop&quot;:{&quot;unit&quot;:&quot;px&quot;,&quot;size&quot;:&quot;&quot;,&quot;sizes&quot;:[]},&quot;_transform_translateX_effect_hover_tablet_extra&quot;:{&quot;unit&quot;:&quot;px&quot;,&quot;size&quot;:&quot;&quot;,&quot;sizes&quot;:[]},&quot;_transform_translateX_effect_hover_tablet&quot;:{&quot;unit&quot;:&quot;px&quot;,&quot;size&quot;:&quot;&quot;,&quot;sizes&quot;:[]},&quot;_transform_translateX_effect_hover_mobile&quot;:{&quot;unit&quot;:&quot;px&quot;,&quot;size&quot;:&quot;&quot;,&quot;sizes&quot;:[]},&quot;_transform_translateY_effect_hover&quot;:{&quot;unit&quot;:&quot;px&quot;,&quot;size&quot;:&quot;&quot;,&quot;sizes&quot;:[]},&quot;_transform_translateY_effect_hover_laptop&quot;:{&quot;unit&quot;:&quot;px&quot;,&quot;size&quot;:&quot;&quot;,&quot;sizes&quot;:[]},&quot;_transform_translateY_effect_hover_tablet_extra&quot;:{&quot;unit&quot;:&quot;px&quot;,&quot;size&quot;:&quot;&quot;,&quot;sizes&quot;:[]},&quot;_transform_translateY_effect_hover_tablet&quot;:{&quot;unit&quot;:&quot;px&quot;,&quot;size&quot;:&quot;&quot;,&quot;sizes&quot;:[]},&quot;_transform_translateY_effect_hover_mobile&quot;:{&quot;unit&quot;:&quot;px&quot;,&quot;size&quot;:&quot;&quot;,&quot;sizes&quot;:[]}}\" data-widget_type=\"button.default\">\n\t\t\t\t<div class=\"elementor-widget-container\">\n\t\t\t\t\t\t\t\t\t<div class=\"elementor-button-wrapper\">\n\t\t\t\t\t<a class=\"elementor-button elementor-button-link elementor-size-xs\" href=\"https:\/\/faber-solartechnik.de\/en\/projekte\/kolkwitz\/\" target=\"_blank\">\n\t\t\t\t\t\t<span class=\"elementor-button-content-wrapper\">\n\t\t\t\t\t\t<span class=\"elementor-button-icon\">\n\t\t\t\t<i aria-hidden=\"true\" class=\"far fa-window-restore\"><\/i>\t\t\t<\/span>\n\t\t\t\t\t\t\t\t\t<span class=\"elementor-button-text\">Projekt in neuem Tab \u00f6ffnen<\/span>\n\t\t\t\t\t<\/span>\n\t\t\t\t\t<\/a>\n\t\t\t\t<\/div>\n\t\t\t\t\t\t\t\t<\/div>\n\t\t\t\t<\/div>\n\t\t\t\t\t<\/div>\n\t\t<\/div>\n\t\t\t\t\t<\/div>\n\t\t<\/section>\n\t\t\t\t<\/div>\n\t\t\t\t\t\t\t<\/div>\n\t\t\t\t\t\t\t\t<\/div>\n\t\t<\/div>\n\t\t\t\t\t\t<\/div>\n\t\t\t\t<\/div>\n\t\t\t\t\t<\/div>\n\t\t<\/div>\n\t\t\t\t\t<\/div>\n\t\t<\/section>\n\t\t\t\t<div class=\"elementor-element elementor-element-d621d6e elementor-hidden-mobile elementor-hidden-desktop elementor-hidden-tablet eae-pop-btn-type-text elementor-widget elementor-widget-wts-modal-popup\" data-id=\"d621d6e\" data-element_type=\"widget\" data-e-type=\"widget\" data-widget_type=\"wts-modal-popup.default\">\n\t\t\t\t<div class=\"elementor-widget-container\">\n\t\t\t\t\t\t\t<div class=\"eae-popup-wrapper eae-popup-eae-pupup-item-1596420579\" data-id=\"eae-pupup-item-1596420579\" data-preview-modal=\"\" data-close-button-type=\"icon\" data-close-btn=\"fas fa-times\" data-close-in-out=\"true\" data-effect=\"zoom-in\">\n\t\t\t<a class=\"eae-popup-link icon-position-before\"\n\t\t\tdata-id=\"eae-pupup-item-1596420579\" data-ctrl-id=\"d621d6e\" href=\"#eae-pupup-item-1596420579\">\n\t\t\t\t\t\t\t\t\t\t\t\t\t\t<span class=\"eae-popup-btn-icon\">\n\t\t\t\t\t\t<i aria-hidden=\"true\" class=\"fas fa-arrow-right\"><\/i>\t\t\t\t\t<\/span>\n\t\t\t\t\t\t\t\t\t\t\t\t<span class=\"eae-popup-btn-text\">\n\t\t\t\t\t\t\t\u00d6ffnen\t\t\t\t\t\t<\/span>\n\t\t\t\t\t\t\t\t\t\t\t\t\t<\/a>\n\t\t<\/div>\n\n\t\t<div id=\"eae-pupup-item-1596420579\" class=\"eae-popup-eae-pupup-item-1596420579 mfp-hide eae-popup-container\">\n\t\t\t<input class=\"eae-hidden-post-id\" type=\"hidden\" name=\"eae_hidden_post_id\" data-id=\"eae-pupup-item-1596420579\" value=\"0\" \/>\n\t\t\t<div class=\"eae-popup-content\">\n\t\t\t\t\t\t\t\t\t<div class=\"eae-modal-content\">\n\t\t\t\t\t\t\t\t<div data-elementor-type=\"section\" data-elementor-id=\"4203\" class=\"elementor elementor-4203\" data-elementor-post-type=\"elementor_library\">\n\t\t\t\t\t<section class=\"elementor-section elementor-top-section elementor-element elementor-element-76665b6d elementor-section-full_width elementor-section-height-min-height elementor-section-items-stretch elementor-section-height-default\" data-id=\"76665b6d\" data-element_type=\"section\" data-e-type=\"section\">\n\t\t\t\t\t\t<div class=\"elementor-container elementor-column-gap-default\">\n\t\t\t\t\t<div class=\"elementor-column elementor-col-50 elementor-top-column elementor-element elementor-element-27f77bf4\" data-id=\"27f77bf4\" data-element_type=\"column\" data-e-type=\"column\">\n\t\t\t<div class=\"elementor-widget-wrap elementor-element-populated\">\n\t\t\t\t\t\t<div class=\"elementor-element elementor-element-2c72871 shadow runde-ecken elementor-widget elementor-widget-image\" data-id=\"2c72871\" data-element_type=\"widget\" data-e-type=\"widget\" data-widget_type=\"image.default\">\n\t\t\t\t<div class=\"elementor-widget-container\">\n\t\t\t\t\t\t\t\t\t\t\t\t\t\t\t\t<a href=\"https:\/\/faber-solartechnik.de\/wp-content\/uploads\/2023\/11\/Faber-Solar-Dr-Butze-5-fav-scaled.jpg\" data-elementor-open-lightbox=\"yes\" data-e-action-hash=\"#elementor-action%3Aaction%3Dlightbox%26settings%3DeyJpZCI6NzMyNiwidXJsIjoiaHR0cHM6XC9cL2ZhYmVyLXNvbGFydGVjaG5pay5kZVwvd3AtY29udGVudFwvdXBsb2Fkc1wvMjAyM1wvMTFcL0ZhYmVyLVNvbGFyLURyLUJ1dHplLTUtZmF2LXNjYWxlZC5qcGcifQ%3D%3D\">\n\t\t\t\t\t\t\t<img loading=\"lazy\" decoding=\"async\" width=\"768\" height=\"432\" src=\"https:\/\/faber-solartechnik.de\/wp-content\/uploads\/2023\/11\/Faber-Solar-Dr-Butze-5-fav-768x432.jpg\" class=\"attachment-medium_large size-medium_large wp-image-7326\" alt=\"\" srcset=\"https:\/\/faber-solartechnik.de\/wp-content\/uploads\/2023\/11\/Faber-Solar-Dr-Butze-5-fav-768x432.jpg 768w, https:\/\/faber-solartechnik.de\/wp-content\/uploads\/2023\/11\/Faber-Solar-Dr-Butze-5-fav-300x169.jpg 300w, https:\/\/faber-solartechnik.de\/wp-content\/uploads\/2023\/11\/Faber-Solar-Dr-Butze-5-fav-1024x576.jpg 1024w, https:\/\/faber-solartechnik.de\/wp-content\/uploads\/2023\/11\/Faber-Solar-Dr-Butze-5-fav-1536x863.jpg 1536w, https:\/\/faber-solartechnik.de\/wp-content\/uploads\/2023\/11\/Faber-Solar-Dr-Butze-5-fav-2048x1151.jpg 2048w, https:\/\/faber-solartechnik.de\/wp-content\/uploads\/2023\/11\/Faber-Solar-Dr-Butze-5-fav-18x10.jpg 18w\" sizes=\"(max-width: 768px) 100vw, 768px\" \/>\t\t\t\t\t\t\t\t<\/a>\n\t\t\t\t\t\t\t\t\t\t\t\t\t\t\t<\/div>\n\t\t\t\t<\/div>\n\t\t\t\t\t<\/div>\n\t\t<\/div>\n\t\t\t\t<div class=\"elementor-column elementor-col-50 elementor-top-column elementor-element elementor-element-329a626d\" data-id=\"329a626d\" data-element_type=\"column\" data-e-type=\"column\">\n\t\t\t<div class=\"elementor-widget-wrap elementor-element-populated\">\n\t\t\t\t\t\t<div class=\"elementor-element elementor-element-bf7ede2 elementor-widget elementor-widget-heading\" data-id=\"bf7ede2\" data-element_type=\"widget\" data-e-type=\"widget\" data-widget_type=\"heading.default\">\n\t\t\t\t<div class=\"elementor-widget-container\">\n\t\t\t\t\t<h3 class=\"elementor-heading-title elementor-size-default\">Kolkwitz<\/h3>\t\t\t\t<\/div>\n\t\t\t\t<\/div>\n\t\t\t\t<div class=\"elementor-element elementor-element-678b441 elementor-widget-divider--view-line elementor-widget elementor-widget-divider\" data-id=\"678b441\" data-element_type=\"widget\" data-e-type=\"widget\" data-widget_type=\"divider.default\">\n\t\t\t\t<div class=\"elementor-widget-container\">\n\t\t\t\t\t\t\t<div class=\"elementor-divider\">\n\t\t\t<span class=\"elementor-divider-separator\">\n\t\t\t\t\t\t<\/span>\n\t\t<\/div>\n\t\t\t\t\t\t<\/div>\n\t\t\t\t<\/div>\n\t\t\t\t<div class=\"elementor-element elementor-element-18e98f7 elementor-widget elementor-widget-theme-post-content\" data-id=\"18e98f7\" data-element_type=\"widget\" data-e-type=\"widget\" data-widget_type=\"theme-post-content.default\">\n\t\t\t\t<div class=\"elementor-widget-container\">\n\t\t\t\t\t\t\t<div data-elementor-type=\"wp-post\" data-elementor-id=\"7444\" class=\"elementor elementor-7444\" data-elementor-post-type=\"post\">\n\t\t\t\t\t\t<section class=\"elementor-section elementor-top-section elementor-element elementor-element-68751402 elementor-section-boxed elementor-section-height-default elementor-section-height-default\" data-id=\"68751402\" data-element_type=\"section\" data-e-type=\"section\">\n\t\t\t\t\t\t<div class=\"elementor-container elementor-column-gap-default\">\n\t\t\t\t\t<div class=\"elementor-column elementor-col-100 elementor-top-column elementor-element elementor-element-2a6b7316\" data-id=\"2a6b7316\" data-element_type=\"column\" data-e-type=\"column\">\n\t\t\t<div class=\"elementor-widget-wrap elementor-element-populated\">\n\t\t\t\t\t\t<div class=\"elementor-element elementor-element-2bc723d elementor-icon-list--layout-inline popup-pv-fakts elementor-list-item-link-full_width elementor-widget elementor-widget-icon-list\" data-id=\"2bc723d\" data-element_type=\"widget\" data-e-type=\"widget\" data-widget_type=\"icon-list.default\">\n\t\t\t\t<div class=\"elementor-widget-container\">\n\t\t\t\t\t\t\t<ul class=\"elementor-icon-list-items elementor-inline-items\">\n\t\t\t\t\t\t\t<li class=\"elementor-icon-list-item elementor-inline-item\">\n\t\t\t\t\t\t\t\t\t\t\t<span class=\"elementor-icon-list-icon\">\n\t\t\t\t\t\t\t<i aria-hidden=\"true\" class=\"fas fa-sun\"><\/i>\t\t\t\t\t\t<\/span>\n\t\t\t\t\t\t\t\t\t\t<span class=\"elementor-icon-list-text\">300 kWp<\/span>\n\t\t\t\t\t\t\t\t\t<\/li>\n\t\t\t\t\t\t\t\t<li class=\"elementor-icon-list-item elementor-inline-item\">\n\t\t\t\t\t\t\t\t\t\t\t<span class=\"elementor-icon-list-icon\">\n\t\t\t\t\t\t\t<i aria-hidden=\"true\" class=\"fas fa-bolt\"><\/i>\t\t\t\t\t\t<\/span>\n\t\t\t\t\t\t\t\t\t\t<span class=\"elementor-icon-list-text\">304.940 kWh\/Jahr<\/span>\n\t\t\t\t\t\t\t\t\t<\/li>\n\t\t\t\t\t\t\t\t<li class=\"elementor-icon-list-item elementor-inline-item\">\n\t\t\t\t\t\t\t\t\t\t\t<span class=\"elementor-icon-list-icon\">\n\t\t\t\t\t\t\t<i aria-hidden=\"true\" class=\"fas fa-plug\"><\/i>\t\t\t\t\t\t<\/span>\n\t\t\t\t\t\t\t\t\t\t<span class=\"elementor-icon-list-text\">\u00dcberschuss<\/span>\n\t\t\t\t\t\t\t\t\t<\/li>\n\t\t\t\t\t\t\t\t<li class=\"elementor-icon-list-item elementor-inline-item\">\n\t\t\t\t\t\t\t\t\t\t\t<span class=\"elementor-icon-list-icon\">\n\t\t\t\t\t\t\t<i aria-hidden=\"true\" class=\"fas fa-tools\"><\/i>\t\t\t\t\t\t<\/span>\n\t\t\t\t\t\t\t\t\t\t<span class=\"elementor-icon-list-text\">Aufgest\u00e4ndert<\/span>\n\t\t\t\t\t\t\t\t\t<\/li>\n\t\t\t\t\t\t\t\t<li class=\"elementor-icon-list-item elementor-inline-item\">\n\t\t\t\t\t\t\t\t\t\t\t<span class=\"elementor-icon-list-icon\">\n\t\t\t\t\t\t\t<i aria-hidden=\"true\" class=\"fas fa-map-marker-alt\"><\/i>\t\t\t\t\t\t<\/span>\n\t\t\t\t\t\t\t\t\t\t<span class=\"elementor-icon-list-text\">Brandenburg<\/span>\n\t\t\t\t\t\t\t\t\t<\/li>\n\t\t\t\t\t\t<\/ul>\n\t\t\t\t\t\t<\/div>\n\t\t\t\t<\/div>\n\t\t\t\t<div class=\"elementor-element elementor-element-5403dc3d elementor-widget elementor-widget-gallery\" data-id=\"5403dc3d\" data-element_type=\"widget\" data-e-type=\"widget\" data-settings=\"{&quot;gallery_layout&quot;:&quot;grid&quot;,&quot;columns&quot;:4,&quot;columns_tablet&quot;:2,&quot;columns_mobile&quot;:1,&quot;gap&quot;:{&quot;unit&quot;:&quot;px&quot;,&quot;size&quot;:10,&quot;sizes&quot;:[]},&quot;gap_laptop&quot;:{&quot;unit&quot;:&quot;px&quot;,&quot;size&quot;:10,&quot;sizes&quot;:[]},&quot;gap_tablet_extra&quot;:{&quot;unit&quot;:&quot;px&quot;,&quot;size&quot;:10,&quot;sizes&quot;:[]},&quot;gap_tablet&quot;:{&quot;unit&quot;:&quot;px&quot;,&quot;size&quot;:10,&quot;sizes&quot;:[]},&quot;gap_mobile&quot;:{&quot;unit&quot;:&quot;px&quot;,&quot;size&quot;:10,&quot;sizes&quot;:[]},&quot;link_to&quot;:&quot;file&quot;,&quot;aspect_ratio&quot;:&quot;3:2&quot;,&quot;overlay_background&quot;:&quot;yes&quot;,&quot;content_hover_animation&quot;:&quot;fade-in&quot;}\" data-widget_type=\"gallery.default\">\n\t\t\t\t<div class=\"elementor-widget-container\">\n\t\t\t\t\t\t\t<div class=\"elementor-gallery__container\">\n\t\t\t\t\t\t\t<a class=\"e-gallery-item elementor-gallery-item elementor-animated-content\" href=\"https:\/\/faber-solartechnik.de\/wp-content\/uploads\/2023\/11\/Faber-Solar-Dr-Butze-4-scaled.jpg\" data-elementor-open-lightbox=\"yes\" data-elementor-lightbox-slideshow=\"5403dc3d\" data-e-action-hash=\"#elementor-action%3Aaction%3Dlightbox%26settings%3DeyJpZCI6NzMyNywidXJsIjoiaHR0cHM6XC9cL2ZhYmVyLXNvbGFydGVjaG5pay5kZVwvd3AtY29udGVudFwvdXBsb2Fkc1wvMjAyM1wvMTFcL0ZhYmVyLVNvbGFyLURyLUJ1dHplLTQtc2NhbGVkLmpwZyIsInNsaWRlc2hvdyI6IjU0MDNkYzNkIn0%3D\">\n\t\t\t\t\t<div class=\"e-gallery-image elementor-gallery-item__image\" data-thumbnail=\"https:\/\/faber-solartechnik.de\/wp-content\/uploads\/2023\/11\/Faber-Solar-Dr-Butze-4-300x169.jpg\" data-width=\"300\" data-height=\"169\" aria-label=\"\" role=\"img\" ><\/div>\n\t\t\t\t\t\t\t\t\t\t\t<div class=\"elementor-gallery-item__overlay\"><\/div>\n\t\t\t\t\t\t\t\t\t\t\t\t\t\t<\/a>\n\t\t\t\t\t\t\t<a class=\"e-gallery-item elementor-gallery-item elementor-animated-content\" href=\"https:\/\/faber-solartechnik.de\/wp-content\/uploads\/2023\/11\/Faber-Solar-Dr-Butze-3-scaled.jpg\" data-elementor-open-lightbox=\"yes\" data-elementor-lightbox-slideshow=\"5403dc3d\" data-e-action-hash=\"#elementor-action%3Aaction%3Dlightbox%26settings%3DeyJpZCI6NzMyOCwidXJsIjoiaHR0cHM6XC9cL2ZhYmVyLXNvbGFydGVjaG5pay5kZVwvd3AtY29udGVudFwvdXBsb2Fkc1wvMjAyM1wvMTFcL0ZhYmVyLVNvbGFyLURyLUJ1dHplLTMtc2NhbGVkLmpwZyIsInNsaWRlc2hvdyI6IjU0MDNkYzNkIn0%3D\">\n\t\t\t\t\t<div class=\"e-gallery-image elementor-gallery-item__image\" data-thumbnail=\"https:\/\/faber-solartechnik.de\/wp-content\/uploads\/2023\/11\/Faber-Solar-Dr-Butze-3-300x169.jpg\" data-width=\"300\" data-height=\"169\" aria-label=\"\" role=\"img\" ><\/div>\n\t\t\t\t\t\t\t\t\t\t\t<div class=\"elementor-gallery-item__overlay\"><\/div>\n\t\t\t\t\t\t\t\t\t\t\t\t\t\t<\/a>\n\t\t\t\t\t\t\t<a class=\"e-gallery-item elementor-gallery-item elementor-animated-content\" href=\"https:\/\/faber-solartechnik.de\/wp-content\/uploads\/2023\/11\/Faber-Solar-Dr-Butze-10.jpg\" data-elementor-open-lightbox=\"yes\" data-elementor-lightbox-slideshow=\"5403dc3d\" data-e-action-hash=\"#elementor-action%3Aaction%3Dlightbox%26settings%3DeyJpZCI6NzMzMCwidXJsIjoiaHR0cHM6XC9cL2ZhYmVyLXNvbGFydGVjaG5pay5kZVwvd3AtY29udGVudFwvdXBsb2Fkc1wvMjAyM1wvMTFcL0ZhYmVyLVNvbGFyLURyLUJ1dHplLTEwLmpwZyIsInNsaWRlc2hvdyI6IjU0MDNkYzNkIn0%3D\">\n\t\t\t\t\t<div class=\"e-gallery-image elementor-gallery-item__image\" data-thumbnail=\"https:\/\/faber-solartechnik.de\/wp-content\/uploads\/2023\/11\/Faber-Solar-Dr-Butze-10-300x169.jpg\" data-width=\"300\" data-height=\"169\" aria-label=\"\" role=\"img\" ><\/div>\n\t\t\t\t\t\t\t\t\t\t\t<div class=\"elementor-gallery-item__overlay\"><\/div>\n\t\t\t\t\t\t\t\t\t\t\t\t\t\t<\/a>\n\t\t\t\t\t\t\t<a class=\"e-gallery-item elementor-gallery-item elementor-animated-content\" href=\"https:\/\/faber-solartechnik.de\/wp-content\/uploads\/2023\/11\/Faber-Solar-Dr-Butze-5-fav-scaled.jpg\" data-elementor-open-lightbox=\"yes\" data-elementor-lightbox-slideshow=\"5403dc3d\" data-e-action-hash=\"#elementor-action%3Aaction%3Dlightbox%26settings%3DeyJpZCI6NzMyNiwidXJsIjoiaHR0cHM6XC9cL2ZhYmVyLXNvbGFydGVjaG5pay5kZVwvd3AtY29udGVudFwvdXBsb2Fkc1wvMjAyM1wvMTFcL0ZhYmVyLVNvbGFyLURyLUJ1dHplLTUtZmF2LXNjYWxlZC5qcGciLCJzbGlkZXNob3ciOiI1NDAzZGMzZCJ9\">\n\t\t\t\t\t<div class=\"e-gallery-image elementor-gallery-item__image\" data-thumbnail=\"https:\/\/faber-solartechnik.de\/wp-content\/uploads\/2023\/11\/Faber-Solar-Dr-Butze-5-fav-300x169.jpg\" data-width=\"300\" data-height=\"169\" aria-label=\"\" role=\"img\" ><\/div>\n\t\t\t\t\t\t\t\t\t\t\t<div class=\"elementor-gallery-item__overlay\"><\/div>\n\t\t\t\t\t\t\t\t\t\t\t\t\t\t<\/a>\n\t\t\t\t\t<\/div>\n\t\t\t\t\t<\/div>\n\t\t\t\t<\/div>\n\t\t\t\t\t<\/div>\n\t\t<\/div>\n\t\t\t\t\t<\/div>\n\t\t<\/section>\n\t\t\t\t<\/div>\n\t\t\t\t\t\t<\/div>\n\t\t\t\t<\/div>\n\t\t\t\t<div class=\"elementor-element elementor-element-b294ae0 e-transform e-transform elementor-align-right elementor-absolute elementor-invisible elementor-widget elementor-widget-button\" data-id=\"b294ae0\" data-element_type=\"widget\" data-e-type=\"widget\" data-settings=\"{&quot;_transform_translateX_effect_hover&quot;:{&quot;unit&quot;:&quot;px&quot;,&quot;size&quot;:-10,&quot;sizes&quot;:[]},&quot;_animation&quot;:&quot;fadeInUp&quot;,&quot;_animation_delay&quot;:1000,&quot;_position&quot;:&quot;absolute&quot;,&quot;_transform_translateX_effect&quot;:{&quot;unit&quot;:&quot;px&quot;,&quot;size&quot;:&quot;&quot;,&quot;sizes&quot;:[]},&quot;_transform_translateX_effect_laptop&quot;:{&quot;unit&quot;:&quot;px&quot;,&quot;size&quot;:&quot;&quot;,&quot;sizes&quot;:[]},&quot;_transform_translateX_effect_tablet_extra&quot;:{&quot;unit&quot;:&quot;px&quot;,&quot;size&quot;:&quot;&quot;,&quot;sizes&quot;:[]},&quot;_transform_translateX_effect_tablet&quot;:{&quot;unit&quot;:&quot;px&quot;,&quot;size&quot;:&quot;&quot;,&quot;sizes&quot;:[]},&quot;_transform_translateX_effect_mobile&quot;:{&quot;unit&quot;:&quot;px&quot;,&quot;size&quot;:&quot;&quot;,&quot;sizes&quot;:[]},&quot;_transform_translateY_effect&quot;:{&quot;unit&quot;:&quot;px&quot;,&quot;size&quot;:&quot;&quot;,&quot;sizes&quot;:[]},&quot;_transform_translateY_effect_laptop&quot;:{&quot;unit&quot;:&quot;px&quot;,&quot;size&quot;:&quot;&quot;,&quot;sizes&quot;:[]},&quot;_transform_translateY_effect_tablet_extra&quot;:{&quot;unit&quot;:&quot;px&quot;,&quot;size&quot;:&quot;&quot;,&quot;sizes&quot;:[]},&quot;_transform_translateY_effect_tablet&quot;:{&quot;unit&quot;:&quot;px&quot;,&quot;size&quot;:&quot;&quot;,&quot;sizes&quot;:[]},&quot;_transform_translateY_effect_mobile&quot;:{&quot;unit&quot;:&quot;px&quot;,&quot;size&quot;:&quot;&quot;,&quot;sizes&quot;:[]},&quot;_transform_translateX_effect_hover_laptop&quot;:{&quot;unit&quot;:&quot;px&quot;,&quot;size&quot;:&quot;&quot;,&quot;sizes&quot;:[]},&quot;_transform_translateX_effect_hover_tablet_extra&quot;:{&quot;unit&quot;:&quot;px&quot;,&quot;size&quot;:&quot;&quot;,&quot;sizes&quot;:[]},&quot;_transform_translateX_effect_hover_tablet&quot;:{&quot;unit&quot;:&quot;px&quot;,&quot;size&quot;:&quot;&quot;,&quot;sizes&quot;:[]},&quot;_transform_translateX_effect_hover_mobile&quot;:{&quot;unit&quot;:&quot;px&quot;,&quot;size&quot;:&quot;&quot;,&quot;sizes&quot;:[]},&quot;_transform_translateY_effect_hover&quot;:{&quot;unit&quot;:&quot;px&quot;,&quot;size&quot;:&quot;&quot;,&quot;sizes&quot;:[]},&quot;_transform_translateY_effect_hover_laptop&quot;:{&quot;unit&quot;:&quot;px&quot;,&quot;size&quot;:&quot;&quot;,&quot;sizes&quot;:[]},&quot;_transform_translateY_effect_hover_tablet_extra&quot;:{&quot;unit&quot;:&quot;px&quot;,&quot;size&quot;:&quot;&quot;,&quot;sizes&quot;:[]},&quot;_transform_translateY_effect_hover_tablet&quot;:{&quot;unit&quot;:&quot;px&quot;,&quot;size&quot;:&quot;&quot;,&quot;sizes&quot;:[]},&quot;_transform_translateY_effect_hover_mobile&quot;:{&quot;unit&quot;:&quot;px&quot;,&quot;size&quot;:&quot;&quot;,&quot;sizes&quot;:[]}}\" data-widget_type=\"button.default\">\n\t\t\t\t<div class=\"elementor-widget-container\">\n\t\t\t\t\t\t\t\t\t<div class=\"elementor-button-wrapper\">\n\t\t\t\t\t<a class=\"elementor-button elementor-button-link elementor-size-xs\" href=\"https:\/\/faber-solartechnik.de\/en\/projekte\/kolkwitz\/\" target=\"_blank\">\n\t\t\t\t\t\t<span class=\"elementor-button-content-wrapper\">\n\t\t\t\t\t\t<span class=\"elementor-button-icon\">\n\t\t\t\t<i aria-hidden=\"true\" class=\"far fa-window-restore\"><\/i>\t\t\t<\/span>\n\t\t\t\t\t\t\t\t\t<span class=\"elementor-button-text\">Projekt in neuem Tab \u00f6ffnen<\/span>\n\t\t\t\t\t<\/span>\n\t\t\t\t\t<\/a>\n\t\t\t\t<\/div>\n\t\t\t\t\t\t\t\t<\/div>\n\t\t\t\t<\/div>\n\t\t\t\t\t<\/div>\n\t\t<\/div>\n\t\t\t\t\t<\/div>\n\t\t<\/section>\n\t\t\t\t<\/div>\n\t\t\t\t\t\t\t<\/div>\n\t\t\t\t\t\t\t\t<\/div>\n\t\t<\/div>\n\t\t\t\t\t\t<\/div>\n\t\t\t\t<\/div>\n\t\t\t\t<div class=\"elementor-element elementor-element-15922a7 elementor-widget elementor-widget-button\" data-id=\"15922a7\" data-element_type=\"widget\" data-e-type=\"widget\" data-widget_type=\"button.default\">\n\t\t\t\t<div class=\"elementor-widget-container\">\n\t\t\t\t\t\t\t\t\t<div class=\"elementor-button-wrapper\">\n\t\t\t\t\t<a class=\"elementor-button elementor-button-link elementor-size-xs\" href=\"https:\/\/faber-solartechnik.de\/en\/projekte\/kolkwitz\/\" target=\"_blank\">\n\t\t\t\t\t\t<span class=\"elementor-button-content-wrapper\">\n\t\t\t\t\t\t<span class=\"elementor-button-icon\">\n\t\t\t\t<i aria-hidden=\"true\" class=\"fas fa-arrow-right\"><\/i>\t\t\t<\/span>\n\t\t\t\t\t\t\t\t\t<span class=\"elementor-button-text\">\u00d6ffnen<\/span>\n\t\t\t\t\t<\/span>\n\t\t\t\t\t<\/a>\n\t\t\t\t<\/div>\n\t\t\t\t\t\t\t\t<\/div>\n\t\t\t\t<\/div>\n\t\t\t\t\t<\/div>\n\t\t<\/div>\n\t\t\t\t\t<\/div>\n\t\t<\/section>\n\t\t\t\t<\/div>\n\t\t<style id=\"loop-dynamic-3527\">.e-loop-item-6022 .elementor-element.elementor-element-a252bde > .elementor-background-overlay{background-image:url(\"https:\/\/faber-solartechnik.de\/wp-content\/uploads\/2023\/11\/Faber-Solar-Dr-Butze-2-scaled.jpg\");}<\/style>\t\t<div data-elementor-type=\"loop-item\" data-elementor-id=\"3527\" class=\"elementor elementor-3527 swiper-slide e-loop-item e-loop-item-6022 post-6022 post type-post status-publish format-standard has-post-thumbnail hentry category-projekte\" data-elementor-post-type=\"elementor_library\" role=\"group\" aria-roledescription=\"slide\" data-custom-edit-handle=\"1\">\n\t\t\t\t\t<section class=\"elementor-section elementor-top-section elementor-element elementor-element-a252bde elementor-section-height-min-height elementor-section-items-stretch loopnews runde-ecken elementor-section-boxed elementor-section-height-default\" data-id=\"a252bde\" data-element_type=\"section\" data-e-type=\"section\">\n\t\t\t\t\t\t\t<div class=\"elementor-background-overlay\"><\/div>\n\t\t\t\t\t\t\t<div class=\"elementor-container elementor-column-gap-no\">\n\t\t\t\t\t<div class=\"elementor-column elementor-col-100 elementor-top-column elementor-element elementor-element-6fcfada runde-ecken\" data-id=\"6fcfada\" data-element_type=\"column\" data-e-type=\"column\" data-settings=\"{&quot;background_background&quot;:&quot;classic&quot;}\">\n\t\t\t<div class=\"elementor-widget-wrap elementor-element-populated\">\n\t\t\t\t\t<div class=\"elementor-background-overlay\"><\/div>\n\t\t\t\t\t\t<section class=\"elementor-section elementor-inner-section elementor-element elementor-element-6604a6b elementor-section-boxed elementor-section-height-default elementor-section-height-default\" data-id=\"6604a6b\" data-element_type=\"section\" data-e-type=\"section\">\n\t\t\t\t\t\t<div class=\"elementor-container elementor-column-gap-no\">\n\t\t\t\t\t<div class=\"elementor-column elementor-col-100 elementor-inner-column elementor-element elementor-element-f098b0d\" data-id=\"f098b0d\" data-element_type=\"column\" data-e-type=\"column\">\n\t\t\t<div class=\"elementor-widget-wrap elementor-element-populated\">\n\t\t\t\t\t\t<div class=\"elementor-element elementor-element-1f94609 elementor-widget elementor-widget-post-info\" data-id=\"1f94609\" data-element_type=\"widget\" data-e-type=\"widget\" data-widget_type=\"post-info.default\">\n\t\t\t\t<div class=\"elementor-widget-container\">\n\t\t\t\t\t\t\t<ul class=\"elementor-inline-items elementor-icon-list-items elementor-post-info\">\n\t\t\t\t\t\t\t\t<li class=\"elementor-icon-list-item elementor-repeater-item-fb2fc86 elementor-inline-item\" itemprop=\"about\">\n\t\t\t\t\t\t\t\t\t\t\t\t\t<span class=\"elementor-icon-list-text elementor-post-info__item elementor-post-info__item--type-terms\">\n\t\t\t\t\t\t\t\t\t\t<span class=\"elementor-post-info__terms-list\">\n\t\t\t\t<a href=\"https:\/\/faber-solartechnik.de\/en\/.\/projekte\/\" class=\"elementor-post-info__terms-list-item\">Projekte<\/a>\t\t\t\t<\/span>\n\t\t\t\t\t<\/span>\n\t\t\t\t\t\t\t\t<\/li>\n\t\t\t\t<\/ul>\n\t\t\t\t\t\t<\/div>\n\t\t\t\t<\/div>\n\t\t\t\t<div class=\"elementor-element elementor-element-009b0cb elementor-widget elementor-widget-heading\" data-id=\"009b0cb\" data-element_type=\"widget\" data-e-type=\"widget\" data-widget_type=\"heading.default\">\n\t\t\t\t<div class=\"elementor-widget-container\">\n\t\t\t\t\t<h4 class=\"elementor-heading-title elementor-size-default\"><a href=\"https:\/\/faber-solartechnik.de\/en\/projekte\/klingenberg\/\" target=\"_blank\">Klingenberg<\/a><\/h4>\t\t\t\t<\/div>\n\t\t\t\t<\/div>\n\t\t\t\t<div class=\"elementor-element elementor-element-6321c9b elementor-hidden-mobile eae-pop-btn-align-left popupklicktitel elementor-hidden-desktop elementor-hidden-tablet eae-pop-btn-type-text elementor-widget elementor-widget-wts-modal-popup\" data-id=\"6321c9b\" data-element_type=\"widget\" data-e-type=\"widget\" data-widget_type=\"wts-modal-popup.default\">\n\t\t\t\t<div class=\"elementor-widget-container\">\n\t\t\t\t\t\t\t<div class=\"eae-popup-wrapper eae-popup-eae-pupup-item-47075454\" data-id=\"eae-pupup-item-47075454\" data-preview-modal=\"\" data-close-button-type=\"icon\" data-close-btn=\"fas fa-times\" data-close-in-out=\"true\" data-effect=\"zoom-in\">\n\t\t\t<a class=\"eae-popup-link icon-position-after\"\n\t\t\tdata-id=\"eae-pupup-item-47075454\" data-ctrl-id=\"6321c9b\" href=\"#eae-pupup-item-47075454\">\n\t\t\t\t\t\t\t\t\t\t\t\t\t\t\t<span class=\"eae-popup-btn-text\">\n\t\t\t\t\t\t\tKlingenberg\t\t\t\t\t\t<\/span>\n\t\t\t\t\t\t\t\t\t\t<span class=\"eae-popup-btn-icon\">\n\t\t\t\t\t\t\t\t\t\t\t<\/span>\n\t\t\t\t\t\t\t\t\t\t\t\t\t\t<\/a>\n\t\t<\/div>\n\n\t\t<div id=\"eae-pupup-item-47075454\" class=\"eae-popup-eae-pupup-item-47075454 mfp-hide eae-popup-container\">\n\t\t\t<input class=\"eae-hidden-post-id\" type=\"hidden\" name=\"eae_hidden_post_id\" data-id=\"eae-pupup-item-47075454\" value=\"0\" \/>\n\t\t\t<div class=\"eae-popup-content\">\n\t\t\t\t\t\t\t\t\t<div class=\"eae-modal-content\">\n\t\t\t\t\t\t\t\t<div data-elementor-type=\"section\" data-elementor-id=\"4203\" class=\"elementor elementor-4203\" data-elementor-post-type=\"elementor_library\">\n\t\t\t\t\t<section class=\"elementor-section elementor-top-section elementor-element elementor-element-76665b6d elementor-section-full_width elementor-section-height-min-height elementor-section-items-stretch elementor-section-height-default\" data-id=\"76665b6d\" data-element_type=\"section\" data-e-type=\"section\">\n\t\t\t\t\t\t<div class=\"elementor-container elementor-column-gap-default\">\n\t\t\t\t\t<div class=\"elementor-column elementor-col-50 elementor-top-column elementor-element elementor-element-27f77bf4\" data-id=\"27f77bf4\" data-element_type=\"column\" data-e-type=\"column\">\n\t\t\t<div class=\"elementor-widget-wrap elementor-element-populated\">\n\t\t\t\t\t\t<div class=\"elementor-element elementor-element-2c72871 shadow runde-ecken elementor-widget elementor-widget-image\" data-id=\"2c72871\" data-element_type=\"widget\" data-e-type=\"widget\" data-widget_type=\"image.default\">\n\t\t\t\t<div class=\"elementor-widget-container\">\n\t\t\t\t\t\t\t\t\t\t\t\t\t\t\t\t<a href=\"https:\/\/faber-solartechnik.de\/wp-content\/uploads\/2023\/11\/Faber-Solar-Dr-Butze-2-scaled.jpg\" data-elementor-open-lightbox=\"yes\" data-e-action-hash=\"#elementor-action%3Aaction%3Dlightbox%26settings%3DeyJpZCI6NzMyOSwidXJsIjoiaHR0cHM6XC9cL2ZhYmVyLXNvbGFydGVjaG5pay5kZVwvd3AtY29udGVudFwvdXBsb2Fkc1wvMjAyM1wvMTFcL0ZhYmVyLVNvbGFyLURyLUJ1dHplLTItc2NhbGVkLmpwZyJ9\">\n\t\t\t\t\t\t\t<img loading=\"lazy\" decoding=\"async\" width=\"768\" height=\"432\" src=\"https:\/\/faber-solartechnik.de\/wp-content\/uploads\/2023\/11\/Faber-Solar-Dr-Butze-2-768x432.jpg\" class=\"attachment-medium_large size-medium_large wp-image-7329\" alt=\"\" srcset=\"https:\/\/faber-solartechnik.de\/wp-content\/uploads\/2023\/11\/Faber-Solar-Dr-Butze-2-768x432.jpg 768w, https:\/\/faber-solartechnik.de\/wp-content\/uploads\/2023\/11\/Faber-Solar-Dr-Butze-2-300x169.jpg 300w, https:\/\/faber-solartechnik.de\/wp-content\/uploads\/2023\/11\/Faber-Solar-Dr-Butze-2-1024x576.jpg 1024w, https:\/\/faber-solartechnik.de\/wp-content\/uploads\/2023\/11\/Faber-Solar-Dr-Butze-2-1536x863.jpg 1536w, https:\/\/faber-solartechnik.de\/wp-content\/uploads\/2023\/11\/Faber-Solar-Dr-Butze-2-2048x1151.jpg 2048w, https:\/\/faber-solartechnik.de\/wp-content\/uploads\/2023\/11\/Faber-Solar-Dr-Butze-2-18x10.jpg 18w\" sizes=\"(max-width: 768px) 100vw, 768px\" \/>\t\t\t\t\t\t\t\t<\/a>\n\t\t\t\t\t\t\t\t\t\t\t\t\t\t\t<\/div>\n\t\t\t\t<\/div>\n\t\t\t\t\t<\/div>\n\t\t<\/div>\n\t\t\t\t<div class=\"elementor-column elementor-col-50 elementor-top-column elementor-element elementor-element-329a626d\" data-id=\"329a626d\" data-element_type=\"column\" data-e-type=\"column\">\n\t\t\t<div class=\"elementor-widget-wrap elementor-element-populated\">\n\t\t\t\t\t\t<div class=\"elementor-element elementor-element-bf7ede2 elementor-widget elementor-widget-heading\" data-id=\"bf7ede2\" data-element_type=\"widget\" data-e-type=\"widget\" data-widget_type=\"heading.default\">\n\t\t\t\t<div class=\"elementor-widget-container\">\n\t\t\t\t\t<h3 class=\"elementor-heading-title elementor-size-default\">Klingenberg<\/h3>\t\t\t\t<\/div>\n\t\t\t\t<\/div>\n\t\t\t\t<div class=\"elementor-element elementor-element-678b441 elementor-widget-divider--view-line elementor-widget elementor-widget-divider\" data-id=\"678b441\" data-element_type=\"widget\" data-e-type=\"widget\" data-widget_type=\"divider.default\">\n\t\t\t\t<div class=\"elementor-widget-container\">\n\t\t\t\t\t\t\t<div class=\"elementor-divider\">\n\t\t\t<span class=\"elementor-divider-separator\">\n\t\t\t\t\t\t<\/span>\n\t\t<\/div>\n\t\t\t\t\t\t<\/div>\n\t\t\t\t<\/div>\n\t\t\t\t<div class=\"elementor-element elementor-element-18e98f7 elementor-widget elementor-widget-theme-post-content\" data-id=\"18e98f7\" data-element_type=\"widget\" data-e-type=\"widget\" data-widget_type=\"theme-post-content.default\">\n\t\t\t\t<div class=\"elementor-widget-container\">\n\t\t\t\t\t\t\t<div data-elementor-type=\"wp-post\" data-elementor-id=\"6022\" class=\"elementor elementor-6022\" data-elementor-post-type=\"post\">\n\t\t\t\t\t\t<section class=\"elementor-section elementor-top-section elementor-element elementor-element-17bb410e elementor-section-boxed elementor-section-height-default elementor-section-height-default\" data-id=\"17bb410e\" data-element_type=\"section\" data-e-type=\"section\">\n\t\t\t\t\t\t<div class=\"elementor-container elementor-column-gap-default\">\n\t\t\t\t\t<div class=\"elementor-column elementor-col-100 elementor-top-column elementor-element elementor-element-1727cf5a\" data-id=\"1727cf5a\" data-element_type=\"column\" data-e-type=\"column\">\n\t\t\t<div class=\"elementor-widget-wrap elementor-element-populated\">\n\t\t\t\t\t\t<div class=\"elementor-element elementor-element-ed49c87 elementor-icon-list--layout-inline popup-pv-fakts elementor-list-item-link-full_width elementor-widget elementor-widget-icon-list\" data-id=\"ed49c87\" data-element_type=\"widget\" data-e-type=\"widget\" data-widget_type=\"icon-list.default\">\n\t\t\t\t<div class=\"elementor-widget-container\">\n\t\t\t\t\t\t\t<ul class=\"elementor-icon-list-items elementor-inline-items\">\n\t\t\t\t\t\t\t<li class=\"elementor-icon-list-item elementor-inline-item\">\n\t\t\t\t\t\t\t\t\t\t\t<span class=\"elementor-icon-list-icon\">\n\t\t\t\t\t\t\t<i aria-hidden=\"true\" class=\"fas fa-sun\"><\/i>\t\t\t\t\t\t<\/span>\n\t\t\t\t\t\t\t\t\t\t<span class=\"elementor-icon-list-text\">300 kWp<\/span>\n\t\t\t\t\t\t\t\t\t<\/li>\n\t\t\t\t\t\t\t\t<li class=\"elementor-icon-list-item elementor-inline-item\">\n\t\t\t\t\t\t\t\t\t\t\t<span class=\"elementor-icon-list-icon\">\n\t\t\t\t\t\t\t<i aria-hidden=\"true\" class=\"fas fa-bolt\"><\/i>\t\t\t\t\t\t<\/span>\n\t\t\t\t\t\t\t\t\t\t<span class=\"elementor-icon-list-text\">280,587 kWh\/Jahr<\/span>\n\t\t\t\t\t\t\t\t\t<\/li>\n\t\t\t\t\t\t\t\t<li class=\"elementor-icon-list-item elementor-inline-item\">\n\t\t\t\t\t\t\t\t\t\t\t<span class=\"elementor-icon-list-icon\">\n\t\t\t\t\t\t\t<i aria-hidden=\"true\" class=\"fas fa-plug\"><\/i>\t\t\t\t\t\t<\/span>\n\t\t\t\t\t\t\t\t\t\t<span class=\"elementor-icon-list-text\">\u00dcberschuss<\/span>\n\t\t\t\t\t\t\t\t\t<\/li>\n\t\t\t\t\t\t\t\t<li class=\"elementor-icon-list-item elementor-inline-item\">\n\t\t\t\t\t\t\t\t\t\t\t<span class=\"elementor-icon-list-icon\">\n\t\t\t\t\t\t\t<i aria-hidden=\"true\" class=\"fas fa-tools\"><\/i>\t\t\t\t\t\t<\/span>\n\t\t\t\t\t\t\t\t\t\t<span class=\"elementor-icon-list-text\">Aufgest\u00e4ndert<\/span>\n\t\t\t\t\t\t\t\t\t<\/li>\n\t\t\t\t\t\t\t\t<li class=\"elementor-icon-list-item elementor-inline-item\">\n\t\t\t\t\t\t\t\t\t\t\t<span class=\"elementor-icon-list-icon\">\n\t\t\t\t\t\t\t<i aria-hidden=\"true\" class=\"fas fa-map-marker-alt\"><\/i>\t\t\t\t\t\t<\/span>\n\t\t\t\t\t\t\t\t\t\t<span class=\"elementor-icon-list-text\">Sachsen<\/span>\n\t\t\t\t\t\t\t\t\t<\/li>\n\t\t\t\t\t\t<\/ul>\n\t\t\t\t\t\t<\/div>\n\t\t\t\t<\/div>\n\t\t\t\t<div class=\"elementor-element elementor-element-7f5b1f81 elementor-widget elementor-widget-gallery\" data-id=\"7f5b1f81\" data-element_type=\"widget\" data-e-type=\"widget\" data-settings=\"{&quot;gallery_layout&quot;:&quot;grid&quot;,&quot;columns&quot;:4,&quot;columns_tablet&quot;:2,&quot;columns_mobile&quot;:1,&quot;gap&quot;:{&quot;unit&quot;:&quot;px&quot;,&quot;size&quot;:10,&quot;sizes&quot;:[]},&quot;gap_laptop&quot;:{&quot;unit&quot;:&quot;px&quot;,&quot;size&quot;:10,&quot;sizes&quot;:[]},&quot;gap_tablet_extra&quot;:{&quot;unit&quot;:&quot;px&quot;,&quot;size&quot;:10,&quot;sizes&quot;:[]},&quot;gap_tablet&quot;:{&quot;unit&quot;:&quot;px&quot;,&quot;size&quot;:10,&quot;sizes&quot;:[]},&quot;gap_mobile&quot;:{&quot;unit&quot;:&quot;px&quot;,&quot;size&quot;:10,&quot;sizes&quot;:[]},&quot;link_to&quot;:&quot;file&quot;,&quot;aspect_ratio&quot;:&quot;3:2&quot;,&quot;overlay_background&quot;:&quot;yes&quot;,&quot;content_hover_animation&quot;:&quot;fade-in&quot;}\" data-widget_type=\"gallery.default\">\n\t\t\t\t<div class=\"elementor-widget-container\">\n\t\t\t\t\t\t\t<div class=\"elementor-gallery__container\">\n\t\t\t\t\t\t\t<a class=\"e-gallery-item elementor-gallery-item elementor-animated-content\" href=\"https:\/\/faber-solartechnik.de\/wp-content\/uploads\/2023\/11\/Faber-Solar-Dr-Butze-6-scaled.jpg\" data-elementor-open-lightbox=\"yes\" data-elementor-lightbox-slideshow=\"7f5b1f81\" data-e-action-hash=\"#elementor-action%3Aaction%3Dlightbox%26settings%3DeyJpZCI6NzMyNSwidXJsIjoiaHR0cHM6XC9cL2ZhYmVyLXNvbGFydGVjaG5pay5kZVwvd3AtY29udGVudFwvdXBsb2Fkc1wvMjAyM1wvMTFcL0ZhYmVyLVNvbGFyLURyLUJ1dHplLTYtc2NhbGVkLmpwZyIsInNsaWRlc2hvdyI6IjdmNWIxZjgxIn0%3D\">\n\t\t\t\t\t<div class=\"e-gallery-image elementor-gallery-item__image\" data-thumbnail=\"https:\/\/faber-solartechnik.de\/wp-content\/uploads\/2023\/11\/Faber-Solar-Dr-Butze-6-300x169.jpg\" data-width=\"300\" data-height=\"169\" aria-label=\"\" role=\"img\" ><\/div>\n\t\t\t\t\t\t\t\t\t\t\t<div class=\"elementor-gallery-item__overlay\"><\/div>\n\t\t\t\t\t\t\t\t\t\t\t\t\t\t<\/a>\n\t\t\t\t\t\t\t<a class=\"e-gallery-item elementor-gallery-item elementor-animated-content\" href=\"https:\/\/faber-solartechnik.de\/wp-content\/uploads\/2023\/11\/Faber-Solar-Dr-Butze-7-scaled.jpg\" data-elementor-open-lightbox=\"yes\" data-elementor-lightbox-slideshow=\"7f5b1f81\" data-e-action-hash=\"#elementor-action%3Aaction%3Dlightbox%26settings%3DeyJpZCI6NzMyNCwidXJsIjoiaHR0cHM6XC9cL2ZhYmVyLXNvbGFydGVjaG5pay5kZVwvd3AtY29udGVudFwvdXBsb2Fkc1wvMjAyM1wvMTFcL0ZhYmVyLVNvbGFyLURyLUJ1dHplLTctc2NhbGVkLmpwZyIsInNsaWRlc2hvdyI6IjdmNWIxZjgxIn0%3D\">\n\t\t\t\t\t<div class=\"e-gallery-image elementor-gallery-item__image\" data-thumbnail=\"https:\/\/faber-solartechnik.de\/wp-content\/uploads\/2023\/11\/Faber-Solar-Dr-Butze-7-300x169.jpg\" data-width=\"300\" data-height=\"169\" aria-label=\"\" role=\"img\" ><\/div>\n\t\t\t\t\t\t\t\t\t\t\t<div class=\"elementor-gallery-item__overlay\"><\/div>\n\t\t\t\t\t\t\t\t\t\t\t\t\t\t<\/a>\n\t\t\t\t\t\t\t<a class=\"e-gallery-item elementor-gallery-item elementor-animated-content\" href=\"https:\/\/faber-solartechnik.de\/wp-content\/uploads\/2023\/11\/Faber-Solar-Dr-Butze-8-scaled.jpg\" data-elementor-open-lightbox=\"yes\" data-elementor-lightbox-slideshow=\"7f5b1f81\" data-e-action-hash=\"#elementor-action%3Aaction%3Dlightbox%26settings%3DeyJpZCI6NzMyMywidXJsIjoiaHR0cHM6XC9cL2ZhYmVyLXNvbGFydGVjaG5pay5kZVwvd3AtY29udGVudFwvdXBsb2Fkc1wvMjAyM1wvMTFcL0ZhYmVyLVNvbGFyLURyLUJ1dHplLTgtc2NhbGVkLmpwZyIsInNsaWRlc2hvdyI6IjdmNWIxZjgxIn0%3D\">\n\t\t\t\t\t<div class=\"e-gallery-image elementor-gallery-item__image\" data-thumbnail=\"https:\/\/faber-solartechnik.de\/wp-content\/uploads\/2023\/11\/Faber-Solar-Dr-Butze-8-300x169.jpg\" data-width=\"300\" data-height=\"169\" aria-label=\"\" role=\"img\" ><\/div>\n\t\t\t\t\t\t\t\t\t\t\t<div class=\"elementor-gallery-item__overlay\"><\/div>\n\t\t\t\t\t\t\t\t\t\t\t\t\t\t<\/a>\n\t\t\t\t\t\t\t<a class=\"e-gallery-item elementor-gallery-item elementor-animated-content\" href=\"https:\/\/faber-solartechnik.de\/wp-content\/uploads\/2023\/11\/Faber-Solar-Dr-Butze-2-scaled.jpg\" data-elementor-open-lightbox=\"yes\" data-elementor-lightbox-slideshow=\"7f5b1f81\" data-e-action-hash=\"#elementor-action%3Aaction%3Dlightbox%26settings%3DeyJpZCI6NzMyOSwidXJsIjoiaHR0cHM6XC9cL2ZhYmVyLXNvbGFydGVjaG5pay5kZVwvd3AtY29udGVudFwvdXBsb2Fkc1wvMjAyM1wvMTFcL0ZhYmVyLVNvbGFyLURyLUJ1dHplLTItc2NhbGVkLmpwZyIsInNsaWRlc2hvdyI6IjdmNWIxZjgxIn0%3D\">\n\t\t\t\t\t<div class=\"e-gallery-image elementor-gallery-item__image\" data-thumbnail=\"https:\/\/faber-solartechnik.de\/wp-content\/uploads\/2023\/11\/Faber-Solar-Dr-Butze-2-300x169.jpg\" data-width=\"300\" data-height=\"169\" aria-label=\"\" role=\"img\" ><\/div>\n\t\t\t\t\t\t\t\t\t\t\t<div class=\"elementor-gallery-item__overlay\"><\/div>\n\t\t\t\t\t\t\t\t\t\t\t\t\t\t<\/a>\n\t\t\t\t\t<\/div>\n\t\t\t\t\t<\/div>\n\t\t\t\t<\/div>\n\t\t\t\t\t<\/div>\n\t\t<\/div>\n\t\t\t\t\t<\/div>\n\t\t<\/section>\n\t\t\t\t<\/div>\n\t\t\t\t\t\t<\/div>\n\t\t\t\t<\/div>\n\t\t\t\t<div class=\"elementor-element elementor-element-b294ae0 e-transform e-transform elementor-align-right elementor-absolute elementor-invisible elementor-widget elementor-widget-button\" data-id=\"b294ae0\" data-element_type=\"widget\" data-e-type=\"widget\" data-settings=\"{&quot;_transform_translateX_effect_hover&quot;:{&quot;unit&quot;:&quot;px&quot;,&quot;size&quot;:-10,&quot;sizes&quot;:[]},&quot;_animation&quot;:&quot;fadeInUp&quot;,&quot;_animation_delay&quot;:1000,&quot;_position&quot;:&quot;absolute&quot;,&quot;_transform_translateX_effect&quot;:{&quot;unit&quot;:&quot;px&quot;,&quot;size&quot;:&quot;&quot;,&quot;sizes&quot;:[]},&quot;_transform_translateX_effect_laptop&quot;:{&quot;unit&quot;:&quot;px&quot;,&quot;size&quot;:&quot;&quot;,&quot;sizes&quot;:[]},&quot;_transform_translateX_effect_tablet_extra&quot;:{&quot;unit&quot;:&quot;px&quot;,&quot;size&quot;:&quot;&quot;,&quot;sizes&quot;:[]},&quot;_transform_translateX_effect_tablet&quot;:{&quot;unit&quot;:&quot;px&quot;,&quot;size&quot;:&quot;&quot;,&quot;sizes&quot;:[]},&quot;_transform_translateX_effect_mobile&quot;:{&quot;unit&quot;:&quot;px&quot;,&quot;size&quot;:&quot;&quot;,&quot;sizes&quot;:[]},&quot;_transform_translateY_effect&quot;:{&quot;unit&quot;:&quot;px&quot;,&quot;size&quot;:&quot;&quot;,&quot;sizes&quot;:[]},&quot;_transform_translateY_effect_laptop&quot;:{&quot;unit&quot;:&quot;px&quot;,&quot;size&quot;:&quot;&quot;,&quot;sizes&quot;:[]},&quot;_transform_translateY_effect_tablet_extra&quot;:{&quot;unit&quot;:&quot;px&quot;,&quot;size&quot;:&quot;&quot;,&quot;sizes&quot;:[]},&quot;_transform_translateY_effect_tablet&quot;:{&quot;unit&quot;:&quot;px&quot;,&quot;size&quot;:&quot;&quot;,&quot;sizes&quot;:[]},&quot;_transform_translateY_effect_mobile&quot;:{&quot;unit&quot;:&quot;px&quot;,&quot;size&quot;:&quot;&quot;,&quot;sizes&quot;:[]},&quot;_transform_translateX_effect_hover_laptop&quot;:{&quot;unit&quot;:&quot;px&quot;,&quot;size&quot;:&quot;&quot;,&quot;sizes&quot;:[]},&quot;_transform_translateX_effect_hover_tablet_extra&quot;:{&quot;unit&quot;:&quot;px&quot;,&quot;size&quot;:&quot;&quot;,&quot;sizes&quot;:[]},&quot;_transform_translateX_effect_hover_tablet&quot;:{&quot;unit&quot;:&quot;px&quot;,&quot;size&quot;:&quot;&quot;,&quot;sizes&quot;:[]},&quot;_transform_translateX_effect_hover_mobile&quot;:{&quot;unit&quot;:&quot;px&quot;,&quot;size&quot;:&quot;&quot;,&quot;sizes&quot;:[]},&quot;_transform_translateY_effect_hover&quot;:{&quot;unit&quot;:&quot;px&quot;,&quot;size&quot;:&quot;&quot;,&quot;sizes&quot;:[]},&quot;_transform_translateY_effect_hover_laptop&quot;:{&quot;unit&quot;:&quot;px&quot;,&quot;size&quot;:&quot;&quot;,&quot;sizes&quot;:[]},&quot;_transform_translateY_effect_hover_tablet_extra&quot;:{&quot;unit&quot;:&quot;px&quot;,&quot;size&quot;:&quot;&quot;,&quot;sizes&quot;:[]},&quot;_transform_translateY_effect_hover_tablet&quot;:{&quot;unit&quot;:&quot;px&quot;,&quot;size&quot;:&quot;&quot;,&quot;sizes&quot;:[]},&quot;_transform_translateY_effect_hover_mobile&quot;:{&quot;unit&quot;:&quot;px&quot;,&quot;size&quot;:&quot;&quot;,&quot;sizes&quot;:[]}}\" data-widget_type=\"button.default\">\n\t\t\t\t<div class=\"elementor-widget-container\">\n\t\t\t\t\t\t\t\t\t<div class=\"elementor-button-wrapper\">\n\t\t\t\t\t<a class=\"elementor-button elementor-button-link elementor-size-xs\" href=\"https:\/\/faber-solartechnik.de\/en\/projekte\/klingenberg\/\" target=\"_blank\">\n\t\t\t\t\t\t<span class=\"elementor-button-content-wrapper\">\n\t\t\t\t\t\t<span class=\"elementor-button-icon\">\n\t\t\t\t<i aria-hidden=\"true\" class=\"far fa-window-restore\"><\/i>\t\t\t<\/span>\n\t\t\t\t\t\t\t\t\t<span class=\"elementor-button-text\">Projekt in neuem Tab \u00f6ffnen<\/span>\n\t\t\t\t\t<\/span>\n\t\t\t\t\t<\/a>\n\t\t\t\t<\/div>\n\t\t\t\t\t\t\t\t<\/div>\n\t\t\t\t<\/div>\n\t\t\t\t\t<\/div>\n\t\t<\/div>\n\t\t\t\t\t<\/div>\n\t\t<\/section>\n\t\t\t\t<\/div>\n\t\t\t\t\t\t\t<\/div>\n\t\t\t\t\t\t\t\t<\/div>\n\t\t<\/div>\n\t\t\t\t\t\t<\/div>\n\t\t\t\t<\/div>\n\t\t\t\t\t<\/div>\n\t\t<\/div>\n\t\t\t\t\t<\/div>\n\t\t<\/section>\n\t\t\t\t<div class=\"elementor-element elementor-element-d621d6e elementor-hidden-mobile elementor-hidden-desktop elementor-hidden-tablet eae-pop-btn-type-text elementor-widget elementor-widget-wts-modal-popup\" data-id=\"d621d6e\" data-element_type=\"widget\" data-e-type=\"widget\" data-widget_type=\"wts-modal-popup.default\">\n\t\t\t\t<div class=\"elementor-widget-container\">\n\t\t\t\t\t\t\t<div class=\"eae-popup-wrapper eae-popup-eae-pupup-item-605687305\" data-id=\"eae-pupup-item-605687305\" data-preview-modal=\"\" data-close-button-type=\"icon\" data-close-btn=\"fas fa-times\" data-close-in-out=\"true\" data-effect=\"zoom-in\">\n\t\t\t<a class=\"eae-popup-link icon-position-before\"\n\t\t\tdata-id=\"eae-pupup-item-605687305\" data-ctrl-id=\"d621d6e\" href=\"#eae-pupup-item-605687305\">\n\t\t\t\t\t\t\t\t\t\t\t\t\t\t<span class=\"eae-popup-btn-icon\">\n\t\t\t\t\t\t<i aria-hidden=\"true\" class=\"fas fa-arrow-right\"><\/i>\t\t\t\t\t<\/span>\n\t\t\t\t\t\t\t\t\t\t\t\t<span class=\"eae-popup-btn-text\">\n\t\t\t\t\t\t\t\u00d6ffnen\t\t\t\t\t\t<\/span>\n\t\t\t\t\t\t\t\t\t\t\t\t\t<\/a>\n\t\t<\/div>\n\n\t\t<div id=\"eae-pupup-item-605687305\" class=\"eae-popup-eae-pupup-item-605687305 mfp-hide eae-popup-container\">\n\t\t\t<input class=\"eae-hidden-post-id\" type=\"hidden\" name=\"eae_hidden_post_id\" data-id=\"eae-pupup-item-605687305\" value=\"0\" \/>\n\t\t\t<div class=\"eae-popup-content\">\n\t\t\t\t\t\t\t\t\t<div class=\"eae-modal-content\">\n\t\t\t\t\t\t\t\t<div data-elementor-type=\"section\" data-elementor-id=\"4203\" class=\"elementor elementor-4203\" data-elementor-post-type=\"elementor_library\">\n\t\t\t\t\t<section class=\"elementor-section elementor-top-section elementor-element elementor-element-76665b6d elementor-section-full_width elementor-section-height-min-height elementor-section-items-stretch elementor-section-height-default\" data-id=\"76665b6d\" data-element_type=\"section\" data-e-type=\"section\">\n\t\t\t\t\t\t<div class=\"elementor-container elementor-column-gap-default\">\n\t\t\t\t\t<div class=\"elementor-column elementor-col-50 elementor-top-column elementor-element elementor-element-27f77bf4\" data-id=\"27f77bf4\" data-element_type=\"column\" data-e-type=\"column\">\n\t\t\t<div class=\"elementor-widget-wrap elementor-element-populated\">\n\t\t\t\t\t\t<div class=\"elementor-element elementor-element-2c72871 shadow runde-ecken elementor-widget elementor-widget-image\" data-id=\"2c72871\" data-element_type=\"widget\" data-e-type=\"widget\" data-widget_type=\"image.default\">\n\t\t\t\t<div class=\"elementor-widget-container\">\n\t\t\t\t\t\t\t\t\t\t\t\t\t\t\t\t<a href=\"https:\/\/faber-solartechnik.de\/wp-content\/uploads\/2023\/11\/Faber-Solar-Dr-Butze-2-scaled.jpg\" data-elementor-open-lightbox=\"yes\" data-e-action-hash=\"#elementor-action%3Aaction%3Dlightbox%26settings%3DeyJpZCI6NzMyOSwidXJsIjoiaHR0cHM6XC9cL2ZhYmVyLXNvbGFydGVjaG5pay5kZVwvd3AtY29udGVudFwvdXBsb2Fkc1wvMjAyM1wvMTFcL0ZhYmVyLVNvbGFyLURyLUJ1dHplLTItc2NhbGVkLmpwZyJ9\">\n\t\t\t\t\t\t\t<img loading=\"lazy\" decoding=\"async\" width=\"768\" height=\"432\" src=\"https:\/\/faber-solartechnik.de\/wp-content\/uploads\/2023\/11\/Faber-Solar-Dr-Butze-2-768x432.jpg\" class=\"attachment-medium_large size-medium_large wp-image-7329\" alt=\"\" srcset=\"https:\/\/faber-solartechnik.de\/wp-content\/uploads\/2023\/11\/Faber-Solar-Dr-Butze-2-768x432.jpg 768w, https:\/\/faber-solartechnik.de\/wp-content\/uploads\/2023\/11\/Faber-Solar-Dr-Butze-2-300x169.jpg 300w, https:\/\/faber-solartechnik.de\/wp-content\/uploads\/2023\/11\/Faber-Solar-Dr-Butze-2-1024x576.jpg 1024w, https:\/\/faber-solartechnik.de\/wp-content\/uploads\/2023\/11\/Faber-Solar-Dr-Butze-2-1536x863.jpg 1536w, https:\/\/faber-solartechnik.de\/wp-content\/uploads\/2023\/11\/Faber-Solar-Dr-Butze-2-2048x1151.jpg 2048w, https:\/\/faber-solartechnik.de\/wp-content\/uploads\/2023\/11\/Faber-Solar-Dr-Butze-2-18x10.jpg 18w\" sizes=\"(max-width: 768px) 100vw, 768px\" \/>\t\t\t\t\t\t\t\t<\/a>\n\t\t\t\t\t\t\t\t\t\t\t\t\t\t\t<\/div>\n\t\t\t\t<\/div>\n\t\t\t\t\t<\/div>\n\t\t<\/div>\n\t\t\t\t<div class=\"elementor-column elementor-col-50 elementor-top-column elementor-element elementor-element-329a626d\" data-id=\"329a626d\" data-element_type=\"column\" data-e-type=\"column\">\n\t\t\t<div class=\"elementor-widget-wrap elementor-element-populated\">\n\t\t\t\t\t\t<div class=\"elementor-element elementor-element-bf7ede2 elementor-widget elementor-widget-heading\" data-id=\"bf7ede2\" data-element_type=\"widget\" data-e-type=\"widget\" data-widget_type=\"heading.default\">\n\t\t\t\t<div class=\"elementor-widget-container\">\n\t\t\t\t\t<h3 class=\"elementor-heading-title elementor-size-default\">Klingenberg<\/h3>\t\t\t\t<\/div>\n\t\t\t\t<\/div>\n\t\t\t\t<div class=\"elementor-element elementor-element-678b441 elementor-widget-divider--view-line elementor-widget elementor-widget-divider\" data-id=\"678b441\" data-element_type=\"widget\" data-e-type=\"widget\" data-widget_type=\"divider.default\">\n\t\t\t\t<div class=\"elementor-widget-container\">\n\t\t\t\t\t\t\t<div class=\"elementor-divider\">\n\t\t\t<span class=\"elementor-divider-separator\">\n\t\t\t\t\t\t<\/span>\n\t\t<\/div>\n\t\t\t\t\t\t<\/div>\n\t\t\t\t<\/div>\n\t\t\t\t<div class=\"elementor-element elementor-element-18e98f7 elementor-widget elementor-widget-theme-post-content\" data-id=\"18e98f7\" data-element_type=\"widget\" data-e-type=\"widget\" data-widget_type=\"theme-post-content.default\">\n\t\t\t\t<div class=\"elementor-widget-container\">\n\t\t\t\t\t\t\t<div data-elementor-type=\"wp-post\" data-elementor-id=\"6022\" class=\"elementor elementor-6022\" data-elementor-post-type=\"post\">\n\t\t\t\t\t\t<section class=\"elementor-section elementor-top-section elementor-element elementor-element-17bb410e elementor-section-boxed elementor-section-height-default elementor-section-height-default\" data-id=\"17bb410e\" data-element_type=\"section\" data-e-type=\"section\">\n\t\t\t\t\t\t<div class=\"elementor-container elementor-column-gap-default\">\n\t\t\t\t\t<div class=\"elementor-column elementor-col-100 elementor-top-column elementor-element elementor-element-1727cf5a\" data-id=\"1727cf5a\" data-element_type=\"column\" data-e-type=\"column\">\n\t\t\t<div class=\"elementor-widget-wrap elementor-element-populated\">\n\t\t\t\t\t\t<div class=\"elementor-element elementor-element-ed49c87 elementor-icon-list--layout-inline popup-pv-fakts elementor-list-item-link-full_width elementor-widget elementor-widget-icon-list\" data-id=\"ed49c87\" data-element_type=\"widget\" data-e-type=\"widget\" data-widget_type=\"icon-list.default\">\n\t\t\t\t<div class=\"elementor-widget-container\">\n\t\t\t\t\t\t\t<ul class=\"elementor-icon-list-items elementor-inline-items\">\n\t\t\t\t\t\t\t<li class=\"elementor-icon-list-item elementor-inline-item\">\n\t\t\t\t\t\t\t\t\t\t\t<span class=\"elementor-icon-list-icon\">\n\t\t\t\t\t\t\t<i aria-hidden=\"true\" class=\"fas fa-sun\"><\/i>\t\t\t\t\t\t<\/span>\n\t\t\t\t\t\t\t\t\t\t<span class=\"elementor-icon-list-text\">300 kWp<\/span>\n\t\t\t\t\t\t\t\t\t<\/li>\n\t\t\t\t\t\t\t\t<li class=\"elementor-icon-list-item elementor-inline-item\">\n\t\t\t\t\t\t\t\t\t\t\t<span class=\"elementor-icon-list-icon\">\n\t\t\t\t\t\t\t<i aria-hidden=\"true\" class=\"fas fa-bolt\"><\/i>\t\t\t\t\t\t<\/span>\n\t\t\t\t\t\t\t\t\t\t<span class=\"elementor-icon-list-text\">280,587 kWh\/Jahr<\/span>\n\t\t\t\t\t\t\t\t\t<\/li>\n\t\t\t\t\t\t\t\t<li class=\"elementor-icon-list-item elementor-inline-item\">\n\t\t\t\t\t\t\t\t\t\t\t<span class=\"elementor-icon-list-icon\">\n\t\t\t\t\t\t\t<i aria-hidden=\"true\" class=\"fas fa-plug\"><\/i>\t\t\t\t\t\t<\/span>\n\t\t\t\t\t\t\t\t\t\t<span class=\"elementor-icon-list-text\">\u00dcberschuss<\/span>\n\t\t\t\t\t\t\t\t\t<\/li>\n\t\t\t\t\t\t\t\t<li class=\"elementor-icon-list-item elementor-inline-item\">\n\t\t\t\t\t\t\t\t\t\t\t<span class=\"elementor-icon-list-icon\">\n\t\t\t\t\t\t\t<i aria-hidden=\"true\" class=\"fas fa-tools\"><\/i>\t\t\t\t\t\t<\/span>\n\t\t\t\t\t\t\t\t\t\t<span class=\"elementor-icon-list-text\">Aufgest\u00e4ndert<\/span>\n\t\t\t\t\t\t\t\t\t<\/li>\n\t\t\t\t\t\t\t\t<li class=\"elementor-icon-list-item elementor-inline-item\">\n\t\t\t\t\t\t\t\t\t\t\t<span class=\"elementor-icon-list-icon\">\n\t\t\t\t\t\t\t<i aria-hidden=\"true\" class=\"fas fa-map-marker-alt\"><\/i>\t\t\t\t\t\t<\/span>\n\t\t\t\t\t\t\t\t\t\t<span class=\"elementor-icon-list-text\">Sachsen<\/span>\n\t\t\t\t\t\t\t\t\t<\/li>\n\t\t\t\t\t\t<\/ul>\n\t\t\t\t\t\t<\/div>\n\t\t\t\t<\/div>\n\t\t\t\t<div class=\"elementor-element elementor-element-7f5b1f81 elementor-widget elementor-widget-gallery\" data-id=\"7f5b1f81\" data-element_type=\"widget\" data-e-type=\"widget\" data-settings=\"{&quot;gallery_layout&quot;:&quot;grid&quot;,&quot;columns&quot;:4,&quot;columns_tablet&quot;:2,&quot;columns_mobile&quot;:1,&quot;gap&quot;:{&quot;unit&quot;:&quot;px&quot;,&quot;size&quot;:10,&quot;sizes&quot;:[]},&quot;gap_laptop&quot;:{&quot;unit&quot;:&quot;px&quot;,&quot;size&quot;:10,&quot;sizes&quot;:[]},&quot;gap_tablet_extra&quot;:{&quot;unit&quot;:&quot;px&quot;,&quot;size&quot;:10,&quot;sizes&quot;:[]},&quot;gap_tablet&quot;:{&quot;unit&quot;:&quot;px&quot;,&quot;size&quot;:10,&quot;sizes&quot;:[]},&quot;gap_mobile&quot;:{&quot;unit&quot;:&quot;px&quot;,&quot;size&quot;:10,&quot;sizes&quot;:[]},&quot;link_to&quot;:&quot;file&quot;,&quot;aspect_ratio&quot;:&quot;3:2&quot;,&quot;overlay_background&quot;:&quot;yes&quot;,&quot;content_hover_animation&quot;:&quot;fade-in&quot;}\" data-widget_type=\"gallery.default\">\n\t\t\t\t<div class=\"elementor-widget-container\">\n\t\t\t\t\t\t\t<div class=\"elementor-gallery__container\">\n\t\t\t\t\t\t\t<a class=\"e-gallery-item elementor-gallery-item elementor-animated-content\" href=\"https:\/\/faber-solartechnik.de\/wp-content\/uploads\/2023\/11\/Faber-Solar-Dr-Butze-6-scaled.jpg\" data-elementor-open-lightbox=\"yes\" data-elementor-lightbox-slideshow=\"7f5b1f81\" data-e-action-hash=\"#elementor-action%3Aaction%3Dlightbox%26settings%3DeyJpZCI6NzMyNSwidXJsIjoiaHR0cHM6XC9cL2ZhYmVyLXNvbGFydGVjaG5pay5kZVwvd3AtY29udGVudFwvdXBsb2Fkc1wvMjAyM1wvMTFcL0ZhYmVyLVNvbGFyLURyLUJ1dHplLTYtc2NhbGVkLmpwZyIsInNsaWRlc2hvdyI6IjdmNWIxZjgxIn0%3D\">\n\t\t\t\t\t<div class=\"e-gallery-image elementor-gallery-item__image\" data-thumbnail=\"https:\/\/faber-solartechnik.de\/wp-content\/uploads\/2023\/11\/Faber-Solar-Dr-Butze-6-300x169.jpg\" data-width=\"300\" data-height=\"169\" aria-label=\"\" role=\"img\" ><\/div>\n\t\t\t\t\t\t\t\t\t\t\t<div class=\"elementor-gallery-item__overlay\"><\/div>\n\t\t\t\t\t\t\t\t\t\t\t\t\t\t<\/a>\n\t\t\t\t\t\t\t<a class=\"e-gallery-item elementor-gallery-item elementor-animated-content\" href=\"https:\/\/faber-solartechnik.de\/wp-content\/uploads\/2023\/11\/Faber-Solar-Dr-Butze-7-scaled.jpg\" data-elementor-open-lightbox=\"yes\" data-elementor-lightbox-slideshow=\"7f5b1f81\" data-e-action-hash=\"#elementor-action%3Aaction%3Dlightbox%26settings%3DeyJpZCI6NzMyNCwidXJsIjoiaHR0cHM6XC9cL2ZhYmVyLXNvbGFydGVjaG5pay5kZVwvd3AtY29udGVudFwvdXBsb2Fkc1wvMjAyM1wvMTFcL0ZhYmVyLVNvbGFyLURyLUJ1dHplLTctc2NhbGVkLmpwZyIsInNsaWRlc2hvdyI6IjdmNWIxZjgxIn0%3D\">\n\t\t\t\t\t<div class=\"e-gallery-image elementor-gallery-item__image\" data-thumbnail=\"https:\/\/faber-solartechnik.de\/wp-content\/uploads\/2023\/11\/Faber-Solar-Dr-Butze-7-300x169.jpg\" data-width=\"300\" data-height=\"169\" aria-label=\"\" role=\"img\" ><\/div>\n\t\t\t\t\t\t\t\t\t\t\t<div class=\"elementor-gallery-item__overlay\"><\/div>\n\t\t\t\t\t\t\t\t\t\t\t\t\t\t<\/a>\n\t\t\t\t\t\t\t<a class=\"e-gallery-item elementor-gallery-item elementor-animated-content\" href=\"https:\/\/faber-solartechnik.de\/wp-content\/uploads\/2023\/11\/Faber-Solar-Dr-Butze-8-scaled.jpg\" data-elementor-open-lightbox=\"yes\" data-elementor-lightbox-slideshow=\"7f5b1f81\" data-e-action-hash=\"#elementor-action%3Aaction%3Dlightbox%26settings%3DeyJpZCI6NzMyMywidXJsIjoiaHR0cHM6XC9cL2ZhYmVyLXNvbGFydGVjaG5pay5kZVwvd3AtY29udGVudFwvdXBsb2Fkc1wvMjAyM1wvMTFcL0ZhYmVyLVNvbGFyLURyLUJ1dHplLTgtc2NhbGVkLmpwZyIsInNsaWRlc2hvdyI6IjdmNWIxZjgxIn0%3D\">\n\t\t\t\t\t<div class=\"e-gallery-image elementor-gallery-item__image\" data-thumbnail=\"https:\/\/faber-solartechnik.de\/wp-content\/uploads\/2023\/11\/Faber-Solar-Dr-Butze-8-300x169.jpg\" data-width=\"300\" data-height=\"169\" aria-label=\"\" role=\"img\" ><\/div>\n\t\t\t\t\t\t\t\t\t\t\t<div class=\"elementor-gallery-item__overlay\"><\/div>\n\t\t\t\t\t\t\t\t\t\t\t\t\t\t<\/a>\n\t\t\t\t\t\t\t<a class=\"e-gallery-item elementor-gallery-item elementor-animated-content\" href=\"https:\/\/faber-solartechnik.de\/wp-content\/uploads\/2023\/11\/Faber-Solar-Dr-Butze-2-scaled.jpg\" data-elementor-open-lightbox=\"yes\" data-elementor-lightbox-slideshow=\"7f5b1f81\" data-e-action-hash=\"#elementor-action%3Aaction%3Dlightbox%26settings%3DeyJpZCI6NzMyOSwidXJsIjoiaHR0cHM6XC9cL2ZhYmVyLXNvbGFydGVjaG5pay5kZVwvd3AtY29udGVudFwvdXBsb2Fkc1wvMjAyM1wvMTFcL0ZhYmVyLVNvbGFyLURyLUJ1dHplLTItc2NhbGVkLmpwZyIsInNsaWRlc2hvdyI6IjdmNWIxZjgxIn0%3D\">\n\t\t\t\t\t<div class=\"e-gallery-image elementor-gallery-item__image\" data-thumbnail=\"https:\/\/faber-solartechnik.de\/wp-content\/uploads\/2023\/11\/Faber-Solar-Dr-Butze-2-300x169.jpg\" data-width=\"300\" data-height=\"169\" aria-label=\"\" role=\"img\" ><\/div>\n\t\t\t\t\t\t\t\t\t\t\t<div class=\"elementor-gallery-item__overlay\"><\/div>\n\t\t\t\t\t\t\t\t\t\t\t\t\t\t<\/a>\n\t\t\t\t\t<\/div>\n\t\t\t\t\t<\/div>\n\t\t\t\t<\/div>\n\t\t\t\t\t<\/div>\n\t\t<\/div>\n\t\t\t\t\t<\/div>\n\t\t<\/section>\n\t\t\t\t<\/div>\n\t\t\t\t\t\t<\/div>\n\t\t\t\t<\/div>\n\t\t\t\t<div class=\"elementor-element elementor-element-b294ae0 e-transform e-transform elementor-align-right elementor-absolute elementor-invisible elementor-widget elementor-widget-button\" data-id=\"b294ae0\" data-element_type=\"widget\" data-e-type=\"widget\" data-settings=\"{&quot;_transform_translateX_effect_hover&quot;:{&quot;unit&quot;:&quot;px&quot;,&quot;size&quot;:-10,&quot;sizes&quot;:[]},&quot;_animation&quot;:&quot;fadeInUp&quot;,&quot;_animation_delay&quot;:1000,&quot;_position&quot;:&quot;absolute&quot;,&quot;_transform_translateX_effect&quot;:{&quot;unit&quot;:&quot;px&quot;,&quot;size&quot;:&quot;&quot;,&quot;sizes&quot;:[]},&quot;_transform_translateX_effect_laptop&quot;:{&quot;unit&quot;:&quot;px&quot;,&quot;size&quot;:&quot;&quot;,&quot;sizes&quot;:[]},&quot;_transform_translateX_effect_tablet_extra&quot;:{&quot;unit&quot;:&quot;px&quot;,&quot;size&quot;:&quot;&quot;,&quot;sizes&quot;:[]},&quot;_transform_translateX_effect_tablet&quot;:{&quot;unit&quot;:&quot;px&quot;,&quot;size&quot;:&quot;&quot;,&quot;sizes&quot;:[]},&quot;_transform_translateX_effect_mobile&quot;:{&quot;unit&quot;:&quot;px&quot;,&quot;size&quot;:&quot;&quot;,&quot;sizes&quot;:[]},&quot;_transform_translateY_effect&quot;:{&quot;unit&quot;:&quot;px&quot;,&quot;size&quot;:&quot;&quot;,&quot;sizes&quot;:[]},&quot;_transform_translateY_effect_laptop&quot;:{&quot;unit&quot;:&quot;px&quot;,&quot;size&quot;:&quot;&quot;,&quot;sizes&quot;:[]},&quot;_transform_translateY_effect_tablet_extra&quot;:{&quot;unit&quot;:&quot;px&quot;,&quot;size&quot;:&quot;&quot;,&quot;sizes&quot;:[]},&quot;_transform_translateY_effect_tablet&quot;:{&quot;unit&quot;:&quot;px&quot;,&quot;size&quot;:&quot;&quot;,&quot;sizes&quot;:[]},&quot;_transform_translateY_effect_mobile&quot;:{&quot;unit&quot;:&quot;px&quot;,&quot;size&quot;:&quot;&quot;,&quot;sizes&quot;:[]},&quot;_transform_translateX_effect_hover_laptop&quot;:{&quot;unit&quot;:&quot;px&quot;,&quot;size&quot;:&quot;&quot;,&quot;sizes&quot;:[]},&quot;_transform_translateX_effect_hover_tablet_extra&quot;:{&quot;unit&quot;:&quot;px&quot;,&quot;size&quot;:&quot;&quot;,&quot;sizes&quot;:[]},&quot;_transform_translateX_effect_hover_tablet&quot;:{&quot;unit&quot;:&quot;px&quot;,&quot;size&quot;:&quot;&quot;,&quot;sizes&quot;:[]},&quot;_transform_translateX_effect_hover_mobile&quot;:{&quot;unit&quot;:&quot;px&quot;,&quot;size&quot;:&quot;&quot;,&quot;sizes&quot;:[]},&quot;_transform_translateY_effect_hover&quot;:{&quot;unit&quot;:&quot;px&quot;,&quot;size&quot;:&quot;&quot;,&quot;sizes&quot;:[]},&quot;_transform_translateY_effect_hover_laptop&quot;:{&quot;unit&quot;:&quot;px&quot;,&quot;size&quot;:&quot;&quot;,&quot;sizes&quot;:[]},&quot;_transform_translateY_effect_hover_tablet_extra&quot;:{&quot;unit&quot;:&quot;px&quot;,&quot;size&quot;:&quot;&quot;,&quot;sizes&quot;:[]},&quot;_transform_translateY_effect_hover_tablet&quot;:{&quot;unit&quot;:&quot;px&quot;,&quot;size&quot;:&quot;&quot;,&quot;sizes&quot;:[]},&quot;_transform_translateY_effect_hover_mobile&quot;:{&quot;unit&quot;:&quot;px&quot;,&quot;size&quot;:&quot;&quot;,&quot;sizes&quot;:[]}}\" data-widget_type=\"button.default\">\n\t\t\t\t<div class=\"elementor-widget-container\">\n\t\t\t\t\t\t\t\t\t<div class=\"elementor-button-wrapper\">\n\t\t\t\t\t<a class=\"elementor-button elementor-button-link elementor-size-xs\" href=\"https:\/\/faber-solartechnik.de\/en\/projekte\/klingenberg\/\" target=\"_blank\">\n\t\t\t\t\t\t<span class=\"elementor-button-content-wrapper\">\n\t\t\t\t\t\t<span class=\"elementor-button-icon\">\n\t\t\t\t<i aria-hidden=\"true\" class=\"far fa-window-restore\"><\/i>\t\t\t<\/span>\n\t\t\t\t\t\t\t\t\t<span class=\"elementor-button-text\">Projekt in neuem Tab \u00f6ffnen<\/span>\n\t\t\t\t\t<\/span>\n\t\t\t\t\t<\/a>\n\t\t\t\t<\/div>\n\t\t\t\t\t\t\t\t<\/div>\n\t\t\t\t<\/div>\n\t\t\t\t\t<\/div>\n\t\t<\/div>\n\t\t\t\t\t<\/div>\n\t\t<\/section>\n\t\t\t\t<\/div>\n\t\t\t\t\t\t\t<\/div>\n\t\t\t\t\t\t\t\t<\/div>\n\t\t<\/div>\n\t\t\t\t\t\t<\/div>\n\t\t\t\t<\/div>\n\t\t\t\t<div class=\"elementor-element elementor-element-15922a7 elementor-widget elementor-widget-button\" data-id=\"15922a7\" data-element_type=\"widget\" data-e-type=\"widget\" data-widget_type=\"button.default\">\n\t\t\t\t<div class=\"elementor-widget-container\">\n\t\t\t\t\t\t\t\t\t<div class=\"elementor-button-wrapper\">\n\t\t\t\t\t<a class=\"elementor-button elementor-button-link elementor-size-xs\" href=\"https:\/\/faber-solartechnik.de\/en\/projekte\/klingenberg\/\" target=\"_blank\">\n\t\t\t\t\t\t<span class=\"elementor-button-content-wrapper\">\n\t\t\t\t\t\t<span class=\"elementor-button-icon\">\n\t\t\t\t<i aria-hidden=\"true\" class=\"fas fa-arrow-right\"><\/i>\t\t\t<\/span>\n\t\t\t\t\t\t\t\t\t<span class=\"elementor-button-text\">\u00d6ffnen<\/span>\n\t\t\t\t\t<\/span>\n\t\t\t\t\t<\/a>\n\t\t\t\t<\/div>\n\t\t\t\t\t\t\t\t<\/div>\n\t\t\t\t<\/div>\n\t\t\t\t\t<\/div>\n\t\t<\/div>\n\t\t\t\t\t<\/div>\n\t\t<\/section>\n\t\t\t\t<\/div>\n\t\t<style id=\"loop-dynamic-3527\">.e-loop-item-1671 .elementor-element.elementor-element-a252bde > .elementor-background-overlay{background-image:url(\"https:\/\/faber-solartechnik.de\/wp-content\/uploads\/2020\/08\/Bad-Salzuflen-24-Faber-1.jpg\");}<\/style>\t\t<div data-elementor-type=\"loop-item\" data-elementor-id=\"3527\" class=\"elementor elementor-3527 swiper-slide e-loop-item e-loop-item-1671 post-1671 post type-post status-publish format-standard has-post-thumbnail hentry category-projekte\" data-elementor-post-type=\"elementor_library\" role=\"group\" aria-roledescription=\"slide\" data-custom-edit-handle=\"1\">\n\t\t\t\t\t<section class=\"elementor-section elementor-top-section elementor-element elementor-element-a252bde elementor-section-height-min-height elementor-section-items-stretch loopnews runde-ecken elementor-section-boxed elementor-section-height-default\" data-id=\"a252bde\" data-element_type=\"section\" data-e-type=\"section\">\n\t\t\t\t\t\t\t<div class=\"elementor-background-overlay\"><\/div>\n\t\t\t\t\t\t\t<div class=\"elementor-container elementor-column-gap-no\">\n\t\t\t\t\t<div class=\"elementor-column elementor-col-100 elementor-top-column elementor-element elementor-element-6fcfada runde-ecken\" data-id=\"6fcfada\" data-element_type=\"column\" data-e-type=\"column\" data-settings=\"{&quot;background_background&quot;:&quot;classic&quot;}\">\n\t\t\t<div class=\"elementor-widget-wrap elementor-element-populated\">\n\t\t\t\t\t<div class=\"elementor-background-overlay\"><\/div>\n\t\t\t\t\t\t<section class=\"elementor-section elementor-inner-section elementor-element elementor-element-6604a6b elementor-section-boxed elementor-section-height-default elementor-section-height-default\" data-id=\"6604a6b\" data-element_type=\"section\" data-e-type=\"section\">\n\t\t\t\t\t\t<div class=\"elementor-container elementor-column-gap-no\">\n\t\t\t\t\t<div class=\"elementor-column elementor-col-100 elementor-inner-column elementor-element elementor-element-f098b0d\" data-id=\"f098b0d\" data-element_type=\"column\" data-e-type=\"column\">\n\t\t\t<div class=\"elementor-widget-wrap elementor-element-populated\">\n\t\t\t\t\t\t<div class=\"elementor-element elementor-element-1f94609 elementor-widget elementor-widget-post-info\" data-id=\"1f94609\" data-element_type=\"widget\" data-e-type=\"widget\" data-widget_type=\"post-info.default\">\n\t\t\t\t<div class=\"elementor-widget-container\">\n\t\t\t\t\t\t\t<ul class=\"elementor-inline-items elementor-icon-list-items elementor-post-info\">\n\t\t\t\t\t\t\t\t<li class=\"elementor-icon-list-item elementor-repeater-item-fb2fc86 elementor-inline-item\" itemprop=\"about\">\n\t\t\t\t\t\t\t\t\t\t\t\t\t<span class=\"elementor-icon-list-text elementor-post-info__item elementor-post-info__item--type-terms\">\n\t\t\t\t\t\t\t\t\t\t<span class=\"elementor-post-info__terms-list\">\n\t\t\t\t<a href=\"https:\/\/faber-solartechnik.de\/en\/.\/projekte\/\" class=\"elementor-post-info__terms-list-item\">Projekte<\/a>\t\t\t\t<\/span>\n\t\t\t\t\t<\/span>\n\t\t\t\t\t\t\t\t<\/li>\n\t\t\t\t<\/ul>\n\t\t\t\t\t\t<\/div>\n\t\t\t\t<\/div>\n\t\t\t\t<div class=\"elementor-element elementor-element-009b0cb elementor-widget elementor-widget-heading\" data-id=\"009b0cb\" data-element_type=\"widget\" data-e-type=\"widget\" data-widget_type=\"heading.default\">\n\t\t\t\t<div class=\"elementor-widget-container\">\n\t\t\t\t\t<h4 class=\"elementor-heading-title elementor-size-default\"><a href=\"https:\/\/faber-solartechnik.de\/en\/projekte\/bad-salzuflen\/\" target=\"_blank\">Bad Salzuflen<\/a><\/h4>\t\t\t\t<\/div>\n\t\t\t\t<\/div>\n\t\t\t\t<div class=\"elementor-element elementor-element-6321c9b elementor-hidden-mobile eae-pop-btn-align-left popupklicktitel elementor-hidden-desktop elementor-hidden-tablet eae-pop-btn-type-text elementor-widget elementor-widget-wts-modal-popup\" data-id=\"6321c9b\" data-element_type=\"widget\" data-e-type=\"widget\" data-widget_type=\"wts-modal-popup.default\">\n\t\t\t\t<div class=\"elementor-widget-container\">\n\t\t\t\t\t\t\t<div class=\"eae-popup-wrapper eae-popup-eae-pupup-item-396531980\" data-id=\"eae-pupup-item-396531980\" data-preview-modal=\"\" data-close-button-type=\"icon\" data-close-btn=\"fas fa-times\" data-close-in-out=\"true\" data-effect=\"zoom-in\">\n\t\t\t<a class=\"eae-popup-link icon-position-after\"\n\t\t\tdata-id=\"eae-pupup-item-396531980\" data-ctrl-id=\"6321c9b\" href=\"#eae-pupup-item-396531980\">\n\t\t\t\t\t\t\t\t\t\t\t\t\t\t\t<span class=\"eae-popup-btn-text\">\n\t\t\t\t\t\t\tBad Salzuflen\t\t\t\t\t\t<\/span>\n\t\t\t\t\t\t\t\t\t\t<span class=\"eae-popup-btn-icon\">\n\t\t\t\t\t\t\t\t\t\t\t<\/span>\n\t\t\t\t\t\t\t\t\t\t\t\t\t\t<\/a>\n\t\t<\/div>\n\n\t\t<div id=\"eae-pupup-item-396531980\" class=\"eae-popup-eae-pupup-item-396531980 mfp-hide eae-popup-container\">\n\t\t\t<input class=\"eae-hidden-post-id\" type=\"hidden\" name=\"eae_hidden_post_id\" data-id=\"eae-pupup-item-396531980\" value=\"0\" \/>\n\t\t\t<div class=\"eae-popup-content\">\n\t\t\t\t\t\t\t\t\t<div class=\"eae-modal-content\">\n\t\t\t\t\t\t\t\t<div data-elementor-type=\"section\" data-elementor-id=\"4203\" class=\"elementor elementor-4203\" data-elementor-post-type=\"elementor_library\">\n\t\t\t\t\t<section class=\"elementor-section elementor-top-section elementor-element elementor-element-76665b6d elementor-section-full_width elementor-section-height-min-height elementor-section-items-stretch elementor-section-height-default\" data-id=\"76665b6d\" data-element_type=\"section\" data-e-type=\"section\">\n\t\t\t\t\t\t<div class=\"elementor-container elementor-column-gap-default\">\n\t\t\t\t\t<div class=\"elementor-column elementor-col-50 elementor-top-column elementor-element elementor-element-27f77bf4\" data-id=\"27f77bf4\" data-element_type=\"column\" data-e-type=\"column\">\n\t\t\t<div class=\"elementor-widget-wrap elementor-element-populated\">\n\t\t\t\t\t\t<div class=\"elementor-element elementor-element-2c72871 shadow runde-ecken elementor-widget elementor-widget-image\" data-id=\"2c72871\" data-element_type=\"widget\" data-e-type=\"widget\" data-widget_type=\"image.default\">\n\t\t\t\t<div class=\"elementor-widget-container\">\n\t\t\t\t\t\t\t\t\t\t\t\t\t\t\t\t<a href=\"https:\/\/faber-solartechnik.de\/wp-content\/uploads\/2020\/08\/Bad-Salzuflen-24-Faber-1.jpg\" data-elementor-open-lightbox=\"yes\" data-e-action-hash=\"#elementor-action%3Aaction%3Dlightbox%26settings%3DeyJpZCI6Nzc2MCwidXJsIjoiaHR0cHM6XC9cL2ZhYmVyLXNvbGFydGVjaG5pay5kZVwvd3AtY29udGVudFwvdXBsb2Fkc1wvMjAyMFwvMDhcL0JhZC1TYWx6dWZsZW4tMjQtRmFiZXItMS5qcGcifQ%3D%3D\">\n\t\t\t\t\t\t\t<img loading=\"lazy\" decoding=\"async\" width=\"768\" height=\"512\" src=\"https:\/\/faber-solartechnik.de\/wp-content\/uploads\/2020\/08\/Bad-Salzuflen-24-Faber-1-768x512.jpg\" class=\"attachment-medium_large size-medium_large wp-image-7760\" alt=\"\" srcset=\"https:\/\/faber-solartechnik.de\/wp-content\/uploads\/2020\/08\/Bad-Salzuflen-24-Faber-1-768x512.jpg 768w, https:\/\/faber-solartechnik.de\/wp-content\/uploads\/2020\/08\/Bad-Salzuflen-24-Faber-1-300x200.jpg 300w, https:\/\/faber-solartechnik.de\/wp-content\/uploads\/2020\/08\/Bad-Salzuflen-24-Faber-1-1024x683.jpg 1024w, https:\/\/faber-solartechnik.de\/wp-content\/uploads\/2020\/08\/Bad-Salzuflen-24-Faber-1-1536x1024.jpg 1536w, https:\/\/faber-solartechnik.de\/wp-content\/uploads\/2020\/08\/Bad-Salzuflen-24-Faber-1-18x12.jpg 18w, https:\/\/faber-solartechnik.de\/wp-content\/uploads\/2020\/08\/Bad-Salzuflen-24-Faber-1.jpg 1920w\" sizes=\"(max-width: 768px) 100vw, 768px\" \/>\t\t\t\t\t\t\t\t<\/a>\n\t\t\t\t\t\t\t\t\t\t\t\t\t\t\t<\/div>\n\t\t\t\t<\/div>\n\t\t\t\t\t<\/div>\n\t\t<\/div>\n\t\t\t\t<div class=\"elementor-column elementor-col-50 elementor-top-column elementor-element elementor-element-329a626d\" data-id=\"329a626d\" data-element_type=\"column\" data-e-type=\"column\">\n\t\t\t<div class=\"elementor-widget-wrap elementor-element-populated\">\n\t\t\t\t\t\t<div class=\"elementor-element elementor-element-bf7ede2 elementor-widget elementor-widget-heading\" data-id=\"bf7ede2\" data-element_type=\"widget\" data-e-type=\"widget\" data-widget_type=\"heading.default\">\n\t\t\t\t<div class=\"elementor-widget-container\">\n\t\t\t\t\t<h3 class=\"elementor-heading-title elementor-size-default\">Bad Salzuflen<\/h3>\t\t\t\t<\/div>\n\t\t\t\t<\/div>\n\t\t\t\t<div class=\"elementor-element elementor-element-678b441 elementor-widget-divider--view-line elementor-widget elementor-widget-divider\" data-id=\"678b441\" data-element_type=\"widget\" data-e-type=\"widget\" data-widget_type=\"divider.default\">\n\t\t\t\t<div class=\"elementor-widget-container\">\n\t\t\t\t\t\t\t<div class=\"elementor-divider\">\n\t\t\t<span class=\"elementor-divider-separator\">\n\t\t\t\t\t\t<\/span>\n\t\t<\/div>\n\t\t\t\t\t\t<\/div>\n\t\t\t\t<\/div>\n\t\t\t\t<div class=\"elementor-element elementor-element-18e98f7 elementor-widget elementor-widget-theme-post-content\" data-id=\"18e98f7\" data-element_type=\"widget\" data-e-type=\"widget\" data-widget_type=\"theme-post-content.default\">\n\t\t\t\t<div class=\"elementor-widget-container\">\n\t\t\t\t\t\t\t<div data-elementor-type=\"wp-post\" data-elementor-id=\"1671\" class=\"elementor elementor-1671\" data-elementor-post-type=\"post\">\n\t\t\t\t\t\t<section class=\"elementor-section elementor-top-section elementor-element elementor-element-0190aff elementor-section-boxed elementor-section-height-default elementor-section-height-default\" data-id=\"0190aff\" data-element_type=\"section\" data-e-type=\"section\">\n\t\t\t\t\t\t<div class=\"elementor-container elementor-column-gap-default\">\n\t\t\t\t\t<div class=\"elementor-column elementor-col-100 elementor-top-column elementor-element elementor-element-5034554\" data-id=\"5034554\" data-element_type=\"column\" data-e-type=\"column\">\n\t\t\t<div class=\"elementor-widget-wrap elementor-element-populated\">\n\t\t\t\t\t\t<div class=\"elementor-element elementor-element-f6d212a elementor-icon-list--layout-inline popup-pv-fakts elementor-list-item-link-full_width elementor-widget elementor-widget-icon-list\" data-id=\"f6d212a\" data-element_type=\"widget\" data-e-type=\"widget\" data-widget_type=\"icon-list.default\">\n\t\t\t\t<div class=\"elementor-widget-container\">\n\t\t\t\t\t\t\t<ul class=\"elementor-icon-list-items elementor-inline-items\">\n\t\t\t\t\t\t\t<li class=\"elementor-icon-list-item elementor-inline-item\">\n\t\t\t\t\t\t\t\t\t\t\t<span class=\"elementor-icon-list-icon\">\n\t\t\t\t\t\t\t<i aria-hidden=\"true\" class=\"fas fa-sun\"><\/i>\t\t\t\t\t\t<\/span>\n\t\t\t\t\t\t\t\t\t\t<span class=\"elementor-icon-list-text\">686 kWp<\/span>\n\t\t\t\t\t\t\t\t\t<\/li>\n\t\t\t\t\t\t\t\t<li class=\"elementor-icon-list-item elementor-inline-item\">\n\t\t\t\t\t\t\t\t\t\t\t<span class=\"elementor-icon-list-icon\">\n\t\t\t\t\t\t\t<i aria-hidden=\"true\" class=\"fas fa-bolt\"><\/i>\t\t\t\t\t\t<\/span>\n\t\t\t\t\t\t\t\t\t\t<span class=\"elementor-icon-list-text\">579.094 kWh\/Jahr<\/span>\n\t\t\t\t\t\t\t\t\t<\/li>\n\t\t\t\t\t\t\t\t<li class=\"elementor-icon-list-item elementor-inline-item\">\n\t\t\t\t\t\t\t\t\t\t\t<span class=\"elementor-icon-list-icon\">\n\t\t\t\t\t\t\t<i aria-hidden=\"true\" class=\"fas fa-plug\"><\/i>\t\t\t\t\t\t<\/span>\n\t\t\t\t\t\t\t\t\t\t<span class=\"elementor-icon-list-text\">\u00dcberschuss<\/span>\n\t\t\t\t\t\t\t\t\t<\/li>\n\t\t\t\t\t\t\t\t<li class=\"elementor-icon-list-item elementor-inline-item\">\n\t\t\t\t\t\t\t\t\t\t\t<span class=\"elementor-icon-list-icon\">\n\t\t\t\t\t\t\t<i aria-hidden=\"true\" class=\"fas fa-tools\"><\/i>\t\t\t\t\t\t<\/span>\n\t\t\t\t\t\t\t\t\t\t<span class=\"elementor-icon-list-text\">Aufgest\u00e4ndert, Dachparallel<\/span>\n\t\t\t\t\t\t\t\t\t<\/li>\n\t\t\t\t\t\t\t\t<li class=\"elementor-icon-list-item elementor-inline-item\">\n\t\t\t\t\t\t\t\t\t\t\t<span class=\"elementor-icon-list-icon\">\n\t\t\t\t\t\t\t<i aria-hidden=\"true\" class=\"fas fa-map-marker-alt\"><\/i>\t\t\t\t\t\t<\/span>\n\t\t\t\t\t\t\t\t\t\t<span class=\"elementor-icon-list-text\">Nordrhein-Westfalen<\/span>\n\t\t\t\t\t\t\t\t\t<\/li>\n\t\t\t\t\t\t<\/ul>\n\t\t\t\t\t\t<\/div>\n\t\t\t\t<\/div>\n\t\t\t\t<div class=\"elementor-element elementor-element-c72e5f2 elementor-widget elementor-widget-gallery\" data-id=\"c72e5f2\" data-element_type=\"widget\" data-e-type=\"widget\" data-settings=\"{&quot;lazyload&quot;:&quot;yes&quot;,&quot;gallery_layout&quot;:&quot;grid&quot;,&quot;columns&quot;:4,&quot;columns_tablet&quot;:2,&quot;columns_mobile&quot;:1,&quot;gap&quot;:{&quot;unit&quot;:&quot;px&quot;,&quot;size&quot;:10,&quot;sizes&quot;:[]},&quot;gap_laptop&quot;:{&quot;unit&quot;:&quot;px&quot;,&quot;size&quot;:10,&quot;sizes&quot;:[]},&quot;gap_tablet_extra&quot;:{&quot;unit&quot;:&quot;px&quot;,&quot;size&quot;:10,&quot;sizes&quot;:[]},&quot;gap_tablet&quot;:{&quot;unit&quot;:&quot;px&quot;,&quot;size&quot;:10,&quot;sizes&quot;:[]},&quot;gap_mobile&quot;:{&quot;unit&quot;:&quot;px&quot;,&quot;size&quot;:10,&quot;sizes&quot;:[]},&quot;link_to&quot;:&quot;file&quot;,&quot;aspect_ratio&quot;:&quot;3:2&quot;,&quot;overlay_background&quot;:&quot;yes&quot;,&quot;content_hover_animation&quot;:&quot;fade-in&quot;}\" data-widget_type=\"gallery.default\">\n\t\t\t\t<div class=\"elementor-widget-container\">\n\t\t\t\t\t\t\t<div class=\"elementor-gallery__container\">\n\t\t\t\t\t\t\t<a class=\"e-gallery-item elementor-gallery-item elementor-animated-content\" href=\"https:\/\/faber-solartechnik.de\/wp-content\/uploads\/2020\/08\/Bad-Salzuflen-17-Faber.jpg\" data-elementor-open-lightbox=\"yes\" data-elementor-lightbox-slideshow=\"c72e5f2\" data-e-action-hash=\"#elementor-action%3Aaction%3Dlightbox%26settings%3DeyJpZCI6MTY3OCwidXJsIjoiaHR0cHM6XC9cL2ZhYmVyLXNvbGFydGVjaG5pay5kZVwvd3AtY29udGVudFwvdXBsb2Fkc1wvMjAyMFwvMDhcL0JhZC1TYWx6dWZsZW4tMTctRmFiZXIuanBnIiwic2xpZGVzaG93IjoiYzcyZTVmMiJ9\">\n\t\t\t\t\t<div class=\"e-gallery-image elementor-gallery-item__image\" data-thumbnail=\"https:\/\/faber-solartechnik.de\/wp-content\/uploads\/2020\/08\/Bad-Salzuflen-17-Faber-300x200.jpg\" data-width=\"300\" data-height=\"200\" aria-label=\"\" role=\"img\" ><\/div>\n\t\t\t\t\t\t\t\t\t\t\t<div class=\"elementor-gallery-item__overlay\"><\/div>\n\t\t\t\t\t\t\t\t\t\t\t\t\t\t<\/a>\n\t\t\t\t\t\t\t<a class=\"e-gallery-item elementor-gallery-item elementor-animated-content\" href=\"https:\/\/faber-solartechnik.de\/wp-content\/uploads\/2020\/08\/Bad-Salzuflen-13-Faber.jpg\" data-elementor-open-lightbox=\"yes\" data-elementor-lightbox-slideshow=\"c72e5f2\" data-e-action-hash=\"#elementor-action%3Aaction%3Dlightbox%26settings%3DeyJpZCI6MTY3NiwidXJsIjoiaHR0cHM6XC9cL2ZhYmVyLXNvbGFydGVjaG5pay5kZVwvd3AtY29udGVudFwvdXBsb2Fkc1wvMjAyMFwvMDhcL0JhZC1TYWx6dWZsZW4tMTMtRmFiZXIuanBnIiwic2xpZGVzaG93IjoiYzcyZTVmMiJ9\">\n\t\t\t\t\t<div class=\"e-gallery-image elementor-gallery-item__image\" data-thumbnail=\"https:\/\/faber-solartechnik.de\/wp-content\/uploads\/2020\/08\/Bad-Salzuflen-13-Faber-300x200.jpg\" data-width=\"300\" data-height=\"200\" aria-label=\"\" role=\"img\" ><\/div>\n\t\t\t\t\t\t\t\t\t\t\t<div class=\"elementor-gallery-item__overlay\"><\/div>\n\t\t\t\t\t\t\t\t\t\t\t\t\t\t<\/a>\n\t\t\t\t\t\t\t<a class=\"e-gallery-item elementor-gallery-item elementor-animated-content\" href=\"https:\/\/faber-solartechnik.de\/wp-content\/uploads\/2020\/08\/Bad-Salzuflen-21-Faber.jpg\" data-elementor-open-lightbox=\"yes\" data-elementor-lightbox-slideshow=\"c72e5f2\" data-e-action-hash=\"#elementor-action%3Aaction%3Dlightbox%26settings%3DeyJpZCI6MTY3OSwidXJsIjoiaHR0cHM6XC9cL2ZhYmVyLXNvbGFydGVjaG5pay5kZVwvd3AtY29udGVudFwvdXBsb2Fkc1wvMjAyMFwvMDhcL0JhZC1TYWx6dWZsZW4tMjEtRmFiZXIuanBnIiwic2xpZGVzaG93IjoiYzcyZTVmMiJ9\">\n\t\t\t\t\t<div class=\"e-gallery-image elementor-gallery-item__image\" data-thumbnail=\"https:\/\/faber-solartechnik.de\/wp-content\/uploads\/2020\/08\/Bad-Salzuflen-21-Faber-300x200.jpg\" data-width=\"300\" data-height=\"200\" aria-label=\"\" role=\"img\" ><\/div>\n\t\t\t\t\t\t\t\t\t\t\t<div class=\"elementor-gallery-item__overlay\"><\/div>\n\t\t\t\t\t\t\t\t\t\t\t\t\t\t<\/a>\n\t\t\t\t\t\t\t<a class=\"e-gallery-item elementor-gallery-item elementor-animated-content\" href=\"https:\/\/faber-solartechnik.de\/wp-content\/uploads\/2020\/08\/Bad-Salzuflen-23-Faber.jpg\" data-elementor-open-lightbox=\"yes\" data-elementor-lightbox-slideshow=\"c72e5f2\" data-e-action-hash=\"#elementor-action%3Aaction%3Dlightbox%26settings%3DeyJpZCI6MTY4MCwidXJsIjoiaHR0cHM6XC9cL2ZhYmVyLXNvbGFydGVjaG5pay5kZVwvd3AtY29udGVudFwvdXBsb2Fkc1wvMjAyMFwvMDhcL0JhZC1TYWx6dWZsZW4tMjMtRmFiZXIuanBnIiwic2xpZGVzaG93IjoiYzcyZTVmMiJ9\">\n\t\t\t\t\t<div class=\"e-gallery-image elementor-gallery-item__image\" data-thumbnail=\"https:\/\/faber-solartechnik.de\/wp-content\/uploads\/2020\/08\/Bad-Salzuflen-23-Faber-300x200.jpg\" data-width=\"300\" data-height=\"200\" aria-label=\"\" role=\"img\" ><\/div>\n\t\t\t\t\t\t\t\t\t\t\t<div class=\"elementor-gallery-item__overlay\"><\/div>\n\t\t\t\t\t\t\t\t\t\t\t\t\t\t<\/a>\n\t\t\t\t\t\t\t<a class=\"e-gallery-item elementor-gallery-item elementor-animated-content\" href=\"https:\/\/faber-solartechnik.de\/wp-content\/uploads\/2020\/08\/Bad-Salzuflen-05-Faber.jpg\" data-elementor-open-lightbox=\"yes\" data-elementor-lightbox-slideshow=\"c72e5f2\" data-e-action-hash=\"#elementor-action%3Aaction%3Dlightbox%26settings%3DeyJpZCI6MTY3MywidXJsIjoiaHR0cHM6XC9cL2ZhYmVyLXNvbGFydGVjaG5pay5kZVwvd3AtY29udGVudFwvdXBsb2Fkc1wvMjAyMFwvMDhcL0JhZC1TYWx6dWZsZW4tMDUtRmFiZXIuanBnIiwic2xpZGVzaG93IjoiYzcyZTVmMiJ9\">\n\t\t\t\t\t<div class=\"e-gallery-image elementor-gallery-item__image\" data-thumbnail=\"https:\/\/faber-solartechnik.de\/wp-content\/uploads\/2020\/08\/Bad-Salzuflen-05-Faber-300x200.jpg\" data-width=\"300\" data-height=\"200\" aria-label=\"\" role=\"img\" ><\/div>\n\t\t\t\t\t\t\t\t\t\t\t<div class=\"elementor-gallery-item__overlay\"><\/div>\n\t\t\t\t\t\t\t\t\t\t\t\t\t\t<\/a>\n\t\t\t\t\t\t\t<a class=\"e-gallery-item elementor-gallery-item elementor-animated-content\" href=\"https:\/\/faber-solartechnik.de\/wp-content\/uploads\/2020\/08\/Bad-Salzuflen-15-Faber.jpg\" data-elementor-open-lightbox=\"yes\" data-elementor-lightbox-slideshow=\"c72e5f2\" data-e-action-hash=\"#elementor-action%3Aaction%3Dlightbox%26settings%3DeyJpZCI6MTY3NywidXJsIjoiaHR0cHM6XC9cL2ZhYmVyLXNvbGFydGVjaG5pay5kZVwvd3AtY29udGVudFwvdXBsb2Fkc1wvMjAyMFwvMDhcL0JhZC1TYWx6dWZsZW4tMTUtRmFiZXIuanBnIiwic2xpZGVzaG93IjoiYzcyZTVmMiJ9\">\n\t\t\t\t\t<div class=\"e-gallery-image elementor-gallery-item__image\" data-thumbnail=\"https:\/\/faber-solartechnik.de\/wp-content\/uploads\/2020\/08\/Bad-Salzuflen-15-Faber-300x200.jpg\" data-width=\"300\" data-height=\"200\" aria-label=\"\" role=\"img\" ><\/div>\n\t\t\t\t\t\t\t\t\t\t\t<div class=\"elementor-gallery-item__overlay\"><\/div>\n\t\t\t\t\t\t\t\t\t\t\t\t\t\t<\/a>\n\t\t\t\t\t\t\t<a class=\"e-gallery-item elementor-gallery-item elementor-animated-content\" href=\"https:\/\/faber-solartechnik.de\/wp-content\/uploads\/2020\/08\/Bad-Salzuflen-08-Faber.jpg\" data-elementor-open-lightbox=\"yes\" data-elementor-lightbox-slideshow=\"c72e5f2\" data-e-action-hash=\"#elementor-action%3Aaction%3Dlightbox%26settings%3DeyJpZCI6MTY3NCwidXJsIjoiaHR0cHM6XC9cL2ZhYmVyLXNvbGFydGVjaG5pay5kZVwvd3AtY29udGVudFwvdXBsb2Fkc1wvMjAyMFwvMDhcL0JhZC1TYWx6dWZsZW4tMDgtRmFiZXIuanBnIiwic2xpZGVzaG93IjoiYzcyZTVmMiJ9\">\n\t\t\t\t\t<div class=\"e-gallery-image elementor-gallery-item__image\" data-thumbnail=\"https:\/\/faber-solartechnik.de\/wp-content\/uploads\/2020\/08\/Bad-Salzuflen-08-Faber-300x200.jpg\" data-width=\"300\" data-height=\"200\" aria-label=\"\" role=\"img\" ><\/div>\n\t\t\t\t\t\t\t\t\t\t\t<div class=\"elementor-gallery-item__overlay\"><\/div>\n\t\t\t\t\t\t\t\t\t\t\t\t\t\t<\/a>\n\t\t\t\t\t\t\t<a class=\"e-gallery-item elementor-gallery-item elementor-animated-content\" href=\"https:\/\/faber-solartechnik.de\/wp-content\/uploads\/2020\/08\/Bad-Salzuflen-24-Faber.jpg\" data-elementor-open-lightbox=\"yes\" data-elementor-lightbox-slideshow=\"c72e5f2\" data-e-action-hash=\"#elementor-action%3Aaction%3Dlightbox%26settings%3DeyJpZCI6MTY4MSwidXJsIjoiaHR0cHM6XC9cL2ZhYmVyLXNvbGFydGVjaG5pay5kZVwvd3AtY29udGVudFwvdXBsb2Fkc1wvMjAyMFwvMDhcL0JhZC1TYWx6dWZsZW4tMjQtRmFiZXIuanBnIiwic2xpZGVzaG93IjoiYzcyZTVmMiJ9\">\n\t\t\t\t\t<div class=\"e-gallery-image elementor-gallery-item__image\" data-thumbnail=\"https:\/\/faber-solartechnik.de\/wp-content\/uploads\/2020\/08\/Bad-Salzuflen-24-Faber-300x200.jpg\" data-width=\"300\" data-height=\"200\" aria-label=\"\" role=\"img\" ><\/div>\n\t\t\t\t\t\t\t\t\t\t\t<div class=\"elementor-gallery-item__overlay\"><\/div>\n\t\t\t\t\t\t\t\t\t\t\t\t\t\t<\/a>\n\t\t\t\t\t<\/div>\n\t\t\t\t\t<\/div>\n\t\t\t\t<\/div>\n\t\t\t\t\t<\/div>\n\t\t<\/div>\n\t\t\t\t\t<\/div>\n\t\t<\/section>\n\t\t\t\t<\/div>\n\t\t\t\t\t\t<\/div>\n\t\t\t\t<\/div>\n\t\t\t\t<div class=\"elementor-element elementor-element-b294ae0 e-transform e-transform elementor-align-right elementor-absolute elementor-invisible elementor-widget elementor-widget-button\" data-id=\"b294ae0\" data-element_type=\"widget\" data-e-type=\"widget\" data-settings=\"{&quot;_transform_translateX_effect_hover&quot;:{&quot;unit&quot;:&quot;px&quot;,&quot;size&quot;:-10,&quot;sizes&quot;:[]},&quot;_animation&quot;:&quot;fadeInUp&quot;,&quot;_animation_delay&quot;:1000,&quot;_position&quot;:&quot;absolute&quot;,&quot;_transform_translateX_effect&quot;:{&quot;unit&quot;:&quot;px&quot;,&quot;size&quot;:&quot;&quot;,&quot;sizes&quot;:[]},&quot;_transform_translateX_effect_laptop&quot;:{&quot;unit&quot;:&quot;px&quot;,&quot;size&quot;:&quot;&quot;,&quot;sizes&quot;:[]},&quot;_transform_translateX_effect_tablet_extra&quot;:{&quot;unit&quot;:&quot;px&quot;,&quot;size&quot;:&quot;&quot;,&quot;sizes&quot;:[]},&quot;_transform_translateX_effect_tablet&quot;:{&quot;unit&quot;:&quot;px&quot;,&quot;size&quot;:&quot;&quot;,&quot;sizes&quot;:[]},&quot;_transform_translateX_effect_mobile&quot;:{&quot;unit&quot;:&quot;px&quot;,&quot;size&quot;:&quot;&quot;,&quot;sizes&quot;:[]},&quot;_transform_translateY_effect&quot;:{&quot;unit&quot;:&quot;px&quot;,&quot;size&quot;:&quot;&quot;,&quot;sizes&quot;:[]},&quot;_transform_translateY_effect_laptop&quot;:{&quot;unit&quot;:&quot;px&quot;,&quot;size&quot;:&quot;&quot;,&quot;sizes&quot;:[]},&quot;_transform_translateY_effect_tablet_extra&quot;:{&quot;unit&quot;:&quot;px&quot;,&quot;size&quot;:&quot;&quot;,&quot;sizes&quot;:[]},&quot;_transform_translateY_effect_tablet&quot;:{&quot;unit&quot;:&quot;px&quot;,&quot;size&quot;:&quot;&quot;,&quot;sizes&quot;:[]},&quot;_transform_translateY_effect_mobile&quot;:{&quot;unit&quot;:&quot;px&quot;,&quot;size&quot;:&quot;&quot;,&quot;sizes&quot;:[]},&quot;_transform_translateX_effect_hover_laptop&quot;:{&quot;unit&quot;:&quot;px&quot;,&quot;size&quot;:&quot;&quot;,&quot;sizes&quot;:[]},&quot;_transform_translateX_effect_hover_tablet_extra&quot;:{&quot;unit&quot;:&quot;px&quot;,&quot;size&quot;:&quot;&quot;,&quot;sizes&quot;:[]},&quot;_transform_translateX_effect_hover_tablet&quot;:{&quot;unit&quot;:&quot;px&quot;,&quot;size&quot;:&quot;&quot;,&quot;sizes&quot;:[]},&quot;_transform_translateX_effect_hover_mobile&quot;:{&quot;unit&quot;:&quot;px&quot;,&quot;size&quot;:&quot;&quot;,&quot;sizes&quot;:[]},&quot;_transform_translateY_effect_hover&quot;:{&quot;unit&quot;:&quot;px&quot;,&quot;size&quot;:&quot;&quot;,&quot;sizes&quot;:[]},&quot;_transform_translateY_effect_hover_laptop&quot;:{&quot;unit&quot;:&quot;px&quot;,&quot;size&quot;:&quot;&quot;,&quot;sizes&quot;:[]},&quot;_transform_translateY_effect_hover_tablet_extra&quot;:{&quot;unit&quot;:&quot;px&quot;,&quot;size&quot;:&quot;&quot;,&quot;sizes&quot;:[]},&quot;_transform_translateY_effect_hover_tablet&quot;:{&quot;unit&quot;:&quot;px&quot;,&quot;size&quot;:&quot;&quot;,&quot;sizes&quot;:[]},&quot;_transform_translateY_effect_hover_mobile&quot;:{&quot;unit&quot;:&quot;px&quot;,&quot;size&quot;:&quot;&quot;,&quot;sizes&quot;:[]}}\" data-widget_type=\"button.default\">\n\t\t\t\t<div class=\"elementor-widget-container\">\n\t\t\t\t\t\t\t\t\t<div class=\"elementor-button-wrapper\">\n\t\t\t\t\t<a class=\"elementor-button elementor-button-link elementor-size-xs\" href=\"https:\/\/faber-solartechnik.de\/en\/projekte\/bad-salzuflen\/\" target=\"_blank\">\n\t\t\t\t\t\t<span class=\"elementor-button-content-wrapper\">\n\t\t\t\t\t\t<span class=\"elementor-button-icon\">\n\t\t\t\t<i aria-hidden=\"true\" class=\"far fa-window-restore\"><\/i>\t\t\t<\/span>\n\t\t\t\t\t\t\t\t\t<span class=\"elementor-button-text\">Projekt in neuem Tab \u00f6ffnen<\/span>\n\t\t\t\t\t<\/span>\n\t\t\t\t\t<\/a>\n\t\t\t\t<\/div>\n\t\t\t\t\t\t\t\t<\/div>\n\t\t\t\t<\/div>\n\t\t\t\t\t<\/div>\n\t\t<\/div>\n\t\t\t\t\t<\/div>\n\t\t<\/section>\n\t\t\t\t<\/div>\n\t\t\t\t\t\t\t<\/div>\n\t\t\t\t\t\t\t\t<\/div>\n\t\t<\/div>\n\t\t\t\t\t\t<\/div>\n\t\t\t\t<\/div>\n\t\t\t\t\t<\/div>\n\t\t<\/div>\n\t\t\t\t\t<\/div>\n\t\t<\/section>\n\t\t\t\t<div class=\"elementor-element elementor-element-d621d6e elementor-hidden-mobile elementor-hidden-desktop elementor-hidden-tablet eae-pop-btn-type-text elementor-widget elementor-widget-wts-modal-popup\" data-id=\"d621d6e\" data-element_type=\"widget\" data-e-type=\"widget\" data-widget_type=\"wts-modal-popup.default\">\n\t\t\t\t<div class=\"elementor-widget-container\">\n\t\t\t\t\t\t\t<div class=\"eae-popup-wrapper eae-popup-eae-pupup-item-334426955\" data-id=\"eae-pupup-item-334426955\" data-preview-modal=\"\" data-close-button-type=\"icon\" data-close-btn=\"fas fa-times\" data-close-in-out=\"true\" data-effect=\"zoom-in\">\n\t\t\t<a class=\"eae-popup-link icon-position-before\"\n\t\t\tdata-id=\"eae-pupup-item-334426955\" data-ctrl-id=\"d621d6e\" href=\"#eae-pupup-item-334426955\">\n\t\t\t\t\t\t\t\t\t\t\t\t\t\t<span class=\"eae-popup-btn-icon\">\n\t\t\t\t\t\t<i aria-hidden=\"true\" class=\"fas fa-arrow-right\"><\/i>\t\t\t\t\t<\/span>\n\t\t\t\t\t\t\t\t\t\t\t\t<span class=\"eae-popup-btn-text\">\n\t\t\t\t\t\t\t\u00d6ffnen\t\t\t\t\t\t<\/span>\n\t\t\t\t\t\t\t\t\t\t\t\t\t<\/a>\n\t\t<\/div>\n\n\t\t<div id=\"eae-pupup-item-334426955\" class=\"eae-popup-eae-pupup-item-334426955 mfp-hide eae-popup-container\">\n\t\t\t<input class=\"eae-hidden-post-id\" type=\"hidden\" name=\"eae_hidden_post_id\" data-id=\"eae-pupup-item-334426955\" value=\"0\" \/>\n\t\t\t<div class=\"eae-popup-content\">\n\t\t\t\t\t\t\t\t\t<div class=\"eae-modal-content\">\n\t\t\t\t\t\t\t\t<div data-elementor-type=\"section\" data-elementor-id=\"4203\" class=\"elementor elementor-4203\" data-elementor-post-type=\"elementor_library\">\n\t\t\t\t\t<section class=\"elementor-section elementor-top-section elementor-element elementor-element-76665b6d elementor-section-full_width elementor-section-height-min-height elementor-section-items-stretch elementor-section-height-default\" data-id=\"76665b6d\" data-element_type=\"section\" data-e-type=\"section\">\n\t\t\t\t\t\t<div class=\"elementor-container elementor-column-gap-default\">\n\t\t\t\t\t<div class=\"elementor-column elementor-col-50 elementor-top-column elementor-element elementor-element-27f77bf4\" data-id=\"27f77bf4\" data-element_type=\"column\" data-e-type=\"column\">\n\t\t\t<div class=\"elementor-widget-wrap elementor-element-populated\">\n\t\t\t\t\t\t<div class=\"elementor-element elementor-element-2c72871 shadow runde-ecken elementor-widget elementor-widget-image\" data-id=\"2c72871\" data-element_type=\"widget\" data-e-type=\"widget\" data-widget_type=\"image.default\">\n\t\t\t\t<div class=\"elementor-widget-container\">\n\t\t\t\t\t\t\t\t\t\t\t\t\t\t\t\t<a href=\"https:\/\/faber-solartechnik.de\/wp-content\/uploads\/2020\/08\/Bad-Salzuflen-24-Faber-1.jpg\" data-elementor-open-lightbox=\"yes\" data-e-action-hash=\"#elementor-action%3Aaction%3Dlightbox%26settings%3DeyJpZCI6Nzc2MCwidXJsIjoiaHR0cHM6XC9cL2ZhYmVyLXNvbGFydGVjaG5pay5kZVwvd3AtY29udGVudFwvdXBsb2Fkc1wvMjAyMFwvMDhcL0JhZC1TYWx6dWZsZW4tMjQtRmFiZXItMS5qcGcifQ%3D%3D\">\n\t\t\t\t\t\t\t<img loading=\"lazy\" decoding=\"async\" width=\"768\" height=\"512\" src=\"https:\/\/faber-solartechnik.de\/wp-content\/uploads\/2020\/08\/Bad-Salzuflen-24-Faber-1-768x512.jpg\" class=\"attachment-medium_large size-medium_large wp-image-7760\" alt=\"\" srcset=\"https:\/\/faber-solartechnik.de\/wp-content\/uploads\/2020\/08\/Bad-Salzuflen-24-Faber-1-768x512.jpg 768w, https:\/\/faber-solartechnik.de\/wp-content\/uploads\/2020\/08\/Bad-Salzuflen-24-Faber-1-300x200.jpg 300w, https:\/\/faber-solartechnik.de\/wp-content\/uploads\/2020\/08\/Bad-Salzuflen-24-Faber-1-1024x683.jpg 1024w, https:\/\/faber-solartechnik.de\/wp-content\/uploads\/2020\/08\/Bad-Salzuflen-24-Faber-1-1536x1024.jpg 1536w, https:\/\/faber-solartechnik.de\/wp-content\/uploads\/2020\/08\/Bad-Salzuflen-24-Faber-1-18x12.jpg 18w, https:\/\/faber-solartechnik.de\/wp-content\/uploads\/2020\/08\/Bad-Salzuflen-24-Faber-1.jpg 1920w\" sizes=\"(max-width: 768px) 100vw, 768px\" \/>\t\t\t\t\t\t\t\t<\/a>\n\t\t\t\t\t\t\t\t\t\t\t\t\t\t\t<\/div>\n\t\t\t\t<\/div>\n\t\t\t\t\t<\/div>\n\t\t<\/div>\n\t\t\t\t<div class=\"elementor-column elementor-col-50 elementor-top-column elementor-element elementor-element-329a626d\" data-id=\"329a626d\" data-element_type=\"column\" data-e-type=\"column\">\n\t\t\t<div class=\"elementor-widget-wrap elementor-element-populated\">\n\t\t\t\t\t\t<div class=\"elementor-element elementor-element-bf7ede2 elementor-widget elementor-widget-heading\" data-id=\"bf7ede2\" data-element_type=\"widget\" data-e-type=\"widget\" data-widget_type=\"heading.default\">\n\t\t\t\t<div class=\"elementor-widget-container\">\n\t\t\t\t\t<h3 class=\"elementor-heading-title elementor-size-default\">Bad Salzuflen<\/h3>\t\t\t\t<\/div>\n\t\t\t\t<\/div>\n\t\t\t\t<div class=\"elementor-element elementor-element-678b441 elementor-widget-divider--view-line elementor-widget elementor-widget-divider\" data-id=\"678b441\" data-element_type=\"widget\" data-e-type=\"widget\" data-widget_type=\"divider.default\">\n\t\t\t\t<div class=\"elementor-widget-container\">\n\t\t\t\t\t\t\t<div class=\"elementor-divider\">\n\t\t\t<span class=\"elementor-divider-separator\">\n\t\t\t\t\t\t<\/span>\n\t\t<\/div>\n\t\t\t\t\t\t<\/div>\n\t\t\t\t<\/div>\n\t\t\t\t<div class=\"elementor-element elementor-element-18e98f7 elementor-widget elementor-widget-theme-post-content\" data-id=\"18e98f7\" data-element_type=\"widget\" data-e-type=\"widget\" data-widget_type=\"theme-post-content.default\">\n\t\t\t\t<div class=\"elementor-widget-container\">\n\t\t\t\t\t\t\t<div data-elementor-type=\"wp-post\" data-elementor-id=\"1671\" class=\"elementor elementor-1671\" data-elementor-post-type=\"post\">\n\t\t\t\t\t\t<section class=\"elementor-section elementor-top-section elementor-element elementor-element-0190aff elementor-section-boxed elementor-section-height-default elementor-section-height-default\" data-id=\"0190aff\" data-element_type=\"section\" data-e-type=\"section\">\n\t\t\t\t\t\t<div class=\"elementor-container elementor-column-gap-default\">\n\t\t\t\t\t<div class=\"elementor-column elementor-col-100 elementor-top-column elementor-element elementor-element-5034554\" data-id=\"5034554\" data-element_type=\"column\" data-e-type=\"column\">\n\t\t\t<div class=\"elementor-widget-wrap elementor-element-populated\">\n\t\t\t\t\t\t<div class=\"elementor-element elementor-element-f6d212a elementor-icon-list--layout-inline popup-pv-fakts elementor-list-item-link-full_width elementor-widget elementor-widget-icon-list\" data-id=\"f6d212a\" data-element_type=\"widget\" data-e-type=\"widget\" data-widget_type=\"icon-list.default\">\n\t\t\t\t<div class=\"elementor-widget-container\">\n\t\t\t\t\t\t\t<ul class=\"elementor-icon-list-items elementor-inline-items\">\n\t\t\t\t\t\t\t<li class=\"elementor-icon-list-item elementor-inline-item\">\n\t\t\t\t\t\t\t\t\t\t\t<span class=\"elementor-icon-list-icon\">\n\t\t\t\t\t\t\t<i aria-hidden=\"true\" class=\"fas fa-sun\"><\/i>\t\t\t\t\t\t<\/span>\n\t\t\t\t\t\t\t\t\t\t<span class=\"elementor-icon-list-text\">686 kWp<\/span>\n\t\t\t\t\t\t\t\t\t<\/li>\n\t\t\t\t\t\t\t\t<li class=\"elementor-icon-list-item elementor-inline-item\">\n\t\t\t\t\t\t\t\t\t\t\t<span class=\"elementor-icon-list-icon\">\n\t\t\t\t\t\t\t<i aria-hidden=\"true\" class=\"fas fa-bolt\"><\/i>\t\t\t\t\t\t<\/span>\n\t\t\t\t\t\t\t\t\t\t<span class=\"elementor-icon-list-text\">579.094 kWh\/Jahr<\/span>\n\t\t\t\t\t\t\t\t\t<\/li>\n\t\t\t\t\t\t\t\t<li class=\"elementor-icon-list-item elementor-inline-item\">\n\t\t\t\t\t\t\t\t\t\t\t<span class=\"elementor-icon-list-icon\">\n\t\t\t\t\t\t\t<i aria-hidden=\"true\" class=\"fas fa-plug\"><\/i>\t\t\t\t\t\t<\/span>\n\t\t\t\t\t\t\t\t\t\t<span class=\"elementor-icon-list-text\">\u00dcberschuss<\/span>\n\t\t\t\t\t\t\t\t\t<\/li>\n\t\t\t\t\t\t\t\t<li class=\"elementor-icon-list-item elementor-inline-item\">\n\t\t\t\t\t\t\t\t\t\t\t<span class=\"elementor-icon-list-icon\">\n\t\t\t\t\t\t\t<i aria-hidden=\"true\" class=\"fas fa-tools\"><\/i>\t\t\t\t\t\t<\/span>\n\t\t\t\t\t\t\t\t\t\t<span class=\"elementor-icon-list-text\">Aufgest\u00e4ndert, Dachparallel<\/span>\n\t\t\t\t\t\t\t\t\t<\/li>\n\t\t\t\t\t\t\t\t<li class=\"elementor-icon-list-item elementor-inline-item\">\n\t\t\t\t\t\t\t\t\t\t\t<span class=\"elementor-icon-list-icon\">\n\t\t\t\t\t\t\t<i aria-hidden=\"true\" class=\"fas fa-map-marker-alt\"><\/i>\t\t\t\t\t\t<\/span>\n\t\t\t\t\t\t\t\t\t\t<span class=\"elementor-icon-list-text\">Nordrhein-Westfalen<\/span>\n\t\t\t\t\t\t\t\t\t<\/li>\n\t\t\t\t\t\t<\/ul>\n\t\t\t\t\t\t<\/div>\n\t\t\t\t<\/div>\n\t\t\t\t<div class=\"elementor-element elementor-element-c72e5f2 elementor-widget elementor-widget-gallery\" data-id=\"c72e5f2\" data-element_type=\"widget\" data-e-type=\"widget\" data-settings=\"{&quot;lazyload&quot;:&quot;yes&quot;,&quot;gallery_layout&quot;:&quot;grid&quot;,&quot;columns&quot;:4,&quot;columns_tablet&quot;:2,&quot;columns_mobile&quot;:1,&quot;gap&quot;:{&quot;unit&quot;:&quot;px&quot;,&quot;size&quot;:10,&quot;sizes&quot;:[]},&quot;gap_laptop&quot;:{&quot;unit&quot;:&quot;px&quot;,&quot;size&quot;:10,&quot;sizes&quot;:[]},&quot;gap_tablet_extra&quot;:{&quot;unit&quot;:&quot;px&quot;,&quot;size&quot;:10,&quot;sizes&quot;:[]},&quot;gap_tablet&quot;:{&quot;unit&quot;:&quot;px&quot;,&quot;size&quot;:10,&quot;sizes&quot;:[]},&quot;gap_mobile&quot;:{&quot;unit&quot;:&quot;px&quot;,&quot;size&quot;:10,&quot;sizes&quot;:[]},&quot;link_to&quot;:&quot;file&quot;,&quot;aspect_ratio&quot;:&quot;3:2&quot;,&quot;overlay_background&quot;:&quot;yes&quot;,&quot;content_hover_animation&quot;:&quot;fade-in&quot;}\" data-widget_type=\"gallery.default\">\n\t\t\t\t<div class=\"elementor-widget-container\">\n\t\t\t\t\t\t\t<div class=\"elementor-gallery__container\">\n\t\t\t\t\t\t\t<a class=\"e-gallery-item elementor-gallery-item elementor-animated-content\" href=\"https:\/\/faber-solartechnik.de\/wp-content\/uploads\/2020\/08\/Bad-Salzuflen-17-Faber.jpg\" data-elementor-open-lightbox=\"yes\" data-elementor-lightbox-slideshow=\"c72e5f2\" data-e-action-hash=\"#elementor-action%3Aaction%3Dlightbox%26settings%3DeyJpZCI6MTY3OCwidXJsIjoiaHR0cHM6XC9cL2ZhYmVyLXNvbGFydGVjaG5pay5kZVwvd3AtY29udGVudFwvdXBsb2Fkc1wvMjAyMFwvMDhcL0JhZC1TYWx6dWZsZW4tMTctRmFiZXIuanBnIiwic2xpZGVzaG93IjoiYzcyZTVmMiJ9\">\n\t\t\t\t\t<div class=\"e-gallery-image elementor-gallery-item__image\" data-thumbnail=\"https:\/\/faber-solartechnik.de\/wp-content\/uploads\/2020\/08\/Bad-Salzuflen-17-Faber-300x200.jpg\" data-width=\"300\" data-height=\"200\" aria-label=\"\" role=\"img\" ><\/div>\n\t\t\t\t\t\t\t\t\t\t\t<div class=\"elementor-gallery-item__overlay\"><\/div>\n\t\t\t\t\t\t\t\t\t\t\t\t\t\t<\/a>\n\t\t\t\t\t\t\t<a class=\"e-gallery-item elementor-gallery-item elementor-animated-content\" href=\"https:\/\/faber-solartechnik.de\/wp-content\/uploads\/2020\/08\/Bad-Salzuflen-13-Faber.jpg\" data-elementor-open-lightbox=\"yes\" data-elementor-lightbox-slideshow=\"c72e5f2\" data-e-action-hash=\"#elementor-action%3Aaction%3Dlightbox%26settings%3DeyJpZCI6MTY3NiwidXJsIjoiaHR0cHM6XC9cL2ZhYmVyLXNvbGFydGVjaG5pay5kZVwvd3AtY29udGVudFwvdXBsb2Fkc1wvMjAyMFwvMDhcL0JhZC1TYWx6dWZsZW4tMTMtRmFiZXIuanBnIiwic2xpZGVzaG93IjoiYzcyZTVmMiJ9\">\n\t\t\t\t\t<div class=\"e-gallery-image elementor-gallery-item__image\" data-thumbnail=\"https:\/\/faber-solartechnik.de\/wp-content\/uploads\/2020\/08\/Bad-Salzuflen-13-Faber-300x200.jpg\" data-width=\"300\" data-height=\"200\" aria-label=\"\" role=\"img\" ><\/div>\n\t\t\t\t\t\t\t\t\t\t\t<div class=\"elementor-gallery-item__overlay\"><\/div>\n\t\t\t\t\t\t\t\t\t\t\t\t\t\t<\/a>\n\t\t\t\t\t\t\t<a class=\"e-gallery-item elementor-gallery-item elementor-animated-content\" href=\"https:\/\/faber-solartechnik.de\/wp-content\/uploads\/2020\/08\/Bad-Salzuflen-21-Faber.jpg\" data-elementor-open-lightbox=\"yes\" data-elementor-lightbox-slideshow=\"c72e5f2\" data-e-action-hash=\"#elementor-action%3Aaction%3Dlightbox%26settings%3DeyJpZCI6MTY3OSwidXJsIjoiaHR0cHM6XC9cL2ZhYmVyLXNvbGFydGVjaG5pay5kZVwvd3AtY29udGVudFwvdXBsb2Fkc1wvMjAyMFwvMDhcL0JhZC1TYWx6dWZsZW4tMjEtRmFiZXIuanBnIiwic2xpZGVzaG93IjoiYzcyZTVmMiJ9\">\n\t\t\t\t\t<div class=\"e-gallery-image elementor-gallery-item__image\" data-thumbnail=\"https:\/\/faber-solartechnik.de\/wp-content\/uploads\/2020\/08\/Bad-Salzuflen-21-Faber-300x200.jpg\" data-width=\"300\" data-height=\"200\" aria-label=\"\" role=\"img\" ><\/div>\n\t\t\t\t\t\t\t\t\t\t\t<div class=\"elementor-gallery-item__overlay\"><\/div>\n\t\t\t\t\t\t\t\t\t\t\t\t\t\t<\/a>\n\t\t\t\t\t\t\t<a class=\"e-gallery-item elementor-gallery-item elementor-animated-content\" href=\"https:\/\/faber-solartechnik.de\/wp-content\/uploads\/2020\/08\/Bad-Salzuflen-23-Faber.jpg\" data-elementor-open-lightbox=\"yes\" data-elementor-lightbox-slideshow=\"c72e5f2\" data-e-action-hash=\"#elementor-action%3Aaction%3Dlightbox%26settings%3DeyJpZCI6MTY4MCwidXJsIjoiaHR0cHM6XC9cL2ZhYmVyLXNvbGFydGVjaG5pay5kZVwvd3AtY29udGVudFwvdXBsb2Fkc1wvMjAyMFwvMDhcL0JhZC1TYWx6dWZsZW4tMjMtRmFiZXIuanBnIiwic2xpZGVzaG93IjoiYzcyZTVmMiJ9\">\n\t\t\t\t\t<div class=\"e-gallery-image elementor-gallery-item__image\" data-thumbnail=\"https:\/\/faber-solartechnik.de\/wp-content\/uploads\/2020\/08\/Bad-Salzuflen-23-Faber-300x200.jpg\" data-width=\"300\" data-height=\"200\" aria-label=\"\" role=\"img\" ><\/div>\n\t\t\t\t\t\t\t\t\t\t\t<div class=\"elementor-gallery-item__overlay\"><\/div>\n\t\t\t\t\t\t\t\t\t\t\t\t\t\t<\/a>\n\t\t\t\t\t\t\t<a class=\"e-gallery-item elementor-gallery-item elementor-animated-content\" href=\"https:\/\/faber-solartechnik.de\/wp-content\/uploads\/2020\/08\/Bad-Salzuflen-05-Faber.jpg\" data-elementor-open-lightbox=\"yes\" data-elementor-lightbox-slideshow=\"c72e5f2\" data-e-action-hash=\"#elementor-action%3Aaction%3Dlightbox%26settings%3DeyJpZCI6MTY3MywidXJsIjoiaHR0cHM6XC9cL2ZhYmVyLXNvbGFydGVjaG5pay5kZVwvd3AtY29udGVudFwvdXBsb2Fkc1wvMjAyMFwvMDhcL0JhZC1TYWx6dWZsZW4tMDUtRmFiZXIuanBnIiwic2xpZGVzaG93IjoiYzcyZTVmMiJ9\">\n\t\t\t\t\t<div class=\"e-gallery-image elementor-gallery-item__image\" data-thumbnail=\"https:\/\/faber-solartechnik.de\/wp-content\/uploads\/2020\/08\/Bad-Salzuflen-05-Faber-300x200.jpg\" data-width=\"300\" data-height=\"200\" aria-label=\"\" role=\"img\" ><\/div>\n\t\t\t\t\t\t\t\t\t\t\t<div class=\"elementor-gallery-item__overlay\"><\/div>\n\t\t\t\t\t\t\t\t\t\t\t\t\t\t<\/a>\n\t\t\t\t\t\t\t<a class=\"e-gallery-item elementor-gallery-item elementor-animated-content\" href=\"https:\/\/faber-solartechnik.de\/wp-content\/uploads\/2020\/08\/Bad-Salzuflen-15-Faber.jpg\" data-elementor-open-lightbox=\"yes\" data-elementor-lightbox-slideshow=\"c72e5f2\" data-e-action-hash=\"#elementor-action%3Aaction%3Dlightbox%26settings%3DeyJpZCI6MTY3NywidXJsIjoiaHR0cHM6XC9cL2ZhYmVyLXNvbGFydGVjaG5pay5kZVwvd3AtY29udGVudFwvdXBsb2Fkc1wvMjAyMFwvMDhcL0JhZC1TYWx6dWZsZW4tMTUtRmFiZXIuanBnIiwic2xpZGVzaG93IjoiYzcyZTVmMiJ9\">\n\t\t\t\t\t<div class=\"e-gallery-image elementor-gallery-item__image\" data-thumbnail=\"https:\/\/faber-solartechnik.de\/wp-content\/uploads\/2020\/08\/Bad-Salzuflen-15-Faber-300x200.jpg\" data-width=\"300\" data-height=\"200\" aria-label=\"\" role=\"img\" ><\/div>\n\t\t\t\t\t\t\t\t\t\t\t<div class=\"elementor-gallery-item__overlay\"><\/div>\n\t\t\t\t\t\t\t\t\t\t\t\t\t\t<\/a>\n\t\t\t\t\t\t\t<a class=\"e-gallery-item elementor-gallery-item elementor-animated-content\" href=\"https:\/\/faber-solartechnik.de\/wp-content\/uploads\/2020\/08\/Bad-Salzuflen-08-Faber.jpg\" data-elementor-open-lightbox=\"yes\" data-elementor-lightbox-slideshow=\"c72e5f2\" data-e-action-hash=\"#elementor-action%3Aaction%3Dlightbox%26settings%3DeyJpZCI6MTY3NCwidXJsIjoiaHR0cHM6XC9cL2ZhYmVyLXNvbGFydGVjaG5pay5kZVwvd3AtY29udGVudFwvdXBsb2Fkc1wvMjAyMFwvMDhcL0JhZC1TYWx6dWZsZW4tMDgtRmFiZXIuanBnIiwic2xpZGVzaG93IjoiYzcyZTVmMiJ9\">\n\t\t\t\t\t<div class=\"e-gallery-image elementor-gallery-item__image\" data-thumbnail=\"https:\/\/faber-solartechnik.de\/wp-content\/uploads\/2020\/08\/Bad-Salzuflen-08-Faber-300x200.jpg\" data-width=\"300\" data-height=\"200\" aria-label=\"\" role=\"img\" ><\/div>\n\t\t\t\t\t\t\t\t\t\t\t<div class=\"elementor-gallery-item__overlay\"><\/div>\n\t\t\t\t\t\t\t\t\t\t\t\t\t\t<\/a>\n\t\t\t\t\t\t\t<a class=\"e-gallery-item elementor-gallery-item elementor-animated-content\" href=\"https:\/\/faber-solartechnik.de\/wp-content\/uploads\/2020\/08\/Bad-Salzuflen-24-Faber.jpg\" data-elementor-open-lightbox=\"yes\" data-elementor-lightbox-slideshow=\"c72e5f2\" data-e-action-hash=\"#elementor-action%3Aaction%3Dlightbox%26settings%3DeyJpZCI6MTY4MSwidXJsIjoiaHR0cHM6XC9cL2ZhYmVyLXNvbGFydGVjaG5pay5kZVwvd3AtY29udGVudFwvdXBsb2Fkc1wvMjAyMFwvMDhcL0JhZC1TYWx6dWZsZW4tMjQtRmFiZXIuanBnIiwic2xpZGVzaG93IjoiYzcyZTVmMiJ9\">\n\t\t\t\t\t<div class=\"e-gallery-image elementor-gallery-item__image\" data-thumbnail=\"https:\/\/faber-solartechnik.de\/wp-content\/uploads\/2020\/08\/Bad-Salzuflen-24-Faber-300x200.jpg\" data-width=\"300\" data-height=\"200\" aria-label=\"\" role=\"img\" ><\/div>\n\t\t\t\t\t\t\t\t\t\t\t<div class=\"elementor-gallery-item__overlay\"><\/div>\n\t\t\t\t\t\t\t\t\t\t\t\t\t\t<\/a>\n\t\t\t\t\t<\/div>\n\t\t\t\t\t<\/div>\n\t\t\t\t<\/div>\n\t\t\t\t\t<\/div>\n\t\t<\/div>\n\t\t\t\t\t<\/div>\n\t\t<\/section>\n\t\t\t\t<\/div>\n\t\t\t\t\t\t<\/div>\n\t\t\t\t<\/div>\n\t\t\t\t<div class=\"elementor-element elementor-element-b294ae0 e-transform e-transform elementor-align-right elementor-absolute elementor-invisible elementor-widget elementor-widget-button\" data-id=\"b294ae0\" data-element_type=\"widget\" data-e-type=\"widget\" data-settings=\"{&quot;_transform_translateX_effect_hover&quot;:{&quot;unit&quot;:&quot;px&quot;,&quot;size&quot;:-10,&quot;sizes&quot;:[]},&quot;_animation&quot;:&quot;fadeInUp&quot;,&quot;_animation_delay&quot;:1000,&quot;_position&quot;:&quot;absolute&quot;,&quot;_transform_translateX_effect&quot;:{&quot;unit&quot;:&quot;px&quot;,&quot;size&quot;:&quot;&quot;,&quot;sizes&quot;:[]},&quot;_transform_translateX_effect_laptop&quot;:{&quot;unit&quot;:&quot;px&quot;,&quot;size&quot;:&quot;&quot;,&quot;sizes&quot;:[]},&quot;_transform_translateX_effect_tablet_extra&quot;:{&quot;unit&quot;:&quot;px&quot;,&quot;size&quot;:&quot;&quot;,&quot;sizes&quot;:[]},&quot;_transform_translateX_effect_tablet&quot;:{&quot;unit&quot;:&quot;px&quot;,&quot;size&quot;:&quot;&quot;,&quot;sizes&quot;:[]},&quot;_transform_translateX_effect_mobile&quot;:{&quot;unit&quot;:&quot;px&quot;,&quot;size&quot;:&quot;&quot;,&quot;sizes&quot;:[]},&quot;_transform_translateY_effect&quot;:{&quot;unit&quot;:&quot;px&quot;,&quot;size&quot;:&quot;&quot;,&quot;sizes&quot;:[]},&quot;_transform_translateY_effect_laptop&quot;:{&quot;unit&quot;:&quot;px&quot;,&quot;size&quot;:&quot;&quot;,&quot;sizes&quot;:[]},&quot;_transform_translateY_effect_tablet_extra&quot;:{&quot;unit&quot;:&quot;px&quot;,&quot;size&quot;:&quot;&quot;,&quot;sizes&quot;:[]},&quot;_transform_translateY_effect_tablet&quot;:{&quot;unit&quot;:&quot;px&quot;,&quot;size&quot;:&quot;&quot;,&quot;sizes&quot;:[]},&quot;_transform_translateY_effect_mobile&quot;:{&quot;unit&quot;:&quot;px&quot;,&quot;size&quot;:&quot;&quot;,&quot;sizes&quot;:[]},&quot;_transform_translateX_effect_hover_laptop&quot;:{&quot;unit&quot;:&quot;px&quot;,&quot;size&quot;:&quot;&quot;,&quot;sizes&quot;:[]},&quot;_transform_translateX_effect_hover_tablet_extra&quot;:{&quot;unit&quot;:&quot;px&quot;,&quot;size&quot;:&quot;&quot;,&quot;sizes&quot;:[]},&quot;_transform_translateX_effect_hover_tablet&quot;:{&quot;unit&quot;:&quot;px&quot;,&quot;size&quot;:&quot;&quot;,&quot;sizes&quot;:[]},&quot;_transform_translateX_effect_hover_mobile&quot;:{&quot;unit&quot;:&quot;px&quot;,&quot;size&quot;:&quot;&quot;,&quot;sizes&quot;:[]},&quot;_transform_translateY_effect_hover&quot;:{&quot;unit&quot;:&quot;px&quot;,&quot;size&quot;:&quot;&quot;,&quot;sizes&quot;:[]},&quot;_transform_translateY_effect_hover_laptop&quot;:{&quot;unit&quot;:&quot;px&quot;,&quot;size&quot;:&quot;&quot;,&quot;sizes&quot;:[]},&quot;_transform_translateY_effect_hover_tablet_extra&quot;:{&quot;unit&quot;:&quot;px&quot;,&quot;size&quot;:&quot;&quot;,&quot;sizes&quot;:[]},&quot;_transform_translateY_effect_hover_tablet&quot;:{&quot;unit&quot;:&quot;px&quot;,&quot;size&quot;:&quot;&quot;,&quot;sizes&quot;:[]},&quot;_transform_translateY_effect_hover_mobile&quot;:{&quot;unit&quot;:&quot;px&quot;,&quot;size&quot;:&quot;&quot;,&quot;sizes&quot;:[]}}\" data-widget_type=\"button.default\">\n\t\t\t\t<div class=\"elementor-widget-container\">\n\t\t\t\t\t\t\t\t\t<div class=\"elementor-button-wrapper\">\n\t\t\t\t\t<a class=\"elementor-button elementor-button-link elementor-size-xs\" href=\"https:\/\/faber-solartechnik.de\/en\/projekte\/bad-salzuflen\/\" target=\"_blank\">\n\t\t\t\t\t\t<span class=\"elementor-button-content-wrapper\">\n\t\t\t\t\t\t<span class=\"elementor-button-icon\">\n\t\t\t\t<i aria-hidden=\"true\" class=\"far fa-window-restore\"><\/i>\t\t\t<\/span>\n\t\t\t\t\t\t\t\t\t<span class=\"elementor-button-text\">Projekt in neuem Tab \u00f6ffnen<\/span>\n\t\t\t\t\t<\/span>\n\t\t\t\t\t<\/a>\n\t\t\t\t<\/div>\n\t\t\t\t\t\t\t\t<\/div>\n\t\t\t\t<\/div>\n\t\t\t\t\t<\/div>\n\t\t<\/div>\n\t\t\t\t\t<\/div>\n\t\t<\/section>\n\t\t\t\t<\/div>\n\t\t\t\t\t\t\t<\/div>\n\t\t\t\t\t\t\t\t<\/div>\n\t\t<\/div>\n\t\t\t\t\t\t<\/div>\n\t\t\t\t<\/div>\n\t\t\t\t<div class=\"elementor-element elementor-element-15922a7 elementor-widget elementor-widget-button\" data-id=\"15922a7\" data-element_type=\"widget\" data-e-type=\"widget\" data-widget_type=\"button.default\">\n\t\t\t\t<div class=\"elementor-widget-container\">\n\t\t\t\t\t\t\t\t\t<div class=\"elementor-button-wrapper\">\n\t\t\t\t\t<a class=\"elementor-button elementor-button-link elementor-size-xs\" href=\"https:\/\/faber-solartechnik.de\/en\/projekte\/bad-salzuflen\/\" target=\"_blank\">\n\t\t\t\t\t\t<span class=\"elementor-button-content-wrapper\">\n\t\t\t\t\t\t<span class=\"elementor-button-icon\">\n\t\t\t\t<i aria-hidden=\"true\" class=\"fas fa-arrow-right\"><\/i>\t\t\t<\/span>\n\t\t\t\t\t\t\t\t\t<span class=\"elementor-button-text\">\u00d6ffnen<\/span>\n\t\t\t\t\t<\/span>\n\t\t\t\t\t<\/a>\n\t\t\t\t<\/div>\n\t\t\t\t\t\t\t\t<\/div>\n\t\t\t\t<\/div>\n\t\t\t\t\t<\/div>\n\t\t<\/div>\n\t\t\t\t\t<\/div>\n\t\t<\/section>\n\t\t\t\t<\/div>\n\t\t\t\t<\/div>\n\t\t<\/div>\n\t\t\t\t\t<div class=\"elementor-swiper-button elementor-swiper-button-prev\" role=\"button\" tabindex=\"0\" aria-label=\"Previous\">\n\t\t\t\t<i aria-hidden=\"true\" class=\"eicon-chevron-left\"><\/i>\t\t\t<\/div>\n\t\t\t<div class=\"elementor-swiper-button elementor-swiper-button-next\" role=\"button\" tabindex=\"0\" aria-label=\"Next\">\n\t\t\t\t<i aria-hidden=\"true\" class=\"eicon-chevron-right\"><\/i>\t\t\t<\/div>\n\t\t\t\t\t<div class=\"swiper-pagination\"><\/div>\n\t\t\t\t\t\t<\/div>\n\t\t\t\t<\/div>\n\t\t\t\t\t<\/div>\n\t\t<\/div>\n\t\t\t\t\t<\/div>\n\t\t<\/section>\n\t\t\t\t<section class=\"elementor-section elementor-top-section elementor-element elementor-element-516d54cb metrohero elementor-section-boxed elementor-section-height-default elementor-section-height-default\" data-id=\"516d54cb\" data-element_type=\"section\" data-e-type=\"section\" id=\"anfrageform\" data-settings=\"{&quot;background_background&quot;:&quot;classic&quot;}\">\n\t\t\t\t\t\t\t<div class=\"elementor-background-overlay\"><\/div>\n\t\t\t\t\t\t\t<div class=\"elementor-container elementor-column-gap-default\">\n\t\t\t\t\t<div class=\"elementor-column elementor-col-100 elementor-top-column elementor-element elementor-element-16d9100\" data-id=\"16d9100\" data-element_type=\"column\" data-e-type=\"column\">\n\t\t\t<div class=\"elementor-widget-wrap elementor-element-populated\">\n\t\t\t\t\t\t<div class=\"elementor-element elementor-element-89dfbe7 elementor-invisible elementor-widget elementor-widget-heading\" data-id=\"89dfbe7\" data-element_type=\"widget\" data-e-type=\"widget\" data-settings=\"{&quot;_animation&quot;:&quot;fadeInDown&quot;}\" data-widget_type=\"heading.default\">\n\t\t\t\t<div class=\"elementor-widget-container\">\n\t\t\t\t\t<h2 class=\"elementor-heading-title elementor-size-default\">Anfrageformular<\/h2>\t\t\t\t<\/div>\n\t\t\t\t<\/div>\n\t\t\t\t<div class=\"elementor-element elementor-element-b910820 animated-slow elementor-widget-divider--view-line elementor-invisible elementor-widget elementor-widget-divider\" data-id=\"b910820\" data-element_type=\"widget\" data-e-type=\"widget\" data-settings=\"{&quot;_animation&quot;:&quot;fadeInUp&quot;,&quot;_animation_delay&quot;:300}\" data-widget_type=\"divider.default\">\n\t\t\t\t<div class=\"elementor-widget-container\">\n\t\t\t\t\t\t\t<div class=\"elementor-divider\">\n\t\t\t<span class=\"elementor-divider-separator\">\n\t\t\t\t\t\t<\/span>\n\t\t<\/div>\n\t\t\t\t\t\t<\/div>\n\t\t\t\t<\/div>\n\t\t\t\t\t<\/div>\n\t\t<\/div>\n\t\t\t\t\t<\/div>\n\t\t<\/section>\n\t\t\t\t<section class=\"elementor-section elementor-top-section elementor-element elementor-element-77bb8b04 metrohero elementor-reverse-mobile elementor-section-boxed elementor-section-height-default elementor-section-height-default\" data-id=\"77bb8b04\" data-element_type=\"section\" data-e-type=\"section\" id=\"kontakt\" data-settings=\"{&quot;background_background&quot;:&quot;classic&quot;}\">\n\t\t\t\t\t\t\t<div class=\"elementor-background-overlay\"><\/div>\n\t\t\t\t\t\t\t<div class=\"elementor-container elementor-column-gap-wider\">\n\t\t\t\t\t<div class=\"elementor-column elementor-col-50 elementor-top-column elementor-element elementor-element-5f5d1c6b runde-ecken pv-anfrage-rechts elementor-hidden-mobile\" data-id=\"5f5d1c6b\" data-element_type=\"column\" data-e-type=\"column\" data-settings=\"{&quot;background_background&quot;:&quot;classic&quot;,&quot;background_motion_fx_motion_fx_scrolling&quot;:&quot;yes&quot;,&quot;background_motion_fx_translateX_effect&quot;:&quot;yes&quot;,&quot;background_motion_fx_translateX_direction&quot;:&quot;negative&quot;,&quot;background_motion_fx_translateX_speed&quot;:{&quot;unit&quot;:&quot;px&quot;,&quot;size&quot;:9,&quot;sizes&quot;:[]},&quot;background_motion_fx_translateX_affectedRange&quot;:{&quot;unit&quot;:&quot;%&quot;,&quot;size&quot;:&quot;&quot;,&quot;sizes&quot;:{&quot;start&quot;:0,&quot;end&quot;:100}},&quot;background_motion_fx_devices&quot;:[&quot;desktop&quot;,&quot;laptop&quot;,&quot;tablet_extra&quot;,&quot;tablet&quot;,&quot;mobile&quot;]}\">\n\t\t\t<div class=\"elementor-widget-wrap elementor-element-populated\">\n\t\t\t\t\t<div class=\"elementor-background-overlay\"><\/div>\n\t\t\t\t\t\t<div class=\"elementor-element elementor-element-45e1a67 elementor-widget elementor-widget-heading\" data-id=\"45e1a67\" data-element_type=\"widget\" data-e-type=\"widget\" data-widget_type=\"heading.default\">\n\t\t\t\t<div class=\"elementor-widget-container\">\n\t\t\t\t\t<h3 class=\"elementor-heading-title elementor-size-default\">Anfrage zur Installation einer PV-Anlage<\/h3>\t\t\t\t<\/div>\n\t\t\t\t<\/div>\n\t\t\t\t<div class=\"elementor-element elementor-element-cf6f0bb elementor-widget-divider--view-line elementor-widget elementor-widget-divider\" data-id=\"cf6f0bb\" data-element_type=\"widget\" data-e-type=\"widget\" data-widget_type=\"divider.default\">\n\t\t\t\t<div class=\"elementor-widget-container\">\n\t\t\t\t\t\t\t<div class=\"elementor-divider\">\n\t\t\t<span class=\"elementor-divider-separator\">\n\t\t\t\t\t\t<\/span>\n\t\t<\/div>\n\t\t\t\t\t\t<\/div>\n\t\t\t\t<\/div>\n\t\t\t\t<div class=\"elementor-element elementor-element-63d8471 elementor-widget elementor-widget-text-editor\" data-id=\"63d8471\" data-element_type=\"widget\" data-e-type=\"widget\" data-widget_type=\"text-editor.default\">\n\t\t\t\t<div class=\"elementor-widget-container\">\n\t\t\t\t\t\t\t\t\t<p>Stellen Sie uns eine unverbindliche Online-Anfrage oder senden Sie uns eine E-Mail.<\/p>\t\t\t\t\t\t\t\t<\/div>\n\t\t\t\t<\/div>\n\t\t\t\t<div class=\"elementor-element elementor-element-3834bb99 elementor-align-left elementor-invisible elementor-widget elementor-widget-button\" data-id=\"3834bb99\" data-element_type=\"widget\" data-e-type=\"widget\" data-settings=\"{&quot;_animation&quot;:&quot;fadeInRight&quot;,&quot;_animation_delay&quot;:1500,&quot;_animation_mobile&quot;:&quot;none&quot;}\" data-widget_type=\"button.default\">\n\t\t\t\t<div class=\"elementor-widget-container\">\n\t\t\t\t\t\t\t\t\t<div class=\"elementor-button-wrapper\">\n\t\t\t\t\t<a class=\"elementor-button elementor-button-link elementor-size-xs\" href=\"mailto:anfragen@faber-solartechnik.de\">\n\t\t\t\t\t\t<span class=\"elementor-button-content-wrapper\">\n\t\t\t\t\t\t<span class=\"elementor-button-icon\">\n\t\t\t\t<i aria-hidden=\"true\" class=\"far fa-envelope\"><\/i>\t\t\t<\/span>\n\t\t\t\t\t\t\t\t\t<span class=\"elementor-button-text\">anfragen@faber-solartechnik.de<\/span>\n\t\t\t\t\t<\/span>\n\t\t\t\t\t<\/a>\n\t\t\t\t<\/div>\n\t\t\t\t\t\t\t\t<\/div>\n\t\t\t\t<\/div>\n\t\t\t\t\t<\/div>\n\t\t<\/div>\n\t\t\t\t<div class=\"elementor-column elementor-col-50 elementor-top-column elementor-element elementor-element-19ff260c\" data-id=\"19ff260c\" data-element_type=\"column\" data-e-type=\"column\" data-settings=\"{&quot;background_background&quot;:&quot;classic&quot;}\">\n\t\t\t<div class=\"elementor-widget-wrap elementor-element-populated\">\n\t\t\t\t\t<div class=\"elementor-background-overlay\"><\/div>\n\t\t\t\t\t\t<div class=\"elementor-element elementor-element-3ab1755e elementor-widget elementor-widget-wp-widget-gform_widget\" data-id=\"3ab1755e\" data-element_type=\"widget\" data-e-type=\"widget\" data-widget_type=\"wp-widget-gform_widget.default\">\n\t\t\t\t<div class=\"elementor-widget-container\">\n\t\t\t\t\t<script src=\"https:\/\/faber-solartechnik.de\/wp-includes\/js\/dist\/dom-ready.min.js?ver=f77871ff7694fffea381\" id=\"wp-dom-ready-js\"><\/script>\n<script src=\"https:\/\/faber-solartechnik.de\/wp-includes\/js\/dist\/hooks.min.js?ver=dd5603f07f9220ed27f1\" id=\"wp-hooks-js\"><\/script>\n<script src=\"https:\/\/faber-solartechnik.de\/wp-includes\/js\/dist\/i18n.min.js?ver=c26c3dc7bed366793375\" id=\"wp-i18n-js\"><\/script>\n<script id=\"wp-i18n-js-after\">\nwp.i18n.setLocaleData( { 'text direction\\u0004ltr': [ 'ltr' ] } );\n\/\/# sourceURL=wp-i18n-js-after\n<\/script>\n<script id=\"wp-a11y-js-translations\">\n( function( domain, translations ) {\n\tvar localeData = translations.locale_data[ domain ] || translations.locale_data.messages;\n\tlocaleData[\"\"].domain = domain;\n\twp.i18n.setLocaleData( localeData, domain );\n} )( \"default\", {\"translation-revision-date\":\"2026-04-17 10:35:12+0000\",\"generator\":\"GlotPress\\\/4.0.3\",\"domain\":\"messages\",\"locale_data\":{\"messages\":{\"\":{\"domain\":\"messages\",\"plural-forms\":\"nplurals=2; plural=n != 1;\",\"lang\":\"en_GB\"},\"Notifications\":[\"Notifications\"]}},\"comment\":{\"reference\":\"wp-includes\\\/js\\\/dist\\\/a11y.js\"}} );\n\/\/# sourceURL=wp-a11y-js-translations\n<\/script>\n<script src=\"https:\/\/faber-solartechnik.de\/wp-includes\/js\/dist\/a11y.min.js?ver=cb460b4676c94bd228ed\" id=\"wp-a11y-js\"><\/script>\n<script src=\"https:\/\/faber-solartechnik.de\/wp-includes\/js\/jquery\/jquery.min.js?ver=3.7.1\" id=\"jquery-core-js\"><\/script>\n<script src=\"https:\/\/faber-solartechnik.de\/wp-includes\/js\/jquery\/jquery-migrate.min.js?ver=3.4.1\" id=\"jquery-migrate-js\"><\/script>\n<script defer='defer' src=\"https:\/\/faber-solartechnik.de\/wp-content\/plugins\/gravityforms\/js\/jquery.json.min.js?ver=2.9.23\" id=\"gform_json-js\"><\/script>\n<script id=\"gform_gravityforms-js-extra\">\nvar gf_global = {\"gf_currency_config\":{\"name\":\"Euro\",\"symbol_left\":\"\",\"symbol_right\":\"&#8364;\",\"symbol_padding\":\" \",\"thousand_separator\":\".\",\"decimal_separator\":\",\",\"decimals\":2,\"code\":\"EUR\"},\"base_url\":\"https:\/\/faber-solartechnik.de\/wp-content\/plugins\/gravityforms\",\"number_formats\":[],\"spinnerUrl\":\"https:\/\/faber-solartechnik.de\/wp-content\/plugins\/gravityforms\/images\/spinner.svg\",\"version_hash\":\"a4ae079bc420b64a70c2ec01f072a23e\",\"strings\":{\"newRowAdded\":\"New row added.\",\"rowRemoved\":\"Row removed\",\"formSaved\":\"The form has been saved.  The content contains the link to return and complete the form.\"}};\n\/\/# sourceURL=gform_gravityforms-js-extra\n<\/script>\n<script defer='defer' src=\"https:\/\/faber-solartechnik.de\/wp-content\/plugins\/gravityforms\/js\/gravityforms.min.js?ver=2.9.23\" id=\"gform_gravityforms-js\"><\/script>\n<script>\nvar gform;gform||(document.addEventListener(\"gform_main_scripts_loaded\",function(){gform.scriptsLoaded=!0}),document.addEventListener(\"gform\/theme\/scripts_loaded\",function(){gform.themeScriptsLoaded=!0}),window.addEventListener(\"DOMContentLoaded\",function(){gform.domLoaded=!0}),gform={domLoaded:!1,scriptsLoaded:!1,themeScriptsLoaded:!1,isFormEditor:()=>\"function\"==typeof InitializeEditor,callIfLoaded:function(o){return!(!gform.domLoaded||!gform.scriptsLoaded||!gform.themeScriptsLoaded&&!gform.isFormEditor()||(gform.isFormEditor()&&console.warn(\"The use of gform.initializeOnLoaded() is deprecated in the form editor context and will be removed in Gravity Forms 3.1.\"),o(),0))},initializeOnLoaded:function(o){gform.callIfLoaded(o)||(document.addEventListener(\"gform_main_scripts_loaded\",()=>{gform.scriptsLoaded=!0,gform.callIfLoaded(o)}),document.addEventListener(\"gform\/theme\/scripts_loaded\",()=>{gform.themeScriptsLoaded=!0,gform.callIfLoaded(o)}),window.addEventListener(\"DOMContentLoaded\",()=>{gform.domLoaded=!0,gform.callIfLoaded(o)}))},hooks:{action:{},filter:{}},addAction:function(o,r,e,t){gform.addHook(\"action\",o,r,e,t)},addFilter:function(o,r,e,t){gform.addHook(\"filter\",o,r,e,t)},doAction:function(o){gform.doHook(\"action\",o,arguments)},applyFilters:function(o){return gform.doHook(\"filter\",o,arguments)},removeAction:function(o,r){gform.removeHook(\"action\",o,r)},removeFilter:function(o,r,e){gform.removeHook(\"filter\",o,r,e)},addHook:function(o,r,e,t,n){null==gform.hooks[o][r]&&(gform.hooks[o][r]=[]);var d=gform.hooks[o][r];null==n&&(n=r+\"_\"+d.length),gform.hooks[o][r].push({tag:n,callable:e,priority:t=null==t?10:t})},doHook:function(r,o,e){var t;if(e=Array.prototype.slice.call(e,1),null!=gform.hooks[r][o]&&((o=gform.hooks[r][o]).sort(function(o,r){return o.priority-r.priority}),o.forEach(function(o){\"function\"!=typeof(t=o.callable)&&(t=window[t]),\"action\"==r?t.apply(null,e):e[0]=t.apply(null,e)})),\"filter\"==r)return e[0]},removeHook:function(o,r,t,n){var e;null!=gform.hooks[o][r]&&(e=(e=gform.hooks[o][r]).filter(function(o,r,e){return!!(null!=n&&n!=o.tag||null!=t&&t!=o.priority)}),gform.hooks[o][r]=e)}});\n<\/script>\n\n                <div class='gf_browser_gecko gform_wrapper gravity-theme gform-theme--no-framework' data-form-theme='gravity-theme' data-form-index='0' id='gform_wrapper_1' >\n                        <div class='gform_heading'>\n\t\t\t\t\t\t\t<p class='gform_required_legend'>&quot;<span class=\"gfield_required gfield_required_asterisk\">*<\/span>&quot; indicates required fields<\/p>\n                        <\/div><form method='post' enctype='multipart\/form-data' target='gform_ajax_frame_1' id='gform_1'  action='\/en\/wp-json\/wp\/v2\/pages\/4839' data-formid='1' novalidate><div id='gf_page_steps_1' class='gf_page_steps'><div id='gf_step_1_1' class='gf_step gf_step_active gf_step_first'><span class='gf_step_number'>1<\/span><span class='gf_step_label'>Angaben zum Projekt<\/span><\/div><div id='gf_step_1_2' class='gf_step gf_step_last gf_step_next gf_step_pending'><span class='gf_step_number'>2<\/span><span class='gf_step_label'>Ihre Kontaktdaten<\/span><\/div><\/div>\n                        <div class='gform-body gform_body'><div id='gform_page_1_1' class='gform_page ' data-js='page-field-id-0' >\n\t\t\t\t\t<div class='gform_page_fields'><div id='gform_fields_1' class='gform_fields top_label form_sublabel_below description_below validation_below'><fieldset id=\"field_1_6\" class=\"gfield gfield--type-address gfield--width-full field_sublabel_below gfield--no-description field_description_below field_validation_below gfield_visibility_visible\"  ><legend class='gfield_label gform-field-label gfield_label_before_complex' >Projektstandort<\/legend>    \n                    <div class='ginput_complex ginput_container has_street has_city has_zip ginput_container_address gform-grid-row' id='input_1_6' >\n                         <span class='ginput_full address_line_1 ginput_address_line_1 gform-grid-col' id='input_1_6_1_container' >\n                                        <input type='text' name='input_6.1' id='input_1_6_1' value=''    aria-required='false'    \/>\n                                        <label for='input_1_6_1' id='input_1_6_1_label' class='gform-field-label gform-field-label--type-sub '>Stra\u00dfe, Haus<\/label>\n                                    <\/span><span class='ginput_left address_city ginput_address_city gform-grid-col' id='input_1_6_3_container' >\n                                    <input type='text' name='input_6.3' id='input_1_6_3' value=''    aria-required='false'    \/>\n                                    <label for='input_1_6_3' id='input_1_6_3_label' class='gform-field-label gform-field-label--type-sub '>Ort<\/label>\n                                 <\/span><input type='hidden' class='gform_hidden' name='input_6.4' id='input_1_6_4' value=''\/><span class='ginput_right address_zip ginput_address_zip gform-grid-col' id='input_1_6_5_container' >\n                                    <input type='text' name='input_6.5' id='input_1_6_5' value=''    aria-required='false'    \/>\n                                    <label for='input_1_6_5' id='input_1_6_5_label' class='gform-field-label gform-field-label--type-sub '>PLZ<\/label>\n                                <\/span><input type='hidden' class='gform_hidden' name='input_6.6' id='input_1_6_6' value='' \/>\n                    <div class='gf_clear gf_clear_complex'><\/div>\n                <\/div><\/fieldset><div id=\"field_1_4\" class=\"gfield gfield--type-select gfield--width-full field_sublabel_below gfield--no-description field_description_below field_validation_below gfield_visibility_visible\"  ><label class='gfield_label gform-field-label' for='input_1_4'>Art<\/label><div class='ginput_container ginput_container_select'><select name='input_4' id='input_1_4' class='large gfield_select'     aria-invalid=\"false\" ><option value='Aufdach' >Aufdach<\/option><option value='Freifl\u00e4che' >Freifl\u00e4che<\/option><option value='Floating' >Floating<\/option><option value='Carport' >Carport<\/option><option value='Sonstiges' >Sonstiges<\/option><\/select><\/div><\/div><div id=\"field_1_21\" class=\"gfield gfield--type-text gfield--width-half field_sublabel_below gfield--no-description field_description_below field_validation_below gfield_visibility_visible\"  ><label class='gfield_label gform-field-label' for='input_1_21'>Fl\u00e4che in m\u00b2<\/label><div class='ginput_container ginput_container_text'><input name='input_21' id='input_1_21' type='text' value='' class='large'      aria-invalid=\"false\"   \/><\/div><\/div><div id=\"field_1_25\" class=\"gfield gfield--type-text gfield--width-half field_sublabel_below gfield--no-description field_description_below field_validation_below gfield_visibility_visible\"  ><label class='gfield_label gform-field-label' for='input_1_25'>Geplante Nennleistung in kWp<\/label><div class='ginput_container ginput_container_text'><input name='input_25' id='input_1_25' type='text' value='' class='large'      aria-invalid=\"false\"   \/><\/div><\/div><fieldset id=\"field_1_26\" class=\"gfield gfield--type-radio gfield--type-choice gfield--width-half field_sublabel_below gfield--no-description field_description_below field_validation_below gfield_visibility_visible\"  ><legend class='gfield_label gform-field-label' >Netzverkn\u00fcpfungspunkt bereits bekannt?<\/legend><div class='ginput_container ginput_container_radio'><div class='gfield_radio' id='input_1_26'>\n\t\t\t<div class='gchoice gchoice_1_26_0'>\n\t\t\t\t\t<input class='gfield-choice-input' name='input_26' type='radio' value='Ja'  id='choice_1_26_0' onchange='gformToggleRadioOther( this )'    \/>\n\t\t\t\t\t<label for='choice_1_26_0' id='label_1_26_0' class='gform-field-label gform-field-label--type-inline'>Ja<\/label>\n\t\t\t<\/div>\n\t\t\t<div class='gchoice gchoice_1_26_1'>\n\t\t\t\t\t<input class='gfield-choice-input' name='input_26' type='radio' value='Nein'  id='choice_1_26_1' onchange='gformToggleRadioOther( this )'    \/>\n\t\t\t\t\t<label for='choice_1_26_1' id='label_1_26_1' class='gform-field-label gform-field-label--type-inline'>Nein<\/label>\n\t\t\t<\/div><\/div><\/div><\/fieldset><fieldset id=\"field_1_27\" class=\"gfield gfield--type-radio gfield--type-choice gfield--width-half field_sublabel_below gfield--no-description field_description_below field_validation_below gfield_visibility_visible\"  ><legend class='gfield_label gform-field-label' >Freiland: Baugenehmigung bereits erteilt?<\/legend><div class='ginput_container ginput_container_radio'><div class='gfield_radio' id='input_1_27'>\n\t\t\t<div class='gchoice gchoice_1_27_0'>\n\t\t\t\t\t<input class='gfield-choice-input' name='input_27' type='radio' value='Ja'  id='choice_1_27_0' onchange='gformToggleRadioOther( this )'    \/>\n\t\t\t\t\t<label for='choice_1_27_0' id='label_1_27_0' class='gform-field-label gform-field-label--type-inline'>Ja<\/label>\n\t\t\t<\/div>\n\t\t\t<div class='gchoice gchoice_1_27_1'>\n\t\t\t\t\t<input class='gfield-choice-input' name='input_27' type='radio' value='Nein'  id='choice_1_27_1' onchange='gformToggleRadioOther( this )'    \/>\n\t\t\t\t\t<label for='choice_1_27_1' id='label_1_27_1' class='gform-field-label gform-field-label--type-inline'>Nein<\/label>\n\t\t\t<\/div><\/div><\/div><\/fieldset><\/div>\n                    <\/div>\n                    <div class='gform-page-footer gform_page_footer top_label'>\n                         <input type='button' id='gform_next_button_1_16' class='gform_next_button gform-theme-button button' onclick='gform.submission.handleButtonClick(this);' data-submission-type='next' value='Weiter'  \/> \n                    <\/div>\n                <\/div>\n                <div id='gform_page_1_2' class='gform_page' data-js='page-field-id-16' style='display:none;'>\n                    <div class='gform_page_fields'>\n                        <div id='gform_fields_1_2' class='gform_fields top_label form_sublabel_below description_below validation_below'><fieldset id=\"field_1_9\" class=\"gfield gfield--type-name gfield--width-full gfield_contains_required field_sublabel_below gfield--no-description field_description_below field_validation_below gfield_visibility_visible\"  ><legend class='gfield_label gform-field-label gfield_label_before_complex' >Name<span class=\"gfield_required\"><span class=\"gfield_required gfield_required_asterisk\">*<\/span><\/span><\/legend><div class='ginput_complex ginput_container ginput_container--name has_prefix has_first_name no_middle_name has_last_name no_suffix gf_name_has_3 ginput_container_name gform-grid-row' id='input_1_9'>\n                            <span id='input_1_9_2_container' class='name_prefix name_prefix_select gform-grid-col gform-grid-col--size-auto' >\n                                                    <select name='input_9.2' id='input_1_9_2'    aria-required='false'   >\n                          <option value=''><\/option><option value='Herr' selected='selected'>Herr<\/option><option value='Frau' >Frau<\/option>\n                      <\/select>\n                                                    <label for='input_1_9_2' class='gform-field-label gform-field-label--type-sub '>Anrede<\/label>\n                                                  <\/span>\n                            <span id='input_1_9_3_container' class='name_first gform-grid-col gform-grid-col--size-auto' >\n                                                    <input type='text' name='input_9.3' id='input_1_9_3' value=''   aria-required='true'     \/>\n                                                    <label for='input_1_9_3' class='gform-field-label gform-field-label--type-sub '>Vorname<\/label>\n                                                <\/span>\n                            \n                            <span id='input_1_9_6_container' class='name_last gform-grid-col gform-grid-col--size-auto' >\n                                                    <input type='text' name='input_9.6' id='input_1_9_6' value=''   aria-required='true'     \/>\n                                                    <label for='input_1_9_6' class='gform-field-label gform-field-label--type-sub '>Nachname<\/label>\n                                                <\/span>\n                            \n                        <\/div><\/fieldset><div id=\"field_1_10\" class=\"gfield gfield--type-text gfield--width-half field_sublabel_below gfield--no-description field_description_below field_validation_below gfield_visibility_visible\"  ><label class='gfield_label gform-field-label' for='input_1_10'>Unternehmen<\/label><div class='ginput_container ginput_container_text'><input name='input_10' id='input_1_10' type='text' value='' class='large'      aria-invalid=\"false\"   \/><\/div><\/div><div id=\"field_1_11\" class=\"gfield gfield--type-text gfield--width-half field_sublabel_below gfield--no-description field_description_below field_validation_below gfield_visibility_visible\"  ><label class='gfield_label gform-field-label' for='input_1_11'>Position<\/label><div class='ginput_container ginput_container_text'><input name='input_11' id='input_1_11' type='text' value='' class='large'      aria-invalid=\"false\"   \/><\/div><\/div><div id=\"field_1_13\" class=\"gfield gfield--type-email gfield--width-half gfield_contains_required field_sublabel_below gfield--no-description field_description_below field_validation_below gfield_visibility_visible\"  ><label class='gfield_label gform-field-label' for='input_1_13'>E-Mail<span class=\"gfield_required\"><span class=\"gfield_required gfield_required_asterisk\">*<\/span><\/span><\/label><div class='ginput_container ginput_container_email'>\n                            <input name='input_13' id='input_1_13' type='email' value='' class='large'    aria-required=\"true\" aria-invalid=\"false\"  \/>\n                        <\/div><\/div><div id=\"field_1_12\" class=\"gfield gfield--type-phone gfield--width-half gfield_contains_required field_sublabel_below gfield--no-description field_description_below field_validation_below gfield_visibility_visible\"  ><label class='gfield_label gform-field-label' for='input_1_12'>Telefon<span class=\"gfield_required\"><span class=\"gfield_required gfield_required_asterisk\">*<\/span><\/span><\/label><div class='ginput_container ginput_container_phone'><input name='input_12' id='input_1_12' type='tel' value='' class='large'   aria-required=\"true\" aria-invalid=\"false\"   \/><\/div><\/div><fieldset id=\"field_1_14\" class=\"gfield gfield--type-address gfield--width-full field_sublabel_below gfield--no-description field_description_below field_validation_below gfield_visibility_visible\"  ><legend class='gfield_label gform-field-label gfield_label_before_complex' >Adresse<\/legend>    \n                    <div class='ginput_complex ginput_container has_street has_city has_zip ginput_container_address gform-grid-row' id='input_1_14' >\n                         <span class='ginput_full address_line_1 ginput_address_line_1 gform-grid-col' id='input_1_14_1_container' >\n                                        <input type='text' name='input_14.1' id='input_1_14_1' value=''    aria-required='false'    \/>\n                                        <label for='input_1_14_1' id='input_1_14_1_label' class='gform-field-label gform-field-label--type-sub '>Stra\u00dfe, Haus<\/label>\n                                    <\/span><span class='ginput_left address_city ginput_address_city gform-grid-col' id='input_1_14_3_container' >\n                                    <input type='text' name='input_14.3' id='input_1_14_3' value=''    aria-required='false'    \/>\n                                    <label for='input_1_14_3' id='input_1_14_3_label' class='gform-field-label gform-field-label--type-sub '>Ort<\/label>\n                                 <\/span><input type='hidden' class='gform_hidden' name='input_14.4' id='input_1_14_4' value=''\/><span class='ginput_right address_zip ginput_address_zip gform-grid-col' id='input_1_14_5_container' >\n                                    <input type='text' name='input_14.5' id='input_1_14_5' value=''    aria-required='false'    \/>\n                                    <label for='input_1_14_5' id='input_1_14_5_label' class='gform-field-label gform-field-label--type-sub '>PLZ<\/label>\n                                <\/span><input type='hidden' class='gform_hidden' name='input_14.6' id='input_1_14_6' value='' \/>\n                    <div class='gf_clear gf_clear_complex'><\/div>\n                <\/div><\/fieldset><fieldset id=\"field_1_18\" class=\"gfield gfield--type-checkbox gfield--type-choice gfield--width-full gfield_contains_required field_sublabel_below gfield--no-description field_description_above field_validation_below gfield_visibility_visible\"  ><legend class='gfield_label gform-field-label gfield_label_before_complex' >Datenschutz<span class=\"gfield_required\"><span class=\"gfield_required gfield_required_asterisk\">*<\/span><\/span><\/legend><div class='ginput_container ginput_container_checkbox'><div class='gfield_checkbox ' id='input_1_18'><div class='gchoice gchoice_1_18_1'>\n\t\t\t\t\t\t\t\t<input class='gfield-choice-input' name='input_18.1' type='checkbox'  value='Hiermit best\u00e4tige ich, dass ich die &lt;a href=&quot;https:\/\/faber-solartechnik.de\/datenschutzerklaerung\/&quot; target=&quot;_blank&quot;&gt;Datenschutzerkl\u00e4rung&lt;\/a&gt; zur Kenntnis genommen habe.'  id='choice_1_18_1'   \/>\n\t\t\t\t\t\t\t\t<label for='choice_1_18_1' id='label_1_18_1' class='gform-field-label gform-field-label--type-inline'>Hiermit best\u00e4tige ich, dass ich die <a href=\"https:\/\/faber-solartechnik.de\/datenschutzerklaerung\/\" target=\"_blank\">Datenschutzerkl\u00e4rung<\/a> zur Kenntnis genommen habe.<\/label>\n\t\t\t\t\t\t\t<\/div><\/div><\/div><\/fieldset><\/div><\/div>\n        <div class='gform-page-footer gform_page_footer top_label'><input type='submit' id='gform_previous_button_1' class='gform_previous_button gform-theme-button gform-theme-button--secondary button' onclick='gform.submission.handleButtonClick(this);' data-submission-type='previous' value='Zur\u00fcck'  \/> <input type='submit' id='gform_submit_button_1' class='gform_button button' onclick='gform.submission.handleButtonClick(this);' data-submission-type='submit' value='Anfrage senden'  \/> <input type='hidden' name='gform_ajax' value='form_id=1&amp;title=&amp;description=&amp;tabindex=0&amp;theme=gravity-theme&amp;hash=4b7ecbce5a21995ed31e1292da1aaea9' \/>\n            <input type='hidden' class='gform_hidden' name='gform_submission_method' data-js='gform_submission_method_1' value='iframe' \/>\n            <input type='hidden' class='gform_hidden' name='gform_theme' data-js='gform_theme_1' id='gform_theme_1' value='gravity-theme' \/>\n            <input type='hidden' class='gform_hidden' name='gform_style_settings' data-js='gform_style_settings_1' id='gform_style_settings_1' value='' \/>\n            <input type='hidden' class='gform_hidden' name='is_submit_1' value='1' \/>\n            <input type='hidden' class='gform_hidden' name='gform_submit' value='1' \/>\n            \n            <input type='hidden' class='gform_hidden' name='gform_unique_id' value='' \/>\n            <input type='hidden' class='gform_hidden' name='state_1' value='WyJ7XCIyNlwiOltcImRmNjVkY2JhOGFhMTE4YWUyMjgzNjE1ZDI2MmU3MWZjXCIsXCI2NzVhZDFjZDY0OTRlYzFiNWJjYjFmMzA4NzBjYzZhYlwiXSxcIjI3XCI6W1wiZGY2NWRjYmE4YWExMThhZTIyODM2MTVkMjYyZTcxZmNcIixcIjY3NWFkMWNkNjQ5NGVjMWI1YmNiMWYzMDg3MGNjNmFiXCJdfSIsImU0NjU3ZGMxNDc5MmNjMDE1MGM1MmViMjIxYmY3OTllIl0=' \/>\n            <input type='hidden' autocomplete='off' class='gform_hidden' name='gform_target_page_number_1' id='gform_target_page_number_1' value='2' \/>\n            <input type='hidden' autocomplete='off' class='gform_hidden' name='gform_source_page_number_1' id='gform_source_page_number_1' value='1' \/>\n            <input type='hidden' name='gform_field_values' value='' \/>\n            \n        <\/div>\n             <\/div><\/div>\n                        <\/form>\n                        <\/div>\n\t\t                <iframe style='display:none;width:0px;height:0px;' src='about:blank' name='gform_ajax_frame_1' id='gform_ajax_frame_1' title='This iframe contains the logic required to handle Ajax powered Gravity Forms.'><\/iframe>\n\t\t                <script>\ngform.initializeOnLoaded( function() {gformInitSpinner( 1, 'https:\/\/faber-solartechnik.de\/wp-content\/plugins\/gravityforms\/images\/spinner.svg', true );jQuery('#gform_ajax_frame_1').on('load',function(){var contents = jQuery(this).contents().find('*').html();var is_postback = contents.indexOf('GF_AJAX_POSTBACK') >= 0;if(!is_postback){return;}var form_content = jQuery(this).contents().find('#gform_wrapper_1');var is_confirmation = jQuery(this).contents().find('#gform_confirmation_wrapper_1').length > 0;var is_redirect = contents.indexOf('gformRedirect(){') >= 0;var is_form = form_content.length > 0 && ! is_redirect && ! is_confirmation;var mt = parseInt(jQuery('html').css('margin-top'), 10) + parseInt(jQuery('body').css('margin-top'), 10) + 100;if(is_form){jQuery('#gform_wrapper_1').html(form_content.html());if(form_content.hasClass('gform_validation_error')){jQuery('#gform_wrapper_1').addClass('gform_validation_error');} else {jQuery('#gform_wrapper_1').removeClass('gform_validation_error');}setTimeout( function() { \/* delay the scroll by 50 milliseconds to fix a bug in chrome *\/  }, 50 );if(window['gformInitDatepicker']) {gformInitDatepicker();}if(window['gformInitPriceFields']) {gformInitPriceFields();}var current_page = jQuery('#gform_source_page_number_1').val();gformInitSpinner( 1, 'https:\/\/faber-solartechnik.de\/wp-content\/plugins\/gravityforms\/images\/spinner.svg', true );jQuery(document).trigger('gform_page_loaded', [1, current_page]);window['gf_submitting_1'] = false;}else if(!is_redirect){var confirmation_content = jQuery(this).contents().find('.GF_AJAX_POSTBACK').html();if(!confirmation_content){confirmation_content = contents;}jQuery('#gform_wrapper_1').replaceWith(confirmation_content);jQuery(document).trigger('gform_confirmation_loaded', [1]);window['gf_submitting_1'] = false;wp.a11y.speak(jQuery('#gform_confirmation_message_1').text());}else{jQuery('#gform_1').append(contents);if(window['gformRedirect']) {gformRedirect();}}jQuery(document).trigger(\"gform_pre_post_render\", [{ formId: \"1\", currentPage: \"current_page\", abort: function() { this.preventDefault(); } }]);        if (event && event.defaultPrevented) {                return;        }        const gformWrapperDiv = document.getElementById( \"gform_wrapper_1\" );        if ( gformWrapperDiv ) {            const visibilitySpan = document.createElement( \"span\" );            visibilitySpan.id = \"gform_visibility_test_1\";            gformWrapperDiv.insertAdjacentElement( \"afterend\", visibilitySpan );        }        const visibilityTestDiv = document.getElementById( \"gform_visibility_test_1\" );        let postRenderFired = false;        function triggerPostRender() {            if ( postRenderFired ) {                return;            }            postRenderFired = true;            gform.core.triggerPostRenderEvents( 1, current_page );            if ( visibilityTestDiv ) {                visibilityTestDiv.parentNode.removeChild( visibilityTestDiv );            }        }        function debounce( func, wait, immediate ) {            var timeout;            return function() {                var context = this, args = arguments;                var later = function() {                    timeout = null;                    if ( !immediate ) func.apply( context, args );                };                var callNow = immediate && !timeout;                clearTimeout( timeout );                timeout = setTimeout( later, wait );                if ( callNow ) func.apply( context, args );            };        }        const debouncedTriggerPostRender = debounce( function() {            triggerPostRender();        }, 200 );        if ( visibilityTestDiv && visibilityTestDiv.offsetParent === null ) {            const observer = new MutationObserver( ( mutations ) => {                mutations.forEach( ( mutation ) => {                    if ( mutation.type === 'attributes' && visibilityTestDiv.offsetParent !== null ) {                        debouncedTriggerPostRender();                        observer.disconnect();                    }                });            });            observer.observe( document.body, {                attributes: true,                childList: false,                subtree: true,                attributeFilter: [ 'style', 'class' ],            });        } else {            triggerPostRender();        }    } );} );\n<\/script>\n\t\t\t\t<\/div>\n\t\t\t\t<\/div>\n\t\t\t\t\t<\/div>\n\t\t<\/div>\n\t\t\t\t\t<\/div>\n\t\t<\/section>\n\t\t\t\t<section class=\"elementor-section elementor-top-section elementor-element elementor-element-27d9673 elementor-section-boxed elementor-section-height-default elementor-section-height-default\" data-id=\"27d9673\" data-element_type=\"section\" data-e-type=\"section\" id=\"apartner\" data-settings=\"{&quot;background_background&quot;:&quot;classic&quot;}\">\n\t\t\t\t\t\t\t<div class=\"elementor-background-overlay\"><\/div>\n\t\t\t\t\t\t\t<div class=\"elementor-container elementor-column-gap-default\">\n\t\t\t\t\t<div class=\"elementor-column elementor-col-100 elementor-top-column elementor-element elementor-element-5c4b7c5\" data-id=\"5c4b7c5\" data-element_type=\"column\" data-e-type=\"column\">\n\t\t\t<div class=\"elementor-widget-wrap elementor-element-populated\">\n\t\t\t\t\t\t<div class=\"elementor-element elementor-element-34349c4 animated-fast elementor-invisible elementor-widget elementor-widget-heading\" data-id=\"34349c4\" data-element_type=\"widget\" data-e-type=\"widget\" data-settings=\"{&quot;_animation&quot;:&quot;fadeInDown&quot;}\" data-widget_type=\"heading.default\">\n\t\t\t\t<div class=\"elementor-widget-container\">\n\t\t\t\t\t<span class=\"elementor-heading-title elementor-size-default\">Professionelle Beratung und Unterst\u00fctzung<\/span>\t\t\t\t<\/div>\n\t\t\t\t<\/div>\n\t\t\t\t<div class=\"elementor-element elementor-element-5353fa5 animated-slow elementor-invisible elementor-widget elementor-widget-heading\" data-id=\"5353fa5\" data-element_type=\"widget\" data-e-type=\"widget\" data-settings=\"{&quot;_animation&quot;:&quot;fadeInDown&quot;}\" data-widget_type=\"heading.default\">\n\t\t\t\t<div class=\"elementor-widget-container\">\n\t\t\t\t\t<h3 class=\"elementor-heading-title elementor-size-default\">Ansprechpartner<\/h3>\t\t\t\t<\/div>\n\t\t\t\t<\/div>\n\t\t\t\t<div class=\"elementor-element elementor-element-46e9909 elementor-widget-divider--view-line elementor-invisible elementor-widget elementor-widget-divider\" data-id=\"46e9909\" data-element_type=\"widget\" data-e-type=\"widget\" data-settings=\"{&quot;_animation&quot;:&quot;fadeInUp&quot;,&quot;_animation_delay&quot;:300}\" data-widget_type=\"divider.default\">\n\t\t\t\t<div class=\"elementor-widget-container\">\n\t\t\t\t\t\t\t<div class=\"elementor-divider\">\n\t\t\t<span class=\"elementor-divider-separator\">\n\t\t\t\t\t\t<\/span>\n\t\t<\/div>\n\t\t\t\t\t\t<\/div>\n\t\t\t\t<\/div>\n\t\t\t\t\t<\/div>\n\t\t<\/div>\n\t\t\t\t\t<\/div>\n\t\t<\/section>\n\t\t\t\t<section class=\"elementor-section elementor-top-section elementor-element elementor-element-77d6330 elementor-section-boxed elementor-section-height-default elementor-section-height-default\" data-id=\"77d6330\" data-element_type=\"section\" data-e-type=\"section\" data-settings=\"{&quot;background_background&quot;:&quot;classic&quot;}\">\n\t\t\t\t\t\t\t<div class=\"elementor-background-overlay\"><\/div>\n\t\t\t\t\t\t\t<div class=\"elementor-container elementor-column-gap-wider\">\n\t\t\t\t\t<div class=\"elementor-column elementor-col-50 elementor-top-column elementor-element elementor-element-71a009a\" data-id=\"71a009a\" data-element_type=\"column\" data-e-type=\"column\">\n\t\t\t<div class=\"elementor-widget-wrap elementor-element-populated\">\n\t\t\t\t\t\t<section class=\"elementor-section elementor-inner-section elementor-element elementor-element-27e23ed apartner runde-ecken darkshadow  elementor-section-boxed elementor-section-height-default elementor-section-height-default elementor-invisible\" data-id=\"27e23ed\" data-element_type=\"section\" data-e-type=\"section\" data-settings=\"{&quot;background_background&quot;:&quot;classic&quot;,&quot;animation&quot;:&quot;zoomIn&quot;}\">\n\t\t\t\t\t\t\t<div class=\"elementor-background-overlay\"><\/div>\n\t\t\t\t\t\t\t<div class=\"elementor-container elementor-column-gap-wider\">\n\t\t\t\t\t<div class=\"elementor-column elementor-col-50 elementor-inner-column elementor-element elementor-element-c58cb8b\" data-id=\"c58cb8b\" data-element_type=\"column\" data-e-type=\"column\" data-settings=\"{&quot;background_background&quot;:&quot;classic&quot;}\">\n\t\t\t<div class=\"elementor-widget-wrap elementor-element-populated\">\n\t\t\t\t\t\t<div class=\"elementor-element elementor-element-f73ef3e elementor-widget elementor-widget-spacer\" data-id=\"f73ef3e\" data-element_type=\"widget\" data-e-type=\"widget\" data-widget_type=\"spacer.default\">\n\t\t\t\t<div class=\"elementor-widget-container\">\n\t\t\t\t\t\t\t<div class=\"elementor-spacer\">\n\t\t\t<div class=\"elementor-spacer-inner\"><\/div>\n\t\t<\/div>\n\t\t\t\t\t\t<\/div>\n\t\t\t\t<\/div>\n\t\t\t\t\t<\/div>\n\t\t<\/div>\n\t\t\t\t<div class=\"elementor-column elementor-col-50 elementor-inner-column elementor-element elementor-element-c4fbccc\" data-id=\"c4fbccc\" data-element_type=\"column\" data-e-type=\"column\">\n\t\t\t<div class=\"elementor-widget-wrap elementor-element-populated\">\n\t\t\t\t\t\t<div class=\"elementor-element elementor-element-df39b8f elementor-widget elementor-widget-heading\" data-id=\"df39b8f\" data-element_type=\"widget\" data-e-type=\"widget\" data-widget_type=\"heading.default\">\n\t\t\t\t<div class=\"elementor-widget-container\">\n\t\t\t\t\t<h3 class=\"elementor-heading-title elementor-size-default\">Standort B\u00fcnde<\/h3>\t\t\t\t<\/div>\n\t\t\t\t<\/div>\n\t\t\t\t<div class=\"elementor-element elementor-element-7e4936c elementor-widget-divider--view-line elementor-widget elementor-widget-divider\" data-id=\"7e4936c\" data-element_type=\"widget\" data-e-type=\"widget\" data-widget_type=\"divider.default\">\n\t\t\t\t<div class=\"elementor-widget-container\">\n\t\t\t\t\t\t\t<div class=\"elementor-divider\">\n\t\t\t<span class=\"elementor-divider-separator\">\n\t\t\t\t\t\t<\/span>\n\t\t<\/div>\n\t\t\t\t\t\t<\/div>\n\t\t\t\t<\/div>\n\t\t\t\t<div class=\"elementor-element elementor-element-c768f0c apartner-name elementor-widget elementor-widget-heading\" data-id=\"c768f0c\" data-element_type=\"widget\" data-e-type=\"widget\" data-widget_type=\"heading.default\">\n\t\t\t\t<div class=\"elementor-widget-container\">\n\t\t\t\t\t<h4 class=\"elementor-heading-title elementor-size-default\">Hermann Kromm<br><span>Gesch\u00e4ftsf\u00fchrer<\/span><\/h4>\t\t\t\t<\/div>\n\t\t\t\t<\/div>\n\t\t\t\t<div class=\"elementor-element elementor-element-987b8c4 elementor-align-start elementor-icon-list--layout-traditional elementor-list-item-link-full_width elementor-widget elementor-widget-icon-list\" data-id=\"987b8c4\" data-element_type=\"widget\" data-e-type=\"widget\" data-widget_type=\"icon-list.default\">\n\t\t\t\t<div class=\"elementor-widget-container\">\n\t\t\t\t\t\t\t<ul class=\"elementor-icon-list-items\">\n\t\t\t\t\t\t\t<li class=\"elementor-icon-list-item\">\n\t\t\t\t\t\t\t\t\t\t\t<a href=\"tel:+4952236570800%20\">\n\n\t\t\t\t\t\t\t\t\t\t\t\t<span class=\"elementor-icon-list-icon\">\n\t\t\t\t\t\t\t<i aria-hidden=\"true\" class=\"fas fa-phone-alt\"><\/i>\t\t\t\t\t\t<\/span>\n\t\t\t\t\t\t\t\t\t\t<span class=\"elementor-icon-list-text\">+49 5223 65708 00<\/span>\n\t\t\t\t\t\t\t\t\t\t\t<\/a>\n\t\t\t\t\t\t\t\t\t<\/li>\n\t\t\t\t\t\t\t\t<li class=\"elementor-icon-list-item\">\n\t\t\t\t\t\t\t\t\t\t\t<a href=\"mailto:info@faber-solartechnik.de\">\n\n\t\t\t\t\t\t\t\t\t\t\t\t<span class=\"elementor-icon-list-icon\">\n\t\t\t\t\t\t\t<i aria-hidden=\"true\" class=\"fas fa-envelope-open-text\"><\/i>\t\t\t\t\t\t<\/span>\n\t\t\t\t\t\t\t\t\t\t<span class=\"elementor-icon-list-text\">info@faber-solartechnik.de<\/span>\n\t\t\t\t\t\t\t\t\t\t\t<\/a>\n\t\t\t\t\t\t\t\t\t<\/li>\n\t\t\t\t\t\t<\/ul>\n\t\t\t\t\t\t<\/div>\n\t\t\t\t<\/div>\n\t\t\t\t\t<\/div>\n\t\t<\/div>\n\t\t\t\t\t<\/div>\n\t\t<\/section>\n\t\t\t\t\t<\/div>\n\t\t<\/div>\n\t\t\t\t<div class=\"elementor-column elementor-col-50 elementor-top-column elementor-element elementor-element-d7488c7\" data-id=\"d7488c7\" data-element_type=\"column\" data-e-type=\"column\">\n\t\t\t<div class=\"elementor-widget-wrap elementor-element-populated\">\n\t\t\t\t\t\t<section class=\"elementor-section elementor-inner-section elementor-element elementor-element-b59f562 apartner runde-ecken darkshadow  elementor-section-boxed elementor-section-height-default elementor-section-height-default elementor-invisible\" data-id=\"b59f562\" data-element_type=\"section\" data-e-type=\"section\" data-settings=\"{&quot;background_background&quot;:&quot;classic&quot;,&quot;animation&quot;:&quot;zoomIn&quot;}\">\n\t\t\t\t\t\t\t<div class=\"elementor-background-overlay\"><\/div>\n\t\t\t\t\t\t\t<div class=\"elementor-container elementor-column-gap-wider\">\n\t\t\t\t\t<div class=\"elementor-column elementor-col-50 elementor-inner-column elementor-element elementor-element-6d701e7\" data-id=\"6d701e7\" data-element_type=\"column\" data-e-type=\"column\" data-settings=\"{&quot;background_background&quot;:&quot;classic&quot;}\">\n\t\t\t<div class=\"elementor-widget-wrap elementor-element-populated\">\n\t\t\t\t\t\t<div class=\"elementor-element elementor-element-cfbdcc1 elementor-widget elementor-widget-spacer\" data-id=\"cfbdcc1\" data-element_type=\"widget\" data-e-type=\"widget\" data-widget_type=\"spacer.default\">\n\t\t\t\t<div class=\"elementor-widget-container\">\n\t\t\t\t\t\t\t<div class=\"elementor-spacer\">\n\t\t\t<div class=\"elementor-spacer-inner\"><\/div>\n\t\t<\/div>\n\t\t\t\t\t\t<\/div>\n\t\t\t\t<\/div>\n\t\t\t\t\t<\/div>\n\t\t<\/div>\n\t\t\t\t<div class=\"elementor-column elementor-col-50 elementor-inner-column elementor-element elementor-element-ac16c11\" data-id=\"ac16c11\" data-element_type=\"column\" data-e-type=\"column\">\n\t\t\t<div class=\"elementor-widget-wrap elementor-element-populated\">\n\t\t\t\t\t\t<div class=\"elementor-element elementor-element-db84507 elementor-widget elementor-widget-heading\" data-id=\"db84507\" data-element_type=\"widget\" data-e-type=\"widget\" data-widget_type=\"heading.default\">\n\t\t\t\t<div class=\"elementor-widget-container\">\n\t\t\t\t\t<h3 class=\"elementor-heading-title elementor-size-default\">Standort Dresden<\/h3>\t\t\t\t<\/div>\n\t\t\t\t<\/div>\n\t\t\t\t<div class=\"elementor-element elementor-element-344b2a8 elementor-widget-divider--view-line elementor-widget elementor-widget-divider\" data-id=\"344b2a8\" data-element_type=\"widget\" data-e-type=\"widget\" data-widget_type=\"divider.default\">\n\t\t\t\t<div class=\"elementor-widget-container\">\n\t\t\t\t\t\t\t<div class=\"elementor-divider\">\n\t\t\t<span class=\"elementor-divider-separator\">\n\t\t\t\t\t\t<\/span>\n\t\t<\/div>\n\t\t\t\t\t\t<\/div>\n\t\t\t\t<\/div>\n\t\t\t\t<div class=\"elementor-element elementor-element-b227fcb apartner-name elementor-widget elementor-widget-heading\" data-id=\"b227fcb\" data-element_type=\"widget\" data-e-type=\"widget\" data-widget_type=\"heading.default\">\n\t\t\t\t<div class=\"elementor-widget-container\">\n\t\t\t\t\t<h4 class=\"elementor-heading-title elementor-size-default\">Jonas Kothy<br><span>Standortleiter Dresden<\/span><\/h4>\t\t\t\t<\/div>\n\t\t\t\t<\/div>\n\t\t\t\t<div class=\"elementor-element elementor-element-d185d2a elementor-align-start elementor-icon-list--layout-traditional elementor-list-item-link-full_width elementor-widget elementor-widget-icon-list\" data-id=\"d185d2a\" data-element_type=\"widget\" data-e-type=\"widget\" data-widget_type=\"icon-list.default\">\n\t\t\t\t<div class=\"elementor-widget-container\">\n\t\t\t\t\t\t\t<ul class=\"elementor-icon-list-items\">\n\t\t\t\t\t\t\t<li class=\"elementor-icon-list-item\">\n\t\t\t\t\t\t\t\t\t\t\t<a href=\"tel:+4935179995200\">\n\n\t\t\t\t\t\t\t\t\t\t\t\t<span class=\"elementor-icon-list-icon\">\n\t\t\t\t\t\t\t<i aria-hidden=\"true\" class=\"fas fa-phone-alt\"><\/i>\t\t\t\t\t\t<\/span>\n\t\t\t\t\t\t\t\t\t\t<span class=\"elementor-icon-list-text\">+49 351 79995 200<\/span>\n\t\t\t\t\t\t\t\t\t\t\t<\/a>\n\t\t\t\t\t\t\t\t\t<\/li>\n\t\t\t\t\t\t\t\t<li class=\"elementor-icon-list-item\">\n\t\t\t\t\t\t\t\t\t\t\t<a href=\"mailto:dresden@faber-solartechnik.de\">\n\n\t\t\t\t\t\t\t\t\t\t\t\t<span class=\"elementor-icon-list-icon\">\n\t\t\t\t\t\t\t<i aria-hidden=\"true\" class=\"fas fa-envelope-open-text\"><\/i>\t\t\t\t\t\t<\/span>\n\t\t\t\t\t\t\t\t\t\t<span class=\"elementor-icon-list-text\">dresden@faber-solartechnik.de<\/span>\n\t\t\t\t\t\t\t\t\t\t\t<\/a>\n\t\t\t\t\t\t\t\t\t<\/li>\n\t\t\t\t\t\t<\/ul>\n\t\t\t\t\t\t<\/div>\n\t\t\t\t<\/div>\n\t\t\t\t\t<\/div>\n\t\t<\/div>\n\t\t\t\t\t<\/div>\n\t\t<\/section>\n\t\t\t\t\t<\/div>\n\t\t<\/div>\n\t\t\t\t\t<\/div>\n\t\t<\/section>\n\t\t\t\t<section class=\"elementor-section elementor-top-section elementor-element elementor-element-9bc77c7 elementor-section-full_width metrohero elementor-section-height-default elementor-section-height-default\" data-id=\"9bc77c7\" data-element_type=\"section\" data-e-type=\"section\" data-settings=\"{&quot;background_motion_fx_motion_fx_mouse&quot;:&quot;yes&quot;,&quot;background_motion_fx_mouseTrack_effect&quot;:&quot;yes&quot;,&quot;background_motion_fx_mouseTrack_direction&quot;:&quot;negative&quot;,&quot;background_motion_fx_mouseTrack_speed&quot;:{&quot;unit&quot;:&quot;px&quot;,&quot;size&quot;:2.4,&quot;sizes&quot;:[]},&quot;background_background&quot;:&quot;classic&quot;}\">\n\t\t\t\t\t\t<div class=\"elementor-container elementor-column-gap-no\">\n\t\t\t\t\t<div class=\"elementor-column elementor-col-100 elementor-top-column elementor-element elementor-element-e48eb0c\" data-id=\"e48eb0c\" data-element_type=\"column\" data-e-type=\"column\">\n\t\t\t<div class=\"elementor-widget-wrap elementor-element-populated\">\n\t\t\t\t\t\t<div class=\"elementor-element elementor-element-adfffe2 animated-slow elementor-invisible elementor-widget elementor-widget-heading\" data-id=\"adfffe2\" data-element_type=\"widget\" data-e-type=\"widget\" data-settings=\"{&quot;_animation&quot;:&quot;fadeInDown&quot;}\" data-widget_type=\"heading.default\">\n\t\t\t\t<div class=\"elementor-widget-container\">\n\t\t\t\t\t<span class=\"elementor-heading-title elementor-size-default\">Unsere weiteren Leistungen<\/span>\t\t\t\t<\/div>\n\t\t\t\t<\/div>\n\t\t\t\t<div class=\"elementor-element elementor-element-ae43354 gradbluettl elementor-invisible elementor-widget elementor-widget-heading\" data-id=\"ae43354\" data-element_type=\"widget\" data-e-type=\"widget\" data-settings=\"{&quot;_animation&quot;:&quot;fadeInDown&quot;}\" data-widget_type=\"heading.default\">\n\t\t\t\t<div class=\"elementor-widget-container\">\n\t\t\t\t\t<h3 class=\"elementor-heading-title elementor-size-default\">Die Faber-Welt auf einen Blick<\/h3>\t\t\t\t<\/div>\n\t\t\t\t<\/div>\n\t\t\t\t<div class=\"elementor-element elementor-element-32c72f9 animated-slow elementor-widget-divider--view-line elementor-invisible elementor-widget elementor-widget-divider\" data-id=\"32c72f9\" data-element_type=\"widget\" data-e-type=\"widget\" data-settings=\"{&quot;_animation&quot;:&quot;fadeInDown&quot;}\" data-widget_type=\"divider.default\">\n\t\t\t\t<div class=\"elementor-widget-container\">\n\t\t\t\t\t\t\t<div class=\"elementor-divider\">\n\t\t\t<span class=\"elementor-divider-separator\">\n\t\t\t\t\t\t<\/span>\n\t\t<\/div>\n\t\t\t\t\t\t<\/div>\n\t\t\t\t<\/div>\n\t\t\t\t<section class=\"elementor-section elementor-inner-section elementor-element elementor-element-c77f6ac elementor-section-full_width elementor-section-height-default elementor-section-height-default\" data-id=\"c77f6ac\" data-element_type=\"section\" data-e-type=\"section\">\n\t\t\t\t\t\t<div class=\"elementor-container elementor-column-gap-custom\">\n\t\t\t\t\t<div class=\"elementor-column elementor-col-50 elementor-inner-column elementor-element elementor-element-db3ae62\" data-id=\"db3ae62\" data-element_type=\"column\" data-e-type=\"column\">\n\t\t\t<div class=\"elementor-widget-wrap elementor-element-populated\">\n\t\t\t\t\t\t<div class=\"elementor-element elementor-element-5249040 elementor--h-position-left elementor--v-position-top jobsbox shadow runde-ecken elementor-arrows-position-inside elementor-widget elementor-widget-slides\" data-id=\"5249040\" data-element_type=\"widget\" data-e-type=\"widget\" data-settings=\"{&quot;navigation&quot;:&quot;arrows&quot;,&quot;transition&quot;:&quot;fade&quot;,&quot;autoplay_speed&quot;:8000,&quot;autoplay&quot;:&quot;yes&quot;,&quot;pause_on_hover&quot;:&quot;yes&quot;,&quot;pause_on_interaction&quot;:&quot;yes&quot;,&quot;infinite&quot;:&quot;yes&quot;,&quot;transition_speed&quot;:500}\" data-widget_type=\"slides.default\">\n\t\t\t\t<div class=\"elementor-widget-container\">\n\t\t\t\t\t\t\t\t\t<div class=\"elementor-swiper\">\n\t\t\t\t\t<div class=\"elementor-slides-wrapper elementor-main-swiper swiper\" role=\"region\" aria-roledescription=\"carousel\" aria-label=\"Slider\" dir=\"ltr\" data-animation=\"fadeInLeft\">\n\t\t\t\t<div class=\"swiper-wrapper elementor-slides\">\n\t\t\t\t\t\t\t\t\t\t<div class=\"elementor-repeater-item-3e76c42 swiper-slide\" role=\"group\" aria-roledescription=\"slide\"><div class=\"swiper-slide-bg\" role=\"img\" aria-label=\"ueber-uns-bg\"><\/div><div class=\"elementor-background-overlay\"><\/div><a class=\"swiper-slide-inner\" href=\"https:\/\/faber-solartechnik.de\/solartechnik\/\"><div class=\"swiper-slide-contents\"><div class=\"elementor-slide-heading\">Schl\u00fcsselfertige <br>Photovoltaikanlage kaufen<\/div><div class=\"elementor-slide-description\">F\u00fcr Dach- und Freifl\u00e4chen ab 5.000 m\u00b2\n<\/div><div  class=\"elementor-button elementor-slide-button elementor-size-xs\"><span class=\"elementor-button-icon elementor-align-icon-left\"> \t\t\t\t<i aria-hidden=\"true\" class=\"fas fa-arrow-right\"><\/i> \u00dcber uns<\/span><\/div><\/div><\/a><\/div>\t\t\t\t<\/div>\n\t\t\t\t\t\t\t<\/div>\n\t\t\t\t<\/div>\n\t\t\t\t\t\t\t\t<\/div>\n\t\t\t\t<\/div>\n\t\t\t\t\t<\/div>\n\t\t<\/div>\n\t\t\t\t<div class=\"elementor-column elementor-col-50 elementor-inner-column elementor-element elementor-element-a97158d\" data-id=\"a97158d\" data-element_type=\"column\" data-e-type=\"column\">\n\t\t\t<div class=\"elementor-widget-wrap elementor-element-populated\">\n\t\t\t\t\t\t<div class=\"elementor-element elementor-element-0ce1c2c elementor--h-position-left elementor--v-position-top etecbox shadow runde-ecken elementor-widget elementor-widget-slides\" data-id=\"0ce1c2c\" data-element_type=\"widget\" data-e-type=\"widget\" data-settings=\"{&quot;navigation&quot;:&quot;none&quot;,&quot;transition&quot;:&quot;fade&quot;,&quot;autoplay&quot;:&quot;yes&quot;,&quot;pause_on_hover&quot;:&quot;yes&quot;,&quot;pause_on_interaction&quot;:&quot;yes&quot;,&quot;autoplay_speed&quot;:5000,&quot;infinite&quot;:&quot;yes&quot;,&quot;transition_speed&quot;:500}\" data-widget_type=\"slides.default\">\n\t\t\t\t<div class=\"elementor-widget-container\">\n\t\t\t\t\t\t\t\t\t<div class=\"elementor-swiper\">\n\t\t\t\t\t<div class=\"elementor-slides-wrapper elementor-main-swiper swiper\" role=\"region\" aria-roledescription=\"carousel\" aria-label=\"Slider\" dir=\"ltr\" data-animation=\"\">\n\t\t\t\t<div class=\"swiper-wrapper elementor-slides\">\n\t\t\t\t\t\t\t\t\t\t<div class=\"elementor-repeater-item-6a7959a swiper-slide\" role=\"group\" aria-roledescription=\"slide\"><div class=\"swiper-slide-bg\" role=\"img\" aria-label=\"E-TEC Slider\"><\/div><a class=\"swiper-slide-inner\" href=\"https:\/\/faber-etec.de\/\" target=\"_blank\" rel=\"noopener\"><div class=\"swiper-slide-contents\"><div class=\"elementor-slide-heading\">Kompaktstationen <br> f\u00fcr Erneuerbare Energien<\/div><div class=\"elementor-slide-description\">Eigene Kompaktstations&shy;fertigung f\u00fcr den Mittel&shy;spannungs&shy;anschluss<\/div><div  class=\"elementor-button elementor-slide-button elementor-size-xs\"><span class=\"elementor-button-icon elementor-align-icon-left\"> \t\t\t\t<i aria-hidden=\"true\" class=\"fas fa-arrow-right\"><\/i> individuelles Angebot anfordern<\/span><\/div><\/div><\/a><\/div>\t\t\t\t<\/div>\n\t\t\t\t\t\t\t<\/div>\n\t\t\t\t<\/div>\n\t\t\t\t\t\t\t\t<\/div>\n\t\t\t\t<\/div>\n\t\t\t\t\t<\/div>\n\t\t<\/div>\n\t\t\t\t\t<\/div>\n\t\t<\/section>\n\t\t\t\t<section class=\"elementor-section elementor-inner-section elementor-element elementor-element-eec319f elementor-section-full_width elementor-section-height-default elementor-section-height-default\" data-id=\"eec319f\" data-element_type=\"section\" data-e-type=\"section\">\n\t\t\t\t\t\t<div class=\"elementor-container elementor-column-gap-custom\">\n\t\t\t\t\t<div class=\"elementor-column elementor-col-33 elementor-inner-column elementor-element elementor-element-a3d8885\" data-id=\"a3d8885\" data-element_type=\"column\" data-e-type=\"column\">\n\t\t\t<div class=\"elementor-widget-wrap elementor-element-populated\">\n\t\t\t\t\t\t<div class=\"elementor-element elementor-element-7187d06 elementor--h-position-left elementor--v-position-top pachtenbox shadow runde-ecken elementor-arrows-position-inside elementor-pagination-position-inside elementor-widget elementor-widget-slides\" data-id=\"7187d06\" data-element_type=\"widget\" data-e-type=\"widget\" data-settings=\"{&quot;navigation&quot;:&quot;both&quot;,&quot;autoplay&quot;:&quot;yes&quot;,&quot;pause_on_hover&quot;:&quot;yes&quot;,&quot;pause_on_interaction&quot;:&quot;yes&quot;,&quot;autoplay_speed&quot;:5000,&quot;infinite&quot;:&quot;yes&quot;,&quot;transition&quot;:&quot;slide&quot;,&quot;transition_speed&quot;:500}\" data-widget_type=\"slides.default\">\n\t\t\t\t<div class=\"elementor-widget-container\">\n\t\t\t\t\t\t\t\t\t<div class=\"elementor-swiper\">\n\t\t\t\t\t<div class=\"elementor-slides-wrapper elementor-main-swiper swiper\" role=\"region\" aria-roledescription=\"carousel\" aria-label=\"Slider\" dir=\"ltr\" data-animation=\"fadeInLeft\">\n\t\t\t\t<div class=\"swiper-wrapper elementor-slides\">\n\t\t\t\t\t\t\t\t\t\t<div class=\"elementor-repeater-item-3e76c42 swiper-slide\" role=\"group\" aria-roledescription=\"slide\"><div class=\"swiper-slide-bg\" role=\"img\" aria-label=\"Flaechen verpachten\"><\/div><div class=\"elementor-background-overlay\"><\/div><a class=\"swiper-slide-inner\" href=\"mailto:freiland@faber-solartechnik.de\"><div class=\"swiper-slide-contents\"><div class=\"elementor-slide-heading\">Fl\u00e4chen <br>verpachten<\/div><div class=\"elementor-slide-description\">Um den Energiehunger Deutschlands und der Welt zu stillen<\/div><div  class=\"elementor-button elementor-slide-button elementor-size-xs\"><span class=\"elementor-button-icon elementor-align-icon-left\"> \t\t\t\t<i aria-hidden=\"true\" class=\"fas fa-arrow-right\"><\/i> Jetzt Fl\u00e4chen anbieten<\/span><\/div><\/div><\/a><\/div>\t\t\t\t<\/div>\n\t\t\t\t\t\t\t<\/div>\n\t\t\t\t<\/div>\n\t\t\t\t\t\t\t\t<\/div>\n\t\t\t\t<\/div>\n\t\t\t\t\t<\/div>\n\t\t<\/div>\n\t\t\t\t<div class=\"elementor-column elementor-col-33 elementor-inner-column elementor-element elementor-element-77c95ad\" data-id=\"77c95ad\" data-element_type=\"column\" data-e-type=\"column\">\n\t\t\t<div class=\"elementor-widget-wrap elementor-element-populated\">\n\t\t\t\t\t\t<div class=\"elementor-element elementor-element-f931c1e elementor--h-position-left elementor--v-position-top jobsbox shadow runde-ecken elementor-arrows-position-inside elementor-widget elementor-widget-slides\" data-id=\"f931c1e\" data-element_type=\"widget\" data-e-type=\"widget\" data-settings=\"{&quot;navigation&quot;:&quot;arrows&quot;,&quot;transition&quot;:&quot;fade&quot;,&quot;autoplay_speed&quot;:6000,&quot;autoplay&quot;:&quot;yes&quot;,&quot;pause_on_hover&quot;:&quot;yes&quot;,&quot;pause_on_interaction&quot;:&quot;yes&quot;,&quot;infinite&quot;:&quot;yes&quot;,&quot;transition_speed&quot;:500}\" data-widget_type=\"slides.default\">\n\t\t\t\t<div class=\"elementor-widget-container\">\n\t\t\t\t\t\t\t\t\t<div class=\"elementor-swiper\">\n\t\t\t\t\t<div class=\"elementor-slides-wrapper elementor-main-swiper swiper\" role=\"region\" aria-roledescription=\"carousel\" aria-label=\"Slider\" dir=\"ltr\" data-animation=\"fadeInLeft\">\n\t\t\t\t<div class=\"swiper-wrapper elementor-slides\">\n\t\t\t\t\t\t\t\t\t\t<div class=\"elementor-repeater-item-3e76c42 swiper-slide\" role=\"group\" aria-roledescription=\"slide\"><div class=\"swiper-slide-bg elementor-ken-burns elementor-ken-burns--in\" role=\"img\" aria-label=\"Elektriker Jobs und Karriere Faber E-Tec\"><\/div><div class=\"elementor-background-overlay\"><\/div><a class=\"swiper-slide-inner\" href=\"https:\/\/www.faber-etec-karriere.de\/\" target=\"_blank\" rel=\"noopener\"><div class=\"swiper-slide-contents\"><div class=\"elementor-slide-heading\">Jobs als Elektriker<\/div><div class=\"elementor-slide-description\">Montage der elektrotech&shy;nischen Kompo&shy;nenten f\u00fcr <strong>Kompakt&shy;stationen<\/strong><\/div><div  class=\"elementor-button elementor-slide-button elementor-size-xs\"><span class=\"elementor-button-icon elementor-align-icon-left\"> \t\t\t\t<i aria-hidden=\"true\" class=\"fas fa-arrow-right\"><\/i> Jetzt Bewerben<\/span><\/div><\/div><\/a><\/div>\t\t\t\t<\/div>\n\t\t\t\t\t\t\t<\/div>\n\t\t\t\t<\/div>\n\t\t\t\t\t\t\t\t<\/div>\n\t\t\t\t<\/div>\n\t\t\t\t\t<\/div>\n\t\t<\/div>\n\t\t\t\t<div class=\"elementor-column elementor-col-33 elementor-inner-column elementor-element elementor-element-f5abdeb\" data-id=\"f5abdeb\" data-element_type=\"column\" data-e-type=\"column\">\n\t\t\t<div class=\"elementor-widget-wrap elementor-element-populated\">\n\t\t\t\t\t\t<div class=\"elementor-element elementor-element-e2bc3f9 elementor--h-position-left elementor--v-position-top jobsbox shadow runde-ecken elementor-arrows-position-inside elementor-widget elementor-widget-slides\" data-id=\"e2bc3f9\" data-element_type=\"widget\" data-e-type=\"widget\" data-settings=\"{&quot;navigation&quot;:&quot;arrows&quot;,&quot;transition&quot;:&quot;fade&quot;,&quot;autoplay_speed&quot;:6000,&quot;autoplay&quot;:&quot;yes&quot;,&quot;pause_on_hover&quot;:&quot;yes&quot;,&quot;pause_on_interaction&quot;:&quot;yes&quot;,&quot;infinite&quot;:&quot;yes&quot;,&quot;transition_speed&quot;:500}\" data-widget_type=\"slides.default\">\n\t\t\t\t<div class=\"elementor-widget-container\">\n\t\t\t\t\t\t\t\t\t<div class=\"elementor-swiper\">\n\t\t\t\t\t<div class=\"elementor-slides-wrapper elementor-main-swiper swiper\" role=\"region\" aria-roledescription=\"carousel\" aria-label=\"Slider\" dir=\"ltr\" data-animation=\"fadeInLeft\">\n\t\t\t\t<div class=\"swiper-wrapper elementor-slides\">\n\t\t\t\t\t\t\t\t\t\t<div class=\"elementor-repeater-item-3e76c42 swiper-slide\" role=\"group\" aria-roledescription=\"slide\"><div class=\"swiper-slide-bg elementor-ken-burns elementor-ken-burns--in\" role=\"img\" aria-label=\"Elektriker Jobs Faber Solartechnik Dach - Eigene Montagetrupps\"><\/div><div class=\"elementor-background-overlay\"><\/div><a class=\"swiper-slide-inner\" href=\"https:\/\/faber-etec.de\/jobs\/\" target=\"_blank\" rel=\"noopener\"><div class=\"swiper-slide-contents\"><div class=\"elementor-slide-heading\">Montage<\/div><div class=\"elementor-slide-description\"><strong>Montage<\/strong>: Aufdach- und Freiland-Photovoltaik<\/div><div  class=\"elementor-button elementor-slide-button elementor-size-xs\"><span class=\"elementor-button-icon elementor-align-icon-left\"> \t\t\t\t<i aria-hidden=\"true\" class=\"fas fa-arrow-right\"><\/i> Jetzt Bewerben<\/span><\/div><\/div><\/a><\/div>\t\t\t\t<\/div>\n\t\t\t\t\t\t\t<\/div>\n\t\t\t\t<\/div>\n\t\t\t\t\t\t\t\t<\/div>\n\t\t\t\t<\/div>\n\t\t\t\t\t<\/div>\n\t\t<\/div>\n\t\t\t\t\t<\/div>\n\t\t<\/section>\n\t\t\t\t\t<\/div>\n\t\t<\/div>\n\t\t\t\t\t<\/div>\n\t\t<\/section>\n\t\t\t\t<section class=\"elementor-section elementor-top-section elementor-element elementor-element-03c63a8 metrohero elementor-section-boxed elementor-section-height-default elementor-section-height-default\" data-id=\"03c63a8\" data-element_type=\"section\" data-e-type=\"section\" data-settings=\"{&quot;background_background&quot;:&quot;classic&quot;}\">\n\t\t\t\t\t\t\t<div class=\"elementor-background-overlay\"><\/div>\n\t\t\t\t\t\t\t<div class=\"elementor-container elementor-column-gap-default\">\n\t\t\t\t\t<div class=\"elementor-column elementor-col-100 elementor-top-column elementor-element elementor-element-9b7c020\" data-id=\"9b7c020\" data-element_type=\"column\" data-e-type=\"column\">\n\t\t\t<div class=\"elementor-widget-wrap elementor-element-populated\">\n\t\t\t\t\t\t<section class=\"elementor-section elementor-inner-section elementor-element elementor-element-35fb527 elementor-section-boxed elementor-section-height-default elementor-section-height-default\" data-id=\"35fb527\" data-element_type=\"section\" data-e-type=\"section\">\n\t\t\t\t\t\t<div class=\"elementor-container elementor-column-gap-default\">\n\t\t\t\t\t<div class=\"elementor-column elementor-col-33 elementor-inner-column elementor-element elementor-element-d1f5b8a\" data-id=\"d1f5b8a\" data-element_type=\"column\" data-e-type=\"column\">\n\t\t\t<div class=\"elementor-widget-wrap elementor-element-populated\">\n\t\t\t\t\t\t<div class=\"elementor-element elementor-element-ad365ea elementor-position-inline-start elementor-view-default elementor-mobile-position-block-start elementor-widget elementor-widget-icon-box\" data-id=\"ad365ea\" data-element_type=\"widget\" data-e-type=\"widget\" data-widget_type=\"icon-box.default\">\n\t\t\t\t<div class=\"elementor-widget-container\">\n\t\t\t\t\t\t\t<div class=\"elementor-icon-box-wrapper\">\n\n\t\t\t\t\t\t<div class=\"elementor-icon-box-icon\">\n\t\t\t\t<a href=\"https:\/\/goo.gl\/maps\/V3kfiz92tLWuq7jc8\" target=\"_blank\" class=\"elementor-icon\" tabindex=\"-1\" aria-label=\"B\u00fcnde - Hauptsitz\" rel=\"noopener\">\n\t\t\t\t<i aria-hidden=\"true\" class=\"fas fa-map-marker-alt\"><\/i>\t\t\t\t<\/a>\n\t\t\t<\/div>\n\t\t\t\n\t\t\t\t\t\t<div class=\"elementor-icon-box-content\">\n\n\t\t\t\t\t\t\t\t\t<h3 class=\"elementor-icon-box-title\">\n\t\t\t\t\t\t<a href=\"https:\/\/goo.gl\/maps\/V3kfiz92tLWuq7jc8\" target=\"_blank\" rel=\"noopener\">\n\t\t\t\t\t\t\tB\u00fcnde - Hauptsitz\t\t\t\t\t\t<\/a>\n\t\t\t\t\t<\/h3>\n\t\t\t\t\n\t\t\t\t\t\t\t\t\t<p class=\"elementor-icon-box-description\">\n\t\t\t\t\t\tFaber Solartechnik GmbH<br>\nBachstra\u00dfe 21, 32257 B\u00fcnde\t\t\t\t\t<\/p>\n\t\t\t\t\n\t\t\t<\/div>\n\t\t\t\n\t\t<\/div>\n\t\t\t\t\t\t<\/div>\n\t\t\t\t<\/div>\n\t\t\t\t<div class=\"elementor-element elementor-element-f0b23c1 elementor-position-inline-start elementor-view-default elementor-mobile-position-block-start elementor-widget elementor-widget-icon-box\" data-id=\"f0b23c1\" data-element_type=\"widget\" data-e-type=\"widget\" data-widget_type=\"icon-box.default\">\n\t\t\t\t<div class=\"elementor-widget-container\">\n\t\t\t\t\t\t\t<div class=\"elementor-icon-box-wrapper\">\n\n\t\t\t\t\t\t<div class=\"elementor-icon-box-icon\">\n\t\t\t\t<a href=\"mailto:info@faber-solartechnik.de\" class=\"elementor-icon\" tabindex=\"-1\" aria-label=\"info@faber-solartechnik.de\">\n\t\t\t\t<i aria-hidden=\"true\" class=\"fas fa-envelope\"><\/i>\t\t\t\t<\/a>\n\t\t\t<\/div>\n\t\t\t\n\t\t\t\t\t\t<div class=\"elementor-icon-box-content\">\n\n\t\t\t\t\t\t\t\t\t<h4 class=\"elementor-icon-box-title\">\n\t\t\t\t\t\t<a href=\"mailto:info@faber-solartechnik.de\" >\n\t\t\t\t\t\t\tinfo@faber-solartechnik.de\t\t\t\t\t\t<\/a>\n\t\t\t\t\t<\/h4>\n\t\t\t\t\n\t\t\t\t\t\t\t\t\t<p class=\"elementor-icon-box-description\">\n\t\t\t\t\t\tE-Mail\t\t\t\t\t<\/p>\n\t\t\t\t\n\t\t\t<\/div>\n\t\t\t\n\t\t<\/div>\n\t\t\t\t\t\t<\/div>\n\t\t\t\t<\/div>\n\t\t\t\t<div class=\"elementor-element elementor-element-fc0899b elementor-position-inline-start elementor-view-default elementor-mobile-position-block-start elementor-widget elementor-widget-icon-box\" data-id=\"fc0899b\" data-element_type=\"widget\" data-e-type=\"widget\" data-widget_type=\"icon-box.default\">\n\t\t\t\t<div class=\"elementor-widget-container\">\n\t\t\t\t\t\t\t<div class=\"elementor-icon-box-wrapper\">\n\n\t\t\t\t\t\t<div class=\"elementor-icon-box-icon\">\n\t\t\t\t<a href=\"tel:+4952236570800%20\" class=\"elementor-icon\" tabindex=\"-1\" aria-label=\"(+49) 5223 . 65708 00\">\n\t\t\t\t<i aria-hidden=\"true\" class=\"fas fa-phone-alt\"><\/i>\t\t\t\t<\/a>\n\t\t\t<\/div>\n\t\t\t\n\t\t\t\t\t\t<div class=\"elementor-icon-box-content\">\n\n\t\t\t\t\t\t\t\t\t<h3 class=\"elementor-icon-box-title\">\n\t\t\t\t\t\t<a href=\"tel:+4952236570800%20\" >\n\t\t\t\t\t\t\t(+49) 5223 . 65708 00\t\t\t\t\t\t<\/a>\n\t\t\t\t\t<\/h3>\n\t\t\t\t\n\t\t\t\t\t\t\t\t\t<p class=\"elementor-icon-box-description\">\n\t\t\t\t\t\tTelefon\t\t\t\t\t<\/p>\n\t\t\t\t\n\t\t\t<\/div>\n\t\t\t\n\t\t<\/div>\n\t\t\t\t\t\t<\/div>\n\t\t\t\t<\/div>\n\t\t\t\t\t<\/div>\n\t\t<\/div>\n\t\t\t\t<div class=\"elementor-column elementor-col-33 elementor-inner-column elementor-element elementor-element-e6aec4a\" data-id=\"e6aec4a\" data-element_type=\"column\" data-e-type=\"column\">\n\t\t\t<div class=\"elementor-widget-wrap elementor-element-populated\">\n\t\t\t\t\t\t<div class=\"elementor-element elementor-element-d756a5b elementor-position-inline-start elementor-view-default elementor-mobile-position-block-start elementor-widget elementor-widget-icon-box\" data-id=\"d756a5b\" data-element_type=\"widget\" data-e-type=\"widget\" data-widget_type=\"icon-box.default\">\n\t\t\t\t<div class=\"elementor-widget-container\">\n\t\t\t\t\t\t\t<div class=\"elementor-icon-box-wrapper\">\n\n\t\t\t\t\t\t<div class=\"elementor-icon-box-icon\">\n\t\t\t\t<a href=\"https:\/\/goo.gl\/maps\/cSZboqZSwfVRLeCQ6\" target=\"_blank\" class=\"elementor-icon\" tabindex=\"-1\" aria-label=\"B\u00fcnde - Werk \" rel=\"noopener\">\n\t\t\t\t<i aria-hidden=\"true\" class=\"fas fa-map-marker-alt\"><\/i>\t\t\t\t<\/a>\n\t\t\t<\/div>\n\t\t\t\n\t\t\t\t\t\t<div class=\"elementor-icon-box-content\">\n\n\t\t\t\t\t\t\t\t\t<h3 class=\"elementor-icon-box-title\">\n\t\t\t\t\t\t<a href=\"https:\/\/goo.gl\/maps\/cSZboqZSwfVRLeCQ6\" target=\"_blank\" rel=\"noopener\">\n\t\t\t\t\t\t\tB\u00fcnde - Werk \t\t\t\t\t\t<\/a>\n\t\t\t\t\t<\/h3>\n\t\t\t\t\n\t\t\t\t\t\t\t\t\t<p class=\"elementor-icon-box-description\">\n\t\t\t\t\t\tFaber E-Tec GmbH<br>\nAm Fichtenkamp 7-9, 32257 B\u00fcnde\t\t\t\t\t<\/p>\n\t\t\t\t\n\t\t\t<\/div>\n\t\t\t\n\t\t<\/div>\n\t\t\t\t\t\t<\/div>\n\t\t\t\t<\/div>\n\t\t\t\t<div class=\"elementor-element elementor-element-cadbbbf elementor-position-inline-start elementor-view-default elementor-mobile-position-block-start elementor-widget elementor-widget-icon-box\" data-id=\"cadbbbf\" data-element_type=\"widget\" data-e-type=\"widget\" data-widget_type=\"icon-box.default\">\n\t\t\t\t<div class=\"elementor-widget-container\">\n\t\t\t\t\t\t\t<div class=\"elementor-icon-box-wrapper\">\n\n\t\t\t\t\t\t<div class=\"elementor-icon-box-icon\">\n\t\t\t\t<a href=\"mailto:info@faber-etec.de\" class=\"elementor-icon\" tabindex=\"-1\" aria-label=\"info@faber-etec.de\">\n\t\t\t\t<i aria-hidden=\"true\" class=\"fas fa-envelope\"><\/i>\t\t\t\t<\/a>\n\t\t\t<\/div>\n\t\t\t\n\t\t\t\t\t\t<div class=\"elementor-icon-box-content\">\n\n\t\t\t\t\t\t\t\t\t<h4 class=\"elementor-icon-box-title\">\n\t\t\t\t\t\t<a href=\"mailto:info@faber-etec.de\" >\n\t\t\t\t\t\t\tinfo@faber-etec.de\t\t\t\t\t\t<\/a>\n\t\t\t\t\t<\/h4>\n\t\t\t\t\n\t\t\t\t\t\t\t\t\t<p class=\"elementor-icon-box-description\">\n\t\t\t\t\t\tE-Mail\t\t\t\t\t<\/p>\n\t\t\t\t\n\t\t\t<\/div>\n\t\t\t\n\t\t<\/div>\n\t\t\t\t\t\t<\/div>\n\t\t\t\t<\/div>\n\t\t\t\t<div class=\"elementor-element elementor-element-b87fb34 elementor-position-inline-start elementor-view-default elementor-mobile-position-block-start elementor-widget elementor-widget-icon-box\" data-id=\"b87fb34\" data-element_type=\"widget\" data-e-type=\"widget\" data-widget_type=\"icon-box.default\">\n\t\t\t\t<div class=\"elementor-widget-container\">\n\t\t\t\t\t\t\t<div class=\"elementor-icon-box-wrapper\">\n\n\t\t\t\t\t\t<div class=\"elementor-icon-box-icon\">\n\t\t\t\t<a href=\"tel:+4952236570800%20\" class=\"elementor-icon\" tabindex=\"-1\" aria-label=\"(+49) 5223 . 65708 00\">\n\t\t\t\t<i aria-hidden=\"true\" class=\"fas fa-phone-alt\"><\/i>\t\t\t\t<\/a>\n\t\t\t<\/div>\n\t\t\t\n\t\t\t\t\t\t<div class=\"elementor-icon-box-content\">\n\n\t\t\t\t\t\t\t\t\t<h3 class=\"elementor-icon-box-title\">\n\t\t\t\t\t\t<a href=\"tel:+4952236570800%20\" >\n\t\t\t\t\t\t\t(+49) 5223 . 65708 00\t\t\t\t\t\t<\/a>\n\t\t\t\t\t<\/h3>\n\t\t\t\t\n\t\t\t\t\t\t\t\t\t<p class=\"elementor-icon-box-description\">\n\t\t\t\t\t\tTelefon\t\t\t\t\t<\/p>\n\t\t\t\t\n\t\t\t<\/div>\n\t\t\t\n\t\t<\/div>\n\t\t\t\t\t\t<\/div>\n\t\t\t\t<\/div>\n\t\t\t\t\t<\/div>\n\t\t<\/div>\n\t\t\t\t<div class=\"elementor-column elementor-col-33 elementor-inner-column elementor-element elementor-element-e7ad171\" data-id=\"e7ad171\" data-element_type=\"column\" data-e-type=\"column\">\n\t\t\t<div class=\"elementor-widget-wrap elementor-element-populated\">\n\t\t\t\t\t\t<div class=\"elementor-element elementor-element-e47c5fd elementor-position-inline-start elementor-view-default elementor-mobile-position-block-start elementor-widget elementor-widget-icon-box\" data-id=\"e47c5fd\" data-element_type=\"widget\" data-e-type=\"widget\" data-widget_type=\"icon-box.default\">\n\t\t\t\t<div class=\"elementor-widget-container\">\n\t\t\t\t\t\t\t<div class=\"elementor-icon-box-wrapper\">\n\n\t\t\t\t\t\t<div class=\"elementor-icon-box-icon\">\n\t\t\t\t<a href=\"https:\/\/goo.gl\/maps\/YhWdxDeFnLv9UjPP9\" target=\"_blank\" class=\"elementor-icon\" tabindex=\"-1\" aria-label=\"Standort Dresden\" rel=\"noopener\">\n\t\t\t\t<i aria-hidden=\"true\" class=\"fas fa-map-marker-alt\"><\/i>\t\t\t\t<\/a>\n\t\t\t<\/div>\n\t\t\t\n\t\t\t\t\t\t<div class=\"elementor-icon-box-content\">\n\n\t\t\t\t\t\t\t\t\t<h3 class=\"elementor-icon-box-title\">\n\t\t\t\t\t\t<a href=\"https:\/\/goo.gl\/maps\/YhWdxDeFnLv9UjPP9\" target=\"_blank\" rel=\"noopener\">\n\t\t\t\t\t\t\tStandort Dresden\t\t\t\t\t\t<\/a>\n\t\t\t\t\t<\/h3>\n\t\t\t\t\n\t\t\t\t\t\t\t\t\t<p class=\"elementor-icon-box-description\">\n\t\t\t\t\t\tFaber Solartechnik GmbH <br>\nDevrientstra\u00dfe 7, 01067 Dresden\t\t\t\t\t<\/p>\n\t\t\t\t\n\t\t\t<\/div>\n\t\t\t\n\t\t<\/div>\n\t\t\t\t\t\t<\/div>\n\t\t\t\t<\/div>\n\t\t\t\t<div class=\"elementor-element elementor-element-61f60fc elementor-position-inline-start elementor-view-default elementor-mobile-position-block-start elementor-widget elementor-widget-icon-box\" data-id=\"61f60fc\" data-element_type=\"widget\" data-e-type=\"widget\" data-widget_type=\"icon-box.default\">\n\t\t\t\t<div class=\"elementor-widget-container\">\n\t\t\t\t\t\t\t<div class=\"elementor-icon-box-wrapper\">\n\n\t\t\t\t\t\t<div class=\"elementor-icon-box-icon\">\n\t\t\t\t<a href=\"mailto:dresden@faber-solartechnik.de\" class=\"elementor-icon\" tabindex=\"-1\" aria-label=\"dresden@faber-solartechnik.de\">\n\t\t\t\t<i aria-hidden=\"true\" class=\"fas fa-envelope\"><\/i>\t\t\t\t<\/a>\n\t\t\t<\/div>\n\t\t\t\n\t\t\t\t\t\t<div class=\"elementor-icon-box-content\">\n\n\t\t\t\t\t\t\t\t\t<h4 class=\"elementor-icon-box-title\">\n\t\t\t\t\t\t<a href=\"mailto:dresden@faber-solartechnik.de\" >\n\t\t\t\t\t\t\tdresden@faber-solartechnik.de\t\t\t\t\t\t<\/a>\n\t\t\t\t\t<\/h4>\n\t\t\t\t\n\t\t\t\t\t\t\t\t\t<p class=\"elementor-icon-box-description\">\n\t\t\t\t\t\tE-Mail\t\t\t\t\t<\/p>\n\t\t\t\t\n\t\t\t<\/div>\n\t\t\t\n\t\t<\/div>\n\t\t\t\t\t\t<\/div>\n\t\t\t\t<\/div>\n\t\t\t\t<div class=\"elementor-element elementor-element-d75f30a elementor-position-inline-start elementor-view-default elementor-mobile-position-block-start elementor-widget elementor-widget-icon-box\" data-id=\"d75f30a\" data-element_type=\"widget\" data-e-type=\"widget\" data-widget_type=\"icon-box.default\">\n\t\t\t\t<div class=\"elementor-widget-container\">\n\t\t\t\t\t\t\t<div class=\"elementor-icon-box-wrapper\">\n\n\t\t\t\t\t\t<div class=\"elementor-icon-box-icon\">\n\t\t\t\t<a href=\"tel:+4935179995200\" class=\"elementor-icon\" tabindex=\"-1\" aria-label=\"(+49) 351 . 79995 200\">\n\t\t\t\t<i aria-hidden=\"true\" class=\"fas fa-phone-alt\"><\/i>\t\t\t\t<\/a>\n\t\t\t<\/div>\n\t\t\t\n\t\t\t\t\t\t<div class=\"elementor-icon-box-content\">\n\n\t\t\t\t\t\t\t\t\t<h3 class=\"elementor-icon-box-title\">\n\t\t\t\t\t\t<a href=\"tel:+4935179995200\" >\n\t\t\t\t\t\t\t(+49) 351 . 79995 200\t\t\t\t\t\t<\/a>\n\t\t\t\t\t<\/h3>\n\t\t\t\t\n\t\t\t\t\t\t\t\t\t<p class=\"elementor-icon-box-description\">\n\t\t\t\t\t\tTelefon\t\t\t\t\t<\/p>\n\t\t\t\t\n\t\t\t<\/div>\n\t\t\t\n\t\t<\/div>\n\t\t\t\t\t\t<\/div>\n\t\t\t\t<\/div>\n\t\t\t\t\t<\/div>\n\t\t<\/div>\n\t\t\t\t\t<\/div>\n\t\t<\/section>\n\t\t\t\t<section class=\"elementor-section elementor-inner-section elementor-element elementor-element-2917dd4 elementor-section-boxed elementor-section-height-default elementor-section-height-default\" data-id=\"2917dd4\" data-element_type=\"section\" data-e-type=\"section\">\n\t\t\t\t\t\t<div class=\"elementor-container elementor-column-gap-default\">\n\t\t\t\t\t<div class=\"elementor-column elementor-col-100 elementor-inner-column elementor-element elementor-element-e9d48bf\" data-id=\"e9d48bf\" data-element_type=\"column\" data-e-type=\"column\">\n\t\t\t<div class=\"elementor-widget-wrap elementor-element-populated\">\n\t\t\t\t\t\t<div class=\"elementor-element elementor-element-dc5b123 elementor-widget__width-auto elementor-widget elementor-widget-heading\" data-id=\"dc5b123\" data-element_type=\"widget\" data-e-type=\"widget\" data-widget_type=\"heading.default\">\n\t\t\t\t<div class=\"elementor-widget-container\">\n\t\t\t\t\t<span class=\"elementor-heading-title elementor-size-default\">[reset_cookie_button]<\/span>\t\t\t\t<\/div>\n\t\t\t\t<\/div>\n\t\t\t\t<div class=\"elementor-element elementor-element-31a6d20 elementor-widget__width-auto elementor-widget elementor-widget-heading\" data-id=\"31a6d20\" data-element_type=\"widget\" data-e-type=\"widget\" data-widget_type=\"heading.default\">\n\t\t\t\t<div class=\"elementor-widget-container\">\n\t\t\t\t\t<span class=\"elementor-heading-title elementor-size-default\">Copyright 2026 \u00a9 Faber Solartechnik GmbH<\/span>\t\t\t\t<\/div>\n\t\t\t\t<\/div>\n\t\t\t\t<div class=\"elementor-element elementor-element-2313699 elementor-nav-menu--dropdown-none elementor-widget__width-auto elementor-widget elementor-widget-nav-menu\" data-id=\"2313699\" data-element_type=\"widget\" data-e-type=\"widget\" data-settings=\"{&quot;layout&quot;:&quot;horizontal&quot;,&quot;submenu_icon&quot;:{&quot;value&quot;:&quot;&lt;i class=\\&quot;fas fa-caret-down\\&quot; aria-hidden=\\&quot;true\\&quot;&gt;&lt;\\\/i&gt;&quot;,&quot;library&quot;:&quot;fa-solid&quot;}}\" data-widget_type=\"nav-menu.default\">\n\t\t\t\t<div class=\"elementor-widget-container\">\n\t\t\t\t\t\t\t\t<nav aria-label=\"Men\u00fc\" class=\"elementor-nav-menu--main elementor-nav-menu__container elementor-nav-menu--layout-horizontal e--pointer-underline e--animation-fade\">\n\t\t\t\t<ul id=\"menu-1-2313699\" class=\"elementor-nav-menu\"><li class=\"menu-item menu-item-type-post_type menu-item-object-page menu-item-117\"><a href=\"https:\/\/faber-solartechnik.de\/en\/impressum\/\" title=\"Impressum, Kontaktdaten, Adresse&#8230;\" class=\"elementor-item\">Impressum<\/a><\/li>\n<li class=\"menu-item menu-item-type-post_type menu-item-object-page menu-item-privacy-policy menu-item-118\"><a rel=\"privacy-policy\" href=\"https:\/\/faber-solartechnik.de\/en\/datenschutzerklaerung\/\" title=\"Unsere Datenschutzerkl\u00e4rung\" class=\"elementor-item\">Datenschutz<\/a><\/li>\n<li class=\"menu-item menu-item-type-custom menu-item-object-custom menu-item-7930\"><a href=\"#\" class=\"elementor-item elementor-item-anchor\"><span class=\"borlabs-cookie-open-dialog-preferences brlbs-cmpnt-container\" data-borlabs-cookie-title=\"Cookies\" data-borlabs-cookie-type=\"button\" ><\/span><\/a><\/li>\n<\/ul>\t\t\t<\/nav>\n\t\t\t\t\t\t<nav class=\"elementor-nav-menu--dropdown elementor-nav-menu__container\" aria-hidden=\"true\">\n\t\t\t\t<ul id=\"menu-2-2313699\" class=\"elementor-nav-menu\"><li class=\"menu-item menu-item-type-post_type menu-item-object-page menu-item-117\"><a href=\"https:\/\/faber-solartechnik.de\/en\/impressum\/\" title=\"Impressum, Kontaktdaten, Adresse&#8230;\" class=\"elementor-item\" tabindex=\"-1\">Impressum<\/a><\/li>\n<li class=\"menu-item menu-item-type-post_type menu-item-object-page menu-item-privacy-policy menu-item-118\"><a rel=\"privacy-policy\" href=\"https:\/\/faber-solartechnik.de\/en\/datenschutzerklaerung\/\" title=\"Unsere Datenschutzerkl\u00e4rung\" class=\"elementor-item\" tabindex=\"-1\">Datenschutz<\/a><\/li>\n<li class=\"menu-item menu-item-type-custom menu-item-object-custom menu-item-7930\"><a href=\"#\" class=\"elementor-item elementor-item-anchor\" tabindex=\"-1\"><span class=\"borlabs-cookie-open-dialog-preferences brlbs-cmpnt-container\" data-borlabs-cookie-title=\"Cookies\" data-borlabs-cookie-type=\"button\" ><\/span><\/a><\/li>\n<\/ul>\t\t\t<\/nav>\n\t\t\t\t\t\t<\/div>\n\t\t\t\t<\/div>\n\t\t\t\t\t<\/div>\n\t\t<\/div>\n\t\t\t\t\t<\/div>\n\t\t<\/section>\n\t\t\t\t\t<\/div>\n\t\t<\/div>\n\t\t\t\t\t<\/div>\n\t\t<\/section>\n\t\t\t\t<\/div>\n\t\t","protected":false},"excerpt":{"rendered":"<p>Anfragen Engineering, Procurement and Construction Ihr erster All-In-One EPC Schl\u00fcsselfertige Planung, Umsetzung und Inbetriebnahme von Photovoltaik-Anlagen.\u00a0\u00dcber 15 Jahre Erfahrung im Solarsektor. Schnelle Umsetzung! Previous slide Next slide Engineering Netzanschlussplanung Bauplanungs- und Landschaftsplanung Belegungs- und Verschaltungsplanung Mittelspannungs- und Schutzkonzept Procurement Langj\u00e4hrige Einkaufbeziehungen AAA-Solarmodule, Tier 1 Eigene Niederspannungs- komponenten Construction Eigene Montagetrupps DC &#038; AC Eigene Kompaktstationsfertigung [&hellip;]<\/p>\n","protected":false},"author":2,"featured_media":0,"parent":0,"menu_order":0,"comment_status":"closed","ping_status":"closed","template":"elementor_canvas","meta":{"_acf_changed":false,"footnotes":""},"class_list":["post-4839","page","type-page","status-publish","hentry"],"acf":[],"_links":{"self":[{"href":"https:\/\/faber-solartechnik.de\/en\/wp-json\/wp\/v2\/pages\/4839","targetHints":{"allow":["GET"]}}],"collection":[{"href":"https:\/\/faber-solartechnik.de\/en\/wp-json\/wp\/v2\/pages"}],"about":[{"href":"https:\/\/faber-solartechnik.de\/en\/wp-json\/wp\/v2\/types\/page"}],"author":[{"embeddable":true,"href":"https:\/\/faber-solartechnik.de\/en\/wp-json\/wp\/v2\/users\/2"}],"replies":[{"embeddable":true,"href":"https:\/\/faber-solartechnik.de\/en\/wp-json\/wp\/v2\/comments?post=4839"}],"version-history":[{"count":768,"href":"https:\/\/faber-solartechnik.de\/en\/wp-json\/wp\/v2\/pages\/4839\/revisions"}],"predecessor-version":[{"id":11173,"href":"https:\/\/faber-solartechnik.de\/en\/wp-json\/wp\/v2\/pages\/4839\/revisions\/11173"}],"wp:attachment":[{"href":"https:\/\/faber-solartechnik.de\/en\/wp-json\/wp\/v2\/media?parent=4839"}],"curies":[{"name":"wp","href":"https:\/\/api.w.org\/{rel}","templated":true}]}}